{"id":1093,"date":"2026-05-23T11:38:28","date_gmt":"2026-05-23T09:38:28","guid":{"rendered":"https:\/\/new.icf.church\/altdorf\/?page_id=1093"},"modified":"2026-08-22T13:17:23","modified_gmt":"2026-08-22T11:17:23","slug":"about","status":"publish","type":"page","link":"https:\/\/icf.church\/altdorf\/de\/about\/","title":{"rendered":"About"},"content":{"rendered":"<h1 id=\"block-1\" class=\"mt-4 mb-4 h1 display-1 text-center\">\n  Willkommen im <br>ICF Altdorf<\/h1>\n\n<div id=\"block-4\" class=\"pt-2 pb-2 alignfull is-layout-constrained\">\n  <div>\n            <div class=\"row gx-4 gy-4 \">\n          \n\n<div id=\"block-3\" class=\"col wp-block-yellowtree-column col-12 d-flex flex-column with-streched-height-children align-items-stretch align-items-md-stretch\">\n  <div class=\"alignwide mw-100\">\n      <figure id=\"block-2\" class=\"is-style-rounded\" style=\"margin-top:0;margin-bottom:0\">\n      <div class=\"img-wrap\" style=\"max-width:100%\">\n        <img decoding=\"async\" src=\"https:\/\/icf.church\/altdorf\/wp-content\/uploads\/sites\/136\/2026\/05\/icf_altdorf_ii.jpg\" alt=\"\" loading=\"lazy\" title=\"\" srcset=\"https:\/\/icf.church\/altdorf\/wp-content\/uploads\/sites\/136\/2026\/05\/icf_altdorf_ii.jpg 1990w, https:\/\/icf.church\/altdorf\/wp-content\/uploads\/sites\/136\/2026\/05\/icf_altdorf_ii-300x225.jpg 300w, https:\/\/icf.church\/altdorf\/wp-content\/uploads\/sites\/136\/2026\/05\/icf_altdorf_ii-1024x768.jpg 1024w, https:\/\/icf.church\/altdorf\/wp-content\/uploads\/sites\/136\/2026\/05\/icf_altdorf_ii-768x576.jpg 768w, https:\/\/icf.church\/altdorf\/wp-content\/uploads\/sites\/136\/2026\/05\/icf_altdorf_ii-1536x1152.jpg 1536w\" sizes=\"(max-width: 1990px) 100vw, 1990px\" class=\"img-fluid w-100 h-100 rounded object-fit-cover\" style=\"object-position: center center\">\n      <\/div>\n          <\/figure>\n    <\/div><\/div>\n        <\/div>\n          <\/div>\n<\/div>\n\n<div id=\"block-8\" class=\"pt-2 pb-2 alignfull is-layout-constrained\">\n  <div>\n          <div class=\"row\">\n        <div class=\"col-12 col-md-10 mx-auto\">\n                <div class=\"row gx-4 gy-4 \">\n          \n\n<div id=\"block-7\" class=\"col wp-block-yellowtree-column col-12 d-flex flex-column with-streched-height-children align-items-stretch align-items-md-stretch\">\n  <h3 id=\"block-5\" class=\"mt-4 h3 display-3 text-center\">\n  KIRCHE ERLEBEN<\/h3>\n\n<h3 id=\"block-6\" class=\"mt-4 h3 text-center\">\n  ICF Altdorf ist eine christliche Kirche auf biblischer Grundlage: authentisch, relevant und begeistert vom Leben mit Jesus.<\/h3><\/div>\n        <\/div>\n                <\/div>\n      <\/div>\n      <\/div>\n<\/div>\n\n<div id=\"block-15\" class=\"pt-6 pb-2 alignfull is-layout-constrained\">\n  <div>\n            <div class=\"row gx-4 gy-4 \">\n          \n\n<div id=\"block-14\" class=\"col wp-block-yellowtree-column col-12 d-flex flex-column with-streched-height-children align-items-stretch align-items-md-stretch\">\n  <div id=\"block-13\" class=\"wp-block-yellowtree-text-image d-flex flex-column flex-lg-row gap-3\">\n    \n\n<div id=\"block-9\" class=\"wp-block-yellowtree-locked-image\">\n    <img decoding=\"async\" width=\"1024\" height=\"683\" src=\"https:\/\/icf.church\/altdorf\/wp-content\/uploads\/sites\/136\/2026\/05\/alan-steffi-1024x683.jpg\" class=\"w-100 h-100 object-fit-cover\" alt=\"\" style=\"object-position: 50% 10%;\" loading=\"lazy\" sizes=\"(max-width: 992px) 100vw, 1600px\" srcset=\"https:\/\/icf.church\/altdorf\/wp-content\/uploads\/sites\/136\/2026\/05\/alan-steffi-1024x683.jpg 1024w, https:\/\/icf.church\/altdorf\/wp-content\/uploads\/sites\/136\/2026\/05\/alan-steffi-300x200.jpg 300w, https:\/\/icf.church\/altdorf\/wp-content\/uploads\/sites\/136\/2026\/05\/alan-steffi-768x512.jpg 768w, https:\/\/icf.church\/altdorf\/wp-content\/uploads\/sites\/136\/2026\/05\/alan-steffi-1536x1024.jpg 1536w, https:\/\/icf.church\/altdorf\/wp-content\/uploads\/sites\/136\/2026\/05\/alan-steffi-2048x1365.jpg 2048w\"><\/div>\n\n\n\n<div id=\"block-12\" data-bs-theme=\"dark\" class=\"card wp-block-yellowtree-text-card has-context-height\">\n  <div class=\"card-body px-4 py-6 p-sm-6 p-lg-8\">\n    \n\n<h2 id=\"block-10\">\n    Welcome Home!<\/h2>\n\n\n<p id=\"block-11\">\n    Herzlich willkommen im ICF Altdorf! Egal, wie du auf uns gesto\u00dfen bist: Wir freuen uns riesig, dass du heute hier bist!<br><br>Wir m\u00f6chten uns dir vorstellen \u2013 was uns als Kirche ausmacht, was uns motiviert, was wir glauben und wie wir Gemeinschaft leben.<br><br>Gleich zu Beginn lassen wir dich teilhaben an unserem Traum von Kirche, der uns von Anfang an bewegt hat und heute Schritt f\u00fcr Schritt Wirklichkeit wird.<br><br>Wir laden dich ein, ebenfalls Teil dieses Traums zu werden. Du bist willkommen, f\u00fchl dich zu Hause!<br><br>Gottes Segen,<br><br>Alan &amp; Stefanie Cereghetti<br><em>Pastors ICF <\/em>Altdorf<\/p>\n  <\/div>\n<\/div>\n<\/div><\/div>\n        <\/div>\n          <\/div>\n<\/div>\n\n<div id=\"block-18\" class=\"pt-9 pb-2 alignfull is-layout-constrained\">\n  <div>\n            <div class=\"row gx-4 gy-4 \">\n          \n\n<div id=\"block-17\" class=\"col wp-block-yellowtree-column col-12 d-flex flex-column with-streched-height-children align-items-stretch align-items-md-stretch\">\n  <h3 id=\"block-16\" class=\"h3 display-3 text-start\">\n  Unser Auftrag<\/h3>\n\n<p id=\"werte\" class=\"mb-2 fs-lg text-start wp-block-paragraph\">\n  Als Kirche ist es unsere Leidenschaft, dass Menschen Jesus Christus \u00e4hnlicher werden, furchtlos leben und ihr Umfeld positiv ver\u00e4ndern.<\/p><\/div>\n        <\/div>\n          <\/div>\n<\/div>\n\n<div id=\"block-25\" class=\"alignfull is-layout-constrained\">\n  <div>\n            <div class=\"row gx-4 gy-4 \">\n          \n\n<div id=\"block-20\" class=\"col wp-block-yellowtree-column col-12 col-md-6 col-lg-3 d-flex flex-column justify-content-center align-items-end align-items-md-end\">\n  <div>\n    <a id=\"block-19\" href=\"https:\/\/icf.church\/vision\" rel=\"\" target=\"_blank\" class=\"wp-block-yellowtree-button-link btn btn-outline-default\">\n      <span>Unsere Vision<\/span>\n              <i class=\"icon fs-base-const fa-solid fa-globe\" aria-hidden=\"true\"><\/i>\n          <\/a>\n  <\/div><\/div>\n\n\n<div id=\"block-21\" class=\"col wp-block-yellowtree-column col-12 col-md-6 col-lg-3 d-flex flex-column justify-content-center align-items-center align-items-md-center\">\n  <\/div>\n\n\n<div id=\"block-23\" class=\"col wp-block-yellowtree-column col-12 col-md-6 col-lg-3 d-flex flex-column justify-content-center align-items-start align-items-md-start\">\n  <div>\n    <a id=\"block-22\" href=\"https:\/\/icf.church\/de\/waswirglauben\" rel=\"\" target=\"_blank\" class=\"wp-block-yellowtree-button-link btn btn-outline-default\">\n      <span>Was wir Glauben<\/span>\n              <i class=\"icon fs-base-const fa-solid fa-cross\" aria-hidden=\"true\"><\/i>\n          <\/a>\n  <\/div><\/div>\n\n\n<div id=\"block-24\" class=\"col wp-block-yellowtree-column col-12 col-md-6 col-lg-3 d-flex flex-column with-streched-height-children align-items-stretch align-items-md-stretch\">\n  <\/div>\n        <\/div>\n          <\/div>\n<\/div>\n\n\n<div id=\"block-32\" class=\"wp-block-yellowtree-vision alignfull\">\n    <div class=\"vision-wrapper position-relative z-0\">\n        <div class=\"is-layout-constrained\">\n            <div class=\"position-relative\">\n                <div class=\"d-flex justify-content-center align-items-center\">\n                    <div class=\"vision-gradient w-100\"><\/div>\n                <\/div>\n                                    <div class=\"position-absolute start-50 top-50 translate-middle mw-100\" style=\"width: 40rem;\">\n                        <h3 class=\"display-3 text-center px-2 text-black mb-0\">Unsere Werte<\/h3>\n                    <\/div>\n                                <ul class=\"list-unstyled position-absolute start-50 top-50 w-50 h-50\">\n                    <li id=\"block-26\" class=\"wp-block-yellowtree-vision-item vision-item text-black\">\n    <button class=\"btn vision-button text-black has-pulse\" type=\"button\" aria-label=\"Mehr erfahren\" data-bs-toggle=\"modal\" data-bs-target=\"#block-26-card\">\n        <i class=\"icon vision-icon fa-solid fa-party-horn\" aria-hidden=\"true\"><\/i>\n    <\/button>\n    <div id=\"block-26-card\" tabindex=\"-1\" class=\"modal fade vision-modal position-absolute start-0 top-0\" style=\"display: none;\" data-bs-backdrop=\"false\">\n        <div class=\"modal-dialog\">\n            <article class=\"card vision-card\" data-bs-theme=\"dark\">\n                <button class=\"vision-card-close btn-close-fa position-absolute end-0 top-0 mt-1 me-1\" type=\"button\" data-bs-dismiss=\"modal\" aria-label=\"Visionskarte schlie\u00dfen\"><\/button>\n                <div class=\"card-body p-3\">\n                    <div class=\"mt-7 mb-4 text-center\">\n                        <i class=\"icon vision-card-icon fa-solid fa-party-horn\" aria-hidden=\"true\"><\/i>\n                    <\/div>\n                    <p class=\"fs-sm-const mt-auto\">\n                        BEGEISTERT | Wir wissen: Die Freude an Gott ist unsere St\u00e4rke                    <\/p>\n                <\/div>\n            <\/article>\n        <\/div>\n    <\/div>\n<\/li>\n\n\n<li id=\"block-27\" class=\"wp-block-yellowtree-vision-item vision-item text-black\">\n    <button class=\"btn vision-button text-black has-pulse\" type=\"button\" aria-label=\"Mehr erfahren\" data-bs-toggle=\"modal\" data-bs-target=\"#block-27-card\">\n        <i class=\"icon vision-icon fa-solid fa-house\" aria-hidden=\"true\"><\/i>\n    <\/button>\n    <div id=\"block-27-card\" tabindex=\"-1\" class=\"modal fade vision-modal position-absolute start-0 top-0\" style=\"display: none;\" data-bs-backdrop=\"false\">\n        <div class=\"modal-dialog\">\n            <article class=\"card vision-card\" data-bs-theme=\"dark\">\n                <button class=\"vision-card-close btn-close-fa position-absolute end-0 top-0 mt-1 me-1\" type=\"button\" data-bs-dismiss=\"modal\" aria-label=\"Visionskarte schlie\u00dfen\"><\/button>\n                <div class=\"card-body p-3\">\n                    <div class=\"mt-7 mb-4 text-center\">\n                        <i class=\"icon vision-card-icon fa-solid fa-house\" aria-hidden=\"true\"><\/i>\n                    <\/div>\n                    <p class=\"fs-sm-const mt-auto\">\n                        GASTFREUNDLICH | Wir schaffen eine liebevolle \u201eWelcome Home\u201c Atmosph\u00e4re                    <\/p>\n                <\/div>\n            <\/article>\n        <\/div>\n    <\/div>\n<\/li>\n\n\n<li id=\"block-28\" class=\"wp-block-yellowtree-vision-item vision-item text-black\">\n    <button class=\"btn vision-button text-black has-pulse\" type=\"button\" aria-label=\"Mehr erfahren\" data-bs-toggle=\"modal\" data-bs-target=\"#block-28-card\">\n        <i class=\"icon vision-icon fa-solid fa-face-smile-hearts\" aria-hidden=\"true\"><\/i>\n    <\/button>\n    <div id=\"block-28-card\" tabindex=\"-1\" class=\"modal fade vision-modal position-absolute start-0 top-0\" style=\"display: none;\" data-bs-backdrop=\"false\">\n        <div class=\"modal-dialog\">\n            <article class=\"card vision-card\" data-bs-theme=\"dark\">\n                <button class=\"vision-card-close btn-close-fa position-absolute end-0 top-0 mt-1 me-1\" type=\"button\" data-bs-dismiss=\"modal\" aria-label=\"Visionskarte schlie\u00dfen\"><\/button>\n                <div class=\"card-body p-3\">\n                    <div class=\"mt-7 mb-4 text-center\">\n                        <i class=\"icon vision-card-icon fa-solid fa-face-smile-hearts\" aria-hidden=\"true\"><\/i>\n                    <\/div>\n                    <p class=\"fs-sm-const mt-auto\">\n                        AUTHENTISCH | Wir leben, was wir sagen                    <\/p>\n                <\/div>\n            <\/article>\n        <\/div>\n    <\/div>\n<\/li>\n\n\n<li id=\"block-29\" class=\"wp-block-yellowtree-vision-item vision-item text-black\">\n    <button class=\"btn vision-button text-black has-pulse\" type=\"button\" aria-label=\"Mehr erfahren\" data-bs-toggle=\"modal\" data-bs-target=\"#block-29-card\">\n        <i class=\"icon vision-icon fa-solid fa-rocket-launch\" aria-hidden=\"true\"><\/i>\n    <\/button>\n    <div id=\"block-29-card\" tabindex=\"-1\" class=\"modal fade vision-modal position-absolute start-0 top-0\" style=\"display: none;\" data-bs-backdrop=\"false\">\n        <div class=\"modal-dialog\">\n            <article class=\"card vision-card\" data-bs-theme=\"dark\">\n                <button class=\"vision-card-close btn-close-fa position-absolute end-0 top-0 mt-1 me-1\" type=\"button\" data-bs-dismiss=\"modal\" aria-label=\"Visionskarte schlie\u00dfen\"><\/button>\n                <div class=\"card-body p-3\">\n                    <div class=\"mt-7 mb-4 text-center\">\n                        <i class=\"icon vision-card-icon fa-solid fa-rocket-launch\" aria-hidden=\"true\"><\/i>\n                    <\/div>\n                    <p class=\"fs-sm-const mt-auto\">\n                        RELEVANT | Wir sind am Puls der Zeit                    <\/p>\n                <\/div>\n            <\/article>\n        <\/div>\n    <\/div>\n<\/li>\n\n\n<li id=\"block-30\" class=\"wp-block-yellowtree-vision-item vision-item text-black\">\n    <button class=\"btn vision-button text-black has-pulse\" type=\"button\" aria-label=\"Mehr erfahren\" data-bs-toggle=\"modal\" data-bs-target=\"#block-30-card\">\n        <i class=\"icon vision-icon fa-solid fa-hand-heart\" aria-hidden=\"true\"><\/i>\n    <\/button>\n    <div id=\"block-30-card\" tabindex=\"-1\" class=\"modal fade vision-modal position-absolute start-0 top-0\" style=\"display: none;\" data-bs-backdrop=\"false\">\n        <div class=\"modal-dialog\">\n            <article class=\"card vision-card\" data-bs-theme=\"dark\">\n                <button class=\"vision-card-close btn-close-fa position-absolute end-0 top-0 mt-1 me-1\" type=\"button\" data-bs-dismiss=\"modal\" aria-label=\"Visionskarte schlie\u00dfen\"><\/button>\n                <div class=\"card-body p-3\">\n                    <div class=\"mt-7 mb-4 text-center\">\n                        <i class=\"icon vision-card-icon fa-solid fa-hand-heart\" aria-hidden=\"true\"><\/i>\n                    <\/div>\n                    <p class=\"fs-sm-const mt-auto\">\n                        GROSSZ\u00dcGIG\nWir sind gesegnet, um ein Segen zu sein                    <\/p>\n                <\/div>\n            <\/article>\n        <\/div>\n    <\/div>\n<\/li>\n\n\n<li id=\"block-31\" class=\"wp-block-yellowtree-vision-item vision-item text-black\">\n    <button class=\"btn vision-button text-black has-pulse\" type=\"button\" aria-label=\"Mehr erfahren\" data-bs-toggle=\"modal\" data-bs-target=\"#block-31-card\">\n        <i class=\"icon vision-icon fa-solid fa-heart\" aria-hidden=\"true\"><\/i>\n    <\/button>\n    <div id=\"block-31-card\" tabindex=\"-1\" class=\"modal fade vision-modal position-absolute start-0 top-0\" style=\"display: none;\" data-bs-backdrop=\"false\">\n        <div class=\"modal-dialog\">\n            <article class=\"card vision-card\" data-bs-theme=\"dark\">\n                <button class=\"vision-card-close btn-close-fa position-absolute end-0 top-0 mt-1 me-1\" type=\"button\" data-bs-dismiss=\"modal\" aria-label=\"Visionskarte schlie\u00dfen\"><\/button>\n                <div class=\"card-body p-3\">\n                    <div class=\"mt-7 mb-4 text-center\">\n                        <i class=\"icon vision-card-icon fa-solid fa-heart\" aria-hidden=\"true\"><\/i>\n                    <\/div>\n                    <p class=\"fs-sm-const mt-auto\">\n                        EXZELLENT | Wir geben f\u00fcr Gott unser Bestes                    <\/p>\n                <\/div>\n            <\/article>\n        <\/div>\n    <\/div>\n<\/li>                <\/ul>\n            <\/div>\n        <\/div>\n        <div class=\"vision-backdrop\" style=\"display: none;\"><\/div>\n    <\/div>\n<\/div>\n\n<div id=\"block-38\" class=\"pt-8 pb-2 alignfull is-layout-constrained\">\n  <div>\n            <div class=\"row gx-4 gy-4 \">\n          \n\n<div id=\"block-37\" class=\"col wp-block-yellowtree-column col-12 d-flex flex-column with-streched-height-children align-items-stretch align-items-md-stretch\">\n  <h3 id=\"block-33\" class=\"h3 display-3 text-start\">\n  Unser Ehrenkodex<\/h3>\n\n<p id=\"block-34\" class=\"mt-2 mb-2 text-start wp-block-paragraph\">\n  <em class=\"myprefix-text-italic\">\u201eDeshalb wollen auch wir \u2013 wie L\u00e4ufer bei einem Wettkampf \u2013 mit aller Ausdauer dem Ziel entgegenlaufen. Wir wollen alles ablegen, was uns beim Laufen hindert, uns von der S\u00fcnde trennen, die uns so leicht gefangen nimmt, und unseren Blick auf Jesus richten, den Wegbereiter des Glaubens, der uns ans Ziel vorausgegangen ist.\u201c<\/em><\/p>\n\n<p id=\"block-35\" class=\"mb-6 text-start wp-block-paragraph\" style=\"margin-top:0\">\n  <em class=\"myprefix-text-italic\">Die Bibel &#8211; Hebr\u00e4er 12,1-2 (NG\u00dc)<\/em><\/p>\n\n<p id=\"block-36\" class=\"text-start wp-block-paragraph\">\n  Als <strong class=\"myprefix-text-bold\">Angestellte und Core Leaders im ICF Altdorf <\/strong>ist es unser tiefer Wunsch, den Lauf des Glaubens siegreich zu vollenden. Wir sind entschlossen, nach biblisch-moralischen Standards zu leben. Nach zahlreichen Gespr\u00e4chen \u00fcber den Lebensstil als Leitende in der Kirche und inspiriert durch das \u201eModesto Manifesto\u201c von Billy Graham und seinen Freunden einigen wir uns auf eine Reihe von freiwilligen Grunds\u00e4tzen: <strong class=\"myprefix-text-bold\">Den \u201eEhrenkodex f\u00fcr ICF Altdorf Staff\u201c.<\/strong><\/p><\/div>\n        <\/div>\n          <\/div>\n<\/div>\n\n<div id=\"block-52\" class=\"pt-4 pb-4 alignfull is-layout-constrained\">\n  <div>\n            <div class=\"row gx-4 gy-4 \">\n          \n\n<div id=\"block-51\" class=\"col wp-block-yellowtree-column col-12 d-flex flex-column with-streched-height-children align-items-stretch align-items-md-stretch\">\n  <div id=\"block-49\" class=\"accordion\">\n  <body>\n\n<div id=\"block-40\" data-bs-theme=\"dark\" class=\"overflow-hidden wp-block-yellowtree-accordion-item\">\n  <div class=\"accordion-header\">\n    <button class=\"accordion-button rounded-0 collapsed focus-ring-inset\" type=\"button\" data-bs-toggle=\"collapse\" data-bs-target=\"#block-40-collapse\" aria-expanded=\"false\" aria-controls=\"block-40-collapse\">\n      <div>\n        <h3 class=\"mb-0\">\n          L\u00f6hne und Finanzen        <\/h3>\n              <\/div>\n      <div class=\"ms-auto accordion-icons icon-container-base\">\n        <i class=\"icon fa-arrow-right accordion-icon-default\"><\/i>\n        <i class=\"icon fa-close accordion-icon-alt\"><\/i>\n      <\/div>\n    <\/button>\n  <\/div>\n  <div id=\"block-40-collapse\" class=\"accordion-collapse collapse \" data-bs-parent=\"#block-49\">\n    <div class=\"accordion-body pt-0\">\n      <p id=\"block-39\" class=\"text-start wp-block-paragraph\">\n  Die Kirche ICF Altdorf ist ein Verein. Dieser wird durch freiwillige Spenden finanziert. F\u00fcr alle Mitarbeitenden gilt ein von Provisionen unabh\u00e4ngiges Lohnmodell. Die Ertr\u00e4ge aus Verk\u00e4ufen aller ICF Media Produkte wie zum Beispiel B\u00fccher, Musik und Apps flie\u00dfen vollumf\u00e4nglich in die Organisation. Auf Anfrage gew\u00e4hren wir Einblick in unsere Finanzen. Mit \u00dcberzeugung erf\u00fcllen wir die gesetzlichen Bestimmungen, wie zum Beispiel die regelm\u00e4\u00dfige Revision der Buchhaltung unserer Vereine.<\/p>    <\/div>\n  <\/div>\n<\/div>\n\n\n<div id=\"block-42\" data-bs-theme=\"dark\" class=\"overflow-hidden wp-block-yellowtree-accordion-item\">\n  <div class=\"accordion-header\">\n    <button class=\"accordion-button rounded-0 collapsed focus-ring-inset\" type=\"button\" data-bs-toggle=\"collapse\" data-bs-target=\"#block-42-collapse\" aria-expanded=\"false\" aria-controls=\"block-42-collapse\">\n      <div>\n        <h3 class=\"mb-0\">\n          Gesundheit und Sexualit\u00e4t        <\/h3>\n              <\/div>\n      <div class=\"ms-auto accordion-icons icon-container-base\">\n        <i class=\"icon fa-arrow-right accordion-icon-default\"><\/i>\n        <i class=\"icon fa-close accordion-icon-alt\"><\/i>\n      <\/div>\n    <\/button>\n  <\/div>\n  <div id=\"block-42-collapse\" class=\"accordion-collapse collapse \" data-bs-parent=\"#block-49\">\n    <div class=\"accordion-body pt-0\">\n      <p id=\"block-41\" class=\"text-start wp-block-paragraph\">\n  Wir pflegen einen gesunden und suchtfreien Lebensstil. Sexueller S\u00fcnde wirken wir aktiv und in Selbstverantwortung entgegen. Gegen sexuellen Missbrauch und sexuelle Grenzverletzungen treffen wir als Organisation pr\u00e4ventive Ma\u00dfnahmen wie sensibilisiertes Bewerbungsverfahren, Personalschulungen und Verhaltenskodex f\u00fcr Mitarbeitende. Daf\u00fcr arbeiten wir mit der <a href=\"https:\/\/www.limita.ch\" data-type=\"link\" data-id=\"https:\/\/www.limita.ch\">Fachstelle \u201cLimita\u201d<\/a> zusammen. Jede Person unserer Kirche hat das Recht und die Pflicht, sich im Verdachtsfall an die nationale und unabh\u00e4ngige Fachstelle \u201cOpferhilfe\u201d zu wenden.<\/p>    <\/div>\n  <\/div>\n<\/div>\n\n\n<div id=\"block-45\" data-bs-theme=\"dark\" class=\"overflow-hidden wp-block-yellowtree-accordion-item\">\n  <div class=\"accordion-header\">\n    <button class=\"accordion-button rounded-0 collapsed focus-ring-inset\" type=\"button\" data-bs-toggle=\"collapse\" data-bs-target=\"#block-45-collapse\" aria-expanded=\"false\" aria-controls=\"block-45-collapse\">\n      <div>\n        <h3 class=\"mb-0\">\n          Macht und Kompetenzen        <\/h3>\n              <\/div>\n      <div class=\"ms-auto accordion-icons icon-container-base\">\n        <i class=\"icon fa-arrow-right accordion-icon-default\"><\/i>\n        <i class=\"icon fa-close accordion-icon-alt\"><\/i>\n      <\/div>\n    <\/button>\n  <\/div>\n  <div id=\"block-45-collapse\" class=\"accordion-collapse collapse \" data-bs-parent=\"#block-49\">\n    <div class=\"accordion-body pt-0\">\n      <p id=\"block-43\" class=\"text-start wp-block-paragraph\">\n  Wir unterstellen und verpflichten uns dem Leitbild von ICF Altdorf. Anvertraute Macht und Kompetenzen setzen wir verantwortungsbewusst ein und wirken Machtmissbrauch aktiv entgegen.<\/p>\n\n<p id=\"block-44\" class=\"text-start wp-block-paragraph\">\n  Im Core Team z\u00e4hlt jede Meinung. Wir ringen um Entscheidungen, bis alle sie mittragen k\u00f6nnen und niemand mehr schwerwiegende Vorbehalte hat. Die strategische und operative Verantwortung ist den jeweiligen Bereichen, Nebenbetrieben und Locations im Sinne von selbstorganisierten Teams zugeteilt. Die Kompetenzen in den juristischen Zweigen der Organisation sind jeweils auf zwei Unterschriftsberechtigte verteilt.<\/p>    <\/div>\n  <\/div>\n<\/div>\n\n\n<div id=\"block-48\" data-bs-theme=\"dark\" class=\"overflow-hidden wp-block-yellowtree-accordion-item\">\n  <div class=\"accordion-header\">\n    <button class=\"accordion-button rounded-0 collapsed focus-ring-inset\" type=\"button\" data-bs-toggle=\"collapse\" data-bs-target=\"#block-48-collapse\" aria-expanded=\"false\" aria-controls=\"block-48-collapse\">\n      <div>\n        <h3 class=\"mb-0\">\n          Glaubw\u00fcrdigkeit und Integrit\u00e4t        <\/h3>\n              <\/div>\n      <div class=\"ms-auto accordion-icons icon-container-base\">\n        <i class=\"icon fa-arrow-right accordion-icon-default\"><\/i>\n        <i class=\"icon fa-close accordion-icon-alt\"><\/i>\n      <\/div>\n    <\/button>\n  <\/div>\n  <div id=\"block-48-collapse\" class=\"accordion-collapse collapse \" data-bs-parent=\"#block-49\">\n    <div class=\"accordion-body pt-0\">\n      <p id=\"block-46\" class=\"text-start wp-block-paragraph\">\n  Unsere ver\u00f6ffentlichten Zahlen und Statistiken sind wahrheitsgetreu. Wir haben eine unabh\u00e4ngige, externe und weisungsfreie Clearing-Stelle (Ombudsstelle) beauftragt und eingesetzt. Jede Person aus der Kirche und ihrem Umfeld hat die M\u00f6glichkeit, sich bei Konflikten mit Leiterschaft, Verdacht auf Machtmissbrauch oder Beobachtung ungesunder Verhaltensweisen dort zu melden.<\/p>\n\n<p id=\"block-47\" class=\"text-start wp-block-paragraph\">\n  Informationen und Link: <a href=\"https:\/\/icf.church\/clearingstelle\" target=\"_blank\" rel=\"noopener\">https:\/\/icf.church\/clearingstelle<\/a><\/p>    <\/div>\n  <\/div>\n<\/div>\n<\/body><\/div>\n\n<p id=\"block-50\" class=\"mt-6 fs-base text-center wp-block-paragraph\">\n  <strong class=\"myprefix-text-bold\">M\u00f6ge Gott uns helfen, treu, leidenschaftlich und vorbildlich zu leben.<\/strong><\/p><\/div>\n        <\/div>\n          <\/div>\n<\/div>\n\n<div id=\"block-58\" class=\"pt-9 pb-2 alignfull is-layout-constrained\">\n  <div>\n            <div class=\"row gx-4 gy-4 \">\n          \n\n<div id=\"block-57\" class=\"col wp-block-yellowtree-column col-12 d-flex flex-column with-streched-height-children align-items-stretch align-items-md-stretch\">\n  <h3 id=\"block-53\" class=\"h3 display-3 text-start\">\n  Unsere Geschichte<\/h3>\n\n<p id=\"block-54\" class=\"text-start wp-block-paragraph\">\n  Das ICF Altdorf entstand aus der Freikirche FCG Uri, welche seit 40 Jahren besteht und viel Positives bewegt hat. Diese Erfolgsgeschichte m\u00f6chten wir auch als ICF fortschreiben. Wir lieben Uri und tr\u00e4umen von einer relevanten Kirche, die positive Ver\u00e4nderungen schafft. Wir wollen gegenseitig unseren Glauben st\u00e4rken, Beziehungen mit Menschen pflegen und unsere Begabungen einsetzen und f\u00f6rdern. Gott liebt uns Menschen und m\u00f6chte eine pers\u00f6nliche Beziehung mit uns haben \u2013 diese gute Nachrichte wollen wir auf zeitgem\u00e4sse Art vermitteln.<\/p>\n\n<p id=\"block-55\" class=\"text-start wp-block-paragraph\">\n  Wir laden Dich ein, Teil von diesem Traum zu werden!<\/p>\n\n<p id=\"block-56\" class=\"text-start wp-block-paragraph\">\n  Heute sind wir nicht nur Teil des ICF Zentralschweiz mit Standorten in Altdorf, Luzern und Zug, sondern auch Teil der Urner Allianz, zusammen mit dem Brennpunkt (Viva Gemeinde) Schattdorf und der Chil\u00e4 im gri\u00e4n\u00e4 H\u00fc\u00fcs (FEG) Altdorf.<\/p><\/div>\n        <\/div>\n          <\/div>\n<\/div>\n\n<div id=\"block-61\" class=\"pt-4 pb-4 alignfull is-layout-constrained\">\n  <div>\n            <div class=\"row gx-4 gy-4 \">\n          \n\n<div id=\"block-60\" class=\"col wp-block-yellowtree-column col-12 d-flex flex-column with-streched-height-children align-items-center align-items-md-center\">\n  <div>\n    <a id=\"block-59\" href=\"https:\/\/icf.church\/altdorf\/de\/besuchen\/\" rel=\"\" class=\"wp-block-yellowtree-button-link btn btn-action-1\">\n      <span>ICF Altdorf besuchen<\/span>\n              <i class=\"icon fs-base-const fa-solid fa-arrow-right\" aria-hidden=\"true\"><\/i>\n          <\/a>\n  <\/div><\/div>\n        <\/div>\n          <\/div>\n<\/div>","protected":false},"excerpt":{"rendered":"<p>ICF Altdorf ist eine christliche Kirche auf biblischer Grundlage: authentisch, relevant und begeistert vom Leben mit Jesus.<\/p>\n","protected":false},"author":187,"featured_media":1461,"parent":0,"menu_order":3,"comment_status":"closed","ping_status":"closed","template":"","meta":{"_acf_changed":false,"_seopress_titles_title":"","_seopress_titles_desc":"","_seopress_robots_index":"","_seopress_robots_follow":"","_seopress_robots_imageindex":"","_seopress_robots_snippet":"","_seopress_robots_primary_cat":"","_seopress_robots_breadcrumbs":"","_seopress_robots_freeze_modified_date":"","_seopress_robots_custom_modified_date":"","_seopress_robots_canonical":"","_seopress_social_fb_title":"","_seopress_social_fb_desc":"","_seopress_social_fb_img":"","_seopress_social_fb_img_attachment_id":0,"_seopress_social_fb_img_width":0,"_seopress_social_fb_img_height":0,"_seopress_social_twitter_title":"","_seopress_social_twitter_desc":"","_seopress_social_twitter_img":"","_seopress_social_twitter_img_attachment_id":0,"_seopress_social_twitter_img_width":0,"_seopress_social_twitter_img_height":0,"_seopress_redirections_value":"","_seopress_redirections_enabled":"","_seopress_redirections_enabled_regex":"","_seopress_redirections_logged_status":"both","_seopress_redirections_param":"","_seopress_redirections_type":301,"_seopress_analysis_target_kw":"","_seopress_news_disabled":"","_seopress_video_disabled":"","_seopress_video":[{"url":"","title":"","desc":"","thumbnail":"","duration":"","rating":"","view_count":"","tag":""}],"_seopress_pro_schemas_manual":[],"_seopress_pro_rich_snippets_disable_all":"","_seopress_pro_rich_snippets_disable":[],"_seopress_pro_schemas":[],"yt_custom_styles_scss":"","yt_custom_styles_rounded_corners":false,"yt_custom_styles_color_scheme":"","footnotes":""},"class_list":["post-1093","page","type-page","status-publish","has-post-thumbnail","hentry"],"acf":[],"_links":{"self":[{"href":"https:\/\/icf.church\/altdorf\/de\/wp-json\/wp\/v2\/pages\/1093","targetHints":{"allow":["GET"]}}],"collection":[{"href":"https:\/\/icf.church\/altdorf\/de\/wp-json\/wp\/v2\/pages"}],"about":[{"href":"https:\/\/icf.church\/altdorf\/de\/wp-json\/wp\/v2\/types\/page"}],"author":[{"embeddable":true,"href":"https:\/\/icf.church\/altdorf\/de\/wp-json\/wp\/v2\/users\/187"}],"replies":[{"embeddable":true,"href":"https:\/\/icf.church\/altdorf\/de\/wp-json\/wp\/v2\/comments?post=1093"}],"version-history":[{"count":9,"href":"https:\/\/icf.church\/altdorf\/de\/wp-json\/wp\/v2\/pages\/1093\/revisions"}],"predecessor-version":[{"id":1462,"href":"https:\/\/icf.church\/altdorf\/de\/wp-json\/wp\/v2\/pages\/1093\/revisions\/1462"}],"wp:featuredmedia":[{"embeddable":true,"href":"https:\/\/icf.church\/altdorf\/de\/wp-json\/wp\/v2\/media\/1461"}],"wp:attachment":[{"href":"https:\/\/icf.church\/altdorf\/de\/wp-json\/wp\/v2\/media?parent=1093"}],"curies":[{"name":"wp","href":"https:\/\/api.w.org\/{rel}","templated":true}]}}