{"id":1106,"date":"2026-05-23T11:55:35","date_gmt":"2026-05-23T09:55:35","guid":{"rendered":"https:\/\/new.icf.church\/altdorf\/?page_id=1106"},"modified":"2026-08-13T15:27:28","modified_gmt":"2026-08-13T13:27:28","slug":"besuchen","status":"publish","type":"page","link":"https:\/\/icf.church\/altdorf\/de\/besuchen\/","title":{"rendered":"Besuchen"},"content":{"rendered":"<h1 id=\"block-1\" class=\"mt-4 mb-4 h1 display-1 text-start\">\n  Sch\u00f6n, dass du da bist<\/h1>\n\n<p id=\"block-2\" class=\"mb-6 text-start wp-block-paragraph\">\n  Jeden Sonntag feiern wir unsere Celebrations \u2013 unser lauter, fr\u00f6hlicher und leidenschaftlicher Gottesdienst und w\u00f6chentliches Highlight!<\/p>\n\n\n<div id=\"block-7\" class=\"mb-4 wp-block-yellowtree-hero-stage\">\n    <div class=\"hero-stage has-links\">\n        \n\n<div id=\"block-4\" class=\"hero-stage-content\">\n    <div class=\"hero-stage-content__background\">\n        <div class=\"overlay-black-25 h-100\">\n                            <img fetchpriority=\"high\" decoding=\"async\" width=\"1920\" height=\"1280\" src=\"https:\/\/icf.church\/altdorf\/wp-content\/uploads\/sites\/136\/2026\/05\/menschen.jpg\" class=\"hero-stage-media\" alt=\"\" style=\"object-position: 50% 50%;\" aria-hidden=\"true\" loading=\"eager\" srcset=\"https:\/\/icf.church\/altdorf\/wp-content\/uploads\/sites\/136\/2026\/05\/menschen.jpg 1920w, https:\/\/icf.church\/altdorf\/wp-content\/uploads\/sites\/136\/2026\/05\/menschen-300x200.jpg 300w, https:\/\/icf.church\/altdorf\/wp-content\/uploads\/sites\/136\/2026\/05\/menschen-1024x683.jpg 1024w, https:\/\/icf.church\/altdorf\/wp-content\/uploads\/sites\/136\/2026\/05\/menschen-768x512.jpg 768w, https:\/\/icf.church\/altdorf\/wp-content\/uploads\/sites\/136\/2026\/05\/menschen-1536x1024.jpg 1536w\" sizes=\"(max-width: 1920px) 100vw, 1920px\" \/>                    <\/div>\n        <div class=\"hero-stage-gradient\"><\/div>\n    <\/div>\n    <div class=\"hero-stage-content__foreground is-layout-constrained\">\n        <h1 id=\"block-3\" class=\"display-1 text-center\">\n    Du bist willkommen<\/h1>    <\/div>\n<\/div>\n\n\n<div id=\"block-6\" class=\"hero-stage-links is-layout-constrained count-1\">\n    <div class=\"icon-link-cards-layout column-gap-3 row-gap-1 justify-content-center break-md\">\n        \n\n<div id=\"block-5\" data-bs-theme=\"dark\" class=\"wp-block-yellowtree-icon-link-card\">\n  <div class='card-body flex-row justify-content-center align-items-center overflow-hidden gap-2 px-5 px-md-3 py-3 py-md-6'>\n    <div class='d-flex align-items-center gap-4 me-auto me-md-0 flex-md-column text-md-center gap-md-3'>\n      <i class='icon-square fs-2 fs-md-lg-const fa-solid fa-users' aria-hidden='true'><\/i>\n      <a class='stretched-link fs-base-const' href='https:\/\/icf.church\/altdorf\/de\/about\/' target=''>\n        Wer sind wir?      <\/a>\n    <\/div>\n          <i class=\"icon fs-base-const fa-chevron-right ms-auto opacity-50 d-md-none\"><\/i>\n      <\/div>\n<\/div>\n    <\/div>\n<\/div>\n    <\/div>\n<\/div>\n\n<h3 id=\"celebrationzeiten\" class=\"h3 display-3 text-start\">\n  Celebrations<\/h3>\n\n<p id=\"block-8\" class=\"mb-7 text-start wp-block-paragraph\">\n  Jeden Sonntag feiern wir im ICF Altdorf eine Celebration &#8211; jede mit ihrem eigenen Stil, ihrer eigenen Sprache und Atmosph\u00e4re.<\/p>\n\n<div class=\"services-block\" data-services-list-config=\"{&quot;appId&quot;:&quot;ILU203NJSX&quot;,&quot;apiKey&quot;:&quot;MWM3NWMxYjI5NDZkYjVhN2YzOGRlZTZhODY4MjViYTVlY2QwNzkxYjYzMGNhYTQ0NTk0MWZkOWM1YjUzN2FhMWZpbHRlcnM9b3JnYW5pemF0aW9uX2lkJTNBMjE0K0FORCtzdGF0dXMlM0FwdWJsaXNoZWQmcmVzdHJpY3RJbmRpY2VzPXNlcnZpY2Vz&quot;,&quot;baseUrl&quot;:&quot;https:\\\/\\\/icf.church\\\/altdorf\\\/de\\\/celebrations\\\/&quot;,&quot;postsPerPage&quot;:10,&quot;indexName&quot;:&quot;services&quot;,&quot;locationsPageUrl&quot;:&quot;https:\\\/\\\/icf.church\\\/locations\\\/&quot;,&quot;imgixSrcUrl&quot;:&quot;https:\\\/\\\/website-prod-space-01.fra1.digitaloceanspaces.com&quot;,&quot;imgixTargetUrl&quot;:&quot;https:\\\/\\\/icf-hub-new.imgix.net&quot;,&quot;placeholderImageUrl&quot;:&quot;https:\\\/\\\/icf.church\\\/altdorf\\\/wp-content\\\/themes\\\/icf\\\/assets\\\/images\\\/celebrations.jpg&quot;,&quot;siteUrl&quot;:&quot;https:\\\/\\\/icf.church\\\/altdorf&quot;}\">\n<\/div>\n\n\n<h3 id=\"block-10\" class=\"mt-10 mb-2 h3 display-3 text-start\">\n  F\u00fcr jedes Alter<\/h3>\n\n<p id=\"block-11\" class=\"mt-4 mb-7 text-start wp-block-paragraph\">\n  Damit du dich im ICF Altdorf schnell zu Hause f\u00fchlst, haben wir eigene Angebote f\u00fcr Kinder, Jugendliche und junge Erwachsene. Hier findest du schnell Freunde in deinem Alter.<\/p>\n\n<div id=\"block-18\" class=\"pt-2 pb-2 alignfull is-layout-constrained\">\n  <div>\n            <div class=\"row gx-4 gy-4 \">\n          \n\n<div id=\"block-15\" class=\"col wp-block-yellowtree-column col-12 col-md-6 d-flex flex-column with-streched-height-children align-items-stretch align-items-md-stretch\">\n  <article id=\"block-14\" data-bs-theme=\"dark\" class=\"wp-block-yellowtree-card card has-context-height\" style=\"--card-img-position:50% 50%\">\n        <img decoding=\"async\" width=\"1024\" height=\"642\" src=\"https:\/\/icf.church\/altdorf\/wp-content\/uploads\/sites\/136\/2026\/06\/kids-1024x642.jpg\" class=\"card-img-top\" alt=\"\" draggable=\"false\" loading=\"lazy\" srcset=\"https:\/\/icf.church\/altdorf\/wp-content\/uploads\/sites\/136\/2026\/06\/kids-1024x642.jpg 1024w, https:\/\/icf.church\/altdorf\/wp-content\/uploads\/sites\/136\/2026\/06\/kids-300x188.jpg 300w, https:\/\/icf.church\/altdorf\/wp-content\/uploads\/sites\/136\/2026\/06\/kids-768x482.jpg 768w, https:\/\/icf.church\/altdorf\/wp-content\/uploads\/sites\/136\/2026\/06\/kids-1536x964.jpg 1536w, https:\/\/icf.church\/altdorf\/wp-content\/uploads\/sites\/136\/2026\/06\/kids-2048x1285.jpg 2048w\" sizes=\"(max-width: 1024px) 100vw, 1024px\">    <div class=\"card-body\">\n    <h3 class=\"card-title\">ICF Kids<\/h3>\n    <p class=\"card-text\">Jeden Sonntagmorgen parallel zur Celebration erleben die Kinder eine spannende und interaktive Zeit mit Spielen, Theater, Basteln und Musik. Wir vom ICF Kids-Team haben das Anliegen, den Kindern den Glauben an Gott kreativ, individuell und liebevoll zu vermitteln.<\/p>\n    <div id=\"block-13\" class=\"wp-block-yellowtree-card-buttons card-buttons\">\n  \n\n  <div>\n    <a id=\"block-12\" href=\"mailto:w_u_a.schuler@bluewin.ch\" class=\"wp-block-yellowtree-card-button btn btn-sm btn-secondary\">\n      <span>Kontakt<\/span>\n              <i class=\"icon fs-base-const fa-arrow-right\" aria-hidden=\"true\"><\/i>\n          <\/a>\n  <\/div>\n\n<\/div>  <\/div>\n<\/article><\/div>\n\n\n<div id=\"block-17\" class=\"col wp-block-yellowtree-column col-12 col-md-6 d-flex flex-column with-streched-height-children align-items-stretch align-items-md-stretch\">\n  <article id=\"block-16\" data-bs-theme=\"dark\" class=\"wp-block-yellowtree-card card has-context-height\" style=\"--card-img-position:50% 50%\">\n        <img decoding=\"async\" width=\"600\" height=\"338\" src=\"https:\/\/icf.church\/altdorf\/wp-content\/uploads\/sites\/136\/2026\/06\/altersstufen.jpg\" class=\"card-img-top\" alt=\"\" draggable=\"false\" loading=\"lazy\" srcset=\"https:\/\/icf.church\/altdorf\/wp-content\/uploads\/sites\/136\/2026\/06\/altersstufen.jpg 600w, https:\/\/icf.church\/altdorf\/wp-content\/uploads\/sites\/136\/2026\/06\/altersstufen-300x169.jpg 300w\" sizes=\"(max-width: 600px) 100vw, 600px\">    <div class=\"card-body\">\n    <h3 class=\"card-title\">Altersstufen<\/h3>\n    <p class=\"card-text\">F\u00fcr jede Altersstufe gibt es bei uns eine passende Gruppe<br><br>Milky Way (0 \u2013 3 Jahre)<br>Little Stars (3 \u2013 7 Jahre)<br>Kids Planet (7 \u2013 12 Jahre)<br>Unti (13 \u2013 15 Jahre)<\/p>\n      <\/div>\n<\/article><\/div>\n        <\/div>\n          <\/div>\n<\/div>\n\n<h3 id=\"block-19\" class=\"mt-10 h3 display-3 text-start\">\n  FAQ &#8211; Good to know<\/h3>\n\n<p id=\"block-20\" class=\"mb-6 text-start wp-block-paragraph\">\n  Du hast noch Fragen? Hier findest du Antworten<\/p>\n\n\n<div id=\"block-39\" class=\"accordion\">\n  <body>\n\n<div id=\"block-23\" data-bs-theme=\"dark\" class=\"overflow-hidden wp-block-yellowtree-accordion-item\">\n  <div class=\"accordion-header\">\n    <button class=\"accordion-button rounded-0 collapsed focus-ring-inset\" type=\"button\" data-bs-toggle=\"collapse\" data-bs-target=\"#block-23-collapse\" aria-expanded=\"false\" aria-controls=\"block-23-collapse\">\n      <div>\n        <h3 class=\"mb-0\">\n          Was ist eine Celebration? Wie lange dauert diese?        <\/h3>\n              <\/div>\n      <div class=\"ms-auto accordion-icons icon-container-base\">\n        <i class=\"icon fa-arrow-right accordion-icon-default\"><\/i>\n        <i class=\"icon fa-close accordion-icon-alt\"><\/i>\n      <\/div>\n    <\/button>\n  <\/div>\n  <div id=\"block-23-collapse\" class=\"accordion-collapse collapse \">\n    <div class=\"accordion-body pt-0\">\n      <p id=\"block-21\" class=\"text-start wp-block-paragraph\">\n  Celebration, so nennen wir unseren w\u00f6chentlichen Gottesdienst. Celebration, weil wir hier gemeinsam unseren Gott feiern m\u00f6chten. Darum darf es auch etwas laut, fr\u00f6hlich und leidenschaftlich sein. Etwas anders, als du es dir vielleicht von der traditionellen Kirche her gewohnt bist.<\/p>\n\n<p id=\"block-22\" class=\"text-start wp-block-paragraph\">\n  Eine Celebration dauert knapp 90 Minuten und besteht haupts\u00e4chlich aus Worship, wo wir gemeinsam singen, und einer Predigt, welche dich f\u00fcr deinen Alltag ermutigen soll.<\/p>    <\/div>\n  <\/div>\n<\/div>\n\n\n<div id=\"block-28\" data-bs-theme=\"dark\" class=\"overflow-hidden wp-block-yellowtree-accordion-item\">\n  <div class=\"accordion-header\">\n    <button class=\"accordion-button rounded-0 collapsed focus-ring-inset\" type=\"button\" data-bs-toggle=\"collapse\" data-bs-target=\"#block-28-collapse\" aria-expanded=\"false\" aria-controls=\"block-28-collapse\">\n      <div>\n        <h3 class=\"mb-0\">\n          Was erwartet mich bei einer Celebration?        <\/h3>\n              <\/div>\n      <div class=\"ms-auto accordion-icons icon-container-base\">\n        <i class=\"icon fa-arrow-right accordion-icon-default\"><\/i>\n        <i class=\"icon fa-close accordion-icon-alt\"><\/i>\n      <\/div>\n    <\/button>\n  <\/div>\n  <div id=\"block-28-collapse\" class=\"accordion-collapse collapse \">\n    <div class=\"accordion-body pt-0\">\n      <p id=\"block-24\" class=\"text-start wp-block-paragraph\">\n  <strong class=\"myprefix-text-bold\">Kleidung:<\/strong> Es gibt keinen Dresscode \u2013 komm einfach so, wie du dich wohlf\u00fchlst.<\/p>\n\n<p id=\"block-25\" class=\"text-start wp-block-paragraph\">\n  <strong class=\"myprefix-text-bold\">Atmosph\u00e4re:<\/strong> Dich erwarten etwa 30 bis 60 Erwachsene sowie mehrere Kinder im Kidsprogramm.<\/p>\n\n<p id=\"block-26\" class=\"text-start wp-block-paragraph\">\n  <strong class=\"myprefix-text-bold\">Musik:<\/strong> Unser ICF Worship Team spielt und singt moderne christliche Musik &#8211; eine Mischung aus eigenen Songs und Liedern anderer bekannter K\u00fcnstler. Die Songs sind gesungene Gebete. Mitsingen ist nat\u00fcrlich freiwillig.<\/p>\n\n<p id=\"block-27\" class=\"text-start wp-block-paragraph\">\n  <strong class=\"myprefix-text-bold\">Lautst\u00e4rke und Licht: <\/strong>Unser Technikteam sorgt f\u00fcr eine mitreissende Lautst\u00e4rke und nimmt dabei R\u00fccksicht auf die Besucher um allen ein m\u00f6glichst optimales Erlebnis zu erm\u00f6glichen.&nbsp;Wir benutzen dezente Lichteffekte, um eine stimmungsvolle Atmosph\u00e4re zu kreieren.<\/p>    <\/div>\n  <\/div>\n<\/div>\n\n\n<div id=\"block-30\" data-bs-theme=\"dark\" class=\"overflow-hidden wp-block-yellowtree-accordion-item\">\n  <div class=\"accordion-header\">\n    <button class=\"accordion-button rounded-0 collapsed focus-ring-inset\" type=\"button\" data-bs-toggle=\"collapse\" data-bs-target=\"#block-30-collapse\" aria-expanded=\"false\" aria-controls=\"block-30-collapse\">\n      <div>\n        <h3 class=\"mb-0\">\n          Wo kann ich meine Fragen stellen?        <\/h3>\n              <\/div>\n      <div class=\"ms-auto accordion-icons icon-container-base\">\n        <i class=\"icon fa-arrow-right accordion-icon-default\"><\/i>\n        <i class=\"icon fa-close accordion-icon-alt\"><\/i>\n      <\/div>\n    <\/button>\n  <\/div>\n  <div id=\"block-30-collapse\" class=\"accordion-collapse collapse \">\n    <div class=\"accordion-body pt-0\">\n      <p id=\"block-29\" class=\"text-start wp-block-paragraph\">\n  Nach jeder Celebration kannst du zum Welcome Point gehen, um mehr \u00fcber das ICF und den Glauben zu erfahren. Es hat ein Team dort, welches sich gerne Zeit f\u00fcr dich nimmt. Ansonsten kannst du dich auch gerne via&nbsp;<a href=\"https:\/\/www.icf-luzern.ch\/kontakt\/\">Kontaktformular<\/a>&nbsp;bei uns melden.<\/p>    <\/div>\n  <\/div>\n<\/div>\n\n\n<div id=\"block-32\" data-bs-theme=\"dark\" class=\"overflow-hidden wp-block-yellowtree-accordion-item\">\n  <div class=\"accordion-header\">\n    <button class=\"accordion-button rounded-0 collapsed focus-ring-inset\" type=\"button\" data-bs-toggle=\"collapse\" data-bs-target=\"#block-32-collapse\" aria-expanded=\"false\" aria-controls=\"block-32-collapse\">\n      <div>\n        <h3 class=\"mb-0\">\n          Gibt es eine \u00dcbersetzung? In welchen Sprachen finden die Celebrations statt?        <\/h3>\n              <\/div>\n      <div class=\"ms-auto accordion-icons icon-container-base\">\n        <i class=\"icon fa-arrow-right accordion-icon-default\"><\/i>\n        <i class=\"icon fa-close accordion-icon-alt\"><\/i>\n      <\/div>\n    <\/button>\n  <\/div>\n  <div id=\"block-32-collapse\" class=\"accordion-collapse collapse \">\n    <div class=\"accordion-body pt-0\">\n      <p id=\"block-31\" class=\"text-start wp-block-paragraph\">\n  Die Celebration findet auf schweizerdeutsch statt. Auf Wunsch (Info an den Pastor sp\u00e4testens 10 Minuten vor dem Start) ist diese auch auf Hochdeutsch m\u00f6glich.<\/p>    <\/div>\n  <\/div>\n<\/div>\n\n\n<div id=\"block-36\" data-bs-theme=\"dark\" class=\"overflow-hidden wp-block-yellowtree-accordion-item\">\n  <div class=\"accordion-header\">\n    <button class=\"accordion-button rounded-0 collapsed focus-ring-inset\" type=\"button\" data-bs-toggle=\"collapse\" data-bs-target=\"#block-36-collapse\" aria-expanded=\"false\" aria-controls=\"block-36-collapse\">\n      <div>\n        <h3 class=\"mb-0\">\n          Wie reise ich am besten an und wann sollte ich da sein?        <\/h3>\n              <\/div>\n      <div class=\"ms-auto accordion-icons icon-container-base\">\n        <i class=\"icon fa-arrow-right accordion-icon-default\"><\/i>\n        <i class=\"icon fa-close accordion-icon-alt\"><\/i>\n      <\/div>\n    <\/button>\n  <\/div>\n  <div id=\"block-36-collapse\" class=\"accordion-collapse collapse \">\n    <div class=\"accordion-body pt-0\">\n      <p id=\"block-33\" class=\"text-start wp-block-paragraph\">\n  Wir empfehlen dir, etwa 10\u201320 Minuten vor Beginn der Celebration da zu sein. So bleibt gen\u00fcgend Zeit, um in Ruhe anzukommen, einen Kaffee zu trinken, deine Kinder bei ICF Kids einzuchecken oder noch mit anderen ins Gespr\u00e4ch zu kommen.<\/p>\n\n<p id=\"block-34\" class=\"text-start wp-block-paragraph\">\n  <strong class=\"myprefix-text-bold\">Auto:<\/strong> Vor dem Geb\u00e4ude steht ein grosser Platz mit gratis Parkpl\u00e4tzen zur Verf\u00fcgung.<\/p>\n\n<p id=\"block-35\" class=\"text-start wp-block-paragraph\">\n  <strong class=\"myprefix-text-bold\">\u00d6ffentlicher Verkehr:<\/strong> Das ICF Altdorf befindet sich nur 5 Gehminuten von der Bushaltestelle \u201eAllmend\u201c an der Seedorferstr. 56. Diese ist mit der Buslinie 3 vom Bahnhof Altdorf erreichbar.&nbsp;<a href=\"https:\/\/www.google.com\/maps\/dir\/\/ICF+Altdorf?\">Hier<\/a>&nbsp;kannst du deine Anreise planen.<\/p>    <\/div>\n  <\/div>\n<\/div>\n\n\n<div id=\"block-38\" data-bs-theme=\"dark\" class=\"overflow-hidden wp-block-yellowtree-accordion-item\">\n  <div class=\"accordion-header\">\n    <button class=\"accordion-button rounded-0 collapsed focus-ring-inset\" type=\"button\" data-bs-toggle=\"collapse\" data-bs-target=\"#block-38-collapse\" aria-expanded=\"false\" aria-controls=\"block-38-collapse\">\n      <div>\n        <h3 class=\"mb-0\">\n          Kann ich meine Kinder mitbringen?        <\/h3>\n              <\/div>\n      <div class=\"ms-auto accordion-icons icon-container-base\">\n        <i class=\"icon fa-arrow-right accordion-icon-default\"><\/i>\n        <i class=\"icon fa-close accordion-icon-alt\"><\/i>\n      <\/div>\n    <\/button>\n  <\/div>\n  <div id=\"block-38-collapse\" class=\"accordion-collapse collapse \">\n    <div class=\"accordion-body pt-0\">\n      <p id=\"block-37\" class=\"text-start wp-block-paragraph\">\n  Du kannst deine Kinder sehr gerne mitbringen! ICF Kids ist die Kinderkirche von ICF f\u00fcr alle 0 \u2013 12 Jahre alten Kinder. Das Programm wird f\u00fcr deine Kinder sicher ein Highlight werden.<\/p>    <\/div>\n  <\/div>\n<\/div>\n<\/body><\/div>\n\n\n<div>\n  <div id=\"block-46\" class=\"mt-10 mb-10 wp-block-yellowtree-connect-social connect-social\">\n      \n\n<h2 id=\"block-40\" class=\"text-center display-2 mb-5\">\n    Stay Updated<\/h2>\n\n\n<p id=\"block-41\" class=\"text-center mb-6\">\n    Abonniere ICF Altdorf auf Social Media und verpass nichts mehr.<br>Hier erh\u00e4ltst du regelm\u00e4ssig kurze News &amp; Updates \u00fcber Angebote und Events.<\/p>\n\n\n<div id=\"block-45\" class=\"wp-block-yellowtree-connect-social-links d-flex gap-1 gap-md-5 justify-content-center\">\n  <html><body>\n\n<a id=\"block-42\" href=\"https:\/\/instagram.com\/icfaltdorf\/\" target=\"_blank\" data-variation=\"instagram\" class=\"wp-block-yellowtree-connect-social-link btn\" aria-label=\"Instagram Link\">\n  <i class=\"icon connect-social-icon fs-md-lg-const fs-h3-const fa-brands fa-instagram\" aria-hidden=\"true\"><\/i>\n<\/a>\n\n\n\n\n\n<a id=\"block-44\" href=\"https:\/\/youtube.com\/@icfstartupaltdorf8507\" target=\"_blank\" data-variation=\"youtube\" class=\"wp-block-yellowtree-connect-social-link btn\" aria-label=\"Youtube Link\">\n  <i class=\"icon connect-social-icon fs-md-lg-const fs-h3-const fa-brands fa-youtube\" aria-hidden=\"true\"><\/i>\n<\/a>\n<\/body><\/html><\/div>\n  <\/div>\n<\/div>\n\n\n\n<div id=\"block-50\" data-bs-theme=\"dark\" class=\"wp-block-yellowtree-divider-card card d-flex flex-column flex-lg-row py-6 py-lg-0\">\n  \n\n<div id=\"block-47\" class=\"wp-block-yellowtree-divider-card-item flex-1 d-flex flex-column position-relative text-center py-6 py-lg-10\">\n  <div class='mb-2'>\n    <div class='d-flex flex-column align-items-center gap-2'>\n      <i class='icon fs-lg-const fa-solid fa-users' aria-hidden='true'><\/i>\n      <h3 class='mb-0'>\n        <span class=\"text-container\">\n          Anschluss finden        <\/span>\n      <\/h3>\n    <\/div>\n  <\/div>\n  <div class='mt-auto'>\n    <a class='text-arrow-link fs-sm text-light-3' href=\"https:\/\/icf.church\/altdorf\/de\/findeanschluss\/\">\n      Los geht&#039;s    <\/a>\n  <\/div>\n<\/div>\n\n\n<div id=\"block-48\" class=\"wp-block-yellowtree-divider-card-item flex-1 d-flex flex-column position-relative text-center py-6 py-lg-10\">\n  <div class='mb-2'>\n    <div class='d-flex flex-column align-items-center gap-2'>\n      <i class='icon fs-lg-const fa-solid fa-heart' aria-hidden='true'><\/i>\n      <h3 class='mb-0'>\n        <span class=\"text-container\">\n          Unterst\u00fctzen        <\/span>\n      <\/h3>\n    <\/div>\n  <\/div>\n  <div class='mt-auto'>\n    <a class='text-arrow-link fs-sm text-light-3' href=\"https:\/\/icf.church\/altdorf\/de\/spenden\/\">\n      Los geht&#039;s    <\/a>\n  <\/div>\n<\/div>\n\n\n<div id=\"block-49\" class=\"wp-block-yellowtree-divider-card-item flex-1 d-flex flex-column position-relative text-center py-6 py-lg-10\">\n  <div class='mb-2'>\n    <div class='d-flex flex-column align-items-center gap-2'>\n      <i class='icon fs-lg-const fa-solid fa-signal-stream' aria-hidden='true'><\/i>\n      <h3 class='mb-0'>\n        <span class=\"text-container\">\n          Podcast        <\/span>\n      <\/h3>\n    <\/div>\n  <\/div>\n  <div class='mt-auto'>\n    <a class='text-arrow-link fs-sm text-light-3' href=\"https:\/\/icf.church\/altdorf\/de\/predigten\/\" target=\"_blank\">\n      H\u00f6re die Predigt online    <\/a>\n  <\/div>\n<\/div>\n<\/div>\n\n<p id=\"block-51\" class=\"text-start wp-block-paragraph\">\n  <\/p>","protected":false},"excerpt":{"rendered":"<p>Jeden Sonntag feiern wir unsere Celebrations \u2013 unser lauter, fr\u00f6hlicher und leidenschaftlicher Gottesdienst und w\u00f6chentliches Highlight!<\/p>\n","protected":false},"author":187,"featured_media":1108,"parent":0,"menu_order":1,"comment_status":"closed","ping_status":"closed","template":"","meta":{"_acf_changed":false,"_seopress_titles_title":"","_seopress_titles_desc":"","_seopress_robots_index":"","_seopress_robots_follow":"","_seopress_robots_imageindex":"","_seopress_robots_snippet":"","_seopress_robots_primary_cat":"","_seopress_robots_breadcrumbs":"","_seopress_robots_freeze_modified_date":"","_seopress_robots_custom_modified_date":"","_seopress_robots_canonical":"","_seopress_social_fb_title":"","_seopress_social_fb_desc":"","_seopress_social_fb_img":"","_seopress_social_fb_img_attachment_id":0,"_seopress_social_fb_img_width":0,"_seopress_social_fb_img_height":0,"_seopress_social_twitter_title":"","_seopress_social_twitter_desc":"","_seopress_social_twitter_img":"","_seopress_social_twitter_img_attachment_id":0,"_seopress_social_twitter_img_width":0,"_seopress_social_twitter_img_height":0,"_seopress_redirections_value":"","_seopress_redirections_enabled":"","_seopress_redirections_enabled_regex":"","_seopress_redirections_logged_status":"both","_seopress_redirections_param":"","_seopress_redirections_type":301,"_seopress_analysis_target_kw":"","_seopress_news_disabled":"","_seopress_video_disabled":"","_seopress_video":[{"url":"","title":"","desc":"","thumbnail":"","duration":"","rating":"","view_count":"","tag":""}],"_seopress_pro_schemas_manual":[],"_seopress_pro_rich_snippets_disable_all":"","_seopress_pro_rich_snippets_disable":[],"_seopress_pro_schemas":[],"yt_custom_styles_scss":"","yt_custom_styles_rounded_corners":false,"yt_custom_styles_color_scheme":"","footnotes":""},"class_list":["post-1106","page","type-page","status-publish","has-post-thumbnail","hentry"],"acf":[],"_links":{"self":[{"href":"https:\/\/icf.church\/altdorf\/de\/wp-json\/wp\/v2\/pages\/1106","targetHints":{"allow":["GET"]}}],"collection":[{"href":"https:\/\/icf.church\/altdorf\/de\/wp-json\/wp\/v2\/pages"}],"about":[{"href":"https:\/\/icf.church\/altdorf\/de\/wp-json\/wp\/v2\/types\/page"}],"author":[{"embeddable":true,"href":"https:\/\/icf.church\/altdorf\/de\/wp-json\/wp\/v2\/users\/187"}],"replies":[{"embeddable":true,"href":"https:\/\/icf.church\/altdorf\/de\/wp-json\/wp\/v2\/comments?post=1106"}],"version-history":[{"count":16,"href":"https:\/\/icf.church\/altdorf\/de\/wp-json\/wp\/v2\/pages\/1106\/revisions"}],"predecessor-version":[{"id":1410,"href":"https:\/\/icf.church\/altdorf\/de\/wp-json\/wp\/v2\/pages\/1106\/revisions\/1410"}],"wp:featuredmedia":[{"embeddable":true,"href":"https:\/\/icf.church\/altdorf\/de\/wp-json\/wp\/v2\/media\/1108"}],"wp:attachment":[{"href":"https:\/\/icf.church\/altdorf\/de\/wp-json\/wp\/v2\/media?parent=1106"}],"curies":[{"name":"wp","href":"https:\/\/api.w.org\/{rel}","templated":true}]}}