{"id":1130,"date":"2026-05-24T10:54:00","date_gmt":"2026-05-24T08:54:00","guid":{"rendered":"https:\/\/new.icf.church\/altdorf\/?page_id=1130"},"modified":"2026-08-22T12:33:57","modified_gmt":"2026-08-22T10:33:57","slug":"soziales","status":"publish","type":"page","link":"https:\/\/icf.church\/altdorf\/de\/soziales\/","title":{"rendered":"Soziales"},"content":{"rendered":"\n<div id=\"block-3\" class=\"is-style-startpage wp-block-yellowtree-hero-stage alignfull\">\n    <div class=\"hero-stage \">\n        \n\n<div id=\"block-2\" class=\"hero-stage-content\">\n    <div class=\"hero-stage-content__background\">\n        <div class=\"overlay-black-25 h-100\">\n                            <img fetchpriority=\"high\" decoding=\"async\" width=\"2560\" height=\"1707\" src=\"https:\/\/icf.church\/altdorf\/wp-content\/uploads\/sites\/136\/2026\/08\/soziales-scaled.jpg\" class=\"hero-stage-media\" alt=\"\" style=\"object-position: 51% 49%;\" aria-hidden=\"true\" loading=\"eager\" srcset=\"https:\/\/icf.church\/altdorf\/wp-content\/uploads\/sites\/136\/2026\/08\/soziales-scaled.jpg 2560w, https:\/\/icf.church\/altdorf\/wp-content\/uploads\/sites\/136\/2026\/08\/soziales-300x200.jpg 300w, https:\/\/icf.church\/altdorf\/wp-content\/uploads\/sites\/136\/2026\/08\/soziales-1024x683.jpg 1024w, https:\/\/icf.church\/altdorf\/wp-content\/uploads\/sites\/136\/2026\/08\/soziales-768x512.jpg 768w, https:\/\/icf.church\/altdorf\/wp-content\/uploads\/sites\/136\/2026\/08\/soziales-1536x1024.jpg 1536w, https:\/\/icf.church\/altdorf\/wp-content\/uploads\/sites\/136\/2026\/08\/soziales-2048x1365.jpg 2048w\" sizes=\"(max-width: 2560px) 100vw, 2560px\" \/>                    <\/div>\n        <div class=\"hero-stage-gradient\"><\/div>\n    <\/div>\n    <div class=\"hero-stage-content__foreground is-layout-constrained\">\n        <h1 id=\"block-1\" class=\"display-1 text-center\">\n    Soziales<\/h1>    <\/div>\n<\/div>\n    <\/div>\n<\/div>\n\n<div id=\"block-7\" class=\"pt-4 pb-2 alignfull is-layout-constrained\">\n  <div>\n            <div class=\"row gx-4 gy-4 \">\n          \n\n<div id=\"block-6\" class=\"col wp-block-yellowtree-column col-12 d-flex flex-column justify-content-center align-items-center align-items-md-center\">\n  <h2 id=\"block-4\" class=\"mt-2 mb-2 h2 display-2 text-center\">\n  Gesegnet um ein Segen zu sein<\/h2>\n\n<p id=\"block-5\" class=\"mt-2 mb-2 fs-base text-center wp-block-paragraph\">\n  Als ICF Altdorf ist es uns sehr wichtig, soziale Projekte im In- und Ausland zu unterst\u00fctzen.<br>Wir unterst\u00fctzen sie finanziell, aber auch mit Gebet und tatkr\u00e4ftiger Unterst\u00fctzung.<\/p><\/div>\n        <\/div>\n          <\/div>\n<\/div>\n\n<div id=\"block-20\" class=\"pt-2 pb-2 alignfull is-layout-constrained\">\n  <div>\n            <div class=\"row gx-4 gy-4 \">\n          \n\n<div id=\"block-11\" class=\"col wp-block-yellowtree-column col-12 col-lg-4 d-flex flex-column with-streched-height-children align-items-stretch align-items-lg-stretch\">\n  <article id=\"block-10\" data-bs-theme=\"dark\" class=\"wp-block-yellowtree-card card has-context-height\" style=\"--card-img-position:39% 66%\">\n        <img decoding=\"async\" width=\"1024\" height=\"340\" src=\"https:\/\/icf.church\/altdorf\/wp-content\/uploads\/sites\/136\/2026\/05\/bloved_2-1024x340.png\" class=\"card-img-top\" alt=\"\" draggable=\"false\" loading=\"lazy\" srcset=\"https:\/\/icf.church\/altdorf\/wp-content\/uploads\/sites\/136\/2026\/05\/bloved_2-1024x340.png 1024w, https:\/\/icf.church\/altdorf\/wp-content\/uploads\/sites\/136\/2026\/05\/bloved_2-300x100.png 300w, https:\/\/icf.church\/altdorf\/wp-content\/uploads\/sites\/136\/2026\/05\/bloved_2-768x255.png 768w, https:\/\/icf.church\/altdorf\/wp-content\/uploads\/sites\/136\/2026\/05\/bloved_2-1536x509.png 1536w, https:\/\/icf.church\/altdorf\/wp-content\/uploads\/sites\/136\/2026\/05\/bloved_2.png 1616w\" sizes=\"(max-width: 1024px) 100vw, 1024px\">    <div class=\"card-body\">\n    <h3 class=\"card-title\">bLOVEd<\/h3>\n    <p class=\"card-text\">FOR THOSE WHO FORGOT THAT THEY ARE LOVED&nbsp;<br><br>Der Verein bLOVEd Luzern setzt sich gegen Menschenhandel und Zwangsprostitution ein. Sie betreuen Frauen und M\u00e4nner in der Prostitution und setzen sich f\u00fcr sie ein.<br><br>Spenden f\u00fcr bLOVEd:<br>IBAN: CH8100778195952072001<br>Verein bLOVEd, 6102 Malters<br>info@bloved-luzern.ch<br><\/p>\n    <div id=\"block-9\" class=\"wp-block-yellowtree-card-buttons card-buttons\">\n  \n\n  <div>\n    <a id=\"block-8\" href=\"https:\/\/bloved-luzern.ch\/\" target=\"_blank\" class=\"wp-block-yellowtree-card-button btn btn-sm btn-secondary\">\n      <span>Zur Webseite<\/span>\n              <i class=\"icon fs-base-const fa-arrow-right\" aria-hidden=\"true\"><\/i>\n          <\/a>\n  <\/div>\n\n<\/div>  <\/div>\n<\/article><\/div>\n\n\n<div id=\"block-15\" class=\"col wp-block-yellowtree-column col-12 col-lg-4 d-flex flex-column with-streched-height-children align-items-stretch align-items-lg-stretch\">\n  <article id=\"block-14\" data-bs-theme=\"dark\" class=\"wp-block-yellowtree-card card has-context-height\" style=\"--card-img-position:34% 70%\">\n        <img decoding=\"async\" width=\"1024\" height=\"545\" src=\"https:\/\/icf.church\/altdorf\/wp-content\/uploads\/sites\/136\/2026\/05\/windrad_4-1024x545.png\" class=\"card-img-top\" alt=\"\" draggable=\"false\" loading=\"lazy\" srcset=\"https:\/\/icf.church\/altdorf\/wp-content\/uploads\/sites\/136\/2026\/05\/windrad_4-1024x545.png 1024w, https:\/\/icf.church\/altdorf\/wp-content\/uploads\/sites\/136\/2026\/05\/windrad_4-300x160.png 300w, https:\/\/icf.church\/altdorf\/wp-content\/uploads\/sites\/136\/2026\/05\/windrad_4-768x409.png 768w, https:\/\/icf.church\/altdorf\/wp-content\/uploads\/sites\/136\/2026\/05\/windrad_4-1536x818.png 1536w, https:\/\/icf.church\/altdorf\/wp-content\/uploads\/sites\/136\/2026\/05\/windrad_4.png 1703w\" sizes=\"(max-width: 1024px) 100vw, 1024px\">    <div class=\"card-body\">\n    <h3 class=\"card-title\">Windrad-LU.ch<\/h3>\n    <p class=\"card-text\">F\u00fcr alle Luzerner die am Rande stehen<br>Als ehemalige selbst Betroffene und deren Freunde sind Ihnen Drogens\u00fcchtige wichtig.<br>Sie machen diese Arbeit aus \u00dcberzeugung und Ehrenamtlich.<br><br>Spenden f\u00fcr windrad-lu.ch:<br>IBAN: CH16 0077 8196 2463 1200 1<br>Luzerner Kantonalbank AG, 6003 Luzern<br>Verein Windrad, 6005 Luzern<br>info@windrad-lu.ch<br><\/p>\n    <div id=\"block-13\" class=\"wp-block-yellowtree-card-buttons card-buttons\">\n  \n\n  <div>\n    <a id=\"block-12\" href=\"https:\/\/windrad-lu.ch\/\" target=\"_blank\" class=\"wp-block-yellowtree-card-button btn btn-sm btn-secondary\">\n      <span>Zur Webseite<\/span>\n              <i class=\"icon fs-base-const fa-arrow-right\" aria-hidden=\"true\"><\/i>\n          <\/a>\n  <\/div>\n\n<\/div>  <\/div>\n<\/article><\/div>\n\n\n<div id=\"block-19\" class=\"col wp-block-yellowtree-column col-12 col-lg-4 d-flex flex-column with-streched-height-children align-items-stretch align-items-lg-stretch\">\n  <article id=\"block-18\" data-bs-theme=\"dark\" class=\"wp-block-yellowtree-card card has-context-height\" style=\"--card-img-position:44% 52%\">\n        <img decoding=\"async\" width=\"842\" height=\"211\" src=\"https:\/\/icf.church\/altdorf\/wp-content\/uploads\/sites\/136\/2026\/05\/icf-cambodia.png\" class=\"card-img-top\" alt=\"\" draggable=\"false\" loading=\"lazy\" srcset=\"https:\/\/icf.church\/altdorf\/wp-content\/uploads\/sites\/136\/2026\/05\/icf-cambodia.png 842w, https:\/\/icf.church\/altdorf\/wp-content\/uploads\/sites\/136\/2026\/05\/icf-cambodia-300x75.png 300w, https:\/\/icf.church\/altdorf\/wp-content\/uploads\/sites\/136\/2026\/05\/icf-cambodia-768x192.png 768w\" sizes=\"(max-width: 842px) 100vw, 842px\">    <div class=\"card-body\">\n    <h3 class=\"card-title\">ICF Cambodia<\/h3>\n    <p class=\"card-text\">ICF Cambodia hat die Vision, den Bewohnern rund um Siem Reap in Kambodscha ganzheitlich zu helfen und nachhaltig zu ver\u00e4ndern. Sie arbeiten in drei erg\u00e4nzenden Bereichen: Kirche (ICF Church), Soziales Engagement (ICF Social) und Business (ICF Wake Park).<br><br>IBAN: CH79 0483 5147 7842 9100 0 (Credit Suisse)<br><br>ICF CAMBODIA CAMPUS<br>Nassackerstrasse 14, 8903 Birmensdorf, CH<br><\/p>\n    <div id=\"block-17\" class=\"wp-block-yellowtree-card-buttons card-buttons\">\n  \n\n  <div>\n    <a id=\"block-16\" href=\"https:\/\/icf-cambodia.com\/\" target=\"_blank\" class=\"wp-block-yellowtree-card-button btn btn-sm btn-secondary\">\n      <span>Zur Webseite<\/span>\n              <i class=\"icon fs-base-const fa-arrow-right\" aria-hidden=\"true\"><\/i>\n          <\/a>\n  <\/div>\n\n<\/div>  <\/div>\n<\/article><\/div>\n        <\/div>\n          <\/div>\n<\/div>\n\n<div id=\"block-33\" class=\"pt-2 pb-2 alignfull is-layout-constrained\">\n  <div>\n            <div class=\"row gx-4 gy-4 \">\n          \n\n<div id=\"block-24\" class=\"col wp-block-yellowtree-column col-12 col-lg-4 d-flex flex-column with-streched-height-children align-items-stretch align-items-lg-stretch\">\n  <article id=\"block-23\" data-bs-theme=\"dark\" class=\"wp-block-yellowtree-card card has-context-height\" style=\"--card-img-position:39% 66%\">\n        <img decoding=\"async\" width=\"1024\" height=\"481\" src=\"https:\/\/icf.church\/altdorf\/wp-content\/uploads\/sites\/136\/2026\/05\/kinderhuus_1-1024x481.png\" class=\"card-img-top\" alt=\"\" draggable=\"false\" loading=\"lazy\" srcset=\"https:\/\/icf.church\/altdorf\/wp-content\/uploads\/sites\/136\/2026\/05\/kinderhuus_1-1024x481.png 1024w, https:\/\/icf.church\/altdorf\/wp-content\/uploads\/sites\/136\/2026\/05\/kinderhuus_1-300x141.png 300w, https:\/\/icf.church\/altdorf\/wp-content\/uploads\/sites\/136\/2026\/05\/kinderhuus_1-768x361.png 768w, https:\/\/icf.church\/altdorf\/wp-content\/uploads\/sites\/136\/2026\/05\/kinderhuus_1.png 1440w\" sizes=\"(max-width: 1024px) 100vw, 1024px\">    <div class=\"card-body\">\n    <h3 class=\"card-title\">Kinder- &amp; Jugendhuus<\/h3>\n    <p class=\"card-text\">Das Chinder- und Jugendhaus in Schattdorf (Uri) ist ein Haus voller Leben. Ihre integrativer und individueller Fokus richtet sich auf drei Bereiche: die Kita K\u00f6nigsChind, das Kinderwohnen sowie das Jugendwohnen.<br><br>IBAN: CH29 8080 8004 3719 2218 1<br>(Raiffeisen)<br>Stiftung \u201eLeben gewinnen\u201c<br>Dorfbachstrasse 8, 6467 Schattdorf, CH<br><\/p>\n    <div id=\"block-22\" class=\"wp-block-yellowtree-card-buttons card-buttons\">\n  \n\n  <div>\n    <a id=\"block-21\" href=\"https:\/\/cujh.ch\/\" target=\"_blank\" class=\"wp-block-yellowtree-card-button btn btn-sm btn-secondary\">\n      <span>Zur Webseite<\/span>\n              <i class=\"icon fs-base-const fa-arrow-right\" aria-hidden=\"true\"><\/i>\n          <\/a>\n  <\/div>\n\n<\/div>  <\/div>\n<\/article><\/div>\n\n\n<div id=\"block-28\" class=\"col wp-block-yellowtree-column col-12 col-lg-4 d-flex flex-column with-streched-height-children align-items-stretch align-items-lg-stretch\">\n  <article id=\"block-27\" data-bs-theme=\"dark\" class=\"wp-block-yellowtree-card card has-context-height\" style=\"--card-img-position:34% 70%\">\n        <img decoding=\"async\" width=\"827\" height=\"493\" src=\"https:\/\/icf.church\/altdorf\/wp-content\/uploads\/sites\/136\/2026\/05\/logo_hope_1.png\" class=\"card-img-top\" alt=\"\" draggable=\"false\" loading=\"lazy\" srcset=\"https:\/\/icf.church\/altdorf\/wp-content\/uploads\/sites\/136\/2026\/05\/logo_hope_1.png 827w, https:\/\/icf.church\/altdorf\/wp-content\/uploads\/sites\/136\/2026\/05\/logo_hope_1-300x179.png 300w, https:\/\/icf.church\/altdorf\/wp-content\/uploads\/sites\/136\/2026\/05\/logo_hope_1-768x458.png 768w\" sizes=\"(max-width: 827px) 100vw, 827px\">    <div class=\"card-body\">\n    <h3 class=\"card-title\">HOPE<\/h3>\n    <p class=\"card-text\">In der kreativen N\u00e4hwerkstatt \u201eHope\u201c in Altdorf wird Frauen mit Migrationshintergrund eine sinnvolle Besch\u00e4ftigung und ein wertvoller Ort der Begegnung mit N\u00e4hen und Handarbeiten geboten.<br><br>IBAN: CH97 8080 8003 3966 5308 1<br>(Raiffeisen)<br>Astrid Arnold-Geisser<br>HOPE<br><\/p>\n    <div id=\"block-26\" class=\"wp-block-yellowtree-card-buttons card-buttons\">\n  \n\n  <div>\n    <a id=\"block-25\" href=\"https:\/\/www.hope-schweiz.ch\/\" target=\"_blank\" class=\"wp-block-yellowtree-card-button btn btn-sm btn-secondary\">\n      <span>Zur Webseite<\/span>\n              <i class=\"icon fs-base-const fa-arrow-right\" aria-hidden=\"true\"><\/i>\n          <\/a>\n  <\/div>\n\n<\/div>  <\/div>\n<\/article><\/div>\n\n\n<div id=\"block-32\" class=\"col wp-block-yellowtree-column col-12 col-lg-4 d-flex flex-column with-streched-height-children align-items-stretch align-items-lg-stretch\">\n  <article id=\"block-31\" data-bs-theme=\"dark\" class=\"wp-block-yellowtree-card card has-context-height\" style=\"--card-img-position:63% 55%\">\n        <img decoding=\"async\" width=\"243\" height=\"88\" src=\"https:\/\/icf.church\/altdorf\/wp-content\/uploads\/sites\/136\/2026\/05\/logo_avc_schweiz-1.png\" class=\"card-img-top\" alt=\"\" draggable=\"false\" loading=\"lazy\">    <div class=\"card-body\">\n    <h3 class=\"card-title\">AVC Schweiz<\/h3>\n    <p class=\"card-text\">AVC ist ein internationales Hilfswerk, das sich weltweit f\u00fcr verfolgte Christen und Notleidende einsetzt. Zusammen mit lokalen Partnern engagieren wir uns in \u00fcber 60 L\u00e4ndern mit viel Herz, Tatkraft und Spenden f\u00fcr die Bed\u00fcrftigen und Vergessenen dieser Welt.<br><br>IBAN CHF: CH39 0027 2272 5267 2842 0<br>IBAN EUR: CH35 0027 2272 HM13 0090 1<br>BIC: UBSWCHZH80A<br>AVC Schweiz<br>Industriestrasse 21, 2553 Safnern bei Biel<br><br>Wichtiger Hinweis: Bitte bei folgenden L\u00e4ndern im Verwendungszweck die K\u00fcrzel verwenden statt das Land zu nennen (Bsp. \u00bbProjekt xy in SN\u00ab) Herzlichen Dank!<br>Iran = IN \/ Kuba = KU \/ Nordkorea = NK \/<br>S\u00fcdsudan = SU \/ Syrien = SN<br><\/p>\n    <div id=\"block-30\" class=\"wp-block-yellowtree-card-buttons card-buttons\">\n  \n\n  <div>\n    <a id=\"block-29\" href=\"https:\/\/avc-ch.org\/de\/\" target=\"_blank\" class=\"wp-block-yellowtree-card-button btn btn-sm btn-secondary\">\n      <span>Zur Webseite<\/span>\n              <i class=\"icon fs-base-const fa-arrow-right\" aria-hidden=\"true\"><\/i>\n          <\/a>\n  <\/div>\n\n<\/div>  <\/div>\n<\/article><\/div>\n        <\/div>\n          <\/div>\n<\/div>\n\n\n<div>\n  <div id=\"block-40\" class=\"mt-6 mb-10 wp-block-yellowtree-connect-social connect-social\">\n      \n\n<h2 id=\"block-34\" class=\"text-center display-2 mb-5\">\n    Stay Updated<\/h2>\n\n\n<p id=\"block-35\" class=\"text-center mb-6\">\n    Abonniere ICF Altdorf auf Telegram und Social Media und verpass nichts mehr. <br>Hier erh\u00e4ltst du regelm\u00e4\u00dfig kurze News &amp; Updates \u00fcber Angebote und Events.<\/p>\n\n\n<div id=\"block-39\" class=\"wp-block-yellowtree-connect-social-links d-flex gap-1 gap-md-5 justify-content-center\">\n  <html><body>\n\n<a id=\"block-36\" href=\"https:\/\/instagram.com\/icfaltdorf\/\" target=\"_blank\" data-variation=\"instagram\" class=\"wp-block-yellowtree-connect-social-link btn\" aria-label=\"Instagram Link\">\n  <i class=\"icon connect-social-icon fs-md-lg-const fs-h3-const fa-brands fa-instagram\" aria-hidden=\"true\"><\/i>\n<\/a>\n\n\n\n\n\n<a id=\"block-38\" href=\"https:\/\/youtube.com\/@icfstartupaltdorf8507\" target=\"_blank\" data-variation=\"youtube\" class=\"wp-block-yellowtree-connect-social-link btn\" aria-label=\"Youtube Link\">\n  <i class=\"icon connect-social-icon fs-md-lg-const fs-h3-const fa-brands fa-youtube\" aria-hidden=\"true\"><\/i>\n<\/a>\n<\/body><\/html><\/div>\n  <\/div>\n<\/div>\n\n\n\n<div id=\"block-44\" data-bs-theme=\"dark\" class=\"wp-block-yellowtree-divider-card card d-flex flex-column flex-lg-row py-6 py-lg-0\">\n  \n\n<div id=\"block-41\" class=\"wp-block-yellowtree-divider-card-item flex-1 d-flex flex-column position-relative text-center py-6 py-lg-10\">\n  <div class='mb-2'>\n    <div class='d-flex flex-column align-items-center gap-2'>\n      <i class='icon fs-lg-const fa-solid fa-users' aria-hidden='true'><\/i>\n      <h3 class='mb-0'>\n        <span class=\"text-container\">\n          Anschluss finden        <\/span>\n      <\/h3>\n    <\/div>\n  <\/div>\n  <div class='mt-auto'>\n    <a class='text-arrow-link fs-sm text-light-3' href=\"https:\/\/icf.church\/altdorf\/de\/findeanschluss\/\">\n      Los geht&#039;s    <\/a>\n  <\/div>\n<\/div>\n\n\n<div id=\"block-42\" class=\"wp-block-yellowtree-divider-card-item flex-1 d-flex flex-column position-relative text-center py-6 py-lg-10\">\n  <div class='mb-2'>\n    <div class='d-flex flex-column align-items-center gap-2'>\n      <i class='icon fs-lg-const fa-location-smile' aria-hidden='true'><\/i>\n      <h3 class='mb-0'>\n        <span class=\"text-container\">\n          Deinen Besuch planen        <\/span>\n      <\/h3>\n    <\/div>\n  <\/div>\n  <div class='mt-auto'>\n    <a class='text-arrow-link fs-sm text-light-3' href=\"https:\/\/icf.church\/altdorf\/de\/besuchen\/\">\n      Los geht&#039;s    <\/a>\n  <\/div>\n<\/div>\n\n\n<div id=\"block-43\" class=\"wp-block-yellowtree-divider-card-item flex-1 d-flex flex-column position-relative text-center py-6 py-lg-10\">\n  <div class='mb-2'>\n    <div class='d-flex flex-column align-items-center gap-2'>\n      <i class='icon fs-lg-const fa-solid fa-signal-stream' aria-hidden='true'><\/i>\n      <h3 class='mb-0'>\n        <span class=\"text-container\">\n          Podcast        <\/span>\n      <\/h3>\n    <\/div>\n  <\/div>\n  <div class='mt-auto'>\n    <a class='text-arrow-link fs-sm text-light-3' href=\"https:\/\/youtube.com\">\n      H\u00f6re die Predigt online    <\/a>\n  <\/div>\n<\/div>\n<\/div>\n\n<p id=\"block-45\" class=\"text-start wp-block-paragraph\">\n  <\/p>","protected":false},"excerpt":{"rendered":"<p>Als ICF Altdorf ist es unsere Leidenschaft, dass Menschen Jesus Christus \u00e4hnlicher werden, furchtlos leben und ihr Umfeld positiv ver\u00e4ndern.<\/p>\n","protected":false},"author":187,"featured_media":0,"parent":0,"menu_order":0,"comment_status":"closed","ping_status":"closed","template":"","meta":{"_acf_changed":false,"_seopress_titles_title":"","_seopress_titles_desc":"","_seopress_robots_index":"","_seopress_robots_follow":"","_seopress_robots_imageindex":"","_seopress_robots_snippet":"","_seopress_robots_primary_cat":"","_seopress_robots_breadcrumbs":"","_seopress_robots_freeze_modified_date":"","_seopress_robots_custom_modified_date":"","_seopress_robots_canonical":"","_seopress_social_fb_title":"","_seopress_social_fb_desc":"","_seopress_social_fb_img":"","_seopress_social_fb_img_attachment_id":0,"_seopress_social_fb_img_width":0,"_seopress_social_fb_img_height":0,"_seopress_social_twitter_title":"","_seopress_social_twitter_desc":"","_seopress_social_twitter_img":"","_seopress_social_twitter_img_attachment_id":0,"_seopress_social_twitter_img_width":0,"_seopress_social_twitter_img_height":0,"_seopress_redirections_value":"","_seopress_redirections_enabled":"","_seopress_redirections_enabled_regex":"","_seopress_redirections_logged_status":"both","_seopress_redirections_param":"","_seopress_redirections_type":301,"_seopress_analysis_target_kw":"","_seopress_news_disabled":"","_seopress_video_disabled":"","_seopress_video":[{"url":"","title":"","desc":"","thumbnail":"","duration":"","rating":"","view_count":"","tag":""}],"_seopress_pro_schemas_manual":[],"_seopress_pro_rich_snippets_disable_all":"","_seopress_pro_rich_snippets_disable":[],"_seopress_pro_schemas":[],"yt_custom_styles_scss":"","yt_custom_styles_rounded_corners":false,"yt_custom_styles_color_scheme":"","footnotes":""},"class_list":["post-1130","page","type-page","status-publish","hentry"],"acf":[],"_links":{"self":[{"href":"https:\/\/icf.church\/altdorf\/de\/wp-json\/wp\/v2\/pages\/1130","targetHints":{"allow":["GET"]}}],"collection":[{"href":"https:\/\/icf.church\/altdorf\/de\/wp-json\/wp\/v2\/pages"}],"about":[{"href":"https:\/\/icf.church\/altdorf\/de\/wp-json\/wp\/v2\/types\/page"}],"author":[{"embeddable":true,"href":"https:\/\/icf.church\/altdorf\/de\/wp-json\/wp\/v2\/users\/187"}],"replies":[{"embeddable":true,"href":"https:\/\/icf.church\/altdorf\/de\/wp-json\/wp\/v2\/comments?post=1130"}],"version-history":[{"count":9,"href":"https:\/\/icf.church\/altdorf\/de\/wp-json\/wp\/v2\/pages\/1130\/revisions"}],"predecessor-version":[{"id":1429,"href":"https:\/\/icf.church\/altdorf\/de\/wp-json\/wp\/v2\/pages\/1130\/revisions\/1429"}],"wp:attachment":[{"href":"https:\/\/icf.church\/altdorf\/de\/wp-json\/wp\/v2\/media?parent=1130"}],"curies":[{"name":"wp","href":"https:\/\/api.w.org\/{rel}","templated":true}]}}