{"id":1159,"date":"2026-05-24T11:37:59","date_gmt":"2026-05-24T09:37:59","guid":{"rendered":"https:\/\/new.icf.church\/altdorf\/?page_id=1159"},"modified":"2026-08-02T09:34:21","modified_gmt":"2026-08-02T07:34:21","slug":"muettertreff","status":"publish","type":"page","link":"https:\/\/icf.church\/altdorf\/de\/muettertreff\/","title":{"rendered":"M\u00fcttertreff"},"content":{"rendered":"<h1 id=\"block-1\" class=\"mt-4 h1 display-1 text-start\">\n  M\u00fcttertreff<\/h1>\n\n<p id=\"block-2\" class=\"mb-4 text-start wp-block-paragraph\">\n  W\u00e4hrend die Kinder spielen, finden M\u00fctter Zeit f\u00fcr Gemeinschaft.<\/p>\n\n\n<div id=\"block-5\" class=\"mb-4 wp-block-yellowtree-hero-stage\">\n    <div class=\"hero-stage \">\n        \n\n<div id=\"block-4\" class=\"hero-stage-content\">\n    <div class=\"hero-stage-content__background\">\n        <div class=\"overlay-black-25 h-100\">\n                            <img fetchpriority=\"high\" decoding=\"async\" width=\"1707\" height=\"2560\" src=\"https:\/\/icf.church\/altdorf\/wp-content\/uploads\/sites\/136\/2026\/05\/mutter_und_kind.jpg\" class=\"hero-stage-media\" alt=\"Mutter k\u00fcsst lachendes Kind in einem Rosenbeet.\" style=\"object-position: 50% 56%;\" aria-hidden=\"true\" loading=\"eager\" srcset=\"https:\/\/icf.church\/altdorf\/wp-content\/uploads\/sites\/136\/2026\/05\/mutter_und_kind.jpg 1707w, https:\/\/icf.church\/altdorf\/wp-content\/uploads\/sites\/136\/2026\/05\/mutter_und_kind-200x300.jpg 200w, https:\/\/icf.church\/altdorf\/wp-content\/uploads\/sites\/136\/2026\/05\/mutter_und_kind-683x1024.jpg 683w, https:\/\/icf.church\/altdorf\/wp-content\/uploads\/sites\/136\/2026\/05\/mutter_und_kind-768x1152.jpg 768w, https:\/\/icf.church\/altdorf\/wp-content\/uploads\/sites\/136\/2026\/05\/mutter_und_kind-1024x1536.jpg 1024w, https:\/\/icf.church\/altdorf\/wp-content\/uploads\/sites\/136\/2026\/05\/mutter_und_kind-1366x2048.jpg 1366w\" sizes=\"(max-width: 1707px) 100vw, 1707px\" \/>                    <\/div>\n        <div class=\"hero-stage-gradient\"><\/div>\n    <\/div>\n    <div class=\"hero-stage-content__foreground is-layout-constrained\">\n        <h1 id=\"block-3\" class=\"display-1 text-center\">\n    M\u00fctter unter sich<\/h1>    <\/div>\n<\/div>\n    <\/div>\n<\/div>\n\n<div id=\"block-9\" class=\"pt-2 pb-2 alignfull is-layout-constrained\">\n  <div>\n            <div class=\"row gx-4 gy-4 \">\n          \n\n<div id=\"block-8\" class=\"col wp-block-yellowtree-column col-12 d-flex flex-column with-streched-height-children align-items-center align-items-md-center\">\n  <p id=\"block-6\" class=\"mb-7 text-center wp-block-paragraph\" style=\"margin-top:0\">\n  Jeden letzten Donnerstagvormittag im Monat (09:30 &#8211; 11:00 Uhr) treffen sich M\u00fctter im ICF Lokal, um Kaffee zu trinken, auszutauschen und gemeinsam Gott zu erleben. W\u00e4hrenddessen k\u00f6nnen die Kinder in den verschiedenen und nahen Kinderr\u00e4umen spielen.<\/p>\n\n\n  <div>\n    <a id=\"block-7\" href=\"mailto:brittli.ana@gmail.com\" rel=\"\" class=\"wp-block-yellowtree-button-link btn btn-default\">\n      <span>Kontakt aufnehmen<\/span>\n              <i class=\"icon fs-base-const fa-solid fa-envelope\" aria-hidden=\"true\"><\/i>\n          <\/a>\n  <\/div><\/div>\n        <\/div>\n          <\/div>\n<\/div>\n\n\n<div>\n  <div id=\"block-16\" class=\"mt-10 mb-10 wp-block-yellowtree-connect-social connect-social\">\n      \n\n<h2 id=\"block-10\" class=\"text-center display-2 mb-5\">\n    Stay Updated<\/h2>\n\n\n<p id=\"block-11\" class=\"text-center mb-6\">\n    Abonniere ICF Altdorf auf Social Media und verpass nichts mehr.<br>Hier erh\u00e4ltst du regelm\u00e4ssig kurze News &amp; Updates \u00fcber Angebote und Events.<\/p>\n\n\n<div id=\"block-15\" class=\"wp-block-yellowtree-connect-social-links d-flex gap-1 gap-md-5 justify-content-center\">\n  <html><body>\n\n<a id=\"block-12\" href=\"https:\/\/instagram.com\/icfaltdorf\/\" target=\"_blank\" data-variation=\"instagram\" class=\"wp-block-yellowtree-connect-social-link btn\" aria-label=\"Instagram Link\">\n  <i class=\"icon connect-social-icon fs-md-lg-const fs-h3-const fa-brands fa-instagram\" aria-hidden=\"true\"><\/i>\n<\/a>\n\n\n\n\n\n<a id=\"block-14\" href=\"https:\/\/youtube.com\/@icfstartupaltdorf8507\" target=\"_blank\" data-variation=\"youtube\" class=\"wp-block-yellowtree-connect-social-link btn\" aria-label=\"Youtube Link\">\n  <i class=\"icon connect-social-icon fs-md-lg-const fs-h3-const fa-brands fa-youtube\" aria-hidden=\"true\"><\/i>\n<\/a>\n<\/body><\/html><\/div>\n  <\/div>\n<\/div>\n\n\n\n<div id=\"block-20\" data-bs-theme=\"dark\" class=\"wp-block-yellowtree-divider-card card d-flex flex-column flex-lg-row py-6 py-lg-0\">\n  \n\n<div id=\"block-17\" class=\"wp-block-yellowtree-divider-card-item flex-1 d-flex flex-column position-relative text-center py-6 py-lg-10\">\n  <div class='mb-2'>\n    <div class='d-flex flex-column align-items-center gap-2'>\n      <i class='icon fs-lg-const fa-solid fa-users' aria-hidden='true'><\/i>\n      <h3 class='mb-0'>\n        <span class=\"text-container\">\n          Anschluss finden        <\/span>\n      <\/h3>\n    <\/div>\n  <\/div>\n  <div class='mt-auto'>\n    <a class='text-arrow-link fs-sm text-light-3' href=\"https:\/\/icf.church\/altdorf\/de\/findeanschluss\/\">\n      Los geht&#039;s    <\/a>\n  <\/div>\n<\/div>\n\n\n<div id=\"block-18\" class=\"wp-block-yellowtree-divider-card-item flex-1 d-flex flex-column position-relative text-center py-6 py-lg-10\">\n  <div class='mb-2'>\n    <div class='d-flex flex-column align-items-center gap-2'>\n      <i class='icon fs-lg-const fa-solid fa-location-dot' aria-hidden='true'><\/i>\n      <h3 class='mb-0'>\n        <span class=\"text-container\">\n          Deinen Besuch planen        <\/span>\n      <\/h3>\n    <\/div>\n  <\/div>\n  <div class='mt-auto'>\n    <a class='text-arrow-link fs-sm text-light-3' href=\"https:\/\/icf.church\/altdorf\/de\/besuchen\/\">\n      Los geht&#039;s    <\/a>\n  <\/div>\n<\/div>\n\n\n<div id=\"block-19\" class=\"wp-block-yellowtree-divider-card-item flex-1 d-flex flex-column position-relative text-center py-6 py-lg-10\">\n  <div class='mb-2'>\n    <div class='d-flex flex-column align-items-center gap-2'>\n      <i class='icon fs-lg-const fa-solid fa-handshake' aria-hidden='true'><\/i>\n      <h3 class='mb-0'>\n        <span class=\"text-container\">\n          Angebote entdecken        <\/span>\n      <\/h3>\n    <\/div>\n  <\/div>\n  <div class='mt-auto'>\n    <a class='text-arrow-link fs-sm text-light-3' href=\"https:\/\/icf.church\/altdorf\/de\/angebote\/\" target=\"_blank\">\n      Los geht&#039;s    <\/a>\n  <\/div>\n<\/div>\n<\/div>\n\n<p id=\"block-21\" class=\"text-start wp-block-paragraph\">\n  <\/p>","protected":false},"excerpt":{"rendered":"<p>Jeden letzten Donnerstagvormittag im Monat (09:30 &#8211; 11:00 Uhr) treffen sich M\u00fctter im ICF Lokal, um Kaffee zu trinken, auszutauschen und gemeinsam Gott zu erleben. W\u00e4hrenddessen k\u00f6nnen die Kinder in den verschiedenen und nahen Kinderr\u00e4umen spielen.<\/p>\n","protected":false},"author":187,"featured_media":1116,"parent":0,"menu_order":1,"comment_status":"closed","ping_status":"closed","template":"","meta":{"_acf_changed":false,"_seopress_titles_title":"","_seopress_titles_desc":"","_seopress_robots_index":"","_seopress_robots_follow":"","_seopress_robots_imageindex":"","_seopress_robots_snippet":"","_seopress_robots_primary_cat":"","_seopress_robots_breadcrumbs":"","_seopress_robots_freeze_modified_date":"","_seopress_robots_custom_modified_date":"","_seopress_robots_canonical":"","_seopress_social_fb_title":"","_seopress_social_fb_desc":"","_seopress_social_fb_img":"","_seopress_social_fb_img_attachment_id":0,"_seopress_social_fb_img_width":0,"_seopress_social_fb_img_height":0,"_seopress_social_twitter_title":"","_seopress_social_twitter_desc":"","_seopress_social_twitter_img":"","_seopress_social_twitter_img_attachment_id":0,"_seopress_social_twitter_img_width":0,"_seopress_social_twitter_img_height":0,"_seopress_redirections_value":"","_seopress_redirections_enabled":"","_seopress_redirections_enabled_regex":"","_seopress_redirections_logged_status":"both","_seopress_redirections_param":"","_seopress_redirections_type":301,"_seopress_analysis_target_kw":"","_seopress_news_disabled":"","_seopress_video_disabled":"","_seopress_video":[{"url":"","title":"","desc":"","thumbnail":"","duration":"","rating":"","view_count":"","tag":""}],"_seopress_pro_schemas_manual":[],"_seopress_pro_rich_snippets_disable_all":"","_seopress_pro_rich_snippets_disable":[],"_seopress_pro_schemas":[],"yt_custom_styles_scss":"","yt_custom_styles_rounded_corners":false,"yt_custom_styles_color_scheme":"","footnotes":""},"class_list":["post-1159","page","type-page","status-publish","has-post-thumbnail","hentry"],"acf":[],"_links":{"self":[{"href":"https:\/\/icf.church\/altdorf\/de\/wp-json\/wp\/v2\/pages\/1159","targetHints":{"allow":["GET"]}}],"collection":[{"href":"https:\/\/icf.church\/altdorf\/de\/wp-json\/wp\/v2\/pages"}],"about":[{"href":"https:\/\/icf.church\/altdorf\/de\/wp-json\/wp\/v2\/types\/page"}],"author":[{"embeddable":true,"href":"https:\/\/icf.church\/altdorf\/de\/wp-json\/wp\/v2\/users\/187"}],"replies":[{"embeddable":true,"href":"https:\/\/icf.church\/altdorf\/de\/wp-json\/wp\/v2\/comments?post=1159"}],"version-history":[{"count":4,"href":"https:\/\/icf.church\/altdorf\/de\/wp-json\/wp\/v2\/pages\/1159\/revisions"}],"predecessor-version":[{"id":1375,"href":"https:\/\/icf.church\/altdorf\/de\/wp-json\/wp\/v2\/pages\/1159\/revisions\/1375"}],"wp:featuredmedia":[{"embeddable":true,"href":"https:\/\/icf.church\/altdorf\/de\/wp-json\/wp\/v2\/media\/1116"}],"wp:attachment":[{"href":"https:\/\/icf.church\/altdorf\/de\/wp-json\/wp\/v2\/media?parent=1159"}],"curies":[{"name":"wp","href":"https:\/\/api.w.org\/{rel}","templated":true}]}}