{"id":1225,"date":"2026-06-04T12:12:12","date_gmt":"2026-06-04T10:12:12","guid":{"rendered":"https:\/\/new.icf.church\/altdorf\/?page_id=1225"},"modified":"2026-08-22T13:02:07","modified_gmt":"2026-08-22T11:02:07","slug":"presse","status":"publish","type":"page","link":"https:\/\/icf.church\/altdorf\/de\/presse\/","title":{"rendered":"Presse"},"content":{"rendered":"<h1 id=\"block-1\" class=\"mt-4 h1 display-1 text-start\" style=\"margin-bottom:0\">\n  Presse<\/h1>\n\n<p id=\"block-2\" class=\"mb-4 text-start wp-block-paragraph\">\n  Immer aktuell mit den neusten Presseberichten<\/p>\n\n\n<div id=\"block-3\" data-wp-interactive=\"yellowtreePostList\" data-wp-watch=\"callbacks.updateQueryParams\" data-wp-on-window--popstate=\"callbacks.historyChange\" class=\"wp-block-yellowtree-post-list\" data-wp-context='yellowtreePostList::{\"posts\":[{\"id\":1448,\"title\":\"40 Jahr Jubil\\u00e4um\",\"excerpt\":\"Mit Spiel, Musik und Tiefgang: Am 28. Juni feiert das ICF Altdorf sein 40-j\\u00e4hriges Bestehen mit einem vielf\\u00e4ltigen Programm f\\u00fcr die ganze Familie \\u2013 inklusive Podiumsgespr\\u00e4ch, Live-Konzert und Festgottesdienst.\",\"url\":\"https:\\\/\\\/icf.church\\\/altdorf\\\/de\\\/40-jahr-jubilaeum\\\/\",\"date\":\"22. Aug. 2026\",\"imageUrl\":\"https:\\\/\\\/icf.church\\\/altdorf\\\/wp-content\\\/uploads\\\/sites\\\/136\\\/2026\\\/06\\\/40-jahre-jubilaeum-1024x576.jpg\",\"imageAlt\":\"\",\"page\":1,\"categories\":[{\"id\":1,\"name\":\"Example Category\"},{\"id\":17,\"name\":\"Zeitungsbericht\"}],\"readingTime\":\"1 Min\"},{\"id\":1444,\"title\":\"Second Hand\",\"excerpt\":\"Am 31. August l\\u00e4dt die Freikirche ICF zu einem besonderen Flohmarkt ein. Kleidung und Accessoires werden nach dem Motto \\u201eZahle, was du m\\u00f6chtest\\u201c verkauft \\u2013 der Erl\\u00f6s unterst\\u00fctzt ein soziales Hotelprojekt in Andermatt.\",\"url\":\"https:\\\/\\\/icf.church\\\/altdorf\\\/de\\\/second-hand\\\/\",\"date\":\"22. Aug. 2026\",\"imageUrl\":\"https:\\\/\\\/icf.church\\\/altdorf\\\/wp-content\\\/uploads\\\/sites\\\/136\\\/2026\\\/06\\\/presse_second_hand.jpg\",\"imageAlt\":\"\",\"page\":1,\"categories\":[{\"id\":1,\"name\":\"Example Category\"},{\"id\":17,\"name\":\"Zeitungsbericht\"}],\"readingTime\":\"1 Min\"},{\"id\":1440,\"title\":\"Grand Opening\",\"excerpt\":\"05. M\\u00e4rz 2023: Die evangelische Freikirche ICF Altdorf lud zum gro\\u00dfen \\u201eGrand Opening\\u201c ein \\u2013 und rund 200 Besucher kamen, um das f\\u00fcnfj\\u00e4hrige Bestehen mit Musik, Gemeinschaft und R\\u00fcckblicken auf 38 Jahre Geschichte zu feiern.\",\"url\":\"https:\\\/\\\/icf.church\\\/altdorf\\\/de\\\/grand-opening\\\/\",\"date\":\"22. Aug. 2026\",\"imageUrl\":\"https:\\\/\\\/icf.church\\\/altdorf\\\/wp-content\\\/uploads\\\/sites\\\/136\\\/2026\\\/06\\\/presse_grand_opening-1024x739.jpeg\",\"imageAlt\":\"\",\"page\":1,\"categories\":[{\"id\":1,\"name\":\"Example Category\"},{\"id\":17,\"name\":\"Zeitungsbericht\"}],\"readingTime\":\"1 Min\"},{\"id\":1430,\"title\":\"ICF in Altdorf\",\"excerpt\":\"23. Februar 2019: Die ehemalige Freie Christliche Gemeinde Uri hat sich dem ICF Movement angeschlossen und mit Pastor Alan Cereghetti einen Neuanfang gewagt. Seit Januar werden regelm\\u00e4\\u00dfige Gottesdienste gefeiert \\u2013 mit einer modernen Aufmachung, aber im Geist der bestehenden Gemeinschaft.\",\"url\":\"https:\\\/\\\/icf.church\\\/altdorf\\\/de\\\/icf-in-altdorf\\\/\",\"date\":\"22. Aug. 2026\",\"imageUrl\":\"https:\\\/\\\/icf.church\\\/altdorf\\\/wp-content\\\/uploads\\\/sites\\\/136\\\/2026\\\/06\\\/presse_icf-in-altdorf.jpg\",\"imageAlt\":\"\",\"page\":1,\"categories\":[{\"id\":1,\"name\":\"Example Category\"},{\"id\":17,\"name\":\"Zeitungsbericht\"}],\"readingTime\":\"1 Min\"}],\"showMoreButton\":true,\"currentPage\":1,\"totalPages\":1,\"displayPagesLimit\":1,\"category\":-1}'>\n  \n<div class=\"d-flex align-items-end\">\n        <div class=\"filter-tags d-md-flex d-none\">\n                <input \n            class=\"btn-check\" \n            type=\"radio\" \n            name=\"category\" \n            id=\"category-filter--1\" \n            value=\"-1\"\n            data-wp-bind--checked=\"state.isCategoryActive\"\n            data-wp-on--change=\"actions.changeCategory\"\n        \/>\n        <label class=\"btn filter-tag-button is-default\" for=\"category-filter--1\">Alle Kategorien<\/label>\n                <input \n            class=\"btn-check\" \n            type=\"radio\" \n            name=\"category\" \n            id=\"category-filter-17\" \n            value=\"17\"\n            data-wp-bind--checked=\"state.isCategoryActive\"\n            data-wp-on--change=\"actions.changeCategory\"\n        \/>\n        <label class=\"btn filter-tag-button is-default\" for=\"category-filter-17\">Zeitungsbericht<\/label>\n            <\/div>\n    <div class=\"d-md-none\">\n        <select class=\"form-select form-select--category\" data-wp-on--change=\"actions.changeCategory\">\n                        <option value=\"-1\" selected>Alle Kategorien<\/option>\n                        <option value=\"17\" >Zeitungsbericht<\/option>\n                    <\/select>\n    <\/div>\n        <\/div>  <div class=\"mt-5\">\n    <ul class=\"grid events-list-hits z-0 list-unstyled\">\n      <template data-wp-each--post=\"state.postList\" data-wp-each-key=\"context.post.id\">\n        <div class=\"g-col g-col-12 g-col-md-6 g-col-lg-4\">\n          <li class=\"h-100\">\n            \n<article\n    data-bs-theme=\"dark\"\n    class=\"card h-100\"\n>\n    <div class=\"card-tags card-tags--float\">\n        <template data-wp-each=\"context.post.categories\">\n            <div class=\"badge text-bg-black\" data-wp-text=\"context.item.name\"><\/div>\n        <\/template>\n    <\/div>\n    <img\n        data-wp-bind--src=\"context.post.imageUrl\"\n        data-wp-bind--alt=\"context.post.imageAlt\"\n        data-wp-bind--hidden=\"!context.post.imageUrl\"\n        class=\"card-img-top\"\n        draggable=\"false\"\n    \/>\n    <div class=\"card-img-top-placeholder\" data-wp-bind--hidden=\"context.post.imageUrl\"><\/div>\n    <div class=\"card-body\">\n        <div class=\"card-meta flex-wrap\">\n            <div class=\"card-meta-tag\">\n                <i class=\"icon fa-calendar-days\"><\/i>\n                <span data-wp-text=\"context.post.date\"><\/span>\n            <\/div>\n            <div class=\"card-meta-tag\" data-wp-bind--hidden=\"!context.post.readingTime\">\n                <i class=\"icon fa-timer\"><\/i>\n                <span data-wp-text=\"context.post.readingTime\"><\/span>\n            <\/div>\n        <\/div>\n        <h3 class=\"card-title truncate-lines-2 mt-3\" data-wp-text=\"context.post.title\"><\/h3>\n        <p class=\"card-text truncate-lines-2\" data-wp-text=\"context.post.excerpt\"><\/p>\n        <div class=\"card-buttons flex-column w-fit-content\">\n            <a  data-wp-bind--href=\"context.post.url\" \n                class=\"btn btn-sm btn-dark-1 card-stretched-link\"\n            >\n                <span>Weiterlesen<\/span>\n                <i class=\"icon fs-base-const fa-arrow-right ms-auto\"><\/i>\n            <\/a>\n        <\/div>\n    <\/div>\n<\/article>\n          <\/li>\n        <\/div>\n      <\/template>\n    <\/ul>\n\n    <div data-wp-bind--hidden=\"!state.isLoading\" hidden>\n      <div class=\"d-flex justify-content-center my-5\">\n        <div class=\"spinner-border\" role=\"status\">\n          <span class=\"visually-hidden\">Laden&#8230;<\/span>\n        <\/div>\n      <\/div>\n    <\/div>\n\n    <div data-wp-bind--hidden=\"!state.showNoResults\" hidden>\n      \n    <div\n      style=\"padding-left: 15%; padding-right: 15%;\"\n      class=\"d-flex flex-column justify-content text-center pt-4 pb-6\"\n    >\n      <h3 class=\"display-3\">\n        Keine Beitr\u00e4ge gefunden      <\/h3>\n      <!--\n      <p style=\"padding-left: 20%; padding-right: 20%;\">\n              <\/p>\n      -->\n    <\/div>\n\n    <\/div>\n\n    <div data-wp-bind--hidden=\"!state.hasError\" hidden>\n      \n    <div\n      style=\"padding-left: 15%; padding-right: 15%;\"\n      class=\"d-flex flex-column justify-content text-center\"\n    >\n      <p class=\"opacity-50\">\n        Es konnten keine Beitr\u00e4ge geladen werden. Versuche es sp\u00e4ter erneut.      <\/p>\n      <!--\n      <p style=\"padding-left: 20%; padding-right: 20%;\">\n              <\/p>\n      -->\n    <\/div>\n\n    <\/div>\n    \n    <div class=\"mt-5 text-center\">\n    <button data-wp-on--click=\"actions.onLoadMore\" class=\"btn btn-default\" hidden data-wp-bind--hidden=\"!state.showMoreButton\">\n        Mehr anzeigen      <\/button>\n    <\/div>\n    \n\n    <nav hidden aria-label=\"Page navigation\" class=\"visually-hidden\" data-wp-bind--hidden=\"!state.showPagination\">\n      <ul>\n        <template data-wp-each--number=\"state.pageNumbers\">\n          <li>\n            <a data-wp-bind--href=\"state.pageNumber\" data-wp-text=\"context.number\" tabindex=\"-1\"><\/a>\n          <\/li>\n        <\/template>\n      <\/ul>\n    <\/nav>\n  <\/div>\n<\/div>\n\n<div id=\"block-7\" class=\"alignfull is-layout-constrained\">\n  <swiper-container init=\"false\" data-yt-template=\"3-col\" data-yt-pagination=\"true\" data-yt-navigation=\"false\" class=\"has-full-height-slides \" >\n          <swiper-slide><article id=\"block-6\" data-bs-theme=\"dark\" class=\"wp-block-yellowtree-card card has-context-height\" style=\"--card-img-position:50% 50%\">\n        <img decoding=\"async\" width=\"1024\" height=\"732\" src=\"https:\/\/icf.church\/altdorf\/wp-content\/uploads\/sites\/136\/2026\/06\/sommergottesdienst-1024x732.jpg\" class=\"card-img-top\" alt=\"\" draggable=\"false\" loading=\"lazy\" srcset=\"https:\/\/icf.church\/altdorf\/wp-content\/uploads\/sites\/136\/2026\/06\/sommergottesdienst-1024x732.jpg 1024w, https:\/\/icf.church\/altdorf\/wp-content\/uploads\/sites\/136\/2026\/06\/sommergottesdienst-300x214.jpg 300w, https:\/\/icf.church\/altdorf\/wp-content\/uploads\/sites\/136\/2026\/06\/sommergottesdienst-768x549.jpg 768w, https:\/\/icf.church\/altdorf\/wp-content\/uploads\/sites\/136\/2026\/06\/sommergottesdienst-1536x1097.jpg 1536w, https:\/\/icf.church\/altdorf\/wp-content\/uploads\/sites\/136\/2026\/06\/sommergottesdienst-2048x1463.jpg 2048w\" sizes=\"(max-width: 1024px) 100vw, 1024px\">    <div class=\"card-body\">\n    <h3 class=\"card-title\">Sommergottesdienste als Erfolgsmodell<\/h3>\n    <p class=\"card-text\">10. Mai 2026<br>Vier Menschen, viel Herzblut und \u00fcberraschende Begegnungen: Alan Cereghetti erz\u00e4hlt, wie die Allianz Uri Br\u00fccken baut \u2013 zwischen Freikirchen, der katholischen Kirche und sogar mitten im Tiefschnee der Armee. Warum ein 10-Kilometer-Marsch alles ver\u00e4nderte und gemeinsame Sommergottesdienste neue Dynamik brachten.<\/p>\n    <div id=\"block-5\" class=\"wp-block-yellowtree-card-buttons card-buttons\">\n  \n\n  <div>\n    <a id=\"block-4\" href=\"https:\/\/www.livenet.ch\/kirche_und_gemeindebau\/81943_sommergottesdienste_als_erfolgsmodell_in_uri\" target=\"_blank\" class=\"wp-block-yellowtree-card-button btn btn-sm btn-secondary\">\n      <span>Mehr erfahren<\/span>\n              <i class=\"icon fs-base-const fa-arrow-right\" aria-hidden=\"true\"><\/i>\n          <\/a>\n  <\/div>\n\n<\/div>  <\/div>\n<\/article><\/swiper-slide>\n      <\/swiper-container>\n<\/div>\n\n<div id=\"block-13\" class=\"pt-4 pb-4 alignfull is-layout-constrained\">\n  <div>\n            <div class=\"row gx-4 gy-4 \">\n          \n\n<div id=\"block-12\" class=\"col wp-block-yellowtree-column col-12 d-flex flex-column with-streched-height-children align-items-stretch align-items-md-stretch\">\n  <div id=\"block-11\" data-bs-theme=\"dark\" class=\"wp-block-yellowtree-divider-card card d-flex flex-column flex-lg-row py-6 py-lg-0\">\n  \n\n<div id=\"block-8\" class=\"wp-block-yellowtree-divider-card-item flex-1 d-flex flex-column position-relative text-center py-6 py-lg-10\">\n  <div class=\"mb-2\">\n    <div class=\"d-flex flex-column align-items-center gap-2\">\n      <i class=\"icon fs-lg-const fa-solid fa-person-walking\" aria-hidden=\"true\"><\/i>\n      <h3 class=\"mb-0\">\n        <span class=\"text-container\">\n          Besuch uns        <\/span>\n      <\/h3>\n    <\/div>\n  <\/div>\n  <div class=\"mt-auto\">\n    <a class=\"text-arrow-link fs-sm text-light-3\" href=\"https:\/\/icf.church\/altdorf\/de\/besuchen\/\">\n      Besuch eine Celebration    <\/a>\n  <\/div>\n<\/div>\n\n\n<div id=\"block-9\" class=\"wp-block-yellowtree-divider-card-item flex-1 d-flex flex-column position-relative text-center py-6 py-lg-10\">\n  <div class=\"mb-2\">\n    <div class=\"d-flex flex-column align-items-center gap-2\">\n      <i class=\"icon fs-lg-const fa-solid fa-user-group\" aria-hidden=\"true\"><\/i>\n      <h3 class=\"mb-0\">\n        <span class=\"text-container\">\n          Finde Anschluss        <\/span>\n      <\/h3>\n    <\/div>\n  <\/div>\n  <div class=\"mt-auto\">\n    <a class=\"text-arrow-link fs-sm text-light-3\" href=\"https:\/\/icf.church\/altdorf\/de\/findeanschluss\/\">\n      Get connected    <\/a>\n  <\/div>\n<\/div>\n\n\n<div id=\"block-10\" class=\"wp-block-yellowtree-divider-card-item flex-1 d-flex flex-column position-relative text-center py-6 py-lg-10\">\n  <div class=\"mb-2\">\n    <div class=\"d-flex flex-column align-items-center gap-2\">\n      <i class=\"icon fs-lg-const fa-solid fa-comments\" aria-hidden=\"true\"><\/i>\n      <h3 class=\"mb-0\">\n        <span class=\"text-container\">\n          Stell deine Frage        <\/span>\n      <\/h3>\n    <\/div>\n  <\/div>\n  <div class=\"mt-auto\">\n    <a class=\"text-arrow-link fs-sm text-light-3\" href=\"mailto:info@icf-altdorf.ch\">\n      Schreib uns    <\/a>\n  <\/div>\n<\/div>\n<\/div><\/div>\n        <\/div>\n          <\/div>\n<\/div>","protected":false},"excerpt":{"rendered":"<p>Finde Angebote und Events, um deinen Glauben und deine Liebe zu Gott zu st\u00e4rken, praktische Unterst\u00fctzung zu erhalten, neue Kontakte zu kn\u00fcpfen und Freundschaften zu vertiefen.<\/p>\n","protected":false},"author":187,"featured_media":1226,"parent":0,"menu_order":5,"comment_status":"closed","ping_status":"closed","template":"","meta":{"_acf_changed":false,"_seopress_titles_title":"","_seopress_titles_desc":"","_seopress_robots_index":"","_seopress_robots_follow":"","_seopress_robots_imageindex":"","_seopress_robots_snippet":"","_seopress_robots_primary_cat":"","_seopress_robots_breadcrumbs":"","_seopress_robots_freeze_modified_date":"","_seopress_robots_custom_modified_date":"","_seopress_robots_canonical":"","_seopress_social_fb_title":"","_seopress_social_fb_desc":"","_seopress_social_fb_img":"","_seopress_social_fb_img_attachment_id":0,"_seopress_social_fb_img_width":0,"_seopress_social_fb_img_height":0,"_seopress_social_twitter_title":"","_seopress_social_twitter_desc":"","_seopress_social_twitter_img":"","_seopress_social_twitter_img_attachment_id":0,"_seopress_social_twitter_img_width":0,"_seopress_social_twitter_img_height":0,"_seopress_redirections_value":"","_seopress_redirections_enabled":"","_seopress_redirections_enabled_regex":"","_seopress_redirections_logged_status":"both","_seopress_redirections_param":"","_seopress_redirections_type":301,"_seopress_analysis_target_kw":"","_seopress_news_disabled":"","_seopress_video_disabled":"","_seopress_video":[{"url":"","title":"","desc":"","thumbnail":"","duration":"","rating":"","view_count":"","tag":""}],"_seopress_pro_schemas_manual":[],"_seopress_pro_rich_snippets_disable_all":"","_seopress_pro_rich_snippets_disable":[],"_seopress_pro_schemas":[],"yt_custom_styles_scss":"","yt_custom_styles_rounded_corners":false,"yt_custom_styles_color_scheme":"","footnotes":""},"class_list":["post-1225","page","type-page","status-publish","has-post-thumbnail","hentry"],"acf":[],"_links":{"self":[{"href":"https:\/\/icf.church\/altdorf\/de\/wp-json\/wp\/v2\/pages\/1225","targetHints":{"allow":["GET"]}}],"collection":[{"href":"https:\/\/icf.church\/altdorf\/de\/wp-json\/wp\/v2\/pages"}],"about":[{"href":"https:\/\/icf.church\/altdorf\/de\/wp-json\/wp\/v2\/types\/page"}],"author":[{"embeddable":true,"href":"https:\/\/icf.church\/altdorf\/de\/wp-json\/wp\/v2\/users\/187"}],"replies":[{"embeddable":true,"href":"https:\/\/icf.church\/altdorf\/de\/wp-json\/wp\/v2\/comments?post=1225"}],"version-history":[{"count":6,"href":"https:\/\/icf.church\/altdorf\/de\/wp-json\/wp\/v2\/pages\/1225\/revisions"}],"predecessor-version":[{"id":1460,"href":"https:\/\/icf.church\/altdorf\/de\/wp-json\/wp\/v2\/pages\/1225\/revisions\/1460"}],"wp:featuredmedia":[{"embeddable":true,"href":"https:\/\/icf.church\/altdorf\/de\/wp-json\/wp\/v2\/media\/1226"}],"wp:attachment":[{"href":"https:\/\/icf.church\/altdorf\/de\/wp-json\/wp\/v2\/media?parent=1225"}],"curies":[{"name":"wp","href":"https:\/\/api.w.org\/{rel}","templated":true}]}}