{"id":1366,"date":"2026-08-29T13:58:53","date_gmt":"2026-08-29T11:58:53","guid":{"rendered":"https:\/\/new.icf.church\/bulle\/privacy-policy-2\/"},"modified":"2026-08-29T18:32:27","modified_gmt":"2026-08-29T16:32:27","slug":"politique-confidentialite","status":"publish","type":"page","link":"https:\/\/icf.church\/bulle\/fr\/politique-confidentialite\/","title":{"rendered":"D\u00e9claration de confidentialit\u00e9"},"content":{"rendered":"<div id=\"block-3\" class=\"pt-6 pb-4 alignfull is-layout-constrained\">\n  <div>\n            <div class=\"row gx-4 gy-4 \">\n          \n\n<div id=\"block-2\" class=\"col wp-block-yellowtree-column col-12 d-flex flex-column with-streched-height-children align-items-stretch align-items-md-stretch\">\n  <h1 id=\"block-1\" class=\"h1 display-1 text-start\">\n  Politique de confidentialit\u00e9<\/h1><\/div>\n        <\/div>\n          <\/div>\n<\/div>\n\n<div id=\"block-19\" class=\"pt-4 pb-4 alignfull is-layout-constrained\">\n  <div>\n            <div class=\"row gx-4 gy-4 \">\n          \n\n<div id=\"block-18\" class=\"col wp-block-yellowtree-column col-12 d-flex flex-column with-streched-height-children align-items-stretch align-items-md-stretch\">\n  <h2 id=\"block-4\" class=\"h2 display-2 text-start\">\n  Contenu<\/h2>\n\n<p id=\"block-5\" class=\"fs-base text-start wp-block-paragraph\">\n  1. <strong class=\"myprefix-text-bold\"><a href=\"#einleitung\" data-type=\"internal\" data-id=\"#einleitung\">Introduction &amp; responsable<\/a><\/strong><\/p>\n\n\n<ul class=\"wp-block-list\">\n<li>Introduction et responsable<\/li>\n\n\n\n<li>Exploitant du site web<\/li>\n\n\n\n<li>Responsable du contenu et du traitement des donn\u00e9es<\/li>\n\n\n\n<li>D\u00e9l\u00e9gu\u00e9 \u00e0 la protection des donn\u00e9es<\/li>\n\n\n\n<li>Qui est le mouvement ICF&nbsp;?<\/li>\n\n\n\n<li>Base juridique<\/li>\n<\/ul>\n\n\n<p id=\"block-6\" class=\"text-start wp-block-paragraph\">\n  <strong class=\"myprefix-text-bold\">2. <a href=\"#datenverarbeitung\" data-type=\"internal\" data-id=\"#datenverarbeitung\">Principes du traitement des donn\u00e9es<\/a><\/strong><\/p>\n\n\n<ul class=\"wp-block-list\">\n<li>\u2705 Transparence<\/li>\n\n\n\n<li>\ud83c\udfaf Limitation des finalit\u00e9s<\/li>\n\n\n\n<li>\u2796 Minimisation des donn\u00e9es<\/li>\n\n\n\n<li>\ud83d\udd10 S\u00e9curit\u00e9<\/li>\n\n\n\n<li>\ud83d\udd50 Limitation de la dur\u00e9e de conservation<\/li>\n\n\n\n<li>\ud83c\udf0d Conformit\u00e9 l\u00e9gale<\/li>\n<\/ul>\n\n\n<p id=\"block-7\" class=\"text-start wp-block-paragraph\">\n  3. <a href=\"#erhebung\" data-type=\"internal\" data-id=\"#erhebung\"><strong class=\"myprefix-text-bold\">Collecte et utilisation des donn\u00e9es personnelles<\/strong><\/a><\/p>\n\n\n<ul class=\"wp-block-list\">\n<li>\ud83d\udcec Contact et formulaires<\/li>\n\n\n\n<li>\ud83d\udc8c Newsletter et communications<\/li>\n\n\n\n<li>\ud83d\udcc8 Utilisation et suivi du site web<\/li>\n\n\n\n<li>\ud83d\udcbb Journaux du serveur et s\u00e9curit\u00e9 informatique<\/li>\n<\/ul>\n\n\n<p id=\"block-8\" class=\"text-start wp-block-paragraph\">\n  <strong class=\"myprefix-text-bold\">4. <a href=\"#cookies\" data-type=\"internal\" data-id=\"#cookies\">Utilisation des cookies et des technologies de suivi<\/a><\/strong><\/p>\n\n\n<ul class=\"wp-block-list\">\n<li>\ud83c\udf6a Que sont les cookies&nbsp;?<\/li>\n\n\n\n<li>\ud83c\udf6a Gestion du consentement (CookieHub)<\/li>\n\n\n\n<li>\u2699\ufe0f Cookies bas\u00e9s sur le consentement<\/li>\n\n\n\n<li>\ud83d\udee0 Gestion via Google Tag Manager<\/li>\n<\/ul>\n\n\n<p id=\"block-9\" class=\"text-start wp-block-paragraph\">\n  <strong class=\"myprefix-text-bold\">5. <a href=\"#tools\" data-type=\"internal\" data-id=\"#tools\">Outils et fournisseurs tiers utilis\u00e9s<\/a><\/strong><\/p>\n\n\n<ul class=\"wp-block-list\">\n<li>\ud83d\udcc8 Outils d&rsquo;analyse et de performance<\/li>\n\n\n\n<li>\ud83d\udccb Formulaires, newsletters et communication<\/li>\n\n\n\n<li>\ud83c\udfa5 Int\u00e9gration m\u00e9dia<\/li>\n\n\n\n<li>\u2699\ufe0f Autres outils<\/li>\n<\/ul>\n\n\n<p id=\"block-10\" class=\"text-start wp-block-paragraph\">\n  <strong class=\"myprefix-text-bold\">6. <a href=\"#deinerechte\" data-type=\"internal\" data-id=\"#deinerechte\">Vos droits<\/a><\/strong><\/p>\n\n\n<ul class=\"wp-block-list\">\n<li>\ud83d\udccb Droit \u00e0 l&rsquo;information<\/li>\n\n\n\n<li>\u270f\ufe0f Droit de rectification<\/li>\n\n\n\n<li>\u274c Droit \u00e0 l&rsquo;effacement<\/li>\n\n\n\n<li>\ud83e\uddef Droit \u00e0 la limitation du traitement<\/li>\n\n\n\n<li>\ud83d\udeab Droit d&rsquo;opposition<\/li>\n\n\n\n<li>\ud83d\udce4 Droit \u00e0 la portabilit\u00e9 des donn\u00e9es<\/li>\n\n\n\n<li>\ud83d\uded1 Droit de retirer son consentement<\/li>\n\n\n\n<li>\ud83e\uddd1\u200d\u2696\ufe0f Droit d&rsquo;introduire une r\u00e9clamation aupr\u00e8s d&rsquo;une autorit\u00e9 de contr\u00f4le<\/li>\n<\/ul>\n\n\n<p id=\"block-11\" class=\"text-start wp-block-paragraph\">\n  <strong class=\"myprefix-text-bold\">7. <a href=\"#datenweitergabe\" data-type=\"internal\" data-id=\"#datenweitergabe\">Transfert de donn\u00e9es et traitement des commandes<\/a><\/strong><\/p>\n\n\n<ul class=\"wp-block-list\">\n<li>\ud83e\udd1d Collaboration avec des prestataires de services (traitement des donn\u00e9es)<\/li>\n\n\n\n<li>\ud83c\udf0d Transfert vers des pays tiers<\/li>\n<\/ul>\n\n\n<p id=\"block-12\" class=\"text-start wp-block-paragraph\">\n  <strong class=\"myprefix-text-bold\">8. <a href=\"#speicherdauer\" data-type=\"internal\" data-id=\"#speicherdauer\">P\u00e9riode de stockage<\/a><\/strong><\/p>\n\n\n<ul class=\"wp-block-list\">\n<li>\ud83d\udd04 Allgemeine Grunds\u00e4tze<\/li>\n\n\n\n<li>\ud83d\udd04 Principes g\u00e9n\u00e9raux<\/li>\n\n\n\n<li>\ud83d\udccc Qu&rsquo;est-ce que cela signifie pour vous\u00a0?<\/li>\n<\/ul>\n\n\n<p id=\"block-13\" class=\"text-start wp-block-paragraph\">\n  <strong class=\"myprefix-text-bold\">9. <a href=\"#daten\u00fcbermittlung\" data-type=\"internal\" data-id=\"#daten\u00fcbermittlung\">Transfert de donn\u00e9es international<\/a><\/strong><\/p>\n\n\n<ul class=\"wp-block-list\">\n<li>\ud83c\udf0d Qu&rsquo;est-ce que cela signifie exactement&nbsp;?<\/li>\n\n\n\n<li>\ud83c\uddfa\ud83c\uddf8 Exemple&nbsp;: \u00c9tats-Unis<\/li>\n<\/ul>\n\n\n<p id=\"block-14\" class=\"text-start wp-block-paragraph\">\n  <strong class=\"myprefix-text-bold\">10. <a href=\"#sicherheit\" data-type=\"internal\" data-id=\"#sicherheit\">S\u00e9curit\u00e9<\/a><\/strong><\/p>\n\n\n<ul class=\"wp-block-list\">\n<li>\ud83d\udd10 Mesures techniques et organisationnelles<\/li>\n\n\n\n<li>\ud83d\udee1\ufe0f Ce qu&rsquo;il faut savoir<\/li>\n<\/ul>\n\n\n<p id=\"block-15\" class=\"text-start wp-block-paragraph\">\n  <strong class=\"myprefix-text-bold\">11. <a href=\"#rechtsgrundlagen\" data-type=\"internal\" data-id=\"#rechtsgrundlagen\">Base juridique du traitement des donn\u00e9es et \u00e9tendue<\/a><\/strong><\/p>\n\n\n<ul class=\"wp-block-list\">\n<li>Suisse<\/li>\n\n\n\n<li>Union europ\u00e9enne<\/li>\n<\/ul>\n\n\n<p id=\"block-16\" class=\"text-start wp-block-paragraph\">\n  <strong class=\"myprefix-text-bold\">12. <a href=\"#kontakt\" data-type=\"internal\" data-id=\"#kontakt\">Contact pour toute question relative \u00e0 la protection des donn\u00e9es<\/a><\/strong><\/p>\n\n<p id=\"block-17\" class=\"text-start wp-block-paragraph\">\n  <strong class=\"myprefix-text-bold\">13. <a href=\"#\u00e4nderungen\" data-type=\"internal\" data-id=\"#\u00e4nderungen\">Changements<\/a><\/strong><\/p><\/div>\n        <\/div>\n          <\/div>\n<\/div>\n\n<div id=\"einleitung-2\" class=\"pt-4 pb-4 alignfull is-layout-constrained\">\n  <div>\n            <div class=\"row gx-4 gy-4 \">\n          \n\n<div id=\"einleitung-2\" class=\"col wp-block-yellowtree-column col-12 d-flex flex-column with-streched-height-children align-items-stretch align-items-md-stretch\">\n  <h2 id=\"einleitung\" class=\"mb-4 h2 display-2 text-start\">\n  Introduction et organisme responsable<\/h2>\n\n<p id=\"block-20\" class=\"wp-elements-b7d56af95461395f3003cc380b13de3c text-start wp-block-paragraph\">\n  La protection des donn\u00e9es n&rsquo;est pas pour nous une obligation l\u00e9gale, mais une expression de responsabilit\u00e9. En tant qu&rsquo;ICF Bulle, nous nous engageons \u00e0 ce que vos donn\u00e9es soient trait\u00e9es avec soin et respect.<\/p>\n\n<p id=\"block-21\" class=\"text-start wp-block-paragraph\">\n  Cette politique de confidentialit\u00e9 vous informe sur les donn\u00e9es personnelles que nous traitons sur notre site Web, dans quel but nous le faisons et sur vos droits.<\/p>\n\n<p id=\"block-22\" class=\"wp-elements-ba627cc461c9ff6fde2bcea0b6f0c77a text-start wp-block-paragraph\">\n  Elle s&rsquo;applique au domaine https:\/\/icf.church\/bulle dans toutes ses versions linguistiques ainsi qu&rsquo;\u00e0 toutes les personnes morales suivantes ainsi qu&rsquo;aux futures soci\u00e9t\u00e9s qui se pr\u00e9sentent sous la marque ICF (International Christian Fellowship) ou dans lesquelles l&rsquo;une des organisations mentionn\u00e9es est impliqu\u00e9e.<\/p>\n\n\n<ul class=\"wp-block-list\">\n<li>ICF Movement (Association)<\/li>\n\n\n\n<li class=\"has-text-color has-link-color wp-elements-1660636978d5bf1a77ae369bd811a1e4\" style=\"color:var(--wp--preset--color--)\">ICF Bulle<\/li>\n<\/ul>\n\n\n<p id=\"block-23\" class=\"text-start wp-block-paragraph\">\n  Dans la mesure o\u00f9 la pr\u00e9sente d\u00e9claration de protection des donn\u00e9es parle d&rsquo;\u00abICF\u00bb ou de \u00abnous\u00bb, il s&rsquo;agit \u2013 selon le contexte \u2013 d&rsquo;une ou plusieurs de ces organisations.<\/p>\n\n<div id=\"block-27\" class=\"pt-2 pb-2 alignfull is-layout-constrained\">\n  <div>\n            <div class=\"row gx-4 gy-4 \">\n          \n\n<div id=\"block-26\" class=\"col wp-block-yellowtree-column col-12 d-flex flex-column with-streched-height-children align-items-stretch align-items-md-stretch\">\n  <h2 id=\"block-24\" class=\"h2 text-start\">\n  Exploitant du site<\/h2>\n\n<p id=\"block-25\" class=\"wp-elements-8c2b7edd1f97e392bcc434383ed45d9c text-start wp-block-paragraph\">\n  <strong class=\"myprefix-text-bold\">ICF Bulle<br>La C\u00f4te \u00e0 Bonheur 50<br><\/strong><strong class=\"myprefix-text-bold\">1643 Pont-en-Ogoz<br><\/strong><strong class=\"myprefix-text-bold\">Suisse<\/strong><br><strong class=\"myprefix-text-bold\">info@icf-bulle.ch<\/strong><\/p><\/div>\n        <\/div>\n          <\/div>\n<\/div>\n\n<div id=\"block-31\" class=\"pt-2 pb-2 alignfull is-layout-constrained\">\n  <div>\n            <div class=\"row gx-4 gy-4 \">\n          \n\n<div id=\"block-30\" class=\"col wp-block-yellowtree-column col-12 d-flex flex-column with-streched-height-children align-items-stretch align-items-md-stretch\">\n  <h2 id=\"block-28\" class=\"h2 text-start\">\n  Responsable du contenu et du traitement des donn\u00e9es<\/h2>\n\n<p id=\"block-29\" class=\"wp-elements-8ee7dd2b1c44a7ed56873ef1df01b917 text-start wp-block-paragraph\">\n  <strong class=\"myprefix-text-bold\"><strong class=\"myprefix-text-bold\">ICF Bulle<br>La C\u00f4te \u00e0 Bonheur 50<br>1643 Pont-en-Ogoz<br>Suisse<\/strong><br><strong class=\"myprefix-text-bold\">info@icf-bulle.ch<\/strong><\/strong><\/p><\/div>\n        <\/div>\n          <\/div>\n<\/div>\n\n<div id=\"block-35\" class=\"pt-2 pb-2 alignfull is-layout-constrained\">\n  <div>\n            <div class=\"row gx-4 gy-4 \">\n          \n\n<div id=\"block-34\" class=\"col wp-block-yellowtree-column col-12 d-flex flex-column with-streched-height-children align-items-stretch align-items-md-stretch\">\n  <h2 id=\"block-32\" class=\"h2 text-start\">\n  D\u00e9l\u00e9gu\u00e9 \u00e0 la protection des donn\u00e9es<\/h2>\n\n<p id=\"block-33\" class=\"wp-elements-5d6243e832a0621b07e983ccbf660a6d text-start wp-block-paragraph\">\n  Maxime Morier, Pasteur, ICF Bulle, info@icf-bulle.ch<\/p><\/div>\n        <\/div>\n          <\/div>\n<\/div>\n\n<div id=\"block-45\" class=\"pt-2 pb-2 alignfull is-layout-constrained\">\n  <div>\n            <div class=\"row gx-4 gy-4 \">\n          \n\n<div id=\"block-44\" class=\"col wp-block-yellowtree-column col-12 d-flex flex-column with-streched-height-children align-items-stretch align-items-md-stretch\">\n  <h2 id=\"block-36\" class=\"h2 text-start\">\n  Qui est le mouvement ICF ?<\/h2>\n\n<p id=\"block-37\" class=\"mt-4 mb-4 fs-base text-start wp-block-paragraph\">\n  <em class=\"myprefix-text-italic\">ICF est une \u00e9glise chr\u00e9tienne bas\u00e9e sur une base biblique. Nous sommes n\u00e9s du r\u00eave de rendre l&rsquo;\u00e9glise pour les gens dynamique, proche de la vie et contemporaine.<\/em><\/p>\n\n<div id=\"block-43\" class=\"pt-2 pb-2 alignfull is-layout-constrained\">\n  <div>\n            <div class=\"row gx-4 gy-4 \">\n          \n\n<div id=\"block-42\" class=\"col wp-block-yellowtree-column col-12 d-flex flex-column with-streched-height-children align-items-stretch align-items-md-stretch\">\n  <p id=\"block-38\" class=\"text-start wp-block-paragraph\">\n  Le mouvement ICF est une organisation qui promeut la cr\u00e9ation d&rsquo;\u00e9glises principalement en Europe et ponctuellement dans le reste du monde, dans le but que les gens ressemblent plus \u00e0 J\u00e9sus-Christ, vivent sans peur et changent positivement leur environnement. Nous consid\u00e9rons la cr\u00e9ation de nouvelles \u00e9glises comme une mission missionnaire qui fait partie int\u00e9grante de notre ADN.<\/p>\n\n<p id=\"block-39\" class=\"text-start wp-block-paragraph\">\n  Outre la cr\u00e9ation d&rsquo;\u00e9glises ICF, le mouvement ICF s&rsquo;engage \u00e0 renouveler et \u00e0 renforcer le paysage eccl\u00e9siastique existant en Europe et au-del\u00e0. \u00c0 cette fin, des ressources, des conf\u00e9rences, des cours (ICF College), du leadership et du coaching sont propos\u00e9s.<\/p>\n\n<p id=\"block-40\" class=\"text-start wp-block-paragraph\">\n  Ensemble, nous pensons que l&rsquo;Europe et le monde peuvent \u00eatre \u00e9veill\u00e9s par des \u00e9glises locales saines et socialement pertinentes. C&rsquo;est notre conviction la plus profonde que l&rsquo;\u00e9glise locale est l&rsquo;espoir du monde!<\/p>\n\n<p id=\"block-41\" class=\"text-start wp-block-paragraph\">\n  Plus d&rsquo;informations sur <a href=\"https:\/\/icf.church\/movement\" target=\"_blank\" rel=\"noopener\">https:\/\/icf.church\/movement<\/a><\/p><\/div>\n        <\/div>\n          <\/div>\n<\/div><\/div>\n        <\/div>\n          <\/div>\n<\/div>\n\n<div id=\"block-49\" class=\"pt-2 pb-2 alignfull is-layout-constrained\">\n  <div>\n            <div class=\"row gx-4 gy-4 \">\n          \n\n<div id=\"block-48\" class=\"col wp-block-yellowtree-column col-12 d-flex flex-column with-streched-height-children align-items-stretch align-items-md-stretch\">\n  <h2 id=\"block-46\" class=\"h2 text-start\">\n  Base juridique<\/h2>\n\n<p id=\"block-47\" class=\"text-start wp-block-paragraph\">\n  Les informations relatives aux diff\u00e9rents outils de cette politique de confidentialit\u00e9 ne seront utilis\u00e9es que pour traiter votre demande respective. Pour plus d&rsquo;informations, consultez la section <strong class=\"myprefix-text-bold\">\u201e<a href=\"#rechtsgrundlage\" data-type=\"internal\" data-id=\"#rechtsgrundlage\">Bases juridiques du traitement des donn\u00e9es<\/a>\u201c<\/strong>.<br><\/p><\/div>\n        <\/div>\n          <\/div>\n<\/div><\/div>\n        <\/div>\n          <\/div>\n<\/div>\n\n<div id=\"datenverarbeitung-2\" class=\"pt-4 pb-4 alignfull is-layout-constrained\">\n  <div>\n            <div class=\"row gx-4 gy-4 \">\n          \n\n<div id=\"datenverarbeitung-2\" class=\"col wp-block-yellowtree-column col-12 d-flex flex-column with-streched-height-children align-items-stretch align-items-md-stretch\">\n  <h2 id=\"datenverarbeitung\" class=\"mb-4 h2 display-2 text-start\">\n  Principes du traitement des donn\u00e9es<\/h2>\n\n<p id=\"block-50\" class=\"text-start wp-block-paragraph\">\n  Nous traitons les donn\u00e9es personnelles dans un but clair et uniquement dans la mesure n\u00e9cessaire \u00e0 cet effet. Pour ce faire, nous respectons ces principes :<\/p>\n\n<div id=\"block-54\" class=\"pt-2 pb-2 alignfull is-layout-constrained\">\n  <div>\n            <div class=\"row gx-4 gy-4 \">\n          \n\n<div id=\"block-53\" class=\"col wp-block-yellowtree-column col-12 d-flex flex-column with-streched-height-children align-items-stretch align-items-md-stretch\">\n  <h2 id=\"block-51\" class=\"h2 text-start\">\n  \u2705 Transparence<\/h2>\n\n<p id=\"block-52\" class=\"text-start wp-block-paragraph\">\n  Nous voulons que vous puissiez toujours comprendre ce qui se passe avec vos donn\u00e9es. C&rsquo;est pourquoi, dans cette d\u00e9claration, nous d\u00e9crivons ouvertement les outils que nous utilisons et pourquoi.<\/p><\/div>\n        <\/div>\n          <\/div>\n<\/div>\n\n<div id=\"block-58\" class=\"pt-2 pb-2 alignfull is-layout-constrained\">\n  <div>\n            <div class=\"row gx-4 gy-4 \">\n          \n\n<div id=\"block-57\" class=\"col wp-block-yellowtree-column col-12 d-flex flex-column with-streched-height-children align-items-stretch align-items-md-stretch\">\n  <h2 id=\"block-55\" class=\"h2 text-start\">\n  \ud83c\udfaf Affectation<\/h2>\n\n<p id=\"block-56\" class=\"text-start wp-block-paragraph\">\n  Nous collectons et utilisons des donn\u00e9es personnelles aux fins pr\u00e9vues, par exemple pour la prise de contact, l&rsquo;inscription \u00e0 la newsletter, l&rsquo;analyse de l&rsquo;utilisation du site web ou le traitement des dons.<\/p><\/div>\n        <\/div>\n          <\/div>\n<\/div>\n\n<div id=\"block-62\" class=\"pt-2 pb-2 alignfull is-layout-constrained\">\n  <div>\n            <div class=\"row gx-4 gy-4 \">\n          \n\n<div id=\"block-61\" class=\"col wp-block-yellowtree-column col-12 d-flex flex-column with-streched-height-children align-items-stretch align-items-md-stretch\">\n  <h2 id=\"block-59\" class=\"h2 text-start\">\n  \u2796 Minimisation des donn\u00e9es<\/h2>\n\n<p id=\"block-60\" class=\"text-start wp-block-paragraph\">\n  Nous n&rsquo;enregistrons et ne traitons qu&rsquo;autant de donn\u00e9es que n\u00e9cessaire. Si une utilisation anonyme ou pseudonyme est possible, nous l&rsquo;utilisons.<\/p><\/div>\n        <\/div>\n          <\/div>\n<\/div>\n\n<div id=\"block-66\" class=\"pt-2 pb-2 alignfull is-layout-constrained\">\n  <div>\n            <div class=\"row gx-4 gy-4 \">\n          \n\n<div id=\"block-65\" class=\"col wp-block-yellowtree-column col-12 d-flex flex-column with-streched-height-children align-items-stretch align-items-md-stretch\">\n  <h2 id=\"block-63\" class=\"h2 text-start\">\n  \ud83d\udd10 S\u00e9curit\u00e9<\/h2>\n\n<p id=\"block-64\" class=\"text-start wp-block-paragraph\">\n  Vos donn\u00e9es sont prot\u00e9g\u00e9es chez nous. Nous utilisons des mesures techniques et organisationnelles pour les prot\u00e9ger contre la perte, l&rsquo;utilisation abusive ou l&rsquo;acc\u00e8s non autoris\u00e9.<\/p><\/div>\n        <\/div>\n          <\/div>\n<\/div>\n\n<div id=\"block-70\" class=\"pt-2 pb-2 alignfull is-layout-constrained\">\n  <div>\n            <div class=\"row gx-4 gy-4 \">\n          \n\n<div id=\"block-69\" class=\"col wp-block-yellowtree-column col-12 d-flex flex-column with-streched-height-children align-items-stretch align-items-md-stretch\">\n  <h2 id=\"block-67\" class=\"h2 text-start\">\n  \ud83d\udd50 Limitation de la m\u00e9moire<\/h2>\n\n<p id=\"block-68\" class=\"text-start wp-block-paragraph\">\n  Nous conservons les donn\u00e9es personnelles aussi longtemps qu&rsquo;elles sont n\u00e9cessaires \u00e0 l&rsquo;usage respectif ou qu&rsquo;il existe des obligations l\u00e9gales de conservation.<\/p><\/div>\n        <\/div>\n          <\/div>\n<\/div>\n\n<div id=\"block-74\" class=\"pt-2 pb-2 alignfull is-layout-constrained\">\n  <div>\n            <div class=\"row gx-4 gy-4 \">\n          \n\n<div id=\"block-73\" class=\"col wp-block-yellowtree-column col-12 d-flex flex-column with-streched-height-children align-items-stretch align-items-md-stretch\">\n  <h2 id=\"block-71\" class=\"h2 text-start\">\n  \ud83c\udf0d L\u00e9galit\u00e9<\/h2>\n\n<p id=\"block-72\" class=\"text-start wp-block-paragraph\">\n  Notre traitement des donn\u00e9es est bas\u00e9 sur une base juridique valide : qu&rsquo;il s&rsquo;agisse de votre consentement, d&rsquo;un int\u00e9r\u00eat l\u00e9gitime ou d&rsquo;une obligation l\u00e9gale. Nous ne prenons pas de d\u00e9cisions ayant un effet juridique ou similaire de mani\u00e8re significative exclusivement automatis\u00e9e (pas de \u00ab profilage \u00bb au sens de l&rsquo;article 22 du RGPD)<\/p><\/div>\n        <\/div>\n          <\/div>\n<\/div>\n\n<div id=\"block-77\" class=\"pt-2 pb-2 alignfull is-layout-constrained\">\n  <div>\n            <div class=\"row gx-4 gy-4 \">\n          \n\n<div id=\"block-76\" class=\"col wp-block-yellowtree-column col-12 d-flex flex-column with-streched-height-children align-items-stretch align-items-md-stretch\">\n  <p id=\"block-75\" class=\"text-start wp-block-paragraph\">\n  <em class=\"myprefix-text-italic\"><strong class=\"myprefix-text-bold\">Remarque<\/strong> : pour certaines op\u00e9rations de traitement des donn\u00e9es pr\u00e9sentant un risque accru (par ex. Traitement de donn\u00e9es sensibles), nous effectuons, si n\u00e9cessaire, une analyse d&rsquo;impact sur la protection des donn\u00e9es (DSFA) conform\u00e9ment \u00e0 l&rsquo;article 35 du RGPD ou Art. 22 revDSG.<\/em><\/p><\/div>\n        <\/div>\n          <\/div>\n<\/div><\/div>\n        <\/div>\n          <\/div>\n<\/div>\n\n<div id=\"erhebung-2\" class=\"pt-4 pb-4 alignfull is-layout-constrained\">\n  <div>\n            <div class=\"row gx-4 gy-4 \">\n          \n\n<div id=\"erhebung-2\" class=\"col wp-block-yellowtree-column col-12 d-flex flex-column with-streched-height-children align-items-stretch align-items-md-stretch\">\n  <h2 id=\"erhebung\" class=\"mb-4 h2 display-2 text-start\">\n  Collecte et utilisation des donn\u00e9es personnelles<\/h2>\n\n<p id=\"block-78\" class=\"text-start wp-block-paragraph\">\n  Nous collectons des donn\u00e9es personnelles lorsque vous nous les transmettez activement ou s&rsquo;ils sont techniquement n\u00e9cessaires &#8211; par exemple via un formulaire, votre adresse IP lors d&rsquo;une visite de page, lors d&rsquo;un don ou lors de l&rsquo;utilisation de notre site Web.<\/p>\n\n<p id=\"block-79\" class=\"text-start wp-block-paragraph\">\n  D\u00e9couvrez dans quelles situations cela se produit et comment nous utilisons ces donn\u00e9es :<\/p>\n\n<div id=\"block-83\" class=\"pt-2 pb-2 alignfull is-layout-constrained\">\n  <div>\n            <div class=\"row gx-4 gy-4 \">\n          \n\n<div id=\"block-82\" class=\"col wp-block-yellowtree-column col-12 d-flex flex-column with-streched-height-children align-items-stretch align-items-md-stretch\">\n  <h2 id=\"block-80\" class=\"h2 text-start\">\n  \ud83d\udcec Contact et formulaires<\/h2>\n\n<p id=\"block-81\" class=\"text-start wp-block-paragraph\">\n  Par exemple, si vous nous \u00e9crivez via un formulaire de contact ou si vous vous inscrivez \u00e0 un \u00e9v\u00e9nement, nous traitons les donn\u00e9es que vous avez saisies (par ex. nom, e-mail, demande, etc.) pour r\u00e9pondre \u00e0 votre demande ou fournir le service souhait\u00e9.<\/p><\/div>\n        <\/div>\n          <\/div>\n<\/div>\n\n<div id=\"block-88\" class=\"pt-2 pb-2 alignfull is-layout-constrained\">\n  <div>\n            <div class=\"row gx-4 gy-4 \">\n          \n\n<div id=\"block-87\" class=\"col wp-block-yellowtree-column col-12 d-flex flex-column with-streched-height-children align-items-stretch align-items-md-stretch\">\n  <h2 id=\"block-84\" class=\"h2 text-start\">\n  \ud83d\udc8c Newsletter et communication<\/h2>\n\n<p id=\"block-85\" class=\"text-start wp-block-paragraph\">\n  Si vous vous inscrivez \u00e0 notre newsletter ou si vous restez en contact avec nous (par ex. par l&rsquo;int\u00e9r\u00eat pour des ressources ou des offres), nous enregistrons et utilisons vos coordonn\u00e9es pour des e-mails r\u00e9guliers, des inspirations et des mises \u00e0 jour.<\/p>\n\n<p id=\"block-86\" class=\"text-start wp-block-paragraph\">\n  Vous pouvez vous d\u00e9sabonner de la newsletter \u00e0 tout moment via le lien de d\u00e9sabonnement dans chaque e-mail.<\/p><\/div>\n        <\/div>\n          <\/div>\n<\/div>\n\n<div id=\"block-93\" class=\"pt-2 pb-2 alignfull is-layout-constrained\">\n  <div>\n            <div class=\"row gx-4 gy-4 \">\n          \n\n<div id=\"block-92\" class=\"col wp-block-yellowtree-column col-12 d-flex flex-column with-streched-height-children align-items-stretch align-items-md-stretch\">\n  <h2 id=\"block-89\" class=\"h2 text-start\">\n  \ud83d\udcc8 Utilisation du site web et suivi<\/h2>\n\n<p id=\"block-90\" class=\"text-start wp-block-paragraph\">\n  Lorsque vous visitez notre site web, certaines informations techniques sont automatiquement trait\u00e9es, telles que :<\/p>\n\n\n<ul class=\"wp-block-list\">\n<li class=\"has-text-color has-link-color wp-elements-8f58a868ff2f4565710c1604312852a2\" style=\"color:var(--wp--preset--color--)\">Adresse IP (abr\u00e9g\u00e9e\/pseudonymis\u00e9e)<\/li>\n\n\n\n<li>Type et version du navigateur<\/li>\n\n\n\n<li>Syst\u00e8me d&rsquo;exploitation<\/li>\n\n\n\n<li>Date et heure d&rsquo;acc\u00e8s<\/li>\n\n\n\n<li>Pages visit\u00e9es \/ dur\u00e9e de s\u00e9jour<\/li>\n<\/ul>\n\n\n<p id=\"block-91\" class=\"text-start wp-block-paragraph\">\n  Ces donn\u00e9es nous aident \u00e0 faire fonctionner notre site Web de mani\u00e8re techniquement stable et \u00e0 l&rsquo;am\u00e9liorer en permanence (voir la section <a href=\"#cookies\" data-type=\"internal\" data-id=\"#cookies\">\u201eCookies &amp; Tracking\u201c<\/a>)<\/p><\/div>\n        <\/div>\n          <\/div>\n<\/div>\n\n<div id=\"block-97\" class=\"pt-2 pb-2 alignfull is-layout-constrained\">\n  <div>\n            <div class=\"row gx-4 gy-4 \">\n          \n\n<div id=\"block-96\" class=\"col wp-block-yellowtree-column col-12 d-flex flex-column with-streched-height-children align-items-stretch align-items-md-stretch\">\n  <h2 id=\"block-94\" class=\"h2 text-start\">\n  \ud83d\udcbb Journaux de serveur et s\u00e9curit\u00e9 informatique<\/h2>\n\n<p id=\"block-95\" class=\"text-start wp-block-paragraph\">\n  Lors de l&rsquo;acc\u00e8s \u00e0 nos pages, notre h\u00e9bergement traite automatiquement les journaux du serveur (par ex. adresse IP, date\/heure, URL demand\u00e9e, r\u00e9f\u00e9rent, agent utilisateur). Cela sert \u00e0 la mise \u00e0 disposition technique et \u00e0 la s\u00e9curit\u00e9 informatique.<\/p><\/div>\n        <\/div>\n          <\/div>\n<\/div><\/div>\n        <\/div>\n          <\/div>\n<\/div>\n\n<div id=\"cookies-2\" class=\"pt-4 pb-4 alignfull is-layout-constrained\">\n  <div>\n            <div class=\"row gx-4 gy-4 \">\n          \n\n<div id=\"cookies-2\" class=\"col wp-block-yellowtree-column col-12 d-flex flex-column with-streched-height-children align-items-stretch align-items-md-stretch\">\n  <h2 id=\"cookies\" class=\"mb-4 h2 display-2 text-start\">\n  Utilisation de cookies et de technologies de suivi<\/h2>\n\n<p id=\"block-98\" class=\"text-start wp-block-paragraph\">\n  Notre site Web utilise des cookies et des technologies comparables pour &#8211; avec votre consentement &#8211; fournir des contenus conviviaux, analyser les performances et utiliser certaines fonctions (par ex. formulaires ou vid\u00e9os).<\/p>\n\n<div id=\"block-102\" class=\"pt-2 pb-2 alignfull is-layout-constrained\">\n  <div>\n            <div class=\"row gx-4 gy-4 \">\n          \n\n<div id=\"block-101\" class=\"col wp-block-yellowtree-column col-12 d-flex flex-column with-streched-height-children align-items-stretch align-items-md-stretch\">\n  <h2 id=\"block-99\" class=\"h2 text-start\">\n  \ud83c\udf6a Que sont les cookies ?<\/h2>\n\n<p id=\"block-100\" class=\"text-start wp-block-paragraph\">\n  Les cookies sont de petits fichiers texte que votre navigateur cr\u00e9e automatiquement et stocke sur votre appareil. Ils ne contiennent pas de logiciels malveillants, mais nous aident en ce qui suit:<\/p>\n\n\n<ul class=\"wp-block-list\">\n<li>Exploiter techniquement le site Web (cookies essentiels)<\/li>\n\n\n\n<li>Cr\u00e9er des statistiques de visiteurs<\/li>\n\n\n\n<li>\u00c9valuer les campagnes marketing<\/li>\n<\/ul><\/div>\n        <\/div>\n          <\/div>\n<\/div>\n\n<div id=\"block-106\" class=\"pt-2 pb-2 alignfull is-layout-constrained\">\n  <div>\n            <div class=\"row gx-4 gy-4 \">\n          \n\n<div id=\"block-105\" class=\"col wp-block-yellowtree-column col-12 d-flex flex-column with-streched-height-children align-items-stretch align-items-md-stretch\">\n  <h2 id=\"block-103\" class=\"h2 text-start\">\n  \ud83c\udf6a Gestion du consentement (<a href=\"https:\/\/www.cookiehub.com\/\" data-type=\"link\" data-id=\"https:\/\/www.cookiehub.com\/\">CookieHub<\/a>)<\/h2>\n\n<p id=\"block-104\" class=\"text-start wp-block-paragraph\">\n  Notre site Web utilise CookieHub pour g\u00e9rer les consentements pour les cookies et les services tiers. L&rsquo;outil affiche une banni\u00e8re de consentement lors de la visite et enregistre le consentement ou le refus via un cookie techniquement n\u00e9cessaire.<\/p><\/div>\n        <\/div>\n          <\/div>\n<\/div>\n\n<div id=\"block-112\" class=\"pt-2 pb-2 alignfull is-layout-constrained\">\n  <div>\n            <div class=\"row gx-4 gy-4 \">\n          \n\n<div id=\"block-111\" class=\"col wp-block-yellowtree-column col-12 d-flex flex-column with-streched-height-children align-items-stretch align-items-md-stretch\">\n  <h2 id=\"block-107\" class=\"h2 text-start\">\n  \u2699\ufe0f Cookies bas\u00e9s sur le consentement<\/h2>\n\n<p id=\"block-108\" class=\"text-start wp-block-paragraph\">\n  Tous les cookies ne sont pas n\u00e9cessaires. Ceux qui, par ex, sont utilis\u00e9s \u00e0 des fins statistiques ou de marketing, ne seront utilis\u00e9s qu&rsquo;avec votre consentement explicite (\u00a7 25 TTDSG \/ ePrivacy).<\/p>\n\n<p id=\"block-109\" class=\"text-start wp-block-paragraph\">\n  Lors de votre premi\u00e8re visite sur notre site web, nous vous montrons donc une banni\u00e8re de cookies dans laquelle vous pouvez d\u00e9cider individuellement quels cookies vous autorisez. Vous pouvez modifier votre choix \u00e0 tout moment via la banni\u00e8re de cookies.<\/p>\n\n<p id=\"block-110\" class=\"text-start wp-block-paragraph\">\n  <strong class=\"myprefix-text-bold\">Nous utilisons les cat\u00e9gories de cookies suivantes :<\/strong><\/p>\n\n\n<ul class=\"wp-block-list\">\n<li>Cookies essentiels : n\u00e9cessaires au fonctionnement technique.<\/li>\n\n\n\n<li>Cookies fonctionnels : augmentent la convivialit\u00e9.<\/li>\n\n\n\n<li>Cookies d&rsquo;analyse : nous aident \u00e0 am\u00e9liorer le site.<\/li>\n\n\n\n<li>Cookies marketing : soutiennent la publicit\u00e9 cibl\u00e9e.<\/li>\n<\/ul><\/div>\n        <\/div>\n          <\/div>\n<\/div>\n\n<div id=\"block-116\" class=\"pt-2 pb-2 alignfull is-layout-constrained\">\n  <div>\n            <div class=\"row gx-4 gy-4 \">\n          \n\n<div id=\"block-115\" class=\"col wp-block-yellowtree-column col-12 d-flex flex-column with-streched-height-children align-items-stretch align-items-md-stretch\">\n  <h2 id=\"block-113\" class=\"h2 text-start\">\n  \ud83d\udee0 Gestion via Google Tag Manager<\/h2>\n\n<p id=\"block-114\" class=\"text-start wp-block-paragraph\">\n  Nous utilisons le <a href=\"https:\/\/tagmanager.google.com\/\" data-type=\"link\" data-id=\"https:\/\/tagmanager.google.com\/\">Google Tag Manager<\/a> afin de g\u00e9rer certains services de mani\u00e8re conforme et efficace \u00e0 la protection des donn\u00e9es \u2013 par ex. Google Analytics, Facebook Pixel ou d&rsquo;autres outils d&rsquo;analyse. Le gestionnaire de balises lui-m\u00eame ne stocke pas de donn\u00e9es personnelles, mais ne charge que des scripts configurables.<\/p><\/div>\n        <\/div>\n          <\/div>\n<\/div><\/div>\n        <\/div>\n          <\/div>\n<\/div>\n\n<div id=\"tools-2\" class=\"pt-4 pb-4 alignfull is-layout-constrained\">\n  <div>\n            <div class=\"row gx-4 gy-4 \">\n          \n\n<div id=\"tools-2\" class=\"col wp-block-yellowtree-column col-12 d-flex flex-column with-streched-height-children align-items-stretch align-items-md-stretch\">\n  <h2 id=\"tools\" class=\"mb-4 h2 display-2 text-start\">\n  Outils et fournisseurs tiers utilis\u00e9s<\/h2>\n\n<p id=\"block-117\" class=\"text-start wp-block-paragraph\">\n  Nous utilisons une s\u00e9lection de fournisseurs tiers pour rendre notre site web convivial, s\u00fbr et moderne. Nous  vous expliquons ci-dessous quels outils nous utilisons, quelles donn\u00e9es sont trait\u00e9es et pourquoi.<\/p>\n\n<div id=\"block-120\" class=\"pt-2 pb-2 alignfull is-layout-constrained\">\n  <div>\n            <div class=\"row gx-4 gy-4 \">\n          \n\n<div id=\"block-119\" class=\"col wp-block-yellowtree-column col-12 d-flex flex-column with-streched-height-children align-items-stretch align-items-md-stretch\">\n  <h2 id=\"block-118\" class=\"h2 text-start\">\n  \ud83d\udcc8 Outils d&rsquo;analyse et de performance<\/h2><\/div>\n        <\/div>\n          <\/div>\n<\/div>\n\n<div id=\"block-124\" class=\"pt-2 pb-2 alignfull is-layout-constrained\">\n  <div>\n            <div class=\"row gx-4 gy-4 \">\n          \n\n<div id=\"block-123\" class=\"col wp-block-yellowtree-column col-12 d-flex flex-column with-streched-height-children align-items-stretch align-items-md-stretch\">\n  <h3 id=\"block-121\" class=\"h3 text-start\">\n  <a href=\"https:\/\/analytics.google.com\/\" data-type=\"link\" data-id=\"https:\/\/analytics.google.com\/\">Google Analytics<\/a><\/h3>\n\n<p id=\"block-122\" class=\"text-start wp-block-paragraph\">\n  Nous utilisons pour comprendre comment les visiteurs utilisent notre site web. Les donn\u00e9es collect\u00e9es (par ex. les pages consult\u00e9es, la dur\u00e9e de s\u00e9jour, l&rsquo;appareil utilis\u00e9) sont \u00e9valu\u00e9es de mani\u00e8re anonyme.<\/p><\/div>\n        <\/div>\n          <\/div>\n<\/div>\n\n<div id=\"block-128\" class=\"pt-2 pb-2 alignfull is-layout-constrained\">\n  <div>\n            <div class=\"row gx-4 gy-4 \">\n          \n\n<div id=\"block-127\" class=\"col wp-block-yellowtree-column col-12 d-flex flex-column with-streched-height-children align-items-stretch align-items-md-stretch\">\n  <h3 id=\"block-125\" class=\"h3 text-start\">\n  <a href=\"https:\/\/tagmanager.google.com\/\" data-type=\"link\" data-id=\"https:\/\/tagmanager.google.com\/\">Google Tag Manager<\/a><\/h3>\n\n<p id=\"block-126\" class=\"text-start wp-block-paragraph\">\n  Utilis\u00e9 pour g\u00e9rer les balises de suivi et les cookies. Le gestionnaire de balises ne stocke pas lui-m\u00eame de donn\u00e9es personnelles.<\/p><\/div>\n        <\/div>\n          <\/div>\n<\/div>\n\n<div id=\"block-132\" class=\"pt-2 pb-2 alignfull is-layout-constrained\">\n  <div>\n            <div class=\"row gx-4 gy-4 \">\n          \n\n<div id=\"block-131\" class=\"col wp-block-yellowtree-column col-12 d-flex flex-column with-streched-height-children align-items-stretch align-items-md-stretch\">\n  <h3 id=\"block-129\" class=\"h3 text-start\">\n  <a href=\"https:\/\/de-de.facebook.com\/business\/tools\/meta-pixel\" data-type=\"link\" data-id=\"https:\/\/de-de.facebook.com\/business\/tools\/meta-pixel\">Meta Pixel<\/a><\/h3>\n\n<p id=\"block-130\" class=\"text-start wp-block-paragraph\">\n  Utilis\u00e9 pour pouvoir mesurer les campagnes marketing et afficher le contenu appropri\u00e9.<\/p><\/div>\n        <\/div>\n          <\/div>\n<\/div>\n\n<div id=\"block-136\" class=\"pt-2 pb-2 alignfull is-layout-constrained\">\n  <div>\n            <div class=\"row gx-4 gy-4 \">\n          \n\n<div id=\"block-135\" class=\"col wp-block-yellowtree-column col-12 d-flex flex-column with-streched-height-children align-items-stretch align-items-md-stretch\">\n  <h3 id=\"block-133\" class=\"h3 text-start\">\n  <a href=\"https:\/\/business.google.com\/de\/google-ads\/\" data-type=\"link\" data-id=\"https:\/\/business.google.com\/de\/google-ads\/\">Google Ads<\/a><\/h3>\n\n<p id=\"block-134\" class=\"text-start wp-block-paragraph\">\n  Utilis\u00e9 pour le suivi des campagnes et la mesure de la conversion afin d&rsquo;analyser l&rsquo;efficacit\u00e9 de nos publicit\u00e9s.<\/p><\/div>\n        <\/div>\n          <\/div>\n<\/div>\n\n<div id=\"block-140\" class=\"pt-2 pb-2 alignfull is-layout-constrained\">\n  <div>\n            <div class=\"row gx-4 gy-4 \">\n          \n\n<div id=\"block-139\" class=\"col wp-block-yellowtree-column col-12 d-flex flex-column with-streched-height-children align-items-stretch align-items-md-stretch\">\n  <h3 id=\"block-137\" class=\"h3 text-start\">\n  <a href=\"https:\/\/clarity.microsoft.com\/\" data-type=\"link\" data-id=\"https:\/\/clarity.microsoft.com\/\">Microsoft Clarity<\/a><\/h3>\n\n<p id=\"block-138\" class=\"text-start wp-block-paragraph\">\n  Utilis\u00e9 pour analyser le comportement de l&rsquo;utilisateur (par ex. chemins de clic, cartes thermiques). Les donn\u00e9es sont \u00e9valu\u00e9es de mani\u00e8re anonyme.<\/p><\/div>\n        <\/div>\n          <\/div>\n<\/div>\n\n<div id=\"block-144\" class=\"pt-2 pb-2 alignfull is-layout-constrained\">\n  <div>\n            <div class=\"row gx-4 gy-4 \">\n          \n\n<div id=\"block-143\" class=\"col wp-block-yellowtree-column col-12 d-flex flex-column with-streched-height-children align-items-stretch align-items-md-stretch\">\n  <h3 id=\"block-141\" class=\"h3 text-start\">\n  <a href=\"https:\/\/www.gleap.io\/\" data-type=\"link\" data-id=\"https:\/\/www.gleap.io\/\">Gleap<\/a><\/h3>\n\n<p id=\"block-142\" class=\"text-start wp-block-paragraph\">\n  Nous utilisons Gleap comme plateforme d&rsquo;assistance et de communication. Elle sert \u00e0 traiter les demandes d&rsquo;assistance, \u00e0 afficher l&rsquo;assistance (par ex. Articles d&rsquo;aide), l&rsquo;\u00e9valuation des commentaires des utilisateurs ainsi que l&rsquo;affichage cibl\u00e9 de messages de chat, de notifications ou de banni\u00e8res.<\/p><\/div>\n        <\/div>\n          <\/div>\n<\/div>\n\n<div id=\"block-148\" class=\"pt-2 pb-2 alignfull is-layout-constrained\">\n  <div>\n            <div class=\"row gx-4 gy-4 \">\n          \n\n<div id=\"block-147\" class=\"col wp-block-yellowtree-column col-12 d-flex flex-column with-streched-height-children align-items-stretch align-items-md-stretch\">\n  <h3 id=\"block-145\" class=\"h3 text-start\">\n  <a href=\"https:\/\/pulsetic.com\/\" data-type=\"link\" data-id=\"https:\/\/pulsetic.com\/\">Pulsetic<\/a><\/h3>\n\n<p id=\"block-146\" class=\"text-start wp-block-paragraph\">\n  Surveille la disponibilit\u00e9 et les performances du site. Aucune donn\u00e9e personnelle n&rsquo;est enregistr\u00e9e.<\/p><\/div>\n        <\/div>\n          <\/div>\n<\/div>\n\n<div id=\"block-152\" class=\"pt-2 pb-2 alignfull is-layout-constrained\">\n  <div>\n            <div class=\"row gx-4 gy-4 \">\n          \n\n<div id=\"block-151\" class=\"col wp-block-yellowtree-column col-12 d-flex flex-column with-streched-height-children align-items-stretch align-items-md-stretch\">\n  <h3 id=\"block-149\" class=\"h3 text-start\">\n  <a href=\"https:\/\/sentry.io\" data-type=\"link\" data-id=\"https:\/\/sentry.io\">Sentry<\/a><\/h3>\n\n<p id=\"block-150\" class=\"text-start wp-block-paragraph\">\n  Collecte les messages d&rsquo;erreur (bugs) et les donn\u00e9es techniques pour am\u00e9liorer la stabilit\u00e9.<\/p><\/div>\n        <\/div>\n          <\/div>\n<\/div>\n\n<div id=\"block-155\" class=\"pt-2 pb-2 alignfull is-layout-constrained\">\n  <div>\n            <div class=\"row gx-4 gy-4 \">\n          \n\n<div id=\"block-154\" class=\"col wp-block-yellowtree-column col-12 d-flex flex-column with-streched-height-children align-items-stretch align-items-md-stretch\">\n  <h2 id=\"block-153\" class=\"h2 text-start\">\n  \ud83d\udccb Formulaires, Newsletter &amp; Communication<\/h2><\/div>\n        <\/div>\n          <\/div>\n<\/div>\n\n<div id=\"block-159\" class=\"pt-2 pb-2 alignfull is-layout-constrained\">\n  <div>\n            <div class=\"row gx-4 gy-4 \">\n          \n\n<div id=\"block-158\" class=\"col wp-block-yellowtree-column col-12 d-flex flex-column with-streched-height-children align-items-stretch align-items-md-stretch\">\n  <h3 id=\"block-156\" class=\"h3 text-start\">\n  <a href=\"https:\/\/www.mailgun.com\/\" data-type=\"link\" data-id=\"https:\/\/www.mailgun.com\/\">MailGun<\/a><\/h3>\n\n<p id=\"block-157\" class=\"text-start wp-block-paragraph\">\n  Nous utilisons MailGun en tant que service SMTP pour livrer des e-mails de mani\u00e8re techniquement fiable (par ex. confirmations, newsletters).<\/p><\/div>\n        <\/div>\n          <\/div>\n<\/div>\n\n<div id=\"block-163\" class=\"pt-2 pb-2 alignfull is-layout-constrained\">\n  <div>\n            <div class=\"row gx-4 gy-4 \">\n          \n\n<div id=\"block-162\" class=\"col wp-block-yellowtree-column col-12 d-flex flex-column with-streched-height-children align-items-stretch align-items-md-stretch\">\n  <h3 id=\"block-160\" class=\"h3 text-start\">\n  <a href=\"https:\/\/cloud.google.com\/security\/products\/recaptcha\" data-type=\"link\" data-id=\"https:\/\/cloud.google.com\/security\/products\/recaptcha\">Google reCAPTCHA<\/a><\/h3>\n\n<p id=\"block-161\" class=\"text-start wp-block-paragraph\">\n  Pour prot\u00e9ger nos formulaires contre les abus et les spams, nous utilisons Google reCAPTCHA (version 2 &amp; 3). Ce service v\u00e9rifie si les entr\u00e9es sont effectu\u00e9es par un humain ou un robot. Il s&rsquo;agit notamment de l&rsquo;adresse IP, dur\u00e9e de s\u00e9jour sur la page et mouvements de la souris analys\u00e9s et transmis \u00e0 Google.<\/p><\/div>\n        <\/div>\n          <\/div>\n<\/div>\n\n<div id=\"block-167\" class=\"pt-2 pb-2 alignfull is-layout-constrained\">\n  <div>\n            <div class=\"row gx-4 gy-4 \">\n          \n\n<div id=\"block-166\" class=\"col wp-block-yellowtree-column col-12 d-flex flex-column with-streched-height-children align-items-stretch align-items-md-stretch\">\n  <h3 id=\"block-164\" class=\"h3 text-start\">\n  <a href=\"https:\/\/www.salesforce.com\/eu\/form\/sem\/account-engagement\/\" data-type=\"link\" data-id=\"https:\/\/www.salesforce.com\/eu\/form\/sem\/account-engagement\/\">Salesforce Account Engagement (Pardot)<\/a><\/h3>\n\n<p id=\"block-165\" class=\"text-start wp-block-paragraph\">\n  Notre plateforme d&rsquo;automatisation du marketing, \u00e0 travers laquelle nous g\u00e9rons les newsletters et les campagnes Pardot enregistre les contenus pertinents pour vous afin de vous envoyer des informations appropri\u00e9es.<\/p><\/div>\n        <\/div>\n          <\/div>\n<\/div>\n\n<div id=\"block-170\" class=\"pt-2 pb-2 alignfull is-layout-constrained\">\n  <div>\n            <div class=\"row gx-4 gy-4 \">\n          \n\n<div id=\"block-169\" class=\"col wp-block-yellowtree-column col-12 d-flex flex-column with-streched-height-children align-items-stretch align-items-md-stretch\">\n  <h2 id=\"block-168\" class=\"h2 text-start\">\n  \ud83c\udfa5 Int\u00e9grations m\u00e9diatiques<\/h2><\/div>\n        <\/div>\n          <\/div>\n<\/div>\n\n<div id=\"block-174\" class=\"pt-2 pb-2 alignfull is-layout-constrained\">\n  <div>\n            <div class=\"row gx-4 gy-4 \">\n          \n\n<div id=\"block-173\" class=\"col wp-block-yellowtree-column col-12 d-flex flex-column with-streched-height-children align-items-stretch align-items-md-stretch\">\n  <h3 id=\"block-171\" class=\"h3 text-start\">\n  <a href=\"https:\/\/www.youtube.com\/\" data-type=\"link\" data-id=\"https:\/\/www.youtube.com\/\">YouTube<\/a> &amp; <a href=\"https:\/\/vimeo.com\/de\/\" data-type=\"link\" data-id=\"https:\/\/vimeo.com\/de\/\">Vimeo<\/a><\/h3>\n\n<p id=\"block-172\" class=\"text-start wp-block-paragraph\">\n  Les vid\u00e9os de YouTube et Vimeo sont int\u00e9gr\u00e9es sur notre site. Ces fournisseurs peuvent d\u00e9finir des cookies et collecter des donn\u00e9es d&rsquo;utilisation (par ex. quelles vid\u00e9os sont visionn\u00e9es).<\/p><\/div>\n        <\/div>\n          <\/div>\n<\/div>\n\n<div id=\"block-178\" class=\"pt-2 pb-2 alignfull is-layout-constrained\">\n  <div>\n            <div class=\"row gx-4 gy-4 \">\n          \n\n<div id=\"block-177\" class=\"col wp-block-yellowtree-column col-12 d-flex flex-column with-streched-height-children align-items-stretch align-items-md-stretch\">\n  <h3 id=\"block-175\" class=\"h3 text-start\">\n  <a href=\"http:\/\/spotify.com\" data-type=\"link\" data-id=\"spotify.com\">Spotify<\/a><\/h3>\n\n<p id=\"block-176\" class=\"text-start wp-block-paragraph\">\n  Les fichiers audio et vid\u00e9os de Spotify sont int\u00e9gr\u00e9s sur notre site Web. Spotify peut utiliser des cookies et collecter des donn\u00e9es d&rsquo;utilisation (par ex. quels podcasts sont \u00e9cout\u00e9s).<\/p><\/div>\n        <\/div>\n          <\/div>\n<\/div>\n\n<div id=\"block-182\" class=\"pt-2 pb-2 alignfull is-layout-constrained\">\n  <div>\n            <div class=\"row gx-4 gy-4 \">\n          \n\n<div id=\"block-181\" class=\"col wp-block-yellowtree-column col-12 d-flex flex-column with-streched-height-children align-items-stretch align-items-md-stretch\">\n  <h3 id=\"block-179\" class=\"h3 text-start\">\n  <a href=\"https:\/\/hub.icf.church\" data-type=\"link\" data-id=\"https:\/\/hub.icf.church\">ICF Hub<\/a><\/h3>\n\n<p id=\"block-180\" class=\"text-start wp-block-paragraph\">\n  Les sermons, les offres, les services religieux et certaines donn\u00e9es organisationnelles telles que les liens de m\u00e9dias sociaux, l&rsquo;adresse ou les coordonn\u00e9es sont transmis de notre propre plate-forme ICF interne au site Web via une API et sont techniquement n\u00e9cessaires pour que les fonctionnalit\u00e9s de base fonctionnent.<\/p><\/div>\n        <\/div>\n          <\/div>\n<\/div>\n\n<div id=\"block-185\" class=\"pt-2 pb-2 alignfull is-layout-constrained\">\n  <div>\n            <div class=\"row gx-4 gy-4 \">\n          \n\n<div id=\"block-184\" class=\"col wp-block-yellowtree-column col-12 d-flex flex-column with-streched-height-children align-items-stretch align-items-md-stretch\">\n  <h2 id=\"block-183\" class=\"h2 text-start\">\n  \u2699\ufe0f Autres outils<\/h2>\n\n\n<ul class=\"wp-block-list\">\n<li>Google Maps: Pour des cartes interactives sur le site<\/li>\n\n\n\n<li>Algolia: Pour la fonction de recherche interne des offres, sermons et lieux<\/li>\n\n\n\n<li>Shortpixel: Optimisation de l&rsquo;image<\/li>\n\n\n\n<li>Zapier: Automatisation (par ex. transfert de donn\u00e9es entre outils)<\/li>\n\n\n\n<li>WPML (Traduction): G\u00e8re la pr\u00e9sentation multilingue du contenu<\/li>\n<\/ul><\/div>\n        <\/div>\n          <\/div>\n<\/div><\/div>\n        <\/div>\n          <\/div>\n<\/div>\n\n<div id=\"deinerechte-2\" class=\"pt-4 pb-4 alignfull is-layout-constrained\">\n  <div>\n            <div class=\"row gx-4 gy-4 \">\n          \n\n<div id=\"deinerechte-2\" class=\"col wp-block-yellowtree-column col-12 d-flex flex-column with-streched-height-children align-items-stretch align-items-md-stretch\">\n  <h2 id=\"deinerechte\" class=\"mb-4 h2 display-2 text-start\">\n  Vos droits<\/h2>\n\n<p id=\"block-186\" class=\"text-start wp-block-paragraph\">\n  La protection de vos donn\u00e9es personnelles est importante pour nous. Vous avez le droit de savoir ce qu&rsquo;il advient de vos donn\u00e9es et nous vous montrons de mani\u00e8re transparente les possibilit\u00e9s qui s&rsquo;offrent \u00e0 vous. Voici un aper\u00e7u de vos droits :<\/p>\n\n<div id=\"block-190\" class=\"pt-2 pb-2 alignfull is-layout-constrained\">\n  <div>\n            <div class=\"row gx-4 gy-4 \">\n          \n\n<div id=\"block-189\" class=\"col wp-block-yellowtree-column col-12 d-flex flex-column with-streched-height-children align-items-stretch align-items-md-stretch\">\n  <h2 id=\"block-187\" class=\"h2 text-start\">\n  \ud83d\udccb Droit \u00e0 l&rsquo;information<\/h2>\n\n<p id=\"block-188\" class=\"text-start wp-block-paragraph\">\n  Vous pouvez \u00e0 tout moment demander si et quelles donn\u00e9es personnelles nous avons stock\u00e9es \u00e0 votre sujet.<\/p><\/div>\n        <\/div>\n          <\/div>\n<\/div>\n\n<div id=\"block-194\" class=\"pt-2 pb-2 alignfull is-layout-constrained\">\n  <div>\n            <div class=\"row gx-4 gy-4 \">\n          \n\n<div id=\"block-193\" class=\"col wp-block-yellowtree-column col-12 d-flex flex-column with-streched-height-children align-items-stretch align-items-md-stretch\">\n  <h2 id=\"block-191\" class=\"h2 text-start\">\n  \u270f\ufe0f Droit de rectification<\/h2>\n\n<p id=\"block-192\" class=\"text-start wp-block-paragraph\">\n  Si quelque chose ne va pas (plus), vous pouvez demander la correction de vos donn\u00e9es.<\/p><\/div>\n        <\/div>\n          <\/div>\n<\/div>\n\n<div id=\"block-198\" class=\"pt-2 pb-2 alignfull is-layout-constrained\">\n  <div>\n            <div class=\"row gx-4 gy-4 \">\n          \n\n<div id=\"block-197\" class=\"col wp-block-yellowtree-column col-12 d-flex flex-column with-streched-height-children align-items-stretch align-items-md-stretch\">\n  <h2 id=\"block-195\" class=\"h2 text-start\">\n  \u274c Droit \u00e0 l&rsquo;effacement<\/h2>\n\n<p id=\"block-196\" class=\"text-start wp-block-paragraph\">\n  Vous avez le droit de faire supprimer vos donn\u00e9es, par ex. s&rsquo;ils ne sont plus n\u00e9cessaires \u00e0 l&rsquo;usage initial ou si vous avez r\u00e9voqu\u00e9 votre consentement.<\/p><\/div>\n        <\/div>\n          <\/div>\n<\/div>\n\n<div id=\"block-202\" class=\"pt-2 pb-2 alignfull is-layout-constrained\">\n  <div>\n            <div class=\"row gx-4 gy-4 \">\n          \n\n<div id=\"block-201\" class=\"col wp-block-yellowtree-column col-12 d-flex flex-column with-streched-height-children align-items-stretch align-items-md-stretch\">\n  <h2 id=\"block-199\" class=\"h2 text-start\">\n  \ud83e\uddef Droit de restriction<\/h2>\n\n<p id=\"block-200\" class=\"text-start wp-block-paragraph\">\n  Vous pouvez demander que nous ne traitions vos donn\u00e9es que de mani\u00e8re limit\u00e9e \u2013 par ex. lors d&rsquo;un examen ou en cas d&rsquo;opposition.<\/p><\/div>\n        <\/div>\n          <\/div>\n<\/div>\n\n<div id=\"block-206\" class=\"pt-2 pb-2 alignfull is-layout-constrained\">\n  <div>\n            <div class=\"row gx-4 gy-4 \">\n          \n\n<div id=\"block-205\" class=\"col wp-block-yellowtree-column col-12 d-flex flex-column with-streched-height-children align-items-stretch align-items-md-stretch\">\n  <h2 id=\"block-203\" class=\"h2 text-start\">\n  \ud83d\udeab Droit d&rsquo;opposition<\/h2>\n\n<p id=\"block-204\" class=\"text-start wp-block-paragraph\">\n  Vous pouvez demander que nous ne traitions vos donn\u00e9es que de mani\u00e8re limit\u00e9e \u2013 par ex. lors d&rsquo;un examen ou en cas d&rsquo;opposition.<\/p><\/div>\n        <\/div>\n          <\/div>\n<\/div>\n\n<div id=\"block-210\" class=\"pt-2 pb-2 alignfull is-layout-constrained\">\n  <div>\n            <div class=\"row gx-4 gy-4 \">\n          \n\n<div id=\"block-209\" class=\"col wp-block-yellowtree-column col-12 d-flex flex-column with-streched-height-children align-items-stretch align-items-md-stretch\">\n  <h2 id=\"block-207\" class=\"h2 text-start\">\n  \ud83d\udce4 Droit \u00e0 la portabilit\u00e9 des donn\u00e9es<\/h2>\n\n<p id=\"block-208\" class=\"text-start wp-block-paragraph\">\n  Vous pouvez demander que nous ne traitions vos donn\u00e9es que de mani\u00e8re limit\u00e9e \u2013 par ex. Lors d&rsquo;un examen ou en cas d&rsquo;opposition.<\/p><\/div>\n        <\/div>\n          <\/div>\n<\/div>\n\n<div id=\"block-214\" class=\"pt-2 pb-2 alignfull is-layout-constrained\">\n  <div>\n            <div class=\"row gx-4 gy-4 \">\n          \n\n<div id=\"block-213\" class=\"col wp-block-yellowtree-column col-12 d-flex flex-column with-streched-height-children align-items-stretch align-items-md-stretch\">\n  <h2 id=\"block-211\" class=\"h2 text-start\">\n  \ud83d\uded1 Droit de r\u00e9vocation du consentement<\/h2>\n\n<p id=\"block-212\" class=\"text-start wp-block-paragraph\">\n  Vous pouvez demander que nous ne traitions vos donn\u00e9es que de mani\u00e8re limit\u00e9e \u2013 par ex. Lors d&rsquo;un examen ou en cas d&rsquo;opposition.<\/p><\/div>\n        <\/div>\n          <\/div>\n<\/div>\n\n<div id=\"block-219\" class=\"pt-2 pb-2 alignfull is-layout-constrained\">\n  <div>\n            <div class=\"row gx-4 gy-4 \">\n          \n\n<div id=\"block-218\" class=\"col wp-block-yellowtree-column col-12 d-flex flex-column with-streched-height-children align-items-stretch align-items-md-stretch\">\n  <h2 id=\"block-215\" class=\"h2 text-start\">\n  \ud83e\uddd1\u200d\u2696\ufe0f Droit de recours aupr\u00e8s d&rsquo;une autorit\u00e9 de contr\u00f4le<\/h2>\n\n<p id=\"block-216\" class=\"text-start wp-block-paragraph\">\n  Si vous pensez que vos pr\u00e9occupations en mati\u00e8re de protection des donn\u00e9es n&rsquo;ont pas \u00e9t\u00e9 suffisamment clarifi\u00e9es, vous avez le droit de vous adresser \u00e0 l&rsquo;autorit\u00e9 de contr\u00f4le comp\u00e9tente.<\/p>\n\n<p id=\"block-217\" class=\"text-start wp-block-paragraph\">\n  <strong class=\"myprefix-text-bold\">En r\u00e8gle g\u00e9n\u00e9rale, il s&rsquo;agit de :<\/strong><\/p>\n\n\n<ul class=\"wp-block-list\">\n<li>Pour la Suisse: D\u00e9l\u00e9gu\u00e9 f\u00e9d\u00e9ral \u00e0 la protection des donn\u00e9es et \u00e0 la publicit\u00e9 (DEDB)<\/li>\n<\/ul><\/div>\n        <\/div>\n          <\/div>\n<\/div><\/div>\n        <\/div>\n          <\/div>\n<\/div>\n\n<div id=\"datenweitergabe-2\" class=\"pt-4 pb-4 alignfull is-layout-constrained\">\n  <div>\n            <div class=\"row gx-4 gy-4 \">\n          \n\n<div id=\"datenweitergabe-2\" class=\"col wp-block-yellowtree-column col-12 d-flex flex-column with-streched-height-children align-items-stretch align-items-md-stretch\">\n  <h2 id=\"datenweitergabe\" class=\"mb-4 h2 display-2 text-start\">\n  Transmission de donn\u00e9es et traitement des commandes<\/h2>\n\n<p id=\"block-220\" class=\"text-start wp-block-paragraph\">\n  En principe, nous ne transmettons pas vos donn\u00e9es personnelles \u00e0 des tiers, sauf si cela est :<\/p>\n\n\n<ul class=\"wp-block-list\">\n<li>N\u00e9cessaire \u00e0 l&rsquo;accomplissement d&rsquo;un objectif que vous connaissez et souhaitez (par ex. traitement des dons),<\/li>\n\n\n\n<li>Prescrit par la loi,<\/li>\n\n\n\n<li>Couvert par un consentement valide,<\/li>\n\n\n\n<li>Ou est effectu\u00e9e dans le cadre d&rsquo;un traitement de commande.<\/li>\n<\/ul>\n\n\n<div id=\"block-225\" class=\"pt-2 pb-2 alignfull is-layout-constrained\">\n  <div>\n            <div class=\"row gx-4 gy-4 \">\n          \n\n<div id=\"block-224\" class=\"col wp-block-yellowtree-column col-12 d-flex flex-column with-streched-height-children align-items-stretch align-items-md-stretch\">\n  <h2 id=\"block-221\" class=\"h2 text-start\">\n  \ud83e\udd1d Coop\u00e9ration avec les prestataires de services (traitement des commandes)<\/h2>\n\n<p id=\"block-222\" class=\"text-start wp-block-paragraph\">\n  Pour certains processus techniques, administratifs et de communication, nous travaillons avec des prestataires de services s\u00e9lectionn\u00e9s. Ces soi-disant \u00ab sous-traitants \u00bb agissent en notre nom et selon nos instructions \u2013 par ex. en ce qui concerne:<\/p>\n\n\n<ul class=\"wp-block-list\">\n<li>H\u00e9bergement et exploitation du site Web (par ex. DigitalOcean, Xano, Imgix)<\/li>\n\n\n\n<li>Envoi d&rsquo;e-mails (par ex. MailGun, Salesforce Account Engagement)<\/li>\n\n\n\n<li>Outils d&rsquo;analyse et de suivi (par ex. Google Analytics, Clarity, Sentry)<\/li>\n\n\n\n<li>Formulaires (par ex. B. Gravity Forms)<\/li>\n<\/ul>\n\n\n<p id=\"block-223\" class=\"text-start wp-block-paragraph\">\n  Nous avons conclu des contrats conformes \u00e0 la protection des donn\u00e9es avec tous les sous-traitants afin de garantir que vos donn\u00e9es ne sont pas prot\u00e9g\u00e9es et utilis\u00e9es \u00e0 leurs propres fins.<\/p><\/div>\n        <\/div>\n          <\/div>\n<\/div>\n\n<div id=\"block-229\" class=\"pt-2 pb-2 alignfull is-layout-constrained\">\n  <div>\n            <div class=\"row gx-4 gy-4 \">\n          \n\n<div id=\"block-228\" class=\"col wp-block-yellowtree-column col-12 d-flex flex-column with-streched-height-children align-items-stretch align-items-md-stretch\">\n  <h2 id=\"block-226\" class=\"h2 text-start\">\n  \ud83c\udf0d Transmission vers des pays tiers<\/h2>\n\n<p id=\"block-227\" class=\"text-start wp-block-paragraph\">\n  Certains de nos prestataires de services sont bas\u00e9s en dehors de la Suisse ou de l&rsquo;UE (par ex. aux \u00c9tats-Unis). Dans de tels cas, nous veillons \u00e0 ce qu&rsquo;il existe un niveau ad\u00e9quat de protection des donn\u00e9es, par ex par:<\/p>\n\n\n<ul class=\"wp-block-list\">\n<li>Clauses contractuelles types de la Commission europ\u00e9enne,<\/li>\n\n\n\n<li>D\u00e9cisions d&rsquo;ad\u00e9quation (pour des pays comme la Suisse),<\/li>\n\n\n\n<li>Ou des mesures techniques suppl\u00e9mentaires<\/li>\n<\/ul><\/div>\n        <\/div>\n          <\/div>\n<\/div><\/div>\n        <\/div>\n          <\/div>\n<\/div>\n\n<div id=\"speicherdauer-2\" class=\"pt-4 pb-4 alignfull is-layout-constrained\">\n  <div>\n            <div class=\"row gx-4 gy-4 \">\n          \n\n<div id=\"speicherdauer-2\" class=\"col wp-block-yellowtree-column col-12 d-flex flex-column with-streched-height-children align-items-stretch align-items-md-stretch\">\n  <h2 id=\"speicherdauer\" class=\"mb-4 h2 display-2 text-start\">\n  Dur\u00e9e de conservation<\/h2>\n\n<p id=\"block-230\" class=\"text-start wp-block-paragraph\">\n  Nous conservons les donn\u00e9es personnelles aussi longtemps que n\u00e9cessaire \u00e0 l&rsquo;usage respectif \u2013 ou comme l&rsquo;exige la loi.<\/p>\n\n<div id=\"block-233\" class=\"pt-2 pb-2 alignfull is-layout-constrained\">\n  <div>\n            <div class=\"row gx-4 gy-4 \">\n          \n\n<div id=\"block-232\" class=\"col wp-block-yellowtree-column col-12 d-flex flex-column with-streched-height-children align-items-stretch align-items-md-stretch\">\n  <h2 id=\"block-231\" class=\"h2 text-start\">\n  \ud83d\udd04 Principes g\u00e9n\u00e9raux<\/h2>\n\n\n<ul class=\"wp-block-list\">\n<li class=\"has-text-color has-link-color has-medium-font-size wp-elements-614bf69002125c5366aa0e12875f2bfe\" style=\"color:var(--wp--preset--color--)\">Les demandes de contact sont enregistr\u00e9es pendant un maximum de 2 ans (\u00e0 des fins de suivi et d&rsquo;analyse interne), \u00e0 moins qu&rsquo;aucune demande de suppression ne soit re\u00e7ue, qu&rsquo;il n&rsquo;y ait pas d&rsquo;int\u00e9r\u00eat l\u00e9gitime de suppression ou qu&rsquo;il n&rsquo;y ait pas d&rsquo;obligation l\u00e9gale de conservation.<\/li>\n\n\n\n<li>Nous conservons les donn\u00e9es de la newsletter jusqu&rsquo;\u00e0 ce que vous vous d\u00e9sinscriviez ou que vous r\u00e9voquez votre consentement.<\/li>\n\n\n\n<li>Les donn\u00e9es des donateurs sont soumises \u00e0 des obligations de conservation fiscale en Suisse et dans l&rsquo;UE (g\u00e9n\u00e9ralement 10 ans).<\/li>\n\n\n\n<li>Donn\u00e9es de suivi (par ex. Via Google Analytics) sont stock\u00e9s et conserv\u00e9s de mani\u00e8re anonyme afin de comprendre les d\u00e9veloppements \u00e0 long terme afin d&rsquo;am\u00e9liorer le site web d&rsquo;ICF<\/li>\n<\/ul><\/div>\n        <\/div>\n          <\/div>\n<\/div>\n\n<div id=\"block-237\" class=\"pt-2 pb-2 alignfull is-layout-constrained\">\n  <div>\n            <div class=\"row gx-4 gy-4 \">\n          \n\n<div id=\"block-236\" class=\"col wp-block-yellowtree-column col-12 d-flex flex-column with-streched-height-children align-items-stretch align-items-md-stretch\">\n  <h2 id=\"block-234\" class=\"h2 text-start\">\n  \ud83d\udccc Qu&rsquo;est-ce que cela signifie pour vous ?<\/h2>\n\n<p id=\"block-235\" class=\"text-start wp-block-paragraph\">\n  Nous respectons les d\u00e9lais l\u00e9gaux et v\u00e9rifions r\u00e9guli\u00e8rement quelles donn\u00e9es peuvent \u00eatre supprim\u00e9es ou rendues anonymes.<\/p><\/div>\n        <\/div>\n          <\/div>\n<\/div><\/div>\n        <\/div>\n          <\/div>\n<\/div>\n\n<div id=\"daten\u00fcbermittlung-2\" class=\"pt-4 pb-4 alignfull is-layout-constrained\">\n  <div>\n            <div class=\"row gx-4 gy-4 \">\n          \n\n<div id=\"daten\u00fcbermittlung-2\" class=\"col wp-block-yellowtree-column col-12 d-flex flex-column with-streched-height-children align-items-stretch align-items-md-stretch\">\n  <h2 id=\"daten\u00fcbermittlung\" class=\"mb-4 h2 display-2 text-start\">\n  Transmission internationale de donn\u00e9es<\/h2>\n\n<p id=\"block-238\" class=\"text-start wp-block-paragraph\">\n  Certains des services que nous utilisons (par ex. pour l&rsquo;h\u00e9bergement, la newsletter, l&rsquo;analyse) ont leur si\u00e8ge ou traitent des donn\u00e9es dans des pays en dehors de la Suisse, de l&rsquo;Allemagne ou de l&rsquo;Autriche, en particulier aux \u00c9tats-Unis.<\/p>\n\n<div id=\"block-244\" class=\"pt-2 pb-2 alignfull is-layout-constrained\">\n  <div>\n            <div class=\"row gx-4 gy-4 \">\n          \n\n<div id=\"block-243\" class=\"col wp-block-yellowtree-column col-12 d-flex flex-column with-streched-height-children align-items-stretch align-items-md-stretch\">\n  <h2 id=\"block-239\" class=\"h2 text-start\">\n  \ud83c\udf0d Qu&rsquo;est-ce que cela signifie concr\u00e8tement ?<\/h2>\n\n<p id=\"block-240\" class=\"fs-base text-start wp-block-paragraph\">\n  Si des donn\u00e9es personnelles sont transf\u00e9r\u00e9es vers des pays o\u00f9 il n&rsquo;existe pas de niveau de protection des donn\u00e9es \u00e9quivalent \u00e0 celui de la Suisse ou de l&rsquo;UE, nous veillons \u00e0 ce que vos donn\u00e9es soient n\u00e9anmoins bien prot\u00e9g\u00e9es.<\/p>\n\n<p id=\"block-241\" class=\"fs-base text-start wp-block-paragraph\">\n  <strong class=\"myprefix-text-bold\">C&rsquo;est ce que nous r\u00e9alisons par ex. par:<\/strong><\/p>\n\n\n<ul class=\"wp-block-list\">\n<li>Clauses contractuelles types de l&rsquo;UE (SCC) de la Commission europ\u00e9enne<\/li>\n\n\n\n<li>D\u00e9cisions d&rsquo;ad\u00e9quation (y compris EU\/CH-US Data Privacy Framework)<\/li>\n<\/ul>\n\n\n<p id=\"block-242\" class=\"fs-base text-start wp-block-paragraph\">\n  <strong class=\"myprefix-text-bold\">Mesures techniques\/organisationnelles suppl\u00e9mentaires<\/strong>, comme le cryptage ou les restrictions d&rsquo;acc\u00e8s strictes<\/p><\/div>\n        <\/div>\n          <\/div>\n<\/div>\n\n<div id=\"block-249\" class=\"pt-2 pb-2 alignfull is-layout-constrained\">\n  <div>\n            <div class=\"row gx-4 gy-4 \">\n          \n\n<div id=\"block-248\" class=\"col wp-block-yellowtree-column col-12 d-flex flex-column with-streched-height-children align-items-stretch align-items-md-stretch\">\n  <h2 id=\"block-245\" class=\"h2 text-start\">\n  \ud83c\uddfa\ud83c\uddf8 Exemple: USA<\/h2>\n\n<p id=\"block-246\" class=\"text-start wp-block-paragraph\">\n  Certains de nos prestataires de services (par ex. Google, Meta, MailGun, Vimeo) ont leur si\u00e8ge aux \u00c9tats-Unis. Ces fournisseurs ont partiellement adh\u00e9r\u00e9 au <strong class=\"myprefix-text-bold\">Data Privacy Framework (DPF)<\/strong>, qui vise \u00e0 garantir un niveau comparable de protection des donn\u00e9es entre l&rsquo;UE\/Suisse et les \u00c9tats-Unis.<\/p>\n\n<p id=\"block-247\" class=\"text-start wp-block-paragraph\">\n  Si ce n&rsquo;est pas le cas, nous utilisons les <strong class=\"myprefix-text-bold\">clauses contractuelles types de l&rsquo;UE<\/strong> comme base juridique.<\/p><\/div>\n        <\/div>\n          <\/div>\n<\/div><\/div>\n        <\/div>\n          <\/div>\n<\/div>\n\n<div id=\"sicherheit-2\" class=\"pt-4 pb-4 alignfull is-layout-constrained\">\n  <div>\n            <div class=\"row gx-4 gy-4 \">\n          \n\n<div id=\"sicherheit-2\" class=\"col wp-block-yellowtree-column col-12 d-flex flex-column with-streched-height-children align-items-stretch align-items-md-stretch\">\n  <h2 id=\"sicherheit\" class=\"mb-4 h2 display-2 text-start\">\n  S\u00e9curit\u00e9<\/h2>\n\n<p id=\"block-250\" class=\"text-start wp-block-paragraph\">\n  La protection de vos donn\u00e9es est importante pour nous. C&rsquo;est pourquoi nous utilisons des mesures de s\u00e9curit\u00e9 compl\u00e8tes pour les prot\u00e9ger de mani\u00e8re fiable contre la perte, l&rsquo;utilisation abusive ou l&rsquo;acc\u00e8s non autoris\u00e9.<\/p>\n\n<div id=\"block-254\" class=\"pt-2 pb-2 alignfull is-layout-constrained\">\n  <div>\n            <div class=\"row gx-4 gy-4 \">\n          \n\n<div id=\"block-253\" class=\"col wp-block-yellowtree-column col-12 d-flex flex-column with-streched-height-children align-items-stretch align-items-md-stretch\">\n  <h2 id=\"block-251\" class=\"h2 text-start\">\n  \ud83d\udd10 Mesures techniques et organisationnelles<\/h2>\n\n<p id=\"block-252\" class=\"fs-base text-start wp-block-paragraph\">\n  Nous utilisons des mesures de s\u00e9curit\u00e9 techniques et organisationnelles pour prot\u00e9ger vos donn\u00e9es contre la perte, l&rsquo;utilisation abusive, l&rsquo;acc\u00e8s non autoris\u00e9 ou la divulgation. Il s&rsquo;agit notamment de:<\/p>\n\n\n<ul class=\"wp-block-list\">\n<li>S\u00e9lection et contr\u00f4le minutieux des prestataires de services<\/li>\n\n\n\n<li>Cryptage des connexions (SSL\/TLS), reconnaissable au \u201chttps:\/\/\u201d dans la barre d&rsquo;adresse du navigateur<\/li>\n\n\n\n<li>Restrictions d&rsquo;acc\u00e8s \u00e0 nos syst\u00e8mes<\/li>\n\n\n\n<li>Mises \u00e0 jour r\u00e9guli\u00e8res de s\u00e9curit\u00e9 et de logiciels<\/li>\n\n\n\n<li>Politiques de mots de passe s\u00e9curis\u00e9s et authentification \u00e0 deux facteurs (interne)<\/li>\n<\/ul><\/div>\n        <\/div>\n          <\/div>\n<\/div>\n\n<div id=\"block-258\" class=\"pt-2 pb-2 alignfull is-layout-constrained\">\n  <div>\n            <div class=\"row gx-4 gy-4 \">\n          \n\n<div id=\"block-257\" class=\"col wp-block-yellowtree-column col-12 d-flex flex-column with-streched-height-children align-items-stretch align-items-md-stretch\">\n  <h2 id=\"block-255\" class=\"h2 text-start\">\n  \ud83d\udee1\ufe0f Ce que vous devez savoir<\/h2>\n\n<p id=\"block-256\" class=\"text-start wp-block-paragraph\">\n  Aucun syst\u00e8me num\u00e9rique n&rsquo;est s\u00fbr \u00e0 100 %. Mais nous faisons tout notre possible pour assurer un haut niveau de protection \u2013 et nous r\u00e9agissons imm\u00e9diatement lorsqu&rsquo;il y a lieu de s&rsquo;inqui\u00e9ter. Si vous remarquez quelque chose, n&rsquo;h\u00e9sitez pas \u00e0 nous contacter. Nous prenons vos remarques au s\u00e9rieux. Malgr\u00e9 des mesures techniques et organisationnelles minutieuses, la transmission de donn\u00e9es sur Internet (par ex. lors de l&rsquo;utilisation de services tiers), un risque r\u00e9siduel ne peut jamais \u00eatre totalement exclu.<\/p><\/div>\n        <\/div>\n          <\/div>\n<\/div><\/div>\n        <\/div>\n          <\/div>\n<\/div>\n\n<div id=\"rechtsgrundlagen-2\" class=\"pt-4 pb-4 alignfull is-layout-constrained\">\n  <div>\n            <div class=\"row gx-4 gy-4 \">\n          \n\n<div id=\"rechtsgrundlagen-2\" class=\"col wp-block-yellowtree-column col-12 d-flex flex-column with-streched-height-children align-items-stretch align-items-md-stretch\">\n  <h2 id=\"rechtsgrundlagen\" class=\"mb-4 h2 display-2 text-start\">\n  Bases juridiques du traitement des donn\u00e9es et champ d&rsquo;application<\/h2>\n\n<p id=\"block-259\" class=\"text-start wp-block-paragraph\">\n  Cette d\u00e9claration de protection des donn\u00e9es est bas\u00e9e sur les exigences du r\u00e8glement g\u00e9n\u00e9ral sur la protection des donn\u00e9es (RGPD), de la loi suisse sur la protection des donn\u00e9es (revDSG) et de la loi autrichienne sur la protection des donn\u00e9es.<\/p>\n\n<p id=\"block-260\" class=\"text-start wp-block-paragraph\">\n  Notre traitement des donn\u00e9es est bas\u00e9 sur les bases l\u00e9gales applicables. Selon le pays dans lequel vous acc\u00e9dez \u00e0 nos offres, des normes juridiques diff\u00e9rentes s&rsquo;appliquent.<\/p>\n\n<div id=\"block-264\" class=\"pt-2 pb-2 alignfull is-layout-constrained\">\n  <div>\n            <div class=\"row gx-4 gy-4 \">\n          \n\n<div id=\"block-263\" class=\"col wp-block-yellowtree-column col-12 d-flex flex-column with-streched-height-children align-items-stretch align-items-md-stretch\">\n  <h2 id=\"block-261\" class=\"h2 text-start\">\n  \ud83c\udde8\ud83c\udded Suisse<\/h2>\n\n<p id=\"block-262\" class=\"fs-base text-start wp-block-paragraph\">\n  Le traitement est effectu\u00e9 conform\u00e9ment au principe de bonne foi conform\u00e9ment \u00e0 l&rsquo;article 31, paragraphe 1, de la loi sur le droit et sur le respect des principes de proportionnalit\u00e9, d&rsquo;affectation et de s\u00e9curit\u00e9 des donn\u00e9es (art. 6 revDSG).<\/p><\/div>\n        <\/div>\n          <\/div>\n<\/div>\n\n<div id=\"block-270\" class=\"pt-2 pb-2 alignfull is-layout-constrained\">\n  <div>\n            <div class=\"row gx-4 gy-4 \">\n          \n\n<div id=\"block-269\" class=\"col wp-block-yellowtree-column col-12 d-flex flex-column with-streched-height-children align-items-stretch align-items-md-stretch\">\n  <h2 id=\"block-265\" class=\"h2 text-start\">\n  \ud83c\uddea\ud83c\uddfa Union europ\u00e9enne<\/h2>\n\n<p id=\"block-266\" class=\"text-start wp-block-paragraph\">\n  Le traitement des donn\u00e9es est bas\u00e9 sur les bases juridiques pertinentes du RGPD, en particulier :<\/p>\n\n\n<ul class=\"wp-block-list\">\n<li>Art. 6 al. 1 let. a DSGVO \u2013 Consentement<\/li>\n\n\n\n<li>Art. 6 al. 1 let. b DSGVO \u2013 Ex\u00e9cution du contrat ou Mise en \u0153uvre de mesures pr\u00e9contractuelles<\/li>\n\n\n\n<li>Art. 6 al. 1 let. c DSGVO \u2013 Obligation l\u00e9gale<\/li>\n\n\n\n<li>Art. 6 al. 1 let. f DSGVO \u2013 Int\u00e9r\u00eat l\u00e9gitime (par ex. notre int\u00e9r\u00eat pour l&rsquo;analyse du comportement des utilisateurs afin d&rsquo;am\u00e9liorer notre site web ou de fournir la s\u00e9curit\u00e9 informatique)<\/li>\n\n\n\n<li>Art. 9 al. 2 DSGVO \u2013 Traitement de cat\u00e9gories particuli\u00e8res de donn\u00e9es \u00e0 caract\u00e8re personnel (par ex. dans le contexte des dons)<\/li>\n<\/ul>\n\n\n<p id=\"block-267\" class=\"text-start wp-block-paragraph\">\n  La base juridique pertinente est indiqu\u00e9e, le cas \u00e9ch\u00e9ant, dans les sections respectives ou d\u00e9pend de la finalit\u00e9 concr\u00e8te du traitement.<\/p>\n\n<p id=\"block-268\" class=\"text-start wp-block-paragraph\">\n  Pour les utilisateurs en dehors de ces juridictions \u2013 par ex. \u00c9tats-Unis (CCPA), Br\u00e9sil (LGPD), Royaume-Uni \u2013 des droits suppl\u00e9mentaires peuvent s&rsquo;appliquer. Si vous acc\u00e9dez \u00e0 nos offres depuis un autre pays, nous vous recommandons de vous familiariser avec la politique de confidentialit\u00e9 locale.<\/p><\/div>\n        <\/div>\n          <\/div>\n<\/div><\/div>\n        <\/div>\n          <\/div>\n<\/div>\n\n<div id=\"kontakt-2\" class=\"pt-4 pb-4 alignfull is-layout-constrained\">\n  <div>\n            <div class=\"row gx-4 gy-4 \">\n          \n\n<div id=\"kontakt-2\" class=\"col wp-block-yellowtree-column col-12 d-flex flex-column with-streched-height-children align-items-stretch align-items-md-stretch\">\n  <h2 id=\"kontakt\" class=\"mb-4 h2 display-2 text-start\">\n  Contact pour les pr\u00e9occupations en mati\u00e8re de protection des donn\u00e9es<\/h2>\n\n<p id=\"block-271\" class=\"text-start wp-block-paragraph\">\n  Si vous avez des questions sur la protection des donn\u00e9es ou si vous souhaitez exercer vos droits (par ex. informations, suppression, r\u00e9vocation), alors n&rsquo;h\u00e9sitez pas \u00e0 nous contacter.<\/p>\n\n<div id=\"block-276\" class=\"pt-2 pb-2 alignfull is-layout-constrained\">\n  <div>\n            <div class=\"row gx-4 gy-4 \">\n          \n\n<div id=\"block-275\" class=\"col wp-block-yellowtree-column col-12 d-flex flex-column with-streched-height-children align-items-stretch align-items-md-stretch\">\n  <h2 id=\"block-272\" class=\"h2 text-start\">\n  Contact<\/h2>\n\n<p id=\"block-273\" class=\"wp-elements-8d65747cbff40575cc0ead5e1020fb30 fs-base text-start wp-block-paragraph\">\n  <strong class=\"myprefix-text-bold\">ICF Bulle<br>La C\u00f4te \u00e0 Bonheur 50<br>1643 Pont-en-Ogoz<br>Suisse<\/strong><br><strong class=\"myprefix-text-bold\">info@icf-bulle.ch<\/strong><\/p>\n\n<p id=\"block-274\" class=\"text-start wp-block-paragraph\">\n  Nous r\u00e9pondons \u00e0 votre demande dans les plus brefs d\u00e9lais &#8211; et dans tous les cas dans le d\u00e9lai pr\u00e9vu par la loi (obligations de d\u00e9claration et de notification conform\u00e9ment \u00e0 l&rsquo;article 33\/34 du RGPD ou revDSG).<\/p><\/div>\n        <\/div>\n          <\/div>\n<\/div><\/div>\n        <\/div>\n          <\/div>\n<\/div>\n\n<div id=\"\u00e4nderungen-2\" class=\"pt-4 pb-4 alignfull is-layout-constrained\">\n  <div>\n            <div class=\"row gx-4 gy-4 \">\n          \n\n<div id=\"\u00e4nderungen-2\" class=\"col wp-block-yellowtree-column col-12 d-flex flex-column with-streched-height-children align-items-stretch align-items-md-stretch\">\n  <h2 id=\"\u00e4nderungen\" class=\"mb-4 h2 display-2 text-start\">\n  Modifications<\/h2>\n\n<p id=\"block-277\" class=\"text-start wp-block-paragraph\">\n  Nous r\u00e9visons r\u00e9guli\u00e8rement notre politique de confidentialit\u00e9 et l&rsquo;adaptons si n\u00e9cessaire aux nouvelles exigences l\u00e9gales (par ex. par des arr\u00eats de la CJUE, de nouvelles lois telles que l&rsquo;AI Act ou des modifications de la revDSG) ou des modifications techniques. Vous pouvez trouver la version actuelle \u00e0 tout moment sur notre site Web.<\/p>\n\n<p id=\"block-278\" class=\"wp-elements-c1940bebb8f6a73a856e4b9e691bc6ac text-start wp-block-paragraph\">\n  <strong class=\"myprefix-text-bold\">Derni\u00e8re mise \u00e0 jour: Version 1.1 &#8211; Octobre 2025<\/strong><\/p>\n\n<div id=\"block-280\" class=\"pt-2 pb-2 alignfull is-layout-constrained\">\n  <div>\n            <div class=\"row gx-4 gy-4 \">\n          \n\n<div id=\"block-279\" class=\"col wp-block-yellowtree-column col-12 d-flex flex-column with-streched-height-children align-items-stretch align-items-md-stretch\">\n  <\/div>\n        <\/div>\n          <\/div>\n<\/div><\/div>\n        <\/div>\n          <\/div>\n<\/div>","protected":false},"excerpt":{"rendered":"","protected":false},"author":146,"featured_media":0,"parent":0,"menu_order":12,"comment_status":"closed","ping_status":"closed","template":"","meta":{"_acf_changed":false,"_seopress_titles_title":"","_seopress_titles_desc":"","_seopress_robots_index":"","_seopress_robots_follow":"","_seopress_robots_imageindex":"","_seopress_robots_snippet":"","_seopress_robots_primary_cat":"","_seopress_robots_breadcrumbs":"","_seopress_robots_freeze_modified_date":"","_seopress_robots_custom_modified_date":"","_seopress_robots_canonical":"","_seopress_social_fb_title":"","_seopress_social_fb_desc":"","_seopress_social_fb_img":"","_seopress_social_fb_img_attachment_id":0,"_seopress_social_fb_img_width":0,"_seopress_social_fb_img_height":0,"_seopress_social_twitter_title":"","_seopress_social_twitter_desc":"","_seopress_social_twitter_img":"","_seopress_social_twitter_img_attachment_id":0,"_seopress_social_twitter_img_width":0,"_seopress_social_twitter_img_height":0,"_seopress_redirections_value":"","_seopress_redirections_enabled":"","_seopress_redirections_enabled_regex":"","_seopress_redirections_logged_status":"both","_seopress_redirections_param":"","_seopress_redirections_type":301,"_seopress_analysis_target_kw":"","_seopress_news_disabled":"","_seopress_video_disabled":"","_seopress_video":[{"url":"","title":"","desc":"","thumbnail":"","duration":"","rating":"","view_count":"","tag":""}],"_seopress_pro_schemas_manual":[],"_seopress_pro_rich_snippets_disable_all":"","_seopress_pro_rich_snippets_disable":[],"_seopress_pro_schemas":[],"yt_custom_styles_scss":"","yt_custom_styles_rounded_corners":false,"yt_custom_styles_color_scheme":"","footnotes":""},"class_list":["post-1366","page","type-page","status-publish","hentry"],"acf":[],"_links":{"self":[{"href":"https:\/\/icf.church\/bulle\/fr\/wp-json\/wp\/v2\/pages\/1366","targetHints":{"allow":["GET"]}}],"collection":[{"href":"https:\/\/icf.church\/bulle\/fr\/wp-json\/wp\/v2\/pages"}],"about":[{"href":"https:\/\/icf.church\/bulle\/fr\/wp-json\/wp\/v2\/types\/page"}],"author":[{"embeddable":true,"href":"https:\/\/icf.church\/bulle\/fr\/wp-json\/wp\/v2\/users\/146"}],"replies":[{"embeddable":true,"href":"https:\/\/icf.church\/bulle\/fr\/wp-json\/wp\/v2\/comments?post=1366"}],"version-history":[{"count":11,"href":"https:\/\/icf.church\/bulle\/fr\/wp-json\/wp\/v2\/pages\/1366\/revisions"}],"predecessor-version":[{"id":1398,"href":"https:\/\/icf.church\/bulle\/fr\/wp-json\/wp\/v2\/pages\/1366\/revisions\/1398"}],"wp:attachment":[{"href":"https:\/\/icf.church\/bulle\/fr\/wp-json\/wp\/v2\/media?parent=1366"}],"curies":[{"name":"wp","href":"https:\/\/api.w.org\/{rel}","templated":true}]}}