{"id":2381,"date":"2025-12-11T17:54:19","date_gmt":"2025-12-11T16:54:19","guid":{"rendered":"https:\/\/new.icf.church\/?page_id=2381"},"modified":"2026-08-31T16:18:35","modified_gmt":"2026-08-31T14:18:35","slug":"experience","status":"publish","type":"page","link":"https:\/\/icf.church\/de\/experience\/","title":{"rendered":"ICF Experience"},"content":{"rendered":"\n<div id=\"block-3\" class=\"is-style-default wp-block-yellowtree-hero-stage\">\n    <div class=\"hero-stage \">\n        \n\n<div id=\"block-2\" class=\"hero-stage-content\">\n    <div class=\"hero-stage-content__background\">\n        <div class=\"overlay-black-25 h-100\">\n                            <img fetchpriority=\"high\" decoding=\"async\" width=\"1800\" height=\"650\" src=\"https:\/\/icf.church\/wp-content\/uploads\/2026\/01\/website_header-experience.jpg\" class=\"hero-stage-media\" alt=\"Gruppe von Menschen im Freien, die ein Smartphone betrachten, im Hintergrund weitere Personen.\" style=\"object-position: 50% 50%;\" aria-hidden=\"true\" loading=\"eager\" srcset=\"https:\/\/icf.church\/wp-content\/uploads\/2026\/01\/website_header-experience.jpg 1800w, https:\/\/icf.church\/wp-content\/uploads\/2026\/01\/website_header-experience-300x108.jpg 300w, https:\/\/icf.church\/wp-content\/uploads\/2026\/01\/website_header-experience-1024x370.jpg 1024w, https:\/\/icf.church\/wp-content\/uploads\/2026\/01\/website_header-experience-768x277.jpg 768w, https:\/\/icf.church\/wp-content\/uploads\/2026\/01\/website_header-experience-1536x555.jpg 1536w\" sizes=\"(max-width: 1800px) 100vw, 1800px\" \/>                    <\/div>\n        <div class=\"hero-stage-gradient\"><\/div>\n    <\/div>\n    <div class=\"hero-stage-content__foreground is-layout-constrained\">\n        <h1 id=\"block-1\" class=\"display-1 text-center\">\n    <\/h1>    <\/div>\n<\/div>\n    <\/div>\n<\/div>\n\n<div id=\"block-8\" class=\"pt-6 pb-2 alignfull is-layout-constrained\">\n  <div>\n            <div class=\"row gx-4 gy-4 \">\n          \n\n<div id=\"block-7\" class=\"col wp-block-yellowtree-column col-12 d-flex flex-column with-streched-height-children align-items-stretch align-items-md-stretch\">\n  <h2 id=\"block-4\" class=\"h2 display-2 text-center\">\n  ICF EXPERIENCE<\/h2>\n\n<h2 id=\"block-5\" class=\"h2 text-center\">\n  UNSER BOOT CAMP F\u00dcR<br>NEUE ICF KEY PEOPLE<\/h2>\n\n<h3 id=\"block-6\" class=\"h3 text-center\">\n  Datum: noch offen<\/h3><\/div>\n        <\/div>\n          <\/div>\n<\/div>\n\n<div id=\"block-19\" class=\"pt-6 alignfull is-layout-constrained\">\n  <div>\n            <div class=\"row gx-4 gy-4 \">\n          \n\n<div id=\"block-18\" class=\"col wp-block-yellowtree-column col-12 d-flex flex-column with-streched-height-children align-items-stretch align-items-md-stretch\">\n  <h3 id=\"block-9\" class=\"h3 display-3 text-center\">\n  DEINE EINLADUNG<\/h3>\n\n<h3 id=\"block-10\" class=\"h3 text-center\">\n  Tauche ein in die ICF DNA. Erlebe \u201eAha-Momente\u201c.<br>Werde ausger\u00fcstet um deine Kirche zu bauen.<\/h3>\n\n<p id=\"block-11\" class=\"fs-base text-center wp-block-paragraph\">\n  Die ICF Experience ist unser j\u00e4hrliches Bootcamp f\u00fcr neue ICF Key People. Der Fokus liegt auf ICF Startup Teams, gr\u00f6sseren Micro Churches und neuen Key People aus bestehenden ICFs. An der ICF Experience tauchst du und dein Team in die ICF Kultur und DNA ein. Ihr erlebt \u201eAha-Momente\u201c und werdet ausger\u00fcstet, um eure lokale Kirche zu bauen. Ihr entdeckt das \u201cWhy behind the What\u201c und erlebt, wie sich eine ICF Kirche anf\u00fchlt.<\/p>\n\n<p id=\"block-12\" class=\"text-center wp-block-paragraph\">\n  Das Programm wird vom <a href=\"https:\/\/icf.church\/movement\/\">ICF Movement<\/a>, <a href=\"https:\/\/icf.church\/zuerich\" data-type=\"link\" data-id=\"https:\/\/icf.church\/zuerich\" target=\"_blank\" rel=\"noopener\">ICF Z\u00fcrich<\/a> und <a href=\"https:\/\/icf.church\/college\" data-type=\"link\" data-id=\"https:\/\/icf.church\/college\" target=\"_blank\" rel=\"noopener\">ICF College<\/a> aus veranstaltet. Es erwarten dich inspirierende Teachings unserer besten Leaders, Learning Communities, Talks, Fun Times und ermutigende Gemeinschaft. Dieses intensive Training r\u00fcstet dich aus f\u00fcr das spannende Abenteuer, Gottes Kirche zu bauen!<\/p>\n\n<p id=\"block-13\" class=\"text-center wp-block-paragraph\">\n  Wir freuen uns dich zu sehen!<\/p>\n\n<p id=\"block-14\" class=\"text-center wp-block-paragraph\">\n  __<\/p>\n\n<p id=\"block-15\" class=\"text-center wp-block-paragraph\">\n  <strong class=\"myprefix-text-bold\">Die ICF Experience ist All-Inclusive: Unterkunft, Verpflegung und Transport werden f\u00fcr dich organisiert.<\/strong><\/p>\n\n<p id=\"block-16\" class=\"text-center wp-block-paragraph\">\n  <strong class=\"myprefix-text-bold\">BEGRENZTE ANZAHL PL\u00c4TZE!<\/strong><\/p>\n\n<p id=\"block-17\" class=\"text-center wp-block-paragraph\">\n  <strong>__<\/strong><\/p><\/div>\n        <\/div>\n          <\/div>\n<\/div>\n\n<div id=\"block-22\" class=\"pt-6 pb-6 alignfull is-layout-constrained\">\n  <div>\n            <div class=\"row gx-4 gy-4 \">\n          \n\n<div id=\"block-21\" class=\"col wp-block-yellowtree-column col-12 d-flex flex-column with-streched-height-children align-items-stretch align-items-md-stretch\">\n  <div class=\"mw-100\">\n      <figure id=\"block-20\">\n      <div class=\"img-wrap\" style=\"width:1500px;height:400px;max-width:100%\">\n        <img decoding=\"async\" src=\"https:\/\/icf.church\/wp-content\/uploads\/2026\/01\/icfexperience_bild1-1024x370.jpg\" alt=\"\" loading=\"lazy\" title=\"\" class=\"img-fluid w-100 h-100 rounded object-fit-cover\" style=\"object-position: center center\">\n      <\/div>\n          <\/figure>\n    <\/div><\/div>\n        <\/div>\n          <\/div>\n<\/div>\n\n<div id=\"block-25\" class=\"pt-4 pb-2 alignfull is-layout-constrained\">\n  <div>\n            <div class=\"row gx-4 gy-4 \">\n          \n\n<div id=\"block-24\" class=\"col wp-block-yellowtree-column col-12 d-flex flex-column with-streched-height-children align-items-stretch align-items-md-stretch\">\n  <h3 id=\"block-23\" class=\"h3 display-3 text-center\">\n  SPEAKERS &amp; HOSTS<\/h3><\/div>\n        <\/div>\n          <\/div>\n<\/div>\n\n<div id=\"block-28\" class=\"pt-2 pb-2 alignfull is-layout-constrained\">\n  <div>\n            <div class=\"row gx-4 gy-4 \">\n          \n\n<div id=\"block-27\" class=\"col wp-block-yellowtree-column col-12 d-flex flex-column with-streched-height-children align-items-stretch align-items-md-stretch\">\n  <p id=\"block-26\" class=\"text-center wp-block-paragraph\">\n  Pastoren und Key Leader aus dem ICF Movement<\/p><\/div>\n        <\/div>\n          <\/div>\n<\/div>\n\n<div id=\"block-31\" class=\"pt-6 pb-6 alignfull is-layout-constrained\">\n  <div>\n            <div class=\"row gx-4 gy-4 \">\n          \n\n<div id=\"block-30\" class=\"col wp-block-yellowtree-column col-12 d-flex flex-column with-streched-height-children align-items-stretch align-items-md-stretch\">\n  <div class=\"mw-100\">\n      <figure id=\"block-29\" class=\"is-style-rounded\">\n      <div class=\"img-wrap\" style=\"width:1500px;height:400px;max-width:100%\">\n        <img decoding=\"async\" src=\"https:\/\/icf.church\/wp-content\/uploads\/2026\/01\/icfexperience_bild2-1024x370.jpg\" alt=\"\" loading=\"lazy\" title=\"\" class=\"img-fluid w-100 h-100 rounded object-fit-cover\" style=\"object-position: center center\">\n      <\/div>\n          <\/figure>\n    <\/div><\/div>\n        <\/div>\n          <\/div>\n<\/div>\n\n<div id=\"block-34\" class=\"pt-4 pb-2 alignfull is-layout-constrained\">\n  <div>\n            <div class=\"row gx-4 gy-4 \">\n          \n\n<div id=\"block-33\" class=\"col wp-block-yellowtree-column col-12 d-flex flex-column with-streched-height-children align-items-stretch align-items-md-stretch\">\n  <h3 id=\"block-32\" class=\"h3 display-3 text-center\">\n  WAS DICH ERWARTET<\/h3><\/div>\n        <\/div>\n          <\/div>\n<\/div>\n\n<div id=\"block-38\" class=\"pt-2 pb-2 alignfull is-layout-constrained\">\n  <div>\n            <div class=\"row gx-4 gy-4 \">\n          \n\n<div id=\"block-37\" class=\"col wp-block-yellowtree-column col-12 d-flex flex-column with-streched-height-children align-items-stretch align-items-md-stretch\">\n  <p id=\"block-35\" class=\"fs-base text-center wp-block-paragraph\">\n  Eine HANDS-ON Teambuilding Experience mit einer lebendigen Mischung aus praktischen Inputs und Austausch mit ICF Key Leaders und Pastors. Zudem inspirierende Gespr\u00e4che, Learning Communities, Coaching Sessions, Spass, ermutigende Gemeinschaft und kraftvolle Gottesbegegnungen!<\/p>\n\n<p id=\"block-36\" class=\"fs-base text-center wp-block-paragraph\">\n  Die Start Session der ICF Experience findet w\u00e4hrend dem letzten Break am Freitag an der <a href=\"https:\/\/icf.church\/conference\" data-type=\"link\" data-id=\"https:\/\/icf.church\/conference\" target=\"_blank\" rel=\"noopener\">ICF Conference<\/a> statt. Die weiteren Sessions finden am Samstag und Sonntag direkt anschliessend an die ICF Conference statt.<\/p><\/div>\n        <\/div>\n          <\/div>\n<\/div>\n\n<div id=\"block-41\" class=\"pt-2 pb-2 alignfull is-layout-constrained\">\n  <div>\n            <div class=\"row gx-4 gy-4 \">\n          \n\n<div id=\"block-40\" class=\"col wp-block-yellowtree-column col-12 d-flex flex-column with-streched-height-children align-items-stretch align-items-md-stretch\">\n  <h2 id=\"block-39\" class=\"h2 text-center\">\n  Highlights<\/h2><\/div>\n        <\/div>\n          <\/div>\n<\/div>\n\n<div id=\"block-47\" class=\"pt-2 pb-2 alignfull is-layout-constrained\">\n  <div>\n            <div class=\"row gx-4 gy-4 \">\n          \n\n<div id=\"block-46\" class=\"col wp-block-yellowtree-column col-12 d-flex flex-column with-streched-height-children align-items-stretch align-items-md-stretch\">\n  <div id=\"block-45\">\n    <div class=\"icon-link-cards-layout gap-3 break-md\">\n        \n\n<div id=\"block-42\" data-bs-theme=\"dark\" class=\"wp-block-yellowtree-icon-link-card\">\n  <div class=\"card-body flex-row justify-content-center align-items-center overflow-hidden gap-2 px-6 px-md-3 py-6\">\n    <div class=\"d-flex align-items-center gap-4 me-auto me-md-0 flex-md-column text-md-center gap-md-3\">\n      <i class=\"icon-square fs-2 fs-md-lg-const fa-solid fa-heart\" aria-hidden=\"true\"><\/i>\n      <a class=\"stretched-link fs-base-const\" href=\"\" target=\"\">\n        DNA Teaching Session      <\/a>\n    <\/div>\n      <\/div>\n<\/div>\n\n\n<div id=\"block-43\" data-bs-theme=\"dark\" class=\"wp-block-yellowtree-icon-link-card\">\n  <div class=\"card-body flex-row justify-content-center align-items-center overflow-hidden gap-2 px-6 px-md-3 py-6\">\n    <div class=\"d-flex align-items-center gap-4 me-auto me-md-0 flex-md-column text-md-center gap-md-3\">\n      <i class=\"icon-square fs-2 fs-md-lg-const fa-solid fa-gamepad-modern\" aria-hidden=\"true\"><\/i>\n      <a class=\"stretched-link fs-base-const\" href=\"\" target=\"\">\n        Fun Time      <\/a>\n    <\/div>\n      <\/div>\n<\/div>\n\n\n<div id=\"block-44\" data-bs-theme=\"dark\" class=\"wp-block-yellowtree-icon-link-card\">\n  <div class=\"card-body flex-row justify-content-center align-items-center overflow-hidden gap-2 px-6 px-md-3 py-6\">\n    <div class=\"d-flex align-items-center gap-4 me-auto me-md-0 flex-md-column text-md-center gap-md-3\">\n      <i class=\"icon-square fs-2 fs-md-lg-const fa-solid fa-party-horn\" aria-hidden=\"true\"><\/i>\n      <a class=\"stretched-link fs-base-const\" href=\"https:\/\/icf.ch\/celebrations\" target=\"\">\n        Sunday Celebration      <\/a>\n    <\/div>\n      <\/div>\n<\/div>\n    <\/div>\n<\/div><\/div>\n        <\/div>\n          <\/div>\n<\/div>\n\n<div id=\"block-50\" class=\"pt-6 pb-6 alignfull is-layout-constrained\">\n  <div>\n            <div class=\"row gx-4 gy-4 \">\n          \n\n<div id=\"block-49\" class=\"col wp-block-yellowtree-column col-12 d-flex flex-column with-streched-height-children align-items-stretch align-items-md-stretch\">\n  <div class=\"mw-100\">\n      <figure id=\"block-48\">\n      <div class=\"img-wrap\" style=\"width:1500px;height:400px;max-width:100%\">\n        <img decoding=\"async\" src=\"https:\/\/icf.church\/wp-content\/uploads\/2026\/01\/icfexperience_sektion1-1024x370.jpg\" alt=\"\" loading=\"lazy\" title=\"\" class=\"img-fluid w-100 h-100 rounded object-fit-cover\" style=\"object-position: center center\">\n      <\/div>\n          <\/figure>\n    <\/div><\/div>\n        <\/div>\n          <\/div>\n<\/div>\n\n<div id=\"block-54\" class=\"pt-4 pb-2 alignfull is-layout-constrained\">\n  <div>\n            <div class=\"row gx-4 gy-4 \">\n          \n\n<div id=\"block-53\" class=\"col wp-block-yellowtree-column col-12 d-flex flex-column with-streched-height-children align-items-stretch align-items-md-stretch\">\n  <h3 id=\"block-51\" class=\"h3 display-3 text-center\">\n  LOCATION &amp; TRANSPORT<\/h3>\n\n<p id=\"block-52\" class=\"text-center wp-block-paragraph\">\n  Die ICF Experience wird in Z\u00fcrich in der Schweiz stattfinden. Unterkunft, Transport, Essen und Getr\u00e4nke<br>sind in der ICF Experience inklusive und werden f\u00fcr dich organisiert.<\/p><\/div>\n        <\/div>\n          <\/div>\n<\/div>\n\n<div id=\"block-57\" class=\"pt-4 pb-2 alignfull is-layout-constrained\">\n  <div>\n            <div class=\"row gx-4 gy-4 \">\n          \n\n<div id=\"block-56\" class=\"col wp-block-yellowtree-column col-12 d-flex flex-column with-streched-height-children align-items-stretch align-items-md-stretch\">\n  <div class=\"mw-100\">\n      <figure id=\"block-55\" class=\"mt-6 mb-6\">\n      <div class=\"img-wrap\" style=\"width:1500px;height:400px;max-width:100%\">\n        <img decoding=\"async\" src=\"https:\/\/icf.church\/wp-content\/uploads\/2026\/01\/icfexperience_sektion2-1024x370.jpg\" alt=\"\" loading=\"lazy\" title=\"\" class=\"img-fluid w-100 h-100 rounded object-fit-cover\" style=\"object-position: center center\">\n      <\/div>\n          <\/figure>\n    <\/div><\/div>\n        <\/div>\n          <\/div>\n<\/div>\n\n<div id=\"block-60\" class=\"pt-4 pb-2 alignfull is-layout-constrained\">\n  <div>\n            <div class=\"row gx-4 gy-4 \">\n          \n\n<div id=\"block-59\" class=\"col wp-block-yellowtree-column col-12 d-flex flex-column with-streched-height-children align-items-stretch align-items-md-stretch\">\n  <h3 id=\"block-58\" class=\"h3 display-3 text-center\">\n  H\u00c4UFIG GESTELLTE FRAGEN<\/h3><\/div>\n        <\/div>\n          <\/div>\n<\/div>\n\n\n<div id=\"block-88\" class=\"accordion\">\n  <body>\n\n<div id=\"block-66\" data-bs-theme=\"dark\" class=\"overflow-hidden wp-block-yellowtree-accordion-item\">\n  <div class=\"accordion-header\">\n    <button class=\"accordion-button rounded-0 collapsed focus-ring-inset\" type=\"button\" data-bs-toggle=\"collapse\" data-bs-target=\"#block-66-collapse\" aria-expanded=\"false\" aria-controls=\"block-66-collapse\">\n      <div>\n        <h3 class=\"mb-0\">\n          Wie sieht das Programm aus?        <\/h3>\n              <\/div>\n      <div class=\"ms-auto accordion-icons icon-container-base\">\n        <i class=\"icon fa-arrow-right accordion-icon-default\"><\/i>\n        <i class=\"icon fa-close accordion-icon-alt\"><\/i>\n      <\/div>\n    <\/button>\n  <\/div>\n  <div id=\"block-66-collapse\" class=\"accordion-collapse collapse \" data-bs-parent=\"#block-88\">\n    <div class=\"accordion-body pt-0\">\n      <p id=\"block-61\" class=\"fs-sm text-center wp-block-paragraph\">\n  Die Start Session der ICF Experience findet w\u00e4hrend dem letzten Break am Freitag an der ICF Conference statt (vor der Worship Night)<\/p>\n\n<p id=\"block-62\" class=\"fs-sm text-center wp-block-paragraph\">\n  <strong class=\"myprefix-text-bold\">Start:<\/strong>\u00a0Freitag Namittag<\/p>\n\n<p id=\"block-63\" class=\"fs-sm text-center wp-block-paragraph\">\n  Die weiteren Sessions finden an Samstag &amp; Sonntag statt.<\/p>\n\n<p id=\"block-64\" class=\"fs-sm text-center wp-block-paragraph\">\n  <strong class=\"myprefix-text-bold\">Ende:<\/strong>\u00a0Sonntag<\/p>\n\n<p id=\"block-65\" class=\"fs-sm text-center wp-block-paragraph\">\n  Mehr Details zum Programm folgen \u2026<\/p>    <\/div>\n  <\/div>\n<\/div>\n\n\n<div id=\"block-68\" data-bs-theme=\"dark\" class=\"overflow-hidden wp-block-yellowtree-accordion-item\">\n  <div class=\"accordion-header\">\n    <button class=\"accordion-button rounded-0 collapsed focus-ring-inset\" type=\"button\" data-bs-toggle=\"collapse\" data-bs-target=\"#block-68-collapse\" aria-expanded=\"false\" aria-controls=\"block-68-collapse\">\n      <div>\n        <h3 class=\"mb-0\">\n          In welcher Sprache ist es?        <\/h3>\n              <\/div>\n      <div class=\"ms-auto accordion-icons icon-container-base\">\n        <i class=\"icon fa-arrow-right accordion-icon-default\"><\/i>\n        <i class=\"icon fa-close accordion-icon-alt\"><\/i>\n      <\/div>\n    <\/button>\n  <\/div>\n  <div id=\"block-68-collapse\" class=\"accordion-collapse collapse \" data-bs-parent=\"#block-88\">\n    <div class=\"accordion-body pt-0\">\n      <p id=\"block-67\" class=\"fs-sm text-center wp-block-paragraph\">\n  Die Sprache der ICF Experience 2027 ist noch nicht bestimmt.<\/p>    <\/div>\n  <\/div>\n<\/div>\n\n\n<div id=\"block-70\" data-bs-theme=\"dark\" class=\"overflow-hidden wp-block-yellowtree-accordion-item\">\n  <div class=\"accordion-header\">\n    <button class=\"accordion-button rounded-0 collapsed focus-ring-inset\" type=\"button\" data-bs-toggle=\"collapse\" data-bs-target=\"#block-70-collapse\" aria-expanded=\"false\" aria-controls=\"block-70-collapse\">\n      <div>\n        <h3 class=\"mb-0\">\n          Wie sieht es aus mit Essen &amp; Getr\u00e4nken?        <\/h3>\n              <\/div>\n      <div class=\"ms-auto accordion-icons icon-container-base\">\n        <i class=\"icon fa-arrow-right accordion-icon-default\"><\/i>\n        <i class=\"icon fa-close accordion-icon-alt\"><\/i>\n      <\/div>\n    <\/button>\n  <\/div>\n  <div id=\"block-70-collapse\" class=\"accordion-collapse collapse \" data-bs-parent=\"#block-88\">\n    <div class=\"accordion-body pt-0\">\n      <p id=\"block-69\" class=\"fs-sm text-center wp-block-paragraph\">\n  F\u00fcr das Fr\u00fchst\u00fcck, Mittagessen und Abendessen wird gesorgt.<\/p>    <\/div>\n  <\/div>\n<\/div>\n\n\n<div id=\"block-73\" data-bs-theme=\"dark\" class=\"overflow-hidden wp-block-yellowtree-accordion-item\">\n  <div class=\"accordion-header\">\n    <button class=\"accordion-button rounded-0 collapsed focus-ring-inset\" type=\"button\" data-bs-toggle=\"collapse\" data-bs-target=\"#block-73-collapse\" aria-expanded=\"false\" aria-controls=\"block-73-collapse\">\n      <div>\n        <h3 class=\"mb-0\">\n          Wer kann teilnehmen?        <\/h3>\n              <\/div>\n      <div class=\"ms-auto accordion-icons icon-container-base\">\n        <i class=\"icon fa-arrow-right accordion-icon-default\"><\/i>\n        <i class=\"icon fa-close accordion-icon-alt\"><\/i>\n      <\/div>\n    <\/button>\n  <\/div>\n  <div id=\"block-73-collapse\" class=\"accordion-collapse collapse \" data-bs-parent=\"#block-88\">\n    <div class=\"accordion-body pt-0\">\n      <p id=\"block-71\" class=\"fs-sm text-center wp-block-paragraph\">\n  Die ICF Experience ist ein Programm f\u00fcr ICF Kirchen, die in den letzten zwei Jahren gestartet haben oder dieses Jahr starten werden.<br>Eingeladen sind<strong class=\"myprefix-text-bold\">&nbsp;ICF Pastoren<\/strong>&nbsp;mit ihren&nbsp;<strong class=\"myprefix-text-bold\">Key People.<\/strong><\/p>\n\n<p id=\"block-72\" class=\"fs-sm text-center wp-block-paragraph\">\n  Zudem k\u00f6nnen bestehende ICFs neue&nbsp;<strong class=\"myprefix-text-bold\">Key People<\/strong>&nbsp;an die&nbsp;<strong class=\"myprefix-text-bold\">ICF Experience<\/strong>&nbsp;schicken.<\/p>    <\/div>\n  <\/div>\n<\/div>\n\n\n<div id=\"block-77\" data-bs-theme=\"dark\" class=\"overflow-hidden wp-block-yellowtree-accordion-item\">\n  <div class=\"accordion-header\">\n    <button class=\"accordion-button rounded-0 collapsed focus-ring-inset\" type=\"button\" data-bs-toggle=\"collapse\" data-bs-target=\"#block-77-collapse\" aria-expanded=\"false\" aria-controls=\"block-77-collapse\">\n      <div>\n        <h3 class=\"mb-0\">\n          Kann ich mein Kind\/Kinder mitbringen?        <\/h3>\n              <\/div>\n      <div class=\"ms-auto accordion-icons icon-container-base\">\n        <i class=\"icon fa-arrow-right accordion-icon-default\"><\/i>\n        <i class=\"icon fa-close accordion-icon-alt\"><\/i>\n      <\/div>\n    <\/button>\n  <\/div>\n  <div id=\"block-77-collapse\" class=\"accordion-collapse collapse \" data-bs-parent=\"#block-88\">\n    <div class=\"accordion-body pt-0\">\n      <p id=\"block-74\" class=\"fs-sm text-center wp-block-paragraph\">\n  <strong class=\"myprefix-text-bold\">Leider ist das ICF Experience-Programm nicht f\u00fcr Kinder geeignet.<\/strong><\/p>\n\n<p id=\"block-75\" class=\"fs-sm text-center wp-block-paragraph\">\n  Hast du ein Baby unter 8 Monaten, dass gestillt werden muss und deshalb mitkommen muss? Wir werden dir einen separaten Raum zu Verf\u00fcgung stellen mit einem Stream der Teaching Sessions. Andere Programmelemente eignen sich nicht daf\u00fcr ein Baby mitzunehmen.<\/p>\n\n<p id=\"block-76\" class=\"fs-sm text-center wp-block-paragraph\">\n  Wir w\u00fcnschen uns, dass du dich voll und ganz in die ICF Experience einbringen kannst und raten dir deshalb dringend,<br>eine Betreuungsperson mitzubringen oder eine Betreuung vor Ort zu organisieren.<\/p>    <\/div>\n  <\/div>\n<\/div>\n\n\n<div id=\"block-81\" data-bs-theme=\"dark\" class=\"overflow-hidden wp-block-yellowtree-accordion-item\">\n  <div class=\"accordion-header\">\n    <button class=\"accordion-button rounded-0 collapsed focus-ring-inset\" type=\"button\" data-bs-toggle=\"collapse\" data-bs-target=\"#block-81-collapse\" aria-expanded=\"false\" aria-controls=\"block-81-collapse\">\n      <div>\n        <h3 class=\"mb-0\">\n          Wie viele Personen befinden sich in einem Schlafzimmer?        <\/h3>\n              <\/div>\n      <div class=\"ms-auto accordion-icons icon-container-base\">\n        <i class=\"icon fa-arrow-right accordion-icon-default\"><\/i>\n        <i class=\"icon fa-close accordion-icon-alt\"><\/i>\n      <\/div>\n    <\/button>\n  <\/div>\n  <div id=\"block-81-collapse\" class=\"accordion-collapse collapse \" data-bs-parent=\"#block-88\">\n    <div class=\"accordion-body pt-0\">\n      <p id=\"block-78\" class=\"fs-sm text-center wp-block-paragraph\">\n  <strong class=\"myprefix-text-bold\">Das regul\u00e4re Angebot, das wir f\u00fcr die Teilnehmer buchen, ist ein Schlafsaal mit vier oder sechs Betten.<\/strong><\/p>\n\n<p id=\"block-79\" class=\"fs-sm text-center wp-block-paragraph\">\n  Es steht eine begrenzte Anzahl von Zwei-Personen-Zimmern zur Verf\u00fcgung. Du kannst ein Upgrade vornehmen, solange Platz vorhanden ist.<\/p>\n\n<p id=\"block-80\" class=\"fs-sm text-center wp-block-paragraph\">\n  Wir werden die zus\u00e4tzlichen Kosten zu deiner gesamten ICF Experience Registrierung hinzuf\u00fcgen.<\/p>    <\/div>\n  <\/div>\n<\/div>\n\n\n<div id=\"block-84\" data-bs-theme=\"dark\" class=\"overflow-hidden wp-block-yellowtree-accordion-item\">\n  <div class=\"accordion-header\">\n    <button class=\"accordion-button rounded-0 collapsed focus-ring-inset\" type=\"button\" data-bs-toggle=\"collapse\" data-bs-target=\"#block-84-collapse\" aria-expanded=\"false\" aria-controls=\"block-84-collapse\">\n      <div>\n        <h3 class=\"mb-0\">\n          Kann ich als Leiter einer Micro Church dabei sein?        <\/h3>\n              <\/div>\n      <div class=\"ms-auto accordion-icons icon-container-base\">\n        <i class=\"icon fa-arrow-right accordion-icon-default\"><\/i>\n        <i class=\"icon fa-close accordion-icon-alt\"><\/i>\n      <\/div>\n    <\/button>\n  <\/div>\n  <div id=\"block-84-collapse\" class=\"accordion-collapse collapse \" data-bs-parent=\"#block-88\">\n    <div class=\"accordion-body pt-0\">\n      <p id=\"block-82\" class=\"fs-sm text-center wp-block-paragraph\">\n  <strong class=\"myprefix-text-bold\">Die ICF Experience ist f\u00fcr ICF Startups, ICF Churches und gr\u00f6ssere ICF Micro Churches.<\/strong><\/p>\n\n<p id=\"block-83\" class=\"fs-sm text-center wp-block-paragraph\">\n  Die ICF Experience eignet sich f\u00fcr Micro Churches mit \u201cChurch Planting Absicht\u201d.<\/p>    <\/div>\n  <\/div>\n<\/div>\n\n\n<div id=\"block-87\" data-bs-theme=\"dark\" class=\"overflow-hidden wp-block-yellowtree-accordion-item\">\n  <div class=\"accordion-header\">\n    <button class=\"accordion-button rounded-0 collapsed focus-ring-inset\" type=\"button\" data-bs-toggle=\"collapse\" data-bs-target=\"#block-87-collapse\" aria-expanded=\"false\" aria-controls=\"block-87-collapse\">\n      <div>\n        <h3 class=\"mb-0\">\n          Ist die ICF Conference inkludiert im ICF Experience Ticket?        <\/h3>\n              <\/div>\n      <div class=\"ms-auto accordion-icons icon-container-base\">\n        <i class=\"icon fa-arrow-right accordion-icon-default\"><\/i>\n        <i class=\"icon fa-close accordion-icon-alt\"><\/i>\n      <\/div>\n    <\/button>\n  <\/div>\n  <div id=\"block-87-collapse\" class=\"accordion-collapse collapse \" data-bs-parent=\"#block-88\">\n    <div class=\"accordion-body pt-0\">\n      <p id=\"block-85\" class=\"fs-sm text-center wp-block-paragraph\">\n  Nein.<\/p>\n\n<p id=\"block-86\" class=\"fs-sm text-center wp-block-paragraph\">\n  F\u00fcr die ICF Conference brauchst du ein separates Ticket.<\/p>    <\/div>\n  <\/div>\n<\/div>\n<\/body><\/div>\n\n<div id=\"block-91\" class=\"pt-6 pb-2 alignfull is-layout-constrained\">\n  <div>\n            <div class=\"row gx-4 gy-4 \">\n          \n\n<div id=\"block-90\" class=\"col wp-block-yellowtree-column col-12 d-flex flex-column with-streched-height-children align-items-stretch align-items-md-stretch\">\n  <div class=\"mw-100\">\n      <figure id=\"block-89\" class=\"mt-6 mb-6\">\n      <div class=\"img-wrap\" style=\"width:1500px;height:400px;max-width:100%\">\n        <img decoding=\"async\" src=\"https:\/\/icf.church\/wp-content\/uploads\/2026\/01\/icfexperience_sektion3-1024x370.jpg\" alt=\"\" loading=\"lazy\" title=\"\" class=\"img-fluid w-100 h-100 rounded object-fit-cover\" style=\"object-position: center center\">\n      <\/div>\n          <\/figure>\n    <\/div><\/div>\n        <\/div>\n          <\/div>\n<\/div>\n\n<div id=\"anmeldung-2\" class=\"pt-4 pb-4 alignfull is-layout-constrained\">\n  <div>\n            <div class=\"row gx-4 gy-4 \">\n          \n\n<div id=\"anmeldung-2\" class=\"col wp-block-yellowtree-column col-12 d-flex flex-column with-streched-height-children align-items-stretch align-items-md-stretch\">\n  <h3 id=\"anmeldung\" class=\"h3 display-3 text-center\">\n  ANMELDUNG<\/h3>\n\n<p id=\"block-92\" class=\"text-center wp-block-paragraph\">\n  Leider ist die Anmeldung f\u00fcr die ICF Experience 2027 noch nicht m\u00f6glich. Wir werden sie voraussichtlich im Oktober 2026 \u00f6ffnen.<\/p><\/div>\n        <\/div>\n          <\/div>\n<\/div>\n\n","protected":false},"excerpt":{"rendered":"","protected":false},"author":3,"featured_media":0,"parent":0,"menu_order":17,"comment_status":"closed","ping_status":"closed","template":"","meta":{"_acf_changed":false,"_seopress_titles_title":"ICF Experience \u2013 Bootcamp f\u00fcr neue ICF Key People","_seopress_titles_desc":"Das j\u00e4hrliche Bootcamp f\u00fcr neue ICF Key People und ICF Startup Teams. Tauche mit deinem Team in die ICF Kultur und DNA ein.","_seopress_robots_index":"","_seopress_robots_follow":"","_seopress_robots_imageindex":"","_seopress_robots_snippet":"","_seopress_robots_primary_cat":"","_seopress_robots_breadcrumbs":"","_seopress_robots_freeze_modified_date":"","_seopress_robots_custom_modified_date":"","_seopress_robots_canonical":"","_seopress_social_fb_title":"","_seopress_social_fb_desc":"","_seopress_social_fb_img":"","_seopress_social_fb_img_attachment_id":0,"_seopress_social_fb_img_width":0,"_seopress_social_fb_img_height":0,"_seopress_social_twitter_title":"","_seopress_social_twitter_desc":"","_seopress_social_twitter_img":"","_seopress_social_twitter_img_attachment_id":0,"_seopress_social_twitter_img_width":0,"_seopress_social_twitter_img_height":0,"_seopress_redirections_value":"","_seopress_redirections_enabled":"","_seopress_redirections_enabled_regex":"","_seopress_redirections_logged_status":"both","_seopress_redirections_param":"","_seopress_redirections_type":301,"_seopress_analysis_target_kw":"","_seopress_news_disabled":"","_seopress_video_disabled":"","_seopress_video":[{"url":"","title":"","desc":"","thumbnail":"","duration":"","rating":"","view_count":"","tag":""}],"_seopress_pro_schemas_manual":[],"_seopress_pro_rich_snippets_disable_all":"","_seopress_pro_rich_snippets_disable":[],"_seopress_pro_schemas":[],"yt_custom_styles_scss":"","yt_custom_styles_rounded_corners":false,"yt_custom_styles_color_scheme":"","footnotes":""},"class_list":["post-2381","page","type-page","status-publish","hentry"],"acf":[],"_links":{"self":[{"href":"https:\/\/icf.church\/de\/wp-json\/wp\/v2\/pages\/2381","targetHints":{"allow":["GET"]}}],"collection":[{"href":"https:\/\/icf.church\/de\/wp-json\/wp\/v2\/pages"}],"about":[{"href":"https:\/\/icf.church\/de\/wp-json\/wp\/v2\/types\/page"}],"author":[{"embeddable":true,"href":"https:\/\/icf.church\/de\/wp-json\/wp\/v2\/users\/3"}],"replies":[{"embeddable":true,"href":"https:\/\/icf.church\/de\/wp-json\/wp\/v2\/comments?post=2381"}],"version-history":[{"count":41,"href":"https:\/\/icf.church\/de\/wp-json\/wp\/v2\/pages\/2381\/revisions"}],"predecessor-version":[{"id":70263,"href":"https:\/\/icf.church\/de\/wp-json\/wp\/v2\/pages\/2381\/revisions\/70263"}],"wp:attachment":[{"href":"https:\/\/icf.church\/de\/wp-json\/wp\/v2\/media?parent=2381"}],"curies":[{"name":"wp","href":"https:\/\/api.w.org\/{rel}","templated":true}]}}