{"id":6215,"date":"2026-02-01T11:16:56","date_gmt":"2026-02-01T10:16:56","guid":{"rendered":"https:\/\/icf.church\/?page_id=6215"},"modified":"2026-08-04T14:52:05","modified_gmt":"2026-08-04T12:52:05","slug":"schoolofchurchplanting","status":"publish","type":"page","link":"https:\/\/icf.church\/de\/schoolofchurchplanting\/","title":{"rendered":"School of Church Planting"},"content":{"rendered":"\n<div id=\"block-3\" class=\"is-style-default wp-block-yellowtree-hero-stage\">\n    <div class=\"hero-stage \">\n        \n\n<div id=\"block-2\" class=\"hero-stage-content\">\n    <div class=\"hero-stage-content__background\">\n        <div class=\"overlay-black-25 h-100\">\n                            <img fetchpriority=\"high\" decoding=\"async\" width=\"2560\" height=\"1440\" src=\"https:\/\/icf.church\/wp-content\/uploads\/2026\/02\/keyvisual-school-of-churchplanting-scaled.jpg\" class=\"hero-stage-media\" alt=\"\" style=\"object-position: 51% 49%;\" aria-hidden=\"true\" loading=\"eager\" srcset=\"https:\/\/icf.church\/wp-content\/uploads\/2026\/02\/keyvisual-school-of-churchplanting-scaled.jpg 2560w, https:\/\/icf.church\/wp-content\/uploads\/2026\/02\/keyvisual-school-of-churchplanting-300x169.jpg 300w, https:\/\/icf.church\/wp-content\/uploads\/2026\/02\/keyvisual-school-of-churchplanting-1024x576.jpg 1024w, https:\/\/icf.church\/wp-content\/uploads\/2026\/02\/keyvisual-school-of-churchplanting-768x432.jpg 768w, https:\/\/icf.church\/wp-content\/uploads\/2026\/02\/keyvisual-school-of-churchplanting-1536x864.jpg 1536w, https:\/\/icf.church\/wp-content\/uploads\/2026\/02\/keyvisual-school-of-churchplanting-2048x1152.jpg 2048w\" sizes=\"(max-width: 2560px) 100vw, 2560px\" \/>                    <\/div>\n        <div class=\"hero-stage-gradient\"><\/div>\n    <\/div>\n    <div class=\"hero-stage-content__foreground is-layout-constrained\">\n        <h1 id=\"block-1\" class=\"display-1 text-center\">\n    <\/h1>    <\/div>\n<\/div>\n    <\/div>\n<\/div>\n\n<div id=\"block-8\" class=\"pt-6 pb-2 alignfull is-layout-constrained\">\n  <div>\n            <div class=\"row gx-4 gy-4 \">\n          \n\n<div id=\"block-7\" class=\"col wp-block-yellowtree-column col-12 d-flex flex-column with-streched-height-children align-items-stretch align-items-md-stretch\">\n  <h1 id=\"block-4\" class=\"h3 display-3 text-center\">\n  SCHOOL OF CHURCH PLANTING<\/h1>\n\n<p id=\"block-5\" class=\"fs-lg text-center wp-block-paragraph\">\n  Called. Equipped. Sent.<\/p>\n\n<h3 id=\"block-6\" class=\"h3 text-center\">\n  12. M\u00e4rz, 26. M\u00e4rz, 16. April &amp; 07. Mai 2026 | ONLINE<\/h3><\/div>\n        <\/div>\n          <\/div>\n<\/div>\n\n<div id=\"block-11\" class=\"pt-2 pb-2 alignfull is-layout-constrained\">\n  <div>\n            <div class=\"row gx-4 gy-4 \">\n          \n\n<div id=\"block-10\" class=\"col wp-block-yellowtree-column col-12 d-flex flex-column with-streched-height-children align-items-stretch align-items-md-stretch\">\n  <p id=\"block-9\" class=\"fs-base text-center wp-block-paragraph\">\n  Empower your Calling. <br>Connect your Vision. <br>Shape the Movement.<\/p><\/div>\n        <\/div>\n          <\/div>\n<\/div>\n\n<div id=\"block-15\" class=\"pt-2 pb-2 alignfull is-layout-constrained\">\n  <div>\n            <div class=\"row gx-4 gy-4 \">\n          \n\n<div id=\"block-14\" class=\"col wp-block-yellowtree-column col-12 d-flex flex-column with-streched-height-children align-items-stretch align-items-md-stretch\">\n  <p id=\"block-12\" class=\"text-center wp-block-paragraph\">\n  Die <strong class=\"myprefix-text-bold\">School of Church Planting<\/strong> ist das strategische Training f\u00fcr Leiter, die den Traum einer neuen Kirche Realit\u00e4t werden lassen wollen. Wir begleiten dich von der ersten Vision bis hin zum nachhaltigen Impact in deiner Stadt.<\/p>\n\n<p id=\"block-13\" class=\"text-center wp-block-paragraph\">\n  Erlebe vier intensive Abende voller Praxis-Know-how, geistlicher Ausrichtung und pers\u00f6nlicher Reflexion \u00fcber deine Berufung als Church Planter<sup><\/sup><sup><\/sup><sup><\/sup><sup><\/sup><sup><\/sup><sup><\/sup><sup><\/sup><sup><\/sup>. Werde Teil einer Bewegung, die Kirche innovativ, wirkungsvoll und zeitgem\u00e4\u00df gestaltet<sup><\/sup><sup><\/sup><sup><\/sup><sup><\/sup>.<\/p><\/div>\n        <\/div>\n          <\/div>\n<\/div>\n\n<div id=\"block-18\" class=\"pt-2 pb-2 alignfull is-layout-constrained\">\n  <div>\n            <div class=\"row gx-4 gy-4 \">\n          \n\n<div id=\"block-17\" class=\"col wp-block-yellowtree-column col-12 d-flex flex-column justify-content-center align-items-center align-items-md-center\">\n  <div>\n    <a id=\"block-16\" href=\"#anmeldung\" rel=\"\" class=\"wp-block-yellowtree-button-link btn btn-default\">\n      <span>JETZT ANMELDEN<\/span>\n              <i class=\"icon fs-base-const fa-solid fa-arrow-right\" aria-hidden=\"true\"><\/i>\n          <\/a>\n  <\/div><\/div>\n        <\/div>\n          <\/div>\n<\/div>\n\n<div id=\"block-21\" class=\"pt-6 pb-4 alignfull is-layout-constrained\">\n  <div>\n            <div class=\"row gx-4 gy-4 \">\n          \n\n<div id=\"block-20\" class=\"col wp-block-yellowtree-column col-12 d-flex flex-column with-streched-height-children align-items-stretch align-items-md-stretch\">\n  <div class=\"mw-100\">\n      <figure id=\"block-19\" class=\"is-style-default\">\n      <div class=\"img-wrap\" style=\"width:1500px;height:398px;max-width:100%\">\n        <img decoding=\"async\" src=\"https:\/\/icf.church\/wp-content\/uploads\/2026\/01\/bewegung-sept-09-1024x683.jpg\" alt=\"\" loading=\"lazy\" title=\"\" class=\"img-fluid w-100 h-100 rounded object-fit-cover\" style=\"object-position: center center\">\n      <\/div>\n          <\/figure>\n    <\/div><\/div>\n        <\/div>\n          <\/div>\n<\/div>\n\n<div id=\"block-24\" class=\"pt-2 pb-2 alignfull is-layout-constrained\">\n  <div>\n            <div class=\"row gx-4 gy-4 \">\n          \n\n<div id=\"block-23\" class=\"col wp-block-yellowtree-column col-12 d-flex flex-column with-streched-height-children align-items-stretch align-items-md-stretch\">\n  <h3 id=\"block-22\" class=\"h3 display-3 text-center\">\n  WAS DICH ERWARTET<\/h3><\/div>\n        <\/div>\n          <\/div>\n<\/div>\n\n<div id=\"block-30\" class=\"pt-2 pb-6 alignfull is-layout-constrained\">\n  <div>\n            <div class=\"row gx-4 gy-4 \">\n          \n\n<div id=\"block-29\" class=\"col wp-block-yellowtree-column col-12 d-flex flex-column with-streched-height-children align-items-stretch align-items-md-stretch\">\n  <p id=\"block-25\" class=\"text-center wp-block-paragraph\">\n  Dich erwarten vier gezielte Trainings-Abende, die auf den Inhalten der <a href=\"https:\/\/icf.church\/ctw\" data-type=\"link\" data-id=\"https:\/\/icf.church\/ctw\">Church Training Week<\/a> aufbauen. Wir tauchen tief in die Themen ein, die f\u00fcr die <strong class=\"myprefix-text-bold\">Phasen der Kirchengr\u00fcndung<\/strong> entscheidend sind:<\/p>\n\n<p id=\"block-26\" class=\"text-center wp-block-paragraph\">\n  <br><strong class=\"myprefix-text-bold\">Pers\u00f6nliche Reflexion<\/strong>: Kl\u00e4rung der Frage \u201eBin ich berufen, eine Kirche zu gr\u00fcnden?\u201c.<\/p>\n\n<p id=\"block-27\" class=\"text-center wp-block-paragraph\">\n  <strong class=\"myprefix-text-bold\">Praxisnahe Tools:<\/strong> Strategien f\u00fcr den Aufbau von Teams und das Sammeln von Kontakten in der Micro-Church-Phase.<br><strong class=\"myprefix-text-bold\">Spirituelles Fundament: <\/strong>Inspiration und Austausch pers\u00f6nlicher Erfahrungen mit erfahrenen Church Plantern.<\/p>\n\n<p id=\"block-28\" class=\"text-center wp-block-paragraph\">\n  <strong class=\"myprefix-text-bold\">Strategische Ausrichtung:<\/strong> Wie du Momentum nutzt, um von einer Micro Church zu einem Startup und schlie\u00dflich zum Grand Opening zu gelangen.<\/p><\/div>\n        <\/div>\n          <\/div>\n<\/div>\n\n<div id=\"block-37\" class=\"pt-2 pb-2 alignfull is-layout-constrained\">\n  <div>\n            <div class=\"row gx-4 gy-4 \">\n          \n\n<div id=\"block-33\" class=\"col wp-block-yellowtree-column col-12 col-md-6 d-flex flex-column with-streched-height-children align-items-stretch align-items-md-stretch\">\n  <div class=\"has-context-height\">\n  <article id=\"block-32\" data-bs-theme=\"dark\" class=\"wp-block-yellowtree-container-card card has-context-height\">\n    <div class=\"card-body\">\n      <p id=\"block-31\" class=\"text-start wp-block-paragraph\">\n  <strong class=\"myprefix-text-bold\">SPECIAL SESSION 1<\/strong><br><br>Dienstag, 24. Februar<br><strong class=\"myprefix-text-bold\">Church Planting Pipeline &#8211; Erste Schritte<\/strong><\/p>    <\/div>\n  <\/article>\n<\/div><\/div>\n\n\n<div id=\"block-36\" class=\"col wp-block-yellowtree-column col-12 col-md-6 d-flex flex-column with-streched-height-children align-items-stretch align-items-md-stretch\">\n  <div class=\"has-context-height\">\n  <article id=\"block-35\" data-bs-theme=\"dark\" class=\"wp-block-yellowtree-container-card card has-context-height\">\n    <div class=\"card-body\">\n      <p id=\"block-34\" class=\"text-start wp-block-paragraph\">\n  <strong class=\"myprefix-text-bold\">SPECIAL SESSION 2<\/strong><br><br>Donnerstag, 26. Februar<br><strong class=\"myprefix-text-bold\">Church Planting: Wie baue ich eine anziehende Kultur?<\/strong><\/p>    <\/div>\n  <\/article>\n<\/div><\/div>\n        <\/div>\n          <\/div>\n<\/div>\n\n<div id=\"block-41\" class=\"pt-6 pb-2 alignfull is-layout-constrained\">\n  <div>\n            <div class=\"row gx-4 gy-4 \">\n          \n\n<div id=\"block-40\" class=\"col wp-block-yellowtree-column col-12 d-flex flex-column with-streched-height-children align-items-stretch align-items-md-stretch\">\n  <h2 id=\"block-38\" class=\"h2 text-center\">\n  SESSIONS<\/h2>\n\n<p id=\"block-39\" class=\"text-center wp-block-paragraph\">\n  Die Sessions der School finden immer Donnerstags statt &#8211; 19:30 bis 21:00 Uhr<\/p><\/div>\n        <\/div>\n          <\/div>\n<\/div>\n\n<div id=\"block-58\" class=\"pt-2 pb-6 alignfull is-layout-constrained\">\n  <div>\n            <div class=\"row gx-4 gy-4 \">\n          \n\n<div id=\"block-45\" class=\"col wp-block-yellowtree-column col-12 col-md-6 col-lg-3 d-flex flex-column with-streched-height-children align-items-stretch align-items-md-stretch\">\n  <div class=\"has-context-height\">\n  <article id=\"block-44\" data-bs-theme=\"dark\" class=\"wp-block-yellowtree-container-card card has-context-height\">\n    <div class=\"card-body\">\n      <p id=\"block-42\" class=\"text-start wp-block-paragraph\">\n  <strong class=\"myprefix-text-bold\">ERSTER ABEND<\/strong> &#8211; WARUM CHURCH PLANTING?<\/p>\n\n<p id=\"block-43\" class=\"text-start wp-block-paragraph\">\n  12. M\u00e4rz<\/p>    <\/div>\n  <\/article>\n<\/div><\/div>\n\n\n<div id=\"block-49\" class=\"col wp-block-yellowtree-column col-12 col-md-6 col-lg-3 d-flex flex-column with-streched-height-children align-items-stretch align-items-md-stretch\">\n  <div class=\"has-context-height\">\n  <article id=\"block-48\" data-bs-theme=\"dark\" class=\"wp-block-yellowtree-container-card card has-context-height\">\n    <div class=\"card-body\">\n      <p id=\"block-46\" class=\"text-start wp-block-paragraph\">\n  <strong class=\"myprefix-text-bold\">Z<\/strong><strong class=\"myprefix-text-bold\">W<\/strong><strong class=\"myprefix-text-bold\">E<\/strong><strong class=\"myprefix-text-bold\">I<\/strong><strong class=\"myprefix-text-bold\">T<\/strong><strong class=\"myprefix-text-bold\">E<\/strong><strong class=\"myprefix-text-bold\">R<\/strong><strong class=\"myprefix-text-bold\"> ABEND<\/strong> &#8211; BUILDING MOMENTUM &amp; KEEPING IT<\/p>\n\n<p id=\"block-47\" class=\"text-start wp-block-paragraph\">\n  26. M\u00e4rz<\/p>    <\/div>\n  <\/article>\n<\/div><\/div>\n\n\n<div id=\"block-53\" class=\"col wp-block-yellowtree-column col-12 col-md-6 col-lg-3 d-flex flex-column with-streched-height-children align-items-stretch align-items-md-stretch\">\n  <div class=\"has-context-height\">\n  <article id=\"block-52\" data-bs-theme=\"dark\" class=\"wp-block-yellowtree-container-card card has-context-height\">\n    <div class=\"card-body\">\n      <p id=\"block-50\" class=\"text-start wp-block-paragraph\">\n  <strong class=\"myprefix-text-bold\">D<\/strong><strong class=\"myprefix-text-bold\">R<\/strong><strong class=\"myprefix-text-bold\">I<\/strong><strong class=\"myprefix-text-bold\">T<\/strong><strong class=\"myprefix-text-bold\">T<\/strong><strong class=\"myprefix-text-bold\">E<\/strong><strong class=\"myprefix-text-bold\">R<\/strong><strong class=\"myprefix-text-bold\"> ABEND<\/strong> &#8211; DISCIPLESHIP &amp; LEADERSHIP<\/p>\n\n<p id=\"block-51\" class=\"text-start wp-block-paragraph\">\n  16. April<\/p>    <\/div>\n  <\/article>\n<\/div><\/div>\n\n\n<div id=\"block-57\" class=\"col wp-block-yellowtree-column col-12 col-md-6 col-lg-3 d-flex flex-column with-streched-height-children align-items-stretch align-items-md-stretch\">\n  <div class=\"has-context-height\">\n  <article id=\"block-56\" data-bs-theme=\"dark\" class=\"wp-block-yellowtree-container-card card has-context-height\">\n    <div class=\"card-body\">\n      <p id=\"block-54\" class=\"text-start wp-block-paragraph\">\n  <strong class=\"myprefix-text-bold\">V<\/strong><strong class=\"myprefix-text-bold\">I<\/strong><strong class=\"myprefix-text-bold\">E<\/strong><strong class=\"myprefix-text-bold\">R<\/strong><strong class=\"myprefix-text-bold\">T<\/strong><strong class=\"myprefix-text-bold\">E<\/strong><strong class=\"myprefix-text-bold\">R<\/strong><strong class=\"myprefix-text-bold\"> ABEND<\/strong> &#8211; GO &amp; PLANT CHURCHES<\/p>\n\n<p id=\"block-55\" class=\"text-start wp-block-paragraph\">\n  07. Mai<\/p>    <\/div>\n  <\/article>\n<\/div><\/div>\n        <\/div>\n          <\/div>\n<\/div>\n\n<div id=\"block-61\" class=\"pt-2 pb-2 alignfull is-layout-constrained\">\n  <div>\n            <div class=\"row gx-4 gy-4 \">\n          \n\n<div id=\"block-60\" class=\"col wp-block-yellowtree-column col-12 d-flex flex-column with-streched-height-children align-items-stretch align-items-md-stretch\">\n  <p id=\"block-59\" class=\"fs-base text-center wp-block-paragraph\">\n  <strong class=\"myprefix-text-bold\">Berufung kl\u00e4ren | Tools erhalten | Momentum aufbauen<\/strong><\/p><\/div>\n        <\/div>\n          <\/div>\n<\/div>\n\n<div id=\"block-64\" class=\"pt-2 pb-2 alignfull is-layout-constrained\">\n  <div>\n            <div class=\"row gx-4 gy-4 \">\n          \n\n<div id=\"block-63\" class=\"col wp-block-yellowtree-column col-12 d-flex flex-column justify-content-center align-items-center align-items-md-center\">\n  <div>\n    <a id=\"block-62\" href=\"#anmeldung\" rel=\"\" class=\"wp-block-yellowtree-button-link btn btn-default\">\n      <span>ZUR ANMELDUNG<\/span>\n              <i class=\"icon fs-base-const fa-solid fa-arrow-right\" aria-hidden=\"true\"><\/i>\n          <\/a>\n  <\/div><\/div>\n        <\/div>\n          <\/div>\n<\/div>\n\n<div id=\"block-67\" class=\"pt-6 pb-4 alignfull is-layout-constrained\">\n  <div>\n            <div class=\"row gx-4 gy-4 \">\n          \n\n<div id=\"block-66\" class=\"col wp-block-yellowtree-column col-12 d-flex flex-column with-streched-height-children align-items-stretch align-items-md-stretch\">\n  <div class=\"mw-100\">\n      <figure id=\"block-65\" class=\"is-style-default\">\n      <div class=\"img-wrap\" style=\"width:1500px;height:398px;max-width:100%\">\n        <img decoding=\"async\" src=\"https:\/\/icf.church\/wp-content\/uploads\/2026\/02\/icf-movement-09-09-2-1024x683.jpg\" alt=\"\" loading=\"lazy\" title=\"\" class=\"img-fluid w-100 h-100 rounded object-fit-cover\" style=\"object-position: center center\">\n      <\/div>\n          <\/figure>\n    <\/div><\/div>\n        <\/div>\n          <\/div>\n<\/div>\n\n<div id=\"speaker-2\" class=\"pt-2 pb-2 alignfull is-layout-constrained\">\n  <div>\n            <div class=\"row gx-4 gy-4 \">\n          \n\n<div id=\"speaker-2\" class=\"col wp-block-yellowtree-column col-12 d-flex flex-column with-streched-height-children align-items-stretch align-items-md-stretch\">\n  <h3 id=\"speaker\" class=\"h3 display-3 text-center\">\n  SPEAKER &amp; HOSTS<\/h3><\/div>\n        <\/div>\n          <\/div>\n<\/div>\n\n<div id=\"block-74\" class=\"pt-2 pb-2 alignfull is-layout-constrained\">\n  <div>\n          <div class=\"row\">\n        <div class=\"col-12 col-md-8 mx-auto\">\n                <div class=\"row gx-4 gy-4 \">\n          \n\n<div id=\"block-70\" class=\"col wp-block-yellowtree-column col-12 col-md-6 d-flex flex-column with-streched-height-children align-items-stretch align-items-md-stretch\">\n  <div class=\"mw-100\">\n      <figure id=\"block-68\">\n      <div class=\"img-wrap\" style=\"aspect-ratio:1;max-width:100%\">\n        <img decoding=\"async\" src=\"https:\/\/icf.church\/wp-content\/uploads\/2025\/08\/pastors-gathering-may-27-2025-13-scaled.jpg\" alt=\"\" loading=\"lazy\" title=\"\" srcset=\"https:\/\/icf.church\/wp-content\/uploads\/2025\/08\/pastors-gathering-may-27-2025-13-scaled.jpg 2560w, https:\/\/icf.church\/wp-content\/uploads\/2025\/08\/pastors-gathering-may-27-2025-13-300x200.jpg 300w, https:\/\/icf.church\/wp-content\/uploads\/2025\/08\/pastors-gathering-may-27-2025-13-1024x683.jpg 1024w, https:\/\/icf.church\/wp-content\/uploads\/2025\/08\/pastors-gathering-may-27-2025-13-768x512.jpg 768w, https:\/\/icf.church\/wp-content\/uploads\/2025\/08\/pastors-gathering-may-27-2025-13-1536x1024.jpg 1536w, https:\/\/icf.church\/wp-content\/uploads\/2025\/08\/pastors-gathering-may-27-2025-13-2048x1365.jpg 2048w\" sizes=\"(max-width: 2560px) 100vw, 2560px\" class=\"img-fluid w-100 h-100 rounded object-fit-cover\" style=\"object-position: center center\">\n      <\/div>\n          <\/figure>\n    <\/div>\n\n<p id=\"block-69\" class=\"fs-sm text-center wp-block-paragraph\">\n  <strong class=\"myprefix-text-bold\">Leo Bigger<br><\/strong>Senior Pastor, <a href=\"https:\/\/icf.church\/zuerich\" data-type=\"link\" data-id=\"https:\/\/icf.church\/zuerich\">ICF Z\u00fcrich<\/a> &amp; <a href=\"https:\/\/icf.church\/movement\" data-type=\"link\" data-id=\"https:\/\/icf.church\/movement\">Movement<\/a><\/p><\/div>\n\n\n<div id=\"block-73\" class=\"col wp-block-yellowtree-column col-12 col-md-6 d-flex flex-column with-streched-height-children align-items-stretch align-items-md-stretch\">\n  <div class=\"mw-100\">\n      <figure id=\"block-71\">\n      <div class=\"img-wrap\" style=\"aspect-ratio:1;max-width:100%\">\n        <img decoding=\"async\" src=\"https:\/\/icf.church\/wp-content\/uploads\/2025\/08\/pastors-gathering-mai-27-2025-4-1024x683.jpg\" alt=\"\" loading=\"lazy\" title=\"\" class=\"img-fluid w-100 h-100 rounded object-fit-cover\" style=\"object-position: center center\">\n      <\/div>\n          <\/figure>\n    <\/div>\n\n<p id=\"block-72\" class=\"fs-sm text-center wp-block-paragraph\">\n  <strong class=\"myprefix-text-bold\">Tobias Teichen<br><\/strong>Lead Pastor, <a href=\"https:\/\/icf.church\/muenchen\" data-type=\"link\" data-id=\"https:\/\/icf.church\/muenchen\">ICF M\u00fcnchen<\/a><\/p><\/div>\n        <\/div>\n                <\/div>\n      <\/div>\n      <\/div>\n<\/div>\n\n<div id=\"block-85\" class=\"pt-2 pb-2 alignfull is-layout-constrained\">\n  <div>\n            <div class=\"row gx-4 gy-4 \">\n          \n\n<div id=\"block-77\" class=\"gap-2 col wp-block-yellowtree-column col-12 col-md-6 col-lg-3 d-flex flex-column with-streched-height-children align-items-stretch align-items-md-stretch\">\n  <div class=\"mw-100\">\n      <figure id=\"block-75\">\n      <div class=\"img-wrap\" style=\"aspect-ratio:1;max-width:100%\">\n        <img decoding=\"async\" src=\"https:\/\/icf.church\/wp-content\/uploads\/2025\/08\/pastors-gathering-may-7-2024-1-1024x683.jpg\" alt=\"\" loading=\"lazy\" title=\"\" class=\"img-fluid w-100 h-100 rounded object-fit-cover\" style=\"object-position: center center\">\n      <\/div>\n          <\/figure>\n    <\/div>\n\n<p id=\"block-76\" class=\"fs-sm text-center wp-block-paragraph\">\n  <strong class=\"myprefix-text-bold\">David Rominger<\/strong><br>Lead Pastor, <a href=\"https:\/\/icf.church\/swb\" data-type=\"link\" data-id=\"https:\/\/icf.church\/swb\">ICF SWB<\/a><\/p><\/div>\n\n\n<div id=\"block-80\" class=\"gap-2 col wp-block-yellowtree-column col-12 col-md-6 col-lg-3 d-flex flex-column with-streched-height-children align-items-stretch align-items-md-stretch\">\n  <div class=\"mw-100\">\n      <figure id=\"block-78\">\n      <div class=\"img-wrap\" style=\"aspect-ratio:1;max-width:100%\">\n        <img decoding=\"async\" src=\"https:\/\/icf.church\/wp-content\/uploads\/2025\/08\/pastors-gathering-may-7-2024-scaled.jpg\" alt=\"\" loading=\"lazy\" title=\"\" srcset=\"https:\/\/icf.church\/wp-content\/uploads\/2025\/08\/pastors-gathering-may-7-2024-scaled.jpg 2560w, https:\/\/icf.church\/wp-content\/uploads\/2025\/08\/pastors-gathering-may-7-2024-300x200.jpg 300w, https:\/\/icf.church\/wp-content\/uploads\/2025\/08\/pastors-gathering-may-7-2024-1024x683.jpg 1024w, https:\/\/icf.church\/wp-content\/uploads\/2025\/08\/pastors-gathering-may-7-2024-768x512.jpg 768w, https:\/\/icf.church\/wp-content\/uploads\/2025\/08\/pastors-gathering-may-7-2024-1536x1024.jpg 1536w, https:\/\/icf.church\/wp-content\/uploads\/2025\/08\/pastors-gathering-may-7-2024-2048x1365.jpg 2048w\" sizes=\"(max-width: 2560px) 100vw, 2560px\" class=\"img-fluid w-100 h-100 rounded object-fit-cover\" style=\"object-position: center center\">\n      <\/div>\n          <\/figure>\n    <\/div>\n\n<p id=\"block-79\" class=\"fs-sm text-center wp-block-paragraph\">\n  <strong class=\"myprefix-text-bold\">Bj\u00f6rn Sch\u00e4fer<\/strong><br>Lead Pastor, <a href=\"https:\/\/icf.church\/rheinmain\" data-type=\"link\" data-id=\"https:\/\/icf.church\/rheinmain\">ICF Rhein-Main<\/a><\/p><\/div>\n\n\n<div id=\"block-83\" class=\"gap-2 col wp-block-yellowtree-column col-12 col-md-6 col-lg-3 d-flex flex-column with-streched-height-children align-items-stretch align-items-md-stretch\">\n  <div class=\"mw-100\">\n      <figure id=\"block-81\">\n      <div class=\"img-wrap\" style=\"aspect-ratio:1;max-width:100%\">\n        <img decoding=\"async\" src=\"https:\/\/icf.church\/wp-content\/uploads\/2026\/03\/reneschubert.jpg\" alt=\"\" loading=\"lazy\" title=\"\" srcset=\"https:\/\/icf.church\/wp-content\/uploads\/2026\/03\/reneschubert.jpg 1920w, https:\/\/icf.church\/wp-content\/uploads\/2026\/03\/reneschubert-300x200.jpg 300w, https:\/\/icf.church\/wp-content\/uploads\/2026\/03\/reneschubert-1024x683.jpg 1024w, https:\/\/icf.church\/wp-content\/uploads\/2026\/03\/reneschubert-768x512.jpg 768w, https:\/\/icf.church\/wp-content\/uploads\/2026\/03\/reneschubert-1536x1024.jpg 1536w\" sizes=\"(max-width: 1920px) 100vw, 1920px\" class=\"img-fluid w-100 h-100 rounded object-fit-cover\" style=\"object-position: center center\">\n      <\/div>\n          <\/figure>\n    <\/div>\n\n<p id=\"block-82\" class=\"fs-sm text-center wp-block-paragraph\">\n  <strong class=\"myprefix-text-bold\">Rene Schubert<\/strong><br>Pastor, <a href=\"https:\/\/icf.church\/wien\" data-type=\"link\" data-id=\"https:\/\/icf.church\/wien\">ICF Wien<\/a><\/p><\/div>\n\n\n<div id=\"block-84\" class=\"gap-2 col wp-block-yellowtree-column col-12 col-md-6 col-lg-3 d-flex flex-column with-streched-height-children align-items-stretch align-items-md-stretch\">\n  <\/div>\n        <\/div>\n          <\/div>\n<\/div>\n\n<div id=\"block-88\" class=\"pt-2 pb-2 alignfull is-layout-constrained\">\n  <div>\n            <div class=\"row gx-4 gy-4 \">\n          \n\n<div id=\"block-87\" class=\"col wp-block-yellowtree-column col-12 d-flex flex-column with-streched-height-children align-items-stretch align-items-md-stretch\">\n  <p id=\"block-86\" class=\"fs-base text-center wp-block-paragraph\">\n  \u2026 und viele weitere Pastoren &amp; Leader, die Kirche mit Leidenschaft und Innovation pr\u00e4gen.<\/p><\/div>\n        <\/div>\n          <\/div>\n<\/div>\n\n<div id=\"block-91\" class=\"pt-2 pb-8 alignfull is-layout-constrained\">\n  <div>\n            <div class=\"row gx-4 gy-4 \">\n          \n\n<div id=\"block-90\" class=\"col wp-block-yellowtree-column col-12 d-flex flex-column justify-content-center align-items-center align-items-md-center\">\n  <div>\n    <a id=\"block-89\" href=\"#anmeldung\" rel=\"\" class=\"wp-block-yellowtree-button-link btn btn-default\">\n      <span>JETZT ANMELDEN<\/span>\n              <i class=\"icon fs-base-const fa-solid fa-arrow-right\" aria-hidden=\"true\"><\/i>\n          <\/a>\n  <\/div><\/div>\n        <\/div>\n          <\/div>\n<\/div>\n\n\n<section id=\"block-96\" class=\"wp-block-yellowtree-image-section-card position-relative alignfull\">\n      <img decoding=\"async\" width=\"2560\" height=\"1707\" src=\"https:\/\/icf.church\/wp-content\/uploads\/2025\/10\/pastors-gathering-mai-27-2025-1-scaled.jpg\" class=\"position-absolute start-0 top-0 w-100 h-100 object-fit-cover\" alt=\"\" aria-hidden=\"true\" style=\"object-position: 51% 45%;\" loading=\"lazy\" srcset=\"https:\/\/icf.church\/wp-content\/uploads\/2025\/10\/pastors-gathering-mai-27-2025-1-scaled.jpg 2560w, https:\/\/icf.church\/wp-content\/uploads\/2025\/10\/pastors-gathering-mai-27-2025-1-300x200.jpg 300w, https:\/\/icf.church\/wp-content\/uploads\/2025\/10\/pastors-gathering-mai-27-2025-1-1024x683.jpg 1024w, https:\/\/icf.church\/wp-content\/uploads\/2025\/10\/pastors-gathering-mai-27-2025-1-768x512.jpg 768w, https:\/\/icf.church\/wp-content\/uploads\/2025\/10\/pastors-gathering-mai-27-2025-1-1536x1024.jpg 1536w, https:\/\/icf.church\/wp-content\/uploads\/2025\/10\/pastors-gathering-mai-27-2025-1-2048x1365.jpg 2048w\" sizes=\"(max-width: 2560px) 100vw, 2560px\" \/>    <div class=\"is-layout-constrained\" style=\"padding-top: 15rem; padding-bottom: 15rem;\">\n    <div>\n      \n\n<div id=\"block-95\" data-bs-theme=\"dark\" class=\"card wp-block-yellowtree-text-card has-context-height\">\n  <div class=\"card-body px-4 py-6 p-sm-6 p-lg-8\">\n    \n\n<h2 id=\"block-92\">\n    LOCATION<\/h2>\n\n\n<p id=\"block-93\">\n    <strong>Online. \u00dcberall. F\u00fcr dich.<\/strong><br><br>Durch deine Anmeldung bekommst du deinen Zugang zum Zoom Call.  Alle Session finden am Abend online statt.<\/p>\n\n\n  <div>\n    <a id=\"block-94\" href=\"#anmeldung\" rel=\"\" class=\"wp-block-yellowtree-button-link btn btn-default\">\n      <span>JETZT ANMELDEN<\/span>\n              <i class='icon fs-base-const fa-solid fa-arrow-right' aria-hidden=\"true\"><\/i>\n          <\/a>\n  <\/div>\n\n  <\/div>\n<\/div>\n    <\/div>\n  <\/div>\n<\/section>\n\n<div id=\"anmeldung-2\" class=\"pt-8 pb-2 alignfull is-layout-constrained\">\n  <div>\n            <div class=\"row gx-4 gy-4 \">\n          \n\n<div id=\"anmeldung-2\" class=\"col wp-block-yellowtree-column col-12 d-flex flex-column with-streched-height-children align-items-stretch align-items-md-stretch\">\n  <h3 id=\"anmeldung\" class=\"h3 display-3 text-center\">\n  ANMELDUNG<\/h3>\n\n<p><b><center>Die Anmeldung f\u00fcr die School of Church Planting ist leider geschlossen. <p>Vielen Dank f\u00fcr dein Interesse\nBei Fragen schreib uns gerne an churchplanting@icf.church<\/p><\/center><\/b><\/p><\/div>\n        <\/div>\n          <\/div>\n<\/div>\n\n<div id=\"faq-2\" class=\"pt-8 pb-2 alignfull is-layout-constrained\">\n  <div>\n            <div class=\"row gx-4 gy-4 \">\n          \n\n<div id=\"faq-2\" class=\"col wp-block-yellowtree-column col-12 d-flex flex-column with-streched-height-children align-items-stretch align-items-md-stretch\">\n  <h3 id=\"faq\" class=\"h3 display-3 text-center\">\n  H\u00c4UFIG GESTELLTE FRAGEN<\/h3>\n\n<p id=\"block-97\" class=\"text-center wp-block-paragraph\">\n  Alles, was du wissen musst \u2013 kompakt und \u00fcbersichtlich<\/p><\/div>\n        <\/div>\n          <\/div>\n<\/div>\n\n<div id=\"block-108\" class=\"pt-2 pb-2 alignfull is-layout-constrained\">\n  <div>\n            <div class=\"row gx-4 gy-4 \">\n          \n\n<div id=\"block-107\" class=\"col wp-block-yellowtree-column col-12 d-flex flex-column with-streched-height-children align-items-stretch align-items-md-stretch\">\n  <div id=\"block-106\" class=\"accordion\">\n  <body>\n\n<div id=\"block-99\" data-bs-theme=\"dark\" class=\"overflow-hidden wp-block-yellowtree-accordion-item\">\n  <div class=\"accordion-header\">\n    <button class=\"accordion-button rounded-0 collapsed focus-ring-inset\" type=\"button\" data-bs-toggle=\"collapse\" data-bs-target=\"#block-99-collapse\" aria-expanded=\"false\" aria-controls=\"block-99-collapse\">\n      <div>\n        <h3 class=\"mb-0\">\n          Was ist das Programm der School of Church Planting?        <\/h3>\n              <\/div>\n      <div class=\"ms-auto accordion-icons icon-container-base\">\n        <i class=\"icon fa-arrow-right accordion-icon-default\"><\/i>\n        <i class=\"icon fa-close accordion-icon-alt\"><\/i>\n      <\/div>\n    <\/button>\n  <\/div>\n  <div id=\"block-99-collapse\" class=\"accordion-collapse collapse \" data-bs-parent=\"#block-106\">\n    <div class=\"accordion-body pt-0\">\n      <p id=\"block-98\" class=\"fs-sm text-center wp-block-paragraph\">\n  Die School of Church Planting ist ein weiterf\u00fchrendes Training f\u00fcr Leiter, die bewusst den Weg der Kirchengr\u00fcndung einschlagen wollen. Aufbauend auf dem Auftakt der <em class=\"myprefix-text-italic\"><a href=\"https:\/\/icf.church\/churchtrainingweek\" data-type=\"link\" data-id=\"https:\/\/icf.church\/churchtrainingweek\">Church Training Week<\/a><\/em> folgen vier Online-Sessions, die praktische Werkzeuge, Inspiration und geistliche Ausrichtung vermitteln. Im Fokus steht die pers\u00f6nliche Reflexion der Berufung sowie der Austausch von praktischen Erfahrungen und Glaubenszeugnissen.<\/p>    <\/div>\n  <\/div>\n<\/div>\n\n\n<div id=\"block-101\" data-bs-theme=\"dark\" class=\"overflow-hidden wp-block-yellowtree-accordion-item\">\n  <div class=\"accordion-header\">\n    <button class=\"accordion-button rounded-0 collapsed focus-ring-inset\" type=\"button\" data-bs-toggle=\"collapse\" data-bs-target=\"#block-101-collapse\" aria-expanded=\"false\" aria-controls=\"block-101-collapse\">\n      <div>\n        <h3 class=\"mb-0\">\n          In welcher Sprache sind die Training-Sessions?        <\/h3>\n              <\/div>\n      <div class=\"ms-auto accordion-icons icon-container-base\">\n        <i class=\"icon fa-arrow-right accordion-icon-default\"><\/i>\n        <i class=\"icon fa-close accordion-icon-alt\"><\/i>\n      <\/div>\n    <\/button>\n  <\/div>\n  <div id=\"block-101-collapse\" class=\"accordion-collapse collapse \" data-bs-parent=\"#block-106\">\n    <div class=\"accordion-body pt-0\">\n      <p id=\"block-100\" class=\"fs-sm text-center wp-block-paragraph\">\n  Die Hauptsprache der Sessions ist Deutsch. Je nach Bedarf wird eine englische \u00dcbersetzung angeboten.<\/p>    <\/div>\n  <\/div>\n<\/div>\n\n\n<div id=\"block-103\" data-bs-theme=\"dark\" class=\"overflow-hidden wp-block-yellowtree-accordion-item\">\n  <div class=\"accordion-header\">\n    <button class=\"accordion-button rounded-0 collapsed focus-ring-inset\" type=\"button\" data-bs-toggle=\"collapse\" data-bs-target=\"#block-103-collapse\" aria-expanded=\"false\" aria-controls=\"block-103-collapse\">\n      <div>\n        <h3 class=\"mb-0\">\n          Wer kann an der School of Church Planting teilnehmen?        <\/h3>\n              <\/div>\n      <div class=\"ms-auto accordion-icons icon-container-base\">\n        <i class=\"icon fa-arrow-right accordion-icon-default\"><\/i>\n        <i class=\"icon fa-close accordion-icon-alt\"><\/i>\n      <\/div>\n    <\/button>\n  <\/div>\n  <div id=\"block-103-collapse\" class=\"accordion-collapse collapse \" data-bs-parent=\"#block-106\">\n    <div class=\"accordion-body pt-0\">\n      <p id=\"block-102\" class=\"fs-sm text-center wp-block-paragraph\">\n  Das Programm richtet sich prim\u00e4r an Key Leader innerhalb des ICF Movements sowie an externe Personen, die eine tiefe Leidenschaft f\u00fcr Church Planting haben. Es ist f\u00fcr Leiter gedacht, die den Weg der Gr\u00fcndung ernsthaft gehen m\u00f6chten.<\/p>    <\/div>\n  <\/div>\n<\/div>\n\n\n<div id=\"block-105\" data-bs-theme=\"dark\" class=\"overflow-hidden wp-block-yellowtree-accordion-item\">\n  <div class=\"accordion-header\">\n    <button class=\"accordion-button rounded-0 collapsed focus-ring-inset\" type=\"button\" data-bs-toggle=\"collapse\" data-bs-target=\"#block-105-collapse\" aria-expanded=\"false\" aria-controls=\"block-105-collapse\">\n      <div>\n        <h3 class=\"mb-0\">\n          Wie erhalte ich Zugang zu den Training-Sessions?        <\/h3>\n              <\/div>\n      <div class=\"ms-auto accordion-icons icon-container-base\">\n        <i class=\"icon fa-arrow-right accordion-icon-default\"><\/i>\n        <i class=\"icon fa-close accordion-icon-alt\"><\/i>\n      <\/div>\n    <\/button>\n  <\/div>\n  <div id=\"block-105-collapse\" class=\"accordion-collapse collapse \" data-bs-parent=\"#block-106\">\n    <div class=\"accordion-body pt-0\">\n      <p id=\"block-104\" class=\"fs-sm text-center wp-block-paragraph\">\n  Nach deiner Anmeldung erh\u00e4ltst du die Zugangsdaten f\u00fcr die interaktiven Zoom-Meetings. Diese finden jeweils donnerstags von 19:30 bis 21:00 Uhr statt.<\/p>    <\/div>\n  <\/div>\n<\/div>\n<\/body><\/div><\/div>\n        <\/div>\n          <\/div>\n<\/div>\n\n<div id=\"block-112\" class=\"pt-8 pb-2 alignfull is-layout-constrained\">\n  <div>\n            <div class=\"row gx-4 gy-4 \">\n          \n\n<div id=\"block-111\" class=\"col wp-block-yellowtree-column col-12 d-flex flex-column with-streched-height-children align-items-stretch align-items-md-stretch\">\n  <h3 id=\"block-109\" class=\"h3 display-3 text-center\">\n  LADE DEIN TEAM EIN<\/h3>\n\n<p id=\"block-110\" class=\"text-center wp-block-paragraph\">\n  Lade dir Bilder f\u00fcr dein Social Media und zum Einladen von deinem Team herunter<br><\/p><\/div>\n        <\/div>\n          <\/div>\n<\/div>\n\n<div id=\"block-117\" class=\"pt-2 pb-2 alignfull is-layout-constrained\">\n  <div>\n          <div class=\"row\">\n        <div class=\"col-12 col-md-10 mx-auto\">\n                <div class=\"row gx-4 gy-4 \">\n          \n\n<div id=\"block-114\" class=\"col wp-block-yellowtree-column col-12 col-md-6 d-flex flex-column with-streched-height-children align-items-stretch align-items-md-stretch\">\n  <div class=\"mw-100\">\n      <figure id=\"block-113\">\n      <div class=\"img-wrap\" style=\"aspect-ratio:9\/16;max-width:100%\">\n        <img decoding=\"async\" src=\"https:\/\/icf.church\/wp-content\/uploads\/2026\/02\/keyvisual-story-school-of-churchplanting-576x1024.jpg\" alt=\"\" loading=\"lazy\" title=\"\" class=\"img-fluid w-100 h-100 rounded object-fit-cover\" style=\"object-position: center center\">\n      <\/div>\n          <\/figure>\n    <\/div><\/div>\n\n\n<div id=\"block-116\" class=\"col wp-block-yellowtree-column col-12 col-md-6 d-flex flex-column with-streched-height-children align-items-stretch align-items-md-stretch\">\n  <div class=\"mw-100\">\n      <figure id=\"block-115\">\n      <div class=\"img-wrap\" style=\"aspect-ratio:9\/16;max-width:100%\">\n        <img decoding=\"async\" src=\"https:\/\/icf.church\/wp-content\/uploads\/2026\/02\/story-background-2-school-of-churchplanting-576x1024.jpg\" alt=\"\" loading=\"lazy\" title=\"\" class=\"img-fluid w-100 h-100 rounded object-fit-cover\" style=\"object-position: center center\">\n      <\/div>\n          <\/figure>\n    <\/div><\/div>\n        <\/div>\n                <\/div>\n      <\/div>\n      <\/div>\n<\/div>\n\n<div id=\"block-120\" class=\"pt-2 pb-2 alignfull is-layout-constrained\">\n  <div>\n            <div class=\"row gx-4 gy-4 \">\n          \n\n<div id=\"block-119\" class=\"col wp-block-yellowtree-column col-12 d-flex flex-column justify-content-center align-items-center align-items-md-center\">\n  <div class=\"aligncenter mw-100\">\n      <figure id=\"block-118\" class=\"is-style-rounded\">\n      <div class=\"img-wrap\" style=\"aspect-ratio:16\/9;width:626px;height:auto;max-width:100%\">\n        <img decoding=\"async\" src=\"https:\/\/icf.church\/wp-content\/uploads\/2026\/02\/keyvisual-school-of-churchplanting-1024x576.jpg\" alt=\"\" loading=\"lazy\" title=\"\" class=\"img-fluid w-100 h-100 rounded object-fit-cover\" style=\"object-position: center center\">\n      <\/div>\n          <\/figure>\n    <\/div><\/div>\n        <\/div>\n          <\/div>\n<\/div>","protected":false},"excerpt":{"rendered":"","protected":false},"author":3,"featured_media":6327,"parent":0,"menu_order":11,"comment_status":"closed","ping_status":"closed","template":"","meta":{"_acf_changed":false,"_seopress_titles_title":"ICF School of Church Planting \u2013 Online Training","_seopress_titles_desc":"Vier Online-Abende strategisches Training f\u00fcr Church Planter. Mach den Traum einer neuen Kirche zur Realit\u00e4t \u2013 mit Know-how und Coaching.","_seopress_robots_index":"","_seopress_robots_follow":"","_seopress_robots_imageindex":"","_seopress_robots_snippet":"","_seopress_robots_primary_cat":"","_seopress_robots_breadcrumbs":"","_seopress_robots_freeze_modified_date":"","_seopress_robots_custom_modified_date":"","_seopress_robots_canonical":"","_seopress_social_fb_title":"","_seopress_social_fb_desc":"","_seopress_social_fb_img":"","_seopress_social_fb_img_attachment_id":0,"_seopress_social_fb_img_width":0,"_seopress_social_fb_img_height":0,"_seopress_social_twitter_title":"","_seopress_social_twitter_desc":"","_seopress_social_twitter_img":"","_seopress_social_twitter_img_attachment_id":0,"_seopress_social_twitter_img_width":0,"_seopress_social_twitter_img_height":0,"_seopress_redirections_value":"","_seopress_redirections_enabled":"","_seopress_redirections_enabled_regex":"","_seopress_redirections_logged_status":"both","_seopress_redirections_param":"","_seopress_redirections_type":301,"_seopress_analysis_target_kw":"","_seopress_news_disabled":"","_seopress_video_disabled":"","_seopress_video":[],"_seopress_pro_schemas_manual":[],"_seopress_pro_rich_snippets_disable_all":"","_seopress_pro_rich_snippets_disable":[],"_seopress_pro_schemas":[],"yt_custom_styles_scss":".wp-block-yellowtree-container-card p,\n.wp-block-yellowtree-container-card strong {\n  text-align: center !important;\n}","yt_custom_styles_rounded_corners":false,"yt_custom_styles_color_scheme":"","footnotes":""},"class_list":["post-6215","page","type-page","status-publish","has-post-thumbnail","hentry"],"acf":[],"_links":{"self":[{"href":"https:\/\/icf.church\/de\/wp-json\/wp\/v2\/pages\/6215","targetHints":{"allow":["GET"]}}],"collection":[{"href":"https:\/\/icf.church\/de\/wp-json\/wp\/v2\/pages"}],"about":[{"href":"https:\/\/icf.church\/de\/wp-json\/wp\/v2\/types\/page"}],"author":[{"embeddable":true,"href":"https:\/\/icf.church\/de\/wp-json\/wp\/v2\/users\/3"}],"replies":[{"embeddable":true,"href":"https:\/\/icf.church\/de\/wp-json\/wp\/v2\/comments?post=6215"}],"version-history":[{"count":35,"href":"https:\/\/icf.church\/de\/wp-json\/wp\/v2\/pages\/6215\/revisions"}],"predecessor-version":[{"id":60710,"href":"https:\/\/icf.church\/de\/wp-json\/wp\/v2\/pages\/6215\/revisions\/60710"}],"wp:featuredmedia":[{"embeddable":true,"href":"https:\/\/icf.church\/de\/wp-json\/wp\/v2\/media\/6327"}],"wp:attachment":[{"href":"https:\/\/icf.church\/de\/wp-json\/wp\/v2\/media?parent=6215"}],"curies":[{"name":"wp","href":"https:\/\/api.w.org\/{rel}","templated":true}]}}