{"id":115,"date":"2025-10-02T08:56:35","date_gmt":"2025-10-02T06:56:35","guid":{"rendered":"https:\/\/new.new.new.icf.church\/dresden\/?page_id=115"},"modified":"2026-08-27T17:49:12","modified_gmt":"2026-08-27T15:49:12","slug":"besuchen","status":"publish","type":"page","link":"https:\/\/icf.church\/dresden\/de\/besuchen\/","title":{"rendered":"Besuchen"},"content":{"rendered":"<h1 id=\"block-1\" class=\"mt-4 mb-4 h1 display-1 text-start\">\n  Sch\u00f6n, dass du da bist<\/h1>\n\n<p id=\"block-2\" class=\"mb-4 text-start wp-block-paragraph\">\n  Jeden Sonntag feiern wir unsere Celebrations \u2013 unser lauter, fr\u00f6hlicher und leidenschaftlicher Gottesdienst und w\u00f6chentliches Highlight!<\/p>\n\n\n<div id=\"block-8\" class=\"mb-4 wp-block-yellowtree-hero-stage\">\n    <div class=\"hero-stage has-links\">\n        \n\n<div id=\"block-4\" class=\"hero-stage-content\">\n    <div class=\"hero-stage-content__background\">\n        <div class=\"overlay-black-25 h-100\">\n                            <img fetchpriority=\"high\" decoding=\"async\" width=\"1280\" height=\"853\" src=\"https:\/\/icf.church\/dresden\/wp-content\/uploads\/sites\/91\/2026\/08\/photo_2026-08-23-07.21.02.jpeg\" class=\"hero-stage-media\" alt=\"\" style=\"object-position: 50% 50%;\" aria-hidden=\"true\" loading=\"eager\" srcset=\"https:\/\/icf.church\/dresden\/wp-content\/uploads\/sites\/91\/2026\/08\/photo_2026-08-23-07.21.02.jpeg 1280w, https:\/\/icf.church\/dresden\/wp-content\/uploads\/sites\/91\/2026\/08\/photo_2026-08-23-07.21.02-300x200.jpeg 300w, https:\/\/icf.church\/dresden\/wp-content\/uploads\/sites\/91\/2026\/08\/photo_2026-08-23-07.21.02-1024x682.jpeg 1024w, https:\/\/icf.church\/dresden\/wp-content\/uploads\/sites\/91\/2026\/08\/photo_2026-08-23-07.21.02-768x512.jpeg 768w\" sizes=\"(max-width: 1280px) 100vw, 1280px\" \/>                    <\/div>\n        <div class=\"hero-stage-gradient\"><\/div>\n    <\/div>\n    <div class=\"hero-stage-content__foreground is-layout-constrained\">\n        <h1 id=\"block-3\" class=\"display-1 text-center\">\n    Dein Sonntag im ICF Startup Dresden<\/h1>    <\/div>\n<\/div>\n\n\n<div id=\"block-7\" class=\"hero-stage-links is-layout-constrained count-2\">\n    <div class=\"icon-link-cards-layout column-gap-3 row-gap-1 justify-content-center break-md\">\n        \n\n<div id=\"block-5\" data-bs-theme=\"dark\" class=\"wp-block-yellowtree-icon-link-card\">\n  <div class='card-body flex-row justify-content-center align-items-center overflow-hidden gap-2 px-5 px-md-3 py-3 py-md-6'>\n    <div class='d-flex align-items-center gap-4 me-auto me-md-0 flex-md-column text-md-center gap-md-3'>\n      <i class='icon-square fs-2 fs-md-lg-const fa-solid fa-party-horn' aria-hidden='true'><\/i>\n      <a class='stretched-link fs-base-const' href='#celebrationzeiten' target=''>\n        Celebration Zeiten      <\/a>\n    <\/div>\n          <i class=\"icon fs-base-const fa-chevron-right ms-auto opacity-50 d-md-none\"><\/i>\n      <\/div>\n<\/div>\n\n\n<div id=\"block-6\" data-bs-theme=\"dark\" class=\"wp-block-yellowtree-icon-link-card\">\n  <div class='card-body flex-row justify-content-center align-items-center overflow-hidden gap-2 px-5 px-md-3 py-3 py-md-6'>\n    <div class='d-flex align-items-center gap-4 me-auto me-md-0 flex-md-column text-md-center gap-md-3'>\n      <i class='icon-square fs-2 fs-md-lg-const fa-solid fa-location-dot' aria-hidden='true'><\/i>\n      <a class='stretched-link fs-base-const' href='https:\/\/icf.church\/template-icf\/de\/besuchen' target=''>\n        Besuch planen      <\/a>\n    <\/div>\n          <i class=\"icon fs-base-const fa-chevron-right ms-auto opacity-50 d-md-none\"><\/i>\n      <\/div>\n<\/div>\n    <\/div>\n<\/div>\n    <\/div>\n<\/div>\n\n<div id=\"block-13\" class=\"pt-2 pb-2 alignfull is-layout-constrained\">\n  <div>\n            <div class=\"row gx-4 gy-4 \">\n          \n\n<div id=\"block-12\" class=\"col wp-block-yellowtree-column col-12 d-flex flex-column with-streched-height-children align-items-stretch align-items-md-stretch\">\n  <h3 id=\"block-9\" class=\"h3 display-3 text-start\">\n  Celebrations<\/h3>\n\n<p id=\"celebrationzeiten\" class=\"mb-7 text-start wp-block-paragraph\">\n  Wir laden dich herzlich zu unserer Celebration am Sonntag ein:<\/p>\n\n<p id=\"block-10\" class=\"text-start wp-block-paragraph\">\n  Ab 10:00 Uhr erwarten dich Gemeinschaft, kraftvoller Lobpreis, eine inspirierende Predigt und Impulse f\u00fcr deinen Alltag.<\/p>\n\n<p id=\"celebrationzeiten-2\" class=\"mb-7 text-start wp-block-paragraph\">\n  Doors Open ab 9:30 Uhr.<\/p>\n\n<p id=\"block-11\" class=\"text-start wp-block-paragraph\">\n  <\/p><\/div>\n        <\/div>\n          <\/div>\n<\/div>\n\n<div class=\"services-block\" data-services-list-config=\"{&quot;appId&quot;:&quot;ILU203NJSX&quot;,&quot;apiKey&quot;:&quot;OWViZTMyNDYyNzk1Zjg1NTllMmNmZmM4M2ViOWRhYWM3M2Y5YjY3OGU1YWRkYjQ5ZWE1MGMzMjI4NTZlMDg1ZmZpbHRlcnM9b3JnYW5pemF0aW9uX2lkJTNBMjk5K0FORCtzdGF0dXMlM0FwdWJsaXNoZWQmcmVzdHJpY3RJbmRpY2VzPXNlcnZpY2Vz&quot;,&quot;baseUrl&quot;:&quot;https:\\\/\\\/icf.church\\\/dresden\\\/de\\\/celebrations\\\/&quot;,&quot;postsPerPage&quot;:10,&quot;indexName&quot;:&quot;services&quot;,&quot;locationsPageUrl&quot;:&quot;https:\\\/\\\/icf.church\\\/locations\\\/&quot;,&quot;imgixSrcUrl&quot;:&quot;https:\\\/\\\/website-prod-space-01.fra1.digitaloceanspaces.com&quot;,&quot;imgixTargetUrl&quot;:&quot;https:\\\/\\\/icf-hub-new.imgix.net&quot;,&quot;placeholderImageUrl&quot;:&quot;https:\\\/\\\/icf.church\\\/dresden\\\/wp-content\\\/themes\\\/icf\\\/assets\\\/images\\\/celebrations.jpg&quot;,&quot;siteUrl&quot;:&quot;https:\\\/\\\/icf.church\\\/dresden&quot;}\">\n<\/div>\n\n\n<div id=\"block-17\" class=\"pt-7 alignfull is-layout-constrained\">\n  <div>\n            <div class=\"row gx-4 gy-4 \">\n          \n\n<div id=\"block-16\" class=\"gap-8 col wp-block-yellowtree-column col-12 d-flex flex-column with-streched-height-children align-items-center align-items-md-center\">\n  <div>\n    <a id=\"block-15\" href=\"https:\/\/icf.church\/template-icf\/de\/besuchen\" rel=\"\" class=\"wp-block-yellowtree-button-link btn btn-action-1\">\n      <span>Besuch planen<\/span>\n              <i class=\"icon fs-base-const fa-solid fa-location-arrow\" aria-hidden=\"true\"><\/i>\n          <\/a>\n  <\/div><\/div>\n        <\/div>\n          <\/div>\n<\/div>\n\n<div id=\"block-19\" class=\"pt-7 pb-2 alignfull is-layout-constrained\">\n  <div>\n            <div class=\"row gx-4 gy-4 \">\n          \n\n<div id=\"block-18\" class=\"col wp-block-yellowtree-column col-12 d-flex flex-column with-streched-height-children align-items-center align-items-md-center\">\n  <\/div>\n        <\/div>\n          <\/div>\n<\/div>\n\n<h3 id=\"block-20\" class=\"mt-10 h3 display-3 text-start\">\n  FAQ &#8211; Good to know<\/h3>\n\n<p id=\"block-21\" class=\"mb-6 text-start wp-block-paragraph\">\n  Du hast noch Fragen? Hier findest du Antworten<\/p>\n\n\n<div id=\"block-39\" class=\"accordion\">\n  <body>\n\n<div id=\"block-25\" data-bs-theme=\"dark\" class=\"overflow-hidden wp-block-yellowtree-accordion-item\">\n  <div class=\"accordion-header\">\n    <button class=\"accordion-button rounded-0 collapsed focus-ring-inset\" type=\"button\" data-bs-toggle=\"collapse\" data-bs-target=\"#block-25-collapse\" aria-expanded=\"false\" aria-controls=\"block-25-collapse\">\n      <div>\n        <h3 class=\"mb-0\">\n          Was ist eine Celebration und wie lange dauert diese?        <\/h3>\n              <\/div>\n      <div class=\"ms-auto accordion-icons icon-container-base\">\n        <i class=\"icon fa-arrow-right accordion-icon-default\"><\/i>\n        <i class=\"icon fa-close accordion-icon-alt\"><\/i>\n      <\/div>\n    <\/button>\n  <\/div>\n  <div id=\"block-25-collapse\" class=\"accordion-collapse collapse \">\n    <div class=\"accordion-body pt-0\">\n      <p id=\"block-22\" class=\"text-start wp-block-paragraph\">\n  Celebration, so nennen wir unseren w\u00f6chentlichen Gottesdienst. Celebration, weil wir hier gemeinsam unseren Gott feiern m\u00f6chten. Darum darf es auch etwas laut, fr\u00f6hlich und leidenschaftlich sein. Etwas anders, als du es vielleicht von der traditionellen Kirche her gewohnt bist.<\/p>\n\n<p id=\"block-23\" class=\"text-start wp-block-paragraph\">\n  Eine Celebration dauert ca. 1:15h und besteht haupts\u00e4chlich aus Worship, wo wir gemeinsam singen, und einer Predigt, welche dich f\u00fcr deinen Alltag ermutigen soll.<\/p>\n\n<p id=\"block-24\" class=\"text-start wp-block-paragraph\">\n  Es gibt keinen Dressscode. Komm so wie du bist!<\/p>    <\/div>\n  <\/div>\n<\/div>\n\n\n<div id=\"block-29\" data-bs-theme=\"dark\" class=\"overflow-hidden wp-block-yellowtree-accordion-item\">\n  <div class=\"accordion-header\">\n    <button class=\"accordion-button rounded-0 collapsed focus-ring-inset\" type=\"button\" data-bs-toggle=\"collapse\" data-bs-target=\"#block-29-collapse\" aria-expanded=\"false\" aria-controls=\"block-29-collapse\">\n      <div>\n        <h3 class=\"mb-0\">\n          Was f\u00fcr Musik erwartet mich? Muss ich mitsingen?        <\/h3>\n              <\/div>\n      <div class=\"ms-auto accordion-icons icon-container-base\">\n        <i class=\"icon fa-arrow-right accordion-icon-default\"><\/i>\n        <i class=\"icon fa-close accordion-icon-alt\"><\/i>\n      <\/div>\n    <\/button>\n  <\/div>\n  <div id=\"block-29-collapse\" class=\"accordion-collapse collapse \">\n    <div class=\"accordion-body pt-0\">\n      <p id=\"block-26\" class=\"text-start wp-block-paragraph\">\n  Dich erwartet Musik gespielt und gesungen von unserem Worship Team, ein Mix aus selbst geschrieben Songs oder Liedern von anderen bekannten christlichen Musikgruppen. Die Songs sind eine Art gesungene Gebete. Auf dem&nbsp;<a href=\"https:\/\/www.youtube.com\/@icfworshipofficial\">ICF Worship YouTube Kanal<\/a>&nbsp;kannst du dir ansehen, wie das klingt und aussehen kann. Jeder darf mitsingen; der zugeh\u00f6rige Text wird auf gro\u00dfen Bildschirmen eingeblendet. Nat\u00fcrlich darfst du auch einfach zuh\u00f6ren und genie\u00dfen.<\/p>\n\n<p id=\"block-27\" class=\"text-start wp-block-paragraph\">\n  Auf Spotify findest du eine&nbsp;<a href=\"https:\/\/open.spotify.com\/playlist\/6v0jU5X4HvrxNy9BfsTYsU?si=7315531169d74b60\">Playlist<\/a>&nbsp;mit den Songs, die wir in den Celebrations singen.<\/p>\n\n<p id=\"block-28\" class=\"text-start wp-block-paragraph\">\n  Es kann etwas lauter werden. Wenn du sensibel mit Lautst\u00e4rke bist, kannst du dir entweder Geh\u00f6rschutz mitbringen oder Ohrst\u00f6psel am Eingang der Hall bekommen.<\/p>    <\/div>\n  <\/div>\n<\/div>\n\n\n<div id=\"block-31\" data-bs-theme=\"dark\" class=\"overflow-hidden wp-block-yellowtree-accordion-item\">\n  <div class=\"accordion-header\">\n    <button class=\"accordion-button rounded-0 collapsed focus-ring-inset\" type=\"button\" data-bs-toggle=\"collapse\" data-bs-target=\"#block-31-collapse\" aria-expanded=\"false\" aria-controls=\"block-31-collapse\">\n      <div>\n        <h3 class=\"mb-0\">\n          Muss ich an Gott glauben, um eine Celebration zu besuchen?        <\/h3>\n              <\/div>\n      <div class=\"ms-auto accordion-icons icon-container-base\">\n        <i class=\"icon fa-arrow-right accordion-icon-default\"><\/i>\n        <i class=\"icon fa-close accordion-icon-alt\"><\/i>\n      <\/div>\n    <\/button>\n  <\/div>\n  <div id=\"block-31-collapse\" class=\"accordion-collapse collapse \">\n    <div class=\"accordion-body pt-0\">\n      <p id=\"block-30\" class=\"text-start wp-block-paragraph\">\n  Nein. Jede Person ist willkommen. Egal, welcher Background, egal, ob oder woran du glaubst. Komm vorbei!<br><\/p>    <\/div>\n  <\/div>\n<\/div>\n\n\n<div id=\"block-34\" data-bs-theme=\"dark\" class=\"overflow-hidden wp-block-yellowtree-accordion-item\">\n  <div class=\"accordion-header\">\n    <button class=\"accordion-button rounded-0 collapsed focus-ring-inset\" type=\"button\" data-bs-toggle=\"collapse\" data-bs-target=\"#block-34-collapse\" aria-expanded=\"false\" aria-controls=\"block-34-collapse\">\n      <div>\n        <h3 class=\"mb-0\">\n          Kann ich meine Kinder mitbringen?        <\/h3>\n              <\/div>\n      <div class=\"ms-auto accordion-icons icon-container-base\">\n        <i class=\"icon fa-arrow-right accordion-icon-default\"><\/i>\n        <i class=\"icon fa-close accordion-icon-alt\"><\/i>\n      <\/div>\n    <\/button>\n  <\/div>\n  <div id=\"block-34-collapse\" class=\"accordion-collapse collapse \">\n    <div class=\"accordion-body pt-0\">\n      <p id=\"block-32\" class=\"text-start wp-block-paragraph\">\n  Ja, sehr gern! Unsere <strong>ICF Kids<\/strong> haben am <strong>1. und 3. Sonntag im Monat<\/strong> ihr eigenes Kids-Programm.<\/p>\n\n<p id=\"block-33\" class=\"text-start wp-block-paragraph\">\n  An jedem Sonntag gibt es au\u00dferdem eine <strong>Kleinkindecke<\/strong>. Am <strong>2. und 4. Sonntag<\/strong> sind unsere Kids-R\u00e4ume f\u00fcr euch ge\u00f6ffnet und der Stream wird dorthin \u00fcbertragen. An diesen Sonntagen gibt es jedoch keine Betreuung \u2013 du bleibst selbst f\u00fcr dein Kind verantwortlich.<\/p>    <\/div>\n  <\/div>\n<\/div>\n\n\n<div id=\"block-38\" data-bs-theme=\"dark\" class=\"overflow-hidden wp-block-yellowtree-accordion-item\">\n  <div class=\"accordion-header\">\n    <button class=\"accordion-button rounded-0 collapsed focus-ring-inset\" type=\"button\" data-bs-toggle=\"collapse\" data-bs-target=\"#block-38-collapse\" aria-expanded=\"false\" aria-controls=\"block-38-collapse\">\n      <div>\n        <h3 class=\"mb-0\">\n          Anreise mit den \u00d6PNV und Auto        <\/h3>\n              <\/div>\n      <div class=\"ms-auto accordion-icons icon-container-base\">\n        <i class=\"icon fa-arrow-right accordion-icon-default\"><\/i>\n        <i class=\"icon fa-close accordion-icon-alt\"><\/i>\n      <\/div>\n    <\/button>\n  <\/div>\n  <div id=\"block-38-collapse\" class=\"accordion-collapse collapse \">\n    <div class=\"accordion-body pt-0\">\n      <p id=\"block-35\" class=\"text-start wp-block-paragraph\">\n  Mit dem \u00d6PNV kommst du folgenderma\u00dfen zum ICF:<br>Haltestelle S-Bahnhof Trachau, Fu\u00dfweg ca. 2 Minuten<\/p>\n\n<p id=\"block-36\" class=\"text-start wp-block-paragraph\">\n  Mit dem Auto: Am Trachauer bhf 6b, 01139 Dresden<\/p>\n\n<p id=\"block-37\" class=\"text-start wp-block-paragraph\">\n  Parken: Wir haben keine Parkpl\u00e4tze auf dem Gel\u00e4nde. Es ist m\u00f6glich, in den umliegenden Stra\u00dfen zu parken oder Parkpl\u00e4tzen zu Parken.<\/p>    <\/div>\n  <\/div>\n<\/div>\n<\/body><\/div>\n\n\n<div>\n  <div id=\"block-45\" class=\"mt-10 mb-10 wp-block-yellowtree-connect-social connect-social\">\n      \n\n<h2 id=\"block-40\" class=\"text-center display-2 mb-5\">\n    Stay Updated<\/h2>\n\n\n<p id=\"block-41\" class=\"text-center mb-6\">\n    Abonniere ICF Startup Dresden auf Telegram verpass nichts mehr.<br>Hier erh\u00e4ltst du regelm\u00e4ssig kurze News &amp; Updates \u00fcber Angebote und Events.<\/p>\n\n\n<div id=\"block-44\" class=\"wp-block-yellowtree-connect-social-links d-flex gap-1 gap-md-5 justify-content-center\">\n  <html><body>\n\n<a id=\"block-42\" href=\"https:\/\/t.me\/icf_dresden\" target=\"_blank\" data-variation=\"telegram\" class=\"wp-block-yellowtree-connect-social-link btn\" aria-label=\"Telegram Link\">\n  <i class=\"icon connect-social-icon fs-md-lg-const fs-h3-const fa-brands fa-telegram\" aria-hidden=\"true\"><\/i>\n<\/a>\n\n\n<a id=\"block-43\" href=\"https:\/\/www.instagram.com\/icfdresden\/\" target=\"_blank\" data-variation=\"instagram\" class=\"wp-block-yellowtree-connect-social-link btn\" aria-label=\"Instagram Link\">\n  <i class=\"icon connect-social-icon fs-md-lg-const fs-h3-const fa-brands fa-instagram\" aria-hidden=\"true\"><\/i>\n<\/a>\n<\/body><\/html><\/div>\n  <\/div>\n<\/div>\n\n\n\n<div id=\"block-48\" data-bs-theme=\"dark\" class=\"wp-block-yellowtree-divider-card card d-flex flex-column flex-lg-row py-6 py-lg-0\">\n  \n\n<div id=\"block-46\" class=\"wp-block-yellowtree-divider-card-item flex-1 d-flex flex-column position-relative text-center py-6 py-lg-10\">\n  <div class='mb-2'>\n    <div class='d-flex flex-column align-items-center gap-2'>\n      <i class='icon fs-lg-const fa-solid fa-users' aria-hidden='true'><\/i>\n      <h3 class='mb-0'>\n        <span class=\"text-container\">\n          Anschluss finden        <\/span>\n      <\/h3>\n    <\/div>\n  <\/div>\n  <div class='mt-auto'>\n    <a class='text-arrow-link fs-sm text-light-3' href=\"https:\/\/icf.church\/template-icf\/de\/findeanschluss\/\">\n      Los geht&#039;s    <\/a>\n  <\/div>\n<\/div>\n\n\n<div id=\"block-47\" class=\"wp-block-yellowtree-divider-card-item flex-1 d-flex flex-column position-relative text-center py-6 py-lg-10\">\n  <div class='mb-2'>\n    <div class='d-flex flex-column align-items-center gap-2'>\n      <i class='icon fs-lg-const fa-solid fa-location-dot' aria-hidden='true'><\/i>\n      <h3 class='mb-0'>\n        <span class=\"text-container\">\n          Deinen Besuch planen        <\/span>\n      <\/h3>\n    <\/div>\n  <\/div>\n  <div class='mt-auto'>\n    <a class='text-arrow-link fs-sm text-light-3' href=\"https:\/\/icf.church\/template-icf\/de\/besuchen\">\n      Los geht&#039;s    <\/a>\n  <\/div>\n<\/div>\n<\/div>","protected":false},"excerpt":{"rendered":"<p>Regelm\u00e4\u00dfig feiern wir unsere Celebrations \u2013 unser lauter, fr\u00f6hlicher und leidenschaftlicher Gottesdienst und w\u00f6chentliches Highlight!<\/p>\n","protected":false},"author":3,"featured_media":230,"parent":0,"menu_order":1,"comment_status":"closed","ping_status":"closed","template":"","meta":{"_acf_changed":false,"_seopress_titles_title":"","_seopress_titles_desc":"","_seopress_robots_index":"","_seopress_robots_follow":"","_seopress_robots_imageindex":"","_seopress_robots_snippet":"","_seopress_robots_primary_cat":"","_seopress_robots_breadcrumbs":"","_seopress_robots_freeze_modified_date":"","_seopress_robots_custom_modified_date":"","_seopress_robots_canonical":"","_seopress_social_fb_title":"","_seopress_social_fb_desc":"","_seopress_social_fb_img":"","_seopress_social_fb_img_attachment_id":0,"_seopress_social_fb_img_width":0,"_seopress_social_fb_img_height":0,"_seopress_social_twitter_title":"","_seopress_social_twitter_desc":"","_seopress_social_twitter_img":"","_seopress_social_twitter_img_attachment_id":0,"_seopress_social_twitter_img_width":0,"_seopress_social_twitter_img_height":0,"_seopress_redirections_value":"","_seopress_redirections_enabled":"","_seopress_redirections_enabled_regex":"","_seopress_redirections_logged_status":"both","_seopress_redirections_param":"","_seopress_redirections_type":301,"_seopress_analysis_target_kw":"","_seopress_news_disabled":"","_seopress_video_disabled":"","_seopress_video":[{"url":"","title":"","desc":"","thumbnail":"","duration":"","rating":"","view_count":"","tag":""}],"_seopress_pro_schemas_manual":[],"_seopress_pro_rich_snippets_disable_all":"","_seopress_pro_rich_snippets_disable":[],"_seopress_pro_schemas":[],"yt_custom_styles_scss":"","yt_custom_styles_rounded_corners":false,"yt_custom_styles_color_scheme":"","footnotes":""},"class_list":["post-115","page","type-page","status-publish","has-post-thumbnail","hentry"],"acf":[],"_links":{"self":[{"href":"https:\/\/icf.church\/dresden\/de\/wp-json\/wp\/v2\/pages\/115","targetHints":{"allow":["GET"]}}],"collection":[{"href":"https:\/\/icf.church\/dresden\/de\/wp-json\/wp\/v2\/pages"}],"about":[{"href":"https:\/\/icf.church\/dresden\/de\/wp-json\/wp\/v2\/types\/page"}],"author":[{"embeddable":true,"href":"https:\/\/icf.church\/dresden\/de\/wp-json\/wp\/v2\/users\/3"}],"replies":[{"embeddable":true,"href":"https:\/\/icf.church\/dresden\/de\/wp-json\/wp\/v2\/comments?post=115"}],"version-history":[{"count":29,"href":"https:\/\/icf.church\/dresden\/de\/wp-json\/wp\/v2\/pages\/115\/revisions"}],"predecessor-version":[{"id":838,"href":"https:\/\/icf.church\/dresden\/de\/wp-json\/wp\/v2\/pages\/115\/revisions\/838"}],"wp:featuredmedia":[{"embeddable":true,"href":"https:\/\/icf.church\/dresden\/de\/wp-json\/wp\/v2\/media\/230"}],"wp:attachment":[{"href":"https:\/\/icf.church\/dresden\/de\/wp-json\/wp\/v2\/media?parent=115"}],"curies":[{"name":"wp","href":"https:\/\/api.w.org\/{rel}","templated":true}]}}