{"id":1335,"date":"2025-10-02T09:02:41","date_gmt":"2025-10-02T07:02:41","guid":{"rendered":"https:\/\/new.icf.church\/fier\/?page_id=1335"},"modified":"2026-07-29T20:29:02","modified_gmt":"2026-07-29T18:29:02","slug":"rreth-nesh","status":"publish","type":"page","link":"https:\/\/icf.church\/fier\/sq\/rreth-nesh\/","title":{"rendered":"Rreth nesh"},"content":{"rendered":"<h1 id=\"block-1\" class=\"mt-4 mb-4 h1 display-1 text-center\">\n  Mire se vjen ne <br>ICF Fier<\/h1><div class=\"alignwide mw-100\">\n      <figure id=\"block-2\" class=\"is-style-rounded mt-2 mb-2\">\n      <div class=\"img-wrap\" style=\"max-width:100%\">\n        <img decoding=\"async\" src=\"https:\/\/icf.church\/fier\/wp-content\/uploads\/sites\/114\/2026\/03\/img_0213-scaled.jpeg\" alt=\"\" loading=\"lazy\" title=\"\" srcset=\"https:\/\/icf.church\/fier\/wp-content\/uploads\/sites\/114\/2026\/03\/img_0213-scaled.jpeg 2560w, https:\/\/icf.church\/fier\/wp-content\/uploads\/sites\/114\/2026\/03\/img_0213-300x225.jpeg 300w, https:\/\/icf.church\/fier\/wp-content\/uploads\/sites\/114\/2026\/03\/img_0213-1024x768.jpeg 1024w, https:\/\/icf.church\/fier\/wp-content\/uploads\/sites\/114\/2026\/03\/img_0213-768x576.jpeg 768w, https:\/\/icf.church\/fier\/wp-content\/uploads\/sites\/114\/2026\/03\/img_0213-1536x1152.jpeg 1536w, https:\/\/icf.church\/fier\/wp-content\/uploads\/sites\/114\/2026\/03\/img_0213-2048x1536.jpeg 2048w\" sizes=\"(max-width: 2560px) 100vw, 2560px\" class=\"img-fluid w-100 h-100 rounded object-fit-cover\" style=\"object-position: center center\" \/>\n      <\/div>\n          <\/figure>\n    <\/div><div id=\"block-6\" class=\"pt-2 pb-2 alignfull is-layout-constrained\">\n  <div>\n          <div class=\"row\">\n        <div class=\"col-12 col-md-10 mx-auto\">\n                <div class=\"row gx-4 gy-4 \">\n          \n\n<div id=\"block-5\" class=\"col wp-block-yellowtree-column col-12 d-flex flex-column with-streched-height-children align-items-stretch align-items-md-stretch\">\n  <h3 id=\"block-3\" class=\"mt-4 h3 display-3 text-center\">\n  NJE EKSPERIENCE E RE KISHE<\/h3>\n\n<h3 id=\"block-4\" class=\"mt-4 h3 text-center\">\n  ICF Fier \u00ebsht\u00eb nj\u00eb kish\u00eb e krishter\u00eb me nj\u00eb themel biblik: autentike, aktuale dhe e entuziazmuar p\u00ebr jet\u00ebn me Jezusin.<\/h3><\/div>\n        <\/div>\n                <\/div>\n      <\/div>\n      <\/div>\n<\/div><div id=\"block-14\" class=\"pt-2 pb-2 alignfull is-layout-constrained\">\n  <div>\n            <div class=\"row gx-4 gy-4 \">\n          \n\n<div id=\"block-13\" class=\"col wp-block-yellowtree-column col-12 d-flex flex-column with-streched-height-children align-items-center align-items-md-center\">\n  <div class=\"aligncenter mw-100\">\n      <figure id=\"block-7\">\n      <div class=\"img-wrap\" style=\"max-width:100%\">\n        <img decoding=\"async\" src=\"https:\/\/icf.church\/fier\/wp-content\/uploads\/sites\/114\/2026\/07\/photo_2026-07-20-17.25.47-1024x768.jpeg\" alt=\"\" loading=\"lazy\" title=\"\" class=\"img-fluid w-100 h-100 rounded object-fit-cover\" style=\"object-position: center center\">\n      <\/div>\n          <\/figure>\n    <\/div>\n\n<div id=\"block-12\" class=\"pt-2 pb-2 alignfull is-layout-constrained\">\n  <div>\n            <div class=\"row gx-4 gy-4 \">\n          \n\n<div id=\"block-11\" class=\"col wp-block-yellowtree-column col-12 d-flex flex-column with-streched-height-children align-items-stretch align-items-md-stretch\">\n  <div class=\"has-context-height\">\n  <article id=\"block-10\" data-bs-theme=\"dark\" class=\"wp-block-yellowtree-container-card card has-context-height\">\n    <div class=\"card-body\">\n      <h2 id=\"block-8\" class=\"h2 text-start\">\n  Mir\u00eb se vini n\u00eb sht\u00ebpi!<\/h2>\n\n<p id=\"block-9\" class=\"text-start wp-block-paragraph\">\n  Mire se vjen ne ICF Fier! Mir\u00eb se vini n\u00eb ICF Fier! Pavar\u00ebsisht se si keni rene ne kontakt me ne, jemi t\u00eb emocionuar q\u00eb ju kemi k\u00ebtu sot!  <br><br>Do t\u00eb donim t&#8217;ju prezantojm\u00eb veten ton\u00eb &#8211; \u00e7far\u00eb na p\u00ebrcakton si kish\u00eb, \u00e7far\u00eb na motivon, \u00e7far\u00eb besojm\u00eb dhe si e praktikojm\u00eb komunitetin.<br><br>Q\u00eb n\u00eb k\u00ebt\u00eb moment duam t\u00eb ndajm\u00eb me ju \u00ebndrr\u00ebn ton\u00eb p\u00ebr nj\u00eb kish\u00eb q\u00eb na ka frym\u00ebzuar q\u00eb nga fillimi dhe tani po b\u00ebhet gjithnj\u00eb e m\u00eb shum\u00eb realitet.<br><br>Ju ftojm\u00eb t\u00eb b\u00ebheni edhe ju pjes\u00eb e k\u00ebsaj \u00ebndrre. Jeni t\u00eb mir\u00ebpritur, ndjehuni si n\u00eb sht\u00ebpi!  <br><br>Jeni t\u00eb mir\u00ebpritur, ndjehuni si n\u00eb sht\u00ebpi!<br><br>Festimi &amp; Elisabeta Hoxha<br><em>Pastor\u00eb Kryesor\u00eb ICF Fier<\/em><\/p>    <\/div>\n  <\/article>\n<\/div><\/div>\n        <\/div>\n          <\/div>\n<\/div><\/div>\n        <\/div>\n          <\/div>\n<\/div><div id=\"block-17\" class=\"pt-9 pb-2 alignfull is-layout-constrained\">\n  <div>\n            <div class=\"row gx-4 gy-4 \">\n          \n\n<div id=\"block-16\" class=\"col wp-block-yellowtree-column col-12 d-flex flex-column with-streched-height-children align-items-stretch align-items-md-stretch\">\n  <h3 id=\"block-15\" class=\"h3 display-3 text-start\">\n  Misioni yn\u00eb<\/h3>\n\n<p id=\"values\" class=\"mb-2 fs-lg text-start wp-block-paragraph\">\n  Si kish\u00eb, eshte pasioni yne qe njerezit te behen \u00e7do dite e me shume si Jezus Krishti, te jetojne me guxim duke patur nje influence pozitive ne bot\u00ebn ku jetojn\u00eb.<\/p><\/div>\n        <\/div>\n          <\/div>\n<\/div><div id=\"block-24\" class=\"alignfull is-layout-constrained\">\n  <div>\n            <div class=\"row gx-4 gy-4 \">\n          \n\n<div id=\"block-19\" class=\"col wp-block-yellowtree-column col-12 col-md-6 col-lg-3 d-flex flex-column justify-content-center align-items-end align-items-md-end\">\n  <div>\n    <a id=\"block-18\" href=\"https:\/\/icf.church\/en\/vision\/\" rel=\"\" target=\"_blank\" class=\"wp-block-yellowtree-button-link btn btn-outline-default\">\n      <span>Vizioni yn\u00eb<\/span>\n              <i class=\"icon fs-base-const fa-solid fa-globe\" aria-hidden=\"true\"><\/i>\n          <\/a>\n  <\/div><\/div>\n\n\n<div id=\"block-20\" class=\"col wp-block-yellowtree-column col-12 col-md-6 col-lg-3 d-flex flex-column justify-content-center align-items-center align-items-md-center\">\n  <\/div>\n\n\n<div id=\"block-22\" class=\"col wp-block-yellowtree-column col-12 col-md-6 col-lg-3 d-flex flex-column justify-content-center align-items-start align-items-md-start\">\n  <div>\n    <a id=\"block-21\" href=\"https:\/\/icf.church\/en\/whatwebelieve\" rel=\"\" target=\"_blank\" class=\"wp-block-yellowtree-button-link btn btn-outline-default\">\n      <span>\u00c7far\u00eb besojm\u00eb<\/span>\n              <i class=\"icon fs-base-const fa-solid fa-cross\" aria-hidden=\"true\"><\/i>\n          <\/a>\n  <\/div><\/div>\n\n\n<div id=\"block-23\" class=\"col wp-block-yellowtree-column col-12 col-md-6 col-lg-3 d-flex flex-column with-streched-height-children align-items-stretch align-items-md-stretch\">\n  <\/div>\n        <\/div>\n          <\/div>\n<\/div>\n<div id=\"block-31\" class=\"wp-block-yellowtree-vision alignfull\">\n    <div class=\"vision-wrapper position-relative z-0\">\n        <div class=\"is-layout-constrained\">\n            <div class=\"position-relative\">\n                <div class=\"d-flex justify-content-center align-items-center\">\n                    <div class=\"vision-gradient w-100\"><\/div>\n                <\/div>\n                                    <div class=\"position-absolute start-50 top-50 translate-middle mw-100\" style=\"width: 40rem;\">\n                        <h3 class=\"display-3 text-center px-2 text-black mb-0\">Vlerat tona<\/h3>\n                    <\/div>\n                                <ul class=\"list-unstyled position-absolute start-50 top-50 w-50 h-50\">\n                    <li id=\"block-25\" class=\"wp-block-yellowtree-vision-item vision-item text-black\">\n    <button class=\"btn vision-button text-black has-pulse\" type=\"button\" aria-label=\"Trego m\u00eb shum\u00eb\" data-bs-toggle=\"modal\" data-bs-target=\"#block-25-card\">\n        <i class=\"icon vision-icon fa-solid fa-party-horn\" aria-hidden=\"true\"><\/i>\n    <\/button>\n    <div id=\"block-25-card\" tabindex=\"-1\" class=\"modal fade vision-modal position-absolute start-0 top-0\" style=\"display: none;\" data-bs-backdrop=\"false\">\n        <div class=\"modal-dialog\">\n            <article class=\"card vision-card\" data-bs-theme=\"dark\">\n                <button class=\"vision-card-close btn-close-fa position-absolute end-0 top-0 mt-1 me-1\" type=\"button\" data-bs-dismiss=\"modal\" aria-label=\"Mbylle kart\u00ebn e vizionit\"><\/button>\n                <div class=\"card-body p-3\">\n                    <div class=\"mt-7 mb-4 text-center\">\n                        <i class=\"icon vision-card-icon fa-solid fa-party-horn\" aria-hidden=\"true\"><\/i>\n                    <\/div>\n                    <p class=\"fs-sm-const mt-auto\">\n                        T\u00cb ENTUZIAZMUAR | Ne e dim\u00eb se g\u00ebzimi i Zotit \u00ebsht\u00eb forca jon\u00eb.                    <\/p>\n                <\/div>\n            <\/article>\n        <\/div>\n    <\/div>\n<\/li>\n\n\n<li id=\"block-26\" class=\"wp-block-yellowtree-vision-item vision-item text-black\">\n    <button class=\"btn vision-button text-black has-pulse\" type=\"button\" aria-label=\"Trego m\u00eb shum\u00eb\" data-bs-toggle=\"modal\" data-bs-target=\"#block-26-card\">\n        <i class=\"icon vision-icon fa-solid fa-house\" aria-hidden=\"true\"><\/i>\n    <\/button>\n    <div id=\"block-26-card\" tabindex=\"-1\" class=\"modal fade vision-modal position-absolute start-0 top-0\" style=\"display: none;\" data-bs-backdrop=\"false\">\n        <div class=\"modal-dialog\">\n            <article class=\"card vision-card\" data-bs-theme=\"dark\">\n                <button class=\"vision-card-close btn-close-fa position-absolute end-0 top-0 mt-1 me-1\" type=\"button\" data-bs-dismiss=\"modal\" aria-label=\"Mbylle kart\u00ebn e vizionit\"><\/button>\n                <div class=\"card-body p-3\">\n                    <div class=\"mt-7 mb-4 text-center\">\n                        <i class=\"icon vision-card-icon fa-solid fa-house\" aria-hidden=\"true\"><\/i>\n                    <\/div>\n                    <p class=\"fs-sm-const mt-auto\">\n                        MIKPRIT\u00cbS | Ne krijojm\u00eb nj\u00eb atmosfer\u00eb t\u00eb dashur &quot;Mir\u00ebsevini n\u00eb Sht\u00ebpi&quot;.                    <\/p>\n                <\/div>\n            <\/article>\n        <\/div>\n    <\/div>\n<\/li>\n\n\n<li id=\"block-27\" class=\"wp-block-yellowtree-vision-item vision-item text-black\">\n    <button class=\"btn vision-button text-black has-pulse\" type=\"button\" aria-label=\"Trego m\u00eb shum\u00eb\" data-bs-toggle=\"modal\" data-bs-target=\"#block-27-card\">\n        <i class=\"icon vision-icon fa-solid fa-face-smile-hearts\" aria-hidden=\"true\"><\/i>\n    <\/button>\n    <div id=\"block-27-card\" tabindex=\"-1\" class=\"modal fade vision-modal position-absolute start-0 top-0\" style=\"display: none;\" data-bs-backdrop=\"false\">\n        <div class=\"modal-dialog\">\n            <article class=\"card vision-card\" data-bs-theme=\"dark\">\n                <button class=\"vision-card-close btn-close-fa position-absolute end-0 top-0 mt-1 me-1\" type=\"button\" data-bs-dismiss=\"modal\" aria-label=\"Mbylle kart\u00ebn e vizionit\"><\/button>\n                <div class=\"card-body p-3\">\n                    <div class=\"mt-7 mb-4 text-center\">\n                        <i class=\"icon vision-card-icon fa-solid fa-face-smile-hearts\" aria-hidden=\"true\"><\/i>\n                    <\/div>\n                    <p class=\"fs-sm-const mt-auto\">\n                        AUTENTIK\u00cb | Ne e jetojm\u00eb at\u00eb q\u00eb themi.                    <\/p>\n                <\/div>\n            <\/article>\n        <\/div>\n    <\/div>\n<\/li>\n\n\n<li id=\"block-28\" class=\"wp-block-yellowtree-vision-item vision-item text-black\">\n    <button class=\"btn vision-button text-black has-pulse\" type=\"button\" aria-label=\"Trego m\u00eb shum\u00eb\" data-bs-toggle=\"modal\" data-bs-target=\"#block-28-card\">\n        <i class=\"icon vision-icon fa-solid fa-rocket-launch\" aria-hidden=\"true\"><\/i>\n    <\/button>\n    <div id=\"block-28-card\" tabindex=\"-1\" class=\"modal fade vision-modal position-absolute start-0 top-0\" style=\"display: none;\" data-bs-backdrop=\"false\">\n        <div class=\"modal-dialog\">\n            <article class=\"card vision-card\" data-bs-theme=\"dark\">\n                <button class=\"vision-card-close btn-close-fa position-absolute end-0 top-0 mt-1 me-1\" type=\"button\" data-bs-dismiss=\"modal\" aria-label=\"Mbylle kart\u00ebn e vizionit\"><\/button>\n                <div class=\"card-body p-3\">\n                    <div class=\"mt-7 mb-4 text-center\">\n                        <i class=\"icon vision-card-icon fa-solid fa-rocket-launch\" aria-hidden=\"true\"><\/i>\n                    <\/div>\n                    <p class=\"fs-sm-const mt-auto\">\n                        AKTUAL\u00cb | Ne jemi n\u00eb pulsin e koh\u00ebs.                    <\/p>\n                <\/div>\n            <\/article>\n        <\/div>\n    <\/div>\n<\/li>\n\n\n<li id=\"block-29\" class=\"wp-block-yellowtree-vision-item vision-item text-black\">\n    <button class=\"btn vision-button text-black has-pulse\" type=\"button\" aria-label=\"Trego m\u00eb shum\u00eb\" data-bs-toggle=\"modal\" data-bs-target=\"#block-29-card\">\n        <i class=\"icon vision-icon fa-solid fa-hand-heart\" aria-hidden=\"true\"><\/i>\n    <\/button>\n    <div id=\"block-29-card\" tabindex=\"-1\" class=\"modal fade vision-modal position-absolute start-0 top-0\" style=\"display: none;\" data-bs-backdrop=\"false\">\n        <div class=\"modal-dialog\">\n            <article class=\"card vision-card\" data-bs-theme=\"dark\">\n                <button class=\"vision-card-close btn-close-fa position-absolute end-0 top-0 mt-1 me-1\" type=\"button\" data-bs-dismiss=\"modal\" aria-label=\"Mbylle kart\u00ebn e vizionit\"><\/button>\n                <div class=\"card-body p-3\">\n                    <div class=\"mt-7 mb-4 text-center\">\n                        <i class=\"icon vision-card-icon fa-solid fa-hand-heart\" aria-hidden=\"true\"><\/i>\n                    <\/div>\n                    <p class=\"fs-sm-const mt-auto\">\n                        BUJAR\u00cb \nNe jemi t\u00eb bekuar p\u00ebr t\u00eb qen\u00eb nj\u00eb bekim.                    <\/p>\n                <\/div>\n            <\/article>\n        <\/div>\n    <\/div>\n<\/li>\n\n\n<li id=\"block-30\" class=\"wp-block-yellowtree-vision-item vision-item text-black\">\n    <button class=\"btn vision-button text-black has-pulse\" type=\"button\" aria-label=\"Trego m\u00eb shum\u00eb\" data-bs-toggle=\"modal\" data-bs-target=\"#block-30-card\">\n        <i class=\"icon vision-icon fa-solid fa-heart\" aria-hidden=\"true\"><\/i>\n    <\/button>\n    <div id=\"block-30-card\" tabindex=\"-1\" class=\"modal fade vision-modal position-absolute start-0 top-0\" style=\"display: none;\" data-bs-backdrop=\"false\">\n        <div class=\"modal-dialog\">\n            <article class=\"card vision-card\" data-bs-theme=\"dark\">\n                <button class=\"vision-card-close btn-close-fa position-absolute end-0 top-0 mt-1 me-1\" type=\"button\" data-bs-dismiss=\"modal\" aria-label=\"Mbylle kart\u00ebn e vizionit\"><\/button>\n                <div class=\"card-body p-3\">\n                    <div class=\"mt-7 mb-4 text-center\">\n                        <i class=\"icon vision-card-icon fa-solid fa-heart\" aria-hidden=\"true\"><\/i>\n                    <\/div>\n                    <p class=\"fs-sm-const mt-auto\">\n                        T\u00cb SHK\u00cbLQYER | Ne japim m\u00eb t\u00eb mir\u00ebn ton\u00eb p\u00ebr Zotin.                    <\/p>\n                <\/div>\n            <\/article>\n        <\/div>\n    <\/div>\n<\/li>                <\/ul>\n            <\/div>\n        <\/div>\n        <div class=\"vision-backdrop\" style=\"display: none;\"><\/div>\n    <\/div>\n<\/div><div id=\"werte-2\" class=\"pt-8 pb-2 alignfull is-layout-constrained\">\n  <div>\n            <div class=\"row gx-4 gy-4 \">\n          \n\n<div id=\"werte-2\" class=\"col wp-block-yellowtree-column col-12 d-flex flex-column with-streched-height-children align-items-stretch align-items-md-stretch\">\n  <h3 id=\"werte\" class=\"h3 display-3 text-start\">\n  Kodi Yn\u00eb i Nderit<\/h3>\n\n<p id=\"block-32\" class=\"mt-2 mb-2 text-start wp-block-paragraph\">\n  <em class=\"myprefix-text-italic\">Prandaj edhe ne q\u00eb jemi t\u00eb rrethuar nga nj\u00eb re kaq e madhe d\u00ebshmitar\u00ebsh, le t\u00eb hedhim tej \u00e7do barr\u00eb si dhe m\u00ebkatin q\u00eb na josh leht\u00ebsisht dhe le t\u00eb ecim p\u00ebrpara me durim n\u00eb betej\u00ebn q\u00eb na pret. Le t&#8217;i mbajm\u00eb syt\u00eb te Jezui q\u00eb \u00ebsht\u00eb kreu i besimit ton\u00eb dhe ai q\u00eb e b\u00ebn at\u00eb t\u00eb p\u00ebrsosur. Ai, p\u00ebr g\u00ebzimin q\u00eb e priste, duroi kryqin duke p\u00ebr\u00e7muar turpin dhe u ul n\u00eb t\u00eb djatht\u00eb t\u00eb fronit t\u00eb Per\u00ebndis\u00eb.<\/em><\/p>\n\n<p id=\"block-33\" class=\"mb-6 text-start wp-block-paragraph\" style=\"margin-top:0\">\n  <em class=\"myprefix-text-italic\">Bibla &#8211; Hebrenjte 12:1-2<\/em><\/p>\n\n<p id=\"block-34\" class=\"text-start wp-block-paragraph\">\n  Si sh\u00ebrbyes dhe Udh\u00ebheq\u00ebs Kryesor\u00eb n\u00eb ICF Fier, d\u00ebshira jon\u00eb e thell\u00eb \u00ebsht\u00eb ta p\u00ebrfundojm\u00eb me fitore gar\u00ebn te besimit. Jemi t\u00eb vendosur t\u00eb jetojm\u00eb sipas standardeve morale biblike. Pas bisedave t\u00eb shumta rreth stilit t\u00eb jet\u00ebs s\u00eb udh\u00ebheq\u00ebsve n\u00eb kish\u00eb dhe t\u00eb frym\u00ebzuar nga &#8220;Modesto Manifesto&#8221; i shkruar nga Billy Graham dhe miqt\u00eb e tij, kemi r\u00ebn\u00eb dakord p\u00ebr nj\u00eb s\u00ebr\u00eb parimesh vullnetare: &#8220;Kodi i Nderit p\u00ebr Sh\u00ebrbyesit e ICF Fier&#8221;.<\/p><\/div>\n        <\/div>\n          <\/div>\n<\/div><div id=\"block-48\" class=\"pt-4 pb-4 alignfull is-layout-constrained\">\n  <div>\n            <div class=\"row gx-4 gy-4 \">\n          \n\n<div id=\"block-47\" class=\"col wp-block-yellowtree-column col-12 d-flex flex-column with-streched-height-children align-items-stretch align-items-md-stretch\">\n  <div id=\"block-45\" class=\"accordion\">\n  <body>\n\n<div id=\"block-36\" data-bs-theme=\"dark\" class=\"overflow-hidden wp-block-yellowtree-accordion-item\">\n  <div class=\"accordion-header\">\n    <button class=\"accordion-button rounded-0 collapsed focus-ring-inset\" type=\"button\" data-bs-toggle=\"collapse\" data-bs-target=\"#block-36-collapse\" aria-expanded=\"false\" aria-controls=\"block-36-collapse\">\n      <div>\n        <h3 class=\"mb-0\">\n          Financat        <\/h3>\n              <\/div>\n      <div class=\"ms-auto accordion-icons icon-container-base\">\n        <i class=\"icon fa-arrow-right accordion-icon-default\"><\/i>\n        <i class=\"icon fa-close accordion-icon-alt\"><\/i>\n      <\/div>\n    <\/button>\n  <\/div>\n  <div id=\"block-36-collapse\" class=\"accordion-collapse collapse \" data-bs-parent=\"#block-45\">\n    <div class=\"accordion-body pt-0\">\n      <p id=\"block-35\" class=\"text-start wp-block-paragraph\">\n  Kisha ICF Fier \u00ebsht\u00eb nj\u00eb Organizat\u00eb jo Fitimprurese. Ajo financohet nga donacione vullnetare. T\u00eb ardhurat nga shitjet e t\u00eb gjitha produkteve t\u00eb ICF Media, t\u00eb tilla si libra, muzik\u00eb dhe aplikacione, derdhen t\u00ebr\u00ebsisht n\u00eb organizat\u00eb. Me k\u00ebrkes\u00eb, ne ofrojm\u00eb informacion mbi financat tona. Me bindje, ne p\u00ebrmbushim k\u00ebrkesat ligjore, t\u00eb tilla nese kerkohen si auditimi i rregullt i llogarive t\u00eb Organizates.<\/p>    <\/div>\n  <\/div>\n<\/div>\n\n\n<div id=\"block-38\" data-bs-theme=\"dark\" class=\"overflow-hidden wp-block-yellowtree-accordion-item\">\n  <div class=\"accordion-header\">\n    <button class=\"accordion-button rounded-0 collapsed focus-ring-inset\" type=\"button\" data-bs-toggle=\"collapse\" data-bs-target=\"#block-38-collapse\" aria-expanded=\"false\" aria-controls=\"block-38-collapse\">\n      <div>\n        <h3 class=\"mb-0\">\n          Sh\u00ebndeti dhe Seksualiteti        <\/h3>\n              <\/div>\n      <div class=\"ms-auto accordion-icons icon-container-base\">\n        <i class=\"icon fa-arrow-right accordion-icon-default\"><\/i>\n        <i class=\"icon fa-close accordion-icon-alt\"><\/i>\n      <\/div>\n    <\/button>\n  <\/div>\n  <div id=\"block-38-collapse\" class=\"accordion-collapse collapse \" data-bs-parent=\"#block-45\">\n    <div class=\"accordion-body pt-0\">\n      <p id=\"block-37\" class=\"text-start wp-block-paragraph\">\n  Sh\u00ebndeti dhe Seksualiteti &#8211; Ne mbajm\u00eb nj\u00eb stil jetese t\u00eb sh\u00ebndetsh\u00ebm dhe pa var\u00ebsi. Ne luftojm\u00eb n\u00eb m\u00ebnyr\u00eb aktive m\u00ebkatin seksual n\u00eb nj\u00eb m\u00ebnyr\u00eb t\u00eb vet\u00ebp\u00ebrgjegjshme. Si organizat\u00eb, ne marrim masa parandaluese kund\u00ebr abuzimit seksual dhe shkeljeve seksuale, t\u00eb tilla si nj\u00eb procedur\u00eb e ndjeshme aplikimi, trajnimi i bashkepunetoreve dhe nj\u00eb kod sjelljeje p\u00ebr bashkepunetoret dhe vullnetar\u00ebt. P\u00ebr t\u00eb p\u00ebrmbushur k\u00ebt\u00eb q\u00ebllim, n   <a href=\"\"> <\/a>e punojm\u00eb s\u00eb bashku me nj\u00ebsit\u00eb e specializuar brenda organizates por edhe njesite pergjegjese shteterore ne vendin tone ne rast se ka \u00e7eshtje te tilla per tu adresuar. \u00c7do person n\u00eb kish\u00ebn ton\u00eb ka t\u00eb drejt\u00ebn dhe detyr\u00ebn t\u00eb kontaktoj\u00eb nj\u00ebsin\u00eb e specializuar komb\u00ebtare dhe t\u00eb pavarur kur dyshohet p\u00ebr nj\u00eb rast.<\/p>    <\/div>\n  <\/div>\n<\/div>\n\n\n<div id=\"block-41\" data-bs-theme=\"dark\" class=\"overflow-hidden wp-block-yellowtree-accordion-item\">\n  <div class=\"accordion-header\">\n    <button class=\"accordion-button rounded-0 collapsed focus-ring-inset\" type=\"button\" data-bs-toggle=\"collapse\" data-bs-target=\"#block-41-collapse\" aria-expanded=\"false\" aria-controls=\"block-41-collapse\">\n      <div>\n        <h3 class=\"mb-0\">\n          Pushteti dhe Kompetencat        <\/h3>\n              <\/div>\n      <div class=\"ms-auto accordion-icons icon-container-base\">\n        <i class=\"icon fa-arrow-right accordion-icon-default\"><\/i>\n        <i class=\"icon fa-close accordion-icon-alt\"><\/i>\n      <\/div>\n    <\/button>\n  <\/div>\n  <div id=\"block-41-collapse\" class=\"accordion-collapse collapse \" data-bs-parent=\"#block-45\">\n    <div class=\"accordion-body pt-0\">\n      <p id=\"block-39\" class=\"text-start wp-block-paragraph\">\n  Ne i n\u00ebnshtrohemi dhe i p\u00ebrkushtohemi deklarat\u00ebs s\u00eb misionit t\u00eb Kish\u00ebs ICF Fier. Ne i p\u00ebrdorim pushtetet dhe kompetencat e besuara me p\u00ebrgjegj\u00ebsi dhe kund\u00ebrshtojm\u00eb n\u00eb m\u00ebnyr\u00eb aktive abuzimin me pushtetin. Festimi dhe Elisabeta Hoxhaj drejtojn\u00eb organizat\u00ebn si Pastor\u00ebt kryesore, k\u00ebshtu edhe skuadren e saj te udh\u00ebheqjes.<\/p>\n\n<p id=\"block-40\" class=\"text-start wp-block-paragraph\">\n  N\u00eb skuadren e udh\u00ebheqjes, \u00e7do mendim ka r\u00ebnd\u00ebsi. Ne luftojm\u00eb me vendimet derisa t\u00eb gjith\u00eb t&#8217;i mb\u00ebshtesin ato dhe askush t\u00eb mos ket\u00eb ndonj\u00eb rezerv\u00eb serioze. P\u00ebrgjegj\u00ebsia strategjike dhe operacionale u caktohet zonave p\u00ebrkat\u00ebse ekipeve t\u00eb vet\u00eborganizuara. Kompetencat n\u00eb deg\u00ebt ligjore t\u00eb organizat\u00ebs shp\u00ebrndahen t\u00eb gjitha permes dy n\u00ebnshkruesve t\u00eb autorizuar.<\/p>    <\/div>\n  <\/div>\n<\/div>\n\n\n<\/body><\/div>\n\n<p id=\"block-46\" class=\"mt-6 fs-base text-center wp-block-paragraph\">\n  <strong class=\"myprefix-text-bold\">Na ndihmofte Per\u00ebndia t\u00eb jetojm\u00eb besnik\u00ebrisht dhe me pasion \u00ebndrr\u00ebn q\u00eb Ai na ka besuar.<\/strong><\/p><\/div>\n        <\/div>\n          <\/div>\n<\/div><div id=\"block-65\" class=\"pt-9 pb-2 alignfull is-layout-constrained\">\n  <div>\n            <div class=\"row gx-4 gy-4 \">\n          \n\n<div id=\"block-64\" class=\"col wp-block-yellowtree-column col-12 d-flex flex-column with-streched-height-children align-items-stretch align-items-md-stretch\">\n  <h3 id=\"block-49\" class=\"h3 display-3 text-start\">\n  Kisha n\u00eb l\u00ebvizje<\/h3>\n\n<p id=\"block-50\" class=\"text-start wp-block-paragraph\">\n  E gjitha filloi n\u00eb vitin 2011 kur Festimi &amp; Elisabeta nis\u00ebn projektin e ungjillizimit ne qytetin e Fierit. Me d\u00ebshir\u00ebn p\u00ebr tu sh\u00ebrbyer njer\u00ebzve n\u00eb nevoj\u00eb, jetim\u00ebve, grave t\u00eb veja, djem dhe vajza q\u00eb vinin nga familje n\u00eb v\u00ebshtir\u00ebsi, nisi puna. U hap menca e par\u00eb n\u00eb qytet, ku nj\u00eb staf i pun\u00ebsuar siguronte ushqim t\u00eb ngroht\u00eb, p\u00ebrkujdesje shpirt\u00ebrore si dhe sociale-edukative. Edukimi i f\u00ebmij\u00ebve dhe t\u00eb rinjve u b\u00eb shpejt nj\u00eb nga prioritetet e projektit.<\/p>\n\n<p id=\"block-51\" class=\"text-start wp-block-paragraph\">\n  P\u00ebr vite me radh\u00eb, Per\u00ebndia n\u00eb m\u00ebnyr\u00eb supernatyrore siguroi p\u00ebr k\u00ebt\u00eb projekt. Njer\u00ebzit p\u00ebr t\u00eb cil\u00ebt u p\u00ebrkujdes\u00ebm p\u00ebr kaq koh\u00eb, shpejt do t\u00eb b\u00ebheshin edhe grupimi i par\u00eb i besimtar\u00ebve q\u00eb do ti bashkoheshin kish\u00ebs. Sot, k\u00ebta djem dhe vajza jan\u00eb pjes\u00eb active e kish\u00ebs son\u00eb.<\/p>\n\n<p id=\"block-52\" class=\"text-start wp-block-paragraph\">\n  <\/p>\n\n<p id=\"block-53\" class=\"text-start wp-block-paragraph\">\n  <strong class=\"myprefix-text-bold\">Prill 2017<\/strong>: P\u00ebrmes lutjeve dhe k\u00ebshillimit me miq brenda dhe jasht\u00eb vendit dhe me besim se koha kishte ardhur, nisi kisha e re.<\/p>\n\n<p id=\"block-54\" class=\"text-start wp-block-paragraph\">\n  Nd\u00ebrkoh\u00eb kjo \u00ebnd\u00ebrr u nda edhe me miqt\u00eb tan\u00eb, shpejt u formua nje skuad\u00ebr pun\u00ebtor\u00ebsh. Per\u00ebndia, p\u00ebrkushtimi dhe pasioni i k\u00ebtij grupi b\u00ebri q\u00eb shum\u00eb shpejt t\u00eb zhvendoseshim n\u00eb nj\u00eb nd\u00ebrtes\u00eb me qera. Favori i treguar nga Per\u00ebndia na dha zem\u00ebr dhe filluan p\u00ebrgatitjet p\u00ebr t\u00eb akomoduar njer\u00ebzit n\u00eb nj\u00eb ambient t\u00eb bukur dhe t\u00eb k\u00ebndsh\u00ebm.<br><\/p>\n\n<p id=\"block-55\" class=\"text-start wp-block-paragraph\">\n  Me ndihm\u00ebn e Rrjetit t\u00eb Kish\u00ebmbjelljes n\u00eb Shqip\u00ebri u sigurua fondi fillestar p\u00ebr nisjen the rregullimin e ambienteve t\u00eb kish\u00ebs.<\/p>\n\n<div id=\"block-59\" class=\"mt-6 mb-6 alignfull is-layout-constrained\" style=\"margin-left:0;margin-right:0\">\n  <swiper-container init=\"false\" data-yt-template=\"3-col\" data-yt-pagination=\"true\" data-yt-navigation=\"true\" class=\"has-full-height-slides \">\n          <swiper-slide><article id=\"block-56\" data-bs-theme=\"dark\" tabindex=\"0\" data-bs-toggle=\"collapse\" data-bs-target=\"#block-56-collapse\" data-toggle-on-hover=\"true\" aria-expanded=\"false\" aria-controls=\"block-56-collapse\" class=\"card wp-block-yellowtree-history-card overflow-auto py-4 has-context-height\" style=\"--card-img-position:50% 50%;--card-aspect-ratio:1\">\n    <div class=\"h-100 overflow-y-auto z-1\">\n    <div class=\"card-body overflow-visible py-0 px-4 min-h-100\">\n      <h3 class=\"display-3 tracking-wide mb-0 mt-auto fs-display-3-const\">2011<\/h3>\n      <div id=\"block-56-collapse\" class=\"collapse\">\n        <p class=\"mt-1\">Sample text for your personal ICF story.<\/p>\n      <\/div>\n    <\/div>\n  <\/div>\n<\/article><\/swiper-slide>\n          <swiper-slide><article id=\"block-57\" data-bs-theme=\"dark\" tabindex=\"0\" data-bs-toggle=\"collapse\" data-bs-target=\"#block-57-collapse\" data-toggle-on-hover=\"true\" aria-expanded=\"false\" aria-controls=\"block-57-collapse\" class=\"card wp-block-yellowtree-history-card overflow-auto py-4 has-context-height\" style=\"--card-img-position:50% 50%;--card-aspect-ratio:1\">\n    <div class=\"h-100 overflow-y-auto z-1\">\n    <div class=\"card-body overflow-visible py-0 px-4 min-h-100\">\n      <h3 class=\"display-3 tracking-wide mb-0 mt-auto fs-display-3-const\">2017<\/h3>\n      <div id=\"block-57-collapse\" class=\"collapse\">\n        <p class=\"mt-1\">Sample text for your personal ICF story.<\/p>\n      <\/div>\n    <\/div>\n  <\/div>\n<\/article><\/swiper-slide>\n          <swiper-slide><article id=\"block-58\" data-bs-theme=\"dark\" tabindex=\"0\" data-bs-toggle=\"collapse\" data-bs-target=\"#block-58-collapse\" data-toggle-on-hover=\"true\" aria-expanded=\"false\" aria-controls=\"block-58-collapse\" class=\"card wp-block-yellowtree-history-card overflow-auto py-4 has-context-height\" style=\"--card-img-position:50% 50%;--card-aspect-ratio:1\">\n    <div class=\"h-100 overflow-y-auto z-1\">\n    <div class=\"card-body overflow-visible py-0 px-4 min-h-100\">\n      <h3 class=\"display-3 tracking-wide mb-0 mt-auto fs-display-3-const\">2021<\/h3>\n      <div id=\"block-58-collapse\" class=\"collapse\">\n        <p class=\"mt-1\">Sample text for your personal ICF story.<\/p>\n      <\/div>\n    <\/div>\n  <\/div>\n<\/article><\/swiper-slide>\n      <\/swiper-container>\n<\/div>\n\n<p id=\"block-60\" class=\"text-start wp-block-paragraph\">\n  <strong class=\"myprefix-text-bold\">24 N\u00ebntor 2017<\/strong>: Duke par\u00eb ritmin me t\u00eb cilin kisha po ecte u vendos data p\u00ebr Hapjen e Madhe.<\/p>\n\n<p id=\"block-61\" class=\"text-start wp-block-paragraph\">\n  N\u00eb k\u00ebt\u00eb event mor\u00ebn pjes\u00eb dhe d\u00ebgjuan Ungjillin rreth 450 njer\u00ebz. P\u00ebr Krishtlindje tashm\u00eb kisha e re kishte nje vend adhurimi t\u00eb hapur p\u00ebr vizitor\u00ebt. N\u00eb mes t\u00eb sfidave dhe v\u00ebshtir\u00ebsive, kisha vazhdon t\u00eb rritet dita dit\u00ebs.<\/p>\n\n<p id=\"block-62\" class=\"text-start wp-block-paragraph\">\n  <strong class=\"myprefix-text-bold\">Viti 2021<\/strong>. Duke par\u00eb besnikerin\u00eb e Zotit dhe \u00ebnd\u00ebrruar, u b\u00eb hapi tjet\u00ebr, ku me ndihm\u00eb t\u00eb miqve tan\u00eb nga Hungaria dhe Bridgeway Church Indiana, pat\u00ebm mund\u00ebsin\u00eb t\u00eb blejm\u00eb nj\u00eb tok\u00eb ku mezi presim te ndertojm\u00eb nje vend te perhershem adhurimi dhe trajnimi te brezit te ri.<\/p>\n\n<p id=\"block-63\" class=\"text-start wp-block-paragraph\">\n  <\/p><\/div>\n        <\/div>\n          <\/div>\n<\/div><div id=\"block-68\" class=\"pt-4 pb-4 alignfull is-layout-constrained\">\n  <div>\n            <div class=\"row gx-4 gy-4 \">\n          \n\n<div id=\"block-67\" class=\"col wp-block-yellowtree-column col-12 d-flex flex-column with-streched-height-children align-items-center align-items-md-center\">\n  <div>\n    <a id=\"block-66\" href=\"https:\/\/icf.church\/fier\/en\/visit\/\" rel=\"\" class=\"wp-block-yellowtree-button-link btn btn-action-1\">\n      <span>Vizitoni ICF Fier:<\/span>\n              <i class=\"icon fs-base-const fa-solid fa-arrow-right\" aria-hidden=\"true\"><\/i>\n          <\/a>\n  <\/div><\/div>\n        <\/div>\n          <\/div>\n<\/div>","protected":false},"excerpt":{"rendered":"<p>ICF Fier \u00ebsht\u00eb nj\u00eb kish\u00eb e krishter\u00eb me nj\u00eb themel biblik: autentike, aktuale dhe e entuziazmuar p\u00ebr jet\u00ebn me Jezusin.<\/p>\n","protected":false},"author":3,"featured_media":1334,"parent":0,"menu_order":6,"comment_status":"closed","ping_status":"closed","template":"","meta":{"_acf_changed":false,"_seopress_titles_title":"Rreth - ICF Fier","_seopress_titles_desc":"Mir\u00eb se vini n\u00eb sht\u00ebpi! - Mir\u00eb se vini n\u00eb ICF Fier! Pavar\u00ebsisht se si keni rene ne kontakt me ne, jemi t\u00eb emocionuar q\u00eb ju kemi k\u00ebtu sot! Do t\u00eb donim t'ju prezantojm\u00eb veten ton\u00eb - \u00e7far\u00eb na p\u00ebrcakton si kish\u00eb, \u00e7far\u00eb na motivon, \u00e7far\u00eb besojm\u00eb dhe si e praktikojm\u00eb komunitetin. Q\u00eb n\u00eb k\u00ebt\u00eb moment duam t\u00eb ndajm\u00eb me ju \u00ebndrr\u00ebn ton\u00eb p\u00ebr nj\u00eb kish\u00eb q\u00eb na ka frym\u00ebzuar q\u00eb nga fillimi dhe tani po b\u00ebhet gjithnj\u00eb e m\u00eb shum\u00eb realitet. Ju ftojm\u00eb t\u00eb b\u00ebheni edhe ju pjes\u00eb e k\u00ebsaj \u00ebndrre.","_seopress_robots_index":"","_seopress_robots_follow":"","_seopress_robots_imageindex":"","_seopress_robots_snippet":"","_seopress_robots_primary_cat":"","_seopress_robots_breadcrumbs":"","_seopress_robots_freeze_modified_date":"","_seopress_robots_custom_modified_date":"","_seopress_robots_canonical":"","_seopress_social_fb_title":"","_seopress_social_fb_desc":"","_seopress_social_fb_img":"","_seopress_social_fb_img_attachment_id":0,"_seopress_social_fb_img_width":0,"_seopress_social_fb_img_height":0,"_seopress_social_twitter_title":"","_seopress_social_twitter_desc":"","_seopress_social_twitter_img":"","_seopress_social_twitter_img_attachment_id":0,"_seopress_social_twitter_img_width":0,"_seopress_social_twitter_img_height":0,"_seopress_redirections_value":"","_seopress_redirections_enabled":"","_seopress_redirections_enabled_regex":"","_seopress_redirections_logged_status":"both","_seopress_redirections_param":"","_seopress_redirections_type":301,"_seopress_analysis_target_kw":"","_seopress_news_disabled":"","_seopress_video_disabled":"","_seopress_video":[{"url":"","title":"","desc":"","thumbnail":"","duration":"","rating":"","view_count":"","tag":""}],"_seopress_pro_schemas_manual":[],"_seopress_pro_rich_snippets_disable_all":"","_seopress_pro_rich_snippets_disable":[],"_seopress_pro_schemas":[],"yt_custom_styles_scss":"","yt_custom_styles_rounded_corners":false,"yt_custom_styles_color_scheme":"","footnotes":""},"class_list":["post-1335","page","type-page","status-publish","has-post-thumbnail","hentry"],"acf":[],"_links":{"self":[{"href":"https:\/\/icf.church\/fier\/sq\/wp-json\/wp\/v2\/pages\/1335","targetHints":{"allow":["GET"]}}],"collection":[{"href":"https:\/\/icf.church\/fier\/sq\/wp-json\/wp\/v2\/pages"}],"about":[{"href":"https:\/\/icf.church\/fier\/sq\/wp-json\/wp\/v2\/types\/page"}],"author":[{"embeddable":true,"href":"https:\/\/icf.church\/fier\/sq\/wp-json\/wp\/v2\/users\/3"}],"replies":[{"embeddable":true,"href":"https:\/\/icf.church\/fier\/sq\/wp-json\/wp\/v2\/comments?post=1335"}],"version-history":[{"count":18,"href":"https:\/\/icf.church\/fier\/sq\/wp-json\/wp\/v2\/pages\/1335\/revisions"}],"predecessor-version":[{"id":1605,"href":"https:\/\/icf.church\/fier\/sq\/wp-json\/wp\/v2\/pages\/1335\/revisions\/1605"}],"wp:featuredmedia":[{"embeddable":true,"href":"https:\/\/icf.church\/fier\/sq\/wp-json\/wp\/v2\/media\/1334"}],"wp:attachment":[{"href":"https:\/\/icf.church\/fier\/sq\/wp-json\/wp\/v2\/media?parent=1335"}],"curies":[{"name":"wp","href":"https:\/\/api.w.org\/{rel}","templated":true}]}}