{"id":1431,"date":"2025-10-02T08:56:35","date_gmt":"2025-10-02T06:56:35","guid":{"rendered":"https:\/\/new.icf.church\/fier\/vizitoni\/"},"modified":"2026-07-01T21:08:37","modified_gmt":"2026-07-01T19:08:37","slug":"vizitoni","status":"publish","type":"page","link":"https:\/\/icf.church\/fier\/sq\/vizitoni\/","title":{"rendered":"Na Vizitoni"},"content":{"rendered":"<h1 id=\"block-1\" class=\"mt-4 mb-4 h1 display-1 text-start\">\n  Jemi te gezuar qe kemi ardhur ne kontakt me ju<\/h1><p id=\"block-2\" class=\"mb-4 text-start wp-block-paragraph\">\n  \u00c7do te Diel ne festojme ne takimet tona te gezuar, pasionant\u00eb dhe disa here edhe te zhurmshem ne takimet e adhurimit.<\/p>\n<div id=\"block-8\" class=\"mb-4 wp-block-yellowtree-hero-stage\">\n    <div class=\"hero-stage has-links\">\n        \n\n<div id=\"block-4\" class=\"hero-stage-content\">\n    <div class=\"hero-stage-content__background\">\n        <div class=\"overlay-black-25 h-100\">\n                            <img fetchpriority=\"high\" decoding=\"async\" width=\"2560\" height=\"1440\" src=\"https:\/\/icf.church\/fier\/wp-content\/uploads\/sites\/114\/2026\/03\/img_3561-scaled.jpeg\" class=\"hero-stage-media\" alt=\"\" style=\"object-position: 88% 43%;\" aria-hidden=\"true\" loading=\"eager\" srcset=\"https:\/\/icf.church\/fier\/wp-content\/uploads\/sites\/114\/2026\/03\/img_3561-scaled.jpeg 2560w, https:\/\/icf.church\/fier\/wp-content\/uploads\/sites\/114\/2026\/03\/img_3561-300x169.jpeg 300w, https:\/\/icf.church\/fier\/wp-content\/uploads\/sites\/114\/2026\/03\/img_3561-1024x576.jpeg 1024w, https:\/\/icf.church\/fier\/wp-content\/uploads\/sites\/114\/2026\/03\/img_3561-768x432.jpeg 768w, https:\/\/icf.church\/fier\/wp-content\/uploads\/sites\/114\/2026\/03\/img_3561-1536x864.jpeg 1536w, https:\/\/icf.church\/fier\/wp-content\/uploads\/sites\/114\/2026\/03\/img_3561-2048x1152.jpeg 2048w\" sizes=\"(max-width: 2560px) 100vw, 2560px\" \/>                    <\/div>\n        <div class=\"hero-stage-gradient\"><\/div>\n    <\/div>\n    <div class=\"hero-stage-content__foreground is-layout-constrained\">\n        <h1 id=\"block-3\" class=\"display-1 text-center\">\n    Festimi<\/h1>    <\/div>\n<\/div>\n\n\n<div id=\"block-7\" class=\"hero-stage-links is-layout-constrained count-2\">\n    <div class=\"icon-link-cards-layout column-gap-3 row-gap-1 justify-content-center break-md\">\n        \n\n<div id=\"block-5\" data-bs-theme=\"dark\" class=\"wp-block-yellowtree-icon-link-card\">\n  <div class='card-body flex-row justify-content-center align-items-center overflow-hidden gap-2 px-5 px-md-3 py-3 py-md-6'>\n    <div class='d-flex align-items-center gap-4 me-auto me-md-0 flex-md-column text-md-center gap-md-3'>\n      <i class='icon-square fs-2 fs-md-lg-const fa-solid fa-party-horn' aria-hidden='true'><\/i>\n      <a class='stretched-link fs-base-const' href='#Celebrations' target=''>\n        Festimet tona      <\/a>\n    <\/div>\n          <i class=\"icon fs-base-const fa-chevron-right ms-auto opacity-50 d-md-none\"><\/i>\n      <\/div>\n<\/div>\n\n\n<div id=\"block-6\" data-bs-theme=\"dark\" class=\"wp-block-yellowtree-icon-link-card\">\n  <div class='card-body flex-row justify-content-center align-items-center overflow-hidden gap-2 px-5 px-md-3 py-3 py-md-6'>\n    <div class='d-flex align-items-center gap-4 me-auto me-md-0 flex-md-column text-md-center gap-md-3'>\n      <i class='icon-square fs-2 fs-md-lg-const fa-solid fa-location-dot' aria-hidden='true'><\/i>\n      <a class='stretched-link fs-base-const' href='https:\/\/icf.church\/fier\/sq\/contact\/' target=''>\n        Si t\u00eb vini      <\/a>\n    <\/div>\n          <i class=\"icon fs-base-const fa-chevron-right ms-auto opacity-50 d-md-none\"><\/i>\n      <\/div>\n<\/div>\n    <\/div>\n<\/div>\n    <\/div>\n<\/div><h3 id=\"Celebrations\" class=\"mt-10 mb-2 h3 display-3 text-start\">\n  Festimi &#8211; Per te gjitha moshat<\/h3><p id=\"block-9\" class=\"mt-4 mb-7 text-start wp-block-paragraph\">\n  Per tju ndihmuar ju te ndiheni si ne shtepi ne ICF Fier, ne kemi festime per femijet, adoleshentet dhe te rriturit. Ketu ju do te gjeni shume shpejt miq te te gjithe grupmoshave.<\/p><div id=\"block-16\" class=\"pt-2 pb-2 alignfull is-layout-constrained\">\n  <div>\n            <div class=\"row gx-4 gy-4 \">\n          \n\n<div id=\"block-11\" class=\"col wp-block-yellowtree-column col-12 col-lg-4 d-flex flex-column with-streched-height-children align-items-stretch align-items-lg-stretch\">\n  <div class=\"mw-100\">\n      <figure id=\"block-10\">\n      <div class=\"img-wrap\" style=\"max-width:100%\">\n        <img decoding=\"async\" src=\"https:\/\/icf.church\/fier\/wp-content\/uploads\/sites\/114\/2026\/03\/img_0216-1024x768.jpeg\" alt=\"\" loading=\"lazy\" title=\"\" class=\"img-fluid w-100 h-100 rounded object-fit-cover\" style=\"object-position: center center\">\n      <\/div>\n          <\/figure>\n    <\/div><\/div>\n\n\n<div id=\"block-13\" class=\"col wp-block-yellowtree-column col-12 col-lg-4 d-flex flex-column with-streched-height-children align-items-stretch align-items-lg-stretch\">\n  <div class=\"mw-100\">\n      <figure id=\"block-12\">\n      <div class=\"img-wrap\" style=\"max-width:100%\">\n        <img decoding=\"async\" src=\"https:\/\/icf.church\/fier\/wp-content\/uploads\/sites\/114\/2026\/03\/img_0289-1024x768.jpeg\" alt=\"\" loading=\"lazy\" title=\"\" class=\"img-fluid w-100 h-100 rounded object-fit-cover\" style=\"object-position: center center\">\n      <\/div>\n          <\/figure>\n    <\/div><\/div>\n\n\n<div id=\"block-15\" class=\"col wp-block-yellowtree-column col-12 col-lg-4 d-flex flex-column with-streched-height-children align-items-stretch align-items-lg-stretch\">\n  <div class=\"mw-100\">\n      <figure id=\"block-14\">\n      <div class=\"img-wrap\" style=\"max-width:100%\">\n        <img decoding=\"async\" src=\"https:\/\/icf.church\/fier\/wp-content\/uploads\/sites\/114\/2026\/03\/img_0209-1024x768.jpeg\" alt=\"\" loading=\"lazy\" title=\"\" class=\"img-fluid w-100 h-100 rounded object-fit-cover\" style=\"object-position: center center\">\n      <\/div>\n          <\/figure>\n    <\/div><\/div>\n        <\/div>\n          <\/div>\n<\/div><div id=\"block-20\" class=\"alignfull is-layout-constrained\">\n  <swiper-container init=\"false\" data-yt-template=\"3-col\" data-yt-pagination=\"true\" data-yt-navigation=\"false\" class=\"\" >\n          <swiper-slide><article id=\"block-17\" data-bs-theme=\"dark\" class=\"wp-block-yellowtree-card card has-context-height\" style=\"--card-img-position:50% 50%\">\n      <div class=\"card-body\">\n    <h3 class=\"card-title\">E Diela<\/h3>\n    <p class=\"card-text\">\u00c7do t\u00eb Diel n\u00eb 10:30<br><br>Ne besojm\u00eb se kisha nuk \u00ebsht\u00eb vet\u00ebm t\u00eb Dielave, por si mbledhja kryesore e besimtar\u00ebve duam ta b\u00ebjm\u00eb te Dielen sa m\u00eb festiv t\u00eb jet\u00eb e mundur. Adhurimi i vajosur nga t\u00eb rinjt\u00eb e kish\u00ebs son\u00eb, predikimet krijuese dhe t\u00eb frym\u00ebzuara dhe shoq\u00ebria e besimtar\u00ebve q\u00eb kujdesen dhe jetojn\u00eb s\u00eb bashku ne unitet \u00ebsht\u00eb ajo q\u00eb do t\u00eb gjeni n\u00eb ICF Fier<\/p>\n      <\/div>\n<\/article><\/swiper-slide>\n          <swiper-slide><article id=\"block-18\" data-bs-theme=\"dark\" class=\"wp-block-yellowtree-card card has-context-height\" style=\"--card-img-position:50% 50%\">\n      <div class=\"card-body\">\n    <h3 class=\"card-title\">F\u00ebmij\u00eb<\/h3>\n    <p class=\"card-text\">\u00c7do t\u00eb Diel paralelisht me Festimin kryesor n\u00eb 10:30<br><br>F\u00ebmij\u00ebt jan\u00eb e ardhmja e kish\u00ebs son\u00eb. Ne besojm\u00eb n\u00eb investimin dhe dishepullimin e brezit t\u00eb ardhsh\u00ebm duke filluar sa m\u00eb t\u00eb vegj\u00ebl t\u00eb jet\u00eb e mundur. F\u00ebmij\u00ebt kan\u00eb koh\u00ebn dhe hap\u00ebsir\u00ebn e tyre n\u00eb kish\u00ebn ton\u00eb ku ne kujdesemi, luajm\u00eb me ta dhe u m\u00ebsojm\u00eb Fjal\u00ebn e Per\u00ebndis\u00eb.<\/p>\n      <\/div>\n<\/article><\/swiper-slide>\n          <swiper-slide><article id=\"block-19\" data-bs-theme=\"dark\" class=\"wp-block-yellowtree-card card has-context-height\" style=\"--card-img-position:50% 50%\">\n      <div class=\"card-body\">\n    <h3 class=\"card-title\">T\u00eb Rinj &amp; t\u00eb Lir\u00eb<\/h3>\n    <p class=\"card-text\">\u00c7do t\u00eb Premte n\u00eb 18:00<br><br>Ky grup p\u00ebrb\u00ebhet kryesisht nga 14-18 vje\u00e7. Ne jemi nj\u00eb grup t\u00eb rinjsh q\u00eb p\u00ebrfaq\u00ebsojn\u00eb zemr\u00ebn e kishes sone. Jemi t\u00eb g\u00ebzuar dhe ndonj\u00ebher\u00eb t\u00eb zhurmsh\u00ebm nd\u00ebrsa festojm\u00eb faljen, shp\u00ebtimin, g\u00ebzimin dhe shpres\u00ebn n\u00eb Zotin tone Jezus Krishtin.<\/p>\n      <\/div>\n<\/article><\/swiper-slide>\n      <\/swiper-container>\n<\/div><div id=\"block-23\" class=\"pt-7 alignfull is-layout-constrained\">\n  <div>\n            <div class=\"row gx-4 gy-4 \">\n          \n\n<div id=\"block-22\" class=\"gap-8 col wp-block-yellowtree-column col-12 d-flex flex-column with-streched-height-children align-items-center align-items-md-center\">\n  <div>\n    <a id=\"block-21\" href=\"https:\/\/icf.church\/fier\/sq\/contact\/\" rel=\"\" class=\"wp-block-yellowtree-button-link btn btn-action-1\">\n      <span>Planifikoni vizit\u00ebn tuaj<\/span>\n              <i class=\"icon fs-base-const fa-solid fa-location-arrow\" aria-hidden=\"true\"><\/i>\n          <\/a>\n  <\/div><\/div>\n        <\/div>\n          <\/div>\n<\/div><h3 id=\"block-24\" class=\"mt-10 h3 display-3 text-start\">\n  FAQ &#8211; Mire ta dime<\/h3><p id=\"block-25\" class=\"mb-6 text-start wp-block-paragraph\">\n  A keni ndonje pyetje? Ju mund ta gjeni nje pergjigje ketu.<\/p>\n<div id=\"block-28\" class=\"accordion\">\n  <body>\n\n<div id=\"block-27\" data-bs-theme=\"dark\" class=\"overflow-hidden wp-block-yellowtree-accordion-item\">\n  <div class=\"accordion-header\">\n    <button class=\"accordion-button rounded-0 collapsed focus-ring-inset\" type=\"button\" data-bs-toggle=\"collapse\" data-bs-target=\"#block-27-collapse\" aria-expanded=\"false\" aria-controls=\"block-27-collapse\">\n      <div>\n        <h3 class=\"mb-0\">\n          Kur u themelua ICF Fier?        <\/h3>\n              <\/div>\n      <div class=\"ms-auto accordion-icons icon-container-base\">\n        <i class=\"icon fa-arrow-right accordion-icon-default\"><\/i>\n        <i class=\"icon fa-close accordion-icon-alt\"><\/i>\n      <\/div>\n    <\/button>\n  <\/div>\n  <div id=\"block-27-collapse\" class=\"accordion-collapse collapse \">\n    <div class=\"accordion-body pt-0\">\n      <p id=\"block-26\" class=\"text-start wp-block-paragraph\">\n  P\u00ebrmes lutjeve dhe k\u00ebshillimit me miq brenda dhe jasht\u00eb vendit dhe me besim se koha kishte ardhur, ne Nentor 2017 nisi kisha e re.<\/p>    <\/div>\n  <\/div>\n<\/div>\n<\/body><\/div>\n<div>\n  <div id=\"block-34\" class=\"mt-10 mb-10 wp-block-yellowtree-connect-social connect-social\">\n      \n\n<h2 id=\"block-29\" class=\"text-center display-2 mb-5\">\n    Qendroni te informuar<\/h2>\n\n\n<p id=\"block-30\" class=\"text-center mb-6\">\n    Abonohu ne kanalin ICF Fier dhe ne median sociale per tu informuar per me te fundit. Ketu do te marresh njoftime te reja.<\/p>\n\n\n<div id=\"block-33\" class=\"wp-block-yellowtree-connect-social-links d-flex gap-1 gap-md-5 justify-content-center\">\n  <html><body>\n\n<a id=\"block-31\" href=\"https:\/\/youtube.com\/@icffier6658\" target=\"_blank\" data-variation=\"youtube\" class=\"wp-block-yellowtree-connect-social-link btn\" aria-label=\"Youtube Link\">\n  <i class=\"icon connect-social-icon fs-md-lg-const fs-h3-const fa-brands fa-youtube\" aria-hidden=\"true\"><\/i>\n<\/a>\n\n\n<a id=\"block-32\" href=\"https:\/\/instagram.com\/icffier\/\" target=\"_blank\" data-variation=\"instagram\" class=\"wp-block-yellowtree-connect-social-link btn\" aria-label=\"Instagram Link\">\n  <i class=\"icon connect-social-icon fs-md-lg-const fs-h3-const fa-brands fa-instagram\" aria-hidden=\"true\"><\/i>\n<\/a>\n<\/body><\/html><\/div>\n  <\/div>\n<\/div>\n\n<div id=\"block-37\" data-bs-theme=\"dark\" class=\"wp-block-yellowtree-divider-card card d-flex flex-column flex-lg-row py-6 py-lg-0\">\n  \n\n<div id=\"block-35\" class=\"wp-block-yellowtree-divider-card-item flex-1 d-flex flex-column position-relative text-center py-6 py-lg-10\">\n  <div class='mb-2'>\n    <div class='d-flex flex-column align-items-center gap-2'>\n      <i class='icon fs-lg-const fa-solid fa-users' aria-hidden='true'><\/i>\n      <h3 class='mb-0'>\n        <span class=\"text-container\">\n          Lidhu me ne        <\/span>\n      <\/h3>\n    <\/div>\n  <\/div>\n  <div class='mt-auto'>\n    <a class='text-arrow-link fs-sm text-light-3' href=\"https:\/\/icf.church\/fier\/en\/connect\/\">\n      Le t\u00eb fillojm\u00eb    <\/a>\n  <\/div>\n<\/div>\n\n\n<div id=\"block-36\" class=\"wp-block-yellowtree-divider-card-item flex-1 d-flex flex-column position-relative text-center py-6 py-lg-10\">\n  <div class='mb-2'>\n    <div class='d-flex flex-column align-items-center gap-2'>\n      <i class='icon fs-lg-const fa-solid fa-location-dot' aria-hidden='true'><\/i>\n      <h3 class='mb-0'>\n        <span class=\"text-container\">\n          Planifikoni vizit\u00ebn tuaj        <\/span>\n      <\/h3>\n    <\/div>\n  <\/div>\n  <div class='mt-auto'>\n    <a class='text-arrow-link fs-sm text-light-3' href=\"https:\/\/icf.church\/fier\/sq\/contact\/\">\n      Le t\u00eb fillojm\u00eb    <\/a>\n  <\/div>\n<\/div>\n<\/div>","protected":false},"excerpt":{"rendered":"<p>\u00c7do te Diel ne festojme ne takimet tona te gezuar, pasionant\u00eb dhe disa here edhe te zhurmshem ne takimet e adhurimit.<\/p>\n","protected":false},"author":3,"featured_media":1328,"parent":0,"menu_order":4,"comment_status":"closed","ping_status":"closed","template":"","meta":{"_acf_changed":false,"_seopress_titles_title":"","_seopress_titles_desc":"","_seopress_robots_index":"","_seopress_robots_follow":"","_seopress_robots_imageindex":"","_seopress_robots_snippet":"","_seopress_robots_primary_cat":"","_seopress_robots_breadcrumbs":"","_seopress_robots_freeze_modified_date":"","_seopress_robots_custom_modified_date":"","_seopress_robots_canonical":"","_seopress_social_fb_title":"","_seopress_social_fb_desc":"","_seopress_social_fb_img":"","_seopress_social_fb_img_attachment_id":0,"_seopress_social_fb_img_width":0,"_seopress_social_fb_img_height":0,"_seopress_social_twitter_title":"","_seopress_social_twitter_desc":"","_seopress_social_twitter_img":"","_seopress_social_twitter_img_attachment_id":0,"_seopress_social_twitter_img_width":0,"_seopress_social_twitter_img_height":0,"_seopress_redirections_value":"","_seopress_redirections_enabled":"","_seopress_redirections_enabled_regex":"","_seopress_redirections_logged_status":"","_seopress_redirections_param":"","_seopress_redirections_type":0,"_seopress_analysis_target_kw":"","_seopress_news_disabled":"","_seopress_video_disabled":"","_seopress_video":[],"_seopress_pro_schemas_manual":[],"_seopress_pro_rich_snippets_disable_all":"","_seopress_pro_rich_snippets_disable":[],"_seopress_pro_schemas":[],"yt_custom_styles_scss":"","yt_custom_styles_rounded_corners":false,"yt_custom_styles_color_scheme":"","footnotes":""},"class_list":["post-1431","page","type-page","status-publish","has-post-thumbnail","hentry"],"acf":[],"_links":{"self":[{"href":"https:\/\/icf.church\/fier\/sq\/wp-json\/wp\/v2\/pages\/1431","targetHints":{"allow":["GET"]}}],"collection":[{"href":"https:\/\/icf.church\/fier\/sq\/wp-json\/wp\/v2\/pages"}],"about":[{"href":"https:\/\/icf.church\/fier\/sq\/wp-json\/wp\/v2\/types\/page"}],"author":[{"embeddable":true,"href":"https:\/\/icf.church\/fier\/sq\/wp-json\/wp\/v2\/users\/3"}],"replies":[{"embeddable":true,"href":"https:\/\/icf.church\/fier\/sq\/wp-json\/wp\/v2\/comments?post=1431"}],"version-history":[{"count":6,"href":"https:\/\/icf.church\/fier\/sq\/wp-json\/wp\/v2\/pages\/1431\/revisions"}],"predecessor-version":[{"id":1468,"href":"https:\/\/icf.church\/fier\/sq\/wp-json\/wp\/v2\/pages\/1431\/revisions\/1468"}],"wp:featuredmedia":[{"embeddable":true,"href":"https:\/\/icf.church\/fier\/sq\/wp-json\/wp\/v2\/media\/1328"}],"wp:attachment":[{"href":"https:\/\/icf.church\/fier\/sq\/wp-json\/wp\/v2\/media?parent=1431"}],"curies":[{"name":"wp","href":"https:\/\/api.w.org\/{rel}","templated":true}]}}