{"id":615,"date":"2026-08-10T18:01:45","date_gmt":"2026-08-10T16:01:45","guid":{"rendered":"https:\/\/new.icf.church\/freiburg\/?page_id=615"},"modified":"2026-08-10T20:06:50","modified_gmt":"2026-08-10T18:06:50","slug":"smallgroups","status":"publish","type":"page","link":"https:\/\/icf.church\/freiburg\/de\/smallgroups\/","title":{"rendered":"Smallgroups"},"content":{"rendered":"<h2 id=\"block-1\" class=\"mt-4 mb-4 h2 display-2 text-start\">\n  Smallgroups Freiburg<\/h2>\n\n<p id=\"block-2\" class=\"text-start wp-block-paragraph\">\n  GEMEINSCHAFT \u2013 GOTT ERLEBEN \u2013 WACHSEN<\/p>\n\n<p id=\"block-3\" class=\"mt-4 mb-4 text-start wp-block-paragraph\">\n  Wir sind eine wachsende Kirche. Immer mehr Menschen kommen dazu, aber dennoch bist du f\u00fcr uns nicht einfach ein weiteres Gesicht in der Menge. Wir glauben, dass wir dazu geschaffen sind, tiefe und echte Beziehungen zu leben. Hier erleben wir die F\u00fclle, die Gott f\u00fcr uns bereith\u00e4lt. Genau deshalb gibt es Gruppen \u2013 damit lebensver\u00e4ndernde Beziehungen erlebbar werden und es einfach ist, Teil einer Gemeinschaft zu sein.<\/p>\n\n<div id=\"block-19\" class=\"pt-2 pb-2 alignfull is-layout-constrained\">\n  <div>\n            <div class=\"row gx-4 gy-4 \">\n          \n\n<div id=\"block-8\" class=\"col wp-block-yellowtree-column col-12 col-lg-4 d-flex flex-column with-streched-height-children align-items-stretch align-items-lg-stretch\">\n  <article id=\"block-7\" type=\"button\" data-bs-theme=\"dark\" class=\"wp-block-yellowtree-profile-card card p-0 has-context-height\" style=\"--card-img-position:50% 50%\">\n      <img decoding=\"async\" width=\"1024\" height=\"771\" src=\"https:\/\/icf.church\/freiburg\/wp-content\/uploads\/sites\/53\/2026\/08\/staff-0193-scaled-1-1024x771.jpg\" class=\"card-img-top\" alt=\"\" draggable=\"false\" loading=\"lazy\" srcset=\"https:\/\/icf.church\/freiburg\/wp-content\/uploads\/sites\/53\/2026\/08\/staff-0193-scaled-1-1024x771.jpg 1024w, https:\/\/icf.church\/freiburg\/wp-content\/uploads\/sites\/53\/2026\/08\/staff-0193-scaled-1-300x226.jpg 300w, https:\/\/icf.church\/freiburg\/wp-content\/uploads\/sites\/53\/2026\/08\/staff-0193-scaled-1-768x578.jpg 768w, https:\/\/icf.church\/freiburg\/wp-content\/uploads\/sites\/53\/2026\/08\/staff-0193-scaled-1-1536x1157.jpg 1536w, https:\/\/icf.church\/freiburg\/wp-content\/uploads\/sites\/53\/2026\/08\/staff-0193-scaled-1-2048x1542.jpg 2048w\" sizes=\"(max-width: 1024px) 100vw, 1024px\">    <div class=\"card-body\">\n    <p class=\"card-meta-tag\">\n      Leitung: Salome    <\/p>\n    <h3 class=\"card-title mt-1\">Meet &amp; Eat<\/h3>\n    <p class=\"card-text mt-1\">Du suchst Gemeinschaft, m\u00f6chtest Jesus besser kennenlernen oder hast Fragen zum Glauben? Dann bist du bei uns richtig! Wir starten mit einem gemeinsamen Abendessen und freuen uns dich kennenzulernen.<\/p>\n    <div class=\"card-buttons mt-1\">\n      <button type=\"button\" class=\"stretched-link btn btn-dark-1 btn-sm position-static\" aria-label=\"\u00d6ffne Popover \u00fcber Meet &amp; Eat\" aria-controls=\"profile-card-modal-block-7\" data-bs-toggle=\"modal\" data-bs-target=\"#profile-card-modal-block-7\">\n        <span>Mehr erfahren<\/span>\n        <i class=\"icon fs-base-const fa-arrow-right\"><\/i>\n      <\/button>\n    <\/div>\n  <\/div>\n<\/article>\n\n<div id=\"profile-card-modal-block-7\" tabindex=\"-1\" class=\"modal fade profile-card-modal\">\n  <div class=\"modal-dialog modal-dialog-centered\">\n    <div class=\"modal-content\" data-bs-theme=\"dark\">\n      <button type=\"button\" class=\"modal-close modal-close-end\" data-bs-dismiss=\"modal\" aria-label=\"Close\"><\/button>\n      <div class=\"modal-header\"><\/div>\n      <div class=\"modal-body overflow-y-auto text-body\">\n        <div class=\"row g-4\">\n          <div class=\"col-12 col-sm-5\">\n            <img decoding=\"async\" draggable=\"false\" loading=\"lazy\" src=\"https:\/\/icf.church\/freiburg\/wp-content\/uploads\/sites\/53\/2026\/08\/staff-0193-scaled-1.jpg\" alt=\"\" class=\"img-fluid rounded object-fit-cover\">            <div class=\"d-sm-block d-none\">\n              <ul id=\"block-5\" class=\"profile-card-links-list list-unstyled mt-2 mt-sm-4\">\n  <li id=\"block-4\" class=\"profile-card-link\">\n  <i class=\"icon icon--fixed-width fa-solid fa-link\" aria-hidden=\"true\"><\/i>\n  <a href=\"https:\/\/icf.church\/freiburg\/de\/smallgroup-anmeldung\/\" target=\"_blank\">Jetzt Anfragen<\/a>\n<\/li><\/ul>            <\/div>\n          <\/div>\n          <div class=\"col-12 col-sm-7\">\n            <h3 class=\"fs-h3-const mb-0 mt-3 mt-sm-0 title\">Meet &amp; Eat<\/h3>\n            <p class=\"fs-sm mt-1 responsibility\">Du suchst Gemeinschaft, m\u00f6chtest Jesus besser kennenlernen oder hast Fragen zum Glauben? Dann bist du bei uns richtig! Wir starten mit einem gemeinsamen Abendessen und freuen uns dich kennenzulernen.<\/p>\n            <p class=\"fs-sm mt-4 biography\">Wann: mittwochs | w\u00f6chentlich | 19:00Uhr<br>Wo: Freiburg Lehen<br>Wer: Offen f\u00fcr alle | alle Altersgruppen<\/p>\n          <\/div>\n          <div class=\"col-12 d-sm-none\">\n            <ul id=\"block-5\" class=\"profile-card-links-list list-unstyled mt-2 mt-sm-4\">\n  <li id=\"block-4\" class=\"profile-card-link\">\n  <i class=\"icon icon--fixed-width fa-solid fa-link\" aria-hidden=\"true\"><\/i>\n  <a href=\"https:\/\/icf.church\/freiburg\/de\/smallgroup-anmeldung\/\" target=\"_blank\">Jetzt Anfragen<\/a>\n<\/li><\/ul>          <\/div>\n        <\/div>\n      <\/div>\n      <div class=\"modal-footer\"><\/div>\n    <\/div>\n  <\/div>\n<\/div><\/div>\n\n\n<div id=\"block-13\" class=\"col wp-block-yellowtree-column col-12 col-lg-4 d-flex flex-column with-streched-height-children align-items-stretch align-items-lg-stretch\">\n  <article id=\"block-12\" type=\"button\" data-bs-theme=\"dark\" class=\"wp-block-yellowtree-profile-card card p-0 has-context-height\" style=\"--card-img-position:50% 50%\">\n      <img decoding=\"async\" width=\"1024\" height=\"683\" src=\"https:\/\/icf.church\/freiburg\/wp-content\/uploads\/sites\/53\/2026\/08\/icf_02960015-1024x683.jpg\" class=\"card-img-top\" alt=\"\" draggable=\"false\" loading=\"lazy\" srcset=\"https:\/\/icf.church\/freiburg\/wp-content\/uploads\/sites\/53\/2026\/08\/icf_02960015-1024x683.jpg 1024w, https:\/\/icf.church\/freiburg\/wp-content\/uploads\/sites\/53\/2026\/08\/icf_02960015-300x200.jpg 300w, https:\/\/icf.church\/freiburg\/wp-content\/uploads\/sites\/53\/2026\/08\/icf_02960015-768x512.jpg 768w, https:\/\/icf.church\/freiburg\/wp-content\/uploads\/sites\/53\/2026\/08\/icf_02960015-1536x1025.jpg 1536w, https:\/\/icf.church\/freiburg\/wp-content\/uploads\/sites\/53\/2026\/08\/icf_02960015.jpg 2000w\" sizes=\"(max-width: 1024px) 100vw, 1024px\">    <div class=\"card-body\">\n    <p class=\"card-meta-tag\">\n      Leitung: Anselm    <\/p>\n    <h3 class=\"card-title mt-1\">Technik Smallgroup<\/h3>\n    <p class=\"card-text mt-1\">Sei Teil dieser Techniker Small Group, um zusammen mit Menschen vom gleichen Schlag unserem (Bau-)Herrn n\u00e4her zu kommen! Wir wollen im Glauben wachsen und Leben zusammen teilen.<\/p>\n    <div class=\"card-buttons mt-1\">\n      <button type=\"button\" class=\"stretched-link btn btn-dark-1 btn-sm position-static\" aria-label=\"\u00d6ffne Popover \u00fcber Technik Smallgroup\" aria-controls=\"profile-card-modal-block-12\" data-bs-toggle=\"modal\" data-bs-target=\"#profile-card-modal-block-12\">\n        <span>Mehr erfahren<\/span>\n        <i class=\"icon fs-base-const fa-arrow-right\"><\/i>\n      <\/button>\n    <\/div>\n  <\/div>\n<\/article>\n\n<div id=\"profile-card-modal-block-12\" tabindex=\"-1\" class=\"modal fade profile-card-modal\">\n  <div class=\"modal-dialog modal-dialog-centered\">\n    <div class=\"modal-content\" data-bs-theme=\"dark\">\n      <button type=\"button\" class=\"modal-close modal-close-end\" data-bs-dismiss=\"modal\" aria-label=\"Close\"><\/button>\n      <div class=\"modal-header\"><\/div>\n      <div class=\"modal-body overflow-y-auto text-body\">\n        <div class=\"row g-4\">\n          <div class=\"col-12 col-sm-5\">\n            <img decoding=\"async\" draggable=\"false\" loading=\"lazy\" src=\"https:\/\/icf.church\/freiburg\/wp-content\/uploads\/sites\/53\/2026\/08\/icf_02960015.jpg\" alt=\"\" class=\"img-fluid rounded object-fit-cover\">            <div class=\"d-sm-block d-none\">\n              <ul id=\"block-10\" class=\"profile-card-links-list list-unstyled mt-2 mt-sm-4\">\n  <li id=\"block-9\" class=\"profile-card-link\">\n  <i class=\"icon icon--fixed-width fa-solid fa-link\" aria-hidden=\"true\"><\/i>\n  <a href=\"https:\/\/icf.church\/freiburg\/de\/smallgroup-anmeldung\/\" target=\"_blank\">Jetzt Anfragen<\/a>\n<\/li><\/ul>            <\/div>\n          <\/div>\n          <div class=\"col-12 col-sm-7\">\n            <h3 class=\"fs-h3-const mb-0 mt-3 mt-sm-0 title\">Technik Smallgroup<\/h3>\n            <p class=\"fs-sm mt-1 responsibility\">Sei Teil dieser Techniker Small Group, um zusammen mit Menschen vom gleichen Schlag unserem (Bau-)Herrn n\u00e4her zu kommen! Wir wollen im Glauben wachsen und Leben zusammen teilen.<\/p>\n            <p class=\"fs-sm mt-4 biography\">Wann: donnerstags | w\u00f6chentlich | 19:00 Uhr<br>Wo: Opfingen<br>Wer: M\u00e4nner | ab 20 Jahren<\/p>\n          <\/div>\n          <div class=\"col-12 d-sm-none\">\n            <ul id=\"block-10\" class=\"profile-card-links-list list-unstyled mt-2 mt-sm-4\">\n  <li id=\"block-9\" class=\"profile-card-link\">\n  <i class=\"icon icon--fixed-width fa-solid fa-link\" aria-hidden=\"true\"><\/i>\n  <a href=\"https:\/\/icf.church\/freiburg\/de\/smallgroup-anmeldung\/\" target=\"_blank\">Jetzt Anfragen<\/a>\n<\/li><\/ul>          <\/div>\n        <\/div>\n      <\/div>\n      <div class=\"modal-footer\"><\/div>\n    <\/div>\n  <\/div>\n<\/div><\/div>\n\n\n<div id=\"block-18\" class=\"col wp-block-yellowtree-column col-12 col-lg-4 d-flex flex-column with-streched-height-children align-items-stretch align-items-lg-stretch\">\n  <article id=\"block-17\" type=\"button\" data-bs-theme=\"dark\" class=\"wp-block-yellowtree-profile-card card p-0 has-context-height\" style=\"--card-img-position:50% 50%\">\n      <img decoding=\"async\" width=\"1024\" height=\"682\" src=\"https:\/\/icf.church\/freiburg\/wp-content\/uploads\/sites\/53\/2026\/08\/photo_2022-11-03_09-16-09-1024x682.jpg\" class=\"card-img-top\" alt=\"\" draggable=\"false\" loading=\"lazy\" srcset=\"https:\/\/icf.church\/freiburg\/wp-content\/uploads\/sites\/53\/2026\/08\/photo_2022-11-03_09-16-09-1024x682.jpg 1024w, https:\/\/icf.church\/freiburg\/wp-content\/uploads\/sites\/53\/2026\/08\/photo_2022-11-03_09-16-09-300x200.jpg 300w, https:\/\/icf.church\/freiburg\/wp-content\/uploads\/sites\/53\/2026\/08\/photo_2022-11-03_09-16-09-768x512.jpg 768w, https:\/\/icf.church\/freiburg\/wp-content\/uploads\/sites\/53\/2026\/08\/photo_2022-11-03_09-16-09.jpg 1280w\" sizes=\"(max-width: 1024px) 100vw, 1024px\">    <div class=\"card-body\">\n    <p class=\"card-meta-tag\">\n      Leitung: Rainer &amp; Leo    <\/p>\n    <h3 class=\"card-title mt-1\">Fightclub<\/h3>\n    <p class=\"card-text mt-1\">Real men love Jesus!Kleingruppe f\u00fcr M\u00e4nner, die Jesus lieben und nachfolgen.Wie ein Wettk\u00e4mpfer der auf den Siegeskranz ausgerichtet ist, m\u00f6chten wir uns gegenseitig im Glauben trainieren, ermutigen und f\u00fcr einander da sein.Gemeinschaft erleben, Herausforderungen annehmen, Gaben und Begabungen entdecken!Dabei kommen Spa\u00df und leckeres Essen nat\u00fcrlich nicht zu kurz!PS: ab und zu (wer m\u00f6chte) treffen wir uns auch zum Fitnessboxen.<\/p>\n    <div class=\"card-buttons mt-1\">\n      <button type=\"button\" class=\"stretched-link btn btn-dark-1 btn-sm position-static\" aria-label=\"\u00d6ffne Popover \u00fcber Fightclub\" aria-controls=\"profile-card-modal-block-17\" data-bs-toggle=\"modal\" data-bs-target=\"#profile-card-modal-block-17\">\n        <span>Mehr erfahren<\/span>\n        <i class=\"icon fs-base-const fa-arrow-right\"><\/i>\n      <\/button>\n    <\/div>\n  <\/div>\n<\/article>\n\n<div id=\"profile-card-modal-block-17\" tabindex=\"-1\" class=\"modal fade profile-card-modal\">\n  <div class=\"modal-dialog modal-dialog-centered\">\n    <div class=\"modal-content\" data-bs-theme=\"dark\">\n      <button type=\"button\" class=\"modal-close modal-close-end\" data-bs-dismiss=\"modal\" aria-label=\"Close\"><\/button>\n      <div class=\"modal-header\"><\/div>\n      <div class=\"modal-body overflow-y-auto text-body\">\n        <div class=\"row g-4\">\n          <div class=\"col-12 col-sm-5\">\n            <img decoding=\"async\" draggable=\"false\" loading=\"lazy\" src=\"https:\/\/icf.church\/freiburg\/wp-content\/uploads\/sites\/53\/2026\/08\/photo_2022-11-03_09-16-09.jpg\" alt=\"\" class=\"img-fluid rounded object-fit-cover\">            <div class=\"d-sm-block d-none\">\n              <ul id=\"block-15\" class=\"profile-card-links-list list-unstyled mt-2 mt-sm-4\">\n  <li id=\"block-14\" class=\"profile-card-link\">\n  <i class=\"icon icon--fixed-width fa-solid fa-link\" aria-hidden=\"true\"><\/i>\n  <a href=\"https:\/\/icf.church\/freiburg\/de\/smallgroup-anmeldung\/\" target=\"_blank\">Jetzt Anfragen<\/a>\n<\/li><\/ul>            <\/div>\n          <\/div>\n          <div class=\"col-12 col-sm-7\">\n            <h3 class=\"fs-h3-const mb-0 mt-3 mt-sm-0 title\">Fightclub<\/h3>\n            <p class=\"fs-sm mt-1 responsibility\">Real men love Jesus!Kleingruppe f\u00fcr M\u00e4nner, die Jesus lieben und nachfolgen.Wie ein Wettk\u00e4mpfer der auf den Siegeskranz ausgerichtet ist, m\u00f6chten wir uns gegenseitig im Glauben trainieren, ermutigen und f\u00fcr einander da sein.Gemeinschaft erleben, Herausforderungen annehmen, Gaben und Begabungen entdecken!Dabei kommen Spa\u00df und leckeres Essen nat\u00fcrlich nicht zu kurz!PS: ab und zu (wer m\u00f6chte) treffen wir uns auch zum Fitnessboxen.<\/p>\n            <p class=\"fs-sm mt-4 biography\">Wann: mittwochs | w\u00f6chentlich | 19:00 Uhr<br>Wo: Schallstadt<br>Wer: M\u00e4nner | jede Altersgruppe<\/p>\n          <\/div>\n          <div class=\"col-12 d-sm-none\">\n            <ul id=\"block-15\" class=\"profile-card-links-list list-unstyled mt-2 mt-sm-4\">\n  <li id=\"block-14\" class=\"profile-card-link\">\n  <i class=\"icon icon--fixed-width fa-solid fa-link\" aria-hidden=\"true\"><\/i>\n  <a href=\"https:\/\/icf.church\/freiburg\/de\/smallgroup-anmeldung\/\" target=\"_blank\">Jetzt Anfragen<\/a>\n<\/li><\/ul>          <\/div>\n        <\/div>\n      <\/div>\n      <div class=\"modal-footer\"><\/div>\n    <\/div>\n  <\/div>\n<\/div><\/div>\n        <\/div>\n          <\/div>\n<\/div>\n\n<div id=\"block-35\" class=\"pt-2 pb-2 alignfull is-layout-constrained\">\n  <div>\n            <div class=\"row gx-4 gy-4 \">\n          \n\n<div id=\"block-24\" class=\"col wp-block-yellowtree-column col-12 col-lg-4 d-flex flex-column with-streched-height-children align-items-stretch align-items-lg-stretch\">\n  <article id=\"block-23\" type=\"button\" data-bs-theme=\"dark\" class=\"wp-block-yellowtree-profile-card card p-0 has-context-height\" style=\"--card-img-position:50% 50%\">\n      <div class=\"card-img-top-placeholder\"><\/div>\n    <div class=\"card-body\">\n    <p class=\"card-meta-tag\">\n      Leitung: Bibi    <\/p>\n    <h3 class=\"card-title mt-1\">Seek &amp; Find<\/h3>\n    <p class=\"card-text mt-1\">In unserer Small Group geht es genau darum: Gott zu suchen und (mehr) zu finden. Ob Neueinsteiger oder jahrelanger Christ: BEI und AN Gott gibt es immer noch etwas Neues zu entdecken. Wir lieben es, in die Gegenwart Gottes zu kommen, sein Wesen in der Bibel zu erkennen und uns \u00fcber das auszutauschen, was er in unserem pers\u00f6nlichen Leben tut.Werde Teil von einer genialen, jungen und dynamischen Girls Small Group!<\/p>\n    <div class=\"card-buttons mt-1\">\n      <button type=\"button\" class=\"stretched-link btn btn-dark-1 btn-sm position-static\" aria-label=\"\u00d6ffne Popover \u00fcber Seek &amp; Find\" aria-controls=\"profile-card-modal-block-23\" data-bs-toggle=\"modal\" data-bs-target=\"#profile-card-modal-block-23\">\n        <span>Mehr erfahren<\/span>\n        <i class=\"icon fs-base-const fa-arrow-right\"><\/i>\n      <\/button>\n    <\/div>\n  <\/div>\n<\/article>\n\n<div id=\"profile-card-modal-block-23\" tabindex=\"-1\" class=\"modal fade profile-card-modal\">\n  <div class=\"modal-dialog modal-dialog-centered\">\n    <div class=\"modal-content\" data-bs-theme=\"dark\">\n      <button type=\"button\" class=\"modal-close modal-close-end\" data-bs-dismiss=\"modal\" aria-label=\"Close\"><\/button>\n      <div class=\"modal-header\"><\/div>\n      <div class=\"modal-body overflow-y-auto text-body\">\n        <div class=\"row g-4\">\n          <div class=\"col-12 col-sm-5\">\n            <img decoding=\"async\" draggable=\"false\" loading=\"lazy\" src=\"\" alt=\"\" class=\"img-fluid rounded object-fit-cover\">            <div class=\"d-sm-block d-none\">\n              <ul id=\"block-21\" class=\"profile-card-links-list list-unstyled mt-2 mt-sm-4\">\n  <li id=\"block-20\" class=\"profile-card-link\">\n  <i class=\"icon icon--fixed-width fa-solid fa-link\" aria-hidden=\"true\"><\/i>\n  <a href=\"https:\/\/icf.church\/freiburg\/de\/smallgroup-anmeldung\/\" target=\"_blank\">Jetzt Anfragen<\/a>\n<\/li><\/ul>            <\/div>\n          <\/div>\n          <div class=\"col-12 col-sm-7\">\n            <h3 class=\"fs-h3-const mb-0 mt-3 mt-sm-0 title\">Seek &amp; Find<\/h3>\n            <p class=\"fs-sm mt-1 responsibility\">In unserer Small Group geht es genau darum: Gott zu suchen und (mehr) zu finden. Ob Neueinsteiger oder jahrelanger Christ: BEI und AN Gott gibt es immer noch etwas Neues zu entdecken. Wir lieben es, in die Gegenwart Gottes zu kommen, sein Wesen in der Bibel zu erkennen und uns \u00fcber das auszutauschen, was er in unserem pers\u00f6nlichen Leben tut.Werde Teil von einer genialen, jungen und dynamischen Girls Small Group!<\/p>\n            <p class=\"fs-sm mt-4 biography\">Wann: dienstags | w\u00f6chentlich | 18.30 &#8211; 19.30 Uhr<br>Wo: Freiburg Wiehre<br>Wer: Frauen | 20-25 j\u00e4hrig<\/p>\n          <\/div>\n          <div class=\"col-12 d-sm-none\">\n            <ul id=\"block-21\" class=\"profile-card-links-list list-unstyled mt-2 mt-sm-4\">\n  <li id=\"block-20\" class=\"profile-card-link\">\n  <i class=\"icon icon--fixed-width fa-solid fa-link\" aria-hidden=\"true\"><\/i>\n  <a href=\"https:\/\/icf.church\/freiburg\/de\/smallgroup-anmeldung\/\" target=\"_blank\">Jetzt Anfragen<\/a>\n<\/li><\/ul>          <\/div>\n        <\/div>\n      <\/div>\n      <div class=\"modal-footer\"><\/div>\n    <\/div>\n  <\/div>\n<\/div><\/div>\n\n\n<div id=\"block-29\" class=\"col wp-block-yellowtree-column col-12 col-lg-4 d-flex flex-column with-streched-height-children align-items-stretch align-items-lg-stretch\">\n  <article id=\"block-28\" type=\"button\" data-bs-theme=\"dark\" class=\"wp-block-yellowtree-profile-card card p-0 has-context-height\" style=\"--card-img-position:50% 50%\">\n      <img decoding=\"async\" width=\"1024\" height=\"642\" src=\"https:\/\/icf.church\/freiburg\/wp-content\/uploads\/sites\/53\/2026\/08\/img_0080-1-1024x642.jpeg\" class=\"card-img-top\" alt=\"\" draggable=\"false\" loading=\"lazy\" srcset=\"https:\/\/icf.church\/freiburg\/wp-content\/uploads\/sites\/53\/2026\/08\/img_0080-1-1024x642.jpeg 1024w, https:\/\/icf.church\/freiburg\/wp-content\/uploads\/sites\/53\/2026\/08\/img_0080-1-300x188.jpeg 300w, https:\/\/icf.church\/freiburg\/wp-content\/uploads\/sites\/53\/2026\/08\/img_0080-1-768x481.jpeg 768w, https:\/\/icf.church\/freiburg\/wp-content\/uploads\/sites\/53\/2026\/08\/img_0080-1.jpeg 1280w\" sizes=\"(max-width: 1024px) 100vw, 1024px\">    <div class=\"card-body\">\n    <p class=\"card-meta-tag\">\n      Leitung: Markus &amp; David    <\/p>\n    <h3 class=\"card-title mt-1\">Gamechanger<\/h3>\n    <p class=\"card-text mt-1\">Wir sind junge M\u00e4nner, die Lust darauf haben im Glauben zu wachsen, mit Jesus durchzustarten und damit Einfluss auf die Welt zu nehmen. Wir sehnen uns nach der N\u00e4he zu Jesus und wollen, dass andere ihn in uns sehen. Unser Glaube soll Auswirkung auf andere und das Reich Gottes haben.<\/p>\n    <div class=\"card-buttons mt-1\">\n      <button type=\"button\" class=\"stretched-link btn btn-dark-1 btn-sm position-static\" aria-label=\"\u00d6ffne Popover \u00fcber Gamechanger\" aria-controls=\"profile-card-modal-block-28\" data-bs-toggle=\"modal\" data-bs-target=\"#profile-card-modal-block-28\">\n        <span>Mehr erfahren<\/span>\n        <i class=\"icon fs-base-const fa-arrow-right\"><\/i>\n      <\/button>\n    <\/div>\n  <\/div>\n<\/article>\n\n<div id=\"profile-card-modal-block-28\" tabindex=\"-1\" class=\"modal fade profile-card-modal\">\n  <div class=\"modal-dialog modal-dialog-centered\">\n    <div class=\"modal-content\" data-bs-theme=\"dark\">\n      <button type=\"button\" class=\"modal-close modal-close-end\" data-bs-dismiss=\"modal\" aria-label=\"Close\"><\/button>\n      <div class=\"modal-header\"><\/div>\n      <div class=\"modal-body overflow-y-auto text-body\">\n        <div class=\"row g-4\">\n          <div class=\"col-12 col-sm-5\">\n            <img decoding=\"async\" draggable=\"false\" loading=\"lazy\" src=\"https:\/\/icf.church\/freiburg\/wp-content\/uploads\/sites\/53\/2026\/08\/img_0080-1.jpeg\" alt=\"\" class=\"img-fluid rounded object-fit-cover\">            <div class=\"d-sm-block d-none\">\n              <ul id=\"block-26\" class=\"profile-card-links-list list-unstyled mt-2 mt-sm-4\">\n  <li id=\"block-25\" class=\"profile-card-link\">\n  <i class=\"icon icon--fixed-width fa-solid fa-link\" aria-hidden=\"true\"><\/i>\n  <a href=\"https:\/\/icf.church\/freiburg\/de\/smallgroup-anmeldung\/\" target=\"_blank\">Jetzt Anfragen<\/a>\n<\/li><\/ul>            <\/div>\n          <\/div>\n          <div class=\"col-12 col-sm-7\">\n            <h3 class=\"fs-h3-const mb-0 mt-3 mt-sm-0 title\">Gamechanger<\/h3>\n            <p class=\"fs-sm mt-1 responsibility\">Wir sind junge M\u00e4nner, die Lust darauf haben im Glauben zu wachsen, mit Jesus durchzustarten und damit Einfluss auf die Welt zu nehmen. Wir sehnen uns nach der N\u00e4he zu Jesus und wollen, dass andere ihn in uns sehen. Unser Glaube soll Auswirkung auf andere und das Reich Gottes haben.<\/p>\n            <p class=\"fs-sm mt-4 biography\">Wann: dienstags | M\u00e4nner | 18:30 Uhr<br>Wo: Freiburg<br>Wer: M\u00e4nner | 20 &#8211; 29 j\u00e4hrig<\/p>\n          <\/div>\n          <div class=\"col-12 d-sm-none\">\n            <ul id=\"block-26\" class=\"profile-card-links-list list-unstyled mt-2 mt-sm-4\">\n  <li id=\"block-25\" class=\"profile-card-link\">\n  <i class=\"icon icon--fixed-width fa-solid fa-link\" aria-hidden=\"true\"><\/i>\n  <a href=\"https:\/\/icf.church\/freiburg\/de\/smallgroup-anmeldung\/\" target=\"_blank\">Jetzt Anfragen<\/a>\n<\/li><\/ul>          <\/div>\n        <\/div>\n      <\/div>\n      <div class=\"modal-footer\"><\/div>\n    <\/div>\n  <\/div>\n<\/div><\/div>\n\n\n<div id=\"block-34\" class=\"col wp-block-yellowtree-column col-12 col-lg-4 d-flex flex-column with-streched-height-children align-items-stretch align-items-lg-stretch\">\n  <article id=\"block-33\" type=\"button\" data-bs-theme=\"dark\" class=\"wp-block-yellowtree-profile-card card p-0 has-context-height\" style=\"--card-img-position:50% 50%\">\n      <img decoding=\"async\" width=\"1024\" height=\"682\" src=\"https:\/\/icf.church\/freiburg\/wp-content\/uploads\/sites\/53\/2026\/08\/photo_2022-10-05_12-06-46-1024x682.jpg\" class=\"card-img-top\" alt=\"\" draggable=\"false\" loading=\"lazy\" srcset=\"https:\/\/icf.church\/freiburg\/wp-content\/uploads\/sites\/53\/2026\/08\/photo_2022-10-05_12-06-46-1024x682.jpg 1024w, https:\/\/icf.church\/freiburg\/wp-content\/uploads\/sites\/53\/2026\/08\/photo_2022-10-05_12-06-46-300x200.jpg 300w, https:\/\/icf.church\/freiburg\/wp-content\/uploads\/sites\/53\/2026\/08\/photo_2022-10-05_12-06-46-768x512.jpg 768w, https:\/\/icf.church\/freiburg\/wp-content\/uploads\/sites\/53\/2026\/08\/photo_2022-10-05_12-06-46.jpg 1280w\" sizes=\"(max-width: 1024px) 100vw, 1024px\">    <div class=\"card-body\">\n    <p class=\"card-meta-tag\">\n      Leitung: Martin &amp; Rike    <\/p>\n    <h3 class=\"card-title mt-1\">Kingdom Couples<\/h3>\n    <p class=\"card-text mt-1\">Wir sind eine Small Group f\u00fcr Paare in ihren 20ern und 30ern. Gemeinsam st\u00e4rken und ermutigen wir uns in unserer Beziehung zu Gott und zueinander. Dabei wollen wir uns immer wieder bewusst machen, dass wir im K\u00f6nigreich Gottes leben. Neben tiefgr\u00fcndigen Gespr\u00e4chen, Gebetszeiten und Input gibt es auch Zeit f\u00fcr Essen und Austausch.<\/p>\n    <div class=\"card-buttons mt-1\">\n      <button type=\"button\" class=\"stretched-link btn btn-dark-1 btn-sm position-static\" aria-label=\"\u00d6ffne Popover \u00fcber Kingdom Couples\" aria-controls=\"profile-card-modal-block-33\" data-bs-toggle=\"modal\" data-bs-target=\"#profile-card-modal-block-33\">\n        <span>Mehr erfahren<\/span>\n        <i class=\"icon fs-base-const fa-arrow-right\"><\/i>\n      <\/button>\n    <\/div>\n  <\/div>\n<\/article>\n\n<div id=\"profile-card-modal-block-33\" tabindex=\"-1\" class=\"modal fade profile-card-modal\">\n  <div class=\"modal-dialog modal-dialog-centered\">\n    <div class=\"modal-content\" data-bs-theme=\"dark\">\n      <button type=\"button\" class=\"modal-close modal-close-end\" data-bs-dismiss=\"modal\" aria-label=\"Close\"><\/button>\n      <div class=\"modal-header\"><\/div>\n      <div class=\"modal-body overflow-y-auto text-body\">\n        <div class=\"row g-4\">\n          <div class=\"col-12 col-sm-5\">\n            <img decoding=\"async\" draggable=\"false\" loading=\"lazy\" src=\"https:\/\/icf.church\/freiburg\/wp-content\/uploads\/sites\/53\/2026\/08\/photo_2022-10-05_12-06-46.jpg\" alt=\"\" class=\"img-fluid rounded object-fit-cover\">            <div class=\"d-sm-block d-none\">\n              <ul id=\"block-31\" class=\"profile-card-links-list list-unstyled mt-2 mt-sm-4\">\n  <li id=\"block-30\" class=\"profile-card-link\">\n  <i class=\"icon icon--fixed-width fa-solid fa-link\" aria-hidden=\"true\"><\/i>\n  <a href=\"https:\/\/icf.church\/freiburg\/de\/smallgroup-anmeldung\/\" target=\"_blank\">Jetzt Anfragen<\/a>\n<\/li><\/ul>            <\/div>\n          <\/div>\n          <div class=\"col-12 col-sm-7\">\n            <h3 class=\"fs-h3-const mb-0 mt-3 mt-sm-0 title\">Kingdom Couples<\/h3>\n            <p class=\"fs-sm mt-1 responsibility\">Wir sind eine Small Group f\u00fcr Paare in ihren 20ern und 30ern. Gemeinsam st\u00e4rken und ermutigen wir uns in unserer Beziehung zu Gott und zueinander. Dabei wollen wir uns immer wieder bewusst machen, dass wir im K\u00f6nigreich Gottes leben. Neben tiefgr\u00fcndigen Gespr\u00e4chen, Gebetszeiten und Input gibt es auch Zeit f\u00fcr Essen und Austausch.<\/p>\n            <p class=\"fs-sm mt-4 biography\">Wann: freitags | 14-t\u00e4gig<br>Wo: Freiburg oder Schallstadt<br>Wer: Paare | 20-39 j\u00e4hrig<\/p>\n          <\/div>\n          <div class=\"col-12 d-sm-none\">\n            <ul id=\"block-31\" class=\"profile-card-links-list list-unstyled mt-2 mt-sm-4\">\n  <li id=\"block-30\" class=\"profile-card-link\">\n  <i class=\"icon icon--fixed-width fa-solid fa-link\" aria-hidden=\"true\"><\/i>\n  <a href=\"https:\/\/icf.church\/freiburg\/de\/smallgroup-anmeldung\/\" target=\"_blank\">Jetzt Anfragen<\/a>\n<\/li><\/ul>          <\/div>\n        <\/div>\n      <\/div>\n      <div class=\"modal-footer\"><\/div>\n    <\/div>\n  <\/div>\n<\/div><\/div>\n        <\/div>\n          <\/div>\n<\/div>\n\n<div id=\"block-51\" class=\"pt-2 pb-2 alignfull is-layout-constrained\">\n  <div>\n            <div class=\"row gx-4 gy-4 \">\n          \n\n<div id=\"block-40\" class=\"col wp-block-yellowtree-column col-12 col-lg-4 d-flex flex-column with-streched-height-children align-items-stretch align-items-lg-stretch\">\n  <article id=\"block-39\" type=\"button\" data-bs-theme=\"dark\" class=\"wp-block-yellowtree-profile-card card p-0 has-context-height\" style=\"--card-img-position:50% 50%\">\n      <img decoding=\"async\" width=\"1024\" height=\"683\" src=\"https:\/\/icf.church\/freiburg\/wp-content\/uploads\/sites\/53\/2026\/08\/loewen-scaled-1-1024x683.jpg\" class=\"card-img-top\" alt=\"\" draggable=\"false\" loading=\"lazy\" srcset=\"https:\/\/icf.church\/freiburg\/wp-content\/uploads\/sites\/53\/2026\/08\/loewen-scaled-1-1024x683.jpg 1024w, https:\/\/icf.church\/freiburg\/wp-content\/uploads\/sites\/53\/2026\/08\/loewen-scaled-1-300x200.jpg 300w, https:\/\/icf.church\/freiburg\/wp-content\/uploads\/sites\/53\/2026\/08\/loewen-scaled-1-768x512.jpg 768w, https:\/\/icf.church\/freiburg\/wp-content\/uploads\/sites\/53\/2026\/08\/loewen-scaled-1-1536x1024.jpg 1536w, https:\/\/icf.church\/freiburg\/wp-content\/uploads\/sites\/53\/2026\/08\/loewen-scaled-1-2048x1366.jpg 2048w\" sizes=\"(max-width: 1024px) 100vw, 1024px\">    <div class=\"card-body\">\n    <p class=\"card-meta-tag\">\n      Leitung: Simeon    <\/p>\n    <h3 class=\"card-title mt-1\">Die Jungs<\/h3>\n    <p class=\"card-text mt-1\">Wir sind eine Small Group junger M\u00e4nner, die Jesus immer \u00e4hnlicher werden wollen. Wie Jesus, der Loewe von Juda, sind auch wir jetzt your Herrschaft und Vollmacht berufen, die wir lernen wollen in seinem Sinne auszu\u00fcben. Wir wollen stark werden im Glauben und erleben, dass sich die \u00fcbernat\u00fcrlichen Zusagen Gottes in unserem Leben manifestieren. Daf\u00fcr treffen wir uns, um Leben und Glauben you teilen, Gemeinschaft you haben sowie gezielt biblische Themen anzugehen.Wir loben Gott, ihm sei alle Ehre.<\/p>\n    <div class=\"card-buttons mt-1\">\n      <button type=\"button\" class=\"stretched-link btn btn-dark-1 btn-sm position-static\" aria-label=\"\u00d6ffne Popover \u00fcber Die Jungs\" aria-controls=\"profile-card-modal-block-39\" data-bs-toggle=\"modal\" data-bs-target=\"#profile-card-modal-block-39\">\n        <span>Mehr erfahren<\/span>\n        <i class=\"icon fs-base-const fa-arrow-right\"><\/i>\n      <\/button>\n    <\/div>\n  <\/div>\n<\/article>\n\n<div id=\"profile-card-modal-block-39\" tabindex=\"-1\" class=\"modal fade profile-card-modal\">\n  <div class=\"modal-dialog modal-dialog-centered\">\n    <div class=\"modal-content\" data-bs-theme=\"dark\">\n      <button type=\"button\" class=\"modal-close modal-close-end\" data-bs-dismiss=\"modal\" aria-label=\"Close\"><\/button>\n      <div class=\"modal-header\"><\/div>\n      <div class=\"modal-body overflow-y-auto text-body\">\n        <div class=\"row g-4\">\n          <div class=\"col-12 col-sm-5\">\n            <img decoding=\"async\" draggable=\"false\" loading=\"lazy\" src=\"https:\/\/icf.church\/freiburg\/wp-content\/uploads\/sites\/53\/2026\/08\/loewen-scaled-1.jpg\" alt=\"\" class=\"img-fluid rounded object-fit-cover\">            <div class=\"d-sm-block d-none\">\n              <ul id=\"block-37\" class=\"profile-card-links-list list-unstyled mt-2 mt-sm-4\">\n  <li id=\"block-36\" class=\"profile-card-link\">\n  <i class=\"icon icon--fixed-width fa-solid fa-link\" aria-hidden=\"true\"><\/i>\n  <a href=\"https:\/\/icf.church\/freiburg\/de\/smallgroup-anmeldung\/\" target=\"_blank\">Jetzt Anfragen<\/a>\n<\/li><\/ul>            <\/div>\n          <\/div>\n          <div class=\"col-12 col-sm-7\">\n            <h3 class=\"fs-h3-const mb-0 mt-3 mt-sm-0 title\">Die Jungs<\/h3>\n            <p class=\"fs-sm mt-1 responsibility\">Wir sind eine Small Group junger M\u00e4nner, die Jesus immer \u00e4hnlicher werden wollen. Wie Jesus, der Loewe von Juda, sind auch wir jetzt your Herrschaft und Vollmacht berufen, die wir lernen wollen in seinem Sinne auszu\u00fcben. Wir wollen stark werden im Glauben und erleben, dass sich die \u00fcbernat\u00fcrlichen Zusagen Gottes in unserem Leben manifestieren. Daf\u00fcr treffen wir uns, um Leben und Glauben you teilen, Gemeinschaft you haben sowie gezielt biblische Themen anzugehen.Wir loben Gott, ihm sei alle Ehre.<\/p>\n            <p class=\"fs-sm mt-4 biography\">Wo: montags | w\u00f6chentlich | 18:30 Uhr<br>Wo: Freiburg<br>Wer: M\u00e4nner | 20er<\/p>\n          <\/div>\n          <div class=\"col-12 d-sm-none\">\n            <ul id=\"block-37\" class=\"profile-card-links-list list-unstyled mt-2 mt-sm-4\">\n  <li id=\"block-36\" class=\"profile-card-link\">\n  <i class=\"icon icon--fixed-width fa-solid fa-link\" aria-hidden=\"true\"><\/i>\n  <a href=\"https:\/\/icf.church\/freiburg\/de\/smallgroup-anmeldung\/\" target=\"_blank\">Jetzt Anfragen<\/a>\n<\/li><\/ul>          <\/div>\n        <\/div>\n      <\/div>\n      <div class=\"modal-footer\"><\/div>\n    <\/div>\n  <\/div>\n<\/div><\/div>\n\n\n<div id=\"block-45\" class=\"col wp-block-yellowtree-column col-12 col-lg-4 d-flex flex-column with-streched-height-children align-items-stretch align-items-lg-stretch\">\n  <article id=\"block-44\" type=\"button\" data-bs-theme=\"dark\" class=\"wp-block-yellowtree-profile-card card p-0 has-context-height\" style=\"--card-img-position:50% 50%\">\n      <img decoding=\"async\" width=\"1024\" height=\"768\" src=\"https:\/\/icf.church\/freiburg\/wp-content\/uploads\/sites\/53\/2026\/08\/img_0082-1024x768.jpeg\" class=\"card-img-top\" alt=\"\" draggable=\"false\" loading=\"lazy\" srcset=\"https:\/\/icf.church\/freiburg\/wp-content\/uploads\/sites\/53\/2026\/08\/img_0082-1024x768.jpeg 1024w, https:\/\/icf.church\/freiburg\/wp-content\/uploads\/sites\/53\/2026\/08\/img_0082-300x225.jpeg 300w, https:\/\/icf.church\/freiburg\/wp-content\/uploads\/sites\/53\/2026\/08\/img_0082-768x576.jpeg 768w, https:\/\/icf.church\/freiburg\/wp-content\/uploads\/sites\/53\/2026\/08\/img_0082.jpeg 1280w\" sizes=\"(max-width: 1024px) 100vw, 1024px\">    <div class=\"card-body\">\n    <p class=\"card-meta-tag\">\n      Leitung: Heiko &amp; Antonia    <\/p>\n    <h3 class=\"card-title mt-1\">Crossgym<\/h3>\n    <p class=\"card-text mt-1\">Krafttraining, Ausdauertraining, Functional Fitness<\/p>\n    <div class=\"card-buttons mt-1\">\n      <button type=\"button\" class=\"stretched-link btn btn-dark-1 btn-sm position-static\" aria-label=\"\u00d6ffne Popover \u00fcber Crossgym\" aria-controls=\"profile-card-modal-block-44\" data-bs-toggle=\"modal\" data-bs-target=\"#profile-card-modal-block-44\">\n        <span>Mehr erfahren<\/span>\n        <i class=\"icon fs-base-const fa-arrow-right\"><\/i>\n      <\/button>\n    <\/div>\n  <\/div>\n<\/article>\n\n<div id=\"profile-card-modal-block-44\" tabindex=\"-1\" class=\"modal fade profile-card-modal\">\n  <div class=\"modal-dialog modal-dialog-centered\">\n    <div class=\"modal-content\" data-bs-theme=\"dark\">\n      <button type=\"button\" class=\"modal-close modal-close-end\" data-bs-dismiss=\"modal\" aria-label=\"Close\"><\/button>\n      <div class=\"modal-header\"><\/div>\n      <div class=\"modal-body overflow-y-auto text-body\">\n        <div class=\"row g-4\">\n          <div class=\"col-12 col-sm-5\">\n            <img decoding=\"async\" draggable=\"false\" loading=\"lazy\" src=\"https:\/\/icf.church\/freiburg\/wp-content\/uploads\/sites\/53\/2026\/08\/img_0082.jpeg\" alt=\"\" class=\"img-fluid rounded object-fit-cover\">            <div class=\"d-sm-block d-none\">\n              <ul id=\"block-42\" class=\"profile-card-links-list list-unstyled mt-2 mt-sm-4\">\n  <li id=\"block-41\" class=\"profile-card-link\">\n  <i class=\"icon icon--fixed-width fa-solid fa-link\" aria-hidden=\"true\"><\/i>\n  <a href=\"https:\/\/icf.church\/freiburg\/de\/smallgroup-anmeldung\/\" target=\"_blank\">Jetzt Anfragen<\/a>\n<\/li><\/ul>            <\/div>\n          <\/div>\n          <div class=\"col-12 col-sm-7\">\n            <h3 class=\"fs-h3-const mb-0 mt-3 mt-sm-0 title\">Crossgym<\/h3>\n            <p class=\"fs-sm mt-1 responsibility\">Krafttraining, Ausdauertraining, Functional Fitness<\/p>\n            <p class=\"fs-sm mt-4 biography\">Wann: montags, donnerstags | 18 Uhr, 19 Uhr | samstags 11 Uhr<br>Wo: Schallstadt<br>Wer: Frauen &amp; M\u00e4nner | jede Altersgruppe<\/p>\n          <\/div>\n          <div class=\"col-12 d-sm-none\">\n            <ul id=\"block-42\" class=\"profile-card-links-list list-unstyled mt-2 mt-sm-4\">\n  <li id=\"block-41\" class=\"profile-card-link\">\n  <i class=\"icon icon--fixed-width fa-solid fa-link\" aria-hidden=\"true\"><\/i>\n  <a href=\"https:\/\/icf.church\/freiburg\/de\/smallgroup-anmeldung\/\" target=\"_blank\">Jetzt Anfragen<\/a>\n<\/li><\/ul>          <\/div>\n        <\/div>\n      <\/div>\n      <div class=\"modal-footer\"><\/div>\n    <\/div>\n  <\/div>\n<\/div><\/div>\n\n\n<div id=\"block-50\" class=\"col wp-block-yellowtree-column col-12 col-lg-4 d-flex flex-column with-streched-height-children align-items-stretch align-items-lg-stretch\">\n  <article id=\"block-49\" type=\"button\" data-bs-theme=\"dark\" class=\"wp-block-yellowtree-profile-card card p-0 has-context-height\" style=\"--card-img-position:50% 50%\">\n      <img decoding=\"async\" width=\"1024\" height=\"687\" src=\"https:\/\/icf.church\/freiburg\/wp-content\/uploads\/sites\/53\/2026\/08\/img_0079-1-1024x687.jpeg\" class=\"card-img-top\" alt=\"\" draggable=\"false\" loading=\"lazy\" srcset=\"https:\/\/icf.church\/freiburg\/wp-content\/uploads\/sites\/53\/2026\/08\/img_0079-1-1024x687.jpeg 1024w, https:\/\/icf.church\/freiburg\/wp-content\/uploads\/sites\/53\/2026\/08\/img_0079-1-300x201.jpeg 300w, https:\/\/icf.church\/freiburg\/wp-content\/uploads\/sites\/53\/2026\/08\/img_0079-1-768x516.jpeg 768w, https:\/\/icf.church\/freiburg\/wp-content\/uploads\/sites\/53\/2026\/08\/img_0079-1.jpeg 1278w\" sizes=\"(max-width: 1024px) 100vw, 1024px\">    <div class=\"card-body\">\n    <p class=\"card-meta-tag\">\n      Leitung: Danny &amp; Chrissy    <\/p>\n    <h3 class=\"card-title mt-1\">The Englisch One<\/h3>\n    <p class=\"card-text mt-1\">We\u2019re an English-speaking Christian group that meets twice a month to worship, connect, and grow together in faith\u2014while having a great time! Our gatherings are all about sharing good vibes, lifting each other up, and deepening our walk with God through praise, worship, and some awesome conversations. Whether you\u2019re just starting your faith journey or have been at it for a while, you\u2019ll find a fun and welcoming crew ready to grow with you!<\/p>\n    <div class=\"card-buttons mt-1\">\n      <button type=\"button\" class=\"stretched-link btn btn-dark-1 btn-sm position-static\" aria-label=\"\u00d6ffne Popover \u00fcber The Englisch One\" aria-controls=\"profile-card-modal-block-49\" data-bs-toggle=\"modal\" data-bs-target=\"#profile-card-modal-block-49\">\n        <span>Mehr erfahren<\/span>\n        <i class=\"icon fs-base-const fa-arrow-right\"><\/i>\n      <\/button>\n    <\/div>\n  <\/div>\n<\/article>\n\n<div id=\"profile-card-modal-block-49\" tabindex=\"-1\" class=\"modal fade profile-card-modal\">\n  <div class=\"modal-dialog modal-dialog-centered\">\n    <div class=\"modal-content\" data-bs-theme=\"dark\">\n      <button type=\"button\" class=\"modal-close modal-close-end\" data-bs-dismiss=\"modal\" aria-label=\"Close\"><\/button>\n      <div class=\"modal-header\"><\/div>\n      <div class=\"modal-body overflow-y-auto text-body\">\n        <div class=\"row g-4\">\n          <div class=\"col-12 col-sm-5\">\n            <img decoding=\"async\" draggable=\"false\" loading=\"lazy\" src=\"https:\/\/icf.church\/freiburg\/wp-content\/uploads\/sites\/53\/2026\/08\/img_0079-1.jpeg\" alt=\"\" class=\"img-fluid rounded object-fit-cover\">            <div class=\"d-sm-block d-none\">\n              <ul id=\"block-47\" class=\"profile-card-links-list list-unstyled mt-2 mt-sm-4\">\n  <li id=\"block-46\" class=\"profile-card-link\">\n  <i class=\"icon icon--fixed-width fa-solid fa-link\" aria-hidden=\"true\"><\/i>\n  <a href=\"https:\/\/icf.church\/freiburg\/de\/smallgroup-anmeldung\/\" target=\"_blank\">Jetzt Anfragen<\/a>\n<\/li><\/ul>            <\/div>\n          <\/div>\n          <div class=\"col-12 col-sm-7\">\n            <h3 class=\"fs-h3-const mb-0 mt-3 mt-sm-0 title\">The Englisch One<\/h3>\n            <p class=\"fs-sm mt-1 responsibility\">We\u2019re an English-speaking Christian group that meets twice a month to worship, connect, and grow together in faith\u2014while having a great time! Our gatherings are all about sharing good vibes, lifting each other up, and deepening our walk with God through praise, worship, and some awesome conversations. Whether you\u2019re just starting your faith journey or have been at it for a while, you\u2019ll find a fun and welcoming crew ready to grow with you!<\/p>\n            <p class=\"fs-sm mt-4 biography\">Wann: samstags | 14-t\u00e4gig | 19 Uhr<br>Wo: Opfingen<br>Wer: Frauen &amp; M\u00e4nner | jede Altersgruppe<\/p>\n          <\/div>\n          <div class=\"col-12 d-sm-none\">\n            <ul id=\"block-47\" class=\"profile-card-links-list list-unstyled mt-2 mt-sm-4\">\n  <li id=\"block-46\" class=\"profile-card-link\">\n  <i class=\"icon icon--fixed-width fa-solid fa-link\" aria-hidden=\"true\"><\/i>\n  <a href=\"https:\/\/icf.church\/freiburg\/de\/smallgroup-anmeldung\/\" target=\"_blank\">Jetzt Anfragen<\/a>\n<\/li><\/ul>          <\/div>\n        <\/div>\n      <\/div>\n      <div class=\"modal-footer\"><\/div>\n    <\/div>\n  <\/div>\n<\/div><\/div>\n        <\/div>\n          <\/div>\n<\/div>\n\n<div id=\"block-67\" class=\"pt-2 pb-2 alignfull is-layout-constrained\">\n  <div>\n            <div class=\"row gx-4 gy-4 \">\n          \n\n<div id=\"block-56\" class=\"col wp-block-yellowtree-column col-12 col-lg-4 d-flex flex-column with-streched-height-children align-items-stretch align-items-lg-stretch\">\n  <article id=\"block-55\" type=\"button\" data-bs-theme=\"dark\" class=\"wp-block-yellowtree-profile-card card p-0 has-context-height\" style=\"--card-img-position:50% 50%\">\n      <img decoding=\"async\" width=\"1024\" height=\"768\" src=\"https:\/\/icf.church\/freiburg\/wp-content\/uploads\/sites\/53\/2026\/08\/photo_2025-12-16-17.07.24-1024x768.jpeg\" class=\"card-img-top\" alt=\"\" draggable=\"false\" loading=\"lazy\" srcset=\"https:\/\/icf.church\/freiburg\/wp-content\/uploads\/sites\/53\/2026\/08\/photo_2025-12-16-17.07.24-1024x768.jpeg 1024w, https:\/\/icf.church\/freiburg\/wp-content\/uploads\/sites\/53\/2026\/08\/photo_2025-12-16-17.07.24-300x225.jpeg 300w, https:\/\/icf.church\/freiburg\/wp-content\/uploads\/sites\/53\/2026\/08\/photo_2025-12-16-17.07.24-768x576.jpeg 768w, https:\/\/icf.church\/freiburg\/wp-content\/uploads\/sites\/53\/2026\/08\/photo_2025-12-16-17.07.24.jpeg 1280w\" sizes=\"(max-width: 1024px) 100vw, 1024px\">    <div class=\"card-body\">\n    <p class=\"card-meta-tag\">\n      Leitung: Lisa &amp; Janina    <\/p>\n    <h3 class=\"card-title mt-1\">Brennende Herzen<\/h3>\n    <p class=\"card-text mt-1\">Wir sind eine Small Group, die offen ist f\u00fcr Youth und junge Erwachsene. Wir haben ein brennendes Herz f\u00fcr Jesus und wollen das mit Dir teilen. In unserer Small Group wollen wir zusammen essen &#8211; connecten und einen Wohlf\u00fchlort haben, indem wir worshippen, uns ehrlich und offen \u00fcber Themen aus der Bibel austauschen sowie Themen, die uns besch\u00e4ftigen. Wir starten Koch- und Spieleabende oder andere Aktionen. Egal ob du neu im Glauben oder schon lange dabei bist &#8211; wir freuen uns auf Dich!<\/p>\n    <div class=\"card-buttons mt-1\">\n      <button type=\"button\" class=\"stretched-link btn btn-dark-1 btn-sm position-static\" aria-label=\"\u00d6ffne Popover \u00fcber Brennende Herzen\" aria-controls=\"profile-card-modal-block-55\" data-bs-toggle=\"modal\" data-bs-target=\"#profile-card-modal-block-55\">\n        <span>Mehr erfahren<\/span>\n        <i class=\"icon fs-base-const fa-arrow-right\"><\/i>\n      <\/button>\n    <\/div>\n  <\/div>\n<\/article>\n\n<div id=\"profile-card-modal-block-55\" tabindex=\"-1\" class=\"modal fade profile-card-modal\">\n  <div class=\"modal-dialog modal-dialog-centered\">\n    <div class=\"modal-content\" data-bs-theme=\"dark\">\n      <button type=\"button\" class=\"modal-close modal-close-end\" data-bs-dismiss=\"modal\" aria-label=\"Close\"><\/button>\n      <div class=\"modal-header\"><\/div>\n      <div class=\"modal-body overflow-y-auto text-body\">\n        <div class=\"row g-4\">\n          <div class=\"col-12 col-sm-5\">\n            <img decoding=\"async\" draggable=\"false\" loading=\"lazy\" src=\"https:\/\/icf.church\/freiburg\/wp-content\/uploads\/sites\/53\/2026\/08\/photo_2025-12-16-17.07.24.jpeg\" alt=\"\" class=\"img-fluid rounded object-fit-cover\">            <div class=\"d-sm-block d-none\">\n              <ul id=\"block-53\" class=\"profile-card-links-list list-unstyled mt-2 mt-sm-4\">\n  <li id=\"block-52\" class=\"profile-card-link\">\n  <i class=\"icon icon--fixed-width fa-solid fa-link\" aria-hidden=\"true\"><\/i>\n  <a href=\"https:\/\/icf.church\/freiburg\/de\/smallgroup-anmeldung\/\" target=\"_blank\">Jetzt Anfragen<\/a>\n<\/li><\/ul>            <\/div>\n          <\/div>\n          <div class=\"col-12 col-sm-7\">\n            <h3 class=\"fs-h3-const mb-0 mt-3 mt-sm-0 title\">Brennende Herzen<\/h3>\n            <p class=\"fs-sm mt-1 responsibility\">Wir sind eine Small Group, die offen ist f\u00fcr Youth und junge Erwachsene. Wir haben ein brennendes Herz f\u00fcr Jesus und wollen das mit Dir teilen. In unserer Small Group wollen wir zusammen essen &#8211; connecten und einen Wohlf\u00fchlort haben, indem wir worshippen, uns ehrlich und offen \u00fcber Themen aus der Bibel austauschen sowie Themen, die uns besch\u00e4ftigen. Wir starten Koch- und Spieleabende oder andere Aktionen. Egal ob du neu im Glauben oder schon lange dabei bist &#8211; wir freuen uns auf Dich!<\/p>\n            <p class=\"fs-sm mt-4 biography\">Wann: dienstags | w\u00f6chentlich | 18:30 Uhr<br>Wo: Freiburg | March<br>Wer: Frauen | Youth und junge Erwachsene<\/p>\n          <\/div>\n          <div class=\"col-12 d-sm-none\">\n            <ul id=\"block-53\" class=\"profile-card-links-list list-unstyled mt-2 mt-sm-4\">\n  <li id=\"block-52\" class=\"profile-card-link\">\n  <i class=\"icon icon--fixed-width fa-solid fa-link\" aria-hidden=\"true\"><\/i>\n  <a href=\"https:\/\/icf.church\/freiburg\/de\/smallgroup-anmeldung\/\" target=\"_blank\">Jetzt Anfragen<\/a>\n<\/li><\/ul>          <\/div>\n        <\/div>\n      <\/div>\n      <div class=\"modal-footer\"><\/div>\n    <\/div>\n  <\/div>\n<\/div><\/div>\n\n\n<div id=\"block-61\" class=\"col wp-block-yellowtree-column col-12 col-lg-4 d-flex flex-column with-streched-height-children align-items-stretch align-items-lg-stretch\">\n  <article id=\"block-60\" type=\"button\" data-bs-theme=\"dark\" class=\"wp-block-yellowtree-profile-card card p-0 has-context-height\" style=\"--card-img-position:50% 50%\">\n      <img decoding=\"async\" width=\"1024\" height=\"681\" src=\"https:\/\/icf.church\/freiburg\/wp-content\/uploads\/sites\/53\/2026\/08\/dinner-mit-jesus-sg-bild-1024x681.jpeg\" class=\"card-img-top\" alt=\"\" draggable=\"false\" loading=\"lazy\" srcset=\"https:\/\/icf.church\/freiburg\/wp-content\/uploads\/sites\/53\/2026\/08\/dinner-mit-jesus-sg-bild-1024x681.jpeg 1024w, https:\/\/icf.church\/freiburg\/wp-content\/uploads\/sites\/53\/2026\/08\/dinner-mit-jesus-sg-bild-300x200.jpeg 300w, https:\/\/icf.church\/freiburg\/wp-content\/uploads\/sites\/53\/2026\/08\/dinner-mit-jesus-sg-bild-768x511.jpeg 768w, https:\/\/icf.church\/freiburg\/wp-content\/uploads\/sites\/53\/2026\/08\/dinner-mit-jesus-sg-bild-1536x1022.jpeg 1536w, https:\/\/icf.church\/freiburg\/wp-content\/uploads\/sites\/53\/2026\/08\/dinner-mit-jesus-sg-bild.jpeg 1920w\" sizes=\"(max-width: 1024px) 100vw, 1024px\">    <div class=\"card-body\">\n    <p class=\"card-meta-tag\">\n      Leitung: Ivana &amp; Jochen    <\/p>\n    <h3 class=\"card-title mt-1\">Dinner mit Jesus<\/h3>\n    <p class=\"card-text mt-1\">&#8222;Wir leben gerne Gemeinschaft an Gottes reich gedecktem Tisch, an dem wir uns nach seinen Gaben ausstrecken, uns austauschen und durch sein Wort schmecken und erkennen wie g\u00fctig unser Gott ist.&#8220;<\/p>\n    <div class=\"card-buttons mt-1\">\n      <button type=\"button\" class=\"stretched-link btn btn-dark-1 btn-sm position-static\" aria-label=\"\u00d6ffne Popover \u00fcber Dinner mit Jesus\" aria-controls=\"profile-card-modal-block-60\" data-bs-toggle=\"modal\" data-bs-target=\"#profile-card-modal-block-60\">\n        <span>Mehr erfahren<\/span>\n        <i class=\"icon fs-base-const fa-arrow-right\"><\/i>\n      <\/button>\n    <\/div>\n  <\/div>\n<\/article>\n\n<div id=\"profile-card-modal-block-60\" tabindex=\"-1\" class=\"modal fade profile-card-modal\">\n  <div class=\"modal-dialog modal-dialog-centered\">\n    <div class=\"modal-content\" data-bs-theme=\"dark\">\n      <button type=\"button\" class=\"modal-close modal-close-end\" data-bs-dismiss=\"modal\" aria-label=\"Close\"><\/button>\n      <div class=\"modal-header\"><\/div>\n      <div class=\"modal-body overflow-y-auto text-body\">\n        <div class=\"row g-4\">\n          <div class=\"col-12 col-sm-5\">\n            <img decoding=\"async\" draggable=\"false\" loading=\"lazy\" src=\"https:\/\/icf.church\/freiburg\/wp-content\/uploads\/sites\/53\/2026\/08\/dinner-mit-jesus-sg-bild.jpeg\" alt=\"\" class=\"img-fluid rounded object-fit-cover\">            <div class=\"d-sm-block d-none\">\n              <ul id=\"block-58\" class=\"profile-card-links-list list-unstyled mt-2 mt-sm-4\">\n  <li id=\"block-57\" class=\"profile-card-link\">\n  <i class=\"icon icon--fixed-width fa-solid fa-link\" aria-hidden=\"true\"><\/i>\n  <a href=\"https:\/\/icf.church\/freiburg\/de\/smallgroup-anmeldung\/\" target=\"_blank\">Jetzt Anfragen<\/a>\n<\/li><\/ul>            <\/div>\n          <\/div>\n          <div class=\"col-12 col-sm-7\">\n            <h3 class=\"fs-h3-const mb-0 mt-3 mt-sm-0 title\">Dinner mit Jesus<\/h3>\n            <p class=\"fs-sm mt-1 responsibility\">&#8222;Wir leben gerne Gemeinschaft an Gottes reich gedecktem Tisch, an dem wir uns nach seinen Gaben ausstrecken, uns austauschen und durch sein Wort schmecken und erkennen wie g\u00fctig unser Gott ist.&#8220;<\/p>\n            <p class=\"fs-sm mt-4 biography\">Wann: dienstags | w\u00f6chentlich | 19:00Uhr<br>Wo: Freiburg Gartenstad<br>Wer: Offen f\u00fcr alle<\/p>\n          <\/div>\n          <div class=\"col-12 d-sm-none\">\n            <ul id=\"block-58\" class=\"profile-card-links-list list-unstyled mt-2 mt-sm-4\">\n  <li id=\"block-57\" class=\"profile-card-link\">\n  <i class=\"icon icon--fixed-width fa-solid fa-link\" aria-hidden=\"true\"><\/i>\n  <a href=\"https:\/\/icf.church\/freiburg\/de\/smallgroup-anmeldung\/\" target=\"_blank\">Jetzt Anfragen<\/a>\n<\/li><\/ul>          <\/div>\n        <\/div>\n      <\/div>\n      <div class=\"modal-footer\"><\/div>\n    <\/div>\n  <\/div>\n<\/div><\/div>\n\n\n<div id=\"block-66\" class=\"col wp-block-yellowtree-column col-12 col-lg-4 d-flex flex-column with-streched-height-children align-items-stretch align-items-lg-stretch\">\n  <article id=\"block-65\" type=\"button\" data-bs-theme=\"dark\" class=\"wp-block-yellowtree-profile-card card p-0 has-context-height\" style=\"--card-img-position:50% 50%\">\n      <img decoding=\"async\" width=\"1024\" height=\"683\" src=\"https:\/\/icf.church\/freiburg\/wp-content\/uploads\/sites\/53\/2026\/08\/photo_2025-11-02-19.31.04-1024x683.jpeg\" class=\"card-img-top\" alt=\"\" draggable=\"false\" loading=\"lazy\" srcset=\"https:\/\/icf.church\/freiburg\/wp-content\/uploads\/sites\/53\/2026\/08\/photo_2025-11-02-19.31.04-1024x683.jpeg 1024w, https:\/\/icf.church\/freiburg\/wp-content\/uploads\/sites\/53\/2026\/08\/photo_2025-11-02-19.31.04-300x200.jpeg 300w, https:\/\/icf.church\/freiburg\/wp-content\/uploads\/sites\/53\/2026\/08\/photo_2025-11-02-19.31.04-768x512.jpeg 768w, https:\/\/icf.church\/freiburg\/wp-content\/uploads\/sites\/53\/2026\/08\/photo_2025-11-02-19.31.04.jpeg 1280w\" sizes=\"(max-width: 1024px) 100vw, 1024px\">    <div class=\"card-body\">\n    <p class=\"card-meta-tag\">\n      Leitung: Daniel &amp; Curly    <\/p>\n    <h3 class=\"card-title mt-1\">Ehewirs&#8217;vergessen<\/h3>\n    <p class=\"card-text mt-1\">EheWir\u2019s vergessen, ist eine Gruppe f\u00fcrEhepaare, die gemeinsam im Glauben wachsen, Freundschaft leben und Freude teilen m\u00f6chten. Wir glauben, dass Ehe nicht perfekt sein muss \u2013 aber echt, ehrlich und getragen von Gottes Liebe. Gemeinsam wollen wir lachen, lernen, beten und entdecken, wie wir in unserer Beziehung Jesus \u00e4hnlicher werden. Ein Ort, wo Freundschaft w\u00e4chst, Liebe tiefer wird und das Leben leichter \u2013 auch, wenn man mal was \u201evergisst\u201c.<\/p>\n    <div class=\"card-buttons mt-1\">\n      <button type=\"button\" class=\"stretched-link btn btn-dark-1 btn-sm position-static\" aria-label=\"\u00d6ffne Popover \u00fcber Ehewirs'vergessen\" aria-controls=\"profile-card-modal-block-65\" data-bs-toggle=\"modal\" data-bs-target=\"#profile-card-modal-block-65\">\n        <span>Mehr erfahren<\/span>\n        <i class=\"icon fs-base-const fa-arrow-right\"><\/i>\n      <\/button>\n    <\/div>\n  <\/div>\n<\/article>\n\n<div id=\"profile-card-modal-block-65\" tabindex=\"-1\" class=\"modal fade profile-card-modal\">\n  <div class=\"modal-dialog modal-dialog-centered\">\n    <div class=\"modal-content\" data-bs-theme=\"dark\">\n      <button type=\"button\" class=\"modal-close modal-close-end\" data-bs-dismiss=\"modal\" aria-label=\"Close\"><\/button>\n      <div class=\"modal-header\"><\/div>\n      <div class=\"modal-body overflow-y-auto text-body\">\n        <div class=\"row g-4\">\n          <div class=\"col-12 col-sm-5\">\n            <img decoding=\"async\" draggable=\"false\" loading=\"lazy\" src=\"https:\/\/icf.church\/freiburg\/wp-content\/uploads\/sites\/53\/2026\/08\/photo_2025-11-02-19.31.04.jpeg\" alt=\"\" class=\"img-fluid rounded object-fit-cover\">            <div class=\"d-sm-block d-none\">\n              <ul id=\"block-63\" class=\"profile-card-links-list list-unstyled mt-2 mt-sm-4\">\n  <li id=\"block-62\" class=\"profile-card-link\">\n  <i class=\"icon icon--fixed-width fa-solid fa-link\" aria-hidden=\"true\"><\/i>\n  <a href=\"https:\/\/icf.church\/freiburg\/de\/smallgroup-anmeldung\/\" target=\"_blank\">Jetzt Anfragen<\/a>\n<\/li><\/ul>            <\/div>\n          <\/div>\n          <div class=\"col-12 col-sm-7\">\n            <h3 class=\"fs-h3-const mb-0 mt-3 mt-sm-0 title\">Ehewirs&#8217;vergessen<\/h3>\n            <p class=\"fs-sm mt-1 responsibility\">EheWir\u2019s vergessen, ist eine Gruppe f\u00fcrEhepaare, die gemeinsam im Glauben wachsen, Freundschaft leben und Freude teilen m\u00f6chten. Wir glauben, dass Ehe nicht perfekt sein muss \u2013 aber echt, ehrlich und getragen von Gottes Liebe. Gemeinsam wollen wir lachen, lernen, beten und entdecken, wie wir in unserer Beziehung Jesus \u00e4hnlicher werden. Ein Ort, wo Freundschaft w\u00e4chst, Liebe tiefer wird und das Leben leichter \u2013 auch, wenn man mal was \u201evergisst\u201c.<\/p>\n            <p class=\"fs-sm mt-4 biography\">Wann: dienstags | 14-t\u00e4gig | 19:00-21:00Uhr<br>Wo: Freiburg<br>Wer: Paare | alle Altersgruppen<\/p>\n          <\/div>\n          <div class=\"col-12 d-sm-none\">\n            <ul id=\"block-63\" class=\"profile-card-links-list list-unstyled mt-2 mt-sm-4\">\n  <li id=\"block-62\" class=\"profile-card-link\">\n  <i class=\"icon icon--fixed-width fa-solid fa-link\" aria-hidden=\"true\"><\/i>\n  <a href=\"https:\/\/icf.church\/freiburg\/de\/smallgroup-anmeldung\/\" target=\"_blank\">Jetzt Anfragen<\/a>\n<\/li><\/ul>          <\/div>\n        <\/div>\n      <\/div>\n      <div class=\"modal-footer\"><\/div>\n    <\/div>\n  <\/div>\n<\/div><\/div>\n        <\/div>\n          <\/div>\n<\/div>\n\n<div id=\"block-83\" class=\"pt-2 pb-2 alignfull is-layout-constrained\">\n  <div>\n            <div class=\"row gx-4 gy-4 \">\n          \n\n<div id=\"block-72\" class=\"col wp-block-yellowtree-column col-12 col-lg-4 d-flex flex-column with-streched-height-children align-items-stretch align-items-lg-stretch\">\n  <article id=\"block-71\" type=\"button\" data-bs-theme=\"dark\" class=\"wp-block-yellowtree-profile-card card p-0 has-context-height\" style=\"--card-img-position:50% 50%\">\n      <img decoding=\"async\" width=\"1024\" height=\"683\" src=\"https:\/\/icf.church\/freiburg\/wp-content\/uploads\/sites\/53\/2026\/08\/icf_small_group-scaled-1-1024x683.jpg\" class=\"card-img-top\" alt=\"\" draggable=\"false\" loading=\"lazy\" srcset=\"https:\/\/icf.church\/freiburg\/wp-content\/uploads\/sites\/53\/2026\/08\/icf_small_group-scaled-1-1024x683.jpg 1024w, https:\/\/icf.church\/freiburg\/wp-content\/uploads\/sites\/53\/2026\/08\/icf_small_group-scaled-1-300x200.jpg 300w, https:\/\/icf.church\/freiburg\/wp-content\/uploads\/sites\/53\/2026\/08\/icf_small_group-scaled-1-768x512.jpg 768w, https:\/\/icf.church\/freiburg\/wp-content\/uploads\/sites\/53\/2026\/08\/icf_small_group-scaled-1-1536x1024.jpg 1536w, https:\/\/icf.church\/freiburg\/wp-content\/uploads\/sites\/53\/2026\/08\/icf_small_group-scaled-1-2048x1366.jpg 2048w\" sizes=\"(max-width: 1024px) 100vw, 1024px\">    <div class=\"card-body\">\n    <p class=\"card-meta-tag\">\n      Leitung: Waltraud &amp; Angela    <\/p>\n    <h3 class=\"card-title mt-1\">Glaube &amp; Gnade<\/h3>\n    <p class=\"card-text mt-1\">Wir sind \u00dcberwinderinnen durch die Gnade Gottes. Gott gibt uns niemals auf, sondern er erl\u00f6st uns und stellt uns wieder her durch seine Liebe. Unser Ziel ist es Jesus immer \u00e4hnlicher zu werden, er ist unser Zentrum.Gemeinsam wollen wir im Glauben wachsen und im Vertrauen auf Gott Schritte wagen, uns st\u00e4rken und motivieren, zusammen lachen, weinen und beten. Der Heilige Geist f\u00fchrt uns.<\/p>\n    <div class=\"card-buttons mt-1\">\n      <button type=\"button\" class=\"stretched-link btn btn-dark-1 btn-sm position-static\" aria-label=\"\u00d6ffne Popover \u00fcber Glaube &amp; Gnade\" aria-controls=\"profile-card-modal-block-71\" data-bs-toggle=\"modal\" data-bs-target=\"#profile-card-modal-block-71\">\n        <span>Mehr erfahren<\/span>\n        <i class=\"icon fs-base-const fa-arrow-right\"><\/i>\n      <\/button>\n    <\/div>\n  <\/div>\n<\/article>\n\n<div id=\"profile-card-modal-block-71\" tabindex=\"-1\" class=\"modal fade profile-card-modal\">\n  <div class=\"modal-dialog modal-dialog-centered\">\n    <div class=\"modal-content\" data-bs-theme=\"dark\">\n      <button type=\"button\" class=\"modal-close modal-close-end\" data-bs-dismiss=\"modal\" aria-label=\"Close\"><\/button>\n      <div class=\"modal-header\"><\/div>\n      <div class=\"modal-body overflow-y-auto text-body\">\n        <div class=\"row g-4\">\n          <div class=\"col-12 col-sm-5\">\n            <img decoding=\"async\" draggable=\"false\" loading=\"lazy\" src=\"https:\/\/icf.church\/freiburg\/wp-content\/uploads\/sites\/53\/2026\/08\/icf_small_group-scaled-1.jpg\" alt=\"\" class=\"img-fluid rounded object-fit-cover\">            <div class=\"d-sm-block d-none\">\n              <ul id=\"block-69\" class=\"profile-card-links-list list-unstyled mt-2 mt-sm-4\">\n  <li id=\"block-68\" class=\"profile-card-link\">\n  <i class=\"icon icon--fixed-width fa-solid fa-link\" aria-hidden=\"true\"><\/i>\n  <a href=\"https:\/\/icf.church\/freiburg\/de\/smallgroup-anmeldung\/\" target=\"_blank\">Jetzt Anfragen<\/a>\n<\/li><\/ul>            <\/div>\n          <\/div>\n          <div class=\"col-12 col-sm-7\">\n            <h3 class=\"fs-h3-const mb-0 mt-3 mt-sm-0 title\">Glaube &amp; Gnade<\/h3>\n            <p class=\"fs-sm mt-1 responsibility\">Wir sind \u00dcberwinderinnen durch die Gnade Gottes. Gott gibt uns niemals auf, sondern er erl\u00f6st uns und stellt uns wieder her durch seine Liebe. Unser Ziel ist es Jesus immer \u00e4hnlicher zu werden, er ist unser Zentrum.Gemeinsam wollen wir im Glauben wachsen und im Vertrauen auf Gott Schritte wagen, uns st\u00e4rken und motivieren, zusammen lachen, weinen und beten. Der Heilige Geist f\u00fchrt uns.<\/p>\n            <p class=\"fs-sm mt-4 biography\">Wann: dienstags | 14-t\u00e4gig | 18:00 Uhr<br>Wo: Freiburg\/Kollmarsreute<br>Wer: Frauen | jede Altersgruppe<\/p>\n          <\/div>\n          <div class=\"col-12 d-sm-none\">\n            <ul id=\"block-69\" class=\"profile-card-links-list list-unstyled mt-2 mt-sm-4\">\n  <li id=\"block-68\" class=\"profile-card-link\">\n  <i class=\"icon icon--fixed-width fa-solid fa-link\" aria-hidden=\"true\"><\/i>\n  <a href=\"https:\/\/icf.church\/freiburg\/de\/smallgroup-anmeldung\/\" target=\"_blank\">Jetzt Anfragen<\/a>\n<\/li><\/ul>          <\/div>\n        <\/div>\n      <\/div>\n      <div class=\"modal-footer\"><\/div>\n    <\/div>\n  <\/div>\n<\/div><\/div>\n\n\n<div id=\"block-77\" class=\"col wp-block-yellowtree-column col-12 col-lg-4 d-flex flex-column with-streched-height-children align-items-stretch align-items-lg-stretch\">\n  <article id=\"block-76\" type=\"button\" data-bs-theme=\"dark\" class=\"wp-block-yellowtree-profile-card card p-0 has-context-height\" style=\"--card-img-position:50% 50%\">\n      <img decoding=\"async\" width=\"1024\" height=\"683\" src=\"https:\/\/icf.church\/freiburg\/wp-content\/uploads\/sites\/53\/2026\/08\/icf_small_group_spanish-scaled-1-1024x683.jpg\" class=\"card-img-top\" alt=\"\" draggable=\"false\" loading=\"lazy\" srcset=\"https:\/\/icf.church\/freiburg\/wp-content\/uploads\/sites\/53\/2026\/08\/icf_small_group_spanish-scaled-1-1024x683.jpg 1024w, https:\/\/icf.church\/freiburg\/wp-content\/uploads\/sites\/53\/2026\/08\/icf_small_group_spanish-scaled-1-300x200.jpg 300w, https:\/\/icf.church\/freiburg\/wp-content\/uploads\/sites\/53\/2026\/08\/icf_small_group_spanish-scaled-1-768x512.jpg 768w, https:\/\/icf.church\/freiburg\/wp-content\/uploads\/sites\/53\/2026\/08\/icf_small_group_spanish-scaled-1-1536x1024.jpg 1536w, https:\/\/icf.church\/freiburg\/wp-content\/uploads\/sites\/53\/2026\/08\/icf_small_group_spanish-scaled-1-2048x1366.jpg 2048w\" sizes=\"(max-width: 1024px) 100vw, 1024px\">    <div class=\"card-body\">\n    <p class=\"card-meta-tag\">\n      Leitung: Adolfo &amp; Adelina    <\/p>\n    <h3 class=\"card-title mt-1\">Palabra Alimenta<\/h3>\n    <p class=\"card-text mt-1\">In unserer Small Group sprechen wir auf spanisch, wie wir das Wort Gottes im t\u00e4glichen Leben anwenden k\u00f6nnen. Wir h\u00f6ren einander zu und helfen einander als Br\u00fcder und Schwestern in Christus.<\/p>\n    <div class=\"card-buttons mt-1\">\n      <button type=\"button\" class=\"stretched-link btn btn-dark-1 btn-sm position-static\" aria-label=\"\u00d6ffne Popover \u00fcber Palabra Alimenta\" aria-controls=\"profile-card-modal-block-76\" data-bs-toggle=\"modal\" data-bs-target=\"#profile-card-modal-block-76\">\n        <span>Mehr erfahren<\/span>\n        <i class=\"icon fs-base-const fa-arrow-right\"><\/i>\n      <\/button>\n    <\/div>\n  <\/div>\n<\/article>\n\n<div id=\"profile-card-modal-block-76\" tabindex=\"-1\" class=\"modal fade profile-card-modal\">\n  <div class=\"modal-dialog modal-dialog-centered\">\n    <div class=\"modal-content\" data-bs-theme=\"dark\">\n      <button type=\"button\" class=\"modal-close modal-close-end\" data-bs-dismiss=\"modal\" aria-label=\"Close\"><\/button>\n      <div class=\"modal-header\"><\/div>\n      <div class=\"modal-body overflow-y-auto text-body\">\n        <div class=\"row g-4\">\n          <div class=\"col-12 col-sm-5\">\n            <img decoding=\"async\" draggable=\"false\" loading=\"lazy\" src=\"https:\/\/icf.church\/freiburg\/wp-content\/uploads\/sites\/53\/2026\/08\/icf_small_group_spanish-scaled-1.jpg\" alt=\"\" class=\"img-fluid rounded object-fit-cover\">            <div class=\"d-sm-block d-none\">\n              <ul id=\"block-74\" class=\"profile-card-links-list list-unstyled mt-2 mt-sm-4\">\n  <li id=\"block-73\" class=\"profile-card-link\">\n  <i class=\"icon icon--fixed-width fa-solid fa-link\" aria-hidden=\"true\"><\/i>\n  <a href=\"https:\/\/icf.church\/freiburg\/de\/smallgroup-anmeldung\/\" target=\"_blank\">Jetzt Anfragen<\/a>\n<\/li><\/ul>            <\/div>\n          <\/div>\n          <div class=\"col-12 col-sm-7\">\n            <h3 class=\"fs-h3-const mb-0 mt-3 mt-sm-0 title\">Palabra Alimenta<\/h3>\n            <p class=\"fs-sm mt-1 responsibility\">In unserer Small Group sprechen wir auf spanisch, wie wir das Wort Gottes im t\u00e4glichen Leben anwenden k\u00f6nnen. Wir h\u00f6ren einander zu und helfen einander als Br\u00fcder und Schwestern in Christus.<\/p>\n            <p class=\"fs-sm mt-4 biography\">Wo: donnerstags | w\u00f6chentlich | 18:30 Uhr<br>Wo: Umkirch<br>Wer: Frauen &amp; M\u00e4nner | jede Altersgruppe<\/p>\n          <\/div>\n          <div class=\"col-12 d-sm-none\">\n            <ul id=\"block-74\" class=\"profile-card-links-list list-unstyled mt-2 mt-sm-4\">\n  <li id=\"block-73\" class=\"profile-card-link\">\n  <i class=\"icon icon--fixed-width fa-solid fa-link\" aria-hidden=\"true\"><\/i>\n  <a href=\"https:\/\/icf.church\/freiburg\/de\/smallgroup-anmeldung\/\" target=\"_blank\">Jetzt Anfragen<\/a>\n<\/li><\/ul>          <\/div>\n        <\/div>\n      <\/div>\n      <div class=\"modal-footer\"><\/div>\n    <\/div>\n  <\/div>\n<\/div><\/div>\n\n\n<div id=\"block-82\" class=\"col wp-block-yellowtree-column col-12 col-lg-4 d-flex flex-column with-streched-height-children align-items-stretch align-items-lg-stretch\">\n  <article id=\"block-81\" type=\"button\" data-bs-theme=\"dark\" class=\"wp-block-yellowtree-profile-card card p-0 has-context-height\" style=\"--card-img-position:50% 50%\">\n      <img decoding=\"async\" width=\"960\" height=\"700\" src=\"https:\/\/icf.church\/freiburg\/wp-content\/uploads\/sites\/53\/2026\/08\/photo_2026-04-08-12.45.31-960x700-1.jpeg\" class=\"card-img-top\" alt=\"\" draggable=\"false\" loading=\"lazy\" srcset=\"https:\/\/icf.church\/freiburg\/wp-content\/uploads\/sites\/53\/2026\/08\/photo_2026-04-08-12.45.31-960x700-1.jpeg 960w, https:\/\/icf.church\/freiburg\/wp-content\/uploads\/sites\/53\/2026\/08\/photo_2026-04-08-12.45.31-960x700-1-300x219.jpeg 300w, https:\/\/icf.church\/freiburg\/wp-content\/uploads\/sites\/53\/2026\/08\/photo_2026-04-08-12.45.31-960x700-1-768x560.jpeg 768w\" sizes=\"(max-width: 960px) 100vw, 960px\">    <div class=\"card-body\">\n    <p class=\"card-meta-tag\">\n      Leitung: Damaris    <\/p>\n    <h3 class=\"card-title mt-1\">Rooted in Christ<\/h3>\n    <p class=\"card-text mt-1\">Wir sind eine Small Group junger Frauen, die gemeinsam im Glauben wachsen m\u00f6chten. Unser Wunsch ist es, unser Leben fest in Jesus zu verwurzeln, echte Nachfolge zu leben und ihn im Alltag immer besser kennenzulernen.Wir treffen uns regelm\u00e4\u00dfig, um gemeinsam in der Bibel zu lesen, tiefgr\u00fcndige Gespr\u00e4che zu f\u00fchren und f\u00fcreinander zu beten.Wie ein Baum mit tiefen Wurzeln wollen wir im Glauben wachsen, unseren Halt in Jesus finden und uns von ihm versorgen lassen.<\/p>\n    <div class=\"card-buttons mt-1\">\n      <button type=\"button\" class=\"stretched-link btn btn-dark-1 btn-sm position-static\" aria-label=\"\u00d6ffne Popover \u00fcber Rooted in Christ\" aria-controls=\"profile-card-modal-block-81\" data-bs-toggle=\"modal\" data-bs-target=\"#profile-card-modal-block-81\">\n        <span>Mehr erfahren<\/span>\n        <i class=\"icon fs-base-const fa-arrow-right\"><\/i>\n      <\/button>\n    <\/div>\n  <\/div>\n<\/article>\n\n<div id=\"profile-card-modal-block-81\" tabindex=\"-1\" class=\"modal fade profile-card-modal\">\n  <div class=\"modal-dialog modal-dialog-centered\">\n    <div class=\"modal-content\" data-bs-theme=\"dark\">\n      <button type=\"button\" class=\"modal-close modal-close-end\" data-bs-dismiss=\"modal\" aria-label=\"Close\"><\/button>\n      <div class=\"modal-header\"><\/div>\n      <div class=\"modal-body overflow-y-auto text-body\">\n        <div class=\"row g-4\">\n          <div class=\"col-12 col-sm-5\">\n            <img decoding=\"async\" draggable=\"false\" loading=\"lazy\" src=\"https:\/\/icf.church\/freiburg\/wp-content\/uploads\/sites\/53\/2026\/08\/photo_2026-04-08-12.45.31-960x700-1.jpeg\" alt=\"\" class=\"img-fluid rounded object-fit-cover\">            <div class=\"d-sm-block d-none\">\n              <ul id=\"block-79\" class=\"profile-card-links-list list-unstyled mt-2 mt-sm-4\">\n  <li id=\"block-78\" class=\"profile-card-link\">\n  <i class=\"icon icon--fixed-width fa-solid fa-link\" aria-hidden=\"true\"><\/i>\n  <a href=\"https:\/\/icf.church\/freiburg\/de\/smallgroup-anmeldung\/\" target=\"_blank\">Jetzt Anfragen<\/a>\n<\/li><\/ul>            <\/div>\n          <\/div>\n          <div class=\"col-12 col-sm-7\">\n            <h3 class=\"fs-h3-const mb-0 mt-3 mt-sm-0 title\">Rooted in Christ<\/h3>\n            <p class=\"fs-sm mt-1 responsibility\">Wir sind eine Small Group junger Frauen, die gemeinsam im Glauben wachsen m\u00f6chten. Unser Wunsch ist es, unser Leben fest in Jesus zu verwurzeln, echte Nachfolge zu leben und ihn im Alltag immer besser kennenzulernen.Wir treffen uns regelm\u00e4\u00dfig, um gemeinsam in der Bibel zu lesen, tiefgr\u00fcndige Gespr\u00e4che zu f\u00fchren und f\u00fcreinander zu beten.Wie ein Baum mit tiefen Wurzeln wollen wir im Glauben wachsen, unseren Halt in Jesus finden und uns von ihm versorgen lassen.<\/p>\n            <p class=\"fs-sm mt-4 biography\">Wann: freitags | w\u00f6chentlich | 18:00 Uhr<br>Wo: Tittisee-Neustadt<br>Wer: Frauen | 20er<\/p>\n          <\/div>\n          <div class=\"col-12 d-sm-none\">\n            <ul id=\"block-79\" class=\"profile-card-links-list list-unstyled mt-2 mt-sm-4\">\n  <li id=\"block-78\" class=\"profile-card-link\">\n  <i class=\"icon icon--fixed-width fa-solid fa-link\" aria-hidden=\"true\"><\/i>\n  <a href=\"https:\/\/icf.church\/freiburg\/de\/smallgroup-anmeldung\/\" target=\"_blank\">Jetzt Anfragen<\/a>\n<\/li><\/ul>          <\/div>\n        <\/div>\n      <\/div>\n      <div class=\"modal-footer\"><\/div>\n    <\/div>\n  <\/div>\n<\/div><\/div>\n        <\/div>\n          <\/div>\n<\/div>\n\n<div id=\"block-99\" class=\"pt-2 pb-2 alignfull is-layout-constrained\">\n  <div>\n            <div class=\"row gx-4 gy-4 \">\n          \n\n<div id=\"block-88\" class=\"col wp-block-yellowtree-column col-12 col-lg-4 d-flex flex-column with-streched-height-children align-items-stretch align-items-lg-stretch\">\n  <article id=\"block-87\" type=\"button\" data-bs-theme=\"dark\" class=\"wp-block-yellowtree-profile-card card p-0 has-context-height\" style=\"--card-img-position:50% 50%\">\n      <img decoding=\"async\" width=\"1024\" height=\"682\" src=\"https:\/\/icf.church\/freiburg\/wp-content\/uploads\/sites\/53\/2026\/08\/photo-2026-05-05-10-07-09-2-1024x682.jpg\" class=\"card-img-top\" alt=\"\" draggable=\"false\" loading=\"lazy\" srcset=\"https:\/\/icf.church\/freiburg\/wp-content\/uploads\/sites\/53\/2026\/08\/photo-2026-05-05-10-07-09-2-1024x682.jpg 1024w, https:\/\/icf.church\/freiburg\/wp-content\/uploads\/sites\/53\/2026\/08\/photo-2026-05-05-10-07-09-2-300x200.jpg 300w, https:\/\/icf.church\/freiburg\/wp-content\/uploads\/sites\/53\/2026\/08\/photo-2026-05-05-10-07-09-2-768x512.jpg 768w, https:\/\/icf.church\/freiburg\/wp-content\/uploads\/sites\/53\/2026\/08\/photo-2026-05-05-10-07-09-2-1536x1023.jpg 1536w, https:\/\/icf.church\/freiburg\/wp-content\/uploads\/sites\/53\/2026\/08\/photo-2026-05-05-10-07-09-2.jpg 1600w\" sizes=\"(max-width: 1024px) 100vw, 1024px\">    <div class=\"card-body\">\n    <p class=\"card-meta-tag\">\n      Leitung: Selina    <\/p>\n    <h3 class=\"card-title mt-1\">Mom&#8217;s Community<\/h3>\n    <p class=\"card-text mt-1\">Wir sind Mamas, die Jesus lieben. Wir fr\u00fchst\u00fccken gemeinsam, tauschen uns aus, gehen ins Wort Gottes, ermutigen uns gegenseitig und beten gemeinsam.Kids d\u00fcrfen gerne mitkommen.<\/p>\n    <div class=\"card-buttons mt-1\">\n      <button type=\"button\" class=\"stretched-link btn btn-dark-1 btn-sm position-static\" aria-label=\"\u00d6ffne Popover \u00fcber Mom's Community\" aria-controls=\"profile-card-modal-block-87\" data-bs-toggle=\"modal\" data-bs-target=\"#profile-card-modal-block-87\">\n        <span>Mehr erfahren<\/span>\n        <i class=\"icon fs-base-const fa-arrow-right\"><\/i>\n      <\/button>\n    <\/div>\n  <\/div>\n<\/article>\n\n<div id=\"profile-card-modal-block-87\" tabindex=\"-1\" class=\"modal fade profile-card-modal\">\n  <div class=\"modal-dialog modal-dialog-centered\">\n    <div class=\"modal-content\" data-bs-theme=\"dark\">\n      <button type=\"button\" class=\"modal-close modal-close-end\" data-bs-dismiss=\"modal\" aria-label=\"Close\"><\/button>\n      <div class=\"modal-header\"><\/div>\n      <div class=\"modal-body overflow-y-auto text-body\">\n        <div class=\"row g-4\">\n          <div class=\"col-12 col-sm-5\">\n            <img decoding=\"async\" draggable=\"false\" loading=\"lazy\" src=\"https:\/\/icf.church\/freiburg\/wp-content\/uploads\/sites\/53\/2026\/08\/photo-2026-05-05-10-07-09-2.jpg\" alt=\"\" class=\"img-fluid rounded object-fit-cover\">            <div class=\"d-sm-block d-none\">\n              <ul id=\"block-85\" class=\"profile-card-links-list list-unstyled mt-2 mt-sm-4\">\n  <li id=\"block-84\" class=\"profile-card-link\">\n  <i class=\"icon icon--fixed-width fa-solid fa-link\" aria-hidden=\"true\"><\/i>\n  <a href=\"https:\/\/icf.church\/freiburg\/de\/smallgroup-anmeldung\/\" target=\"_blank\">Jetzt Anfragen<\/a>\n<\/li><\/ul>            <\/div>\n          <\/div>\n          <div class=\"col-12 col-sm-7\">\n            <h3 class=\"fs-h3-const mb-0 mt-3 mt-sm-0 title\">Mom&#8217;s Community<\/h3>\n            <p class=\"fs-sm mt-1 responsibility\">Wir sind Mamas, die Jesus lieben. Wir fr\u00fchst\u00fccken gemeinsam, tauschen uns aus, gehen ins Wort Gottes, ermutigen uns gegenseitig und beten gemeinsam.Kids d\u00fcrfen gerne mitkommen.<\/p>\n            <p class=\"fs-sm mt-4 biography\">Wann: 2. Donnerstag des Monats | 4-w\u00f6chig | 10:00 Uhr<br>Wo: Freiburg<br>Wer: Frauen | jede Altersgruppe<\/p>\n          <\/div>\n          <div class=\"col-12 d-sm-none\">\n            <ul id=\"block-85\" class=\"profile-card-links-list list-unstyled mt-2 mt-sm-4\">\n  <li id=\"block-84\" class=\"profile-card-link\">\n  <i class=\"icon icon--fixed-width fa-solid fa-link\" aria-hidden=\"true\"><\/i>\n  <a href=\"https:\/\/icf.church\/freiburg\/de\/smallgroup-anmeldung\/\" target=\"_blank\">Jetzt Anfragen<\/a>\n<\/li><\/ul>          <\/div>\n        <\/div>\n      <\/div>\n      <div class=\"modal-footer\"><\/div>\n    <\/div>\n  <\/div>\n<\/div><\/div>\n\n\n<div id=\"block-93\" class=\"col wp-block-yellowtree-column col-12 col-lg-4 d-flex flex-column with-streched-height-children align-items-stretch align-items-lg-stretch\">\n  <article id=\"block-92\" type=\"button\" data-bs-theme=\"dark\" class=\"wp-block-yellowtree-profile-card card p-0 has-context-height\" style=\"--card-img-position:50% 50%\">\n      <div class=\"card-img-top-placeholder\"><\/div>\n    <div class=\"card-body\">\n    <p class=\"card-meta-tag\">\n      Leitung: Anna Lena    <\/p>\n    <h3 class=\"card-title mt-1\">Dreisamh\u00e4tlbesser<\/h3>\n    <p class=\"card-text mt-1\">Wir sind gemeinsam unterwegs Gottes Idee hinter Ehe immer besser zu verstehen und unsere Ehen zu st\u00e4rken.<\/p>\n    <div class=\"card-buttons mt-1\">\n      <button type=\"button\" class=\"stretched-link btn btn-dark-1 btn-sm position-static\" aria-label=\"\u00d6ffne Popover \u00fcber Dreisamh\u00e4tlbesser\" aria-controls=\"profile-card-modal-block-92\" data-bs-toggle=\"modal\" data-bs-target=\"#profile-card-modal-block-92\">\n        <span>Mehr erfahren<\/span>\n        <i class=\"icon fs-base-const fa-arrow-right\"><\/i>\n      <\/button>\n    <\/div>\n  <\/div>\n<\/article>\n\n<div id=\"profile-card-modal-block-92\" tabindex=\"-1\" class=\"modal fade profile-card-modal\">\n  <div class=\"modal-dialog modal-dialog-centered\">\n    <div class=\"modal-content\" data-bs-theme=\"dark\">\n      <button type=\"button\" class=\"modal-close modal-close-end\" data-bs-dismiss=\"modal\" aria-label=\"Close\"><\/button>\n      <div class=\"modal-header\"><\/div>\n      <div class=\"modal-body overflow-y-auto text-body\">\n        <div class=\"row g-4\">\n          <div class=\"col-12 col-sm-5\">\n            <img decoding=\"async\" draggable=\"false\" loading=\"lazy\" src=\"\" alt=\"\" class=\"img-fluid rounded object-fit-cover\">            <div class=\"d-sm-block d-none\">\n              <ul id=\"block-90\" class=\"profile-card-links-list list-unstyled mt-2 mt-sm-4\">\n  <li id=\"block-89\" class=\"profile-card-link\">\n  <i class=\"icon icon--fixed-width fa-solid fa-link\" aria-hidden=\"true\"><\/i>\n  <a href=\"https:\/\/icf.church\/freiburg\/de\/smallgroup-anmeldung\/\" target=\"_blank\">Jetzt Anfragen<\/a>\n<\/li><\/ul>            <\/div>\n          <\/div>\n          <div class=\"col-12 col-sm-7\">\n            <h3 class=\"fs-h3-const mb-0 mt-3 mt-sm-0 title\">Dreisamh\u00e4tlbesser<\/h3>\n            <p class=\"fs-sm mt-1 responsibility\">Wir sind gemeinsam unterwegs Gottes Idee hinter Ehe immer besser zu verstehen und unsere Ehen zu st\u00e4rken.<\/p>\n            <p class=\"fs-sm mt-4 biography\">Wo: dienstags | w\u00f6chentlich | 18:30 Uhr<br>Wo: Freiburg<br>Wer: Paare | 20er<\/p>\n          <\/div>\n          <div class=\"col-12 d-sm-none\">\n            <ul id=\"block-90\" class=\"profile-card-links-list list-unstyled mt-2 mt-sm-4\">\n  <li id=\"block-89\" class=\"profile-card-link\">\n  <i class=\"icon icon--fixed-width fa-solid fa-link\" aria-hidden=\"true\"><\/i>\n  <a href=\"https:\/\/icf.church\/freiburg\/de\/smallgroup-anmeldung\/\" target=\"_blank\">Jetzt Anfragen<\/a>\n<\/li><\/ul>          <\/div>\n        <\/div>\n      <\/div>\n      <div class=\"modal-footer\"><\/div>\n    <\/div>\n  <\/div>\n<\/div><\/div>\n\n\n<div id=\"block-98\" class=\"col wp-block-yellowtree-column col-12 col-lg-4 d-flex flex-column with-streched-height-children align-items-stretch align-items-lg-stretch\">\n  <article id=\"block-97\" type=\"button\" data-bs-theme=\"dark\" class=\"wp-block-yellowtree-profile-card card p-0 has-context-height\" style=\"--card-img-position:50% 50%\">\n      <div class=\"card-img-top-placeholder\"><\/div>\n    <div class=\"card-body\">\n    <p class=\"card-meta-tag\">\n      Leitung: Anne    <\/p>\n    <h3 class=\"card-title mt-1\">Freundschaft<\/h3>\n    <p class=\"card-text mt-1\">Wir lieben die Gemeinschaft, genie\u00dfen Gottes Gegenwart und unterst\u00fctzen uns gegenseitig, in unserem Alltag Gottes Reich zu bauen und gef\u00fchrt von seinem Geist zu leben. Dabei vertiefen wir unsere Freundschaft mit Gott und untereinander.<\/p>\n    <div class=\"card-buttons mt-1\">\n      <button type=\"button\" class=\"stretched-link btn btn-dark-1 btn-sm position-static\" aria-label=\"\u00d6ffne Popover \u00fcber Freundschaft\" aria-controls=\"profile-card-modal-block-97\" data-bs-toggle=\"modal\" data-bs-target=\"#profile-card-modal-block-97\">\n        <span>Mehr erfahren<\/span>\n        <i class=\"icon fs-base-const fa-arrow-right\"><\/i>\n      <\/button>\n    <\/div>\n  <\/div>\n<\/article>\n\n<div id=\"profile-card-modal-block-97\" tabindex=\"-1\" class=\"modal fade profile-card-modal\">\n  <div class=\"modal-dialog modal-dialog-centered\">\n    <div class=\"modal-content\" data-bs-theme=\"dark\">\n      <button type=\"button\" class=\"modal-close modal-close-end\" data-bs-dismiss=\"modal\" aria-label=\"Close\"><\/button>\n      <div class=\"modal-header\"><\/div>\n      <div class=\"modal-body overflow-y-auto text-body\">\n        <div class=\"row g-4\">\n          <div class=\"col-12 col-sm-5\">\n            <img decoding=\"async\" draggable=\"false\" loading=\"lazy\" src=\"\" alt=\"\" class=\"img-fluid rounded object-fit-cover\">            <div class=\"d-sm-block d-none\">\n              <ul id=\"block-95\" class=\"profile-card-links-list list-unstyled mt-2 mt-sm-4\">\n  <li id=\"block-94\" class=\"profile-card-link\">\n  <i class=\"icon icon--fixed-width fa-solid fa-link\" aria-hidden=\"true\"><\/i>\n  <a href=\"https:\/\/icf.church\/freiburg\/de\/smallgroup-anmeldung\/\" target=\"_blank\">Jetzt Anfragen<\/a>\n<\/li><\/ul>            <\/div>\n          <\/div>\n          <div class=\"col-12 col-sm-7\">\n            <h3 class=\"fs-h3-const mb-0 mt-3 mt-sm-0 title\">Freundschaft<\/h3>\n            <p class=\"fs-sm mt-1 responsibility\">Wir lieben die Gemeinschaft, genie\u00dfen Gottes Gegenwart und unterst\u00fctzen uns gegenseitig, in unserem Alltag Gottes Reich zu bauen und gef\u00fchrt von seinem Geist zu leben. Dabei vertiefen wir unsere Freundschaft mit Gott und untereinander.<\/p>\n            <p class=\"fs-sm mt-4 biography\">Wann: montags | nach Absprache<br>Wo: Schallstadt<br>Wer: Frauen | jede Altersgruppe<\/p>\n          <\/div>\n          <div class=\"col-12 d-sm-none\">\n            <ul id=\"block-95\" class=\"profile-card-links-list list-unstyled mt-2 mt-sm-4\">\n  <li id=\"block-94\" class=\"profile-card-link\">\n  <i class=\"icon icon--fixed-width fa-solid fa-link\" aria-hidden=\"true\"><\/i>\n  <a href=\"https:\/\/icf.church\/freiburg\/de\/smallgroup-anmeldung\/\" target=\"_blank\">Jetzt Anfragen<\/a>\n<\/li><\/ul>          <\/div>\n        <\/div>\n      <\/div>\n      <div class=\"modal-footer\"><\/div>\n    <\/div>\n  <\/div>\n<\/div><\/div>\n        <\/div>\n          <\/div>\n<\/div>\n\n<div id=\"block-115\" class=\"pt-2 pb-2 alignfull is-layout-constrained\">\n  <div>\n            <div class=\"row gx-4 gy-4 \">\n          \n\n<div id=\"block-104\" class=\"col wp-block-yellowtree-column col-12 col-lg-4 d-flex flex-column with-streched-height-children align-items-stretch align-items-lg-stretch\">\n  <article id=\"block-103\" type=\"button\" data-bs-theme=\"dark\" class=\"wp-block-yellowtree-profile-card card p-0 has-context-height\" style=\"--card-img-position:50% 50%\">\n      <div class=\"card-img-top-placeholder\"><\/div>\n    <div class=\"card-body\">\n    <p class=\"card-meta-tag\">\n      Leitung: Alexandra &amp; Laura-Sophie    <\/p>\n    <h3 class=\"card-title mt-1\">Propheten Smalli<\/h3>\n    <p class=\"card-text mt-1\">Bist du hungrig nach mehr von Gott? Willst du tiefer reinkommen in ein heiliges Leben und die Kraft des Heiligen Geistes in deinem eigenen Leben erfahren und durch dich wirken lassen? Dann komm vorbei! Wir studieren gemeinsam in der Bibel, haben Gemeinschaft und erleben, was es bedeutet Christus immer \u00e4hnlicher zu werden<\/p>\n    <div class=\"card-buttons mt-1\">\n      <button type=\"button\" class=\"stretched-link btn btn-dark-1 btn-sm position-static\" aria-label=\"\u00d6ffne Popover \u00fcber Propheten Smalli\" aria-controls=\"profile-card-modal-block-103\" data-bs-toggle=\"modal\" data-bs-target=\"#profile-card-modal-block-103\">\n        <span>Mehr erfahren<\/span>\n        <i class=\"icon fs-base-const fa-arrow-right\"><\/i>\n      <\/button>\n    <\/div>\n  <\/div>\n<\/article>\n\n<div id=\"profile-card-modal-block-103\" tabindex=\"-1\" class=\"modal fade profile-card-modal\">\n  <div class=\"modal-dialog modal-dialog-centered\">\n    <div class=\"modal-content\" data-bs-theme=\"dark\">\n      <button type=\"button\" class=\"modal-close modal-close-end\" data-bs-dismiss=\"modal\" aria-label=\"Close\"><\/button>\n      <div class=\"modal-header\"><\/div>\n      <div class=\"modal-body overflow-y-auto text-body\">\n        <div class=\"row g-4\">\n          <div class=\"col-12 col-sm-5\">\n            <img decoding=\"async\" draggable=\"false\" loading=\"lazy\" src=\"\" alt=\"\" class=\"img-fluid rounded object-fit-cover\">            <div class=\"d-sm-block d-none\">\n              <ul id=\"block-101\" class=\"profile-card-links-list list-unstyled mt-2 mt-sm-4\">\n  <li id=\"block-100\" class=\"profile-card-link\">\n  <i class=\"icon icon--fixed-width fa-solid fa-link\" aria-hidden=\"true\"><\/i>\n  <a href=\"https:\/\/icf.church\/freiburg\/de\/smallgroup-anmeldung\/\" target=\"_blank\">Jetzt Anfragen<\/a>\n<\/li><\/ul>            <\/div>\n          <\/div>\n          <div class=\"col-12 col-sm-7\">\n            <h3 class=\"fs-h3-const mb-0 mt-3 mt-sm-0 title\">Propheten Smalli<\/h3>\n            <p class=\"fs-sm mt-1 responsibility\">Bist du hungrig nach mehr von Gott? Willst du tiefer reinkommen in ein heiliges Leben und die Kraft des Heiligen Geistes in deinem eigenen Leben erfahren und durch dich wirken lassen? Dann komm vorbei! Wir studieren gemeinsam in der Bibel, haben Gemeinschaft und erleben, was es bedeutet Christus immer \u00e4hnlicher zu werden<\/p>\n            <p class=\"fs-sm mt-4 biography\">Wann: 2. Donnerstag des Monats | 4-w\u00f6chig | 10:00 Uhr<br>Wo: Freiburg<br>Wer: Frauen | jede Altersgruppe<\/p>\n          <\/div>\n          <div class=\"col-12 d-sm-none\">\n            <ul id=\"block-101\" class=\"profile-card-links-list list-unstyled mt-2 mt-sm-4\">\n  <li id=\"block-100\" class=\"profile-card-link\">\n  <i class=\"icon icon--fixed-width fa-solid fa-link\" aria-hidden=\"true\"><\/i>\n  <a href=\"https:\/\/icf.church\/freiburg\/de\/smallgroup-anmeldung\/\" target=\"_blank\">Jetzt Anfragen<\/a>\n<\/li><\/ul>          <\/div>\n        <\/div>\n      <\/div>\n      <div class=\"modal-footer\"><\/div>\n    <\/div>\n  <\/div>\n<\/div><\/div>\n\n\n<div id=\"block-109\" class=\"col wp-block-yellowtree-column col-12 col-lg-4 d-flex flex-column with-streched-height-children align-items-stretch align-items-lg-stretch\">\n  <article id=\"block-108\" type=\"button\" data-bs-theme=\"dark\" class=\"wp-block-yellowtree-profile-card card p-0 has-context-height\" style=\"--card-img-position:50% 50%\">\n      <div class=\"card-img-top-placeholder\"><\/div>\n    <div class=\"card-body\">\n    <p class=\"card-meta-tag\">\n      Leitung: Bene    <\/p>\n    <h3 class=\"card-title mt-1\">\u00dcberschall M\u00e4nner<\/h3>\n    <p class=\"card-text mt-1\">Momentan 6 M\u00e4nner, 5 davon Youth Mitarbeiter.Ziel: Jesus ganzheitlich nachfolgen<\/p>\n    <div class=\"card-buttons mt-1\">\n      <button type=\"button\" class=\"stretched-link btn btn-dark-1 btn-sm position-static\" aria-label=\"\u00d6ffne Popover \u00fcber \u00dcberschall M\u00e4nner\" aria-controls=\"profile-card-modal-block-108\" data-bs-toggle=\"modal\" data-bs-target=\"#profile-card-modal-block-108\">\n        <span>Mehr erfahren<\/span>\n        <i class=\"icon fs-base-const fa-arrow-right\"><\/i>\n      <\/button>\n    <\/div>\n  <\/div>\n<\/article>\n\n<div id=\"profile-card-modal-block-108\" tabindex=\"-1\" class=\"modal fade profile-card-modal\">\n  <div class=\"modal-dialog modal-dialog-centered\">\n    <div class=\"modal-content\" data-bs-theme=\"dark\">\n      <button type=\"button\" class=\"modal-close modal-close-end\" data-bs-dismiss=\"modal\" aria-label=\"Close\"><\/button>\n      <div class=\"modal-header\"><\/div>\n      <div class=\"modal-body overflow-y-auto text-body\">\n        <div class=\"row g-4\">\n          <div class=\"col-12 col-sm-5\">\n            <img decoding=\"async\" draggable=\"false\" loading=\"lazy\" src=\"\" alt=\"\" class=\"img-fluid rounded object-fit-cover\">            <div class=\"d-sm-block d-none\">\n              <ul id=\"block-106\" class=\"profile-card-links-list list-unstyled mt-2 mt-sm-4\">\n  <li id=\"block-105\" class=\"profile-card-link\">\n  <i class=\"icon icon--fixed-width fa-solid fa-link\" aria-hidden=\"true\"><\/i>\n  <a href=\"https:\/\/icf.church\/freiburg\/de\/smallgroup-anmeldung\/\" target=\"_blank\">Jetzt Anfragen<\/a>\n<\/li><\/ul>            <\/div>\n          <\/div>\n          <div class=\"col-12 col-sm-7\">\n            <h3 class=\"fs-h3-const mb-0 mt-3 mt-sm-0 title\">\u00dcberschall M\u00e4nner<\/h3>\n            <p class=\"fs-sm mt-1 responsibility\">Momentan 6 M\u00e4nner, 5 davon Youth Mitarbeiter.Ziel: Jesus ganzheitlich nachfolgen<\/p>\n            <p class=\"fs-sm mt-4 biography\">Wann: dienstags | w\u00f6chentlich | 19:00 Uhr<br>Wo: Schallstadt<br>Wer: M\u00e4nner | jede Altersgruppe<\/p>\n          <\/div>\n          <div class=\"col-12 d-sm-none\">\n            <ul id=\"block-106\" class=\"profile-card-links-list list-unstyled mt-2 mt-sm-4\">\n  <li id=\"block-105\" class=\"profile-card-link\">\n  <i class=\"icon icon--fixed-width fa-solid fa-link\" aria-hidden=\"true\"><\/i>\n  <a href=\"https:\/\/icf.church\/freiburg\/de\/smallgroup-anmeldung\/\" target=\"_blank\">Jetzt Anfragen<\/a>\n<\/li><\/ul>          <\/div>\n        <\/div>\n      <\/div>\n      <div class=\"modal-footer\"><\/div>\n    <\/div>\n  <\/div>\n<\/div><\/div>\n\n\n<div id=\"block-114\" class=\"col wp-block-yellowtree-column col-12 col-lg-4 d-flex flex-column with-streched-height-children align-items-stretch align-items-lg-stretch\">\n  <article id=\"block-113\" type=\"button\" data-bs-theme=\"dark\" class=\"wp-block-yellowtree-profile-card card p-0 has-context-height\" style=\"--card-img-position:50% 50%\">\n      <div class=\"card-img-top-placeholder\"><\/div>\n    <div class=\"card-body\">\n    <p class=\"card-meta-tag\">\n      Leitung: Hanna    <\/p>\n    <h3 class=\"card-title mt-1\">Philia<\/h3>\n    <p class=\"card-text mt-1\">Wie der Name schon sagt, ist uns wichtig, dass wir uns nicht nur zur Smallgroup treffen, sondern auch dar\u00fcber hinaus Freundschaft leben.Die Smallgroup steht unter dem Motto \u201eEin jeder hat etwas\u201c und so gestaltet jede Frau die SG aktiv mit. Jesus in jedem Thema zu finden, darum geht es bei uns.<\/p>\n    <div class=\"card-buttons mt-1\">\n      <button type=\"button\" class=\"stretched-link btn btn-dark-1 btn-sm position-static\" aria-label=\"\u00d6ffne Popover \u00fcber Philia\" aria-controls=\"profile-card-modal-block-113\" data-bs-toggle=\"modal\" data-bs-target=\"#profile-card-modal-block-113\">\n        <span>Mehr erfahren<\/span>\n        <i class=\"icon fs-base-const fa-arrow-right\"><\/i>\n      <\/button>\n    <\/div>\n  <\/div>\n<\/article>\n\n<div id=\"profile-card-modal-block-113\" tabindex=\"-1\" class=\"modal fade profile-card-modal\">\n  <div class=\"modal-dialog modal-dialog-centered\">\n    <div class=\"modal-content\" data-bs-theme=\"dark\">\n      <button type=\"button\" class=\"modal-close modal-close-end\" data-bs-dismiss=\"modal\" aria-label=\"Close\"><\/button>\n      <div class=\"modal-header\"><\/div>\n      <div class=\"modal-body overflow-y-auto text-body\">\n        <div class=\"row g-4\">\n          <div class=\"col-12 col-sm-5\">\n            <img decoding=\"async\" draggable=\"false\" loading=\"lazy\" src=\"\" alt=\"\" class=\"img-fluid rounded object-fit-cover\">            <div class=\"d-sm-block d-none\">\n              <ul id=\"block-111\" class=\"profile-card-links-list list-unstyled mt-2 mt-sm-4\">\n  <li id=\"block-110\" class=\"profile-card-link\">\n  <i class=\"icon icon--fixed-width fa-solid fa-link\" aria-hidden=\"true\"><\/i>\n  <a href=\"https:\/\/icf.church\/freiburg\/de\/smallgroup-anmeldung\/\" target=\"_blank\">Jetzt Anfragen<\/a>\n<\/li><\/ul>            <\/div>\n          <\/div>\n          <div class=\"col-12 col-sm-7\">\n            <h3 class=\"fs-h3-const mb-0 mt-3 mt-sm-0 title\">Philia<\/h3>\n            <p class=\"fs-sm mt-1 responsibility\">Wie der Name schon sagt, ist uns wichtig, dass wir uns nicht nur zur Smallgroup treffen, sondern auch dar\u00fcber hinaus Freundschaft leben.Die Smallgroup steht unter dem Motto \u201eEin jeder hat etwas\u201c und so gestaltet jede Frau die SG aktiv mit. Jesus in jedem Thema zu finden, darum geht es bei uns.<\/p>\n            <p class=\"fs-sm mt-4 biography\">Wann: dienstags | w\u00f6chentlich | 18:30 Uhr<br>Wo: Schallstadt<br>Wer: Frauen | 20er<\/p>\n          <\/div>\n          <div class=\"col-12 d-sm-none\">\n            <ul id=\"block-111\" class=\"profile-card-links-list list-unstyled mt-2 mt-sm-4\">\n  <li id=\"block-110\" class=\"profile-card-link\">\n  <i class=\"icon icon--fixed-width fa-solid fa-link\" aria-hidden=\"true\"><\/i>\n  <a href=\"https:\/\/icf.church\/freiburg\/de\/smallgroup-anmeldung\/\" target=\"_blank\">Jetzt Anfragen<\/a>\n<\/li><\/ul>          <\/div>\n        <\/div>\n      <\/div>\n      <div class=\"modal-footer\"><\/div>\n    <\/div>\n  <\/div>\n<\/div><\/div>\n        <\/div>\n          <\/div>\n<\/div>\n\n<div id=\"block-123\" class=\"pt-2 pb-2 alignfull is-layout-constrained\">\n  <div>\n            <div class=\"row gx-4 gy-4 \">\n          \n\n<div id=\"block-120\" class=\"col wp-block-yellowtree-column col-12 col-lg-4 d-flex flex-column with-streched-height-children align-items-stretch align-items-lg-stretch\">\n  <article id=\"block-119\" type=\"button\" data-bs-theme=\"dark\" class=\"wp-block-yellowtree-profile-card card p-0 has-context-height\" style=\"--card-img-position:50% 50%\">\n      <div class=\"card-img-top-placeholder\"><\/div>\n    <div class=\"card-body\">\n    <p class=\"card-meta-tag\">\n      Leitung: Jasmin    <\/p>\n    <h3 class=\"card-title mt-1\">The Garden<\/h3>\n    <p class=\"card-text mt-1\">Als The Garden sind wir unterschiedlich und erg\u00e4nzen uns gegenseitig \u2013 mit Jesus als Fundament. Unsere Smallgroup ist ein Ort, an dem wir im Glauben wachsen wollen, in die Tiefe gehen und unser Leben miteinander teilen. Wir m\u00f6chten Gemeinschaft leben, lernen, uns selbst und andere mit Gottes Blick zu sehen und gemeinsam Jesus immer \u00e4hnlicher werden.<\/p>\n    <div class=\"card-buttons mt-1\">\n      <button type=\"button\" class=\"stretched-link btn btn-dark-1 btn-sm position-static\" aria-label=\"\u00d6ffne Popover \u00fcber The Garden\" aria-controls=\"profile-card-modal-block-119\" data-bs-toggle=\"modal\" data-bs-target=\"#profile-card-modal-block-119\">\n        <span>Mehr erfahren<\/span>\n        <i class=\"icon fs-base-const fa-arrow-right\"><\/i>\n      <\/button>\n    <\/div>\n  <\/div>\n<\/article>\n\n<div id=\"profile-card-modal-block-119\" tabindex=\"-1\" class=\"modal fade profile-card-modal\">\n  <div class=\"modal-dialog modal-dialog-centered\">\n    <div class=\"modal-content\" data-bs-theme=\"dark\">\n      <button type=\"button\" class=\"modal-close modal-close-end\" data-bs-dismiss=\"modal\" aria-label=\"Close\"><\/button>\n      <div class=\"modal-header\"><\/div>\n      <div class=\"modal-body overflow-y-auto text-body\">\n        <div class=\"row g-4\">\n          <div class=\"col-12 col-sm-5\">\n            <img decoding=\"async\" draggable=\"false\" loading=\"lazy\" src=\"\" alt=\"\" class=\"img-fluid rounded object-fit-cover\">            <div class=\"d-sm-block d-none\">\n              <ul id=\"block-117\" class=\"profile-card-links-list list-unstyled mt-2 mt-sm-4\">\n  <li id=\"block-116\" class=\"profile-card-link\">\n  <i class=\"icon icon--fixed-width fa-solid fa-link\" aria-hidden=\"true\"><\/i>\n  <a href=\"https:\/\/icf.church\/freiburg\/de\/smallgroup-anmeldung\/\" target=\"_blank\">Jetzt Anfragen<\/a>\n<\/li><\/ul>            <\/div>\n          <\/div>\n          <div class=\"col-12 col-sm-7\">\n            <h3 class=\"fs-h3-const mb-0 mt-3 mt-sm-0 title\">The Garden<\/h3>\n            <p class=\"fs-sm mt-1 responsibility\">Als The Garden sind wir unterschiedlich und erg\u00e4nzen uns gegenseitig \u2013 mit Jesus als Fundament. Unsere Smallgroup ist ein Ort, an dem wir im Glauben wachsen wollen, in die Tiefe gehen und unser Leben miteinander teilen. Wir m\u00f6chten Gemeinschaft leben, lernen, uns selbst und andere mit Gottes Blick zu sehen und gemeinsam Jesus immer \u00e4hnlicher werden.<\/p>\n            <p class=\"fs-sm mt-4 biography\">Wann: mittwochs | w\u00f6chentlich | 19:00 Uhr<br>Wo: Freiburg<br>Wer: Frauen | 20er<\/p>\n          <\/div>\n          <div class=\"col-12 d-sm-none\">\n            <ul id=\"block-117\" class=\"profile-card-links-list list-unstyled mt-2 mt-sm-4\">\n  <li id=\"block-116\" class=\"profile-card-link\">\n  <i class=\"icon icon--fixed-width fa-solid fa-link\" aria-hidden=\"true\"><\/i>\n  <a href=\"https:\/\/icf.church\/freiburg\/de\/smallgroup-anmeldung\/\" target=\"_blank\">Jetzt Anfragen<\/a>\n<\/li><\/ul>          <\/div>\n        <\/div>\n      <\/div>\n      <div class=\"modal-footer\"><\/div>\n    <\/div>\n  <\/div>\n<\/div><\/div>\n\n\n<div id=\"block-121\" class=\"col wp-block-yellowtree-column col-12 col-lg-4 d-flex flex-column with-streched-height-children align-items-stretch align-items-lg-stretch\">\n  <\/div>\n\n\n<div id=\"block-122\" class=\"col wp-block-yellowtree-column col-12 col-lg-4 d-flex flex-column with-streched-height-children align-items-stretch align-items-lg-stretch\">\n  <\/div>\n        <\/div>\n          <\/div>\n<\/div>\n\n<div id=\"block-129\" class=\"pt-2 pb-2 alignfull is-layout-constrained\">\n  <div>\n            <div class=\"row gx-4 gy-4 \">\n          \n\n<div id=\"block-128\" class=\"col wp-block-yellowtree-column col-12 d-flex flex-column with-streched-height-children align-items-stretch align-items-md-stretch\">\n  <h2 id=\"block-124\" class=\"mt-7 mb-2 h2 text-start\">\n  Du m\u00f6chtest Teil einer Smallgroup werden?<\/h2>\n\n<p id=\"block-125\" class=\"text-start wp-block-paragraph\">\n  Dann f\u00fcll dieses Formular aus:<\/p>\n\n<div id=\"block-127\" class=\"pt-2 pb-2 alignfull is-layout-constrained\">\n  <div>\n            <div class=\"row gx-4 gy-4 \">\n          \n\n<div id=\"block-126\" class=\"col wp-block-yellowtree-column col-12 d-flex flex-column with-streched-height-children align-items-stretch align-items-md-stretch\">\n  <script nonce=\"QpFJtqFq7GetnhYWZE0J3RODUBw\">\nvar gform;gform||(document.addEventListener(\"gform_main_scripts_loaded\",function(){gform.scriptsLoaded=!0}),document.addEventListener(\"gform\/theme\/scripts_loaded\",function(){gform.themeScriptsLoaded=!0}),window.addEventListener(\"DOMContentLoaded\",function(){gform.domLoaded=!0}),gform={domLoaded:!1,scriptsLoaded:!1,themeScriptsLoaded:!1,isFormEditor:()=>\"function\"==typeof InitializeEditor,callIfLoaded:function(o){return!(!gform.domLoaded||!gform.scriptsLoaded||!gform.themeScriptsLoaded&&!gform.isFormEditor()||(gform.isFormEditor()&&console.warn(\"The use of gform.initializeOnLoaded() is deprecated in the form editor context and will be removed in Gravity Forms 3.1.\"),o(),0))},initializeOnLoaded:function(o){gform.callIfLoaded(o)||(document.addEventListener(\"gform_main_scripts_loaded\",()=>{gform.scriptsLoaded=!0,gform.callIfLoaded(o)}),document.addEventListener(\"gform\/theme\/scripts_loaded\",()=>{gform.themeScriptsLoaded=!0,gform.callIfLoaded(o)}),window.addEventListener(\"DOMContentLoaded\",()=>{gform.domLoaded=!0,gform.callIfLoaded(o)}))},hooks:{action:{},filter:{}},addAction:function(o,r,e,t){gform.addHook(\"action\",o,r,e,t)},addFilter:function(o,r,e,t){gform.addHook(\"filter\",o,r,e,t)},doAction:function(o){gform.doHook(\"action\",o,arguments)},applyFilters:function(o){return gform.doHook(\"filter\",o,arguments)},removeAction:function(o,r){gform.removeHook(\"action\",o,r)},removeFilter:function(o,r,e){gform.removeHook(\"filter\",o,r,e)},addHook:function(o,r,e,t,n){null==gform.hooks[o][r]&&(gform.hooks[o][r]=[]);var d=gform.hooks[o][r];null==n&&(n=r+\"_\"+d.length),gform.hooks[o][r].push({tag:n,callable:e,priority:t=null==t?10:t})},doHook:function(r,o,e){var t;if(e=Array.prototype.slice.call(e,1),null!=gform.hooks[r][o]&&((o=gform.hooks[r][o]).sort(function(o,r){return o.priority-r.priority}),o.forEach(function(o){\"function\"!=typeof(t=o.callable)&&(t=window[t]),\"action\"==r?t.apply(null,e):e[0]=t.apply(null,e)})),\"filter\"==r)return e[0]},removeHook:function(o,r,t,n){var e;null!=gform.hooks[o][r]&&(e=(e=gform.hooks[o][r]).filter(function(o,r,e){return!!(null!=n&&n!=o.tag||null!=t&&t!=o.priority)}),gform.hooks[o][r]=e)}});\n<\/script>\n\n                <div class=\"gf_browser_gecko gform_wrapper gform-theme gform-theme--foundation gform-theme--framework gform-theme--orbital\" data-form-theme=\"orbital\" data-form-index=\"0\" id=\"gform_wrapper_2\"><style>#gform_wrapper_2[data-form-index=\"0\"].gform-theme{&shy;gf-color-primary: #204ce5;&shy;gf-color-primary-rgb: 32, 76, 229;&shy;gf-color-primary-contrast: #fff;&shy;gf-color-primary-contrast-rgb: 255, 255, 255;&shy;gf-color-primary-darker: #001AB3;&shy;gf-color-primary-lighter: #527EFF;&shy;gf-color-secondary: #fff;&shy;gf-color-secondary-rgb: 255, 255, 255;&shy;gf-color-secondary-contrast: #112337;&shy;gf-color-secondary-contrast-rgb: 17, 35, 55;&shy;gf-color-secondary-darker: #F5F5F5;&shy;gf-color-secondary-lighter: #FFFFFF;&shy;gf-color-out-ctrl-light: rgba(17, 35, 55, 0.1);&shy;gf-color-out-ctrl-light-rgb: 17, 35, 55;&shy;gf-color-out-ctrl-light-darker: rgba(104, 110, 119, 0.35);&shy;gf-color-out-ctrl-light-lighter: #F5F5F5;&shy;gf-color-out-ctrl-dark: #585e6a;&shy;gf-color-out-ctrl-dark-rgb: 88, 94, 106;&shy;gf-color-out-ctrl-dark-darker: #112337;&shy;gf-color-out-ctrl-dark-lighter: rgba(17, 35, 55, 0.65);&shy;gf-color-in-ctrl: #fff;&shy;gf-color-in-ctrl-rgb: 255, 255, 255;&shy;gf-color-in-ctrl-contrast: #112337;&shy;gf-color-in-ctrl-contrast-rgb: 17, 35, 55;&shy;gf-color-in-ctrl-darker: #F5F5F5;&shy;gf-color-in-ctrl-lighter: #FFFFFF;&shy;gf-color-in-ctrl-primary: #204ce5;&shy;gf-color-in-ctrl-primary-rgb: 32, 76, 229;&shy;gf-color-in-ctrl-primary-contrast: #fff;&shy;gf-color-in-ctrl-primary-contrast-rgb: 255, 255, 255;&shy;gf-color-in-ctrl-primary-darker: #001AB3;&shy;gf-color-in-ctrl-primary-lighter: #527EFF;&shy;gf-color-in-ctrl-light: rgba(17, 35, 55, 0.1);&shy;gf-color-in-ctrl-light-rgb: 17, 35, 55;&shy;gf-color-in-ctrl-light-darker: rgba(104, 110, 119, 0.35);&shy;gf-color-in-ctrl-light-lighter: #F5F5F5;&shy;gf-color-in-ctrl-dark: #585e6a;&shy;gf-color-in-ctrl-dark-rgb: 88, 94, 106;&shy;gf-color-in-ctrl-dark-darker: #112337;&shy;gf-color-in-ctrl-dark-lighter: rgba(17, 35, 55, 0.65);&shy;gf-radius: 3px;&shy;gf-font-size-secondary: 14px;&shy;gf-font-size-tertiary: 13px;&shy;gf-icon-ctrl-number: url(\"data:image\/svg+xml,%3Csvg width='8' height='14' viewBox='0 0 8 14' fill='none' xmlns='http:\/\/www.w3.org\/2000\/svg'%3E%3Cpath fill-rule='evenodd' clip-rule='evenodd' d='M4 0C4.26522 5.96046e-08 4.51957 0.105357 4.70711 0.292893L7.70711 3.29289C8.09763 3.68342 8.09763 4.31658 7.70711 4.70711C7.31658 5.09763 6.68342 5.09763 6.29289 4.70711L4 2.41421L1.70711 4.70711C1.31658 5.09763 0.683417 5.09763 0.292893 4.70711C-0.0976311 4.31658 -0.097631 3.68342 0.292893 3.29289L3.29289 0.292893C3.48043 0.105357 3.73478 0 4 0ZM0.292893 9.29289C0.683417 8.90237 1.31658 8.90237 1.70711 9.29289L4 11.5858L6.29289 9.29289C6.68342 8.90237 7.31658 8.90237 7.70711 9.29289C8.09763 9.68342 8.09763 10.3166 7.70711 10.7071L4.70711 13.7071C4.31658 14.0976 3.68342 14.0976 3.29289 13.7071L0.292893 10.7071C-0.0976311 10.3166 -0.0976311 9.68342 0.292893 9.29289Z' fill='rgba(17, 35, 55, 0.65)'\/%3E%3C\/svg%3E\");&shy;gf-icon-ctrl-select: url(\"data:image\/svg+xml,%3Csvg width='10' height='6' viewBox='0 0 10 6' fill='none' xmlns='http:\/\/www.w3.org\/2000\/svg'%3E%3Cpath fill-rule='evenodd' clip-rule='evenodd' d='M0.292893 0.292893C0.683417 -0.097631 1.31658 -0.097631 1.70711 0.292893L5 3.58579L8.29289 0.292893C8.68342 -0.0976311 9.31658 -0.0976311 9.70711 0.292893C10.0976 0.683417 10.0976 1.31658 9.70711 1.70711L5.70711 5.70711C5.31658 6.09763 4.68342 6.09763 4.29289 5.70711L0.292893 1.70711C-0.0976311 1.31658 -0.0976311 0.683418 0.292893 0.292893Z' fill='rgba(17, 35, 55, 0.65)'\/%3E%3C\/svg%3E\");&shy;gf-icon-ctrl-search: url(\"data:image\/svg+xml,%3Csvg width='640' height='640' xmlns='http:\/\/www.w3.org\/2000\/svg'%3E%3Cpath d='M256 128c-70.692 0-128 57.308-128 128 0 70.691 57.308 128 128 128 70.691 0 128-57.309 128-128 0-70.692-57.309-128-128-128zM64 256c0-106.039 85.961-192 192-192s192 85.961 192 192c0 41.466-13.146 79.863-35.498 111.248l154.125 154.125c12.496 12.496 12.496 32.758 0 45.254s-32.758 12.496-45.254 0L367.248 412.502C335.862 434.854 297.467 448 256 448c-106.039 0-192-85.962-192-192z' fill='rgba(17, 35, 55, 0.65)'\/%3E%3C\/svg%3E\");&shy;gf-label-space-y-secondary: var(&shy;gf-label-space-y-md-secondary);&shy;gf-ctrl-border-color: #686e77;&shy;gf-ctrl-size: var(&shy;gf-ctrl-size-md);&shy;gf-ctrl-label-color-primary: #112337;&shy;gf-ctrl-label-color-secondary: #112337;&shy;gf-ctrl-choice-size: var(&shy;gf-ctrl-choice-size-md);&shy;gf-ctrl-checkbox-check-size: var(&shy;gf-ctrl-checkbox-check-size-md);&shy;gf-ctrl-radio-check-size: var(&shy;gf-ctrl-radio-check-size-md);&shy;gf-ctrl-btn-font-size: var(&shy;gf-ctrl-btn-font-size-md);&shy;gf-ctrl-btn-padding-x: var(&shy;gf-ctrl-btn-padding-x-md);&shy;gf-ctrl-btn-size: var(&shy;gf-ctrl-btn-size-md);&shy;gf-ctrl-btn-border-color-secondary: #686e77;&shy;gf-ctrl-btn-bg-color-hover-tertiary: #EBEBEB;&shy;gf-field-img-choice-size: var(&shy;gf-field-img-choice-size-md);&shy;gf-field-img-choice-card-space: var(&shy;gf-field-img-choice-card-space-md);&shy;gf-field-img-choice-check-ind-size: var(&shy;gf-field-img-choice-check-ind-size-md);&shy;gf-field-img-choice-check-ind-icon-size: var(&shy;gf-field-img-choice-check-ind-icon-size-md);&shy;gf-field-pg-steps-number-color: rgba(17, 35, 55, 0.8);}<\/style>\n                        <div class=\"gform_heading\">\n                            <h2 class=\"gform_title\">Smallgroup Anmeldung Freiburg<\/h2>\n                            <p class=\"gform_description\"><\/p>\n                        <\/div><form method=\"post\" enctype=\"multipart\/form-data\" id=\"gform_2\" action=\"\/freiburg\/de\/wp-json\/wp\/v2\/pages\/615\" data-formid=\"2\" novalidate>\n                        <div class=\"gform-body gform_body\"><div id=\"gform_fields_2\" class=\"gform_fields top_label form_sublabel_below description_below validation_below\"><fieldset id=\"field_2_9\" class=\"gfield gfield--type-name gfield--input-type-name gfield_contains_required field_sublabel_below gfield--no-description field_description_below field_validation_below gfield_visibility_visible\"><legend class=\"gfield_label gform-field-label gfield_label_before_complex\"><span class=\"gform-field-label__text\">Name<\/span><span class=\"gfield_required\"><span class=\"gfield_required gfield_required_text\">(erforderlich)<\/span><\/span><\/legend><div class=\"ginput_complex ginput_container ginput_container--name no_prefix has_first_name no_middle_name has_last_name no_suffix gf_name_has_2 ginput_container_name gform-grid-row\" id=\"input_2_9\">\n                            <span id=\"input_2_9_3_container\" class=\"name_first gform-grid-col\">\n                                                    <input type=\"text\" name=\"input_9.3\" id=\"input_2_9_3\" value=\"\" aria-required=\"true\">\n                                                    <label for=\"input_2_9_3\" class=\"gform-field-label gform-field-label--type-sub \">Vorname<\/label>\n                                               <\/span>\n                            <span id=\"input_2_9_6_container\" class=\"name_last gform-grid-col\">\n                                                    <input type=\"text\" name=\"input_9.6\" id=\"input_2_9_6\" value=\"\" aria-required=\"true\">\n                                                    <label for=\"input_2_9_6\" class=\"gform-field-label gform-field-label--type-sub \">Nachname<\/label>\n                                                <\/span>\n                            <div class=\"gf_clear gf_clear_complex\"><\/div>\n                        <\/div><\/fieldset><div id=\"field_2_12\" class=\"gfield gfield--type-email gfield--input-type-email gf_left_half gfield--width-half gfield_contains_required field_sublabel_below gfield--no-description field_description_below field_validation_below gfield_visibility_visible gpev-field\" data-field-class=\"gpev-field\"><label class=\"gfield_label gform-field-label\" for=\"input_2_12\"><span class=\"gform-field-label__text\">E-Mail<\/span><span class=\"gfield_required\"><span class=\"gfield_required gfield_required_text\">(erforderlich)<\/span><\/span><\/label><div class=\"ginput_container ginput_container_email\">\n                            <input name=\"input_12\" id=\"input_2_12\" type=\"email\" value=\"\" class=\"medium\" aria-required=\"true\" aria-invalid=\"false\">\n                        <\/div><\/div><div id=\"field_2_34\" class=\"gfield gfield--type-text gfield--input-type-text gfield_contains_required field_sublabel_below gfield--no-description field_description_below field_validation_below gfield_visibility_visible\"><label class=\"gfield_label gform-field-label\" for=\"input_2_34\"><span class=\"gform-field-label__text\">Telefon<\/span><span class=\"gfield_required\"><span class=\"gfield_required gfield_required_text\">(erforderlich)<\/span><\/span><\/label><div class=\"ginput_container ginput_container_text\"><input name=\"input_34\" id=\"input_2_34\" type=\"text\" value=\"\" class=\"medium\" aria-required=\"true\" aria-invalid=\"false\"><\/div><\/div><fieldset id=\"field_2_31\" class=\"gfield gfield--type-date gfield--input-type-date gfield--input-type-datedropdown gfield_contains_required field_sublabel_below gfield--no-description field_description_below field_validation_below gfield_visibility_visible\"><legend class=\"gfield_label gform-field-label\"><span class=\"gform-field-label__text\">Geburtstag<\/span><span class=\"gfield_required\"><span class=\"gfield_required gfield_required_text\">(erforderlich)<\/span><\/span><\/legend><div id=\"input_2_31\" class=\"ginput_container ginput_complex gform-grid-row\"><div class=\"gfield_date_dropdown_day ginput_container ginput_container_date gform-grid-col\" id=\"input_2_31_2_container\"><label for=\"input_2_31_2\" class=\"gform-field-label gform-field-label--type-sub hidden_sub_label screen-reader-text\">Tag<\/label><select name=\"input_31[]\" id=\"input_2_31_2\" aria-required=\"true\"><option value=\"\">Tag<\/option><option value=\"1\">1<\/option><option value=\"2\">2<\/option><option value=\"3\">3<\/option><option value=\"4\">4<\/option><option value=\"5\">5<\/option><option value=\"6\">6<\/option><option value=\"7\">7<\/option><option value=\"8\">8<\/option><option value=\"9\">9<\/option><option value=\"10\">10<\/option><option value=\"11\">11<\/option><option value=\"12\">12<\/option><option value=\"13\">13<\/option><option value=\"14\">14<\/option><option value=\"15\">15<\/option><option value=\"16\">16<\/option><option value=\"17\">17<\/option><option value=\"18\">18<\/option><option value=\"19\">19<\/option><option value=\"20\">20<\/option><option value=\"21\">21<\/option><option value=\"22\">22<\/option><option value=\"23\">23<\/option><option value=\"24\">24<\/option><option value=\"25\">25<\/option><option value=\"26\">26<\/option><option value=\"27\">27<\/option><option value=\"28\">28<\/option><option value=\"29\">29<\/option><option value=\"30\">30<\/option><option value=\"31\">31<\/option><\/select><\/div><div class=\"gfield_date_dropdown_month ginput_container ginput_container_date gform-grid-col\" id=\"input_2_31_1_container\"><label for=\"input_2_31_1\" class=\"gform-field-label gform-field-label--type-sub hidden_sub_label screen-reader-text\">Monat<\/label><select name=\"input_31[]\" id=\"input_2_31_1\" aria-required=\"true\"><option value=\"\">Monat<\/option><option value=\"1\">1<\/option><option value=\"2\">2<\/option><option value=\"3\">3<\/option><option value=\"4\">4<\/option><option value=\"5\">5<\/option><option value=\"6\">6<\/option><option value=\"7\">7<\/option><option value=\"8\">8<\/option><option value=\"9\">9<\/option><option value=\"10\">10<\/option><option value=\"11\">11<\/option><option value=\"12\">12<\/option><\/select><\/div><div class=\"gfield_date_dropdown_year ginput_container ginput_container_date gform-grid-col\" id=\"input_2_31_3_container\"><label for=\"input_2_31_3\" class=\"gform-field-label gform-field-label--type-sub hidden_sub_label screen-reader-text\">Jahr<\/label><select name=\"input_31[]\" id=\"input_2_31_3\" aria-required=\"true\"><option value=\"\">Jahr<\/option><option value=\"2027\">2027<\/option><option value=\"2026\">2026<\/option><option value=\"2025\">2025<\/option><option value=\"2024\">2024<\/option><option value=\"2023\">2023<\/option><option value=\"2022\">2022<\/option><option value=\"2021\">2021<\/option><option value=\"2020\">2020<\/option><option value=\"2019\">2019<\/option><option value=\"2018\">2018<\/option><option value=\"2017\">2017<\/option><option value=\"2016\">2016<\/option><option value=\"2015\">2015<\/option><option value=\"2014\">2014<\/option><option value=\"2013\">2013<\/option><option value=\"2012\">2012<\/option><option value=\"2011\">2011<\/option><option value=\"2010\">2010<\/option><option value=\"2009\">2009<\/option><option value=\"2008\">2008<\/option><option value=\"2007\">2007<\/option><option value=\"2006\">2006<\/option><option value=\"2005\">2005<\/option><option value=\"2004\">2004<\/option><option value=\"2003\">2003<\/option><option value=\"2002\">2002<\/option><option value=\"2001\">2001<\/option><option value=\"2000\">2000<\/option><option value=\"1999\">1999<\/option><option value=\"1998\">1998<\/option><option value=\"1997\">1997<\/option><option value=\"1996\">1996<\/option><option value=\"1995\">1995<\/option><option value=\"1994\">1994<\/option><option value=\"1993\">1993<\/option><option value=\"1992\">1992<\/option><option value=\"1991\">1991<\/option><option value=\"1990\">1990<\/option><option value=\"1989\">1989<\/option><option value=\"1988\">1988<\/option><option value=\"1987\">1987<\/option><option value=\"1986\">1986<\/option><option value=\"1985\">1985<\/option><option value=\"1984\">1984<\/option><option value=\"1983\">1983<\/option><option value=\"1982\">1982<\/option><option value=\"1981\">1981<\/option><option value=\"1980\">1980<\/option><option value=\"1979\">1979<\/option><option value=\"1978\">1978<\/option><option value=\"1977\">1977<\/option><option value=\"1976\">1976<\/option><option value=\"1975\">1975<\/option><option value=\"1974\">1974<\/option><option value=\"1973\">1973<\/option><option value=\"1972\">1972<\/option><option value=\"1971\">1971<\/option><option value=\"1970\">1970<\/option><option value=\"1969\">1969<\/option><option value=\"1968\">1968<\/option><option value=\"1967\">1967<\/option><option value=\"1966\">1966<\/option><option value=\"1965\">1965<\/option><option value=\"1964\">1964<\/option><option value=\"1963\">1963<\/option><option value=\"1962\">1962<\/option><option value=\"1961\">1961<\/option><option value=\"1960\">1960<\/option><option value=\"1959\">1959<\/option><option value=\"1958\">1958<\/option><option value=\"1957\">1957<\/option><option value=\"1956\">1956<\/option><option value=\"1955\">1955<\/option><option value=\"1954\">1954<\/option><option value=\"1953\">1953<\/option><option value=\"1952\">1952<\/option><option value=\"1951\">1951<\/option><option value=\"1950\">1950<\/option><option value=\"1949\">1949<\/option><option value=\"1948\">1948<\/option><option value=\"1947\">1947<\/option><option value=\"1946\">1946<\/option><option value=\"1945\">1945<\/option><option value=\"1944\">1944<\/option><option value=\"1943\">1943<\/option><option value=\"1942\">1942<\/option><option value=\"1941\">1941<\/option><option value=\"1940\">1940<\/option><option value=\"1939\">1939<\/option><option value=\"1938\">1938<\/option><option value=\"1937\">1937<\/option><option value=\"1936\">1936<\/option><option value=\"1935\">1935<\/option><option value=\"1934\">1934<\/option><option value=\"1933\">1933<\/option><option value=\"1932\">1932<\/option><option value=\"1931\">1931<\/option><option value=\"1930\">1930<\/option><option value=\"1929\">1929<\/option><option value=\"1928\">1928<\/option><option value=\"1927\">1927<\/option><option value=\"1926\">1926<\/option><option value=\"1925\">1925<\/option><option value=\"1924\">1924<\/option><option value=\"1923\">1923<\/option><option value=\"1922\">1922<\/option><option value=\"1921\">1921<\/option><option value=\"1920\">1920<\/option><\/select><\/div><\/div><\/fieldset><div id=\"field_2_24\" class=\"gfield gfield--type-text gfield--input-type-text field_sublabel_below gfield--no-description field_description_below field_validation_below gfield_visibility_visible\"><label class=\"gfield_label gform-field-label\" for=\"input_2_24\"><span class=\"gform-field-label__text\">Wohnort<\/span><\/label><div class=\"ginput_container ginput_container_text\"><input name=\"input_24\" id=\"input_2_24\" type=\"text\" value=\"\" class=\"medium\" aria-invalid=\"false\"><\/div><\/div><div id=\"field_2_38\" class=\"gfield gfield--type-select gfield--input-type-select gfield_contains_required field_sublabel_below gfield--no-description field_description_below field_validation_below gfield_visibility_visible\"><label class=\"gfield_label gform-field-label\" for=\"input_2_38\"><span class=\"gform-field-label__text\">Ich bin Teil des ICF Freiburg oder m\u00f6chte einer werden<\/span><span class=\"gfield_required\"><span class=\"gfield_required gfield_required_text\">(erforderlich)<\/span><\/span><\/label><div class=\"ginput_container ginput_container_select\"><select name=\"input_38\" id=\"input_2_38\" class=\"medium gfield_select\" aria-required=\"true\" aria-invalid=\"false\"><option value=\"Ja\">Ja<\/option><option value=\"Nein\">Nein<\/option><\/select><\/div><\/div><fieldset id=\"field_2_39\" class=\"gfield gfield--type-radio gfield--type-choice gfield--input-type-radio gfield--width-full gfield_contains_required field_sublabel_below gfield--no-description field_description_below field_validation_below gfield_visibility_visible gfield--choice-align-vertical\"><legend class=\"gfield_label gform-field-label\"><span class=\"gform-field-label__text\">Anmelden f\u00fcr<\/span><span class=\"gfield_required\"><span class=\"gfield_required gfield_required_text\">(erforderlich)<\/span><\/span><\/legend><div class=\"ginput_container ginput_container_radio\"><div class=\"gfield_radio\" id=\"input_2_39\">\n\t\t\t<div class=\"gchoice gchoice_2_39_0\">\n\t\t\t\t\t<input class=\"gfield-choice-input\" name=\"input_39\" type=\"radio\" value=\"Meet &amp; Eat\" id=\"choice_2_39_0\" onchange=\"gformToggleRadioOther( this )\">\n\t\t\t\t\t<label for=\"choice_2_39_0\" id=\"label_2_39_0\" class=\"gform-field-label gform-field-label--type-inline\">Meet &amp; Eat<\/label>\n\t\t\t<\/div>\n\t\t\t<div class=\"gchoice gchoice_2_39_1\">\n\t\t\t\t\t<input class=\"gfield-choice-input\" name=\"input_39\" type=\"radio\" value=\"Technik SG\" id=\"choice_2_39_1\" onchange=\"gformToggleRadioOther( this )\">\n\t\t\t\t\t<label for=\"choice_2_39_1\" id=\"label_2_39_1\" class=\"gform-field-label gform-field-label--type-inline\">Technik SG<\/label>\n\t\t\t<\/div>\n\t\t\t<div class=\"gchoice gchoice_2_39_2\">\n\t\t\t\t\t<input class=\"gfield-choice-input\" name=\"input_39\" type=\"radio\" value=\"Fightclub\" id=\"choice_2_39_2\" onchange=\"gformToggleRadioOther( this )\">\n\t\t\t\t\t<label for=\"choice_2_39_2\" id=\"label_2_39_2\" class=\"gform-field-label gform-field-label--type-inline\">Fightclub<\/label>\n\t\t\t<\/div>\n\t\t\t<div class=\"gchoice gchoice_2_39_3\">\n\t\t\t\t\t<input class=\"gfield-choice-input\" name=\"input_39\" type=\"radio\" value=\"Seek &amp; Find\" id=\"choice_2_39_3\" onchange=\"gformToggleRadioOther( this )\">\n\t\t\t\t\t<label for=\"choice_2_39_3\" id=\"label_2_39_3\" class=\"gform-field-label gform-field-label--type-inline\">Seek &amp; Find<\/label>\n\t\t\t<\/div>\n\t\t\t<div class=\"gchoice gchoice_2_39_4\">\n\t\t\t\t\t<input class=\"gfield-choice-input\" name=\"input_39\" type=\"radio\" value=\"Gamechanger\" id=\"choice_2_39_4\" onchange=\"gformToggleRadioOther( this )\">\n\t\t\t\t\t<label for=\"choice_2_39_4\" id=\"label_2_39_4\" class=\"gform-field-label gform-field-label--type-inline\">Gamechanger<\/label>\n\t\t\t<\/div>\n\t\t\t<div class=\"gchoice gchoice_2_39_5\">\n\t\t\t\t\t<input class=\"gfield-choice-input\" name=\"input_39\" type=\"radio\" value=\"Kingdom Couples\" id=\"choice_2_39_5\" onchange=\"gformToggleRadioOther( this )\">\n\t\t\t\t\t<label for=\"choice_2_39_5\" id=\"label_2_39_5\" class=\"gform-field-label gform-field-label--type-inline\">Kingdom Couples<\/label>\n\t\t\t<\/div>\n\t\t\t<div class=\"gchoice gchoice_2_39_6\">\n\t\t\t\t\t<input class=\"gfield-choice-input\" name=\"input_39\" type=\"radio\" value=\"Die Jungs\" id=\"choice_2_39_6\" onchange=\"gformToggleRadioOther( this )\">\n\t\t\t\t\t<label for=\"choice_2_39_6\" id=\"label_2_39_6\" class=\"gform-field-label gform-field-label--type-inline\">Die Jungs<\/label>\n\t\t\t<\/div>\n\t\t\t<div class=\"gchoice gchoice_2_39_7\">\n\t\t\t\t\t<input class=\"gfield-choice-input\" name=\"input_39\" type=\"radio\" value=\"Crossgym\" id=\"choice_2_39_7\" onchange=\"gformToggleRadioOther( this )\">\n\t\t\t\t\t<label for=\"choice_2_39_7\" id=\"label_2_39_7\" class=\"gform-field-label gform-field-label--type-inline\">Crossgym<\/label>\n\t\t\t<\/div>\n\t\t\t<div class=\"gchoice gchoice_2_39_8\">\n\t\t\t\t\t<input class=\"gfield-choice-input\" name=\"input_39\" type=\"radio\" value=\"The English One\" id=\"choice_2_39_8\" onchange=\"gformToggleRadioOther( this )\">\n\t\t\t\t\t<label for=\"choice_2_39_8\" id=\"label_2_39_8\" class=\"gform-field-label gform-field-label--type-inline\">The English One<\/label>\n\t\t\t<\/div>\n\t\t\t<div class=\"gchoice gchoice_2_39_9\">\n\t\t\t\t\t<input class=\"gfield-choice-input\" name=\"input_39\" type=\"radio\" value=\"Brennende Herzen\" id=\"choice_2_39_9\" onchange=\"gformToggleRadioOther( this )\">\n\t\t\t\t\t<label for=\"choice_2_39_9\" id=\"label_2_39_9\" class=\"gform-field-label gform-field-label--type-inline\">Brennende Herzen<\/label>\n\t\t\t<\/div>\n\t\t\t<div class=\"gchoice gchoice_2_39_10\">\n\t\t\t\t\t<input class=\"gfield-choice-input\" name=\"input_39\" type=\"radio\" value=\"Dinner mit Jesus\" id=\"choice_2_39_10\" onchange=\"gformToggleRadioOther( this )\">\n\t\t\t\t\t<label for=\"choice_2_39_10\" id=\"label_2_39_10\" class=\"gform-field-label gform-field-label--type-inline\">Dinner mit Jesus<\/label>\n\t\t\t<\/div>\n\t\t\t<div class=\"gchoice gchoice_2_39_11\">\n\t\t\t\t\t<input class=\"gfield-choice-input\" name=\"input_39\" type=\"radio\" value=\"Ehewir&#039;svergessen\" id=\"choice_2_39_11\" onchange=\"gformToggleRadioOther( this )\">\n\t\t\t\t\t<label for=\"choice_2_39_11\" id=\"label_2_39_11\" class=\"gform-field-label gform-field-label--type-inline\">Ehewir&#8217;svergessen<\/label>\n\t\t\t<\/div>\n\t\t\t<div class=\"gchoice gchoice_2_39_12\">\n\t\t\t\t\t<input class=\"gfield-choice-input\" name=\"input_39\" type=\"radio\" value=\"Glaube &amp; Gnade\" id=\"choice_2_39_12\" onchange=\"gformToggleRadioOther( this )\">\n\t\t\t\t\t<label for=\"choice_2_39_12\" id=\"label_2_39_12\" class=\"gform-field-label gform-field-label--type-inline\">Glaube &amp; Gnade<\/label>\n\t\t\t<\/div>\n\t\t\t<div class=\"gchoice gchoice_2_39_13\">\n\t\t\t\t\t<input class=\"gfield-choice-input\" name=\"input_39\" type=\"radio\" value=\"Palabra alimenta\" id=\"choice_2_39_13\" onchange=\"gformToggleRadioOther( this )\">\n\t\t\t\t\t<label for=\"choice_2_39_13\" id=\"label_2_39_13\" class=\"gform-field-label gform-field-label--type-inline\">Palabra alimenta<\/label>\n\t\t\t<\/div>\n\t\t\t<div class=\"gchoice gchoice_2_39_14\">\n\t\t\t\t\t<input class=\"gfield-choice-input\" name=\"input_39\" type=\"radio\" value=\"Rooted in Christ\" id=\"choice_2_39_14\" onchange=\"gformToggleRadioOther( this )\">\n\t\t\t\t\t<label for=\"choice_2_39_14\" id=\"label_2_39_14\" class=\"gform-field-label gform-field-label--type-inline\">Rooted in Christ<\/label>\n\t\t\t<\/div>\n\t\t\t<div class=\"gchoice gchoice_2_39_15\">\n\t\t\t\t\t<input class=\"gfield-choice-input\" name=\"input_39\" type=\"radio\" value=\"Mom&#039;s Community\" id=\"choice_2_39_15\" onchange=\"gformToggleRadioOther( this )\">\n\t\t\t\t\t<label for=\"choice_2_39_15\" id=\"label_2_39_15\" class=\"gform-field-label gform-field-label--type-inline\">Mom&#8217;s Community<\/label>\n\t\t\t<\/div>\n\t\t\t<div class=\"gchoice gchoice_2_39_16\">\n\t\t\t\t\t<input class=\"gfield-choice-input\" name=\"input_39\" type=\"radio\" value=\"Dreisamh\u00e4ltbesser\" id=\"choice_2_39_16\" onchange=\"gformToggleRadioOther( this )\">\n\t\t\t\t\t<label for=\"choice_2_39_16\" id=\"label_2_39_16\" class=\"gform-field-label gform-field-label--type-inline\">Dreisamh\u00e4ltbesser<\/label>\n\t\t\t<\/div>\n\t\t\t<div class=\"gchoice gchoice_2_39_17\">\n\t\t\t\t\t<input class=\"gfield-choice-input\" name=\"input_39\" type=\"radio\" value=\"Freundschaft\" id=\"choice_2_39_17\" onchange=\"gformToggleRadioOther( this )\">\n\t\t\t\t\t<label for=\"choice_2_39_17\" id=\"label_2_39_17\" class=\"gform-field-label gform-field-label--type-inline\">Freundschaft<\/label>\n\t\t\t<\/div>\n\t\t\t<div class=\"gchoice gchoice_2_39_18\">\n\t\t\t\t\t<input class=\"gfield-choice-input\" name=\"input_39\" type=\"radio\" value=\"Propheten Smalli\" id=\"choice_2_39_18\" onchange=\"gformToggleRadioOther( this )\">\n\t\t\t\t\t<label for=\"choice_2_39_18\" id=\"label_2_39_18\" class=\"gform-field-label gform-field-label--type-inline\">Propheten Smalli<\/label>\n\t\t\t<\/div>\n\t\t\t<div class=\"gchoice gchoice_2_39_19\">\n\t\t\t\t\t<input class=\"gfield-choice-input\" name=\"input_39\" type=\"radio\" value=\"\u00dcberschall M\u00e4nner\" id=\"choice_2_39_19\" onchange=\"gformToggleRadioOther( this )\">\n\t\t\t\t\t<label for=\"choice_2_39_19\" id=\"label_2_39_19\" class=\"gform-field-label gform-field-label--type-inline\">\u00dcberschall M\u00e4nner<\/label>\n\t\t\t<\/div>\n\t\t\t<div class=\"gchoice gchoice_2_39_20\">\n\t\t\t\t\t<input class=\"gfield-choice-input\" name=\"input_39\" type=\"radio\" value=\"Philia\" id=\"choice_2_39_20\" onchange=\"gformToggleRadioOther( this )\">\n\t\t\t\t\t<label for=\"choice_2_39_20\" id=\"label_2_39_20\" class=\"gform-field-label gform-field-label--type-inline\">Philia<\/label>\n\t\t\t<\/div>\n\t\t\t<div class=\"gchoice gchoice_2_39_21\">\n\t\t\t\t\t<input class=\"gfield-choice-input\" name=\"input_39\" type=\"radio\" value=\"The Garden\" id=\"choice_2_39_21\" onchange=\"gformToggleRadioOther( this )\">\n\t\t\t\t\t<label for=\"choice_2_39_21\" id=\"label_2_39_21\" class=\"gform-field-label gform-field-label--type-inline\">The Garden<\/label>\n\t\t\t<\/div><\/div><\/div><\/fieldset><div id=\"field_2_21\" class=\"gfield gfield--type-textarea gfield--input-type-textarea field_sublabel_below gfield--no-description field_description_below field_validation_below gfield_visibility_visible\"><label class=\"gfield_label gform-field-label\" for=\"input_2_21\"><span class=\"gform-field-label__text\">Bemerkungen<\/span><\/label><div class=\"ginput_container ginput_container_textarea\"><textarea name=\"input_21\" id=\"input_2_21\" class=\"textarea medium\" aria-invalid=\"false\" rows=\"10\" cols=\"50\"><\/textarea><\/div><\/div><fieldset id=\"field_2_32\" class=\"gfield gfield--type-checkbox gfield--type-choice gfield--input-type-checkbox gfield_contains_required field_sublabel_below gfield--has-description field_description_below field_validation_below gfield_visibility_visible gfield--choice-align-vertical\"><legend class=\"gfield_label gform-field-label gfield_label_before_complex\"><span class=\"gform-field-label__text\">Akzeptierst du unsere Datenschutzrichtlinien:<\/span><span class=\"gfield_required\"><span class=\"gfield_required gfield_required_text\">(erforderlich)<\/span><\/span><\/legend><div class=\"ginput_container ginput_container_checkbox\"><div class=\"gfield_checkbox \" id=\"input_2_32\"><div class=\"gchoice gchoice_2_32_1\">\n\t\t\t\t\t\t\t\t<input class=\"gfield-choice-input\" name=\"input_32.1\" type=\"checkbox\" value=\"Ja, ich bin einverstanden.\" id=\"choice_2_32_1\" aria-describedby=\"gfield_description_2_32\">\n\t\t\t\t\t\t\t\t<label for=\"choice_2_32_1\" id=\"label_2_32_1\" class=\"gform-field-label gform-field-label--type-inline\">Ja, ich bin einverstanden.<\/label>\n\t\t\t\t\t\t\t<\/div><\/div><\/div><div class=\"gfield_description\" id=\"gfield_description_2_32\"><a href=\"https:\/\/new.icf.church\/freiburg\/de\/datenschutz\/\" target=\"_blank\">Zu den Datenschutzrichtlinien<\/a><\/div><\/fieldset><\/div><\/div>\n        <div class=\"gform-footer gform_footer top_label\"> <button type=\"submit\" id=\"gform_submit_button_2\" class=\"gform_button button\" onclick=\"gform.submission.handleButtonClick(this);\" data-submission-type=\"submit\">Absenden<\/button> \n            <input type=\"hidden\" class=\"gform_hidden\" name=\"gform_submission_method\" data-js=\"gform_submission_method_2\" value=\"postback\">\n            <input type=\"hidden\" class=\"gform_hidden\" name=\"gform_theme\" data-js=\"gform_theme_2\" id=\"gform_theme_2\" value=\"orbital\">\n            <input type=\"hidden\" class=\"gform_hidden\" name=\"gform_style_settings\" data-js=\"gform_style_settings_2\" id=\"gform_style_settings_2\" value=\"{&quot;inputPrimaryColor&quot;:&quot;#204ce5&quot;}\">\n            <input type=\"hidden\" class=\"gform_hidden\" name=\"is_submit_2\" value=\"1\">\n            <input type=\"hidden\" class=\"gform_hidden\" name=\"gform_submit\" value=\"2\">\n            \n            <input type=\"hidden\" class=\"gform_hidden\" name=\"gform_currency\" data-currency=\"EUR\" value=\"AtoWfonCUpXFh5kmjsIpt22VZWNJUAt5nFIE0wZG1zhbHvrigFlCfULE3uwuf8nqoWU9Y6Tx9SvZwW+OzgGDqmVl+yOKFtm0kUGqCvaxXYyvCbs=\">\n            <input type=\"hidden\" class=\"gform_hidden\" name=\"gform_unique_id\" value=\"\">\n            <input type=\"hidden\" class=\"gform_hidden\" name=\"state_2\" value=\"WyJ7XCIzOVwiOltcIjI5YjBhOTEzZGJkMTZhNWQ1YzU1NjJiNjYzZWIxMDk4XCIsXCIwMmE5MTVmN2QzYmEzYmQ1ZWVkNWQ4Y2RlZWYxMWIwYlwiLFwiY2E3MThiMjE1YzVmNzdlZmIwZjdmMGQ4ZWU1MDEzZmRcIixcIjcxMTc2MWI4MjBlYzExYzNhOTYzNjc1ZTU3OWVkMjliXCIsXCI2NTU5MmFhYmY3YmFiNDM2NmFlZDZlY2YzOGI4OGFjN1wiLFwiMTJhOGUzMzhhOGFhYmJlMzIxYTMwMjEzYzYzYjk2OGJcIixcImY4NWNmNjhiMTNjMWE0YzkzNWQxMjk4Yjk2OTY1MDZlXCIsXCJmMjFiMmRmYTI5NmJkODIwYjI0NWIxMDkyZTc0ZjI0ZlwiLFwiODM0ODc5NDM0NjkwYWJiZjhkY2MwMWY2NTYwZTI0MTBcIixcIjIwODJlYmNhMDRhNGIxM2U0ODEyMTdhNjNmMGI4OWQ3XCIsXCIzZTgyNzgxNTE5NDgwNDE4N2M3ZDU1NjE3NDFlYWUxNVwiLFwiMWVjODI4OTU2ZjQ3YThiNGNjNzMzNWFkYjU3ZTFhODFcIixcIjhhMmY1Zjk5ZjBhMWEyMzBkNGNjMWJkNTEyNmMxMDVjXCIsXCJkYmJlYWI0ZjEyY2JlZjk0NzUyN2JiY2MxMDBiZDAxNlwiLFwiMGExMzUxYzdhMjdjY2FmZDdmOTA0ZGFhMWJjZTM5NjFcIixcIjc5M2NhNTdlZjEyYmJlN2UyYmEyNmJhMDg4NWU5MTk4XCIsXCJlM2JkNzg5YjA0YTBhODMwNWQxYjI2ZmRlNDVkMDMyMFwiLFwiMjliZWQxY2IzYmFjZTI1M2RmMmE4NDhkZTRkYzMzZjFcIixcImJlMTA1Nzk0M2NhZDI3NTU2OWQ4YjdlMTAzMjRhYmM3XCIsXCJkZTViYzRhNTk1OTQ4OGNlMTAzOGQzOGUzMzQzNGFjY1wiLFwiNzJmYzgyZTlkNWExMjdhNzRlMzJkMTMxMjhlMGM5ODBcIixcImEyMzA4NDA4MmFlYzhiYjA1M2U1NTQ3NThlNmZiYTViXCJdLFwiZ2Zvcm1fc3VibWlzc2lvbl9tZXRob2RcIjpbXCJlMmVlYmI3ZGZhNTk2MTQ0YWU1YzQ0YzM2ZDlmYTM0MFwiLFwiZjUwZmVkZmRjOWY1MGU2MGJlOTUxODE0OGQxZjIxZGFcIl0sXCJnZm9ybV90aGVtZVwiOlwiNWI4YThkMTBiMDBiNzM4Mjc1YTM3M2I5MjdkZDYxOWVcIixcImdmb3JtX3N0eWxlX3NldHRpbmdzXCI6XCI0ZWQ3NTA0MmE2MjBiNGRhNDIyMDExODYxNDMyOWVkZVwiLFwiZm9ybV9pZFwiOlwiMDlmYjQ4MjYyNzQ4ZDI4MzI5NDk4ZTljMGMwMmIxOGFcIixcInVybFwiOlwiZGQ3YTk1NTYwYTQ5MzIxNGZmZjk1NjQ3MTNlODJhYmRcIixcInN0YXRlX3RpbWVzdGFtcFwiOlwiNGVhNTcxN2ZjYWJlYWNhZjU3NjM4NzBjNDRhMjNhN2JcIn0iLCI5Yzc2ZTg4N2VjMjkzZThiNDdiZmQ5ZWE0ZjFiNWE3NyIsMTc4ODIxMjg2M10=\">\n            <input type=\"hidden\" autocomplete=\"off\" class=\"gform_hidden\" name=\"gform_target_page_number_2\" id=\"gform_target_page_number_2\" value=\"0\">\n            <input type=\"hidden\" autocomplete=\"off\" class=\"gform_hidden\" name=\"gform_source_page_number_2\" id=\"gform_source_page_number_2\" value=\"1\">\n            <input type=\"hidden\" name=\"gform_field_values\" value=\"\">\n            \n        <\/div>\n                        <\/form>\n                        <\/div><\/div>\n        <\/div>\n          <\/div>\n<\/div><\/div>\n        <\/div>\n          <\/div>\n<\/div>","protected":false},"excerpt":{"rendered":"<p>Smallgroups Freiburg GEMEINSCHAFT \u2013 GOTT ERLEBEN \u2013 WACHSEN Wir sind eine wachsende Kirche. Immer mehr Menschen kommen dazu, aber dennoch bist du f\u00fcr uns nicht einfach ein weiteres Gesicht in der Menge. Wir glauben, dass wir dazu geschaffen sind, tiefe und echte Beziehungen zu leben. Hier erleben wir die F\u00fclle, die Gott f\u00fcr uns bereith\u00e4lt. [&hellip;]<\/p>\n","protected":false},"author":49,"featured_media":0,"parent":0,"menu_order":0,"comment_status":"closed","ping_status":"closed","template":"","meta":{"_acf_changed":false,"_seopress_titles_title":"","_seopress_titles_desc":"","_seopress_robots_index":"","_seopress_robots_follow":"","_seopress_robots_imageindex":"","_seopress_robots_snippet":"","_seopress_robots_primary_cat":"","_seopress_robots_breadcrumbs":"","_seopress_robots_freeze_modified_date":"","_seopress_robots_custom_modified_date":"","_seopress_robots_canonical":"","_seopress_social_fb_title":"","_seopress_social_fb_desc":"","_seopress_social_fb_img":"","_seopress_social_fb_img_attachment_id":0,"_seopress_social_fb_img_width":0,"_seopress_social_fb_img_height":0,"_seopress_social_twitter_title":"","_seopress_social_twitter_desc":"","_seopress_social_twitter_img":"","_seopress_social_twitter_img_attachment_id":0,"_seopress_social_twitter_img_width":0,"_seopress_social_twitter_img_height":0,"_seopress_redirections_value":"","_seopress_redirections_enabled":"","_seopress_redirections_enabled_regex":"","_seopress_redirections_logged_status":"","_seopress_redirections_param":"","_seopress_redirections_type":0,"_seopress_analysis_target_kw":"","_seopress_news_disabled":"","_seopress_video_disabled":"","_seopress_video":[],"_seopress_pro_schemas_manual":[],"_seopress_pro_rich_snippets_disable_all":"","_seopress_pro_rich_snippets_disable":[],"_seopress_pro_schemas":[],"yt_custom_styles_scss":"","yt_custom_styles_rounded_corners":false,"yt_custom_styles_color_scheme":"","footnotes":""},"class_list":["post-615","page","type-page","status-publish","hentry"],"acf":[],"_links":{"self":[{"href":"https:\/\/icf.church\/freiburg\/de\/wp-json\/wp\/v2\/pages\/615","targetHints":{"allow":["GET"]}}],"collection":[{"href":"https:\/\/icf.church\/freiburg\/de\/wp-json\/wp\/v2\/pages"}],"about":[{"href":"https:\/\/icf.church\/freiburg\/de\/wp-json\/wp\/v2\/types\/page"}],"author":[{"embeddable":true,"href":"https:\/\/icf.church\/freiburg\/de\/wp-json\/wp\/v2\/users\/49"}],"replies":[{"embeddable":true,"href":"https:\/\/icf.church\/freiburg\/de\/wp-json\/wp\/v2\/comments?post=615"}],"version-history":[{"count":6,"href":"https:\/\/icf.church\/freiburg\/de\/wp-json\/wp\/v2\/pages\/615\/revisions"}],"predecessor-version":[{"id":654,"href":"https:\/\/icf.church\/freiburg\/de\/wp-json\/wp\/v2\/pages\/615\/revisions\/654"}],"wp:attachment":[{"href":"https:\/\/icf.church\/freiburg\/de\/wp-json\/wp\/v2\/media?parent=615"}],"curies":[{"name":"wp","href":"https:\/\/api.w.org\/{rel}","templated":true}]}}