{"id":1103,"date":"2025-10-02T08:55:17","date_gmt":"2025-10-02T06:55:17","guid":{"rendered":"https:\/\/new.icf.church\/geneve\/?page_id=1103"},"modified":"2026-08-31T17:27:54","modified_gmt":"2026-08-31T15:27:54","slug":"home","status":"publish","type":"page","link":"https:\/\/icf.church\/geneve\/fr\/","title":{"rendered":"Home"},"content":{"rendered":"\n<div id=\"block-7\" class=\"is-style-startpage wp-block-yellowtree-hero-stage alignfull\">\n    <div class=\"hero-stage has-links\">\n        \n\n<div id=\"block-2\" class=\"hero-stage-content\">\n    <div class=\"hero-stage-content__background\">\n        <div class=\"overlay-black-25 h-100\">\n                            <img fetchpriority=\"high\" decoding=\"async\" width=\"1920\" height=\"1080\" src=\"https:\/\/icf.church\/geneve\/wp-content\/uploads\/sites\/121\/2026\/08\/icf-romandie.jpg\" class=\"hero-stage-media\" alt=\"\" style=\"object-position: 51% 49%;\" aria-hidden=\"true\" loading=\"eager\" srcset=\"https:\/\/icf.church\/geneve\/wp-content\/uploads\/sites\/121\/2026\/08\/icf-romandie.jpg 1920w, https:\/\/icf.church\/geneve\/wp-content\/uploads\/sites\/121\/2026\/08\/icf-romandie-300x169.jpg 300w, https:\/\/icf.church\/geneve\/wp-content\/uploads\/sites\/121\/2026\/08\/icf-romandie-1024x576.jpg 1024w, https:\/\/icf.church\/geneve\/wp-content\/uploads\/sites\/121\/2026\/08\/icf-romandie-768x432.jpg 768w, https:\/\/icf.church\/geneve\/wp-content\/uploads\/sites\/121\/2026\/08\/icf-romandie-1536x864.jpg 1536w\" sizes=\"(max-width: 1920px) 100vw, 1920px\" \/>                    <\/div>\n        <div class=\"hero-stage-gradient\"><\/div>\n    <\/div>\n    <div class=\"hero-stage-content__foreground is-layout-constrained\">\n        <h1 id=\"block-1\" class=\"display-1 text-center\">\n    UNE NOUVELLE EXPERIENCE DE L&rsquo;EGLISE<\/h1>    <\/div>\n<\/div>\n\n\n<div id=\"block-6\" class=\"hero-stage-links is-layout-constrained count-3\">\n    <div class=\"icon-link-cards-layout column-gap-3 row-gap-1 justify-content-center break-md\">\n        \n\n<div id=\"block-3\" data-bs-theme=\"dark\" class=\"wp-block-yellowtree-icon-link-card\">\n  <div class='card-body flex-row justify-content-center align-items-center overflow-hidden gap-2 px-5 px-md-3 py-3 py-md-6'>\n    <div class='d-flex align-items-center gap-4 me-auto me-md-0 flex-md-column text-md-center gap-md-3'>\n      <i class='icon-square fs-2 fs-md-lg-const fa-solid fa-hands' aria-hidden='true'><\/i>\n      <a class='stretched-link fs-base-const' href='https:\/\/icf.church\/geneve\/fr\/nouveau\/' target='_blank'>\n        Nouveau ?      <\/a>\n    <\/div>\n          <i class=\"icon fs-base-const fa-chevron-right ms-auto opacity-50 d-md-none\"><\/i>\n      <\/div>\n<\/div>\n\n\n<div id=\"block-4\" data-bs-theme=\"dark\" class=\"wp-block-yellowtree-icon-link-card\">\n  <div class='card-body flex-row justify-content-center align-items-center overflow-hidden gap-2 px-5 px-md-3 py-3 py-md-6'>\n    <div class='d-flex align-items-center gap-4 me-auto me-md-0 flex-md-column text-md-center gap-md-3'>\n      <i class='icon-square fs-2 fs-md-lg-const fa-solid fa-location-dot' aria-hidden='true'><\/i>\n      <a class='stretched-link fs-base-const' href='https:\/\/icf.church\/geneve\/fr\/nous-rendre-visite\/' target='_blank'>\n        Nous rendre visite      <\/a>\n    <\/div>\n          <i class=\"icon fs-base-const fa-chevron-right ms-auto opacity-50 d-md-none\"><\/i>\n      <\/div>\n<\/div>\n\n\n<div id=\"block-5\" data-bs-theme=\"dark\" class=\"wp-block-yellowtree-icon-link-card\">\n  <div class='card-body flex-row justify-content-center align-items-center overflow-hidden gap-2 px-5 px-md-3 py-3 py-md-6'>\n    <div class='d-flex align-items-center gap-4 me-auto me-md-0 flex-md-column text-md-center gap-md-3'>\n      <i class='icon-square fs-2 fs-md-lg-const fa-signal-stream' aria-hidden='true'><\/i>\n      <a class='stretched-link fs-base-const' href='https:\/\/icf.church\/geneve\/fr\/leglise-en-ligne\/' target='_blank'>\n        L&#039;\u00e9glise en ligne      <\/a>\n    <\/div>\n          <i class=\"icon fs-base-const fa-chevron-right ms-auto opacity-50 d-md-none\"><\/i>\n      <\/div>\n<\/div>\n    <\/div>\n<\/div>\n    <\/div>\n<\/div>\n\n<div id=\"block-14\" class=\"pt-4 pb-2 alignfull is-layout-constrained\">\n  <div>\n            <div class=\"row gx-4 gy-4 \">\n          \n\n<div id=\"block-13\" class=\"col wp-block-yellowtree-column col-12 d-flex flex-column justify-content-center align-items-center align-items-md-center\">\n  <h2 id=\"block-8\" class=\"mt-2 mb-2 h2 display-2 text-start\">\n  Bienvenue \u00e0 ICF Gen\u00e8ve<\/h2>\n\n<p id=\"block-9\" class=\"mt-2 mb-2 fs-base text-start wp-block-paragraph\">\n  ICF Gen\u00e8ve est une \u00e9glise libre fond\u00e9e sur la bible. Nous sommes passionn\u00e9s par la vie avec J\u00e9sus.<\/p>\n\n<div id=\"block-12\" class=\"pt-2 pb-2 alignfull is-layout-constrained\">\n  <div>\n            <div class=\"row gx-4 gy-4 \">\n          \n\n<div id=\"block-11\" class=\"col wp-block-yellowtree-column col-12 d-flex flex-column justify-content-center align-items-center align-items-md-center\">\n  <div>\n    <a id=\"block-10\" href=\"https:\/\/icf.church\/geneve\/fr\/nous-connaitre\/\" rel=\"\" target=\"_blank\" class=\"wp-block-yellowtree-button-link btn btn-default btn-sm\">\n      <span>Nous conna\u00eetre<\/span>\n              <i class=\"icon fs-base-const fa-solid fa-arrow-right\" aria-hidden=\"true\"><\/i>\n          <\/a>\n  <\/div><\/div>\n        <\/div>\n          <\/div>\n<\/div><\/div>\n        <\/div>\n          <\/div>\n<\/div>\n\n<div id=\"block-35\" class=\"pt-7 pb-2 alignfull is-layout-constrained\">\n  <div>\n            <div class=\"row gx-4 gy-4 \">\n          \n\n<div id=\"block-34\" class=\"col wp-block-yellowtree-column col-12 d-flex flex-column with-streched-height-children align-items-stretch align-items-md-stretch\">\n  <h3 id=\"block-15\" class=\"h3 display-3 text-start\">\n  Les \u00e9v\u00e9nements \u00e0 ne pas manquer !<\/h3>\n\n<h3 id=\"block-16\" class=\"mb-2 h3 text-start\">\n  En plus de nos&nbsp;c\u00e9l\u00e9brations&nbsp;le dimanche, d\u00e9couvre les diverses opportunit\u00e9s propos\u00e9es pour d\u00e9velopper des relations et vivre la communaut\u00e9. Nous sommes impatients de t\u2019y retrouver !<\/h3>\n\n<div id=\"block-19\" class=\"pt-2 pb-2 alignfull is-layout-constrained\">\n  <div>\n            <div class=\"row gx-4 gy-4 \">\n          \n\n<div id=\"block-18\" class=\"col wp-block-yellowtree-column col-12 d-flex flex-column with-streched-height-children align-items-center align-items-md-end\">\n  <div>\n    <a id=\"block-17\" href=\"https:\/\/icf.church\/geneve\/fr\/evenements\/\" rel=\"\" target=\"_blank\" class=\"wp-block-yellowtree-button-link btn btn-outline-default btn-sm\">\n      <span>Evenements<\/span>\n              <i class=\"icon fs-base-const fa-solid fa-arrow-right\" aria-hidden=\"true\"><\/i>\n          <\/a>\n  <\/div><\/div>\n        <\/div>\n          <\/div>\n<\/div>\n\n<div id=\"block-33\" class=\"mb-9 alignfull is-layout-constrained\">\n  <swiper-container init=\"false\" data-yt-template=\"3-col\" data-yt-pagination=\"true\" data-yt-navigation=\"true\" class=\"has-full-height-slides \">\n          <swiper-slide><article id=\"block-22\" data-bs-theme=\"dark\" class=\"wp-block-yellowtree-card card has-context-height\" style=\"--card-img-position:50% 50%\">\n        <img decoding=\"async\" width=\"1024\" height=\"576\" src=\"https:\/\/icf.church\/geneve\/wp-content\/uploads\/sites\/121\/2026\/04\/life-hub-1024x576.jpg\" class=\"card-img-top\" alt=\"A yellow multi-story building with balconies and green shutters.\" draggable=\"false\" loading=\"lazy\" srcset=\"https:\/\/icf.church\/geneve\/wp-content\/uploads\/sites\/121\/2026\/04\/life-hub-1024x576.jpg 1024w, https:\/\/icf.church\/geneve\/wp-content\/uploads\/sites\/121\/2026\/04\/life-hub-300x169.jpg 300w, https:\/\/icf.church\/geneve\/wp-content\/uploads\/sites\/121\/2026\/04\/life-hub-768x432.jpg 768w, https:\/\/icf.church\/geneve\/wp-content\/uploads\/sites\/121\/2026\/04\/life-hub-1536x864.jpg 1536w, https:\/\/icf.church\/geneve\/wp-content\/uploads\/sites\/121\/2026\/04\/life-hub.jpg 1920w\" sizes=\"(max-width: 1024px) 100vw, 1024px\">    <div class=\"card-body\">\n    <h3 class=\"card-title\">Life Hub<\/h3>\n    <p class=\"card-text\">Un espace ou l&rsquo;\u00e9glise peut vivre la communaut\u00e9 tous les jours de la semaine arrive en 2027. D\u00e9couvres comment tu peux vivre ce r\u00eave avec nous maintenant !<\/p>\n    <div id=\"block-21\" class=\"wp-block-yellowtree-card-buttons card-buttons\">\n  \n\n  <div>\n    <a id=\"block-20\" href=\"https:\/\/icf.church\/geneve\/fr\/life-hub\/\" class=\"wp-block-yellowtree-card-button btn btn-sm btn-secondary\">\n      <span>Let&#039;s go<\/span>\n              <i class=\"icon fs-base-const fa-arrow-right\" aria-hidden=\"true\"><\/i>\n          <\/a>\n  <\/div>\n\n<\/div>  <\/div>\n<\/article><\/swiper-slide>\n          <swiper-slide><article id=\"block-25\" data-bs-theme=\"dark\" class=\"wp-block-yellowtree-card card has-context-height\" style=\"--card-img-position:50% 50%\">\n        <img decoding=\"async\" width=\"1024\" height=\"576\" src=\"https:\/\/icf.church\/geneve\/wp-content\/uploads\/sites\/121\/2026\/04\/beach-camp-2026-slide-1024x576.jpg\" class=\"card-img-top\" alt=\"Text on the image reads &quot;Presque au bord de la mer&quot; with a sun icon.\" draggable=\"false\" loading=\"lazy\" srcset=\"https:\/\/icf.church\/geneve\/wp-content\/uploads\/sites\/121\/2026\/04\/beach-camp-2026-slide-1024x576.jpg 1024w, https:\/\/icf.church\/geneve\/wp-content\/uploads\/sites\/121\/2026\/04\/beach-camp-2026-slide-300x169.jpg 300w, https:\/\/icf.church\/geneve\/wp-content\/uploads\/sites\/121\/2026\/04\/beach-camp-2026-slide-768x432.jpg 768w, https:\/\/icf.church\/geneve\/wp-content\/uploads\/sites\/121\/2026\/04\/beach-camp-2026-slide-1536x864.jpg 1536w, https:\/\/icf.church\/geneve\/wp-content\/uploads\/sites\/121\/2026\/04\/beach-camp-2026-slide.jpg 1920w\" sizes=\"(max-width: 1024px) 100vw, 1024px\">    <div class=\"card-body\">\n    <h3 class=\"card-title\">Beach Camp 2026<\/h3>\n    <p class=\"card-text\">Tu as +20 ans et tu veux vivre une semaine&nbsp;dans le SUD, dans une villa \u00e0 1h de Marseille. C&rsquo;est pas juste des vacances\u2026&nbsp;C&rsquo;est une vraie aventure \u00e0 vivre ensemble et c&rsquo;est pour toi! <br><br>Sport, ressourcement, fun, ap\u00e9ro, discussions au bord de la piscine, temps avec Dieu hors du temps&#8230; des vacances riches comme tu en a rarement v\u00e9cu! <br><br>Click sur ce lien, il y&rsquo;a encore une place pour toi!<\/p>\n    <div id=\"block-24\" class=\"wp-block-yellowtree-card-buttons card-buttons\">\n  \n\n  <div>\n    <a id=\"block-23\" href=\"https:\/\/docs.google.com\/forms\/d\/e\/1FAIpQLScY3N4LqQdk2Ibedt5KTfXLJkddB9qeEPBRuGKTJbSBX_GHRA\/viewform?pli=1\" class=\"wp-block-yellowtree-card-button btn btn-sm btn-secondary\">\n      <span>Let&#039;s go<\/span>\n              <i class=\"icon fs-base-const fa-arrow-right\" aria-hidden=\"true\"><\/i>\n          <\/a>\n  <\/div>\n\n<\/div>  <\/div>\n<\/article><\/swiper-slide>\n          <swiper-slide><article id=\"block-26\" data-bs-theme=\"dark\" class=\"wp-block-yellowtree-card card has-context-height\" style=\"--card-img-position:53% 50%\">\n      <div class=\"card-tags card-tags--float\">\n                <div class=\"badge text-bg-white\" style=\"\">\n            NEW          <\/div>\n          <\/div>\n        <img decoding=\"async\" width=\"1024\" height=\"576\" src=\"https:\/\/icf.church\/geneve\/wp-content\/uploads\/sites\/121\/2026\/04\/sunday-night-16x9-neutral-slide-1024x576.jpg\" class=\"card-img-top\" alt=\"Large text reading &quot;SNDY NIGHT&quot; with a background of people and a sunset.\" draggable=\"false\" loading=\"lazy\" srcset=\"https:\/\/icf.church\/geneve\/wp-content\/uploads\/sites\/121\/2026\/04\/sunday-night-16x9-neutral-slide-1024x576.jpg 1024w, https:\/\/icf.church\/geneve\/wp-content\/uploads\/sites\/121\/2026\/04\/sunday-night-16x9-neutral-slide-300x169.jpg 300w, https:\/\/icf.church\/geneve\/wp-content\/uploads\/sites\/121\/2026\/04\/sunday-night-16x9-neutral-slide-768x432.jpg 768w, https:\/\/icf.church\/geneve\/wp-content\/uploads\/sites\/121\/2026\/04\/sunday-night-16x9-neutral-slide-1536x864.jpg 1536w, https:\/\/icf.church\/geneve\/wp-content\/uploads\/sites\/121\/2026\/04\/sunday-night-16x9-neutral-slide.jpg 1920w\" sizes=\"(max-width: 1024px) 100vw, 1024px\">    <div class=\"card-body\">\n    <h3 class=\"card-title\">Sunday Night<\/h3>\n    <p class=\"card-text\">Dans le tumulte de nos vies, vivre la presence de Dieu et permettre \u00e0 chacun.e de le rencontrer durant cette ann\u00e9e nous semble essentiel !<br>Pour cela, on prend le temps de prier chanter et \u00e9couter un message sur l\u2019amour de Dieu lors des Sunday Nights.<br><br>Si tu as des amis en recherche, invite les pour qu\u2019ils se laissent aussi surprendre par la pr\u00e9sence de Dieu. <br><br>Prochaine session :<br>Dimanche 27 Septembre<br>18h<br><br>Adresse : <br>Uptown Geneva \u2013 Salle Concorde<br>Rue de la Servette 2<br>1202 Gen\u00e8ve<\/p>\n      <\/div>\n<\/article><\/swiper-slide>\n          <swiper-slide><article id=\"block-29\" data-bs-theme=\"dark\" class=\"wp-block-yellowtree-card card has-context-height\" style=\"--card-img-position:48% 33%\">\n        <img decoding=\"async\" width=\"1024\" height=\"576\" src=\"https:\/\/icf.church\/geneve\/wp-content\/uploads\/sites\/121\/2026\/08\/open-college-1024x576.jpg\" class=\"card-img-top\" alt=\"\" draggable=\"false\" loading=\"lazy\" srcset=\"https:\/\/icf.church\/geneve\/wp-content\/uploads\/sites\/121\/2026\/08\/open-college-1024x576.jpg 1024w, https:\/\/icf.church\/geneve\/wp-content\/uploads\/sites\/121\/2026\/08\/open-college-300x169.jpg 300w, https:\/\/icf.church\/geneve\/wp-content\/uploads\/sites\/121\/2026\/08\/open-college-768x432.jpg 768w, https:\/\/icf.church\/geneve\/wp-content\/uploads\/sites\/121\/2026\/08\/open-college-1536x864.jpg 1536w, https:\/\/icf.church\/geneve\/wp-content\/uploads\/sites\/121\/2026\/08\/open-college.jpg 1920w\" sizes=\"(max-width: 1024px) 100vw, 1024px\">    <div class=\"card-body\">\n    <h3 class=\"card-title\">Open College<\/h3>\n    <p class=\"card-text\">Le 3 octobre, nous accueillons Gilles Boucomont, pasteur de l\u2019\u00c9glise r\u00e9form\u00e9e de Belleville \u00e0 Paris et fondateur du mouvement de formation&nbsp;Lib\u00e9rer.<br>Une journ\u00e9e pour grandir en maturit\u00e9 dans le discernement spirituel : apprendre \u00e0 distinguer ce qui rel\u00e8ve de notre histoire, de nos blessures ou de nos choix, d\u2019un v\u00e9ritable enjeu spirituel \u2014 sans tomber dans la peur ou la tendance \u00e0 tout spiritualiser.<br>\u00c0 travers des enseignements et des temps d\u2019\u00e9change, nous chercherons \u00e0 d\u00e9velopper une approche saine, \u00e9quilibr\u00e9e et ancr\u00e9e en J\u00e9sus, pour mieux comprendre les combats de la vie et marcher dans la libert\u00e9 qu\u2019il nous offre.<\/p>\n    <div id=\"block-28\" class=\"wp-block-yellowtree-card-buttons card-buttons\">\n  \n\n  <div>\n    <a id=\"block-27\" href=\"forms.gle\/RM9GemLpDzvL3zubA\" target=\"_blank\" class=\"wp-block-yellowtree-card-button btn btn-sm btn-secondary\">\n      <span>Let&#039;s go<\/span>\n              <i class=\"icon fs-base-const fa-arrow-right\" aria-hidden=\"true\"><\/i>\n          <\/a>\n  <\/div>\n\n<\/div>  <\/div>\n<\/article><\/swiper-slide>\n          <swiper-slide><article id=\"block-32\" data-bs-theme=\"dark\" class=\"wp-block-yellowtree-card card has-context-height\" style=\"--card-img-position:50% 50%\">\n      <div class=\"card-tags card-tags--float\">\n                <div class=\"badge text-bg-primary\" style=\"\">\n            MOVEMENT          <\/div>\n          <\/div>\n        <img decoding=\"async\" width=\"1024\" height=\"576\" src=\"https:\/\/icf.church\/geneve\/wp-content\/uploads\/sites\/121\/2026\/05\/link-preview-1024x576.jpg\" class=\"card-img-top\" alt=\"\" draggable=\"false\" loading=\"lazy\" srcset=\"https:\/\/icf.church\/geneve\/wp-content\/uploads\/sites\/121\/2026\/05\/link-preview-1024x576.jpg 1024w, https:\/\/icf.church\/geneve\/wp-content\/uploads\/sites\/121\/2026\/05\/link-preview-300x169.jpg 300w, https:\/\/icf.church\/geneve\/wp-content\/uploads\/sites\/121\/2026\/05\/link-preview-768x432.jpg 768w, https:\/\/icf.church\/geneve\/wp-content\/uploads\/sites\/121\/2026\/05\/link-preview.jpg 1120w\" sizes=\"(max-width: 1024px) 100vw, 1024px\">    <div class=\"card-body\">\n    <h3 class=\"card-title\">ICF Conference 2027<\/h3>\n    <p class=\"card-text\"><br>Le royaume des cieux est semblable \u00e0 une graine de moutarde&#8230; pourtant, lorsqu&rsquo;elle a pouss\u00e9, elle devient la plus grande des plantes du jardin et un arbre, de sorte que les oiseaux viennent faire leurs nids dans ses branches.<br>\u2014&nbsp;\u00c9vangile selon Matthieu&nbsp;(Matthieu 13:31\u201332)<br><br>Ce qui commence petit grandira avec puissance \u2014 et cette croissance apportera une influence autour de toi, dans notre soci\u00e9t\u00e9, dans les \u00e9glises et aupr\u00e8s d\u2019autres chr\u00e9tiens. Es-tu pr\u00eat \u00e0 \u00eatre une b\u00e9n\u00e9diction et \u00e0 laisser une empreinte durable ? Ensemble, atteignons de nouveaux sommets !<br><br>\ud83c\udf9f\ufe0f Inscris-toi d\u00e8s maintenant et pr\u00e9pare-toi \u00e0 \u00eatre touch\u00e9, inspir\u00e9 et transform\u00e9.<\/p>\n    <div id=\"block-31\" class=\"wp-block-yellowtree-card-buttons card-buttons\">\n  \n\n  <div>\n    <a id=\"block-30\" href=\"https:\/\/icf.church\/conference\/en\" target=\"_blank\" class=\"wp-block-yellowtree-card-button btn btn-sm btn-secondary\">\n      <span>let&#039;s go<\/span>\n              <i class=\"icon fs-base-const fa-arrow-right\" aria-hidden=\"true\"><\/i>\n          <\/a>\n  <\/div>\n\n<\/div>  <\/div>\n<\/article><\/swiper-slide>\n      <\/swiper-container>\n<\/div><\/div>\n        <\/div>\n          <\/div>\n<\/div>\n\n<div id=\"block-40\" class=\"pt-4 pb-2 alignfull is-layout-constrained\">\n  <div>\n            <div class=\"row gx-4 gy-4 \">\n          \n\n<div id=\"block-39\" class=\"col wp-block-yellowtree-column col-12 d-flex flex-column with-streched-height-children align-items-stretch align-items-md-stretch\">\n  <h3 id=\"block-36\" class=\"h3 display-3 text-start\">\n  Notre mission<\/h3>\n\n<p id=\"block-37\" class=\"mb-6 fs-lg text-start wp-block-paragraph\">\n  En tant qu\u2019\u00e9glise, notre passion est de voir des personnes devenir de plus en plus comme J\u00e9sus, de vivre courageusement et d\u2019avoir une influence positive dans leur environnement.<\/p>\n\n\n  <div>\n    <a id=\"block-38\" href=\"https:\/\/icf.church\/en\/vision\/\" rel=\"\" target=\"_blank\" class=\"wp-block-yellowtree-button-link btn btn-default\">\n      <span>Notre Vision<\/span>\n              <i class=\"icon fs-base-const fa-solid fa-globe\" aria-hidden=\"true\"><\/i>\n          <\/a>\n  <\/div><\/div>\n        <\/div>\n          <\/div>\n<\/div>\n\n\n<div id=\"block-46\" class=\"wp-block-yellowtree-fluid-gallery alignfull position-relative is-layout-constrained overflow-hidden\">\n        <div class=\"position-absolute top-2 start-0 end-0 d-none d-md-flex my-0\">\n        <div class=\"ms-auto\">\n            <a href=\"mailto:info@icf-ge.ch\" data-exclude=\"\" class=\"btn btn-outline-default\" style=\"z-index:100\">\n                <i class=\"icon fa-plus\" aria-hidden=\"true\"><\/i>\n                Connect            <\/a>\n        <\/div>\n    <\/div>\n        <div class=\"position-relative is-layout-constrained alignfull fluid-gallery-height\">\n        <div class=\"position-absolute start-0 end-0 top-0 bottom-0 d-flex justify-content-center align-items-center is-layout-constrained\">\n            <div class=\"fluid-gallery-gradient\"><\/div>\n        <\/div>\n        <div class=\"fluid-gallery-scroll-container d-flex h-100 alignfull position-relative subtle-scrollbar focus-ring\">\n            <div class=\"h-100 fluid-gallery-layout\">\n                <div id=\"block-41\" class=\"wp-block-yellowtree-fluid-gallery-image\">\n    <img decoding=\"async\" draggable=\"false\" loading=\"lazy\" sizes=\"768px\" src=\"https:\/\/icf.church\/geneve\/wp-content\/uploads\/sites\/25\/2026\/02\/bild_neu1.png\" alt=\"\" class=\"w-100 h-100 object-fit-cover rounded\"><\/div>\n\n\n<div id=\"block-42\" class=\"wp-block-yellowtree-fluid-gallery-image\">\n    <img decoding=\"async\" width=\"1024\" height=\"680\" src=\"https:\/\/icf.church\/geneve\/wp-content\/uploads\/sites\/121\/2026\/08\/dsc_0018-scaled-1-1024x680.jpg\" class=\"w-100 h-100 object-fit-cover rounded\" alt=\"\" draggable=\"false\" loading=\"lazy\" sizes=\"768px\" srcset=\"https:\/\/icf.church\/geneve\/wp-content\/uploads\/sites\/121\/2026\/08\/dsc_0018-scaled-1-1024x680.jpg 1024w, https:\/\/icf.church\/geneve\/wp-content\/uploads\/sites\/121\/2026\/08\/dsc_0018-scaled-1-300x199.jpg 300w, https:\/\/icf.church\/geneve\/wp-content\/uploads\/sites\/121\/2026\/08\/dsc_0018-scaled-1-768x510.jpg 768w, https:\/\/icf.church\/geneve\/wp-content\/uploads\/sites\/121\/2026\/08\/dsc_0018-scaled-1-1536x1020.jpg 1536w, https:\/\/icf.church\/geneve\/wp-content\/uploads\/sites\/121\/2026\/08\/dsc_0018-scaled-1-2048x1360.jpg 2048w\"><\/div>\n\n\n<div id=\"block-43\" class=\"wp-block-yellowtree-fluid-gallery-image\">\n    <img decoding=\"async\" draggable=\"false\" loading=\"lazy\" sizes=\"768px\" src=\"https:\/\/icf.church\/geneve\/wp-content\/uploads\/sites\/25\/2026\/02\/bild_neu3.png\" alt=\"\" class=\"w-100 h-100 object-fit-cover rounded\"><\/div>\n\n\n<div id=\"block-44\" class=\"wp-block-yellowtree-fluid-gallery-image\">\n    <img decoding=\"async\" width=\"819\" height=\"1024\" src=\"https:\/\/icf.church\/geneve\/wp-content\/uploads\/sites\/121\/2026\/08\/gokul-gurung-jfpozkti_vm-unsplash-819x1024.jpg\" class=\"w-100 h-100 object-fit-cover rounded\" alt=\"\" draggable=\"false\" loading=\"lazy\" sizes=\"768px\" srcset=\"https:\/\/icf.church\/geneve\/wp-content\/uploads\/sites\/121\/2026\/08\/gokul-gurung-jfpozkti_vm-unsplash-819x1024.jpg 819w, https:\/\/icf.church\/geneve\/wp-content\/uploads\/sites\/121\/2026\/08\/gokul-gurung-jfpozkti_vm-unsplash-240x300.jpg 240w, https:\/\/icf.church\/geneve\/wp-content\/uploads\/sites\/121\/2026\/08\/gokul-gurung-jfpozkti_vm-unsplash-768x960.jpg 768w, https:\/\/icf.church\/geneve\/wp-content\/uploads\/sites\/121\/2026\/08\/gokul-gurung-jfpozkti_vm-unsplash-1229x1536.jpg 1229w, https:\/\/icf.church\/geneve\/wp-content\/uploads\/sites\/121\/2026\/08\/gokul-gurung-jfpozkti_vm-unsplash-1638x2048.jpg 1638w, https:\/\/icf.church\/geneve\/wp-content\/uploads\/sites\/121\/2026\/08\/gokul-gurung-jfpozkti_vm-unsplash-scaled.jpg 2048w\"><\/div>\n\n\n<div id=\"block-45\" class=\"wp-block-yellowtree-fluid-gallery-image\">\n    <img decoding=\"async\" width=\"576\" height=\"1024\" src=\"https:\/\/icf.church\/geneve\/wp-content\/uploads\/sites\/121\/2026\/08\/img_0668_jpg-576x1024.jpg\" class=\"w-100 h-100 object-fit-cover rounded\" alt=\"\" draggable=\"false\" loading=\"lazy\" sizes=\"768px\" srcset=\"https:\/\/icf.church\/geneve\/wp-content\/uploads\/sites\/121\/2026\/08\/img_0668_jpg-576x1024.jpg 576w, https:\/\/icf.church\/geneve\/wp-content\/uploads\/sites\/121\/2026\/08\/img_0668_jpg-169x300.jpg 169w, https:\/\/icf.church\/geneve\/wp-content\/uploads\/sites\/121\/2026\/08\/img_0668_jpg-768x1365.jpg 768w, https:\/\/icf.church\/geneve\/wp-content\/uploads\/sites\/121\/2026\/08\/img_0668_jpg-864x1536.jpg 864w, https:\/\/icf.church\/geneve\/wp-content\/uploads\/sites\/121\/2026\/08\/img_0668_jpg-1152x2048.jpg 1152w, https:\/\/icf.church\/geneve\/wp-content\/uploads\/sites\/121\/2026\/08\/img_0668_jpg-scaled.jpg 1440w\"><\/div>            <\/div>\n        <\/div>\n    <\/div>\n            <div class=\"d-md-none d-flex justify-content-center mt-2\">\n            <a href=\"mailto:info@icf-ge.ch\" data-exclude=\"\" class=\"btn btn-outline-default\" style=\"z-index:100\">\n                <i class=\"icon fa-plus\" aria-hidden=\"true\"><\/i>\n                Connect            <\/a>\n        <\/div>\n    <\/div>\n\n<div id=\"block-59\" class=\"pt-4 pb-2 alignfull is-layout-constrained\">\n  <div>\n            <div class=\"row gx-4 gy-4 \">\n          \n\n<div id=\"block-58\" class=\"col wp-block-yellowtree-column col-12 d-flex flex-column with-streched-height-children align-items-stretch align-items-md-stretch\">\n  <h3 id=\"block-47\" class=\"h3 display-3 text-start\">\n  Nos lieux de rencontre<\/h3>\n\n<div id=\"block-57\" class=\"mt-4 mb-4 alignfull is-layout-constrained\">\n  <swiper-container init=\"false\" data-yt-template=\"3-col\" data-yt-pagination=\"true\" data-yt-navigation=\"true\" class=\"has-full-height-slides \">\n          <swiper-slide><article id=\"block-50\" data-bs-theme=\"dark\" class=\"wp-block-yellowtree-card card has-context-height\" style=\"--card-img-position:50% 50%\">\n        <img decoding=\"async\" width=\"1024\" height=\"768\" src=\"https:\/\/icf.church\/geneve\/wp-content\/uploads\/sites\/121\/2026\/04\/icf-geneve-1024x768.jpg\" class=\"card-img-top\" alt=\"\" draggable=\"false\" loading=\"lazy\" srcset=\"https:\/\/icf.church\/geneve\/wp-content\/uploads\/sites\/121\/2026\/04\/icf-geneve-1024x768.jpg 1024w, https:\/\/icf.church\/geneve\/wp-content\/uploads\/sites\/121\/2026\/04\/icf-geneve-300x225.jpg 300w, https:\/\/icf.church\/geneve\/wp-content\/uploads\/sites\/121\/2026\/04\/icf-geneve-768x576.jpg 768w, https:\/\/icf.church\/geneve\/wp-content\/uploads\/sites\/121\/2026\/04\/icf-geneve-1536x1152.jpg 1536w, https:\/\/icf.church\/geneve\/wp-content\/uploads\/sites\/121\/2026\/04\/icf-geneve.jpg 2048w\" sizes=\"(max-width: 1024px) 100vw, 1024px\">    <div class=\"card-body\">\n    <h3 class=\"card-title\">Uptown Geneva<\/h3>\n    <p class=\"card-text\">ICF Gen\u00e8ve est une \u00e9glise pour tous. Chaque dimanche, nous rencontrons Dieu par la musique, des messages encourageants ainsi que par nos \u00e9changes les uns avec les autres. Un espace chaleureux et accueillant ou chacun &#8211; petits et grands &#8211;  peuvent grandir dans sa foi et d\u00e9velopper sa relation avec Dieu et la communaut\u00e9.<\/p>\n    <div id=\"block-49\" class=\"wp-block-yellowtree-card-buttons card-buttons\">\n  \n\n  <div>\n    <a id=\"block-48\" href=\"https:\/\/icf.church\/geneve\/fr\/nous-rendre-visite\/\" class=\"wp-block-yellowtree-card-button btn btn-sm btn-secondary\">\n      <span>Plus d&#039;info<\/span>\n              <i class=\"icon fs-base-const fa-arrow-right\" aria-hidden=\"true\"><\/i>\n          <\/a>\n  <\/div>\n\n<\/div>  <\/div>\n<\/article><\/swiper-slide>\n          <swiper-slide><article id=\"block-53\" data-bs-theme=\"dark\" class=\"wp-block-yellowtree-card card has-context-height\" style=\"--card-img-position:50% 50%\">\n        <img decoding=\"async\" width=\"1024\" height=\"576\" src=\"https:\/\/icf.church\/geneve\/wp-content\/uploads\/sites\/121\/2026\/04\/life-hub-1024x576.jpg\" class=\"card-img-top\" alt=\"\" draggable=\"false\" loading=\"lazy\" srcset=\"https:\/\/icf.church\/geneve\/wp-content\/uploads\/sites\/121\/2026\/04\/life-hub-1024x576.jpg 1024w, https:\/\/icf.church\/geneve\/wp-content\/uploads\/sites\/121\/2026\/04\/life-hub-300x169.jpg 300w, https:\/\/icf.church\/geneve\/wp-content\/uploads\/sites\/121\/2026\/04\/life-hub-768x432.jpg 768w, https:\/\/icf.church\/geneve\/wp-content\/uploads\/sites\/121\/2026\/04\/life-hub-1536x864.jpg 1536w, https:\/\/icf.church\/geneve\/wp-content\/uploads\/sites\/121\/2026\/04\/life-hub.jpg 1920w\" sizes=\"(max-width: 1024px) 100vw, 1024px\">    <div class=\"card-body\">\n    <h3 class=\"card-title\">Le life Hub<\/h3>\n    <p class=\"card-text\">Un espace ou l&rsquo;\u00e9glise peut vivre la communaut\u00e9 tous les jours de la semaine arrive en 2027. D\u00e9couvres comment tu peux vivre ce r\u00eave avec nous<\/p>\n    <div id=\"block-52\" class=\"wp-block-yellowtree-card-buttons card-buttons\">\n  \n\n  <div>\n    <a id=\"block-51\" href=\"https:\/\/icf.church\/geneve\/fr\/life-hub\/\" class=\"wp-block-yellowtree-card-button btn btn-sm btn-secondary\">\n      <span>D\u00e9couvrir<\/span>\n              <i class=\"icon fs-base-const fa-arrow-right\" aria-hidden=\"true\"><\/i>\n          <\/a>\n  <\/div>\n\n<\/div>  <\/div>\n<\/article><\/swiper-slide>\n          <swiper-slide><article id=\"block-56\" data-bs-theme=\"dark\" class=\"wp-block-yellowtree-card card has-context-height\" style=\"--card-img-position:50% 50%\">\n        <img decoding=\"async\" width=\"1024\" height=\"683\" src=\"https:\/\/icf.church\/geneve\/wp-content\/uploads\/sites\/121\/2025\/10\/icf-equip-corporate-shooting-24-3-1024x683.jpg\" class=\"card-img-top\" alt=\"Connect\" draggable=\"false\" loading=\"lazy\" srcset=\"https:\/\/icf.church\/geneve\/wp-content\/uploads\/sites\/121\/2025\/10\/icf-equip-corporate-shooting-24-3-1024x683.jpg 1024w, https:\/\/icf.church\/geneve\/wp-content\/uploads\/sites\/121\/2025\/10\/icf-equip-corporate-shooting-24-3-300x200.jpg 300w, https:\/\/icf.church\/geneve\/wp-content\/uploads\/sites\/121\/2025\/10\/icf-equip-corporate-shooting-24-3-768x512.jpg 768w, https:\/\/icf.church\/geneve\/wp-content\/uploads\/sites\/121\/2025\/10\/icf-equip-corporate-shooting-24-3-1536x1025.jpg 1536w, https:\/\/icf.church\/geneve\/wp-content\/uploads\/sites\/121\/2025\/10\/icf-equip-corporate-shooting-24-3-2048x1366.jpg 2048w\" sizes=\"(max-width: 1024px) 100vw, 1024px\">    <div class=\"card-body\">\n    <h3 class=\"card-title\">Connect Groupes<\/h3>\n    <p class=\"card-text\">Rejoins une communaut\u00e9 pour se d\u00e9velopper, grandir dans notre connaissance de J\u00e9sus, et se soutenir dans les r\u00e9alit\u00e9 de nos vies.<\/p>\n    <div id=\"block-55\" class=\"wp-block-yellowtree-card-buttons card-buttons\">\n  \n\n  <div>\n    <a id=\"block-54\" href=\"mailto:ruben.binyet@icf-ge.ch\" target=\"_blank\" class=\"wp-block-yellowtree-card-button btn btn-sm btn-secondary\">\n      <span>Plus d&#039;info<\/span>\n              <i class=\"icon fs-base-const fa-arrow-right\" aria-hidden=\"true\"><\/i>\n          <\/a>\n  <\/div>\n\n<\/div>  <\/div>\n<\/article><\/swiper-slide>\n      <\/swiper-container>\n<\/div><\/div>\n        <\/div>\n          <\/div>\n<\/div>\n\n\n<div>\n  <div id=\"block-66\" class=\"mt-6 mb-10 wp-block-yellowtree-connect-social connect-social\">\n      \n\n<h2 id=\"block-60\" class=\"text-center display-2 mb-5\">\n    Restons connect\u00e9<\/h2>\n\n\n<p id=\"block-61\" class=\"text-center mb-6\">\n    On te donne rdv sur les r\u00e9seaux sociaux pour ne plus rien manquer.<br>Tu y recevras r\u00e9guli\u00e8rement des actualit\u00e9s et des mises \u00e0 jour sur nos ressources  et \u00e9v\u00e9nements.<\/p>\n\n\n<div id=\"block-65\" class=\"wp-block-yellowtree-connect-social-links d-flex gap-1 gap-md-5 justify-content-center\">\n  <html><body>\n\n<a id=\"block-62\" href=\"https:\/\/whatsapp.com\/channel\/0029VbAlxnU05MUb1JlYkQ0Y\" target=\"_blank\" data-variation=\"whatsapp\" class=\"wp-block-yellowtree-connect-social-link btn\" aria-label=\"Lien WhatsApp\">\n  <i class=\"icon connect-social-icon fs-md-lg-const fs-h3-const fa-brands fa-whatsapp\" aria-hidden=\"true\"><\/i>\n<\/a>\n\n\n<a id=\"block-63\" href=\"https:\/\/instagram.com\/icfgeneve\/\" target=\"_blank\" data-variation=\"instagram\" class=\"wp-block-yellowtree-connect-social-link btn\" aria-label=\"Instagram Link\">\n  <i class=\"icon connect-social-icon fs-md-lg-const fs-h3-const fa-brands fa-instagram\" aria-hidden=\"true\"><\/i>\n<\/a>\n\n\n<a id=\"block-64\" href=\"https:\/\/youtube.com\/@icfcelebration\" target=\"_blank\" data-variation=\"youtube\" class=\"wp-block-yellowtree-connect-social-link btn\" aria-label=\"Youtube Link\">\n  <i class=\"icon connect-social-icon fs-md-lg-const fs-h3-const fa-brands fa-youtube\" aria-hidden=\"true\"><\/i>\n<\/a>\n<\/body><\/html><\/div>\n  <\/div>\n<\/div>\n\n\n\n<div id=\"block-70\" data-bs-theme=\"dark\" class=\"wp-block-yellowtree-divider-card card d-flex flex-column flex-lg-row py-6 py-lg-0\">\n  \n\n<div id=\"block-67\" class=\"wp-block-yellowtree-divider-card-item flex-1 d-flex flex-column position-relative text-center py-6 py-lg-10\">\n  <div class='mb-2'>\n    <div class='d-flex flex-column align-items-center gap-2'>\n      <i class='icon fs-lg-const fa-solid fa-users' aria-hidden='true'><\/i>\n      <h3 class='mb-0'>\n        <span class=\"text-container\">\n          Connect        <\/span>\n      <\/h3>\n    <\/div>\n  <\/div>\n  <div class='mt-auto'>\n    <a class='text-arrow-link fs-sm text-light-3' href=\"mailto:ruben.binyet@icf-ge.ch\">\n      Let&#039;s go    <\/a>\n  <\/div>\n<\/div>\n\n\n<div id=\"block-68\" class=\"wp-block-yellowtree-divider-card-item flex-1 d-flex flex-column position-relative text-center py-6 py-lg-10\">\n  <div class='mb-2'>\n    <div class='d-flex flex-column align-items-center gap-2'>\n      <i class='icon fs-lg-const fa-solid fa-grid' aria-hidden='true'><\/i>\n      <h3 class='mb-0'>\n        <span class=\"text-container\">\n          Vivre l&#039;\u00e9glise        <\/span>\n      <\/h3>\n    <\/div>\n  <\/div>\n  <div class='mt-auto'>\n    <a class='text-arrow-link fs-sm text-light-3' href=\"https:\/\/icf.church\/geneve\/fr\/vivre-leglise\/\" target=\"_blank\">\n      Let&#039;s go    <\/a>\n  <\/div>\n<\/div>\n\n\n<div id=\"block-69\" class=\"wp-block-yellowtree-divider-card-item flex-1 d-flex flex-column position-relative text-center py-6 py-lg-10\">\n  <div class='mb-2'>\n    <div class='d-flex flex-column align-items-center gap-2'>\n      <i class='icon fs-lg-const fa-solid fa-hand-heart' aria-hidden='true'><\/i>\n      <h3 class='mb-0'>\n        <span class=\"text-container\">\n          Faire un don        <\/span>\n      <\/h3>\n    <\/div>\n  <\/div>\n  <div class='mt-auto'>\n    <a class='text-arrow-link fs-sm text-light-3' href=\"https:\/\/icf.church\/geneve\/fr\/dons\/\" target=\"_blank\">\n      Let&#039;s go    <\/a>\n  <\/div>\n<\/div>\n<\/div>","protected":false},"excerpt":{"rendered":"","protected":false},"author":70,"featured_media":0,"parent":0,"menu_order":6,"comment_status":"closed","ping_status":"closed","template":"","meta":{"_acf_changed":false,"_seopress_titles_title":"","_seopress_titles_desc":"","_seopress_robots_index":"","_seopress_robots_follow":"","_seopress_robots_imageindex":"","_seopress_robots_snippet":"","_seopress_robots_primary_cat":"","_seopress_robots_breadcrumbs":"","_seopress_robots_freeze_modified_date":"","_seopress_robots_custom_modified_date":"","_seopress_robots_canonical":"","_seopress_social_fb_title":"","_seopress_social_fb_desc":"","_seopress_social_fb_img":"","_seopress_social_fb_img_attachment_id":0,"_seopress_social_fb_img_width":0,"_seopress_social_fb_img_height":0,"_seopress_social_twitter_title":"","_seopress_social_twitter_desc":"","_seopress_social_twitter_img":"","_seopress_social_twitter_img_attachment_id":0,"_seopress_social_twitter_img_width":0,"_seopress_social_twitter_img_height":0,"_seopress_redirections_value":"","_seopress_redirections_enabled":"","_seopress_redirections_enabled_regex":"","_seopress_redirections_logged_status":"both","_seopress_redirections_param":"","_seopress_redirections_type":301,"_seopress_analysis_target_kw":"","_seopress_news_disabled":"","_seopress_video_disabled":"","_seopress_video":[{"url":"","title":"","desc":"","thumbnail":"","duration":"","rating":"","view_count":"","tag":""}],"_seopress_pro_schemas_manual":[],"_seopress_pro_rich_snippets_disable_all":"","_seopress_pro_rich_snippets_disable":[],"_seopress_pro_schemas":[],"yt_custom_styles_scss":"","yt_custom_styles_rounded_corners":false,"yt_custom_styles_color_scheme":"","footnotes":""},"class_list":["post-1103","page","type-page","status-publish","hentry"],"acf":[],"_links":{"self":[{"href":"https:\/\/icf.church\/geneve\/fr\/wp-json\/wp\/v2\/pages\/1103","targetHints":{"allow":["GET"]}}],"collection":[{"href":"https:\/\/icf.church\/geneve\/fr\/wp-json\/wp\/v2\/pages"}],"about":[{"href":"https:\/\/icf.church\/geneve\/fr\/wp-json\/wp\/v2\/types\/page"}],"author":[{"embeddable":true,"href":"https:\/\/icf.church\/geneve\/fr\/wp-json\/wp\/v2\/users\/70"}],"replies":[{"embeddable":true,"href":"https:\/\/icf.church\/geneve\/fr\/wp-json\/wp\/v2\/comments?post=1103"}],"version-history":[{"count":97,"href":"https:\/\/icf.church\/geneve\/fr\/wp-json\/wp\/v2\/pages\/1103\/revisions"}],"predecessor-version":[{"id":2562,"href":"https:\/\/icf.church\/geneve\/fr\/wp-json\/wp\/v2\/pages\/1103\/revisions\/2562"}],"wp:attachment":[{"href":"https:\/\/icf.church\/geneve\/fr\/wp-json\/wp\/v2\/media?parent=1103"}],"curies":[{"name":"wp","href":"https:\/\/api.w.org\/{rel}","templated":true}]}}