{"id":1233,"date":"2026-05-04T10:30:33","date_gmt":"2026-05-04T08:30:33","guid":{"rendered":"https:\/\/new.icf.church\/geneve\/?page_id=1233"},"modified":"2026-08-26T22:26:09","modified_gmt":"2026-08-26T20:26:09","slug":"nouveau","status":"publish","type":"page","link":"https:\/\/icf.church\/geneve\/fr\/nouveau\/","title":{"rendered":"Nouveau \u00e0 ICF Gen\u00e8ve ?"},"content":{"rendered":"<div id=\"block-15\" class=\"pt-2 pb-2 alignfull is-layout-constrained\">\n  <div>\n            <div class=\"row gx-4 gy-4 \">\n          \n\n<div id=\"block-8\" class=\"col wp-block-yellowtree-column col-12 col-md-6 d-flex flex-column with-streched-height-children align-items-stretch align-items-md-stretch\">\n  <h1 id=\"block-1\" class=\"h1 text-start\">\n  Bienvenue \u00e0 la maison<\/h1>\n\n<p id=\"block-2\" class=\"text-start wp-block-paragraph\">\n  Que tu sois simplement curieux, en recherche, nouveau dans la foi ou d\u00e9j\u00e0 habitu\u00e9 \u00e0 l\u2019\u00e9glise, tu es le bienvenu \u00e0 ICF Gen\u00e8ve.<\/p>\n\n<p id=\"block-3\" class=\"text-start wp-block-paragraph\">\n  ICF Gen\u00e8ve est une \u00e9glise libre fond\u00e9e sur la Bible. Nous sommes passionn\u00e9s par la vie avec J\u00e9sus et nous croyons que l\u2019\u00e9glise est un lieu o\u00f9 chacun peut rencontrer Dieu, grandir dans sa foi et d\u00e9velopper des relations authentiques.<\/p>\n\n<p id=\"block-4\" class=\"text-start wp-block-paragraph\">\n  Notre d\u00e9sir est de voir des personnes devenir de plus en plus comme J\u00e9sus, vivre courageusement et avoir une influence positive dans leur environnement.<\/p>\n\n<div id=\"block-6\" class=\"pt-2 pb-2 alignfull is-layout-constrained\">\n  <div>\n            <div class=\"row gx-4 gy-4 \">\n          \n\n<div id=\"block-5\" class=\"col wp-block-yellowtree-column col-12 d-flex flex-column with-streched-height-children align-items-stretch align-items-md-stretch\">\n  <\/div>\n        <\/div>\n          <\/div>\n<\/div>\n\n\n  <div>\n    <a id=\"block-7\" href=\"https:\/\/icf.church\/geneve\/fr\/nous-connaitre\/\" rel=\"\" class=\"wp-block-yellowtree-button-link btn btn-default\">\n      <span>Nous conna\u00eetre<\/span>\n              <i class=\"icon fs-base-const fa-solid fa-eyes\" aria-hidden=\"true\"><\/i>\n          <\/a>\n  <\/div><\/div>\n\n\n<div id=\"block-14\" class=\"col wp-block-yellowtree-column col-12 col-md-6 d-flex flex-column with-streched-height-children align-items-stretch align-items-md-stretch\">\n  <div id=\"block-10\" class=\"pt-2 pb-2 alignfull is-layout-constrained\">\n  <div>\n            <div class=\"row gx-4 gy-4 \">\n          \n\n<div id=\"block-9\" class=\"col wp-block-yellowtree-column col-12 d-flex flex-column with-streched-height-children align-items-stretch align-items-md-stretch\">\n  <\/div>\n        <\/div>\n          <\/div>\n<\/div>\n\n<div class=\"mw-100\">\n      <figure id=\"block-11\">\n      <div class=\"img-wrap\" style=\"max-width:100%\">\n        <img decoding=\"async\" src=\"https:\/\/icf.church\/geneve\/wp-content\/uploads\/sites\/121\/2026\/05\/team-pasteur-scaled-2-1024x576.jpg\" alt=\"\" loading=\"lazy\" title=\"\" class=\"img-fluid w-100 h-100 rounded object-fit-cover\" style=\"object-position: center center\">\n      <\/div>\n          <\/figure>\n    <\/div>\n\n<div id=\"block-13\" class=\"pt-2 pb-2 alignfull is-layout-constrained\">\n  <div>\n            <div class=\"row gx-4 gy-4 \">\n          \n\n<div id=\"block-12\" class=\"col wp-block-yellowtree-column col-12 d-flex flex-column with-streched-height-children align-items-stretch align-items-md-stretch\">\n  <\/div>\n        <\/div>\n          <\/div>\n<\/div><\/div>\n        <\/div>\n          <\/div>\n<\/div>\n\n<div id=\"block-19\" class=\"pt-2 pb-2 alignfull is-layout-constrained\">\n  <div>\n            <div class=\"row gx-4 gy-4 \">\n          \n\n<div id=\"block-18\" class=\"col wp-block-yellowtree-column col-12 d-flex flex-column with-streched-height-children align-items-stretch align-items-md-stretch\">\n  <div id=\"block-17\" class=\"pt-2 pb-2 alignfull is-layout-constrained\">\n  <div>\n            <div class=\"row gx-4 gy-4 \">\n          \n\n<div id=\"block-16\" class=\"col wp-block-yellowtree-column col-12 d-flex flex-column with-streched-height-children align-items-stretch align-items-md-stretch\">\n  <\/div>\n        <\/div>\n          <\/div>\n<\/div><\/div>\n        <\/div>\n          <\/div>\n<\/div>\n\n<h1 id=\"block-20\" class=\"h1 text-start\">\n  C\u00e9l\u00e9brations<\/h1>\n\n<div id=\"block-22\" class=\"pt-2 pb-2 alignfull is-layout-constrained\">\n  <div>\n            <div class=\"row gx-4 gy-4 \">\n          \n\n<div id=\"block-21\" class=\"col wp-block-yellowtree-column col-12 d-flex flex-column with-streched-height-children align-items-stretch align-items-md-stretch\">\n  <\/div>\n        <\/div>\n          <\/div>\n<\/div>\n\n<p id=\"block-23\" class=\"text-start wp-block-paragraph\">\n  Chaque dimanche, nous nous retrouvons pour rencontrer Dieu \u00e0 travers la musique, des messages encourageants et des moments de communaut\u00e9. Nos c\u00e9l\u00e9brations sont ouvertes \u00e0 tous, peu importe ton parcours, ton \u00e2ge ou ton niveau de foi.<\/p>\n\n<div id=\"block-25\" class=\"pt-2 pb-2 alignfull is-layout-constrained\">\n  <div>\n            <div class=\"row gx-4 gy-4 \">\n          \n\n<div id=\"block-24\" class=\"col wp-block-yellowtree-column col-12 d-flex flex-column with-streched-height-children align-items-stretch align-items-md-stretch\">\n  <\/div>\n        <\/div>\n          <\/div>\n<\/div>\n\n<div id=\"block-35\" class=\"pt-2 pb-2 alignfull is-layout-constrained\">\n  <div>\n            <div class=\"row gx-4 gy-4 \">\n          \n\n<div id=\"block-27\" class=\"col wp-block-yellowtree-column col-12 col-md-6 d-flex flex-column with-streched-height-children align-items-stretch align-items-md-stretch\">\n  <div class=\"mw-100\">\n      <figure id=\"block-26\">\n      <div class=\"img-wrap\" style=\"width:458px;height:auto;max-width:100%\">\n        <img decoding=\"async\" src=\"https:\/\/icf.church\/geneve\/wp-content\/uploads\/sites\/121\/2026\/04\/icf-geneve-1024x768.jpg\" alt=\"\" loading=\"lazy\" title=\"\" class=\"img-fluid w-100 h-100 rounded object-fit-cover\" style=\"object-position: center center\">\n      <\/div>\n          <\/figure>\n    <\/div><\/div>\n\n\n<div id=\"block-34\" class=\"col wp-block-yellowtree-column col-12 col-md-6 d-flex flex-column with-streched-height-children align-items-stretch align-items-md-stretch\">\n  <p id=\"block-28\" class=\"text-start wp-block-paragraph\">\n  <strong>Horaires du dimanche :<\/strong><br><strong>10h00<\/strong>&nbsp;\u2014 C\u00e9l\u00e9bration en fran\u00e7ais \/ anglais<br><strong>11h45<\/strong>&nbsp;\u2014 C\u00e9l\u00e9bration en fran\u00e7ais<\/p>\n\n<p id=\"block-29\" class=\"text-start wp-block-paragraph\">\n  <strong>ICF Kids :<\/strong><br>Accueil pour les enfants de 0 \u00e0 14 ans d\u00e8s 9h45.<\/p>\n\n<p id=\"block-30\" class=\"text-start wp-block-paragraph\">\n  <strong>Adresse :<\/strong><br>Uptown Geneva \u2013 Salle Concorde<br>Rue de la Servette 2<br>1202 Gen\u00e8ve<\/p>\n\n<div id=\"block-32\" class=\"pt-2 pb-2 alignfull is-layout-constrained\">\n  <div>\n            <div class=\"row gx-4 gy-4 \">\n          \n\n<div id=\"block-31\" class=\"col wp-block-yellowtree-column col-12 d-flex flex-column with-streched-height-children align-items-stretch align-items-md-stretch\">\n  <\/div>\n        <\/div>\n          <\/div>\n<\/div>\n\n\n  <div>\n    <a id=\"block-33\" href=\"https:\/\/www.google.com\/maps\/place\/ICF+Gen\u00e8ve+-+\u00e9glise\/@46.209477,6.1396448,17z\/data=!3m1!4b1!4m6!3m5!1s0x478c64d852179701:0x76f8959c45f60d93!8m2!3d46.209477!4d6.1396448!16s%2Fg%2F1vr1vjv5?entry=ttu&amp;g_ep=EgoyMDI2MDQyOS4wIKXMDSoASAFQAw%3D%3D\" rel=\"\" class=\"wp-block-yellowtree-button-link btn btn-default\">\n      <span>Aller sur google map<\/span>\n              <i class=\"icon fs-base-const fa-solid fa-location-smile\" aria-hidden=\"true\"><\/i>\n          <\/a>\n  <\/div><\/div>\n        <\/div>\n          <\/div>\n<\/div>\n\n<div id=\"block-39\" class=\"pt-2 pb-2 alignfull is-layout-constrained\">\n  <div>\n            <div class=\"row gx-4 gy-4 \">\n          \n\n<div id=\"block-38\" class=\"col wp-block-yellowtree-column col-12 d-flex flex-column with-streched-height-children align-items-stretch align-items-md-stretch\">\n  <div id=\"block-37\" class=\"pt-2 pb-2 alignfull is-layout-constrained\">\n  <div>\n            <div class=\"row gx-4 gy-4 \">\n          \n\n<div id=\"block-36\" class=\"col wp-block-yellowtree-column col-12 d-flex flex-column with-streched-height-children align-items-stretch align-items-md-stretch\">\n  <\/div>\n        <\/div>\n          <\/div>\n<\/div><\/div>\n        <\/div>\n          <\/div>\n<\/div>\n\n<div id=\"block-58\" class=\"pt-2 pb-2 alignfull is-layout-constrained\">\n  <div>\n            <div class=\"row gx-4 gy-4 \">\n          \n\n<div id=\"block-47\" class=\"col wp-block-yellowtree-column col-12 col-md-6 d-flex flex-column justify-content-start align-items-start align-items-md-start\">\n  <h1 id=\"block-40\" class=\"h1 text-start\">\n  Welcome Ap\u00e9ro<\/h1>\n\n<p id=\"block-41\" class=\"text-start wp-block-paragraph\">\n  Welcome Ap\u00e9ro est notre point d\u2019accueil pour toutes les personnes qui d\u00e9couvrent ICF Gen\u00e8ve.<br><br>C\u2019est l\u2019endroit id\u00e9al pour poser tes questions, rencontrer quelqu\u2019un de l\u2019\u00e9quipe, comprendre qui nous sommes et savoir comment faire tes prochains pas dans l\u2019\u00e9glise.<\/p>\n\n<div id=\"block-45\" class=\"pt-2 pb-2 alignfull is-layout-constrained\">\n  <div>\n            <div class=\"row gx-4 gy-4 \">\n          \n\n<div id=\"block-44\" class=\"col wp-block-yellowtree-column col-12 d-flex flex-column with-streched-height-children align-items-stretch align-items-md-stretch\">\n  <div id=\"block-43\" class=\"pt-2 pb-2 alignfull is-layout-constrained\">\n  <div>\n            <div class=\"row gx-4 gy-4 \">\n          \n\n<div id=\"block-42\" class=\"col wp-block-yellowtree-column col-12 d-flex flex-column with-streched-height-children align-items-stretch align-items-md-stretch\">\n  <\/div>\n        <\/div>\n          <\/div>\n<\/div><\/div>\n        <\/div>\n          <\/div>\n<\/div>\n\n\n  <div>\n    <a id=\"block-46\" href=\"https:\/\/icf.church\/geneve\/fr\/evenements\/welcome-apero-septembre\/\" rel=\"\" target=\"_blank\" class=\"wp-block-yellowtree-button-link btn btn-default\">\n      <span>D\u00e9couvrir de la prochaine date<\/span>\n              <i class=\"icon fs-base-const fa-solid fa-eyes\" aria-hidden=\"true\"><\/i>\n          <\/a>\n  <\/div><\/div>\n\n\n<div id=\"block-57\" class=\"col wp-block-yellowtree-column col-12 col-md-6 d-flex flex-column justify-content-end align-items-center align-items-md-center\">\n  <div class=\"mw-100\">\n      <figure id=\"block-48\">\n      <div class=\"img-wrap\" style=\"max-width:100%\">\n        <img decoding=\"async\" src=\"https:\/\/icf.church\/geneve\/wp-content\/uploads\/sites\/121\/2026\/05\/chatgpt-image-5-mai-2026-a-11_21_43-1024x576.png\" alt=\"\" loading=\"lazy\" title=\"\" class=\"img-fluid w-100 h-100 rounded object-fit-cover\" style=\"object-position: center center\">\n      <\/div>\n          <\/figure>\n    <\/div>\n\n<div id=\"block-50\" class=\"pt-2 pb-2 alignfull is-layout-constrained\">\n  <div>\n            <div class=\"row gx-4 gy-4 \">\n          \n\n<div id=\"block-49\" class=\"col wp-block-yellowtree-column col-12 d-flex flex-column with-streched-height-children align-items-stretch align-items-md-stretch\">\n  <\/div>\n        <\/div>\n          <\/div>\n<\/div>\n\n<div id=\"block-55\" class=\"pt-2 pb-2 alignfull is-layout-constrained\">\n  <div>\n            <div class=\"row gx-4 gy-4 \">\n          \n\n<div id=\"block-54\" class=\"col wp-block-yellowtree-column col-12 d-flex flex-column with-streched-height-children align-items-stretch align-items-md-stretch\">\n  <p id=\"block-51\" class=\"text-start wp-block-paragraph\">\n  <strong class=\"myprefix-text-bold\">Nouveau ? Nouvelle ? <\/strong><\/p>\n\n<p id=\"block-52\" class=\"text-start wp-block-paragraph\">\n  Tu cherches \u00e0 te connecter, \u00e0 d\u00e9couvrir l\u2019\u00c9glise ou simplement \u00e0 en savoir plus ?<\/p>\n\n<p id=\"block-53\" class=\"text-start wp-block-paragraph\">\n  Rempli le formulaire ci-dessous, et nous te contacterons avec plaisir. Il y a une place pour toi !<\/p><\/div>\n        <\/div>\n          <\/div>\n<\/div>\n\n\n  <div>\n    <a id=\"block-56\" href=\"https:\/\/icf-geneve.elvanto.eu\/form\/f4a88954-6b70-4b29-8194-7a6dee0c4acf\" rel=\"\" target=\"_blank\" class=\"wp-block-yellowtree-button-link btn btn-default\">\n      <span>Remplir le formulaire<\/span>\n              <i class=\"icon fs-base-const fa-solid fa-pen-to-square\" aria-hidden=\"true\"><\/i>\n          <\/a>\n  <\/div><\/div>\n        <\/div>\n          <\/div>\n<\/div>\n\n<div id=\"block-60\" class=\"pt-2 pb-2 alignfull is-layout-constrained\">\n  <div>\n            <div class=\"row gx-4 gy-4 \">\n          \n\n<div id=\"block-59\" class=\"col wp-block-yellowtree-column col-12 d-flex flex-column with-streched-height-children align-items-stretch align-items-md-stretch\">\n  <\/div>\n        <\/div>\n          <\/div>\n<\/div>\n\n<h1 id=\"block-61\" class=\"h1 text-start\">\n  Prochains pas<\/h1>\n\n<div id=\"block-63\" class=\"pt-2 pb-2 alignfull is-layout-constrained\">\n  <div>\n            <div class=\"row gx-4 gy-4 \">\n          \n\n<div id=\"block-62\" class=\"col wp-block-yellowtree-column col-12 d-flex flex-column with-streched-height-children align-items-stretch align-items-md-stretch\">\n  <\/div>\n        <\/div>\n          <\/div>\n<\/div>\n\n<p id=\"block-64\" class=\"text-start wp-block-paragraph\">\n  Tu veux aller plus loin ? Nous voulons t\u2019aider \u00e0 trouver ta place, renforcer ta foi et vivre l\u2019\u00e9glise au-del\u00e0 du dimanche. Tu peux commencer par :<\/p>\n\n<div id=\"block-66\" class=\"pt-2 pb-2 alignfull is-layout-constrained\">\n  <div>\n            <div class=\"row gx-4 gy-4 \">\n          \n\n<div id=\"block-65\" class=\"col wp-block-yellowtree-column col-12 d-flex flex-column with-streched-height-children align-items-stretch align-items-md-stretch\">\n  <\/div>\n        <\/div>\n          <\/div>\n<\/div>\n\n<div id=\"block-76\" class=\"alignfull is-layout-constrained\">\n  <swiper-container init=\"false\" data-yt-template=\"3-col\" data-yt-pagination=\"true\" data-yt-navigation=\"false\" class=\"\" >\n          <swiper-slide><article id=\"block-69\" data-bs-theme=\"dark\" class=\"wp-block-yellowtree-card card has-context-height\" style=\"--card-img-position:50% 50%\">\n        <img decoding=\"async\" width=\"1024\" height=\"683\" src=\"https:\/\/icf.church\/geneve\/wp-content\/uploads\/sites\/121\/2025\/10\/icf-equip-corporate-shooting-24-4-1024x683.jpg\" class=\"card-img-top\" alt=\"\" draggable=\"false\" loading=\"lazy\" srcset=\"https:\/\/icf.church\/geneve\/wp-content\/uploads\/sites\/121\/2025\/10\/icf-equip-corporate-shooting-24-4-1024x683.jpg 1024w, https:\/\/icf.church\/geneve\/wp-content\/uploads\/sites\/121\/2025\/10\/icf-equip-corporate-shooting-24-4-300x200.jpg 300w, https:\/\/icf.church\/geneve\/wp-content\/uploads\/sites\/121\/2025\/10\/icf-equip-corporate-shooting-24-4-768x512.jpg 768w, https:\/\/icf.church\/geneve\/wp-content\/uploads\/sites\/121\/2025\/10\/icf-equip-corporate-shooting-24-4-1536x1025.jpg 1536w, https:\/\/icf.church\/geneve\/wp-content\/uploads\/sites\/121\/2025\/10\/icf-equip-corporate-shooting-24-4-2048x1366.jpg 2048w\" sizes=\"(max-width: 1024px) 100vw, 1024px\">    <div class=\"card-body\">\n    <h3 class=\"card-title\">Welcome Connect<\/h3>\n    <p class=\"card-text\">Rejoindre un connect pour d\u00e9couvrir Dieu et la vie de l&rsquo;\u00e9glise.<br><\/p>\n    <div id=\"block-68\" class=\"wp-block-yellowtree-card-buttons card-buttons\">\n  \n\n  <div>\n    <a id=\"block-67\" href=\"mailto:ruben.binyet@icf-ge.ch\" class=\"wp-block-yellowtree-card-button btn btn-sm btn-secondary\">\n      <span>let&#039;s go !<\/span>\n              <i class=\"icon fs-base-const fa-arrow-right\" aria-hidden=\"true\"><\/i>\n          <\/a>\n  <\/div>\n\n<\/div>  <\/div>\n<\/article><\/swiper-slide>\n          <swiper-slide><article id=\"block-72\" data-bs-theme=\"dark\" class=\"wp-block-yellowtree-card card has-context-height\" style=\"--card-img-position:50% 50%\">\n        <img decoding=\"async\" width=\"1024\" height=\"683\" src=\"https:\/\/icf.church\/geneve\/wp-content\/uploads\/sites\/121\/2025\/10\/yannik-rahn-icf-2022-1024x683.jpg\" class=\"card-img-top\" alt=\"\" draggable=\"false\" loading=\"lazy\" srcset=\"https:\/\/icf.church\/geneve\/wp-content\/uploads\/sites\/121\/2025\/10\/yannik-rahn-icf-2022-1024x683.jpg 1024w, https:\/\/icf.church\/geneve\/wp-content\/uploads\/sites\/121\/2025\/10\/yannik-rahn-icf-2022-300x200.jpg 300w, https:\/\/icf.church\/geneve\/wp-content\/uploads\/sites\/121\/2025\/10\/yannik-rahn-icf-2022-768x512.jpg 768w, https:\/\/icf.church\/geneve\/wp-content\/uploads\/sites\/121\/2025\/10\/yannik-rahn-icf-2022-1536x1024.jpg 1536w, https:\/\/icf.church\/geneve\/wp-content\/uploads\/sites\/121\/2025\/10\/yannik-rahn-icf-2022-2048x1365.jpg 2048w\" sizes=\"(max-width: 1024px) 100vw, 1024px\">    <div class=\"card-body\">\n    <h3 class=\"card-title\">Rejoindre une Team<\/h3>\n    <p class=\"card-text\">Servir avec tes talents, ton temps et ton c\u0153ur pour contribuer \u00e0 la vie de l\u2019\u00e9glise.<br><\/p>\n    <div id=\"block-71\" class=\"wp-block-yellowtree-card-buttons card-buttons\">\n  \n\n  <div>\n    <a id=\"block-70\" href=\"https:\/\/icf-geneve.elvanto.eu\/form\/1621dd18-572a-4a40-bd5f-f62932e4b4c5\" target=\"_blank\" class=\"wp-block-yellowtree-card-button btn btn-sm btn-secondary\">\n      <span>let&#039;s go !<\/span>\n              <i class=\"icon fs-base-const fa-arrow-right\" aria-hidden=\"true\"><\/i>\n          <\/a>\n  <\/div>\n\n<\/div>  <\/div>\n<\/article><\/swiper-slide>\n          <swiper-slide><article id=\"block-75\" data-bs-theme=\"dark\" class=\"wp-block-yellowtree-card card has-context-height\" style=\"--card-img-position:50% 50%\">\n        <img decoding=\"async\" width=\"683\" height=\"1024\" src=\"https:\/\/icf.church\/geneve\/wp-content\/uploads\/sites\/121\/2026\/02\/bild_neu2-683x1024.png\" class=\"card-img-top\" alt=\"\" draggable=\"false\" loading=\"lazy\" srcset=\"https:\/\/icf.church\/geneve\/wp-content\/uploads\/sites\/121\/2026\/02\/bild_neu2-683x1024.png 683w, https:\/\/icf.church\/geneve\/wp-content\/uploads\/sites\/121\/2026\/02\/bild_neu2-200x300.png 200w, https:\/\/icf.church\/geneve\/wp-content\/uploads\/sites\/121\/2026\/02\/bild_neu2-768x1152.png 768w, https:\/\/icf.church\/geneve\/wp-content\/uploads\/sites\/121\/2026\/02\/bild_neu2-1024x1536.png 1024w, https:\/\/icf.church\/geneve\/wp-content\/uploads\/sites\/121\/2026\/02\/bild_neu2-e1777990885763.png 6w\" sizes=\"(max-width: 683px) 100vw, 683px\">    <div class=\"card-body\">\n    <h3 class=\"card-title\">Rejoindre un Connect<\/h3>\n    <p class=\"card-text\">Un petit groupe pour cr\u00e9er des relations, partager la vie, prier ensemble et grandir dans la foi.<\/p>\n    <div id=\"block-74\" class=\"wp-block-yellowtree-card-buttons card-buttons\">\n  \n\n  <div>\n    <a id=\"block-73\" href=\"mailto:ruben.binyet@icf-ge.ch\" class=\"wp-block-yellowtree-card-button btn btn-sm btn-secondary\">\n      <span>let&#039;s go !<\/span>\n              <i class=\"icon fs-base-const fa-arrow-right\" aria-hidden=\"true\"><\/i>\n          <\/a>\n  <\/div>\n\n<\/div>  <\/div>\n<\/article><\/swiper-slide>\n      <\/swiper-container>\n<\/div>\n\n<div id=\"block-80\" class=\"pt-2 pb-2 alignfull is-layout-constrained\">\n  <div>\n            <div class=\"row gx-4 gy-4 \">\n          \n\n<div id=\"block-79\" class=\"col wp-block-yellowtree-column col-12 d-flex flex-column with-streched-height-children align-items-stretch align-items-md-stretch\">\n  <div id=\"block-78\" class=\"pt-2 pb-2 alignfull is-layout-constrained\">\n  <div>\n            <div class=\"row gx-4 gy-4 \">\n          \n\n<div id=\"block-77\" class=\"col wp-block-yellowtree-column col-12 d-flex flex-column with-streched-height-children align-items-stretch align-items-md-stretch\">\n  <\/div>\n        <\/div>\n          <\/div>\n<\/div><\/div>\n        <\/div>\n          <\/div>\n<\/div>\n\n<h1 id=\"block-81\" class=\"h1 text-start\">\n  Une \u00e9glise pour chaque g\u00e9n\u00e9ration<\/h1>\n\n<div id=\"block-85\" class=\"pt-2 pb-2 alignfull is-layout-constrained\">\n  <div>\n            <div class=\"row gx-4 gy-4 \">\n          \n\n<div id=\"block-84\" class=\"col wp-block-yellowtree-column col-12 d-flex flex-column with-streched-height-children align-items-stretch align-items-md-stretch\">\n  <div id=\"block-83\" class=\"pt-2 pb-2 alignfull is-layout-constrained\">\n  <div>\n            <div class=\"row gx-4 gy-4 \">\n          \n\n<div id=\"block-82\" class=\"col wp-block-yellowtree-column col-12 d-flex flex-column with-streched-height-children align-items-stretch align-items-md-stretch\">\n  <\/div>\n        <\/div>\n          <\/div>\n<\/div><\/div>\n        <\/div>\n          <\/div>\n<\/div>\n\n\n<div id=\"block-91\" class=\"wp-block-yellowtree-text-image d-flex flex-column flex-lg-row gap-3\">\n    \n\n<div id=\"block-86\" class=\"wp-block-yellowtree-locked-image\">\n    <img decoding=\"async\" width=\"683\" height=\"1024\" src=\"https:\/\/icf.church\/geneve\/wp-content\/uploads\/sites\/121\/2025\/10\/lydia-conference-sept-2023-683x1024.jpg\" class=\"w-100 h-100 object-fit-cover\" alt=\"\" style=\"object-position: 50% 50%;\" loading=\"lazy\" sizes=\"(max-width: 992px) 100vw, 1600px\" srcset=\"https:\/\/icf.church\/geneve\/wp-content\/uploads\/sites\/121\/2025\/10\/lydia-conference-sept-2023-683x1024.jpg 683w, https:\/\/icf.church\/geneve\/wp-content\/uploads\/sites\/121\/2025\/10\/lydia-conference-sept-2023-200x300.jpg 200w, https:\/\/icf.church\/geneve\/wp-content\/uploads\/sites\/121\/2025\/10\/lydia-conference-sept-2023-768x1152.jpg 768w, https:\/\/icf.church\/geneve\/wp-content\/uploads\/sites\/121\/2025\/10\/lydia-conference-sept-2023-1024x1536.jpg 1024w, https:\/\/icf.church\/geneve\/wp-content\/uploads\/sites\/121\/2025\/10\/lydia-conference-sept-2023-1365x2048.jpg 1365w, https:\/\/icf.church\/geneve\/wp-content\/uploads\/sites\/121\/2025\/10\/lydia-conference-sept-2023-scaled.jpg 1707w\" \/><\/div>\n\n\n\n<div id=\"block-90\" data-bs-theme=\"dark\" class=\"card wp-block-yellowtree-text-card has-context-height\">\n  <div class=\"card-body px-4 py-6 p-sm-6 p-lg-8\">\n    \n\n<h2 id=\"block-87\">\n    Une \u00e9glise pour chaque g\u00e9n\u00e9ration<\/h2>\n\n\n<p id=\"block-88\">\n    \u00c0 ICF Gen\u00e8ve, nous voulons faire de la place pour chaque g\u00e9n\u00e9ration et chaque \u00e9tape de vie.<\/p>\n\n\n  <div>\n    <a id=\"block-89\" href=\"\" rel=\"\" class=\"wp-block-yellowtree-button-link btn btn-default\">\n      <span>D\u00e9couvrir les communaut\u00e9s<\/span>\n              <i class='icon fs-base-const fa-solid fa-people' aria-hidden=\"true\"><\/i>\n          <\/a>\n  <\/div>\n\n  <\/div>\n<\/div>\n<\/div>\n","protected":false},"excerpt":{"rendered":"<p>C\u00e9l\u00e9brations Chaque dimanche, nous nous retrouvons pour rencontrer Dieu \u00e0 travers la musique, des messages encourageants et des moments de communaut\u00e9. Nos c\u00e9l\u00e9brations sont ouvertes \u00e0 tous, peu importe ton parcours, ton \u00e2ge ou ton niveau de foi. Prochains pas Tu veux aller plus loin ? Nous voulons t\u2019aider \u00e0 trouver ta place, renforcer ta [&hellip;]<\/p>\n","protected":false},"author":162,"featured_media":0,"parent":0,"menu_order":8,"comment_status":"closed","ping_status":"closed","template":"","meta":{"_acf_changed":false,"_seopress_titles_title":"","_seopress_titles_desc":"","_seopress_robots_index":"","_seopress_robots_follow":"","_seopress_robots_imageindex":"","_seopress_robots_snippet":"","_seopress_robots_primary_cat":"","_seopress_robots_breadcrumbs":"","_seopress_robots_freeze_modified_date":"","_seopress_robots_custom_modified_date":"","_seopress_robots_canonical":"","_seopress_social_fb_title":"","_seopress_social_fb_desc":"","_seopress_social_fb_img":"","_seopress_social_fb_img_attachment_id":0,"_seopress_social_fb_img_width":0,"_seopress_social_fb_img_height":0,"_seopress_social_twitter_title":"","_seopress_social_twitter_desc":"","_seopress_social_twitter_img":"","_seopress_social_twitter_img_attachment_id":0,"_seopress_social_twitter_img_width":0,"_seopress_social_twitter_img_height":0,"_seopress_redirections_value":"","_seopress_redirections_enabled":"","_seopress_redirections_enabled_regex":"","_seopress_redirections_logged_status":"both","_seopress_redirections_param":"","_seopress_redirections_type":301,"_seopress_analysis_target_kw":"","_seopress_news_disabled":"","_seopress_video_disabled":"","_seopress_video":[{"url":"","title":"","desc":"","thumbnail":"","duration":"","rating":"","view_count":"","tag":""}],"_seopress_pro_schemas_manual":[],"_seopress_pro_rich_snippets_disable_all":"","_seopress_pro_rich_snippets_disable":[],"_seopress_pro_schemas":[],"yt_custom_styles_scss":"","yt_custom_styles_rounded_corners":false,"yt_custom_styles_color_scheme":"","footnotes":""},"class_list":["post-1233","page","type-page","status-publish","hentry"],"acf":[],"_links":{"self":[{"href":"https:\/\/icf.church\/geneve\/fr\/wp-json\/wp\/v2\/pages\/1233","targetHints":{"allow":["GET"]}}],"collection":[{"href":"https:\/\/icf.church\/geneve\/fr\/wp-json\/wp\/v2\/pages"}],"about":[{"href":"https:\/\/icf.church\/geneve\/fr\/wp-json\/wp\/v2\/types\/page"}],"author":[{"embeddable":true,"href":"https:\/\/icf.church\/geneve\/fr\/wp-json\/wp\/v2\/users\/162"}],"replies":[{"embeddable":true,"href":"https:\/\/icf.church\/geneve\/fr\/wp-json\/wp\/v2\/comments?post=1233"}],"version-history":[{"count":73,"href":"https:\/\/icf.church\/geneve\/fr\/wp-json\/wp\/v2\/pages\/1233\/revisions"}],"predecessor-version":[{"id":2291,"href":"https:\/\/icf.church\/geneve\/fr\/wp-json\/wp\/v2\/pages\/1233\/revisions\/2291"}],"wp:attachment":[{"href":"https:\/\/icf.church\/geneve\/fr\/wp-json\/wp\/v2\/media?parent=1233"}],"curies":[{"name":"wp","href":"https:\/\/api.w.org\/{rel}","templated":true}]}}