{"id":1239,"date":"2026-05-04T10:32:54","date_gmt":"2026-05-04T08:32:54","guid":{"rendered":"https:\/\/new.icf.church\/geneve\/?page_id=1239"},"modified":"2026-08-26T20:32:17","modified_gmt":"2026-08-26T18:32:17","slug":"leglise-en-ligne","status":"publish","type":"page","link":"https:\/\/icf.church\/geneve\/fr\/leglise-en-ligne\/","title":{"rendered":"L&rsquo;\u00e9glise en ligne"},"content":{"rendered":"<h1 id=\"block-1\" class=\"h1 text-start\">\n  Vivre plus, au-del\u00e0 du dimanche<\/h1>\n\n<div id=\"block-3\" class=\"pt-2 pb-2 alignfull is-layout-constrained\">\n  <div>\n            <div class=\"row gx-4 gy-4 \">\n          \n\n<div id=\"block-2\" class=\"col wp-block-yellowtree-column col-12 d-flex flex-column with-streched-height-children align-items-stretch align-items-md-stretch\">\n  <\/div>\n        <\/div>\n          <\/div>\n<\/div>\n\n<h1 id=\"block-4\" class=\"h1 text-start\">\n  Message<\/h1>\n\n<div id=\"block-6\" class=\"pt-2 pb-2 alignfull is-layout-constrained\">\n  <div>\n            <div class=\"row gx-4 gy-4 \">\n          \n\n<div id=\"block-5\" class=\"col wp-block-yellowtree-column col-12 d-flex flex-column with-streched-height-children align-items-stretch align-items-md-stretch\">\n  <\/div>\n        <\/div>\n          <\/div>\n<\/div>\n\n\n<div>\n  <div id=\"block-11\" data-bs-theme=\"dark\" class=\"wp-block-yellowtree-podcast-card card\">\n    <h3 class=\"title display-3 text-center\">Podcasts<\/h3>\n    <p class=\"text text-center\">Retrouve nos messages, podcasts, vid\u00e9os, formats cr\u00e9atifs et moments forts en replay. Du contenu qui inspire, encourage et te permet de rester connect\u00e9 \u00e0 l\u2019\u00e9glise, o\u00f9 que tu sois.<\/p>\n    <div class=\"mt-4\">\n      <div id=\"block-10\" class=\"wp-block-yellowtree-podcast-links d-flex gap-2 gap-sm-3 gap-lg-5 flex-column flex-lg-row justify-content-center\">\n  \n\n<a id=\"block-7\" href=\"https:\/\/open.spotify.com\/show\/5pT4oOX5uBR6PHpNZNhE0s?si=84b4c82199524446\" target=\"_blank\" class=\"wp-block-yellowtree-podcast-link btn is-spotify\" aria-label=\"Lien vers Spotify\"><img decoding=\"async\" aria-hidden=\"true\" width=\"100%\" height=\"60\" loading=\"lazy\" src=\"https:\/\/icf.church\/geneve\/wp-content\/themes\/icf\/assets\/images\/spotify-logo.svg\" alt=\"Spotify\"><\/a>\n\n\n<a id=\"block-8\" href=\"https:\/\/www.youtube.com\/@icfcelebration\" target=\"_blank\" class=\"wp-block-yellowtree-podcast-link btn is-youtube\" aria-label=\"Lien vers YouTube\"><img decoding=\"async\" aria-hidden=\"true\" width=\"100%\" height=\"60\" loading=\"lazy\" src=\"https:\/\/icf.church\/geneve\/wp-content\/themes\/icf\/assets\/images\/youtube-logo.svg\" alt=\"YouTube\"><\/a>\n\n\n<a id=\"block-9\" href=\"https:\/\/podcasts.apple.com\/ch\/podcast\/icf-gen%C3%A8ve\/id1427962984?l=fr-FR&amp;i=1000766225357\" target=\"_blank\" class=\"wp-block-yellowtree-podcast-link btn is-applePodcasts\" aria-label=\"Lien vers Apple Podcasts\"><img decoding=\"async\" aria-hidden=\"true\" width=\"100%\" height=\"60\" loading=\"lazy\" src=\"https:\/\/icf.church\/geneve\/wp-content\/themes\/icf\/assets\/images\/apple-podcasts-logo.svg\" alt=\"Apple Podcasts\"><\/a>\n<\/div>    <\/div>\n  <\/div>\n<\/div>\n\n\n<div id=\"block-13\" class=\"pt-2 pb-2 alignfull is-layout-constrained\">\n  <div>\n            <div class=\"row gx-4 gy-4 \">\n          \n\n<div id=\"block-12\" class=\"col wp-block-yellowtree-column col-12 d-flex flex-column with-streched-height-children align-items-stretch align-items-md-stretch\">\n  <\/div>\n        <\/div>\n          <\/div>\n<\/div>\n\n<h1 id=\"block-14\" class=\"h1 text-start\">\n  Worship<\/h1>\n\n<div id=\"block-16\" class=\"pt-2 pb-2 alignfull is-layout-constrained\">\n  <div>\n            <div class=\"row gx-4 gy-4 \">\n          \n\n<div id=\"block-15\" class=\"col wp-block-yellowtree-column col-12 d-flex flex-column with-streched-height-children align-items-stretch align-items-md-stretch\">\n  <\/div>\n        <\/div>\n          <\/div>\n<\/div>\n\n<div id=\"block-20\" class=\"pt-2 pb-2 alignfull is-layout-constrained\">\n  <div>\n            <div class=\"row gx-4 gy-4 \">\n          \n\n<div id=\"block-18\" class=\"col wp-block-yellowtree-column col-12 col-lg-7 d-flex flex-column with-streched-height-children align-items-stretch align-items-lg-stretch\">\n  <figure class=\"wp-embed-aspect-16-9 wp-has-aspect-ratio wp-block-embed has-context-height is-provider-youtube is-type-video\">\n  <div class=\"ratio\" style=\"--bs-aspect-ratio:56.25%\">\n          <div class=\"media-defer rounded overflow-hidden bg-black\" data-defer-target=\"iframe\" data-defer-url=\"https:\/\/www.youtube.com\/embed\/LrSgs_7wNmI?feature=oembed&amp;autoplay=1&amp;iv_load_policy=3&amp;rel=0&amp;dnt=0\" data-consent-required=\"marketing\">\n\n        <div class=\"media-defer__content h-100\" style=\"display: none;\">\n          <iframe width=\"500\" height=\"281\" frameborder=\"0\" allow=\"accelerometer; autoplay; clipboard-write; encrypted-media; gyroscope; picture-in-picture; web-share\" referrerpolicy=\"strict-origin-when-cross-origin\" allowfullscreen title=\"Sur les hauteurs [Vid\u00e9o paroles] | ICF Musique\"><\/iframe>        <\/div>\n\n        <div class=\"media-defer__placeholder h-100 position-relative\">\n          <img decoding=\"async\" class=\"video-thumbnail w-100 h-100 object-fit-cover\" src=\"https:\/\/icf.church\/geneve\/wp-content\/uploads\/sites\/121\/youtube-thumbs\/LrSgs_7wNmI-hqdefault.jpg\" srcset=\"https:\/\/icf.church\/geneve\/wp-content\/uploads\/sites\/121\/youtube-thumbs\/LrSgs_7wNmI-maxresdefault.jpg 1280w, https:\/\/icf.church\/geneve\/wp-content\/uploads\/sites\/121\/youtube-thumbs\/LrSgs_7wNmI-hqdefault.jpg 480w, https:\/\/icf.church\/geneve\/wp-content\/uploads\/sites\/121\/youtube-thumbs\/LrSgs_7wNmI-sddefault.jpg 640w\" sizes=\"(max-width: 2560px) 100vw, 2560px\" alt=\"Sur les hauteurs [Vid\u00e9o paroles] | ICF Musique\" draggable=\"false\" loading=\"lazy\">\n\n          <button class=\"video-toggle show\" type=\"button\" aria-label=\"lire le contenu\">\n          <\/button>\n\n                      <img decoding=\"async\" class=\"position-absolute end-0 bottom-0 video-provider-image\" src=\"https:\/\/icf.church\/geneve\/wp-content\/themes\/icf\/assets\/youtube-type-logo.svg\" alt=\"YouTube\" loading=\"lazy\">\n          \n          <div data-consent=\"marketing\" data-inverse class=\"position-absolute bottom-0 start-0 end-0 p-3 text-white bg-black bg-opacity-50 text-center\">\n            <p class=\"mb-0 small\">\n              En cliquant sur \ud83c\udfa5, le contenu de Youtube se charge. Vous autorisez les cookies pour marketing. En savoir plus dans nos <a href=\"https:\/\/icf.church\/geneve\/fr\/confidentialite\/\" class=\"text-white\">Politique de confidentialit\u00e9<\/a>.            <\/p>\n          <\/div>\n        <\/div>\n      <\/div>\n      <\/div>\n\n  <\/figure><\/div>\n\n\n<div id=\"block-19\" class=\"col wp-block-yellowtree-column col-12 col-lg-5 d-flex flex-column with-streched-height-children align-items-stretch align-items-lg-stretch\">\n  <\/div>\n        <\/div>\n          <\/div>\n<\/div>\n\n\n<div class=\"has-context-height\">\n  <article id=\"block-22\" data-bs-theme=\"dark\" class=\"wp-block-yellowtree-container-card card has-context-height\">\n    <div class=\"card-body\">\n      <p id=\"block-21\" class=\"text-start wp-block-paragraph\">\n  <strong>Le son de notre maison.<\/strong><br>D\u00e9couvre les chants d\u2019ICF, nos projets musicaux et une louange qui continue bien apr\u00e8s le dimanche. \u00c0 \u00e9couter, partager et laisser tourner dans ton quotidien.<\/p>    <\/div>\n  <\/article>\n<\/div>\n\n<div id=\"block-24\" class=\"pt-2 pb-2 alignfull is-layout-constrained\">\n  <div>\n            <div class=\"row gx-4 gy-4 \">\n          \n\n<div id=\"block-23\" class=\"col wp-block-yellowtree-column col-12 d-flex flex-column with-streched-height-children align-items-stretch align-items-md-stretch\">\n  <\/div>\n        <\/div>\n          <\/div>\n<\/div>\n\n<h1 id=\"block-25\" class=\"h1 text-start\">\n  Ressources<\/h1>\n\n<div id=\"block-27\" class=\"pt-2 pb-2 alignfull is-layout-constrained\">\n  <div>\n            <div class=\"row gx-4 gy-4 \">\n          \n\n<div id=\"block-26\" class=\"col wp-block-yellowtree-column col-12 d-flex flex-column with-streched-height-children align-items-stretch align-items-md-stretch\">\n  <\/div>\n        <\/div>\n          <\/div>\n<\/div>\n\n\n<div id=\"block-33\" class=\"wp-block-yellowtree-text-image d-flex flex-column flex-lg-row gap-3\">\n    \n\n<div id=\"block-28\" class=\"wp-block-yellowtree-locked-image\">\n    <img decoding=\"async\" width=\"1024\" height=\"683\" src=\"https:\/\/icf.church\/geneve\/wp-content\/uploads\/sites\/121\/2026\/05\/sincerely-media-dgxogexaxm8-unsplash-scaled-1-1024x683.jpg\" class=\"w-100 h-100 object-fit-cover\" alt=\"Audience members sitting with notebooks and pens.\" style=\"object-position: 50% 50%;\" loading=\"lazy\" sizes=\"(max-width: 992px) 100vw, 1600px\" srcset=\"https:\/\/icf.church\/geneve\/wp-content\/uploads\/sites\/121\/2026\/05\/sincerely-media-dgxogexaxm8-unsplash-scaled-1-1024x683.jpg 1024w, https:\/\/icf.church\/geneve\/wp-content\/uploads\/sites\/121\/2026\/05\/sincerely-media-dgxogexaxm8-unsplash-scaled-1-300x200.jpg 300w, https:\/\/icf.church\/geneve\/wp-content\/uploads\/sites\/121\/2026\/05\/sincerely-media-dgxogexaxm8-unsplash-scaled-1-768x512.jpg 768w, https:\/\/icf.church\/geneve\/wp-content\/uploads\/sites\/121\/2026\/05\/sincerely-media-dgxogexaxm8-unsplash-scaled-1-1536x1024.jpg 1536w, https:\/\/icf.church\/geneve\/wp-content\/uploads\/sites\/121\/2026\/05\/sincerely-media-dgxogexaxm8-unsplash-scaled-1-2048x1366.jpg 2048w\" \/><\/div>\n\n\n\n<div id=\"block-32\" data-bs-theme=\"dark\" class=\"card wp-block-yellowtree-text-card has-context-height\">\n  <div class=\"card-body px-4 py-6 p-sm-6 p-lg-8\">\n    \n\n<h2 id=\"block-29\">\n    <\/h2>\n\n\n<p id=\"block-30\">\n    Plans de lecture, \u00e9tudes bibliques, ressources pratiques et professionnelles se pr\u00e9parent pour nourrir tes questions, ta foi &amp; ton d\u00e9veloppement au quotidien. En attendant, \u00e9cris-nous un email et nous r\u00e9pondons rapidement \u00e0 tes questions.<\/p>\n\n\n  <div>\n    <a id=\"block-31\" href=\"mailto:info@icf-ge.ch\" rel=\"\" class=\"wp-block-yellowtree-button-link btn btn-default\">\n      <span>prendre contact<\/span>\n              <i class='icon fs-base-const fa-solid fa-envelope' aria-hidden=\"true\"><\/i>\n          <\/a>\n  <\/div>\n\n  <\/div>\n<\/div>\n<\/div>\n\n\n<div id=\"block-35\" class=\"pt-2 pb-2 alignfull is-layout-constrained\">\n  <div>\n            <div class=\"row gx-4 gy-4 \">\n          \n\n<div id=\"block-34\" class=\"col wp-block-yellowtree-column col-12 d-flex flex-column with-streched-height-children align-items-stretch align-items-md-stretch\">\n  <\/div>\n        <\/div>\n          <\/div>\n<\/div>\n\n<h1 id=\"block-36\" class=\"h1 text-start\">\n  Ressources Externes<\/h1>\n\n<div id=\"block-38\" class=\"pt-2 pb-2 alignfull is-layout-constrained\">\n  <div>\n            <div class=\"row gx-4 gy-4 \">\n          \n\n<div id=\"block-37\" class=\"col wp-block-yellowtree-column col-12 d-flex flex-column with-streched-height-children align-items-stretch align-items-md-stretch\">\n  <\/div>\n        <\/div>\n          <\/div>\n<\/div>\n\n<div id=\"block-42\" class=\"pt-2 pb-2 alignfull is-layout-constrained\">\n  <div>\n            <div class=\"row gx-4 gy-4 \">\n          \n\n<div id=\"block-41\" class=\"col wp-block-yellowtree-column col-12 d-flex flex-column with-streched-height-children align-items-stretch align-items-md-stretch\">\n  <p id=\"block-39\" class=\"text-start wp-block-paragraph\">\n  Parce que nous d\u00e9sirons grandir ensemble de mani\u00e8re pertinente et \u00e9quilibr\u00e9e, nous nous appuyons \u00e9galement sur des ressources externes de qualit\u00e9. Que ce soit pour approfondir ta foi, d\u00e9velopper ton leadership, nourrir ta vie spirituelle ou grandir sur le plan personnel, ces outils peuvent t\u2019accompagner dans ton parcours.<\/p>\n\n<p id=\"block-40\" class=\"text-start wp-block-paragraph\">\n  Voici quelques adresses et ressources pratiques que nous te recommandons pour continuer \u00e0 apprendre, te former et avancer avec Dieu au quotidien.<\/p><\/div>\n        <\/div>\n          <\/div>\n<\/div>\n\n<div id=\"block-44\" class=\"pt-2 pb-2 alignfull is-layout-constrained\">\n  <div>\n            <div class=\"row gx-4 gy-4 \">\n          \n\n<div id=\"block-43\" class=\"col wp-block-yellowtree-column col-12 d-flex flex-column with-streched-height-children align-items-stretch align-items-md-stretch\">\n  <\/div>\n        <\/div>\n          <\/div>\n<\/div>\n\n<p id=\"block-45\" class=\"text-start wp-block-paragraph\">\n  <strong class=\"myprefix-text-bold\">Theologie<\/strong> <strong class=\"myprefix-text-bold\">&amp; Culture<\/strong><\/p>\n\n<div id=\"block-47\" class=\"pt-2 pb-2 alignfull is-layout-constrained\">\n  <div>\n            <div class=\"row gx-4 gy-4 \">\n          \n\n<div id=\"block-46\" class=\"col wp-block-yellowtree-column col-12 d-flex flex-column with-streched-height-children align-items-stretch align-items-md-stretch\">\n  <\/div>\n        <\/div>\n          <\/div>\n<\/div>\n\n\n<div id=\"block-53\" class=\"wp-block-yellowtree-text-image d-flex flex-column flex-lg-row gap-3\">\n    \n\n<div id=\"block-48\" class=\"wp-block-yellowtree-locked-image\">\n    <img decoding=\"async\" width=\"1024\" height=\"768\" src=\"https:\/\/icf.church\/geneve\/wp-content\/uploads\/sites\/121\/2026\/05\/cultura-podcast-scaled-2500x0-c-default-1024x768.jpeg\" class=\"w-100 h-100 object-fit-cover\" alt=\"\" style=\"object-position: 50% 50%;\" loading=\"lazy\" sizes=\"(max-width: 992px) 100vw, 1600px\" srcset=\"https:\/\/icf.church\/geneve\/wp-content\/uploads\/sites\/121\/2026\/05\/cultura-podcast-scaled-2500x0-c-default-1024x768.jpeg 1024w, https:\/\/icf.church\/geneve\/wp-content\/uploads\/sites\/121\/2026\/05\/cultura-podcast-scaled-2500x0-c-default-300x225.jpeg 300w, https:\/\/icf.church\/geneve\/wp-content\/uploads\/sites\/121\/2026\/05\/cultura-podcast-scaled-2500x0-c-default-768x576.jpeg 768w, https:\/\/icf.church\/geneve\/wp-content\/uploads\/sites\/121\/2026\/05\/cultura-podcast-scaled-2500x0-c-default-1536x1152.jpeg 1536w, https:\/\/icf.church\/geneve\/wp-content\/uploads\/sites\/121\/2026\/05\/cultura-podcast-scaled-2500x0-c-default-2048x1536.jpeg 2048w\" \/><\/div>\n\n\n\n<div id=\"block-52\" data-bs-theme=\"dark\" class=\"card wp-block-yellowtree-text-card has-context-height\">\n  <div class=\"card-body px-4 py-6 p-sm-6 p-lg-8\">\n    \n\n<h2 id=\"block-49\">\n    Cultura<\/h2>\n\n\n<p id=\"block-50\">\n    Un podcast bi-mensuel avec des expert\u00b7e\u00b7s pour explorer la foi et les grandes questions de soci\u00e9t\u00e9.<\/p>\n\n\n  <div>\n    <a id=\"block-51\" href=\"https:\/\/www.youtube.com\/@Cultura_le_podcast\" rel=\"\" class=\"wp-block-yellowtree-button-link btn btn-default\">\n      <span>aller aux \u00e9pisodes<\/span>\n              <i class='icon fs-base-const fa-solid fa-play' aria-hidden=\"true\"><\/i>\n          <\/a>\n  <\/div>\n\n  <\/div>\n<\/div>\n<\/div>\n\n\n<div id=\"block-55\" class=\"pt-2 pb-2 alignfull is-layout-constrained\">\n  <div>\n            <div class=\"row gx-4 gy-4 \">\n          \n\n<div id=\"block-54\" class=\"col wp-block-yellowtree-column col-12 d-flex flex-column with-streched-height-children align-items-stretch align-items-md-stretch\">\n  <\/div>\n        <\/div>\n          <\/div>\n<\/div>\n\n<p id=\"block-56\" class=\"text-start wp-block-paragraph\">\n  <strong class=\"myprefix-text-bold\">D\u00e9veloppement personnel <\/strong><\/p>\n\n<div id=\"block-58\" class=\"pt-2 pb-2 alignfull is-layout-constrained\">\n  <div>\n            <div class=\"row gx-4 gy-4 \">\n          \n\n<div id=\"block-57\" class=\"col wp-block-yellowtree-column col-12 d-flex flex-column with-streched-height-children align-items-stretch align-items-md-stretch\">\n  <\/div>\n        <\/div>\n          <\/div>\n<\/div>\n\n\n<div id=\"block-64\" class=\"wp-block-yellowtree-text-image d-flex flex-column flex-lg-row gap-3\">\n    \n\n<div id=\"block-59\" class=\"wp-block-yellowtree-locked-image\">\n    <img decoding=\"async\" width=\"500\" height=\"749\" src=\"https:\/\/icf.church\/geneve\/wp-content\/uploads\/sites\/121\/2026\/05\/7i9a0623-2c49f785888dd9e0b27aa12b976f12e6.jpg\" class=\"w-100 h-100 object-fit-cover\" alt=\"\" style=\"object-position: 50% 50%;\" loading=\"lazy\" sizes=\"(max-width: 992px) 100vw, 1600px\" srcset=\"https:\/\/icf.church\/geneve\/wp-content\/uploads\/sites\/121\/2026\/05\/7i9a0623-2c49f785888dd9e0b27aa12b976f12e6.jpg 500w, https:\/\/icf.church\/geneve\/wp-content\/uploads\/sites\/121\/2026\/05\/7i9a0623-2c49f785888dd9e0b27aa12b976f12e6-200x300.jpg 200w\" \/><\/div>\n\n\n\n<div id=\"block-63\" data-bs-theme=\"dark\" class=\"card wp-block-yellowtree-text-card has-context-height\">\n  <div class=\"card-body px-4 py-6 p-sm-6 p-lg-8\">\n    \n\n<h2 id=\"block-60\">\n    Your path to success<\/h2>\n\n\n<p id=\"block-61\">\n    Et si c\u2019\u00e9tait le moment d\u2019aller plus loin ?<br>Personnellement, dans ta vie professionnelle, ou dans ton organisation, Ruth Kearns Wollmann, \u00e0 travers&nbsp;<em>Your Path to Success<\/em>, t\u2019aide \u00e0 progresser et atteindre tes objectifs.<\/p>\n\n\n  <div>\n    <a id=\"block-62\" href=\"https:\/\/yourpathtosuccess.ch\" rel=\"\" class=\"wp-block-yellowtree-button-link btn btn-default\">\n      <span>prendre un rendez-vous<\/span>\n              <i class='icon fs-base-const fa-solid fa-rocket-launch' aria-hidden=\"true\"><\/i>\n          <\/a>\n  <\/div>\n\n  <\/div>\n<\/div>\n<\/div>\n\n\n<div id=\"block-66\" class=\"pt-2 pb-2 alignfull is-layout-constrained\">\n  <div>\n            <div class=\"row gx-4 gy-4 \">\n          \n\n<div id=\"block-65\" class=\"col wp-block-yellowtree-column col-12 d-flex flex-column with-streched-height-children align-items-stretch align-items-md-stretch\">\n  <\/div>\n        <\/div>\n          <\/div>\n<\/div>\n\n<p id=\"block-67\" class=\"text-start wp-block-paragraph\">\n  <strong class=\"myprefix-text-bold\">Accompagnement spirituel <\/strong><\/p>\n\n<div id=\"block-69\" class=\"pt-2 pb-2 alignfull is-layout-constrained\">\n  <div>\n            <div class=\"row gx-4 gy-4 \">\n          \n\n<div id=\"block-68\" class=\"col wp-block-yellowtree-column col-12 d-flex flex-column with-streched-height-children align-items-stretch align-items-md-stretch\">\n  <\/div>\n        <\/div>\n          <\/div>\n<\/div>\n\n\n<div id=\"block-75\" class=\"wp-block-yellowtree-text-image d-flex flex-column flex-lg-row gap-3\">\n    \n\n<div id=\"block-70\" class=\"wp-block-yellowtree-locked-image\">\n    <img decoding=\"async\" width=\"683\" height=\"1024\" src=\"https:\/\/icf.church\/geneve\/wp-content\/uploads\/sites\/121\/2026\/06\/priscilla-du-preez-7ilppbxtavu-unsplash-683x1024.jpg\" class=\"w-100 h-100 object-fit-cover\" alt=\"\" style=\"object-position: 50% 50%;\" loading=\"lazy\" sizes=\"(max-width: 992px) 100vw, 1600px\" srcset=\"https:\/\/icf.church\/geneve\/wp-content\/uploads\/sites\/121\/2026\/06\/priscilla-du-preez-7ilppbxtavu-unsplash-683x1024.jpg 683w, https:\/\/icf.church\/geneve\/wp-content\/uploads\/sites\/121\/2026\/06\/priscilla-du-preez-7ilppbxtavu-unsplash-200x300.jpg 200w, https:\/\/icf.church\/geneve\/wp-content\/uploads\/sites\/121\/2026\/06\/priscilla-du-preez-7ilppbxtavu-unsplash-768x1152.jpg 768w, https:\/\/icf.church\/geneve\/wp-content\/uploads\/sites\/121\/2026\/06\/priscilla-du-preez-7ilppbxtavu-unsplash-1024x1536.jpg 1024w, https:\/\/icf.church\/geneve\/wp-content\/uploads\/sites\/121\/2026\/06\/priscilla-du-preez-7ilppbxtavu-unsplash-1365x2048.jpg 1365w, https:\/\/icf.church\/geneve\/wp-content\/uploads\/sites\/121\/2026\/06\/priscilla-du-preez-7ilppbxtavu-unsplash-scaled.jpg 1707w\" \/><\/div>\n\n\n\n<div id=\"block-74\" data-bs-theme=\"dark\" class=\"card wp-block-yellowtree-text-card has-context-height\">\n  <div class=\"card-body px-4 py-6 p-sm-6 p-lg-8\">\n    \n\n<h2 id=\"block-71\">\n    La barque<\/h2>\n\n\n<p id=\"block-72\">\n    La Barque est un centre de relation d\u2019aide chr\u00e9tienne.<br>Ici, nous souhaitons nous tenir \u00e0 vos c\u00f4t\u00e9s dans les diverses souffrances, difficult\u00e9s et complexit\u00e9s de vos vies, Pour que par la gr\u00e2ce de Dieu, vous puissiez retrouver sens, espoir et libert\u00e9.<\/p>\n\n\n  <div>\n    <a id=\"block-73\" href=\"https:\/\/la-barque.ch\/rendez-vous\/\" rel=\"\" target=\"_blank\" class=\"wp-block-yellowtree-button-link btn btn-default\">\n      <span>Prendre rendez-vous<\/span>\n              <i class='icon fs-base-const fa-solid fa-rocket-launch' aria-hidden=\"true\"><\/i>\n          <\/a>\n  <\/div>\n\n  <\/div>\n<\/div>\n<\/div>\n","protected":false},"excerpt":{"rendered":"<p>Vivre plus, au-del\u00e0 du dimanche Message Worship Ressources Ressources Externes Theologie &amp; Culture D\u00e9veloppement personnel Accompagnement spirituel<\/p>\n","protected":false},"author":162,"featured_media":0,"parent":0,"menu_order":10,"comment_status":"closed","ping_status":"closed","template":"","meta":{"_acf_changed":false,"_seopress_titles_title":"","_seopress_titles_desc":"","_seopress_robots_index":"","_seopress_robots_follow":"","_seopress_robots_imageindex":"","_seopress_robots_snippet":"","_seopress_robots_primary_cat":"","_seopress_robots_breadcrumbs":"","_seopress_robots_freeze_modified_date":"","_seopress_robots_custom_modified_date":"","_seopress_robots_canonical":"","_seopress_social_fb_title":"","_seopress_social_fb_desc":"","_seopress_social_fb_img":"","_seopress_social_fb_img_attachment_id":0,"_seopress_social_fb_img_width":0,"_seopress_social_fb_img_height":0,"_seopress_social_twitter_title":"","_seopress_social_twitter_desc":"","_seopress_social_twitter_img":"","_seopress_social_twitter_img_attachment_id":0,"_seopress_social_twitter_img_width":0,"_seopress_social_twitter_img_height":0,"_seopress_redirections_value":"","_seopress_redirections_enabled":"","_seopress_redirections_enabled_regex":"","_seopress_redirections_logged_status":"both","_seopress_redirections_param":"","_seopress_redirections_type":301,"_seopress_analysis_target_kw":"","_seopress_news_disabled":"","_seopress_video_disabled":"","_seopress_video":[{"url":"","title":"","desc":"","thumbnail":"","duration":"","rating":"","view_count":"","tag":""}],"_seopress_pro_schemas_manual":[],"_seopress_pro_rich_snippets_disable_all":"","_seopress_pro_rich_snippets_disable":[],"_seopress_pro_schemas":[],"yt_custom_styles_scss":"","yt_custom_styles_rounded_corners":false,"yt_custom_styles_color_scheme":"","footnotes":""},"class_list":["post-1239","page","type-page","status-publish","hentry"],"acf":[],"_links":{"self":[{"href":"https:\/\/icf.church\/geneve\/fr\/wp-json\/wp\/v2\/pages\/1239","targetHints":{"allow":["GET"]}}],"collection":[{"href":"https:\/\/icf.church\/geneve\/fr\/wp-json\/wp\/v2\/pages"}],"about":[{"href":"https:\/\/icf.church\/geneve\/fr\/wp-json\/wp\/v2\/types\/page"}],"author":[{"embeddable":true,"href":"https:\/\/icf.church\/geneve\/fr\/wp-json\/wp\/v2\/users\/162"}],"replies":[{"embeddable":true,"href":"https:\/\/icf.church\/geneve\/fr\/wp-json\/wp\/v2\/comments?post=1239"}],"version-history":[{"count":42,"href":"https:\/\/icf.church\/geneve\/fr\/wp-json\/wp\/v2\/pages\/1239\/revisions"}],"predecessor-version":[{"id":2223,"href":"https:\/\/icf.church\/geneve\/fr\/wp-json\/wp\/v2\/pages\/1239\/revisions\/2223"}],"wp:attachment":[{"href":"https:\/\/icf.church\/geneve\/fr\/wp-json\/wp\/v2\/media?parent=1239"}],"curies":[{"name":"wp","href":"https:\/\/api.w.org\/{rel}","templated":true}]}}