{"id":1245,"date":"2026-05-04T10:34:15","date_gmt":"2026-05-04T08:34:15","guid":{"rendered":"https:\/\/new.icf.church\/geneve\/?page_id=1245"},"modified":"2026-08-26T21:29:07","modified_gmt":"2026-08-26T19:29:07","slug":"nous-connaitre","status":"publish","type":"page","link":"https:\/\/icf.church\/geneve\/fr\/nous-connaitre\/","title":{"rendered":"Nous conna\u00eetre"},"content":{"rendered":"<h1 id=\"block-1\" class=\"h1 text-start\">\n  Notre \u00e9quipe<\/h1>\n\n<div id=\"block-3\" class=\"pt-2 pb-2 alignfull is-layout-constrained\">\n  <div>\n            <div class=\"row gx-4 gy-4 \">\n          \n\n<div id=\"block-2\" class=\"col wp-block-yellowtree-column col-12 d-flex flex-column with-streched-height-children align-items-stretch align-items-md-stretch\">\n  <\/div>\n        <\/div>\n          <\/div>\n<\/div>\n\n<h2 id=\"block-4\" class=\"h2 text-start\">\n  Le Staff<\/h2>\n\n<p id=\"block-5\" class=\"text-start wp-block-paragraph\">\n  La passion nous a amen\u00e9s jusqu\u2019ici.<br>Et surtout, elle nous donne envie de rencontrer des gens comme toi.<br>On est l\u00e0 chaque dimanche \u2014 viens nous dire bonjour, on sera ravis d\u2019\u00e9changer.<\/p>\n\n<div id=\"block-7\" class=\"pt-2 pb-2 alignfull is-layout-constrained\">\n  <div>\n            <div class=\"row gx-4 gy-4 \">\n          \n\n<div id=\"block-6\" class=\"col wp-block-yellowtree-column col-12 d-flex flex-column with-streched-height-children align-items-stretch align-items-md-stretch\">\n  <\/div>\n        <\/div>\n          <\/div>\n<\/div>\n\n<div id=\"block-15\" class=\"alignfull is-layout-constrained\">\n  <swiper-container init=\"false\" data-yt-template=\"3-col\" data-yt-pagination=\"true\" data-yt-navigation=\"false\" class=\"\" >\n          <swiper-slide><article id=\"block-8\" data-bs-theme=\"dark\" class=\"wp-block-yellowtree-card card has-context-height\" style=\"--card-img-position:50% 50%\">\n        <img decoding=\"async\" width=\"1024\" height=\"941\" src=\"https:\/\/icf.church\/geneve\/wp-content\/uploads\/sites\/121\/2026\/05\/adri-square-scaled-1-1024x941.jpg\" class=\"card-img-top\" alt=\"\" draggable=\"false\" loading=\"lazy\" srcset=\"https:\/\/icf.church\/geneve\/wp-content\/uploads\/sites\/121\/2026\/05\/adri-square-scaled-1-1024x941.jpg 1024w, https:\/\/icf.church\/geneve\/wp-content\/uploads\/sites\/121\/2026\/05\/adri-square-scaled-1-300x276.jpg 300w, https:\/\/icf.church\/geneve\/wp-content\/uploads\/sites\/121\/2026\/05\/adri-square-scaled-1-768x706.jpg 768w, https:\/\/icf.church\/geneve\/wp-content\/uploads\/sites\/121\/2026\/05\/adri-square-scaled-1-1536x1411.jpg 1536w, https:\/\/icf.church\/geneve\/wp-content\/uploads\/sites\/121\/2026\/05\/adri-square-scaled-1-2048x1882.jpg 2048w\" sizes=\"(max-width: 1024px) 100vw, 1024px\">    <div class=\"card-body\">\n    <h3 class=\"card-title\">Adrien<\/h3>\n    <p class=\"card-text\">PASTEUR PRINCIPAL<br>Adrien est passionn\u00e9 par le parcours de vie de chacun. Pasteur et amoureux de la Bible, il n\u2019a pas peur d\u2019exprimer et vivre son amour pour Dieu avec authenticit\u00e9 &#8211; en partageant sa soif de r\u00e9ponses concr\u00e8tes et profondes. Il ne te laissera pas indiff\u00e9rent !<br><br><br><\/p>\n      <\/div>\n<\/article><\/swiper-slide>\n          <swiper-slide><article id=\"block-9\" data-bs-theme=\"dark\" class=\"wp-block-yellowtree-card card has-context-height\" style=\"--card-img-position:50% 50%\">\n        <img decoding=\"async\" width=\"1024\" height=\"941\" src=\"https:\/\/icf.church\/geneve\/wp-content\/uploads\/sites\/121\/2026\/05\/monica-square-scaled-1-1024x941.jpg\" class=\"card-img-top\" alt=\"Monica\" draggable=\"false\" loading=\"lazy\" srcset=\"https:\/\/icf.church\/geneve\/wp-content\/uploads\/sites\/121\/2026\/05\/monica-square-scaled-1-1024x941.jpg 1024w, https:\/\/icf.church\/geneve\/wp-content\/uploads\/sites\/121\/2026\/05\/monica-square-scaled-1-300x276.jpg 300w, https:\/\/icf.church\/geneve\/wp-content\/uploads\/sites\/121\/2026\/05\/monica-square-scaled-1-768x706.jpg 768w, https:\/\/icf.church\/geneve\/wp-content\/uploads\/sites\/121\/2026\/05\/monica-square-scaled-1-1536x1411.jpg 1536w, https:\/\/icf.church\/geneve\/wp-content\/uploads\/sites\/121\/2026\/05\/monica-square-scaled-1-2048x1882.jpg 2048w\" sizes=\"(max-width: 1024px) 100vw, 1024px\">    <div class=\"card-body\">\n    <h3 class=\"card-title\">Monica<\/h3>\n    <p class=\"card-text\">PASTEURE COMMUNAUT\u00c9S, JEUNESSE &amp; INT\u00c9GRATION<br>Source d\u2018humour, de compassion et d\u2019authenticit\u00e9, Monica prend soin des diff\u00e9rentes communaut\u00e9s de notre \u00e9glise avec son mari Simon.  Ses messages et ses interventions sont toujours vent de fra\u00eecheur, refl\u00e9tant avec perfection la l\u00e9g\u00e8ret\u00e9 trouv\u00e9e dans la pr\u00e9sence de Dieu.<br><\/p>\n      <\/div>\n<\/article><\/swiper-slide>\n          <swiper-slide><article id=\"block-10\" data-bs-theme=\"dark\" class=\"wp-block-yellowtree-card card has-context-height\" style=\"--card-img-position:50% 50%\">\n        <img decoding=\"async\" width=\"1024\" height=\"941\" src=\"https:\/\/icf.church\/geneve\/wp-content\/uploads\/sites\/121\/2026\/05\/ruben-square-scaled-1-1024x941.jpg\" class=\"card-img-top\" alt=\"Ruben\" draggable=\"false\" loading=\"lazy\" srcset=\"https:\/\/icf.church\/geneve\/wp-content\/uploads\/sites\/121\/2026\/05\/ruben-square-scaled-1-1024x941.jpg 1024w, https:\/\/icf.church\/geneve\/wp-content\/uploads\/sites\/121\/2026\/05\/ruben-square-scaled-1-300x276.jpg 300w, https:\/\/icf.church\/geneve\/wp-content\/uploads\/sites\/121\/2026\/05\/ruben-square-scaled-1-768x706.jpg 768w, https:\/\/icf.church\/geneve\/wp-content\/uploads\/sites\/121\/2026\/05\/ruben-square-scaled-1-1536x1411.jpg 1536w, https:\/\/icf.church\/geneve\/wp-content\/uploads\/sites\/121\/2026\/05\/ruben-square-scaled-1-2048x1882.jpg 2048w\" sizes=\"(max-width: 1024px) 100vw, 1024px\">    <div class=\"card-body\">\n    <h3 class=\"card-title\">Ruben<\/h3>\n    <p class=\"card-text\">PASTEUR DISCIPLESHIP &amp; FORMATION<br>Amoureux de th\u00e9ologie, de litt\u00e9rature et de Marvel\/Comics, avec Ruben tu auras toujours de quoi \u00e9changer. Homme profond et r\u00e9fl\u00e9chi, il nous offre des messages passionn\u00e9s pour J\u00e9sus lors de nos c\u00e9l\u00e9brations. Il est aussi responsable des Connects, du Caf\u00e9 Th\u00e9o ainsi que du Discipleship College.<\/p>\n      <\/div>\n<\/article><\/swiper-slide>\n          <swiper-slide><article id=\"block-11\" data-bs-theme=\"dark\" class=\"wp-block-yellowtree-card card has-context-height\" style=\"--card-img-position:50% 50%\">\n        <img decoding=\"async\" width=\"1024\" height=\"941\" src=\"https:\/\/icf.church\/geneve\/wp-content\/uploads\/sites\/121\/2026\/05\/cedric-square-scaled-1-1024x941.jpg\" class=\"card-img-top\" alt=\"Smiling man with dark curly hair and beard in black t-shirt.\" draggable=\"false\" loading=\"lazy\" srcset=\"https:\/\/icf.church\/geneve\/wp-content\/uploads\/sites\/121\/2026\/05\/cedric-square-scaled-1-1024x941.jpg 1024w, https:\/\/icf.church\/geneve\/wp-content\/uploads\/sites\/121\/2026\/05\/cedric-square-scaled-1-300x276.jpg 300w, https:\/\/icf.church\/geneve\/wp-content\/uploads\/sites\/121\/2026\/05\/cedric-square-scaled-1-768x706.jpg 768w, https:\/\/icf.church\/geneve\/wp-content\/uploads\/sites\/121\/2026\/05\/cedric-square-scaled-1-1536x1411.jpg 1536w, https:\/\/icf.church\/geneve\/wp-content\/uploads\/sites\/121\/2026\/05\/cedric-square-scaled-1-2048x1882.jpg 2048w\" sizes=\"(max-width: 1024px) 100vw, 1024px\">    <div class=\"card-body\">\n    <h3 class=\"card-title\">C\u00e9dric<\/h3>\n    <p class=\"card-text\">PASTEUR JEUNESSE&nbsp;<br>Plein d\u2019humour et dot\u00e9 d\u2019un d\u00e9hanch\u00e9 l\u00e9gendaire, C\u00e9dric dirige le groupe de jeunes ICF Youth (les 14-20 ans). Il compl\u00e8te notre \u00e9quipe pastorale avec sa fraicheur, tout en nous rappelant l\u2019essentiel : que chacun puisse vivre une intimit\u00e9 avec Dieu.<\/p>\n      <\/div>\n<\/article><\/swiper-slide>\n          <swiper-slide><article id=\"block-12\" data-bs-theme=\"dark\" class=\"wp-block-yellowtree-card card has-context-height\" style=\"--card-img-position:50% 50%\">\n        <img decoding=\"async\" width=\"1024\" height=\"941\" src=\"https:\/\/icf.church\/geneve\/wp-content\/uploads\/sites\/121\/2026\/05\/evelyne-square-scaled-1-1024x941.jpg\" class=\"card-img-top\" alt=\"Evelyne\" draggable=\"false\" loading=\"lazy\" srcset=\"https:\/\/icf.church\/geneve\/wp-content\/uploads\/sites\/121\/2026\/05\/evelyne-square-scaled-1-1024x941.jpg 1024w, https:\/\/icf.church\/geneve\/wp-content\/uploads\/sites\/121\/2026\/05\/evelyne-square-scaled-1-300x276.jpg 300w, https:\/\/icf.church\/geneve\/wp-content\/uploads\/sites\/121\/2026\/05\/evelyne-square-scaled-1-768x706.jpg 768w, https:\/\/icf.church\/geneve\/wp-content\/uploads\/sites\/121\/2026\/05\/evelyne-square-scaled-1-1536x1411.jpg 1536w, https:\/\/icf.church\/geneve\/wp-content\/uploads\/sites\/121\/2026\/05\/evelyne-square-scaled-1-2048x1882.jpg 2048w\" sizes=\"(max-width: 1024px) 100vw, 1024px\">    <div class=\"card-body\">\n    <h3 class=\"card-title\">Evelyne<\/h3>\n    <p class=\"card-text\">LEADER FINANCES &amp; ONE LOVE<br>Son sourire et son rire parlent d\u2019eux-m\u00eame. Toujours pr\u00eate \u00e0 aimer, rendre service, prier, rectifier, &#8230; Personnalit\u00e9 g\u00e9n\u00e9reuse, Evelyne travaille dans l\u2019ombre. Sans elle, notre \u00e9quipe ne tournerait pas si bien. Nous sommes fiers de l\u2019avoir parmi nous. On pourrait facilement l\u2019appeler \u00ab\u00a0Marraine la f\u00e9e \u00e0 tout faire\u00a0\u00bb.<\/p>\n      <\/div>\n<\/article><\/swiper-slide>\n          <swiper-slide><article id=\"block-13\" data-bs-theme=\"dark\" class=\"wp-block-yellowtree-card card has-context-height\" style=\"--card-img-position:50% 50%\">\n        <img decoding=\"async\" width=\"1024\" height=\"941\" src=\"https:\/\/icf.church\/geneve\/wp-content\/uploads\/sites\/121\/2026\/05\/sven-square-scaled-1-1024x941.jpg\" class=\"card-img-top\" alt=\"Sven\" draggable=\"false\" loading=\"lazy\" srcset=\"https:\/\/icf.church\/geneve\/wp-content\/uploads\/sites\/121\/2026\/05\/sven-square-scaled-1-1024x941.jpg 1024w, https:\/\/icf.church\/geneve\/wp-content\/uploads\/sites\/121\/2026\/05\/sven-square-scaled-1-300x276.jpg 300w, https:\/\/icf.church\/geneve\/wp-content\/uploads\/sites\/121\/2026\/05\/sven-square-scaled-1-768x706.jpg 768w, https:\/\/icf.church\/geneve\/wp-content\/uploads\/sites\/121\/2026\/05\/sven-square-scaled-1-1536x1411.jpg 1536w, https:\/\/icf.church\/geneve\/wp-content\/uploads\/sites\/121\/2026\/05\/sven-square-scaled-1-2048x1882.jpg 2048w\" sizes=\"(max-width: 1024px) 100vw, 1024px\">    <div class=\"card-body\">\n    <h3 class=\"card-title\">Sven<\/h3>\n    <p class=\"card-text\">WORSHIP &amp; CREATIVE LEADER<br>Chaleureux et positif, Sven sera toujours la bonne personne vers qui te tourner pour \u00eatre encourag\u00e9, aim\u00e9 et \u00e9cout\u00e9. Il dirige la Band et insuffle sa l\u00e9g\u00e8ret\u00e9 &amp; cr\u00e9ativit\u00e9 lors de nos c\u00e9l\u00e9brations. En parlant avec lui, tu pourras remarquer une certaine ressemblance avec le renne homonyme de \u00ab\u00a0La Reine des neiges\u00a0\u00bb.<\/p>\n      <\/div>\n<\/article><\/swiper-slide>\n          <swiper-slide><article id=\"block-14\" data-bs-theme=\"dark\" class=\"wp-block-yellowtree-card card has-context-height\" style=\"--card-img-position:50% 50%\">\n        <img decoding=\"async\" width=\"1024\" height=\"941\" src=\"https:\/\/icf.church\/geneve\/wp-content\/uploads\/sites\/121\/2026\/05\/al-square-scaled-1-1024x941.jpg\" class=\"card-img-top\" alt=\"Alois\" draggable=\"false\" loading=\"lazy\" srcset=\"https:\/\/icf.church\/geneve\/wp-content\/uploads\/sites\/121\/2026\/05\/al-square-scaled-1-1024x941.jpg 1024w, https:\/\/icf.church\/geneve\/wp-content\/uploads\/sites\/121\/2026\/05\/al-square-scaled-1-300x276.jpg 300w, https:\/\/icf.church\/geneve\/wp-content\/uploads\/sites\/121\/2026\/05\/al-square-scaled-1-768x706.jpg 768w, https:\/\/icf.church\/geneve\/wp-content\/uploads\/sites\/121\/2026\/05\/al-square-scaled-1-1536x1411.jpg 1536w, https:\/\/icf.church\/geneve\/wp-content\/uploads\/sites\/121\/2026\/05\/al-square-scaled-1-2048x1882.jpg 2048w\" sizes=\"(max-width: 1024px) 100vw, 1024px\">    <div class=\"card-body\">\n    <h3 class=\"card-title\">Alo\u00efs<\/h3>\n    <p class=\"card-text\">COMMUNICATION MANAGER &amp; ART DIRECTION<br>Licorne magique dans ses heures perdues, Alo\u00efs vit dans un autre monde, il ne manquera jamais d\u2018id\u00e9e et de cr\u00e9ativit\u00e9. Tu peux aussi d\u00e9couvrir ce personnage unique en authenticit\u00e9 lors de nos c\u00e9l\u00e9brations : avec une passion communicative, il dirige parfois nos temps de louange.<\/p>\n      <\/div>\n<\/article><\/swiper-slide>\n      <\/swiper-container>\n<\/div>\n\n<div id=\"block-17\" class=\"pt-2 pb-2 alignfull is-layout-constrained\">\n  <div>\n            <div class=\"row gx-4 gy-4 \">\n          \n\n<div id=\"block-16\" class=\"col wp-block-yellowtree-column col-12 d-flex flex-column with-streched-height-children align-items-stretch align-items-md-stretch\">\n  <\/div>\n        <\/div>\n          <\/div>\n<\/div>\n\n<div id=\"block-20\" class=\"pt-2 pb-2 alignfull is-layout-constrained\">\n  <div>\n            <div class=\"row gx-4 gy-4 \">\n          \n\n<div id=\"block-19\" class=\"col wp-block-yellowtree-column col-12 d-flex flex-column justify-content-center align-items-center align-items-md-center\">\n  <div>\n    <a id=\"block-18\" href=\"mailto:info@icf-ge.ch\" rel=\"\" target=\"_blank\" class=\"wp-block-yellowtree-button-link btn btn-default\">\n      <span>Nous contacter<\/span>\n              <i class=\"icon fs-base-const fa-solid fa-envelope\" aria-hidden=\"true\"><\/i>\n          <\/a>\n  <\/div><\/div>\n        <\/div>\n          <\/div>\n<\/div>\n\n<div id=\"block-22\" class=\"pt-2 pb-2 alignfull is-layout-constrained\">\n  <div>\n            <div class=\"row gx-4 gy-4 \">\n          \n\n<div id=\"block-21\" class=\"col wp-block-yellowtree-column col-12 d-flex flex-column with-streched-height-children align-items-stretch align-items-md-stretch\">\n  <\/div>\n        <\/div>\n          <\/div>\n<\/div>\n\n<h2 id=\"block-23\" class=\"h2 text-start\">\n  Les b\u00e9n\u00e9voles<\/h2>\n\n<p id=\"block-24\" class=\"text-start wp-block-paragraph\">\n  L\u2019\u00c9glise, ce n\u2019est pas un b\u00e2timent \u2014 c\u2019est nous.<br>Des b\u00e9n\u00e9voles engag\u00e9s, port\u00e9s par l\u2019amour de Dieu et des autres,<br>qui rendent possibles, chaque dimanche, des moments o\u00f9 tu peux rencontrer Dieu.<\/p>\n\n<div id=\"block-26\" class=\"pt-2 pb-2 alignfull is-layout-constrained\">\n  <div>\n            <div class=\"row gx-4 gy-4 \">\n          \n\n<div id=\"block-25\" class=\"col wp-block-yellowtree-column col-12 d-flex flex-column with-streched-height-children align-items-stretch align-items-md-stretch\">\n  <\/div>\n        <\/div>\n          <\/div>\n<\/div>\n\n<div id=\"block-30\" class=\"alignfull is-layout-constrained\">\n  <swiper-container init=\"false\" data-yt-template=\"3-col\" data-yt-pagination=\"true\" data-yt-navigation=\"false\" class=\"\" >\n          <swiper-slide><article id=\"block-27\" data-bs-theme=\"dark\" class=\"wp-block-yellowtree-card card has-context-height\" style=\"--card-img-position:50% 50%\">\n        <img decoding=\"async\" width=\"1024\" height=\"941\" src=\"https:\/\/icf.church\/geneve\/wp-content\/uploads\/sites\/121\/2026\/05\/aloe-square-scaled-1-1024x941.jpg\" class=\"card-img-top\" alt=\"\" draggable=\"false\" loading=\"lazy\" srcset=\"https:\/\/icf.church\/geneve\/wp-content\/uploads\/sites\/121\/2026\/05\/aloe-square-scaled-1-1024x941.jpg 1024w, https:\/\/icf.church\/geneve\/wp-content\/uploads\/sites\/121\/2026\/05\/aloe-square-scaled-1-300x276.jpg 300w, https:\/\/icf.church\/geneve\/wp-content\/uploads\/sites\/121\/2026\/05\/aloe-square-scaled-1-768x706.jpg 768w, https:\/\/icf.church\/geneve\/wp-content\/uploads\/sites\/121\/2026\/05\/aloe-square-scaled-1-1536x1411.jpg 1536w, https:\/\/icf.church\/geneve\/wp-content\/uploads\/sites\/121\/2026\/05\/aloe-square-scaled-1-2048x1882.jpg 2048w\" sizes=\"(max-width: 1024px) 100vw, 1024px\">    <div class=\"card-body\">\n    <h3 class=\"card-title\">Alo\u00e9<\/h3>\n    <p class=\"card-text\">LEADER WELCOME<br>Accueillante et passionn\u00e9e, Alo\u00e9e est notre responsable int\u00e9gration. Sa douceur et son amour pour Dieu et pour les gens ne manquera pas de te toucher. Si tu es nouveau\/nouvelle, il y a de forte chance que \u00e7a soit le premier sourire sur lequel tu tomberas, et tu seras toujours le\/la bienvenu-e pour trouver les r\u00e9ponses dont tu as besoin.<\/p>\n      <\/div>\n<\/article><\/swiper-slide>\n          <swiper-slide><article id=\"block-28\" data-bs-theme=\"dark\" class=\"wp-block-yellowtree-card card has-context-height\" style=\"--card-img-position:50% 50%\">\n        <img decoding=\"async\" width=\"1024\" height=\"941\" src=\"https:\/\/icf.church\/geneve\/wp-content\/uploads\/sites\/121\/2026\/05\/ruth-square-scaled-1-1024x941.jpg\" class=\"card-img-top\" alt=\"\" draggable=\"false\" loading=\"lazy\" srcset=\"https:\/\/icf.church\/geneve\/wp-content\/uploads\/sites\/121\/2026\/05\/ruth-square-scaled-1-1024x941.jpg 1024w, https:\/\/icf.church\/geneve\/wp-content\/uploads\/sites\/121\/2026\/05\/ruth-square-scaled-1-300x276.jpg 300w, https:\/\/icf.church\/geneve\/wp-content\/uploads\/sites\/121\/2026\/05\/ruth-square-scaled-1-768x706.jpg 768w, https:\/\/icf.church\/geneve\/wp-content\/uploads\/sites\/121\/2026\/05\/ruth-square-scaled-1-1536x1411.jpg 1536w, https:\/\/icf.church\/geneve\/wp-content\/uploads\/sites\/121\/2026\/05\/ruth-square-scaled-1-2048x1882.jpg 2048w\" sizes=\"(max-width: 1024px) 100vw, 1024px\">    <div class=\"card-body\">\n    <h3 class=\"card-title\">Ruth<\/h3>\n    <p class=\"card-text\">LEADERSHIP COACH<br>Oreille attentive, source de sagesse et d\u2018encouragements, Ruth r\u00e9v\u00e8le le potentiel de chacun tant dans son quotidien que dans le cadre de l\u2019\u00e9glise. R\u00e9guli\u00e8rement, elle nous fait l\u2018honneur d\u2019\u00eatre pasteur lors de nos c\u00e9l\u00e9brations, et particuli\u00e8rement durant nos Hope Sundays.<\/p>\n      <\/div>\n<\/article><\/swiper-slide>\n          <swiper-slide><article id=\"block-29\" data-bs-theme=\"dark\" class=\"wp-block-yellowtree-card card has-context-height\" style=\"--card-img-position:50% 50%\">\n        <img decoding=\"async\" width=\"1024\" height=\"941\" src=\"https:\/\/icf.church\/geneve\/wp-content\/uploads\/sites\/121\/2026\/05\/sam-anya-2-1024x941.jpg\" class=\"card-img-top\" alt=\"\" draggable=\"false\" loading=\"lazy\" srcset=\"https:\/\/icf.church\/geneve\/wp-content\/uploads\/sites\/121\/2026\/05\/sam-anya-2-1024x941.jpg 1024w, https:\/\/icf.church\/geneve\/wp-content\/uploads\/sites\/121\/2026\/05\/sam-anya-2-300x276.jpg 300w, https:\/\/icf.church\/geneve\/wp-content\/uploads\/sites\/121\/2026\/05\/sam-anya-2-768x706.jpg 768w, https:\/\/icf.church\/geneve\/wp-content\/uploads\/sites\/121\/2026\/05\/sam-anya-2-1536x1411.jpg 1536w, https:\/\/icf.church\/geneve\/wp-content\/uploads\/sites\/121\/2026\/05\/sam-anya-2-2048x1882.jpg 2048w\" sizes=\"(max-width: 1024px) 100vw, 1024px\">    <div class=\"card-body\">\n    <h3 class=\"card-title\">Sam&amp;Anya<\/h3>\n    <p class=\"card-text\">LEADERS INTERNATIONALS <br>Avec \u00e9nergie, c\u0153ur et bonne humeur, Sam &amp; Anya cr\u00e9ent du lien et font en sorte que chaque internationaux  se sentent accueilli, connect\u00e9s et \u00e0 la maison. Passionn\u00e9s par les gens, les voyages et les nouvelles id\u00e9es, ils investissent leur \u00e9nergie pour b\u00e2tir une communaut\u00e9 internationale vivante, ouverte et profond\u00e9ment enracin\u00e9e.<br>Anya apporte sa force, sa sensibilit\u00e9 et son talent \u00e0 travers la musique, tandis que Sam inspire et rassemble avec une communication naturelle inimitable. Ensemble, ils incarnent une \u00e9glise ouverte sur le monde, humaine, chaleureuse et tourn\u00e9e vers les autres.<\/p>\n      <\/div>\n<\/article><\/swiper-slide>\n      <\/swiper-container>\n<\/div>\n\n<div id=\"block-32\" class=\"pt-2 pb-2 alignfull is-layout-constrained\">\n  <div>\n            <div class=\"row gx-4 gy-4 \">\n          \n\n<div id=\"block-31\" class=\"col wp-block-yellowtree-column col-12 d-flex flex-column with-streched-height-children align-items-stretch align-items-md-stretch\">\n  <\/div>\n        <\/div>\n          <\/div>\n<\/div>\n\n<div id=\"block-35\" class=\"pt-2 pb-2 alignfull is-layout-constrained\">\n  <div>\n            <div class=\"row gx-4 gy-4 \">\n          \n\n<div id=\"block-34\" class=\"col wp-block-yellowtree-column col-12 d-flex flex-column justify-content-center align-items-center align-items-md-center\">\n  <div>\n    <a id=\"block-33\" href=\"mailto:info@icf-ge.ch\" rel=\"\" target=\"_blank\" class=\"wp-block-yellowtree-button-link btn btn-default\">\n      <span>Nous contacter<\/span>\n              <i class=\"icon fs-base-const fa-solid fa-envelope\" aria-hidden=\"true\"><\/i>\n          <\/a>\n  <\/div><\/div>\n        <\/div>\n          <\/div>\n<\/div>\n\n<div id=\"block-37\" class=\"pt-2 pb-2 alignfull is-layout-constrained\">\n  <div>\n            <div class=\"row gx-4 gy-4 \">\n          \n\n<div id=\"block-36\" class=\"col wp-block-yellowtree-column col-12 d-flex flex-column with-streched-height-children align-items-stretch align-items-md-stretch\">\n  <\/div>\n        <\/div>\n          <\/div>\n<\/div>\n\n<h2 id=\"block-38\" class=\"h2 text-start\">\n  Devenir b\u00e9n\u00e9vole<\/h2>\n\n<h3 id=\"block-39\" class=\"h3 text-start\">\n  Toi aussi, tu peux refl\u00e9ter le c\u0153ur de Dieu en offrant un peu de ton temps et de tes talents pour les autres. clique sur le lien ci-dessous et d\u00e9couvre les talents recherch\u00e9s.<\/h3>\n\n<div id=\"block-41\" class=\"pt-2 pb-2 alignfull is-layout-constrained\">\n  <div>\n            <div class=\"row gx-4 gy-4 \">\n          \n\n<div id=\"block-40\" class=\"col wp-block-yellowtree-column col-12 d-flex flex-column with-streched-height-children align-items-stretch align-items-md-stretch\">\n  <\/div>\n        <\/div>\n          <\/div>\n<\/div>\n\n<div id=\"block-44\" class=\"pt-2 pb-2 alignfull is-layout-constrained\">\n  <div>\n            <div class=\"row gx-4 gy-4 \">\n          \n\n<div id=\"block-43\" class=\"col wp-block-yellowtree-column col-12 d-flex flex-column justify-content-center align-items-center align-items-md-center\">\n  <div>\n    <a id=\"block-42\" href=\"https:\/\/icf-geneve.elvanto.eu\/form\/1621dd18-572a-4a40-bd5f-f62932e4b4c5\" rel=\"\" target=\"_blank\" class=\"wp-block-yellowtree-button-link btn btn-default\">\n      <span>Rejoindre une \u00e9quipe<\/span>\n              <i class=\"icon fs-base-const fa-solid fa-users\" aria-hidden=\"true\"><\/i>\n          <\/a>\n  <\/div><\/div>\n        <\/div>\n          <\/div>\n<\/div>\n\n<div id=\"block-46\" class=\"pt-2 pb-2 alignfull is-layout-constrained\">\n  <div>\n            <div class=\"row gx-4 gy-4 \">\n          \n\n<div id=\"block-45\" class=\"col wp-block-yellowtree-column col-12 d-flex flex-column with-streched-height-children align-items-stretch align-items-md-stretch\">\n  <\/div>\n        <\/div>\n          <\/div>\n<\/div>\n\n<h1 id=\"block-47\" class=\"h1 text-start\">\n  Nos valeurs<\/h1>\n\n<div id=\"block-49\" class=\"pt-2 pb-2 alignfull is-layout-constrained\">\n  <div>\n            <div class=\"row gx-4 gy-4 \">\n          \n\n<div id=\"block-48\" class=\"col wp-block-yellowtree-column col-12 d-flex flex-column with-streched-height-children align-items-stretch align-items-md-stretch\">\n  <\/div>\n        <\/div>\n          <\/div>\n<\/div>\n\n<h3 id=\"block-50\" class=\"h3 text-start\">\n  ICF Gen\u00e8ve est une \u00e9glise fond\u00e9e sur la bible. Nous sommes passionn\u00e9s par la vie avec J\u00e9sus.<\/h3>\n\n<div id=\"block-52\" class=\"pt-2 pb-2 alignfull is-layout-constrained\">\n  <div>\n            <div class=\"row gx-4 gy-4 \">\n          \n\n<div id=\"block-51\" class=\"col wp-block-yellowtree-column col-12 d-flex flex-column with-streched-height-children align-items-stretch align-items-md-stretch\">\n  <\/div>\n        <\/div>\n          <\/div>\n<\/div>\n\n<div id=\"block-56\" class=\"alignfull is-layout-constrained\">\n  <swiper-container init=\"false\" data-yt-template=\"3-col\" data-yt-pagination=\"true\" data-yt-navigation=\"false\" class=\"\" >\n          <swiper-slide><article id=\"block-53\" data-bs-theme=\"dark\" class=\"wp-block-yellowtree-card card has-context-height\" style=\"--card-img-position:50% 50%\">\n        <img decoding=\"async\" width=\"683\" height=\"1024\" src=\"https:\/\/icf.church\/geneve\/wp-content\/uploads\/sites\/121\/2025\/10\/250529_09-43-35_conf-lydia-g-683x1024.jpg\" class=\"card-img-top\" alt=\"\" draggable=\"false\" loading=\"lazy\" srcset=\"https:\/\/icf.church\/geneve\/wp-content\/uploads\/sites\/121\/2025\/10\/250529_09-43-35_conf-lydia-g-683x1024.jpg 683w, https:\/\/icf.church\/geneve\/wp-content\/uploads\/sites\/121\/2025\/10\/250529_09-43-35_conf-lydia-g-200x300.jpg 200w, https:\/\/icf.church\/geneve\/wp-content\/uploads\/sites\/121\/2025\/10\/250529_09-43-35_conf-lydia-g-768x1152.jpg 768w, https:\/\/icf.church\/geneve\/wp-content\/uploads\/sites\/121\/2025\/10\/250529_09-43-35_conf-lydia-g-1024x1536.jpg 1024w, https:\/\/icf.church\/geneve\/wp-content\/uploads\/sites\/121\/2025\/10\/250529_09-43-35_conf-lydia-g-1365x2048.jpg 1365w, https:\/\/icf.church\/geneve\/wp-content\/uploads\/sites\/121\/2025\/10\/250529_09-43-35_conf-lydia-g-scaled.jpg 1707w\" sizes=\"(max-width: 683px) 100vw, 683px\">    <div class=\"card-body\">\n    <h3 class=\"card-title\">Authentique<\/h3>\n    <p class=\"card-text\">Les gens ont besoin d\u2019entendre, de voir et d\u2019exp\u00e9rimenter notre authenticit\u00e9 avant de pouvoir nous faire confiance.<\/p>\n      <\/div>\n<\/article><\/swiper-slide>\n          <swiper-slide><article id=\"block-54\" data-bs-theme=\"dark\" class=\"wp-block-yellowtree-card card has-context-height\" style=\"--card-img-position:50% 50%\">\n        <img decoding=\"async\" width=\"683\" height=\"1024\" src=\"https:\/\/icf.church\/geneve\/wp-content\/uploads\/sites\/121\/2025\/10\/250529_11-45-59_conf-jakob-m-683x1024.jpg\" class=\"card-img-top\" alt=\"\" draggable=\"false\" loading=\"lazy\" srcset=\"https:\/\/icf.church\/geneve\/wp-content\/uploads\/sites\/121\/2025\/10\/250529_11-45-59_conf-jakob-m-683x1024.jpg 683w, https:\/\/icf.church\/geneve\/wp-content\/uploads\/sites\/121\/2025\/10\/250529_11-45-59_conf-jakob-m-200x300.jpg 200w, https:\/\/icf.church\/geneve\/wp-content\/uploads\/sites\/121\/2025\/10\/250529_11-45-59_conf-jakob-m-768x1152.jpg 768w, https:\/\/icf.church\/geneve\/wp-content\/uploads\/sites\/121\/2025\/10\/250529_11-45-59_conf-jakob-m-1024x1536.jpg 1024w, https:\/\/icf.church\/geneve\/wp-content\/uploads\/sites\/121\/2025\/10\/250529_11-45-59_conf-jakob-m-1365x2048.jpg 1365w, https:\/\/icf.church\/geneve\/wp-content\/uploads\/sites\/121\/2025\/10\/250529_11-45-59_conf-jakob-m-scaled.jpg 1706w\" sizes=\"(max-width: 683px) 100vw, 683px\">    <div class=\"card-body\">\n    <h3 class=\"card-title\">Pertinent<\/h3>\n    <p class=\"card-text\">Nous nous attachons \u00e0 trouver des solutions pertinentes : des r\u00e9ponses intemporelles aux questions de notre \u00e9poque. C\u2019est pourquoi nous nous demandons sans cesse \u00e0 quoi doit ressembler une \u00e9glise pour attirer les gens.<\/p>\n      <\/div>\n<\/article><\/swiper-slide>\n          <swiper-slide><article id=\"block-55\" data-bs-theme=\"dark\" class=\"wp-block-yellowtree-card card has-context-height\" style=\"--card-img-position:50% 50%\">\n        <img decoding=\"async\" width=\"1024\" height=\"683\" src=\"https:\/\/icf.church\/geneve\/wp-content\/uploads\/sites\/121\/2025\/10\/kopie-von-kopie-von-marina-38-1024x683.jpg\" class=\"card-img-top\" alt=\"\" draggable=\"false\" loading=\"lazy\" srcset=\"https:\/\/icf.church\/geneve\/wp-content\/uploads\/sites\/121\/2025\/10\/kopie-von-kopie-von-marina-38-1024x683.jpg 1024w, https:\/\/icf.church\/geneve\/wp-content\/uploads\/sites\/121\/2025\/10\/kopie-von-kopie-von-marina-38-300x200.jpg 300w, https:\/\/icf.church\/geneve\/wp-content\/uploads\/sites\/121\/2025\/10\/kopie-von-kopie-von-marina-38-768x512.jpg 768w, https:\/\/icf.church\/geneve\/wp-content\/uploads\/sites\/121\/2025\/10\/kopie-von-kopie-von-marina-38-1536x1024.jpg 1536w, https:\/\/icf.church\/geneve\/wp-content\/uploads\/sites\/121\/2025\/10\/kopie-von-kopie-von-marina-38-2048x1365.jpg 2048w\" sizes=\"(max-width: 1024px) 100vw, 1024px\">    <div class=\"card-body\">\n    <h3 class=\"card-title\">Accueillant<\/h3>\n    <p class=\"card-text\">Nous souhaitons que notre hospitalit\u00e9 refl\u00e8te la culture du royaume telle qu&rsquo;on la trouve dans toutes les \u00c9critures.<\/p>\n      <\/div>\n<\/article><\/swiper-slide>\n      <\/swiper-container>\n<\/div>\n\n<div id=\"block-60\" class=\"alignfull is-layout-constrained\">\n  <swiper-container init=\"false\" data-yt-template=\"3-col\" data-yt-pagination=\"true\" data-yt-navigation=\"false\" class=\"\" >\n          <swiper-slide><article id=\"block-57\" data-bs-theme=\"dark\" class=\"wp-block-yellowtree-card card has-context-height\" style=\"--card-img-position:50% 50%\">\n        <img decoding=\"async\" width=\"683\" height=\"1024\" src=\"https:\/\/icf.church\/geneve\/wp-content\/uploads\/sites\/121\/2025\/10\/eliano-davide0059-683x1024.jpg\" class=\"card-img-top\" alt=\"\" draggable=\"false\" loading=\"lazy\" srcset=\"https:\/\/icf.church\/geneve\/wp-content\/uploads\/sites\/121\/2025\/10\/eliano-davide0059-683x1024.jpg 683w, https:\/\/icf.church\/geneve\/wp-content\/uploads\/sites\/121\/2025\/10\/eliano-davide0059-200x300.jpg 200w, https:\/\/icf.church\/geneve\/wp-content\/uploads\/sites\/121\/2025\/10\/eliano-davide0059-768x1152.jpg 768w, https:\/\/icf.church\/geneve\/wp-content\/uploads\/sites\/121\/2025\/10\/eliano-davide0059-1024x1536.jpg 1024w, https:\/\/icf.church\/geneve\/wp-content\/uploads\/sites\/121\/2025\/10\/eliano-davide0059-1365x2048.jpg 1365w, https:\/\/icf.church\/geneve\/wp-content\/uploads\/sites\/121\/2025\/10\/eliano-davide0059-scaled.jpg 1707w\" sizes=\"(max-width: 683px) 100vw, 683px\">    <div class=\"card-body\">\n    <h3 class=\"card-title\">Passionn\u00e9<\/h3>\n    <p class=\"card-text\">L&rsquo;\u00e9glise que nous construisons est un lieu de joie o\u00f9 il fait bon se rendre, et o\u00f9 l&rsquo;on ne s&rsquo;ennuie pas.<\/p>\n      <\/div>\n<\/article><\/swiper-slide>\n          <swiper-slide><article id=\"block-58\" data-bs-theme=\"dark\" class=\"wp-block-yellowtree-card card has-context-height\" style=\"--card-img-position:50% 50%\">\n        <img decoding=\"async\" width=\"1024\" height=\"578\" src=\"https:\/\/icf.church\/geneve\/wp-content\/uploads\/sites\/121\/2025\/10\/181311_240510_conf24_h.neumann_038-scaled-e1778088245983-1024x578.jpg\" class=\"card-img-top\" alt=\"\" draggable=\"false\" loading=\"lazy\" srcset=\"https:\/\/icf.church\/geneve\/wp-content\/uploads\/sites\/121\/2025\/10\/181311_240510_conf24_h.neumann_038-scaled-e1778088245983-1024x578.jpg 1024w, https:\/\/icf.church\/geneve\/wp-content\/uploads\/sites\/121\/2025\/10\/181311_240510_conf24_h.neumann_038-scaled-e1778088245983-300x169.jpg 300w, https:\/\/icf.church\/geneve\/wp-content\/uploads\/sites\/121\/2025\/10\/181311_240510_conf24_h.neumann_038-scaled-e1778088245983-768x433.jpg 768w, https:\/\/icf.church\/geneve\/wp-content\/uploads\/sites\/121\/2025\/10\/181311_240510_conf24_h.neumann_038-scaled-e1778088245983-1536x867.jpg 1536w, https:\/\/icf.church\/geneve\/wp-content\/uploads\/sites\/121\/2025\/10\/181311_240510_conf24_h.neumann_038-scaled-e1778088245983.jpg 1694w\" sizes=\"(max-width: 1024px) 100vw, 1024px\">    <div class=\"card-body\">\n    <h3 class=\"card-title\">Excellent<\/h3>\n    <p class=\"card-text\">Nous voulons que tout en nous refl\u00e8te le Dieu que nous servons.<\/p>\n      <\/div>\n<\/article><\/swiper-slide>\n          <swiper-slide><article id=\"block-59\" data-bs-theme=\"dark\" class=\"wp-block-yellowtree-card card has-context-height\" style=\"--card-img-position:50% 50%\">\n        <img decoding=\"async\" width=\"1024\" height=\"683\" src=\"https:\/\/icf.church\/geneve\/wp-content\/uploads\/sites\/121\/2025\/10\/icf-equip-corporate-shooting-24-3-1024x683.jpg\" class=\"card-img-top\" alt=\"\" draggable=\"false\" loading=\"lazy\" srcset=\"https:\/\/icf.church\/geneve\/wp-content\/uploads\/sites\/121\/2025\/10\/icf-equip-corporate-shooting-24-3-1024x683.jpg 1024w, https:\/\/icf.church\/geneve\/wp-content\/uploads\/sites\/121\/2025\/10\/icf-equip-corporate-shooting-24-3-300x200.jpg 300w, https:\/\/icf.church\/geneve\/wp-content\/uploads\/sites\/121\/2025\/10\/icf-equip-corporate-shooting-24-3-768x512.jpg 768w, https:\/\/icf.church\/geneve\/wp-content\/uploads\/sites\/121\/2025\/10\/icf-equip-corporate-shooting-24-3-1536x1025.jpg 1536w, https:\/\/icf.church\/geneve\/wp-content\/uploads\/sites\/121\/2025\/10\/icf-equip-corporate-shooting-24-3-2048x1366.jpg 2048w\" sizes=\"(max-width: 1024px) 100vw, 1024px\">    <div class=\"card-body\">\n    <h3 class=\"card-title\">G\u00e9n\u00e9reux<\/h3>\n    <p class=\"card-text\">Nous croyons qu&rsquo;il y a plus de bonheur \u00e0 donner qu&rsquo;\u00e0 recevoir. Nous consid\u00e9rons cet esprit de g\u00e9n\u00e9rosit\u00e9 comme un privil\u00e8ge.<\/p>\n      <\/div>\n<\/article><\/swiper-slide>\n      <\/swiper-container>\n<\/div>\n\n<div id=\"block-62\" class=\"pt-2 pb-2 alignfull is-layout-constrained\">\n  <div>\n            <div class=\"row gx-4 gy-4 \">\n          \n\n<div id=\"block-61\" class=\"col wp-block-yellowtree-column col-12 d-flex flex-column with-streched-height-children align-items-stretch align-items-md-stretch\">\n  <\/div>\n        <\/div>\n          <\/div>\n<\/div>\n\n<h1 id=\"block-63\" class=\"h1 text-start\">\n  Notre vision<\/h1>\n\n<div id=\"block-65\" class=\"pt-2 pb-2 alignfull is-layout-constrained\">\n  <div>\n            <div class=\"row gx-4 gy-4 \">\n          \n\n<div id=\"block-64\" class=\"col wp-block-yellowtree-column col-12 d-flex flex-column with-streched-height-children align-items-stretch align-items-md-stretch\">\n  <\/div>\n        <\/div>\n          <\/div>\n<\/div>\n\n\n<div class=\"has-context-height\">\n  <article id=\"block-69\" data-bs-theme=\"dark\" class=\"wp-block-yellowtree-container-card card has-context-height\">\n    <div class=\"card-body\">\n      <p id=\"block-66\" class=\"text-start wp-block-paragraph\">\n  Nous r\u00eavons d\u2019une \u00e9glise o\u00f9&nbsp;J\u00e9sus Christ&nbsp;est au centre. Il fait na\u00eetre une&nbsp;passion&nbsp;unique, refl\u00e9t\u00e9e dans des messages vivants, des gens qui aiment louer Dieu de tout leur coeur et une&nbsp;cr\u00e9ativit\u00e9&nbsp;d\u00e9bordante. Dans cette \u00e9glise, notre&nbsp;relation&nbsp;avec notre P\u00e8re c\u00e9leste est pleine de joie et d\u2019enthousiasme. Nous apprenons \u00e0 conna\u00eetre de plus en plus ses innombrables facettes.<\/p>\n\n<p id=\"block-67\" class=\"text-start wp-block-paragraph\">\n  Nous d\u00e9sirons une \u00e9glise ouverte \u00e0 tous. Peu importe leur histoire, peu importe d\u2019o\u00f9 ils viennent, ici&nbsp;chacun&nbsp;est \u00e0 la maison. Cette \u00e9glise est une&nbsp;famille&nbsp;unie marqu\u00e9e par un amour inconditionnel et un leadership au service de l\u2019autre. Les&nbsp;besoins&nbsp;de la soci\u00e9t\u00e9 la pousse \u00e0 des actes de compassion. Elle est connue pour sa g\u00e9n\u00e9rosit\u00e9. Elle regarde aux besoins et ne s\u2019en \u00e9loigne pas. Nous d\u00e9sirons vivre la puissance de Dieu, sachant que pour lui tout est possible. Nous avons l\u2019attente de voir le&nbsp;Saint-Esprit&nbsp;agir pour nous et au travers de nous, car nous voulons faire l\u2019exp\u00e9rience de ses miracles.<\/p>\n\n<p id=\"block-68\" class=\"text-start wp-block-paragraph\">\n  Notre passion est de voir une \u00e9glise qui donne le&nbsp;meilleur&nbsp;pour Dieu, parlant le langage d\u2019aujourd\u2019hui, bien d\u00e9cid\u00e9e \u00e0 faire partie de la solution. Dans l\u2019\u00e9glise dont nous r\u00eavons, beaucoup d\u00e9couvrent la&nbsp;foi&nbsp;en J\u00e9sus et deviennent de plus en plus comme lui. Alors m\u00eame que cette \u00e9glise grandit, de v\u00e9ritables relations d\u2019amiti\u00e9&nbsp;sont tiss\u00e9es et influencent nos familles, nos amis et notre soci\u00e9t\u00e9. Que Dieu r\u00e9alise son r\u00eave \u00e0 travers&nbsp;nous.&nbsp;&nbsp;<em>(inspir\u00e9 par Actes 2: 42-47)<\/em><\/p>    <\/div>\n  <\/article>\n<\/div>\n\n<div id=\"block-71\" class=\"pt-2 pb-2 alignfull is-layout-constrained\">\n  <div>\n            <div class=\"row gx-4 gy-4 \">\n          \n\n<div id=\"block-70\" class=\"col wp-block-yellowtree-column col-12 d-flex flex-column with-streched-height-children align-items-stretch align-items-md-stretch\">\n  <\/div>\n        <\/div>\n          <\/div>\n<\/div>\n\n<h1 id=\"block-72\" class=\"h1 text-start\">\n  Notre focus<\/h1>\n\n<div id=\"block-74\" class=\"pt-2 pb-2 alignfull is-layout-constrained\">\n  <div>\n            <div class=\"row gx-4 gy-4 \">\n          \n\n<div id=\"block-73\" class=\"col wp-block-yellowtree-column col-12 d-flex flex-column with-streched-height-children align-items-stretch align-items-md-stretch\">\n  <\/div>\n        <\/div>\n          <\/div>\n<\/div>\n\n<h3 id=\"block-75\" class=\"h3 text-start\">\n  Equiper une nouvelle g\u00e9n\u00e9ration<\/h3>\n\n<div id=\"block-77\" class=\"pt-2 pb-2 alignfull is-layout-constrained\">\n  <div>\n            <div class=\"row gx-4 gy-4 \">\n          \n\n<div id=\"block-76\" class=\"col wp-block-yellowtree-column col-12 d-flex flex-column with-streched-height-children align-items-stretch align-items-md-stretch\">\n  <\/div>\n        <\/div>\n          <\/div>\n<\/div>\n\n\n<figure class=\"wp-embed-aspect-16-9 wp-has-aspect-ratio wp-block-embed has-context-height is-provider-youtube is-type-video\">\n  <div class=\"ratio\" style=\"--bs-aspect-ratio:56.25%\">\n          <div class=\"media-defer rounded overflow-hidden bg-black\"\n        data-defer-target=\"iframe\"\n        data-defer-url=\"https:\/\/www.youtube.com\/embed\/3ofoN_QSIew?feature=oembed&amp;autoplay=1&amp;iv_load_policy=3&amp;rel=0&amp;dnt=0\"\n        data-consent-required=\"marketing\">\n\n        <div class=\"media-defer__content h-100\" style=\"display: none;\">\n          <iframe width=\"500\" height=\"281\" frameborder=\"0\" allow=\"accelerometer; autoplay; clipboard-write; encrypted-media; gyroscope; picture-in-picture; web-share\" referrerpolicy=\"strict-origin-when-cross-origin\" allowfullscreen title=\"THE FOCUS - ICF GENEVE - Equipping a new generation\"><\/iframe>        <\/div>\n\n        <div class=\"media-defer__placeholder h-100 position-relative\">\n          <img decoding=\"async\" class=\"video-thumbnail w-100 h-100 object-fit-cover\"\n            src=\"https:\/\/icf.church\/geneve\/wp-content\/uploads\/sites\/121\/youtube-thumbs\/3ofoN_QSIew-hqdefault.jpg\"\n            srcset=\"https:\/\/icf.church\/geneve\/wp-content\/uploads\/sites\/121\/youtube-thumbs\/3ofoN_QSIew-maxresdefault.jpg 1280w, https:\/\/icf.church\/geneve\/wp-content\/uploads\/sites\/121\/youtube-thumbs\/3ofoN_QSIew-hqdefault.jpg 480w, https:\/\/icf.church\/geneve\/wp-content\/uploads\/sites\/121\/youtube-thumbs\/3ofoN_QSIew-sddefault.jpg 640w\"\n            sizes=\"(max-width: 2560px) 100vw, 2560px\"\n            alt=\"THE FOCUS - ICF GENEVE - Equipping a new generation\"\n            draggable=\"false\" loading=\"lazy\" \/>\n\n          <button class=\"video-toggle show\" type=\"button\"\n            aria-label=\"lire le contenu\">\n          <\/button>\n\n                      <img decoding=\"async\" class=\"position-absolute end-0 bottom-0 video-provider-image\"\n              src=\"https:\/\/icf.church\/geneve\/wp-content\/themes\/icf\/assets\/youtube-type-logo.svg\"\n              alt=\"YouTube\" loading=\"lazy\" \/>\n          \n          <div data-consent=\"marketing\" data-inverse\n            class=\"position-absolute bottom-0 start-0 end-0 p-3 text-white bg-black bg-opacity-50 text-center\">\n            <p class=\"mb-0 small\">\n              En cliquant sur \ud83c\udfa5, le contenu de Youtube se charge. Vous autorisez les cookies pour marketing. En savoir plus dans nos <a href=\"https:\/\/icf.church\/geneve\/fr\/confidentialite\/\" class=\"text-white\">Politique de confidentialit\u00e9<\/a>.            <\/p>\n          <\/div>\n        <\/div>\n      <\/div>\n      <\/div>\n\n  <\/figure>\n\n<div id=\"block-80\" class=\"pt-2 pb-2 alignfull is-layout-constrained\">\n  <div>\n            <div class=\"row gx-4 gy-4 \">\n          \n\n<div id=\"block-79\" class=\"col wp-block-yellowtree-column col-12 d-flex flex-column with-streched-height-children align-items-stretch align-items-md-stretch\">\n  <\/div>\n        <\/div>\n          <\/div>\n<\/div>\n\n<h1 id=\"block-81\" class=\"h1 text-start\">\n  Notre histoire<\/h1>\n\n<div id=\"block-83\" class=\"pt-2 pb-2 alignfull is-layout-constrained\">\n  <div>\n            <div class=\"row gx-4 gy-4 \">\n          \n\n<div id=\"block-82\" class=\"col wp-block-yellowtree-column col-12 d-flex flex-column with-streched-height-children align-items-stretch align-items-md-stretch\">\n  <\/div>\n        <\/div>\n          <\/div>\n<\/div>\n\n\n<div id=\"block-89\" class=\"wp-block-yellowtree-text-image d-flex flex-column flex-lg-row gap-3\">\n    \n\n<div id=\"block-84\" class=\"wp-block-yellowtree-locked-image\">\n    <img decoding=\"async\" width=\"683\" height=\"1024\" src=\"https:\/\/icf.church\/geneve\/wp-content\/uploads\/sites\/121\/2025\/10\/250529_16-14-22_conf-cornelia-k-683x1024.jpg\" class=\"w-100 h-100 object-fit-cover\" alt=\"\" style=\"object-position: 50% 50%;\" loading=\"lazy\" sizes=\"(max-width: 992px) 100vw, 1600px\" srcset=\"https:\/\/icf.church\/geneve\/wp-content\/uploads\/sites\/121\/2025\/10\/250529_16-14-22_conf-cornelia-k-683x1024.jpg 683w, https:\/\/icf.church\/geneve\/wp-content\/uploads\/sites\/121\/2025\/10\/250529_16-14-22_conf-cornelia-k-200x300.jpg 200w, https:\/\/icf.church\/geneve\/wp-content\/uploads\/sites\/121\/2025\/10\/250529_16-14-22_conf-cornelia-k-768x1152.jpg 768w, https:\/\/icf.church\/geneve\/wp-content\/uploads\/sites\/121\/2025\/10\/250529_16-14-22_conf-cornelia-k-1024x1536.jpg 1024w, https:\/\/icf.church\/geneve\/wp-content\/uploads\/sites\/121\/2025\/10\/250529_16-14-22_conf-cornelia-k-1365x2048.jpg 1365w, https:\/\/icf.church\/geneve\/wp-content\/uploads\/sites\/121\/2025\/10\/250529_16-14-22_conf-cornelia-k-scaled.jpg 1707w\" \/><\/div>\n\n\n\n<div id=\"block-88\" data-bs-theme=\"dark\" class=\"card wp-block-yellowtree-text-card has-context-height\">\n  <div class=\"card-body px-4 py-6 p-sm-6 p-lg-8\">\n    \n\n<h2 id=\"block-85\">\n    ICF Gen\u00e8ve<\/h2>\n\n\n<p id=\"block-86\">\n    est une \u00e9glise implant\u00e9e par le Mouvement ICF depuis plus de 20 ans. ICF signifie \u201eInternational Christian Fellowship\u201c. Nous sommes une \u00e9glise chr\u00e9tienne en phase avec son temps, cr\u00e9ative, innovante et parfois un peu folle ! Ce qui a commenc\u00e9 comme un r\u00eave \u00e0 Zurich en 1996, sous le leadership de nos Senior Pastors Leo &amp; Suzanna Bigger, continue de nous inspirer tout autant.<br>Pour en savoir plus sur l\u2019histoire, la vision et les valeurs d\u2019ICF :<\/p>\n\n\n  <div>\n    <a id=\"block-87\" href=\"https:\/\/icf.church\/en\/?type=events\" rel=\"\" class=\"wp-block-yellowtree-button-link btn btn-default\">\n      <span>ICF Church<\/span>\n          <\/a>\n  <\/div>\n\n  <\/div>\n<\/div>\n<\/div>\n\n\n<div id=\"block-91\" class=\"pt-2 pb-2 alignfull is-layout-constrained\">\n  <div>\n            <div class=\"row gx-4 gy-4 \">\n          \n\n<div id=\"block-90\" class=\"col wp-block-yellowtree-column col-12 d-flex flex-column with-streched-height-children align-items-stretch align-items-md-stretch\">\n  <\/div>\n        <\/div>\n          <\/div>\n<\/div>\n\n<h2 id=\"block-92\" class=\"h2 text-start\">\n  Notre confession de foi<\/h2>\n\n<div id=\"block-94\" class=\"pt-2 pb-2 alignfull is-layout-constrained\">\n  <div>\n            <div class=\"row gx-4 gy-4 \">\n          \n\n<div id=\"block-93\" class=\"col wp-block-yellowtree-column col-12 d-flex flex-column with-streched-height-children align-items-stretch align-items-md-stretch\">\n  <\/div>\n        <\/div>\n          <\/div>\n<\/div>\n\n\n  <div>\n    <a id=\"block-95\" href=\"https:\/\/icf.church\/geneve\/fr\/notre-confession-de-foi\/\" rel=\"\" class=\"wp-block-yellowtree-button-link btn btn-default\">\n      <span>Confession de foi<\/span>\n              <i class='icon fs-base-const fa-solid fa-newspaper' aria-hidden=\"true\"><\/i>\n          <\/a>\n  <\/div>\n","protected":false},"excerpt":{"rendered":"<p>Notre \u00e9quipe Le Staff La passion nous a amen\u00e9s jusqu\u2019ici.Et surtout, elle nous donne envie de rencontrer des gens comme toi.On est l\u00e0 chaque dimanche \u2014 viens nous dire bonjour, on sera ravis d\u2019\u00e9changer. Les b\u00e9n\u00e9voles L\u2019\u00c9glise, ce n\u2019est pas un b\u00e2timent \u2014 c\u2019est nous.Des b\u00e9n\u00e9voles engag\u00e9s, port\u00e9s par l\u2019amour de Dieu et des autres,qui [&hellip;]<\/p>\n","protected":false},"author":162,"featured_media":0,"parent":0,"menu_order":2,"comment_status":"closed","ping_status":"closed","template":"","meta":{"_acf_changed":false,"_seopress_titles_title":"","_seopress_titles_desc":"","_seopress_robots_index":"","_seopress_robots_follow":"","_seopress_robots_imageindex":"","_seopress_robots_snippet":"","_seopress_robots_primary_cat":"","_seopress_robots_breadcrumbs":"","_seopress_robots_freeze_modified_date":"","_seopress_robots_custom_modified_date":"","_seopress_robots_canonical":"","_seopress_social_fb_title":"","_seopress_social_fb_desc":"","_seopress_social_fb_img":"","_seopress_social_fb_img_attachment_id":0,"_seopress_social_fb_img_width":0,"_seopress_social_fb_img_height":0,"_seopress_social_twitter_title":"","_seopress_social_twitter_desc":"","_seopress_social_twitter_img":"","_seopress_social_twitter_img_attachment_id":0,"_seopress_social_twitter_img_width":0,"_seopress_social_twitter_img_height":0,"_seopress_redirections_value":"","_seopress_redirections_enabled":"","_seopress_redirections_enabled_regex":"","_seopress_redirections_logged_status":"both","_seopress_redirections_param":"","_seopress_redirections_type":301,"_seopress_analysis_target_kw":"","_seopress_news_disabled":"","_seopress_video_disabled":"","_seopress_video":[{"url":"","title":"","desc":"","thumbnail":"","duration":"","rating":"","view_count":"","tag":""}],"_seopress_pro_schemas_manual":[],"_seopress_pro_rich_snippets_disable_all":"","_seopress_pro_rich_snippets_disable":[],"_seopress_pro_schemas":[],"yt_custom_styles_scss":"","yt_custom_styles_rounded_corners":false,"yt_custom_styles_color_scheme":"","footnotes":""},"class_list":["post-1245","page","type-page","status-publish","hentry"],"acf":[],"_links":{"self":[{"href":"https:\/\/icf.church\/geneve\/fr\/wp-json\/wp\/v2\/pages\/1245","targetHints":{"allow":["GET"]}}],"collection":[{"href":"https:\/\/icf.church\/geneve\/fr\/wp-json\/wp\/v2\/pages"}],"about":[{"href":"https:\/\/icf.church\/geneve\/fr\/wp-json\/wp\/v2\/types\/page"}],"author":[{"embeddable":true,"href":"https:\/\/icf.church\/geneve\/fr\/wp-json\/wp\/v2\/users\/162"}],"replies":[{"embeddable":true,"href":"https:\/\/icf.church\/geneve\/fr\/wp-json\/wp\/v2\/comments?post=1245"}],"version-history":[{"count":35,"href":"https:\/\/icf.church\/geneve\/fr\/wp-json\/wp\/v2\/pages\/1245\/revisions"}],"predecessor-version":[{"id":2250,"href":"https:\/\/icf.church\/geneve\/fr\/wp-json\/wp\/v2\/pages\/1245\/revisions\/2250"}],"wp:attachment":[{"href":"https:\/\/icf.church\/geneve\/fr\/wp-json\/wp\/v2\/media?parent=1245"}],"curies":[{"name":"wp","href":"https:\/\/api.w.org\/{rel}","templated":true}]}}