{"id":1252,"date":"2026-05-04T10:37:26","date_gmt":"2026-05-04T08:37:26","guid":{"rendered":"https:\/\/new.icf.church\/geneve\/?page_id=1252"},"modified":"2026-08-17T12:21:28","modified_gmt":"2026-08-17T10:21:28","slug":"connect-group","status":"publish","type":"page","link":"https:\/\/icf.church\/geneve\/fr\/connect-group\/","title":{"rendered":"Connect group"},"content":{"rendered":"\n<div id=\"block-6\" class=\"wp-block-yellowtree-text-image d-flex flex-column flex-lg-row gap-3\">\n    \n\n<div id=\"block-1\" class=\"wp-block-yellowtree-locked-image\">\n    <img decoding=\"async\" width=\"1024\" height=\"683\" src=\"https:\/\/icf.church\/geneve\/wp-content\/uploads\/sites\/121\/2025\/10\/icf-equip-corporate-shooting-24-3-1024x683.jpg\" class=\"w-100 h-100 object-fit-cover\" alt=\"Connect\" style=\"object-position: 50% 50%;\" loading=\"lazy\" sizes=\"(max-width: 992px) 100vw, 1600px\" srcset=\"https:\/\/icf.church\/geneve\/wp-content\/uploads\/sites\/121\/2025\/10\/icf-equip-corporate-shooting-24-3-1024x683.jpg 1024w, https:\/\/icf.church\/geneve\/wp-content\/uploads\/sites\/121\/2025\/10\/icf-equip-corporate-shooting-24-3-300x200.jpg 300w, https:\/\/icf.church\/geneve\/wp-content\/uploads\/sites\/121\/2025\/10\/icf-equip-corporate-shooting-24-3-768x512.jpg 768w, https:\/\/icf.church\/geneve\/wp-content\/uploads\/sites\/121\/2025\/10\/icf-equip-corporate-shooting-24-3-1536x1025.jpg 1536w, https:\/\/icf.church\/geneve\/wp-content\/uploads\/sites\/121\/2025\/10\/icf-equip-corporate-shooting-24-3-2048x1366.jpg 2048w\" \/><\/div>\n\n\n\n<div id=\"block-5\" data-bs-theme=\"dark\" class=\"card wp-block-yellowtree-text-card has-context-height\">\n  <div class=\"card-body px-4 py-6 p-sm-6 p-lg-8\">\n    \n\n<h2 id=\"block-2\">\n    RELATION<\/h2>\n\n\n<p id=\"block-3\">\n    <br>Les Connect Groupes se r\u00e9unissent r\u00e9guli\u00e8rement tout au long de la semaine. Nous d\u00e9veloppons de v\u00e9ritables relations d&rsquo;amiti\u00e9 et nous soutenons mutuellement. Nous croyons que nous pouvons exp\u00e9rimenter Dieu de mani\u00e8re pratique et qu&rsquo;il r\u00e9pond aux pri\u00e8res. Nous m\u00e9ditons sur Dieu et sur le monde, approfondissons notre compr\u00e9hension des pr\u00e9dications du dimanche, lisons la Bible et nous nous r\u00e9jouissons ou nous consolons ensemble selon les situations dans lesquelles nous nous trouvons. Toi aussi, trouve ta place dans un connect d\u00e8s maintenant.<br><\/p>\n\n\n  <div>\n    <a id=\"block-4\" href=\"ruben.binyet@icf-ge.ch\" rel=\"\" class=\"wp-block-yellowtree-button-link btn btn-default\">\n      <span>Contacter un leader pour rejoindre un connect<\/span>\n              <i class='icon fs-base-const fa-solid fa-envelope' aria-hidden=\"true\"><\/i>\n          <\/a>\n  <\/div>\n\n  <\/div>\n<\/div>\n<\/div>\n","protected":false},"excerpt":{"rendered":"","protected":false},"author":162,"featured_media":0,"parent":0,"menu_order":11,"comment_status":"closed","ping_status":"closed","template":"","meta":{"_acf_changed":false,"_seopress_titles_title":"","_seopress_titles_desc":"","_seopress_robots_index":"","_seopress_robots_follow":"","_seopress_robots_imageindex":"","_seopress_robots_snippet":"","_seopress_robots_primary_cat":"","_seopress_robots_breadcrumbs":"","_seopress_robots_freeze_modified_date":"","_seopress_robots_custom_modified_date":"","_seopress_robots_canonical":"","_seopress_social_fb_title":"","_seopress_social_fb_desc":"","_seopress_social_fb_img":"","_seopress_social_fb_img_attachment_id":0,"_seopress_social_fb_img_width":0,"_seopress_social_fb_img_height":0,"_seopress_social_twitter_title":"","_seopress_social_twitter_desc":"","_seopress_social_twitter_img":"","_seopress_social_twitter_img_attachment_id":0,"_seopress_social_twitter_img_width":0,"_seopress_social_twitter_img_height":0,"_seopress_redirections_value":"","_seopress_redirections_enabled":"","_seopress_redirections_enabled_regex":"","_seopress_redirections_logged_status":"both","_seopress_redirections_param":"","_seopress_redirections_type":301,"_seopress_analysis_target_kw":"","_seopress_news_disabled":"","_seopress_video_disabled":"","_seopress_video":[{"url":"","title":"","desc":"","thumbnail":"","duration":"","rating":"","view_count":"","tag":""}],"_seopress_pro_schemas_manual":[],"_seopress_pro_rich_snippets_disable_all":"","_seopress_pro_rich_snippets_disable":[],"_seopress_pro_schemas":[],"yt_custom_styles_scss":"","yt_custom_styles_rounded_corners":false,"yt_custom_styles_color_scheme":"","footnotes":""},"class_list":["post-1252","page","type-page","status-publish","hentry"],"acf":[],"_links":{"self":[{"href":"https:\/\/icf.church\/geneve\/fr\/wp-json\/wp\/v2\/pages\/1252","targetHints":{"allow":["GET"]}}],"collection":[{"href":"https:\/\/icf.church\/geneve\/fr\/wp-json\/wp\/v2\/pages"}],"about":[{"href":"https:\/\/icf.church\/geneve\/fr\/wp-json\/wp\/v2\/types\/page"}],"author":[{"embeddable":true,"href":"https:\/\/icf.church\/geneve\/fr\/wp-json\/wp\/v2\/users\/162"}],"replies":[{"embeddable":true,"href":"https:\/\/icf.church\/geneve\/fr\/wp-json\/wp\/v2\/comments?post=1252"}],"version-history":[{"count":4,"href":"https:\/\/icf.church\/geneve\/fr\/wp-json\/wp\/v2\/pages\/1252\/revisions"}],"predecessor-version":[{"id":1915,"href":"https:\/\/icf.church\/geneve\/fr\/wp-json\/wp\/v2\/pages\/1252\/revisions\/1915"}],"wp:attachment":[{"href":"https:\/\/icf.church\/geneve\/fr\/wp-json\/wp\/v2\/media?parent=1252"}],"curies":[{"name":"wp","href":"https:\/\/api.w.org\/{rel}","templated":true}]}}