{"id":1274,"date":"2026-05-04T11:55:34","date_gmt":"2026-05-04T09:55:34","guid":{"rendered":"https:\/\/new.icf.church\/geneve\/?page_id=1274"},"modified":"2026-08-26T21:33:49","modified_gmt":"2026-08-26T19:33:49","slug":"communautes","status":"publish","type":"page","link":"https:\/\/icf.church\/geneve\/fr\/communautes\/","title":{"rendered":"Communaut\u00e9s"},"content":{"rendered":"<p id=\"block-1\" class=\"text-start wp-block-paragraph\">\n  <\/p>\n\n<h1 id=\"block-2\" class=\"h1 text-start\">\n  Communaut\u00e9s<\/h1>\n\n<p id=\"block-3\" class=\"text-start wp-block-paragraph\">\n  Une \u00e9glise pour chaque g\u00e9n\u00e9ration. \u00c0 ICF Gen\u00e8ve, nous voulons faire de la place pour chaque g\u00e9n\u00e9ration et chaque \u00e9tape de vie.<\/p>\n\n<div id=\"block-5\" class=\"pt-2 pb-2 alignfull is-layout-constrained\">\n  <div>\n            <div class=\"row gx-4 gy-4 \">\n          \n\n<div id=\"block-4\" class=\"col wp-block-yellowtree-column col-12 d-flex flex-column with-streched-height-children align-items-stretch align-items-md-stretch\">\n  <\/div>\n        <\/div>\n          <\/div>\n<\/div>\n\n<div id=\"block-9\" class=\"alignfull is-layout-constrained\">\n  <swiper-container init=\"false\" data-yt-template=\"3-col\" data-yt-pagination=\"true\" data-yt-navigation=\"false\" class=\"\" >\n          <swiper-slide><article id=\"block-6\" data-bs-theme=\"dark\" class=\"wp-block-yellowtree-card card has-context-height\" style=\"--card-img-position:50% 50%\">\n        <img decoding=\"async\" width=\"1024\" height=\"683\" src=\"https:\/\/icf.church\/geneve\/wp-content\/uploads\/sites\/121\/2026\/05\/dsc7200-scaled-1-1024x683.jpg\" class=\"card-img-top\" alt=\"\" draggable=\"false\" loading=\"lazy\" srcset=\"https:\/\/icf.church\/geneve\/wp-content\/uploads\/sites\/121\/2026\/05\/dsc7200-scaled-1-1024x683.jpg 1024w, https:\/\/icf.church\/geneve\/wp-content\/uploads\/sites\/121\/2026\/05\/dsc7200-scaled-1-300x200.jpg 300w, https:\/\/icf.church\/geneve\/wp-content\/uploads\/sites\/121\/2026\/05\/dsc7200-scaled-1-768x512.jpg 768w, https:\/\/icf.church\/geneve\/wp-content\/uploads\/sites\/121\/2026\/05\/dsc7200-scaled-1-1536x1025.jpg 1536w, https:\/\/icf.church\/geneve\/wp-content\/uploads\/sites\/121\/2026\/05\/dsc7200-scaled-1-2048x1366.jpg 2048w\" sizes=\"(max-width: 1024px) 100vw, 1024px\">    <div class=\"card-body\">\n    <h3 class=\"card-title\">ICF Kids<\/h3>\n    <p class=\"card-text\">ICF Kids est l\u2019\u00e9glise des enfants d\u2019ICF Gen\u00e8ve, destin\u00e9e \u00e0 tous les jeunes de 0 \u00e0 14 ans. Ensemble, nous r\u00eavons d\u2019exp\u00e9rimenter la puissance et l\u2019amour de J\u00e9sus.<\/p>\n      <\/div>\n<\/article><\/swiper-slide>\n          <swiper-slide><article id=\"block-7\" data-bs-theme=\"dark\" class=\"wp-block-yellowtree-card card has-context-height\" style=\"--card-img-position:50% 50%\">\n        <img decoding=\"async\" width=\"1024\" height=\"683\" src=\"https:\/\/icf.church\/geneve\/wp-content\/uploads\/sites\/121\/2026\/05\/dsc8841-1-scaled-1-1024x683.jpg\" class=\"card-img-top\" alt=\"\" draggable=\"false\" loading=\"lazy\" srcset=\"https:\/\/icf.church\/geneve\/wp-content\/uploads\/sites\/121\/2026\/05\/dsc8841-1-scaled-1-1024x683.jpg 1024w, https:\/\/icf.church\/geneve\/wp-content\/uploads\/sites\/121\/2026\/05\/dsc8841-1-scaled-1-300x200.jpg 300w, https:\/\/icf.church\/geneve\/wp-content\/uploads\/sites\/121\/2026\/05\/dsc8841-1-scaled-1-768x512.jpg 768w, https:\/\/icf.church\/geneve\/wp-content\/uploads\/sites\/121\/2026\/05\/dsc8841-1-scaled-1-1536x1025.jpg 1536w, https:\/\/icf.church\/geneve\/wp-content\/uploads\/sites\/121\/2026\/05\/dsc8841-1-scaled-1-2048x1366.jpg 2048w\" sizes=\"(max-width: 1024px) 100vw, 1024px\">    <div class=\"card-body\">\n    <h3 class=\"card-title\">ICF Youth<\/h3>\n    <p class=\"card-text\">La communaut\u00e9 dynamique des 14-20 ans, qui se rencontrent r\u00e9guli\u00e8rement pour d\u00e9velopper des amiti\u00e9s et exp\u00e9rimenter Dieu ensemble.<\/p>\n      <\/div>\n<\/article><\/swiper-slide>\n          <swiper-slide><article id=\"block-8\" data-bs-theme=\"dark\" class=\"wp-block-yellowtree-card card has-context-height\" style=\"--card-img-position:50% 50%\">\n        <img decoding=\"async\" width=\"1024\" height=\"576\" src=\"https:\/\/icf.church\/geneve\/wp-content\/uploads\/sites\/121\/2026\/05\/youg-adluts-copie-1024x576.jpg\" class=\"card-img-top\" alt=\"\" draggable=\"false\" loading=\"lazy\" srcset=\"https:\/\/icf.church\/geneve\/wp-content\/uploads\/sites\/121\/2026\/05\/youg-adluts-copie-1024x576.jpg 1024w, https:\/\/icf.church\/geneve\/wp-content\/uploads\/sites\/121\/2026\/05\/youg-adluts-copie-300x169.jpg 300w, https:\/\/icf.church\/geneve\/wp-content\/uploads\/sites\/121\/2026\/05\/youg-adluts-copie-768x432.jpg 768w, https:\/\/icf.church\/geneve\/wp-content\/uploads\/sites\/121\/2026\/05\/youg-adluts-copie-1536x864.jpg 1536w, https:\/\/icf.church\/geneve\/wp-content\/uploads\/sites\/121\/2026\/05\/youg-adluts-copie.jpg 1920w\" sizes=\"(max-width: 1024px) 100vw, 1024px\">    <div class=\"card-body\">\n    <h3 class=\"card-title\">ICF Young Adult (Mosaic)<\/h3>\n    <p class=\"card-text\">Young Adult rassemble les 20+, jeunes couples et les jeunes mari\u00e9s, les personnes divorc\u00e9es et les c\u00e9libataires, les \u00e9tudiants et les travailleurs. C\u2018est une communaut\u00e9 de l\u2019\u00e9glise qui joue un r\u00f4le cl\u00e9 pour unir et cr\u00e9er du lien entre des gens qui vivent diff\u00e9rentes \u00e9tapes de vie.<\/p>\n      <\/div>\n<\/article><\/swiper-slide>\n      <\/swiper-container>\n<\/div>\n\n<div id=\"block-11\" class=\"pt-2 pb-2 alignfull is-layout-constrained\">\n  <div>\n            <div class=\"row gx-4 gy-4 \">\n          \n\n<div id=\"block-10\" class=\"col wp-block-yellowtree-column col-12 d-flex flex-column with-streched-height-children align-items-stretch align-items-md-stretch\">\n  <\/div>\n        <\/div>\n          <\/div>\n<\/div>\n\n<div id=\"block-15\" class=\"alignfull is-layout-constrained\">\n  <swiper-container init=\"false\" data-yt-template=\"3-col\" data-yt-pagination=\"true\" data-yt-navigation=\"false\" class=\"\" >\n          <swiper-slide><article id=\"block-12\" data-bs-theme=\"dark\" class=\"wp-block-yellowtree-card card has-context-height\" style=\"--card-img-position:50% 50%\">\n        <img decoding=\"async\" width=\"1024\" height=\"576\" src=\"https:\/\/icf.church\/geneve\/wp-content\/uploads\/sites\/121\/2026\/05\/summer-event-photo-1024x576.jpg\" class=\"card-img-top\" alt=\"\" draggable=\"false\" loading=\"lazy\" srcset=\"https:\/\/icf.church\/geneve\/wp-content\/uploads\/sites\/121\/2026\/05\/summer-event-photo-1024x576.jpg 1024w, https:\/\/icf.church\/geneve\/wp-content\/uploads\/sites\/121\/2026\/05\/summer-event-photo-300x169.jpg 300w, https:\/\/icf.church\/geneve\/wp-content\/uploads\/sites\/121\/2026\/05\/summer-event-photo-768x432.jpg 768w, https:\/\/icf.church\/geneve\/wp-content\/uploads\/sites\/121\/2026\/05\/summer-event-photo-1536x864.jpg 1536w, https:\/\/icf.church\/geneve\/wp-content\/uploads\/sites\/121\/2026\/05\/summer-event-photo.jpg 1920w\" sizes=\"(max-width: 1024px) 100vw, 1024px\">    <div class=\"card-body\">\n    <h3 class=\"card-title\">ICF International<\/h3>\n    <p class=\"card-text\">ICF International est un point d&rsquo;ancrage pour la communaut\u00e9 internationale de Gen\u00e8ve. Chaque dimanche une c\u00e9l\u00e9bration enti\u00e8rement traduite en anglais, et de nombreuses autres activit\u00e9s pour cette communaut\u00e9 dynamique et tr\u00e8s active.<\/p>\n      <\/div>\n<\/article><\/swiper-slide>\n          <swiper-slide><article id=\"block-13\" data-bs-theme=\"dark\" class=\"wp-block-yellowtree-card card has-context-height\" style=\"--card-img-position:50% 50%\">\n        <img decoding=\"async\" width=\"1024\" height=\"683\" src=\"https:\/\/icf.church\/geneve\/wp-content\/uploads\/sites\/121\/2026\/05\/thumb-7-e1489679065682-1-1024x683.jpg\" class=\"card-img-top\" alt=\"A family of four on the beach, with two adults and two young girls.\" draggable=\"false\" loading=\"lazy\" srcset=\"https:\/\/icf.church\/geneve\/wp-content\/uploads\/sites\/121\/2026\/05\/thumb-7-e1489679065682-1-1024x683.jpg 1024w, https:\/\/icf.church\/geneve\/wp-content\/uploads\/sites\/121\/2026\/05\/thumb-7-e1489679065682-1-300x200.jpg 300w, https:\/\/icf.church\/geneve\/wp-content\/uploads\/sites\/121\/2026\/05\/thumb-7-e1489679065682-1-768x512.jpg 768w, https:\/\/icf.church\/geneve\/wp-content\/uploads\/sites\/121\/2026\/05\/thumb-7-e1489679065682-1-1536x1024.jpg 1536w, https:\/\/icf.church\/geneve\/wp-content\/uploads\/sites\/121\/2026\/05\/thumb-7-e1489679065682-1.jpg 1800w\" sizes=\"(max-width: 1024px) 100vw, 1024px\">    <div class=\"card-body\">\n    <h3 class=\"card-title\">ICF Familles<\/h3>\n    <p class=\"card-text\">A l\u2019aide de cours, d\u2018\u00e9v\u00e9nements et d\u2019autres activit\u00e9s, nous voulons soutenir les familles afin qu\u2019elles puissent ma\u00eetriser les d\u00e9fis de la vie quotidienne.<\/p>\n      <\/div>\n<\/article><\/swiper-slide>\n          <swiper-slide><article id=\"block-14\" data-bs-theme=\"dark\" class=\"wp-block-yellowtree-card card has-context-height\" style=\"--card-img-position:50% 50%\">\n        <img decoding=\"async\" width=\"1024\" height=\"576\" src=\"https:\/\/icf.church\/geneve\/wp-content\/uploads\/sites\/121\/2026\/05\/arise-and-shine-2018-no-logo-1024x576.jpg\" class=\"card-img-top\" alt=\"\" draggable=\"false\" loading=\"lazy\" srcset=\"https:\/\/icf.church\/geneve\/wp-content\/uploads\/sites\/121\/2026\/05\/arise-and-shine-2018-no-logo-1024x576.jpg 1024w, https:\/\/icf.church\/geneve\/wp-content\/uploads\/sites\/121\/2026\/05\/arise-and-shine-2018-no-logo-300x169.jpg 300w, https:\/\/icf.church\/geneve\/wp-content\/uploads\/sites\/121\/2026\/05\/arise-and-shine-2018-no-logo-768x432.jpg 768w, https:\/\/icf.church\/geneve\/wp-content\/uploads\/sites\/121\/2026\/05\/arise-and-shine-2018-no-logo-1536x864.jpg 1536w, https:\/\/icf.church\/geneve\/wp-content\/uploads\/sites\/121\/2026\/05\/arise-and-shine-2018-no-logo.jpg 1920w\" sizes=\"(max-width: 1024px) 100vw, 1024px\">    <div class=\"card-body\">\n    <h3 class=\"card-title\">ICF Ladies<\/h3>\n    <p class=\"card-text\">Notre \u00e9glise propose un espace exclusif pour les femmes. Exp\u00e9rimenter Dieu ensemble, renforcer sa foi, d\u00e9velopper nos amiti\u00e9s, en se soutenant et  les unes les autres.<\/p>\n      <\/div>\n<\/article><\/swiper-slide>\n      <\/swiper-container>\n<\/div>\n\n<div id=\"block-17\" class=\"pt-2 pb-2 alignfull is-layout-constrained\">\n  <div>\n            <div class=\"row gx-4 gy-4 \">\n          \n\n<div id=\"block-16\" class=\"col wp-block-yellowtree-column col-12 d-flex flex-column with-streched-height-children align-items-stretch align-items-md-stretch\">\n  <\/div>\n        <\/div>\n          <\/div>\n<\/div>\n\n<p id=\"block-18\" class=\"text-start wp-block-paragraph\">\n  Difficult\u00e9 \u00e0 trouver ta communaut\u00e9 ou a savoir comment commencer ? Notre \u00e9quipe est la pour t&rsquo;aider. On se fera un plaisir de r\u00e9pondre \u00e0 tes questions.<\/p>\n\n<div id=\"block-20\" class=\"pt-2 pb-2 alignfull is-layout-constrained\">\n  <div>\n            <div class=\"row gx-4 gy-4 \">\n          \n\n<div id=\"block-19\" class=\"col wp-block-yellowtree-column col-12 d-flex flex-column with-streched-height-children align-items-stretch align-items-md-stretch\">\n  <\/div>\n        <\/div>\n          <\/div>\n<\/div>\n\n\n  <div>\n    <a id=\"block-21\" href=\"mailto:info@icf-ge.ch\" rel=\"\" class=\"wp-block-yellowtree-button-link btn btn-default\">\n      <span>Contacter<\/span>\n              <i class='icon fs-base-const fa-solid fa-envelope' aria-hidden=\"true\"><\/i>\n          <\/a>\n  <\/div>\n","protected":false},"excerpt":{"rendered":"<p>Communaut\u00e9s Une \u00e9glise pour chaque g\u00e9n\u00e9ration. \u00c0 ICF Gen\u00e8ve, nous voulons faire de la place pour chaque g\u00e9n\u00e9ration et chaque \u00e9tape de vie. Difficult\u00e9 \u00e0 trouver ta communaut\u00e9 ou a savoir comment commencer ? Notre \u00e9quipe est la pour t&rsquo;aider. On se fera un plaisir de r\u00e9pondre \u00e0 tes questions.<\/p>\n","protected":false},"author":162,"featured_media":0,"parent":0,"menu_order":13,"comment_status":"closed","ping_status":"closed","template":"","meta":{"_acf_changed":false,"_seopress_titles_title":"","_seopress_titles_desc":"","_seopress_robots_index":"","_seopress_robots_follow":"","_seopress_robots_imageindex":"","_seopress_robots_snippet":"","_seopress_robots_primary_cat":"","_seopress_robots_breadcrumbs":"","_seopress_robots_freeze_modified_date":"","_seopress_robots_custom_modified_date":"","_seopress_robots_canonical":"","_seopress_social_fb_title":"","_seopress_social_fb_desc":"","_seopress_social_fb_img":"","_seopress_social_fb_img_attachment_id":0,"_seopress_social_fb_img_width":0,"_seopress_social_fb_img_height":0,"_seopress_social_twitter_title":"","_seopress_social_twitter_desc":"","_seopress_social_twitter_img":"","_seopress_social_twitter_img_attachment_id":0,"_seopress_social_twitter_img_width":0,"_seopress_social_twitter_img_height":0,"_seopress_redirections_value":"","_seopress_redirections_enabled":"","_seopress_redirections_enabled_regex":"","_seopress_redirections_logged_status":"both","_seopress_redirections_param":"","_seopress_redirections_type":301,"_seopress_analysis_target_kw":"","_seopress_news_disabled":"","_seopress_video_disabled":"","_seopress_video":[{"url":"","title":"","desc":"","thumbnail":"","duration":"","rating":"","view_count":"","tag":""}],"_seopress_pro_schemas_manual":[],"_seopress_pro_rich_snippets_disable_all":"","_seopress_pro_rich_snippets_disable":[],"_seopress_pro_schemas":[],"yt_custom_styles_scss":"","yt_custom_styles_rounded_corners":false,"yt_custom_styles_color_scheme":"","footnotes":""},"class_list":["post-1274","page","type-page","status-publish","hentry"],"acf":[],"_links":{"self":[{"href":"https:\/\/icf.church\/geneve\/fr\/wp-json\/wp\/v2\/pages\/1274","targetHints":{"allow":["GET"]}}],"collection":[{"href":"https:\/\/icf.church\/geneve\/fr\/wp-json\/wp\/v2\/pages"}],"about":[{"href":"https:\/\/icf.church\/geneve\/fr\/wp-json\/wp\/v2\/types\/page"}],"author":[{"embeddable":true,"href":"https:\/\/icf.church\/geneve\/fr\/wp-json\/wp\/v2\/users\/162"}],"replies":[{"embeddable":true,"href":"https:\/\/icf.church\/geneve\/fr\/wp-json\/wp\/v2\/comments?post=1274"}],"version-history":[{"count":14,"href":"https:\/\/icf.church\/geneve\/fr\/wp-json\/wp\/v2\/pages\/1274\/revisions"}],"predecessor-version":[{"id":2256,"href":"https:\/\/icf.church\/geneve\/fr\/wp-json\/wp\/v2\/pages\/1274\/revisions\/2256"}],"wp:attachment":[{"href":"https:\/\/icf.church\/geneve\/fr\/wp-json\/wp\/v2\/media?parent=1274"}],"curies":[{"name":"wp","href":"https:\/\/api.w.org\/{rel}","templated":true}]}}