{"id":1619,"date":"2026-05-29T07:21:12","date_gmt":"2026-05-29T05:21:14","guid":{"rendered":"https:\/\/new.icf.church\/geneve\/?page_id=1619"},"modified":"2026-08-26T16:40:33","modified_gmt":"2026-08-26T14:40:33","slug":"vivre-leglise","status":"publish","type":"page","link":"https:\/\/icf.church\/geneve\/fr\/vivre-leglise\/","title":{"rendered":"Vivre l&#039;\u00e9glise"},"content":{"rendered":"<p id=\"block-1\" class=\"text-start wp-block-paragraph\">\n  <\/p>\n\n<h1 id=\"block-2\" class=\"h1 display-1 text-start\">\n  Vivre l&rsquo;\u00e9glise<\/h1>\n\n<div id=\"block-4\" class=\"pt-2 pb-2 alignfull is-layout-constrained\">\n  <div>\n            <div class=\"row gx-4 gy-4 \">\n          \n\n<div id=\"block-3\" class=\"col wp-block-yellowtree-column col-12 d-flex flex-column with-streched-height-children align-items-stretch align-items-md-stretch\">\n  <\/div>\n        <\/div>\n          <\/div>\n<\/div>\n\n<h2 id=\"block-5\" class=\"h2 text-start\">\n  D\u00e9couvre, grandis, connecte-toi. La foi est une aventure qui se vit ensemble.<\/h2>\n\n<div id=\"block-26\" class=\"pt-2 pb-2 alignfull is-layout-constrained\">\n  <div>\n            <div class=\"row gx-4 gy-4 \">\n          \n\n<div id=\"block-25\" class=\"col wp-block-yellowtree-column col-12 d-flex flex-column with-streched-height-children align-items-stretch align-items-md-stretch\">\n  <div id=\"block-6\" class=\"alignfull is-layout-constrained\">\n  <swiper-container init=\"false\" data-yt-template=\"default\" data-yt-pagination=\"true\" data-yt-navigation=\"false\" class=\"\" data-yt-hide-overflow>\n      <\/swiper-container>\n<\/div>\n\n<div id=\"block-24\" class=\"alignfull is-layout-constrained\">\n  <swiper-container init=\"false\" data-yt-template=\"default\" data-yt-pagination=\"true\" data-yt-navigation=\"false\" class=\"\" data-yt-hide-overflow>\n          <swiper-slide><div id=\"block-23\" class=\"pt-2 pb-2 alignfull is-layout-constrained\">\n  <div>\n            <div class=\"row gx-4 gy-4 \">\n          \n\n<div id=\"block-10\" class=\"col wp-block-yellowtree-column col-12 col-md-6 col-lg-3 d-flex flex-column with-streched-height-children align-items-stretch align-items-md-stretch\">\n  <article id=\"block-7\" data-bs-theme=\"dark\" class=\"wp-block-yellowtree-card card has-context-height\" style=\"--card-img-position:50% 50%\">\n        <img decoding=\"async\" width=\"1024\" height=\"683\" src=\"https:\/\/icf.church\/geneve\/wp-content\/uploads\/sites\/121\/2025\/10\/icf-equip-corporate-shooting-24-4-1024x683.jpg\" class=\"card-img-top\" alt=\"\" draggable=\"false\" loading=\"lazy\" srcset=\"https:\/\/icf.church\/geneve\/wp-content\/uploads\/sites\/121\/2025\/10\/icf-equip-corporate-shooting-24-4-1024x683.jpg 1024w, https:\/\/icf.church\/geneve\/wp-content\/uploads\/sites\/121\/2025\/10\/icf-equip-corporate-shooting-24-4-300x200.jpg 300w, https:\/\/icf.church\/geneve\/wp-content\/uploads\/sites\/121\/2025\/10\/icf-equip-corporate-shooting-24-4-768x512.jpg 768w, https:\/\/icf.church\/geneve\/wp-content\/uploads\/sites\/121\/2025\/10\/icf-equip-corporate-shooting-24-4-1536x1025.jpg 1536w, https:\/\/icf.church\/geneve\/wp-content\/uploads\/sites\/121\/2025\/10\/icf-equip-corporate-shooting-24-4-2048x1366.jpg 2048w\" sizes=\"(max-width: 1024px) 100vw, 1024px\">    <div class=\"card-body\">\n    <h3 class=\"card-title\">Explore<\/h3>\n    <p class=\"card-text\">Tu te poses des questions sur Dieu, la Bible ou le sens de la vie ?<br><br>Explore est un parcours pour celles et ceux qui souhaitent comprendre les bases du christianisme et d\u00e9couvrir qui est J\u00e9sus. Au travers de discussions authentiques et de moments de partage, tu pourras explorer la foi \u00e0 ton rythme et construire les fondations d&rsquo;une relation personnelle avec Dieu.<br><br>Parce que chaque grande aventure commence par une question.<\/p>\n      <\/div>\n<\/article>\n\n<div id=\"block-9\" class=\"pt-2 pb-2 alignfull is-layout-constrained\">\n  <div>\n            <div class=\"row gx-4 gy-4 \">\n          \n\n<div id=\"block-8\" class=\"col wp-block-yellowtree-column col-12 d-flex flex-column with-streched-height-children align-items-stretch align-items-md-stretch\">\n  <\/div>\n        <\/div>\n          <\/div>\n<\/div><\/div>\n\n\n<div id=\"block-14\" class=\"col wp-block-yellowtree-column col-12 col-md-6 col-lg-3 d-flex flex-column justify-content-center align-items-center align-items-md-center\">\n  <article id=\"block-11\" data-bs-theme=\"dark\" class=\"wp-block-yellowtree-card card has-context-height\" style=\"--card-img-position:50% 50%\">\n        <img decoding=\"async\" width=\"1024\" height=\"336\" src=\"https:\/\/icf.church\/geneve\/wp-content\/uploads\/sites\/121\/2026\/05\/cd17-celebration_02-1140x374-1-1024x336.jpg\" class=\"card-img-top\" alt=\"Two people hugging tightly, celebrating a moment of success.\" draggable=\"false\" loading=\"lazy\" srcset=\"https:\/\/icf.church\/geneve\/wp-content\/uploads\/sites\/121\/2026\/05\/cd17-celebration_02-1140x374-1-1024x336.jpg 1024w, https:\/\/icf.church\/geneve\/wp-content\/uploads\/sites\/121\/2026\/05\/cd17-celebration_02-1140x374-1-768x252.jpg 768w\" sizes=\"(max-width: 1024px) 100vw, 1024px\">    <div class=\"card-body\">\n    <h3 class=\"card-title\">Bapt\u00eame<\/h3>\n    <p class=\"card-text\">Pr\u00eat.e \u00e0 franchir le pas ?<br><br>Le bapt\u00eame est un moment unique dans un parcourt de foi, une mani\u00e8re publique de dire : \u00ab J\u2019ai choisi de suivre J\u00e9sus. \u00bb <br><br>Si tu souhaites en savoir plus ou te faire baptiser, nous sommes l\u00e0 pour t\u2019accompagner dans cette magnifique d\u00e9marche.<\/p>\n      <\/div>\n<\/article>\n\n<div id=\"block-13\" class=\"pt-2 pb-2 alignfull is-layout-constrained\">\n  <div>\n            <div class=\"row gx-4 gy-4 \">\n          \n\n<div id=\"block-12\" class=\"col wp-block-yellowtree-column col-12 d-flex flex-column with-streched-height-children align-items-stretch align-items-md-stretch\">\n  <\/div>\n        <\/div>\n          <\/div>\n<\/div><\/div>\n\n\n<div id=\"block-18\" class=\"col wp-block-yellowtree-column col-12 col-md-6 col-lg-3 d-flex flex-column justify-content-center align-items-center align-items-md-center\">\n  <article id=\"block-15\" data-bs-theme=\"dark\" class=\"wp-block-yellowtree-card card has-context-height\" style=\"--card-img-position:50% 50%\">\n        <img decoding=\"async\" width=\"1024\" height=\"684\" src=\"https:\/\/icf.church\/geneve\/wp-content\/uploads\/sites\/121\/2026\/05\/samantha-gades-7j4t1xzpjgu-unsplash-scaled-1-1024x684.jpg\" class=\"card-img-top\" alt=\"People dancing and socializing at an outdoor event.\" draggable=\"false\" loading=\"lazy\" srcset=\"https:\/\/icf.church\/geneve\/wp-content\/uploads\/sites\/121\/2026\/05\/samantha-gades-7j4t1xzpjgu-unsplash-scaled-1-1024x684.jpg 1024w, https:\/\/icf.church\/geneve\/wp-content\/uploads\/sites\/121\/2026\/05\/samantha-gades-7j4t1xzpjgu-unsplash-scaled-1-300x200.jpg 300w, https:\/\/icf.church\/geneve\/wp-content\/uploads\/sites\/121\/2026\/05\/samantha-gades-7j4t1xzpjgu-unsplash-scaled-1-768x513.jpg 768w, https:\/\/icf.church\/geneve\/wp-content\/uploads\/sites\/121\/2026\/05\/samantha-gades-7j4t1xzpjgu-unsplash-scaled-1-1536x1025.jpg 1536w, https:\/\/icf.church\/geneve\/wp-content\/uploads\/sites\/121\/2026\/05\/samantha-gades-7j4t1xzpjgu-unsplash-scaled-1-2048x1367.jpg 2048w\" sizes=\"(max-width: 1024px) 100vw, 1024px\">    <div class=\"card-body\">\n    <h3 class=\"card-title\">Get free<\/h3>\n    <p class=\"card-text\">Dieu ne t&rsquo;a pas appel\u00e9 \u00e0 survivre, mais \u00e0 vivre pleinement.&nbsp;<br><br>Get Free est une exp\u00e9rience qui t&rsquo;aide \u00e0 te lib\u00e9rer de ce qui te retient pour avancer dans la vie que Dieu a pr\u00e9par\u00e9e pour toi. <br>Enseignements inspirants, moments de partage, r\u00e9flexion personnelle et rencontres qui peuvent marquer un tournant dans ton parcours.<br><br>La prochaine \u00e9tape pourrait commencer aujourd&rsquo;hui. Contacte-nous pour conna\u00eetre la prochaine date et d\u00e9couvrir comment participer \u00e0 Get Free.<\/p>\n      <\/div>\n<\/article>\n\n<div id=\"block-17\" class=\"pt-2 pb-2 alignfull is-layout-constrained\">\n  <div>\n            <div class=\"row gx-4 gy-4 \">\n          \n\n<div id=\"block-16\" class=\"col wp-block-yellowtree-column col-12 d-flex flex-column with-streched-height-children align-items-stretch align-items-md-stretch\">\n  <\/div>\n        <\/div>\n          <\/div>\n<\/div><\/div>\n\n\n<div id=\"block-22\" class=\"col wp-block-yellowtree-column col-12 col-md-6 col-lg-3 d-flex flex-column justify-content-center align-items-center align-items-md-center\">\n  <article id=\"block-19\" data-bs-theme=\"dark\" class=\"wp-block-yellowtree-card card has-context-height\" style=\"--card-img-position:50% 50%\">\n        <img decoding=\"async\" width=\"360\" height=\"203\" src=\"https:\/\/icf.church\/geneve\/wp-content\/uploads\/sites\/121\/2026\/05\/img_20220618_195910-2-360x203-1.jpg\" class=\"card-img-top\" alt=\"Family group photo outdoors on grass with trees in background.\" draggable=\"false\" loading=\"lazy\" srcset=\"https:\/\/icf.church\/geneve\/wp-content\/uploads\/sites\/121\/2026\/05\/img_20220618_195910-2-360x203-1.jpg 360w, https:\/\/icf.church\/geneve\/wp-content\/uploads\/sites\/121\/2026\/05\/img_20220618_195910-2-360x203-1-300x169.jpg 300w\" sizes=\"(max-width: 360px) 100vw, 360px\">    <div class=\"card-body\">\n    <h3 class=\"card-title\">Discipleship College<\/h3>\n    <p class=\"card-text\">As-tu appris \u00e0 aimer ?<br><br>Aimer Dieu. Aimer les autres. T&rsquo;aimer toi-m\u00eame. Le Discipleship College est un temps pour d\u00e9couvrir ton identit\u00e9 et apprendre \u00e0 vivre l&rsquo;amour de J\u00e9sus au quotidien.<br><br>Mieux conna\u00eetre Dieu, comprendre la Bible, d\u00e9velopper ton leadership et vivre une foi qui impacte concr\u00e8tement ton quotidien.<br><br>Notre \u00e9quipe r\u00e9pond a tes questions.<\/p>\n      <\/div>\n<\/article>\n\n<div id=\"block-21\" class=\"pt-2 pb-2 alignfull is-layout-constrained\">\n  <div>\n            <div class=\"row gx-4 gy-4 \">\n          \n\n<div id=\"block-20\" class=\"col wp-block-yellowtree-column col-12 d-flex flex-column with-streched-height-children align-items-stretch align-items-md-stretch\">\n  <\/div>\n        <\/div>\n          <\/div>\n<\/div><\/div>\n        <\/div>\n          <\/div>\n<\/div><\/swiper-slide>\n      <\/swiper-container>\n<\/div><\/div>\n        <\/div>\n          <\/div>\n<\/div>\n\n<div id=\"block-29\" class=\"pt-2 pb-2 alignfull is-layout-constrained\">\n  <div>\n            <div class=\"row gx-4 gy-4 \">\n          \n\n<div id=\"block-28\" class=\"col wp-block-yellowtree-column col-12 d-flex flex-column justify-content-center align-items-stretch align-items-md-center\">\n  <div>\n    <a id=\"block-27\" href=\"mailto:ruben.binyet@icf-ge.ch\" rel=\"\" class=\"wp-block-yellowtree-button-link btn btn-default\">\n      <span>Contacter<\/span>\n              <i class=\"icon fs-base-const fa-solid fa-envelope\" aria-hidden=\"true\"><\/i>\n          <\/a>\n  <\/div><\/div>\n        <\/div>\n          <\/div>\n<\/div>\n\n<div id=\"block-31\" class=\"pt-2 pb-2 alignfull is-layout-constrained\">\n  <div>\n            <div class=\"row gx-4 gy-4 \">\n          \n\n<div id=\"block-30\" class=\"col wp-block-yellowtree-column col-12 d-flex flex-column with-streched-height-children align-items-stretch align-items-md-stretch\">\n  <\/div>\n        <\/div>\n          <\/div>\n<\/div>\n\n<h1 id=\"block-32\" class=\"h1 text-start\">\n  Mariage<\/h1>\n\n<div id=\"block-34\" class=\"pt-2 pb-2 alignfull is-layout-constrained\">\n  <div>\n            <div class=\"row gx-4 gy-4 \">\n          \n\n<div id=\"block-33\" class=\"col wp-block-yellowtree-column col-12 d-flex flex-column with-streched-height-children align-items-stretch align-items-md-stretch\">\n  <\/div>\n        <\/div>\n          <\/div>\n<\/div>\n\n\n<div id=\"block-40\" class=\"wp-block-yellowtree-text-image d-flex flex-column flex-lg-row gap-3\">\n    \n\n<div id=\"block-35\" class=\"wp-block-yellowtree-locked-image\">\n    <img decoding=\"async\" width=\"1024\" height=\"552\" src=\"https:\/\/icf.church\/geneve\/wp-content\/uploads\/sites\/121\/2026\/05\/header-wedding_02-1800x650-1-e1780053012677-1024x552.jpg\" class=\"w-100 h-100 object-fit-cover\" alt=\"mariage\" style=\"object-position: 50% 50%;\" loading=\"lazy\" sizes=\"(max-width: 992px) 100vw, 1600px\" srcset=\"https:\/\/icf.church\/geneve\/wp-content\/uploads\/sites\/121\/2026\/05\/header-wedding_02-1800x650-1-e1780053012677-1024x552.jpg 1024w, https:\/\/icf.church\/geneve\/wp-content\/uploads\/sites\/121\/2026\/05\/header-wedding_02-1800x650-1-e1780053012677-300x162.jpg 300w, https:\/\/icf.church\/geneve\/wp-content\/uploads\/sites\/121\/2026\/05\/header-wedding_02-1800x650-1-e1780053012677-768x414.jpg 768w, https:\/\/icf.church\/geneve\/wp-content\/uploads\/sites\/121\/2026\/05\/header-wedding_02-1800x650-1-e1780053012677.jpg 1206w\" \/><\/div>\n\n\n\n<div id=\"block-39\" data-bs-theme=\"dark\" class=\"card wp-block-yellowtree-text-card has-context-height\">\n  <div class=\"card-body px-4 py-6 p-sm-6 p-lg-8\">\n    \n\n<h2 id=\"block-36\">\n    Un mariage solide, \u00e7a ne tombe pas du ciel.<\/h2>\n\n\n<p id=\"block-37\">\n    \u00c7a se construit, \u00e7a s&rsquo;entretient et \u00e7a grandit. Que tu te pr\u00e9pares au mariage ou que tu souhaites renforcer ta relation, nos cours te donnent des outils concrets pour vivre une histoire qui dure et qui inspire autour de toi.<\/p>\n\n\n  <div>\n    <a id=\"block-38\" href=\"mailto:info@icf-ge.ch\" rel=\"\" class=\"wp-block-yellowtree-button-link btn btn-default\">\n      <span>Contacter<\/span>\n              <i class='icon fs-base-const fa-solid fa-envelope' aria-hidden=\"true\"><\/i>\n          <\/a>\n  <\/div>\n\n  <\/div>\n<\/div>\n<\/div>\n","protected":false},"excerpt":{"rendered":"<p>Vivre l&rsquo;\u00e9glise D\u00e9couvre, grandis, connecte-toi. La foi est une aventure qui se vit ensemble. Mariage<\/p>\n","protected":false},"author":162,"featured_media":0,"parent":0,"menu_order":4,"comment_status":"closed","ping_status":"closed","template":"","meta":{"_acf_changed":false,"_seopress_titles_title":"","_seopress_titles_desc":"","_seopress_robots_index":"","_seopress_robots_follow":"","_seopress_robots_imageindex":"","_seopress_robots_snippet":"","_seopress_robots_primary_cat":"","_seopress_robots_breadcrumbs":"","_seopress_robots_freeze_modified_date":"","_seopress_robots_custom_modified_date":"","_seopress_robots_canonical":"","_seopress_social_fb_title":"","_seopress_social_fb_desc":"","_seopress_social_fb_img":"","_seopress_social_fb_img_attachment_id":0,"_seopress_social_fb_img_width":0,"_seopress_social_fb_img_height":0,"_seopress_social_twitter_title":"","_seopress_social_twitter_desc":"","_seopress_social_twitter_img":"","_seopress_social_twitter_img_attachment_id":0,"_seopress_social_twitter_img_width":0,"_seopress_social_twitter_img_height":0,"_seopress_redirections_value":"","_seopress_redirections_enabled":"","_seopress_redirections_enabled_regex":"","_seopress_redirections_logged_status":"both","_seopress_redirections_param":"","_seopress_redirections_type":301,"_seopress_analysis_target_kw":"","_seopress_news_disabled":"","_seopress_video_disabled":"","_seopress_video":[{"url":"","title":"","desc":"","thumbnail":"","duration":"","rating":"","view_count":"","tag":""}],"_seopress_pro_schemas_manual":[],"_seopress_pro_rich_snippets_disable_all":"","_seopress_pro_rich_snippets_disable":[],"_seopress_pro_schemas":[],"yt_custom_styles_scss":"","yt_custom_styles_rounded_corners":false,"yt_custom_styles_color_scheme":"","footnotes":""},"class_list":["post-1619","page","type-page","status-publish","hentry"],"acf":[],"_links":{"self":[{"href":"https:\/\/icf.church\/geneve\/fr\/wp-json\/wp\/v2\/pages\/1619","targetHints":{"allow":["GET"]}}],"collection":[{"href":"https:\/\/icf.church\/geneve\/fr\/wp-json\/wp\/v2\/pages"}],"about":[{"href":"https:\/\/icf.church\/geneve\/fr\/wp-json\/wp\/v2\/types\/page"}],"author":[{"embeddable":true,"href":"https:\/\/icf.church\/geneve\/fr\/wp-json\/wp\/v2\/users\/162"}],"replies":[{"embeddable":true,"href":"https:\/\/icf.church\/geneve\/fr\/wp-json\/wp\/v2\/comments?post=1619"}],"version-history":[{"count":21,"href":"https:\/\/icf.church\/geneve\/fr\/wp-json\/wp\/v2\/pages\/1619\/revisions"}],"predecessor-version":[{"id":2152,"href":"https:\/\/icf.church\/geneve\/fr\/wp-json\/wp\/v2\/pages\/1619\/revisions\/2152"}],"wp:attachment":[{"href":"https:\/\/icf.church\/geneve\/fr\/wp-json\/wp\/v2\/media?parent=1619"}],"curies":[{"name":"wp","href":"https:\/\/api.w.org\/{rel}","templated":true}]}}