{"id":1926,"date":"2026-08-18T13:52:51","date_gmt":"2026-08-18T11:52:51","guid":{"rendered":"https:\/\/new.icf.church\/geneve\/?page_id=1926"},"modified":"2026-08-25T10:35:10","modified_gmt":"2026-08-25T08:35:10","slug":"about","status":"publish","type":"page","link":"https:\/\/icf.church\/geneve\/fr\/about\/","title":{"rendered":"\u00c0 propos"},"content":{"rendered":"<h1 id=\"block-1\" class=\"mt-7 h1 display-1 text-center\">\n  Bienvenue \u00e0<br> ICF Gen\u00e8ve<\/h1>\n\n<div class=\"alignwide mw-100\">\n      <figure id=\"block-2\" class=\"is-style-rounded mt-2 mb-2\">\n      <div class=\"img-wrap\" style=\"max-width:100%\">\n        <img decoding=\"async\" src=\"https:\/\/icf.church\/geneve\/wp-content\/uploads\/sites\/121\/2026\/08\/20230519_con_fd_043.jpg\" alt=\"\" loading=\"lazy\" title=\"\" srcset=\"https:\/\/icf.church\/geneve\/wp-content\/uploads\/sites\/121\/2026\/08\/20230519_con_fd_043.jpg 1924w, https:\/\/icf.church\/geneve\/wp-content\/uploads\/sites\/121\/2026\/08\/20230519_con_fd_043-300x200.jpg 300w, https:\/\/icf.church\/geneve\/wp-content\/uploads\/sites\/121\/2026\/08\/20230519_con_fd_043-1024x681.jpg 1024w, https:\/\/icf.church\/geneve\/wp-content\/uploads\/sites\/121\/2026\/08\/20230519_con_fd_043-768x511.jpg 768w, https:\/\/icf.church\/geneve\/wp-content\/uploads\/sites\/121\/2026\/08\/20230519_con_fd_043-1536x1022.jpg 1536w\" sizes=\"(max-width: 1924px) 100vw, 1924px\" class=\"img-fluid w-100 h-100 rounded object-fit-cover\" style=\"object-position: center center\" \/>\n      <\/div>\n          <\/figure>\n    <\/div>\n\n<div id=\"block-6\" class=\"pt-2 pb-2 alignfull is-layout-constrained\">\n  <div>\n          <div class=\"row\">\n        <div class=\"col-12 col-md-10 mx-auto\">\n                <div class=\"row gx-4 gy-4 \">\n          \n\n<div id=\"block-5\" class=\"col wp-block-yellowtree-column col-12 d-flex flex-column with-streched-height-children align-items-stretch align-items-md-stretch\">\n  <h3 id=\"block-3\" class=\"mt-4 h3 display-3 text-center\">\n  UNE NOUVELLE EXP\u00c9RIENCE DE L&rsquo;\u00c9GLISE<\/h3>\n\n<h3 id=\"block-4\" class=\"mt-4 h3 text-center\">\n  ICF Gen\u00e8ve est une \u00e9glise chr\u00e9tienne fond\u00e9e sur la Bible : authentique, pertinente et passionn\u00e9e par la vie avec J\u00e9sus.<\/h3><\/div>\n        <\/div>\n                <\/div>\n      <\/div>\n      <\/div>\n<\/div>\n\n<div id=\"block-13\" class=\"pt-6 pb-2 alignfull is-layout-constrained\">\n  <div>\n            <div class=\"row gx-4 gy-4 \">\n          \n\n<div id=\"block-12\" class=\"col wp-block-yellowtree-column col-12 d-flex flex-column with-streched-height-children align-items-stretch align-items-md-stretch\">\n  <div id=\"block-11\" class=\"wp-block-yellowtree-text-image d-flex flex-column flex-lg-row gap-3\">\n    \n\n<div id=\"block-7\" class=\"wp-block-yellowtree-locked-image\">\n    <img decoding=\"async\" width=\"819\" height=\"1024\" src=\"https:\/\/icf.church\/geneve\/wp-content\/uploads\/sites\/121\/2026\/08\/chatgpt-image-18-aout-2026-a-14_31_28-819x1024.png\" class=\"w-100 h-100 object-fit-cover\" alt=\"\" style=\"object-position: 50% 12%;\" loading=\"lazy\" sizes=\"(max-width: 992px) 100vw, 1600px\" srcset=\"https:\/\/icf.church\/geneve\/wp-content\/uploads\/sites\/121\/2026\/08\/chatgpt-image-18-aout-2026-a-14_31_28-819x1024.png 819w, https:\/\/icf.church\/geneve\/wp-content\/uploads\/sites\/121\/2026\/08\/chatgpt-image-18-aout-2026-a-14_31_28-240x300.png 240w, https:\/\/icf.church\/geneve\/wp-content\/uploads\/sites\/121\/2026\/08\/chatgpt-image-18-aout-2026-a-14_31_28-768x960.png 768w, https:\/\/icf.church\/geneve\/wp-content\/uploads\/sites\/121\/2026\/08\/chatgpt-image-18-aout-2026-a-14_31_28.png 1122w\"><\/div>\n\n\n\n<div id=\"block-10\" data-bs-theme=\"dark\" class=\"card wp-block-yellowtree-text-card has-context-height\">\n  <div class=\"card-body px-4 py-6 p-sm-6 p-lg-8\">\n    \n\n<h2 id=\"block-8\">\n    Welcome Home!<\/h2>\n\n\n<p id=\"block-9\">\n    Bienvenue \u00e0 ICF Gen\u00e8ve ! Quelle que soit la mani\u00e8re dont tu nous as trouv\u00e9s, nous sommes heureux de t&rsquo;accueillir aujourd&rsquo;hui ! <br><br>Nous aimerions te pr\u00e9senter ce qui nous d\u00e9finit en tant qu&rsquo;\u00e9glise, ce qui nous motive, ce que nous croyons et comment nous vivons la communaut\u00e9.<br><br>D\u00e8s le d\u00e9part, nous voulons partager avec toi notre r\u00eave d&rsquo;une \u00e9glise qui nous inspire depuis le tout d\u00e9but et qui devient, jour apr\u00e8s jour, de plus en plus une r\u00e9alit\u00e9.<br><br>Nous t&rsquo;invitons, toi aussi, \u00e0 faire partie de ce r\u00eave. Tu es le bienvenu, fais comme chez toi ! <br><br>Que Dieu te b\u00e9nisse,<br><br>Monica Girardet, Adrien Zucchello &amp; Ruben Binyet<br><em>Lead Pastors ICF <\/em> Gen\u00e8ve<\/p>\n  <\/div>\n<\/div>\n<\/div><\/div>\n        <\/div>\n          <\/div>\n<\/div>\n\n<div id=\"block-17\" class=\"pt-9 pb-2 alignfull is-layout-constrained\">\n  <div>\n            <div class=\"row gx-4 gy-4 \">\n          \n\n<div id=\"block-16\" class=\"col wp-block-yellowtree-column col-12 d-flex flex-column with-streched-height-children align-items-stretch align-items-md-stretch\">\n  <h3 id=\"block-14\" class=\"h3 display-3 text-start\">\n  Notre mission<\/h3>\n\n<p id=\"block-15\" class=\"mb-2 fs-lg text-start wp-block-paragraph\">\n  En tant qu&rsquo;\u00e9glise, notre passion est de voir les personnes devenir toujours plus semblables \u00e0 J\u00e9sus-Christ, vivre sans peur et avoir une influence positive sur leur monde.<\/p><\/div>\n        <\/div>\n          <\/div>\n<\/div>\n\n<div id=\"block-25\" class=\"alignfull is-layout-constrained\">\n  <div>\n            <div class=\"row gx-4 gy-4 \">\n          \n\n<div id=\"block-19\" class=\"col wp-block-yellowtree-column col-12 col-md-6 col-lg-3 d-flex flex-column justify-content-center align-items-end align-items-md-end\">\n  <div>\n    <a id=\"block-18\" href=\"https:\/\/icf.church\/vision\" rel=\"\" target=\"_blank\" class=\"wp-block-yellowtree-button-link btn btn-outline-default\">\n      <span>Notre vision<\/span>\n              <i class=\"icon fs-base-const fa-solid fa-globe\" aria-hidden=\"true\"><\/i>\n          <\/a>\n  <\/div><\/div>\n\n\n<div id=\"block-21\" class=\"col wp-block-yellowtree-column col-12 col-md-6 col-lg-3 d-flex flex-column justify-content-center align-items-center align-items-md-center\">\n  <div>\n    <a id=\"block-20\" href=\"https:\/\/icf.church\/template-icf\/en\/about\/#values\" rel=\"\" class=\"wp-block-yellowtree-button-link btn btn-outline-default\">\n      <span>Nos valeurs<\/span>\n              <i class=\"icon fs-base-const fa-solid fa-heart\" aria-hidden=\"true\"><\/i>\n          <\/a>\n  <\/div><\/div>\n\n\n<div id=\"block-23\" class=\"col wp-block-yellowtree-column col-12 col-md-6 col-lg-3 d-flex flex-column justify-content-center align-items-start align-items-md-start\">\n  <div>\n    <a id=\"block-22\" href=\"https:\/\/icf.church\/en\/whatwebelieve\" rel=\"\" target=\"_blank\" class=\"wp-block-yellowtree-button-link btn btn-outline-default\">\n      <span>Ce que nous croyons<\/span>\n              <i class=\"icon fs-base-const fa-solid fa-cross\" aria-hidden=\"true\"><\/i>\n          <\/a>\n  <\/div><\/div>\n\n\n<div id=\"block-24\" class=\"col wp-block-yellowtree-column col-12 col-md-6 col-lg-3 d-flex flex-column with-streched-height-children align-items-stretch align-items-md-stretch\">\n  <\/div>\n        <\/div>\n          <\/div>\n<\/div>\n\n\n<div id=\"block-32\" class=\"wp-block-yellowtree-vision alignfull\">\n    <div class=\"vision-wrapper position-relative z-0\">\n        <div class=\"is-layout-constrained\">\n            <div class=\"position-relative\">\n                <div class=\"d-flex justify-content-center align-items-center\">\n                    <div class=\"vision-gradient w-100\"><\/div>\n                <\/div>\n                                    <div class=\"position-absolute start-50 top-50 translate-middle mw-100\" style=\"width: 40rem;\">\n                        <h3 class=\"display-3 text-center px-2 text-black mb-0\">Nos valeurs<\/h3>\n                    <\/div>\n                                <ul class=\"list-unstyled position-absolute start-50 top-50 w-50 h-50\">\n                    <li id=\"block-26\" class=\"wp-block-yellowtree-vision-item vision-item text-black\">\n    <button class=\"btn vision-button text-black has-pulse\" type=\"button\" aria-label=\"Afficher plus\" data-bs-toggle=\"modal\" data-bs-target=\"#block-26-card\">\n        <i class=\"icon vision-icon fa-solid fa-party-horn\" aria-hidden=\"true\"><\/i>\n    <\/button>\n    <div id=\"block-26-card\" tabindex=\"-1\" class=\"modal fade vision-modal position-absolute start-0 top-0\" style=\"display: none;\" data-bs-backdrop=\"false\">\n        <div class=\"modal-dialog\">\n            <article class=\"card vision-card\" data-bs-theme=\"dark\">\n                <button class=\"vision-card-close btn-close-fa position-absolute end-0 top-0 mt-1 me-1\" type=\"button\" data-bs-dismiss=\"modal\" aria-label=\"Fermer la carte de vision\"><\/button>\n                <div class=\"card-body p-3\">\n                    <div class=\"mt-7 mb-4 text-center\">\n                        <i class=\"icon vision-card-icon fa-solid fa-party-horn\" aria-hidden=\"true\"><\/i>\n                    <\/div>\n                    <p class=\"fs-sm-const mt-auto\">\n                        PASSIONN\u00c9S | Nous savons que la joie du Seigneur est notre force                    <\/p>\n                <\/div>\n            <\/article>\n        <\/div>\n    <\/div>\n<\/li>\n\n\n<li id=\"block-27\" class=\"wp-block-yellowtree-vision-item vision-item text-black\">\n    <button class=\"btn vision-button text-black has-pulse\" type=\"button\" aria-label=\"Afficher plus\" data-bs-toggle=\"modal\" data-bs-target=\"#block-27-card\">\n        <i class=\"icon vision-icon fa-solid fa-house\" aria-hidden=\"true\"><\/i>\n    <\/button>\n    <div id=\"block-27-card\" tabindex=\"-1\" class=\"modal fade vision-modal position-absolute start-0 top-0\" style=\"display: none;\" data-bs-backdrop=\"false\">\n        <div class=\"modal-dialog\">\n            <article class=\"card vision-card\" data-bs-theme=\"dark\">\n                <button class=\"vision-card-close btn-close-fa position-absolute end-0 top-0 mt-1 me-1\" type=\"button\" data-bs-dismiss=\"modal\" aria-label=\"Fermer la carte de vision\"><\/button>\n                <div class=\"card-body p-3\">\n                    <div class=\"mt-7 mb-4 text-center\">\n                        <i class=\"icon vision-card-icon fa-solid fa-house\" aria-hidden=\"true\"><\/i>\n                    <\/div>\n                    <p class=\"fs-sm-const mt-auto\">\n                        ACCUEILLANTS | Nous cr\u00e9ons une atmosph\u00e8re chaleureuse de \u00ab Welcome Home \u00bb                    <\/p>\n                <\/div>\n            <\/article>\n        <\/div>\n    <\/div>\n<\/li>\n\n\n<li id=\"block-28\" class=\"wp-block-yellowtree-vision-item vision-item text-black\">\n    <button class=\"btn vision-button text-black has-pulse\" type=\"button\" aria-label=\"Afficher plus\" data-bs-toggle=\"modal\" data-bs-target=\"#block-28-card\">\n        <i class=\"icon vision-icon fa-solid fa-face-smile-hearts\" aria-hidden=\"true\"><\/i>\n    <\/button>\n    <div id=\"block-28-card\" tabindex=\"-1\" class=\"modal fade vision-modal position-absolute start-0 top-0\" style=\"display: none;\" data-bs-backdrop=\"false\">\n        <div class=\"modal-dialog\">\n            <article class=\"card vision-card\" data-bs-theme=\"dark\">\n                <button class=\"vision-card-close btn-close-fa position-absolute end-0 top-0 mt-1 me-1\" type=\"button\" data-bs-dismiss=\"modal\" aria-label=\"Fermer la carte de vision\"><\/button>\n                <div class=\"card-body p-3\">\n                    <div class=\"mt-7 mb-4 text-center\">\n                        <i class=\"icon vision-card-icon fa-solid fa-face-smile-hearts\" aria-hidden=\"true\"><\/i>\n                    <\/div>\n                    <p class=\"fs-sm-const mt-auto\">\n                        AUTHENTIQUES &amp; PERTINENTS | Nous vivons ce que nous proclamons                    <\/p>\n                <\/div>\n            <\/article>\n        <\/div>\n    <\/div>\n<\/li>\n\n\n<li id=\"block-29\" class=\"wp-block-yellowtree-vision-item vision-item text-black\">\n    <button class=\"btn vision-button text-black has-pulse\" type=\"button\" aria-label=\"Afficher plus\" data-bs-toggle=\"modal\" data-bs-target=\"#block-29-card\">\n        <i class=\"icon vision-icon fa-fire\" aria-hidden=\"true\"><\/i>\n    <\/button>\n    <div id=\"block-29-card\" tabindex=\"-1\" class=\"modal fade vision-modal position-absolute start-0 top-0\" style=\"display: none;\" data-bs-backdrop=\"false\">\n        <div class=\"modal-dialog\">\n            <article class=\"card vision-card\" data-bs-theme=\"dark\">\n                <button class=\"vision-card-close btn-close-fa position-absolute end-0 top-0 mt-1 me-1\" type=\"button\" data-bs-dismiss=\"modal\" aria-label=\"Fermer la carte de vision\"><\/button>\n                <div class=\"card-body p-3\">\n                    <div class=\"mt-7 mb-4 text-center\">\n                        <i class=\"icon vision-card-icon fa-fire\" aria-hidden=\"true\"><\/i>\n                    <\/div>\n                    <p class=\"fs-sm-const mt-auto\">\n                                            <\/p>\n                <\/div>\n            <\/article>\n        <\/div>\n    <\/div>\n<\/li>\n\n\n<li id=\"block-30\" class=\"wp-block-yellowtree-vision-item vision-item text-black\">\n    <button class=\"btn vision-button text-black has-pulse\" type=\"button\" aria-label=\"Afficher plus\" data-bs-toggle=\"modal\" data-bs-target=\"#block-30-card\">\n        <i class=\"icon vision-icon fa-solid fa-hand-heart\" aria-hidden=\"true\"><\/i>\n    <\/button>\n    <div id=\"block-30-card\" tabindex=\"-1\" class=\"modal fade vision-modal position-absolute start-0 top-0\" style=\"display: none;\" data-bs-backdrop=\"false\">\n        <div class=\"modal-dialog\">\n            <article class=\"card vision-card\" data-bs-theme=\"dark\">\n                <button class=\"vision-card-close btn-close-fa position-absolute end-0 top-0 mt-1 me-1\" type=\"button\" data-bs-dismiss=\"modal\" aria-label=\"Fermer la carte de vision\"><\/button>\n                <div class=\"card-body p-3\">\n                    <div class=\"mt-7 mb-4 text-center\">\n                        <i class=\"icon vision-card-icon fa-solid fa-hand-heart\" aria-hidden=\"true\"><\/i>\n                    <\/div>\n                    <p class=\"fs-sm-const mt-auto\">\n                        G\u00c9N\u00c9REUX\nNous sommes b\u00e9nis pour \u00eatre une b\u00e9n\u00e9diction                    <\/p>\n                <\/div>\n            <\/article>\n        <\/div>\n    <\/div>\n<\/li>\n\n\n<li id=\"block-31\" class=\"wp-block-yellowtree-vision-item vision-item text-black\">\n    <button class=\"btn vision-button text-black has-pulse\" type=\"button\" aria-label=\"Afficher plus\" data-bs-toggle=\"modal\" data-bs-target=\"#block-31-card\">\n        <i class=\"icon vision-icon fa-solid fa-rocket-launch\" aria-hidden=\"true\"><\/i>\n    <\/button>\n    <div id=\"block-31-card\" tabindex=\"-1\" class=\"modal fade vision-modal position-absolute start-0 top-0\" style=\"display: none;\" data-bs-backdrop=\"false\">\n        <div class=\"modal-dialog\">\n            <article class=\"card vision-card\" data-bs-theme=\"dark\">\n                <button class=\"vision-card-close btn-close-fa position-absolute end-0 top-0 mt-1 me-1\" type=\"button\" data-bs-dismiss=\"modal\" aria-label=\"Fermer la carte de vision\"><\/button>\n                <div class=\"card-body p-3\">\n                    <div class=\"mt-7 mb-4 text-center\">\n                        <i class=\"icon vision-card-icon fa-solid fa-rocket-launch\" aria-hidden=\"true\"><\/i>\n                    <\/div>\n                    <p class=\"fs-sm-const mt-auto\">\n                        EXCELLENTS | Nous donnons le meilleur de nous-m\u00eames pour Dieu                    <\/p>\n                <\/div>\n            <\/article>\n        <\/div>\n    <\/div>\n<\/li>                <\/ul>\n            <\/div>\n        <\/div>\n        <div class=\"vision-backdrop\" style=\"display: none;\"><\/div>\n    <\/div>\n<\/div>\n\n<div id=\"werte-2\" class=\"pt-8 pb-2 alignfull is-layout-constrained\">\n  <div>\n            <div class=\"row gx-4 gy-4 \">\n          \n\n<div id=\"werte-2\" class=\"col wp-block-yellowtree-column col-12 d-flex flex-column with-streched-height-children align-items-stretch align-items-md-stretch\">\n  <h3 id=\"werte\" class=\"h3 display-3 text-start\">\n  Notre code d&rsquo;honneur<\/h3>\n\n<p id=\"block-33\" class=\"mt-2 mb-2 text-start wp-block-paragraph\">\n  <em class=\"myprefix-text-italic\">\u00ab Nous donc aussi, puisque nous sommes entour\u00e9s d&rsquo;une si grande nu\u00e9e de t\u00e9moins, rejetons tout fardeau et le p\u00e9ch\u00e9 qui nous enveloppe si facilement, et courons avec pers\u00e9v\u00e9rance l&rsquo;\u00e9preuve qui nous est propos\u00e9e. Faisons-le en gardant les regards sur J\u00e9sus, qui fait na\u00eetre la foi et la m\u00e8ne \u00e0 la perfection. En \u00e9change de la joie qui lui \u00e9tait r\u00e9serv\u00e9e, il a souffert la croix en m\u00e9prisant la honte qui s&rsquo;y attachait et il s&rsquo;est assis \u00e0 la droite du tr\u00f4ne de Dieu. \u00bb<\/em><\/p>\n\n<p id=\"block-34\" class=\"mb-6 text-start wp-block-paragraph\" style=\"margin-top:0\">\n  <em class=\"myprefix-text-italic\">La Bible \u2013 H\u00e9breux 12.1-2<\/em><\/p>\n\n<p id=\"block-35\" class=\"text-start wp-block-paragraph\">\n  En tant qu&rsquo;<strong class=\"myprefix-text-bold\">employ\u00e9s et Core Leaders d&rsquo;ICF <\/strong><strong class=\"myprefix-text-bold\">Gen\u00e8ve<\/strong>, notre profond d\u00e9sir est d&rsquo;aller jusqu&rsquo;au bout de la course de la foi et d&rsquo;en sortir victorieux. Nous sommes d\u00e9termin\u00e9s \u00e0 vivre selon les standards moraux bibliques. Apr\u00e8s de nombreuses discussions concernant le style de vie des responsables d&rsquo;\u00e9glise, et inspir\u00e9s par le \u00ab Modesto Manifesto \u00bb r\u00e9dig\u00e9 par Billy Graham et ses amis, nous avons adopt\u00e9 un ensemble de principes volontaires : le <strong class=\"myprefix-text-bold\">\u00ab Code d&rsquo;honneur du staff d&rsquo;ICF Gen\u00e8ve \u00bb.<\/strong><\/p><\/div>\n        <\/div>\n          <\/div>\n<\/div>\n\n<div id=\"block-49\" class=\"pt-4 pb-4 alignfull is-layout-constrained\">\n  <div>\n            <div class=\"row gx-4 gy-4 \">\n          \n\n<div id=\"block-48\" class=\"col wp-block-yellowtree-column col-12 d-flex flex-column with-streched-height-children align-items-stretch align-items-md-stretch\">\n  <div id=\"block-46\" class=\"accordion\">\n  <body>\n\n<div id=\"block-37\" data-bs-theme=\"dark\" class=\"overflow-hidden wp-block-yellowtree-accordion-item\">\n  <div class=\"accordion-header\">\n    <button class=\"accordion-button rounded-0 collapsed focus-ring-inset\" type=\"button\" data-bs-toggle=\"collapse\" data-bs-target=\"#block-37-collapse\" aria-expanded=\"false\" aria-controls=\"block-37-collapse\">\n      <div>\n        <h3 class=\"mb-0\">\n          Salaires et finances        <\/h3>\n              <\/div>\n      <div class=\"ms-auto accordion-icons icon-container-base\">\n        <i class=\"icon fa-arrow-right accordion-icon-default\"><\/i>\n        <i class=\"icon fa-close accordion-icon-alt\"><\/i>\n      <\/div>\n    <\/button>\n  <\/div>\n  <div id=\"block-37-collapse\" class=\"accordion-collapse collapse \" data-bs-parent=\"#block-46\">\n    <div class=\"accordion-body pt-0\">\n      <p id=\"block-36\" class=\"text-start wp-block-paragraph\">\n  L&rsquo;\u00e9glise ICF Gen\u00e8ve est une association. Elle est financ\u00e9e par des dons volontaires. Un mod\u00e8le salarial ind\u00e9pendant de toute commission s&rsquo;applique \u00e0 l&rsquo;ensemble des employ\u00e9s. Les revenus provenant de la vente de tous les produits ICF Media, tels que les livres, la musique et les applications, sont int\u00e9gralement revers\u00e9s \u00e0 l&rsquo;organisation. Sur demande, nous offrons un droit de regard sur nos finances. Nous respectons avec conviction les exigences l\u00e9gales, notamment par le contr\u00f4le r\u00e9gulier des comptes de notre association.<\/p>    <\/div>\n  <\/div>\n<\/div>\n\n\n<div id=\"block-39\" data-bs-theme=\"dark\" class=\"overflow-hidden wp-block-yellowtree-accordion-item\">\n  <div class=\"accordion-header\">\n    <button class=\"accordion-button rounded-0 collapsed focus-ring-inset\" type=\"button\" data-bs-toggle=\"collapse\" data-bs-target=\"#block-39-collapse\" aria-expanded=\"false\" aria-controls=\"block-39-collapse\">\n      <div>\n        <h3 class=\"mb-0\">\n          Sant\u00e9 et sexualit\u00e9        <\/h3>\n              <\/div>\n      <div class=\"ms-auto accordion-icons icon-container-base\">\n        <i class=\"icon fa-arrow-right accordion-icon-default\"><\/i>\n        <i class=\"icon fa-close accordion-icon-alt\"><\/i>\n      <\/div>\n    <\/button>\n  <\/div>\n  <div id=\"block-39-collapse\" class=\"accordion-collapse collapse \" data-bs-parent=\"#block-46\">\n    <div class=\"accordion-body pt-0\">\n      <p id=\"block-38\" class=\"text-start wp-block-paragraph\">\n  Nous adoptons un mode de vie sain et libre de toute d\u00e9pendance. Nous agissons de mani\u00e8re responsable et proactive contre le p\u00e9ch\u00e9 sexuel. En tant qu&rsquo;organisation, nous prenons des mesures pr\u00e9ventives contre les abus et les atteintes sexuelles, notamment au travers d&rsquo;un processus de recrutement attentif, de formations pour le staff ainsi que d&rsquo;un code de conduite destin\u00e9 aux collaborateurs et aux b\u00e9n\u00e9voles. \u00c0 cette fin, nous collaborons avec l&rsquo;<a href=\"https:\/\/www.limita.ch\" data-type=\"link\" data-id=\"https:\/\/www.limita.ch\">unit\u00e9 sp\u00e9cialis\u00e9e \u00ab Limita \u00bb<\/a>. Toute personne au sein de notre \u00e9glise a le droit et le devoir de contacter le service national et ind\u00e9pendant d&rsquo;aide aux victimes lorsqu&rsquo;une situation suspecte est identifi\u00e9e.<\/p>    <\/div>\n  <\/div>\n<\/div>\n\n\n<div id=\"block-42\" data-bs-theme=\"dark\" class=\"overflow-hidden wp-block-yellowtree-accordion-item\">\n  <div class=\"accordion-header\">\n    <button class=\"accordion-button rounded-0 collapsed focus-ring-inset\" type=\"button\" data-bs-toggle=\"collapse\" data-bs-target=\"#block-42-collapse\" aria-expanded=\"false\" aria-controls=\"block-42-collapse\">\n      <div>\n        <h3 class=\"mb-0\">\n          Pouvoir et comp\u00e9tences        <\/h3>\n              <\/div>\n      <div class=\"ms-auto accordion-icons icon-container-base\">\n        <i class=\"icon fa-arrow-right accordion-icon-default\"><\/i>\n        <i class=\"icon fa-close accordion-icon-alt\"><\/i>\n      <\/div>\n    <\/button>\n  <\/div>\n  <div id=\"block-42-collapse\" class=\"accordion-collapse collapse \" data-bs-parent=\"#block-46\">\n    <div class=\"accordion-body pt-0\">\n      <p id=\"block-40\" class=\"text-start wp-block-paragraph\">\n  Nous adh\u00e9rons \u00e0 la mission d&rsquo;ICF Gen\u00e8ve et nous nous engageons \u00e0 la respecter. Nous utilisons de mani\u00e8re responsable le pouvoir et les comp\u00e9tences qui nous sont confi\u00e9s et agissons activement contre tout abus de pouvoir. Leo et Susanna Bigger dirigent l&rsquo;organisation en tant que Senior Pastors et conduisent \u00e9galement le Core Team en tant qu&rsquo;\u00e9quipe de direction.<\/p>\n\n<p id=\"block-41\" class=\"text-start wp-block-paragraph\">\n  Au sein du Core Team, chaque opinion compte. Nous travaillons ensemble sur les d\u00e9cisions jusqu&rsquo;\u00e0 ce que chacun puisse les soutenir et que personne n&rsquo;ait de r\u00e9serve majeure. Les responsabilit\u00e9s strat\u00e9giques et op\u00e9rationnelles sont attribu\u00e9es aux diff\u00e9rents domaines, entit\u00e9s et lieux dans une logique d&rsquo;\u00e9quipes autonomes. Dans les diff\u00e9rentes structures juridiques de l&rsquo;organisation, les comp\u00e9tences sont r\u00e9parties entre deux personnes disposant du pouvoir de signature.<\/p>    <\/div>\n  <\/div>\n<\/div>\n\n\n<div id=\"block-45\" data-bs-theme=\"dark\" class=\"overflow-hidden wp-block-yellowtree-accordion-item\">\n  <div class=\"accordion-header\">\n    <button class=\"accordion-button rounded-0 collapsed focus-ring-inset\" type=\"button\" data-bs-toggle=\"collapse\" data-bs-target=\"#block-45-collapse\" aria-expanded=\"false\" aria-controls=\"block-45-collapse\">\n      <div>\n        <h3 class=\"mb-0\">\n          Cr\u00e9dibilit\u00e9 et int\u00e9grit\u00e9        <\/h3>\n              <\/div>\n      <div class=\"ms-auto accordion-icons icon-container-base\">\n        <i class=\"icon fa-arrow-right accordion-icon-default\"><\/i>\n        <i class=\"icon fa-close accordion-icon-alt\"><\/i>\n      <\/div>\n    <\/button>\n  <\/div>\n  <div id=\"block-45-collapse\" class=\"accordion-collapse collapse \" data-bs-parent=\"#block-46\">\n    <div class=\"accordion-body pt-0\">\n      <p id=\"block-43\" class=\"text-start wp-block-paragraph\">\n  Les chiffres et statistiques que nous publions sont conformes \u00e0 la r\u00e9alit\u00e9. Nous avons mandat\u00e9 et mis en place un service de m\u00e9diation externe et ind\u00e9pendant qui n&rsquo;est pas soumis \u00e0 nos directives. Toute personne faisant partie de l&rsquo;\u00e9glise ou de son environnement a la possibilit\u00e9 de lui signaler des conflits avec des responsables, des soup\u00e7ons d&rsquo;abus de pouvoir ou l&rsquo;observation de comportements malsains.<\/p>\n\n<p id=\"block-44\" class=\"text-start wp-block-paragraph\">\n  Informations et lien <a href=\"https:\/\/icf.church\/clearingoffice\" target=\"_blank\" rel=\"noopener\">https:\/\/icf.church\/clearingoffice<\/a><\/p>    <\/div>\n  <\/div>\n<\/div>\n<\/body><\/div>\n\n<p id=\"block-47\" class=\"mt-6 fs-base text-center wp-block-paragraph\">\n  <strong class=\"myprefix-text-bold\">Que Dieu nous aide \u00e0 vivre avec fid\u00e9lit\u00e9, passion et exemplarit\u00e9.<\/strong><\/p><\/div>\n        <\/div>\n          <\/div>\n<\/div>\n\n<div id=\"block-59\" class=\"pt-9 pb-2 alignfull is-layout-constrained\">\n  <div>\n            <div class=\"row gx-4 gy-4 \">\n          \n\n<div id=\"block-58\" class=\"col wp-block-yellowtree-column col-12 d-flex flex-column with-streched-height-children align-items-stretch align-items-md-stretch\">\n  <h3 id=\"block-50\" class=\"h3 display-3 text-start\">\n  Notre histoire<\/h3>\n\n<p id=\"block-51\" class=\"text-start wp-block-paragraph\">\n  Ce qui a commenc\u00e9 avec un petit groupe et un grand r\u00eave est devenu un mouvement mondial. L&rsquo;histoire d&rsquo;<strong class=\"myprefix-text-bold\">ICF (International Christian Fellowship)<\/strong> est marqu\u00e9e par l&rsquo;engagement, les d\u00e9fis et la croissance. Elle t\u00e9moigne de la mani\u00e8re dont Dieu nous a guid\u00e9s, b\u00e9nis et fa\u00e7onn\u00e9s au fil des ann\u00e9es.<\/p>\n\n<p id=\"block-52\" class=\"text-start wp-block-paragraph\">\n  Lorsque Leo et Susanna Bigger ont fond\u00e9 ICF Zurich en 1996, ils avaient une vision : construire une \u00e9glise authentique, pertinente et vivante, qui rapproche les personnes de J\u00e9sus d&rsquo;une mani\u00e8re innovante et contemporaine.<\/p>\n\n<div id=\"block-56\" class=\"mt-6 mb-6 alignfull is-layout-constrained\" style=\"margin-left:0;margin-right:0\">\n  <swiper-container init=\"false\" data-yt-template=\"3-col\" data-yt-pagination=\"true\" data-yt-navigation=\"true\" class=\"has-full-height-slides \">\n          <swiper-slide><article id=\"block-53\" data-bs-theme=\"dark\" tabindex=\"0\" data-bs-toggle=\"collapse\" data-bs-target=\"#block-53-collapse\" data-toggle-on-hover=\"true\" aria-expanded=\"false\" aria-controls=\"block-53-collapse\" class=\"card wp-block-yellowtree-history-card overflow-auto py-4 has-context-height\" style=\"--card-img-position:50% 50%;--card-aspect-ratio:1\">\n      <img decoding=\"async\" aria-hidden=\"true\" loading=\"lazy\" src=\"https:\/\/icf.church\/template-icf\/wp-content\/uploads\/sites\/25\/2025\/10\/icfgeschichte.jpg\" alt=\"\" class=\"card-bg-img opacity-75\">    <div class=\"h-100 overflow-y-auto z-1\">\n    <div class=\"card-body overflow-visible py-0 px-4 min-h-100\">\n      <h3 class=\"display-3 tracking-wide mb-0 mt-auto fs-display-3-const\">2000<\/h3>\n      <div id=\"block-53-collapse\" class=\"collapse\">\n        <p class=\"mt-1\">Exemple de texte pour raconter l&rsquo;histoire de votre ICF.<\/p>\n      <\/div>\n    <\/div>\n  <\/div>\n<\/article><\/swiper-slide>\n          <swiper-slide><article id=\"block-54\" data-bs-theme=\"dark\" tabindex=\"0\" data-bs-toggle=\"collapse\" data-bs-target=\"#block-54-collapse\" data-toggle-on-hover=\"true\" aria-expanded=\"false\" aria-controls=\"block-54-collapse\" class=\"card wp-block-yellowtree-history-card overflow-auto py-4 has-context-height\" style=\"--card-img-position:50% 50%;--card-aspect-ratio:1\">\n      <img decoding=\"async\" aria-hidden=\"true\" loading=\"lazy\" src=\"https:\/\/icf.church\/template-icf\/wp-content\/uploads\/sites\/25\/2025\/10\/icfhistory.png\" alt=\"\" class=\"card-bg-img opacity-75\">    <div class=\"h-100 overflow-y-auto z-1\">\n    <div class=\"card-body overflow-visible py-0 px-4 min-h-100\">\n      <h3 class=\"display-3 tracking-wide mb-0 mt-auto fs-display-3-const\">2010<\/h3>\n      <div id=\"block-54-collapse\" class=\"collapse\">\n        <p class=\"mt-1\">Exemple de texte pour raconter l&rsquo;histoire de votre ICF.<\/p>\n      <\/div>\n    <\/div>\n  <\/div>\n<\/article><\/swiper-slide>\n          <swiper-slide><article id=\"block-55\" data-bs-theme=\"dark\" tabindex=\"0\" data-bs-toggle=\"collapse\" data-bs-target=\"#block-55-collapse\" data-toggle-on-hover=\"true\" aria-expanded=\"false\" aria-controls=\"block-55-collapse\" class=\"card wp-block-yellowtree-history-card overflow-auto py-4 has-context-height\" style=\"--card-img-position:50% 50%;--card-aspect-ratio:1\">\n      <img decoding=\"async\" aria-hidden=\"true\" loading=\"lazy\" src=\"https:\/\/icf.church\/template-icf\/wp-content\/uploads\/sites\/25\/2025\/10\/083648_240509_conf24_f.disque_012-scaled.jpg\" alt=\"\" class=\"card-bg-img opacity-75\">    <div class=\"h-100 overflow-y-auto z-1\">\n    <div class=\"card-body overflow-visible py-0 px-4 min-h-100\">\n      <h3 class=\"display-3 tracking-wide mb-0 mt-auto fs-display-3-const\">2025<\/h3>\n      <div id=\"block-55-collapse\" class=\"collapse\">\n        <p class=\"mt-1\">Exemple de texte pour raconter l&rsquo;histoire de votre ICF.<\/p>\n      <\/div>\n    <\/div>\n  <\/div>\n<\/article><\/swiper-slide>\n      <\/swiper-container>\n<\/div>\n\n<p id=\"block-57\" class=\"text-start wp-block-paragraph\">\n  Cette vision a donn\u00e9 naissance \u00e0 Zurich \u00e0 une nouvelle mani\u00e8re de vivre l&rsquo;\u00e9glise : une \u00e9glise dans l&rsquo;air du temps, qui parle aux personnes et inspire particuli\u00e8rement les jeunes g\u00e9n\u00e9rations. Aujourd&rsquo;hui, <strong class=\"myprefix-text-bold\">ICF <\/strong><strong class=\"myprefix-text-bold\">Gen\u00e8ve<\/strong> est une maison spirituelle pour des personnes de toutes les g\u00e9n\u00e9rations.<\/p><\/div>\n        <\/div>\n          <\/div>\n<\/div>\n\n<div id=\"block-62\" class=\"pt-4 pb-4 alignfull is-layout-constrained\">\n  <div>\n            <div class=\"row gx-4 gy-4 \">\n          \n\n<div id=\"block-61\" class=\"col wp-block-yellowtree-column col-12 d-flex flex-column with-streched-height-children align-items-center align-items-md-center\">\n  <div>\n    <a id=\"block-60\" href=\"https:\/\/icf.church\/geneve\/fr\/\" rel=\"\" class=\"wp-block-yellowtree-button-link btn btn-action-1\">\n      <span>Visiter ICF Gen\u00e8ve<\/span>\n              <i class=\"icon fs-base-const fa-solid fa-arrow-right\" aria-hidden=\"true\"><\/i>\n          <\/a>\n  <\/div><\/div>\n        <\/div>\n          <\/div>\n<\/div>","protected":false},"excerpt":{"rendered":"<p>Bienvenue \u00e0 ICF Gen\u00e8ve<\/p>\n","protected":false},"author":162,"featured_media":1943,"parent":0,"menu_order":0,"comment_status":"closed","ping_status":"closed","template":"","meta":{"_acf_changed":false,"_seopress_titles_title":"","_seopress_titles_desc":"","_seopress_robots_index":"","_seopress_robots_follow":"","_seopress_robots_imageindex":"","_seopress_robots_snippet":"","_seopress_robots_primary_cat":"","_seopress_robots_breadcrumbs":"","_seopress_robots_freeze_modified_date":"","_seopress_robots_custom_modified_date":"","_seopress_robots_canonical":"","_seopress_social_fb_title":"","_seopress_social_fb_desc":"","_seopress_social_fb_img":"","_seopress_social_fb_img_attachment_id":0,"_seopress_social_fb_img_width":0,"_seopress_social_fb_img_height":0,"_seopress_social_twitter_title":"","_seopress_social_twitter_desc":"","_seopress_social_twitter_img":"","_seopress_social_twitter_img_attachment_id":0,"_seopress_social_twitter_img_width":0,"_seopress_social_twitter_img_height":0,"_seopress_redirections_value":"","_seopress_redirections_enabled":"","_seopress_redirections_enabled_regex":"","_seopress_redirections_logged_status":"","_seopress_redirections_param":"","_seopress_redirections_type":0,"_seopress_analysis_target_kw":"","_seopress_news_disabled":"","_seopress_video_disabled":"","_seopress_video":[],"_seopress_pro_schemas_manual":[{"_seopress_pro_rich_snippets_article_type":"Article","_seopress_pro_rich_snippets_article_title":"","_seopress_pro_rich_snippets_article_desc":"","_seopress_pro_rich_snippets_article_author":"","_seopress_pro_rich_snippets_article_img":"","_seopress_pro_rich_snippets_article_coverage_start_date":"","_seopress_pro_rich_snippets_article_coverage_start_time":"","_seopress_pro_rich_snippets_article_coverage_end_date":"","_seopress_pro_rich_snippets_article_coverage_end_time":"","_seopress_pro_rich_snippets_article_speakable_css_selector":"","_seopress_pro_rich_snippets_type":"articles"}],"_seopress_pro_rich_snippets_disable_all":"","_seopress_pro_rich_snippets_disable":[],"_seopress_pro_schemas":[],"yt_custom_styles_scss":"","yt_custom_styles_rounded_corners":false,"yt_custom_styles_color_scheme":"","footnotes":""},"class_list":["post-1926","page","type-page","status-publish","has-post-thumbnail","hentry"],"acf":[],"_links":{"self":[{"href":"https:\/\/icf.church\/geneve\/fr\/wp-json\/wp\/v2\/pages\/1926","targetHints":{"allow":["GET"]}}],"collection":[{"href":"https:\/\/icf.church\/geneve\/fr\/wp-json\/wp\/v2\/pages"}],"about":[{"href":"https:\/\/icf.church\/geneve\/fr\/wp-json\/wp\/v2\/types\/page"}],"author":[{"embeddable":true,"href":"https:\/\/icf.church\/geneve\/fr\/wp-json\/wp\/v2\/users\/162"}],"replies":[{"embeddable":true,"href":"https:\/\/icf.church\/geneve\/fr\/wp-json\/wp\/v2\/comments?post=1926"}],"version-history":[{"count":12,"href":"https:\/\/icf.church\/geneve\/fr\/wp-json\/wp\/v2\/pages\/1926\/revisions"}],"predecessor-version":[{"id":2001,"href":"https:\/\/icf.church\/geneve\/fr\/wp-json\/wp\/v2\/pages\/1926\/revisions\/2001"}],"wp:featuredmedia":[{"embeddable":true,"href":"https:\/\/icf.church\/geneve\/fr\/wp-json\/wp\/v2\/media\/1943"}],"wp:attachment":[{"href":"https:\/\/icf.church\/geneve\/fr\/wp-json\/wp\/v2\/media?parent=1926"}],"curies":[{"name":"wp","href":"https:\/\/api.w.org\/{rel}","templated":true}]}}