{"id":2156,"date":"2026-08-26T16:54:05","date_gmt":"2026-08-26T14:54:05","guid":{"rendered":"https:\/\/icf.church\/geneve\/?page_id=2156"},"modified":"2026-08-31T21:19:37","modified_gmt":"2026-08-31T19:19:37","slug":"life-hub","status":"publish","type":"page","link":"https:\/\/icf.church\/geneve\/fr\/life-hub\/","title":{"rendered":"Life Hub"},"content":{"rendered":"<div class=\"mw-100\">\n      <figure id=\"block-1\">\n      <div class=\"img-wrap\" style=\"max-width:100%\">\n        <img decoding=\"async\" src=\"https:\/\/icf.church\/geneve\/wp-content\/uploads\/sites\/121\/2026\/08\/life-hub-slide-1024x576.jpg\" alt=\"\" loading=\"lazy\" title=\"\" class=\"img-fluid w-100 h-100 rounded object-fit-cover\" style=\"object-position: center center\" \/>\n      <\/div>\n          <\/figure>\n    <\/div>\n\n<div id=\"block-3\" class=\"pt-2 pb-2 alignfull is-layout-constrained\">\n  <div>\n            <div class=\"row gx-4 gy-4 \">\n          \n\n<div id=\"block-2\" class=\"col wp-block-yellowtree-column col-12 d-flex flex-column with-streched-height-children align-items-stretch align-items-md-stretch\">\n  <\/div>\n        <\/div>\n          <\/div>\n<\/div>\n\n\n<div class=\"has-context-height\">\n  <article id=\"block-5\" data-bs-theme=\"dark\" class=\"card wp-block-yellowtree-big-teaser-card text-center\">\n    <div class=\"card-body px-4 py-6 p-sm-6 p-md-8 p-xl-10\">\n              <p class=\"text-center mb-2\">\n          Pens\u00e9 pour renforcer la communaut\u00e9, accueillir, cr\u00e9er, apprendre et grandir ensemble. <br><br>Situ\u00e9 \u00e0 seulement 10 minutes \u00e0 pied d\u2019Uptown, ce lieu lumineux, ouvert sur la rue et r\u00e9parti sur deux \u00e9tages de 70m\u00b2, deviendra un espace vivant pour toute l\u2019\u00e9glise.        <\/p>\n            <div\n        class=\"d-flex flex-column align-items-center\">\n        <div class=\"flex-1\">\n          <h3 class=\"h1 display-3\">\n            Le Life Hub est un nouveau lieu de vie au c\u0153ur de Gen\u00e8ve.          <\/h3>\n        <\/div>\n        <div class=\"flex-1\">\n                    <div>\n            <html><body>\n<article><hgroup><\/hgroup>\n  <div>\n    <a id=\"block-4\" href=\"https:\/\/donate.raisenow.io\/bzsmq\" rel=\"\" class=\"wp-block-yellowtree-button-link btn btn-default\">\n      <span>Faire un don sur TWINT<\/span>\n              <i class=\"icon fs-base-const fa-solid fa-hand-heart\" aria-hidden=\"true\"><\/i>\n          <\/a>\n  <\/div>\n<\/article>\n<\/body><\/html>          <\/div>\n        <\/div>\n      <\/div>\n    <\/div>\n  <\/article>\n<\/div>\n\n<div id=\"block-7\" class=\"pt-2 pb-2 alignfull is-layout-constrained\">\n  <div>\n            <div class=\"row gx-4 gy-4 \">\n          \n\n<div id=\"block-6\" class=\"col wp-block-yellowtree-column col-12 d-flex flex-column with-streched-height-children align-items-stretch align-items-md-stretch\">\n  <\/div>\n        <\/div>\n          <\/div>\n<\/div>\n\n<div id=\"block-17\" class=\"pt-2 pb-2 alignfull is-layout-constrained\">\n  <div>\n            <div class=\"row gx-4 gy-4 \">\n          \n\n<div id=\"block-12\" class=\"col wp-block-yellowtree-column col-12 col-md-6 d-flex flex-column justify-content-start align-items-center align-items-md-center\">\n  <article id=\"block-8\" data-bs-theme=\"dark\" class=\"wp-block-yellowtree-card card has-context-height\" style=\"--card-img-position:50% 50%\">\n        <img decoding=\"async\" width=\"1024\" height=\"576\" src=\"https:\/\/icf.church\/geneve\/wp-content\/uploads\/sites\/121\/2026\/05\/sunday-night-16x9-slide-1024x576.jpg\" class=\"card-img-top\" alt=\"People gathered around a counter with drinks and food.\" draggable=\"false\" loading=\"lazy\" srcset=\"https:\/\/icf.church\/geneve\/wp-content\/uploads\/sites\/121\/2026\/05\/sunday-night-16x9-slide-1024x576.jpg 1024w, https:\/\/icf.church\/geneve\/wp-content\/uploads\/sites\/121\/2026\/05\/sunday-night-16x9-slide-300x169.jpg 300w, https:\/\/icf.church\/geneve\/wp-content\/uploads\/sites\/121\/2026\/05\/sunday-night-16x9-slide-768x432.jpg 768w, https:\/\/icf.church\/geneve\/wp-content\/uploads\/sites\/121\/2026\/05\/sunday-night-16x9-slide-1536x864.jpg 1536w, https:\/\/icf.church\/geneve\/wp-content\/uploads\/sites\/121\/2026\/05\/sunday-night-16x9-slide.jpg 1920w\" sizes=\"(max-width: 1024px) 100vw, 1024px\">    <div class=\"card-body\">\n    <h3 class=\"card-title\">Un espace cr\u00e9atif, inspirant et accessible<\/h3>\n    <p class=\"card-text\">le Life Hub est pens\u00e9 pour r\u00e9unir jeunes, \u00e9quipes, groupes et nouveaux arrivants dans une ambiance fun, chaleureuse et tourn\u00e9e vers la vie.<br><br>Un endroit pour se retrouver, travailler, partager un caf\u00e9, d\u00e9velopper des projets, former les nouvelles g\u00e9n\u00e9rations, transmettre les bases de la foi et construire des relations authentiques tout au long de la semaine.<br><br>Le local a d\u00e9j\u00e0 pu \u00eatre achet\u00e9. Nous pr\u00e9parons maintenant l\u2019am\u00e9nagement du lieu avec un objectif de lancement en janvier.<\/p>\n      <\/div>\n<\/article>\n\n<div id=\"block-10\" class=\"pt-2 pb-2 alignfull is-layout-constrained\">\n  <div>\n            <div class=\"row gx-4 gy-4 \">\n          \n\n<div id=\"block-9\" class=\"col wp-block-yellowtree-column col-12 d-flex flex-column with-streched-height-children align-items-stretch align-items-md-stretch\">\n  <\/div>\n        <\/div>\n          <\/div>\n<\/div>\n\n\n  <div>\n    <a id=\"block-11\" href=\"https:\/\/donate.raisenow.io\/bzsmq\" rel=\"\" class=\"wp-block-yellowtree-button-link btn btn-default\">\n      <span>Faire un don sur TWINT<\/span>\n              <i class=\"icon fs-base-const fa-solid fa-hand-heart\" aria-hidden=\"true\"><\/i>\n          <\/a>\n  <\/div><\/div>\n\n\n<div id=\"block-16\" class=\"col wp-block-yellowtree-column col-12 col-md-6 d-flex flex-column justify-content-center align-items-center align-items-md-center\">\n  <div class=\"mw-100\">\n      <figure id=\"block-13\">\n      <div class=\"img-wrap\" style=\"max-width:100%\">\n        <img decoding=\"async\" src=\"https:\/\/icf.church\/geneve\/wp-content\/uploads\/sites\/121\/2026\/08\/10-726x1024.jpg\" alt=\"\" loading=\"lazy\" title=\"\" class=\"img-fluid w-100 h-100 rounded object-fit-cover\" style=\"object-position: center center\">\n      <\/div>\n          <\/figure>\n    <\/div>\n\n<div id=\"block-15\" class=\"pt-2 pb-2 alignfull is-layout-constrained\">\n  <div>\n            <div class=\"row gx-4 gy-4 \">\n          \n\n<div id=\"block-14\" class=\"col wp-block-yellowtree-column col-12 d-flex flex-column with-streched-height-children align-items-stretch align-items-md-stretch\">\n  <\/div>\n        <\/div>\n          <\/div>\n<\/div><\/div>\n        <\/div>\n          <\/div>\n<\/div>\n\n<div id=\"block-19\" class=\"pt-2 pb-2 alignfull is-layout-constrained\">\n  <div>\n            <div class=\"row gx-4 gy-4 \">\n          \n\n<div id=\"block-18\" class=\"col wp-block-yellowtree-column col-12 d-flex flex-column with-streched-height-children align-items-stretch align-items-md-stretch\">\n  <\/div>\n        <\/div>\n          <\/div>\n<\/div>\n\n<p id=\"block-20\" class=\"text-start wp-block-paragraph\">\n  <\/p>\n\n<div id=\"block-32\" class=\"pt-2 pb-2 alignfull is-layout-constrained\">\n  <div>\n            <div class=\"row gx-4 gy-4 \">\n          \n\n<div id=\"block-24\" class=\"col wp-block-yellowtree-column col-12 col-md-6 d-flex flex-column with-streched-height-children align-items-stretch align-items-md-stretch\">\n  <div class=\"mw-100\">\n      <figure id=\"block-21\">\n      <div class=\"img-wrap\" style=\"max-width:100%\">\n        <img decoding=\"async\" src=\"https:\/\/icf.church\/geneve\/wp-content\/uploads\/sites\/121\/2026\/08\/9-726x1024.jpg\" alt=\"\" loading=\"lazy\" title=\"\" class=\"img-fluid w-100 h-100 rounded object-fit-cover\" style=\"object-position: center center\">\n      <\/div>\n          <\/figure>\n    <\/div>\n\n<div id=\"block-23\" class=\"pt-2 pb-2 alignfull is-layout-constrained\">\n  <div>\n            <div class=\"row gx-4 gy-4 \">\n          \n\n<div id=\"block-22\" class=\"col wp-block-yellowtree-column col-12 d-flex flex-column with-streched-height-children align-items-stretch align-items-md-stretch\">\n  <\/div>\n        <\/div>\n          <\/div>\n<\/div><\/div>\n\n\n<div id=\"block-31\" class=\"col wp-block-yellowtree-column col-12 col-md-6 d-flex flex-column justify-content-start align-items-center align-items-md-center\">\n  <article id=\"block-25\" data-bs-theme=\"dark\" class=\"wp-block-yellowtree-card card has-context-height\" style=\"--card-img-position:50% 50%\">\n        <img decoding=\"async\" width=\"1024\" height=\"576\" src=\"https:\/\/icf.church\/geneve\/wp-content\/uploads\/sites\/121\/2026\/05\/4c3a6cd1-d3af-4ad8-bcd3-d5f693d9e1e8-1024x576.png\" class=\"card-img-top\" alt=\"Life hub\" draggable=\"false\" loading=\"lazy\" srcset=\"https:\/\/icf.church\/geneve\/wp-content\/uploads\/sites\/121\/2026\/05\/4c3a6cd1-d3af-4ad8-bcd3-d5f693d9e1e8-1024x576.png 1024w, https:\/\/icf.church\/geneve\/wp-content\/uploads\/sites\/121\/2026\/05\/4c3a6cd1-d3af-4ad8-bcd3-d5f693d9e1e8-300x169.png 300w, https:\/\/icf.church\/geneve\/wp-content\/uploads\/sites\/121\/2026\/05\/4c3a6cd1-d3af-4ad8-bcd3-d5f693d9e1e8-768x432.png 768w, https:\/\/icf.church\/geneve\/wp-content\/uploads\/sites\/121\/2026\/05\/4c3a6cd1-d3af-4ad8-bcd3-d5f693d9e1e8-1536x864.png 1536w, https:\/\/icf.church\/geneve\/wp-content\/uploads\/sites\/121\/2026\/05\/4c3a6cd1-d3af-4ad8-bcd3-d5f693d9e1e8.png 1672w\" sizes=\"(max-width: 1024px) 100vw, 1024px\">    <div class=\"card-body\">\n    <h3 class=\"card-title\">Chacun peut faire partie de l\u2019aventure<\/h3>\n    <p class=\"card-text\">\u2022 en soutenant financi\u00e8rement le projet.<br><br>\u2022 en mettant ses comp\u00e9tences au service des travaux et de l\u2019am\u00e9nagement.<br><br>\u2022 en participant \u00e0 construire un lieu qui servira la communaut\u00e9 pour les ann\u00e9es \u00e0 venir.<\/p>\n      <\/div>\n<\/article>\n\n<div id=\"block-27\" class=\"pt-2 pb-2 alignfull is-layout-constrained\">\n  <div>\n            <div class=\"row gx-4 gy-4 \">\n          \n\n<div id=\"block-26\" class=\"col wp-block-yellowtree-column col-12 d-flex flex-column with-streched-height-children align-items-stretch align-items-md-stretch\">\n  <\/div>\n        <\/div>\n          <\/div>\n<\/div>\n\n\n  <div>\n    <a id=\"block-28\" href=\"mailto:info@icf-ge.ch\" rel=\"\" class=\"wp-block-yellowtree-button-link btn btn-default\">\n      <span>Contacter l&#039;equipe Life Hub &amp; Participer Activement<\/span>\n              <i class=\"icon fs-base-const fa-solid fa-envelope\" aria-hidden=\"true\"><\/i>\n          <\/a>\n  <\/div>\n\n\n<div id=\"block-30\" class=\"pt-2 pb-2 alignfull is-layout-constrained\">\n  <div>\n            <div class=\"row gx-4 gy-4 \">\n          \n\n<div id=\"block-29\" class=\"col wp-block-yellowtree-column col-12 d-flex flex-column with-streched-height-children align-items-stretch align-items-md-stretch\">\n  <\/div>\n        <\/div>\n          <\/div>\n<\/div><\/div>\n        <\/div>\n          <\/div>\n<\/div>\n\n<div id=\"block-34\" class=\"pt-2 pb-2 alignfull is-layout-constrained\">\n  <div>\n            <div class=\"row gx-4 gy-4 \">\n          \n\n<div id=\"block-33\" class=\"col wp-block-yellowtree-column col-12 d-flex flex-column with-streched-height-children align-items-stretch align-items-md-stretch\">\n  <\/div>\n        <\/div>\n          <\/div>\n<\/div>\n\n<h1 id=\"block-35\" class=\"h1 text-start\">\n  B\u00e2tissons le Life Hub ensemble<\/h1>\n\n<div id=\"block-37\" class=\"pt-2 pb-2 alignfull is-layout-constrained\">\n  <div>\n            <div class=\"row gx-4 gy-4 \">\n          \n\n<div id=\"block-36\" class=\"col wp-block-yellowtree-column col-12 d-flex flex-column with-streched-height-children align-items-stretch align-items-md-stretch\">\n  <\/div>\n        <\/div>\n          <\/div>\n<\/div>\n\n\n<div id=\"block-43\" class=\"wp-block-yellowtree-text-image d-flex flex-column flex-lg-row gap-3\">\n    \n\n<div id=\"block-38\" class=\"wp-block-yellowtree-locked-image\">\n    <img decoding=\"async\" width=\"1024\" height=\"576\" src=\"https:\/\/icf.church\/geneve\/wp-content\/uploads\/sites\/121\/2026\/05\/team-1024x576.jpg\" class=\"w-100 h-100 object-fit-cover\" alt=\"Three individuals sitting on a couch, making heart shaapes with their hands.\" style=\"object-position: 50% 50%;\" loading=\"lazy\" sizes=\"(max-width: 992px) 100vw, 1600px\" srcset=\"https:\/\/icf.church\/geneve\/wp-content\/uploads\/sites\/121\/2026\/05\/team-1024x576.jpg 1024w, https:\/\/icf.church\/geneve\/wp-content\/uploads\/sites\/121\/2026\/05\/team-300x169.jpg 300w, https:\/\/icf.church\/geneve\/wp-content\/uploads\/sites\/121\/2026\/05\/team-768x432.jpg 768w, https:\/\/icf.church\/geneve\/wp-content\/uploads\/sites\/121\/2026\/05\/team-1536x864.jpg 1536w, https:\/\/icf.church\/geneve\/wp-content\/uploads\/sites\/121\/2026\/05\/team.jpg 1920w\" \/><\/div>\n\n\n\n<div id=\"block-42\" data-bs-theme=\"dark\" class=\"card wp-block-yellowtree-text-card has-context-height\">\n  <div class=\"card-body px-4 py-6 p-sm-6 p-lg-8\">\n    \n\n<h2 id=\"block-39\">\n    Ta contribution financi\u00e8re participle \u00e0 la construction d\u2019un lieu de vie pour toute la semaine.<\/h2>\n\n\n<p id=\"block-40\">\n    Banque LIFE HUB<br>BCGE, Gen\u00e8ve<br>ICF Gen\u00e8ve, 1201 Gen\u00e8ve<br>IBAN CH55 0078 8000 0511 9488 2<br>BIC BCGECHGGXXX<br>Clearing 788<\/p>\n\n\n  <div>\n    <a id=\"block-41\" href=\"https:\/\/donate.raisenow.io\/bzsmq\" rel=\"\" class=\"wp-block-yellowtree-button-link btn btn-default\">\n      <span>Faire un don sur TWINT<\/span>\n              <i class='icon fs-base-const fa-solid fa-hand-heart' aria-hidden=\"true\"><\/i>\n          <\/a>\n  <\/div>\n\n  <\/div>\n<\/div>\n<\/div>\n\n\n<div id=\"block-45\" class=\"pt-2 pb-2 alignfull is-layout-constrained\">\n  <div>\n            <div class=\"row gx-4 gy-4 \">\n          \n\n<div id=\"block-44\" class=\"col wp-block-yellowtree-column col-12 d-flex flex-column with-streched-height-children align-items-stretch align-items-md-stretch\">\n  <\/div>\n        <\/div>\n          <\/div>\n<\/div>","protected":false},"excerpt":{"rendered":"<p>B\u00e2tissons le Life Hub ensemble<\/p>\n","protected":false},"author":162,"featured_media":0,"parent":0,"menu_order":0,"comment_status":"closed","ping_status":"closed","template":"","meta":{"_acf_changed":false,"_seopress_titles_title":"","_seopress_titles_desc":"","_seopress_robots_index":"","_seopress_robots_follow":"","_seopress_robots_imageindex":"","_seopress_robots_snippet":"","_seopress_robots_primary_cat":"","_seopress_robots_breadcrumbs":"","_seopress_robots_freeze_modified_date":"","_seopress_robots_custom_modified_date":"","_seopress_robots_canonical":"","_seopress_social_fb_title":"","_seopress_social_fb_desc":"","_seopress_social_fb_img":"","_seopress_social_fb_img_attachment_id":0,"_seopress_social_fb_img_width":0,"_seopress_social_fb_img_height":0,"_seopress_social_twitter_title":"","_seopress_social_twitter_desc":"","_seopress_social_twitter_img":"","_seopress_social_twitter_img_attachment_id":0,"_seopress_social_twitter_img_width":0,"_seopress_social_twitter_img_height":0,"_seopress_redirections_value":"","_seopress_redirections_enabled":"","_seopress_redirections_enabled_regex":"","_seopress_redirections_logged_status":"","_seopress_redirections_param":"","_seopress_redirections_type":0,"_seopress_analysis_target_kw":"","_seopress_news_disabled":"","_seopress_video_disabled":"","_seopress_video":[],"_seopress_pro_schemas_manual":[],"_seopress_pro_rich_snippets_disable_all":"","_seopress_pro_rich_snippets_disable":[],"_seopress_pro_schemas":[],"yt_custom_styles_scss":"","yt_custom_styles_rounded_corners":false,"yt_custom_styles_color_scheme":"","footnotes":""},"class_list":["post-2156","page","type-page","status-publish","hentry"],"acf":[],"_links":{"self":[{"href":"https:\/\/icf.church\/geneve\/fr\/wp-json\/wp\/v2\/pages\/2156","targetHints":{"allow":["GET"]}}],"collection":[{"href":"https:\/\/icf.church\/geneve\/fr\/wp-json\/wp\/v2\/pages"}],"about":[{"href":"https:\/\/icf.church\/geneve\/fr\/wp-json\/wp\/v2\/types\/page"}],"author":[{"embeddable":true,"href":"https:\/\/icf.church\/geneve\/fr\/wp-json\/wp\/v2\/users\/162"}],"replies":[{"embeddable":true,"href":"https:\/\/icf.church\/geneve\/fr\/wp-json\/wp\/v2\/comments?post=2156"}],"version-history":[{"count":50,"href":"https:\/\/icf.church\/geneve\/fr\/wp-json\/wp\/v2\/pages\/2156\/revisions"}],"predecessor-version":[{"id":2635,"href":"https:\/\/icf.church\/geneve\/fr\/wp-json\/wp\/v2\/pages\/2156\/revisions\/2635"}],"wp:attachment":[{"href":"https:\/\/icf.church\/geneve\/fr\/wp-json\/wp\/v2\/media?parent=2156"}],"curies":[{"name":"wp","href":"https:\/\/api.w.org\/{rel}","templated":true}]}}