{"id":1146,"date":"2026-02-23T20:03:15","date_gmt":"2026-02-23T19:03:15","guid":{"rendered":"https:\/\/new.icf.church\/heilbronn\/?page_id=1146"},"modified":"2026-05-06T12:45:59","modified_gmt":"2026-05-06T10:45:59","slug":"reachbeyond","status":"publish","type":"page","link":"https:\/\/icf.church\/heilbronn\/de\/reachbeyond\/","title":{"rendered":"Reach Beyond 2026"},"content":{"rendered":"<div id=\"block-2\" class=\"pt-2 pb-2 alignfull is-layout-constrained\">\n  <div>\n            <div class=\"row gx-4 gy-4 \">\n          \n\n<div id=\"block-1\" class=\"col wp-block-yellowtree-column col-12 d-flex flex-column with-streched-height-children align-items-stretch align-items-md-stretch\">\n  <\/div>\n        <\/div>\n          <\/div>\n<\/div>\n\n<div id=\"block-10\" class=\"pt-4 pb-4 alignfull is-layout-constrained\">\n  <div>\n            <div class=\"row gx-4 gy-4 \">\n          \n\n<div id=\"block-9\" class=\"col wp-block-yellowtree-column col-12 d-flex flex-column with-streched-height-children align-items-stretch align-items-md-stretch\">\n  <h1 id=\"block-3\" class=\"h1 display-1 text-center\">\n  REACH BEYOND<\/h1>\n\n\n<figure class=\"wp-embed-aspect-16-9 wp-has-aspect-ratio wp-block-embed has-context-height is-provider-youtube is-type-video\">\n  <div class=\"ratio\" style=\"--bs-aspect-ratio:56.25%\">\n          <div class=\"media-defer rounded overflow-hidden bg-black\" data-defer-target=\"iframe\" data-defer-url=\"https:\/\/www.youtube.com\/embed\/xSidlRntQEA?feature=oembed&amp;autoplay=1&amp;iv_load_policy=3&amp;rel=0&amp;dnt=0\" data-consent-required=\"marketing\">\n\n        <div class=\"media-defer__content h-100\" style=\"display: none;\">\n          <iframe width=\"500\" height=\"281\" frameborder=\"0\" allow=\"accelerometer; autoplay; clipboard-write; encrypted-media; gyroscope; picture-in-picture; web-share\" referrerpolicy=\"strict-origin-when-cross-origin\" allowfullscreen title=\"REACH BEYOND 2026 | ICF Heilbronn\"><\/iframe>        <\/div>\n\n        <div class=\"media-defer__placeholder h-100 position-relative\">\n          <img decoding=\"async\" class=\"video-thumbnail w-100 h-100 object-fit-cover\" src=\"https:\/\/icf.church\/heilbronn\/wp-content\/uploads\/sites\/43\/youtube-thumbs\/xSidlRntQEA-hqdefault.jpg\" srcset=\"https:\/\/icf.church\/heilbronn\/wp-content\/uploads\/sites\/43\/youtube-thumbs\/xSidlRntQEA-maxresdefault.jpg 1280w, https:\/\/icf.church\/heilbronn\/wp-content\/uploads\/sites\/43\/youtube-thumbs\/xSidlRntQEA-hqdefault.jpg 480w, https:\/\/icf.church\/heilbronn\/wp-content\/uploads\/sites\/43\/youtube-thumbs\/xSidlRntQEA-sddefault.jpg 640w\" sizes=\"(max-width: 2560px) 100vw, 2560px\" alt=\"REACH BEYOND 2026 | ICF Heilbronn\" draggable=\"false\" loading=\"lazy\">\n\n          <button class=\"video-toggle show\" type=\"button\" aria-label=\"Inhalte abspielen\">\n          <\/button>\n\n                      <img decoding=\"async\" class=\"position-absolute end-0 bottom-0 video-provider-image\" src=\"https:\/\/icf.church\/heilbronn\/wp-content\/themes\/icf\/assets\/youtube-type-logo.svg\" alt=\"YouTube\" loading=\"lazy\">\n          \n          <div data-consent=\"marketing\" data-inverse class=\"position-absolute bottom-0 start-0 end-0 p-3 text-white bg-black bg-opacity-50 text-center\">\n            <p class=\"mb-0 small\">\n              \ud83c\udfa5 Mit deinem Klick werden Inhalte von Youtube geladen. Dabei erlaubst du Cookies f\u00fcr marketing. Mehr dazu in unserer  <a href=\"https:\/\/icf.church\/heilbronn\/de\/datenschutz\/\" class=\"text-white\">Datenschutzerkl\u00e4rung<\/a>.            <\/p>\n          <\/div>\n        <\/div>\n      <\/div>\n      <\/div>\n\n  <\/figure>\n\n<div id=\"block-6\" class=\"pt-2 pb-2 alignfull is-layout-constrained\">\n  <div>\n            <div class=\"row gx-4 gy-4 \">\n          \n\n<div id=\"block-5\" class=\"col wp-block-yellowtree-column col-12 d-flex flex-column with-streched-height-children align-items-stretch align-items-md-stretch\">\n  <\/div>\n        <\/div>\n          <\/div>\n<\/div>\n\n<h3 id=\"block-7\" class=\"h3 text-center\">\n  Unsere j\u00e4hrliche Spendenkampagne.<\/h3>\n\n<p id=\"block-8\" class=\"text-center wp-block-paragraph\">\n  Damit erreichen wir mehr Menschen f\u00fcr Jesus, begegnen Not, erweitern unsere Kirche lokal und gr\u00fcnden neue global.<\/p><\/div>\n        <\/div>\n          <\/div>\n<\/div>\n\n<div id=\"block-13\" class=\"pt-2 pb-2 alignfull is-layout-constrained\">\n  <div>\n            <div class=\"row gx-4 gy-4 \">\n          \n\n<div id=\"block-12\" class=\"col wp-block-yellowtree-column col-12 d-flex flex-column justify-content-center align-items-center align-items-md-center\">\n  <div class=\"aligncenter mw-100\">\n      <figure id=\"block-11\">\n      <div class=\"img-wrap\" style=\"max-width:100%\">\n        <img decoding=\"async\" src=\"https:\/\/icf.church\/wp-content\/uploads\/2026\/02\/r26_de-website70-1024x370.jpg\" alt=\"\" loading=\"lazy\" title=\"\" class=\"img-fluid w-100 h-100 rounded object-fit-cover\" style=\"object-position: center center\">\n      <\/div>\n          <\/figure>\n    <\/div><\/div>\n        <\/div>\n          <\/div>\n<\/div>\n\n<div id=\"block-16\" class=\"pt-4 pb-4 alignfull is-layout-constrained\">\n  <div>\n            <div class=\"row gx-4 gy-4 \">\n          \n\n<div id=\"block-15\" class=\"col wp-block-yellowtree-column col-12 d-flex flex-column justify-content-center align-items-center align-items-md-center\">\n  <h2 id=\"block-14\" class=\"h2 display-2 text-center\">\n  Heartbeat<\/h2><\/div>\n        <\/div>\n          <\/div>\n<\/div>\n\n<div id=\"block-25\" class=\"pt-4 pb-4 alignfull is-layout-constrained\">\n  <div>\n            <div class=\"row gx-4 gy-4 \">\n          \n\n<div id=\"block-24\" class=\"col wp-block-yellowtree-column col-12 d-flex flex-column with-streched-height-children align-items-stretch align-items-md-stretch\">\n  <h3 id=\"block-17\" class=\"h3 text-center\">\n  \u201eGott liebt den, der fr\u00f6hlich gibt.\u201c <br>\u2013 2. Korinther 9,7 | Die Bibel (NG\u00dc)<\/h3>\n\n<p id=\"block-18\" class=\"text-center wp-block-paragraph\">\n  Stell dir vor, wie Gottes Gro\u00dfz\u00fcgigkeit durch dich andere Menschen erreichen, Not begegnen und Hoffnung verbreiten kann \u2013 lokal und global.<\/p>\n\n<p id=\"block-19\" class=\"text-center wp-block-paragraph\">\n  REACH BEYOND ist die j\u00e4hrliche Spendenkampagne, durch die <strong>du Gottes Liebe sichtbar machst und einen realen Unterschied bewirkst.<\/strong> Deine Unterst\u00fctzung erm\u00f6glicht es, dass:<\/p>\n\n<p id=\"block-20\" class=\"text-center wp-block-paragraph\">\n  Menschen Jesus finden&nbsp;<br>Menschen in Not Hilfe bekommen&nbsp;<br>Lebendige Kirchen entstehen<\/p>\n\n<p id=\"block-21\" class=\"text-center wp-block-paragraph\">\n  <br>Gott segnet dich, damit du Teil seiner Geschichte wirst \u2013 eine Geschichte, in der Hoffnung w\u00e4chst, Menschen ver\u00e4ndert werden und sein Reich sichtbar wird. Wenn du gibst, schaffst du Raum, damit andere Gott begegnen. Und du selbst erlebst, wie Gro\u00dfz\u00fcgigkeit dein Herz formt und Vertrauen vertieft.<\/p>\n\n<p id=\"block-22\" class=\"text-center wp-block-paragraph\">\n  <br>Mit <strong>REACH BEYOND 2026<\/strong> investieren wir gemeinsam in das, was z\u00e4hlt: Menschen, die Gott begegnen, Hoffnung, die w\u00e4chst, und Ver\u00e4nderung, die bleibt \u2013 in Stadt Heilbronn und weit dar\u00fcber hinaus.<\/p>\n\n<p id=\"block-23\" class=\"text-center wp-block-paragraph\">\n  <strong class=\"myprefix-text-bold\">Columba &amp; Jochen<br><\/strong>Pastors, ICF Heilbronn<\/p><\/div>\n        <\/div>\n          <\/div>\n<\/div>\n\n<div id=\"block-30\" class=\"pt-2 pb-2 alignfull is-layout-constrained\">\n  <div>\n            <div class=\"row gx-4 gy-4 \">\n          \n\n<div id=\"block-27\" class=\"col wp-block-yellowtree-column col-12 col-md-6 d-flex flex-column justify-content-center align-items-center align-items-md-center\">\n  <div>\n    <a id=\"block-26\" href=\"#projekte\" rel=\"\" class=\"wp-block-yellowtree-button-link btn btn-outline-default\">\n      <span>Projekte anzeigen<\/span>\n          <\/a>\n  <\/div><\/div>\n\n\n<div id=\"block-29\" class=\"col wp-block-yellowtree-column col-12 col-md-6 d-flex flex-column justify-content-center align-items-center align-items-md-center\">\n  <div>\n    <a id=\"block-28\" href=\"#geben\" rel=\"\" class=\"wp-block-yellowtree-button-link btn btn-default\">\n      <span>Jetzt Geben<\/span>\n          <\/a>\n  <\/div><\/div>\n        <\/div>\n          <\/div>\n<\/div>\n\n<div id=\"block-34\" class=\"pt-2 pb-2 alignfull is-layout-constrained\">\n  <div>\n            <div class=\"row gx-4 gy-4 \">\n          \n\n<div id=\"block-32\" class=\"col wp-block-yellowtree-column col-12 col-lg-7 d-flex flex-column with-streched-height-children align-items-stretch align-items-lg-stretch\">\n  <div class=\"mw-100\">\n      <figure id=\"block-31\">\n      <div class=\"img-wrap\" style=\"max-width:100%\">\n        <img decoding=\"async\" src=\"https:\/\/icf.church\/wp-content\/uploads\/2026\/02\/menschen-emotion-4-1024x919.png\" alt=\"\" loading=\"lazy\" title=\"\" class=\"img-fluid w-100 h-100 rounded object-fit-cover\" style=\"object-position: center center\">\n      <\/div>\n          <\/figure>\n    <\/div><\/div>\n\n\n<div id=\"block-33\" class=\"col wp-block-yellowtree-column col-12 col-lg-5 d-flex flex-column with-streched-height-children align-items-stretch align-items-lg-stretch\">\n  <\/div>\n        <\/div>\n          <\/div>\n<\/div>\n\n<div id=\"block-37\" class=\"pt-2 pb-2 alignfull is-layout-constrained\">\n  <div>\n            <div class=\"row gx-4 gy-4 \">\n          \n\n<div id=\"block-36\" class=\"col wp-block-yellowtree-column col-12 d-flex flex-column justify-content-center align-items-center align-items-md-center\">\n  <div class=\"mw-100\">\n      <figure id=\"block-35\">\n      <div class=\"img-wrap\" style=\"max-width:100%\">\n        <img decoding=\"async\" src=\"https:\/\/icf.church\/wp-content\/uploads\/2026\/02\/r26_de-website68-1024x370.jpg\" alt=\"\" loading=\"lazy\" title=\"\" class=\"img-fluid w-100 h-100 rounded object-fit-cover\" style=\"object-position: center center\">\n      <\/div>\n          <\/figure>\n    <\/div><\/div>\n        <\/div>\n          <\/div>\n<\/div>\n\n<div id=\"block-43\" class=\"pt-2 pb-2 alignfull is-layout-constrained\">\n  <div>\n            <div class=\"row gx-4 gy-4 \">\n          \n\n<div id=\"block-39\" class=\"col wp-block-yellowtree-column col-12 col-lg-4 d-flex flex-column with-streched-height-children align-items-stretch align-items-lg-stretch\">\n  <div class=\"mw-100\">\n      <figure id=\"block-38\">\n      <div class=\"img-wrap\" style=\"max-width:100%\">\n        <img decoding=\"async\" src=\"https:\/\/icf.church\/wp-content\/uploads\/2026\/02\/digital-artwork-1024x918.png\" alt=\"\" loading=\"lazy\" title=\"\" class=\"img-fluid w-100 h-100 rounded object-fit-cover\" style=\"object-position: center center\">\n      <\/div>\n          <\/figure>\n    <\/div><\/div>\n\n\n<div id=\"block-40\" class=\"col wp-block-yellowtree-column col-12 col-lg-4 d-flex flex-column with-streched-height-children align-items-stretch align-items-lg-stretch\">\n  <\/div>\n\n\n<div id=\"block-42\" class=\"col wp-block-yellowtree-column col-12 col-lg-4 d-flex flex-column with-streched-height-children align-items-stretch align-items-lg-stretch\">\n  <div class=\"mw-100\">\n      <figure id=\"block-41\">\n      <div class=\"img-wrap\" style=\"max-width:100%\">\n        <img decoding=\"async\" src=\"https:\/\/icf.church\/wp-content\/uploads\/2026\/02\/foto-mit-transparentem-hintergrund-1024x919.png\" alt=\"\" loading=\"lazy\" title=\"\" class=\"img-fluid w-100 h-100 rounded object-fit-cover\" style=\"object-position: center center\">\n      <\/div>\n          <\/figure>\n    <\/div><\/div>\n        <\/div>\n          <\/div>\n<\/div>\n\n<div id=\"geben-2\" class=\"pt-4 pb-4 alignfull is-layout-constrained\">\n  <div>\n            <div class=\"row gx-4 gy-4 \">\n          \n\n<div id=\"geben-2\" class=\"col wp-block-yellowtree-column col-12 d-flex flex-column with-streched-height-children align-items-stretch align-items-md-stretch\">\n  <h2 id=\"geben\" class=\"h2 display-2 text-start\">\n  Geben<\/h2>\n\n<div id=\"block-56\" class=\"pt-2 pb-2 alignfull is-layout-constrained\">\n  <div>\n            <div class=\"row gx-4 gy-4 \">\n          \n\n<div id=\"block-46\" class=\"col wp-block-yellowtree-column col-12 col-lg-4 d-flex flex-column with-streched-height-children align-items-stretch align-items-lg-stretch\">\n  <h2 id=\"block-44\" class=\"h2 text-start\">\n  Offering Weekend<\/h2>\n\n<p id=\"block-45\" class=\"text-start wp-block-paragraph\">\n  Du kannst deinen finanziellen Beitrag in die Celebration mitbringen und in die Kollekte legen, online spenden oder bis Ende 2026 auf das folgende Konto \u00fcberweisen.<\/p><\/div>\n\n\n<div id=\"block-51\" class=\"col wp-block-yellowtree-column col-12 col-lg-4 d-flex flex-column with-streched-height-children align-items-stretch align-items-lg-stretch\">\n  <h2 id=\"block-47\" class=\"h2 text-start\">\n  Bank \u00dcberweisung<\/h2>\n\n<p id=\"block-48\" class=\"text-start wp-block-paragraph\">\n  Du kannst deinen Beitrag auf das folgende Konto \u00fcberweisen:<\/p>\n\n<p id=\"block-49\" class=\"text-start wp-block-paragraph\">\n  <strong class=\"myprefix-text-bold\">Volksbank Heilbronn<\/strong><\/p>\n\n<p id=\"block-50\" class=\"text-start wp-block-paragraph\">\n  Zu Gunsten: ICF Heilbronn, Lise-Meitner-Str. 25, 74074 Heilbronn<br>IBAN: DE24 6229 0110 0387 3150 04<br>SWIFT-BIC: GENODES1SHA<br>Zahlungszweck: \u201cREACH BEYOND 2026\u201d<\/p><\/div>\n\n\n<div id=\"block-55\" class=\"col wp-block-yellowtree-column col-12 col-lg-4 d-flex flex-column justify-content-start align-items-stretch align-items-lg-start\">\n  <h2 id=\"block-52\" class=\"h2 text-start\">\n  Online Geben<\/h2>\n\n<p id=\"block-53\" class=\"text-start wp-block-paragraph\">\n  Hier kannst du \u00fcber Paypal spenden.<\/p>\n\n\n  <div>\n    <a id=\"block-54\" href=\"https:\/\/www.paypal.com\/donate\/?hosted_button_id=N69VAM7M6C8JE\" rel=\"\" class=\"wp-block-yellowtree-button-link btn btn-default\">\n      <span>Jetzt online Geben<\/span>\n          <\/a>\n  <\/div><\/div>\n        <\/div>\n          <\/div>\n<\/div>\n\n<h3 id=\"block-57\" class=\"mt-6 mb-6 h3 display-3 text-center\">\n  Ziel 2026: 70&#8217;000.-<\/h3><\/div>\n        <\/div>\n          <\/div>\n<\/div>\n\n<div id=\"projekte-2\" class=\"pt-2 pb-2 alignfull is-layout-constrained\">\n  <div>\n            <div class=\"row gx-4 gy-4 \">\n          \n\n<div id=\"projekte-2\" class=\"col wp-block-yellowtree-column col-12 d-flex flex-column with-streched-height-children align-items-stretch align-items-md-stretch\">\n  <h2 id=\"projekte\" class=\"h2 display-2 text-start\">\n  Projekte<\/h2><\/div>\n        <\/div>\n          <\/div>\n<\/div>\n\n<div id=\"block-65\" class=\"pt-2 pb-2 alignfull is-layout-constrained\">\n  <div>\n            <div class=\"row gx-4 gy-4 \">\n          \n\n<div id=\"block-64\" class=\"col wp-block-yellowtree-column col-12 d-flex flex-column with-streched-height-children align-items-stretch align-items-md-stretch\">\n  <h2 id=\"block-58\" class=\"h2 text-start\">\n  LOKALES PROJEKT #1 ICF Cambodia<\/h2>\n\n<div id=\"block-63\" class=\"pt-2 pb-2 alignfull is-layout-constrained\">\n  <div>\n            <div class=\"row gx-4 gy-4  flex-md-row-reverse\">\n          \n\n<div id=\"block-59\" class=\"col wp-block-yellowtree-column col-12 col-md-6 d-flex flex-column with-streched-height-children align-items-stretch align-items-md-stretch\">\n  <\/div>\n\n\n<div id=\"block-62\" class=\"gap-2 col wp-block-yellowtree-column col-12 col-md-6 d-flex flex-column with-streched-height-children align-items-stretch align-items-md-stretch\">\n  <div class=\"mw-100\">\n      <figure id=\"block-60\">\n      <div class=\"img-wrap\" style=\"max-width:100%\">\n        <img decoding=\"async\" src=\"https:\/\/icf.church\/heilbronn\/wp-content\/uploads\/sites\/43\/2026\/03\/icf-cambodia-1024x683.jpg\" alt=\"\" loading=\"lazy\" title=\"\" class=\"img-fluid w-100 h-100 rounded object-fit-cover\" style=\"object-position: center center\">\n      <\/div>\n          <\/figure>\n    <\/div>\n\n<p id=\"block-61\" class=\"fs-base text-start wp-block-paragraph\">\n  <em>Seit einigen Jahren ist ICF Cambodia Teil von REACH \u2013 und wir staunen immer wieder, wie kraftvoll Gott dort wirkt. Gegr\u00fcndet von den Lead Pastoren Sophal und ND Strupler mit der Vision, Hoffnung in ein buddhistisch gepr\u00e4gtes Land zu bringen und das Evangelium lebendig werden zu lassen. Als ICF Heilbronn durften wir mehrfach vor Ort sein und erleben, wie in Siem Reap Leben ver\u00e4ndert und neue Perspektiven entstehen. ND und Sophal sind auch unsere Group Leaders, mit denen wir eng verbunden sind. Seit 2023 organisieren wir j\u00e4hrlich Mission Trips nach Kambodscha. Bei unserem letzten Einsatz konnten wir den neuen Campus mitgestalten, bei \u201e180\u201c (Youth Celebration) und der Young Leaders Academy mitarbeiten und praktisch bei der Au\u00dfenanlage helfen. Wir kommen jedes Mal voller Dankbarkeit und Leidenschaft zur\u00fcck \u2013 inspiriert von dem, was Gott dort tut.<\/em><\/p><\/div>\n        <\/div>\n          <\/div>\n<\/div><\/div>\n        <\/div>\n          <\/div>\n<\/div>\n\n<div id=\"block-83\" class=\"pt-2 pb-2 alignfull is-layout-constrained\">\n  <div>\n            <div class=\"row gx-4 gy-4 \">\n          \n\n<div id=\"block-82\" class=\"col wp-block-yellowtree-column col-12 d-flex flex-column with-streched-height-children align-items-stretch align-items-md-stretch\">\n  <h2 id=\"block-66\" class=\"h2 text-start\">\n  LOKALES PROJEKT #2 Vision Location<\/h2>\n\n<div id=\"block-81\" class=\"pt-2 pb-2 alignfull is-layout-constrained\">\n  <div>\n            <div class=\"row gx-4 gy-4  flex-md-row-reverse\">\n          \n\n<div id=\"block-74\" class=\"col wp-block-yellowtree-column col-12 col-md-6 d-flex flex-column with-streched-height-children align-items-stretch align-items-md-stretch\">\n  <div id=\"block-73\" class=\"pt-2 pb-2 alignfull is-layout-constrained\">\n  <div>\n            <div class=\"row gx-4 gy-4 \">\n          \n\n<div id=\"block-70\" class=\"col wp-block-yellowtree-column col-12 col-md-6 d-flex flex-column with-streched-height-children align-items-stretch align-items-md-stretch\">\n  <p id=\"block-67\" class=\"fs-sm text-start wp-block-paragraph\">\n  <em>&#8222;<\/em>Es ist f\u00fcr uns eine gro\u00dfe Freude, Gottes Gunst in dieser Zeit ganz praktisch zu erleben. Sonntag f\u00fcr Sonntag f\u00fcllen sich unsere R\u00e4umlichkeiten, und daf\u00fcr sind wir von Herzen dankbar. Gleichzeitig m\u00f6chten wir mit Weisheit in die Zukunft blicken, was Gott im Bereich Location f\u00fcr uns vorbereitet.<em>&#8222;<\/em><\/p>\n\n<p id=\"block-68\" class=\"fs-sm text-start wp-block-paragraph\">\n  <strong class=\"myprefix-text-bold\">Teo Wetzel<\/strong><\/p>\n\n<p id=\"block-69\" class=\"fs-sm text-start wp-block-paragraph\">\n  Lead Team, ICF Heilbronn<\/p><\/div>\n\n\n<div id=\"block-72\" class=\"col wp-block-yellowtree-column col-12 col-md-6 d-flex flex-column with-streched-height-children align-items-stretch align-items-md-stretch\">\n  <div class=\"mw-100\">\n      <figure id=\"block-71\">\n      <div class=\"img-wrap\" style=\"width:155px;height:auto;max-width:100%\">\n        <img decoding=\"async\" src=\"https:\/\/icf.church\/heilbronn\/wp-content\/uploads\/sites\/43\/2026\/04\/2026-03-06-09.27.09.jpg\" alt=\"\" loading=\"lazy\" title=\"\" srcset=\"https:\/\/icf.church\/heilbronn\/wp-content\/uploads\/sites\/43\/2026\/04\/2026-03-06-09.27.09.jpg 640w, https:\/\/icf.church\/heilbronn\/wp-content\/uploads\/sites\/43\/2026\/04\/2026-03-06-09.27.09-300x300.jpg 300w, https:\/\/icf.church\/heilbronn\/wp-content\/uploads\/sites\/43\/2026\/04\/2026-03-06-09.27.09-150x150.jpg 150w\" sizes=\"(max-width: 640px) 100vw, 640px\" class=\"img-fluid w-100 h-100 rounded object-fit-cover\" style=\"object-position: center center\">\n      <\/div>\n          <\/figure>\n    <\/div><\/div>\n        <\/div>\n          <\/div>\n<\/div><\/div>\n\n\n<div id=\"block-80\" class=\"gap-2 col wp-block-yellowtree-column col-12 col-md-6 d-flex flex-column with-streched-height-children align-items-stretch align-items-md-stretch\">\n  <div class=\"mw-100\">\n      <figure id=\"block-75\">\n      <div class=\"img-wrap\" style=\"max-width:100%\">\n        <img decoding=\"async\" src=\"https:\/\/icf.church\/heilbronn\/wp-content\/uploads\/sites\/43\/2026\/04\/image-2026-03-06-093022-1-1024x682.jpg\" alt=\"\" loading=\"lazy\" title=\"\" class=\"img-fluid w-100 h-100 rounded object-fit-cover\" style=\"object-position: center center\">\n      <\/div>\n          <\/figure>\n    <\/div>\n\n<p id=\"block-76\" class=\"text-start wp-block-paragraph\">\n  Wir wollen gemeinsam&nbsp;<strong>beten<\/strong>, dass Gott uns die richtigen T\u00fcren f\u00fcr den n\u00e4chsten Schritt in unserer Location-Entwicklung \u00f6ffnet.<\/p>\n\n<p id=\"block-77\" class=\"text-start wp-block-paragraph\">\n  Aktuell investieren wir weiter in die&nbsp;<strong>Optimierung der Pilgrams-Location<\/strong>&nbsp;und bauen&nbsp;<strong>Sunday Night<\/strong>&nbsp;aus, um zus\u00e4tzlichen Raum zu schaffen. Gleichzeitig wollen wir nicht zulassen, dass begrenzter Platz das Wachstum unserer Church bremst \u2013 eine gesunde Pflanze braucht einen Topf, der mitw\u00e4chst.<\/p>\n\n<p id=\"block-78\" class=\"text-start wp-block-paragraph\">\n  Darum gehen wir zwei Schritte:<\/p>\n\n\n<ol class=\"wp-block-list\">\n<li>Wir&nbsp;<strong>beten gezielt<\/strong>&nbsp;f\u00fcr die n\u00e4chste passende Location.<\/li>\n\n\n\n<li>Wir bauen einen&nbsp;<strong>Location-Fonds<\/strong>&nbsp;auf, um finanziell vorbereitet zu sein.<\/li>\n<\/ol>\n\n\n<p id=\"block-79\" class=\"text-start wp-block-paragraph\">\n  So bleiben wir flexibel, investieren sinnvoll in unsere aktuelle Location und schaffen gleichzeitig die Grundlage f\u00fcr den&nbsp;<strong>n\u00e4chsten Schritt<\/strong>, den Gott vorbereitet hat.<\/p><\/div>\n        <\/div>\n          <\/div>\n<\/div><\/div>\n        <\/div>\n          <\/div>\n<\/div>\n\n<div id=\"block-115\" class=\"pt-2 pb-2 alignfull is-layout-constrained\">\n  <div>\n            <div class=\"row gx-4 gy-4 \">\n          \n\n<div id=\"block-114\" class=\"col wp-block-yellowtree-column col-12 d-flex flex-column with-streched-height-children align-items-stretch align-items-md-stretch\">\n  <p id=\"block-84\" class=\"text-start wp-block-paragraph\">\n  <\/p>\n\n<h2 id=\"block-85\" class=\"h2 text-start\">\n  LOKALES PROJEKT #3 Leiter entwickeln<\/h2>\n\n<div id=\"block-101\" class=\"pt-2 pb-2 alignfull is-layout-constrained\">\n  <div>\n            <div class=\"row gx-4 gy-4  flex-md-row-reverse\">\n          \n\n<div id=\"block-93\" class=\"col wp-block-yellowtree-column col-12 col-md-6 d-flex flex-column with-streched-height-children align-items-stretch align-items-md-stretch\">\n  <div id=\"block-92\" class=\"pt-2 pb-2 alignfull is-layout-constrained\">\n  <div>\n            <div class=\"row gx-4 gy-4 \">\n          \n\n<div id=\"block-89\" class=\"col wp-block-yellowtree-column col-12 col-md-6 d-flex flex-column with-streched-height-children align-items-stretch align-items-md-stretch\">\n  <p id=\"block-86\" class=\"fs-sm text-start wp-block-paragraph\">\n  Wir glauben an das Potenzial neuer Leiter im ICF Heilbronn. Deshalb schaffen wir R\u00e4ume, indenen sie wachsen, Verantwortung \u00fcbernehmen und durch die Leadership Academy sowie weitere Angebote des ICF Movements gest\u00e4rkt werden.<\/p>\n\n<p id=\"block-87\" class=\"fs-sm text-start wp-block-paragraph\">\n  <strong class=\"myprefix-text-bold\">Sarah Wetzel<\/strong><\/p>\n\n<p id=\"block-88\" class=\"fs-sm text-start wp-block-paragraph\">\n  Executive Pastorin, ICF Heilbronn<\/p><\/div>\n\n\n<div id=\"block-91\" class=\"col wp-block-yellowtree-column col-12 col-md-6 d-flex flex-column with-streched-height-children align-items-stretch align-items-md-stretch\">\n  <div class=\"mw-100\">\n      <figure id=\"block-90\">\n      <div class=\"img-wrap\" style=\"aspect-ratio:1;width:172px;height:auto;max-width:100%\">\n        <img decoding=\"async\" src=\"https:\/\/icf.church\/heilbronn\/wp-content\/uploads\/sites\/43\/2026\/01\/leitungsteam_2024-33-scaled-e1769534312669.jpg\" alt=\"\" loading=\"lazy\" title=\"\" srcset=\"https:\/\/icf.church\/heilbronn\/wp-content\/uploads\/sites\/43\/2026\/01\/leitungsteam_2024-33-scaled-e1769534312669.jpg 1707w, https:\/\/icf.church\/heilbronn\/wp-content\/uploads\/sites\/43\/2026\/01\/leitungsteam_2024-33-scaled-e1769534312669-300x158.jpg 300w, https:\/\/icf.church\/heilbronn\/wp-content\/uploads\/sites\/43\/2026\/01\/leitungsteam_2024-33-scaled-e1769534312669-1024x540.jpg 1024w, https:\/\/icf.church\/heilbronn\/wp-content\/uploads\/sites\/43\/2026\/01\/leitungsteam_2024-33-scaled-e1769534312669-768x405.jpg 768w, https:\/\/icf.church\/heilbronn\/wp-content\/uploads\/sites\/43\/2026\/01\/leitungsteam_2024-33-scaled-e1769534312669-1536x810.jpg 1536w\" sizes=\"(max-width: 1707px) 100vw, 1707px\" class=\"img-fluid w-100 h-100 rounded object-fit-cover\" style=\"object-position: center center\">\n      <\/div>\n          <\/figure>\n    <\/div><\/div>\n        <\/div>\n          <\/div>\n<\/div><\/div>\n\n\n<div id=\"block-100\" class=\"gap-2 col wp-block-yellowtree-column col-12 col-md-6 d-flex flex-column with-streched-height-children align-items-stretch align-items-md-stretch\">\n  <div class=\"mw-100\">\n      <figure id=\"block-94\">\n      <div class=\"img-wrap\" style=\"max-width:100%\">\n        <img decoding=\"async\" src=\"https:\/\/icf.church\/heilbronn\/wp-content\/uploads\/sites\/43\/2026\/03\/250531_16-57-01_conf-lydia-g-683x1024.jpg\" alt=\"\" loading=\"lazy\" title=\"\" class=\"img-fluid w-100 h-100 rounded object-fit-cover\" style=\"object-position: center center\">\n      <\/div>\n          <\/figure>\n    <\/div>\n\n<p id=\"block-95\" class=\"text-start wp-block-paragraph\">\n  F\u00fcr dieses Jahr haben wir uns vorgenommen, unsere Stellensituation zu st\u00e4rken und den finanziellen Umfang unserer Pastorenstellen zu erh\u00f6hen. So m\u00f6chten wir langfristig gesund wachsen und nachhaltig Kirche bauen.<\/p>\n\n<p id=\"block-96\" class=\"text-start wp-block-paragraph\">\n  Wir erleben immer wieder: Die wichtigste Investition ist die in Menschen \u2013 besonders in Leiter, die wiederum andere pr\u00e4gen. Deshalb investieren wir weiterhin gezielt in Ausbildung, Trainings aus dem ICF Movement und in die Entwicklung unserer Leiterschaft.<\/p>\n\n<p id=\"block-97\" class=\"text-start wp-block-paragraph\">\n  <strong>Unsere Ziele f\u00fcr 2026:<\/strong><\/p>\n\n\n<ul class=\"wp-block-list\">\n<li>Erh\u00f6hung des Stellenumfangs.<\/li>\n\n\n\n<li>St\u00e4rkere&nbsp;<strong>F\u00f6rderung unserer Key Leader<\/strong>&nbsp;durch Trainings (z. B. ICF Experience).<\/li>\n\n\n\n<li><strong>Klare und zug\u00e4ngliche Leadership-Entwicklung<\/strong>.<\/li>\n\n\n\n<li>Vertiefung unserer&nbsp;<strong>J\u00fcngerschaftsreise<\/strong>&nbsp;durch Kurse wie Alpha, Get Free und Impact.<\/li>\n<\/ul>\n\n\n<p id=\"block-98\" class=\"text-start wp-block-paragraph\">\n  Schon jetzt sehen wir viel Frucht \u2013 in Alpha, der Leadership Academy, bei Volunteers, Youth, Worship und unserer International Community. Das ermutigt uns, weiterhin mutig in Menschen zu investieren und gemeinsam Kirche gesund weiterzubauen.<\/p>\n\n<p id=\"block-99\" class=\"text-start wp-block-paragraph\">\n  <\/p><\/div>\n        <\/div>\n          <\/div>\n<\/div>\n\n<p id=\"block-102\" class=\"fs-lg text-start wp-block-paragraph\">\n  <strong class=\"myprefix-text-bold\">LOKALES PROJEKT #<\/strong>4 Sunday Night<\/p>\n\n<div id=\"block-113\" class=\"pt-2 pb-2 alignfull is-layout-constrained\">\n  <div>\n            <div class=\"row gx-4 gy-4 \">\n          \n\n<div id=\"block-108\" class=\"col wp-block-yellowtree-column col-12 col-md-6 col-lg-7 d-flex flex-column with-streched-height-children align-items-stretch align-items-lg-stretch\">\n  <div class=\"mw-100\">\n      <figure id=\"block-103\">\n      <div class=\"img-wrap\" style=\"max-width:100%\">\n        <img decoding=\"async\" src=\"https:\/\/icf.church\/heilbronn\/wp-content\/uploads\/sites\/43\/2026\/04\/son01445-52-1024x683.jpg\" alt=\"\" loading=\"lazy\" title=\"\" class=\"img-fluid w-100 h-100 rounded object-fit-cover\" style=\"object-position: center center\">\n      <\/div>\n          <\/figure>\n    <\/div>\n\n<p id=\"block-104\" class=\"text-start wp-block-paragraph\">\n  <br>Unser Herz als Church schl\u00e4gt daf\u00fcr, Menschen zu erreichen, die Kirche bisher fernstehen. Genau daf\u00fcr gibt es&nbsp;<strong>Sunday Night<\/strong>&nbsp;\u2013 einen Raum f\u00fcr neue Menschen, Begegnungen mit Gott und ver\u00e4nderte Leben.<\/p>\n\n<p id=\"block-105\" class=\"text-start wp-block-paragraph\">\n  Unsere Sonntage wachsen. Deshalb wollen wir bewusst in&nbsp;<strong>Sunday Night<\/strong>&nbsp;investieren: in eine einladende Atmosph\u00e4re, starke Teams und einen Ort, an dem Menschen Jesus begegnen k\u00f6nnen.<\/p>\n\n<p id=\"block-106\" class=\"text-start wp-block-paragraph\">\n  Mit deiner&nbsp;<strong>REACH-Spende<\/strong>&nbsp;helfen wir, diesen Raum weiter auszubauen und in Speaker, Trainings und die Weiterentwicklung von Sunday Night zu investieren.<\/p>\n\n<p id=\"block-107\" class=\"text-start wp-block-paragraph\">\n  <strong>Let\u2019s build Sunday Night. Let\u2019s REACH.<\/strong><\/p><\/div>\n\n\n<div id=\"block-112\" class=\"col wp-block-yellowtree-column col-12 col-md-6 col-lg-5 d-flex flex-column with-streched-height-children align-items-stretch align-items-lg-stretch\">\n  <div id=\"block-111\" class=\"pt-2 pb-2 alignfull is-layout-constrained\">\n  <div>\n            <div class=\"row gx-4 gy-4 \">\n          \n\n<div id=\"block-109\" class=\"col wp-block-yellowtree-column col-12 col-md-6 d-flex flex-column with-streched-height-children align-items-stretch align-items-md-stretch\">\n  <\/div>\n\n\n<div id=\"block-110\" class=\"col wp-block-yellowtree-column col-12 col-md-6 d-flex flex-column with-streched-height-children align-items-stretch align-items-md-stretch\">\n  <\/div>\n        <\/div>\n          <\/div>\n<\/div><\/div>\n        <\/div>\n          <\/div>\n<\/div><\/div>\n        <\/div>\n          <\/div>\n<\/div>\n\n<div id=\"block-118\" class=\"pt-2 pb-2 alignfull is-layout-constrained\">\n  <div>\n            <div class=\"row gx-4 gy-4 \">\n          \n\n<div id=\"block-117\" class=\"col wp-block-yellowtree-column col-12 d-flex flex-column justify-content-center align-items-center align-items-md-center\">\n  <div class=\"mw-100\">\n      <figure id=\"block-116\">\n      <div class=\"img-wrap\" style=\"max-width:100%\">\n        <img decoding=\"async\" src=\"https:\/\/icf.church\/wp-content\/uploads\/2026\/02\/r26_de-website67-1024x370.jpg\" alt=\"\" loading=\"lazy\" title=\"\" class=\"img-fluid w-100 h-100 rounded object-fit-cover\" style=\"object-position: center center\">\n      <\/div>\n          <\/figure>\n    <\/div><\/div>\n        <\/div>\n          <\/div>\n<\/div>\n\n<div id=\"block-179\" class=\"pt-4 pb-4 alignfull is-layout-constrained\">\n  <div>\n            <div class=\"row gx-4 gy-4 \">\n          \n\n<div id=\"block-178\" class=\"col wp-block-yellowtree-column col-12 d-flex flex-column with-streched-height-children align-items-stretch align-items-md-stretch\">\n  <h2 id=\"block-119\" class=\"h2 display-2 text-start\">\n  Movement Projekte<\/h2>\n\n<p id=\"block-120\" class=\"text-start wp-block-paragraph\">\n  Die folgenden REACH BEYOND Projekte unterst\u00fctzen wir gemeinsam als ICF Movement.<\/p>\n\n<div id=\"block-138\" class=\"pt-2 pb-2 alignfull is-layout-constrained\">\n  <div>\n            <div class=\"row gx-4 gy-4 \">\n          \n\n<div id=\"block-137\" class=\"col wp-block-yellowtree-column col-12 d-flex flex-column with-streched-height-children align-items-stretch align-items-md-stretch\">\n  <h2 id=\"block-121\" class=\"h2 text-start\">\n  CHURCH PLANTING<\/h2>\n\n<div id=\"block-136\" class=\"pt-2 pb-2 alignfull is-layout-constrained\">\n  <div>\n            <div class=\"row gx-4 gy-4 \">\n          \n\n<div id=\"block-127\" class=\"col wp-block-yellowtree-column col-12 col-md-6 d-flex flex-column with-streched-height-children align-items-stretch align-items-md-stretch\">\n  <div class=\"mw-100\">\n      <figure id=\"block-122\">\n      <div class=\"img-wrap\" style=\"max-width:100%\">\n        <img decoding=\"async\" src=\"https:\/\/icf.church\/wp-content\/uploads\/2026\/02\/kirchenpflanzung-1-1024x918.png\" alt=\"\" loading=\"lazy\" title=\"\" class=\"img-fluid w-100 h-100 rounded object-fit-cover\" style=\"object-position: center center\">\n      <\/div>\n          <\/figure>\n    <\/div>\n\n<p id=\"block-123\" class=\"text-start wp-block-paragraph\">\n  Es gibt so viele Orte und Menschen auf dieser Welt, die noch nie von Jesus geh\u00f6rt haben \u2013 und viele, die ihn kennen, aber keine Kirche finden, die sie tr\u00e4gt und begeistert.<\/p>\n\n<p id=\"block-124\" class=\"text-start wp-block-paragraph\">\n  Durch deine Unterst\u00fctzung entstehen neue Kirchen, in denen Menschen Glauben entdecken, aufbl\u00fchen und ihr Umfeld positiv pr\u00e4gen. Deine Spende hilft, dass Kirche dort w\u00e4chst, wo sie fehlt \u2013 lebendig, nah und relevant.<\/p>\n\n<p id=\"block-125\" class=\"text-start wp-block-paragraph\">\n  Schon heute sind \u00fcber <strong>65 ICF Kirchen<\/strong> entstanden. Mit deiner Gro\u00dfz\u00fcgigkeit kommen weitere dazu \u2013 Orte voller Hoffnung, Liebe und Wahrheit.<\/p>\n\n<p id=\"block-126\" class=\"text-start wp-block-paragraph\">\n  Weitere Informationen: <a href=\"https:\/\/www.icf.church\/en\/movement\/\">icf.church\/movement&nbsp;<\/a><\/p><\/div>\n\n\n<div id=\"block-135\" class=\"col wp-block-yellowtree-column col-12 col-md-6 d-flex flex-column with-streched-height-children align-items-stretch align-items-md-stretch\">\n  <div id=\"block-134\" class=\"pt-2 pb-2 alignfull is-layout-constrained\">\n  <div>\n            <div class=\"row gx-4 gy-4 \">\n          \n\n<div id=\"block-131\" class=\"col wp-block-yellowtree-column col-12 col-md-6 d-flex flex-column with-streched-height-children align-items-stretch align-items-md-stretch\">\n  <p id=\"block-128\" class=\"text-start wp-block-paragraph\">\n  <em>\u201cDresden als ICF Location hat eine bewegte Geschichte. Es gab Taufen, Discipleship-Tracks und Events in unserer eigenen Location. Wir haben lange f\u00fcr Pastoren gebetet, aber dass Gott uns selbst beruft, haben wir nicht erwartet. Dank deiner Unterst\u00fctzung bei REACH Beyond ist es uns m\u00f6glich, im ICF Startup Dresden mit voller Kraft und Vision Gott und den Menschen zu dienen. Wir sind gespannt darauf, was Gott in unserer Stadt und dar\u00fcber hinaus in Ostdeutschland noch tun wird.\u201d<\/em><\/p>\n\n<p id=\"block-129\" class=\"text-start wp-block-paragraph\">\n  <strong><em class=\"myprefix-text-italic\">Karsten &amp; Elisabeth Fischer<\/em><\/strong><\/p>\n\n<p id=\"block-130\" class=\"text-start wp-block-paragraph\">\n  <em>Location Pastors, ICF Startup Dresden<\/em><\/p><\/div>\n\n\n<div id=\"block-133\" class=\"col wp-block-yellowtree-column col-12 col-md-6 d-flex flex-column with-streched-height-children align-items-stretch align-items-md-stretch\">\n  <div class=\"mw-100\">\n      <figure id=\"block-132\">\n      <div class=\"img-wrap\" style=\"aspect-ratio:1;max-width:100%\">\n        <img decoding=\"async\" src=\"https:\/\/icf.church\/wp-content\/uploads\/2026\/02\/instagram-post-design-3.png\" alt=\"\" loading=\"lazy\" title=\"\" class=\"img-fluid w-100 h-100 rounded object-fit-cover\" style=\"object-position: center center\">\n      <\/div>\n          <\/figure>\n    <\/div><\/div>\n        <\/div>\n          <\/div>\n<\/div><\/div>\n        <\/div>\n          <\/div>\n<\/div><\/div>\n        <\/div>\n          <\/div>\n<\/div>\n\n<div id=\"block-156\" class=\"pt-2 pb-2 alignfull is-layout-constrained\">\n  <div>\n            <div class=\"row gx-4 gy-4 \">\n          \n\n<div id=\"block-155\" class=\"col wp-block-yellowtree-column col-12 d-flex flex-column with-streched-height-children align-items-stretch align-items-md-stretch\">\n  <h2 id=\"block-139\" class=\"h2 text-start\">\n  PASTORS &amp; KEY LEADERS AUSBILDEN<\/h2>\n\n<div id=\"block-154\" class=\"pt-2 pb-2 alignfull is-layout-constrained\">\n  <div>\n            <div class=\"row gx-4 gy-4 \">\n          \n\n<div id=\"block-145\" class=\"col wp-block-yellowtree-column col-12 col-md-6 d-flex flex-column with-streched-height-children align-items-stretch align-items-md-stretch\">\n  <div class=\"mw-100\">\n      <figure id=\"block-140\">\n      <div class=\"img-wrap\" style=\"max-width:100%\">\n        <img decoding=\"async\" src=\"https:\/\/icf.church\/wp-content\/uploads\/2026\/02\/pklt-2-1024x919.png\" alt=\"\" loading=\"lazy\" title=\"\" class=\"img-fluid w-100 h-100 rounded object-fit-cover\" style=\"object-position: center center\">\n      <\/div>\n          <\/figure>\n    <\/div>\n\n<p id=\"block-141\" class=\"text-start wp-block-paragraph\">\n  <strong>Alles steht und f\u00e4llt mit gesunder Leiterschaft<\/strong>Ohne gut ausgebildete Pastoren und Leaders entstehen keine starken, gesunden Kirchen \u2013 und ohne starke lokale Kirchen, keine Hoffnung f\u00fcr diese Welt.<\/p>\n\n<p id=\"block-142\" class=\"text-start wp-block-paragraph\">\n  Darum investieren wir gezielt in Leiter, die Berufung, Charakter und Kompetenz vereinen. Durch das <strong>Pastors &amp; Key Leaders Training<\/strong> werden sie bef\u00e4higt, ganzheitlich zu leiten, Menschen zu f\u00f6rdern und Gottes K\u00f6nigreich zu bauen.<\/p>\n\n<p id=\"block-143\" class=\"text-start wp-block-paragraph\">\n  Im letzten Jahr konnten wir \u00fcber <strong>100 Pastoren und Key Leader<\/strong> aus mehr als <strong>20 ICF Kirchen<\/strong> ausr\u00fcsten. \u00dcber <strong>200 weitere angehende Leiter<\/strong> besuchten die <strong>ICF Experience<\/strong>, unser Bootcamp f\u00fcr Key People in unseren ICFs.<\/p>\n\n<p id=\"block-144\" class=\"text-start wp-block-paragraph\">\n  Mit deiner Gro\u00dfz\u00fcgigkeit entwickeln wir diese Trainings weiter, \u00fcbersetzen sie in neue Sprachen und machen sie f\u00fcr noch mehr Leute zug\u00e4nglich \u2013 damit \u00fcberall Leiter heranwachsen, die Hoffnung wecken, Verantwortung \u00fcbernehmen und Leben ver\u00e4ndern.<\/p><\/div>\n\n\n<div id=\"block-153\" class=\"col wp-block-yellowtree-column col-12 col-md-6 d-flex flex-column with-streched-height-children align-items-stretch align-items-md-stretch\">\n  <div id=\"block-152\" class=\"pt-2 pb-2 alignfull is-layout-constrained\">\n  <div>\n            <div class=\"row gx-4 gy-4 \">\n          \n\n<div id=\"block-149\" class=\"col wp-block-yellowtree-column col-12 col-md-6 d-flex flex-column with-streched-height-children align-items-stretch align-items-md-stretch\">\n  <p id=\"block-146\" class=\"text-start wp-block-paragraph\">\n  <em>&#8222;<\/em><strong><em>Durch das Pastors &amp; Key Leaders Training durften wir gemeinsam in Leiterschaft, Theologie und geistlichen Skills wachsen \u2013 ein Wachstum, das durch deine Unterst\u00fctzung m\u00f6glich wurde.<br><\/em><\/strong><em>Was wir gelernt haben, geben wir weiter: in unserer Kirche, im Movement und besonders an die Next Gen &#8211; damit junge Menschen Jesus kennenlernen, im Glauben wachsen und ihre Berufung entdecken.<br><\/em><em>Danke, dass du in Leiter investiert und Kirche von morgen m\u00f6glich macht.<\/em><em>&#8222;<\/em><\/p>\n\n<p id=\"block-147\" class=\"text-start wp-block-paragraph\">\n  <strong><em>Iven &amp; Lea-C\u00e9cile K\u00fclsen<\/em><\/strong><\/p>\n\n<p id=\"block-148\" class=\"text-start wp-block-paragraph\">\n  <em>Communications &amp; Sunday Night \/ Small Groups, ICF Hamburg<\/em><\/p><\/div>\n\n\n<div id=\"block-151\" class=\"col wp-block-yellowtree-column col-12 col-md-6 d-flex flex-column with-streched-height-children align-items-stretch align-items-md-stretch\">\n  <div class=\"mw-100\">\n      <figure id=\"block-150\">\n      <div class=\"img-wrap\" style=\"aspect-ratio:1;max-width:100%\">\n        <img decoding=\"async\" src=\"https:\/\/icf.church\/wp-content\/uploads\/2026\/02\/instagram-post-design-5.png\" alt=\"\" loading=\"lazy\" title=\"\" class=\"img-fluid w-100 h-100 rounded object-fit-cover\" style=\"object-position: center center\">\n      <\/div>\n          <\/figure>\n    <\/div><\/div>\n        <\/div>\n          <\/div>\n<\/div><\/div>\n        <\/div>\n          <\/div>\n<\/div><\/div>\n        <\/div>\n          <\/div>\n<\/div>\n\n<div id=\"block-174\" class=\"pt-2 pb-2 alignfull is-layout-constrained\">\n  <div>\n            <div class=\"row gx-4 gy-4 \">\n          \n\n<div id=\"block-173\" class=\"col wp-block-yellowtree-column col-12 d-flex flex-column with-streched-height-children align-items-stretch align-items-md-stretch\">\n  <h2 id=\"block-157\" class=\"h2 text-start\">\n  DIGITAL INNOVATION<\/h2>\n\n<div id=\"block-172\" class=\"pt-2 pb-2 alignfull is-layout-constrained\">\n  <div>\n            <div class=\"row gx-4 gy-4 \">\n          \n\n<div id=\"block-162\" class=\"col wp-block-yellowtree-column col-12 col-md-6 d-flex flex-column with-streched-height-children align-items-stretch align-items-md-stretch\">\n  <div class=\"mw-100\">\n      <figure id=\"block-158\">\n      <div class=\"img-wrap\" style=\"max-width:100%\">\n        <img decoding=\"async\" src=\"https:\/\/icf.church\/wp-content\/uploads\/2026\/02\/digital-artwork-1-1024x918.png\" alt=\"\" loading=\"lazy\" title=\"\" class=\"img-fluid w-100 h-100 rounded object-fit-cover\" style=\"object-position: center center\">\n      <\/div>\n          <\/figure>\n    <\/div>\n\n<p id=\"block-159\" class=\"text-start wp-block-paragraph\">\n  Die meisten Menschen entdecken ICF heute zuerst digital \u2013 lange bevor sie eine Celebration besuchen. Deshalb entscheidet unser Online-Auftritt oft dar\u00fcber, ob aus einem ersten Klick echte Zugeh\u00f6rigkeit entsteht. Deine Unterst\u00fctzung f\u00fcr <strong>Digital Innovations<\/strong> hilft genau dabei: Menschen finden leichter ein Zuhause und lokale Kirchen werden sichtbar und gest\u00e4rkt.<\/p>\n\n<p id=\"block-160\" class=\"text-start wp-block-paragraph\">\n  Unsere digitale Reichweite ist bereits beachtlich: \u00fcber <strong>2.5 Millionen Website-Besucher pro Jahr<\/strong> und mehr als <strong>10\u2019000 monatliche Seitenaufrufe<\/strong> auf unserer Ressourcen-Plattform \u201cEQUIP\u201d. Doch wir wollen weiter innovieren.<\/p>\n\n<p id=\"block-161\" class=\"text-start wp-block-paragraph\">\n  2026 lancieren wir die neue ICF Website und entwickeln unsere digitalen Plattformen kontinuierlich weiter \u2013 inklusive einer ausgebauten Ressourcen-Plattform und einem Learning Management System, das Kirchen mit gezielten Trainings unterst\u00fctzt und bef\u00e4higt.<\/p><\/div>\n\n\n<div id=\"block-171\" class=\"col wp-block-yellowtree-column col-12 col-md-6 d-flex flex-column with-streched-height-children align-items-stretch align-items-md-stretch\">\n  <div id=\"block-170\" class=\"pt-2 pb-2 alignfull is-layout-constrained\">\n  <div>\n            <div class=\"row gx-4 gy-4 \">\n          \n\n<div id=\"block-167\" class=\"col wp-block-yellowtree-column col-12 col-md-6 d-flex flex-column with-streched-height-children align-items-stretch align-items-md-stretch\">\n  <p id=\"block-163\" class=\"text-start wp-block-paragraph\">\n  <em class=\"myprefix-text-italic\"><em>\u201c<\/em>Was mich an unserer Ressourcen Plattform EQUIP begeistert: Leiter m\u00fcssen heute mehr navigieren, entscheiden und tragen als je zuvor \u2013 und genau dort lassen wir sie nicht allein. EQUIP gibt ihnen Ideen und Werkzeuge, die sofort Wirkung in der Kirche entfalten. Jeden Monat greifen \u00fcber tausend Leiter darauf zu, um Menschen zu dienen, Teams zu entwickeln und Kirche gesund zu gestalten. N\u00e4chstes Jahr bauen wir die Plattform weiter aus: klarer, zug\u00e4nglicher und mit noch mehr Ressourcen, die Kirchen in ihrem Auftrag st\u00e4rken.<\/em><\/p>\n\n<p id=\"block-164\" class=\"text-start wp-block-paragraph\">\n  <em class=\"myprefix-text-italic\">Danke, dass du mit deiner Gro\u00dfz\u00fcgigkeit genau das m\u00f6glich machst: starke Leiter, starke Kirchen und Menschen, die Jesus finden.<em>\u201d<\/em><\/em><\/p>\n\n<p id=\"block-165\" class=\"text-start wp-block-paragraph\">\n  <strong>Jowieke Larooij<\/strong><\/p>\n\n<p id=\"block-166\" class=\"text-start wp-block-paragraph\">\n  ICF Movement Team<\/p><\/div>\n\n\n<div id=\"block-169\" class=\"col wp-block-yellowtree-column col-12 col-md-6 d-flex flex-column with-streched-height-children align-items-stretch align-items-md-stretch\">\n  <div class=\"mw-100\">\n      <figure id=\"block-168\">\n      <div class=\"img-wrap\" style=\"aspect-ratio:1;max-width:100%\">\n        <img decoding=\"async\" src=\"https:\/\/icf.church\/wp-content\/uploads\/2026\/02\/instagram-post-design-4.png\" alt=\"\" loading=\"lazy\" title=\"\" class=\"img-fluid w-100 h-100 rounded object-fit-cover\" style=\"object-position: center center\">\n      <\/div>\n          <\/figure>\n    <\/div><\/div>\n        <\/div>\n          <\/div>\n<\/div><\/div>\n        <\/div>\n          <\/div>\n<\/div><\/div>\n        <\/div>\n          <\/div>\n<\/div>\n\n<div id=\"block-177\" class=\"pt-2 pb-2 alignfull is-layout-constrained\">\n  <div>\n            <div class=\"row gx-4 gy-4 \">\n          \n\n<div id=\"block-176\" class=\"col wp-block-yellowtree-column col-12 d-flex flex-column justify-content-center align-items-center align-items-md-center\">\n  <div>\n    <a id=\"block-175\" href=\"https:\/\/icf.church\/heilbronn\/de\/spenden\/\" rel=\"\" class=\"wp-block-yellowtree-button-link btn btn-default\">\n      <span>Jetzt Geben<\/span>\n          <\/a>\n  <\/div><\/div>\n        <\/div>\n          <\/div>\n<\/div><\/div>\n        <\/div>\n          <\/div>\n<\/div>\n\n<div id=\"block-182\" class=\"pt-2 pb-2 alignfull is-layout-constrained\">\n  <div>\n            <div class=\"row gx-4 gy-4 \">\n          \n\n<div id=\"block-181\" class=\"col wp-block-yellowtree-column col-12 d-flex flex-column justify-content-center align-items-center align-items-md-center\">\n  <div class=\"mw-100\">\n      <figure id=\"block-180\">\n      <div class=\"img-wrap\" style=\"max-width:100%\">\n        <img decoding=\"async\" src=\"https:\/\/icf.church\/wp-content\/uploads\/2026\/02\/website_background-element-1024x370.jpg\" alt=\"\" loading=\"lazy\" title=\"\" class=\"img-fluid w-100 h-100 rounded object-fit-cover\" style=\"object-position: center center\">\n      <\/div>\n          <\/figure>\n    <\/div><\/div>\n        <\/div>\n          <\/div>\n<\/div>","protected":false},"excerpt":{"rendered":"","protected":false},"author":40,"featured_media":1468,"parent":0,"menu_order":3,"comment_status":"closed","ping_status":"closed","template":"","meta":{"_acf_changed":false,"_seopress_titles_title":"","_seopress_titles_desc":"","_seopress_robots_index":"","_seopress_robots_follow":"","_seopress_robots_imageindex":"","_seopress_robots_snippet":"","_seopress_robots_primary_cat":"","_seopress_robots_breadcrumbs":"","_seopress_robots_freeze_modified_date":"","_seopress_robots_custom_modified_date":"","_seopress_robots_canonical":"","_seopress_social_fb_title":"","_seopress_social_fb_desc":"","_seopress_social_fb_img":"","_seopress_social_fb_img_attachment_id":0,"_seopress_social_fb_img_width":0,"_seopress_social_fb_img_height":0,"_seopress_social_twitter_title":"","_seopress_social_twitter_desc":"","_seopress_social_twitter_img":"","_seopress_social_twitter_img_attachment_id":0,"_seopress_social_twitter_img_width":0,"_seopress_social_twitter_img_height":0,"_seopress_redirections_value":"","_seopress_redirections_enabled":"","_seopress_redirections_enabled_regex":"","_seopress_redirections_logged_status":"both","_seopress_redirections_param":"","_seopress_redirections_type":301,"_seopress_analysis_target_kw":"","_seopress_news_disabled":"","_seopress_video_disabled":"","_seopress_video":[],"_seopress_pro_schemas_manual":[],"_seopress_pro_rich_snippets_disable_all":"","_seopress_pro_rich_snippets_disable":[],"_seopress_pro_schemas":[],"yt_custom_styles_scss":"","yt_custom_styles_rounded_corners":false,"yt_custom_styles_color_scheme":"","footnotes":""},"class_list":["post-1146","page","type-page","status-publish","has-post-thumbnail","hentry"],"acf":[],"_links":{"self":[{"href":"https:\/\/icf.church\/heilbronn\/de\/wp-json\/wp\/v2\/pages\/1146","targetHints":{"allow":["GET"]}}],"collection":[{"href":"https:\/\/icf.church\/heilbronn\/de\/wp-json\/wp\/v2\/pages"}],"about":[{"href":"https:\/\/icf.church\/heilbronn\/de\/wp-json\/wp\/v2\/types\/page"}],"author":[{"embeddable":true,"href":"https:\/\/icf.church\/heilbronn\/de\/wp-json\/wp\/v2\/users\/40"}],"replies":[{"embeddable":true,"href":"https:\/\/icf.church\/heilbronn\/de\/wp-json\/wp\/v2\/comments?post=1146"}],"version-history":[{"count":21,"href":"https:\/\/icf.church\/heilbronn\/de\/wp-json\/wp\/v2\/pages\/1146\/revisions"}],"predecessor-version":[{"id":2027,"href":"https:\/\/icf.church\/heilbronn\/de\/wp-json\/wp\/v2\/pages\/1146\/revisions\/2027"}],"wp:featuredmedia":[{"embeddable":true,"href":"https:\/\/icf.church\/heilbronn\/de\/wp-json\/wp\/v2\/media\/1468"}],"wp:attachment":[{"href":"https:\/\/icf.church\/heilbronn\/de\/wp-json\/wp\/v2\/media?parent=1146"}],"curies":[{"name":"wp","href":"https:\/\/api.w.org\/{rel}","templated":true}]}}