{"id":1038,"date":"2026-05-06T14:02:19","date_gmt":"2026-05-06T12:02:19","guid":{"rendered":"https:\/\/new.icf.church\/karlsruhe\/angebote\/konfirmation-2\/"},"modified":"2026-08-18T15:19:09","modified_gmt":"2026-08-18T13:19:09","slug":"konfirmation","status":"publish","type":"page","link":"https:\/\/icf.church\/karlsruhe\/de\/konfirmation\/","title":{"rendered":"Konfirmation"},"content":{"rendered":"\n<div id=\"block-7\" class=\"wp-block-yellowtree-hero-stage\">\n    <div class=\"hero-stage has-links\">\n        \n\n<div id=\"block-2\" class=\"hero-stage-content\">\n    <div class=\"hero-stage-content__background\">\n        <div class=\"overlay-black-25 h-100\">\n                            <img fetchpriority=\"high\" decoding=\"async\" width=\"2560\" height=\"1707\" src=\"https:\/\/icf.church\/karlsruhe\/wp-content\/uploads\/sites\/68\/2026\/07\/260621-122954-z9f_5058-floriandisque-1-scaled.jpg\" class=\"hero-stage-media\" alt=\"\" style=\"object-position: 52% 100%;\" aria-hidden=\"true\" loading=\"eager\" srcset=\"https:\/\/icf.church\/karlsruhe\/wp-content\/uploads\/sites\/68\/2026\/07\/260621-122954-z9f_5058-floriandisque-1-scaled.jpg 2560w, https:\/\/icf.church\/karlsruhe\/wp-content\/uploads\/sites\/68\/2026\/07\/260621-122954-z9f_5058-floriandisque-1-300x200.jpg 300w, https:\/\/icf.church\/karlsruhe\/wp-content\/uploads\/sites\/68\/2026\/07\/260621-122954-z9f_5058-floriandisque-1-1024x683.jpg 1024w, https:\/\/icf.church\/karlsruhe\/wp-content\/uploads\/sites\/68\/2026\/07\/260621-122954-z9f_5058-floriandisque-1-768x512.jpg 768w, https:\/\/icf.church\/karlsruhe\/wp-content\/uploads\/sites\/68\/2026\/07\/260621-122954-z9f_5058-floriandisque-1-1536x1024.jpg 1536w, https:\/\/icf.church\/karlsruhe\/wp-content\/uploads\/sites\/68\/2026\/07\/260621-122954-z9f_5058-floriandisque-1-2048x1365.jpg 2048w\" sizes=\"(max-width: 2560px) 100vw, 2560px\" \/>                    <\/div>\n        <div class=\"hero-stage-gradient\"><\/div>\n    <\/div>\n    <div class=\"hero-stage-content__foreground is-layout-constrained\">\n        <h1 id=\"block-1\" class=\"display-1 text-center\">\n    Konfirmation<\/h1>    <\/div>\n<\/div>\n\n\n<div id=\"block-6\" class=\"hero-stage-links is-layout-constrained count-3\">\n    <div class=\"icon-link-cards-layout column-gap-3 row-gap-1 justify-content-center break-md\">\n        \n\n<div id=\"block-3\" data-bs-theme=\"dark\" class=\"wp-block-yellowtree-icon-link-card\">\n  <div class='card-body flex-row justify-content-center align-items-center overflow-hidden gap-2 px-5 px-md-3 py-3 py-md-6'>\n    <div class='d-flex align-items-center gap-4 me-auto me-md-0 flex-md-column text-md-center gap-md-3'>\n      <i class='icon-square fs-2 fs-md-lg-const fa-hands' aria-hidden='true'><\/i>\n      <a class='stretched-link fs-base-const' href='' target=''>\n        Ich bin neu hier      <\/a>\n    <\/div>\n          <i class=\"icon fs-base-const fa-chevron-right ms-auto opacity-50 d-md-none\"><\/i>\n      <\/div>\n<\/div>\n\n\n<div id=\"block-4\" data-bs-theme=\"dark\" class=\"wp-block-yellowtree-icon-link-card\">\n  <div class='card-body flex-row justify-content-center align-items-center overflow-hidden gap-2 px-5 px-md-3 py-3 py-md-6'>\n    <div class='d-flex align-items-center gap-4 me-auto me-md-0 flex-md-column text-md-center gap-md-3'>\n      <i class='icon-square fs-2 fs-md-lg-const fa-users' aria-hidden='true'><\/i>\n      <a class='stretched-link fs-base-const' href='' target=''>\n        Teil der Community      <\/a>\n    <\/div>\n          <i class=\"icon fs-base-const fa-chevron-right ms-auto opacity-50 d-md-none\"><\/i>\n      <\/div>\n<\/div>\n\n\n<div id=\"block-5\" data-bs-theme=\"dark\" class=\"wp-block-yellowtree-icon-link-card\">\n  <div class='card-body flex-row justify-content-center align-items-center overflow-hidden gap-2 px-5 px-md-3 py-3 py-md-6'>\n    <div class='d-flex align-items-center gap-4 me-auto me-md-0 flex-md-column text-md-center gap-md-3'>\n      <i class='icon-square fs-2 fs-md-lg-const fa-signal-stream' aria-hidden='true'><\/i>\n      <a class='stretched-link fs-base-const' href='' target=''>\n        Online-Besucher      <\/a>\n    <\/div>\n          <i class=\"icon fs-base-const fa-chevron-right ms-auto opacity-50 d-md-none\"><\/i>\n      <\/div>\n<\/div>\n    <\/div>\n<\/div>\n    <\/div>\n<\/div>\n\n<h3 id=\"block-8\" class=\"mt-8 mb-4 h3 display-3 text-start\">\n  EQUIP | ENCOURAGE | ENCOUNTER<\/h3>\n\n<p id=\"block-9\" class=\"text-start wp-block-paragraph\">\n  Du hast Lust Gott, dich selbst und andere Menschen besser kennenzulernen?&nbsp;<\/p>\n\n<p id=\"block-10\" class=\"text-start wp-block-paragraph\">\n  M\u00f6chtest du herausfinden, was Glaube und Kirche mit deinem Leben eigentlich heute noch zu tun haben?&nbsp;<\/p>\n\n<p id=\"block-11\" class=\"text-start wp-block-paragraph\">\n  W\u00fcrdest Du gerne entdecken, was du wirklich kannst, welche Begabungen Gott in dich hineingelegt hat und wie du so deine Berufung leben kannst?&nbsp;<\/p>\n\n<p id=\"block-12\" class=\"text-start wp-block-paragraph\">\n  Dann bist du genau richtig bei der Konfirmation im ICF Karlsruhe!&nbsp;<\/p>\n\n<p id=\"block-13\" class=\"text-start wp-block-paragraph\">\n  Hier wirst du ausger\u00fcstet, alles rund um die Sache mit Gott besser zu verstehen, Dinge zu hinterfragen, die f\u00fcr dich bisher keinen Sinn gemacht haben und den Glauben ganz praktisch auf dein Leben anwenden zu k\u00f6nnen.&nbsp;Gleichzeitig bekommst du hier Raum, dich auszuprobieren, herauszufinden was du kannst und wie du damit einen Unterschied in deinem Umfeld machen kannst.&nbsp;Und nat\u00fcrlich gibt es viel Zeit f\u00fcr Gemeinschaft: Neue Leute kennenlernen und echte Freundschaften kn\u00fcpfen &amp; Gott begegnen und seine Gegenwart erleben.&nbsp;<\/p>\n\n<p id=\"block-14\" class=\"text-start wp-block-paragraph\">\n  Wenn das dein Herz h\u00f6her schlagen l\u00e4sst, dann lass dich ein auf ein intensives Jahr Konfirmation.&nbsp;<\/p>\n\n\n<div id=\"block-20\" class=\"wp-block-yellowtree-fluid-gallery alignfull position-relative is-layout-constrained overflow-hidden\">\n        <div class=\"position-relative is-layout-constrained alignfull fluid-gallery-height\">\n        <div class=\"position-absolute start-0 end-0 top-0 bottom-0 d-flex justify-content-center align-items-center is-layout-constrained\">\n            <div class=\"fluid-gallery-gradient\"><\/div>\n        <\/div>\n        <div class=\"fluid-gallery-scroll-container d-flex h-100 alignfull position-relative subtle-scrollbar focus-ring\">\n            <div class=\"h-100 fluid-gallery-layout\">\n                <div id=\"block-15\" class=\"wp-block-yellowtree-fluid-gallery-image\">\n    <img decoding=\"async\" width=\"768\" height=\"1024\" src=\"https:\/\/icf.church\/karlsruhe\/wp-content\/uploads\/sites\/68\/2026\/07\/konfi-2026-4-768x1024.jpg\" class=\"w-100 h-100 object-fit-cover rounded\" alt=\"\" draggable=\"false\" loading=\"lazy\" sizes=\"768px\" srcset=\"https:\/\/icf.church\/karlsruhe\/wp-content\/uploads\/sites\/68\/2026\/07\/konfi-2026-4-768x1024.jpg 768w, https:\/\/icf.church\/karlsruhe\/wp-content\/uploads\/sites\/68\/2026\/07\/konfi-2026-4-225x300.jpg 225w, https:\/\/icf.church\/karlsruhe\/wp-content\/uploads\/sites\/68\/2026\/07\/konfi-2026-4-1152x1536.jpg 1152w, https:\/\/icf.church\/karlsruhe\/wp-content\/uploads\/sites\/68\/2026\/07\/konfi-2026-4-1536x2048.jpg 1536w, https:\/\/icf.church\/karlsruhe\/wp-content\/uploads\/sites\/68\/2026\/07\/konfi-2026-4-scaled.jpg 1920w\"><\/div>\n\n\n<div id=\"block-16\" class=\"wp-block-yellowtree-fluid-gallery-image\">\n    <img decoding=\"async\" width=\"683\" height=\"1024\" src=\"https:\/\/icf.church\/karlsruhe\/wp-content\/uploads\/sites\/68\/2026\/07\/konfi-2026-3-683x1024.jpg\" class=\"w-100 h-100 object-fit-cover rounded\" alt=\"\" draggable=\"false\" loading=\"lazy\" sizes=\"768px\" srcset=\"https:\/\/icf.church\/karlsruhe\/wp-content\/uploads\/sites\/68\/2026\/07\/konfi-2026-3-683x1024.jpg 683w, https:\/\/icf.church\/karlsruhe\/wp-content\/uploads\/sites\/68\/2026\/07\/konfi-2026-3-200x300.jpg 200w, https:\/\/icf.church\/karlsruhe\/wp-content\/uploads\/sites\/68\/2026\/07\/konfi-2026-3-768x1152.jpg 768w, https:\/\/icf.church\/karlsruhe\/wp-content\/uploads\/sites\/68\/2026\/07\/konfi-2026-3-1024x1536.jpg 1024w, https:\/\/icf.church\/karlsruhe\/wp-content\/uploads\/sites\/68\/2026\/07\/konfi-2026-3-1365x2048.jpg 1365w, https:\/\/icf.church\/karlsruhe\/wp-content\/uploads\/sites\/68\/2026\/07\/konfi-2026-3-scaled.jpg 1707w\"><\/div>\n\n\n<div id=\"block-17\" class=\"wp-block-yellowtree-fluid-gallery-image\">\n    <img decoding=\"async\" width=\"683\" height=\"1024\" src=\"https:\/\/icf.church\/karlsruhe\/wp-content\/uploads\/sites\/68\/2026\/07\/konfi-2026-1-7-683x1024.jpg\" class=\"w-100 h-100 object-fit-cover rounded\" alt=\"\" draggable=\"false\" loading=\"lazy\" sizes=\"768px\" srcset=\"https:\/\/icf.church\/karlsruhe\/wp-content\/uploads\/sites\/68\/2026\/07\/konfi-2026-1-7-683x1024.jpg 683w, https:\/\/icf.church\/karlsruhe\/wp-content\/uploads\/sites\/68\/2026\/07\/konfi-2026-1-7-200x300.jpg 200w, https:\/\/icf.church\/karlsruhe\/wp-content\/uploads\/sites\/68\/2026\/07\/konfi-2026-1-7-768x1152.jpg 768w, https:\/\/icf.church\/karlsruhe\/wp-content\/uploads\/sites\/68\/2026\/07\/konfi-2026-1-7-1024x1536.jpg 1024w, https:\/\/icf.church\/karlsruhe\/wp-content\/uploads\/sites\/68\/2026\/07\/konfi-2026-1-7-1365x2048.jpg 1365w, https:\/\/icf.church\/karlsruhe\/wp-content\/uploads\/sites\/68\/2026\/07\/konfi-2026-1-7-scaled.jpg 1707w\"><\/div>\n\n\n<div id=\"block-18\" class=\"wp-block-yellowtree-fluid-gallery-image\">\n    <img decoding=\"async\" width=\"683\" height=\"1024\" src=\"https:\/\/icf.church\/karlsruhe\/wp-content\/uploads\/sites\/68\/2026\/07\/konfi-2026-2-683x1024.jpg\" class=\"w-100 h-100 object-fit-cover rounded\" alt=\"\" draggable=\"false\" loading=\"lazy\" sizes=\"768px\" srcset=\"https:\/\/icf.church\/karlsruhe\/wp-content\/uploads\/sites\/68\/2026\/07\/konfi-2026-2-683x1024.jpg 683w, https:\/\/icf.church\/karlsruhe\/wp-content\/uploads\/sites\/68\/2026\/07\/konfi-2026-2-200x300.jpg 200w, https:\/\/icf.church\/karlsruhe\/wp-content\/uploads\/sites\/68\/2026\/07\/konfi-2026-2-768x1152.jpg 768w, https:\/\/icf.church\/karlsruhe\/wp-content\/uploads\/sites\/68\/2026\/07\/konfi-2026-2-1024x1536.jpg 1024w, https:\/\/icf.church\/karlsruhe\/wp-content\/uploads\/sites\/68\/2026\/07\/konfi-2026-2-1365x2048.jpg 1365w, https:\/\/icf.church\/karlsruhe\/wp-content\/uploads\/sites\/68\/2026\/07\/konfi-2026-2-scaled.jpg 1707w\"><\/div>\n\n\n<div id=\"block-19\" class=\"wp-block-yellowtree-fluid-gallery-image\">\n    <img decoding=\"async\" width=\"683\" height=\"1024\" src=\"https:\/\/icf.church\/karlsruhe\/wp-content\/uploads\/sites\/68\/2026\/07\/konfi-2026-5-683x1024.jpg\" class=\"w-100 h-100 object-fit-cover rounded\" alt=\"\" draggable=\"false\" loading=\"lazy\" sizes=\"768px\" srcset=\"https:\/\/icf.church\/karlsruhe\/wp-content\/uploads\/sites\/68\/2026\/07\/konfi-2026-5-683x1024.jpg 683w, https:\/\/icf.church\/karlsruhe\/wp-content\/uploads\/sites\/68\/2026\/07\/konfi-2026-5-200x300.jpg 200w, https:\/\/icf.church\/karlsruhe\/wp-content\/uploads\/sites\/68\/2026\/07\/konfi-2026-5-768x1152.jpg 768w, https:\/\/icf.church\/karlsruhe\/wp-content\/uploads\/sites\/68\/2026\/07\/konfi-2026-5-1024x1536.jpg 1024w, https:\/\/icf.church\/karlsruhe\/wp-content\/uploads\/sites\/68\/2026\/07\/konfi-2026-5-1365x2048.jpg 1365w, https:\/\/icf.church\/karlsruhe\/wp-content\/uploads\/sites\/68\/2026\/07\/konfi-2026-5-scaled.jpg 1707w\"><\/div>            <\/div>\n        <\/div>\n    <\/div>\n    <\/div>\n\n<h3 id=\"block-21\" class=\"mt-6 mb-2 h3 display-3 text-start\">\n  Alle Infos auf einen Blick<\/h3>\n\n<p id=\"block-22\" class=\"text-start wp-block-paragraph\">\n  Zwei Treffen pro Monat:<br>Entweder in der eigenen Location oder bei einer zu kleinen Gruppengr\u00f6\u00dfe gemeinsam mit anderen Locations. Freitags vor der Youth und\/oder sonntags nach dem Gottesdienst. Mega gute Gemeinschaft erleben, gemeinsam den Glauben besser kennenlernen und Spa\u00df bei ganz verschiedenen Actions.<\/p>\n\n<p id=\"block-23\" class=\"text-start wp-block-paragraph\">\n  Die Zeit endet feierlich mit dem Konfirmationsgottesdienst in deiner Location.&nbsp;<br>Sei dabei &amp; melde Dich an!&nbsp;<\/p>\n\n<h2 id=\"block-24\" class=\"mt-6 mb-2 h2 text-start\">\n  Konfi-Termine 2026\/2027<\/h2>\n\n<div id=\"block-29\" class=\"pt-2 pb-2 alignfull is-layout-constrained\">\n  <div>\n            <div class=\"row gx-4 gy-4 \">\n          \n\n<div id=\"block-26\" class=\"col wp-block-yellowtree-column col-12 col-md-6 d-flex flex-column with-streched-height-children align-items-stretch align-items-md-stretch\">\n  <article id=\"block-25\" data-bs-theme=\"dark\" class=\"wp-block-yellowtree-card card has-context-height\" style=\"--card-img-position:50% 50%\">\n      <div class=\"card-body\">\n    <h3 class=\"card-title\">Infoveranstaltung f\u00fcr Konfis &amp; Eltern<\/h3>\n    <p class=\"card-text\">Donnerstag, 25.6.26 | 19 Uhr | via Zoom<\/p>\n      <\/div>\n<\/article><\/div>\n\n\n<div id=\"block-28\" class=\"col wp-block-yellowtree-column col-12 col-md-6 d-flex flex-column with-streched-height-children align-items-stretch align-items-md-stretch\">\n  <article id=\"block-27\" data-bs-theme=\"dark\" class=\"wp-block-yellowtree-card card has-context-height\" style=\"--card-img-position:50% 50%\">\n      <div class=\"card-body\">\n    <h3 class=\"card-title\">Konfirmation 2027<\/h3>\n    <p class=\"card-text\">Sonntag, 6.6.27 | 11:15 Uhr | ICF Karlsruhe City<br>Montag, 7.6.27 | Konfi United Ausflug &amp; Abschluss<\/p>\n      <\/div>\n<\/article><\/div>\n        <\/div>\n          <\/div>\n<\/div>\n\n<h2 id=\"block-30\" class=\"mt-6 mb-2 h2 text-start\">\n  Jetzt zur Konfirmation 2026\/2027 anmelden<\/h2>\n\n<div class=\"events-list\" data-events-list-config=\"{&quot;appId&quot;:&quot;ILU203NJSX&quot;,&quot;apiKey&quot;:&quot;ZjViYzMxZjFlZDBiYTc1OWRiMDE4ZjNkY2M4ZDVkYTVlMzIyNGJiNGU5ZjY4ZTVmMjVhNGYzNWQ3NDQyNTgxY2ZpbHRlcnM9JTI4dmlzaWJsZUZvck9yZ2FuaXphdGlvbiUzQTI0NStPUit2aXNpYmxlRm9yUmVnaW9uJTNBOCtPUit2aXNpYmxlRm9yRGVub21pbmF0aW9uJTNBMSUyOStBTkQrc3RhdHVzJTNBcHVibGlzaGVkK0FORCslMjhncm91cF9pZCUzQTE0MzElMjkmcmVzdHJpY3RJbmRpY2VzPWV2ZW50cw==&quot;,&quot;baseUrl&quot;:&quot;https:\\\/\\\/icf.church\\\/karlsruhe\\\/de\\\/angebote\\\/&quot;,&quot;baseUrls&quot;:{&quot;de&quot;:&quot;https:\\\/\\\/icf.church\\\/karlsruhe\\\/de\\\/angebote\\\/&quot;,&quot;en&quot;:&quot;https:\\\/\\\/icf.church\\\/karlsruhe\\\/en\\\/events\\\/&quot;},&quot;postsPerPage&quot;:10,&quot;indexName&quot;:&quot;events&quot;,&quot;contactUrl&quot;:&quot;https:\\\/\\\/icf.church\\\/karlsruhe\\\/de\\\/kontakt\\\/&quot;,&quot;icons&quot;:{&quot;Youth&quot;:&quot;fa-party-horn&quot;,&quot;Worship&quot;:&quot;fa-cross&quot;,&quot;Gebet&quot;:&quot;fa-cross&quot;,&quot;Taufe&quot;:&quot;fa-users&quot;,&quot;Finde Anschluss&quot;:&quot;fa-handshake-simple&quot;,&quot;Singles&quot;:&quot;fa-tree-deciduous&quot;,&quot;Young Adults&quot;:&quot;fa-campfire&quot;,&quot;Konfirmation&quot;:&quot;fa-users&quot;,&quot;Camps&quot;:&quot;fa-party-horn&quot;,&quot;Internationals&quot;:&quot;fa-users&quot;,&quot;Mentoring&quot;:&quot;fa-handshake-simple&quot;,&quot;Teens&quot;:&quot;fa-gamepad-modern&quot;,&quot;Kids&quot;:&quot;fa-children&quot;,&quot;Ladies&quot;:&quot;fa-person-dress&quot;,&quot;Men&quot;:&quot;fa-person&quot;,&quot;Sunday Night&quot;:&quot;fa-hand-peace&quot;,&quot;Evergreens&quot;:&quot;fa-tree-deciduous&quot;,&quot;ICF Movement&quot;:&quot;fa-hand-peace&quot;,&quot;Evergreen&quot;:&quot;fa-tree-deciduous&quot;,&quot;Conferences&quot;:&quot;fa-party-horn&quot;},&quot;imgixSrcUrl&quot;:&quot;https:\\\/\\\/website-prod-space-01.fra1.digitaloceanspaces.com&quot;,&quot;imgixTargetUrl&quot;:&quot;https:\\\/\\\/icf-hub-new.imgix.net&quot;,&quot;siteUrl&quot;:&quot;https:\\\/\\\/icf.church\\\/karlsruhe&quot;,&quot;organisationId&quot;:&quot;karlsruhe&quot;}\">\n<\/div>\n","protected":false},"excerpt":{"rendered":"<p>EQUIP | ENCOURAGE | ENCOUNTER Du hast Lust Gott, dich selbst und andere Menschen besser kennenzulernen?&nbsp; M\u00f6chtest du herausfinden, was Glaube und Kirche mit deinem Leben eigentlich heute noch zu tun haben?&nbsp; W\u00fcrdest Du gerne entdecken, was du wirklich kannst, welche Begabungen Gott in dich hineingelegt hat und wie du so deine Berufung leben kannst?&nbsp; [&hellip;]<\/p>\n","protected":false},"author":200,"featured_media":0,"parent":0,"menu_order":40,"comment_status":"closed","ping_status":"closed","template":"","meta":{"_acf_changed":false,"_seopress_titles_title":"Konfirmation im ICF Karlsruhe","_seopress_titles_desc":"Glauben pers\u00f6nlich bekennen: Alle Infos zur Konfirmation im ICF Karlsruhe f\u00fcr Jugendliche, die ihren Weg mit Gott gehen m\u00f6chten.","_seopress_robots_index":"","_seopress_robots_follow":"","_seopress_robots_imageindex":"","_seopress_robots_snippet":"","_seopress_robots_primary_cat":"","_seopress_robots_breadcrumbs":"","_seopress_robots_freeze_modified_date":"","_seopress_robots_custom_modified_date":"","_seopress_robots_canonical":"","_seopress_social_fb_title":"","_seopress_social_fb_desc":"","_seopress_social_fb_img":"","_seopress_social_fb_img_attachment_id":0,"_seopress_social_fb_img_width":0,"_seopress_social_fb_img_height":0,"_seopress_social_twitter_title":"","_seopress_social_twitter_desc":"","_seopress_social_twitter_img":"","_seopress_social_twitter_img_attachment_id":0,"_seopress_social_twitter_img_width":0,"_seopress_social_twitter_img_height":0,"_seopress_redirections_value":"","_seopress_redirections_enabled":"","_seopress_redirections_enabled_regex":"","_seopress_redirections_logged_status":"","_seopress_redirections_param":"","_seopress_redirections_type":0,"_seopress_analysis_target_kw":"","_seopress_news_disabled":"","_seopress_video_disabled":"","_seopress_video":[],"_seopress_pro_schemas_manual":[],"_seopress_pro_rich_snippets_disable_all":"","_seopress_pro_rich_snippets_disable":[],"_seopress_pro_schemas":[],"yt_custom_styles_scss":"","yt_custom_styles_rounded_corners":false,"yt_custom_styles_color_scheme":"","footnotes":""},"class_list":["post-1038","page","type-page","status-publish","hentry"],"acf":[],"_links":{"self":[{"href":"https:\/\/icf.church\/karlsruhe\/de\/wp-json\/wp\/v2\/pages\/1038","targetHints":{"allow":["GET"]}}],"collection":[{"href":"https:\/\/icf.church\/karlsruhe\/de\/wp-json\/wp\/v2\/pages"}],"about":[{"href":"https:\/\/icf.church\/karlsruhe\/de\/wp-json\/wp\/v2\/types\/page"}],"author":[{"embeddable":true,"href":"https:\/\/icf.church\/karlsruhe\/de\/wp-json\/wp\/v2\/users\/200"}],"replies":[{"embeddable":true,"href":"https:\/\/icf.church\/karlsruhe\/de\/wp-json\/wp\/v2\/comments?post=1038"}],"version-history":[{"count":17,"href":"https:\/\/icf.church\/karlsruhe\/de\/wp-json\/wp\/v2\/pages\/1038\/revisions"}],"predecessor-version":[{"id":7334,"href":"https:\/\/icf.church\/karlsruhe\/de\/wp-json\/wp\/v2\/pages\/1038\/revisions\/7334"}],"wp:attachment":[{"href":"https:\/\/icf.church\/karlsruhe\/de\/wp-json\/wp\/v2\/media?parent=1038"}],"curies":[{"name":"wp","href":"https:\/\/api.w.org\/{rel}","templated":true}]}}