{"id":1168,"date":"2026-08-18T14:29:39","date_gmt":"2026-08-18T12:29:39","guid":{"rendered":"https:\/\/new.icf.church\/kraichgau\/?page_id=1168"},"modified":"2026-08-19T22:15:11","modified_gmt":"2026-08-19T20:15:11","slug":"icf-kids","status":"publish","type":"page","link":"https:\/\/icf.church\/kraichgau\/de\/icf-kids\/","title":{"rendered":"ICF Kids"},"content":{"rendered":"<div id=\"block-5\" class=\"pt-2 pb-2 alignfull is-layout-constrained\">\n  <div>\n            <div class=\"row gx-4 gy-4 \">\n          \n\n<div id=\"block-4\" class=\"col wp-block-yellowtree-column col-12 d-flex flex-column with-streched-height-children align-items-stretch align-items-md-stretch\">\n  <div id=\"block-3\" class=\"wp-block-yellowtree-hero-stage\">\n    <div class=\"hero-stage \">\n        \n\n<div id=\"block-2\" class=\"hero-stage-content\">\n    <div class=\"hero-stage-content__background\">\n        <div class=\"overlay-black-25 h-100\">\n                            <img fetchpriority=\"high\" decoding=\"async\" width=\"1920\" height=\"1080\" src=\"https:\/\/icf.church\/kraichgau\/wp-content\/uploads\/sites\/145\/2026\/08\/icf-kids.jpg\" class=\"hero-stage-media\" alt=\"\" style=\"object-position: 50% 50%;\" aria-hidden=\"true\" loading=\"eager\" srcset=\"https:\/\/icf.church\/kraichgau\/wp-content\/uploads\/sites\/145\/2026\/08\/icf-kids.jpg 1920w, https:\/\/icf.church\/kraichgau\/wp-content\/uploads\/sites\/145\/2026\/08\/icf-kids-300x169.jpg 300w, https:\/\/icf.church\/kraichgau\/wp-content\/uploads\/sites\/145\/2026\/08\/icf-kids-1024x576.jpg 1024w, https:\/\/icf.church\/kraichgau\/wp-content\/uploads\/sites\/145\/2026\/08\/icf-kids-768x432.jpg 768w, https:\/\/icf.church\/kraichgau\/wp-content\/uploads\/sites\/145\/2026\/08\/icf-kids-1536x864.jpg 1536w\" sizes=\"(max-width: 1920px) 100vw, 1920px\">                    <\/div>\n        <div class=\"hero-stage-gradient\"><\/div>\n    <\/div>\n    <div class=\"hero-stage-content__foreground is-layout-constrained\">\n        <h1 id=\"block-1\" class=\"display-1 text-center\">\n    <\/h1>    <\/div>\n<\/div>\n    <\/div>\n<\/div><\/div>\n        <\/div>\n          <\/div>\n<\/div>\n\n<div id=\"block-9\" class=\"pt-2 pb-2 alignfull is-layout-constrained\">\n  <div>\n          <div class=\"row\">\n        <div class=\"col-12 col-md-8 mx-auto\">\n                <div class=\"row gx-4 gy-4 \">\n          \n\n<div id=\"block-8\" class=\"col wp-block-yellowtree-column col-12 d-flex flex-column with-streched-height-children align-items-stretch align-items-md-stretch\">\n  <h2 id=\"block-6\" class=\"mt-2 mb-2 h2 display-2 text-center\">\n  ICF KIDS<\/h2>\n\n<h3 id=\"block-7\" class=\"h3 text-center\">\n  Als Kirche ist es unsere Leidenschaft, dass Kinder Jesus als ihren besten Freund kennenlernen, ihm \u00e4hnlicher werden, furchtlos leben und ihr Umfeld positiv ver\u00e4ndern.&nbsp;&nbsp;Wir w\u00fcnschen uns, dass sich alle Kids zuhause f\u00fchlen, neue Freunde finden, in einem gesch\u00fctzten Rahmen Wertsch\u00e4tzung erleben, und sich von Jesus gewollt, bedingungslos geliebt, durch seine Kraft gerettet wissen. Gest\u00e4rkt f\u00fcr ihren Alltag k\u00f6nnen sie so hinaus in die Welt zu gehen und den Glauben auch an andere weiterzugeben.&nbsp;&nbsp;&nbsp;<\/h3><\/div>\n        <\/div>\n                <\/div>\n      <\/div>\n      <\/div>\n<\/div>\n\n<div id=\"block-16\" class=\"pt-2 pb-2 alignfull is-layout-constrained\">\n  <div>\n            <div class=\"row gx-4 gy-4 \">\n          \n\n<div id=\"block-15\" class=\"col wp-block-yellowtree-column col-12 d-flex flex-column with-streched-height-children align-items-stretch align-items-md-stretch\">\n  <div id=\"block-14\" class=\"wp-block-yellowtree-text-image d-flex flex-column flex-lg-row gap-3\">\n    \n\n<div id=\"block-10\" class=\"wp-block-yellowtree-locked-image\">\n    <img decoding=\"async\" width=\"1024\" height=\"683\" src=\"https:\/\/icf.church\/kraichgau\/wp-content\/uploads\/sites\/145\/2026\/08\/2026-01-25_gottesdienst_7749-1024x683.jpg\" class=\"w-100 h-100 object-fit-cover\" alt=\"\" style=\"object-position: 50% 50%;\" loading=\"lazy\" sizes=\"(max-width: 992px) 100vw, 1600px\" srcset=\"https:\/\/icf.church\/kraichgau\/wp-content\/uploads\/sites\/145\/2026\/08\/2026-01-25_gottesdienst_7749-1024x683.jpg 1024w, https:\/\/icf.church\/kraichgau\/wp-content\/uploads\/sites\/145\/2026\/08\/2026-01-25_gottesdienst_7749-300x200.jpg 300w, https:\/\/icf.church\/kraichgau\/wp-content\/uploads\/sites\/145\/2026\/08\/2026-01-25_gottesdienst_7749-768x512.jpg 768w, https:\/\/icf.church\/kraichgau\/wp-content\/uploads\/sites\/145\/2026\/08\/2026-01-25_gottesdienst_7749-1536x1024.jpg 1536w, https:\/\/icf.church\/kraichgau\/wp-content\/uploads\/sites\/145\/2026\/08\/2026-01-25_gottesdienst_7749-2048x1365.jpg 2048w\"><\/div>\n\n\n\n<div id=\"block-13\" class=\"card wp-block-yellowtree-text-card has-context-height\" style=\"--bs-card-bg:transparent;--bs-card-color:inherit\">\n  <div class=\"card-body px-4 py-6 p-sm-6 p-lg-8\">\n    \n\n<h2 id=\"block-11\">\n    KIRCHE F\u00dcR DIE N\u00c4CHSTE GENERATION!&nbsp;<\/h2>\n\n\n<p id=\"block-12\">\n    ICF KIDS ist die Kinderkirche im ICF Kraichgau f\u00fcr alle Kinder zwischen 0 und 12 Jahren. Gemeinsam feiern wir Sonntags parallel zum Gottesdienst unsere Kids Celebration.&nbsp;&nbsp;Nach einem gemeinsamen Start erleben wir in unterschiedlichen Altersgruppen gute Gemeinschaft, Spiele, kreative Bastelaktionen, h\u00f6ren jedes Mal Geschichten aus der Bibel und lernen mit viel Fun mehr von Gott. Das ICF Kids Team liebt es, Kinder mit Jesus in Verbindung zu bringen und ihnen passend zu ihren Altersgruppen auf spielerische Art und Weise christliche Werte weiterzugeben. Die Kids Celebration ist aber auch eine Kirche von Kindern f\u00fcr Kinder, in der alle Kids ihre Gaben spielerisch entdecken und ihre Kirche aktiv mitgestalten k\u00f6nnen.&nbsp;&nbsp;<\/p>\n  <\/div>\n<\/div>\n<\/div><\/div>\n        <\/div>\n          <\/div>\n<\/div>\n\n<div id=\"block-23\" class=\"pt-2 pb-2 alignfull is-layout-constrained\">\n  <div>\n            <div class=\"row gx-4 gy-4 \">\n          \n\n<div id=\"block-18\" class=\"col wp-block-yellowtree-column col-12 col-lg-4 d-flex flex-column with-streched-height-children align-items-stretch align-items-lg-stretch\">\n  <article id=\"block-17\" data-bs-theme=\"dark\" class=\"wp-block-yellowtree-card card has-context-height\" style=\"--card-img-position:50% 50%\">\n      <div class=\"card-tags card-tags--float\">\n                <div class=\"badge text-bg-primary\" style=\"\">\n            ab 0 Jahren          <\/div>\n                <div class=\"badge text-bg-primary\" style=\"\">\n            sonntags, 10:30          <\/div>\n          <\/div>\n        <img decoding=\"async\" width=\"1024\" height=\"576\" src=\"https:\/\/icf.church\/kraichgau\/wp-content\/uploads\/sites\/145\/2026\/08\/neue-website-paar-mentoring-1024x576.jpg\" class=\"card-img-top\" alt=\"\" draggable=\"false\" loading=\"lazy\" srcset=\"https:\/\/icf.church\/kraichgau\/wp-content\/uploads\/sites\/145\/2026\/08\/neue-website-paar-mentoring-1024x576.jpg 1024w, https:\/\/icf.church\/kraichgau\/wp-content\/uploads\/sites\/145\/2026\/08\/neue-website-paar-mentoring-300x169.jpg 300w, https:\/\/icf.church\/kraichgau\/wp-content\/uploads\/sites\/145\/2026\/08\/neue-website-paar-mentoring-768x432.jpg 768w, https:\/\/icf.church\/kraichgau\/wp-content\/uploads\/sites\/145\/2026\/08\/neue-website-paar-mentoring-1536x864.jpg 1536w, https:\/\/icf.church\/kraichgau\/wp-content\/uploads\/sites\/145\/2026\/08\/neue-website-paar-mentoring.jpg 1920w\" sizes=\"(max-width: 1024px) 100vw, 1024px\">    <div class=\"card-body\">\n    <h3 class=\"card-title\">Baby Lounge<\/h3>\n    <p class=\"card-text\">W\u00e4hrend die Kleinsten unserer Kirche in Bilderb\u00fcchern bl\u00e4ttern, sich mit Spielzeug besch\u00e4ftigen und Gleichaltrige kennenlernen, kannst du die Predigt als Live-\u00dcbertragung \u00fcber einen Bildschirm und Kopfh\u00f6rer \u2013 und dein Kind immer im Blick \u2013 genie\u00dfen. Nebenbei kannst du unkompliziert Kontakte mit anderen Eltern kn\u00fcpfen.<\/p>\n      <\/div>\n<\/article><\/div>\n\n\n<div id=\"block-20\" class=\"col wp-block-yellowtree-column col-12 col-lg-4 d-flex flex-column with-streched-height-children align-items-stretch align-items-lg-stretch\">\n  <article id=\"block-19\" data-bs-theme=\"dark\" class=\"wp-block-yellowtree-card card has-context-height\" style=\"--card-img-position:73% 31%\">\n      <div class=\"card-tags card-tags--float\">\n                <div class=\"badge text-bg-primary\" style=\"\">\n            2-3 Jahre          <\/div>\n                <div class=\"badge text-bg-primary\" style=\"\">\n            sonntags, 10:30          <\/div>\n          <\/div>\n        <img decoding=\"async\" width=\"683\" height=\"1024\" src=\"https:\/\/icf.church\/kraichgau\/wp-content\/uploads\/sites\/145\/2026\/08\/mmch6662-683x1024.jpg\" class=\"card-img-top\" alt=\"\" draggable=\"false\" loading=\"lazy\" srcset=\"https:\/\/icf.church\/kraichgau\/wp-content\/uploads\/sites\/145\/2026\/08\/mmch6662-683x1024.jpg 683w, https:\/\/icf.church\/kraichgau\/wp-content\/uploads\/sites\/145\/2026\/08\/mmch6662-200x300.jpg 200w, https:\/\/icf.church\/kraichgau\/wp-content\/uploads\/sites\/145\/2026\/08\/mmch6662-768x1152.jpg 768w, https:\/\/icf.church\/kraichgau\/wp-content\/uploads\/sites\/145\/2026\/08\/mmch6662-1024x1536.jpg 1024w, https:\/\/icf.church\/kraichgau\/wp-content\/uploads\/sites\/145\/2026\/08\/mmch6662.jpg 1280w\" sizes=\"(max-width: 683px) 100vw, 683px\">    <div class=\"card-body\">\n    <h3 class=\"card-title\">Mini Kids<\/h3>\n    <p class=\"card-text\">Unsere Mini Kids entdecken, dass Gott, kleine Menschen besonders liebt und sie wunderbar gemacht hat! Wir singen zusammen, basteln und spielen! Begleitest du als Elternteil anf\u00e4nglich noch dein Kind, so hast du die M\u00f6glichkeit zum Austausch und bekommst Ideen, wie du mit deinem Kind im Alltag Gott erleben kannst. Ebenso bietet sich an selbst Teil des Kids-Teams zu werden und sonntags mitzuarbeiten!<\/p>\n      <\/div>\n<\/article><\/div>\n\n\n<div id=\"block-22\" class=\"col wp-block-yellowtree-column col-12 col-lg-4 d-flex flex-column with-streched-height-children align-items-stretch align-items-lg-stretch\">\n  <article id=\"block-21\" data-bs-theme=\"dark\" class=\"wp-block-yellowtree-card card has-context-height\" style=\"--card-img-position:50% 50%\">\n      <div class=\"card-tags card-tags--float\">\n                <div class=\"badge text-bg-primary\" style=\"\">\n            4-6 Jahre          <\/div>\n                <div class=\"badge text-bg-primary\" style=\"\">\n            sonntags, 10:30          <\/div>\n          <\/div>\n        <img decoding=\"async\" width=\"1024\" height=\"576\" src=\"https:\/\/icf.church\/kraichgau\/wp-content\/uploads\/sites\/145\/2026\/08\/prepare-enrich-fullhd-1024x576.jpg\" class=\"card-img-top\" alt=\"\" draggable=\"false\" loading=\"lazy\" srcset=\"https:\/\/icf.church\/kraichgau\/wp-content\/uploads\/sites\/145\/2026\/08\/prepare-enrich-fullhd-1024x576.jpg 1024w, https:\/\/icf.church\/kraichgau\/wp-content\/uploads\/sites\/145\/2026\/08\/prepare-enrich-fullhd-300x169.jpg 300w, https:\/\/icf.church\/kraichgau\/wp-content\/uploads\/sites\/145\/2026\/08\/prepare-enrich-fullhd-768x432.jpg 768w, https:\/\/icf.church\/kraichgau\/wp-content\/uploads\/sites\/145\/2026\/08\/prepare-enrich-fullhd-1536x864.jpg 1536w, https:\/\/icf.church\/kraichgau\/wp-content\/uploads\/sites\/145\/2026\/08\/prepare-enrich-fullhd.jpg 1920w\" sizes=\"(max-width: 1024px) 100vw, 1024px\">    <div class=\"card-body\">\n    <h3 class=\"card-title\">Amazing Kids<\/h3>\n    <p class=\"card-text\">Die Amazing Kids starten mit einer bunten Freispielzeit. Begeistert erleben und feiern sie die Freude an unserem himmlischen Papa durch Tanzen im Worship, den spannenden Games oder in den mitrei\u00dfenden Impulsen. In ihrer Smallgroup vertiefen sie die Geschichten aus der Bibel und d\u00fcrfen sp\u00fcren, dass sie unendlich kostbare Sch\u00e4tze sind, f\u00fcr die Jesus alles gab. Sie haben die M\u00f6glichkeit, Freund&shy;schaften zu kn\u00fcpfen und Jesus als den besten Freund f\u00fcrs Leben kennenzulernen.<\/p>\n      <\/div>\n<\/article><\/div>\n        <\/div>\n          <\/div>\n<\/div>\n\n<div id=\"block-32\" class=\"pt-2 pb-2 alignfull is-layout-constrained\">\n  <div>\n            <div class=\"row gx-4 gy-4 \">\n          \n\n<div id=\"block-25\" class=\"col wp-block-yellowtree-column col-12 col-lg-4 d-flex flex-column with-streched-height-children align-items-stretch align-items-lg-stretch\">\n  <article id=\"block-24\" data-bs-theme=\"dark\" class=\"wp-block-yellowtree-card card has-context-height\" style=\"--card-img-position:54% 1%\">\n      <div class=\"card-tags card-tags--float\">\n                <div class=\"badge text-bg-primary\" style=\"\">\n            7-12 Jahre          <\/div>\n                <div class=\"badge text-bg-primary\" style=\"\">\n            sonntags, 10:30          <\/div>\n          <\/div>\n        <img decoding=\"async\" width=\"1024\" height=\"683\" src=\"https:\/\/icf.church\/kraichgau\/wp-content\/uploads\/sites\/145\/2026\/08\/dscf7103-1024x683.jpg\" class=\"card-img-top\" alt=\"\" draggable=\"false\" loading=\"lazy\" srcset=\"https:\/\/icf.church\/kraichgau\/wp-content\/uploads\/sites\/145\/2026\/08\/dscf7103-1024x683.jpg 1024w, https:\/\/icf.church\/kraichgau\/wp-content\/uploads\/sites\/145\/2026\/08\/dscf7103-300x200.jpg 300w, https:\/\/icf.church\/kraichgau\/wp-content\/uploads\/sites\/145\/2026\/08\/dscf7103-768x512.jpg 768w, https:\/\/icf.church\/kraichgau\/wp-content\/uploads\/sites\/145\/2026\/08\/dscf7103-1536x1024.jpg 1536w, https:\/\/icf.church\/kraichgau\/wp-content\/uploads\/sites\/145\/2026\/08\/dscf7103-2048x1365.jpg 2048w\" sizes=\"(max-width: 1024px) 100vw, 1024px\">    <div class=\"card-body\">\n    <h3 class=\"card-title\">History Maker<\/h3>\n    <p class=\"card-text\">In der Freispielzeit haben sie Zeit zum Spielen und um Freundschaften mit anderen Kindern zu kn\u00fcpfen. Im genialen B\u00fchnenprogramm mit fetziger Musik, aufregenden Spielen, mitrei\u00dfenden Theaterst\u00fccken und spannenden Inputs, entdecken sie, dass Gott seine ganz pers\u00f6nliche Geschichte mit ihnen auf dieser Welt schreibt. Anschlie\u00dfen stehen die Kids in den zwei Smallgroups f\u00fcr Jungs und M\u00e4dchen im Mittelpunkt. Da kn\u00fcpfen wir enge Beziehungen, vertiefen die Themen und beten gemeinsam f\u00fcr Anliegen. Hier haben sie Raum, Gott und die Bibel auf ihre Art besser kennenlernen und ihre Fragen loszuwerden.<\/p>\n      <\/div>\n<\/article><\/div>\n\n\n<div id=\"block-27\" class=\"col wp-block-yellowtree-column col-12 col-lg-4 d-flex flex-column with-streched-height-children align-items-stretch align-items-lg-stretch\">\n  <article id=\"block-26\" data-bs-theme=\"dark\" class=\"wp-block-yellowtree-card card has-context-height\" style=\"--card-img-position:31% 16%\">\n      <div class=\"card-tags card-tags--float\">\n                <div class=\"badge text-bg-primary\" style=\"\">\n            11-14 Jahre          <\/div>\n                <div class=\"badge text-bg-primary\" style=\"\">\n            sonntags, 10:30          <\/div>\n                <div class=\"badge text-bg-primary\" style=\"\">\n            zweiw\u00f6chentlich          <\/div>\n          <\/div>\n        <img decoding=\"async\" width=\"683\" height=\"1024\" src=\"https:\/\/icf.church\/kraichgau\/wp-content\/uploads\/sites\/145\/2026\/08\/dscf6980-683x1024.jpg\" class=\"card-img-top\" alt=\"\" draggable=\"false\" loading=\"lazy\" srcset=\"https:\/\/icf.church\/kraichgau\/wp-content\/uploads\/sites\/145\/2026\/08\/dscf6980-683x1024.jpg 683w, https:\/\/icf.church\/kraichgau\/wp-content\/uploads\/sites\/145\/2026\/08\/dscf6980-200x300.jpg 200w, https:\/\/icf.church\/kraichgau\/wp-content\/uploads\/sites\/145\/2026\/08\/dscf6980-768x1152.jpg 768w, https:\/\/icf.church\/kraichgau\/wp-content\/uploads\/sites\/145\/2026\/08\/dscf6980-1024x1536.jpg 1024w, https:\/\/icf.church\/kraichgau\/wp-content\/uploads\/sites\/145\/2026\/08\/dscf6980-1365x2048.jpg 1365w, https:\/\/icf.church\/kraichgau\/wp-content\/uploads\/sites\/145\/2026\/08\/dscf6980-scaled.jpg 1707w\" sizes=\"(max-width: 683px) 100vw, 683px\">    <div class=\"card-body\">\n    <h3 class=\"card-title\">Pre-Teens<\/h3>\n    <p class=\"card-text\">Hier kannst du in deinem Glauben durch gro\u00dfartige Themen tiefer gehen, Gott immer besser kennenlernen und alle Fragen zum Leben stellen. Wir starten gemeinsam mit Worship in der Celebration. Danach gehen wir in unser eigenes Programm, bei dem ihr mit euren Bed\u00fcrfnissen wirklich ankommen k\u00f6nnt. Hier wird gelacht, getobt und diskutiert, es werden Geschichten aus der Bibel erz\u00e4hlt, wichtige Themen aufgeworfen, in Kleingruppen von pers\u00f6nlichen Heraus&shy;forderungen erz\u00e4hlt, tiefe Inputs geh\u00f6rt und ehrliche Gespr\u00e4che gef\u00fchrt.<\/p>\n      <\/div>\n<\/article><\/div>\n\n\n<div id=\"block-31\" class=\"col wp-block-yellowtree-column col-12 col-lg-4 d-flex flex-column with-streched-height-children align-items-stretch align-items-lg-stretch\">\n  <article id=\"block-30\" data-bs-theme=\"dark\" class=\"wp-block-yellowtree-card card has-context-height\" style=\"--card-img-position:4% 68%\">\n      <div class=\"card-tags card-tags--float\">\n                <div class=\"badge text-bg-primary\" style=\"\">\n            sonntags, 9:30          <\/div>\n          <\/div>\n        <img decoding=\"async\" width=\"1024\" height=\"683\" src=\"https:\/\/icf.church\/kraichgau\/wp-content\/uploads\/sites\/145\/2026\/08\/okgstudio2026_6-1024x683.webp\" class=\"card-img-top\" alt=\"\" draggable=\"false\" loading=\"lazy\" srcset=\"https:\/\/icf.church\/kraichgau\/wp-content\/uploads\/sites\/145\/2026\/08\/okgstudio2026_6-1024x683.webp 1024w, https:\/\/icf.church\/kraichgau\/wp-content\/uploads\/sites\/145\/2026\/08\/okgstudio2026_6-300x200.webp 300w, https:\/\/icf.church\/kraichgau\/wp-content\/uploads\/sites\/145\/2026\/08\/okgstudio2026_6-768x512.webp 768w, https:\/\/icf.church\/kraichgau\/wp-content\/uploads\/sites\/145\/2026\/08\/okgstudio2026_6-1536x1024.webp 1536w, https:\/\/icf.church\/kraichgau\/wp-content\/uploads\/sites\/145\/2026\/08\/okgstudio2026_6-2048x1366.webp 2048w\" sizes=\"(max-width: 1024px) 100vw, 1024px\">    <div class=\"card-body\">\n    <h3 class=\"card-title\">Online Kindergottesdienst<\/h3>\n    <p class=\"card-text\">Einen tollen Online-Gottesdienst f\u00fcr Kids findest du sonntags morgens ab 9:30 Uhr hier auf YouTube.<\/p>\n    <div id=\"block-29\" class=\"wp-block-yellowtree-card-buttons card-buttons\">\n  \n\n  <div>\n    <a id=\"block-28\" href=\"https:\/\/www.youtube.com\/channel\/UCsnIncp_DV3YPMkif-4Npgg\/featured\" target=\"_blank\" class=\"wp-block-yellowtree-card-button btn btn-sm btn-secondary\">\n      <span>Zu YouTube<\/span>\n              <i class=\"icon fs-base-const fa-arrow-right\" aria-hidden=\"true\"><\/i>\n          <\/a>\n  <\/div>\n\n<\/div>  <\/div>\n<\/article><\/div>\n        <\/div>\n          <\/div>\n<\/div>\n\n<div id=\"block-35\" class=\"pt-2 pb-2 alignfull is-layout-constrained\">\n  <div>\n            <div class=\"row gx-4 gy-4 \">\n          \n\n<div id=\"block-34\" class=\"col wp-block-yellowtree-column col-12 d-flex flex-column with-streched-height-children align-items-stretch align-items-md-stretch\">\n  <h3 id=\"block-33\" class=\"mt-4 h3 display-3 text-center\">\n  Weitere Angebote<\/h3><\/div>\n        <\/div>\n          <\/div>\n<\/div>\n\n<div id=\"block-44\" class=\"pt-2 pb-2 alignfull is-layout-constrained\">\n  <div>\n            <div class=\"row gx-4 gy-4 \">\n          \n\n<div id=\"block-37\" class=\"col wp-block-yellowtree-column col-12 col-md-6 col-lg-4 d-flex flex-column with-streched-height-children align-items-stretch align-items-lg-stretch\">\n  <article id=\"block-36\" data-bs-theme=\"dark\" class=\"wp-block-yellowtree-card card has-context-height\" style=\"--card-img-position:27% 0%\">\n        <img decoding=\"async\" width=\"1024\" height=\"576\" src=\"https:\/\/icf.church\/kraichgau\/wp-content\/uploads\/sites\/145\/2026\/08\/real-life-kids-praesentation1-1024x576.jpg\" class=\"card-img-top\" alt=\"\" draggable=\"false\" loading=\"lazy\" srcset=\"https:\/\/icf.church\/kraichgau\/wp-content\/uploads\/sites\/145\/2026\/08\/real-life-kids-praesentation1-1024x576.jpg 1024w, https:\/\/icf.church\/kraichgau\/wp-content\/uploads\/sites\/145\/2026\/08\/real-life-kids-praesentation1-300x169.jpg 300w, https:\/\/icf.church\/kraichgau\/wp-content\/uploads\/sites\/145\/2026\/08\/real-life-kids-praesentation1-768x432.jpg 768w, https:\/\/icf.church\/kraichgau\/wp-content\/uploads\/sites\/145\/2026\/08\/real-life-kids-praesentation1-1536x864.jpg 1536w, https:\/\/icf.church\/kraichgau\/wp-content\/uploads\/sites\/145\/2026\/08\/real-life-kids-praesentation1.jpg 1920w\" sizes=\"(max-width: 1024px) 100vw, 1024px\">    <div class=\"card-body\">\n    <h3 class=\"card-title\">Real Life Kids<\/h3>\n    <p class=\"card-text\">Unter dem Motto \u201cErlebe Gottes Abenteuer\u201d haben Kids von 8 &#8211; 12 Jahren hier die M\u00f6glichkeit, drau\u00dfen unterwegs zu sein und sich handwerklich auszutoben. Hier stehen Action &amp; Abenteuer im Vordergrund. Spielend lernen die Kinder Gott und seine Liebe besser kennen. Wir treffen uns jeden Freitag von 17:00 &#8211; 18:30 Uhr in der ICF Kidshall.<\/p>\n      <\/div>\n<\/article><\/div>\n\n\n<div id=\"block-39\" class=\"col wp-block-yellowtree-column col-12 col-md-6 col-lg-4 d-flex flex-column with-streched-height-children align-items-stretch align-items-lg-stretch\">\n  <article id=\"block-38\" data-bs-theme=\"dark\" class=\"wp-block-yellowtree-card card has-context-height\" style=\"--card-img-position:43% 18%\">\n        <img decoding=\"async\" width=\"1024\" height=\"683\" src=\"https:\/\/icf.church\/kraichgau\/wp-content\/uploads\/sites\/145\/2026\/08\/dscf7231-1024x683.jpg\" class=\"card-img-top\" alt=\"\" draggable=\"false\" loading=\"lazy\" srcset=\"https:\/\/icf.church\/kraichgau\/wp-content\/uploads\/sites\/145\/2026\/08\/dscf7231-1024x683.jpg 1024w, https:\/\/icf.church\/kraichgau\/wp-content\/uploads\/sites\/145\/2026\/08\/dscf7231-300x200.jpg 300w, https:\/\/icf.church\/kraichgau\/wp-content\/uploads\/sites\/145\/2026\/08\/dscf7231-768x512.jpg 768w, https:\/\/icf.church\/kraichgau\/wp-content\/uploads\/sites\/145\/2026\/08\/dscf7231-1536x1024.jpg 1536w, https:\/\/icf.church\/kraichgau\/wp-content\/uploads\/sites\/145\/2026\/08\/dscf7231-2048x1365.jpg 2048w\" sizes=\"(max-width: 1024px) 100vw, 1024px\">    <div class=\"card-body\">\n    <h3 class=\"card-title\">ICF Teens<\/h3>\n    <p class=\"card-text\">ICF Teens ist der Ort f\u00fcr alle zwischen 13 &#8211; 16 Jahren! Unser Wunsch ist es, dass du hier Gott besser kennenlernst, mutig deinen Glauben lebst und einen positiven Unterschied in deiner Welt machst. Wir treffen uns jeden Freitag von 19:00 bis 22:00 Uhr im Jugendraum im ICF Kraichgau. Sei dabei \u2013 wir freuen uns auf dich!<\/p>\n      <\/div>\n<\/article><\/div>\n\n\n<div id=\"block-43\" class=\"col wp-block-yellowtree-column col-12 col-lg-4 d-flex flex-column with-streched-height-children align-items-stretch align-items-lg-stretch\">\n  <article id=\"block-42\" data-bs-theme=\"dark\" class=\"wp-block-yellowtree-card card has-context-height\" style=\"--card-img-position:51% 41%\">\n        <img decoding=\"async\" width=\"472\" height=\"709\" src=\"https:\/\/icf.church\/kraichgau\/wp-content\/uploads\/sites\/145\/2026\/08\/3.jpg\" class=\"card-img-top\" alt=\"\" draggable=\"false\" loading=\"lazy\" srcset=\"https:\/\/icf.church\/kraichgau\/wp-content\/uploads\/sites\/145\/2026\/08\/3.jpg 472w, https:\/\/icf.church\/kraichgau\/wp-content\/uploads\/sites\/145\/2026\/08\/3-200x300.jpg 200w\" sizes=\"(max-width: 472px) 100vw, 472px\">    <div class=\"card-body\">\n    <h3 class=\"card-title\">ICF Youth<\/h3>\n    <p class=\"card-text\">ICF Youth ist deine Plattform, wenn du zwischen 16 &#8211; 20 Jahre alt bist! Unser Traum ist es, dass du hier Jesus \u00e4hnlicher wirst, furchtlos lebst und dein Umfeld positiv beeinflusst. Jungs und M\u00e4dels ab 16 Jahren treffen sich jeden Freitag von 20:30 bis 00:00 Uhr im ICF Jugendraum.<\/p>\n    <div id=\"block-41\" class=\"wp-block-yellowtree-card-buttons card-buttons\">\n  \n\n  <div>\n    <a id=\"block-40\" href=\"https:\/\/t.me\/icfyouthkraichgau\" target=\"_blank\" class=\"wp-block-yellowtree-card-button btn btn-sm btn-secondary\">\n      <span>Youth Telegram<\/span>\n              <i class=\"icon fs-base-const fa-arrow-right\" aria-hidden=\"true\"><\/i>\n          <\/a>\n  <\/div>\n\n<\/div>  <\/div>\n<\/article><\/div>\n        <\/div>\n          <\/div>\n<\/div>\n\n<div id=\"block-46\" class=\"pt-2 pb-2 alignfull is-layout-constrained\">\n  <div>\n            <div class=\"row gx-4 gy-4 \">\n          \n\n<div id=\"block-45\" class=\"col wp-block-yellowtree-column col-12 d-flex flex-column with-streched-height-children align-items-stretch align-items-md-stretch\">\n  <\/div>\n        <\/div>\n          <\/div>\n<\/div>\n\n<div id=\"block-48\" class=\"pt-2 pb-2 alignfull is-layout-constrained\">\n  <div>\n            <div class=\"row gx-4 gy-4 \">\n          \n\n<div id=\"block-47\" class=\"col wp-block-yellowtree-column col-12 d-flex flex-column with-streched-height-children align-items-stretch align-items-md-stretch\">\n  <\/div>\n        <\/div>\n          <\/div>\n<\/div>\n\n<div id=\"block-56\" class=\"pt-2 pb-2 alignfull is-layout-constrained\">\n  <div>\n            <div class=\"row gx-4 gy-4 \">\n          \n\n<div id=\"block-55\" class=\"col wp-block-yellowtree-column col-12 d-flex flex-column with-streched-height-children align-items-stretch align-items-md-stretch\">\n  <div id=\"block-54\" class=\"wp-block-yellowtree-hero-stage\">\n    <div class=\"hero-stage has-links\">\n        \n\n<div id=\"block-50\" class=\"hero-stage-content\">\n    <div class=\"hero-stage-content__background\">\n        <div class=\"overlay-black-25 h-100\">\n                            <img decoding=\"async\" width=\"1024\" height=\"576\" src=\"https:\/\/icf.church\/kraichgau\/wp-content\/uploads\/sites\/145\/2026\/08\/neue-website-familie-1024x576-1.jpg\" class=\"hero-stage-media\" alt=\"\" style=\"object-position: 50% 50%;\" aria-hidden=\"true\" loading=\"eager\" srcset=\"https:\/\/icf.church\/kraichgau\/wp-content\/uploads\/sites\/145\/2026\/08\/neue-website-familie-1024x576-1.jpg 1024w, https:\/\/icf.church\/kraichgau\/wp-content\/uploads\/sites\/145\/2026\/08\/neue-website-familie-1024x576-1-300x169.jpg 300w, https:\/\/icf.church\/kraichgau\/wp-content\/uploads\/sites\/145\/2026\/08\/neue-website-familie-1024x576-1-768x432.jpg 768w\" sizes=\"(max-width: 1024px) 100vw, 1024px\">                    <\/div>\n        <div class=\"hero-stage-gradient\"><\/div>\n    <\/div>\n    <div class=\"hero-stage-content__foreground is-layout-constrained\">\n        <h1 id=\"block-49\" class=\"display-1 text-center\">\n    Family Live Talk<\/h1>    <\/div>\n<\/div>\n\n\n<div id=\"block-53\" class=\"hero-stage-links is-layout-constrained count-2\">\n    <div class=\"icon-link-cards-layout column-gap-3 row-gap-1 justify-content-center break-md\">\n        \n\n<div id=\"block-51\" data-bs-theme=\"dark\" class=\"wp-block-yellowtree-icon-link-card\">\n  <div class=\"card-body flex-row justify-content-center align-items-center overflow-hidden gap-2 px-5 px-md-3 py-3 py-md-6\">\n    <div class=\"d-flex align-items-center gap-4 me-auto me-md-0 flex-md-column text-md-center gap-md-3\">\n      <i class=\"icon-square fs-2 fs-md-lg-const fa-signal-stream\" aria-hidden=\"true\"><\/i>\n      <a class=\"stretched-link fs-base-const\" href=\"https:\/\/icf-karlsruhe-de.zoom.us\/j\/87814048359\" target=\"_blank\">\n        Zoom Link      <\/a>\n    <\/div>\n          <i class=\"icon fs-base-const fa-chevron-right ms-auto opacity-50 d-md-none\"><\/i>\n      <\/div>\n<\/div>\n\n\n<div id=\"block-52\" data-bs-theme=\"dark\" class=\"wp-block-yellowtree-icon-link-card\">\n  <div class=\"card-body flex-row justify-content-center align-items-center overflow-hidden gap-2 px-5 px-md-3 py-3 py-md-6\">\n    <div class=\"d-flex align-items-center gap-4 me-auto me-md-0 flex-md-column text-md-center gap-md-3\">\n      <i class=\"icon-square fs-2 fs-md-lg-const fa-solid fa-calendar-days\" aria-hidden=\"true\"><\/i>\n      <a class=\"stretched-link fs-base-const\" href=\"https:\/\/icf.church\/kraichgau\/de\/angebote\/?q=Family%20Live%20Talk\" target=\"\">\n        Kommende Termine      <\/a>\n    <\/div>\n          <i class=\"icon fs-base-const fa-chevron-right ms-auto opacity-50 d-md-none\"><\/i>\n      <\/div>\n<\/div>\n    <\/div>\n<\/div>\n    <\/div>\n<\/div><\/div>\n        <\/div>\n          <\/div>\n<\/div>\n\n<div id=\"block-59\" class=\"pt-2 pb-2 alignfull is-layout-constrained\">\n  <div>\n          <div class=\"row\">\n        <div class=\"col-12 col-md-8 mx-auto\">\n                <div class=\"row gx-4 gy-4 \">\n          \n\n<div id=\"block-58\" class=\"col wp-block-yellowtree-column col-12 d-flex flex-column with-streched-height-children align-items-stretch align-items-md-stretch\">\n  <p id=\"block-57\" class=\"text-start wp-block-paragraph\">\n  Mit den Family Live Talks m\u00f6chten wir euch als Eltern st\u00e4rken, in eurem Familienalltag ermutigen und in euren Herausforderungen inspirieren. Dabei handelt es sich um ein Angebot f\u00fcr die ganze Multisite Kirche. Wir wollen Eltern f\u00fcr ihren Familienalltag ermutigen, Denkanst\u00f6\u00dfe geben, wie man Glaube als Familie leben kann und Anregungen, die in den unterschiedlichen Familienphasen hilfreich sein k\u00f6nnen. Die Themen der Abende variieren. Die Talks finden derzeit online via Zoom statt. Sei dabei!<\/p><\/div>\n        <\/div>\n                <\/div>\n      <\/div>\n      <\/div>\n<\/div>\n\n<div id=\"block-68\" class=\"pt-2 pb-2 alignfull is-layout-constrained\">\n  <div>\n            <div class=\"row gx-4 gy-4 \">\n          \n\n<div id=\"block-61\" class=\"col wp-block-yellowtree-column col-12 col-md-6 col-lg-3 d-flex flex-column with-streched-height-children align-items-stretch align-items-md-stretch\">\n  <figure class=\"wp-embed-aspect-16-9 wp-has-aspect-ratio wp-block-embed has-context-height is-provider-youtube is-type-video\">\n  <div class=\"ratio\" style=\"--bs-aspect-ratio:56.25%\">\n          <div class=\"media-defer rounded overflow-hidden bg-black\" data-defer-target=\"iframe\" data-defer-url=\"https:\/\/www.youtube.com\/embed\/YMpCTkMewZA?feature=oembed&amp;autoplay=1&amp;iv_load_policy=3&amp;rel=0&amp;dnt=0\" data-consent-required=\"marketing\">\n\n        <div class=\"media-defer__content h-100\" style=\"display: none;\">\n          <iframe width=\"500\" height=\"281\" frameborder=\"0\" allow=\"accelerometer; autoplay; clipboard-write; encrypted-media; gyroscope; picture-in-picture; web-share\" referrerpolicy=\"strict-origin-when-cross-origin\" allowfullscreen title=\"Family live Talk: &quot;Wie Glaube in der Familie lebendig wird&quot; - 18.3.2026\"><\/iframe>        <\/div>\n\n        <div class=\"media-defer__placeholder h-100 position-relative\">\n          <img decoding=\"async\" class=\"video-thumbnail w-100 h-100 object-fit-cover\" src=\"https:\/\/icf.church\/kraichgau\/wp-content\/uploads\/sites\/145\/youtube-thumbs\/YMpCTkMewZA-hqdefault.jpg\" srcset=\"https:\/\/icf.church\/kraichgau\/wp-content\/uploads\/sites\/145\/youtube-thumbs\/YMpCTkMewZA-maxresdefault.jpg 1280w, https:\/\/icf.church\/kraichgau\/wp-content\/uploads\/sites\/145\/youtube-thumbs\/YMpCTkMewZA-hqdefault.jpg 480w, https:\/\/icf.church\/kraichgau\/wp-content\/uploads\/sites\/145\/youtube-thumbs\/YMpCTkMewZA-sddefault.jpg 640w\" sizes=\"(max-width: 2560px) 100vw, 2560px\" alt=\"Family live Talk: &quot;Wie Glaube in der Familie lebendig wird&quot; - 18.3.2026\" draggable=\"false\" loading=\"lazy\">\n\n          <button class=\"video-toggle show\" type=\"button\" aria-label=\"Inhalte abspielen\">\n          <\/button>\n\n                      <img decoding=\"async\" class=\"position-absolute end-0 bottom-0 video-provider-image\" src=\"https:\/\/icf.church\/kraichgau\/wp-content\/themes\/icf\/assets\/youtube-type-logo.svg\" alt=\"YouTube\" loading=\"lazy\">\n          \n          <div data-consent=\"marketing\" data-inverse class=\"position-absolute bottom-0 start-0 end-0 p-3 text-white bg-black bg-opacity-50 text-center\">\n            <p class=\"mb-0 small\">\n              \ud83c\udfa5 Mit deinem Klick werden Inhalte von Youtube geladen. Dabei erlaubst du Cookies f\u00fcr marketing. Mehr dazu in unserer  <a href=\"https:\/\/icf.church\/karlsruhe\/de\/datenschutz\/\" class=\"text-white\">Datenschutzerkl\u00e4rung<\/a>.            <\/p>\n          <\/div>\n        <\/div>\n      <\/div>\n      <\/div>\n\n  <\/figure><\/div>\n\n\n<div id=\"block-63\" class=\"col wp-block-yellowtree-column col-12 col-md-6 col-lg-3 d-flex flex-column with-streched-height-children align-items-stretch align-items-md-stretch\">\n  <figure class=\"wp-embed-aspect-16-9 wp-has-aspect-ratio wp-block-embed has-context-height is-provider-youtube is-type-video\">\n  <div class=\"ratio\" style=\"--bs-aspect-ratio:56.25%\">\n          <div class=\"media-defer rounded overflow-hidden bg-black\" data-defer-target=\"iframe\" data-defer-url=\"https:\/\/www.youtube.com\/embed\/rxAK2Si23hk?feature=oembed&amp;autoplay=1&amp;iv_load_policy=3&amp;rel=0&amp;dnt=0\" data-consent-required=\"marketing\">\n\n        <div class=\"media-defer__content h-100\" style=\"display: none;\">\n          <iframe width=\"500\" height=\"281\" frameborder=\"0\" allow=\"accelerometer; autoplay; clipboard-write; encrypted-media; gyroscope; picture-in-picture; web-share\" referrerpolicy=\"strict-origin-when-cross-origin\" allowfullscreen title=\"Family Live Talk - &quot;Kommunikation in der Familie&quot; mit Dorothea Bartel\"><\/iframe>        <\/div>\n\n        <div class=\"media-defer__placeholder h-100 position-relative\">\n          <img decoding=\"async\" class=\"video-thumbnail w-100 h-100 object-fit-cover\" src=\"https:\/\/icf.church\/kraichgau\/wp-content\/uploads\/sites\/145\/youtube-thumbs\/rxAK2Si23hk-hqdefault.jpg\" srcset=\"https:\/\/icf.church\/kraichgau\/wp-content\/uploads\/sites\/145\/youtube-thumbs\/rxAK2Si23hk-maxresdefault.jpg 1280w, https:\/\/icf.church\/kraichgau\/wp-content\/uploads\/sites\/145\/youtube-thumbs\/rxAK2Si23hk-hqdefault.jpg 480w, https:\/\/icf.church\/kraichgau\/wp-content\/uploads\/sites\/145\/youtube-thumbs\/rxAK2Si23hk-sddefault.jpg 640w\" sizes=\"(max-width: 2560px) 100vw, 2560px\" alt=\"Family Live Talk - &quot;Kommunikation in der Familie&quot; mit Dorothea Bartel\" draggable=\"false\" loading=\"lazy\">\n\n          <button class=\"video-toggle show\" type=\"button\" aria-label=\"Inhalte abspielen\">\n          <\/button>\n\n                      <img decoding=\"async\" class=\"position-absolute end-0 bottom-0 video-provider-image\" src=\"https:\/\/icf.church\/kraichgau\/wp-content\/themes\/icf\/assets\/youtube-type-logo.svg\" alt=\"YouTube\" loading=\"lazy\">\n          \n          <div data-consent=\"marketing\" data-inverse class=\"position-absolute bottom-0 start-0 end-0 p-3 text-white bg-black bg-opacity-50 text-center\">\n            <p class=\"mb-0 small\">\n              \ud83c\udfa5 Mit deinem Klick werden Inhalte von Youtube geladen. Dabei erlaubst du Cookies f\u00fcr marketing. Mehr dazu in unserer  <a href=\"https:\/\/icf.church\/karlsruhe\/de\/datenschutz\/\" class=\"text-white\">Datenschutzerkl\u00e4rung<\/a>.            <\/p>\n          <\/div>\n        <\/div>\n      <\/div>\n      <\/div>\n\n  <\/figure><\/div>\n\n\n<div id=\"block-65\" class=\"col wp-block-yellowtree-column col-12 col-md-6 col-lg-3 d-flex flex-column with-streched-height-children align-items-stretch align-items-md-stretch\">\n  <figure class=\"wp-embed-aspect-16-9 wp-has-aspect-ratio wp-block-embed has-context-height is-provider-youtube is-type-video\">\n  <div class=\"ratio\" style=\"--bs-aspect-ratio:56.25%\">\n          <div class=\"media-defer rounded overflow-hidden bg-black\" data-defer-target=\"iframe\" data-defer-url=\"https:\/\/www.youtube.com\/embed\/yETggAzM0Fk?feature=oembed&amp;autoplay=1&amp;iv_load_policy=3&amp;rel=0&amp;dnt=0\" data-consent-required=\"marketing\">\n\n        <div class=\"media-defer__content h-100\" style=\"display: none;\">\n          <iframe width=\"500\" height=\"281\" frameborder=\"0\" allow=\"accelerometer; autoplay; clipboard-write; encrypted-media; gyroscope; picture-in-picture; web-share\" referrerpolicy=\"strict-origin-when-cross-origin\" allowfullscreen title=\"Family Live Talk - &quot;Bindung verstehen und leben&quot; mit Julia Wanitschek\"><\/iframe>        <\/div>\n\n        <div class=\"media-defer__placeholder h-100 position-relative\">\n          <img decoding=\"async\" class=\"video-thumbnail w-100 h-100 object-fit-cover\" src=\"https:\/\/icf.church\/kraichgau\/wp-content\/uploads\/sites\/145\/youtube-thumbs\/yETggAzM0Fk-hqdefault.jpg\" srcset=\"https:\/\/icf.church\/kraichgau\/wp-content\/uploads\/sites\/145\/youtube-thumbs\/yETggAzM0Fk-maxresdefault.jpg 1280w, https:\/\/icf.church\/kraichgau\/wp-content\/uploads\/sites\/145\/youtube-thumbs\/yETggAzM0Fk-hqdefault.jpg 480w, https:\/\/icf.church\/kraichgau\/wp-content\/uploads\/sites\/145\/youtube-thumbs\/yETggAzM0Fk-sddefault.jpg 640w\" sizes=\"(max-width: 2560px) 100vw, 2560px\" alt=\"Family Live Talk - &quot;Bindung verstehen und leben&quot; mit Julia Wanitschek\" draggable=\"false\" loading=\"lazy\">\n\n          <button class=\"video-toggle show\" type=\"button\" aria-label=\"Inhalte abspielen\">\n          <\/button>\n\n                      <img decoding=\"async\" class=\"position-absolute end-0 bottom-0 video-provider-image\" src=\"https:\/\/icf.church\/kraichgau\/wp-content\/themes\/icf\/assets\/youtube-type-logo.svg\" alt=\"YouTube\" loading=\"lazy\">\n          \n          <div data-consent=\"marketing\" data-inverse class=\"position-absolute bottom-0 start-0 end-0 p-3 text-white bg-black bg-opacity-50 text-center\">\n            <p class=\"mb-0 small\">\n              \ud83c\udfa5 Mit deinem Klick werden Inhalte von Youtube geladen. Dabei erlaubst du Cookies f\u00fcr marketing. Mehr dazu in unserer  <a href=\"https:\/\/icf.church\/karlsruhe\/de\/datenschutz\/\" class=\"text-white\">Datenschutzerkl\u00e4rung<\/a>.            <\/p>\n          <\/div>\n        <\/div>\n      <\/div>\n      <\/div>\n\n  <\/figure><\/div>\n\n\n<div id=\"block-67\" class=\"col wp-block-yellowtree-column col-12 col-md-6 col-lg-3 d-flex flex-column with-streched-height-children align-items-stretch align-items-md-stretch\">\n  <figure class=\"wp-embed-aspect-16-9 wp-has-aspect-ratio wp-block-embed has-context-height is-provider-youtube is-type-video\">\n  <div class=\"ratio\" style=\"--bs-aspect-ratio:56.25%\">\n          <div class=\"media-defer rounded overflow-hidden bg-black\" data-defer-target=\"iframe\" data-defer-url=\"https:\/\/www.youtube.com\/embed\/8HOhTn-1AmE?feature=oembed&amp;autoplay=1&amp;iv_load_policy=3&amp;rel=0&amp;dnt=0\" data-consent-required=\"marketing\">\n\n        <div class=\"media-defer__content h-100\" style=\"display: none;\">\n          <iframe width=\"500\" height=\"281\" frameborder=\"0\" allow=\"accelerometer; autoplay; clipboard-write; encrypted-media; gyroscope; picture-in-picture; web-share\" referrerpolicy=\"strict-origin-when-cross-origin\" allowfullscreen title=\"Family Live Talk - &quot;Eltern sein - Fokussiert durch die wilden Jahre&quot; mit Jonas G\u00fcnter\"><\/iframe>        <\/div>\n\n        <div class=\"media-defer__placeholder h-100 position-relative\">\n          <img decoding=\"async\" class=\"video-thumbnail w-100 h-100 object-fit-cover\" src=\"https:\/\/icf.church\/kraichgau\/wp-content\/uploads\/sites\/145\/youtube-thumbs\/8HOhTn-1AmE-hqdefault.jpg\" srcset=\"https:\/\/icf.church\/kraichgau\/wp-content\/uploads\/sites\/145\/youtube-thumbs\/8HOhTn-1AmE-maxresdefault.jpg 1280w, https:\/\/icf.church\/kraichgau\/wp-content\/uploads\/sites\/145\/youtube-thumbs\/8HOhTn-1AmE-hqdefault.jpg 480w, https:\/\/icf.church\/kraichgau\/wp-content\/uploads\/sites\/145\/youtube-thumbs\/8HOhTn-1AmE-sddefault.jpg 640w\" sizes=\"(max-width: 2560px) 100vw, 2560px\" alt=\"Family Live Talk - &quot;Eltern sein - Fokussiert durch die wilden Jahre&quot; mit Jonas G\u00fcnter\" draggable=\"false\" loading=\"lazy\">\n\n          <button class=\"video-toggle show\" type=\"button\" aria-label=\"Inhalte abspielen\">\n          <\/button>\n\n                      <img decoding=\"async\" class=\"position-absolute end-0 bottom-0 video-provider-image\" src=\"https:\/\/icf.church\/kraichgau\/wp-content\/themes\/icf\/assets\/youtube-type-logo.svg\" alt=\"YouTube\" loading=\"lazy\">\n          \n          <div data-consent=\"marketing\" data-inverse class=\"position-absolute bottom-0 start-0 end-0 p-3 text-white bg-black bg-opacity-50 text-center\">\n            <p class=\"mb-0 small\">\n              \ud83c\udfa5 Mit deinem Klick werden Inhalte von Youtube geladen. Dabei erlaubst du Cookies f\u00fcr marketing. Mehr dazu in unserer  <a href=\"https:\/\/icf.church\/karlsruhe\/de\/datenschutz\/\" class=\"text-white\">Datenschutzerkl\u00e4rung<\/a>.            <\/p>\n          <\/div>\n        <\/div>\n      <\/div>\n      <\/div>\n\n  <\/figure><\/div>\n        <\/div>\n          <\/div>\n<\/div>\n\n<div id=\"block-77\" class=\"pt-2 pb-2 alignfull is-layout-constrained\">\n  <div>\n            <div class=\"row gx-4 gy-4 \">\n          \n\n<div id=\"block-70\" class=\"col wp-block-yellowtree-column col-12 col-md-6 col-lg-3 d-flex flex-column with-streched-height-children align-items-stretch align-items-md-stretch\">\n  <figure class=\"wp-embed-aspect-16-9 wp-has-aspect-ratio wp-block-embed has-context-height is-provider-youtube is-type-video\">\n  <div class=\"ratio\" style=\"--bs-aspect-ratio:56.25%\">\n          <div class=\"media-defer rounded overflow-hidden bg-black\" data-defer-target=\"iframe\" data-defer-url=\"https:\/\/www.youtube.com\/embed\/rJuPmyrVCuo?feature=oembed&amp;autoplay=1&amp;iv_load_policy=3&amp;rel=0&amp;dnt=0\" data-consent-required=\"marketing\">\n\n        <div class=\"media-defer__content h-100\" style=\"display: none;\">\n          <iframe width=\"500\" height=\"281\" frameborder=\"0\" allow=\"accelerometer; autoplay; clipboard-write; encrypted-media; gyroscope; picture-in-picture; web-share\" referrerpolicy=\"strict-origin-when-cross-origin\" allowfullscreen title=\"Family Live Talk - &quot;Umgang mit herausfordernden Kindern&quot; mit Cornelia Kasparek\"><\/iframe>        <\/div>\n\n        <div class=\"media-defer__placeholder h-100 position-relative\">\n          <img decoding=\"async\" class=\"video-thumbnail w-100 h-100 object-fit-cover\" src=\"https:\/\/icf.church\/kraichgau\/wp-content\/uploads\/sites\/145\/youtube-thumbs\/rJuPmyrVCuo-hqdefault.jpg\" srcset=\"https:\/\/icf.church\/kraichgau\/wp-content\/uploads\/sites\/145\/youtube-thumbs\/rJuPmyrVCuo-maxresdefault.jpg 1280w, https:\/\/icf.church\/kraichgau\/wp-content\/uploads\/sites\/145\/youtube-thumbs\/rJuPmyrVCuo-hqdefault.jpg 480w, https:\/\/icf.church\/kraichgau\/wp-content\/uploads\/sites\/145\/youtube-thumbs\/rJuPmyrVCuo-sddefault.jpg 640w\" sizes=\"(max-width: 2560px) 100vw, 2560px\" alt=\"Family Live Talk - &quot;Umgang mit herausfordernden Kindern&quot; mit Cornelia Kasparek\" draggable=\"false\" loading=\"lazy\">\n\n          <button class=\"video-toggle show\" type=\"button\" aria-label=\"Inhalte abspielen\">\n          <\/button>\n\n                      <img decoding=\"async\" class=\"position-absolute end-0 bottom-0 video-provider-image\" src=\"https:\/\/icf.church\/kraichgau\/wp-content\/themes\/icf\/assets\/youtube-type-logo.svg\" alt=\"YouTube\" loading=\"lazy\">\n          \n          <div data-consent=\"marketing\" data-inverse class=\"position-absolute bottom-0 start-0 end-0 p-3 text-white bg-black bg-opacity-50 text-center\">\n            <p class=\"mb-0 small\">\n              \ud83c\udfa5 Mit deinem Klick werden Inhalte von Youtube geladen. Dabei erlaubst du Cookies f\u00fcr marketing. Mehr dazu in unserer  <a href=\"https:\/\/icf.church\/karlsruhe\/de\/datenschutz\/\" class=\"text-white\">Datenschutzerkl\u00e4rung<\/a>.            <\/p>\n          <\/div>\n        <\/div>\n      <\/div>\n      <\/div>\n\n  <\/figure><\/div>\n\n\n<div id=\"block-72\" class=\"col wp-block-yellowtree-column col-12 col-md-6 col-lg-3 d-flex flex-column with-streched-height-children align-items-stretch align-items-md-stretch\">\n  <figure class=\"wp-embed-aspect-16-9 wp-has-aspect-ratio wp-block-embed has-context-height is-provider-youtube is-type-video\">\n  <div class=\"ratio\" style=\"--bs-aspect-ratio:56.25%\">\n          <div class=\"media-defer rounded overflow-hidden bg-black\" data-defer-target=\"iframe\" data-defer-url=\"https:\/\/www.youtube.com\/embed\/x82d-OO-JOI?feature=oembed&amp;autoplay=1&amp;iv_load_policy=3&amp;rel=0&amp;dnt=0\" data-consent-required=\"marketing\">\n\n        <div class=\"media-defer__content h-100\" style=\"display: none;\">\n          <iframe width=\"500\" height=\"281\" frameborder=\"0\" allow=\"accelerometer; autoplay; clipboard-write; encrypted-media; gyroscope; picture-in-picture; web-share\" referrerpolicy=\"strict-origin-when-cross-origin\" allowfullscreen title=\"Family Live Talk - &quot;Family years - Das Leben auf den Kopf gestellt&quot; mit Diana Kunert\"><\/iframe>        <\/div>\n\n        <div class=\"media-defer__placeholder h-100 position-relative\">\n          <img decoding=\"async\" class=\"video-thumbnail w-100 h-100 object-fit-cover\" src=\"https:\/\/icf.church\/kraichgau\/wp-content\/uploads\/sites\/145\/youtube-thumbs\/x82d-OO-JOI-hqdefault.jpg\" srcset=\"https:\/\/icf.church\/kraichgau\/wp-content\/uploads\/sites\/145\/youtube-thumbs\/x82d-OO-JOI-maxresdefault.jpg 1280w, https:\/\/icf.church\/kraichgau\/wp-content\/uploads\/sites\/145\/youtube-thumbs\/x82d-OO-JOI-hqdefault.jpg 480w, https:\/\/icf.church\/kraichgau\/wp-content\/uploads\/sites\/145\/youtube-thumbs\/x82d-OO-JOI-sddefault.jpg 640w\" sizes=\"(max-width: 2560px) 100vw, 2560px\" alt=\"Family Live Talk - &quot;Family years - Das Leben auf den Kopf gestellt&quot; mit Diana Kunert\" draggable=\"false\" loading=\"lazy\">\n\n          <button class=\"video-toggle show\" type=\"button\" aria-label=\"Inhalte abspielen\">\n          <\/button>\n\n                      <img decoding=\"async\" class=\"position-absolute end-0 bottom-0 video-provider-image\" src=\"https:\/\/icf.church\/kraichgau\/wp-content\/themes\/icf\/assets\/youtube-type-logo.svg\" alt=\"YouTube\" loading=\"lazy\">\n          \n          <div data-consent=\"marketing\" data-inverse class=\"position-absolute bottom-0 start-0 end-0 p-3 text-white bg-black bg-opacity-50 text-center\">\n            <p class=\"mb-0 small\">\n              \ud83c\udfa5 Mit deinem Klick werden Inhalte von Youtube geladen. Dabei erlaubst du Cookies f\u00fcr marketing. Mehr dazu in unserer  <a href=\"https:\/\/icf.church\/karlsruhe\/de\/datenschutz\/\" class=\"text-white\">Datenschutzerkl\u00e4rung<\/a>.            <\/p>\n          <\/div>\n        <\/div>\n      <\/div>\n      <\/div>\n\n  <\/figure><\/div>\n\n\n<div id=\"block-74\" class=\"col wp-block-yellowtree-column col-12 col-md-6 col-lg-3 d-flex flex-column with-streched-height-children align-items-stretch align-items-md-stretch\">\n  <figure class=\"wp-embed-aspect-16-9 wp-has-aspect-ratio wp-block-embed has-context-height is-provider-youtube is-type-video\">\n  <div class=\"ratio\" style=\"--bs-aspect-ratio:56.25%\">\n          <div class=\"media-defer rounded overflow-hidden bg-black\" data-defer-target=\"iframe\" data-defer-url=\"https:\/\/www.youtube.com\/embed\/rx8cytd9CB8?feature=oembed&amp;autoplay=1&amp;iv_load_policy=3&amp;rel=0&amp;dnt=0\" data-consent-required=\"marketing\">\n\n        <div class=\"media-defer__content h-100\" style=\"display: none;\">\n          <iframe width=\"500\" height=\"281\" frameborder=\"0\" allow=\"accelerometer; autoplay; clipboard-write; encrypted-media; gyroscope; picture-in-picture; web-share\" referrerpolicy=\"strict-origin-when-cross-origin\" allowfullscreen title=\"Family Live Talk - &quot;Kinder und Medien&quot; mit Franziska Meaubert\"><\/iframe>        <\/div>\n\n        <div class=\"media-defer__placeholder h-100 position-relative\">\n          <img decoding=\"async\" class=\"video-thumbnail w-100 h-100 object-fit-cover\" src=\"https:\/\/icf.church\/kraichgau\/wp-content\/uploads\/sites\/145\/youtube-thumbs\/rx8cytd9CB8-hqdefault.jpg\" srcset=\"https:\/\/icf.church\/kraichgau\/wp-content\/uploads\/sites\/145\/youtube-thumbs\/rx8cytd9CB8-maxresdefault.jpg 1280w, https:\/\/icf.church\/kraichgau\/wp-content\/uploads\/sites\/145\/youtube-thumbs\/rx8cytd9CB8-hqdefault.jpg 480w, https:\/\/icf.church\/kraichgau\/wp-content\/uploads\/sites\/145\/youtube-thumbs\/rx8cytd9CB8-sddefault.jpg 640w\" sizes=\"(max-width: 2560px) 100vw, 2560px\" alt=\"Family Live Talk - &quot;Kinder und Medien&quot; mit Franziska Meaubert\" draggable=\"false\" loading=\"lazy\">\n\n          <button class=\"video-toggle show\" type=\"button\" aria-label=\"Inhalte abspielen\">\n          <\/button>\n\n                      <img decoding=\"async\" class=\"position-absolute end-0 bottom-0 video-provider-image\" src=\"https:\/\/icf.church\/kraichgau\/wp-content\/themes\/icf\/assets\/youtube-type-logo.svg\" alt=\"YouTube\" loading=\"lazy\">\n          \n          <div data-consent=\"marketing\" data-inverse class=\"position-absolute bottom-0 start-0 end-0 p-3 text-white bg-black bg-opacity-50 text-center\">\n            <p class=\"mb-0 small\">\n              \ud83c\udfa5 Mit deinem Klick werden Inhalte von Youtube geladen. Dabei erlaubst du Cookies f\u00fcr marketing. Mehr dazu in unserer  <a href=\"https:\/\/icf.church\/karlsruhe\/de\/datenschutz\/\" class=\"text-white\">Datenschutzerkl\u00e4rung<\/a>.            <\/p>\n          <\/div>\n        <\/div>\n      <\/div>\n      <\/div>\n\n  <\/figure><\/div>\n\n\n<div id=\"block-76\" class=\"col wp-block-yellowtree-column col-12 col-md-6 col-lg-3 d-flex flex-column with-streched-height-children align-items-stretch align-items-md-stretch\">\n  <figure class=\"wp-embed-aspect-16-9 wp-has-aspect-ratio wp-block-embed has-context-height is-provider-youtube is-type-video\">\n  <div class=\"ratio\" style=\"--bs-aspect-ratio:56.25%\">\n          <div class=\"media-defer rounded overflow-hidden bg-black\" data-defer-target=\"iframe\" data-defer-url=\"https:\/\/www.youtube.com\/embed\/O6S-e_y0Yi4?feature=oembed&amp;autoplay=1&amp;iv_load_policy=3&amp;rel=0&amp;dnt=0\" data-consent-required=\"marketing\">\n\n        <div class=\"media-defer__content h-100\" style=\"display: none;\">\n          <iframe width=\"500\" height=\"281\" frameborder=\"0\" allow=\"accelerometer; autoplay; clipboard-write; encrypted-media; gyroscope; picture-in-picture; web-share\" referrerpolicy=\"strict-origin-when-cross-origin\" allowfullscreen title=\"Family Live Talk - &quot;Best of Familienrituale&quot; mit Sandra, Juliane &amp; Annette\"><\/iframe>        <\/div>\n\n        <div class=\"media-defer__placeholder h-100 position-relative\">\n          <img decoding=\"async\" class=\"video-thumbnail w-100 h-100 object-fit-cover\" src=\"https:\/\/icf.church\/kraichgau\/wp-content\/uploads\/sites\/145\/youtube-thumbs\/O6S-e_y0Yi4-hqdefault.jpg\" srcset=\"https:\/\/icf.church\/kraichgau\/wp-content\/uploads\/sites\/145\/youtube-thumbs\/O6S-e_y0Yi4-maxresdefault.jpg 1280w, https:\/\/icf.church\/kraichgau\/wp-content\/uploads\/sites\/145\/youtube-thumbs\/O6S-e_y0Yi4-hqdefault.jpg 480w, https:\/\/icf.church\/kraichgau\/wp-content\/uploads\/sites\/145\/youtube-thumbs\/O6S-e_y0Yi4-sddefault.jpg 640w\" sizes=\"(max-width: 2560px) 100vw, 2560px\" alt=\"Family Live Talk - &quot;Best of Familienrituale&quot; mit Sandra, Juliane &amp; Annette\" draggable=\"false\" loading=\"lazy\">\n\n          <button class=\"video-toggle show\" type=\"button\" aria-label=\"Inhalte abspielen\">\n          <\/button>\n\n                      <img decoding=\"async\" class=\"position-absolute end-0 bottom-0 video-provider-image\" src=\"https:\/\/icf.church\/kraichgau\/wp-content\/themes\/icf\/assets\/youtube-type-logo.svg\" alt=\"YouTube\" loading=\"lazy\">\n          \n          <div data-consent=\"marketing\" data-inverse class=\"position-absolute bottom-0 start-0 end-0 p-3 text-white bg-black bg-opacity-50 text-center\">\n            <p class=\"mb-0 small\">\n              \ud83c\udfa5 Mit deinem Klick werden Inhalte von Youtube geladen. Dabei erlaubst du Cookies f\u00fcr marketing. Mehr dazu in unserer  <a href=\"https:\/\/icf.church\/karlsruhe\/de\/datenschutz\/\" class=\"text-white\">Datenschutzerkl\u00e4rung<\/a>.            <\/p>\n          <\/div>\n        <\/div>\n      <\/div>\n      <\/div>\n\n  <\/figure><\/div>\n        <\/div>\n          <\/div>\n<\/div>\n\n<div id=\"block-86\" class=\"pt-2 pb-2 alignfull is-layout-constrained\">\n  <div>\n            <div class=\"row gx-4 gy-4 \">\n          \n\n<div id=\"block-79\" class=\"col wp-block-yellowtree-column col-12 col-md-6 col-lg-3 d-flex flex-column with-streched-height-children align-items-stretch align-items-md-stretch\">\n  <figure class=\"wp-embed-aspect-16-9 wp-has-aspect-ratio wp-block-embed has-context-height is-provider-youtube is-type-video\">\n  <div class=\"ratio\" style=\"--bs-aspect-ratio:56.25%\">\n          <div class=\"media-defer rounded overflow-hidden bg-black\" data-defer-target=\"iframe\" data-defer-url=\"https:\/\/www.youtube.com\/embed\/LKn5pl_VUig?feature=oembed&amp;autoplay=1&amp;iv_load_policy=3&amp;rel=0&amp;dnt=0\" data-consent-required=\"marketing\">\n\n        <div class=\"media-defer__content h-100\" style=\"display: none;\">\n          <iframe width=\"500\" height=\"281\" frameborder=\"0\" allow=\"accelerometer; autoplay; clipboard-write; encrypted-media; gyroscope; picture-in-picture; web-share\" referrerpolicy=\"strict-origin-when-cross-origin\" allowfullscreen title=\"Family Live Talk - &quot;Liebevoll Grenzen setzen&quot; mit Edith Staiger\"><\/iframe>        <\/div>\n\n        <div class=\"media-defer__placeholder h-100 position-relative\">\n          <img decoding=\"async\" class=\"video-thumbnail w-100 h-100 object-fit-cover\" src=\"https:\/\/icf.church\/kraichgau\/wp-content\/uploads\/sites\/145\/youtube-thumbs\/LKn5pl_VUig-hqdefault.jpg\" srcset=\"https:\/\/icf.church\/kraichgau\/wp-content\/uploads\/sites\/145\/youtube-thumbs\/LKn5pl_VUig-maxresdefault.jpg 1280w, https:\/\/icf.church\/kraichgau\/wp-content\/uploads\/sites\/145\/youtube-thumbs\/LKn5pl_VUig-hqdefault.jpg 480w, https:\/\/icf.church\/kraichgau\/wp-content\/uploads\/sites\/145\/youtube-thumbs\/LKn5pl_VUig-sddefault.jpg 640w\" sizes=\"(max-width: 2560px) 100vw, 2560px\" alt=\"Family Live Talk - &quot;Liebevoll Grenzen setzen&quot; mit Edith Staiger\" draggable=\"false\" loading=\"lazy\">\n\n          <button class=\"video-toggle show\" type=\"button\" aria-label=\"Inhalte abspielen\">\n          <\/button>\n\n                      <img decoding=\"async\" class=\"position-absolute end-0 bottom-0 video-provider-image\" src=\"https:\/\/icf.church\/kraichgau\/wp-content\/themes\/icf\/assets\/youtube-type-logo.svg\" alt=\"YouTube\" loading=\"lazy\">\n          \n          <div data-consent=\"marketing\" data-inverse class=\"position-absolute bottom-0 start-0 end-0 p-3 text-white bg-black bg-opacity-50 text-center\">\n            <p class=\"mb-0 small\">\n              \ud83c\udfa5 Mit deinem Klick werden Inhalte von Youtube geladen. Dabei erlaubst du Cookies f\u00fcr marketing. Mehr dazu in unserer  <a href=\"https:\/\/icf.church\/karlsruhe\/de\/datenschutz\/\" class=\"text-white\">Datenschutzerkl\u00e4rung<\/a>.            <\/p>\n          <\/div>\n        <\/div>\n      <\/div>\n      <\/div>\n\n  <\/figure><\/div>\n\n\n<div id=\"block-81\" class=\"col wp-block-yellowtree-column col-12 col-md-6 col-lg-3 d-flex flex-column with-streched-height-children align-items-stretch align-items-md-stretch\">\n  <figure class=\"wp-embed-aspect-16-9 wp-has-aspect-ratio wp-block-embed has-context-height is-provider-youtube is-type-video\">\n  <div class=\"ratio\" style=\"--bs-aspect-ratio:56.25%\">\n          <div class=\"media-defer rounded overflow-hidden bg-black\" data-defer-target=\"iframe\" data-defer-url=\"https:\/\/www.youtube.com\/embed\/b63SlptJwwU?feature=oembed&amp;autoplay=1&amp;iv_load_policy=3&amp;rel=0&amp;dnt=0\" data-consent-required=\"marketing\">\n\n        <div class=\"media-defer__content h-100\" style=\"display: none;\">\n          <iframe width=\"500\" height=\"281\" frameborder=\"0\" allow=\"accelerometer; autoplay; clipboard-write; encrypted-media; gyroscope; picture-in-picture; web-share\" referrerpolicy=\"strict-origin-when-cross-origin\" allowfullscreen title=\"Family Live Talk - &quot;Glaube zu Hause leben&quot; mit Kathrin H\u00e4nsch (ICF Berlin)\"><\/iframe>        <\/div>\n\n        <div class=\"media-defer__placeholder h-100 position-relative\">\n          <img decoding=\"async\" class=\"video-thumbnail w-100 h-100 object-fit-cover\" src=\"https:\/\/icf.church\/kraichgau\/wp-content\/uploads\/sites\/145\/youtube-thumbs\/b63SlptJwwU-hqdefault.jpg\" srcset=\"https:\/\/icf.church\/kraichgau\/wp-content\/uploads\/sites\/145\/youtube-thumbs\/b63SlptJwwU-maxresdefault.jpg 1280w, https:\/\/icf.church\/kraichgau\/wp-content\/uploads\/sites\/145\/youtube-thumbs\/b63SlptJwwU-hqdefault.jpg 480w, https:\/\/icf.church\/kraichgau\/wp-content\/uploads\/sites\/145\/youtube-thumbs\/b63SlptJwwU-sddefault.jpg 640w\" sizes=\"(max-width: 2560px) 100vw, 2560px\" alt=\"Family Live Talk - &quot;Glaube zu Hause leben&quot; mit Kathrin H\u00e4nsch (ICF Berlin)\" draggable=\"false\" loading=\"lazy\">\n\n          <button class=\"video-toggle show\" type=\"button\" aria-label=\"Inhalte abspielen\">\n          <\/button>\n\n                      <img decoding=\"async\" class=\"position-absolute end-0 bottom-0 video-provider-image\" src=\"https:\/\/icf.church\/kraichgau\/wp-content\/themes\/icf\/assets\/youtube-type-logo.svg\" alt=\"YouTube\" loading=\"lazy\">\n          \n          <div data-consent=\"marketing\" data-inverse class=\"position-absolute bottom-0 start-0 end-0 p-3 text-white bg-black bg-opacity-50 text-center\">\n            <p class=\"mb-0 small\">\n              \ud83c\udfa5 Mit deinem Klick werden Inhalte von Youtube geladen. Dabei erlaubst du Cookies f\u00fcr marketing. Mehr dazu in unserer  <a href=\"https:\/\/icf.church\/karlsruhe\/de\/datenschutz\/\" class=\"text-white\">Datenschutzerkl\u00e4rung<\/a>.            <\/p>\n          <\/div>\n        <\/div>\n      <\/div>\n      <\/div>\n\n  <\/figure><\/div>\n\n\n<div id=\"block-83\" class=\"col wp-block-yellowtree-column col-12 col-md-6 col-lg-3 d-flex flex-column with-streched-height-children align-items-stretch align-items-md-stretch\">\n  <figure class=\"wp-embed-aspect-16-9 wp-has-aspect-ratio wp-block-embed has-context-height is-provider-youtube is-type-video\">\n  <div class=\"ratio\" style=\"--bs-aspect-ratio:56.25%\">\n          <div class=\"media-defer rounded overflow-hidden bg-black\" data-defer-target=\"iframe\" data-defer-url=\"https:\/\/www.youtube.com\/embed\/Eid_DvDCakw?feature=oembed&amp;autoplay=1&amp;iv_load_policy=3&amp;rel=0&amp;dnt=0\" data-consent-required=\"marketing\">\n\n        <div class=\"media-defer__content h-100\" style=\"display: none;\">\n          <iframe width=\"500\" height=\"281\" frameborder=\"0\" allow=\"accelerometer; autoplay; clipboard-write; encrypted-media; gyroscope; picture-in-picture; web-share\" referrerpolicy=\"strict-origin-when-cross-origin\" allowfullscreen title=\"Family live Talk: &quot;Eltern sein - Paar bleiben&quot;  Caro und Jonas G\u00fcnter 28.2.2023\"><\/iframe>        <\/div>\n\n        <div class=\"media-defer__placeholder h-100 position-relative\">\n          <img decoding=\"async\" class=\"video-thumbnail w-100 h-100 object-fit-cover\" src=\"https:\/\/icf.church\/kraichgau\/wp-content\/uploads\/sites\/145\/youtube-thumbs\/Eid_DvDCakw-hqdefault.jpg\" srcset=\"https:\/\/icf.church\/kraichgau\/wp-content\/uploads\/sites\/145\/youtube-thumbs\/Eid_DvDCakw-maxresdefault.jpg 1280w, https:\/\/icf.church\/kraichgau\/wp-content\/uploads\/sites\/145\/youtube-thumbs\/Eid_DvDCakw-hqdefault.jpg 480w, https:\/\/icf.church\/kraichgau\/wp-content\/uploads\/sites\/145\/youtube-thumbs\/Eid_DvDCakw-sddefault.jpg 640w\" sizes=\"(max-width: 2560px) 100vw, 2560px\" alt=\"Family live Talk: &quot;Eltern sein - Paar bleiben&quot;  Caro und Jonas G\u00fcnter 28.2.2023\" draggable=\"false\" loading=\"lazy\">\n\n          <button class=\"video-toggle show\" type=\"button\" aria-label=\"Inhalte abspielen\">\n          <\/button>\n\n                      <img decoding=\"async\" class=\"position-absolute end-0 bottom-0 video-provider-image\" src=\"https:\/\/icf.church\/kraichgau\/wp-content\/themes\/icf\/assets\/youtube-type-logo.svg\" alt=\"YouTube\" loading=\"lazy\">\n          \n          <div data-consent=\"marketing\" data-inverse class=\"position-absolute bottom-0 start-0 end-0 p-3 text-white bg-black bg-opacity-50 text-center\">\n            <p class=\"mb-0 small\">\n              \ud83c\udfa5 Mit deinem Klick werden Inhalte von Youtube geladen. Dabei erlaubst du Cookies f\u00fcr marketing. Mehr dazu in unserer  <a href=\"https:\/\/icf.church\/karlsruhe\/de\/datenschutz\/\" class=\"text-white\">Datenschutzerkl\u00e4rung<\/a>.            <\/p>\n          <\/div>\n        <\/div>\n      <\/div>\n      <\/div>\n\n  <\/figure><\/div>\n\n\n<div id=\"block-85\" class=\"col wp-block-yellowtree-column col-12 col-md-6 col-lg-3 d-flex flex-column with-streched-height-children align-items-stretch align-items-md-stretch\">\n  <div class=\"mw-100\">\n      <figure id=\"block-84\">\n      <div class=\"img-wrap\" style=\"aspect-ratio:16\/9;max-width:100%\">\n        <img decoding=\"async\" src=\"https:\/\/icf.church\/kraichgau\/wp-content\/uploads\/sites\/145\/2026\/08\/neue-website-familie-1024x576-1.jpg\" alt=\"\" loading=\"lazy\" title=\"\" srcset=\"https:\/\/icf.church\/kraichgau\/wp-content\/uploads\/sites\/145\/2026\/08\/neue-website-familie-1024x576-1.jpg 1024w, https:\/\/icf.church\/kraichgau\/wp-content\/uploads\/sites\/145\/2026\/08\/neue-website-familie-1024x576-1-300x169.jpg 300w, https:\/\/icf.church\/kraichgau\/wp-content\/uploads\/sites\/145\/2026\/08\/neue-website-familie-1024x576-1-768x432.jpg 768w\" sizes=\"(max-width: 1024px) 100vw, 1024px\" class=\"img-fluid w-100 h-100 rounded object-fit-cover\" style=\"object-position: center center\">\n      <\/div>\n              <figcaption class=\"figure-caption mt-1\">PDF: Mit Kindern \u00fcber Sexualit\u00e4t reden<\/figcaption>\n          <\/figure>\n    <\/div><\/div>\n        <\/div>\n          <\/div>\n<\/div>\n\n<div id=\"block-89\" class=\"pt-2 pb-2 alignfull is-layout-constrained\">\n  <div>\n            <div class=\"row gx-4 gy-4 \">\n          \n\n<div id=\"block-88\" class=\"col wp-block-yellowtree-column col-12 d-flex flex-column with-streched-height-children align-items-stretch align-items-md-stretch\">\n  <h2 id=\"block-87\" class=\"mt-6 h2 display-2 text-center\">\n  Stay Connected<\/h2><\/div>\n        <\/div>\n          <\/div>\n<\/div>\n\n\n<div id=\"block-95\" class=\"wp-block-yellowtree-text-image d-flex flex-column flex-lg-row gap-3\">\n    \n\n<div id=\"block-90\" class=\"wp-block-yellowtree-locked-image\">\n    <img decoding=\"async\" width=\"683\" height=\"1024\" src=\"https:\/\/icf.church\/kraichgau\/wp-content\/uploads\/sites\/145\/2026\/08\/mindfulness-com-u1rmd5bqcgu-unsplash-683x1024.jpg\" class=\"w-100 h-100 object-fit-cover\" alt=\"\" style=\"object-position: 65% 52%;\" loading=\"lazy\" sizes=\"(max-width: 992px) 100vw, 1600px\" srcset=\"https:\/\/icf.church\/kraichgau\/wp-content\/uploads\/sites\/145\/2026\/08\/mindfulness-com-u1rmd5bqcgu-unsplash-683x1024.jpg 683w, https:\/\/icf.church\/kraichgau\/wp-content\/uploads\/sites\/145\/2026\/08\/mindfulness-com-u1rmd5bqcgu-unsplash-200x300.jpg 200w, https:\/\/icf.church\/kraichgau\/wp-content\/uploads\/sites\/145\/2026\/08\/mindfulness-com-u1rmd5bqcgu-unsplash-768x1152.jpg 768w, https:\/\/icf.church\/kraichgau\/wp-content\/uploads\/sites\/145\/2026\/08\/mindfulness-com-u1rmd5bqcgu-unsplash-1024x1536.jpg 1024w, https:\/\/icf.church\/kraichgau\/wp-content\/uploads\/sites\/145\/2026\/08\/mindfulness-com-u1rmd5bqcgu-unsplash-1365x2048.jpg 1365w, https:\/\/icf.church\/kraichgau\/wp-content\/uploads\/sites\/145\/2026\/08\/mindfulness-com-u1rmd5bqcgu-unsplash-scaled.jpg 1707w\" \/><\/div>\n\n\n\n<div id=\"block-94\" data-bs-theme=\"dark\" class=\"card wp-block-yellowtree-text-card has-context-height\">\n  <div class=\"card-body px-4 py-6 p-sm-6 p-lg-8\">\n    \n\n<h2 id=\"block-91\">\n    Telegram Channel<\/h2>\n\n\n<p id=\"block-92\">\n    Wir tr\u00e4umen davon, dass ihr als Family euren Glauben nicht nur am Sonntag lebt, sondern auch unter der Woche gemeinsam vertiefen k\u00f6nnt. Das m\u00f6chten wir mit unserem ICF Kids &amp; Families Telegram Channel erm\u00f6glichen. Hier bekommt ihr Impulse, Anregungen, Ideen und Unterst\u00fctzung dabei. Au\u00dferdem bleibt ihr up-to-date \u00fcber Family-Events und -Aktionen.<\/p>\n\n\n  <div>\n    <a id=\"block-93\" href=\"https:\/\/t.me\/icfkidskraichgau\" rel=\"\" target=\"_blank\" class=\"wp-block-yellowtree-button-link btn btn-default\">\n      <span>Zum Channel<\/span>\n              <i class='icon fs-base-const fa-brands fa-telegram' aria-hidden=\"true\"><\/i>\n          <\/a>\n  <\/div>\n\n  <\/div>\n<\/div>\n<\/div>\n\n\n<div id=\"block-100\" class=\"pt-2 pb-2 alignfull is-layout-constrained\">\n  <div>\n            <div class=\"row gx-4 gy-4 \">\n          \n\n<div id=\"block-99\" class=\"col wp-block-yellowtree-column col-12 d-flex flex-column with-streched-height-children align-items-center align-items-md-center\">\n  <h2 id=\"block-96\" class=\"mt-8 h2 display-2 text-center\">\n  Mitarbeit<\/h2>\n\n<p id=\"block-97\" class=\"mb-2 text-center wp-block-paragraph\">\n  Du willst mitarbeiten? Melde dich gerne!<\/p>\n\n\n  <div>\n    <a id=\"block-98\" href=\"https:\/\/icf-karlsruhe.church.tools\/grouphomepage\/2SFnBqhrufmqRXFz2lVKScEZlj5uTSS3\" rel=\"\" target=\"_blank\" class=\"wp-block-yellowtree-button-link btn btn-action-1\">\n      <span>Mehr dazu<\/span>\n          <\/a>\n  <\/div><\/div>\n        <\/div>\n          <\/div>\n<\/div>","protected":false},"excerpt":{"rendered":"","protected":false},"author":233,"featured_media":0,"parent":0,"menu_order":2,"comment_status":"closed","ping_status":"closed","template":"","meta":{"_acf_changed":false,"_seopress_titles_title":"","_seopress_titles_desc":"","_seopress_robots_index":"","_seopress_robots_follow":"","_seopress_robots_imageindex":"","_seopress_robots_snippet":"","_seopress_robots_primary_cat":"","_seopress_robots_breadcrumbs":"","_seopress_robots_freeze_modified_date":"","_seopress_robots_custom_modified_date":"","_seopress_robots_canonical":"","_seopress_social_fb_title":"","_seopress_social_fb_desc":"","_seopress_social_fb_img":"","_seopress_social_fb_img_attachment_id":0,"_seopress_social_fb_img_width":0,"_seopress_social_fb_img_height":0,"_seopress_social_twitter_title":"","_seopress_social_twitter_desc":"","_seopress_social_twitter_img":"","_seopress_social_twitter_img_attachment_id":0,"_seopress_social_twitter_img_width":0,"_seopress_social_twitter_img_height":0,"_seopress_redirections_value":"","_seopress_redirections_enabled":"","_seopress_redirections_enabled_regex":"","_seopress_redirections_logged_status":"","_seopress_redirections_param":"","_seopress_redirections_type":0,"_seopress_analysis_target_kw":"","_seopress_news_disabled":"","_seopress_video_disabled":"","_seopress_video":[],"_seopress_pro_schemas_manual":[],"_seopress_pro_rich_snippets_disable_all":"","_seopress_pro_rich_snippets_disable":[],"_seopress_pro_schemas":[],"yt_custom_styles_scss":"","yt_custom_styles_rounded_corners":false,"yt_custom_styles_color_scheme":"","footnotes":""},"class_list":["post-1168","page","type-page","status-publish","hentry"],"acf":[],"_links":{"self":[{"href":"https:\/\/icf.church\/kraichgau\/de\/wp-json\/wp\/v2\/pages\/1168","targetHints":{"allow":["GET"]}}],"collection":[{"href":"https:\/\/icf.church\/kraichgau\/de\/wp-json\/wp\/v2\/pages"}],"about":[{"href":"https:\/\/icf.church\/kraichgau\/de\/wp-json\/wp\/v2\/types\/page"}],"author":[{"embeddable":true,"href":"https:\/\/icf.church\/kraichgau\/de\/wp-json\/wp\/v2\/users\/233"}],"replies":[{"embeddable":true,"href":"https:\/\/icf.church\/kraichgau\/de\/wp-json\/wp\/v2\/comments?post=1168"}],"version-history":[{"count":19,"href":"https:\/\/icf.church\/kraichgau\/de\/wp-json\/wp\/v2\/pages\/1168\/revisions"}],"predecessor-version":[{"id":1459,"href":"https:\/\/icf.church\/kraichgau\/de\/wp-json\/wp\/v2\/pages\/1168\/revisions\/1459"}],"wp:attachment":[{"href":"https:\/\/icf.church\/kraichgau\/de\/wp-json\/wp\/v2\/media?parent=1168"}],"curies":[{"name":"wp","href":"https:\/\/api.w.org\/{rel}","templated":true}]}}