{"id":1256,"date":"2026-08-18T21:21:50","date_gmt":"2026-08-18T19:21:50","guid":{"rendered":"https:\/\/new.icf.church\/kraichgau\/?page_id=1256"},"modified":"2026-08-20T15:40:00","modified_gmt":"2026-08-20T13:40:00","slug":"communities","status":"publish","type":"page","link":"https:\/\/icf.church\/kraichgau\/de\/communities\/","title":{"rendered":"Communities"},"content":{"rendered":"<h2 id=\"block-1\" class=\"mt-4 h2 display-2 text-center\">\n  Communities<\/h2>\n\n<div id=\"block-4\" class=\"pt-2 pb-2 alignfull is-layout-constrained\">\n  <div>\n          <div class=\"row\">\n        <div class=\"col-12 col-md-8 mx-auto\">\n                <div class=\"row gx-4 gy-4 \">\n          \n\n<div id=\"block-3\" class=\"col wp-block-yellowtree-column col-12 d-flex flex-column with-streched-height-children align-items-stretch align-items-md-stretch\">\n  <h3 id=\"block-2\" class=\"h3 text-center\">\n  In unseren Communities kannst du Menschen in der gleichen Lebensphase oder mit den gleichen Interessen kennen lernen. Das geht nicht nur sonntags, sondern auch bei genialen Events, Camps und Workshops.<\/h3><\/div>\n        <\/div>\n                <\/div>\n      <\/div>\n      <\/div>\n<\/div>\n\n<div id=\"block-15\" class=\"pt-2 pb-2 alignfull is-layout-constrained\">\n  <div>\n            <div class=\"row gx-4 gy-4 \">\n          \n\n<div id=\"block-8\" class=\"col wp-block-yellowtree-column col-12 col-lg-4 d-flex flex-column with-streched-height-children align-items-stretch align-items-lg-stretch\">\n  <article id=\"block-7\" data-bs-theme=\"dark\" class=\"wp-block-yellowtree-card card has-context-height\" style=\"--card-img-position:50% 50%\">\n        <img decoding=\"async\" width=\"1024\" height=\"576\" src=\"https:\/\/icf.church\/kraichgau\/wp-content\/uploads\/sites\/145\/2026\/08\/icf-kids-1024x576.jpg\" class=\"card-img-top\" alt=\"\" draggable=\"false\" loading=\"lazy\" srcset=\"https:\/\/icf.church\/kraichgau\/wp-content\/uploads\/sites\/145\/2026\/08\/icf-kids-1024x576.jpg 1024w, https:\/\/icf.church\/kraichgau\/wp-content\/uploads\/sites\/145\/2026\/08\/icf-kids-300x169.jpg 300w, https:\/\/icf.church\/kraichgau\/wp-content\/uploads\/sites\/145\/2026\/08\/icf-kids-768x432.jpg 768w, https:\/\/icf.church\/kraichgau\/wp-content\/uploads\/sites\/145\/2026\/08\/icf-kids-1536x864.jpg 1536w, https:\/\/icf.church\/kraichgau\/wp-content\/uploads\/sites\/145\/2026\/08\/icf-kids.jpg 1920w\" sizes=\"(max-width: 1024px) 100vw, 1024px\">    <div class=\"card-body\">\n    <h3 class=\"card-title\">ICF Kids<\/h3>\n    <p class=\"card-text\">Sonntags treffen sich unsere Kids in ver&shy;schiedenen Altersgruppen von 0-15 Jahren zur Kids Celebration<\/p>\n    <div id=\"block-6\" class=\"wp-block-yellowtree-card-buttons card-buttons\">\n  \n\n  <div>\n    <a id=\"block-5\" href=\"https:\/\/icf.church\/kraichgau\/de\/icf-kids\/\" class=\"wp-block-yellowtree-card-button btn btn-sm btn-secondary\">\n      <span>Mehr Infos<\/span>\n              <i class=\"icon fs-base-const fa-arrow-right\" aria-hidden=\"true\"><\/i>\n          <\/a>\n  <\/div>\n\n<\/div>  <\/div>\n<\/article><\/div>\n\n\n<div id=\"block-10\" class=\"col wp-block-yellowtree-column col-12 col-lg-4 d-flex flex-column with-streched-height-children align-items-stretch align-items-lg-stretch\">\n  <article id=\"block-9\" data-bs-theme=\"dark\" class=\"wp-block-yellowtree-card card has-context-height\" style=\"--card-img-position:52% 40%\">\n        <img decoding=\"async\" width=\"1024\" height=\"576\" src=\"https:\/\/icf.church\/kraichgau\/wp-content\/uploads\/sites\/145\/2026\/08\/pre-teens-fullhd-1024x576.jpg\" class=\"card-img-top\" alt=\"\" draggable=\"false\" loading=\"lazy\" srcset=\"https:\/\/icf.church\/kraichgau\/wp-content\/uploads\/sites\/145\/2026\/08\/pre-teens-fullhd-1024x576.jpg 1024w, https:\/\/icf.church\/kraichgau\/wp-content\/uploads\/sites\/145\/2026\/08\/pre-teens-fullhd-300x169.jpg 300w, https:\/\/icf.church\/kraichgau\/wp-content\/uploads\/sites\/145\/2026\/08\/pre-teens-fullhd-768x432.jpg 768w, https:\/\/icf.church\/kraichgau\/wp-content\/uploads\/sites\/145\/2026\/08\/pre-teens-fullhd-1536x864.jpg 1536w, https:\/\/icf.church\/kraichgau\/wp-content\/uploads\/sites\/145\/2026\/08\/pre-teens-fullhd.jpg 1920w\" sizes=\"(max-width: 1024px) 100vw, 1024px\">    <div class=\"card-body\">\n    <h3 class=\"card-title\">ICF Teens<\/h3>\n    <p class=\"card-text\">ICF Teens ist der Ort f\u00fcr alle zwischen 13-16 Jahren! Unser Wunsch ist es, dass du hier Gott besser kennenlernst, mutig deinen Glauben lebst und einen positiven Unterschied in deiner Welt machst. Wir treffen uns jeden Freitag von 19:00 &#8211; 22:00 Uhr im ICF Jugendraum. Sei dabei \u2013 wir freuen uns auf dich!<\/p>\n      <\/div>\n<\/article><\/div>\n\n\n<div id=\"block-14\" class=\"col wp-block-yellowtree-column col-12 col-lg-4 d-flex flex-column with-streched-height-children align-items-stretch align-items-lg-stretch\">\n  <article id=\"block-13\" data-bs-theme=\"dark\" class=\"wp-block-yellowtree-card card has-context-height\" style=\"--card-img-position:52% 40%\">\n        <img decoding=\"async\" width=\"1024\" height=\"576\" src=\"https:\/\/icf.church\/kraichgau\/wp-content\/uploads\/sites\/145\/2026\/08\/website-youth-design-1-1024x576.png\" class=\"card-img-top\" alt=\"\" draggable=\"false\" loading=\"lazy\" srcset=\"https:\/\/icf.church\/kraichgau\/wp-content\/uploads\/sites\/145\/2026\/08\/website-youth-design-1-1024x576.png 1024w, https:\/\/icf.church\/kraichgau\/wp-content\/uploads\/sites\/145\/2026\/08\/website-youth-design-1-300x169.png 300w, https:\/\/icf.church\/kraichgau\/wp-content\/uploads\/sites\/145\/2026\/08\/website-youth-design-1-768x432.png 768w, https:\/\/icf.church\/kraichgau\/wp-content\/uploads\/sites\/145\/2026\/08\/website-youth-design-1-1536x864.png 1536w, https:\/\/icf.church\/kraichgau\/wp-content\/uploads\/sites\/145\/2026\/08\/website-youth-design-1.png 1920w\" sizes=\"(max-width: 1024px) 100vw, 1024px\">    <div class=\"card-body\">\n    <h3 class=\"card-title\">ICF Youth<\/h3>\n    <p class=\"card-text\">ICF Youth ist deine Plattform, wenn du zwischen 16-20 Jahre alt bist! Unser Traum ist es, dass du hier Jesus \u00e4hnlicher wirst, furchtlos lebst und dein Umfeld positiv beeinflusst. Wir treffen uns jeden Freitag von 20:30 &#8211; 00:00 Uhr im ICF Jugendraum.<\/p>\n    <div id=\"block-12\" class=\"wp-block-yellowtree-card-buttons card-buttons\">\n  \n\n  <div>\n    <a id=\"block-11\" href=\"https:\/\/t.me\/icfyouthkraichgau\" target=\"_blank\" class=\"wp-block-yellowtree-card-button btn btn-sm btn-secondary\">\n      <span>Youth Telegram<\/span>\n              <i class=\"icon fs-base-const fa-arrow-right\" aria-hidden=\"true\"><\/i>\n          <\/a>\n  <\/div>\n\n<\/div>  <\/div>\n<\/article><\/div>\n        <\/div>\n          <\/div>\n<\/div>\n\n<div id=\"block-30\" class=\"alignfull is-layout-constrained\">\n  <div>\n            <div class=\"row gx-4 gy-4 \">\n          \n\n<div id=\"block-29\" class=\"col wp-block-yellowtree-column col-12 d-flex flex-column with-streched-height-children align-items-stretch align-items-md-stretch\">\n  <div id=\"block-28\" class=\"pt-2 pb-2 alignfull is-layout-constrained\">\n  <div>\n            <div class=\"row gx-4 gy-4 \">\n          \n\n<div id=\"block-19\" class=\"col wp-block-yellowtree-column col-12 col-lg-4 d-flex flex-column with-streched-height-children align-items-stretch align-items-lg-stretch\">\n  <article id=\"block-18\" data-bs-theme=\"dark\" class=\"wp-block-yellowtree-card card has-context-height\" style=\"--card-img-position:52% 68%\">\n        <img decoding=\"async\" width=\"1024\" height=\"576\" src=\"https:\/\/icf.church\/kraichgau\/wp-content\/uploads\/sites\/145\/2026\/08\/neue-website_-icf-rhein-neckar-1024x576.jpg\" class=\"card-img-top\" alt=\"\" draggable=\"false\" loading=\"lazy\" srcset=\"https:\/\/icf.church\/kraichgau\/wp-content\/uploads\/sites\/145\/2026\/08\/neue-website_-icf-rhein-neckar-1024x576.jpg 1024w, https:\/\/icf.church\/kraichgau\/wp-content\/uploads\/sites\/145\/2026\/08\/neue-website_-icf-rhein-neckar-300x169.jpg 300w, https:\/\/icf.church\/kraichgau\/wp-content\/uploads\/sites\/145\/2026\/08\/neue-website_-icf-rhein-neckar-768x432.jpg 768w, https:\/\/icf.church\/kraichgau\/wp-content\/uploads\/sites\/145\/2026\/08\/neue-website_-icf-rhein-neckar-1536x864.jpg 1536w, https:\/\/icf.church\/kraichgau\/wp-content\/uploads\/sites\/145\/2026\/08\/neue-website_-icf-rhein-neckar.jpg 1920w\" sizes=\"(max-width: 1024px) 100vw, 1024px\">    <div class=\"card-body\">\n    <h3 class=\"card-title\">Young Adults Community<\/h3>\n    <p class=\"card-text\">SUNday is FUNday \u2013 jeden Sonntagabend treffen sich die jungen Erwachsenen im ICF Kraichgau. Wir gehen gemeinsam in den Gottesdienst und verbringen danach den Abend bei entspannter Atmosph\u00e4re zusammen in der Welcome Lounge.<\/p>\n    <div id=\"block-17\" class=\"wp-block-yellowtree-card-buttons card-buttons\">\n  \n\n  <div>\n    <a id=\"block-16\" href=\"https:\/\/chat.whatsapp.com\/ELzjP397fzmJR5QzHMv8Kc?mode=hqctcli\" target=\"_blank\" class=\"wp-block-yellowtree-card-button btn btn-sm btn-secondary\">\n      <span>WhatsApp Chat<\/span>\n              <i class=\"icon fs-base-const fa-arrow-right\" aria-hidden=\"true\"><\/i>\n          <\/a>\n  <\/div>\n\n<\/div>  <\/div>\n<\/article><\/div>\n\n\n<div id=\"block-23\" class=\"col wp-block-yellowtree-column col-12 col-lg-4 d-flex flex-column with-streched-height-children align-items-stretch align-items-lg-stretch\">\n  <article id=\"block-22\" data-bs-theme=\"dark\" class=\"wp-block-yellowtree-card card has-context-height\" style=\"--card-img-position:46% 53%\">\n        <img decoding=\"async\" width=\"1024\" height=\"683\" src=\"https:\/\/icf.church\/kraichgau\/wp-content\/uploads\/sites\/145\/2025\/10\/icf-equip-corporate-shooting-24-6-1024x683.jpg\" class=\"card-img-top\" alt=\"Fr\u00f6hliche Frauen beim Gemeinschaftstreffen, lachen und sprechen, symbolisiert Verbundenheit und Gemeinschaft bei ICF, Fokus auf soziale Aktivit\u00e4ten und freundschaftliche Beziehungen.\" draggable=\"false\" loading=\"lazy\" srcset=\"https:\/\/icf.church\/kraichgau\/wp-content\/uploads\/sites\/145\/2025\/10\/icf-equip-corporate-shooting-24-6-1024x683.jpg 1024w, https:\/\/icf.church\/kraichgau\/wp-content\/uploads\/sites\/145\/2025\/10\/icf-equip-corporate-shooting-24-6-300x200.jpg 300w, https:\/\/icf.church\/kraichgau\/wp-content\/uploads\/sites\/145\/2025\/10\/icf-equip-corporate-shooting-24-6-768x512.jpg 768w, https:\/\/icf.church\/kraichgau\/wp-content\/uploads\/sites\/145\/2025\/10\/icf-equip-corporate-shooting-24-6-1536x1025.jpg 1536w, https:\/\/icf.church\/kraichgau\/wp-content\/uploads\/sites\/145\/2025\/10\/icf-equip-corporate-shooting-24-6-2048x1366.jpg 2048w\" sizes=\"(max-width: 1024px) 100vw, 1024px\">    <div class=\"card-body\">\n    <h3 class=\"card-title\">Ladies Community<\/h3>\n    <p class=\"card-text\">Liebe Ladies, wir wollen zusammen Gott erleben, unseren Glauben st\u00e4rken, Freundschaften kn\u00fcpfen und uns gegenseitig ermutigen und unterst\u00fctzen.<\/p>\n    <div id=\"block-21\" class=\"wp-block-yellowtree-card-buttons card-buttons\">\n  \n\n  <div>\n    <a id=\"block-20\" href=\"https:\/\/icf.church\/kraichgau\/de\/ladies\/\" class=\"wp-block-yellowtree-card-button btn btn-sm btn-secondary\">\n      <span>Mehr Infos<\/span>\n              <i class=\"icon fs-base-const fa-arrow-right\" aria-hidden=\"true\"><\/i>\n          <\/a>\n  <\/div>\n\n<\/div>  <\/div>\n<\/article><\/div>\n\n\n<div id=\"block-27\" class=\"col wp-block-yellowtree-column col-12 col-lg-4 d-flex flex-column with-streched-height-children align-items-stretch align-items-lg-stretch\">\n  <article id=\"block-26\" data-bs-theme=\"dark\" class=\"wp-block-yellowtree-card card has-context-height\" style=\"--card-img-position:52% 40%\">\n        <img decoding=\"async\" width=\"683\" height=\"1024\" src=\"https:\/\/icf.church\/kraichgau\/wp-content\/uploads\/sites\/145\/2026\/08\/250529_09-43-35_conf-lydia-g-scaled-1-683x1024.jpg\" class=\"card-img-top\" alt=\"\" draggable=\"false\" loading=\"lazy\" srcset=\"https:\/\/icf.church\/kraichgau\/wp-content\/uploads\/sites\/145\/2026\/08\/250529_09-43-35_conf-lydia-g-scaled-1-683x1024.jpg 683w, https:\/\/icf.church\/kraichgau\/wp-content\/uploads\/sites\/145\/2026\/08\/250529_09-43-35_conf-lydia-g-scaled-1-200x300.jpg 200w, https:\/\/icf.church\/kraichgau\/wp-content\/uploads\/sites\/145\/2026\/08\/250529_09-43-35_conf-lydia-g-scaled-1-768x1152.jpg 768w, https:\/\/icf.church\/kraichgau\/wp-content\/uploads\/sites\/145\/2026\/08\/250529_09-43-35_conf-lydia-g-scaled-1-1024x1536.jpg 1024w, https:\/\/icf.church\/kraichgau\/wp-content\/uploads\/sites\/145\/2026\/08\/250529_09-43-35_conf-lydia-g-scaled-1-1366x2048.jpg 1366w, https:\/\/icf.church\/kraichgau\/wp-content\/uploads\/sites\/145\/2026\/08\/250529_09-43-35_conf-lydia-g-scaled-1.jpg 1707w\" sizes=\"(max-width: 683px) 100vw, 683px\">    <div class=\"card-body\">\n    <h3 class=\"card-title\">M\u00e4nner Community<\/h3>\n    <p class=\"card-text\">Unsere Kirche bietet dir verschiedene und einzigartige Angebote, die nur f\u00fcr uns M\u00e4nner sind!<\/p>\n    <div id=\"block-25\" class=\"wp-block-yellowtree-card-buttons card-buttons\">\n  \n\n  <div>\n    <a id=\"block-24\" href=\"https:\/\/icf.church\/karlsruhe\/de\/maenner\/\" target=\"_blank\" class=\"wp-block-yellowtree-card-button btn btn-sm btn-secondary\">\n      <span>Mehr Infos<\/span>\n              <i class=\"icon fs-base-const fa-arrow-right\" aria-hidden=\"true\"><\/i>\n          <\/a>\n  <\/div>\n\n<\/div>  <\/div>\n<\/article><\/div>\n        <\/div>\n          <\/div>\n<\/div><\/div>\n        <\/div>\n          <\/div>\n<\/div>","protected":false},"excerpt":{"rendered":"<p>Communities<\/p>\n","protected":false},"author":233,"featured_media":0,"parent":0,"menu_order":8,"comment_status":"closed","ping_status":"closed","template":"","meta":{"_acf_changed":false,"_seopress_titles_title":"","_seopress_titles_desc":"","_seopress_robots_index":"","_seopress_robots_follow":"","_seopress_robots_imageindex":"","_seopress_robots_snippet":"","_seopress_robots_primary_cat":"","_seopress_robots_breadcrumbs":"","_seopress_robots_freeze_modified_date":"","_seopress_robots_custom_modified_date":"","_seopress_robots_canonical":"","_seopress_social_fb_title":"","_seopress_social_fb_desc":"","_seopress_social_fb_img":"","_seopress_social_fb_img_attachment_id":0,"_seopress_social_fb_img_width":0,"_seopress_social_fb_img_height":0,"_seopress_social_twitter_title":"","_seopress_social_twitter_desc":"","_seopress_social_twitter_img":"","_seopress_social_twitter_img_attachment_id":0,"_seopress_social_twitter_img_width":0,"_seopress_social_twitter_img_height":0,"_seopress_redirections_value":"","_seopress_redirections_enabled":"","_seopress_redirections_enabled_regex":"","_seopress_redirections_logged_status":"","_seopress_redirections_param":"","_seopress_redirections_type":0,"_seopress_analysis_target_kw":"","_seopress_news_disabled":"","_seopress_video_disabled":"","_seopress_video":[],"_seopress_pro_schemas_manual":[],"_seopress_pro_rich_snippets_disable_all":"","_seopress_pro_rich_snippets_disable":[],"_seopress_pro_schemas":[],"yt_custom_styles_scss":"","yt_custom_styles_rounded_corners":false,"yt_custom_styles_color_scheme":"","footnotes":""},"class_list":["post-1256","page","type-page","status-publish","hentry"],"acf":[],"_links":{"self":[{"href":"https:\/\/icf.church\/kraichgau\/de\/wp-json\/wp\/v2\/pages\/1256","targetHints":{"allow":["GET"]}}],"collection":[{"href":"https:\/\/icf.church\/kraichgau\/de\/wp-json\/wp\/v2\/pages"}],"about":[{"href":"https:\/\/icf.church\/kraichgau\/de\/wp-json\/wp\/v2\/types\/page"}],"author":[{"embeddable":true,"href":"https:\/\/icf.church\/kraichgau\/de\/wp-json\/wp\/v2\/users\/233"}],"replies":[{"embeddable":true,"href":"https:\/\/icf.church\/kraichgau\/de\/wp-json\/wp\/v2\/comments?post=1256"}],"version-history":[{"count":6,"href":"https:\/\/icf.church\/kraichgau\/de\/wp-json\/wp\/v2\/pages\/1256\/revisions"}],"predecessor-version":[{"id":1521,"href":"https:\/\/icf.church\/kraichgau\/de\/wp-json\/wp\/v2\/pages\/1256\/revisions\/1521"}],"wp:attachment":[{"href":"https:\/\/icf.church\/kraichgau\/de\/wp-json\/wp\/v2\/media?parent=1256"}],"curies":[{"name":"wp","href":"https:\/\/api.w.org\/{rel}","templated":true}]}}