{"id":1372,"date":"2026-08-19T19:00:18","date_gmt":"2026-08-19T17:00:18","guid":{"rendered":"https:\/\/new.icf.church\/kraichgau\/?page_id=1372"},"modified":"2026-08-19T19:04:37","modified_gmt":"2026-08-19T17:04:37","slug":"reach","status":"publish","type":"page","link":"https:\/\/icf.church\/kraichgau\/de\/reach\/","title":{"rendered":"Reach"},"content":{"rendered":"<div id=\"block-5\" class=\"pt-2 pb-2 alignfull is-layout-constrained\">\n  <div>\n            <div class=\"row gx-4 gy-4 \">\n          \n\n<div id=\"block-4\" class=\"col wp-block-yellowtree-column col-12 d-flex flex-column with-streched-height-children align-items-stretch align-items-md-stretch\">\n  <div id=\"block-3\" class=\"wp-block-yellowtree-hero-stage\">\n    <div class=\"hero-stage \">\n        \n\n<div id=\"block-2\" class=\"hero-stage-content\">\n    <div class=\"hero-stage-content__background\">\n        <div class=\"overlay-black-25 h-100\">\n                            <img fetchpriority=\"high\" decoding=\"async\" width=\"2560\" height=\"924\" src=\"https:\/\/icf.church\/kraichgau\/wp-content\/uploads\/sites\/145\/2026\/08\/reach-beyond-2026-header-1-scaled-1.jpg\" class=\"hero-stage-media\" alt=\"\" style=\"object-position: 50% 50%;\" aria-hidden=\"true\" loading=\"eager\" srcset=\"https:\/\/icf.church\/kraichgau\/wp-content\/uploads\/sites\/145\/2026\/08\/reach-beyond-2026-header-1-scaled-1.jpg 2560w, https:\/\/icf.church\/kraichgau\/wp-content\/uploads\/sites\/145\/2026\/08\/reach-beyond-2026-header-1-scaled-1-300x108.jpg 300w, https:\/\/icf.church\/kraichgau\/wp-content\/uploads\/sites\/145\/2026\/08\/reach-beyond-2026-header-1-scaled-1-1024x370.jpg 1024w, https:\/\/icf.church\/kraichgau\/wp-content\/uploads\/sites\/145\/2026\/08\/reach-beyond-2026-header-1-scaled-1-768x277.jpg 768w, https:\/\/icf.church\/kraichgau\/wp-content\/uploads\/sites\/145\/2026\/08\/reach-beyond-2026-header-1-scaled-1-1536x554.jpg 1536w, https:\/\/icf.church\/kraichgau\/wp-content\/uploads\/sites\/145\/2026\/08\/reach-beyond-2026-header-1-scaled-1-2048x739.jpg 2048w\" sizes=\"(max-width: 2560px) 100vw, 2560px\">                    <\/div>\n        <div class=\"hero-stage-gradient\"><\/div>\n    <\/div>\n    <div class=\"hero-stage-content__foreground is-layout-constrained\">\n        <h1 id=\"block-1\" class=\"display-1 text-center\">\n    <\/h1>    <\/div>\n<\/div>\n    <\/div>\n<\/div><\/div>\n        <\/div>\n          <\/div>\n<\/div>\n\n<div id=\"block-9\" class=\"pt-2 pb-2 alignfull is-layout-constrained\">\n  <div>\n          <div class=\"row\">\n        <div class=\"col-12 col-md-10 mx-auto\">\n                <div class=\"row gx-4 gy-4 \">\n          \n\n<div id=\"block-8\" class=\"col wp-block-yellowtree-column col-12 d-flex flex-column with-streched-height-children align-items-stretch align-items-md-stretch\">\n  <h2 id=\"block-6\" class=\"mt-2 h2 display-2 text-center\">\n  REACH BEYOND<\/h2>\n\n<h3 id=\"block-7\" class=\"h3 text-center\">\n  Reach Beyond \u2013 Das ist unsere j\u00e4hrliche Spendenkampagne. Sie erm\u00f6glicht es uns, mehr Menschen f\u00fcr Jesus zu erreichen, Not zu begegnen, unsere Kirche lokal zu erweitern und global neue zu gr\u00fcnden.<\/h3><\/div>\n        <\/div>\n                <\/div>\n      <\/div>\n      <\/div>\n<\/div>\n\n<div id=\"block-13\" class=\"pt-2 pb-2 alignfull is-layout-constrained\">\n  <div>\n          <div class=\"row\">\n        <div class=\"col-12 col-md-10 mx-auto\">\n                <div class=\"row gx-4 gy-4 \">\n          \n\n<div id=\"block-12\" class=\"col wp-block-yellowtree-column col-12 d-flex flex-column with-streched-height-children align-items-center align-items-md-center\">\n  <div class=\"mw-100\">\n      <figure id=\"block-10\" class=\"mb-2\" style=\"margin-right:0\">\n      <div class=\"img-wrap\" style=\"width:1080px;max-width:100%\">\n        <img decoding=\"async\" src=\"https:\/\/icf.church\/kraichgau\/wp-content\/uploads\/sites\/145\/2026\/08\/r26_de-website70-1024x370-1.jpg\" alt=\"\" loading=\"lazy\" title=\"\" srcset=\"https:\/\/icf.church\/kraichgau\/wp-content\/uploads\/sites\/145\/2026\/08\/r26_de-website70-1024x370-1.jpg 1024w, https:\/\/icf.church\/kraichgau\/wp-content\/uploads\/sites\/145\/2026\/08\/r26_de-website70-1024x370-1-300x108.jpg 300w, https:\/\/icf.church\/kraichgau\/wp-content\/uploads\/sites\/145\/2026\/08\/r26_de-website70-1024x370-1-768x278.jpg 768w\" sizes=\"(max-width: 1024px) 100vw, 1024px\" class=\"img-fluid w-100 h-100 rounded object-fit-cover\" style=\"object-position: center center\">\n      <\/div>\n          <\/figure>\n    <\/div>\n\n<div class=\"mw-100\">\n      <figure id=\"block-11\">\n      <div class=\"img-wrap\" style=\"max-width:100%\">\n        <img decoding=\"async\" src=\"https:\/\/icf.church\/kraichgau\/wp-content\/uploads\/sites\/145\/2026\/08\/reach-beyond-2026-malls.jpg\" alt=\"\" loading=\"lazy\" title=\"\" srcset=\"https:\/\/icf.church\/kraichgau\/wp-content\/uploads\/sites\/145\/2026\/08\/reach-beyond-2026-malls.jpg 2560w, https:\/\/icf.church\/kraichgau\/wp-content\/uploads\/sites\/145\/2026\/08\/reach-beyond-2026-malls-300x169.jpg 300w, https:\/\/icf.church\/kraichgau\/wp-content\/uploads\/sites\/145\/2026\/08\/reach-beyond-2026-malls-1024x576.jpg 1024w, https:\/\/icf.church\/kraichgau\/wp-content\/uploads\/sites\/145\/2026\/08\/reach-beyond-2026-malls-768x432.jpg 768w, https:\/\/icf.church\/kraichgau\/wp-content\/uploads\/sites\/145\/2026\/08\/reach-beyond-2026-malls-1536x864.jpg 1536w, https:\/\/icf.church\/kraichgau\/wp-content\/uploads\/sites\/145\/2026\/08\/reach-beyond-2026-malls-2048x1152.jpg 2048w\" sizes=\"(max-width: 2560px) 100vw, 2560px\" class=\"img-fluid w-100 h-100 rounded object-fit-cover\" style=\"object-position: center center\">\n      <\/div>\n          <\/figure>\n    <\/div><\/div>\n        <\/div>\n                <\/div>\n      <\/div>\n      <\/div>\n<\/div>\n\n<div id=\"block-23\" class=\"pt-2 pb-2 alignfull is-layout-constrained\">\n  <div>\n          <div class=\"row\">\n        <div class=\"col-12 col-md-8 mx-auto\">\n                <div class=\"row gx-4 gy-4 \">\n          \n\n<div id=\"block-22\" class=\"col wp-block-yellowtree-column col-12 d-flex flex-column with-streched-height-children align-items-stretch align-items-md-stretch\">\n  <h3 id=\"block-14\" class=\"h3 display-3 text-center\">\n  Heartbeat<\/h3>\n\n<p id=\"block-15\" class=\"mt-2 text-start wp-block-paragraph\">\n  <em>\u201eGOTT LIEBT DEN, DER FR\u00d6HLICH GIBT.\u201c \u2013<\/em>&nbsp;<strong>2. KORINTHER 9,7 | DIE BIBEL (NG\u00dc)<\/strong><\/p>\n\n<p id=\"block-16\" class=\"text-start wp-block-paragraph\">\n  Stell dir vor, wie Gottes Gro\u00dfz\u00fcgigkeit durch dich andere Menschen erreichen, Not begegnen und Hoffnung verbreiten kann \u2013 lokal und global.<\/p>\n\n<p id=\"block-17\" class=\"text-start wp-block-paragraph\">\n  REACH BEYOND ist die j\u00e4hrliche Spendenkampagne, durch die&nbsp;<strong>du Gottes Liebe sichtbar machst und einen realen Unterschied bewirkst.<\/strong>&nbsp;Deine Unterst\u00fctzung erm\u00f6glicht es, dass:<\/p>\n\n<p id=\"block-18\" class=\"text-start wp-block-paragraph\">\n  Menschen Jesus finden<br>Menschen in Not Hilfe bekommen<br>Lebendige Kirchen entstehen<\/p>\n\n<p id=\"block-19\" class=\"text-start wp-block-paragraph\">\n  Gott segnet dich, damit du Teil seiner Geschichte wirst \u2013 eine Geschichte, in der Hoffnung w\u00e4chst, Menschen ver\u00e4ndert werden und sein Reich sichtbar wird. Wenn du gibst, schaffst du Raum, damit andere Gott begegnen. Und du selbst erlebst, wie Gro\u00dfz\u00fcgigkeit dein Herz formt und Vertrauen vertieft.<\/p>\n\n<p id=\"block-20\" class=\"text-start wp-block-paragraph\">\n  Mit&nbsp;<strong>REACH BEYOND 2026<\/strong>&nbsp;investieren wir gemeinsam in das, was z\u00e4hlt: Menschen, die Gott begegnen, Hoffnung, die w\u00e4chst, und Ver\u00e4nderung, die bleibt \u2013 in&nbsp;<strong>Bretten<\/strong>&nbsp;und weit dar\u00fcber hinaus.<\/p>\n\n<p id=\"block-21\" class=\"text-start wp-block-paragraph\">\n  Tobi &amp; Sonja Mall<br>Location Pastors,&nbsp;ICF Kraichgau<\/p><\/div>\n        <\/div>\n                <\/div>\n      <\/div>\n      <\/div>\n<\/div>\n\n<div id=\"block-28\" class=\"pt-2 pb-2 alignfull is-layout-constrained\">\n  <div>\n          <div class=\"row\">\n        <div class=\"col-12 col-md-10 mx-auto\">\n                <div class=\"row gx-4 gy-4 \">\n          \n\n<div id=\"block-25\" class=\"col wp-block-yellowtree-column col-12 col-md-6 d-flex flex-column with-streched-height-children align-items-center align-items-md-center\">\n  <div>\n    <a id=\"block-24\" href=\"#projekte\" rel=\"\" class=\"wp-block-yellowtree-button-link btn btn-action-2\">\n      <span>Projekte anzeigen<\/span>\n          <\/a>\n  <\/div><\/div>\n\n\n<div id=\"block-27\" class=\"col wp-block-yellowtree-column col-12 col-md-6 d-flex flex-column with-streched-height-children align-items-center align-items-md-center\">\n  <div>\n    <a id=\"block-26\" href=\"#geben\" rel=\"\" class=\"wp-block-yellowtree-button-link btn btn-action-2\">\n      <span>Jetzt geben<\/span>\n          <\/a>\n  <\/div><\/div>\n        <\/div>\n                <\/div>\n      <\/div>\n      <\/div>\n<\/div>\n\n<div id=\"block-30\" class=\"pt-2 pb-2 alignfull is-layout-constrained\">\n  <div>\n            <div class=\"row gx-4 gy-4 \">\n          \n\n<div id=\"block-29\" class=\"col wp-block-yellowtree-column col-12 d-flex flex-column with-streched-height-children align-items-stretch align-items-md-stretch\">\n  <\/div>\n        <\/div>\n          <\/div>\n<\/div>\n\n<div id=\"block-33\" class=\"pt-2 pb-2 alignfull is-layout-constrained\">\n  <div>\n          <div class=\"row\">\n        <div class=\"col-12 col-md-10 mx-auto\">\n                <div class=\"row gx-4 gy-4 \">\n          \n\n<div id=\"block-32\" class=\"col wp-block-yellowtree-column col-12 d-flex flex-column with-streched-height-children align-items-center align-items-md-center\">\n  <div class=\"mw-100\">\n      <figure id=\"block-31\">\n      <div class=\"img-wrap\" style=\"width:1080px;max-width:100%\">\n        <img decoding=\"async\" src=\"https:\/\/icf.church\/kraichgau\/wp-content\/uploads\/sites\/145\/2026\/08\/r26_de-website68-1024x370-1.jpg\" alt=\"\" loading=\"lazy\" title=\"\" srcset=\"https:\/\/icf.church\/kraichgau\/wp-content\/uploads\/sites\/145\/2026\/08\/r26_de-website68-1024x370-1.jpg 1024w, https:\/\/icf.church\/kraichgau\/wp-content\/uploads\/sites\/145\/2026\/08\/r26_de-website68-1024x370-1-300x108.jpg 300w, https:\/\/icf.church\/kraichgau\/wp-content\/uploads\/sites\/145\/2026\/08\/r26_de-website68-1024x370-1-768x278.jpg 768w\" sizes=\"(max-width: 1024px) 100vw, 1024px\" class=\"img-fluid w-100 h-100 rounded object-fit-cover\" style=\"object-position: center center\">\n      <\/div>\n          <\/figure>\n    <\/div><\/div>\n        <\/div>\n                <\/div>\n      <\/div>\n      <\/div>\n<\/div>\n\n<div id=\"geben-2\" class=\"pt-2 pb-2 alignfull is-layout-constrained\">\n  <div>\n            <div class=\"row gx-4 gy-4 \">\n          \n\n<div id=\"geben-2\" class=\"col wp-block-yellowtree-column col-12 d-flex flex-column with-streched-height-children align-items-stretch align-items-md-stretch\">\n  <h3 id=\"geben\" class=\"mt-2 mb-2 h3 display-3 text-center\">\n  Geben<\/h3>\n\n<h3 id=\"block-34\" class=\"h3 text-center\" style=\"margin-top:0\">\n  Ziel 2026: 35.000 \u20ac<\/h3>\n\n<div id=\"block-41\" class=\"pt-2 pb-2 alignfull is-layout-constrained\">\n  <div>\n          <div class=\"row\">\n        <div class=\"col-12 col-md-10 mx-auto\">\n                <div class=\"row gx-4 gy-4 \">\n          \n\n<div id=\"block-36\" class=\"col wp-block-yellowtree-column col-12 col-md-6 d-flex flex-column with-streched-height-children align-items-stretch align-items-md-stretch\">\n  <article id=\"block-35\" data-bs-theme=\"dark\" class=\"wp-block-yellowtree-card card has-context-height\" style=\"--card-img-position:50% 50%\">\n      <div class=\"card-body\">\n    <h3 class=\"card-title\">Bank\u00fcberweisung<\/h3>\n    <p class=\"card-text\">Du kannst deinen Beitrag auf das folgende Konto \u00fcberweisen:<br><br>ICF Kraichgau<br>Sparkasse Kraichgau Bruchsal-Bretten\u00a0<br>IBAN: DE91 6635 0036 0007 0814 17\u00a0<br>BIC: BRUSDE66XXX<br>VERWENDUNGSZWECK: REACH 2026 + Deine Adresse\u00a0<\/p>\n      <\/div>\n<\/article><\/div>\n\n\n<div id=\"block-40\" class=\"col wp-block-yellowtree-column col-12 col-md-6 d-flex flex-column with-streched-height-children align-items-stretch align-items-md-stretch\">\n  <article id=\"block-39\" data-bs-theme=\"dark\" class=\"wp-block-yellowtree-card card has-context-height\" style=\"--card-img-position:50% 50%\">\n      <div class=\"card-body\">\n    <h3 class=\"card-title\">Online geben<\/h3>\n    <p class=\"card-text\">Hier kannst du mit deiner Kreditkarte oder&nbsp;Paypal&nbsp;geben.&nbsp;Die Spende wird \u00fcber die sichere Seite unseres Zahlungspartners Paypal&nbsp;abgewickelt.<br><br>Mitteilung: REACH 2026 + Deine Adresse<\/p>\n    <div id=\"block-38\" class=\"wp-block-yellowtree-card-buttons card-buttons\">\n  \n\n  <div>\n    <a id=\"block-37\" href=\"https:\/\/www.paypal.com\/donate\/?cmd=_s-xclick&amp;hosted_button_id=HDZAXDENFA4N8&amp;source=url\" target=\"_blank\" class=\"wp-block-yellowtree-card-button btn btn-sm btn-secondary\">\n      <span>Online geben<\/span>\n              <i class=\"icon fs-base-const fa-arrow-right\" aria-hidden=\"true\"><\/i>\n          <\/a>\n  <\/div>\n\n<\/div>  <\/div>\n<\/article><\/div>\n        <\/div>\n                <\/div>\n      <\/div>\n      <\/div>\n<\/div><\/div>\n        <\/div>\n          <\/div>\n<\/div>\n\n<div id=\"projekte-2\" class=\"pt-2 pb-2 alignfull is-layout-constrained\">\n  <div>\n            <div class=\"row gx-4 gy-4 \">\n          \n\n<div id=\"projekte-2\" class=\"col wp-block-yellowtree-column col-12 d-flex flex-column with-streched-height-children align-items-center align-items-md-center\">\n  <h3 id=\"projekte\" class=\"mt-4 h3 display-3 text-center\">\n  Lokale Projekte<\/h3>\n\n<p id=\"block-42\" class=\"mb-4 text-center wp-block-paragraph\">\n  Die folgenden REACH BEYOND Projekte sind unsere Projekte f\u00fcr den Standort ICF Kraichgau<\/p><\/div>\n        <\/div>\n          <\/div>\n<\/div>\n\n<div id=\"block-49\" class=\"pt-2 pb-2 alignfull is-layout-constrained\">\n  <div>\n          <div class=\"row\">\n        <div class=\"col-12 col-md-10 mx-auto\">\n                <div class=\"row gx-4 gy-4 \">\n          \n\n<div id=\"block-44\" class=\"col wp-block-yellowtree-column col-12 col-lg-5 d-flex flex-column with-streched-height-children align-items-stretch align-items-lg-stretch\">\n  <div class=\"mw-100\">\n      <figure id=\"block-43\">\n      <div class=\"img-wrap\" style=\"max-width:100%\">\n        <img decoding=\"async\" src=\"https:\/\/icf.church\/kraichgau\/wp-content\/uploads\/sites\/145\/2026\/08\/reach-beyond-2026-osteuropa-1024x576.jpg\" alt=\"\" loading=\"lazy\" title=\"\" class=\"img-fluid w-100 h-100 rounded object-fit-cover\" style=\"object-position: center center\">\n      <\/div>\n          <\/figure>\n    <\/div><\/div>\n\n\n<div id=\"block-48\" class=\"col wp-block-yellowtree-column col-12 col-lg-7 d-flex flex-column with-streched-height-children align-items-stretch align-items-lg-stretch\">\n  <h2 id=\"block-45\" class=\"h2 text-start\">\n  YOUTH OUTREACH<\/h2>\n\n<p id=\"block-46\" class=\"mb-4 text-start wp-block-paragraph\">\n  2027 wird eine Gruppe von Jugendlichen unserer Kirche nach Osteuropa reisen, um Gottes Liebe ganz praktisch sichtbar zu machen. Sie helfen Witwen mit Brennholz f\u00fcr den Winter, unterst\u00fctzen Kirchen bei Renovierungen und ermutigen Familien durch pers\u00f6nliche Besuche. Diese Reise ver\u00e4ndert nicht nur die Orte, sondern auch die jungen Menschen selbst. Sie erleben, was es hei\u00dft, Gottes Reich zu bauen, entdecken ihre Berufung und sammeln pr\u00e4gende Glaubensmomente.<\/p>\n\n\n\n<article id=\"block-47\" data-bs-theme=\"dark\" class=\"card wp-block-yellowtree-testimonial-card overflow-hidden has-context-height\">\n  <div class=\"card-body p-5 text-bg-primary\">\n    <i class=\"align-self-end testimonial-card-icon mb-3\"><\/i>\n        <blockquote class=\"flex-1 mb-4\">\n      \u201eAls ICF Kraichgau m\u00f6chten wir, dass m\u00f6glichst viele teilnehmen k\u00f6nnen \u2013 unabh\u00e4ngig von ihren finanziellen M\u00f6glichkeiten. Mit deiner Spende investierst du in Hoffnung, in junge Menschen und in eine Generation, die Verantwortung \u00fcbernimmt.\u201c    <\/blockquote>\n    <p class=\"fs-caption fw-bold mb-0\">\n      <span>Tobias Mall, Location Pastor<\/span>\n              <span class=\"testimonial-card-source-divider\">&#124;<\/span>\n            <span>ICF Kraichgau<\/span>\n    <\/p>\n  <\/div>\n<\/article><\/div>\n        <\/div>\n                <\/div>\n      <\/div>\n      <\/div>\n<\/div>\n\n<div id=\"block-51\" class=\"pt-2 pb-2 alignfull is-layout-constrained\">\n  <div>\n            <div class=\"row gx-4 gy-4 \">\n          \n\n<div id=\"block-50\" class=\"col wp-block-yellowtree-column col-12 d-flex flex-column with-streched-height-children align-items-stretch align-items-md-stretch\">\n  <\/div>\n        <\/div>\n          <\/div>\n<\/div>\n\n<div id=\"block-58\" class=\"pt-2 pb-2 alignfull is-layout-constrained\">\n  <div>\n          <div class=\"row\">\n        <div class=\"col-12 col-md-10 mx-auto\">\n                <div class=\"row gx-4 gy-4 \">\n          \n\n<div id=\"block-53\" class=\"col wp-block-yellowtree-column col-12 col-lg-5 d-flex flex-column with-streched-height-children align-items-stretch align-items-lg-stretch\">\n  <div class=\"mw-100\">\n      <figure id=\"block-52\">\n      <div class=\"img-wrap\" style=\"max-width:100%\">\n        <img decoding=\"async\" src=\"https:\/\/icf.church\/kraichgau\/wp-content\/uploads\/sites\/145\/2026\/08\/reach-beyond-2026-wohnzimmer-1024x576.jpg\" alt=\"\" loading=\"lazy\" title=\"\" class=\"img-fluid w-100 h-100 rounded object-fit-cover\" style=\"object-position: center center\">\n      <\/div>\n          <\/figure>\n    <\/div><\/div>\n\n\n<div id=\"block-57\" class=\"col wp-block-yellowtree-column col-12 col-lg-7 d-flex flex-column with-streched-height-children align-items-stretch align-items-lg-stretch\">\n  <h2 id=\"block-54\" class=\"h2 text-start\">\n  DEIN PLATZ. DEIN ZUHAUSE.<\/h2>\n\n<p id=\"block-55\" class=\"mb-4 text-start wp-block-paragraph\">\n  Vor sechs Jahren durften wir unser neues Foyer einweihen \u2013 und seitdem erleben wir immer wieder, wie Menschen durch die herzliche, einladende Atmosph\u00e4re ihre Herzen f\u00fcr Kirche und f\u00fcr Gott neu \u00f6ffnen. Gerade unsere VIPs \u2013 bei Gottesdiensten, im Ostercaf\u00e9 oder an Weihnachten \u2013 sollen vom ersten Moment an sp\u00fcren: Hier bin ich willkommen. Hier habe ich einen Platz.<\/p>\n\n\n\n<article id=\"block-56\" data-bs-theme=\"dark\" class=\"card wp-block-yellowtree-testimonial-card overflow-hidden has-context-height\">\n  <div class=\"card-body p-5 text-bg-primary\">\n    <i class=\"align-self-end testimonial-card-icon mb-3\"><\/i>\n        <blockquote class=\"flex-1 mb-4\">\n      \u201eEin bequemer Stuhl l\u00e4sst Menschen ankommen, durchatmen und sich zuhause f\u00fchlen. Mit deiner Spende hilfst du mit, einen Ort zu gestalten, an dem Menschen Gott begegnen und sich von Anfang an willkommen f\u00fchlen. Denn Zuhause ist dort, wo man sich gerne hinsetzt.\u201c    <\/blockquote>\n    <p class=\"fs-caption fw-bold mb-0\">\n      <span>Sonja Mall, Location Pastorin<\/span>\n              <span class=\"testimonial-card-source-divider\">&#124;<\/span>\n            <span>ICF Kraichgau<\/span>\n    <\/p>\n  <\/div>\n<\/article><\/div>\n        <\/div>\n                <\/div>\n      <\/div>\n      <\/div>\n<\/div>\n\n<div id=\"block-60\" class=\"pt-2 pb-2 alignfull is-layout-constrained\">\n  <div>\n            <div class=\"row gx-4 gy-4 \">\n          \n\n<div id=\"block-59\" class=\"col wp-block-yellowtree-column col-12 d-flex flex-column with-streched-height-children align-items-stretch align-items-md-stretch\">\n  <\/div>\n        <\/div>\n          <\/div>\n<\/div>\n\n<div id=\"block-67\" class=\"pt-2 pb-2 alignfull is-layout-constrained\">\n  <div>\n          <div class=\"row\">\n        <div class=\"col-12 col-md-10 mx-auto\">\n                <div class=\"row gx-4 gy-4 \">\n          \n\n<div id=\"block-62\" class=\"col wp-block-yellowtree-column col-12 col-lg-5 d-flex flex-column with-streched-height-children align-items-stretch align-items-lg-stretch\">\n  <div class=\"mw-100\">\n      <figure id=\"block-61\">\n      <div class=\"img-wrap\" style=\"max-width:100%\">\n        <img decoding=\"async\" src=\"https:\/\/icf.church\/ludwigsburg\/wp-content\/uploads\/sites\/146\/2026\/08\/reach-beyond-2026-kids-lb-1024x576.jpg\" alt=\"\" loading=\"lazy\" title=\"\" class=\"img-fluid w-100 h-100 rounded object-fit-cover\" style=\"object-position: center center\">\n      <\/div>\n          <\/figure>\n    <\/div><\/div>\n\n\n<div id=\"block-66\" class=\"col wp-block-yellowtree-column col-12 col-lg-7 d-flex flex-column with-streched-height-children align-items-stretch align-items-lg-stretch\">\n  <h2 id=\"block-63\" class=\"h2 text-start\">\n  KINDER UND JUGEND ARCHE BRETTEN<\/h2>\n\n<p id=\"block-64\" class=\"mb-4 text-start wp-block-paragraph\">\n  Jedes Kind hat eine gute Zukunft verdient \u2013 das glauben wir in der ARCHE. Allerdings haben nicht alle Kinder die gleichen Startbedingungen. Aufgrund von Herkunft oder der famili\u00e4ren Situation stehen Kindern unterschiedliche Chancen offen. Deshalb begleiten wir in unserer ARCHE besonders die Kinder, die in emotionaler oder finanzieller Not aufwachsen, sodass sie Hoffnung auf eine gute Zukunft haben.<\/p>\n\n\n\n<article id=\"block-65\" data-bs-theme=\"dark\" class=\"card wp-block-yellowtree-testimonial-card overflow-hidden has-context-height\">\n  <div class=\"card-body p-5 text-bg-primary\">\n    <i class=\"align-self-end testimonial-card-icon mb-3\"><\/i>\n        <blockquote class=\"flex-1 mb-4\">\n      \u201eSeit \u00fcber 10 Jahren d\u00fcrfen wir Kinder und Jugendliche in der ARCHE begleiten, f\u00f6rdern und in ihrer Entwicklung begleiten. Wir durften in den Jahren immer mehr Kinder aufnehmen und sogar einen zweiten Standort in Bretten gr\u00fcnden. Mit deinem Beitrag zu REACH 2026 tr\u00e4gst du dazu bei, dass wir die ARCHE weiterhin betreiben und Kindern eine bessere Zukunft bieten k\u00f6nnen.\u201c    <\/blockquote>\n    <p class=\"fs-caption fw-bold mb-0\">\n      <span>Sibylle Beck, ARCHE Gr\u00fcnderin und Leitende Pastorin<\/span>\n              <span class=\"testimonial-card-source-divider\">&#124;<\/span>\n            <span>ICF Karlsruhe<\/span>\n    <\/p>\n  <\/div>\n<\/article><\/div>\n        <\/div>\n                <\/div>\n      <\/div>\n      <\/div>\n<\/div>\n\n<div id=\"block-69\" class=\"pt-2 pb-2 alignfull is-layout-constrained\">\n  <div>\n            <div class=\"row gx-4 gy-4 \">\n          \n\n<div id=\"block-68\" class=\"col wp-block-yellowtree-column col-12 d-flex flex-column with-streched-height-children align-items-stretch align-items-md-stretch\">\n  <\/div>\n        <\/div>\n          <\/div>\n<\/div>\n\n<div id=\"block-80\" class=\"pt-2 pb-2 alignfull is-layout-constrained\">\n  <div>\n          <div class=\"row\">\n        <div class=\"col-12 col-md-10 mx-auto\">\n                <div class=\"row gx-4 gy-4 \">\n          \n\n<div id=\"block-71\" class=\"col wp-block-yellowtree-column col-12 col-lg-5 d-flex flex-column with-streched-height-children align-items-stretch align-items-lg-stretch\">\n  <div class=\"mw-100\">\n      <figure id=\"block-70\">\n      <div class=\"img-wrap\" style=\"width:1080px;max-width:100%\">\n        <img decoding=\"async\" src=\"https:\/\/icf.church\/ludwigsburg\/wp-content\/uploads\/sites\/146\/2026\/08\/reach-beyond-2026-ka-cambodia-1024x576-1.jpg\" alt=\"\" loading=\"lazy\" title=\"\" class=\"img-fluid w-100 h-100 rounded object-fit-cover\" style=\"object-position: center center\">\n      <\/div>\n          <\/figure>\n    <\/div><\/div>\n\n\n<div id=\"block-79\" class=\"col wp-block-yellowtree-column col-12 col-lg-7 d-flex flex-column with-streched-height-children align-items-stretch align-items-lg-stretch\">\n  <h2 id=\"block-72\" class=\"h2 text-start\" style=\"margin-top:0\">\n  ICF CAMBODIA<\/h2>\n\n<p id=\"block-73\" class=\"text-start wp-block-paragraph\">\n  ICF Cambodia ist seit Jahren Teil von REACH und Gott hat dort Unglaubliches bewegt. Die Kirche wurde von den Lead Pastors Sophal und ND Strupler mit dem Ziel gegr\u00fcndet, Hoffnung in ein buddhistisches Land zu bringen und das Evangelium zu verk\u00fcnden.<\/p>\n\n<p id=\"block-74\" class=\"mb-4 text-start wp-block-paragraph\">\n  Als ICF Karlsruhe unterst\u00fctzen wir dort Bildung f\u00fcr Kinder, wir haben Patenschaften vor Ort und d\u00fcrfen in diesem Jahr erstmals Familie Burgbacher als Volunteers aus unserer Church nach Cambodia aussenden. Sie werden vor Ort unterst\u00fctzen, dass bestehende Bildungsprogramme qualitativ weiterentwickelt und lokale Teams bef\u00e4higt werden. Sie coachen vor Ort Mitarbeitende und Team-Leiter des After-School und Weekend-Programms, besonders in den Bereichen Mathematik, Khmer-Unterricht, Englisch und Lernf\u00f6rderung.<\/p>\n\n\n  <div>\n    <a id=\"block-75\" href=\"http:\/\/www.icf-cambodia.com\/\" rel=\"\" target=\"_blank\" class=\"wp-block-yellowtree-button-link btn btn-default\">\n      <span>Mehr erfahren<\/span>\n          <\/a>\n  <\/div>\n\n\n<div id=\"block-77\" class=\"pt-2 pb-2 alignfull is-layout-constrained\">\n  <div>\n            <div class=\"row gx-4 gy-4 \">\n          \n\n<div id=\"block-76\" class=\"col wp-block-yellowtree-column col-12 d-flex flex-column with-streched-height-children align-items-stretch align-items-lg-stretch\">\n  <\/div>\n        <\/div>\n          <\/div>\n<\/div>\n\n\n\n<article id=\"block-78\" data-bs-theme=\"dark\" class=\"card wp-block-yellowtree-testimonial-card overflow-hidden has-context-height\">\n  <div class=\"card-body p-5 text-bg-primary\">\n    <i class=\"align-self-end testimonial-card-icon mb-3\"><\/i>\n        <blockquote class=\"flex-1 mb-4\">\n      \u201eSchon seit der Gr\u00fcndung d\u00fcrfen wir als ICF Karlsruhe dazu beitragen, dass ICF Cambodia sich gesund entwickelt und aufbl\u00fcht.\u202f&nbsp;Wir wollen auch weiterhin an ihrer Seite stehen, vor allem gerade jetzt, wo weitere Church Plants im Land geplant sind und wir erstmals mit Familie Burgbacher auch Volunteers dorthin aussenden d\u00fcrfen. Wir wollen mithelfen, dass die Botschaft von Jesus Christus mehr Menschen erreicht, Kinder und Familien von Gottes Liebe ver\u00e4ndert und ein Unterschied in der Gesellschaft gemacht wird.\u201c    <\/blockquote>\n    <p class=\"fs-caption fw-bold mb-0\">\n      <span>Steffen Beck, Leitender Pastor<\/span>\n              <span class=\"testimonial-card-source-divider\">&#124;<\/span>\n            <span>ICF Karlsruhe<\/span>\n    <\/p>\n  <\/div>\n<\/article><\/div>\n        <\/div>\n                <\/div>\n      <\/div>\n      <\/div>\n<\/div>\n\n<div id=\"block-82\" class=\"pt-2 pb-2 alignfull is-layout-constrained\">\n  <div>\n            <div class=\"row gx-4 gy-4 \">\n          \n\n<div id=\"block-81\" class=\"col wp-block-yellowtree-column col-12 d-flex flex-column with-streched-height-children align-items-stretch align-items-md-stretch\">\n  <\/div>\n        <\/div>\n          <\/div>\n<\/div>\n\n<div id=\"block-86\" class=\"pt-2 alignfull is-layout-constrained\">\n  <div>\n            <div class=\"row gx-4 gy-4 \">\n          \n\n<div id=\"block-85\" class=\"col wp-block-yellowtree-column col-12 d-flex flex-column with-streched-height-children align-items-center align-items-md-center\">\n  <h3 id=\"block-83\" class=\"mt-6 h3 display-3 text-center\">\n  Movement Projekte<\/h3>\n\n<p id=\"block-84\" class=\"text-center wp-block-paragraph\" style=\"margin-bottom:0\">\n  Die folgenden REACH BEYOND Projekte unterst\u00fctzen wir gemeinsam als ICF Movement<\/p><\/div>\n        <\/div>\n          <\/div>\n<\/div>\n\n<div id=\"block-96\" class=\"pt-2 pb-2 alignfull is-layout-constrained\">\n  <div>\n          <div class=\"row\">\n        <div class=\"col-12 col-md-10 mx-auto\">\n                <div class=\"row gx-4 gy-4 \">\n          \n\n<div id=\"block-93\" class=\"col wp-block-yellowtree-column col-12 col-lg-7 d-flex flex-column with-streched-height-children align-items-stretch align-items-lg-stretch\">\n  <div class=\"mw-100\">\n      <figure id=\"block-87\">\n      <div class=\"img-wrap\" style=\"max-width:100%\">\n        <img decoding=\"async\" src=\"https:\/\/icf.church\/kraichgau\/wp-content\/uploads\/sites\/145\/2026\/08\/kirchenpflanzung-1-1024x918-1.png\" alt=\"\" loading=\"lazy\" title=\"\" srcset=\"https:\/\/icf.church\/kraichgau\/wp-content\/uploads\/sites\/145\/2026\/08\/kirchenpflanzung-1-1024x918-1.png 1024w, https:\/\/icf.church\/kraichgau\/wp-content\/uploads\/sites\/145\/2026\/08\/kirchenpflanzung-1-1024x918-1-300x269.png 300w, https:\/\/icf.church\/kraichgau\/wp-content\/uploads\/sites\/145\/2026\/08\/kirchenpflanzung-1-1024x918-1-768x689.png 768w\" sizes=\"(max-width: 1024px) 100vw, 1024px\" class=\"img-fluid w-100 h-100 rounded object-fit-cover\" style=\"object-position: center center\">\n      <\/div>\n          <\/figure>\n    <\/div>\n\n<h2 id=\"block-88\" class=\"h2 text-start\" style=\"margin-top:0\">\n  CHURCH PLANTING<\/h2>\n\n<p id=\"block-89\" class=\"text-start wp-block-paragraph\">\n  Es gibt so viele Orte und Menschen auf dieser Welt, die noch nie von Jesus geh\u00f6rt haben \u2013 und viele, die ihn kennen, aber keine Kirche finden, die sie tr\u00e4gt und begeistert.<\/p>\n\n<p id=\"block-90\" class=\"text-start wp-block-paragraph\">\n  Durch deine Unterst\u00fctzung entstehen neue Kirchen, in denen Menschen Glauben entdecken, aufbl\u00fchen und ihr Umfeld positiv pr\u00e4gen. Deine Spende hilft, dass Kirche dort w\u00e4chst, wo sie fehlt \u2013 lebendig, nah und relevant.<\/p>\n\n<p id=\"block-91\" class=\"mb-4 text-start wp-block-paragraph\">\n  Schon heute sind \u00fcber&nbsp;<strong>65 ICF Kirchen<\/strong>&nbsp;entstanden. Mit deiner Gro\u00dfz\u00fcgigkeit kommen weitere dazu \u2013 Orte voller Hoffnung, Liebe und Wahrheit.<\/p>\n\n\n  <div>\n    <a id=\"block-92\" href=\"https:\/\/www.icf.church\/en\/movement\/\" rel=\"\" target=\"_blank\" class=\"wp-block-yellowtree-button-link btn btn-default\">\n      <span>Mehr erfahren<\/span>\n          <\/a>\n  <\/div><\/div>\n\n\n<div id=\"block-95\" class=\"col wp-block-yellowtree-column col-12 col-lg-5 d-flex flex-column with-streched-height-children align-items-stretch align-items-lg-stretch\">\n  <article id=\"block-94\" data-bs-theme=\"dark\" class=\"card wp-block-yellowtree-testimonial-card overflow-hidden has-context-height\">\n  <div class=\"card-body p-5 text-bg-primary\">\n    <i class=\"align-self-end testimonial-card-icon mb-3\"><\/i>\n          <img decoding=\"async\" width=\"300\" height=\"300\" src=\"https:\/\/icf.church\/kraichgau\/wp-content\/uploads\/sites\/145\/2026\/08\/instagram-post-design-3-300x300.png\" class=\"testimonial-card-img align-self-center mb-3\" alt=\"\" draggable=\"false\" loading=\"lazy\" srcset=\"https:\/\/icf.church\/kraichgau\/wp-content\/uploads\/sites\/145\/2026\/08\/instagram-post-design-3-300x300.png 300w, https:\/\/icf.church\/kraichgau\/wp-content\/uploads\/sites\/145\/2026\/08\/instagram-post-design-3-1024x1024.png 1024w, https:\/\/icf.church\/kraichgau\/wp-content\/uploads\/sites\/145\/2026\/08\/instagram-post-design-3-150x150.png 150w, https:\/\/icf.church\/kraichgau\/wp-content\/uploads\/sites\/145\/2026\/08\/instagram-post-design-3-768x768.png 768w, https:\/\/icf.church\/kraichgau\/wp-content\/uploads\/sites\/145\/2026\/08\/instagram-post-design-3.png 1080w\" sizes=\"(max-width: 300px) 100vw, 300px\">        <blockquote class=\"flex-1 mb-4\">\n      \u201eDresden als ICF Location hat eine bewegte Geschichte. Es gab Taufen, Discipleship-Tracks und Events in unserer eigenen Location. Wir haben lange f\u00fcr Pastoren gebetet, aber dass Gott uns selbst beruft, haben wir nicht erwartet. Dank deiner Unterst\u00fctzung bei REACH Beyond ist es uns m\u00f6glich, im ICF Startup Dresden mit voller Kraft und Vision Gott und den Menschen zu dienen. Wir sind gespannt darauf, was Gott in unserer Stadt und dar\u00fcber hinaus in Ostdeutschland noch tun wird.\u201d    <\/blockquote>\n    <p class=\"fs-caption fw-bold mb-0\">\n      <span>Karsten &amp; Elisabeth Fischer, Location Pastors<\/span>\n              <span class=\"testimonial-card-source-divider\">&#124;<\/span>\n            <span>ICF Startup Dresden<\/span>\n    <\/p>\n  <\/div>\n<\/article><\/div>\n        <\/div>\n                <\/div>\n      <\/div>\n      <\/div>\n<\/div>\n\n<div id=\"block-106\" class=\"pt-2 pb-2 alignfull is-layout-constrained\">\n  <div>\n          <div class=\"row\">\n        <div class=\"col-12 col-md-10 mx-auto\">\n                <div class=\"row gx-4 gy-4 \">\n          \n\n<div id=\"block-103\" class=\"col wp-block-yellowtree-column col-12 col-lg-7 d-flex flex-column with-streched-height-children align-items-stretch align-items-lg-stretch\">\n  <div class=\"mw-100\">\n      <figure id=\"block-97\">\n      <div class=\"img-wrap\" style=\"max-width:100%\">\n        <img decoding=\"async\" src=\"https:\/\/icf.church\/kraichgau\/wp-content\/uploads\/sites\/145\/2026\/08\/pklt-2-1024x919-1.png\" alt=\"\" loading=\"lazy\" title=\"\" srcset=\"https:\/\/icf.church\/kraichgau\/wp-content\/uploads\/sites\/145\/2026\/08\/pklt-2-1024x919-1.png 1024w, https:\/\/icf.church\/kraichgau\/wp-content\/uploads\/sites\/145\/2026\/08\/pklt-2-1024x919-1-300x269.png 300w, https:\/\/icf.church\/kraichgau\/wp-content\/uploads\/sites\/145\/2026\/08\/pklt-2-1024x919-1-768x689.png 768w\" sizes=\"(max-width: 1024px) 100vw, 1024px\" class=\"img-fluid w-100 h-100 rounded object-fit-cover\" style=\"object-position: center center\">\n      <\/div>\n          <\/figure>\n    <\/div>\n\n<h2 id=\"block-98\" class=\"h2 text-start\" style=\"margin-top:0\">\n  PASTORS &amp; KEY LEADERS AUSBILDEN<\/h2>\n\n<p id=\"block-99\" class=\"text-start wp-block-paragraph\">\n  <strong>Alles steht und f\u00e4llt mit gesunder Leiterschaft<\/strong><strong><br><\/strong>Ohne gut ausgebildete Pastoren und Leaders entstehen keine starken, gesunden Kirchen \u2013 und ohne starke lokale Kirchen, keine Hoffnung f\u00fcr diese Welt.<\/p>\n\n<p id=\"block-100\" class=\"text-start wp-block-paragraph\">\n  Darum investieren wir gezielt in Leiter, die Berufung, Charakter und Kompetenz vereinen. Durch das&nbsp;<strong>Pastors &amp; Key Leaders Training<\/strong>&nbsp;werden sie bef\u00e4higt, ganzheitlich zu leiten, Menschen zu f\u00f6rdern und Gottes K\u00f6nigreich zu bauen.<\/p>\n\n<p id=\"block-101\" class=\"text-start wp-block-paragraph\">\n  Im letzten Jahr konnten wir \u00fcber&nbsp;<strong>100 Pastoren und Key Leader<\/strong>aus mehr als&nbsp;<strong>20 ICF Kirchen<\/strong>&nbsp;ausr\u00fcsten. \u00dcber&nbsp;<strong>200 weitere angehende Leiter<\/strong>&nbsp;besuchten die&nbsp;<strong>ICF Experience<\/strong>, unser Bootcamp f\u00fcr Key People in unseren ICFs.<\/p>\n\n<p id=\"block-102\" class=\"mb-4 text-start wp-block-paragraph\">\n  Mit deiner Gro\u00dfz\u00fcgigkeit entwickeln wir diese Trainings weiter, \u00fcbersetzen sie in neue Sprachen und machen sie f\u00fcr noch mehr Leute zug\u00e4nglich \u2013 damit \u00fcberall Leiter heranwachsen, die Hoffnung wecken, Verantwortung \u00fcbernehmen und Leben ver\u00e4ndern.<\/p><\/div>\n\n\n<div id=\"block-105\" class=\"col wp-block-yellowtree-column col-12 col-lg-5 d-flex flex-column with-streched-height-children align-items-stretch align-items-lg-stretch\">\n  <article id=\"block-104\" data-bs-theme=\"dark\" class=\"card wp-block-yellowtree-testimonial-card overflow-hidden has-context-height\">\n  <div class=\"card-body p-5 text-bg-primary\">\n    <i class=\"align-self-end testimonial-card-icon mb-3\"><\/i>\n          <img decoding=\"async\" width=\"300\" height=\"300\" src=\"https:\/\/icf.church\/kraichgau\/wp-content\/uploads\/sites\/145\/2026\/08\/instagram-post-design-5-300x300.png\" class=\"testimonial-card-img align-self-center mb-3\" alt=\"\" draggable=\"false\" loading=\"lazy\" srcset=\"https:\/\/icf.church\/kraichgau\/wp-content\/uploads\/sites\/145\/2026\/08\/instagram-post-design-5-300x300.png 300w, https:\/\/icf.church\/kraichgau\/wp-content\/uploads\/sites\/145\/2026\/08\/instagram-post-design-5-1024x1024.png 1024w, https:\/\/icf.church\/kraichgau\/wp-content\/uploads\/sites\/145\/2026\/08\/instagram-post-design-5-150x150.png 150w, https:\/\/icf.church\/kraichgau\/wp-content\/uploads\/sites\/145\/2026\/08\/instagram-post-design-5-768x768.png 768w, https:\/\/icf.church\/kraichgau\/wp-content\/uploads\/sites\/145\/2026\/08\/instagram-post-design-5.png 1080w\" sizes=\"(max-width: 300px) 100vw, 300px\">        <blockquote class=\"flex-1 mb-4\">\n      \u201eDurch das Pastors &amp; Key Leaders Training durften wir gemeinsam in Leiterschaft, Theologie und geistlichen Skills wachsen \u2013 ein Wachstum, das durch deine Unterst\u00fctzung m\u00f6glich wurde.<br>Was wir gelernt haben, geben wir weiter: in unserer Kirche, im Movement und besonders an die Next Gen \u2013 damit junge Menschen Jesus kennenlernen, im Glauben wachsen und ihre Berufung entdecken.<br>Danke, dass du in Leiter investiert und Kirche von morgen m\u00f6glich macht.&#8220;    <\/blockquote>\n    <p class=\"fs-caption fw-bold mb-0\">\n      <span>Iven &amp; Lea-C\u00e9cile K\u00fclsen, Communications &amp; Sunday Night \/ Small Groups<\/span>\n              <span class=\"testimonial-card-source-divider\">&#124;<\/span>\n            <span>ICF Hamburg<\/span>\n    <\/p>\n  <\/div>\n<\/article><\/div>\n        <\/div>\n                <\/div>\n      <\/div>\n      <\/div>\n<\/div>\n\n<div id=\"block-115\" class=\"pt-2 pb-2 alignfull is-layout-constrained\">\n  <div>\n          <div class=\"row\">\n        <div class=\"col-12 col-md-10 mx-auto\">\n                <div class=\"row gx-4 gy-4 \">\n          \n\n<div id=\"block-112\" class=\"col wp-block-yellowtree-column col-12 col-lg-7 d-flex flex-column with-streched-height-children align-items-stretch align-items-lg-stretch\">\n  <div class=\"mw-100\">\n      <figure id=\"block-107\">\n      <div class=\"img-wrap\" style=\"max-width:100%\">\n        <img decoding=\"async\" src=\"https:\/\/icf.church\/kraichgau\/wp-content\/uploads\/sites\/145\/2026\/08\/digital-artwork-1024x918-1.png\" alt=\"\" loading=\"lazy\" title=\"\" srcset=\"https:\/\/icf.church\/kraichgau\/wp-content\/uploads\/sites\/145\/2026\/08\/digital-artwork-1024x918-1.png 1024w, https:\/\/icf.church\/kraichgau\/wp-content\/uploads\/sites\/145\/2026\/08\/digital-artwork-1024x918-1-300x269.png 300w, https:\/\/icf.church\/kraichgau\/wp-content\/uploads\/sites\/145\/2026\/08\/digital-artwork-1024x918-1-768x689.png 768w\" sizes=\"(max-width: 1024px) 100vw, 1024px\" class=\"img-fluid w-100 h-100 rounded object-fit-cover\" style=\"object-position: center center\">\n      <\/div>\n          <\/figure>\n    <\/div>\n\n<h2 id=\"block-108\" class=\"h2 text-start\" style=\"margin-top:0\">\n  DIGITAL INNOVATION<\/h2>\n\n<p id=\"block-109\" class=\"text-start wp-block-paragraph\">\n  Die meisten Menschen entdecken ICF heute zuerst digital \u2013 lange bevor sie eine Celebration besuchen. Deshalb entscheidet unser Online-Auftritt oft dar\u00fcber, ob aus einem ersten Klick echte Zugeh\u00f6rigkeit entsteht. Deine Unterst\u00fctzung f\u00fcr&nbsp;<strong>Digital Innovations<\/strong>&nbsp;hilft genau dabei: Menschen finden leichter ein Zuhause und lokale Kirchen werden sichtbar und gest\u00e4rkt.<\/p>\n\n<p id=\"block-110\" class=\"text-start wp-block-paragraph\">\n  Unsere digitale Reichweite ist bereits beachtlich: \u00fcber&nbsp;<strong>2.5 Millionen Website-Besucher pro Jahr<\/strong>&nbsp;und mehr als <strong>10\u2019000 monatliche Seitenaufrufe<\/strong>&nbsp;auf unserer Ressourcen-Plattform \u201cEQUIP\u201d. Doch wir wollen weiter innovieren.<\/p>\n\n<p id=\"block-111\" class=\"mb-4 text-start wp-block-paragraph\">\n  2026 lancieren wir die neue ICF Website und entwickeln unsere digitalen Plattformen kontinuierlich weiter \u2013 inklusive einer ausgebauten Ressourcen-Plattform und einem Learning Management System, das Kirchen mit gezielten Trainings unterst\u00fctzt und bef\u00e4higt.<\/p><\/div>\n\n\n<div id=\"block-114\" class=\"col wp-block-yellowtree-column col-12 col-lg-5 d-flex flex-column with-streched-height-children align-items-stretch align-items-lg-stretch\">\n  <article id=\"block-113\" data-bs-theme=\"dark\" class=\"card wp-block-yellowtree-testimonial-card overflow-hidden has-context-height\">\n  <div class=\"card-body p-5 text-bg-primary\">\n    <i class=\"align-self-end testimonial-card-icon mb-3\"><\/i>\n          <img decoding=\"async\" width=\"300\" height=\"300\" src=\"https:\/\/icf.church\/kraichgau\/wp-content\/uploads\/sites\/145\/2026\/08\/instagram-post-design-4-300x300.png\" class=\"testimonial-card-img align-self-center mb-3\" alt=\"\" draggable=\"false\" loading=\"lazy\" srcset=\"https:\/\/icf.church\/kraichgau\/wp-content\/uploads\/sites\/145\/2026\/08\/instagram-post-design-4-300x300.png 300w, https:\/\/icf.church\/kraichgau\/wp-content\/uploads\/sites\/145\/2026\/08\/instagram-post-design-4-1024x1024.png 1024w, https:\/\/icf.church\/kraichgau\/wp-content\/uploads\/sites\/145\/2026\/08\/instagram-post-design-4-150x150.png 150w, https:\/\/icf.church\/kraichgau\/wp-content\/uploads\/sites\/145\/2026\/08\/instagram-post-design-4-768x768.png 768w, https:\/\/icf.church\/kraichgau\/wp-content\/uploads\/sites\/145\/2026\/08\/instagram-post-design-4.png 1080w\" sizes=\"(max-width: 300px) 100vw, 300px\">        <blockquote class=\"flex-1 mb-4\">\n      \u201eWas mich an unserer Ressourcen Plattform EQUIP begeistert: Leiter m\u00fcssen heute mehr navigieren, entscheiden und tragen als je zuvor \u2013 und genau dort lassen wir sie nicht allein. EQUIP gibt ihnen Ideen und Werkzeuge, die sofort Wirkung in der Kirche entfalten. Jeden Monat greifen \u00fcber tausend Leiter darauf zu, um Menschen zu dienen, Teams zu entwickeln und Kirche gesund zu gestalten. N\u00e4chstes Jahr bauen wir die Plattform weiter aus: klarer, zug\u00e4nglicher und mit noch mehr Ressourcen, die Kirchen in ihrem Auftrag st\u00e4rken.<br>Danke, dass du mit deiner Gro\u00dfz\u00fcgigkeit genau das m\u00f6glich machst: starke Leiter, starke Kirchen und Menschen, die Jesus finden.\u201d    <\/blockquote>\n    <p class=\"fs-caption fw-bold mb-0\">\n      <span>Jowieke Larooij<\/span>\n              <span class=\"testimonial-card-source-divider\">&#124;<\/span>\n            <span>ICF Movement Team<\/span>\n    <\/p>\n  <\/div>\n<\/article><\/div>\n        <\/div>\n                <\/div>\n      <\/div>\n      <\/div>\n<\/div>\n\n<div id=\"block-117\" class=\"pt-2 pb-2 alignfull is-layout-constrained\">\n  <div>\n            <div class=\"row gx-4 gy-4 \">\n          \n\n<div id=\"block-116\" class=\"col wp-block-yellowtree-column col-12 d-flex flex-column with-streched-height-children align-items-stretch align-items-md-stretch\">\n  <\/div>\n        <\/div>\n          <\/div>\n<\/div>\n\n<div id=\"block-120\" class=\"pt-2 pb-2 alignfull is-layout-constrained\">\n  <div>\n            <div class=\"row gx-4 gy-4 \">\n          \n\n<div id=\"block-119\" class=\"col wp-block-yellowtree-column col-12 d-flex flex-column with-streched-height-children align-items-center align-items-md-center\">\n  <div>\n    <a id=\"block-118\" href=\"#geben\" rel=\"\" class=\"wp-block-yellowtree-button-link btn btn-action-2\">\n      <span>Jetzt geben<\/span>\n          <\/a>\n  <\/div><\/div>\n        <\/div>\n          <\/div>\n<\/div>\n\n<div id=\"block-122\" class=\"pt-2 pb-2 alignfull is-layout-constrained\">\n  <div>\n            <div class=\"row gx-4 gy-4 \">\n          \n\n<div id=\"block-121\" class=\"col wp-block-yellowtree-column col-12 d-flex flex-column with-streched-height-children align-items-stretch align-items-md-stretch\">\n  <\/div>\n        <\/div>\n          <\/div>\n<\/div>\n\n<div id=\"block-125\" class=\"pt-2 pb-2 alignfull is-layout-constrained\">\n  <div>\n          <div class=\"row\">\n        <div class=\"col-12 col-md-10 mx-auto\">\n                <div class=\"row gx-4 gy-4 \">\n          \n\n<div id=\"block-124\" class=\"col wp-block-yellowtree-column col-12 d-flex flex-column with-streched-height-children align-items-center align-items-md-center\">\n  <div class=\"mw-100\">\n      <figure id=\"block-123\">\n      <div class=\"img-wrap\" style=\"width:1080px;max-width:100%\">\n        <img decoding=\"async\" src=\"https:\/\/icf.church\/kraichgau\/wp-content\/uploads\/sites\/145\/2026\/08\/r26_de-website67-1024x370-1.jpg\" alt=\"\" loading=\"lazy\" title=\"\" srcset=\"https:\/\/icf.church\/kraichgau\/wp-content\/uploads\/sites\/145\/2026\/08\/r26_de-website67-1024x370-1.jpg 1024w, https:\/\/icf.church\/kraichgau\/wp-content\/uploads\/sites\/145\/2026\/08\/r26_de-website67-1024x370-1-300x108.jpg 300w, https:\/\/icf.church\/kraichgau\/wp-content\/uploads\/sites\/145\/2026\/08\/r26_de-website67-1024x370-1-768x278.jpg 768w\" sizes=\"(max-width: 1024px) 100vw, 1024px\" class=\"img-fluid w-100 h-100 rounded object-fit-cover\" style=\"object-position: center center\">\n      <\/div>\n          <\/figure>\n    <\/div><\/div>\n        <\/div>\n                <\/div>\n      <\/div>\n      <\/div>\n<\/div>\n\n<div id=\"block-128\" class=\"pt-2 pb-2 alignfull is-layout-constrained\">\n  <div>\n          <div class=\"row\">\n        <div class=\"col-12 col-md-10 mx-auto\">\n                <div class=\"row gx-4 gy-4 \">\n          \n\n<div id=\"block-127\" class=\"col wp-block-yellowtree-column col-12 d-flex flex-column with-streched-height-children align-items-center align-items-md-center\">\n  <div class=\"mw-100\">\n      <figure id=\"block-126\">\n      <div class=\"img-wrap\" style=\"width:1080px;max-width:100%\">\n        <img decoding=\"async\" src=\"https:\/\/icf.church\/kraichgau\/wp-content\/uploads\/sites\/145\/2026\/08\/website_background-element-1024x370-1.jpg\" alt=\"\" loading=\"lazy\" title=\"\" srcset=\"https:\/\/icf.church\/kraichgau\/wp-content\/uploads\/sites\/145\/2026\/08\/website_background-element-1024x370-1.jpg 1024w, https:\/\/icf.church\/kraichgau\/wp-content\/uploads\/sites\/145\/2026\/08\/website_background-element-1024x370-1-300x108.jpg 300w, https:\/\/icf.church\/kraichgau\/wp-content\/uploads\/sites\/145\/2026\/08\/website_background-element-1024x370-1-768x278.jpg 768w\" sizes=\"(max-width: 1024px) 100vw, 1024px\" class=\"img-fluid w-100 h-100 rounded object-fit-cover\" style=\"object-position: center center\">\n      <\/div>\n          <\/figure>\n    <\/div><\/div>\n        <\/div>\n                <\/div>\n      <\/div>\n      <\/div>\n<\/div>","protected":false},"excerpt":{"rendered":"","protected":false},"author":233,"featured_media":0,"parent":0,"menu_order":27,"comment_status":"closed","ping_status":"closed","template":"","meta":{"_acf_changed":false,"_seopress_titles_title":"","_seopress_titles_desc":"","_seopress_robots_index":"","_seopress_robots_follow":"","_seopress_robots_imageindex":"","_seopress_robots_snippet":"","_seopress_robots_primary_cat":"","_seopress_robots_breadcrumbs":"","_seopress_robots_freeze_modified_date":"","_seopress_robots_custom_modified_date":"","_seopress_robots_canonical":"","_seopress_social_fb_title":"","_seopress_social_fb_desc":"","_seopress_social_fb_img":"","_seopress_social_fb_img_attachment_id":0,"_seopress_social_fb_img_width":0,"_seopress_social_fb_img_height":0,"_seopress_social_twitter_title":"","_seopress_social_twitter_desc":"","_seopress_social_twitter_img":"","_seopress_social_twitter_img_attachment_id":0,"_seopress_social_twitter_img_width":0,"_seopress_social_twitter_img_height":0,"_seopress_redirections_value":"","_seopress_redirections_enabled":"","_seopress_redirections_enabled_regex":"","_seopress_redirections_logged_status":"","_seopress_redirections_param":"","_seopress_redirections_type":0,"_seopress_analysis_target_kw":"","_seopress_news_disabled":"","_seopress_video_disabled":"","_seopress_video":[],"_seopress_pro_schemas_manual":[],"_seopress_pro_rich_snippets_disable_all":"","_seopress_pro_rich_snippets_disable":[],"_seopress_pro_schemas":[],"yt_custom_styles_scss":"","yt_custom_styles_rounded_corners":false,"yt_custom_styles_color_scheme":"","footnotes":""},"class_list":["post-1372","page","type-page","status-publish","hentry"],"acf":[],"_links":{"self":[{"href":"https:\/\/icf.church\/kraichgau\/de\/wp-json\/wp\/v2\/pages\/1372","targetHints":{"allow":["GET"]}}],"collection":[{"href":"https:\/\/icf.church\/kraichgau\/de\/wp-json\/wp\/v2\/pages"}],"about":[{"href":"https:\/\/icf.church\/kraichgau\/de\/wp-json\/wp\/v2\/types\/page"}],"author":[{"embeddable":true,"href":"https:\/\/icf.church\/kraichgau\/de\/wp-json\/wp\/v2\/users\/233"}],"replies":[{"embeddable":true,"href":"https:\/\/icf.church\/kraichgau\/de\/wp-json\/wp\/v2\/comments?post=1372"}],"version-history":[{"count":5,"href":"https:\/\/icf.church\/kraichgau\/de\/wp-json\/wp\/v2\/pages\/1372\/revisions"}],"predecessor-version":[{"id":1392,"href":"https:\/\/icf.church\/kraichgau\/de\/wp-json\/wp\/v2\/pages\/1372\/revisions\/1392"}],"wp:attachment":[{"href":"https:\/\/icf.church\/kraichgau\/de\/wp-json\/wp\/v2\/media?parent=1372"}],"curies":[{"name":"wp","href":"https:\/\/api.w.org\/{rel}","templated":true}]}}