{"id":1505,"date":"2026-08-20T15:30:31","date_gmt":"2026-08-20T13:30:31","guid":{"rendered":"https:\/\/new.icf.church\/kraichgau\/?page_id=1505"},"modified":"2026-08-20T15:34:04","modified_gmt":"2026-08-20T13:34:04","slug":"fsj","status":"publish","type":"page","link":"https:\/\/icf.church\/kraichgau\/de\/fsj\/","title":{"rendered":"Jahresteam"},"content":{"rendered":"<div id=\"block-5\" class=\"pt-2 pb-2 alignfull is-layout-constrained\">\n  <div>\n            <div class=\"row gx-4 gy-4 \">\n          \n\n<div id=\"block-4\" class=\"col wp-block-yellowtree-column col-12 d-flex flex-column with-streched-height-children align-items-stretch align-items-md-stretch\">\n  <div id=\"block-3\" class=\"wp-block-yellowtree-hero-stage\">\n    <div class=\"hero-stage \">\n        \n\n<div id=\"block-2\" class=\"hero-stage-content\">\n    <div class=\"hero-stage-content__background\">\n        <div class=\"overlay-black-25 h-100\">\n                            <img fetchpriority=\"high\" decoding=\"async\" width=\"2560\" height=\"1708\" src=\"https:\/\/icf.church\/kraichgau\/wp-content\/uploads\/sites\/145\/2026\/08\/dsc9065-scaled.jpg\" class=\"hero-stage-media\" alt=\"\" style=\"object-position: 50% 73%;\" aria-hidden=\"true\" loading=\"eager\" srcset=\"https:\/\/icf.church\/kraichgau\/wp-content\/uploads\/sites\/145\/2026\/08\/dsc9065-scaled.jpg 2560w, https:\/\/icf.church\/kraichgau\/wp-content\/uploads\/sites\/145\/2026\/08\/dsc9065-300x200.jpg 300w, https:\/\/icf.church\/kraichgau\/wp-content\/uploads\/sites\/145\/2026\/08\/dsc9065-1024x683.jpg 1024w, https:\/\/icf.church\/kraichgau\/wp-content\/uploads\/sites\/145\/2026\/08\/dsc9065-768x512.jpg 768w, https:\/\/icf.church\/kraichgau\/wp-content\/uploads\/sites\/145\/2026\/08\/dsc9065-1536x1025.jpg 1536w, https:\/\/icf.church\/kraichgau\/wp-content\/uploads\/sites\/145\/2026\/08\/dsc9065-2048x1367.jpg 2048w\" sizes=\"(max-width: 2560px) 100vw, 2560px\">                    <\/div>\n        <div class=\"hero-stage-gradient\"><\/div>\n    <\/div>\n    <div class=\"hero-stage-content__foreground is-layout-constrained\">\n        <h1 id=\"block-1\" class=\"display-1 text-center\">\n    Jahres&shy;team<\/h1>    <\/div>\n<\/div>\n    <\/div>\n<\/div><\/div>\n        <\/div>\n          <\/div>\n<\/div>\n\n<div id=\"block-9\" class=\"pt-2 pb-2 alignfull is-layout-constrained\">\n  <div>\n          <div class=\"row\">\n        <div class=\"col-12 col-md-10 mx-auto\">\n                <div class=\"row gx-4 gy-4 \">\n          \n\n<div id=\"block-8\" class=\"col wp-block-yellowtree-column col-12 d-flex flex-column with-streched-height-children align-items-stretch align-items-md-stretch\">\n  <h3 id=\"block-6\" class=\"mt-2 h3 display-3 text-center\">\n  FSJ \u2013 EIN JAHR F\u00dcR GOTT<\/h3>\n\n<h3 id=\"block-7\" class=\"h3 text-center\">\n  Du hast die M\u00f6glichkeit, ein Jahr f\u00fcr Gott zu geben und\u00a0Kirche aktiv mit zu gestalten.<\/h3><\/div>\n        <\/div>\n                <\/div>\n      <\/div>\n      <\/div>\n<\/div>\n\n<div id=\"block-18\" class=\"pt-2 pb-2 alignfull is-layout-constrained\">\n  <div>\n            <div class=\"row gx-4 gy-4 \">\n          \n\n<div id=\"block-17\" class=\"col wp-block-yellowtree-column col-12 d-flex flex-column with-streched-height-children align-items-stretch align-items-md-stretch\">\n  <div id=\"block-16\" class=\"pt-2 pb-2 alignfull is-layout-constrained\">\n  <div>\n            <div class=\"row gx-4 gy-4 \">\n          \n\n<div id=\"block-11\" class=\"col wp-block-yellowtree-column col-12 col-md-6 d-flex flex-column with-streched-height-children align-items-stretch align-items-md-stretch\">\n  <div class=\"mw-100\">\n      <figure id=\"block-10\">\n      <div class=\"img-wrap\" style=\"max-width:100%\">\n        <img decoding=\"async\" src=\"https:\/\/icf.church\/kraichgau\/wp-content\/uploads\/sites\/145\/2026\/08\/fsj-fullhd-titel-1-1024x576.jpg\" alt=\"\" loading=\"lazy\" title=\"\" class=\"img-fluid w-100 h-100 rounded object-fit-cover\" style=\"object-position: center center\">\n      <\/div>\n          <\/figure>\n    <\/div><\/div>\n\n\n<div id=\"block-15\" class=\"col wp-block-yellowtree-column col-12 col-md-6 d-flex flex-column with-streched-height-children align-items-stretch align-items-md-stretch\">\n  <p id=\"block-12\" class=\"fs-base text-start wp-block-paragraph\">\n  Shopping Queen, Office Nerd, Facility Worker oder einfach nur ein Herz daf\u00fcr Gottes Liebe praktisch werden zu lassen? Das ICF Karlsruhe bietet dir die M\u00f6glichkeit ein Jahr mit Gott zu erleben und Kirche mitten in Karlsruhe zu gestalten.<\/p>\n\n<p id=\"block-13\" class=\"text-start wp-block-paragraph\">\n  Wenn du zwischen 18 und 23 Jahren alt bist, hast du die Chance im Rahmen eines \u201eFreiwilligen Sozialen Jahres\u201c (FSJ) bzw. des Bundesfreiwilligendienstes (BFD) Teil unseres Jahresteams zu werden.<\/p>\n\n<p id=\"block-14\" class=\"fs-base text-start wp-block-paragraph\">\n  Wir haben verschiedene Einsatzm\u00f6glichkeiten und sind doch\u00a0<strong>EIN<\/strong> Jahresteam, das zusammen mit einem gro\u00dfen Team von Angestellten und vielen Mitarbeitenden arbeitet, Gemeinschaft erlebt, glaubt und betet.<\/p><\/div>\n        <\/div>\n          <\/div>\n<\/div><\/div>\n        <\/div>\n          <\/div>\n<\/div>\n\n<div id=\"block-30\" class=\"pt-2 pb-2 alignfull is-layout-constrained\">\n  <div>\n            <div class=\"row gx-4 gy-4 \">\n          \n\n<div id=\"block-29\" class=\"col wp-block-yellowtree-column col-12 d-flex flex-column with-streched-height-children align-items-stretch align-items-md-stretch\">\n  <h3 id=\"block-19\" class=\"mt-4 mb-4 h3 display-3 text-center\">\n  DEINE EINSATZ&shy;M\u00d6GLICHKEITEN<\/h3>\n\n<div id=\"block-28\" class=\"pt-2 pb-2 alignfull is-layout-constrained\">\n  <div>\n            <div class=\"row gx-4 gy-4 \">\n          \n\n<div id=\"block-23\" class=\"col wp-block-yellowtree-column col-12 col-md-6 d-flex flex-column with-streched-height-children align-items-stretch align-items-md-stretch\">\n  <article id=\"block-22\" data-bs-theme=\"dark\" class=\"wp-block-yellowtree-card card has-context-height\" style=\"--card-img-position:54% 60%\">\n        <img decoding=\"async\" width=\"1024\" height=\"576\" src=\"https:\/\/icf.church\/kraichgau\/wp-content\/uploads\/sites\/145\/2026\/08\/neue-website_-icf-kraichgau-1024x576.jpg\" class=\"card-img-top\" alt=\"\" draggable=\"false\" loading=\"lazy\" srcset=\"https:\/\/icf.church\/kraichgau\/wp-content\/uploads\/sites\/145\/2026\/08\/neue-website_-icf-kraichgau-1024x576.jpg 1024w, https:\/\/icf.church\/kraichgau\/wp-content\/uploads\/sites\/145\/2026\/08\/neue-website_-icf-kraichgau-300x169.jpg 300w, https:\/\/icf.church\/kraichgau\/wp-content\/uploads\/sites\/145\/2026\/08\/neue-website_-icf-kraichgau-768x432.jpg 768w, https:\/\/icf.church\/kraichgau\/wp-content\/uploads\/sites\/145\/2026\/08\/neue-website_-icf-kraichgau-1536x864.jpg 1536w, https:\/\/icf.church\/kraichgau\/wp-content\/uploads\/sites\/145\/2026\/08\/neue-website_-icf-kraichgau.jpg 1920w\" sizes=\"(max-width: 1024px) 100vw, 1024px\">    <div class=\"card-body\">\n    <h3 class=\"card-title\">ICF KRAICHGAU<\/h3>\n    <p class=\"card-text\">F\u00fcr das kommende Jahr (26\/27) suchen wir f\u00fcr unsere Kirche am Standort im Kraichgau (Bretten) eine Person, die gerne in unserem Team in unterschiedlichen Bereich mitarbeiten:<br><br>&#8211; verschiedene Office-T\u00e4tigkeiten<br>&#8211; Mithilfe bei Organisation und Durchf\u00fchrung von Events<br>&#8211; ggf. Mithilfe im Grafik\/Video\/Web- und Social Media- Bereich<br>&#8211; Hausmeister- und Reinigungsarbeiten<br>&#8211; Botendienste (F\u00fchrerschein erforderlich)<br>&#8211; Mitarbeit in der Kinder- und Jugendarbeit<br>&#8211; Mitarbeit bei Gottesdiensten<br><br>Bewirb dich jetzt!<\/p>\n    <div id=\"block-21\" class=\"wp-block-yellowtree-card-buttons card-buttons\">\n  \n\n  <div>\n    <a id=\"block-20\" href=\"https:\/\/icf.church\/kraichgau\/de\/about\/\" class=\"wp-block-yellowtree-card-button btn btn-sm btn-secondary\">\n      <span>\u00dcber das ICF<\/span>\n              <i class=\"icon fs-base-const fa-arrow-right\" aria-hidden=\"true\"><\/i>\n          <\/a>\n  <\/div>\n\n<\/div>  <\/div>\n<\/article><\/div>\n\n\n<div id=\"block-27\" class=\"col wp-block-yellowtree-column col-12 col-md-6 d-flex flex-column with-streched-height-children align-items-stretch align-items-md-stretch\">\n  <article id=\"block-26\" data-bs-theme=\"dark\" class=\"wp-block-yellowtree-card card has-context-height\" style=\"--card-img-position:50% 50%\">\n        <img decoding=\"async\" width=\"1024\" height=\"576\" src=\"https:\/\/icf.church\/kraichgau\/wp-content\/uploads\/sites\/145\/2026\/08\/icf-kids-1024x576.jpg\" class=\"card-img-top\" alt=\"\" draggable=\"false\" loading=\"lazy\" srcset=\"https:\/\/icf.church\/kraichgau\/wp-content\/uploads\/sites\/145\/2026\/08\/icf-kids-1024x576.jpg 1024w, https:\/\/icf.church\/kraichgau\/wp-content\/uploads\/sites\/145\/2026\/08\/icf-kids-300x169.jpg 300w, https:\/\/icf.church\/kraichgau\/wp-content\/uploads\/sites\/145\/2026\/08\/icf-kids-768x432.jpg 768w, https:\/\/icf.church\/kraichgau\/wp-content\/uploads\/sites\/145\/2026\/08\/icf-kids-1536x864.jpg 1536w, https:\/\/icf.church\/kraichgau\/wp-content\/uploads\/sites\/145\/2026\/08\/icf-kids.jpg 1920w\" sizes=\"(max-width: 1024px) 100vw, 1024px\">    <div class=\"card-body\">\n    <h3 class=\"card-title\">KINDER- UND JUGEND ARCHE<\/h3>\n    <p class=\"card-text\">F\u00fcr das kommende Jahr (26\/27) haben wir f\u00fcr die Kinder- und Jugend Arche e.V. zwei offene Stellen in Karlsruhe und eine am Standort im Kraichgau (Bretten). Wenn du ein Herz f\u00fcr Kinder in Not hast und dich das Herzst\u00fcck der Sozialen Arbeit interessiert, bist du in der Kinder-und Jugendarche genau richtig. Zu deinen Aufgaben geh\u00f6ren:<br><br>&#8211; Mitarbeit der p\u00e4dagogischen Betreuung der Kinder (Hausaufgaben etc.)<br>&#8211; Gestaltung von Workshops und Nachmittagsprogramm<br>&#8211; Fahrdienste (F\u00fchrerschein zwingend erforderlich)<br>&#8211; Reinigungsarbeiten<br>&#8211; Mitarbeit bei Events<\/p>\n    <div id=\"block-25\" class=\"wp-block-yellowtree-card-buttons card-buttons\">\n  \n\n  <div>\n    <a id=\"block-24\" href=\"https:\/\/www.archekarlsruhe.de\/\" target=\"_blank\" class=\"wp-block-yellowtree-card-button btn btn-sm btn-secondary\">\n      <span>\u00dcber die ARCHE<\/span>\n              <i class=\"icon fs-base-const fa-arrow-right\" aria-hidden=\"true\"><\/i>\n          <\/a>\n  <\/div>\n\n<\/div>  <\/div>\n<\/article><\/div>\n        <\/div>\n          <\/div>\n<\/div><\/div>\n        <\/div>\n          <\/div>\n<\/div>\n\n<h1 id=\"kalender\" class=\"mt-4 mb-6 h1 text-center\">\n  Bewirb dich jetzt!<\/h1>\n\n<div id=\"block-35\" class=\"pt-2 pb-2 alignfull is-layout-constrained\">\n  <div>\n            <div class=\"row gx-4 gy-4 \">\n          \n\n<div id=\"block-32\" class=\"col wp-block-yellowtree-column col-12 col-md-6 d-flex flex-column with-streched-height-children align-items-stretch align-items-md-stretch\">\n  <article id=\"block-31\" data-bs-theme=\"dark\" class=\"wp-block-yellowtree-card card has-context-height\" style=\"--card-img-position:50% 50%\">\n      <div class=\"card-body\">\n    <h3 class=\"card-title\">DEINE BEWERBUNG<\/h3>\n    <p class=\"card-text\">Update schnell deinen Lebenslauf, knipse ein schickes Bild von dir und schicke das ganze mit \u201eDeiner Geschichte mit Gott\u201c, motivierten Worten und, wenn m\u00f6glich, Referenzen \u00fcber dein ehrenamtliches Engagement an:<br><br>Rebekka Stampf<br>ICF Karlsruhe e.V. Standort Kraichgau<br>Salzhofen 7<br>75015 Bretten<br><a href=\"mailto:office@icf-kraichgau.de\">office@icf-kraichgau.de<\/a><\/p>\n      <\/div>\n<\/article><\/div>\n\n\n<div id=\"block-34\" class=\"col wp-block-yellowtree-column col-12 col-md-6 d-flex flex-column with-streched-height-children align-items-stretch align-items-md-stretch\">\n  <article id=\"block-33\" data-bs-theme=\"dark\" class=\"wp-block-yellowtree-card card has-context-height\" style=\"--card-img-position:50% 50%\">\n      <div class=\"card-body\">\n    <h3 class=\"card-title\">WIR BIETEN DIR<\/h3>\n    <p class=\"card-text\">&gt; Taschengeld 150 EUR<br>&gt; Verpflegungspauschale 160,00 EUR (ICF) oder 112,00 EUR (ARCHE \u2013 inkl. Mittagessen)<br>&gt; flexible 40 Stunden Woche (auch Wochenenddienste (i.d.R. alle zwei Wochen))<br>&gt; 26 Tage Urlaub<br>&gt; Freie Unterkunft (WG)<br>&gt; Teilnahme an 25 Seminartagen<br>&gt; Individuelles Mentoring<br>&gt; Fachliche Anleitung und Reflexionsgespr\u00e4che<br>&gt; Teilnahme am J\u00fcngerschaftskurs\u00a0<\/p>\n      <\/div>\n<\/article><\/div>\n        <\/div>\n          <\/div>\n<\/div>","protected":false},"excerpt":{"rendered":"<p>Bewirb dich jetzt!<\/p>\n","protected":false},"author":233,"featured_media":0,"parent":0,"menu_order":29,"comment_status":"closed","ping_status":"closed","template":"","meta":{"_acf_changed":false,"_seopress_titles_title":"","_seopress_titles_desc":"","_seopress_robots_index":"","_seopress_robots_follow":"","_seopress_robots_imageindex":"","_seopress_robots_snippet":"","_seopress_robots_primary_cat":"","_seopress_robots_breadcrumbs":"","_seopress_robots_freeze_modified_date":"","_seopress_robots_custom_modified_date":"","_seopress_robots_canonical":"","_seopress_social_fb_title":"","_seopress_social_fb_desc":"","_seopress_social_fb_img":"","_seopress_social_fb_img_attachment_id":0,"_seopress_social_fb_img_width":0,"_seopress_social_fb_img_height":0,"_seopress_social_twitter_title":"","_seopress_social_twitter_desc":"","_seopress_social_twitter_img":"","_seopress_social_twitter_img_attachment_id":0,"_seopress_social_twitter_img_width":0,"_seopress_social_twitter_img_height":0,"_seopress_redirections_value":"","_seopress_redirections_enabled":"","_seopress_redirections_enabled_regex":"","_seopress_redirections_logged_status":"","_seopress_redirections_param":"","_seopress_redirections_type":0,"_seopress_analysis_target_kw":"","_seopress_news_disabled":"","_seopress_video_disabled":"","_seopress_video":[],"_seopress_pro_schemas_manual":[],"_seopress_pro_rich_snippets_disable_all":"","_seopress_pro_rich_snippets_disable":[],"_seopress_pro_schemas":[],"yt_custom_styles_scss":"","yt_custom_styles_rounded_corners":false,"yt_custom_styles_color_scheme":"","footnotes":""},"class_list":["post-1505","page","type-page","status-publish","hentry"],"acf":[],"_links":{"self":[{"href":"https:\/\/icf.church\/kraichgau\/de\/wp-json\/wp\/v2\/pages\/1505","targetHints":{"allow":["GET"]}}],"collection":[{"href":"https:\/\/icf.church\/kraichgau\/de\/wp-json\/wp\/v2\/pages"}],"about":[{"href":"https:\/\/icf.church\/kraichgau\/de\/wp-json\/wp\/v2\/types\/page"}],"author":[{"embeddable":true,"href":"https:\/\/icf.church\/kraichgau\/de\/wp-json\/wp\/v2\/users\/233"}],"replies":[{"embeddable":true,"href":"https:\/\/icf.church\/kraichgau\/de\/wp-json\/wp\/v2\/comments?post=1505"}],"version-history":[{"count":8,"href":"https:\/\/icf.church\/kraichgau\/de\/wp-json\/wp\/v2\/pages\/1505\/revisions"}],"predecessor-version":[{"id":1516,"href":"https:\/\/icf.church\/kraichgau\/de\/wp-json\/wp\/v2\/pages\/1505\/revisions\/1516"}],"wp:attachment":[{"href":"https:\/\/icf.church\/kraichgau\/de\/wp-json\/wp\/v2\/media?parent=1505"}],"curies":[{"name":"wp","href":"https:\/\/api.w.org\/{rel}","templated":true}]}}