{"id":1184,"date":"2025-10-02T08:56:55","date_gmt":"2025-10-02T06:56:35","guid":{"rendered":"https:\/\/new.icf.church\/lausanne\/visit-template-version-1-4\/"},"modified":"2026-07-01T20:54:40","modified_gmt":"2026-07-01T18:54:40","slug":"visiter","status":"publish","type":"page","link":"https:\/\/icf.church\/lausanne\/fr\/visiter\/","title":{"rendered":"Visiter"},"content":{"rendered":"<h1 id=\"block-1\" class=\"mt-4 h1 display-1 text-start\" style=\"margin-bottom:0\">\n  Ravi de vous accueillir<\/h1>\n\n<p id=\"block-2\" class=\"mb-6 text-start wp-block-paragraph\">\n  Chaque dimanche, nous vivons des \u00ab C\u00e9l\u00e9brations \u00bb : vivantes, joyeuses et passionn\u00e9es, le moment fort de notre semaine !<\/p>\n\n\n<div id=\"block-5\" class=\"mb-4 wp-block-yellowtree-hero-stage\">\n    <div class=\"hero-stage \">\n        \n\n<div id=\"block-4\" class=\"hero-stage-content\">\n    <div class=\"hero-stage-content__background\">\n        <div class=\"overlay-black-25 h-100\">\n                            <img fetchpriority=\"high\" decoding=\"async\" width=\"1280\" height=\"783\" src=\"https:\/\/icf.church\/lausanne\/wp-content\/uploads\/sites\/122\/2026\/05\/5929488066697432181-e1780834022691.jpg\" class=\"hero-stage-media\" alt=\"Musiciens jouant en live lors d&#039;une f\u00eate de No\u00ebl, avec d\u00e9corations festives en arri\u00e8re-plan.\" style=\"object-position: 50% 50%;\" aria-hidden=\"true\" loading=\"eager\" srcset=\"https:\/\/icf.church\/lausanne\/wp-content\/uploads\/sites\/122\/2026\/05\/5929488066697432181-e1780834022691.jpg 1280w, https:\/\/icf.church\/lausanne\/wp-content\/uploads\/sites\/122\/2026\/05\/5929488066697432181-e1780834022691-300x184.jpg 300w, https:\/\/icf.church\/lausanne\/wp-content\/uploads\/sites\/122\/2026\/05\/5929488066697432181-e1780834022691-1024x626.jpg 1024w, https:\/\/icf.church\/lausanne\/wp-content\/uploads\/sites\/122\/2026\/05\/5929488066697432181-e1780834022691-768x470.jpg 768w\" sizes=\"(max-width: 1280px) 100vw, 1280px\" \/>                    <\/div>\n        <div class=\"hero-stage-gradient\"><\/div>\n    <\/div>\n    <div class=\"hero-stage-content__foreground is-layout-constrained\">\n        <h1 id=\"block-3\" class=\"display-1 text-center\">\n    <\/h1>    <\/div>\n<\/div>\n    <\/div>\n<\/div>\n\n<div id=\"block-9\" class=\"pt-2 pb-2 alignfull is-layout-constrained\">\n  <div>\n            <div class=\"row gx-4 gy-4 \">\n          \n\n<div id=\"block-8\" class=\"col wp-block-yellowtree-column col-12 d-flex flex-column with-streched-height-children align-items-stretch align-items-md-stretch\">\n  <h2 id=\"block-6\" class=\"h2 display-2 text-start\">\n  Celebrations<\/h2>\n\n<p id=\"block-7\" class=\"text-start wp-block-paragraph\">\n  I<strong>CF Lausanne<\/strong> est une \u00e9glise pour tous. Chaque dimanche, nous rencontrons Dieu par la musique, des messages encourageants ainsi que par nos \u00e9changes les uns avec les autres. Que \u00e7a soit \u00e0 ICF Kids ou lors de nos c\u00e9l\u00e9brations, ICF Lausanne est un espace chaleureux et accueillant ou chacun peut grandir dans sa foi et d\u00e9velopper sa relation avec Dieu et la communaut\u00e9.<\/p><\/div>\n        <\/div>\n          <\/div>\n<\/div>\n\n<div id=\"block-23\" class=\"pt-2 pb-2 alignfull is-layout-constrained\">\n  <div>\n            <div class=\"row gx-4 gy-4 \">\n          \n\n<div id=\"block-22\" class=\"col wp-block-yellowtree-column col-12 d-flex flex-column with-streched-height-children align-items-stretch align-items-md-stretch\">\n  <div id=\"block-21\" class=\"pt-2 pb-2 alignfull is-layout-constrained\">\n  <div>\n            <div class=\"row gx-4 gy-4 \">\n          \n\n<div id=\"block-11\" class=\"col wp-block-yellowtree-column col-12 col-md-6 col-lg-5 d-flex flex-column justify-content-center align-items-center align-items-lg-center\">\n  <div class=\"aligncenter mw-100\">\n      <figure id=\"block-10\">\n      <div class=\"img-wrap\" style=\"width:294px;height:auto;max-width:100%\">\n        <img decoding=\"async\" src=\"https:\/\/icf.church\/lausanne\/wp-content\/uploads\/sites\/122\/2026\/07\/img_1972-768x1024.jpg\" alt=\"\" loading=\"lazy\" title=\"\" class=\"img-fluid w-100 h-100 rounded object-fit-cover\" style=\"object-position: center center\">\n      <\/div>\n          <\/figure>\n    <\/div><\/div>\n\n\n<div id=\"block-20\" class=\"col wp-block-yellowtree-column col-12 col-md-6 col-lg-7 d-flex flex-column with-streched-height-children align-items-stretch align-items-lg-stretch\">\n  <h2 id=\"block-12\" class=\"h2 text-start\">\n  ICF Kids<\/h2>\n\n<p id=\"block-13\" class=\"text-start wp-block-paragraph\">\n  Petits et grands ont leur place chez nous ! Deux espaces adapt\u00e9s les attendent : 0-3 ans et 4-10 ans et +.<\/p>\n\n<p id=\"block-14\" class=\"text-start wp-block-paragraph\">\n  Le programme Kids n&rsquo;est pas propos\u00e9 \u00e0 chaque \u00e9v\u00e9nement : pensez \u00e0 consulter l&rsquo;agenda ou \u00e0 suivre notre cha\u00eene Telegram pour savoir s&rsquo;il a lieu.<\/p>\n\n<div id=\"block-19\" class=\"pt-2 pb-2 alignfull is-layout-constrained\">\n  <div>\n            <div class=\"row gx-4 gy-4 \">\n          \n\n<div id=\"block-16\" class=\"col wp-block-yellowtree-column col-12 col-md-6 d-flex flex-column with-streched-height-children align-items-stretch align-items-md-stretch\">\n  <div>\n    <a id=\"block-15\" href=\"https:\/\/t.me\/+RosGtrqQETUlWmZw\" rel=\"\" target=\"_blank\" class=\"wp-block-yellowtree-button-link btn btn-default\">\n      <span>Telegram<\/span>\n              <i class=\"icon fs-base-const fa-brands fa-telegram\" aria-hidden=\"true\"><\/i>\n          <\/a>\n  <\/div><\/div>\n\n\n<div id=\"block-18\" class=\"col wp-block-yellowtree-column col-12 col-md-6 d-flex flex-column with-streched-height-children align-items-stretch align-items-md-stretch\">\n  <div>\n    <a id=\"block-17\" href=\"https:\/\/icf.church\/lausanne\/fr\/offers\/?type=events\" rel=\"\" class=\"wp-block-yellowtree-button-link btn btn-default\">\n      <span>Agenda<\/span>\n              <i class=\"icon fs-base-const fa-solid fa-calendar-days\" aria-hidden=\"true\"><\/i>\n          <\/a>\n  <\/div><\/div>\n        <\/div>\n          <\/div>\n<\/div><\/div>\n        <\/div>\n          <\/div>\n<\/div><\/div>\n        <\/div>\n          <\/div>\n<\/div>\n\n<div id=\"block-30\" class=\"pt-2 pb-2 alignfull is-layout-constrained\">\n  <div>\n            <div class=\"row gx-4 gy-4 \">\n          \n\n<div id=\"block-29\" class=\"col wp-block-yellowtree-column col-12 d-flex flex-column with-streched-height-children align-items-stretch align-items-md-stretch\">\n  <div class=\"has-context-height\">\n  <article id=\"block-25\" data-bs-theme=\"dark\" class=\"card wp-block-yellowtree-big-teaser-card\">\n    <div class=\"card-body px-4 py-6 p-sm-6 p-md-8 p-xl-10\">\n              <p class=\"h3\">\n          Sunday        <\/p>\n            <div class=\"d-flex flex-column flex-lg-row column-gap-7\">\n        <div class=\"flex-1\">\n          <h3 class=\"h1 \">\n            C\u00e9l\u00e9bration          <\/h3>\n        <\/div>\n        <div class=\"flex-1\">\n                      <p class=\"mb-4\">\n              Rue de Lausanne 60<br>1020 Lausanne <br>au 1er \u00e9tage<br><br>Tous les dimanche *<br>Rendez-vous \u00e0&nbsp;10h30 pour le programme<br>et \u00e0&nbsp;10h pour le caf\u00e9<br><br>Parking:<br>Plusieurs options de stationnement sont disponibles \u00e0 proximit\u00e9, dont un acc\u00e8s au parking souterrain payant.<br><br>Acc\u00e8s transports publics:<br>\u00c0 quelques minutes \u00e0 pied de l\u2019arr\u00eat de bus \u00ab Renens VD,&nbsp;Crois\u00e9e \/ Tilleuls&nbsp;\u00bb &#8211; lignes 17 &amp; 19&nbsp;<br><br>*changement d&rsquo;\u00e9v\u00e9nement possible, consulte l\u2019agenda, ou informe toi sur nos diff\u00e9rent canaux.            <\/p>\n                    <div>\n            \n<article><hgroup><\/hgroup>\n  <div>\n    <a id=\"block-24\" href=\"https:\/\/maps.app.goo.gl\/j95Rm1KMQrkaCFQ3A\" rel=\"\" target=\"_blank\" class=\"wp-block-yellowtree-button-link btn btn-default\">\n      <span>O\u00f9 nous trouver<\/span>\n              <i class=\"icon fs-base-const fa-solid fa-location-smile\" aria-hidden=\"true\"><\/i>\n          <\/a>\n  <\/div>\n<\/article>\n          <\/div>\n        <\/div>\n      <\/div>\n    <\/div>\n  <\/article>\n<\/div>\n\n<div id=\"block-27\" class=\"pt-2 pb-2 alignfull is-layout-constrained\">\n  <div>\n            <div class=\"row gx-4 gy-4 \">\n          \n\n<div id=\"block-26\" class=\"col wp-block-yellowtree-column col-12 d-flex flex-column with-streched-height-children align-items-stretch align-items-md-stretch\">\n  <\/div>\n        <\/div>\n          <\/div>\n<\/div>\n\n<div class=\"events-list\" data-events-list-config=\"{&quot;appId&quot;:&quot;ILU203NJSX&quot;,&quot;apiKey&quot;:&quot;MDc3ZWFjZTQxMWY2MzQ1ZGZkN2NmZDcxMDIyNmE0NzViZGE5NDBjYmU5MTEyMGJmYzlkOGJmYWU5Y2Q1NWUyNGZpbHRlcnM9JTI4dmlzaWJsZUZvck9yZ2FuaXphdGlvbiUzQTI1MCtPUit2aXNpYmxlRm9yUmVnaW9uJTNBMCtPUit2aXNpYmxlRm9yRGVub21pbmF0aW9uJTNBMSUyOStBTkQrc3RhdHVzJTNBcHVibGlzaGVkK0FORCslMjhncm91cF9pZCUzQTEzNzElMjkmcmVzdHJpY3RJbmRpY2VzPWV2ZW50cw==&quot;,&quot;baseUrl&quot;:&quot;https:\\\/\\\/icf.church\\\/lausanne\\\/fr\\\/evenements\\\/&quot;,&quot;baseUrls&quot;:{&quot;fr&quot;:&quot;https:\\\/\\\/icf.church\\\/lausanne\\\/fr\\\/evenements\\\/&quot;,&quot;de&quot;:&quot;https:\\\/\\\/icf.church\\\/lausanne\\\/de\\\/angebote\\\/&quot;,&quot;en&quot;:&quot;https:\\\/\\\/icf.church\\\/lausanne\\\/en\\\/events\\\/&quot;},&quot;postsPerPage&quot;:10,&quot;indexName&quot;:&quot;events&quot;,&quot;contactUrl&quot;:&quot;https:\\\/\\\/icf.church\\\/lausanne\\\/fr\\\/contact\\\/&quot;,&quot;icons&quot;:{&quot;Sunday&quot;:&quot;fa-house-user&quot;,&quot;Sunday Night&quot;:&quot;fa-hand-peace&quot;,&quot;Kids&quot;:&quot;fa-children&quot;,&quot;Ladies&quot;:&quot;fa-person-dress&quot;,&quot;Men&quot;:&quot;fa-person&quot;,&quot;Teens&quot;:&quot;fa-gamepad-modern&quot;,&quot;Youth&quot;:&quot;fa-party-horn&quot;,&quot;Evergreen&quot;:&quot;fa-tree-deciduous&quot;},&quot;imgixSrcUrl&quot;:&quot;https:\\\/\\\/website-prod-space-01.fra1.digitaloceanspaces.com&quot;,&quot;imgixTargetUrl&quot;:&quot;https:\\\/\\\/icf-hub-new.imgix.net&quot;,&quot;siteUrl&quot;:&quot;https:\\\/\\\/icf.church\\\/lausanne&quot;,&quot;organisationId&quot;:&quot;lausanne&quot;,&quot;typePreFilter&quot;:&quot;events&quot;}\">\n<\/div><\/div>\n        <\/div>\n          <\/div>\n<\/div>\n\n\n<div id=\"block-33\" data-bs-theme=\"dark\" class=\"wp-block-yellowtree-divider-card card d-flex flex-column flex-lg-row py-6 py-lg-0\">\n  \n\n<div id=\"block-31\" class=\"wp-block-yellowtree-divider-card-item flex-1 d-flex flex-column position-relative text-center py-6 py-lg-10\">\n  <div class='mb-2'>\n    <div class='d-flex flex-column align-items-center gap-2'>\n      <i class='icon fs-lg-const fa-solid fa-location-dot' aria-hidden='true'><\/i>\n      <h3 class='mb-0'>\n        <span class=\"text-container\">\n          O\u00f9 nous trouver        <\/span>\n      <\/h3>\n    <\/div>\n  <\/div>\n  <div class='mt-auto'>\n    <a class='text-arrow-link fs-sm text-light-3' href=\"https:\/\/maps.app.goo.gl\/2cZsL4C7wXTUaoTc6\" target=\"_blank\">\n      Let&#039;s go    <\/a>\n  <\/div>\n<\/div>\n\n\n<div id=\"block-32\" class=\"wp-block-yellowtree-divider-card-item flex-1 d-flex flex-column position-relative text-center py-6 py-lg-10\">\n  <div class='mb-2'>\n    <div class='d-flex flex-column align-items-center gap-2'>\n      <i class='icon fs-lg-const fa-video' aria-hidden='true'><\/i>\n      <h3 class='mb-0'>\n        <span class=\"text-container\">\n          En ligne        <\/span>\n      <\/h3>\n    <\/div>\n  <\/div>\n  <div class='mt-auto'>\n    <a class='text-arrow-link fs-sm text-light-3' href=\"https:\/\/www.youtube.com\/@icflausanne672\" target=\"_blank\">\n      Let&#039;s go    <\/a>\n  <\/div>\n<\/div>\n<\/div>","protected":false},"excerpt":{"rendered":"<p>Every Sunday we celebrate our Celebrations \u2013 our loud, joyful, and passionate worship service and weekly highlight!<\/p>\n","protected":false},"author":3,"featured_media":1193,"parent":0,"menu_order":1,"comment_status":"closed","ping_status":"closed","template":"","meta":{"_acf_changed":false,"_seopress_titles_title":"","_seopress_titles_desc":"","_seopress_robots_index":"","_seopress_robots_follow":"","_seopress_robots_imageindex":"","_seopress_robots_snippet":"","_seopress_robots_primary_cat":"","_seopress_robots_breadcrumbs":"","_seopress_robots_freeze_modified_date":"","_seopress_robots_custom_modified_date":"","_seopress_robots_canonical":"","_seopress_social_fb_title":"","_seopress_social_fb_desc":"","_seopress_social_fb_img":"","_seopress_social_fb_img_attachment_id":0,"_seopress_social_fb_img_width":0,"_seopress_social_fb_img_height":0,"_seopress_social_twitter_title":"","_seopress_social_twitter_desc":"","_seopress_social_twitter_img":"","_seopress_social_twitter_img_attachment_id":0,"_seopress_social_twitter_img_width":0,"_seopress_social_twitter_img_height":0,"_seopress_redirections_value":"","_seopress_redirections_enabled":"","_seopress_redirections_enabled_regex":"","_seopress_redirections_logged_status":"both","_seopress_redirections_param":"","_seopress_redirections_type":301,"_seopress_analysis_target_kw":"","_seopress_news_disabled":"","_seopress_video_disabled":"","_seopress_video":[{"url":"","title":"","desc":"","thumbnail":"","duration":"","rating":"","view_count":"","tag":""}],"_seopress_pro_schemas_manual":[],"_seopress_pro_rich_snippets_disable_all":"","_seopress_pro_rich_snippets_disable":[],"_seopress_pro_schemas":[],"yt_custom_styles_scss":"","yt_custom_styles_rounded_corners":false,"yt_custom_styles_color_scheme":"","footnotes":""},"class_list":["post-1184","page","type-page","status-publish","has-post-thumbnail","hentry"],"acf":[],"_links":{"self":[{"href":"https:\/\/icf.church\/lausanne\/fr\/wp-json\/wp\/v2\/pages\/1184","targetHints":{"allow":["GET"]}}],"collection":[{"href":"https:\/\/icf.church\/lausanne\/fr\/wp-json\/wp\/v2\/pages"}],"about":[{"href":"https:\/\/icf.church\/lausanne\/fr\/wp-json\/wp\/v2\/types\/page"}],"author":[{"embeddable":true,"href":"https:\/\/icf.church\/lausanne\/fr\/wp-json\/wp\/v2\/users\/3"}],"replies":[{"embeddable":true,"href":"https:\/\/icf.church\/lausanne\/fr\/wp-json\/wp\/v2\/comments?post=1184"}],"version-history":[{"count":33,"href":"https:\/\/icf.church\/lausanne\/fr\/wp-json\/wp\/v2\/pages\/1184\/revisions"}],"predecessor-version":[{"id":1519,"href":"https:\/\/icf.church\/lausanne\/fr\/wp-json\/wp\/v2\/pages\/1184\/revisions\/1519"}],"wp:featuredmedia":[{"embeddable":true,"href":"https:\/\/icf.church\/lausanne\/fr\/wp-json\/wp\/v2\/media\/1193"}],"wp:attachment":[{"href":"https:\/\/icf.church\/lausanne\/fr\/wp-json\/wp\/v2\/media?parent=1184"}],"curies":[{"name":"wp","href":"https:\/\/api.w.org\/{rel}","templated":true}]}}