{"id":1199,"date":"2026-03-06T13:18:29","date_gmt":"2026-03-06T12:18:29","guid":{"rendered":"https:\/\/new.icf.church\/lausanne\/?page_id=1199"},"modified":"2026-08-20T13:31:07","modified_gmt":"2026-08-20T11:31:07","slug":"about","status":"publish","type":"page","link":"https:\/\/icf.church\/lausanne\/fr\/about\/","title":{"rendered":"A propos"},"content":{"rendered":"<h1 id=\"block-1\" class=\"mt-4 mb-4 h1 display-1 text-center\">\n  Bienvenue \u00e0<br>ICF Lausanne<\/h1>\n\n<div class=\"alignwide mw-100\">\n      <figure id=\"block-2\" class=\"is-style-rounded mt-2 mb-2\">\n      <div class=\"img-wrap\" style=\"max-width:100%\">\n        <img decoding=\"async\" src=\"https:\/\/icf.church\/lausanne\/wp-content\/uploads\/sites\/122\/2026\/06\/img_4034-scaled.jpg\" alt=\"\" loading=\"lazy\" title=\"\" srcset=\"https:\/\/icf.church\/lausanne\/wp-content\/uploads\/sites\/122\/2026\/06\/img_4034-scaled.jpg 2560w, https:\/\/icf.church\/lausanne\/wp-content\/uploads\/sites\/122\/2026\/06\/img_4034-300x225.jpg 300w, https:\/\/icf.church\/lausanne\/wp-content\/uploads\/sites\/122\/2026\/06\/img_4034-1024x768.jpg 1024w, https:\/\/icf.church\/lausanne\/wp-content\/uploads\/sites\/122\/2026\/06\/img_4034-768x576.jpg 768w, https:\/\/icf.church\/lausanne\/wp-content\/uploads\/sites\/122\/2026\/06\/img_4034-1536x1152.jpg 1536w, https:\/\/icf.church\/lausanne\/wp-content\/uploads\/sites\/122\/2026\/06\/img_4034-2048x1536.jpg 2048w\" sizes=\"(max-width: 2560px) 100vw, 2560px\" class=\"img-fluid w-100 h-100 rounded object-fit-cover\" style=\"object-position: center center\" \/>\n      <\/div>\n          <\/figure>\n    <\/div>\n\n<div id=\"block-6\" class=\"pt-2 pb-2 alignfull is-layout-constrained\">\n  <div>\n          <div class=\"row\">\n        <div class=\"col-12 col-md-10 mx-auto\">\n                <div class=\"row gx-4 gy-4 \">\n          \n\n<div id=\"block-5\" class=\"col wp-block-yellowtree-column col-12 d-flex flex-column with-streched-height-children align-items-stretch align-items-md-stretch\">\n  <h3 id=\"block-3\" class=\"mt-4 h3 display-3 text-center\">\n  Une nouvelle exp\u00e9rience de l&rsquo;\u00e9glise<\/h3>\n\n<h3 id=\"block-4\" class=\"mt-4 h3 text-center\">\n  ICF Lausanne est une \u00e9glise chr\u00e9tienne fond\u00e9e sur la Bible : authentique, en phase avec son temps et anim\u00e9e par la joie de vivre avec J\u00e9sus.<\/h3><\/div>\n        <\/div>\n                <\/div>\n      <\/div>\n      <\/div>\n<\/div>\n\n<div id=\"block-13\" class=\"pt-6 pb-2 alignfull is-layout-constrained\">\n  <div>\n            <div class=\"row gx-4 gy-4 \">\n          \n\n<div id=\"block-12\" class=\"col wp-block-yellowtree-column col-12 d-flex flex-column with-streched-height-children align-items-stretch align-items-md-stretch\">\n  <div id=\"block-11\" class=\"wp-block-yellowtree-text-image d-flex flex-column flex-lg-row gap-3\">\n    \n\n<div id=\"block-7\" class=\"wp-block-yellowtree-locked-image\">\n    <img decoding=\"async\" width=\"1024\" height=\"768\" src=\"https:\/\/icf.church\/lausanne\/wp-content\/uploads\/sites\/122\/2026\/05\/img_2645-1024x768.jpg\" class=\"w-100 h-100 object-fit-cover\" alt=\"\" style=\"object-position: 50% 12%;\" loading=\"lazy\" sizes=\"(max-width: 992px) 100vw, 1600px\" srcset=\"https:\/\/icf.church\/lausanne\/wp-content\/uploads\/sites\/122\/2026\/05\/img_2645-1024x768.jpg 1024w, https:\/\/icf.church\/lausanne\/wp-content\/uploads\/sites\/122\/2026\/05\/img_2645-300x225.jpg 300w, https:\/\/icf.church\/lausanne\/wp-content\/uploads\/sites\/122\/2026\/05\/img_2645-768x576.jpg 768w, https:\/\/icf.church\/lausanne\/wp-content\/uploads\/sites\/122\/2026\/05\/img_2645-1536x1152.jpg 1536w, https:\/\/icf.church\/lausanne\/wp-content\/uploads\/sites\/122\/2026\/05\/img_2645-2048x1536.jpg 2048w\"><\/div>\n\n\n\n<div id=\"block-10\" data-bs-theme=\"dark\" class=\"card wp-block-yellowtree-text-card has-context-height\">\n  <div class=\"card-body px-4 py-6 p-sm-6 p-lg-8\">\n    \n\n<h2 id=\"block-8\">\n    Bienvenue chez vous<\/h2>\n\n\n<p id=\"block-9\">\n    Elodie et St\u00e9phane Richle<br>Pasteurs ICF Lausanne<br><br>P\u00eacheur du dimanche et brocanteuse de l\u2019extr\u00eame, mais avant tout passionn\u00e9s par\u202fJ\u00e9sus-Christ, St\u00e9phane et Elodie ont pour r\u00eave de voir chaque personne rencontrer Dieu et fleurir au travers de l\u2019\u00e9glise locale !<\/p>\n  <\/div>\n<\/div>\n<\/div><\/div>\n        <\/div>\n          <\/div>\n<\/div>\n\n<p id=\"block-14\" class=\"mt-7 mb-4 text-start wp-block-paragraph\">\n  <strong class=\"myprefix-text-bold\">ICF Lausanne<\/strong> est une \u00e9glise pour tous. Chaque dimanche, nous rencontrons Dieu par la musique, des messages encourageants ainsi que par nos \u00e9changes les uns avec les autres. Que \u00e7a soit \u00e0 ICF Kids ou lors de nos c\u00e9l\u00e9brations, ICF Lausanne est un espace chaleureux et accueillant ou chacun peut grandir dans sa foi et d\u00e9velopper sa relation avec Dieu et la communaut\u00e9.<\/p>\n\n<p id=\"block-15\" class=\"text-start wp-block-paragraph\">\n  Tu peux nous trouver tous les dimanches, \u00e0 la <a href=\"https:\/\/maps.app.goo.gl\/2cZsL4C7wXTUaoTc6\">rue de Lausanne 60, 1020 Lausanne<\/a>, \u00e0 10h pour boire un caf\u00e9 et \u00e0 10h30 pour vivre la c\u00e9l\u00e9bration ensemble.<\/p>\n\n\n<div id=\"block-21\" class=\"wp-block-yellowtree-fluid-gallery alignfull position-relative is-layout-constrained overflow-hidden\">\n        <div class=\"position-absolute top-2 start-0 end-0 d-none d-md-flex my-0\">\n        <div class=\"ms-auto\">\n            <a href=\"https:\/\/icf.church\/lausanne\/fr\/contact\/\" data-exclude=\"\" class=\"btn btn-outline-default\" style=\"z-index:100\">\n                <i class=\"icon fa-plus\" aria-hidden=\"true\"><\/i>\n                contacte nous            <\/a>\n        <\/div>\n    <\/div>\n        <div class=\"position-relative is-layout-constrained alignfull fluid-gallery-height\">\n        <div class=\"position-absolute start-0 end-0 top-0 bottom-0 d-flex justify-content-center align-items-center is-layout-constrained\">\n            <div class=\"fluid-gallery-gradient\"><\/div>\n        <\/div>\n        <div class=\"fluid-gallery-scroll-container d-flex h-100 alignfull position-relative subtle-scrollbar focus-ring\">\n            <div class=\"h-100 fluid-gallery-layout\">\n                <div id=\"block-16\" class=\"wp-block-yellowtree-fluid-gallery-image\">\n    <img decoding=\"async\" width=\"768\" height=\"1024\" src=\"https:\/\/icf.church\/lausanne\/wp-content\/uploads\/sites\/122\/2026\/05\/img_2572-768x1024.jpg\" class=\"w-100 h-100 object-fit-cover rounded\" alt=\"\" draggable=\"false\" loading=\"lazy\" sizes=\"768px\" srcset=\"https:\/\/icf.church\/lausanne\/wp-content\/uploads\/sites\/122\/2026\/05\/img_2572-768x1024.jpg 768w, https:\/\/icf.church\/lausanne\/wp-content\/uploads\/sites\/122\/2026\/05\/img_2572-225x300.jpg 225w, https:\/\/icf.church\/lausanne\/wp-content\/uploads\/sites\/122\/2026\/05\/img_2572-1152x1536.jpg 1152w, https:\/\/icf.church\/lausanne\/wp-content\/uploads\/sites\/122\/2026\/05\/img_2572-1536x2048.jpg 1536w, https:\/\/icf.church\/lausanne\/wp-content\/uploads\/sites\/122\/2026\/05\/img_2572-scaled.jpg 1920w\"><\/div>\n\n\n<div id=\"block-17\" class=\"wp-block-yellowtree-fluid-gallery-image\">\n    <img decoding=\"async\" width=\"768\" height=\"1024\" src=\"https:\/\/icf.church\/lausanne\/wp-content\/uploads\/sites\/122\/2026\/05\/img_5329-768x1024.jpg\" class=\"w-100 h-100 object-fit-cover rounded\" alt=\"Enfants assis sur le sol regardant un adulte jouer de la guitare.\" draggable=\"false\" loading=\"lazy\" sizes=\"768px\" srcset=\"https:\/\/icf.church\/lausanne\/wp-content\/uploads\/sites\/122\/2026\/05\/img_5329-768x1024.jpg 768w, https:\/\/icf.church\/lausanne\/wp-content\/uploads\/sites\/122\/2026\/05\/img_5329-225x300.jpg 225w, https:\/\/icf.church\/lausanne\/wp-content\/uploads\/sites\/122\/2026\/05\/img_5329-1152x1536.jpg 1152w, https:\/\/icf.church\/lausanne\/wp-content\/uploads\/sites\/122\/2026\/05\/img_5329-1536x2048.jpg 1536w, https:\/\/icf.church\/lausanne\/wp-content\/uploads\/sites\/122\/2026\/05\/img_5329-scaled.jpg 1920w\"><\/div>\n\n\n<div id=\"block-18\" class=\"wp-block-yellowtree-fluid-gallery-image\">\n    <img decoding=\"async\" width=\"1024\" height=\"626\" src=\"https:\/\/icf.church\/lausanne\/wp-content\/uploads\/sites\/122\/2026\/05\/5929488066697432181-e1780834022691-1024x626.jpg\" class=\"w-100 h-100 object-fit-cover rounded\" alt=\"\" draggable=\"false\" loading=\"lazy\" sizes=\"768px\" srcset=\"https:\/\/icf.church\/lausanne\/wp-content\/uploads\/sites\/122\/2026\/05\/5929488066697432181-e1780834022691-1024x626.jpg 1024w, https:\/\/icf.church\/lausanne\/wp-content\/uploads\/sites\/122\/2026\/05\/5929488066697432181-e1780834022691-300x184.jpg 300w, https:\/\/icf.church\/lausanne\/wp-content\/uploads\/sites\/122\/2026\/05\/5929488066697432181-e1780834022691-768x470.jpg 768w, https:\/\/icf.church\/lausanne\/wp-content\/uploads\/sites\/122\/2026\/05\/5929488066697432181-e1780834022691.jpg 1280w\"><\/div>\n\n\n<div id=\"block-19\" class=\"wp-block-yellowtree-fluid-gallery-image\">\n    <img decoding=\"async\" width=\"770\" height=\"1024\" src=\"https:\/\/icf.church\/lausanne\/wp-content\/uploads\/sites\/122\/2026\/05\/img20240526142308-770x1024.jpg\" class=\"w-100 h-100 object-fit-cover rounded\" alt=\"\" draggable=\"false\" loading=\"lazy\" sizes=\"768px\" srcset=\"https:\/\/icf.church\/lausanne\/wp-content\/uploads\/sites\/122\/2026\/05\/img20240526142308-770x1024.jpg 770w, https:\/\/icf.church\/lausanne\/wp-content\/uploads\/sites\/122\/2026\/05\/img20240526142308-226x300.jpg 226w, https:\/\/icf.church\/lausanne\/wp-content\/uploads\/sites\/122\/2026\/05\/img20240526142308-768x1021.jpg 768w, https:\/\/icf.church\/lausanne\/wp-content\/uploads\/sites\/122\/2026\/05\/img20240526142308-1155x1536.jpg 1155w, https:\/\/icf.church\/lausanne\/wp-content\/uploads\/sites\/122\/2026\/05\/img20240526142308-1540x2048.jpg 1540w, https:\/\/icf.church\/lausanne\/wp-content\/uploads\/sites\/122\/2026\/05\/img20240526142308-scaled.jpg 1925w\"><\/div>\n\n\n<div id=\"block-20\" class=\"wp-block-yellowtree-fluid-gallery-image\">\n    <img decoding=\"async\" width=\"771\" height=\"1024\" src=\"https:\/\/icf.church\/lausanne\/wp-content\/uploads\/sites\/122\/2026\/05\/img_5131-771x1024.jpg\" class=\"w-100 h-100 object-fit-cover rounded\" alt=\"Trois hommes autour d\u2019un barbecue en plein air, cuisson de viande et l\u00e9gumes.\" draggable=\"false\" loading=\"lazy\" sizes=\"768px\" srcset=\"https:\/\/icf.church\/lausanne\/wp-content\/uploads\/sites\/122\/2026\/05\/img_5131-771x1024.jpg 771w, https:\/\/icf.church\/lausanne\/wp-content\/uploads\/sites\/122\/2026\/05\/img_5131-226x300.jpg 226w, https:\/\/icf.church\/lausanne\/wp-content\/uploads\/sites\/122\/2026\/05\/img_5131-768x1020.jpg 768w, https:\/\/icf.church\/lausanne\/wp-content\/uploads\/sites\/122\/2026\/05\/img_5131.jpg 964w\"><\/div>            <\/div>\n        <\/div>\n    <\/div>\n            <div class=\"d-md-none d-flex justify-content-center mt-2\">\n            <a href=\"https:\/\/icf.church\/lausanne\/fr\/contact\/\" data-exclude=\"\" class=\"btn btn-outline-default\" style=\"z-index:100\">\n                <i class=\"icon fa-plus\" aria-hidden=\"true\"><\/i>\n                contacte nous            <\/a>\n        <\/div>\n    <\/div>\n\n\n<div>\n  <div id=\"block-24\" data-bs-theme=\"dark\" class=\"wp-block-yellowtree-podcast-card card\" style=\"margin-top:0;margin-bottom:0\">\n    <h3 class=\"title display-3 text-center\">ICF Musique<\/h3>\n    <p class=\"text text-center\">Nous sommes des \u00e9glises ICF Romandie, nous aimons c\u00e9l\u00e9brer Dieu avec passion, authenticit\u00e9 et une bonne dose de cr\u00e9ativit\u00e9. Notre mission est d\u2019amener la pr\u00e9sence de Dieu dans ta vie. Que tu sois en route, chez toi ou en pleine session de sport, laisse ces m\u00e9lodies t\u2019accompagner et te rappeler que Dieu agit, ici et maintenant. Nos chants sont l\u00e0 pour t\u2019inspirer, t\u2019encourager et te rappeler que l\u2019espoir et la joie ne sont jamais bien loin.<\/p>\n    <div class=\"mt-4\">\n      <div id=\"block-23\" class=\"wp-block-yellowtree-podcast-embed has-context-height\">\n  \n\n<\/div>    <\/div>\n  <\/div>\n<\/div>\n\n\n<div id=\"block-29\" class=\"pt-2 pb-2 alignfull is-layout-constrained\">\n  <div>\n            <div class=\"row gx-4 gy-4 \">\n          \n\n<div id=\"block-26\" class=\"col wp-block-yellowtree-column col-12 col-md-6 d-flex flex-column with-streched-height-children align-items-stretch align-items-md-stretch\">\n  <figure class=\"wp-embed-aspect-16-9 wp-has-aspect-ratio wp-block-embed has-context-height is-provider-youtube is-type-video\">\n  <div class=\"ratio\" style=\"--bs-aspect-ratio:56.25%\">\n          <div class=\"media-defer rounded overflow-hidden bg-black\" data-defer-target=\"iframe\" data-defer-url=\"https:\/\/www.youtube.com\/embed\/LrSgs_7wNmI?feature=oembed&amp;autoplay=1&amp;iv_load_policy=3&amp;rel=0&amp;dnt=0\" data-consent-required=\"marketing\">\n\n        <div class=\"media-defer__content h-100\" style=\"display: none;\">\n          <iframe width=\"500\" height=\"281\" frameborder=\"0\" allow=\"accelerometer; autoplay; clipboard-write; encrypted-media; gyroscope; picture-in-picture; web-share\" referrerpolicy=\"strict-origin-when-cross-origin\" allowfullscreen title=\"Sur les hauteurs [Vid\u00e9o paroles] | ICF Musique\"><\/iframe>        <\/div>\n\n        <div class=\"media-defer__placeholder h-100 position-relative\">\n          <img decoding=\"async\" class=\"video-thumbnail w-100 h-100 object-fit-cover\" src=\"https:\/\/icf.church\/lausanne\/wp-content\/uploads\/sites\/122\/youtube-thumbs\/LrSgs_7wNmI-hqdefault.jpg\" srcset=\"https:\/\/icf.church\/lausanne\/wp-content\/uploads\/sites\/122\/youtube-thumbs\/LrSgs_7wNmI-maxresdefault.jpg 1280w, https:\/\/icf.church\/lausanne\/wp-content\/uploads\/sites\/122\/youtube-thumbs\/LrSgs_7wNmI-hqdefault.jpg 480w, https:\/\/icf.church\/lausanne\/wp-content\/uploads\/sites\/122\/youtube-thumbs\/LrSgs_7wNmI-sddefault.jpg 640w\" sizes=\"(max-width: 2560px) 100vw, 2560px\" alt=\"Sur les hauteurs [Vid\u00e9o paroles] | ICF Musique\" draggable=\"false\" loading=\"lazy\">\n\n          <button class=\"video-toggle show\" type=\"button\" aria-label=\"lire le contenu\">\n          <\/button>\n\n                      <img decoding=\"async\" class=\"position-absolute end-0 bottom-0 video-provider-image\" src=\"https:\/\/icf.church\/lausanne\/wp-content\/themes\/icf\/assets\/youtube-type-logo.svg\" alt=\"YouTube\" loading=\"lazy\">\n          \n          <div data-consent=\"marketing\" data-inverse class=\"position-absolute bottom-0 start-0 end-0 p-3 text-white bg-black bg-opacity-50 text-center\">\n            <p class=\"mb-0 small\">\n              En cliquant sur \ud83c\udfa5, le contenu de Youtube se charge. Vous autorisez les cookies pour marketing. En savoir plus dans nos <a href=\"https:\/\/icf.church\/lausanne\/fr\/politique-de-confidentialite\/\" class=\"text-white\">Politique de confidentialit\u00e9<\/a>.            <\/p>\n          <\/div>\n        <\/div>\n      <\/div>\n      <\/div>\n\n  <\/figure><\/div>\n\n\n<div id=\"block-28\" class=\"col wp-block-yellowtree-column col-12 col-md-6 d-flex flex-column with-streched-height-children align-items-stretch align-items-md-stretch\">\n  <figure class=\"wp-embed-aspect-16-9 wp-has-aspect-ratio wp-block-embed has-context-height is-provider-youtube is-type-video\">\n  <div class=\"ratio\" style=\"--bs-aspect-ratio:56.25%\">\n          <div class=\"media-defer rounded overflow-hidden bg-black\" data-defer-target=\"iframe\" data-defer-url=\"https:\/\/www.youtube.com\/embed\/H6JzyTdyOwE?feature=oembed&amp;autoplay=1&amp;iv_load_policy=3&amp;rel=0&amp;dnt=0\" data-consent-required=\"marketing\">\n\n        <div class=\"media-defer__content h-100\" style=\"display: none;\">\n          <iframe width=\"500\" height=\"281\" frameborder=\"0\" allow=\"accelerometer; autoplay; clipboard-write; encrypted-media; gyroscope; picture-in-picture; web-share\" referrerpolicy=\"strict-origin-when-cross-origin\" allowfullscreen title=\"Te louer [Vid\u00e9o paroles] | ICF Musique\"><\/iframe>        <\/div>\n\n        <div class=\"media-defer__placeholder h-100 position-relative\">\n          <img decoding=\"async\" class=\"video-thumbnail w-100 h-100 object-fit-cover\" src=\"https:\/\/icf.church\/lausanne\/wp-content\/uploads\/sites\/122\/youtube-thumbs\/H6JzyTdyOwE-hqdefault.jpg\" srcset=\"https:\/\/icf.church\/lausanne\/wp-content\/uploads\/sites\/122\/youtube-thumbs\/H6JzyTdyOwE-maxresdefault.jpg 1280w, https:\/\/icf.church\/lausanne\/wp-content\/uploads\/sites\/122\/youtube-thumbs\/H6JzyTdyOwE-hqdefault.jpg 480w, https:\/\/icf.church\/lausanne\/wp-content\/uploads\/sites\/122\/youtube-thumbs\/H6JzyTdyOwE-sddefault.jpg 640w\" sizes=\"(max-width: 2560px) 100vw, 2560px\" alt=\"Te louer [Vid\u00e9o paroles] | ICF Musique\" draggable=\"false\" loading=\"lazy\">\n\n          <button class=\"video-toggle show\" type=\"button\" aria-label=\"lire le contenu\">\n          <\/button>\n\n                      <img decoding=\"async\" class=\"position-absolute end-0 bottom-0 video-provider-image\" src=\"https:\/\/icf.church\/lausanne\/wp-content\/themes\/icf\/assets\/youtube-type-logo.svg\" alt=\"YouTube\" loading=\"lazy\">\n          \n          <div data-consent=\"marketing\" data-inverse class=\"position-absolute bottom-0 start-0 end-0 p-3 text-white bg-black bg-opacity-50 text-center\">\n            <p class=\"mb-0 small\">\n              En cliquant sur \ud83c\udfa5, le contenu de Youtube se charge. Vous autorisez les cookies pour marketing. En savoir plus dans nos <a href=\"https:\/\/icf.church\/lausanne\/fr\/politique-de-confidentialite\/\" class=\"text-white\">Politique de confidentialit\u00e9<\/a>.            <\/p>\n          <\/div>\n        <\/div>\n      <\/div>\n      <\/div>\n\n  <\/figure><\/div>\n        <\/div>\n          <\/div>\n<\/div>\n\n<div id=\"block-36\" class=\"pt-2 pb-2 alignfull is-layout-constrained\">\n  <div>\n            <div class=\"row gx-4 gy-4 \">\n          \n\n<div id=\"block-31\" class=\"col wp-block-yellowtree-column col-12 col-md-6 col-lg-4 d-flex flex-column with-streched-height-children align-items-center align-items-lg-end\">\n  <div>\n    <a id=\"block-30\" href=\"https:\/\/www.youtube.com\/@ICFMusique\" rel=\"\" target=\"_blank\" class=\"wp-block-yellowtree-button-link btn btn-default\">\n      <span>Youtube<\/span>\n              <i class=\"icon fs-base-const fa-brands fa-youtube\" aria-hidden=\"true\"><\/i>\n          <\/a>\n  <\/div><\/div>\n\n\n<div id=\"block-33\" class=\"col wp-block-yellowtree-column col-12 col-md-6 col-lg-4 d-flex flex-column with-streched-height-children align-items-center align-items-lg-center\">\n  <div>\n    <a id=\"block-32\" href=\"https:\/\/www.instagram.com\/icfmusique\/\" rel=\"\" target=\"_blank\" class=\"wp-block-yellowtree-button-link btn btn-default\">\n      <span>Instagram<\/span>\n              <i class=\"icon fs-base-const fa-brands fa-instagram\" aria-hidden=\"true\"><\/i>\n          <\/a>\n  <\/div><\/div>\n\n\n<div id=\"block-35\" class=\"col wp-block-yellowtree-column col-12 col-lg-4 d-flex flex-column with-streched-height-children align-items-stretch align-items-lg-stretch\">\n  <div>\n    <a id=\"block-34\" href=\"https:\/\/open.spotify.com\/intl-fr\/artist\/60BdNR2whaxrxDUmpAwQFs\" rel=\"\" target=\"_blank\" class=\"wp-block-yellowtree-button-link btn btn-default\">\n      <span>Spotify<\/span>\n              <i class=\"icon fs-base-const fa-brands fa-spotify\" aria-hidden=\"true\"><\/i>\n          <\/a>\n  <\/div><\/div>\n        <\/div>\n          <\/div>\n<\/div>","protected":false},"excerpt":{"rendered":"<p>ICF Lausanne est une \u00e9glise pour tous. Chaque dimanche, nous rencontrons Dieu par la musique, des messages encourageants ainsi que par nos \u00e9changes les uns avec les autres.<\/p>\n","protected":false},"author":70,"featured_media":1555,"parent":0,"menu_order":3,"comment_status":"closed","ping_status":"closed","template":"","meta":{"_acf_changed":false,"_seopress_titles_title":"A propos de nous","_seopress_titles_desc":"","_seopress_robots_index":"","_seopress_robots_follow":"","_seopress_robots_imageindex":"","_seopress_robots_snippet":"","_seopress_robots_primary_cat":"","_seopress_robots_breadcrumbs":"","_seopress_robots_freeze_modified_date":"","_seopress_robots_custom_modified_date":"","_seopress_robots_canonical":"","_seopress_social_fb_title":"","_seopress_social_fb_desc":"","_seopress_social_fb_img":"","_seopress_social_fb_img_attachment_id":0,"_seopress_social_fb_img_width":0,"_seopress_social_fb_img_height":0,"_seopress_social_twitter_title":"","_seopress_social_twitter_desc":"","_seopress_social_twitter_img":"","_seopress_social_twitter_img_attachment_id":0,"_seopress_social_twitter_img_width":0,"_seopress_social_twitter_img_height":0,"_seopress_redirections_value":"","_seopress_redirections_enabled":"","_seopress_redirections_enabled_regex":"","_seopress_redirections_logged_status":"both","_seopress_redirections_param":"","_seopress_redirections_type":301,"_seopress_analysis_target_kw":"","_seopress_news_disabled":"","_seopress_video_disabled":"","_seopress_video":[{"url":"","title":"","desc":"","thumbnail":"","duration":"","rating":"","view_count":"","tag":""}],"_seopress_pro_schemas_manual":[],"_seopress_pro_rich_snippets_disable_all":"","_seopress_pro_rich_snippets_disable":[],"_seopress_pro_schemas":[],"yt_custom_styles_scss":"","yt_custom_styles_rounded_corners":false,"yt_custom_styles_color_scheme":"","footnotes":""},"class_list":["post-1199","page","type-page","status-publish","has-post-thumbnail","hentry"],"acf":[],"_links":{"self":[{"href":"https:\/\/icf.church\/lausanne\/fr\/wp-json\/wp\/v2\/pages\/1199","targetHints":{"allow":["GET"]}}],"collection":[{"href":"https:\/\/icf.church\/lausanne\/fr\/wp-json\/wp\/v2\/pages"}],"about":[{"href":"https:\/\/icf.church\/lausanne\/fr\/wp-json\/wp\/v2\/types\/page"}],"author":[{"embeddable":true,"href":"https:\/\/icf.church\/lausanne\/fr\/wp-json\/wp\/v2\/users\/70"}],"replies":[{"embeddable":true,"href":"https:\/\/icf.church\/lausanne\/fr\/wp-json\/wp\/v2\/comments?post=1199"}],"version-history":[{"count":43,"href":"https:\/\/icf.church\/lausanne\/fr\/wp-json\/wp\/v2\/pages\/1199\/revisions"}],"predecessor-version":[{"id":1554,"href":"https:\/\/icf.church\/lausanne\/fr\/wp-json\/wp\/v2\/pages\/1199\/revisions\/1554"}],"wp:featuredmedia":[{"embeddable":true,"href":"https:\/\/icf.church\/lausanne\/fr\/wp-json\/wp\/v2\/media\/1555"}],"wp:attachment":[{"href":"https:\/\/icf.church\/lausanne\/fr\/wp-json\/wp\/v2\/media?parent=1199"}],"curies":[{"name":"wp","href":"https:\/\/api.w.org\/{rel}","templated":true}]}}