{"id":115,"date":"2025-10-02T08:56:35","date_gmt":"2025-10-02T06:56:35","guid":{"rendered":"https:\/\/new.new.icf.church\/luebeck\/?page_id=115"},"modified":"2026-08-27T16:34:20","modified_gmt":"2026-08-27T14:34:20","slug":"besuchen","status":"publish","type":"page","link":"https:\/\/icf.church\/luebeck\/de\/besuchen\/","title":{"rendered":"Besuchen"},"content":{"rendered":"\n<div id=\"block-3\" class=\"wp-block-yellowtree-hero-stage\">\n    <div class=\"hero-stage \">\n        \n\n<div id=\"block-2\" class=\"hero-stage-content\">\n    <div class=\"hero-stage-content__background\">\n        <div class=\"overlay-black-25 h-100\">\n                            <img fetchpriority=\"high\" decoding=\"async\" width=\"2560\" height=\"1708\" src=\"https:\/\/icf.church\/luebeck\/wp-content\/uploads\/sites\/129\/2026\/08\/16_02_2025_yannick_schaefer_vision_sunday_luebeck_254-126-1-scaled.jpg\" class=\"hero-stage-media\" alt=\"\" style=\"object-position: 50% 50%;\" aria-hidden=\"true\" loading=\"eager\" srcset=\"https:\/\/icf.church\/luebeck\/wp-content\/uploads\/sites\/129\/2026\/08\/16_02_2025_yannick_schaefer_vision_sunday_luebeck_254-126-1-scaled.jpg 2560w, https:\/\/icf.church\/luebeck\/wp-content\/uploads\/sites\/129\/2026\/08\/16_02_2025_yannick_schaefer_vision_sunday_luebeck_254-126-1-300x200.jpg 300w, https:\/\/icf.church\/luebeck\/wp-content\/uploads\/sites\/129\/2026\/08\/16_02_2025_yannick_schaefer_vision_sunday_luebeck_254-126-1-1024x683.jpg 1024w, https:\/\/icf.church\/luebeck\/wp-content\/uploads\/sites\/129\/2026\/08\/16_02_2025_yannick_schaefer_vision_sunday_luebeck_254-126-1-768x512.jpg 768w, https:\/\/icf.church\/luebeck\/wp-content\/uploads\/sites\/129\/2026\/08\/16_02_2025_yannick_schaefer_vision_sunday_luebeck_254-126-1-1536x1025.jpg 1536w, https:\/\/icf.church\/luebeck\/wp-content\/uploads\/sites\/129\/2026\/08\/16_02_2025_yannick_schaefer_vision_sunday_luebeck_254-126-1-2048x1366.jpg 2048w\" sizes=\"(max-width: 2560px) 100vw, 2560px\" \/>                    <\/div>\n        <div class=\"hero-stage-gradient\"><\/div>\n    <\/div>\n    <div class=\"hero-stage-content__foreground is-layout-constrained\">\n        <h1 id=\"block-1\" class=\"display-1 text-center\">\n    Sch\u00f6n, dass du da bist!<\/h1>    <\/div>\n<\/div>\n    <\/div>\n<\/div>\n\n<div id=\"block-6\" class=\"pt-2 pb-2 alignfull is-layout-constrained\">\n  <div>\n            <div class=\"row gx-4 gy-4 \">\n          \n\n<div id=\"block-5\" class=\"gap-4 col wp-block-yellowtree-column col-12 d-flex flex-column with-streched-height-children align-items-stretch align-items-md-stretch\">\n  <h2 id=\"block-4\" class=\"mt-4 mb-4 h2 text-start\">\n  Unser Highlight an jedem Sonntag \u2013 die Celebrations \u2013 unser w\u00f6chentlicher Gottesdienst. Und der darf gern etwas anders sein: laut, fr\u00f6hlich und leidenschaftlich!<\/h2><\/div>\n        <\/div>\n          <\/div>\n<\/div>\n\n\n\n<div id=\"block-24\" class=\"pt-2 pb-2 alignfull is-layout-constrained\">\n  <div>\n            <div class=\"row gx-4 gy-4 \">\n          \n\n<div id=\"block-23\" class=\"gap-4 col wp-block-yellowtree-column col-12 d-flex flex-column with-streched-height-children align-items-stretch align-items-md-stretch\">\n  <h2 id=\"block-10\" class=\"mt-7 h2 display-2 text-start\">\n  Celebrations<\/h2>\n\n<h3 id=\"block-11\" class=\"h3 text-start\">\n  Hier findest du Ort und Zeit der n\u00e4chsten Celebrations:<\/h3>\n\n<div class=\"services-block\" data-services-list-config=\"{&quot;appId&quot;:&quot;ILU203NJSX&quot;,&quot;apiKey&quot;:&quot;NDAwNTQxNWI3ZGQ4MzQ5NTA3NGE5YTljZjEwNmZjMzE0MzA5Mjc0YTNmNTBiN2ZlOTkyOGIzMDE0NTY2Y2Y1MmZpbHRlcnM9b3JnYW5pemF0aW9uX2lkJTNBMjU0K0FORCtzdGF0dXMlM0FwdWJsaXNoZWQmcmVzdHJpY3RJbmRpY2VzPXNlcnZpY2Vz&quot;,&quot;baseUrl&quot;:&quot;https:\\\/\\\/icf.church\\\/luebeck\\\/de\\\/celebrations\\\/&quot;,&quot;postsPerPage&quot;:10,&quot;indexName&quot;:&quot;services&quot;,&quot;locationsPageUrl&quot;:&quot;https:\\\/\\\/icf.church\\\/locations\\\/&quot;,&quot;imgixSrcUrl&quot;:&quot;https:\\\/\\\/website-prod-space-01.fra1.digitaloceanspaces.com&quot;,&quot;imgixTargetUrl&quot;:&quot;https:\\\/\\\/icf-hub-new.imgix.net&quot;,&quot;placeholderImageUrl&quot;:&quot;https:\\\/\\\/icf.church\\\/luebeck\\\/wp-content\\\/themes\\\/icf\\\/assets\\\/images\\\/celebrations.jpg&quot;,&quot;siteUrl&quot;:&quot;https:\\\/\\\/icf.church\\\/luebeck&quot;}\">\n<\/div>\n\n\n<div id=\"block-14\" class=\"pt-2 pb-2 alignfull is-layout-constrained\">\n  <div>\n            <div class=\"row gx-4 gy-4 \">\n          \n\n<div id=\"block-13\" class=\"col wp-block-yellowtree-column col-12 d-flex flex-column with-streched-height-children align-items-stretch align-items-md-stretch\">\n  <\/div>\n        <\/div>\n          <\/div>\n<\/div>\n\n<div id=\"block-22\" class=\"pt-2 pb-2 alignfull is-layout-constrained\">\n  <div>\n            <div class=\"row gx-4 gy-4 \">\n          \n\n<div id=\"block-21\" class=\"col wp-block-yellowtree-column col-12 d-flex flex-column with-streched-height-children align-items-stretch align-items-md-stretch\">\n  <div id=\"block-20\" class=\"wp-block-yellowtree-text-image d-flex flex-column flex-lg-row gap-3\">\n    \n\n<div id=\"block-15\" class=\"wp-block-yellowtree-locked-image\">\n    <img decoding=\"async\" width=\"678\" height=\"1024\" src=\"https:\/\/icf.church\/luebeck\/wp-content\/uploads\/sites\/129\/2026\/08\/pexels-adeniji-abdullahi-a-80604135-9799543-678x1024.jpg\" class=\"w-100 h-100 object-fit-cover\" alt=\"\" style=\"object-position: 50% 50%;\" loading=\"lazy\" sizes=\"(max-width: 992px) 100vw, 1600px\" srcset=\"https:\/\/icf.church\/luebeck\/wp-content\/uploads\/sites\/129\/2026\/08\/pexels-adeniji-abdullahi-a-80604135-9799543-678x1024.jpg 678w, https:\/\/icf.church\/luebeck\/wp-content\/uploads\/sites\/129\/2026\/08\/pexels-adeniji-abdullahi-a-80604135-9799543-199x300.jpg 199w, https:\/\/icf.church\/luebeck\/wp-content\/uploads\/sites\/129\/2026\/08\/pexels-adeniji-abdullahi-a-80604135-9799543-768x1160.jpg 768w, https:\/\/icf.church\/luebeck\/wp-content\/uploads\/sites\/129\/2026\/08\/pexels-adeniji-abdullahi-a-80604135-9799543-1017x1536.jpg 1017w, https:\/\/icf.church\/luebeck\/wp-content\/uploads\/sites\/129\/2026\/08\/pexels-adeniji-abdullahi-a-80604135-9799543-1356x2048.jpg 1356w, https:\/\/icf.church\/luebeck\/wp-content\/uploads\/sites\/129\/2026\/08\/pexels-adeniji-abdullahi-a-80604135-9799543-scaled.jpg 1696w\"><\/div>\n\n\n\n<div id=\"block-19\" class=\"card wp-block-yellowtree-text-card has-context-height\" style=\"--bs-card-bg:transparent;--bs-card-color:inherit\">\n  <div class=\"card-body px-4 py-6 p-sm-6 p-lg-8\">\n    \n\n<h2 id=\"block-16\">\n    Translation<\/h2>\n\n\n<p id=\"block-17\">\n    Experience our Celebration live \u2014 in your own language! Just open the LiveVoice app, connect, and enjoy real-time AI translation straight to your ears, so you never miss a moment.<\/p>\n\n\n  <div>\n    <a id=\"block-18\" href=\"https:\/\/livevoice.io\/listen\/978090\" rel=\"\" target=\"_blank\" class=\"wp-block-yellowtree-button-link btn btn-default\">\n      <span>LiveVoice App<\/span>\n              <i class=\"icon fs-base-const fa-solid fa-play\" aria-hidden=\"true\"><\/i>\n          <\/a>\n  <\/div>\n\n  <\/div>\n<\/div>\n<\/div><\/div>\n        <\/div>\n          <\/div>\n<\/div><\/div>\n        <\/div>\n          <\/div>\n<\/div>\n\n<div id=\"block-35\" class=\"pt-2 pb-2 alignfull is-layout-constrained\">\n  <div>\n            <div class=\"row gx-4 gy-4 \">\n          \n\n<div id=\"block-34\" class=\"gap-4 col wp-block-yellowtree-column col-12 d-flex flex-column with-streched-height-children align-items-stretch align-items-md-stretch\">\n  <h2 id=\"block-25\" class=\"h2 display-2 text-start\">\n  Sei dabei!<\/h2>\n\n<div id=\"block-33\" class=\"alignfull is-layout-constrained\">\n  <swiper-container init=\"false\" data-yt-template=\"3-col\" data-yt-pagination=\"true\" data-yt-navigation=\"false\" class=\"\">\n          <swiper-slide><article id=\"block-26\" data-bs-theme=\"dark\" data-bs-toggle=\"collapse\" data-bs-target=\"#block-26-collapse\" data-toggle-on-hover=\"true\" data-target-link=\"block-26-link\" aria-expanded=\"false\" aria-controls=\"block-26-collapse\" tabindex=\"0\" class=\"card wp-block-yellowtree-image-card has-context-height\" style=\"--card-aspect-ratio:0.8;max-width:100%;--card-img-position:50% 50%\">\n        <img decoding=\"async\" width=\"1024\" height=\"683\" src=\"https:\/\/icf.church\/luebeck\/wp-content\/uploads\/sites\/129\/2026\/08\/sunday_celebration_28.06.2026_54-08-1024x683.jpg\" class=\"card-bg-img opacity-75\" alt=\"\" aria-hidden=\"true\" loading=\"lazy\" srcset=\"https:\/\/icf.church\/luebeck\/wp-content\/uploads\/sites\/129\/2026\/08\/sunday_celebration_28.06.2026_54-08-1024x683.jpg 1024w, https:\/\/icf.church\/luebeck\/wp-content\/uploads\/sites\/129\/2026\/08\/sunday_celebration_28.06.2026_54-08-300x200.jpg 300w, https:\/\/icf.church\/luebeck\/wp-content\/uploads\/sites\/129\/2026\/08\/sunday_celebration_28.06.2026_54-08-768x512.jpg 768w, https:\/\/icf.church\/luebeck\/wp-content\/uploads\/sites\/129\/2026\/08\/sunday_celebration_28.06.2026_54-08-1536x1025.jpg 1536w, https:\/\/icf.church\/luebeck\/wp-content\/uploads\/sites\/129\/2026\/08\/sunday_celebration_28.06.2026_54-08-2048x1366.jpg 2048w\" sizes=\"(max-width: 1024px) 100vw, 1024px\">    <div class=\"d-flex flex-column h-100 overflow-y-auto z-1\">\n        <div class=\"card-body overflow-visible py-0 px-4 flex-grow-1\">\n      <h2 id=\"block-26-heading\" class=\"mb-0 mt-auto fs-h2-const\"><\/h2>\n      <div id=\"block-26-collapse\" class=\"collapse\">\n        <p class=\"mt-2\"><\/p>\n      <\/div>\n    <\/div>\n  <\/div>\n<\/article><\/swiper-slide>\n          <swiper-slide><article id=\"block-27\" data-bs-theme=\"dark\" data-bs-toggle=\"collapse\" data-bs-target=\"#block-27-collapse\" data-toggle-on-hover=\"true\" data-target-link=\"block-27-link\" aria-expanded=\"false\" aria-controls=\"block-27-collapse\" tabindex=\"0\" class=\"card wp-block-yellowtree-image-card has-context-height\" style=\"--card-aspect-ratio:0.8;max-width:100%;--card-img-position:50% 50%\">\n        <img decoding=\"async\" width=\"1024\" height=\"683\" src=\"https:\/\/icf.church\/luebeck\/wp-content\/uploads\/sites\/129\/2026\/08\/celebration_luebeck_15.02.2026-03-1024x683.jpg\" class=\"card-bg-img opacity-75\" alt=\"\" aria-hidden=\"true\" loading=\"lazy\" srcset=\"https:\/\/icf.church\/luebeck\/wp-content\/uploads\/sites\/129\/2026\/08\/celebration_luebeck_15.02.2026-03-1024x683.jpg 1024w, https:\/\/icf.church\/luebeck\/wp-content\/uploads\/sites\/129\/2026\/08\/celebration_luebeck_15.02.2026-03-300x200.jpg 300w, https:\/\/icf.church\/luebeck\/wp-content\/uploads\/sites\/129\/2026\/08\/celebration_luebeck_15.02.2026-03-768x512.jpg 768w, https:\/\/icf.church\/luebeck\/wp-content\/uploads\/sites\/129\/2026\/08\/celebration_luebeck_15.02.2026-03-1536x1025.jpg 1536w, https:\/\/icf.church\/luebeck\/wp-content\/uploads\/sites\/129\/2026\/08\/celebration_luebeck_15.02.2026-03-2048x1366.jpg 2048w\" sizes=\"(max-width: 1024px) 100vw, 1024px\">    <div class=\"d-flex flex-column h-100 overflow-y-auto z-1\">\n        <div class=\"card-body overflow-visible py-0 px-4 flex-grow-1\">\n      <h2 id=\"block-27-heading\" class=\"mb-0 mt-auto fs-h2-const\"><\/h2>\n      <div id=\"block-27-collapse\" class=\"collapse\">\n        <p class=\"mt-2\"><\/p>\n      <\/div>\n    <\/div>\n  <\/div>\n<\/article><\/swiper-slide>\n          <swiper-slide><article id=\"block-28\" data-bs-theme=\"dark\" data-bs-toggle=\"collapse\" data-bs-target=\"#block-28-collapse\" data-toggle-on-hover=\"true\" data-target-link=\"block-28-link\" aria-expanded=\"false\" aria-controls=\"block-28-collapse\" tabindex=\"0\" class=\"card wp-block-yellowtree-image-card has-context-height\" style=\"--card-aspect-ratio:0.8;max-width:100%;--card-img-position:50% 50%\">\n        <img decoding=\"async\" width=\"1024\" height=\"683\" src=\"https:\/\/icf.church\/luebeck\/wp-content\/uploads\/sites\/129\/2026\/08\/16_02_2025_yannick_schaefer_vision_sunday_luebeck_254-052-2-1024x683.jpg\" class=\"card-bg-img opacity-75\" alt=\"\" aria-hidden=\"true\" loading=\"lazy\" srcset=\"https:\/\/icf.church\/luebeck\/wp-content\/uploads\/sites\/129\/2026\/08\/16_02_2025_yannick_schaefer_vision_sunday_luebeck_254-052-2-1024x683.jpg 1024w, https:\/\/icf.church\/luebeck\/wp-content\/uploads\/sites\/129\/2026\/08\/16_02_2025_yannick_schaefer_vision_sunday_luebeck_254-052-2-300x200.jpg 300w, https:\/\/icf.church\/luebeck\/wp-content\/uploads\/sites\/129\/2026\/08\/16_02_2025_yannick_schaefer_vision_sunday_luebeck_254-052-2-768x512.jpg 768w, https:\/\/icf.church\/luebeck\/wp-content\/uploads\/sites\/129\/2026\/08\/16_02_2025_yannick_schaefer_vision_sunday_luebeck_254-052-2-1536x1025.jpg 1536w, https:\/\/icf.church\/luebeck\/wp-content\/uploads\/sites\/129\/2026\/08\/16_02_2025_yannick_schaefer_vision_sunday_luebeck_254-052-2-2048x1366.jpg 2048w\" sizes=\"(max-width: 1024px) 100vw, 1024px\">    <div class=\"d-flex flex-column h-100 overflow-y-auto z-1\">\n        <div class=\"card-body overflow-visible py-0 px-4 flex-grow-1\">\n      <h2 id=\"block-28-heading\" class=\"mb-0 mt-auto fs-h2-const\"><\/h2>\n      <div id=\"block-28-collapse\" class=\"collapse\">\n        <p class=\"mt-2\"><\/p>\n      <\/div>\n    <\/div>\n  <\/div>\n<\/article><\/swiper-slide>\n          <swiper-slide><article id=\"block-29\" data-bs-theme=\"dark\" data-bs-toggle=\"collapse\" data-bs-target=\"#block-29-collapse\" data-toggle-on-hover=\"true\" data-target-link=\"block-29-link\" aria-expanded=\"false\" aria-controls=\"block-29-collapse\" tabindex=\"0\" class=\"card wp-block-yellowtree-image-card has-context-height\" style=\"--card-aspect-ratio:0.8;max-width:100%;--card-img-position:50% 50%\">\n        <img decoding=\"async\" width=\"1024\" height=\"683\" src=\"https:\/\/icf.church\/luebeck\/wp-content\/uploads\/sites\/129\/2026\/08\/celebration_luebeck_15.03.2026-09-1024x683.jpg\" class=\"card-bg-img opacity-75\" alt=\"\" aria-hidden=\"true\" loading=\"lazy\" srcset=\"https:\/\/icf.church\/luebeck\/wp-content\/uploads\/sites\/129\/2026\/08\/celebration_luebeck_15.03.2026-09-1024x683.jpg 1024w, https:\/\/icf.church\/luebeck\/wp-content\/uploads\/sites\/129\/2026\/08\/celebration_luebeck_15.03.2026-09-300x200.jpg 300w, https:\/\/icf.church\/luebeck\/wp-content\/uploads\/sites\/129\/2026\/08\/celebration_luebeck_15.03.2026-09-768x512.jpg 768w, https:\/\/icf.church\/luebeck\/wp-content\/uploads\/sites\/129\/2026\/08\/celebration_luebeck_15.03.2026-09-1536x1025.jpg 1536w, https:\/\/icf.church\/luebeck\/wp-content\/uploads\/sites\/129\/2026\/08\/celebration_luebeck_15.03.2026-09-2048x1366.jpg 2048w\" sizes=\"(max-width: 1024px) 100vw, 1024px\">    <div class=\"d-flex flex-column h-100 overflow-y-auto z-1\">\n        <div class=\"card-body overflow-visible py-0 px-4 flex-grow-1\">\n      <h2 id=\"block-29-heading\" class=\"mb-0 mt-auto fs-h2-const\"><\/h2>\n      <div id=\"block-29-collapse\" class=\"collapse\">\n        <p class=\"mt-2\"><\/p>\n      <\/div>\n    <\/div>\n  <\/div>\n<\/article><\/swiper-slide>\n          <swiper-slide><article id=\"block-30\" data-bs-theme=\"dark\" data-bs-toggle=\"collapse\" data-bs-target=\"#block-30-collapse\" data-toggle-on-hover=\"true\" data-target-link=\"block-30-link\" aria-expanded=\"false\" aria-controls=\"block-30-collapse\" tabindex=\"0\" class=\"card wp-block-yellowtree-image-card has-context-height\" style=\"--card-aspect-ratio:0.8;max-width:100%;--card-img-position:50% 50%\">\n        <img decoding=\"async\" width=\"1024\" height=\"683\" src=\"https:\/\/icf.church\/luebeck\/wp-content\/uploads\/sites\/129\/2026\/08\/sunday_celebration_10.05.2026_107-099-1024x683.jpg\" class=\"card-bg-img opacity-75\" alt=\"\" aria-hidden=\"true\" loading=\"lazy\" srcset=\"https:\/\/icf.church\/luebeck\/wp-content\/uploads\/sites\/129\/2026\/08\/sunday_celebration_10.05.2026_107-099-1024x683.jpg 1024w, https:\/\/icf.church\/luebeck\/wp-content\/uploads\/sites\/129\/2026\/08\/sunday_celebration_10.05.2026_107-099-300x200.jpg 300w, https:\/\/icf.church\/luebeck\/wp-content\/uploads\/sites\/129\/2026\/08\/sunday_celebration_10.05.2026_107-099-768x512.jpg 768w, https:\/\/icf.church\/luebeck\/wp-content\/uploads\/sites\/129\/2026\/08\/sunday_celebration_10.05.2026_107-099-1536x1025.jpg 1536w, https:\/\/icf.church\/luebeck\/wp-content\/uploads\/sites\/129\/2026\/08\/sunday_celebration_10.05.2026_107-099-2048x1366.jpg 2048w\" sizes=\"(max-width: 1024px) 100vw, 1024px\">    <div class=\"d-flex flex-column h-100 overflow-y-auto z-1\">\n        <div class=\"card-body overflow-visible py-0 px-4 flex-grow-1\">\n      <h2 id=\"block-30-heading\" class=\"mb-0 mt-auto fs-h2-const\"><\/h2>\n      <div id=\"block-30-collapse\" class=\"collapse\">\n        <p class=\"mt-2\"><\/p>\n      <\/div>\n    <\/div>\n  <\/div>\n<\/article><\/swiper-slide>\n          <swiper-slide><article id=\"block-31\" data-bs-theme=\"dark\" data-bs-toggle=\"collapse\" data-bs-target=\"#block-31-collapse\" data-toggle-on-hover=\"true\" data-target-link=\"block-31-link\" aria-expanded=\"false\" aria-controls=\"block-31-collapse\" tabindex=\"0\" class=\"card wp-block-yellowtree-image-card has-context-height\" style=\"--card-aspect-ratio:0.8;max-width:100%;--card-img-position:50% 50%\">\n        <img decoding=\"async\" width=\"1024\" height=\"683\" src=\"https:\/\/icf.church\/luebeck\/wp-content\/uploads\/sites\/129\/2026\/08\/celebration_luebeck_22.02.2026-05-1024x683.jpeg\" class=\"card-bg-img opacity-75\" alt=\"\" aria-hidden=\"true\" loading=\"lazy\" srcset=\"https:\/\/icf.church\/luebeck\/wp-content\/uploads\/sites\/129\/2026\/08\/celebration_luebeck_22.02.2026-05-1024x683.jpeg 1024w, https:\/\/icf.church\/luebeck\/wp-content\/uploads\/sites\/129\/2026\/08\/celebration_luebeck_22.02.2026-05-300x200.jpeg 300w, https:\/\/icf.church\/luebeck\/wp-content\/uploads\/sites\/129\/2026\/08\/celebration_luebeck_22.02.2026-05-768x512.jpeg 768w, https:\/\/icf.church\/luebeck\/wp-content\/uploads\/sites\/129\/2026\/08\/celebration_luebeck_22.02.2026-05-1536x1025.jpeg 1536w, https:\/\/icf.church\/luebeck\/wp-content\/uploads\/sites\/129\/2026\/08\/celebration_luebeck_22.02.2026-05-2048x1366.jpeg 2048w\" sizes=\"(max-width: 1024px) 100vw, 1024px\">    <div class=\"d-flex flex-column h-100 overflow-y-auto z-1\">\n        <div class=\"card-body overflow-visible py-0 px-4 flex-grow-1\">\n      <h2 id=\"block-31-heading\" class=\"mb-0 mt-auto fs-h2-const\"><\/h2>\n      <div id=\"block-31-collapse\" class=\"collapse\">\n        <p class=\"mt-2\"><\/p>\n      <\/div>\n    <\/div>\n  <\/div>\n<\/article><\/swiper-slide>\n          <swiper-slide><article id=\"block-32\" data-bs-theme=\"dark\" data-bs-toggle=\"collapse\" data-bs-target=\"#block-32-collapse\" data-toggle-on-hover=\"true\" data-target-link=\"block-32-link\" aria-expanded=\"false\" aria-controls=\"block-32-collapse\" tabindex=\"0\" class=\"card wp-block-yellowtree-image-card has-context-height\" style=\"--card-aspect-ratio:0.8;max-width:100%;--card-img-position:50% 50%\">\n        <img decoding=\"async\" width=\"1024\" height=\"683\" src=\"https:\/\/icf.church\/luebeck\/wp-content\/uploads\/sites\/129\/2026\/08\/sunday_celebration_28.06.2026_54-54-1024x683.jpg\" class=\"card-bg-img opacity-75\" alt=\"\" aria-hidden=\"true\" loading=\"lazy\" srcset=\"https:\/\/icf.church\/luebeck\/wp-content\/uploads\/sites\/129\/2026\/08\/sunday_celebration_28.06.2026_54-54-1024x683.jpg 1024w, https:\/\/icf.church\/luebeck\/wp-content\/uploads\/sites\/129\/2026\/08\/sunday_celebration_28.06.2026_54-54-300x200.jpg 300w, https:\/\/icf.church\/luebeck\/wp-content\/uploads\/sites\/129\/2026\/08\/sunday_celebration_28.06.2026_54-54-768x512.jpg 768w, https:\/\/icf.church\/luebeck\/wp-content\/uploads\/sites\/129\/2026\/08\/sunday_celebration_28.06.2026_54-54-1536x1025.jpg 1536w, https:\/\/icf.church\/luebeck\/wp-content\/uploads\/sites\/129\/2026\/08\/sunday_celebration_28.06.2026_54-54-2048x1366.jpg 2048w\" sizes=\"(max-width: 1024px) 100vw, 1024px\">    <div class=\"d-flex flex-column h-100 overflow-y-auto z-1\">\n        <div class=\"card-body overflow-visible py-0 px-4 flex-grow-1\">\n      <h2 id=\"block-32-heading\" class=\"mb-0 mt-auto fs-h2-const\"><\/h2>\n      <div id=\"block-32-collapse\" class=\"collapse\">\n        <p class=\"mt-2\"><\/p>\n      <\/div>\n    <\/div>\n  <\/div>\n<\/article><\/swiper-slide>\n      <\/swiper-container>\n<\/div><\/div>\n        <\/div>\n          <\/div>\n<\/div>\n\n\n<div>\n  <div id=\"block-41\" class=\"mt-10 mb-10 wp-block-yellowtree-connect-social connect-social\">\n      \n\n<h2 id=\"block-36\" class=\"text-center display-2 mb-5\">\n    Stay Updated<\/h2>\n\n\n<p id=\"block-37\" class=\"text-center mb-6\">\n    Abonniere ICF Startup L\u00fcbeck auf Telegram und Social Media und verpass nichts mehr.<br>Hier erh\u00e4ltst du regelm\u00e4\u00dfig kurze News &amp; Updates \u00fcber Angebote und Events.<\/p>\n\n\n<div id=\"block-40\" class=\"wp-block-yellowtree-connect-social-links d-flex gap-1 gap-md-5 justify-content-center\">\n  <html><body>\n\n<a id=\"block-38\" href=\"https:\/\/t.me\/@icfvisionluebeck\" target=\"_blank\" data-variation=\"telegram\" class=\"wp-block-yellowtree-connect-social-link btn\" aria-label=\"Telegram Link\">\n  <i class=\"icon connect-social-icon fs-md-lg-const fs-h3-const fa-brands fa-telegram\" aria-hidden=\"true\"><\/i>\n<\/a>\n\n\n<a id=\"block-39\" href=\"https:\/\/instagram.com\/icfluebeck\/\" target=\"_blank\" data-variation=\"instagram\" class=\"wp-block-yellowtree-connect-social-link btn\" aria-label=\"Instagram Link\">\n  <i class=\"icon connect-social-icon fs-md-lg-const fs-h3-const fa-brands fa-instagram\" aria-hidden=\"true\"><\/i>\n<\/a>\n<\/body><\/html><\/div>\n  <\/div>\n<\/div>\n\n\n\n<div id=\"block-44\" data-bs-theme=\"dark\" class=\"wp-block-yellowtree-divider-card card d-flex flex-column flex-lg-row py-6 py-lg-0\">\n  \n\n<div id=\"block-42\" class=\"wp-block-yellowtree-divider-card-item flex-1 d-flex flex-column position-relative text-center py-6 py-lg-10\">\n  <div class='mb-2'>\n    <div class='d-flex flex-column align-items-center gap-2'>\n      <i class='icon fs-lg-const fa-solid fa-users' aria-hidden='true'><\/i>\n      <h3 class='mb-0'>\n        <span class=\"text-container\">\n          Anschluss finden        <\/span>\n      <\/h3>\n    <\/div>\n  <\/div>\n  <div class='mt-auto'>\n    <a class='text-arrow-link fs-sm text-light-3' href=\"https:\/\/icf.church\/luebeck\/de\/findeanschluss\/\">\n      Los geht&#039;s    <\/a>\n  <\/div>\n<\/div>\n\n\n<div id=\"block-43\" class=\"wp-block-yellowtree-divider-card-item flex-1 d-flex flex-column position-relative text-center py-6 py-lg-10\">\n  <div class='mb-2'>\n    <div class='d-flex flex-column align-items-center gap-2'>\n      <i class='icon fs-lg-const fa-solid fa-children' aria-hidden='true'><\/i>\n      <h3 class='mb-0'>\n        <span class=\"text-container\">\n          Kids        <\/span>\n      <\/h3>\n    <\/div>\n  <\/div>\n  <div class='mt-auto'>\n    <a class='text-arrow-link fs-sm text-light-3' href=\"https:\/\/icf.church\/luebeck\/de\/icf-kids\/\">\n      Los geht&#039;s    <\/a>\n  <\/div>\n<\/div>\n<\/div>","protected":false},"excerpt":{"rendered":"<p>Regelm\u00e4\u00dfig feiern wir unsere Celebrations \u2013 unser lauter, fr\u00f6hlicher und leidenschaftlicher Gottesdienst und w\u00f6chentliches Highlight!<\/p>\n","protected":false},"author":3,"featured_media":896,"parent":0,"menu_order":1,"comment_status":"closed","ping_status":"closed","template":"","meta":{"_acf_changed":false,"_seopress_titles_title":"","_seopress_titles_desc":"","_seopress_robots_index":"","_seopress_robots_follow":"","_seopress_robots_imageindex":"","_seopress_robots_snippet":"","_seopress_robots_primary_cat":"","_seopress_robots_breadcrumbs":"","_seopress_robots_freeze_modified_date":"","_seopress_robots_custom_modified_date":"","_seopress_robots_canonical":"","_seopress_social_fb_title":"","_seopress_social_fb_desc":"","_seopress_social_fb_img":"","_seopress_social_fb_img_attachment_id":0,"_seopress_social_fb_img_width":0,"_seopress_social_fb_img_height":0,"_seopress_social_twitter_title":"","_seopress_social_twitter_desc":"","_seopress_social_twitter_img":"","_seopress_social_twitter_img_attachment_id":0,"_seopress_social_twitter_img_width":0,"_seopress_social_twitter_img_height":0,"_seopress_redirections_value":"","_seopress_redirections_enabled":"","_seopress_redirections_enabled_regex":"","_seopress_redirections_logged_status":"both","_seopress_redirections_param":"","_seopress_redirections_type":301,"_seopress_analysis_target_kw":"","_seopress_news_disabled":"","_seopress_video_disabled":"","_seopress_video":[{"url":"","title":"","desc":"","thumbnail":"","duration":"","rating":"","view_count":"","tag":""}],"_seopress_pro_schemas_manual":[],"_seopress_pro_rich_snippets_disable_all":"","_seopress_pro_rich_snippets_disable":[],"_seopress_pro_schemas":[],"yt_custom_styles_scss":"","yt_custom_styles_rounded_corners":false,"yt_custom_styles_color_scheme":"","footnotes":""},"class_list":["post-115","page","type-page","status-publish","has-post-thumbnail","hentry"],"acf":[],"_links":{"self":[{"href":"https:\/\/icf.church\/luebeck\/de\/wp-json\/wp\/v2\/pages\/115","targetHints":{"allow":["GET"]}}],"collection":[{"href":"https:\/\/icf.church\/luebeck\/de\/wp-json\/wp\/v2\/pages"}],"about":[{"href":"https:\/\/icf.church\/luebeck\/de\/wp-json\/wp\/v2\/types\/page"}],"author":[{"embeddable":true,"href":"https:\/\/icf.church\/luebeck\/de\/wp-json\/wp\/v2\/users\/3"}],"replies":[{"embeddable":true,"href":"https:\/\/icf.church\/luebeck\/de\/wp-json\/wp\/v2\/comments?post=115"}],"version-history":[{"count":77,"href":"https:\/\/icf.church\/luebeck\/de\/wp-json\/wp\/v2\/pages\/115\/revisions"}],"predecessor-version":[{"id":1581,"href":"https:\/\/icf.church\/luebeck\/de\/wp-json\/wp\/v2\/pages\/115\/revisions\/1581"}],"wp:featuredmedia":[{"embeddable":true,"href":"https:\/\/icf.church\/luebeck\/de\/wp-json\/wp\/v2\/media\/896"}],"wp:attachment":[{"href":"https:\/\/icf.church\/luebeck\/de\/wp-json\/wp\/v2\/media?parent=115"}],"curies":[{"name":"wp","href":"https:\/\/api.w.org\/{rel}","templated":true}]}}