{"id":1177,"date":"2026-08-04T19:37:05","date_gmt":"2026-08-04T17:37:05","guid":{"rendered":"https:\/\/new.icf.church\/luebeck\/?page_id=1177"},"modified":"2026-08-27T17:48:24","modified_gmt":"2026-08-27T15:48:24","slug":"haeufig-gestellt-fragen","status":"publish","type":"page","link":"https:\/\/icf.church\/luebeck\/de\/haeufig-gestellt-fragen\/","title":{"rendered":"H\u00e4ufig gestellt Fragen"},"content":{"rendered":"<h2 id=\"block-1\" class=\"h2 display-2 text-start\">\n  FAQ<\/h2>\n\n<div id=\"block-3\" class=\"pt-2 pb-2 alignfull is-layout-constrained\">\n  <div>\n            <div class=\"row gx-4 gy-4 \">\n          \n\n<div id=\"block-2\" class=\"col wp-block-yellowtree-column col-12 d-flex flex-column with-streched-height-children align-items-stretch align-items-md-stretch\">\n  <\/div>\n        <\/div>\n          <\/div>\n<\/div>\n\n\n<div id=\"block-48\" class=\"accordion\">\n  <body>\n\n<div id=\"block-5\" data-bs-theme=\"dark\" class=\"overflow-hidden wp-block-yellowtree-accordion-item\">\n  <div class=\"accordion-header\">\n    <button class=\"accordion-button rounded-0 collapsed focus-ring-inset\" type=\"button\" data-bs-toggle=\"collapse\" data-bs-target=\"#block-5-collapse\" aria-expanded=\"false\" aria-controls=\"block-5-collapse\">\n      <div>\n        <h3 class=\"mb-0\">\n          Wer oder was ist ICF        <\/h3>\n              <\/div>\n      <div class=\"ms-auto accordion-icons icon-container-base\">\n        <i class=\"icon fa-arrow-right accordion-icon-default\"><\/i>\n        <i class=\"icon fa-close accordion-icon-alt\"><\/i>\n      <\/div>\n    <\/button>\n  <\/div>\n  <div id=\"block-5-collapse\" class=\"accordion-collapse collapse \">\n    <div class=\"accordion-body pt-0\">\n      <p id=\"block-4\" class=\"text-start wp-block-paragraph\">\n  ICF ist eine christliche Freikirche auf biblischer Grundlage. Die Kirche wurde aus der Idee heraus gegr\u00fcndet, Kirche wieder mehr lebensnah und relevant zu gestalten, aus der tiefen \u00dcberzeugung heraus, dass die Botschaft von Jesus keinerlei Relevanz eingeb\u00fc\u00dft hat.<\/p>    <\/div>\n  <\/div>\n<\/div>\n\n\n<div id=\"block-7\" data-bs-theme=\"dark\" class=\"overflow-hidden wp-block-yellowtree-accordion-item\">\n  <div class=\"accordion-header\">\n    <button class=\"accordion-button rounded-0 collapsed focus-ring-inset\" type=\"button\" data-bs-toggle=\"collapse\" data-bs-target=\"#block-7-collapse\" aria-expanded=\"false\" aria-controls=\"block-7-collapse\">\n      <div>\n        <h3 class=\"mb-0\">\n          Was ist eine Celebration        <\/h3>\n              <\/div>\n      <div class=\"ms-auto accordion-icons icon-container-base\">\n        <i class=\"icon fa-arrow-right accordion-icon-default\"><\/i>\n        <i class=\"icon fa-close accordion-icon-alt\"><\/i>\n      <\/div>\n    <\/button>\n  <\/div>\n  <div id=\"block-7-collapse\" class=\"accordion-collapse collapse \">\n    <div class=\"accordion-body pt-0\">\n      <p id=\"block-6\" class=\"text-start wp-block-paragraph\">\n  Unsere Gottesdienste nennen wir im ICF Celebrations. In den Gottesdiensten m\u00f6chten wir Gott begegnen und zugleich ihm Ehre und Freude machen. Die Bezeichnung Celebration r\u00fchrt daher, dass ein Gottesdienst eine Feier ist. Wir feiern Gott und das Leben mit ihm. Und das tun wir mit moderner Musik, mit Tanz und Freude.<\/p>    <\/div>\n  <\/div>\n<\/div>\n\n\n<div id=\"block-9\" data-bs-theme=\"dark\" class=\"overflow-hidden wp-block-yellowtree-accordion-item\">\n  <div class=\"accordion-header\">\n    <button class=\"accordion-button rounded-0 collapsed focus-ring-inset\" type=\"button\" data-bs-toggle=\"collapse\" data-bs-target=\"#block-9-collapse\" aria-expanded=\"false\" aria-controls=\"block-9-collapse\">\n      <div>\n        <h3 class=\"mb-0\">\n          Was passiert bei einer Celebration        <\/h3>\n              <\/div>\n      <div class=\"ms-auto accordion-icons icon-container-base\">\n        <i class=\"icon fa-arrow-right accordion-icon-default\"><\/i>\n        <i class=\"icon fa-close accordion-icon-alt\"><\/i>\n      <\/div>\n    <\/button>\n  <\/div>\n  <div id=\"block-9-collapse\" class=\"accordion-collapse collapse \">\n    <div class=\"accordion-body pt-0\">\n      <p id=\"block-8\" class=\"text-start wp-block-paragraph\">\n  In unseren Gottesdiensten begr\u00fc\u00dfen wir unsere G\u00e4ste von der B\u00fchne und haben dann in der Regel einen l\u00e4ngeren musikalischen Teil, den Worship. Danach folgt in der Regel eine ca. 35-min\u00fctige Predigt. Enden tut die Celebration mit einem weiteren musikalischen Teil. W\u00e4hrend der Celebration wird in der Regel eine Kollekte eingesammelt. Das Geben ist selbstverst\u00e4ndlich freiwillig<\/p>    <\/div>\n  <\/div>\n<\/div>\n\n\n<div id=\"block-11\" data-bs-theme=\"dark\" class=\"overflow-hidden wp-block-yellowtree-accordion-item\">\n  <div class=\"accordion-header\">\n    <button class=\"accordion-button rounded-0 collapsed focus-ring-inset\" type=\"button\" data-bs-toggle=\"collapse\" data-bs-target=\"#block-11-collapse\" aria-expanded=\"false\" aria-controls=\"block-11-collapse\">\n      <div>\n        <h3 class=\"mb-0\">\n          Kostet der Eintritt bei einer Celebration Geld?        <\/h3>\n              <\/div>\n      <div class=\"ms-auto accordion-icons icon-container-base\">\n        <i class=\"icon fa-arrow-right accordion-icon-default\"><\/i>\n        <i class=\"icon fa-close accordion-icon-alt\"><\/i>\n      <\/div>\n    <\/button>\n  <\/div>\n  <div id=\"block-11-collapse\" class=\"accordion-collapse collapse \">\n    <div class=\"accordion-body pt-0\">\n      <p id=\"block-10\" class=\"text-start wp-block-paragraph\">\n  Nein, jeder ist herzlich eingeladen unsere Celebration zu besuchen, der Zugang kostet kein Geld.<\/p>    <\/div>\n  <\/div>\n<\/div>\n\n\n<div id=\"block-13\" data-bs-theme=\"dark\" class=\"overflow-hidden wp-block-yellowtree-accordion-item\">\n  <div class=\"accordion-header\">\n    <button class=\"accordion-button rounded-0 collapsed focus-ring-inset\" type=\"button\" data-bs-toggle=\"collapse\" data-bs-target=\"#block-13-collapse\" aria-expanded=\"false\" aria-controls=\"block-13-collapse\">\n      <div>\n        <h3 class=\"mb-0\">\n          Kann ich auch zum ICF kommen, wenn ich nicht an Gott  glaube?        <\/h3>\n              <\/div>\n      <div class=\"ms-auto accordion-icons icon-container-base\">\n        <i class=\"icon fa-arrow-right accordion-icon-default\"><\/i>\n        <i class=\"icon fa-close accordion-icon-alt\"><\/i>\n      <\/div>\n    <\/button>\n  <\/div>\n  <div id=\"block-13-collapse\" class=\"accordion-collapse collapse \">\n    <div class=\"accordion-body pt-0\">\n      <p id=\"block-12\" class=\"text-start wp-block-paragraph\">\n  Ja, nat\u00fcrlich. Jeder Mensch ist herzlich eingeladen, zu unseren Celebrations zu kommen. Unsere Celebrations sind Orte, an denen man Gott begegnen kann. H\u00e4ufig auch zum ersten Mal.<\/p>    <\/div>\n  <\/div>\n<\/div>\n\n\n<div id=\"block-15\" data-bs-theme=\"dark\" class=\"overflow-hidden wp-block-yellowtree-accordion-item\">\n  <div class=\"accordion-header\">\n    <button class=\"accordion-button rounded-0 collapsed focus-ring-inset\" type=\"button\" data-bs-toggle=\"collapse\" data-bs-target=\"#block-15-collapse\" aria-expanded=\"false\" aria-controls=\"block-15-collapse\">\n      <div>\n        <h3 class=\"mb-0\">\n          Wie lange geht eine Celebration        <\/h3>\n              <\/div>\n      <div class=\"ms-auto accordion-icons icon-container-base\">\n        <i class=\"icon fa-arrow-right accordion-icon-default\"><\/i>\n        <i class=\"icon fa-close accordion-icon-alt\"><\/i>\n      <\/div>\n    <\/button>\n  <\/div>\n  <div id=\"block-15-collapse\" class=\"accordion-collapse collapse \">\n    <div class=\"accordion-body pt-0\">\n      <p id=\"block-14\" class=\"text-start wp-block-paragraph\">\n  Eine Celebration dauert im Durchschnitt etwa 1,5 Stunden.<\/p>    <\/div>\n  <\/div>\n<\/div>\n\n\n<div id=\"block-17\" data-bs-theme=\"dark\" class=\"overflow-hidden wp-block-yellowtree-accordion-item\">\n  <div class=\"accordion-header\">\n    <button class=\"accordion-button rounded-0 collapsed focus-ring-inset\" type=\"button\" data-bs-toggle=\"collapse\" data-bs-target=\"#block-17-collapse\" aria-expanded=\"false\" aria-controls=\"block-17-collapse\">\n      <div>\n        <h3 class=\"mb-0\">\n          Wann findet die Celebration statt?        <\/h3>\n              <\/div>\n      <div class=\"ms-auto accordion-icons icon-container-base\">\n        <i class=\"icon fa-arrow-right accordion-icon-default\"><\/i>\n        <i class=\"icon fa-close accordion-icon-alt\"><\/i>\n      <\/div>\n    <\/button>\n  <\/div>\n  <div id=\"block-17-collapse\" class=\"accordion-collapse collapse \">\n    <div class=\"accordion-body pt-0\">\n      <p id=\"block-16\" class=\"text-start wp-block-paragraph\">\n  Jeden Sonntag feiern wir gemeinsam Celebration. Ab 10:30 Uhr laden wir dich bei einem Kaffee zum Ankommen ein, um 11:00 Uhr startet die Celebration.<\/p>    <\/div>\n  <\/div>\n<\/div>\n\n\n<div id=\"block-19\" data-bs-theme=\"dark\" class=\"overflow-hidden wp-block-yellowtree-accordion-item\">\n  <div class=\"accordion-header\">\n    <button class=\"accordion-button rounded-0 collapsed focus-ring-inset\" type=\"button\" data-bs-toggle=\"collapse\" data-bs-target=\"#block-19-collapse\" aria-expanded=\"false\" aria-controls=\"block-19-collapse\">\n      <div>\n        <h3 class=\"mb-0\">\n          Wo findet die Celebration statt?        <\/h3>\n              <\/div>\n      <div class=\"ms-auto accordion-icons icon-container-base\">\n        <i class=\"icon fa-arrow-right accordion-icon-default\"><\/i>\n        <i class=\"icon fa-close accordion-icon-alt\"><\/i>\n      <\/div>\n    <\/button>\n  <\/div>\n  <div id=\"block-19-collapse\" class=\"accordion-collapse collapse \">\n    <div class=\"accordion-body pt-0\">\n      <p id=\"block-18\" class=\"text-start wp-block-paragraph\">\n  Unsere Celebration findet in der Willy-Brandt-Allee 31A statt \u2013 achte auf Eingang B, dort geht&#8217;s rein.<\/p>    <\/div>\n  <\/div>\n<\/div>\n\n\n<div id=\"block-21\" data-bs-theme=\"dark\" class=\"overflow-hidden wp-block-yellowtree-accordion-item\">\n  <div class=\"accordion-header\">\n    <button class=\"accordion-button rounded-0 collapsed focus-ring-inset\" type=\"button\" data-bs-toggle=\"collapse\" data-bs-target=\"#block-21-collapse\" aria-expanded=\"false\" aria-controls=\"block-21-collapse\">\n      <div>\n        <h3 class=\"mb-0\">\n          Gibt es ein Kinderprogramm w\u00e4hrend der Celebration?        <\/h3>\n              <\/div>\n      <div class=\"ms-auto accordion-icons icon-container-base\">\n        <i class=\"icon fa-arrow-right accordion-icon-default\"><\/i>\n        <i class=\"icon fa-close accordion-icon-alt\"><\/i>\n      <\/div>\n    <\/button>\n  <\/div>\n  <div id=\"block-21-collapse\" class=\"accordion-collapse collapse \">\n    <div class=\"accordion-body pt-0\">\n      <p id=\"block-20\" class=\"text-start wp-block-paragraph\">\n  Ja, w\u00e4hrend der Celebration um 11 Uhr gibt&#8217;s f\u00fcr deine Kinder das ICF Kids Programm \u2013 einfach vorher abgeben, nachher wieder abholen.<\/p>    <\/div>\n  <\/div>\n<\/div>\n\n\n<div id=\"block-23\" data-bs-theme=\"dark\" class=\"overflow-hidden wp-block-yellowtree-accordion-item\">\n  <div class=\"accordion-header\">\n    <button class=\"accordion-button rounded-0 collapsed focus-ring-inset\" type=\"button\" data-bs-toggle=\"collapse\" data-bs-target=\"#block-23-collapse\" aria-expanded=\"false\" aria-controls=\"block-23-collapse\">\n      <div>\n        <h3 class=\"mb-0\">\n          Gibt es Englisch Celebration?        <\/h3>\n              <\/div>\n      <div class=\"ms-auto accordion-icons icon-container-base\">\n        <i class=\"icon fa-arrow-right accordion-icon-default\"><\/i>\n        <i class=\"icon fa-close accordion-icon-alt\"><\/i>\n      <\/div>\n    <\/button>\n  <\/div>\n  <div id=\"block-23-collapse\" class=\"accordion-collapse collapse \">\n    <div class=\"accordion-body pt-0\">\n      <p id=\"block-22\" class=\"text-start wp-block-paragraph\">\n  Unsere Celebration um 11:00 Uhr wird per KI live \u00fcber die LiveVoice-App ins Englische \u00fcbersetzt. Internationale Besucher sind herzlich willkommen!<\/p>    <\/div>\n  <\/div>\n<\/div>\n\n\n<div id=\"block-25\" data-bs-theme=\"dark\" class=\"overflow-hidden wp-block-yellowtree-accordion-item\">\n  <div class=\"accordion-header\">\n    <button class=\"accordion-button rounded-0 collapsed focus-ring-inset\" type=\"button\" data-bs-toggle=\"collapse\" data-bs-target=\"#block-25-collapse\" aria-expanded=\"false\" aria-controls=\"block-25-collapse\">\n      <div>\n        <h3 class=\"mb-0\">\n          Kann man bei Media Docks packen?        <\/h3>\n              <\/div>\n      <div class=\"ms-auto accordion-icons icon-container-base\">\n        <i class=\"icon fa-arrow-right accordion-icon-default\"><\/i>\n        <i class=\"icon fa-close accordion-icon-alt\"><\/i>\n      <\/div>\n    <\/button>\n  <\/div>\n  <div id=\"block-25-collapse\" class=\"accordion-collapse collapse \">\n    <div class=\"accordion-body pt-0\">\n      <p id=\"block-24\" class=\"text-start wp-block-paragraph\">\n  Ja, sonntags kann man bei den Media Docks gut kostenfrei parken.<\/p>    <\/div>\n  <\/div>\n<\/div>\n\n\n<div id=\"block-27\" data-bs-theme=\"dark\" class=\"overflow-hidden wp-block-yellowtree-accordion-item\">\n  <div class=\"accordion-header\">\n    <button class=\"accordion-button rounded-0 collapsed focus-ring-inset\" type=\"button\" data-bs-toggle=\"collapse\" data-bs-target=\"#block-27-collapse\" aria-expanded=\"false\" aria-controls=\"block-27-collapse\">\n      <div>\n        <h3 class=\"mb-0\">\n          Wer finanziert das ICF?        <\/h3>\n              <\/div>\n      <div class=\"ms-auto accordion-icons icon-container-base\">\n        <i class=\"icon fa-arrow-right accordion-icon-default\"><\/i>\n        <i class=\"icon fa-close accordion-icon-alt\"><\/i>\n      <\/div>\n    <\/button>\n  <\/div>\n  <div id=\"block-27-collapse\" class=\"accordion-collapse collapse \">\n    <div class=\"accordion-body pt-0\">\n      <p id=\"block-26\" class=\"text-start wp-block-paragraph\">\n  Das ICF ist eine Kirche, die sich ausschlie\u00dflich \u00fcber Spenden finanziert. Das ICF erh\u00e4lt keine Gelder aus der Kirchensteuer und ist somit vom Staat komplett losgel\u00f6st. Die Spenden werden von den Geberinnen und Gebern der Kirche getragen.<\/p>    <\/div>\n  <\/div>\n<\/div>\n\n\n<div id=\"block-29\" data-bs-theme=\"dark\" class=\"overflow-hidden wp-block-yellowtree-accordion-item\">\n  <div class=\"accordion-header\">\n    <button class=\"accordion-button rounded-0 collapsed focus-ring-inset\" type=\"button\" data-bs-toggle=\"collapse\" data-bs-target=\"#block-29-collapse\" aria-expanded=\"false\" aria-controls=\"block-29-collapse\">\n      <div>\n        <h3 class=\"mb-0\">\n          Was bedeutet der Zehnte?        <\/h3>\n              <\/div>\n      <div class=\"ms-auto accordion-icons icon-container-base\">\n        <i class=\"icon fa-arrow-right accordion-icon-default\"><\/i>\n        <i class=\"icon fa-close accordion-icon-alt\"><\/i>\n      <\/div>\n    <\/button>\n  <\/div>\n  <div id=\"block-29-collapse\" class=\"accordion-collapse collapse \">\n    <div class=\"accordion-body pt-0\">\n      <p id=\"block-28\" class=\"text-start wp-block-paragraph\">\n  Der Zehnte ist kein Gesetz, sondern ein biblisches Prinzip: Wir geben 10 % unserer Ertr\u00e4ge ins Haus Gottes, um seine Versorgung zu ehren. Heute finanziert er die L\u00f6hne von Pastoren und Mitarbeitenden, Geb\u00e4udekosten und die verschiedenen Bereiche der Kirche.<\/p>    <\/div>\n  <\/div>\n<\/div>\n\n\n<div id=\"block-31\" data-bs-theme=\"dark\" class=\"overflow-hidden wp-block-yellowtree-accordion-item\">\n  <div class=\"accordion-header\">\n    <button class=\"accordion-button rounded-0 collapsed focus-ring-inset\" type=\"button\" data-bs-toggle=\"collapse\" data-bs-target=\"#block-31-collapse\" aria-expanded=\"false\" aria-controls=\"block-31-collapse\">\n      <div>\n        <h3 class=\"mb-0\">\n          Gibt  ICF selbst einen Zehnten weiter?        <\/h3>\n              <\/div>\n      <div class=\"ms-auto accordion-icons icon-container-base\">\n        <i class=\"icon fa-arrow-right accordion-icon-default\"><\/i>\n        <i class=\"icon fa-close accordion-icon-alt\"><\/i>\n      <\/div>\n    <\/button>\n  <\/div>\n  <div id=\"block-31-collapse\" class=\"accordion-collapse collapse \">\n    <div class=\"accordion-body pt-0\">\n      <p id=\"block-30\" class=\"text-start wp-block-paragraph\">\n  Ja! Auch wir als ICF geben 10 % unserer Einnahmen weiter \u2013 an soziale Projekte, Partner-Organisationen und das ICF Movement. Wir glauben: Was wir s\u00e4en, wird Frucht tragen!<\/p>    <\/div>\n  <\/div>\n<\/div>\n\n\n<div id=\"block-33\" data-bs-theme=\"dark\" class=\"overflow-hidden wp-block-yellowtree-accordion-item\">\n  <div class=\"accordion-header\">\n    <button class=\"accordion-button rounded-0 collapsed focus-ring-inset\" type=\"button\" data-bs-toggle=\"collapse\" data-bs-target=\"#block-33-collapse\" aria-expanded=\"false\" aria-controls=\"block-33-collapse\">\n      <div>\n        <h3 class=\"mb-0\">\n          Was sind freiwillige Opfer?        <\/h3>\n              <\/div>\n      <div class=\"ms-auto accordion-icons icon-container-base\">\n        <i class=\"icon fa-arrow-right accordion-icon-default\"><\/i>\n        <i class=\"icon fa-close accordion-icon-alt\"><\/i>\n      <\/div>\n    <\/button>\n  <\/div>\n  <div id=\"block-33-collapse\" class=\"accordion-collapse collapse \">\n    <div class=\"accordion-body pt-0\">\n      <p id=\"block-32\" class=\"text-start wp-block-paragraph\">\n  Im Alten und Neuen Testament brachte Gottes Volk immer wieder freiwillige Opfer, um Kirche zu bauen und das Reich Gottes voranzubringen. Auch wir investieren durch unsere j\u00e4hrliche \u201eREACH BEYOND\u201c-Kampagne gezielt \u00fcber das regul\u00e4re Budget hinaus in Kirchen, soziale Projekte und Partner.<\/p>    <\/div>\n  <\/div>\n<\/div>\n\n\n<div id=\"block-35\" data-bs-theme=\"dark\" class=\"overflow-hidden wp-block-yellowtree-accordion-item\">\n  <div class=\"accordion-header\">\n    <button class=\"accordion-button rounded-0 collapsed focus-ring-inset\" type=\"button\" data-bs-toggle=\"collapse\" data-bs-target=\"#block-35-collapse\" aria-expanded=\"false\" aria-controls=\"block-35-collapse\">\n      <div>\n        <h3 class=\"mb-0\">\n          Gibt es im ICF finanzielle Verpflichtungen oder Mitgliedsbeitr\u00e4gen?        <\/h3>\n              <\/div>\n      <div class=\"ms-auto accordion-icons icon-container-base\">\n        <i class=\"icon fa-arrow-right accordion-icon-default\"><\/i>\n        <i class=\"icon fa-close accordion-icon-alt\"><\/i>\n      <\/div>\n    <\/button>\n  <\/div>\n  <div id=\"block-35-collapse\" class=\"accordion-collapse collapse \">\n    <div class=\"accordion-body pt-0\">\n      <p id=\"block-34\" class=\"text-start wp-block-paragraph\">\n  Nein. Im ICF gibt es keine formale Mitgliedschaft mit finanziellen Verpflichtungen. Jeder ist willkommen \u2013 unabh\u00e4ngig von seiner finanziellen Situation.<\/p>    <\/div>\n  <\/div>\n<\/div>\n\n\n<div id=\"block-37\" data-bs-theme=\"dark\" class=\"overflow-hidden wp-block-yellowtree-accordion-item\">\n  <div class=\"accordion-header\">\n    <button class=\"accordion-button rounded-0 collapsed focus-ring-inset\" type=\"button\" data-bs-toggle=\"collapse\" data-bs-target=\"#block-37-collapse\" aria-expanded=\"false\" aria-controls=\"block-37-collapse\">\n      <div>\n        <h3 class=\"mb-0\">\n          Wie geht ICF mit Spenden um?        <\/h3>\n              <\/div>\n      <div class=\"ms-auto accordion-icons icon-container-base\">\n        <i class=\"icon fa-arrow-right accordion-icon-default\"><\/i>\n        <i class=\"icon fa-close accordion-icon-alt\"><\/i>\n      <\/div>\n    <\/button>\n  <\/div>\n  <div id=\"block-37-collapse\" class=\"accordion-collapse collapse \">\n    <div class=\"accordion-body pt-0\">\n      <p id=\"block-36\" class=\"text-start wp-block-paragraph\">\n  ICF legt gro\u00dfen Wert auf eine verantwortungsvolle und unternehmerische Verwaltung der Finanzen. Jede Spende wird gezielt und zweckgebunden eingesetzt, um die Mission der Kirche nachhaltig zu unterst\u00fctzen. Wir handeln mit Weitsicht, investieren mit Bedacht und stellen sicher, dass die Mittel effizient genutzt werden.<\/p>    <\/div>\n  <\/div>\n<\/div>\n\n\n<div id=\"block-39\" data-bs-theme=\"dark\" class=\"overflow-hidden wp-block-yellowtree-accordion-item\">\n  <div class=\"accordion-header\">\n    <button class=\"accordion-button rounded-0 collapsed focus-ring-inset\" type=\"button\" data-bs-toggle=\"collapse\" data-bs-target=\"#block-39-collapse\" aria-expanded=\"false\" aria-controls=\"block-39-collapse\">\n      <div>\n        <h3 class=\"mb-0\">\n          Kann man die Finanzen einsehen?        <\/h3>\n              <\/div>\n      <div class=\"ms-auto accordion-icons icon-container-base\">\n        <i class=\"icon fa-arrow-right accordion-icon-default\"><\/i>\n        <i class=\"icon fa-close accordion-icon-alt\"><\/i>\n      <\/div>\n    <\/button>\n  <\/div>\n  <div id=\"block-39-collapse\" class=\"accordion-collapse collapse \">\n    <div class=\"accordion-body pt-0\">\n      <p id=\"block-38\" class=\"text-start wp-block-paragraph\">\n  Ja. Transparenz ist uns wichtig \u2013 auf Wunsch k\u00f6nnen unsere Finanzen eingesehen werden, denn Vertrauen entsteht durch Offenheit und Integrit\u00e4t.<\/p>    <\/div>\n  <\/div>\n<\/div>\n\n\n<div id=\"block-41\" data-bs-theme=\"dark\" class=\"overflow-hidden wp-block-yellowtree-accordion-item\">\n  <div class=\"accordion-header\">\n    <button class=\"accordion-button rounded-0 collapsed focus-ring-inset\" type=\"button\" data-bs-toggle=\"collapse\" data-bs-target=\"#block-41-collapse\" aria-expanded=\"false\" aria-controls=\"block-41-collapse\">\n      <div>\n        <h3 class=\"mb-0\">\n          Was f\u00fcr eine Organisationsform ist das ICF?        <\/h3>\n              <\/div>\n      <div class=\"ms-auto accordion-icons icon-container-base\">\n        <i class=\"icon fa-arrow-right accordion-icon-default\"><\/i>\n        <i class=\"icon fa-close accordion-icon-alt\"><\/i>\n      <\/div>\n    <\/button>\n  <\/div>\n  <div id=\"block-41-collapse\" class=\"accordion-collapse collapse \">\n    <div class=\"accordion-body pt-0\">\n      <p id=\"block-40\" class=\"text-start wp-block-paragraph\">\n  Das ICF ist ein eingetragener Verein (e.V.). Als gemeinn\u00fctziger Verein ist es dem ICF gestattet Spendenbescheinigungen f\u00fcr Spenden zu erstellen.<\/p>    <\/div>\n  <\/div>\n<\/div>\n\n\n<div id=\"block-43\" data-bs-theme=\"dark\" class=\"overflow-hidden wp-block-yellowtree-accordion-item\">\n  <div class=\"accordion-header\">\n    <button class=\"accordion-button rounded-0 collapsed focus-ring-inset\" type=\"button\" data-bs-toggle=\"collapse\" data-bs-target=\"#block-43-collapse\" aria-expanded=\"false\" aria-controls=\"block-43-collapse\">\n      <div>\n        <h3 class=\"mb-0\">\n          Wann wurde ICF Startup L\u00fcbeck gegr\u00fcndet?        <\/h3>\n              <\/div>\n      <div class=\"ms-auto accordion-icons icon-container-base\">\n        <i class=\"icon fa-arrow-right accordion-icon-default\"><\/i>\n        <i class=\"icon fa-close accordion-icon-alt\"><\/i>\n      <\/div>\n    <\/button>\n  <\/div>\n  <div id=\"block-43-collapse\" class=\"accordion-collapse collapse \">\n    <div class=\"accordion-body pt-0\">\n      <p id=\"block-42\" class=\"text-start wp-block-paragraph\">\n  <\/p>    <\/div>\n  <\/div>\n<\/div>\n\n\n<div id=\"block-45\" data-bs-theme=\"dark\" class=\"overflow-hidden wp-block-yellowtree-accordion-item\">\n  <div class=\"accordion-header\">\n    <button class=\"accordion-button rounded-0 collapsed focus-ring-inset\" type=\"button\" data-bs-toggle=\"collapse\" data-bs-target=\"#block-45-collapse\" aria-expanded=\"false\" aria-controls=\"block-45-collapse\">\n      <div>\n        <h3 class=\"mb-0\">\n          Wer sind die Leiter\/Pastoren des ICF Startup L\u00fcbeck?        <\/h3>\n              <\/div>\n      <div class=\"ms-auto accordion-icons icon-container-base\">\n        <i class=\"icon fa-arrow-right accordion-icon-default\"><\/i>\n        <i class=\"icon fa-close accordion-icon-alt\"><\/i>\n      <\/div>\n    <\/button>\n  <\/div>\n  <div id=\"block-45-collapse\" class=\"accordion-collapse collapse \">\n    <div class=\"accordion-body pt-0\">\n      <p id=\"block-44\" class=\"text-start wp-block-paragraph\">\n  Christopher K\u00f6hler und Christina K\u00f6hler<\/p>    <\/div>\n  <\/div>\n<\/div>\n\n\n<div id=\"block-47\" data-bs-theme=\"dark\" class=\"overflow-hidden wp-block-yellowtree-accordion-item\">\n  <div class=\"accordion-header\">\n    <button class=\"accordion-button rounded-0 collapsed focus-ring-inset\" type=\"button\" data-bs-toggle=\"collapse\" data-bs-target=\"#block-47-collapse\" aria-expanded=\"false\" aria-controls=\"block-47-collapse\">\n      <div>\n        <h3 class=\"mb-0\">\n          Geh\u00f6rt das ICF Startup L\u00fcbeck zu ICF Hamburg?        <\/h3>\n              <\/div>\n      <div class=\"ms-auto accordion-icons icon-container-base\">\n        <i class=\"icon fa-arrow-right accordion-icon-default\"><\/i>\n        <i class=\"icon fa-close accordion-icon-alt\"><\/i>\n      <\/div>\n    <\/button>\n  <\/div>\n  <div id=\"block-47-collapse\" class=\"accordion-collapse collapse \">\n    <div class=\"accordion-body pt-0\">\n      <p id=\"block-46\" class=\"text-start wp-block-paragraph\">\n  Ja, ICF ist eine Kirche mit mehreren Standorten in unterschiedlichen St\u00e4dten. ICF Startup L\u00fcbeck geh\u00f6rt als Multisite-Standort zu ICF Hamburg.<\/p>    <\/div>\n  <\/div>\n<\/div>\n<\/body><\/div>\n\n<div id=\"block-50\" class=\"pt-2 pb-2 alignfull is-layout-constrained\">\n  <div>\n            <div class=\"row gx-4 gy-4 \">\n          \n\n<div id=\"block-49\" class=\"col wp-block-yellowtree-column col-12 d-flex flex-column with-streched-height-children align-items-stretch align-items-md-stretch\">\n  <\/div>\n        <\/div>\n          <\/div>\n<\/div>\n\n<h2 id=\"block-51\" class=\"h2 text-start\">\n  Du willst\u2019s genau wissen?<\/h2>\n\n<div id=\"block-53\" class=\"pt-2 pb-2 alignfull is-layout-constrained\">\n  <div>\n            <div class=\"row gx-4 gy-4 \">\n          \n\n<div id=\"block-52\" class=\"col wp-block-yellowtree-column col-12 d-flex flex-column with-streched-height-children align-items-stretch align-items-md-stretch\">\n  <\/div>\n        <\/div>\n          <\/div>\n<\/div>\n\n<p id=\"block-54\" class=\"text-start wp-block-paragraph\">\n  Immer wieder kommt es vor, dass Menschen verwundert sind, dass Kirchen auch modern sein k\u00f6nnen. In Deutschland ist es noch nicht so bekannt, dass es neben den beiden gro\u00dfen Landeskirchen auch andere Formen von lebendigen christlichen Gemeinden gibt.<\/p>\n\n<p id=\"block-55\" class=\"text-start wp-block-paragraph\">\n  Unsere Schwester-Kirche&nbsp;<strong>ICF M\u00fcnchen<\/strong>&nbsp;hat dazu eine ausf\u00fchrliche FAQ aufgesetzt. Als Teil derselben Bewegung \u2013 dem&nbsp;<strong>ICF Movement<\/strong>&nbsp;\u2013 teilen wir dieselbe Theologie, dieselben Werte, dieselbe DNA. Die Antworten dort gelten auch f\u00fcr uns.<\/p>\n\n<div id=\"block-66\" class=\"pt-2 pb-2 alignfull is-layout-constrained\">\n  <div>\n            <div class=\"row gx-4 gy-4 \">\n          \n\n<div id=\"block-65\" class=\"col wp-block-yellowtree-column col-12 d-flex flex-column with-streched-height-children align-items-stretch align-items-md-stretch\">\n  <div>\n    <a id=\"block-56\" href=\"https:\/\/icf.church\/muenchen\/de\/kritische-fragen\/\" rel=\"\" target=\"_blank\" class=\"wp-block-yellowtree-button-link btn btn-action-1\">\n      <span>Mehr erfahren<\/span>\n              <i class=\"icon fs-base-const fa-solid fa-chevron-right\" aria-hidden=\"true\"><\/i>\n          <\/a>\n  <\/div>\n\n\n<div id=\"block-58\" class=\"pt-2 pb-2 alignfull is-layout-constrained\">\n  <div>\n            <div class=\"row gx-4 gy-4 \">\n          \n\n<div id=\"block-57\" class=\"col wp-block-yellowtree-column col-12 d-flex flex-column with-streched-height-children align-items-stretch align-items-md-stretch\">\n  <\/div>\n        <\/div>\n          <\/div>\n<\/div>\n\n\n<div id=\"block-64\" class=\"wp-block-yellowtree-text-image d-flex flex-column flex-lg-row gap-3\">\n    \n\n<div id=\"block-59\" class=\"wp-block-yellowtree-locked-image\">\n    <img decoding=\"async\" width=\"1024\" height=\"683\" src=\"https:\/\/icf.church\/luebeck\/wp-content\/uploads\/sites\/129\/2026\/08\/processed-celebration_luebeck_11.01.2026-07-1024x683.jpeg\" class=\"w-100 h-100 object-fit-cover\" alt=\"\" style=\"object-position: 50% 50%;\" loading=\"lazy\" sizes=\"(max-width: 992px) 100vw, 1600px\" srcset=\"https:\/\/icf.church\/luebeck\/wp-content\/uploads\/sites\/129\/2026\/08\/processed-celebration_luebeck_11.01.2026-07-1024x683.jpeg 1024w, https:\/\/icf.church\/luebeck\/wp-content\/uploads\/sites\/129\/2026\/08\/processed-celebration_luebeck_11.01.2026-07-300x200.jpeg 300w, https:\/\/icf.church\/luebeck\/wp-content\/uploads\/sites\/129\/2026\/08\/processed-celebration_luebeck_11.01.2026-07-768x512.jpeg 768w, https:\/\/icf.church\/luebeck\/wp-content\/uploads\/sites\/129\/2026\/08\/processed-celebration_luebeck_11.01.2026-07-1536x1025.jpeg 1536w, https:\/\/icf.church\/luebeck\/wp-content\/uploads\/sites\/129\/2026\/08\/processed-celebration_luebeck_11.01.2026-07-2048x1366.jpeg 2048w\"><\/div>\n\n\n\n<div id=\"block-63\" data-bs-theme=\"dark\" class=\"card wp-block-yellowtree-text-card has-context-height\">\n  <div class=\"card-body px-4 py-6 p-sm-6 p-lg-8\">\n    \n\n<h2 id=\"block-60\">\n    Du hast noch weitere Fragen?<\/h2>\n\n\n<p id=\"block-61\">\n    Dann melde dich gerne bei uns!<br><\/p>\n\n\n  <div>\n    <a id=\"block-62\" href=\"https:\/\/icf.church\/luebeck\/de\/kontakt\/\" rel=\"\" class=\"wp-block-yellowtree-button-link btn btn-default\">\n      <span>Klick hier<\/span>\n          <\/a>\n  <\/div>\n\n  <\/div>\n<\/div>\n<\/div><\/div>\n        <\/div>\n          <\/div>\n<\/div>\n\n<p id=\"block-67\" class=\"text-start wp-block-paragraph\">\n  <\/p>","protected":false},"excerpt":{"rendered":"<p>FAQ Du willst\u2019s genau wissen? Immer wieder kommt es vor, dass Menschen verwundert sind, dass Kirchen auch modern sein k\u00f6nnen. In Deutschland ist es noch nicht so bekannt, dass es neben den beiden gro\u00dfen Landeskirchen auch andere Formen von lebendigen christlichen Gemeinden gibt. Unsere Schwester-Kirche&nbsp;ICF M\u00fcnchen&nbsp;hat dazu eine ausf\u00fchrliche FAQ aufgesetzt. Als Teil derselben Bewegung [&hellip;]<\/p>\n","protected":false},"author":231,"featured_media":0,"parent":0,"menu_order":0,"comment_status":"closed","ping_status":"closed","template":"","meta":{"_acf_changed":false,"_seopress_titles_title":"","_seopress_titles_desc":"","_seopress_robots_index":"","_seopress_robots_follow":"","_seopress_robots_imageindex":"","_seopress_robots_snippet":"","_seopress_robots_primary_cat":"","_seopress_robots_breadcrumbs":"","_seopress_robots_freeze_modified_date":"","_seopress_robots_custom_modified_date":"","_seopress_robots_canonical":"","_seopress_social_fb_title":"","_seopress_social_fb_desc":"","_seopress_social_fb_img":"","_seopress_social_fb_img_attachment_id":0,"_seopress_social_fb_img_width":0,"_seopress_social_fb_img_height":0,"_seopress_social_twitter_title":"","_seopress_social_twitter_desc":"","_seopress_social_twitter_img":"","_seopress_social_twitter_img_attachment_id":0,"_seopress_social_twitter_img_width":0,"_seopress_social_twitter_img_height":0,"_seopress_redirections_value":"","_seopress_redirections_enabled":"","_seopress_redirections_enabled_regex":"","_seopress_redirections_logged_status":"","_seopress_redirections_param":"","_seopress_redirections_type":0,"_seopress_analysis_target_kw":"","_seopress_news_disabled":"","_seopress_video_disabled":"","_seopress_video":[],"_seopress_pro_schemas_manual":[],"_seopress_pro_rich_snippets_disable_all":"","_seopress_pro_rich_snippets_disable":[],"_seopress_pro_schemas":[],"yt_custom_styles_scss":"","yt_custom_styles_rounded_corners":false,"yt_custom_styles_color_scheme":"","footnotes":""},"class_list":["post-1177","page","type-page","status-publish","hentry"],"acf":[],"_links":{"self":[{"href":"https:\/\/icf.church\/luebeck\/de\/wp-json\/wp\/v2\/pages\/1177","targetHints":{"allow":["GET"]}}],"collection":[{"href":"https:\/\/icf.church\/luebeck\/de\/wp-json\/wp\/v2\/pages"}],"about":[{"href":"https:\/\/icf.church\/luebeck\/de\/wp-json\/wp\/v2\/types\/page"}],"author":[{"embeddable":true,"href":"https:\/\/icf.church\/luebeck\/de\/wp-json\/wp\/v2\/users\/231"}],"replies":[{"embeddable":true,"href":"https:\/\/icf.church\/luebeck\/de\/wp-json\/wp\/v2\/comments?post=1177"}],"version-history":[{"count":31,"href":"https:\/\/icf.church\/luebeck\/de\/wp-json\/wp\/v2\/pages\/1177\/revisions"}],"predecessor-version":[{"id":1589,"href":"https:\/\/icf.church\/luebeck\/de\/wp-json\/wp\/v2\/pages\/1177\/revisions\/1589"}],"wp:attachment":[{"href":"https:\/\/icf.church\/luebeck\/de\/wp-json\/wp\/v2\/media?parent=1177"}],"curies":[{"name":"wp","href":"https:\/\/api.w.org\/{rel}","templated":true}]}}