{"id":1237,"date":"2026-08-05T13:58:05","date_gmt":"2026-08-05T11:58:05","guid":{"rendered":"https:\/\/new.icf.church\/luebeck\/?page_id=1237"},"modified":"2026-08-27T12:22:00","modified_gmt":"2026-08-27T10:22:00","slug":"leitung","status":"publish","type":"page","link":"https:\/\/icf.church\/luebeck\/de\/leitung\/","title":{"rendered":"Leitung"},"content":{"rendered":"<div id=\"block-3\" class=\"pt-2 pb-2 alignfull is-layout-constrained\">\n  <div>\n            <div class=\"row gx-4 gy-4 \">\n          \n\n<div id=\"block-2\" class=\"col wp-block-yellowtree-column col-12 d-flex flex-column with-streched-height-children align-items-stretch align-items-md-stretch\">\n  <h1 id=\"block-1\" class=\"h1 display-1 text-start\">\n  Unser Team<\/h1><\/div>\n        <\/div>\n          <\/div>\n<\/div>\n\n<div id=\"block-13\" class=\"pt-2 pb-2 alignfull is-layout-constrained\">\n  <div>\n            <div class=\"row gx-4 gy-4 \">\n          \n\n<div id=\"block-12\" class=\"col wp-block-yellowtree-column col-12 d-flex flex-column with-streched-height-children align-items-stretch align-items-md-stretch\">\n  <div id=\"block-11\" class=\"pt-2 pb-2 alignfull is-layout-constrained\">\n  <div>\n            <div class=\"row gx-4 gy-4 \">\n          \n\n<div id=\"block-7\" class=\"col wp-block-yellowtree-column col-12 col-md-6 d-flex flex-column with-streched-height-children align-items-stretch align-items-md-stretch\">\n  <h2 id=\"block-5\" class=\"h2 text-start\">\n  Location Pastoren <br>ICF Startup L\u00fcbeck<\/h2>\n\n\n<article id=\"block-6\" data-bs-theme=\"dark\" class=\"wp-block-yellowtree-card card has-context-height\" style=\"--card-img-position:48% 28%\">\n        <img decoding=\"async\" width=\"1024\" height=\"683\" src=\"https:\/\/icf.church\/luebeck\/wp-content\/uploads\/sites\/129\/2026\/08\/img_4163-2-1-1024x683-1.jpeg\" class=\"card-img-top\" alt=\"\" draggable=\"false\" loading=\"lazy\" srcset=\"https:\/\/icf.church\/luebeck\/wp-content\/uploads\/sites\/129\/2026\/08\/img_4163-2-1-1024x683-1.jpeg 1024w, https:\/\/icf.church\/luebeck\/wp-content\/uploads\/sites\/129\/2026\/08\/img_4163-2-1-1024x683-1-300x200.jpeg 300w, https:\/\/icf.church\/luebeck\/wp-content\/uploads\/sites\/129\/2026\/08\/img_4163-2-1-1024x683-1-768x512.jpeg 768w\" sizes=\"(max-width: 1024px) 100vw, 1024px\">    <div class=\"card-body\">\n    <h3 class=\"card-title\">Christina &amp; Christopher K\u00f6hler<\/h3>\n    <p class=\"card-text\">Wir sind Christina (Lead Get Free) und Christopher K\u00f6hler (Lead Finance) \u2013 Location Pastoren des ICF Startup L\u00fcbeck. In Hamburg durften wir hautnah erleben, wie Jesus durch Kirche Leben ver\u00e4ndert. Es gibt nichts Sch\u00f6neres, als zu sehen, wie Er Menschen rettet, ihnen ein neues Leben schenkt und jeden Lebensbereich mit Vision, Hoffnung und Freude erf\u00fcllt. Wir sind \u00fcberzeugt: Genau das m\u00f6chte Gott auch in L\u00fcbeck und Umgebung tun!<br>Als ICF Startup L\u00fcbeck sind wir Teil der Multisite-Kirche ICF Hamburg. Gemeinsam wollen wir den Norden mit der frohen Botschaft erreichen und eine Kirche bauen, die lebensnah, dynamisch und voller Hoffnung ist.<\/p>\n      <\/div>\n<\/article><\/div>\n\n\n<div id=\"block-10\" class=\"col wp-block-yellowtree-column col-12 col-md-6 d-flex flex-column with-streched-height-children align-items-stretch align-items-md-stretch\">\n  <h2 id=\"block-8\" class=\"h2 text-start\">\n  Leitende Pastoren Multisite Kirche ICF Hamburg<\/h2>\n\n\n<article id=\"block-9\" data-bs-theme=\"dark\" class=\"wp-block-yellowtree-card card has-context-height\" style=\"--card-img-position:45% 14%\">\n        <img decoding=\"async\" width=\"1024\" height=\"683\" src=\"https:\/\/icf.church\/luebeck\/wp-content\/uploads\/sites\/129\/2026\/08\/yannik-rahn-25-von-78-1024x683-1.jpeg\" class=\"card-img-top\" alt=\"\" draggable=\"false\" loading=\"lazy\" srcset=\"https:\/\/icf.church\/luebeck\/wp-content\/uploads\/sites\/129\/2026\/08\/yannik-rahn-25-von-78-1024x683-1.jpeg 1024w, https:\/\/icf.church\/luebeck\/wp-content\/uploads\/sites\/129\/2026\/08\/yannik-rahn-25-von-78-1024x683-1-300x200.jpeg 300w, https:\/\/icf.church\/luebeck\/wp-content\/uploads\/sites\/129\/2026\/08\/yannik-rahn-25-von-78-1024x683-1-768x512.jpeg 768w\" sizes=\"(max-width: 1024px) 100vw, 1024px\">    <div class=\"card-body\">\n    <h3 class=\"card-title\">Tina &amp; Andreas Pantli<\/h3>\n    <p class=\"card-text\">Wir sind Tina und Andreas Pantli \u2013 Gr\u00fcnder und leitende Pastoren der Multisite-Kirche ICF Hamburg. Was 2017 mit einer kleinen Gemeinschaft in der Sternschanze begann, ist heute eine wachsende Kirche mit Gottesdiensten in Hamburg und L\u00fcbeck, Microchurches an verschiedenen Orten in Norddeutschland sowie einer wachsenden Online-Community auf YouTube.<br>Als Teil des globalen ICF Movements ist es unsere Leidenschaft, Jesus Christus \u00e4hnlicher zu werden, furchtlos zu leben und unser Umfeld positiv zu ver\u00e4ndern.<\/p>\n      <\/div>\n<\/article><\/div>\n        <\/div>\n          <\/div>\n<\/div><\/div>\n        <\/div>\n          <\/div>\n<\/div>\n\n<div id=\"block-23\" class=\"pt-2 pb-2 alignfull is-layout-constrained\">\n  <div>\n            <div class=\"row gx-4 gy-4 \">\n          \n\n<div id=\"block-22\" class=\"col wp-block-yellowtree-column col-12 d-flex flex-column with-streched-height-children align-items-stretch align-items-md-stretch\">\n  <h3 id=\"block-14\" class=\"h3 display-3 text-start\">\n  <br>Coreteam ICF Multisite Kirche ICF Hamburg<\/h3>\n\n<div id=\"block-21\" class=\"pt-2 pb-2 alignfull is-layout-constrained\">\n  <div>\n            <div class=\"row gx-4 gy-4 \">\n          \n\n<div id=\"block-16\" class=\"col wp-block-yellowtree-column col-12 col-lg-4 d-flex flex-column with-streched-height-children align-items-stretch align-items-lg-stretch\">\n  <article id=\"block-15\" data-bs-theme=\"dark\" class=\"wp-block-yellowtree-card card has-context-height\" style=\"--card-img-position:52% 36%\">\n        <img decoding=\"async\" width=\"1024\" height=\"683\" src=\"https:\/\/icf.church\/luebeck\/wp-content\/uploads\/sites\/129\/2026\/08\/yannik-rahn-11-von-78-1-2048x1365-1-1024x683.jpeg\" class=\"card-img-top\" alt=\"\" draggable=\"false\" loading=\"lazy\" srcset=\"https:\/\/icf.church\/luebeck\/wp-content\/uploads\/sites\/129\/2026\/08\/yannik-rahn-11-von-78-1-2048x1365-1-1024x683.jpeg 1024w, https:\/\/icf.church\/luebeck\/wp-content\/uploads\/sites\/129\/2026\/08\/yannik-rahn-11-von-78-1-2048x1365-1-300x200.jpeg 300w, https:\/\/icf.church\/luebeck\/wp-content\/uploads\/sites\/129\/2026\/08\/yannik-rahn-11-von-78-1-2048x1365-1-768x512.jpeg 768w, https:\/\/icf.church\/luebeck\/wp-content\/uploads\/sites\/129\/2026\/08\/yannik-rahn-11-von-78-1-2048x1365-1-1536x1024.jpeg 1536w, https:\/\/icf.church\/luebeck\/wp-content\/uploads\/sites\/129\/2026\/08\/yannik-rahn-11-von-78-1-2048x1365-1.jpeg 2048w\" sizes=\"(max-width: 1024px) 100vw, 1024px\">    <div class=\"card-body\">\n    <h3 class=\"card-title\">Andreas Pantli<\/h3>\n    <p class=\"card-text\">Lead Pastor ICF Hamburg<\/p>\n      <\/div>\n<\/article><\/div>\n\n\n<div id=\"block-18\" class=\"col wp-block-yellowtree-column col-12 col-lg-4 d-flex flex-column with-streched-height-children align-items-stretch align-items-lg-stretch\">\n  <article id=\"block-17\" data-bs-theme=\"dark\" class=\"wp-block-yellowtree-card card has-context-height\" style=\"--card-img-position:60% 35%\">\n        <img decoding=\"async\" width=\"1024\" height=\"683\" src=\"https:\/\/icf.church\/luebeck\/wp-content\/uploads\/sites\/129\/2026\/08\/yannik-rahn-61-von-78-1-2048x1365-1-1024x683.jpeg\" class=\"card-img-top\" alt=\"\" draggable=\"false\" loading=\"lazy\" srcset=\"https:\/\/icf.church\/luebeck\/wp-content\/uploads\/sites\/129\/2026\/08\/yannik-rahn-61-von-78-1-2048x1365-1-1024x683.jpeg 1024w, https:\/\/icf.church\/luebeck\/wp-content\/uploads\/sites\/129\/2026\/08\/yannik-rahn-61-von-78-1-2048x1365-1-300x200.jpeg 300w, https:\/\/icf.church\/luebeck\/wp-content\/uploads\/sites\/129\/2026\/08\/yannik-rahn-61-von-78-1-2048x1365-1-768x512.jpeg 768w, https:\/\/icf.church\/luebeck\/wp-content\/uploads\/sites\/129\/2026\/08\/yannik-rahn-61-von-78-1-2048x1365-1-1536x1024.jpeg 1536w, https:\/\/icf.church\/luebeck\/wp-content\/uploads\/sites\/129\/2026\/08\/yannik-rahn-61-von-78-1-2048x1365-1.jpeg 2048w\" sizes=\"(max-width: 1024px) 100vw, 1024px\">    <div class=\"card-body\">\n    <h3 class=\"card-title\">Tina Pantli<\/h3>\n    <p class=\"card-text\">Lead Pastor ICF Hamburg<\/p>\n      <\/div>\n<\/article><\/div>\n\n\n<div id=\"block-20\" class=\"col wp-block-yellowtree-column col-12 col-lg-4 d-flex flex-column with-streched-height-children align-items-stretch align-items-lg-stretch\">\n  <article id=\"block-19\" data-bs-theme=\"dark\" class=\"wp-block-yellowtree-card card has-context-height\" style=\"--card-img-position:50% 50%\">\n        <img decoding=\"async\" width=\"1024\" height=\"683\" src=\"https:\/\/icf.church\/luebeck\/wp-content\/uploads\/sites\/129\/2026\/08\/img_2736-1-2048x1365-1-1024x683.jpeg\" class=\"card-img-top\" alt=\"\" draggable=\"false\" loading=\"lazy\" srcset=\"https:\/\/icf.church\/luebeck\/wp-content\/uploads\/sites\/129\/2026\/08\/img_2736-1-2048x1365-1-1024x683.jpeg 1024w, https:\/\/icf.church\/luebeck\/wp-content\/uploads\/sites\/129\/2026\/08\/img_2736-1-2048x1365-1-300x200.jpeg 300w, https:\/\/icf.church\/luebeck\/wp-content\/uploads\/sites\/129\/2026\/08\/img_2736-1-2048x1365-1-768x512.jpeg 768w, https:\/\/icf.church\/luebeck\/wp-content\/uploads\/sites\/129\/2026\/08\/img_2736-1-2048x1365-1-1536x1024.jpeg 1536w, https:\/\/icf.church\/luebeck\/wp-content\/uploads\/sites\/129\/2026\/08\/img_2736-1-2048x1365-1.jpeg 2048w\" sizes=\"(max-width: 1024px) 100vw, 1024px\">    <div class=\"card-body\">\n    <h3 class=\"card-title\">Tom Preisler<\/h3>\n    <p class=\"card-text\">Lead HR, Church Management &amp; Theologie<\/p>\n      <\/div>\n<\/article><\/div>\n        <\/div>\n          <\/div>\n<\/div><\/div>\n        <\/div>\n          <\/div>\n<\/div>\n\n<h3 id=\"block-24\" class=\"mt-4 mb-4 h3 display-3 text-start\">\n  Teil der Vision werden<\/h3>\n\n<p id=\"block-25\" class=\"text-start wp-block-paragraph\">\n  Wir w\u00fcnschen uns, dass Kirche f\u00fcr dich mehr ist als ein Ort am Sonntag \u2013 sondern eine geistliche Familie wird.<\/p>\n\n<div id=\"block-33\" class=\"pt-2 pb-2 alignfull is-layout-constrained\">\n  <div>\n            <div class=\"row gx-4 gy-4 \">\n          \n\n<div id=\"block-32\" class=\"col wp-block-yellowtree-column col-12 d-flex flex-column with-streched-height-children align-items-stretch align-items-md-stretch\">\n  <div id=\"block-31\" class=\"wp-block-yellowtree-text-image d-flex flex-column flex-lg-row gap-3\">\n    \n\n<div id=\"block-26\" class=\"wp-block-yellowtree-locked-image\">\n    <img decoding=\"async\" width=\"1024\" height=\"683\" src=\"https:\/\/icf.church\/luebeck\/wp-content\/uploads\/sites\/129\/2026\/08\/15.06.2025_yannick_schaefer_luebeck-09-2-1024x683.jpg\" class=\"w-100 h-100 object-fit-cover\" alt=\"\" style=\"object-position: 50% 50%;\" loading=\"lazy\" sizes=\"(max-width: 992px) 100vw, 1600px\" srcset=\"https:\/\/icf.church\/luebeck\/wp-content\/uploads\/sites\/129\/2026\/08\/15.06.2025_yannick_schaefer_luebeck-09-2-1024x683.jpg 1024w, https:\/\/icf.church\/luebeck\/wp-content\/uploads\/sites\/129\/2026\/08\/15.06.2025_yannick_schaefer_luebeck-09-2-300x200.jpg 300w, https:\/\/icf.church\/luebeck\/wp-content\/uploads\/sites\/129\/2026\/08\/15.06.2025_yannick_schaefer_luebeck-09-2-768x512.jpg 768w, https:\/\/icf.church\/luebeck\/wp-content\/uploads\/sites\/129\/2026\/08\/15.06.2025_yannick_schaefer_luebeck-09-2-1536x1025.jpg 1536w, https:\/\/icf.church\/luebeck\/wp-content\/uploads\/sites\/129\/2026\/08\/15.06.2025_yannick_schaefer_luebeck-09-2-2048x1366.jpg 2048w\"><\/div>\n\n\n\n<div id=\"block-30\" class=\"card wp-block-yellowtree-text-card has-context-height\" style=\"--bs-card-bg:transparent;--bs-card-color:inherit\">\n  <div class=\"card-body px-4 py-6 p-sm-6 p-lg-8\">\n    \n\n<h2 id=\"block-27\">\n    Finde deinen Platz<\/h2>\n\n\n<p id=\"block-28\">\n    Ob Small Group oder Team Group \u2013 es gibt einen Ort, an dem du wachsen, mitgestalten und Verantwortung \u00fcbernehmen kannst.<br>Kirche ist am st\u00e4rksten, wenn viele mitbauen.<\/p>\n\n\n  <div>\n    <a id=\"block-29\" href=\"https:\/\/icf.church\/luebeck\/de\/findeanschluss\/\" rel=\"\" class=\"wp-block-yellowtree-button-link btn btn-default\">\n      <span>Mehr Endecken<\/span>\n          <\/a>\n  <\/div>\n\n  <\/div>\n<\/div>\n<\/div><\/div>\n        <\/div>\n          <\/div>\n<\/div>","protected":false},"excerpt":{"rendered":"<p>Teil der Vision werden Wir w\u00fcnschen uns, dass Kirche f\u00fcr dich mehr ist als ein Ort am Sonntag \u2013 sondern eine geistliche Familie wird.<\/p>\n","protected":false},"author":231,"featured_media":0,"parent":0,"menu_order":0,"comment_status":"closed","ping_status":"closed","template":"","meta":{"_acf_changed":false,"_seopress_titles_title":"","_seopress_titles_desc":"","_seopress_robots_index":"","_seopress_robots_follow":"","_seopress_robots_imageindex":"","_seopress_robots_snippet":"","_seopress_robots_primary_cat":"","_seopress_robots_breadcrumbs":"","_seopress_robots_freeze_modified_date":"","_seopress_robots_custom_modified_date":"","_seopress_robots_canonical":"","_seopress_social_fb_title":"","_seopress_social_fb_desc":"","_seopress_social_fb_img":"","_seopress_social_fb_img_attachment_id":0,"_seopress_social_fb_img_width":0,"_seopress_social_fb_img_height":0,"_seopress_social_twitter_title":"","_seopress_social_twitter_desc":"","_seopress_social_twitter_img":"","_seopress_social_twitter_img_attachment_id":0,"_seopress_social_twitter_img_width":0,"_seopress_social_twitter_img_height":0,"_seopress_redirections_value":"","_seopress_redirections_enabled":"","_seopress_redirections_enabled_regex":"","_seopress_redirections_logged_status":"","_seopress_redirections_param":"","_seopress_redirections_type":0,"_seopress_analysis_target_kw":"","_seopress_news_disabled":"","_seopress_video_disabled":"","_seopress_video":[],"_seopress_pro_schemas_manual":[],"_seopress_pro_rich_snippets_disable_all":"","_seopress_pro_rich_snippets_disable":[],"_seopress_pro_schemas":[],"yt_custom_styles_scss":"","yt_custom_styles_rounded_corners":false,"yt_custom_styles_color_scheme":"","footnotes":""},"class_list":["post-1237","page","type-page","status-publish","hentry"],"acf":[],"_links":{"self":[{"href":"https:\/\/icf.church\/luebeck\/de\/wp-json\/wp\/v2\/pages\/1237","targetHints":{"allow":["GET"]}}],"collection":[{"href":"https:\/\/icf.church\/luebeck\/de\/wp-json\/wp\/v2\/pages"}],"about":[{"href":"https:\/\/icf.church\/luebeck\/de\/wp-json\/wp\/v2\/types\/page"}],"author":[{"embeddable":true,"href":"https:\/\/icf.church\/luebeck\/de\/wp-json\/wp\/v2\/users\/231"}],"replies":[{"embeddable":true,"href":"https:\/\/icf.church\/luebeck\/de\/wp-json\/wp\/v2\/comments?post=1237"}],"version-history":[{"count":16,"href":"https:\/\/icf.church\/luebeck\/de\/wp-json\/wp\/v2\/pages\/1237\/revisions"}],"predecessor-version":[{"id":1569,"href":"https:\/\/icf.church\/luebeck\/de\/wp-json\/wp\/v2\/pages\/1237\/revisions\/1569"}],"wp:attachment":[{"href":"https:\/\/icf.church\/luebeck\/de\/wp-json\/wp\/v2\/media?parent=1237"}],"curies":[{"name":"wp","href":"https:\/\/api.w.org\/{rel}","templated":true}]}}