{"id":131,"date":"2025-10-02T09:07:59","date_gmt":"2025-10-02T07:07:59","guid":{"rendered":"https:\/\/new.new.icf.church\/luebeck\/?page_id=131"},"modified":"2026-08-27T16:40:17","modified_gmt":"2026-08-27T14:40:17","slug":"spenden","status":"publish","type":"page","link":"https:\/\/icf.church\/luebeck\/de\/spenden\/","title":{"rendered":"Spenden"},"content":{"rendered":"<div id=\"block-3\" class=\"pt-2 pb-2 alignfull is-layout-constrained\">\n  <div>\n            <div class=\"row gx-4 gy-4 \">\n          \n\n<div id=\"block-2\" class=\"col wp-block-yellowtree-column col-12 d-flex flex-column with-streched-height-children align-items-stretch align-items-md-stretch\">\n  <p id=\"block-1\" class=\"text-start wp-block-paragraph\">\n  <\/p><\/div>\n        <\/div>\n          <\/div>\n<\/div>\n\n\n<div id=\"block-6\" class=\"wp-block-yellowtree-hero-stage\">\n    <div class=\"hero-stage \">\n        \n\n<div id=\"block-5\" class=\"hero-stage-content\">\n    <div class=\"hero-stage-content__background\">\n        <div class=\"overlay-black-25 h-100\">\n                            <img fetchpriority=\"high\" decoding=\"async\" width=\"1707\" height=\"2560\" src=\"https:\/\/icf.church\/luebeck\/wp-content\/uploads\/sites\/129\/2025\/10\/250529_09-43-35_conf-lydia-g-scaled.jpg\" class=\"hero-stage-media\" alt=\"\" style=\"object-position: 50% 50%;\" aria-hidden=\"true\" loading=\"eager\" srcset=\"https:\/\/icf.church\/luebeck\/wp-content\/uploads\/sites\/129\/2025\/10\/250529_09-43-35_conf-lydia-g-scaled.jpg 1707w, https:\/\/icf.church\/luebeck\/wp-content\/uploads\/sites\/129\/2025\/10\/250529_09-43-35_conf-lydia-g-200x300.jpg 200w, https:\/\/icf.church\/luebeck\/wp-content\/uploads\/sites\/129\/2025\/10\/250529_09-43-35_conf-lydia-g-683x1024.jpg 683w, https:\/\/icf.church\/luebeck\/wp-content\/uploads\/sites\/129\/2025\/10\/250529_09-43-35_conf-lydia-g-768x1152.jpg 768w, https:\/\/icf.church\/luebeck\/wp-content\/uploads\/sites\/129\/2025\/10\/250529_09-43-35_conf-lydia-g-1024x1536.jpg 1024w, https:\/\/icf.church\/luebeck\/wp-content\/uploads\/sites\/129\/2025\/10\/250529_09-43-35_conf-lydia-g-1365x2048.jpg 1365w\" sizes=\"(max-width: 1707px) 100vw, 1707px\" \/>                    <\/div>\n        <div class=\"hero-stage-gradient\"><\/div>\n    <\/div>\n    <div class=\"hero-stage-content__foreground is-layout-constrained\">\n        <h1 id=\"block-4\" class=\"display-1 text-center\">\n    Spenden<\/h1>    <\/div>\n<\/div>\n    <\/div>\n<\/div>\n\n<div id=\"block-8\" class=\"pt-2 pb-2 alignfull is-layout-constrained\">\n  <div>\n            <div class=\"row gx-4 gy-4 \">\n          \n\n<div id=\"block-7\" class=\"col wp-block-yellowtree-column col-12 d-flex flex-column with-streched-height-children align-items-stretch align-items-md-stretch\">\n  <\/div>\n        <\/div>\n          <\/div>\n<\/div>\n\n<div id=\"block-11\" class=\"pt-2 pb-2 alignfull is-layout-constrained\">\n  <div>\n            <div class=\"row gx-4 gy-4 \">\n          \n\n<div id=\"block-10\" class=\"col wp-block-yellowtree-column col-12 d-flex flex-column with-streched-height-children align-items-stretch align-items-md-stretch\">\n  <h2 id=\"block-9\" class=\"h2 text-start\">\n  Deine Gro\u00dfz\u00fcgigkeit macht einen Unterschied!<\/h2><\/div>\n        <\/div>\n          <\/div>\n<\/div>\n\n<div id=\"block-14\" class=\"pb-4 alignfull is-layout-constrained\">\n  <div>\n            <div class=\"row gx-4 gy-4 \">\n          \n\n<div id=\"block-13\" class=\"gap-2 col wp-block-yellowtree-column col-12 d-flex flex-column with-streched-height-children align-items-stretch align-items-md-stretch\">\n  <p id=\"block-12\" class=\"fs-base text-start wp-block-paragraph\" style=\"margin-top:0\">\n  Als Kirche wollen wir, dass Menschen Jesus \u00e4hnlicher werden, furchtlos leben und ihr Umfeld positiv ver\u00e4ndern. Unsere Kirche ist nicht auf den Talenten weniger, sondern der Entschlossenheit und Gro\u00dfz\u00fcgigkeit vieler aufgebaut \u2013 mit deiner finanziellen Unterst\u00fctzung, deinem Mitarbeiten und deinen Gaben gestaltest du diese Vision aktiv mit. Daf\u00fcr danken wir dir von Herzen! Hier erf\u00e4hrst du, wie du ICF finanziell unterst\u00fctzen kannst.<\/p><\/div>\n        <\/div>\n          <\/div>\n<\/div>\n\n<div id=\"block-17\" class=\"pt-2 pb-2 alignfull is-layout-constrained\">\n  <div>\n            <div class=\"row gx-4 gy-4 \">\n          \n\n<div id=\"block-16\" class=\"col wp-block-yellowtree-column col-12 d-flex flex-column with-streched-height-children align-items-center align-items-md-center\">\n  <h3 id=\"block-15\" class=\"h3 display-3 text-start\">\n  M\u00f6glichkeiten zu spenden<\/h3><\/div>\n        <\/div>\n          <\/div>\n<\/div>\n\n<div id=\"block-24\" class=\"pt-2 pb-2 alignfull is-layout-constrained\">\n  <div>\n            <div class=\"row gx-4 gy-4 \">\n          \n\n<div id=\"block-19\" class=\"col wp-block-yellowtree-column col-12 col-md-6 d-flex flex-column with-streched-height-children align-items-stretch align-items-md-stretch\">\n  <article id=\"block-18\" data-bs-theme=\"dark\" class=\"wp-block-yellowtree-card card has-context-height\" style=\"--card-img-position:50% 50%\">\n        <img decoding=\"async\" width=\"1024\" height=\"683\" src=\"https:\/\/icf.church\/luebeck\/wp-content\/uploads\/sites\/129\/2026\/07\/mika-baumeister-m7hwpwvjfj4-unsplash-1024x683.jpeg\" class=\"card-img-top\" alt=\"\" draggable=\"false\" loading=\"lazy\" srcset=\"https:\/\/icf.church\/luebeck\/wp-content\/uploads\/sites\/129\/2026\/07\/mika-baumeister-m7hwpwvjfj4-unsplash-1024x683.jpeg 1024w, https:\/\/icf.church\/luebeck\/wp-content\/uploads\/sites\/129\/2026\/07\/mika-baumeister-m7hwpwvjfj4-unsplash-300x200.jpeg 300w, https:\/\/icf.church\/luebeck\/wp-content\/uploads\/sites\/129\/2026\/07\/mika-baumeister-m7hwpwvjfj4-unsplash-768x512.jpeg 768w, https:\/\/icf.church\/luebeck\/wp-content\/uploads\/sites\/129\/2026\/07\/mika-baumeister-m7hwpwvjfj4-unsplash-1536x1024.jpeg 1536w, https:\/\/icf.church\/luebeck\/wp-content\/uploads\/sites\/129\/2026\/07\/mika-baumeister-m7hwpwvjfj4-unsplash-2048x1365.jpeg 2048w\" sizes=\"(max-width: 1024px) 100vw, 1024px\">    <div class=\"card-body\">\n    <h3 class=\"card-title\">Bank \u00dcberweisung<\/h3>\n    <p class=\"card-text\">Empf\u00e4nger:&nbsp;ICF Hamburg e.V.<br>IBAN:&nbsp;DE94 2003 0000 0040 4800 22<br>BIC:&nbsp;HYVEDEMMXXX<br>Vermerk:&nbsp;ICF Startup L\u00fcbeck + deine Adresse<\/p>\n      <\/div>\n<\/article><\/div>\n\n\n<div id=\"block-23\" class=\"col wp-block-yellowtree-column col-12 col-md-6 d-flex flex-column with-streched-height-children align-items-stretch align-items-md-stretch\">\n  <article id=\"block-22\" data-bs-theme=\"dark\" class=\"wp-block-yellowtree-card card has-context-height\" style=\"--card-img-position:50% 50%\">\n        <img decoding=\"async\" width=\"1024\" height=\"683\" src=\"https:\/\/icf.church\/luebeck\/wp-content\/uploads\/sites\/129\/2026\/07\/rupixen-q59hmzk38eq-unsplash-1024x683.jpeg\" class=\"card-img-top\" alt=\"\" draggable=\"false\" loading=\"lazy\" srcset=\"https:\/\/icf.church\/luebeck\/wp-content\/uploads\/sites\/129\/2026\/07\/rupixen-q59hmzk38eq-unsplash-1024x683.jpeg 1024w, https:\/\/icf.church\/luebeck\/wp-content\/uploads\/sites\/129\/2026\/07\/rupixen-q59hmzk38eq-unsplash-300x200.jpeg 300w, https:\/\/icf.church\/luebeck\/wp-content\/uploads\/sites\/129\/2026\/07\/rupixen-q59hmzk38eq-unsplash-768x512.jpeg 768w, https:\/\/icf.church\/luebeck\/wp-content\/uploads\/sites\/129\/2026\/07\/rupixen-q59hmzk38eq-unsplash-1536x1024.jpeg 1536w, https:\/\/icf.church\/luebeck\/wp-content\/uploads\/sites\/129\/2026\/07\/rupixen-q59hmzk38eq-unsplash-2048x1365.jpeg 2048w\" sizes=\"(max-width: 1024px) 100vw, 1024px\">    <div class=\"card-body\">\n    <h3 class=\"card-title\">Online \/ Kreditkarte<\/h3>\n    <p class=\"card-text\">Du hast die M\u00f6glichkeit, online per PayPal, Mastercard, Visa, American Express, Apple Pay oder Google Pay zu geben.<br>Die Zahlungsabwicklung erfolgt \u00fcber unseren<br>Partner Payrexx.<\/p>\n    <div id=\"block-21\" class=\"wp-block-yellowtree-card-buttons card-buttons\">\n  \n\n  <div>\n    <a id=\"block-20\" href=\"https:\/\/geben.icf-hamburg.de\/de\/?cid=07063f5a&amp;donation[preselect_purpose]=2\" target=\"_blank\" class=\"wp-block-yellowtree-card-button btn btn-sm btn-secondary\">\n      <span>Jetzt spenden<\/span>\n              <i class=\"icon fs-base-const fa-arrow-right\" aria-hidden=\"true\"><\/i>\n          <\/a>\n  <\/div>\n\n<\/div>  <\/div>\n<\/article><\/div>\n        <\/div>\n          <\/div>\n<\/div>\n\n\n\n<h3 id=\"block-30\" class=\"mt-6 mb-4 h3 display-3 text-start\">\n  Du kannst Teil dieses Projekts werden!<\/h3>\n\n\n<div id=\"block-36\" class=\"wp-block-yellowtree-text-image d-flex flex-column flex-lg-row gap-3\">\n    \n\n<div id=\"block-31\" class=\"wp-block-yellowtree-locked-image\">\n    <img decoding=\"async\" width=\"1024\" height=\"683\" src=\"https:\/\/icf.church\/luebeck\/wp-content\/uploads\/sites\/129\/2026\/07\/menschen-emotion-dsc03706-1-scaled-1-2048x1366-1-1024x683.jpeg\" class=\"w-100 h-100 object-fit-cover\" alt=\"\" style=\"object-position: 50% 50%;\" loading=\"lazy\" sizes=\"(max-width: 992px) 100vw, 1600px\" srcset=\"https:\/\/icf.church\/luebeck\/wp-content\/uploads\/sites\/129\/2026\/07\/menschen-emotion-dsc03706-1-scaled-1-2048x1366-1-1024x683.jpeg 1024w, https:\/\/icf.church\/luebeck\/wp-content\/uploads\/sites\/129\/2026\/07\/menschen-emotion-dsc03706-1-scaled-1-2048x1366-1-300x200.jpeg 300w, https:\/\/icf.church\/luebeck\/wp-content\/uploads\/sites\/129\/2026\/07\/menschen-emotion-dsc03706-1-scaled-1-2048x1366-1-768x512.jpeg 768w, https:\/\/icf.church\/luebeck\/wp-content\/uploads\/sites\/129\/2026\/07\/menschen-emotion-dsc03706-1-scaled-1-2048x1366-1-1536x1025.jpeg 1536w, https:\/\/icf.church\/luebeck\/wp-content\/uploads\/sites\/129\/2026\/07\/menschen-emotion-dsc03706-1-scaled-1-2048x1366-1.jpeg 2048w\" \/><\/div>\n\n\n\n<div id=\"block-35\" data-bs-theme=\"dark\" class=\"card wp-block-yellowtree-text-card has-context-height\">\n  <div class=\"card-body px-4 py-6 p-sm-6 p-lg-8\">\n    \n\n<h2 id=\"block-32\">\n    REACH Beyond<\/h2>\n\n\n<p id=\"block-33\">\n    REACH BEYOND \u2013 Das ist unsere j\u00e4hrliche Spendenkampagne. Sie erm\u00f6glicht es uns, mehr Menschen f\u00fcr Jesus zu erreichen, Not zu begegnen, unsere Kirche lokal zu erweitern und global neue zu gr\u00fcnden.<\/p>\n\n\n  <div>\n    <a id=\"block-34\" href=\"https:\/\/icf.church\/hamburg\/de\/reach-beyond-2026\/\" rel=\"\" target=\"_blank\" class=\"wp-block-yellowtree-button-link btn btn-default\">\n      <span>Mehr erfahren<\/span>\n          <\/a>\n  <\/div>\n\n  <\/div>\n<\/div>\n<\/div>\n\n\n<p id=\"block-37\" class=\"mt-4 mb-4 text-start wp-block-paragraph\">\n  <\/p>\n\n<h3 id=\"block-38\" class=\"mt-6 mb-4 h3 display-3 text-start\">\n  H\u00e4ufig gestellte Fragen<\/h3>\n\n<div id=\"block-57\" class=\"pt-2 pb-6 alignfull is-layout-constrained\">\n  <div>\n            <div class=\"row gx-4 gy-4 \">\n          \n\n<div id=\"block-56\" class=\"col wp-block-yellowtree-column col-12 d-flex flex-column with-streched-height-children align-items-stretch align-items-md-stretch\">\n  <div id=\"block-55\" class=\"accordion\">\n  <body>\n\n<div id=\"block-40\" data-bs-theme=\"dark\" class=\"overflow-hidden wp-block-yellowtree-accordion-item\">\n  <div class=\"accordion-header\">\n    <button class=\"accordion-button rounded-0 collapsed focus-ring-inset\" type=\"button\" data-bs-toggle=\"collapse\" data-bs-target=\"#block-40-collapse\" aria-expanded=\"false\" aria-controls=\"block-40-collapse\">\n      <div>\n        <h3 class=\"mb-0\">\n          Wie finanziert sich das ICF?        <\/h3>\n              <\/div>\n      <div class=\"ms-auto accordion-icons icon-container-base\">\n        <i class=\"icon fa-arrow-right accordion-icon-default\"><\/i>\n        <i class=\"icon fa-close accordion-icon-alt\"><\/i>\n      <\/div>\n    <\/button>\n  <\/div>\n  <div id=\"block-40-collapse\" class=\"accordion-collapse collapse \" data-bs-parent=\"#block-55\">\n    <div class=\"accordion-body pt-0\">\n      <p id=\"block-39\" class=\"text-start wp-block-paragraph\">\n  Das ICF finanziert sich nach biblischen Prinzipien, die sich seit dem Alten Testament bew\u00e4hrt haben. Gott setzte den Zehnten als Grundlage f\u00fcr die Versorgung des Tempels ein \u2013 heute ist das die Kirche, wo Menschen Gott begegnen, geistlich wachsen und gemeinsam einen Unterschied machen.<\/p>    <\/div>\n  <\/div>\n<\/div>\n\n\n<div id=\"block-42\" data-bs-theme=\"dark\" class=\"overflow-hidden wp-block-yellowtree-accordion-item\">\n  <div class=\"accordion-header\">\n    <button class=\"accordion-button rounded-0 collapsed focus-ring-inset\" type=\"button\" data-bs-toggle=\"collapse\" data-bs-target=\"#block-42-collapse\" aria-expanded=\"false\" aria-controls=\"block-42-collapse\">\n      <div>\n        <h3 class=\"mb-0\">\n          Was bedeutet der Zehnte?        <\/h3>\n              <\/div>\n      <div class=\"ms-auto accordion-icons icon-container-base\">\n        <i class=\"icon fa-arrow-right accordion-icon-default\"><\/i>\n        <i class=\"icon fa-close accordion-icon-alt\"><\/i>\n      <\/div>\n    <\/button>\n  <\/div>\n  <div id=\"block-42-collapse\" class=\"accordion-collapse collapse \" data-bs-parent=\"#block-55\">\n    <div class=\"accordion-body pt-0\">\n      <p id=\"block-41\" class=\"text-start wp-block-paragraph\">\n  Der Zehnte ist kein Gesetz, sondern ein biblisches Prinzip: Wir geben 10 % unserer Ertr\u00e4ge ins Haus Gottes, um seine Versorgung zu ehren. Heute finanziert er die L\u00f6hne von Pastoren und Mitarbeitenden, Geb\u00e4udekosten und die verschiedenen Bereiche der Kirche.<\/p>    <\/div>\n  <\/div>\n<\/div>\n\n\n<div id=\"block-44\" data-bs-theme=\"dark\" class=\"overflow-hidden wp-block-yellowtree-accordion-item\">\n  <div class=\"accordion-header\">\n    <button class=\"accordion-button rounded-0 collapsed focus-ring-inset\" type=\"button\" data-bs-toggle=\"collapse\" data-bs-target=\"#block-44-collapse\" aria-expanded=\"false\" aria-controls=\"block-44-collapse\">\n      <div>\n        <h3 class=\"mb-0\">\n          Gibt ICF selbst auch einen Zehnten weiter?        <\/h3>\n              <\/div>\n      <div class=\"ms-auto accordion-icons icon-container-base\">\n        <i class=\"icon fa-arrow-right accordion-icon-default\"><\/i>\n        <i class=\"icon fa-close accordion-icon-alt\"><\/i>\n      <\/div>\n    <\/button>\n  <\/div>\n  <div id=\"block-44-collapse\" class=\"accordion-collapse collapse \" data-bs-parent=\"#block-55\">\n    <div class=\"accordion-body pt-0\">\n      <p id=\"block-43\" class=\"text-start wp-block-paragraph\">\n  Ja! Auch wir als ICF geben 10 % unserer Einnahmen weiter \u2013 an soziale Projekte, Partner-Organisationen und das ICF Movement. Wir glauben: Was wir s\u00e4en, wird Frucht tragen!<\/p>    <\/div>\n  <\/div>\n<\/div>\n\n\n<div id=\"block-46\" data-bs-theme=\"dark\" class=\"overflow-hidden wp-block-yellowtree-accordion-item\">\n  <div class=\"accordion-header\">\n    <button class=\"accordion-button rounded-0 collapsed focus-ring-inset\" type=\"button\" data-bs-toggle=\"collapse\" data-bs-target=\"#block-46-collapse\" aria-expanded=\"false\" aria-controls=\"block-46-collapse\">\n      <div>\n        <h3 class=\"mb-0\">\n          Was ist die Erstlingsfrucht?        <\/h3>\n              <\/div>\n      <div class=\"ms-auto accordion-icons icon-container-base\">\n        <i class=\"icon fa-arrow-right accordion-icon-default\"><\/i>\n        <i class=\"icon fa-close accordion-icon-alt\"><\/i>\n      <\/div>\n    <\/button>\n  <\/div>\n  <div id=\"block-46-collapse\" class=\"accordion-collapse collapse \" data-bs-parent=\"#block-55\">\n    <div class=\"accordion-body pt-0\">\n      <p id=\"block-45\" class=\"text-start wp-block-paragraph\">\n  Die Erstlingsfrucht ist ein kraftvolles biblisches Prinzip des Vertrauens und der Hingabe. Wir bringen das Erste und Beste \u2013 nicht das, was \u00fcbrig bleibt \u2013 als Ausdruck unseres Glaubens, dass Gott den Rest segnet und vermehrt.<\/p>    <\/div>\n  <\/div>\n<\/div>\n\n\n<div id=\"block-48\" data-bs-theme=\"dark\" class=\"overflow-hidden wp-block-yellowtree-accordion-item\">\n  <div class=\"accordion-header\">\n    <button class=\"accordion-button rounded-0 collapsed focus-ring-inset\" type=\"button\" data-bs-toggle=\"collapse\" data-bs-target=\"#block-48-collapse\" aria-expanded=\"false\" aria-controls=\"block-48-collapse\">\n      <div>\n        <h3 class=\"mb-0\">\n          Was sind freiwillige Opfer?        <\/h3>\n              <\/div>\n      <div class=\"ms-auto accordion-icons icon-container-base\">\n        <i class=\"icon fa-arrow-right accordion-icon-default\"><\/i>\n        <i class=\"icon fa-close accordion-icon-alt\"><\/i>\n      <\/div>\n    <\/button>\n  <\/div>\n  <div id=\"block-48-collapse\" class=\"accordion-collapse collapse \" data-bs-parent=\"#block-55\">\n    <div class=\"accordion-body pt-0\">\n      <p id=\"block-47\" class=\"text-start wp-block-paragraph\">\n  Im Alten und Neuen Testament brachte Gottes Volk immer wieder freiwillige Opfer, um Kirche zu bauen und das Reich Gottes voranzubringen. Auch wir investieren durch unsere j\u00e4hrliche \u201eREACH BEYOND\u201c-Kampagne gezielt \u00fcber das regul\u00e4re Budget hinaus in Kirchen, soziale Projekte und Partner.<\/p>    <\/div>\n  <\/div>\n<\/div>\n\n\n<div id=\"block-50\" data-bs-theme=\"dark\" class=\"overflow-hidden wp-block-yellowtree-accordion-item\">\n  <div class=\"accordion-header\">\n    <button class=\"accordion-button rounded-0 collapsed focus-ring-inset\" type=\"button\" data-bs-toggle=\"collapse\" data-bs-target=\"#block-50-collapse\" aria-expanded=\"false\" aria-controls=\"block-50-collapse\">\n      <div>\n        <h3 class=\"mb-0\">\n          Gibt es im ICF finanzielle Verpflichtungen oder Mitgliedsbeitr\u00e4ge?        <\/h3>\n              <\/div>\n      <div class=\"ms-auto accordion-icons icon-container-base\">\n        <i class=\"icon fa-arrow-right accordion-icon-default\"><\/i>\n        <i class=\"icon fa-close accordion-icon-alt\"><\/i>\n      <\/div>\n    <\/button>\n  <\/div>\n  <div id=\"block-50-collapse\" class=\"accordion-collapse collapse \" data-bs-parent=\"#block-55\">\n    <div class=\"accordion-body pt-0\">\n      <p id=\"block-49\" class=\"text-start wp-block-paragraph\">\n  Nein. Im ICF gibt es keine formale Mitgliedschaft mit finanziellen Verpflichtungen. Jeder ist willkommen \u2013 unabh\u00e4ngig von seiner finanziellen Situation.<\/p>    <\/div>\n  <\/div>\n<\/div>\n\n\n<div id=\"block-52\" data-bs-theme=\"dark\" class=\"overflow-hidden wp-block-yellowtree-accordion-item\">\n  <div class=\"accordion-header\">\n    <button class=\"accordion-button rounded-0 collapsed focus-ring-inset\" type=\"button\" data-bs-toggle=\"collapse\" data-bs-target=\"#block-52-collapse\" aria-expanded=\"false\" aria-controls=\"block-52-collapse\">\n      <div>\n        <h3 class=\"mb-0\">\n          Wie geht ICF mit Spenden um?        <\/h3>\n              <\/div>\n      <div class=\"ms-auto accordion-icons icon-container-base\">\n        <i class=\"icon fa-arrow-right accordion-icon-default\"><\/i>\n        <i class=\"icon fa-close accordion-icon-alt\"><\/i>\n      <\/div>\n    <\/button>\n  <\/div>\n  <div id=\"block-52-collapse\" class=\"accordion-collapse collapse \" data-bs-parent=\"#block-55\">\n    <div class=\"accordion-body pt-0\">\n      <p id=\"block-51\" class=\"text-start wp-block-paragraph\">\n  Nein. Im ICF gibt es keine formale Mitgliedschaft mit finanziellen Verpflichtungen. Jeder ist willkommen \u2013 unabh\u00e4ngig von seiner finanziellen Situation.<\/p>    <\/div>\n  <\/div>\n<\/div>\n\n\n<div id=\"block-54\" data-bs-theme=\"dark\" class=\"overflow-hidden wp-block-yellowtree-accordion-item\">\n  <div class=\"accordion-header\">\n    <button class=\"accordion-button rounded-0 collapsed focus-ring-inset\" type=\"button\" data-bs-toggle=\"collapse\" data-bs-target=\"#block-54-collapse\" aria-expanded=\"false\" aria-controls=\"block-54-collapse\">\n      <div>\n        <h3 class=\"mb-0\">\n          Kann man die Finanzen einsehen?        <\/h3>\n              <\/div>\n      <div class=\"ms-auto accordion-icons icon-container-base\">\n        <i class=\"icon fa-arrow-right accordion-icon-default\"><\/i>\n        <i class=\"icon fa-close accordion-icon-alt\"><\/i>\n      <\/div>\n    <\/button>\n  <\/div>\n  <div id=\"block-54-collapse\" class=\"accordion-collapse collapse \" data-bs-parent=\"#block-55\">\n    <div class=\"accordion-body pt-0\">\n      <p id=\"block-53\" class=\"text-start wp-block-paragraph\">\n  Ja. Transparenz ist uns wichtig \u2013 auf Wunsch k\u00f6nnen unsere Finanzen eingesehen werden, denn Vertrauen entsteht durch Offenheit und Integrit\u00e4t.<\/p>    <\/div>\n  <\/div>\n<\/div>\n<\/body><\/div><\/div>\n        <\/div>\n          <\/div>\n<\/div>","protected":false},"excerpt":{"rendered":"<p>Deine Gro\u00dfz\u00fcgigkeit macht einen Unterschied! Unsere Kirche ist nicht auf den Talenten weniger, sondern der Entschlossenheit und Gro\u00dfz\u00fcgigkeit vieler aufgebaut.<\/p>\n","protected":false},"author":3,"featured_media":531,"parent":0,"menu_order":7,"comment_status":"closed","ping_status":"closed","template":"","meta":{"_acf_changed":false,"_seopress_titles_title":"","_seopress_titles_desc":"","_seopress_robots_index":"","_seopress_robots_follow":"","_seopress_robots_imageindex":"","_seopress_robots_snippet":"","_seopress_robots_primary_cat":"","_seopress_robots_breadcrumbs":"","_seopress_robots_freeze_modified_date":"","_seopress_robots_custom_modified_date":"","_seopress_robots_canonical":"","_seopress_social_fb_title":"","_seopress_social_fb_desc":"","_seopress_social_fb_img":"","_seopress_social_fb_img_attachment_id":0,"_seopress_social_fb_img_width":0,"_seopress_social_fb_img_height":0,"_seopress_social_twitter_title":"","_seopress_social_twitter_desc":"","_seopress_social_twitter_img":"","_seopress_social_twitter_img_attachment_id":0,"_seopress_social_twitter_img_width":0,"_seopress_social_twitter_img_height":0,"_seopress_redirections_value":"","_seopress_redirections_enabled":"","_seopress_redirections_enabled_regex":"","_seopress_redirections_logged_status":"both","_seopress_redirections_param":"","_seopress_redirections_type":301,"_seopress_analysis_target_kw":"","_seopress_news_disabled":"","_seopress_video_disabled":"","_seopress_video":[{"url":"","title":"","desc":"","thumbnail":"","duration":"","rating":"","view_count":"","tag":""}],"_seopress_pro_schemas_manual":[],"_seopress_pro_rich_snippets_disable_all":"","_seopress_pro_rich_snippets_disable":[],"_seopress_pro_schemas":[],"yt_custom_styles_scss":"","yt_custom_styles_rounded_corners":false,"yt_custom_styles_color_scheme":"","footnotes":""},"class_list":["post-131","page","type-page","status-publish","has-post-thumbnail","hentry"],"acf":[],"_links":{"self":[{"href":"https:\/\/icf.church\/luebeck\/de\/wp-json\/wp\/v2\/pages\/131","targetHints":{"allow":["GET"]}}],"collection":[{"href":"https:\/\/icf.church\/luebeck\/de\/wp-json\/wp\/v2\/pages"}],"about":[{"href":"https:\/\/icf.church\/luebeck\/de\/wp-json\/wp\/v2\/types\/page"}],"author":[{"embeddable":true,"href":"https:\/\/icf.church\/luebeck\/de\/wp-json\/wp\/v2\/users\/3"}],"replies":[{"embeddable":true,"href":"https:\/\/icf.church\/luebeck\/de\/wp-json\/wp\/v2\/comments?post=131"}],"version-history":[{"count":42,"href":"https:\/\/icf.church\/luebeck\/de\/wp-json\/wp\/v2\/pages\/131\/revisions"}],"predecessor-version":[{"id":1587,"href":"https:\/\/icf.church\/luebeck\/de\/wp-json\/wp\/v2\/pages\/131\/revisions\/1587"}],"wp:featuredmedia":[{"embeddable":true,"href":"https:\/\/icf.church\/luebeck\/de\/wp-json\/wp\/v2\/media\/531"}],"wp:attachment":[{"href":"https:\/\/icf.church\/luebeck\/de\/wp-json\/wp\/v2\/media?parent=131"}],"curies":[{"name":"wp","href":"https:\/\/api.w.org\/{rel}","templated":true}]}}