{"id":238,"date":"2025-10-05T16:14:58","date_gmt":"2025-10-05T14:14:58","guid":{"rendered":"https:\/\/new.new.icf.church\/mannheim\/?page_id=238"},"modified":"2026-05-12T14:20:44","modified_gmt":"2026-05-12T12:20:44","slug":"blog","status":"publish","type":"page","link":"https:\/\/icf.church\/mannheim\/de\/blog\/","title":{"rendered":"Blog"},"content":{"rendered":"<div id=\"block-3\" class=\"pt-4 pb-4 alignfull is-layout-constrained\">\n  <div>\n            <div class=\"row gx-4 gy-4 \">\n          \n\n<div id=\"block-2\" class=\"col wp-block-yellowtree-column col-12 d-flex flex-column with-streched-height-children align-items-stretch align-items-md-stretch\">\n  <h1 id=\"block-1\" class=\"h1 display-1 text-start\">\n  Alle aktuellen Artikel<\/h1><\/div>\n        <\/div>\n          <\/div>\n<\/div>\n\n<div id=\"block-15\" class=\"pt-2 pb-2 alignfull is-layout-constrained\">\n  <div>\n            <div class=\"row gx-4 gy-4 \">\n          \n\n<div id=\"block-14\" class=\"col wp-block-yellowtree-column col-12 d-flex flex-column with-streched-height-children align-items-stretch align-items-md-stretch\">\n  <p id=\"block-4\" class=\"text-start wp-block-paragraph\">\n  Hier findest du alle unsere Predigten als Blog zum Durchst\u00f6bern und Lesen! Wir ver\u00f6ffentlichen w\u00f6chentlich einen neuen Artikel, basierend auf der aktuellen Predigt.<\/p>\n\n<div id=\"block-13\" class=\"pt-2 pb-2 alignfull is-layout-constrained\">\n  <div>\n            <div class=\"row gx-4 gy-4 \">\n          \n\n<div id=\"block-8\" class=\"col wp-block-yellowtree-column col-12 col-md-6 d-flex flex-column with-streched-height-children align-items-stretch align-items-md-stretch\">\n  <article id=\"block-7\" data-bs-theme=\"dark\" class=\"wp-block-yellowtree-card card has-context-height\" style=\"--card-img-position:50% 50%\">\n      <div class=\"card-body\">\n    <h3 class=\"card-title\">Du willst live dabei sein?<\/h3>\n    <p class=\"card-text\">Du willst die volle Live Erfahrung haben, hautnah dabei sein, Gemeinschaft erleben und Gott kennenlernen? Dann besuch uns einfach Sonntags bei einem unserer Gottesdienste!<\/p>\n    <div id=\"block-6\" class=\"wp-block-yellowtree-card-buttons card-buttons\">\n  \n\n  <div>\n    <a id=\"block-5\" href=\"https:\/\/icf.church\/manheim\/de\/besuchen\" target=\"_blank\" class=\"wp-block-yellowtree-card-button btn btn-sm btn-secondary\">\n      <span>Besuche uns!<\/span>\n              <i class=\"icon fs-base-const fa-arrow-right\" aria-hidden=\"true\"><\/i>\n          <\/a>\n  <\/div>\n\n<\/div>  <\/div>\n<\/article><\/div>\n\n\n<div id=\"block-12\" class=\"col wp-block-yellowtree-column col-12 col-md-6 d-flex flex-column with-streched-height-children align-items-stretch align-items-md-stretch\">\n  <article id=\"block-11\" data-bs-theme=\"dark\" class=\"wp-block-yellowtree-card card has-context-height\" style=\"--card-img-position:50% 50%\">\n      <div class=\"card-body\">\n    <h3 class=\"card-title\">Du stehst mehr auf Videos?<\/h3>\n    <p class=\"card-text\">Du willst dir die Predigten lieber entspannt zu Hause anschauen, in deinem Tempo und deiner Lautst\u00e4rke? Dann schau bei unseren online Predigten vorbei!<\/p>\n    <div id=\"block-10\" class=\"wp-block-yellowtree-card-buttons card-buttons\">\n  \n\n  <div>\n    <a id=\"block-9\" href=\"https:\/\/www.youtube.com\/@ICFMannheim\" target=\"_blank\" class=\"wp-block-yellowtree-card-button btn btn-sm btn-secondary\">\n      <span>Online schauen<\/span>\n              <i class=\"icon fs-base-const fa-arrow-right\" aria-hidden=\"true\"><\/i>\n          <\/a>\n  <\/div>\n\n<\/div>  <\/div>\n<\/article><\/div>\n        <\/div>\n          <\/div>\n<\/div><\/div>\n        <\/div>\n          <\/div>\n<\/div>\n\n<div id=\"block-303\" class=\"pt-2 pb-2 alignfull is-layout-constrained\">\n  <div>\n            <div class=\"row gx-4 gy-4 \">\n          \n\n<div id=\"block-302\" class=\"col wp-block-yellowtree-column col-12 d-flex flex-column with-streched-height-children align-items-stretch align-items-md-stretch\">\n  <div id=\"block-16\" data-wp-interactive=\"yellowtreePostList\" data-wp-watch=\"callbacks.updateQueryParams\" data-wp-on-window--popstate=\"callbacks.historyChange\" class=\"wp-block-yellowtree-post-list\" data-wp-context='yellowtreePostList::{\"posts\":[{\"id\":5224,\"title\":\"Was starke Beziehung wirklich ausmacht\",\"excerpt\":\"Beziehung ist ein Geschenk \\u2013 und Anderssein ein Segen Was macht gute Beziehungen wirklich aus? Wenn wir \\u00fcber Ehe und Partnerschaft sprechen, kann dieses Thema ganz unterschiedliche Gef\\u00fchle ausl\\u00f6sen. Vielleicht bist du verheiratet und dankbar f\\u00fcr deine Beziehung. Vielleicht bist du Single und fragst dich, ob das \\u00fcberhaupt dein Thema ist. Vielleicht w\\u00fcnschst du dir [\\u0026hellip;]\",\"url\":\"https:\\\/\\\/icf.church\\\/mannheim\\\/de\\\/was-starke-beziehung-wirklich-ausmacht\\\/\",\"date\":\"01. Sep. 2026\",\"imageUrl\":\"https:\\\/\\\/icf.church\\\/mannheim\\\/wp-content\\\/uploads\\\/sites\\\/45\\\/2026\\\/09\\\/bg01-1024x576.jpg\",\"imageAlt\":\"Ein Mann und eine Frau posieren vor einer Ziegelmauer, beide l\\u00e4cheln.\",\"page\":1,\"categories\":[{\"id\":1,\"name\":\"Predigten\"}],\"readingTime\":\"4 Min\"},{\"id\":4932,\"title\":\"Was, wenn es l\\u00e4ngst reicht?\",\"excerpt\":\"Was ist dein Krug mit \\u00d6l? Vor einigen Jahren haben wir in Heidelberg Gottesdienste gefeiert, bei denen nicht immer alles nach Plan lief. Einmal standen wir p\\u00fcnktlich zum Aufbau vor der T\\u00fcr \\u2013 und kamen nicht hinein. Kein Schl\\u00fcssel, keine Location, kein Dach \\u00fcber dem Kopf. Gleichzeitig wussten wir: Es w\\u00fcrde regnen. Also haben wir [\\u0026hellip;]\",\"url\":\"https:\\\/\\\/icf.church\\\/mannheim\\\/de\\\/was-wenn-es-laengst-reicht\\\/\",\"date\":\"25. Aug. 2026\",\"imageUrl\":\"https:\\\/\\\/icf.church\\\/mannheim\\\/wp-content\\\/uploads\\\/sites\\\/45\\\/2026\\\/08\\\/bg01-1-1-1024x576.jpg\",\"imageAlt\":\"Mann mit Brille spricht in Mikrofon bei Veranstaltung.\",\"page\":1,\"categories\":[{\"id\":1,\"name\":\"Predigten\"}],\"readingTime\":\"5 Min\"},{\"id\":4451,\"title\":\"Was, wenn Gott noch nicht fertig ist?\",\"excerpt\":\"Wenn dein Wunder stirbt, ist Gott noch nicht am Ende Gott sucht keine Leistung, sondern offene Ohren \\u201eOpfer und Gaben brauchst du nicht, aber Ohren hast du mir geschenkt zum H\\u00f6ren.\\u201c (Psalm 40,7) Dieser Vers hat mich in letzter Zeit bewegt, weil wir im Glauben so schnell in eine Haltung kommen k\\u00f6nnen, in der wir [\\u0026hellip;]\",\"url\":\"https:\\\/\\\/icf.church\\\/mannheim\\\/de\\\/was-wenn-gott-noch-nicht-fertig-ist\\\/\",\"date\":\"18. Aug. 2026\",\"imageUrl\":\"https:\\\/\\\/icf.church\\\/mannheim\\\/wp-content\\\/uploads\\\/sites\\\/45\\\/2026\\\/08\\\/bg01-1-1024x576.jpg\",\"imageAlt\":\"Portr\\u00e4t einer jungen Frau mit kurzen, lockigen Haaren, l\\u00e4chelnd, in dunkler Jacke.\",\"page\":1,\"categories\":[{\"id\":1,\"name\":\"Predigten\"}],\"readingTime\":\"6 Min\"},{\"id\":4209,\"title\":\"Was geschah, als ich Jesus mein ganzes Ja gab\",\"excerpt\":\"Gott schreibt Geschichte \\u2013 auch durch die Umwege unseres Lebens \\u201eSeid immer bereit, jedem Rede und Antwort zu stehen, der nach der Hoffnung fragt, die euch erf\\u00fcllt.\\u201c (1. Petrus 3,15) Dieser Vers kann zun\\u00e4chst wie eine Aufforderung klingen: Sei immer bereit. Verpasse keine Gelegenheit. Wenn dich jemand nach deinem Glauben fragt, musst du sofort eine [\\u0026hellip;]\",\"url\":\"https:\\\/\\\/icf.church\\\/mannheim\\\/de\\\/was-geschah-als-ich-jesus-mein-ganzes-ja-gab\\\/\",\"date\":\"11. Aug. 2026\",\"imageUrl\":\"https:\\\/\\\/icf.church\\\/mannheim\\\/wp-content\\\/uploads\\\/sites\\\/45\\\/2026\\\/08\\\/bg01-1024x576.jpg\",\"imageAlt\":\"L\\u00e4chelnde Frau mit braunen Haaren in einem schwarzen Oberteil und Jacke.\",\"page\":1,\"categories\":[{\"id\":1,\"name\":\"Predigten\"}],\"readingTime\":\"5 Min\"},{\"id\":3875,\"title\":\"Warum Jesus alles auf den Kopf stellt\",\"excerpt\":\"Warum f\\u00e4llt uns das Christsein manchmal so schwer? Der Start mit Jesus f\\u00fchlt sich oft leicht an. Wir erleben seine N\\u00e4he, entdecken die Bibel neu und sind begeistert von dem, was Gott in unserem Leben tut. Doch mit der Zeit schleicht sich bei vielen eine andere Erfahrung ein: Christsein wirkt pl\\u00f6tzlich anstrengend. Wir sehen all [\\u0026hellip;]\",\"url\":\"https:\\\/\\\/icf.church\\\/mannheim\\\/de\\\/warum-jesus-alles-auf-den-kopf-stellt\\\/\",\"date\":\"04. Aug. 2026\",\"imageUrl\":\"https:\\\/\\\/icf.church\\\/mannheim\\\/wp-content\\\/uploads\\\/sites\\\/45\\\/2026\\\/08\\\/das-verkehrte-koenigreich-1024x576.jpg\",\"imageAlt\":\"Mann mit Brille und beige Hemd h\\u00e4lt Mikrofon auf B\\u00fchne.\",\"page\":1,\"categories\":[{\"id\":1,\"name\":\"Predigten\"}],\"readingTime\":\"7 Min\"},{\"id\":3525,\"title\":\"Was wirklich hinter Antisemitismus steckt\",\"excerpt\":\"Wenn Hass mehr ist als Politik Unsere Predigtserie \\u201eLoving Today\\u201c besch\\u00e4ftigt sich mit den Fragen unserer Zeit und damit, was die Bibel dazu sagt. Warum tun wir das? Weil wir \\u00fcberzeugt sind: Gottes Wort ist nicht nur f\\u00fcr den Sonntag relevant, sondern f\\u00fcr unseren Alltag. Es spricht in die Themen hinein, die unsere Gesellschaft bewegen. [\\u0026hellip;]\",\"url\":\"https:\\\/\\\/icf.church\\\/mannheim\\\/de\\\/was-wirklich-hinter-antisemitismus-steckt\\\/\",\"date\":\"28. Juli 2026\",\"imageUrl\":\"https:\\\/\\\/icf.church\\\/mannheim\\\/wp-content\\\/uploads\\\/sites\\\/45\\\/2026\\\/07\\\/mehr-als-politik-1024x576.jpg\",\"imageAlt\":\"Portr\\u00e4t einer Frau mit Brille, die vor Mikrofon spricht.\",\"page\":1,\"categories\":[{\"id\":1,\"name\":\"Predigten\"}],\"readingTime\":\"6 Min\"}],\"showMoreButton\":false,\"currentPage\":1,\"totalPages\":3,\"displayPagesLimit\":1,\"category\":-1}'>\n  \n<div class=\"d-flex align-items-end\">\n        <\/div>  <div class=\"mt-5\">\n    <ul class=\"grid events-list-hits z-0 list-unstyled\">\n      <template data-wp-each--post=\"state.postList\" data-wp-each-key=\"context.post.id\">\n        <div class=\"g-col g-col-12 g-col-md-6 g-col-lg-4\">\n          <li class=\"h-100\">\n            \n<article data-bs-theme=\"dark\" class=\"card h-100\">\n    <div class=\"card-tags card-tags--float\">\n        <template data-wp-each=\"context.post.categories\">\n            <div class=\"badge text-bg-black\" data-wp-text=\"context.item.name\"><\/div>\n        <\/template>\n    <\/div>\n    <img data-wp-bind--src=\"context.post.imageUrl\" data-wp-bind--alt=\"context.post.imageAlt\" data-wp-bind--hidden=\"!context.post.imageUrl\" class=\"card-img-top\" draggable=\"false\">\n    <div class=\"card-img-top-placeholder\" data-wp-bind--hidden=\"context.post.imageUrl\"><\/div>\n    <div class=\"card-body\">\n        <div class=\"card-meta flex-wrap\">\n            <div class=\"card-meta-tag\">\n                <i class=\"icon fa-calendar-days\"><\/i>\n                <span data-wp-text=\"context.post.date\"><\/span>\n            <\/div>\n            <div class=\"card-meta-tag\" data-wp-bind--hidden=\"!context.post.readingTime\">\n                <i class=\"icon fa-timer\"><\/i>\n                <span data-wp-text=\"context.post.readingTime\"><\/span>\n            <\/div>\n        <\/div>\n        <h3 class=\"card-title truncate-lines-2 mt-3\" data-wp-text=\"context.post.title\"><\/h3>\n        <p class=\"card-text truncate-lines-2\" data-wp-text=\"context.post.excerpt\"><\/p>\n        <div class=\"card-buttons flex-column w-fit-content\">\n            <a data-wp-bind--href=\"context.post.url\" class=\"btn btn-sm btn-dark-1 card-stretched-link\">\n                <span>Weiterlesen<\/span>\n                <i class=\"icon fs-base-const fa-arrow-right ms-auto\"><\/i>\n            <\/a>\n        <\/div>\n    <\/div>\n<\/article>\n          <\/li>\n        <\/div>\n      <\/template>\n    <\/ul>\n\n    <div data-wp-bind--hidden=\"!state.isLoading\" hidden>\n      <div class=\"d-flex justify-content-center my-5\">\n        <div class=\"spinner-border\" role=\"status\">\n          <span class=\"visually-hidden\">Laden&#8230;<\/span>\n        <\/div>\n      <\/div>\n    <\/div>\n\n    <div data-wp-bind--hidden=\"!state.showNoResults\" hidden>\n      \n    <div style=\"padding-left: 15%; padding-right: 15%;\" class=\"d-flex flex-column justify-content text-center pt-4 pb-6\">\n      <h3 class=\"display-3\">\n        Keine Beitr\u00e4ge gefunden      <\/h3>\n      <!--\n      <p style=\"padding-left: 20%; padding-right: 20%;\">\n              <\/p>\n      -->\n    <\/div>\n\n    <\/div>\n\n    <div data-wp-bind--hidden=\"!state.hasError\" hidden>\n      \n    <div style=\"padding-left: 15%; padding-right: 15%;\" class=\"d-flex flex-column justify-content text-center\">\n      <p class=\"opacity-50\">\n        Es konnten keine Beitr\u00e4ge geladen werden. Versuche es sp\u00e4ter erneut.      <\/p>\n      <!--\n      <p style=\"padding-left: 20%; padding-right: 20%;\">\n              <\/p>\n      -->\n    <\/div>\n\n    <\/div>\n    \n    <div class=\"mt-5 text-center\">\n    <button data-wp-on--click=\"actions.onLoadMore\" class=\"btn btn-default\" hidden data-wp-bind--hidden=\"!state.showMoreButton\">\n        Mehr anzeigen      <\/button>\n    <\/div>\n    \n\n    <nav hidden aria-label=\"Page navigation\" class=\"visually-hidden\" data-wp-bind--hidden=\"!state.showPagination\">\n      <ul>\n        <template data-wp-each--number=\"state.pageNumbers\">\n          <li>\n            <a data-wp-bind--href=\"state.pageNumber\" data-wp-text=\"context.number\" tabindex=\"-1\"><\/a>\n          <\/li>\n        <\/template>\n      <\/ul>\n    <\/nav>\n  <\/div>\n<\/div><\/div>\n        <\/div>\n          <\/div>\n<\/div>","protected":false},"excerpt":{"rendered":"","protected":false},"author":3,"featured_media":0,"parent":0,"menu_order":0,"comment_status":"closed","ping_status":"closed","template":"","meta":{"_acf_changed":false,"_seopress_titles_title":"Predigt Blog - ICF Mannheim","_seopress_titles_desc":"Alle aktuellen Predigten vom ICF Mannheim zum Durchst\u00f6bern und Lesen!","_seopress_robots_index":"","_seopress_robots_follow":"","_seopress_robots_imageindex":"","_seopress_robots_snippet":"","_seopress_robots_primary_cat":"","_seopress_robots_breadcrumbs":"","_seopress_robots_freeze_modified_date":"","_seopress_robots_custom_modified_date":"","_seopress_robots_canonical":"","_seopress_social_fb_title":"","_seopress_social_fb_desc":"","_seopress_social_fb_img":"","_seopress_social_fb_img_attachment_id":0,"_seopress_social_fb_img_width":0,"_seopress_social_fb_img_height":0,"_seopress_social_twitter_title":"","_seopress_social_twitter_desc":"","_seopress_social_twitter_img":"","_seopress_social_twitter_img_attachment_id":0,"_seopress_social_twitter_img_width":0,"_seopress_social_twitter_img_height":0,"_seopress_redirections_value":"","_seopress_redirections_enabled":"","_seopress_redirections_enabled_regex":"","_seopress_redirections_logged_status":"both","_seopress_redirections_param":"","_seopress_redirections_type":301,"_seopress_analysis_target_kw":"","_seopress_news_disabled":"","_seopress_video_disabled":"","_seopress_video":[{"url":"","title":"","desc":"","thumbnail":"","duration":"","rating":"","view_count":"","tag":""}],"_seopress_pro_schemas_manual":[],"_seopress_pro_rich_snippets_disable_all":"","_seopress_pro_rich_snippets_disable":[],"_seopress_pro_schemas":[],"yt_custom_styles_scss":"","yt_custom_styles_rounded_corners":false,"yt_custom_styles_color_scheme":"","footnotes":""},"class_list":["post-238","page","type-page","status-publish","hentry"],"acf":[],"_links":{"self":[{"href":"https:\/\/icf.church\/mannheim\/de\/wp-json\/wp\/v2\/pages\/238","targetHints":{"allow":["GET"]}}],"collection":[{"href":"https:\/\/icf.church\/mannheim\/de\/wp-json\/wp\/v2\/pages"}],"about":[{"href":"https:\/\/icf.church\/mannheim\/de\/wp-json\/wp\/v2\/types\/page"}],"author":[{"embeddable":true,"href":"https:\/\/icf.church\/mannheim\/de\/wp-json\/wp\/v2\/users\/3"}],"replies":[{"embeddable":true,"href":"https:\/\/icf.church\/mannheim\/de\/wp-json\/wp\/v2\/comments?post=238"}],"version-history":[{"count":7,"href":"https:\/\/icf.church\/mannheim\/de\/wp-json\/wp\/v2\/pages\/238\/revisions"}],"predecessor-version":[{"id":2508,"href":"https:\/\/icf.church\/mannheim\/de\/wp-json\/wp\/v2\/pages\/238\/revisions\/2508"}],"wp:attachment":[{"href":"https:\/\/icf.church\/mannheim\/de\/wp-json\/wp\/v2\/media?parent=238"}],"curies":[{"name":"wp","href":"https:\/\/api.w.org\/{rel}","templated":true}]}}