{"id":841,"date":"2026-08-09T22:18:55","date_gmt":"2026-08-09T20:18:55","guid":{"rendered":"https:\/\/new.icf.church\/offenburg\/?page_id=841"},"modified":"2026-08-12T11:58:10","modified_gmt":"2026-08-12T09:58:10","slug":"about","status":"publish","type":"page","link":"https:\/\/icf.church\/offenburg\/de\/about\/","title":{"rendered":"About"},"content":{"rendered":"<h1 id=\"block-1\" class=\"mt-4 mb-4 h1 display-1 text-center\">\n  Willkommen im <br>ICF Offenburg<\/h1>\n\n<div id=\"block-8\" class=\"pt-6 pb-2 alignfull is-layout-constrained\">\n  <div>\n            <div class=\"row gx-4 gy-4 \">\n          \n\n<div id=\"block-7\" class=\"col wp-block-yellowtree-column col-12 d-flex flex-column with-streched-height-children align-items-stretch align-items-md-stretch\">\n  <div id=\"block-6\" class=\"wp-block-yellowtree-text-image d-flex flex-column flex-lg-row gap-3\">\n    \n\n<div id=\"block-2\" class=\"wp-block-yellowtree-locked-image\">\n    <img decoding=\"async\" width=\"1024\" height=\"683\" src=\"https:\/\/icf.church\/offenburg\/wp-content\/uploads\/sites\/88\/2026\/05\/stdort-kern-1024x683.jpg\" class=\"w-100 h-100 object-fit-cover\" alt=\"Zwei lachende Menschen vor grauer Wand, Freundschaft sichtbar.\" style=\"object-position: 50% 12%;\" loading=\"lazy\" sizes=\"(max-width: 992px) 100vw, 1600px\" srcset=\"https:\/\/icf.church\/offenburg\/wp-content\/uploads\/sites\/88\/2026\/05\/stdort-kern-1024x683.jpg 1024w, https:\/\/icf.church\/offenburg\/wp-content\/uploads\/sites\/88\/2026\/05\/stdort-kern-300x200.jpg 300w, https:\/\/icf.church\/offenburg\/wp-content\/uploads\/sites\/88\/2026\/05\/stdort-kern-768x512.jpg 768w, https:\/\/icf.church\/offenburg\/wp-content\/uploads\/sites\/88\/2026\/05\/stdort-kern-1536x1024.jpg 1536w, https:\/\/icf.church\/offenburg\/wp-content\/uploads\/sites\/88\/2026\/05\/stdort-kern-2048x1366.jpg 2048w\"><\/div>\n\n\n\n<div id=\"block-5\" data-bs-theme=\"dark\" class=\"card wp-block-yellowtree-text-card has-context-height\">\n  <div class=\"card-body px-4 py-6 p-sm-6 p-lg-8\">\n    \n\n<h2 id=\"block-3\">\n    Welcome Home!<\/h2>\n\n\n<p id=\"block-4\">\n    Herzlich willkommen im ICF Offenburg! Wir sind Teil des ICF Schwarzwald-Bodensee und haben eine Vision f\u00fcr eine ganze Region. <br>Egal, wie du auf uns gesto\u00dfen bist: Wir freuen uns riesig, dass du heute hier bist!<br><br>Wenn du neu bist und mehr \u00fcber unsere Vision erfahren, den Heartbeat von ICF SWB sp\u00fcren oder neue Leute kennenlernen m\u00f6chtest, laden wir dich ein, unseren Traum von Kirche kennenzulernen. Erfahre, was uns als Kirche ausmacht, was wir glauben und wie wir Gemeinschaft leben.<br><br>Du bist willkommen, f\u00fchl dich zu Hause!<br><br>Gottes Segen,<br>Marius &amp; Melissa Kern<br><em>Locationpastoren ICF Offenburg  <\/em><\/p>\n  <\/div>\n<\/div>\n<\/div><\/div>\n        <\/div>\n          <\/div>\n<\/div>\n\n<h3 id=\"block-9\" class=\"mt-4 mb-4 h3 display-3 text-start\">\n  Unsere Geschichte<\/h3>\n\n<p id=\"block-10\" class=\"text-start wp-block-paragraph\">\n  Was mit einer kleinen Gruppe und einem gro\u00dfen Traum begann, ist zu einer globalen Bewegung geworden. Die Geschichte von <strong class=\"myprefix-text-bold\">ICF (International Christian Fellowship)<\/strong> ist gepr\u00e4gt von Hingabe, Herausforderungen und Wachstum &#8211; sie zeugt davon, wie Gott uns \u00fcber viele Jahre gef\u00fchrt, gesegnet und geformt hat.<\/p>\n\n<p id=\"block-11\" class=\"text-start wp-block-paragraph\">\n  Als <strong class=\"myprefix-text-bold\">Leo und Susanna Bigger 1996 <a href=\"https:\/\/icf.church\/zuerich\" data-type=\"link\" data-id=\"https:\/\/icf.church\/zuerich\">ICF Z\u00fcrich<\/a><\/strong> gr\u00fcndeten, hatten sie eine Vision: eine Kirche bauen, die authentisch, relevant und voller Leben ist und die Menschen auf innovative und zeitgem\u00e4\u00dfe Weise mit Jesus verbindet.<\/p>\n\n<p id=\"block-12\" class=\"mb-4 text-start wp-block-paragraph\">\n  Diese Vision brachte eine neue Art von Kirche <strong class=\"myprefix-text-bold\">in die Region Schwarzwald-Bodensee<\/strong>, eine Kirche am Puls der Zeit, die vor allem die junge Generation anspricht und sie begeistert. Inzwischen sind wir als <strong class=\"myprefix-text-bold\">ICF <\/strong><strong class=\"myprefix-text-bold\">Schwarzwald-Bodensee<\/strong> ein geistliches Zuhause f\u00fcr Menschen aller Generationen.<\/p>\n\n<div id=\"block-15\" class=\"pt-2 pb-2 alignfull is-layout-constrained\">\n  <div>\n            <div class=\"row gx-4 gy-4 \">\n          \n\n<div id=\"block-14\" class=\"col wp-block-yellowtree-column col-12 d-flex flex-column with-streched-height-children align-items-stretch align-items-md-stretch\">\n  <figure class=\"wp-embed-aspect-16-9 wp-has-aspect-ratio wp-block-embed has-context-height is-provider-youtube is-type-video\">\n  <div class=\"ratio\" style=\"--bs-aspect-ratio:56.25%\">\n          <div class=\"media-defer rounded overflow-hidden bg-black\" data-defer-target=\"iframe\" data-defer-url=\"https:\/\/www.youtube.com\/embed\/mmpHVdLrxYM?feature=oembed&amp;autoplay=1&amp;iv_load_policy=3&amp;rel=0&amp;dnt=0\" data-consent-required=\"marketing\">\n\n        <div class=\"media-defer__content h-100\" style=\"display: none;\">\n          <iframe width=\"500\" height=\"281\" frameborder=\"0\" allow=\"accelerometer; autoplay; clipboard-write; encrypted-media; gyroscope; picture-in-picture; web-share\" referrerpolicy=\"strict-origin-when-cross-origin\" allowfullscreen title=\"Wir sind ICF Schwarzwald-Bodensee\"><\/iframe>        <\/div>\n\n        <div class=\"media-defer__placeholder h-100 position-relative\">\n          <img decoding=\"async\" class=\"video-thumbnail w-100 h-100 object-fit-cover\" src=\"https:\/\/icf.church\/offenburg\/wp-content\/uploads\/sites\/88\/youtube-thumbs\/mmpHVdLrxYM-hqdefault.jpg\" srcset=\"https:\/\/icf.church\/offenburg\/wp-content\/uploads\/sites\/88\/youtube-thumbs\/mmpHVdLrxYM-maxresdefault.jpg 1280w, https:\/\/icf.church\/offenburg\/wp-content\/uploads\/sites\/88\/youtube-thumbs\/mmpHVdLrxYM-hqdefault.jpg 480w, https:\/\/icf.church\/offenburg\/wp-content\/uploads\/sites\/88\/youtube-thumbs\/mmpHVdLrxYM-sddefault.jpg 640w\" sizes=\"(max-width: 2560px) 100vw, 2560px\" alt=\"Wir sind ICF Schwarzwald-Bodensee\" draggable=\"false\" loading=\"lazy\">\n\n          <button class=\"video-toggle show\" type=\"button\" aria-label=\"Inhalte abspielen\">\n          <\/button>\n\n                      <img decoding=\"async\" class=\"position-absolute end-0 bottom-0 video-provider-image\" src=\"https:\/\/icf.church\/offenburg\/wp-content\/themes\/icf\/assets\/youtube-type-logo.svg\" alt=\"YouTube\" loading=\"lazy\">\n          \n          <div data-consent=\"marketing\" data-inverse class=\"position-absolute bottom-0 start-0 end-0 p-3 text-white bg-black bg-opacity-50 text-center\">\n            <p class=\"mb-0 small\">\n              \ud83c\udfa5 Mit deinem Klick werden Inhalte von Youtube geladen. Dabei erlaubst du Cookies f\u00fcr marketing. Mehr dazu in unserer  <a href=\"https:\/\/icf.church\/offenburg\/de\/datenschutz\/\" class=\"text-white\">Datenschutzerkl\u00e4rung<\/a>.            <\/p>\n          <\/div>\n        <\/div>\n      <\/div>\n      <\/div>\n\n  <\/figure><\/div>\n        <\/div>\n          <\/div>\n<\/div>\n\n<div id=\"block-19\" class=\"pt-2 pb-2 alignfull is-layout-constrained\">\n  <div>\n          <div class=\"row\">\n        <div class=\"col-12 col-md-10 mx-auto\">\n                <div class=\"row gx-4 gy-4 \">\n          \n\n<div id=\"block-18\" class=\"col wp-block-yellowtree-column col-12 d-flex flex-column with-streched-height-children align-items-stretch align-items-md-stretch\">\n  <h3 id=\"block-16\" class=\"mt-4 h3 display-3 text-center\">\n  KIRCHE ERLEBEN<\/h3>\n\n<h3 id=\"block-17\" class=\"mt-4 h3 text-center\">\n  ICF Schwarzwald-Bodensee ist eine christliche Kirche auf biblischer Grundlage: authentisch, relevant und begeistert vom Leben mit Jesus.<\/h3><\/div>\n        <\/div>\n                <\/div>\n      <\/div>\n      <\/div>\n<\/div>\n\n<div id=\"block-22\" class=\"pt-2 pb-2 alignfull is-layout-constrained\">\n  <div>\n            <div class=\"row gx-4 gy-4 \">\n          \n\n<div id=\"block-21\" class=\"col wp-block-yellowtree-column col-12 d-flex flex-column justify-content-center align-items-center align-items-md-center\">\n  <div class=\"aligncenter mw-100\">\n      <figure id=\"block-20\" class=\"mt-4 mb-4\">\n      <div class=\"img-wrap\" style=\"aspect-ratio:1.777735445958592;width:732px;height:auto;max-width:100%\">\n        <img decoding=\"async\" src=\"https:\/\/icf.church\/swb\/wp-content\/uploads\/sites\/85\/2026\/06\/multisite-landkarteq-1024x576.png\" alt=\"\" loading=\"lazy\" title=\"\" class=\"img-fluid w-100 h-100 rounded object-fit-cover\" style=\"object-position: center center\">\n      <\/div>\n          <\/figure>\n    <\/div><\/div>\n        <\/div>\n          <\/div>\n<\/div>\n\n<div id=\"block-26\" class=\"pt-9 pb-2 alignfull is-layout-constrained\">\n  <div>\n            <div class=\"row gx-4 gy-4 \">\n          \n\n<div id=\"block-25\" class=\"col wp-block-yellowtree-column col-12 d-flex flex-column with-streched-height-children align-items-stretch align-items-md-stretch\">\n  <h3 id=\"block-23\" class=\"h3 display-3 text-start\">\n  Unser Auftrag<\/h3>\n\n<p id=\"block-24\" class=\"mb-6 fs-lg text-start wp-block-paragraph\">\n  Als Kirche ist es unsere Leidenschaft, dass Menschen Jesus Christus \u00e4hnlicher werden, furchtlos leben und ihr Umfeld positiv ver\u00e4ndern.<\/p><\/div>\n        <\/div>\n          <\/div>\n<\/div>\n\n<div id=\"block-33\" class=\"alignfull is-layout-constrained\">\n  <div>\n            <div class=\"row gx-4 gy-4 \">\n          \n\n<div id=\"block-28\" class=\"col wp-block-yellowtree-column col-12 col-md-6 col-lg-3 d-flex flex-column justify-content-center align-items-end align-items-md-end\">\n  <div>\n    <a id=\"block-27\" href=\"https:\/\/icf.church\/vision\" rel=\"\" target=\"_blank\" class=\"wp-block-yellowtree-button-link btn btn-outline-default\">\n      <span>Unsere Vision<\/span>\n              <i class=\"icon fs-base-const fa-solid fa-globe\" aria-hidden=\"true\"><\/i>\n          <\/a>\n  <\/div><\/div>\n\n\n<div id=\"block-29\" class=\"col wp-block-yellowtree-column col-12 col-md-6 col-lg-3 d-flex flex-column justify-content-center align-items-center align-items-md-center\">\n  <\/div>\n\n\n<div id=\"block-31\" class=\"col wp-block-yellowtree-column col-12 col-md-6 col-lg-3 d-flex flex-column justify-content-center align-items-start align-items-md-start\">\n  <div>\n    <a id=\"block-30\" href=\"https:\/\/icf.church\/waswirglauben\" rel=\"\" target=\"_blank\" class=\"wp-block-yellowtree-button-link btn btn-outline-default\">\n      <span>Was wir Glauben<\/span>\n              <i class=\"icon fs-base-const fa-solid fa-cross\" aria-hidden=\"true\"><\/i>\n          <\/a>\n  <\/div><\/div>\n\n\n<div id=\"block-32\" class=\"col wp-block-yellowtree-column col-12 col-md-6 col-lg-3 d-flex flex-column with-streched-height-children align-items-stretch align-items-md-stretch\">\n  <\/div>\n        <\/div>\n          <\/div>\n<\/div>\n\n\n<div id=\"block-40\" class=\"wp-block-yellowtree-vision alignfull\">\n    <div class=\"vision-wrapper position-relative z-0\">\n        <div class=\"is-layout-constrained\">\n            <div class=\"position-relative\">\n                <div class=\"d-flex justify-content-center align-items-center\">\n                    <div class=\"vision-gradient w-100\"><\/div>\n                <\/div>\n                                    <div class=\"position-absolute start-50 top-50 translate-middle mw-100\" style=\"width: 40rem;\">\n                        <h3 class=\"display-3 text-center px-2 text-black mb-0\">Unsere Werte<\/h3>\n                    <\/div>\n                                <ul class=\"list-unstyled position-absolute start-50 top-50 w-50 h-50\">\n                    <li id=\"block-34\" class=\"wp-block-yellowtree-vision-item vision-item text-black\">\n    <button class=\"btn vision-button text-black has-pulse\" type=\"button\" aria-label=\"Mehr erfahren\" data-bs-toggle=\"modal\" data-bs-target=\"#block-34-card\">\n        <i class=\"icon vision-icon fa-solid fa-party-horn\" aria-hidden=\"true\"><\/i>\n    <\/button>\n    <div id=\"block-34-card\" tabindex=\"-1\" class=\"modal fade vision-modal position-absolute start-0 top-0\" style=\"display: none;\" data-bs-backdrop=\"false\">\n        <div class=\"modal-dialog\">\n            <article class=\"card vision-card\" data-bs-theme=\"dark\">\n                <button class=\"vision-card-close btn-close-fa position-absolute end-0 top-0 mt-1 me-1\" type=\"button\" data-bs-dismiss=\"modal\" aria-label=\"Visionskarte schlie\u00dfen\"><\/button>\n                <div class=\"card-body p-3\">\n                    <div class=\"mt-7 mb-4 text-center\">\n                        <i class=\"icon vision-card-icon fa-solid fa-party-horn\" aria-hidden=\"true\"><\/i>\n                    <\/div>\n                    <p class=\"fs-sm-const mt-auto\">\n                        BEGEISTERT | Wir wissen: Die Freude an Gott ist unsere St\u00e4rke                    <\/p>\n                <\/div>\n            <\/article>\n        <\/div>\n    <\/div>\n<\/li>\n\n\n<li id=\"block-35\" class=\"wp-block-yellowtree-vision-item vision-item text-black\">\n    <button class=\"btn vision-button text-black has-pulse\" type=\"button\" aria-label=\"Mehr erfahren\" data-bs-toggle=\"modal\" data-bs-target=\"#block-35-card\">\n        <i class=\"icon vision-icon fa-solid fa-house\" aria-hidden=\"true\"><\/i>\n    <\/button>\n    <div id=\"block-35-card\" tabindex=\"-1\" class=\"modal fade vision-modal position-absolute start-0 top-0\" style=\"display: none;\" data-bs-backdrop=\"false\">\n        <div class=\"modal-dialog\">\n            <article class=\"card vision-card\" data-bs-theme=\"dark\">\n                <button class=\"vision-card-close btn-close-fa position-absolute end-0 top-0 mt-1 me-1\" type=\"button\" data-bs-dismiss=\"modal\" aria-label=\"Visionskarte schlie\u00dfen\"><\/button>\n                <div class=\"card-body p-3\">\n                    <div class=\"mt-7 mb-4 text-center\">\n                        <i class=\"icon vision-card-icon fa-solid fa-house\" aria-hidden=\"true\"><\/i>\n                    <\/div>\n                    <p class=\"fs-sm-const mt-auto\">\n                        GASTFREUNDLICH | Wir schaffen eine liebevolle \u201eWelcome Home\u201c Atmosph\u00e4re                    <\/p>\n                <\/div>\n            <\/article>\n        <\/div>\n    <\/div>\n<\/li>\n\n\n<li id=\"block-36\" class=\"wp-block-yellowtree-vision-item vision-item text-black\">\n    <button class=\"btn vision-button text-black has-pulse\" type=\"button\" aria-label=\"Mehr erfahren\" data-bs-toggle=\"modal\" data-bs-target=\"#block-36-card\">\n        <i class=\"icon vision-icon fa-solid fa-face-smile-hearts\" aria-hidden=\"true\"><\/i>\n    <\/button>\n    <div id=\"block-36-card\" tabindex=\"-1\" class=\"modal fade vision-modal position-absolute start-0 top-0\" style=\"display: none;\" data-bs-backdrop=\"false\">\n        <div class=\"modal-dialog\">\n            <article class=\"card vision-card\" data-bs-theme=\"dark\">\n                <button class=\"vision-card-close btn-close-fa position-absolute end-0 top-0 mt-1 me-1\" type=\"button\" data-bs-dismiss=\"modal\" aria-label=\"Visionskarte schlie\u00dfen\"><\/button>\n                <div class=\"card-body p-3\">\n                    <div class=\"mt-7 mb-4 text-center\">\n                        <i class=\"icon vision-card-icon fa-solid fa-face-smile-hearts\" aria-hidden=\"true\"><\/i>\n                    <\/div>\n                    <p class=\"fs-sm-const mt-auto\">\n                        AUTHENTISCH &amp; RELEVANT | Wir leben, was wir sagen                    <\/p>\n                <\/div>\n            <\/article>\n        <\/div>\n    <\/div>\n<\/li>\n\n\n<li id=\"block-37\" class=\"wp-block-yellowtree-vision-item vision-item text-black\">\n    <button class=\"btn vision-button text-black has-pulse\" type=\"button\" aria-label=\"Mehr erfahren\" data-bs-toggle=\"modal\" data-bs-target=\"#block-37-card\">\n        <i class=\"icon vision-icon fa-fire\" aria-hidden=\"true\"><\/i>\n    <\/button>\n    <div id=\"block-37-card\" tabindex=\"-1\" class=\"modal fade vision-modal position-absolute start-0 top-0\" style=\"display: none;\" data-bs-backdrop=\"false\">\n        <div class=\"modal-dialog\">\n            <article class=\"card vision-card\" data-bs-theme=\"dark\">\n                <button class=\"vision-card-close btn-close-fa position-absolute end-0 top-0 mt-1 me-1\" type=\"button\" data-bs-dismiss=\"modal\" aria-label=\"Visionskarte schlie\u00dfen\"><\/button>\n                <div class=\"card-body p-3\">\n                    <div class=\"mt-7 mb-4 text-center\">\n                        <i class=\"icon vision-card-icon fa-fire\" aria-hidden=\"true\"><\/i>\n                    <\/div>\n                    <p class=\"fs-sm-const mt-auto\">\n                        RELEVANT\nWir sind am Puls der Zeit                    <\/p>\n                <\/div>\n            <\/article>\n        <\/div>\n    <\/div>\n<\/li>\n\n\n<li id=\"block-38\" class=\"wp-block-yellowtree-vision-item vision-item text-black\">\n    <button class=\"btn vision-button text-black has-pulse\" type=\"button\" aria-label=\"Mehr erfahren\" data-bs-toggle=\"modal\" data-bs-target=\"#block-38-card\">\n        <i class=\"icon vision-icon fa-solid fa-hand-heart\" aria-hidden=\"true\"><\/i>\n    <\/button>\n    <div id=\"block-38-card\" tabindex=\"-1\" class=\"modal fade vision-modal position-absolute start-0 top-0\" style=\"display: none;\" data-bs-backdrop=\"false\">\n        <div class=\"modal-dialog\">\n            <article class=\"card vision-card\" data-bs-theme=\"dark\">\n                <button class=\"vision-card-close btn-close-fa position-absolute end-0 top-0 mt-1 me-1\" type=\"button\" data-bs-dismiss=\"modal\" aria-label=\"Visionskarte schlie\u00dfen\"><\/button>\n                <div class=\"card-body p-3\">\n                    <div class=\"mt-7 mb-4 text-center\">\n                        <i class=\"icon vision-card-icon fa-solid fa-hand-heart\" aria-hidden=\"true\"><\/i>\n                    <\/div>\n                    <p class=\"fs-sm-const mt-auto\">\n                        GROSSZ\u00dcGIG\nWir sind gesegnet, um ein Segen zu sein                    <\/p>\n                <\/div>\n            <\/article>\n        <\/div>\n    <\/div>\n<\/li>\n\n\n<li id=\"block-39\" class=\"wp-block-yellowtree-vision-item vision-item text-black\">\n    <button class=\"btn vision-button text-black has-pulse\" type=\"button\" aria-label=\"Mehr erfahren\" data-bs-toggle=\"modal\" data-bs-target=\"#block-39-card\">\n        <i class=\"icon vision-icon fa-solid fa-rocket-launch\" aria-hidden=\"true\"><\/i>\n    <\/button>\n    <div id=\"block-39-card\" tabindex=\"-1\" class=\"modal fade vision-modal position-absolute start-0 top-0\" style=\"display: none;\" data-bs-backdrop=\"false\">\n        <div class=\"modal-dialog\">\n            <article class=\"card vision-card\" data-bs-theme=\"dark\">\n                <button class=\"vision-card-close btn-close-fa position-absolute end-0 top-0 mt-1 me-1\" type=\"button\" data-bs-dismiss=\"modal\" aria-label=\"Visionskarte schlie\u00dfen\"><\/button>\n                <div class=\"card-body p-3\">\n                    <div class=\"mt-7 mb-4 text-center\">\n                        <i class=\"icon vision-card-icon fa-solid fa-rocket-launch\" aria-hidden=\"true\"><\/i>\n                    <\/div>\n                    <p class=\"fs-sm-const mt-auto\">\n                        EXZELLENT | Wir geben f\u00fcr Gott unser Bestes                    <\/p>\n                <\/div>\n            <\/article>\n        <\/div>\n    <\/div>\n<\/li>                <\/ul>\n            <\/div>\n        <\/div>\n        <div class=\"vision-backdrop\" style=\"display: none;\"><\/div>\n    <\/div>\n<\/div>\n\n\n<div id=\"block-47\" class=\"wp-block-yellowtree-hero-stage\">\n    <div class=\"hero-stage has-links\">\n        \n\n<div id=\"block-42\" class=\"hero-stage-content\">\n    <div class=\"hero-stage-content__background\">\n        <div class=\"overlay-black-25 h-100\">\n                            <div class=\"hero-stage-media bg-light-4\"><\/div>\n                    <\/div>\n        <div class=\"hero-stage-gradient\"><\/div>\n    <\/div>\n    <div class=\"hero-stage-content__foreground is-layout-constrained\">\n        <h1 id=\"block-41\" class=\"display-1 text-center\">\n    <\/h1>    <\/div>\n<\/div>\n\n\n<div id=\"block-46\" class=\"hero-stage-links is-layout-constrained count-3\">\n    <div class=\"icon-link-cards-layout column-gap-3 row-gap-1 justify-content-center break-md\">\n        \n\n<div id=\"block-43\" data-bs-theme=\"dark\" class=\"wp-block-yellowtree-icon-link-card\">\n  <div class='card-body flex-row justify-content-center align-items-center overflow-hidden gap-2 px-5 px-md-3 py-3 py-md-6'>\n    <div class='d-flex align-items-center gap-4 me-auto me-md-0 flex-md-column text-md-center gap-md-3'>\n      <i class='icon-square fs-2 fs-md-lg-const fa-hands' aria-hidden='true'><\/i>\n      <a class='stretched-link fs-base-const' href='https:\/\/icf.church\/swb\/de\/kontakt\/' target='_blank'>\n        Kontakt aufnehmen      <\/a>\n    <\/div>\n          <i class=\"icon fs-base-const fa-chevron-right ms-auto opacity-50 d-md-none\"><\/i>\n      <\/div>\n<\/div>\n\n\n<div id=\"block-44\" data-bs-theme=\"dark\" class=\"wp-block-yellowtree-icon-link-card\">\n  <div class='card-body flex-row justify-content-center align-items-center overflow-hidden gap-2 px-5 px-md-3 py-3 py-md-6'>\n    <div class='d-flex align-items-center gap-4 me-auto me-md-0 flex-md-column text-md-center gap-md-3'>\n      <i class='icon-square fs-2 fs-md-lg-const fa-users' aria-hidden='true'><\/i>\n      <a class='stretched-link fs-base-const' href='https:\/\/icf.church\/offenburg\/de\/angebote\/' target=''>\n        Angebote finden      <\/a>\n    <\/div>\n          <i class=\"icon fs-base-const fa-chevron-right ms-auto opacity-50 d-md-none\"><\/i>\n      <\/div>\n<\/div>\n\n\n<div id=\"block-45\" data-bs-theme=\"dark\" class=\"wp-block-yellowtree-icon-link-card\">\n  <div class='card-body flex-row justify-content-center align-items-center overflow-hidden gap-2 px-5 px-md-3 py-3 py-md-6'>\n    <div class='d-flex align-items-center gap-4 me-auto me-md-0 flex-md-column text-md-center gap-md-3'>\n      <i class='icon-square fs-2 fs-md-lg-const fa-signal-stream' aria-hidden='true'><\/i>\n      <a class='stretched-link fs-base-const' href='https:\/\/icf.church\/swb\/de\/online\/' target='_blank'>\n        Online-Besucher      <\/a>\n    <\/div>\n          <i class=\"icon fs-base-const fa-chevron-right ms-auto opacity-50 d-md-none\"><\/i>\n      <\/div>\n<\/div>\n    <\/div>\n<\/div>\n    <\/div>\n<\/div>\n\n<div id=\"werte-2\" class=\"pt-8 pb-2 alignfull is-layout-constrained\">\n  <div>\n            <div class=\"row gx-4 gy-4 \">\n          \n\n<div id=\"werte-2\" class=\"col wp-block-yellowtree-column col-12 d-flex flex-column with-streched-height-children align-items-stretch align-items-md-stretch\">\n  <h3 id=\"werte\" class=\"h3 display-3 text-start\">\n  Unser Ehrenkodex<\/h3>\n\n<p id=\"block-48\" class=\"mt-2 mb-2 text-start wp-block-paragraph\">\n  <em class=\"myprefix-text-italic\">\u201eDeshalb wollen auch wir \u2013 wie L\u00e4ufer bei einem Wettkampf \u2013 mit aller Ausdauer dem Ziel entgegenlaufen. Wir wollen alles ablegen, was uns beim Laufen hindert, uns von der S\u00fcnde trennen, die uns so leicht gefangen nimmt, und unseren Blick auf Jesus richten, den Wegbereiter des Glaubens, der uns ans Ziel vorausgegangen ist.\u201c<\/em><\/p>\n\n<p id=\"block-49\" class=\"mb-6 text-start wp-block-paragraph\" style=\"margin-top:0\">\n  <em class=\"myprefix-text-italic\">Die Bibel &#8211; Hebr\u00e4er 12,1-2 (NG\u00dc)<\/em><\/p>\n\n<p id=\"block-50\" class=\"text-start wp-block-paragraph\">\n  Als <strong class=\"myprefix-text-bold\">Angestellte und zentrale Leiter im ICF Schwarzwald-Bodensee <\/strong>ist es unser tiefer Wunsch, den Lauf des Glaubens siegreich zu vollenden. Wir sind entschlossen, nach biblisch-moralischen Standards zu leben. Nach zahlreichen Gespr\u00e4chen \u00fcber den Lebensstil als Leitende in der Kirche und inspiriert durch das \u201eModesto Manifesto\u201c von Billy Graham und seinen Freunden einigen wir uns auf eine Reihe von freiwilligen Grunds\u00e4tzen: <strong class=\"myprefix-text-bold\">Den \u201eEhrenkodex f\u00fcr ICF Schwarzwald-Bodensee Staff\u201c.<\/strong><\/p><\/div>\n        <\/div>\n          <\/div>\n<\/div>\n\n<div id=\"block-64\" class=\"pt-4 pb-4 alignfull is-layout-constrained\">\n  <div>\n            <div class=\"row gx-4 gy-4 \">\n          \n\n<div id=\"block-63\" class=\"col wp-block-yellowtree-column col-12 d-flex flex-column with-streched-height-children align-items-stretch align-items-md-stretch\">\n  <div id=\"block-61\" class=\"accordion\">\n  <body>\n\n<div id=\"block-52\" data-bs-theme=\"dark\" class=\"overflow-hidden wp-block-yellowtree-accordion-item\">\n  <div class=\"accordion-header\">\n    <button class=\"accordion-button rounded-0 collapsed focus-ring-inset\" type=\"button\" data-bs-toggle=\"collapse\" data-bs-target=\"#block-52-collapse\" aria-expanded=\"false\" aria-controls=\"block-52-collapse\">\n      <div>\n        <h3 class=\"mb-0\">\n          L\u00f6hne und Finanzen        <\/h3>\n              <\/div>\n      <div class=\"ms-auto accordion-icons icon-container-base\">\n        <i class=\"icon fa-arrow-right accordion-icon-default\"><\/i>\n        <i class=\"icon fa-close accordion-icon-alt\"><\/i>\n      <\/div>\n    <\/button>\n  <\/div>\n  <div id=\"block-52-collapse\" class=\"accordion-collapse collapse \" data-bs-parent=\"#block-61\">\n    <div class=\"accordion-body pt-0\">\n      <p id=\"block-51\" class=\"text-start wp-block-paragraph\">\n  Die Kirche ICF Schwarzwald-Bodensee ist ein eingetragener gemeinn\u00fctziger Verein. Dieser wird durch freiwillige Spenden finanziert. F\u00fcr alle Mitarbeitenden gilt ein von Provisionen unabh\u00e4ngiges Lohnmodell. Es orientiert sich an vergleichbaren Organisationen und Branchen und spiegelt die Werte des ICFs wider.\u00a0Auf Anfrage gew\u00e4hren wir Einblick in unsere Finanzen. Mit \u00dcberzeugung erf\u00fcllen wir die gesetzlichen Bestimmungen und ergreifen freiwillig vertrauensbildende Ma\u00dfnahmen, wie zum Beispiel die Pr\u00fcfung der Buchhaltung unserer Organisation(en) und Herausgabe eines Jahresberichts. Finanzielle Verpflichtungen und Ausgaben \u00fcber 50 EUR unterliegen grunds\u00e4tzlich einem 6-Augen-Prinzip.\u00a0\u00a0<\/p>    <\/div>\n  <\/div>\n<\/div>\n\n\n<div id=\"block-54\" data-bs-theme=\"dark\" class=\"overflow-hidden wp-block-yellowtree-accordion-item\">\n  <div class=\"accordion-header\">\n    <button class=\"accordion-button rounded-0 collapsed focus-ring-inset\" type=\"button\" data-bs-toggle=\"collapse\" data-bs-target=\"#block-54-collapse\" aria-expanded=\"false\" aria-controls=\"block-54-collapse\">\n      <div>\n        <h3 class=\"mb-0\">\n          Gesundheit &amp; Sexualit\u00e4t        <\/h3>\n              <\/div>\n      <div class=\"ms-auto accordion-icons icon-container-base\">\n        <i class=\"icon fa-arrow-right accordion-icon-default\"><\/i>\n        <i class=\"icon fa-close accordion-icon-alt\"><\/i>\n      <\/div>\n    <\/button>\n  <\/div>\n  <div id=\"block-54-collapse\" class=\"accordion-collapse collapse \" data-bs-parent=\"#block-61\">\n    <div class=\"accordion-body pt-0\">\n      <p id=\"block-53\" class=\"text-start wp-block-paragraph\">\n  Wir pflegen einen gesunden und suchtfreien Lebensstil. Sexueller S\u00fcnde wirken wir aktiv und in Selbstverantwortung entgegen.\u00a0<br>Gegen sexuellen Missbrauch und sexuelle Grenzverletzungen treffen wir als Organisation pr\u00e4ventive Ma\u00dfnahmen. Besondere Aufmerksamkeit bekommt der Schutz von Minderj\u00e4hrigen.\u00a0Wichtige Elemente unseres Schutzkonzeptes sind ein sensibilisiertes Bewerbungsverfahren, Personalschulungen und Verhaltenskodex f\u00fcr Mitarbeitende. Daf\u00fcr arbeiten wir mit\u00a0PH\u00d6NIX \u2013 Gemeinsam gegen sexuellen Missbrauch e.V.\u00a0(ph\u00f6nix-tuttlingen.de)\u00a0zusammen. Jede Person unserer Kirche hat das Recht und die Pflicht,\u00a0bei jeglicher Form von Gewalt\u00a0sich im Verdachtsfall an die nationale und unabh\u00e4ngige Fachstelle \u201cWei\u00dfer Ring\u201d zu wenden\u00a0(<a href=\"http:\/\/www.weisser-ring.de\/\" target=\"_blank\" rel=\"noopener\">www.weisser-ring.de\/<\/a>).\u00a0<br>Wir achten auf die k\u00f6rperliche, seelische und geistliche Gesundheit unserer angestellten und ehrenamtlichen Mitarbeiter. Wir leben das Prinzip des Sabbats und f\u00f6rdern ein Leben aus der Ruhe. Wir bieten individuelle Mitarbeitsmodelle, die sich an den unterschiedlichen Lebensphasen\u00a0orientieren.\u00a0<\/p>    <\/div>\n  <\/div>\n<\/div>\n\n\n<div id=\"block-57\" data-bs-theme=\"dark\" class=\"overflow-hidden wp-block-yellowtree-accordion-item\">\n  <div class=\"accordion-header\">\n    <button class=\"accordion-button rounded-0 collapsed focus-ring-inset\" type=\"button\" data-bs-toggle=\"collapse\" data-bs-target=\"#block-57-collapse\" aria-expanded=\"false\" aria-controls=\"block-57-collapse\">\n      <div>\n        <h3 class=\"mb-0\">\n          Macht und Kompetenzen        <\/h3>\n              <\/div>\n      <div class=\"ms-auto accordion-icons icon-container-base\">\n        <i class=\"icon fa-arrow-right accordion-icon-default\"><\/i>\n        <i class=\"icon fa-close accordion-icon-alt\"><\/i>\n      <\/div>\n    <\/button>\n  <\/div>\n  <div id=\"block-57-collapse\" class=\"accordion-collapse collapse \" data-bs-parent=\"#block-61\">\n    <div class=\"accordion-body pt-0\">\n      <p id=\"block-55\" class=\"text-start wp-block-paragraph\">\n  Wir unterstellen und verpflichten uns dem Leitbild von ICF\u00a0Schwarzwald\u2013Bodensee.\u00a0<br>Anvertraute Macht und Kompetenzen setzen wir verantwortungsbewusst ein und wirken Machtmissbrauch aktiv entgegen.\u00a0<br>David und Sarah Rominger leiten als Lead Pastoren die Organisation. Entscheidungen werden immer gemeinsam mit den Verantwortlichen des jeweiligen Handlungsfeldes getroffen. Handlungsfelder sind u.a. unsere Standorte, die von den Standortpastoren geleitet werden. In Entscheidungen z\u00e4hlt jede Meinung und in unseren Teams wird das Prinzip der Erg\u00e4nzung (M\u00e4nner, Frauen, Pers\u00f6nlichkeiten, Begabungen)\u00a0gelebt. Wir ringen um Entscheidungen, bis alle sie mittragen k\u00f6nnen und niemand mehr schwerwiegende Vorbehalte hat.\u00a0<br>Als ICF Schwarzwald Bodensee sind wir der Leiterschaft des ICF Movement Core Teams unterstellt. Gemeinsam reflektieren wir regelm\u00e4\u00dfig die Gesundheit der Bereiche,\u00a0der\u00a0Kirche und des Movements.\u00a0<br>Wir bilden Leiter sorgf\u00e4ltig aus, sensibilisieren f\u00fcr einen gesunden Lebenswandel und f\u00f6rdern eine aktive Konflikt-und Feedbackkultur.\u00a0<br>Die strategische und operative Verantwortung ist den jeweiligen Bereichen, Nebenbetrieb(en) und Locations im Sinne von selbstorganisierten und eigenverantwortlichen Teams zugeteilt. Die Kompetenzen in den juristischen Angelegenheiten der Organisation sind jeweils auf zwei Unterschriftsberechtigte verteilt.\u00a0<\/p>\n\n<p id=\"block-56\" class=\"text-start wp-block-paragraph\">\n  <\/p>    <\/div>\n  <\/div>\n<\/div>\n\n\n<div id=\"block-60\" data-bs-theme=\"dark\" class=\"overflow-hidden wp-block-yellowtree-accordion-item\">\n  <div class=\"accordion-header\">\n    <button class=\"accordion-button rounded-0 collapsed focus-ring-inset\" type=\"button\" data-bs-toggle=\"collapse\" data-bs-target=\"#block-60-collapse\" aria-expanded=\"false\" aria-controls=\"block-60-collapse\">\n      <div>\n        <h3 class=\"mb-0\">\n          Glaubw\u00fcrdigkeit und Integrit\u00e4t        <\/h3>\n              <\/div>\n      <div class=\"ms-auto accordion-icons icon-container-base\">\n        <i class=\"icon fa-arrow-right accordion-icon-default\"><\/i>\n        <i class=\"icon fa-close accordion-icon-alt\"><\/i>\n      <\/div>\n    <\/button>\n  <\/div>\n  <div id=\"block-60-collapse\" class=\"accordion-collapse collapse \" data-bs-parent=\"#block-61\">\n    <div class=\"accordion-body pt-0\">\n      <p id=\"block-58\" class=\"text-start wp-block-paragraph\">\n  Wir verpflichten uns, den Glauben an Jesus Christus und sein Wort als Priorit\u00e4t und Grundlage f\u00fcr unser Reden und Handeln zu setzen.\u00a0<br>Unsere ver\u00f6ffentlichten Zahlen und Statistiken sind wahrheitsgetreu. Wir haben eine unabh\u00e4ngige, externe und weisungsfreie Clearing-Stelle (Ombudsstelle) beauftragt und eingesetzt. Jede Person aus der Kirche und ihrem Umfeld hat die M\u00f6glichkeit, sich bei Konflikten mit Leiterschaft, Verdacht auf Machtmissbrauch oder Beobachtung ungesunder Verhaltensweisen dort zu melden. Informationen und Links:\u00a0<a href=\"http:\/\/www.icf.church\/clearing-stelle\" target=\"_blank\" rel=\"noopener\">www.icf.church\/clearing-stelle<\/a>.\u00a0<\/p>\n\n<p id=\"block-59\" class=\"text-start wp-block-paragraph\">\n  <\/p>    <\/div>\n  <\/div>\n<\/div>\n<\/body><\/div>\n\n<p id=\"block-62\" class=\"mt-6 fs-base text-center wp-block-paragraph\">\n  <strong class=\"myprefix-text-bold\">M\u00f6ge Gott uns helfen, treu, leidenschaftlich und vorbildlich zu leben.<\/strong><\/p><\/div>\n        <\/div>\n          <\/div>\n<\/div>\n\n<div id=\"block-67\" class=\"pt-4 pb-4 alignfull is-layout-constrained\">\n  <div>\n            <div class=\"row gx-4 gy-4 \">\n          \n\n<div id=\"block-66\" class=\"col wp-block-yellowtree-column col-12 d-flex flex-column with-streched-height-children align-items-center align-items-md-center\">\n  <div>\n    <a id=\"block-65\" href=\"https:\/\/icf.church\/swb\/de\/besuchen\/\" rel=\"\" class=\"wp-block-yellowtree-button-link btn btn-action-1\">\n      <span>ICF Schwarzwald-Bodensee besuchen<\/span>\n              <i class=\"icon fs-base-const fa-solid fa-arrow-right\" aria-hidden=\"true\"><\/i>\n          <\/a>\n  <\/div><\/div>\n        <\/div>\n          <\/div>\n<\/div>","protected":false},"excerpt":{"rendered":"<p>ICF ist eine christliche Kirche auf biblischer Grundlage: authentisch, relevant und begeistert vom Leben mit Jesus.<\/p>\n","protected":false},"author":49,"featured_media":842,"parent":0,"menu_order":0,"comment_status":"closed","ping_status":"closed","template":"","meta":{"_acf_changed":false,"_seopress_titles_title":"","_seopress_titles_desc":"","_seopress_robots_index":"","_seopress_robots_follow":"","_seopress_robots_imageindex":"","_seopress_robots_snippet":"","_seopress_robots_primary_cat":"","_seopress_robots_breadcrumbs":"","_seopress_robots_freeze_modified_date":"","_seopress_robots_custom_modified_date":"","_seopress_robots_canonical":"","_seopress_social_fb_title":"","_seopress_social_fb_desc":"","_seopress_social_fb_img":"","_seopress_social_fb_img_attachment_id":0,"_seopress_social_fb_img_width":0,"_seopress_social_fb_img_height":0,"_seopress_social_twitter_title":"","_seopress_social_twitter_desc":"","_seopress_social_twitter_img":"","_seopress_social_twitter_img_attachment_id":0,"_seopress_social_twitter_img_width":0,"_seopress_social_twitter_img_height":0,"_seopress_redirections_value":"","_seopress_redirections_enabled":"","_seopress_redirections_enabled_regex":"","_seopress_redirections_logged_status":"","_seopress_redirections_param":"","_seopress_redirections_type":0,"_seopress_analysis_target_kw":"","_seopress_news_disabled":"","_seopress_video_disabled":"","_seopress_video":[],"_seopress_pro_schemas_manual":[],"_seopress_pro_rich_snippets_disable_all":"","_seopress_pro_rich_snippets_disable":[],"_seopress_pro_schemas":[],"yt_custom_styles_scss":"","yt_custom_styles_rounded_corners":false,"yt_custom_styles_color_scheme":"","footnotes":""},"class_list":["post-841","page","type-page","status-publish","has-post-thumbnail","hentry"],"acf":[],"_links":{"self":[{"href":"https:\/\/icf.church\/offenburg\/de\/wp-json\/wp\/v2\/pages\/841","targetHints":{"allow":["GET"]}}],"collection":[{"href":"https:\/\/icf.church\/offenburg\/de\/wp-json\/wp\/v2\/pages"}],"about":[{"href":"https:\/\/icf.church\/offenburg\/de\/wp-json\/wp\/v2\/types\/page"}],"author":[{"embeddable":true,"href":"https:\/\/icf.church\/offenburg\/de\/wp-json\/wp\/v2\/users\/49"}],"replies":[{"embeddable":true,"href":"https:\/\/icf.church\/offenburg\/de\/wp-json\/wp\/v2\/comments?post=841"}],"version-history":[{"count":6,"href":"https:\/\/icf.church\/offenburg\/de\/wp-json\/wp\/v2\/pages\/841\/revisions"}],"predecessor-version":[{"id":926,"href":"https:\/\/icf.church\/offenburg\/de\/wp-json\/wp\/v2\/pages\/841\/revisions\/926"}],"wp:featuredmedia":[{"embeddable":true,"href":"https:\/\/icf.church\/offenburg\/de\/wp-json\/wp\/v2\/media\/842"}],"wp:attachment":[{"href":"https:\/\/icf.church\/offenburg\/de\/wp-json\/wp\/v2\/media?parent=841"}],"curies":[{"name":"wp","href":"https:\/\/api.w.org\/{rel}","templated":true}]}}