{"id":846,"date":"2026-08-09T22:21:13","date_gmt":"2026-08-09T20:21:13","guid":{"rendered":"https:\/\/new.icf.church\/offenburg\/?page_id=846"},"modified":"2026-08-09T23:37:50","modified_gmt":"2026-08-09T21:37:50","slug":"spenden","status":"publish","type":"page","link":"https:\/\/icf.church\/offenburg\/de\/spenden\/","title":{"rendered":"Spenden"},"content":{"rendered":"\n<div id=\"block-5\" class=\"wp-block-yellowtree-hero-stage\">\n    <div class=\"hero-stage has-links\">\n        \n\n<div id=\"block-2\" class=\"hero-stage-content\">\n    <div class=\"hero-stage-content__background\">\n        <div class=\"overlay-black-25 h-100\">\n                            <img fetchpriority=\"high\" decoding=\"async\" width=\"1707\" height=\"2560\" src=\"https:\/\/icf.church\/offenburg\/wp-content\/uploads\/sites\/88\/2026\/08\/a745813-scaled.jpg\" class=\"hero-stage-media\" alt=\"\" style=\"object-position: 50% 50%;\" aria-hidden=\"true\" loading=\"eager\" srcset=\"https:\/\/icf.church\/offenburg\/wp-content\/uploads\/sites\/88\/2026\/08\/a745813-scaled.jpg 1707w, https:\/\/icf.church\/offenburg\/wp-content\/uploads\/sites\/88\/2026\/08\/a745813-200x300.jpg 200w, https:\/\/icf.church\/offenburg\/wp-content\/uploads\/sites\/88\/2026\/08\/a745813-683x1024.jpg 683w, https:\/\/icf.church\/offenburg\/wp-content\/uploads\/sites\/88\/2026\/08\/a745813-768x1152.jpg 768w, https:\/\/icf.church\/offenburg\/wp-content\/uploads\/sites\/88\/2026\/08\/a745813-1024x1536.jpg 1024w, https:\/\/icf.church\/offenburg\/wp-content\/uploads\/sites\/88\/2026\/08\/a745813-1365x2048.jpg 1365w\" sizes=\"(max-width: 1707px) 100vw, 1707px\" \/>                    <\/div>\n        <div class=\"hero-stage-gradient\"><\/div>\n    <\/div>\n    <div class=\"hero-stage-content__foreground is-layout-constrained\">\n        <h1 id=\"block-1\" class=\"display-1 text-center\">\n    Gro\u00dfz\u00fcgigkeit<\/h1>    <\/div>\n<\/div>\n\n\n<div id=\"block-4\" class=\"hero-stage-links is-layout-constrained count-1\">\n    <div class=\"icon-link-cards-layout column-gap-3 row-gap-1 justify-content-center break-md\">\n        \n\n<div id=\"block-3\" data-bs-theme=\"dark\" class=\"wp-block-yellowtree-icon-link-card\">\n  <div class='card-body flex-row justify-content-center align-items-center overflow-hidden gap-2 px-5 px-md-3 py-3 py-md-6'>\n    <div class='d-flex align-items-center gap-4 me-auto me-md-0 flex-md-column text-md-center gap-md-3'>\n      <i class='icon-square fs-2 fs-md-lg-const fa-solid fa-hand-heart' aria-hidden='true'><\/i>\n      <a class='stretched-link fs-base-const' href='#moeglichkeiten' target=''>\n        M\u00f6glichkeiten zu Spenden      <\/a>\n    <\/div>\n          <i class=\"icon fs-base-const fa-chevron-right ms-auto opacity-50 d-md-none\"><\/i>\n      <\/div>\n<\/div>\n    <\/div>\n<\/div>\n    <\/div>\n<\/div>\n\n<div id=\"block-13\" class=\"pt-2 pb-2 alignfull is-layout-constrained\">\n  <div>\n            <div class=\"row gx-4 gy-4 \">\n          \n\n<div id=\"block-12\" class=\"col wp-block-yellowtree-column col-12 d-flex flex-column with-streched-height-children align-items-stretch align-items-md-stretch\">\n  <p id=\"block-6\" class=\"text-start wp-block-paragraph\">\n  <\/p>\n\n<h2 id=\"block-7\" class=\"h2 text-center\">\n  &shy;Deine Gro\u00dfz\u00fcgigkeit macht einen Unterschied!<\/h2>\n\n<h6 id=\"block-8\" class=\"h6 text-center\">\n  Als Kirche ist es unsere Leidenschaft, dass Menschen Jesus Christus \u00e4hnlicher werden, furchtlos leben und ihr Umfeld positiv ver\u00e4ndern.<\/h6>\n\n<h6 id=\"block-9\" class=\"h6 text-center\">\n  Du kannst unserer Vision auf verschiedenen Wegen aktiv unterst\u00fctzen \u2013 mit der Einbringung deiner Gaben und Talente, mit Gebet und mit deinen Finanzen.<\/h6>\n\n<h6 id=\"block-10\" class=\"h6 text-center\">\n  Informiere dich \u00fcber die M\u00f6glichkeiten und werde Teil unserer Vision.<\/h6>\n\n<h6 id=\"block-11\" class=\"h6 text-center\">\n  Danke f\u00fcr deine Gro\u00dfz\u00fcgigkeit!<\/h6><\/div>\n        <\/div>\n          <\/div>\n<\/div>\n\n<div id=\"moeglichkeiten-2\" class=\"moeglichkeiten pb-4 alignfull is-layout-constrained\">\n  <div>\n            <div class=\"row gx-4 gy-4 \">\n          \n\n<div id=\"moeglichkeiten-2\" class=\"gap-2 col wp-block-yellowtree-column col-12 d-flex flex-column with-streched-height-children align-items-stretch align-items-md-stretch\">\n  <h3 id=\"moeglichkeiten\" class=\"mt-7 h3 display-3 text-center\" style=\"margin-bottom:0\">\n  M\u00f6glichkeiten zu Geben<\/h3>\n\n<p id=\"block-14\" class=\"fs-base text-center wp-block-paragraph\" style=\"margin-top:0\">\n  Unsere Kirche ist nicht auf den Talenten weniger, sondern der Entschlossenheit und Gro\u00dfz\u00fcgigkeit vieler aufgebaut.<\/p>\n\n<p id=\"block-15\" class=\"text-center wp-block-paragraph\">\n  <em>ICF Schwarzwald-Bodensee e.V. ist ein gemeinn\u00fctziger Verein, der sich ausschlie\u00dflich durch freiwillige Spenden finanziert. Jeder Spender erh\u00e4lt nach Jahresabschluss eine Spendenbescheinigung, die bei der Steuererkl\u00e4rung geltend gemacht werden kann.<\/em><br><em>Denke daher bitte daran uns Deine Adresse mitzuteilen, damit wir Dir eine Spendenbescheinigung zukommen lassen k\u00f6nnen.<\/em><\/p><\/div>\n        <\/div>\n          <\/div>\n<\/div>\n\n<div id=\"block-22\" class=\"pt-2 pb-2 alignfull is-layout-constrained\">\n  <div>\n            <div class=\"row gx-4 gy-4 \">\n          \n\n<div id=\"block-19\" class=\"col wp-block-yellowtree-column col-12 col-md-6 d-flex flex-column with-streched-height-children align-items-stretch align-items-md-stretch\">\n  <article id=\"block-18\" data-bs-theme=\"dark\" class=\"wp-block-yellowtree-card card has-context-height\" style=\"--card-img-position:50% 50%\">\n        <img decoding=\"async\" width=\"1024\" height=\"683\" src=\"https:\/\/icf.church\/offenburg\/wp-content\/uploads\/sites\/88\/2025\/10\/paypal-1024x683.jpg\" class=\"card-img-top\" alt=\"Push-Benachrichtigungen auf dem Smartphone, symbolisiert durch die PayPal-App, f\u00fcr Online-Zahlungen, E-Commerce und digitales Bezahlen.\" draggable=\"false\" loading=\"lazy\" srcset=\"https:\/\/icf.church\/offenburg\/wp-content\/uploads\/sites\/88\/2025\/10\/paypal-1024x683.jpg 1024w, https:\/\/icf.church\/offenburg\/wp-content\/uploads\/sites\/88\/2025\/10\/paypal-300x200.jpg 300w, https:\/\/icf.church\/offenburg\/wp-content\/uploads\/sites\/88\/2025\/10\/paypal-768x512.jpg 768w, https:\/\/icf.church\/offenburg\/wp-content\/uploads\/sites\/88\/2025\/10\/paypal-1536x1024.jpg 1536w, https:\/\/icf.church\/offenburg\/wp-content\/uploads\/sites\/88\/2025\/10\/paypal-2048x1365.jpg 2048w\" sizes=\"(max-width: 1024px) 100vw, 1024px\">    <div class=\"card-body\">\n    <h3 class=\"card-title\">Paypal<\/h3>\n    <p class=\"card-text\">Du kannst online \u00fcber PayPal spenden, auch mit Kreditkarte.<\/p>\n    <div id=\"block-17\" class=\"wp-block-yellowtree-card-buttons card-buttons\">\n  \n\n  <div>\n    <a id=\"block-16\" href=\"https:\/\/www.paypal.com\/donate\/?hosted_button_id=GEUET7WBZNUXE&amp;source=qr\" target=\"_blank\" class=\"wp-block-yellowtree-card-button btn btn-sm btn-secondary\">\n      <span>zu Paypal<\/span>\n              <i class=\"icon fs-base-const fa-arrow-right\" aria-hidden=\"true\"><\/i>\n          <\/a>\n  <\/div>\n\n<\/div>  <\/div>\n<\/article><\/div>\n\n\n<div id=\"block-21\" class=\"col wp-block-yellowtree-column col-12 col-md-6 d-flex flex-column with-streched-height-children align-items-stretch align-items-md-stretch\">\n  <article id=\"block-20\" data-bs-theme=\"dark\" class=\"wp-block-yellowtree-card card has-context-height\" style=\"--card-img-position:50% 50%\">\n        <img decoding=\"async\" draggable=\"false\" loading=\"lazy\" src=\"https:\/\/icf.church\/swb\/wp-content\/uploads\/sites\/85\/2026\/07\/bildschirmfoto-2026-07-21-um-14.12.08.png\" alt=\"\" class=\"card-img-top\">    <div class=\"card-body\">\n    <h3 class=\"card-title\">\u00dcberweisung<\/h3>\n    <p class=\"card-text\">Du kannst uns einmalig Geld \u00fcberweisen oder gerne auch einen Dauerauftrag einrichten.<br><br>Kontoinhaber: ICF Schwarzwald Bodensee e.V.<br>IBAN: DE09 6925 0035 0004 6967 95<br>SWIFT-BIC: SOLADES1SNG<br>Sparkasse Hegau-Bodensee<br>Verwendungszweck: &nbsp;Dein Standort + Spende + deine Adresse<\/p>\n      <\/div>\n<\/article><\/div>\n        <\/div>\n          <\/div>\n<\/div>\n\n<div id=\"block-30\" class=\"reach pt-8 pb-8 alignfull is-layout-constrained\">\n  <div>\n            <div class=\"row gx-4 gy-4 \">\n          \n\n<div id=\"block-29\" class=\"col wp-block-yellowtree-column col-12 d-flex flex-column with-streched-height-children align-items-stretch align-items-md-stretch\">\n  <div id=\"block-28\" class=\"is-style-4-3 wp-block-yellowtree-text-image d-flex flex-column flex-lg-row gap-3\">\n    \n\n<div id=\"block-23\" class=\"wp-block-yellowtree-locked-image\">\n    <img decoding=\"async\" width=\"819\" height=\"1024\" src=\"https:\/\/icf.church\/offenburg\/wp-content\/uploads\/sites\/88\/2026\/08\/reach-43-819x1024.jpg\" class=\"w-100 h-100 object-fit-cover\" alt=\"\" style=\"object-position: 50% 50%;\" loading=\"lazy\" sizes=\"(max-width: 992px) 100vw, 1600px\" srcset=\"https:\/\/icf.church\/offenburg\/wp-content\/uploads\/sites\/88\/2026\/08\/reach-43-819x1024.jpg 819w, https:\/\/icf.church\/offenburg\/wp-content\/uploads\/sites\/88\/2026\/08\/reach-43-240x300.jpg 240w, https:\/\/icf.church\/offenburg\/wp-content\/uploads\/sites\/88\/2026\/08\/reach-43-768x960.jpg 768w, https:\/\/icf.church\/offenburg\/wp-content\/uploads\/sites\/88\/2026\/08\/reach-43.jpg 1080w\"><\/div>\n\n\n\n<div id=\"block-27\" data-bs-theme=\"dark\" class=\"card wp-block-yellowtree-text-card has-context-height\">\n  <div class=\"card-body px-4 py-6 p-sm-6 p-lg-8\">\n    \n\n<h2 id=\"block-24\">\n    REACH Beyond<\/h2>\n\n\n<p id=\"block-25\">\n    REACH BEYOND \u2013 Das ist unsere j\u00e4hrliche Spendenkampagne. Sie erm\u00f6glicht es uns, mehr Menschen f\u00fcr Jesus zu erreichen, Not zu begegnen, unsere Kirche lokal zu erweitern und global neue zu gr\u00fcnden.<\/p>\n\n\n  <div>\n    <a id=\"block-26\" href=\"https:\/\/icf.church\/swb\/de\/reach\/\" rel=\"\" class=\"wp-block-yellowtree-button-link btn btn-default\">\n      <span>Mehr erfahren<\/span>\n          <\/a>\n  <\/div>\n\n  <\/div>\n<\/div>\n<\/div><\/div>\n        <\/div>\n          <\/div>\n<\/div>\n\n<div id=\"block-38\" class=\"pt-4 pb-6 alignfull is-layout-constrained\">\n  <div>\n            <div class=\"row gx-4 gy-4 \">\n          \n\n<div id=\"block-37\" class=\"col wp-block-yellowtree-column col-12 d-flex flex-column with-streched-height-children align-items-stretch align-items-md-stretch\">\n  <div id=\"block-36\" class=\"is-style-4-3 wp-block-yellowtree-text-image d-flex flex-column flex-lg-row gap-3\">\n    \n\n<div id=\"block-31\" class=\"wp-block-yellowtree-locked-image\">\n    <img decoding=\"async\" width=\"683\" height=\"1024\" src=\"https:\/\/icf.church\/offenburg\/wp-content\/uploads\/sites\/88\/2026\/08\/icf-6912-scaled-1-683x1024.jpg\" class=\"w-100 h-100 object-fit-cover\" alt=\"\" style=\"object-position: 50% 50%;\" loading=\"lazy\" sizes=\"(max-width: 992px) 100vw, 1600px\" srcset=\"https:\/\/icf.church\/offenburg\/wp-content\/uploads\/sites\/88\/2026\/08\/icf-6912-scaled-1-683x1024.jpg 683w, https:\/\/icf.church\/offenburg\/wp-content\/uploads\/sites\/88\/2026\/08\/icf-6912-scaled-1-200x300.jpg 200w, https:\/\/icf.church\/offenburg\/wp-content\/uploads\/sites\/88\/2026\/08\/icf-6912-scaled-1-768x1152.jpg 768w, https:\/\/icf.church\/offenburg\/wp-content\/uploads\/sites\/88\/2026\/08\/icf-6912-scaled-1-1024x1536.jpg 1024w, https:\/\/icf.church\/offenburg\/wp-content\/uploads\/sites\/88\/2026\/08\/icf-6912-scaled-1-1366x2048.jpg 1366w, https:\/\/icf.church\/offenburg\/wp-content\/uploads\/sites\/88\/2026\/08\/icf-6912-scaled-1.jpg 1707w\"><\/div>\n\n\n\n<div id=\"block-35\" class=\"card wp-block-yellowtree-text-card has-context-height\" style=\"--bs-card-bg:transparent;--bs-card-color:inherit\">\n  <div class=\"card-body px-4 py-6 p-sm-6 p-lg-8\">\n    \n\n<h2 id=\"block-32\">\n    Jahresbericht 2025 vom ICF SWB<\/h2>\n\n\n<p id=\"block-33\">\n    Sieh dir an, was Gott mit uns als ICF Schwarzwald-Bodensee in allen Locations und Altersstufen 2025 bewegt hat. <br><br>Hinter jeder Zahl stecken eine Story, die Gott mit jemandem schreibt!<br><\/p>\n\n\n  <div>\n    <a id=\"block-34\" href=\"https:\/\/ressourcen.icf-swb.de\/2025_Jahresbericht.pdf\" rel=\"\" target=\"_blank\" class=\"wp-block-yellowtree-button-link btn btn-default\">\n      <span>Zum Jahresbericht<\/span>\n          <\/a>\n  <\/div>\n\n  <\/div>\n<\/div>\n<\/div><\/div>\n        <\/div>\n          <\/div>\n<\/div>\n\n<h3 id=\"block-39\" class=\"mt-10 mb-4 h3 display-3 text-start\">\n  H\u00e4ufig gestellte Fragen<\/h3>\n\n<div id=\"block-58\" class=\"pt-2 pb-6 alignfull is-layout-constrained\">\n  <div>\n            <div class=\"row gx-4 gy-4 \">\n          \n\n<div id=\"block-57\" class=\"col wp-block-yellowtree-column col-12 d-flex flex-column with-streched-height-children align-items-stretch align-items-md-stretch\">\n  <div id=\"block-56\" class=\"accordion\">\n  <body>\n\n<div id=\"block-41\" data-bs-theme=\"dark\" class=\"overflow-hidden wp-block-yellowtree-accordion-item\">\n  <div class=\"accordion-header\">\n    <button class=\"accordion-button rounded-0 collapsed focus-ring-inset\" type=\"button\" data-bs-toggle=\"collapse\" data-bs-target=\"#block-41-collapse\" aria-expanded=\"false\" aria-controls=\"block-41-collapse\">\n      <div>\n        <h3 class=\"mb-0\">\n          Wie finanziert sich das ICF?        <\/h3>\n              <\/div>\n      <div class=\"ms-auto accordion-icons icon-container-base\">\n        <i class=\"icon fa-arrow-right accordion-icon-default\"><\/i>\n        <i class=\"icon fa-close accordion-icon-alt\"><\/i>\n      <\/div>\n    <\/button>\n  <\/div>\n  <div id=\"block-41-collapse\" class=\"accordion-collapse collapse \" data-bs-parent=\"#block-56\">\n    <div class=\"accordion-body pt-0\">\n      <p id=\"block-40\" class=\"text-start wp-block-paragraph\">\n  Das ICF finanziert sich nach biblischen Prinzipien, die sich seit dem Alten Testament bew\u00e4hrt haben. Gott setzte den Zehnten als Grundlage f\u00fcr die Versorgung des Tempels ein \u2013 heute ist das die Kirche, wo Menschen Gott begegnen, geistlich wachsen und gemeinsam einen Unterschied machen.<\/p>    <\/div>\n  <\/div>\n<\/div>\n\n\n<div id=\"block-43\" data-bs-theme=\"dark\" class=\"overflow-hidden wp-block-yellowtree-accordion-item\">\n  <div class=\"accordion-header\">\n    <button class=\"accordion-button rounded-0 collapsed focus-ring-inset\" type=\"button\" data-bs-toggle=\"collapse\" data-bs-target=\"#block-43-collapse\" aria-expanded=\"false\" aria-controls=\"block-43-collapse\">\n      <div>\n        <h3 class=\"mb-0\">\n          Was bedeutet der Zehnte?        <\/h3>\n              <\/div>\n      <div class=\"ms-auto accordion-icons icon-container-base\">\n        <i class=\"icon fa-arrow-right accordion-icon-default\"><\/i>\n        <i class=\"icon fa-close accordion-icon-alt\"><\/i>\n      <\/div>\n    <\/button>\n  <\/div>\n  <div id=\"block-43-collapse\" class=\"accordion-collapse collapse \" data-bs-parent=\"#block-56\">\n    <div class=\"accordion-body pt-0\">\n      <p id=\"block-42\" class=\"text-start wp-block-paragraph\">\n  Der Zehnte ist kein Gesetz, sondern ein biblisches Prinzip: Wir geben 10 % unserer Ertr\u00e4ge ins Haus Gottes, um seine Versorgung zu ehren. Heute finanziert er die L\u00f6hne von Pastoren und Mitarbeitenden, Geb\u00e4udekosten und die verschiedenen Bereiche der Kirche.<\/p>    <\/div>\n  <\/div>\n<\/div>\n\n\n<div id=\"block-45\" data-bs-theme=\"dark\" class=\"overflow-hidden wp-block-yellowtree-accordion-item\">\n  <div class=\"accordion-header\">\n    <button class=\"accordion-button rounded-0 collapsed focus-ring-inset\" type=\"button\" data-bs-toggle=\"collapse\" data-bs-target=\"#block-45-collapse\" aria-expanded=\"false\" aria-controls=\"block-45-collapse\">\n      <div>\n        <h3 class=\"mb-0\">\n          Gibt ICF selbst auch einen Zehnten weiter?        <\/h3>\n              <\/div>\n      <div class=\"ms-auto accordion-icons icon-container-base\">\n        <i class=\"icon fa-arrow-right accordion-icon-default\"><\/i>\n        <i class=\"icon fa-close accordion-icon-alt\"><\/i>\n      <\/div>\n    <\/button>\n  <\/div>\n  <div id=\"block-45-collapse\" class=\"accordion-collapse collapse \" data-bs-parent=\"#block-56\">\n    <div class=\"accordion-body pt-0\">\n      <p id=\"block-44\" class=\"text-start wp-block-paragraph\">\n  Ja! Auch wir als ICF geben 10 % unserer Einnahmen weiter \u2013 an soziale Projekte, Partner-Organisationen und das ICF Movement. Wir glauben: Was wir s\u00e4en, wird Frucht tragen!<\/p>    <\/div>\n  <\/div>\n<\/div>\n\n\n<div id=\"block-47\" data-bs-theme=\"dark\" class=\"overflow-hidden wp-block-yellowtree-accordion-item\">\n  <div class=\"accordion-header\">\n    <button class=\"accordion-button rounded-0 collapsed focus-ring-inset\" type=\"button\" data-bs-toggle=\"collapse\" data-bs-target=\"#block-47-collapse\" aria-expanded=\"false\" aria-controls=\"block-47-collapse\">\n      <div>\n        <h3 class=\"mb-0\">\n          Was ist die Erstlingsfrucht?        <\/h3>\n              <\/div>\n      <div class=\"ms-auto accordion-icons icon-container-base\">\n        <i class=\"icon fa-arrow-right accordion-icon-default\"><\/i>\n        <i class=\"icon fa-close accordion-icon-alt\"><\/i>\n      <\/div>\n    <\/button>\n  <\/div>\n  <div id=\"block-47-collapse\" class=\"accordion-collapse collapse \" data-bs-parent=\"#block-56\">\n    <div class=\"accordion-body pt-0\">\n      <p id=\"block-46\" class=\"text-start wp-block-paragraph\">\n  Die Erstlingsfrucht ist ein kraftvolles biblisches Prinzip des Vertrauens und der Hingabe. Wir bringen das Erste und Beste \u2013 nicht das, was \u00fcbrig bleibt \u2013 als Ausdruck unseres Glaubens, dass Gott den Rest segnet und vermehrt.<\/p>    <\/div>\n  <\/div>\n<\/div>\n\n\n<div id=\"block-49\" data-bs-theme=\"dark\" class=\"overflow-hidden wp-block-yellowtree-accordion-item\">\n  <div class=\"accordion-header\">\n    <button class=\"accordion-button rounded-0 collapsed focus-ring-inset\" type=\"button\" data-bs-toggle=\"collapse\" data-bs-target=\"#block-49-collapse\" aria-expanded=\"false\" aria-controls=\"block-49-collapse\">\n      <div>\n        <h3 class=\"mb-0\">\n          Was sind freiwillige Opfer?        <\/h3>\n              <\/div>\n      <div class=\"ms-auto accordion-icons icon-container-base\">\n        <i class=\"icon fa-arrow-right accordion-icon-default\"><\/i>\n        <i class=\"icon fa-close accordion-icon-alt\"><\/i>\n      <\/div>\n    <\/button>\n  <\/div>\n  <div id=\"block-49-collapse\" class=\"accordion-collapse collapse \" data-bs-parent=\"#block-56\">\n    <div class=\"accordion-body pt-0\">\n      <p id=\"block-48\" class=\"text-start wp-block-paragraph\">\n  Im Alten und Neuen Testament brachte Gottes Volk immer wieder freiwillige Opfer, um Kirche zu bauen und das Reich Gottes voranzubringen. Auch wir investieren durch unsere j\u00e4hrliche \u201eREACH BEYOND\u201c-Kampagne gezielt \u00fcber das regul\u00e4re Budget hinaus in Kirchen, soziale Projekte und Partner.<\/p>    <\/div>\n  <\/div>\n<\/div>\n\n\n<div id=\"block-51\" data-bs-theme=\"dark\" class=\"overflow-hidden wp-block-yellowtree-accordion-item\">\n  <div class=\"accordion-header\">\n    <button class=\"accordion-button rounded-0 collapsed focus-ring-inset\" type=\"button\" data-bs-toggle=\"collapse\" data-bs-target=\"#block-51-collapse\" aria-expanded=\"false\" aria-controls=\"block-51-collapse\">\n      <div>\n        <h3 class=\"mb-0\">\n          Gibt es im ICF finanzielle Verpflichtungen oder Mitgliedsbeitr\u00e4ge?        <\/h3>\n              <\/div>\n      <div class=\"ms-auto accordion-icons icon-container-base\">\n        <i class=\"icon fa-arrow-right accordion-icon-default\"><\/i>\n        <i class=\"icon fa-close accordion-icon-alt\"><\/i>\n      <\/div>\n    <\/button>\n  <\/div>\n  <div id=\"block-51-collapse\" class=\"accordion-collapse collapse \" data-bs-parent=\"#block-56\">\n    <div class=\"accordion-body pt-0\">\n      <p id=\"block-50\" class=\"text-start wp-block-paragraph\">\n  Nein. Im ICF gibt es keine formale Mitgliedschaft mit finanziellen Verpflichtungen. Jeder ist willkommen \u2013 unabh\u00e4ngig von seiner finanziellen Situation.<\/p>    <\/div>\n  <\/div>\n<\/div>\n\n\n<div id=\"block-53\" data-bs-theme=\"dark\" class=\"overflow-hidden wp-block-yellowtree-accordion-item\">\n  <div class=\"accordion-header\">\n    <button class=\"accordion-button rounded-0 collapsed focus-ring-inset\" type=\"button\" data-bs-toggle=\"collapse\" data-bs-target=\"#block-53-collapse\" aria-expanded=\"false\" aria-controls=\"block-53-collapse\">\n      <div>\n        <h3 class=\"mb-0\">\n          Wie geht ICF mit Spenden um?        <\/h3>\n              <\/div>\n      <div class=\"ms-auto accordion-icons icon-container-base\">\n        <i class=\"icon fa-arrow-right accordion-icon-default\"><\/i>\n        <i class=\"icon fa-close accordion-icon-alt\"><\/i>\n      <\/div>\n    <\/button>\n  <\/div>\n  <div id=\"block-53-collapse\" class=\"accordion-collapse collapse \" data-bs-parent=\"#block-56\">\n    <div class=\"accordion-body pt-0\">\n      <p id=\"block-52\" class=\"text-start wp-block-paragraph\">\n  ICF legt gro\u00dfen Wert auf eine verantwortungsvolle und unternehmerische Verwaltung der Finanzen. Jede Spende wird gezielt und zweckgebunden eingesetzt, um die Mission der Kirche nachhaltig zu unterst\u00fctzen. Wir handeln mit Weitsicht, investieren mit Bedacht und stellen sicher, dass die Mittel effizient genutzt werden.<\/p>    <\/div>\n  <\/div>\n<\/div>\n\n\n<div id=\"block-55\" data-bs-theme=\"dark\" class=\"overflow-hidden wp-block-yellowtree-accordion-item\">\n  <div class=\"accordion-header\">\n    <button class=\"accordion-button rounded-0 collapsed focus-ring-inset\" type=\"button\" data-bs-toggle=\"collapse\" data-bs-target=\"#block-55-collapse\" aria-expanded=\"false\" aria-controls=\"block-55-collapse\">\n      <div>\n        <h3 class=\"mb-0\">\n          Kann man die Finanzen einsehen?        <\/h3>\n              <\/div>\n      <div class=\"ms-auto accordion-icons icon-container-base\">\n        <i class=\"icon fa-arrow-right accordion-icon-default\"><\/i>\n        <i class=\"icon fa-close accordion-icon-alt\"><\/i>\n      <\/div>\n    <\/button>\n  <\/div>\n  <div id=\"block-55-collapse\" class=\"accordion-collapse collapse \" data-bs-parent=\"#block-56\">\n    <div class=\"accordion-body pt-0\">\n      <p id=\"block-54\" class=\"text-start wp-block-paragraph\">\n  Ja. Transparenz ist uns wichtig \u2013 auf Wunsch k\u00f6nnen unsere Finanzen eingesehen werden, denn Vertrauen entsteht durch Offenheit und Integrit\u00e4t.<\/p>    <\/div>\n  <\/div>\n<\/div>\n<\/body><\/div><\/div>\n        <\/div>\n          <\/div>\n<\/div>","protected":false},"excerpt":{"rendered":"<p>H\u00e4ufig gestellte Fragen<\/p>\n","protected":false},"author":49,"featured_media":0,"parent":0,"menu_order":0,"comment_status":"closed","ping_status":"closed","template":"","meta":{"_acf_changed":false,"_seopress_titles_title":"","_seopress_titles_desc":"","_seopress_robots_index":"","_seopress_robots_follow":"","_seopress_robots_imageindex":"","_seopress_robots_snippet":"","_seopress_robots_primary_cat":"","_seopress_robots_breadcrumbs":"","_seopress_robots_freeze_modified_date":"","_seopress_robots_custom_modified_date":"","_seopress_robots_canonical":"","_seopress_social_fb_title":"","_seopress_social_fb_desc":"","_seopress_social_fb_img":"","_seopress_social_fb_img_attachment_id":0,"_seopress_social_fb_img_width":0,"_seopress_social_fb_img_height":0,"_seopress_social_twitter_title":"","_seopress_social_twitter_desc":"","_seopress_social_twitter_img":"","_seopress_social_twitter_img_attachment_id":0,"_seopress_social_twitter_img_width":0,"_seopress_social_twitter_img_height":0,"_seopress_redirections_value":"","_seopress_redirections_enabled":"","_seopress_redirections_enabled_regex":"","_seopress_redirections_logged_status":"","_seopress_redirections_param":"","_seopress_redirections_type":0,"_seopress_analysis_target_kw":"","_seopress_news_disabled":"","_seopress_video_disabled":"","_seopress_video":[],"_seopress_pro_schemas_manual":[],"_seopress_pro_rich_snippets_disable_all":"","_seopress_pro_rich_snippets_disable":[],"_seopress_pro_schemas":[],"yt_custom_styles_scss":"","yt_custom_styles_rounded_corners":false,"yt_custom_styles_color_scheme":"","footnotes":""},"class_list":["post-846","page","type-page","status-publish","hentry"],"acf":[],"_links":{"self":[{"href":"https:\/\/icf.church\/offenburg\/de\/wp-json\/wp\/v2\/pages\/846","targetHints":{"allow":["GET"]}}],"collection":[{"href":"https:\/\/icf.church\/offenburg\/de\/wp-json\/wp\/v2\/pages"}],"about":[{"href":"https:\/\/icf.church\/offenburg\/de\/wp-json\/wp\/v2\/types\/page"}],"author":[{"embeddable":true,"href":"https:\/\/icf.church\/offenburg\/de\/wp-json\/wp\/v2\/users\/49"}],"replies":[{"embeddable":true,"href":"https:\/\/icf.church\/offenburg\/de\/wp-json\/wp\/v2\/comments?post=846"}],"version-history":[{"count":6,"href":"https:\/\/icf.church\/offenburg\/de\/wp-json\/wp\/v2\/pages\/846\/revisions"}],"predecessor-version":[{"id":897,"href":"https:\/\/icf.church\/offenburg\/de\/wp-json\/wp\/v2\/pages\/846\/revisions\/897"}],"wp:attachment":[{"href":"https:\/\/icf.church\/offenburg\/de\/wp-json\/wp\/v2\/media?parent=846"}],"curies":[{"name":"wp","href":"https:\/\/api.w.org\/{rel}","templated":true}]}}