{"id":1109,"date":"2026-08-18T19:43:12","date_gmt":"2026-08-18T17:43:12","guid":{"rendered":"https:\/\/new.icf.church\/plzen\/domu\/"},"modified":"2026-08-25T15:33:19","modified_gmt":"2026-08-25T13:33:19","slug":"domu","status":"publish","type":"page","link":"https:\/\/icf.church\/plzen\/cs\/","title":{"rendered":"Dom\u016f"},"content":{"rendered":"\n<div id=\"block-7\" class=\"is-style-startpage wp-block-yellowtree-hero-stage alignfull\">\n    <div class=\"hero-stage has-links\">\n        \n\n<div id=\"block-2\" class=\"hero-stage-content\">\n    <div class=\"hero-stage-content__background\">\n        <div class=\"overlay-black-25 h-100\">\n                            <img fetchpriority=\"high\" decoding=\"async\" width=\"1200\" height=\"630\" src=\"https:\/\/icf.church\/plzen\/wp-content\/uploads\/sites\/125\/2024\/04\/testheader.jpeg\" class=\"hero-stage-media\" alt=\"A large audience seated in a concert hall with stage lights and a performer on stage.\" style=\"object-position: 51% 49%;\" aria-hidden=\"true\" loading=\"eager\" srcset=\"https:\/\/icf.church\/plzen\/wp-content\/uploads\/sites\/125\/2024\/04\/testheader.jpeg 1200w, https:\/\/icf.church\/plzen\/wp-content\/uploads\/sites\/125\/2024\/04\/testheader-300x158.jpeg 300w, https:\/\/icf.church\/plzen\/wp-content\/uploads\/sites\/125\/2024\/04\/testheader-1024x538.jpeg 1024w, https:\/\/icf.church\/plzen\/wp-content\/uploads\/sites\/125\/2024\/04\/testheader-768x403.jpeg 768w\" sizes=\"(max-width: 1200px) 100vw, 1200px\" \/>                    <\/div>\n        <div class=\"hero-stage-gradient\"><\/div>\n    <\/div>\n    <div class=\"hero-stage-content__foreground is-layout-constrained\">\n        <h1 id=\"block-1\" class=\"display-1 text-center\">\n    C\u00edrkev v nov\u00e9m pojet\u00ed<\/h1>    <\/div>\n<\/div>\n\n\n<div id=\"block-6\" class=\"hero-stage-links is-layout-constrained count-3\">\n    <div class=\"icon-link-cards-layout column-gap-3 row-gap-1 justify-content-center break-md\">\n        \n\n<div id=\"block-3\" data-bs-theme=\"dark\" class=\"wp-block-yellowtree-icon-link-card\">\n  <div class='card-body flex-row justify-content-center align-items-center overflow-hidden gap-2 px-5 px-md-3 py-3 py-md-6'>\n    <div class='d-flex align-items-center gap-4 me-auto me-md-0 flex-md-column text-md-center gap-md-3'>\n      <i class='icon-square fs-2 fs-md-lg-const fa-solid fa-hands' aria-hidden='true'><\/i>\n      <a class='stretched-link fs-base-const' href='https:\/\/icf.church\/plzen\/cs\/o-nas\/' target=''>\n        Jsi tu poprv\u00e9?      <\/a>\n    <\/div>\n          <i class=\"icon fs-base-const fa-chevron-right ms-auto opacity-50 d-md-none\"><\/i>\n      <\/div>\n<\/div>\n\n\n<div id=\"block-4\" data-bs-theme=\"dark\" class=\"wp-block-yellowtree-icon-link-card\">\n  <div class='card-body flex-row justify-content-center align-items-center overflow-hidden gap-2 px-5 px-md-3 py-3 py-md-6'>\n    <div class='d-flex align-items-center gap-4 me-auto me-md-0 flex-md-column text-md-center gap-md-3'>\n      <i class='icon-square fs-2 fs-md-lg-const fa-solid fa-location-dot' aria-hidden='true'><\/i>\n      <a class='stretched-link fs-base-const' href='https:\/\/icf.church\/plzen\/cs\/navsteva\/' target=''>\n        Nav\u0161tiv n\u00e1s      <\/a>\n    <\/div>\n          <i class=\"icon fs-base-const fa-chevron-right ms-auto opacity-50 d-md-none\"><\/i>\n      <\/div>\n<\/div>\n\n\n<div id=\"block-5\" data-bs-theme=\"dark\" class=\"wp-block-yellowtree-icon-link-card\">\n  <div class='card-body flex-row justify-content-center align-items-center overflow-hidden gap-2 px-5 px-md-3 py-3 py-md-6'>\n    <div class='d-flex align-items-center gap-4 me-auto me-md-0 flex-md-column text-md-center gap-md-3'>\n      <i class='icon-square fs-2 fs-md-lg-const fa-signal-stream' aria-hidden='true'><\/i>\n      <a class='stretched-link fs-base-const' href='https:\/\/icf.church\/plzen\/cs\/kazani\/' target=''>\n        Poslechni k\u00e1z\u00e1n\u00ed      <\/a>\n    <\/div>\n          <i class=\"icon fs-base-const fa-chevron-right ms-auto opacity-50 d-md-none\"><\/i>\n      <\/div>\n<\/div>\n    <\/div>\n<\/div>\n    <\/div>\n<\/div>\n\n<div id=\"block-14\" class=\"pt-4 pb-2 alignfull is-layout-constrained\">\n  <div>\n            <div class=\"row gx-4 gy-4 \">\n          \n\n<div id=\"block-13\" class=\"col wp-block-yellowtree-column col-12 d-flex flex-column justify-content-center align-items-center align-items-md-center\">\n  <h2 id=\"block-8\" class=\"mt-2 mb-2 h2 display-2 text-center\">\n  V\u00edtej v ICF Plze\u0148<\/h2>\n\n<p id=\"block-9\" class=\"mt-2 mb-2 fs-base text-center wp-block-paragraph\">\n  Jsme k\u0159es\u0165ansk\u00e1 c\u00edrkev postaven\u00e1 na biblick\u00fdch z\u00e1kladech:<br>autentick\u00e1, sou\u010dasn\u00e1 a nad\u0161en\u00e1 pro \u017eivot s Je\u017e\u00ed\u0161em.<\/p>\n\n<div id=\"block-12\" class=\"pt-2 pb-2 alignfull is-layout-constrained\">\n  <div>\n            <div class=\"row gx-4 gy-4 \">\n          \n\n<div id=\"block-11\" class=\"col wp-block-yellowtree-column col-12 d-flex flex-column justify-content-center align-items-center align-items-md-center\">\n  <div>\n    <a id=\"block-10\" href=\"https:\/\/icf.church\/plzen\/cs\/o-nas\/\" rel=\"\" class=\"wp-block-yellowtree-button-link btn btn-default btn-sm\">\n      <span>O n\u00e1s<\/span>\n              <i class=\"icon fs-base-const fa-solid fa-arrow-right\" aria-hidden=\"true\"><\/i>\n          <\/a>\n  <\/div><\/div>\n        <\/div>\n          <\/div>\n<\/div><\/div>\n        <\/div>\n          <\/div>\n<\/div>\n\n<div id=\"block-31\" class=\"pt-7 pb-2 alignfull is-layout-constrained\">\n  <div>\n            <div class=\"row gx-4 gy-4 \">\n          \n\n<div id=\"block-30\" class=\"col wp-block-yellowtree-column col-12 d-flex flex-column with-streched-height-children align-items-stretch align-items-md-stretch\">\n  <h3 id=\"block-15\" class=\"h3 display-3 text-start\">\n  Aktu\u00e1ln\u00ed nab\u00eddka a akce<\/h3>\n\n<h3 id=\"block-16\" class=\"mb-2 h3 text-start\">\n  Objev, jak m\u016f\u017ee\u0161 r\u016fst ve v\u00ed\u0159e.<\/h3>\n\n<div id=\"block-19\" class=\"pt-2 pb-2 alignfull is-layout-constrained\">\n  <div>\n            <div class=\"row gx-4 gy-4 \">\n          \n\n<div id=\"block-18\" class=\"col wp-block-yellowtree-column col-12 d-flex flex-column with-streched-height-children align-items-center align-items-md-end\">\n  <div>\n    <a id=\"block-17\" href=\"https:\/\/icf.church\/plzen\/cs\/akce\/\" rel=\"\" class=\"wp-block-yellowtree-button-link btn btn-outline-default btn-sm\">\n      <span>V\u0161echny akce<\/span>\n              <i class=\"icon fs-base-const fa-solid fa-arrow-right\" aria-hidden=\"true\"><\/i>\n          <\/a>\n  <\/div><\/div>\n        <\/div>\n          <\/div>\n<\/div>\n\n<div id=\"block-29\" class=\"mb-9 alignfull is-layout-constrained\">\n  <swiper-container init=\"false\" data-yt-template=\"3-col\" data-yt-pagination=\"true\" data-yt-navigation=\"true\" class=\"has-full-height-slides \">\n          <swiper-slide><article id=\"block-22\" data-bs-theme=\"dark\" class=\"wp-block-yellowtree-card card has-context-height\" style=\"--card-img-position:50% 50%\">\n      <div class=\"card-tags card-tags--float\">\n                <div class=\"badge text-bg-primary\" style=\"\">\n            KA\u017dDOU NED\u011aLI          <\/div>\n          <\/div>\n        <img decoding=\"async\" width=\"683\" height=\"1024\" src=\"https:\/\/icf.church\/plzen\/wp-content\/uploads\/sites\/125\/2025\/10\/250529_11-45-59_conf-jakob-m-683x1024.jpg\" class=\"card-img-top\" alt=\"Group of people raising hands during a worship service with a large screen showing a musician playin.\" draggable=\"false\" loading=\"lazy\" srcset=\"https:\/\/icf.church\/plzen\/wp-content\/uploads\/sites\/125\/2025\/10\/250529_11-45-59_conf-jakob-m-683x1024.jpg 683w, https:\/\/icf.church\/plzen\/wp-content\/uploads\/sites\/125\/2025\/10\/250529_11-45-59_conf-jakob-m-200x300.jpg 200w, https:\/\/icf.church\/plzen\/wp-content\/uploads\/sites\/125\/2025\/10\/250529_11-45-59_conf-jakob-m-768x1152.jpg 768w, https:\/\/icf.church\/plzen\/wp-content\/uploads\/sites\/125\/2025\/10\/250529_11-45-59_conf-jakob-m-1024x1536.jpg 1024w, https:\/\/icf.church\/plzen\/wp-content\/uploads\/sites\/125\/2025\/10\/250529_11-45-59_conf-jakob-m-1365x2048.jpg 1365w, https:\/\/icf.church\/plzen\/wp-content\/uploads\/sites\/125\/2025\/10\/250529_11-45-59_conf-jakob-m-scaled.jpg 1706w\" sizes=\"(max-width: 683px) 100vw, 683px\">    <div class=\"card-body\">\n    <h3 class=\"card-title\">Celebration<\/h3>\n    <p class=\"card-text\">Sch\u00e1z\u00edme se ka\u017edou ned\u011bli v 10:30 v Lucern\u011b na Doubravce. Od 10:00 si m\u016f\u017ee\u0161 d\u00e1t k\u00e1vu na baru, program trv\u00e1 75\u201390 minut.<\/p>\n    <div id=\"block-21\" class=\"wp-block-yellowtree-card-buttons card-buttons\">\n  \n\n  <div>\n    <a id=\"block-20\" href=\"https:\/\/icf.church\/plzen\/cs\/navsteva\/\" class=\"wp-block-yellowtree-card-button btn btn-sm btn-secondary\">\n      <span>Napl\u00e1nuj n\u00e1v\u0161t\u011bvu<\/span>\n              <i class=\"icon fs-base-const fa-arrow-right\" aria-hidden=\"true\"><\/i>\n          <\/a>\n  <\/div>\n\n<\/div>  <\/div>\n<\/article><\/swiper-slide>\n          <swiper-slide><article id=\"block-25\" data-bs-theme=\"dark\" class=\"wp-block-yellowtree-card card has-context-height\" style=\"--card-img-position:50% 50%\">\n        <img decoding=\"async\" width=\"1024\" height=\"683\" src=\"https:\/\/icf.church\/plzen\/wp-content\/uploads\/sites\/125\/2025\/10\/icf-equip-corporate-shooting-24-4-1024x683.jpg\" class=\"card-img-top\" alt=\"Three men sitting on a sofa, engaged in a discussion, with one reading a book.\" draggable=\"false\" loading=\"lazy\" srcset=\"https:\/\/icf.church\/plzen\/wp-content\/uploads\/sites\/125\/2025\/10\/icf-equip-corporate-shooting-24-4-1024x683.jpg 1024w, https:\/\/icf.church\/plzen\/wp-content\/uploads\/sites\/125\/2025\/10\/icf-equip-corporate-shooting-24-4-300x200.jpg 300w, https:\/\/icf.church\/plzen\/wp-content\/uploads\/sites\/125\/2025\/10\/icf-equip-corporate-shooting-24-4-768x512.jpg 768w, https:\/\/icf.church\/plzen\/wp-content\/uploads\/sites\/125\/2025\/10\/icf-equip-corporate-shooting-24-4-1536x1025.jpg 1536w, https:\/\/icf.church\/plzen\/wp-content\/uploads\/sites\/125\/2025\/10\/icf-equip-corporate-shooting-24-4-2048x1366.jpg 2048w\" sizes=\"(max-width: 1024px) 100vw, 1024px\">    <div class=\"card-body\">\n    <h3 class=\"card-title\">Smallgroups<\/h3>\n    <p class=\"card-text\">Setk\u00e1v\u00e1me se v pr\u016fb\u011bhu t\u00fddne v men\u0161\u00edch skupink\u00e1ch. Budujeme vz\u00e1jemn\u00e9 vztahy, p\u0159em\u00fd\u0161l\u00edme o Bohu a \u010dteme spolu Bibli.<\/p>\n    <div id=\"block-24\" class=\"wp-block-yellowtree-card-buttons card-buttons\">\n  \n\n  <div>\n    <a id=\"block-23\" href=\"https:\/\/icf.church\/plzen\/cs\/zapoj-se\/\" class=\"wp-block-yellowtree-card-button btn btn-sm btn-secondary\">\n      <span>P\u0159idej se<\/span>\n              <i class=\"icon fs-base-const fa-arrow-right\" aria-hidden=\"true\"><\/i>\n          <\/a>\n  <\/div>\n\n<\/div>  <\/div>\n<\/article><\/swiper-slide>\n          <swiper-slide><article id=\"block-28\" data-bs-theme=\"dark\" class=\"wp-block-yellowtree-card card has-context-height\" style=\"--card-img-position:50% 50%\">\n        <img decoding=\"async\" width=\"683\" height=\"1024\" src=\"https:\/\/icf.church\/plzen\/wp-content\/uploads\/sites\/125\/2025\/10\/250530_19-42-32_conf-hannes-n-683x1024.jpg\" class=\"card-img-top\" alt=\"Two women sit at a table, one using a laptop and the other looking at a phone.\" draggable=\"false\" loading=\"lazy\" srcset=\"https:\/\/icf.church\/plzen\/wp-content\/uploads\/sites\/125\/2025\/10\/250530_19-42-32_conf-hannes-n-683x1024.jpg 683w, https:\/\/icf.church\/plzen\/wp-content\/uploads\/sites\/125\/2025\/10\/250530_19-42-32_conf-hannes-n-200x300.jpg 200w, https:\/\/icf.church\/plzen\/wp-content\/uploads\/sites\/125\/2025\/10\/250530_19-42-32_conf-hannes-n-768x1152.jpg 768w, https:\/\/icf.church\/plzen\/wp-content\/uploads\/sites\/125\/2025\/10\/250530_19-42-32_conf-hannes-n-1024x1536.jpg 1024w, https:\/\/icf.church\/plzen\/wp-content\/uploads\/sites\/125\/2025\/10\/250530_19-42-32_conf-hannes-n-1365x2048.jpg 1365w, https:\/\/icf.church\/plzen\/wp-content\/uploads\/sites\/125\/2025\/10\/250530_19-42-32_conf-hannes-n-scaled.jpg 1707w\" sizes=\"(max-width: 683px) 100vw, 683px\">    <div class=\"card-body\">\n    <h3 class=\"card-title\">Next Step<\/h3>\n    <p class=\"card-text\">Ka\u017ed\u00e1 cesta za\u010d\u00edn\u00e1 prvn\u00edm krokem. Explore, Get Free a Impact \u2014 deset t\u00fddn\u016f, ve kter\u00fdch nez\u016fstaneme u teorie, ale zkus\u00edme v\u00edru uv\u00e9st do \u017eivota.<\/p>\n    <div id=\"block-27\" class=\"wp-block-yellowtree-card-buttons card-buttons\">\n  \n\n  <div>\n    <a id=\"block-26\" href=\"https:\/\/icf.church\/plzen\/cs\/zapoj-se\/\" class=\"wp-block-yellowtree-card-button btn btn-sm btn-secondary\">\n      <span>Zjistit v\u00edce<\/span>\n              <i class=\"icon fs-base-const fa-arrow-right\" aria-hidden=\"true\"><\/i>\n          <\/a>\n  <\/div>\n\n<\/div>  <\/div>\n<\/article><\/swiper-slide>\n      <\/swiper-container>\n<\/div><\/div>\n        <\/div>\n          <\/div>\n<\/div>\n\n<div id=\"block-36\" class=\"pt-4 pb-2 alignfull is-layout-constrained\">\n  <div>\n            <div class=\"row gx-4 gy-4 \">\n          \n\n<div id=\"block-35\" class=\"col wp-block-yellowtree-column col-12 d-flex flex-column with-streched-height-children align-items-stretch align-items-md-stretch\">\n  <h3 id=\"block-32\" class=\"h3 display-3 text-start\">\n  Na\u0161e mise<\/h3>\n\n<p id=\"block-33\" class=\"mb-6 fs-lg text-start wp-block-paragraph\">\n  Tou\u017e\u00edme pom\u00e1hat lidem, aby se v\u00edce podobali Je\u017e\u00ed\u0161i Kristu, \u017eili beze strachu a pozitivn\u011b ovliv\u0148ovali sv\u011bt kolem sebe.<\/p>\n\n\n  <div>\n    <a id=\"block-34\" href=\"https:\/\/icf.church\/en\/vision\/\" rel=\"\" target=\"_blank\" class=\"wp-block-yellowtree-button-link btn btn-default\">\n      <span>Na\u0161e vize<\/span>\n              <i class=\"icon fs-base-const fa-solid fa-globe\" aria-hidden=\"true\"><\/i>\n          <\/a>\n  <\/div><\/div>\n        <\/div>\n          <\/div>\n<\/div>\n\n\n<div id=\"block-42\" class=\"wp-block-yellowtree-fluid-gallery alignfull position-relative is-layout-constrained overflow-hidden\">\n        <div class=\"position-absolute top-2 start-0 end-0 d-none d-md-flex my-0\">\n        <div class=\"ms-auto\">\n            <a href=\"https:\/\/icf.church\/plzen\/cs\/zapoj-se\/\" data-exclude=\"\" class=\"btn btn-outline-default\" style=\"z-index:100\">\n                <i class=\"icon fa-plus\" aria-hidden=\"true\"><\/i>\n                Zapoj se            <\/a>\n        <\/div>\n    <\/div>\n        <div class=\"position-relative is-layout-constrained alignfull fluid-gallery-height\">\n        <div class=\"position-absolute start-0 end-0 top-0 bottom-0 d-flex justify-content-center align-items-center is-layout-constrained\">\n            <div class=\"fluid-gallery-gradient\"><\/div>\n        <\/div>\n        <div class=\"fluid-gallery-scroll-container d-flex h-100 alignfull position-relative subtle-scrollbar focus-ring\">\n            <div class=\"h-100 fluid-gallery-layout\">\n                <div id=\"block-37\" class=\"wp-block-yellowtree-fluid-gallery-image\">\n    <img decoding=\"async\" width=\"683\" height=\"1024\" src=\"https:\/\/icf.church\/plzen\/wp-content\/uploads\/sites\/125\/2026\/02\/bild_neu1-683x1024.png\" class=\"w-100 h-100 object-fit-cover rounded\" alt=\"A person with short hair and a white shirt raising their hand in front of a stage with blue and whit.\" draggable=\"false\" loading=\"lazy\" sizes=\"768px\" srcset=\"https:\/\/icf.church\/plzen\/wp-content\/uploads\/sites\/125\/2026\/02\/bild_neu1-683x1024.png 683w, https:\/\/icf.church\/plzen\/wp-content\/uploads\/sites\/125\/2026\/02\/bild_neu1-200x300.png 200w, https:\/\/icf.church\/plzen\/wp-content\/uploads\/sites\/125\/2026\/02\/bild_neu1-768x1152.png 768w, https:\/\/icf.church\/plzen\/wp-content\/uploads\/sites\/125\/2026\/02\/bild_neu1-1024x1536.png 1024w, https:\/\/icf.church\/plzen\/wp-content\/uploads\/sites\/125\/2026\/02\/bild_neu1.png 1280w\"><\/div>\n<div id=\"block-38\" class=\"wp-block-yellowtree-fluid-gallery-image\">\n    <img decoding=\"async\" width=\"683\" height=\"1024\" src=\"https:\/\/icf.church\/plzen\/wp-content\/uploads\/sites\/125\/2025\/10\/eliano-davide0059-683x1024.jpg\" class=\"w-100 h-100 object-fit-cover rounded\" alt=\"An image of two men jumping on stage with smoke effects in the background.\" draggable=\"false\" loading=\"lazy\" sizes=\"768px\" srcset=\"https:\/\/icf.church\/plzen\/wp-content\/uploads\/sites\/125\/2025\/10\/eliano-davide0059-683x1024.jpg 683w, https:\/\/icf.church\/plzen\/wp-content\/uploads\/sites\/125\/2025\/10\/eliano-davide0059-200x300.jpg 200w, https:\/\/icf.church\/plzen\/wp-content\/uploads\/sites\/125\/2025\/10\/eliano-davide0059-768x1152.jpg 768w, https:\/\/icf.church\/plzen\/wp-content\/uploads\/sites\/125\/2025\/10\/eliano-davide0059-1024x1536.jpg 1024w, https:\/\/icf.church\/plzen\/wp-content\/uploads\/sites\/125\/2025\/10\/eliano-davide0059-1365x2048.jpg 1365w, https:\/\/icf.church\/plzen\/wp-content\/uploads\/sites\/125\/2025\/10\/eliano-davide0059-scaled.jpg 1707w\"><\/div>\n<div id=\"block-39\" class=\"wp-block-yellowtree-fluid-gallery-image\">\n    <img decoding=\"async\" width=\"683\" height=\"1024\" src=\"https:\/\/icf.church\/plzen\/wp-content\/uploads\/sites\/125\/2026\/02\/bild_neu3-683x1024.png\" class=\"w-100 h-100 object-fit-cover rounded\" alt=\"Three people, two children and an adult woman, sitting on a light-colored sofa. The woman and a man.\" draggable=\"false\" loading=\"lazy\" sizes=\"768px\" srcset=\"https:\/\/icf.church\/plzen\/wp-content\/uploads\/sites\/125\/2026\/02\/bild_neu3-683x1024.png 683w, https:\/\/icf.church\/plzen\/wp-content\/uploads\/sites\/125\/2026\/02\/bild_neu3-200x300.png 200w, https:\/\/icf.church\/plzen\/wp-content\/uploads\/sites\/125\/2026\/02\/bild_neu3-768x1152.png 768w, https:\/\/icf.church\/plzen\/wp-content\/uploads\/sites\/125\/2026\/02\/bild_neu3-1024x1536.png 1024w, https:\/\/icf.church\/plzen\/wp-content\/uploads\/sites\/125\/2026\/02\/bild_neu3.png 1280w\"><\/div>\n<div id=\"block-40\" class=\"wp-block-yellowtree-fluid-gallery-image\">\n    <img decoding=\"async\" width=\"683\" height=\"1024\" src=\"https:\/\/icf.church\/plzen\/wp-content\/uploads\/sites\/125\/2026\/02\/bild_neu2-683x1024.png\" class=\"w-100 h-100 object-fit-cover rounded\" alt=\"Four young men sitting on a stone wall, engaged in conversation.\" draggable=\"false\" loading=\"lazy\" sizes=\"768px\" srcset=\"https:\/\/icf.church\/plzen\/wp-content\/uploads\/sites\/125\/2026\/02\/bild_neu2-683x1024.png 683w, https:\/\/icf.church\/plzen\/wp-content\/uploads\/sites\/125\/2026\/02\/bild_neu2-200x300.png 200w, https:\/\/icf.church\/plzen\/wp-content\/uploads\/sites\/125\/2026\/02\/bild_neu2-768x1152.png 768w, https:\/\/icf.church\/plzen\/wp-content\/uploads\/sites\/125\/2026\/02\/bild_neu2-1024x1536.png 1024w, https:\/\/icf.church\/plzen\/wp-content\/uploads\/sites\/125\/2026\/02\/bild_neu2.png 1280w\"><\/div>\n<div id=\"block-41\" class=\"wp-block-yellowtree-fluid-gallery-image\">\n    <img decoding=\"async\" width=\"683\" height=\"1024\" src=\"https:\/\/icf.church\/plzen\/wp-content\/uploads\/sites\/125\/2025\/10\/sundaynight-683x1024.jpg\" class=\"w-100 h-100 object-fit-cover rounded\" alt=\"Two young women smiling and standing close together.\" draggable=\"false\" loading=\"lazy\" sizes=\"768px\" srcset=\"https:\/\/icf.church\/plzen\/wp-content\/uploads\/sites\/125\/2025\/10\/sundaynight-683x1024.jpg 683w, https:\/\/icf.church\/plzen\/wp-content\/uploads\/sites\/125\/2025\/10\/sundaynight-200x300.jpg 200w, https:\/\/icf.church\/plzen\/wp-content\/uploads\/sites\/125\/2025\/10\/sundaynight-768x1152.jpg 768w, https:\/\/icf.church\/plzen\/wp-content\/uploads\/sites\/125\/2025\/10\/sundaynight-1024x1536.jpg 1024w, https:\/\/icf.church\/plzen\/wp-content\/uploads\/sites\/125\/2025\/10\/sundaynight.jpg 1280w\"><\/div>            <\/div>\n        <\/div>\n    <\/div>\n            <div class=\"d-md-none d-flex justify-content-center mt-2\">\n            <a href=\"https:\/\/icf.church\/plzen\/cs\/zapoj-se\/\" data-exclude=\"\" class=\"btn btn-outline-default\" style=\"z-index:100\">\n                <i class=\"icon fa-plus\" aria-hidden=\"true\"><\/i>\n                Zapoj se            <\/a>\n        <\/div>\n    <\/div>\n\n<div id=\"block-55\" class=\"pt-4 pb-2 alignfull is-layout-constrained\">\n  <div>\n            <div class=\"row gx-4 gy-4 \">\n          \n\n<div id=\"block-54\" class=\"col wp-block-yellowtree-column col-12 d-flex flex-column with-streched-height-children align-items-stretch align-items-md-stretch\">\n  <h3 id=\"block-43\" class=\"h3 display-3 text-start\">\n  Kde a kdy se sch\u00e1z\u00edme<\/h3>\n\n<div id=\"block-53\" class=\"mt-4 mb-4 alignfull is-layout-constrained\">\n  <swiper-container init=\"false\" data-yt-template=\"3-col\" data-yt-pagination=\"true\" data-yt-navigation=\"true\" class=\"\">\n          <swiper-slide><article id=\"block-46\" data-bs-theme=\"dark\" class=\"wp-block-yellowtree-card card has-context-height\" style=\"--card-img-position:50% 50%\">\n        <img decoding=\"async\" width=\"1024\" height=\"683\" src=\"https:\/\/icf.church\/plzen\/wp-content\/uploads\/sites\/125\/2026\/03\/website_picture7-1024x683.jpg\" class=\"card-img-top\" alt=\"A large crowd gathered in front of a stage with bright lights and a large screen displaying &quot;RISE NA.\" draggable=\"false\" loading=\"lazy\" srcset=\"https:\/\/icf.church\/plzen\/wp-content\/uploads\/sites\/125\/2026\/03\/website_picture7-1024x683.jpg 1024w, https:\/\/icf.church\/plzen\/wp-content\/uploads\/sites\/125\/2026\/03\/website_picture7-300x200.jpg 300w, https:\/\/icf.church\/plzen\/wp-content\/uploads\/sites\/125\/2026\/03\/website_picture7-768x512.jpg 768w, https:\/\/icf.church\/plzen\/wp-content\/uploads\/sites\/125\/2026\/03\/website_picture7-1536x1024.jpg 1536w, https:\/\/icf.church\/plzen\/wp-content\/uploads\/sites\/125\/2026\/03\/website_picture7-2048x1365.jpg 2048w\" sizes=\"(max-width: 1024px) 100vw, 1024px\">    <div class=\"card-body\">\n    <h3 class=\"card-title\">Celebration v Lucern\u011b<\/h3>\n    <p class=\"card-text\">Ned\u011ble 10:30 \u00b7 Lucerna, Masarykova 90, Plze\u0148-Doubravka.<br>Bar otev\u0159en\u00fd od 10:00. P\u0159ij\u010f, jak jsi \u2014 v\u0161ichni jsou v\u00edt\u00e1ni.<\/p>\n    <div id=\"block-45\" class=\"wp-block-yellowtree-card-buttons card-buttons\">\n  \n\n  <div>\n    <a id=\"block-44\" href=\"https:\/\/maps.app.goo.gl\/d5KiC311n7jALGYS8\" class=\"wp-block-yellowtree-card-button btn btn-sm btn-secondary\">\n      <span>Zobrazit na map\u011b<\/span>\n              <i class=\"icon fs-base-const fa-arrow-right\" aria-hidden=\"true\"><\/i>\n          <\/a>\n  <\/div>\n\n<\/div>  <\/div>\n<\/article><\/swiper-slide>\n          <swiper-slide><article id=\"block-49\" data-bs-theme=\"dark\" class=\"wp-block-yellowtree-card card has-context-height\" style=\"--card-img-position:50% 50%\">\n        <img decoding=\"async\" width=\"1024\" height=\"683\" src=\"https:\/\/icf.church\/plzen\/wp-content\/uploads\/sites\/125\/2025\/10\/icf-equip-corporate-shooting-24-aug-1024x683.jpg\" class=\"card-img-top\" alt=\"A family of six sitting around a wooden dining table with food and drinks.\" draggable=\"false\" loading=\"lazy\" srcset=\"https:\/\/icf.church\/plzen\/wp-content\/uploads\/sites\/125\/2025\/10\/icf-equip-corporate-shooting-24-aug-1024x683.jpg 1024w, https:\/\/icf.church\/plzen\/wp-content\/uploads\/sites\/125\/2025\/10\/icf-equip-corporate-shooting-24-aug-300x200.jpg 300w, https:\/\/icf.church\/plzen\/wp-content\/uploads\/sites\/125\/2025\/10\/icf-equip-corporate-shooting-24-aug-768x512.jpg 768w, https:\/\/icf.church\/plzen\/wp-content\/uploads\/sites\/125\/2025\/10\/icf-equip-corporate-shooting-24-aug-1536x1025.jpg 1536w, https:\/\/icf.church\/plzen\/wp-content\/uploads\/sites\/125\/2025\/10\/icf-equip-corporate-shooting-24-aug-2048x1366.jpg 2048w\" sizes=\"(max-width: 1024px) 100vw, 1024px\">    <div class=\"card-body\">\n    <h3 class=\"card-title\">ICF Kids<\/h3>\n    <p class=\"card-text\">B\u011bhem Celebration b\u011b\u017e\u00ed z\u00e1bavn\u00fd program pro v\u0161echny d\u011bti od 3 let. Rodi\u010de tak m\u016f\u017eou v klidu sledovat bohoslu\u017ebu.<\/p>\n    <div id=\"block-48\" class=\"wp-block-yellowtree-card-buttons card-buttons\">\n  \n\n  <div>\n    <a id=\"block-47\" href=\"https:\/\/icf.church\/plzen\/cs\/navsteva\/\" class=\"wp-block-yellowtree-card-button btn btn-sm btn-secondary\">\n      <span>V\u00edce o n\u00e1v\u0161t\u011bv\u011b<\/span>\n              <i class=\"icon fs-base-const fa-arrow-right\" aria-hidden=\"true\"><\/i>\n          <\/a>\n  <\/div>\n\n<\/div>  <\/div>\n<\/article><\/swiper-slide>\n          <swiper-slide><article id=\"block-52\" data-bs-theme=\"dark\" class=\"wp-block-yellowtree-card card has-context-height\" style=\"--card-img-position:50% 50%\">\n        <img decoding=\"async\" width=\"1024\" height=\"683\" src=\"https:\/\/icf.church\/plzen\/wp-content\/uploads\/sites\/125\/2025\/10\/predigten_header-1024x683.jpg\" class=\"card-img-top\" alt=\"Stage with performers, large &quot;JESUS&quot; screen, and colorful lights.\" draggable=\"false\" loading=\"lazy\" srcset=\"https:\/\/icf.church\/plzen\/wp-content\/uploads\/sites\/125\/2025\/10\/predigten_header-1024x683.jpg 1024w, https:\/\/icf.church\/plzen\/wp-content\/uploads\/sites\/125\/2025\/10\/predigten_header-300x200.jpg 300w, https:\/\/icf.church\/plzen\/wp-content\/uploads\/sites\/125\/2025\/10\/predigten_header-768x512.jpg 768w, https:\/\/icf.church\/plzen\/wp-content\/uploads\/sites\/125\/2025\/10\/predigten_header-1536x1024.jpg 1536w, https:\/\/icf.church\/plzen\/wp-content\/uploads\/sites\/125\/2025\/10\/predigten_header.jpg 1920w\" sizes=\"(max-width: 1024px) 100vw, 1024px\">    <div class=\"card-body\">\n    <h3 class=\"card-title\">Online<\/h3>\n    <p class=\"card-text\">Nest\u00edh\u00e1\u0161 nebo jsi daleko? Sleduj online p\u0159enos z ICF Praha nebo si pus\u0165 na\u0161e k\u00e1z\u00e1n\u00ed na Spotify.<\/p>\n    <div id=\"block-51\" class=\"wp-block-yellowtree-card-buttons card-buttons\">\n  \n\n  <div>\n    <a id=\"block-50\" href=\"https:\/\/icf.church\/plzen\/cs\/kazani\/\" class=\"wp-block-yellowtree-card-button btn btn-sm btn-secondary\">\n      <span>Sledovat online<\/span>\n              <i class=\"icon fs-base-const fa-arrow-right\" aria-hidden=\"true\"><\/i>\n          <\/a>\n  <\/div>\n\n<\/div>  <\/div>\n<\/article><\/swiper-slide>\n      <\/swiper-container>\n<\/div><\/div>\n        <\/div>\n          <\/div>\n<\/div>\n\n\n<div>\n  <div id=\"block-63\" class=\"mt-6 mb-10 wp-block-yellowtree-connect-social connect-social\">\n      \n\n<h2 id=\"block-56\" class=\"text-center display-2 mb-5\">\n    Z\u016fsta\u0148 ve spojen\u00ed<\/h2>\n\n\n<p id=\"block-57\" class=\"text-center mb-6\">\n    Sleduj ICF Plze\u0148 na soci\u00e1ln\u00edch s\u00edt\u00edch a nic ti neute\u010de.<br>Pravideln\u011b sd\u00edl\u00edme novinky, akce a povzbuzen\u00ed. #icfplzen<\/p>\n\n\n<div id=\"block-62\" class=\"wp-block-yellowtree-connect-social-links d-flex gap-1 gap-md-5 justify-content-center\">\n  <html><body>\n\n\n\n\n<a id=\"block-59\" href=\"instagram.com\/icfplzen\/\" target=\"_blank\" data-variation=\"instagram\" class=\"wp-block-yellowtree-connect-social-link btn\" aria-label=\"Instagram Link\">\n  <i class=\"icon connect-social-icon fs-md-lg-const fs-h3-const fa-brands fa-instagram\" aria-hidden=\"true\"><\/i>\n<\/a>\n\n\n<a id=\"block-60\" href=\"facebook.com\/icfplzen\" target=\"_blank\" data-variation=\"facebook\" class=\"wp-block-yellowtree-connect-social-link btn\" aria-label=\"Facebook Link\">\n  <i class=\"icon connect-social-icon fs-md-lg-const fs-h3-const fa-brands fa-facebook\" aria-hidden=\"true\"><\/i>\n<\/a>\n\n\n<a id=\"block-61\" href=\"youtube.com\/@icfplzen4961\" target=\"_blank\" data-variation=\"youtube\" class=\"wp-block-yellowtree-connect-social-link btn\" aria-label=\"Youtube Link\">\n  <i class=\"icon connect-social-icon fs-md-lg-const fs-h3-const fa-brands fa-youtube\" aria-hidden=\"true\"><\/i>\n<\/a>\n<\/body><\/html><\/div>\n  <\/div>\n<\/div>\n\n\n\n<div id=\"block-68\" data-bs-theme=\"dark\" class=\"wp-block-yellowtree-divider-card card d-flex flex-column flex-lg-row py-6 py-lg-0\">\n  \n\n<div id=\"block-64\" class=\"wp-block-yellowtree-divider-card-item flex-1 d-flex flex-column position-relative text-center py-6 py-lg-10\">\n  <div class='mb-2'>\n    <div class='d-flex flex-column align-items-center gap-2'>\n      <i class='icon fs-lg-const fa-solid fa-users' aria-hidden='true'><\/i>\n      <h3 class='mb-0'>\n        <span class=\"text-container\">\n          Zapoj se        <\/span>\n      <\/h3>\n    <\/div>\n  <\/div>\n  <div class='mt-auto'>\n    <a class='text-arrow-link fs-sm text-light-3' href=\"https:\/\/icf.church\/plzen\/cs\/zapoj-se\/\">\n      Jdeme na to    <\/a>\n  <\/div>\n<\/div>\n\n\n<div id=\"block-65\" class=\"wp-block-yellowtree-divider-card-item flex-1 d-flex flex-column position-relative text-center py-6 py-lg-10\">\n  <div class='mb-2'>\n    <div class='d-flex flex-column align-items-center gap-2'>\n      <i class='icon fs-lg-const fa-location-smile' aria-hidden='true'><\/i>\n      <h3 class='mb-0'>\n        <span class=\"text-container\">\n          Napl\u00e1nuj n\u00e1v\u0161t\u011bvu        <\/span>\n      <\/h3>\n    <\/div>\n  <\/div>\n  <div class='mt-auto'>\n    <a class='text-arrow-link fs-sm text-light-3' href=\"https:\/\/icf.church\/plzen\/cs\/navsteva\/\">\n      Jdeme na to    <\/a>\n  <\/div>\n<\/div>\n\n\n<div id=\"block-66\" class=\"wp-block-yellowtree-divider-card-item flex-1 d-flex flex-column position-relative text-center py-6 py-lg-10\">\n  <div class='mb-2'>\n    <div class='d-flex flex-column align-items-center gap-2'>\n      <i class='icon fs-lg-const fa-solid fa-hand-holding-heart' aria-hidden='true'><\/i>\n      <h3 class='mb-0'>\n        <span class=\"text-container\">\n          Podpo\u0159 n\u00e1s        <\/span>\n      <\/h3>\n    <\/div>\n  <\/div>\n  <div class='mt-auto'>\n    <a class='text-arrow-link fs-sm text-light-3' href=\"https:\/\/icf.church\/plzen\/cs\/dary\/\">\n      Jdeme na to    <\/a>\n  <\/div>\n<\/div>\n\n\n<div id=\"block-67\" class=\"wp-block-yellowtree-divider-card-item flex-1 d-flex flex-column position-relative text-center py-6 py-lg-10\">\n  <div class='mb-2'>\n    <div class='d-flex flex-column align-items-center gap-2'>\n      <i class='icon fs-lg-const fa-video' aria-hidden='true'><\/i>\n      <h3 class='mb-0'>\n        <span class=\"text-container\">\n          Sleduj online        <\/span>\n      <\/h3>\n    <\/div>\n  <\/div>\n  <div class='mt-auto'>\n    <a class='text-arrow-link fs-sm text-light-3' href=\"https:\/\/www.youtube.com\/c\/icfpraha\/videos\" target=\"_blank\">\n      Jdeme na to    <\/a>\n  <\/div>\n<\/div>\n<\/div>\n","protected":false},"excerpt":{"rendered":"<p>Jsme modern\u00ed k\u0159es\u0165ansk\u00e1 c\u00edrkev v Plzni. Sch\u00e1z\u00edme se ka\u017edou ned\u011bli v 10:30 v Lucern\u011b na Doubravce \u2014 p\u0159ij\u010f tak, jak jsi.<\/p>\n","protected":false},"author":201,"featured_media":0,"parent":0,"menu_order":0,"comment_status":"closed","ping_status":"closed","template":"","meta":{"_acf_changed":false,"_seopress_titles_title":"ICF Plze\u0148 \u2013 c\u00edrkev v nov\u00e9m pojet\u00ed","_seopress_titles_desc":"Jsme modern\u00ed k\u0159es\u0165ansk\u00e1 c\u00edrkev v Plzni. Sch\u00e1z\u00edme se ka\u017edou ned\u011bli v 10:30 v Lucern\u011b na Doubravce \u2014 p\u0159ij\u010f tak, jak jsi.","_seopress_robots_index":"","_seopress_robots_follow":"","_seopress_robots_imageindex":"","_seopress_robots_snippet":"","_seopress_robots_primary_cat":"","_seopress_robots_breadcrumbs":"","_seopress_robots_freeze_modified_date":"","_seopress_robots_custom_modified_date":"","_seopress_robots_canonical":"","_seopress_social_fb_title":"","_seopress_social_fb_desc":"","_seopress_social_fb_img":"","_seopress_social_fb_img_attachment_id":0,"_seopress_social_fb_img_width":0,"_seopress_social_fb_img_height":0,"_seopress_social_twitter_title":"","_seopress_social_twitter_desc":"","_seopress_social_twitter_img":"","_seopress_social_twitter_img_attachment_id":0,"_seopress_social_twitter_img_width":0,"_seopress_social_twitter_img_height":0,"_seopress_redirections_value":"","_seopress_redirections_enabled":"","_seopress_redirections_enabled_regex":"","_seopress_redirections_logged_status":"","_seopress_redirections_param":"","_seopress_redirections_type":0,"_seopress_analysis_target_kw":"","_seopress_news_disabled":"","_seopress_video_disabled":"","_seopress_video":[],"_seopress_pro_schemas_manual":[],"_seopress_pro_rich_snippets_disable_all":"","_seopress_pro_rich_snippets_disable":[],"_seopress_pro_schemas":[],"yt_custom_styles_scss":"","yt_custom_styles_rounded_corners":false,"yt_custom_styles_color_scheme":"","footnotes":""},"class_list":["post-1109","page","type-page","status-publish","hentry"],"acf":[],"_links":{"self":[{"href":"https:\/\/icf.church\/plzen\/cs\/wp-json\/wp\/v2\/pages\/1109","targetHints":{"allow":["GET"]}}],"collection":[{"href":"https:\/\/icf.church\/plzen\/cs\/wp-json\/wp\/v2\/pages"}],"about":[{"href":"https:\/\/icf.church\/plzen\/cs\/wp-json\/wp\/v2\/types\/page"}],"author":[{"embeddable":true,"href":"https:\/\/icf.church\/plzen\/cs\/wp-json\/wp\/v2\/users\/201"}],"replies":[{"embeddable":true,"href":"https:\/\/icf.church\/plzen\/cs\/wp-json\/wp\/v2\/comments?post=1109"}],"version-history":[{"count":5,"href":"https:\/\/icf.church\/plzen\/cs\/wp-json\/wp\/v2\/pages\/1109\/revisions"}],"predecessor-version":[{"id":1201,"href":"https:\/\/icf.church\/plzen\/cs\/wp-json\/wp\/v2\/pages\/1109\/revisions\/1201"}],"wp:attachment":[{"href":"https:\/\/icf.church\/plzen\/cs\/wp-json\/wp\/v2\/media?parent=1109"}],"curies":[{"name":"wp","href":"https:\/\/api.w.org\/{rel}","templated":true}]}}