{"id":1111,"date":"2026-08-18T19:43:58","date_gmt":"2026-08-18T17:43:58","guid":{"rendered":"https:\/\/new.icf.church\/plzen\/o-nas\/"},"modified":"2026-08-25T13:26:32","modified_gmt":"2026-08-25T11:26:32","slug":"o-nas","status":"publish","type":"page","link":"https:\/\/icf.church\/plzen\/cs\/o-nas\/","title":{"rendered":"O n\u00e1s"},"content":{"rendered":"<div id=\"block-3\" class=\"pt-4 pb-2 alignfull is-layout-constrained\">\n  <div>\n            <div class=\"row gx-4 gy-4 \">\n          \n\n<div id=\"block-2\" class=\"col wp-block-yellowtree-column col-12 d-flex flex-column with-streched-height-children align-items-stretch align-items-md-stretch\">\n  <h1 id=\"block-1\" class=\"display-1 h1 text-start\">\n  V\u00edtej v ICF Plze\u0148<\/h1><\/div>\n        <\/div>\n          <\/div>\n<\/div>\n\n<div class=\"alignwide mw-100\">\n      <figure id=\"block-4\" class=\"is-style-rounded mt-2 mb-2\">\n      <div class=\"img-wrap\" style=\"max-width:100%\">\n        <img decoding=\"async\" src=\"https:\/\/icf.church\/plzen\/wp-content\/uploads\/sites\/125\/2025\/10\/angebote_header.jpg\" alt=\"\" loading=\"lazy\" title=\"\" srcset=\"https:\/\/icf.church\/plzen\/wp-content\/uploads\/sites\/125\/2025\/10\/angebote_header.jpg 1920w, https:\/\/icf.church\/plzen\/wp-content\/uploads\/sites\/125\/2025\/10\/angebote_header-300x200.jpg 300w, https:\/\/icf.church\/plzen\/wp-content\/uploads\/sites\/125\/2025\/10\/angebote_header-1024x683.jpg 1024w, https:\/\/icf.church\/plzen\/wp-content\/uploads\/sites\/125\/2025\/10\/angebote_header-768x512.jpg 768w, https:\/\/icf.church\/plzen\/wp-content\/uploads\/sites\/125\/2025\/10\/angebote_header-1536x1024.jpg 1536w\" sizes=\"(max-width: 1920px) 100vw, 1920px\" class=\"img-fluid w-100 h-100 rounded object-fit-cover\" style=\"object-position: center center\" \/>\n      <\/div>\n          <\/figure>\n    <\/div>\n\n<div id=\"block-8\" class=\"pt-2 pb-2 alignfull is-layout-constrained\">\n  <div>\n          <div class=\"row\">\n        <div class=\"col-12 col-md-10 mx-auto\">\n                <div class=\"row gx-4 gy-4 \">\n          \n\n<div id=\"block-7\" class=\"col wp-block-yellowtree-column col-12 d-flex flex-column with-streched-height-children align-items-stretch align-items-md-stretch\">\n  <h3 id=\"block-5\" class=\"mt-4 h3 display-3 text-center\">\n  C\u00cdRKEV V NOV\u00c9M POJET\u00cd<\/h3>\n\n<h3 id=\"block-6\" class=\"mt-2 mb-4 h3 text-center\">\n  ICF Plze\u0148 je k\u0159es\u0165ansk\u00e1 c\u00edrkev postaven\u00e1 na biblick\u00fdch z\u00e1kladech: autentick\u00e1, sou\u010dasn\u00e1 a nad\u0161en\u00e1 pro \u017eivot s Je\u017e\u00ed\u0161em.<\/h3><\/div>\n        <\/div>\n                <\/div>\n      <\/div>\n      <\/div>\n<\/div>\n\n<div id=\"block-15\" class=\"pt-2 pb-2 alignfull is-layout-constrained\">\n  <div>\n            <div class=\"row gx-4 gy-4 \">\n          \n\n<div id=\"block-14\" class=\"col wp-block-yellowtree-column col-12 d-flex flex-column with-streched-height-children align-items-stretch align-items-md-stretch\">\n  <div id=\"block-13\" class=\"wp-block-yellowtree-text-image d-flex flex-column flex-lg-row gap-3\">\n    \n\n<div id=\"block-9\" class=\"wp-block-yellowtree-locked-image\">\n    <img decoding=\"async\" width=\"1024\" height=\"683\" src=\"https:\/\/icf.church\/plzen\/wp-content\/uploads\/sites\/125\/2025\/10\/marina-61-icf-photo-1024x683.jpg\" class=\"w-100 h-100 object-fit-cover\" alt=\"Two people speaking into microphones in front of a green leafy wall with a neon sign that reads &quot;Chu.\" style=\"object-position: 50% 30%;\" loading=\"lazy\" sizes=\"(max-width: 992px) 100vw, 1600px\" srcset=\"https:\/\/icf.church\/plzen\/wp-content\/uploads\/sites\/125\/2025\/10\/marina-61-icf-photo-1024x683.jpg 1024w, https:\/\/icf.church\/plzen\/wp-content\/uploads\/sites\/125\/2025\/10\/marina-61-icf-photo-300x200.jpg 300w, https:\/\/icf.church\/plzen\/wp-content\/uploads\/sites\/125\/2025\/10\/marina-61-icf-photo-768x512.jpg 768w, https:\/\/icf.church\/plzen\/wp-content\/uploads\/sites\/125\/2025\/10\/marina-61-icf-photo-1536x1024.jpg 1536w, https:\/\/icf.church\/plzen\/wp-content\/uploads\/sites\/125\/2025\/10\/marina-61-icf-photo-2048x1365.jpg 2048w\"><\/div>\n\n\n\n<div id=\"block-12\" data-bs-theme=\"dark\" class=\"card wp-block-yellowtree-text-card has-context-height\">\n  <div class=\"card-body px-4 py-6 p-sm-6 p-lg-8\">\n    \n\n<h2 id=\"block-10\">\n    V\u00edtej doma!<\/h2>\n\n\n<p id=\"block-11\">\n    A\u0165 u\u017e jsi n\u00e1s na\u0161el jakkoli, jsme r\u00e1di, \u017ee jsi tady.<br><br>Tou\u017e\u00edme pom\u00e1hat lidem, aby se v\u00edce podobali Je\u017e\u00ed\u0161i Kristu a s odvahou m\u011bnili sv\u011bt kolem sebe. Jsme p\u0159esv\u011bd\u010deni, \u017ee \u017eiv\u00e1 m\u00edstn\u00ed c\u00edrkev, kde je Je\u017e\u00ed\u0161 v centru, je nad\u011bj\u00ed sv\u011bta.<br><br>Milujeme Plze\u0148sk\u00fd kraj, kter\u00fd je na\u0161\u00edm domovem, a p\u0159ejeme si ho obohatit o modern\u00ed a smysluplnou c\u00edrkev. Sn\u00edme o c\u00edrkvi, kde Je\u017e\u00ed\u0161 Kristus je st\u0159edem v\u0161eho. On je ten, kdo v n\u00e1s vyvol\u00e1v\u00e1 nad\u0161en\u00ed, kter\u00e9 p\u0159ech\u00e1z\u00ed do poselstv\u00ed prom\u011b\u0148uj\u00edc\u00edho lidsk\u00e9 \u017eivoty.<br><br>Na\u0161\u00edm p\u0159\u00e1n\u00edm je, aby mnoho lid\u00ed pro\u017e\u00edvalo c\u00edrkev a Boha nov\u00fdm zp\u016fsobem! Zveme t\u011b, aby ses stal sou\u010d\u00e1st\u00ed na\u0161eho snu. Jsi v\u00edt\u00e1n \u2014 ci\u0165 se tu jako doma.<br><br>Thomas &amp; Barbara Truncovi<br><em>Pasto\u0159i ICF Plze\u0148<\/em><\/p>\n  <\/div>\n<\/div>\n<\/div><\/div>\n        <\/div>\n          <\/div>\n<\/div>\n\n<div id=\"block-21\" class=\"pt-7 pb-2 alignfull is-layout-constrained\">\n  <div>\n            <div class=\"row gx-4 gy-4 \">\n          \n\n<div id=\"block-20\" class=\"col wp-block-yellowtree-column col-12 d-flex flex-column with-streched-height-children align-items-stretch align-items-md-stretch\">\n  <h3 id=\"block-16\" class=\"h3 display-3 text-start\">\n  Na\u0161e mise<\/h3>\n\n<p id=\"block-17\" class=\"mb-4 fs-lg text-start wp-block-paragraph\">\n  Tou\u017e\u00edme pom\u00e1hat lidem, aby se v\u00edce podobali Je\u017e\u00ed\u0161i Kristu, \u017eili beze strachu a pozitivn\u011b ovliv\u0148ovali sv\u011bt kolem sebe.<\/p>\n\n\n  <div>\n    <a id=\"block-18\" href=\"https:\/\/icf.church\/en\/vision\/\" rel=\"\" target=\"_blank\" class=\"wp-block-yellowtree-button-link btn btn-default\">\n      <span>Na\u0161e vize<\/span>\n              <i class=\"icon fs-base-const fa-solid fa-globe\" aria-hidden=\"true\"><\/i>\n          <\/a>\n  <\/div>\n\n\n\n  <div>\n    <a id=\"block-19\" href=\"https:\/\/www.icf.church\/\" rel=\"\" target=\"_blank\" class=\"wp-block-yellowtree-button-link btn btn-outline-default\">\n      <span>ICF Movement<\/span>\n              <i class=\"icon fs-base-const fa-solid fa-cross\" aria-hidden=\"true\"><\/i>\n          <\/a>\n  <\/div><\/div>\n        <\/div>\n          <\/div>\n<\/div>\n\n\n<div id=\"block-28\" class=\"wp-block-yellowtree-vision alignfull\">\n    <div class=\"vision-wrapper position-relative z-0\">\n        <div class=\"is-layout-constrained\">\n            <div class=\"position-relative\">\n                <div class=\"d-flex justify-content-center align-items-center\">\n                    <div class=\"vision-gradient w-100\"><\/div>\n                <\/div>\n                                    <div class=\"position-absolute start-50 top-50 translate-middle mw-100\" style=\"width: 40rem;\">\n                        <h3 class=\"display-3 text-center px-2 text-black mb-0\">Na\u0161e hodnoty<\/h3>\n                    <\/div>\n                                <ul class=\"list-unstyled position-absolute start-50 top-50 w-50 h-50\">\n                    <li id=\"block-22\" class=\"wp-block-yellowtree-vision-item vision-item text-black\">\n    <button class=\"btn vision-button text-black has-pulse\" type=\"button\" aria-label=\"Zobrazit v\u00edce\" data-bs-toggle=\"modal\" data-bs-target=\"#block-22-card\">\n        <i class=\"icon vision-icon fa-solid fa-party-horn\" aria-hidden=\"true\"><\/i>\n    <\/button>\n    <div id=\"block-22-card\" tabindex=\"-1\" class=\"modal fade vision-modal position-absolute start-0 top-0\" style=\"display: none;\" data-bs-backdrop=\"false\">\n        <div class=\"modal-dialog\">\n            <article class=\"card vision-card\" data-bs-theme=\"dark\">\n                <button class=\"vision-card-close btn-close-fa position-absolute end-0 top-0 mt-1 me-1\" type=\"button\" data-bs-dismiss=\"modal\" aria-label=\"Zav\u0159\u00edt kartu vize\"><\/button>\n                <div class=\"card-body p-3\">\n                    <div class=\"mt-7 mb-4 text-center\">\n                        <i class=\"icon vision-card-icon fa-solid fa-party-horn\" aria-hidden=\"true\"><\/i>\n                    <\/div>\n                    <p class=\"fs-sm-const mt-auto\">\n                        NAD\u0160EN\u00cd | V\u00edme, \u017ee radost z Hospodina je na\u0161e s\u00edla                    <\/p>\n                <\/div>\n            <\/article>\n        <\/div>\n    <\/div>\n<\/li>\n\n\n<li id=\"block-23\" class=\"wp-block-yellowtree-vision-item vision-item text-black\">\n    <button class=\"btn vision-button text-black has-pulse\" type=\"button\" aria-label=\"Zobrazit v\u00edce\" data-bs-toggle=\"modal\" data-bs-target=\"#block-23-card\">\n        <i class=\"icon vision-icon fa-solid fa-house\" aria-hidden=\"true\"><\/i>\n    <\/button>\n    <div id=\"block-23-card\" tabindex=\"-1\" class=\"modal fade vision-modal position-absolute start-0 top-0\" style=\"display: none;\" data-bs-backdrop=\"false\">\n        <div class=\"modal-dialog\">\n            <article class=\"card vision-card\" data-bs-theme=\"dark\">\n                <button class=\"vision-card-close btn-close-fa position-absolute end-0 top-0 mt-1 me-1\" type=\"button\" data-bs-dismiss=\"modal\" aria-label=\"Zav\u0159\u00edt kartu vize\"><\/button>\n                <div class=\"card-body p-3\">\n                    <div class=\"mt-7 mb-4 text-center\">\n                        <i class=\"icon vision-card-icon fa-solid fa-house\" aria-hidden=\"true\"><\/i>\n                    <\/div>\n                    <p class=\"fs-sm-const mt-auto\">\n                        POHOSTINNOST | Vytv\u00e1\u0159\u00edme atmosf\u00e9ru \u201eV\u00edtej doma\u201c                    <\/p>\n                <\/div>\n            <\/article>\n        <\/div>\n    <\/div>\n<\/li>\n\n\n<li id=\"block-24\" class=\"wp-block-yellowtree-vision-item vision-item text-black\">\n    <button class=\"btn vision-button text-black has-pulse\" type=\"button\" aria-label=\"Zobrazit v\u00edce\" data-bs-toggle=\"modal\" data-bs-target=\"#block-24-card\">\n        <i class=\"icon vision-icon fa-solid fa-face-smile-hearts\" aria-hidden=\"true\"><\/i>\n    <\/button>\n    <div id=\"block-24-card\" tabindex=\"-1\" class=\"modal fade vision-modal position-absolute start-0 top-0\" style=\"display: none;\" data-bs-backdrop=\"false\">\n        <div class=\"modal-dialog\">\n            <article class=\"card vision-card\" data-bs-theme=\"dark\">\n                <button class=\"vision-card-close btn-close-fa position-absolute end-0 top-0 mt-1 me-1\" type=\"button\" data-bs-dismiss=\"modal\" aria-label=\"Zav\u0159\u00edt kartu vize\"><\/button>\n                <div class=\"card-body p-3\">\n                    <div class=\"mt-7 mb-4 text-center\">\n                        <i class=\"icon vision-card-icon fa-solid fa-face-smile-hearts\" aria-hidden=\"true\"><\/i>\n                    <\/div>\n                    <p class=\"fs-sm-const mt-auto\">\n                        OPRAVDOVOST | \u017dijeme to, co \u0159\u00edk\u00e1me                    <\/p>\n                <\/div>\n            <\/article>\n        <\/div>\n    <\/div>\n<\/li>\n\n\n<li id=\"block-25\" class=\"wp-block-yellowtree-vision-item vision-item text-black\">\n    <button class=\"btn vision-button text-black has-pulse\" type=\"button\" aria-label=\"Zobrazit v\u00edce\" data-bs-toggle=\"modal\" data-bs-target=\"#block-25-card\">\n        <i class=\"icon vision-icon fa-solid fa-rocket-launch\" aria-hidden=\"true\"><\/i>\n    <\/button>\n    <div id=\"block-25-card\" tabindex=\"-1\" class=\"modal fade vision-modal position-absolute start-0 top-0\" style=\"display: none;\" data-bs-backdrop=\"false\">\n        <div class=\"modal-dialog\">\n            <article class=\"card vision-card\" data-bs-theme=\"dark\">\n                <button class=\"vision-card-close btn-close-fa position-absolute end-0 top-0 mt-1 me-1\" type=\"button\" data-bs-dismiss=\"modal\" aria-label=\"Zav\u0159\u00edt kartu vize\"><\/button>\n                <div class=\"card-body p-3\">\n                    <div class=\"mt-7 mb-4 text-center\">\n                        <i class=\"icon vision-card-icon fa-solid fa-rocket-launch\" aria-hidden=\"true\"><\/i>\n                    <\/div>\n                    <p class=\"fs-sm-const mt-auto\">\n                        AKTU\u00c1LNOST | Dr\u017e\u00edme tep doby                    <\/p>\n                <\/div>\n            <\/article>\n        <\/div>\n    <\/div>\n<\/li>\n\n\n<li id=\"block-26\" class=\"wp-block-yellowtree-vision-item vision-item text-black\">\n    <button class=\"btn vision-button text-black has-pulse\" type=\"button\" aria-label=\"Zobrazit v\u00edce\" data-bs-toggle=\"modal\" data-bs-target=\"#block-26-card\">\n        <i class=\"icon vision-icon fa-solid fa-hand-heart\" aria-hidden=\"true\"><\/i>\n    <\/button>\n    <div id=\"block-26-card\" tabindex=\"-1\" class=\"modal fade vision-modal position-absolute start-0 top-0\" style=\"display: none;\" data-bs-backdrop=\"false\">\n        <div class=\"modal-dialog\">\n            <article class=\"card vision-card\" data-bs-theme=\"dark\">\n                <button class=\"vision-card-close btn-close-fa position-absolute end-0 top-0 mt-1 me-1\" type=\"button\" data-bs-dismiss=\"modal\" aria-label=\"Zav\u0159\u00edt kartu vize\"><\/button>\n                <div class=\"card-body p-3\">\n                    <div class=\"mt-7 mb-4 text-center\">\n                        <i class=\"icon vision-card-icon fa-solid fa-hand-heart\" aria-hidden=\"true\"><\/i>\n                    <\/div>\n                    <p class=\"fs-sm-const mt-auto\">\n                        \u0160T\u011aDROST | Jsme po\u017eehnan\u00ed, abychom byli po\u017eehn\u00e1n\u00edm                    <\/p>\n                <\/div>\n            <\/article>\n        <\/div>\n    <\/div>\n<\/li>\n\n\n<li id=\"block-27\" class=\"wp-block-yellowtree-vision-item vision-item text-black\">\n    <button class=\"btn vision-button text-black has-pulse\" type=\"button\" aria-label=\"Zobrazit v\u00edce\" data-bs-toggle=\"modal\" data-bs-target=\"#block-27-card\">\n        <i class=\"icon vision-icon fa-solid fa-heart\" aria-hidden=\"true\"><\/i>\n    <\/button>\n    <div id=\"block-27-card\" tabindex=\"-1\" class=\"modal fade vision-modal position-absolute start-0 top-0\" style=\"display: none;\" data-bs-backdrop=\"false\">\n        <div class=\"modal-dialog\">\n            <article class=\"card vision-card\" data-bs-theme=\"dark\">\n                <button class=\"vision-card-close btn-close-fa position-absolute end-0 top-0 mt-1 me-1\" type=\"button\" data-bs-dismiss=\"modal\" aria-label=\"Zav\u0159\u00edt kartu vize\"><\/button>\n                <div class=\"card-body p-3\">\n                    <div class=\"mt-7 mb-4 text-center\">\n                        <i class=\"icon vision-card-icon fa-solid fa-heart\" aria-hidden=\"true\"><\/i>\n                    <\/div>\n                    <p class=\"fs-sm-const mt-auto\">\n                        V\u00ddJIME\u010cNOST | D\u00e1v\u00e1me Bohu to nejlep\u0161\u00ed, co m\u00e1me                    <\/p>\n                <\/div>\n            <\/article>\n        <\/div>\n    <\/div>\n<\/li>                <\/ul>\n            <\/div>\n        <\/div>\n        <div class=\"vision-backdrop\" style=\"display: none;\"><\/div>\n    <\/div>\n<\/div>\n\n<div id=\"block-32\" class=\"pt-7 pb-4 alignfull is-layout-constrained\">\n  <div>\n            <div class=\"row gx-4 gy-4 \">\n          \n\n<div id=\"block-31\" class=\"col wp-block-yellowtree-column col-12 d-flex flex-column with-streched-height-children align-items-stretch align-items-md-stretch\">\n  <h3 id=\"block-29\" class=\"h3 display-3 text-center\">\n  Sta\u0148 se sou\u010d\u00e1st\u00ed na\u0161\u00ed rodiny<\/h3>\n\n<p id=\"block-30\" class=\"fs-lg text-center wp-block-paragraph\">\n  Bez ohledu na to, odkud poch\u00e1z\u00ed\u0161, a bez ohledu na tvou historii: v\u00edtej mezi n\u00e1mi!<\/p><\/div>\n        <\/div>\n          <\/div>\n<\/div>\n\n<div id=\"block-48\" class=\"pt-4 pb-2 alignfull is-layout-constrained\">\n  <div>\n            <div class=\"row gx-4 gy-4 \">\n          \n\n<div id=\"block-47\" class=\"col wp-block-yellowtree-column col-12 d-flex flex-column with-streched-height-children align-items-stretch align-items-md-stretch\">\n  <h3 id=\"block-33\" class=\"h3 display-3 text-start\">\n  N\u00e1\u0161 kodex<\/h3>\n\n<p id=\"block-34\" class=\"text-start wp-block-paragraph\">\n  Jako c\u00edrkev neseme odpov\u011bdnost \u2014 za lidi, za pen\u00edze i za to, jak spolu jedn\u00e1me. Proto se dr\u017e\u00edme spole\u010dn\u00fdch pravidel, kter\u00e1 plat\u00ed pro v\u0161echny, kdo v ICF slou\u017e\u00ed nebo vedou.<\/p>\n\n<p id=\"block-35\" class=\"text-start wp-block-paragraph\">\n  Tady je otev\u0159en\u011b popsan\u00e9, jak to u n\u00e1s funguje.<\/p>\n\n\n<div id=\"block-46\" class=\"accordion\">\n  <body>\n\n<div id=\"block-37\" data-bs-theme=\"dark\" class=\"overflow-hidden wp-block-yellowtree-accordion-item\">\n  <div class=\"accordion-header\">\n    <button class=\"accordion-button rounded-0 collapsed focus-ring-inset\" type=\"button\" data-bs-toggle=\"collapse\" data-bs-target=\"#block-37-collapse\" aria-expanded=\"false\" aria-controls=\"block-37-collapse\">\n      <div>\n        <h3 class=\"mb-0\">\n          Pen\u00edze a odm\u011b\u0148ov\u00e1n\u00ed        <\/h3>\n              <\/div>\n      <div class=\"ms-auto accordion-icons icon-container-base\">\n        <i class=\"icon fa-arrow-right accordion-icon-default\"><\/i>\n        <i class=\"icon fa-close accordion-icon-alt\"><\/i>\n      <\/div>\n    <\/button>\n  <\/div>\n  <div id=\"block-37-collapse\" class=\"accordion-collapse collapse \" data-bs-parent=\"#block-46\">\n    <div class=\"accordion-body pt-0\">\n      <p id=\"block-36\" class=\"text-start wp-block-paragraph\">\n  ICF Plze\u0148 je financov\u00e1no z dobrovoln\u00fdch dar\u016f. S financemi hospoda\u0159\u00edme transparentn\u011b a na po\u017e\u00e1d\u00e1n\u00ed do nich d\u00e1me nahl\u00e9dnout. Pln\u00edme v\u0161echny z\u00e1konn\u00e9 povinnosti v\u010detn\u011b \u0159\u00e1dn\u00e9ho veden\u00ed \u00fa\u010detnictv\u00ed.<\/p>    <\/div>\n  <\/div>\n<\/div>\n\n\n<div id=\"block-39\" data-bs-theme=\"dark\" class=\"overflow-hidden wp-block-yellowtree-accordion-item\">\n  <div class=\"accordion-header\">\n    <button class=\"accordion-button rounded-0 collapsed focus-ring-inset\" type=\"button\" data-bs-toggle=\"collapse\" data-bs-target=\"#block-39-collapse\" aria-expanded=\"false\" aria-controls=\"block-39-collapse\">\n      <div>\n        <h3 class=\"mb-0\">\n          Zdrav\u00ed a vztahy        <\/h3>\n              <\/div>\n      <div class=\"ms-auto accordion-icons icon-container-base\">\n        <i class=\"icon fa-arrow-right accordion-icon-default\"><\/i>\n        <i class=\"icon fa-close accordion-icon-alt\"><\/i>\n      <\/div>\n    <\/button>\n  <\/div>\n  <div id=\"block-39-collapse\" class=\"accordion-collapse collapse \" data-bs-parent=\"#block-46\">\n    <div class=\"accordion-body pt-0\">\n      <p id=\"block-38\" class=\"text-start wp-block-paragraph\">\n  Vedeme zdrav\u00fd \u017eivotn\u00ed styl bez z\u00e1vislost\u00ed. Man\u017eelstv\u00ed a rodinu vn\u00edm\u00e1me jako hodnotu, kterou chceme chr\u00e1nit a podporovat.<\/p>    <\/div>\n  <\/div>\n<\/div>\n\n\n<div id=\"block-42\" data-bs-theme=\"dark\" class=\"overflow-hidden wp-block-yellowtree-accordion-item\">\n  <div class=\"accordion-header\">\n    <button class=\"accordion-button rounded-0 collapsed focus-ring-inset\" type=\"button\" data-bs-toggle=\"collapse\" data-bs-target=\"#block-42-collapse\" aria-expanded=\"false\" aria-controls=\"block-42-collapse\">\n      <div>\n        <h3 class=\"mb-0\">\n          Moc a kompetence        <\/h3>\n              <\/div>\n      <div class=\"ms-auto accordion-icons icon-container-base\">\n        <i class=\"icon fa-arrow-right accordion-icon-default\"><\/i>\n        <i class=\"icon fa-close accordion-icon-alt\"><\/i>\n      <\/div>\n    <\/button>\n  <\/div>\n  <div id=\"block-42-collapse\" class=\"accordion-collapse collapse \" data-bs-parent=\"#block-46\">\n    <div class=\"accordion-body pt-0\">\n      <p id=\"block-40\" class=\"text-start wp-block-paragraph\">\n  Nikdo u n\u00e1s nerozhoduje s\u00e1m. Veden\u00ed je sd\u00edlen\u00e9 a odpov\u011bdn\u00e9, rozhodnut\u00ed d\u011bl\u00e1me spole\u010dn\u011b a otev\u0159en\u011b.<\/p>\n\n<p id=\"block-41\" class=\"text-start wp-block-paragraph\">\n  Vztahy s lidmi, kter\u00fdm slou\u017e\u00edme, nezneu\u017e\u00edv\u00e1me k osobn\u00edmu prosp\u011bchu.<\/p>    <\/div>\n  <\/div>\n<\/div>\n\n\n<div id=\"block-45\" data-bs-theme=\"dark\" class=\"overflow-hidden wp-block-yellowtree-accordion-item\">\n  <div class=\"accordion-header\">\n    <button class=\"accordion-button rounded-0 collapsed focus-ring-inset\" type=\"button\" data-bs-toggle=\"collapse\" data-bs-target=\"#block-45-collapse\" aria-expanded=\"false\" aria-controls=\"block-45-collapse\">\n      <div>\n        <h3 class=\"mb-0\">\n          D\u016fv\u011bryhodnost a poctivost        <\/h3>\n              <\/div>\n      <div class=\"ms-auto accordion-icons icon-container-base\">\n        <i class=\"icon fa-arrow-right accordion-icon-default\"><\/i>\n        <i class=\"icon fa-close accordion-icon-alt\"><\/i>\n      <\/div>\n    <\/button>\n  <\/div>\n  <div id=\"block-45-collapse\" class=\"accordion-collapse collapse \" data-bs-parent=\"#block-46\">\n    <div class=\"accordion-body pt-0\">\n      <p id=\"block-43\" class=\"text-start wp-block-paragraph\">\n  Co \u0159\u00edk\u00e1me, to i d\u011bl\u00e1me. Chyby p\u0159izn\u00e1v\u00e1me a napravujeme.<\/p>\n\n<p id=\"block-44\" class=\"text-start wp-block-paragraph\">\n  Pokud m\u00e1\u0161 pocit, \u017ee jsme n\u011bkde selhali, ozvi se n\u00e1m \u2014 nebo se obra\u0165 na nez\u00e1visl\u00e9ho ombudsmana ICF Movement.<\/p>    <\/div>\n  <\/div>\n<\/div>\n<\/body><\/div><\/div>\n        <\/div>\n          <\/div>\n<\/div>\n\n<div id=\"block-56\" class=\"pt-7 pb-2 alignfull is-layout-constrained\">\n  <div>\n            <div class=\"row gx-4 gy-4 \">\n          \n\n<div id=\"block-55\" class=\"col wp-block-yellowtree-column col-12 d-flex flex-column with-streched-height-children align-items-stretch align-items-md-stretch\">\n  <h3 id=\"block-49\" class=\"h3 display-3 text-start\">\n  Na\u0161e historie<\/h3>\n\n<p id=\"block-50\" class=\"text-start wp-block-paragraph\">\n  Co za\u010dalo v roce 1996 pod veden\u00edm Lea a Susanny Biggerov\u00fdch ve \u0160v\u00fdcarsku, n\u00e1s inspiruje dodnes stejn\u011b jako tehdy.<\/p>\n\n<div id=\"block-54\" class=\"mt-4 mb-4 alignfull is-layout-constrained\">\n  <swiper-container init=\"false\" data-yt-template=\"3-col\" data-yt-pagination=\"true\" data-yt-navigation=\"true\" class=\"\">\n          <swiper-slide><article id=\"block-51\" data-bs-theme=\"dark\" tabindex=\"0\" data-bs-toggle=\"collapse\" data-bs-target=\"#block-51-collapse\" data-toggle-on-hover=\"true\" aria-expanded=\"false\" aria-controls=\"block-51-collapse\" class=\"card wp-block-yellowtree-history-card overflow-auto py-4 has-context-height\" style=\"--card-img-position:50% 50%;--card-aspect-ratio:1\">\n      <img decoding=\"async\" width=\"805\" height=\"1024\" src=\"https:\/\/icf.church\/plzen\/wp-content\/uploads\/sites\/125\/2025\/10\/leoundsusannabigger-805x1024.jpg\" class=\"card-bg-img opacity-75\" alt=\"\" aria-hidden=\"true\" loading=\"lazy\" srcset=\"https:\/\/icf.church\/plzen\/wp-content\/uploads\/sites\/125\/2025\/10\/leoundsusannabigger-805x1024.jpg 805w, https:\/\/icf.church\/plzen\/wp-content\/uploads\/sites\/125\/2025\/10\/leoundsusannabigger-236x300.jpg 236w, https:\/\/icf.church\/plzen\/wp-content\/uploads\/sites\/125\/2025\/10\/leoundsusannabigger-768x977.jpg 768w, https:\/\/icf.church\/plzen\/wp-content\/uploads\/sites\/125\/2025\/10\/leoundsusannabigger.jpg 1101w\" sizes=\"(max-width: 805px) 100vw, 805px\">    <div class=\"h-100 overflow-y-auto z-1\">\n    <div class=\"card-body overflow-visible py-0 px-4 min-h-100\">\n      <h3 class=\"display-3 tracking-wide mb-0 mt-auto fs-display-3-const\">1996<\/h3>\n      <div id=\"block-51-collapse\" class=\"collapse\">\n        <p class=\"mt-1\">V Curychu vznik\u00e1 prvn\u00ed ICF pod veden\u00edm Lea a Susanny Biggerov\u00fdch. Z jedn\u00e9 c\u00edrkve se postupn\u011b st\u00e1v\u00e1 mezin\u00e1rodn\u00ed hnut\u00ed.<\/p>\n      <\/div>\n    <\/div>\n  <\/div>\n<\/article><\/swiper-slide>\n          <swiper-slide><article id=\"block-52\" data-bs-theme=\"dark\" tabindex=\"0\" data-bs-toggle=\"collapse\" data-bs-target=\"#block-52-collapse\" data-toggle-on-hover=\"true\" aria-expanded=\"false\" aria-controls=\"block-52-collapse\" class=\"card wp-block-yellowtree-history-card overflow-auto py-4 has-context-height\" style=\"--card-img-position:50% 50%;--card-aspect-ratio:1\">\n      <img decoding=\"async\" width=\"1024\" height=\"695\" src=\"https:\/\/icf.church\/plzen\/wp-content\/uploads\/sites\/125\/2025\/10\/icfgeschichte-1024x695.jpg\" class=\"card-bg-img opacity-75\" alt=\"\" aria-hidden=\"true\" loading=\"lazy\" srcset=\"https:\/\/icf.church\/plzen\/wp-content\/uploads\/sites\/125\/2025\/10\/icfgeschichte-1024x695.jpg 1024w, https:\/\/icf.church\/plzen\/wp-content\/uploads\/sites\/125\/2025\/10\/icfgeschichte-300x204.jpg 300w, https:\/\/icf.church\/plzen\/wp-content\/uploads\/sites\/125\/2025\/10\/icfgeschichte-768x521.jpg 768w, https:\/\/icf.church\/plzen\/wp-content\/uploads\/sites\/125\/2025\/10\/icfgeschichte.jpg 1524w\" sizes=\"(max-width: 1024px) 100vw, 1024px\">    <div class=\"h-100 overflow-y-auto z-1\">\n    <div class=\"card-body overflow-visible py-0 px-4 min-h-100\">\n      <h3 class=\"display-3 tracking-wide mb-0 mt-auto fs-display-3-const\">2016<\/h3>\n      <div id=\"block-52-collapse\" class=\"collapse\">\n        <p class=\"mt-1\">V Plzni se sch\u00e1z\u00ed prvn\u00ed skupina lid\u00ed, ze kter\u00e9 vyroste ICF Startup Plze\u0148.<\/p>\n      <\/div>\n    <\/div>\n  <\/div>\n<\/article><\/swiper-slide>\n          <swiper-slide><article id=\"block-53\" data-bs-theme=\"dark\" tabindex=\"0\" data-bs-toggle=\"collapse\" data-bs-target=\"#block-53-collapse\" data-toggle-on-hover=\"true\" aria-expanded=\"false\" aria-controls=\"block-53-collapse\" class=\"card wp-block-yellowtree-history-card overflow-auto py-4 has-context-height\" style=\"--card-img-position:50% 50%;--card-aspect-ratio:1\">\n      <img decoding=\"async\" width=\"1024\" height=\"568\" src=\"https:\/\/icf.church\/plzen\/wp-content\/uploads\/sites\/125\/2025\/10\/icfhistory-1024x568.png\" class=\"card-bg-img opacity-75\" alt=\"\" aria-hidden=\"true\" loading=\"lazy\" srcset=\"https:\/\/icf.church\/plzen\/wp-content\/uploads\/sites\/125\/2025\/10\/icfhistory-1024x568.png 1024w, https:\/\/icf.church\/plzen\/wp-content\/uploads\/sites\/125\/2025\/10\/icfhistory-300x166.png 300w, https:\/\/icf.church\/plzen\/wp-content\/uploads\/sites\/125\/2025\/10\/icfhistory-768x426.png 768w, https:\/\/icf.church\/plzen\/wp-content\/uploads\/sites\/125\/2025\/10\/icfhistory.png 1468w\" sizes=\"(max-width: 1024px) 100vw, 1024px\">    <div class=\"h-100 overflow-y-auto z-1\">\n    <div class=\"card-body overflow-visible py-0 px-4 min-h-100\">\n      <h3 class=\"display-3 tracking-wide mb-0 mt-auto fs-display-3-const\">dnes<\/h3>\n      <div id=\"block-53-collapse\" class=\"collapse\">\n        <p class=\"mt-1\">Sch\u00e1z\u00edme se ka\u017edou ned\u011bli v Lucern\u011b na Doubravce \u2014 a po\u0159\u00e1d sn\u00edme o c\u00edrkvi, kter\u00e1 m\u011bn\u00ed m\u011bsto.<\/p>\n      <\/div>\n    <\/div>\n  <\/div>\n<\/article><\/swiper-slide>\n      <\/swiper-container>\n<\/div><\/div>\n        <\/div>\n          <\/div>\n<\/div>\n\n<div id=\"block-61\" class=\"pt-4 pb-6 alignfull is-layout-constrained\">\n  <div>\n            <div class=\"row gx-4 gy-4 \">\n          \n\n<div id=\"block-60\" class=\"col wp-block-yellowtree-column col-12 d-flex flex-column with-streched-height-children align-items-stretch align-items-md-stretch\">\n  <h3 id=\"block-57\" class=\"h3 display-3 text-start\">\n  ICF Movement<\/h3>\n\n<p id=\"block-58\" class=\"mb-4 fs-base text-start wp-block-paragraph\">\n  ICF Plze\u0148 je sou\u010d\u00e1st\u00ed ICF Movement. ICF znamen\u00e1 International Christian Fellowship. Jsme k\u0159es\u0165ansk\u00e1 c\u00edrkev, kter\u00e1 je aktu\u00e1ln\u00ed, kreativn\u00ed a inovativn\u00ed.<\/p>\n\n\n  <div>\n    <a id=\"block-59\" href=\"https:\/\/icf.church\/plzen\/cs\/zapoj-se\/\" rel=\"\" class=\"wp-block-yellowtree-button-link btn btn-default btn-sm\">\n      <span>Zapoj se<\/span>\n              <i class=\"icon fs-base-const fa-solid fa-arrow-right\" aria-hidden=\"true\"><\/i>\n          <\/a>\n  <\/div><\/div>\n        <\/div>\n          <\/div>\n<\/div>\n","protected":false},"excerpt":{"rendered":"<p>ICF Plze\u0148 je k\u0159es\u0165ansk\u00e1 c\u00edrkev postaven\u00e1 na biblick\u00fdch z\u00e1kladech: autentick\u00e1, sou\u010dasn\u00e1 a nad\u0161en\u00e1 pro \u017eivot s Je\u017e\u00ed\u0161em.<\/p>\n","protected":false},"author":201,"featured_media":0,"parent":0,"menu_order":0,"comment_status":"closed","ping_status":"closed","template":"","meta":{"_acf_changed":false,"_seopress_titles_title":"O n\u00e1s | ICF Plze\u0148","_seopress_titles_desc":"ICF Plze\u0148 je k\u0159es\u0165ansk\u00e1 c\u00edrkev postaven\u00e1 na biblick\u00fdch z\u00e1kladech: autentick\u00e1, sou\u010dasn\u00e1 a nad\u0161en\u00e1 pro \u017eivot s Je\u017e\u00ed\u0161em.","_seopress_robots_index":"","_seopress_robots_follow":"","_seopress_robots_imageindex":"","_seopress_robots_snippet":"","_seopress_robots_primary_cat":"","_seopress_robots_breadcrumbs":"","_seopress_robots_freeze_modified_date":"","_seopress_robots_custom_modified_date":"","_seopress_robots_canonical":"","_seopress_social_fb_title":"","_seopress_social_fb_desc":"","_seopress_social_fb_img":"","_seopress_social_fb_img_attachment_id":0,"_seopress_social_fb_img_width":0,"_seopress_social_fb_img_height":0,"_seopress_social_twitter_title":"","_seopress_social_twitter_desc":"","_seopress_social_twitter_img":"","_seopress_social_twitter_img_attachment_id":0,"_seopress_social_twitter_img_width":0,"_seopress_social_twitter_img_height":0,"_seopress_redirections_value":"","_seopress_redirections_enabled":"","_seopress_redirections_enabled_regex":"","_seopress_redirections_logged_status":"","_seopress_redirections_param":"","_seopress_redirections_type":0,"_seopress_analysis_target_kw":"","_seopress_news_disabled":"","_seopress_video_disabled":"","_seopress_video":[],"_seopress_pro_schemas_manual":[],"_seopress_pro_rich_snippets_disable_all":"","_seopress_pro_rich_snippets_disable":[],"_seopress_pro_schemas":[],"yt_custom_styles_scss":"","yt_custom_styles_rounded_corners":false,"yt_custom_styles_color_scheme":"","footnotes":""},"class_list":["post-1111","page","type-page","status-publish","hentry"],"acf":[],"_links":{"self":[{"href":"https:\/\/icf.church\/plzen\/cs\/wp-json\/wp\/v2\/pages\/1111","targetHints":{"allow":["GET"]}}],"collection":[{"href":"https:\/\/icf.church\/plzen\/cs\/wp-json\/wp\/v2\/pages"}],"about":[{"href":"https:\/\/icf.church\/plzen\/cs\/wp-json\/wp\/v2\/types\/page"}],"author":[{"embeddable":true,"href":"https:\/\/icf.church\/plzen\/cs\/wp-json\/wp\/v2\/users\/201"}],"replies":[{"embeddable":true,"href":"https:\/\/icf.church\/plzen\/cs\/wp-json\/wp\/v2\/comments?post=1111"}],"version-history":[{"count":1,"href":"https:\/\/icf.church\/plzen\/cs\/wp-json\/wp\/v2\/pages\/1111\/revisions"}],"predecessor-version":[{"id":1131,"href":"https:\/\/icf.church\/plzen\/cs\/wp-json\/wp\/v2\/pages\/1111\/revisions\/1131"}],"wp:attachment":[{"href":"https:\/\/icf.church\/plzen\/cs\/wp-json\/wp\/v2\/media?parent=1111"}],"curies":[{"name":"wp","href":"https:\/\/api.w.org\/{rel}","templated":true}]}}