{"id":1112,"date":"2026-08-18T19:44:00","date_gmt":"2026-08-18T17:44:00","guid":{"rendered":"https:\/\/new.icf.church\/plzen\/navsteva\/"},"modified":"2026-08-25T13:26:34","modified_gmt":"2026-08-25T11:26:34","slug":"navsteva","status":"publish","type":"page","link":"https:\/\/icf.church\/plzen\/cs\/navsteva\/","title":{"rendered":"N\u00e1v\u0161t\u011bva"},"content":{"rendered":"<div id=\"block-4\" class=\"pt-4 pb-2 alignfull is-layout-constrained\">\n  <div>\n            <div class=\"row gx-4 gy-4 \">\n          \n\n<div id=\"block-3\" class=\"col wp-block-yellowtree-column col-12 d-flex flex-column with-streched-height-children align-items-stretch align-items-md-stretch\">\n  <h1 id=\"block-1\" class=\"display-1 h1 text-start\">\n  Dob\u0159e, \u017ee jsi tu.<\/h1>\n\n<p id=\"block-2\" class=\"fs-base text-start wp-block-paragraph\">\n  P\u0159ij\u00edt poprv\u00e9 do c\u00edrkve m\u016f\u017ee b\u00fdt nerv\u00f3zn\u00ed. Tady najde\u0161 v\u0161echno, co pot\u0159ebuje\u0161 v\u011bd\u011bt, ne\u017e se u n\u00e1s zastav\u00ed\u0161.<\/p><\/div>\n        <\/div>\n          <\/div>\n<\/div>\n\n\n<div id=\"block-10\" class=\"wp-block-yellowtree-hero-stage\">\n    <div class=\"hero-stage has-links\">\n        \n\n<div id=\"block-6\" class=\"hero-stage-content\">\n    <div class=\"hero-stage-content__background\">\n        <div class=\"overlay-black-25 h-100\">\n                            <img fetchpriority=\"high\" decoding=\"async\" width=\"1920\" height=\"1280\" src=\"https:\/\/icf.church\/plzen\/wp-content\/uploads\/sites\/125\/2025\/10\/besuchen_header.jpg\" class=\"hero-stage-media\" alt=\"\" style=\"object-position: 50% 50%;\" aria-hidden=\"true\" loading=\"eager\" srcset=\"https:\/\/icf.church\/plzen\/wp-content\/uploads\/sites\/125\/2025\/10\/besuchen_header.jpg 1920w, https:\/\/icf.church\/plzen\/wp-content\/uploads\/sites\/125\/2025\/10\/besuchen_header-300x200.jpg 300w, https:\/\/icf.church\/plzen\/wp-content\/uploads\/sites\/125\/2025\/10\/besuchen_header-1024x683.jpg 1024w, https:\/\/icf.church\/plzen\/wp-content\/uploads\/sites\/125\/2025\/10\/besuchen_header-768x512.jpg 768w, https:\/\/icf.church\/plzen\/wp-content\/uploads\/sites\/125\/2025\/10\/besuchen_header-1536x1024.jpg 1536w\" sizes=\"(max-width: 1920px) 100vw, 1920px\" \/>                    <\/div>\n        <div class=\"hero-stage-gradient\"><\/div>\n    <\/div>\n    <div class=\"hero-stage-content__foreground is-layout-constrained\">\n        <h1 id=\"block-5\" class=\"display-1 text-center\">\n    Napl\u00e1nuj svou n\u00e1v\u0161t\u011bvu<\/h1>    <\/div>\n<\/div>\n\n\n<div id=\"block-9\" class=\"hero-stage-links is-layout-constrained count-2\">\n    <div class=\"icon-link-cards-layout column-gap-3 row-gap-1 justify-content-center break-md\">\n        \n\n<div id=\"block-7\" data-bs-theme=\"dark\" class=\"wp-block-yellowtree-icon-link-card\">\n  <div class='card-body flex-row justify-content-center align-items-center overflow-hidden gap-2 px-5 px-md-3 py-3 py-md-6'>\n    <div class='d-flex align-items-center gap-4 me-auto me-md-0 flex-md-column text-md-center gap-md-3'>\n      <i class='icon-square fs-2 fs-md-lg-const fa-solid fa-party-horn' aria-hidden='true'><\/i>\n      <a class='stretched-link fs-base-const' href='https:\/\/icf.church\/plzen\/cs\/akce\/' target=''>\n        Ned\u011bln\u00ed Celebration      <\/a>\n    <\/div>\n          <i class=\"icon fs-base-const fa-chevron-right ms-auto opacity-50 d-md-none\"><\/i>\n      <\/div>\n<\/div>\n\n\n<div id=\"block-8\" data-bs-theme=\"dark\" class=\"wp-block-yellowtree-icon-link-card\">\n  <div class='card-body flex-row justify-content-center align-items-center overflow-hidden gap-2 px-5 px-md-3 py-3 py-md-6'>\n    <div class='d-flex align-items-center gap-4 me-auto me-md-0 flex-md-column text-md-center gap-md-3'>\n      <i class='icon-square fs-2 fs-md-lg-const fa-solid fa-location-dot' aria-hidden='true'><\/i>\n      <a class='stretched-link fs-base-const' href='https:\/\/maps.app.goo.gl\/d5KiC311n7jALGYS8' target=''>\n        Jak se k n\u00e1m dostane\u0161      <\/a>\n    <\/div>\n          <i class=\"icon fs-base-const fa-chevron-right ms-auto opacity-50 d-md-none\"><\/i>\n      <\/div>\n<\/div>\n    <\/div>\n<\/div>\n    <\/div>\n<\/div>\n\n<div id=\"block-14\" class=\"pt-7 pb-2 alignfull is-layout-constrained\">\n  <div>\n            <div class=\"row gx-4 gy-4 \">\n          \n\n<div id=\"block-13\" class=\"col wp-block-yellowtree-column col-12 d-flex flex-column with-streched-height-children align-items-stretch align-items-md-stretch\">\n  <h3 id=\"block-11\" class=\"h3 display-3 text-start\">\n  Celebration<\/h3>\n\n<p id=\"block-12\" class=\"fs-base text-start wp-block-paragraph\">\n  Sch\u00e1z\u00edme se ka\u017edou ned\u011bli v <strong>10:30<\/strong> v Lucern\u011b na Doubravce. Program trv\u00e1 75\u201390 minut \u2014 chv\u00e1ly, praktick\u00e9 k\u00e1z\u00e1n\u00ed a spousta \u010dasu na setk\u00e1n\u00ed s lidmi.<br><br>Bar je otev\u0159en\u00fd u\u017e od 10:00, tak klidn\u011b p\u0159ij\u010f d\u0159\u00edv na k\u00e1vu. P\u0159ij\u010f tak, jak jsi \u2014 \u017e\u00e1dn\u00fd dress code u n\u00e1s nenajde\u0161.<\/p><\/div>\n        <\/div>\n          <\/div>\n<\/div>\n\n<div id=\"block-22\" class=\"pt-2 pb-2 alignfull is-layout-constrained\">\n  <div>\n            <div class=\"row gx-4 gy-4 \">\n          \n\n<div id=\"block-21\" class=\"col wp-block-yellowtree-column col-12 d-flex flex-column with-streched-height-children align-items-stretch align-items-md-stretch\">\n  <div id=\"block-20\" class=\"wp-block-yellowtree-text-image d-flex flex-column flex-lg-row gap-3\">\n    \n\n<div id=\"block-15\" class=\"wp-block-yellowtree-locked-image\">\n    <img decoding=\"async\" width=\"1024\" height=\"683\" src=\"https:\/\/icf.church\/plzen\/wp-content\/uploads\/sites\/125\/2026\/03\/website_picture7-1024x683.jpg\" class=\"w-100 h-100 object-fit-cover\" alt=\"A large crowd gathered in front of a stage with bright lights and a large screen displaying &quot;RISE NA.\" style=\"object-position: 50% 50%;\" loading=\"lazy\" sizes=\"(max-width: 992px) 100vw, 1600px\" srcset=\"https:\/\/icf.church\/plzen\/wp-content\/uploads\/sites\/125\/2026\/03\/website_picture7-1024x683.jpg 1024w, https:\/\/icf.church\/plzen\/wp-content\/uploads\/sites\/125\/2026\/03\/website_picture7-300x200.jpg 300w, https:\/\/icf.church\/plzen\/wp-content\/uploads\/sites\/125\/2026\/03\/website_picture7-768x512.jpg 768w, https:\/\/icf.church\/plzen\/wp-content\/uploads\/sites\/125\/2026\/03\/website_picture7-1536x1024.jpg 1536w, https:\/\/icf.church\/plzen\/wp-content\/uploads\/sites\/125\/2026\/03\/website_picture7-2048x1365.jpg 2048w\"><\/div>\n\n\n\n<div id=\"block-19\" data-bs-theme=\"dark\" class=\"card wp-block-yellowtree-text-card has-context-height\">\n  <div class=\"card-body px-4 py-6 p-sm-6 p-lg-8\">\n    \n\n<h2 id=\"block-16\">\n    Lucerna na Doubravce<\/h2>\n\n\n<p id=\"block-17\">\n    Masarykova 90<br>312 00 Plze\u0148-Doubravka<br><br>Ned\u011ble 10:30 \u00b7 bar od 10:00<br>Parkov\u00e1n\u00ed u budovy i v okoln\u00edch ulic\u00edch, dobr\u00e1 dostupnost MHD.<\/p>\n\n\n  <div>\n    <a id=\"block-18\" href=\"https:\/\/maps.app.goo.gl\/d5KiC311n7jALGYS8\" rel=\"\" target=\"_blank\" class=\"wp-block-yellowtree-button-link btn btn-default\">\n      <span>Zobrazit na map\u011b<\/span>\n              <i class=\"icon fs-base-const fa-solid fa-location-dot\" aria-hidden=\"true\"><\/i>\n          <\/a>\n  <\/div>\n\n  <\/div>\n<\/div>\n<\/div><\/div>\n        <\/div>\n          <\/div>\n<\/div>\n\n<div id=\"block-26\" class=\"pt-7 pb-2 alignfull is-layout-constrained\">\n  <div>\n            <div class=\"row gx-4 gy-4 \">\n          \n\n<div id=\"block-25\" class=\"col wp-block-yellowtree-column col-12 d-flex flex-column with-streched-height-children align-items-stretch align-items-md-stretch\">\n  <h3 id=\"block-23\" class=\"h3 display-3 text-start\">\n  Pro v\u0161echny generace<\/h3>\n\n<p id=\"block-24\" class=\"fs-base text-start wp-block-paragraph\">\n  Celebration je pro celou rodinu. Zat\u00edmco ty jsi na bohoslu\u017eb\u011b, tvoje d\u011bti pro\u017e\u00edvaj\u00ed sv\u016fj vlastn\u00ed program \u2014 hry, p\u0159\u00edb\u011bhy a kamar\u00e1dy.<\/p><\/div>\n        <\/div>\n          <\/div>\n<\/div>\n\n<div id=\"block-34\" class=\"pt-2 pb-2 alignfull is-layout-constrained\">\n  <div>\n            <div class=\"row gx-4 gy-4 \">\n          \n\n<div id=\"block-33\" class=\"col wp-block-yellowtree-column col-12 d-flex flex-column with-streched-height-children align-items-stretch align-items-md-stretch\">\n  <div id=\"block-32\" class=\"wp-block-yellowtree-text-image d-flex flex-column flex-lg-row gap-3\">\n    \n\n<div id=\"block-27\" class=\"wp-block-yellowtree-locked-image\">\n    <img decoding=\"async\" width=\"1024\" height=\"683\" src=\"https:\/\/icf.church\/plzen\/wp-content\/uploads\/sites\/125\/2025\/10\/icf-equip-corporate-shooting-24-aug-1024x683.jpg\" class=\"w-100 h-100 object-fit-cover\" alt=\"A family of six sitting around a wooden dining table with food and drinks.\" style=\"object-position: 50% 50%;\" loading=\"lazy\" sizes=\"(max-width: 992px) 100vw, 1600px\" srcset=\"https:\/\/icf.church\/plzen\/wp-content\/uploads\/sites\/125\/2025\/10\/icf-equip-corporate-shooting-24-aug-1024x683.jpg 1024w, https:\/\/icf.church\/plzen\/wp-content\/uploads\/sites\/125\/2025\/10\/icf-equip-corporate-shooting-24-aug-300x200.jpg 300w, https:\/\/icf.church\/plzen\/wp-content\/uploads\/sites\/125\/2025\/10\/icf-equip-corporate-shooting-24-aug-768x512.jpg 768w, https:\/\/icf.church\/plzen\/wp-content\/uploads\/sites\/125\/2025\/10\/icf-equip-corporate-shooting-24-aug-1536x1025.jpg 1536w, https:\/\/icf.church\/plzen\/wp-content\/uploads\/sites\/125\/2025\/10\/icf-equip-corporate-shooting-24-aug-2048x1366.jpg 2048w\"><\/div>\n\n\n\n<div id=\"block-31\" data-bs-theme=\"dark\" class=\"card wp-block-yellowtree-text-card has-context-height\">\n  <div class=\"card-body px-4 py-6 p-sm-6 p-lg-8\">\n    \n\n<h2 id=\"block-28\">\n    ICF Kids<\/h2>\n\n\n<p id=\"block-29\">\n    Z\u00e1bavn\u00fd program pro v\u0161echny d\u011bti od 3 let b\u011b\u017e\u00ed soub\u011b\u017en\u011b s Celebration. D\u011bti maj\u00ed vlastn\u00ed m\u00edstnost, vlastn\u00ed t\u00fdm a vlastn\u00ed verzi toho, o \u010dem mluv\u00edme na s\u00e1le.<br><br>Men\u0161\u00ed d\u011bti m\u016f\u017eou z\u016fstat s tebou v s\u00e1le \u2014 nikomu to nevad\u00ed.<\/p>\n\n\n  <div>\n    <a id=\"block-30\" href=\"https:\/\/icf.church\/plzen\/cs\/zapoj-se\/\" rel=\"\" class=\"wp-block-yellowtree-button-link btn btn-default\">\n      <span>Zapoj se<\/span>\n              <i class=\"icon fs-base-const fa-solid fa-user-group\" aria-hidden=\"true\"><\/i>\n          <\/a>\n  <\/div>\n\n  <\/div>\n<\/div>\n<\/div><\/div>\n        <\/div>\n          <\/div>\n<\/div>\n\n\n<div id=\"block-39\">\n    <div class=\"image-link-cards-layout gap-3\">\n        \n\n<article id=\"block-35\" data-bs-theme=\"dark\" class=\"card wp-block-yellowtree-image-link-card min-h-0 text-decoration-none\" style=\"--card-aspect-ratio:1;--card-img-position:50% 50%\">\n      <img decoding=\"async\" width=\"1024\" height=\"683\" src=\"https:\/\/icf.church\/plzen\/wp-content\/uploads\/sites\/125\/2025\/10\/250529_18-33-31_em-florian-d-1024x683.jpg\" class=\"card-bg-img opacity-75\" alt=\"Six people standing and talking in a bright, modern co-working space.\" aria-hidden=\"true\" loading=\"lazy\" sizes=\"(min-width: 992px) 25vw, 50vw\" srcset=\"https:\/\/icf.church\/plzen\/wp-content\/uploads\/sites\/125\/2025\/10\/250529_18-33-31_em-florian-d-1024x683.jpg 1024w, https:\/\/icf.church\/plzen\/wp-content\/uploads\/sites\/125\/2025\/10\/250529_18-33-31_em-florian-d-300x200.jpg 300w, https:\/\/icf.church\/plzen\/wp-content\/uploads\/sites\/125\/2025\/10\/250529_18-33-31_em-florian-d-768x512.jpg 768w, https:\/\/icf.church\/plzen\/wp-content\/uploads\/sites\/125\/2025\/10\/250529_18-33-31_em-florian-d-1536x1024.jpg 1536w, https:\/\/icf.church\/plzen\/wp-content\/uploads\/sites\/125\/2025\/10\/250529_18-33-31_em-florian-d-2048x1365.jpg 2048w\" \/>    <div class=\"card-body p-4 justify-content-center\">\n    <div class=\"mh-100 overflow-y-hidden\">\n          <\/div>\n  <\/div>\n<\/article>\n\n\n<article id=\"block-36\" data-bs-theme=\"dark\" class=\"card wp-block-yellowtree-image-link-card min-h-0 text-decoration-none\" style=\"--card-aspect-ratio:1;--card-img-position:50% 50%\">\n      <img decoding=\"async\" width=\"1024\" height=\"683\" src=\"https:\/\/icf.church\/plzen\/wp-content\/uploads\/sites\/125\/2025\/10\/icf-equip-corporate-shooting-24-aug-1024x683.jpg\" class=\"card-bg-img opacity-75\" alt=\"A family of six sitting around a wooden dining table with food and drinks.\" aria-hidden=\"true\" loading=\"lazy\" sizes=\"(min-width: 992px) 25vw, 50vw\" srcset=\"https:\/\/icf.church\/plzen\/wp-content\/uploads\/sites\/125\/2025\/10\/icf-equip-corporate-shooting-24-aug-1024x683.jpg 1024w, https:\/\/icf.church\/plzen\/wp-content\/uploads\/sites\/125\/2025\/10\/icf-equip-corporate-shooting-24-aug-300x200.jpg 300w, https:\/\/icf.church\/plzen\/wp-content\/uploads\/sites\/125\/2025\/10\/icf-equip-corporate-shooting-24-aug-768x512.jpg 768w, https:\/\/icf.church\/plzen\/wp-content\/uploads\/sites\/125\/2025\/10\/icf-equip-corporate-shooting-24-aug-1536x1025.jpg 1536w, https:\/\/icf.church\/plzen\/wp-content\/uploads\/sites\/125\/2025\/10\/icf-equip-corporate-shooting-24-aug-2048x1366.jpg 2048w\" \/>    <div class=\"card-body p-4 justify-content-center\">\n    <div class=\"mh-100 overflow-y-hidden\">\n          <\/div>\n  <\/div>\n<\/article>\n\n\n<article id=\"block-37\" data-bs-theme=\"dark\" class=\"card wp-block-yellowtree-image-link-card min-h-0 text-decoration-none\" style=\"--card-aspect-ratio:1;--card-img-position:50% 50%\">\n      <img decoding=\"async\" width=\"683\" height=\"1024\" src=\"https:\/\/icf.church\/plzen\/wp-content\/uploads\/sites\/125\/2025\/10\/250529_12-36-38_conf-lydia-g-683x1024.jpg\" class=\"card-bg-img opacity-75\" alt=\"A group of young people playing foosball under a white canopy tent decorated with colorful pennant b.\" aria-hidden=\"true\" loading=\"lazy\" sizes=\"(min-width: 992px) 25vw, 50vw\" srcset=\"https:\/\/icf.church\/plzen\/wp-content\/uploads\/sites\/125\/2025\/10\/250529_12-36-38_conf-lydia-g-683x1024.jpg 683w, https:\/\/icf.church\/plzen\/wp-content\/uploads\/sites\/125\/2025\/10\/250529_12-36-38_conf-lydia-g-200x300.jpg 200w, https:\/\/icf.church\/plzen\/wp-content\/uploads\/sites\/125\/2025\/10\/250529_12-36-38_conf-lydia-g-768x1152.jpg 768w, https:\/\/icf.church\/plzen\/wp-content\/uploads\/sites\/125\/2025\/10\/250529_12-36-38_conf-lydia-g-1024x1536.jpg 1024w, https:\/\/icf.church\/plzen\/wp-content\/uploads\/sites\/125\/2025\/10\/250529_12-36-38_conf-lydia-g-1365x2048.jpg 1365w, https:\/\/icf.church\/plzen\/wp-content\/uploads\/sites\/125\/2025\/10\/250529_12-36-38_conf-lydia-g-scaled.jpg 1707w\" \/>    <div class=\"card-body p-4 justify-content-center\">\n    <div class=\"mh-100 overflow-y-hidden\">\n          <\/div>\n  <\/div>\n<\/article>\n\n\n<article id=\"block-38\" data-bs-theme=\"dark\" class=\"card wp-block-yellowtree-image-link-card min-h-0 text-decoration-none\" style=\"--card-aspect-ratio:1;--card-img-position:50% 50%\">\n      <img decoding=\"async\" width=\"1024\" height=\"683\" src=\"https:\/\/icf.church\/plzen\/wp-content\/uploads\/sites\/125\/2025\/10\/icf-equip-corporate-shooting-24-1-1024x683.jpg\" class=\"card-bg-img opacity-75\" alt=\"Six young adults standing outside on a city street, talking and smiling.\" aria-hidden=\"true\" loading=\"lazy\" sizes=\"(min-width: 992px) 25vw, 50vw\" srcset=\"https:\/\/icf.church\/plzen\/wp-content\/uploads\/sites\/125\/2025\/10\/icf-equip-corporate-shooting-24-1-1024x683.jpg 1024w, https:\/\/icf.church\/plzen\/wp-content\/uploads\/sites\/125\/2025\/10\/icf-equip-corporate-shooting-24-1-300x200.jpg 300w, https:\/\/icf.church\/plzen\/wp-content\/uploads\/sites\/125\/2025\/10\/icf-equip-corporate-shooting-24-1-768x512.jpg 768w, https:\/\/icf.church\/plzen\/wp-content\/uploads\/sites\/125\/2025\/10\/icf-equip-corporate-shooting-24-1-1536x1024.jpg 1536w, https:\/\/icf.church\/plzen\/wp-content\/uploads\/sites\/125\/2025\/10\/icf-equip-corporate-shooting-24-1-2048x1365.jpg 2048w\" \/>    <div class=\"card-body p-4 justify-content-center\">\n    <div class=\"mh-100 overflow-y-hidden\">\n          <\/div>\n  <\/div>\n<\/article>\n    <\/div>\n<\/div>\n\n<div id=\"block-58\" class=\"pt-7 pb-2 alignfull is-layout-constrained\">\n  <div>\n            <div class=\"row gx-4 gy-4 \">\n          \n\n<div id=\"block-57\" class=\"col wp-block-yellowtree-column col-12 d-flex flex-column with-streched-height-children align-items-stretch align-items-md-stretch\">\n  <h3 id=\"block-40\" class=\"h3 display-3 text-start\">\n  FAQ \u2013 dobr\u00e9 v\u011bd\u011bt<\/h3>\n\n<p id=\"block-41\" class=\"text-start wp-block-paragraph\">\n  Nej\u010dast\u011bj\u0161\u00ed ot\u00e1zky lid\u00ed, kte\u0159\u00ed se k n\u00e1m chystaj\u00ed poprv\u00e9.<\/p>\n\n\n<div id=\"block-56\" class=\"accordion\">\n  <body>\n\n<div id=\"block-43\" data-bs-theme=\"dark\" class=\"overflow-hidden wp-block-yellowtree-accordion-item\">\n  <div class=\"accordion-header\">\n    <button class=\"accordion-button rounded-0 collapsed focus-ring-inset\" type=\"button\" data-bs-toggle=\"collapse\" data-bs-target=\"#block-43-collapse\" aria-expanded=\"false\" aria-controls=\"block-43-collapse\">\n      <div>\n        <h3 class=\"mb-0\">\n          Jak se m\u00e1m obl\u00e9ct?        <\/h3>\n              <\/div>\n      <div class=\"ms-auto accordion-icons icon-container-base\">\n        <i class=\"icon fa-arrow-right accordion-icon-default\"><\/i>\n        <i class=\"icon fa-close accordion-icon-alt\"><\/i>\n      <\/div>\n    <\/button>\n  <\/div>\n  <div id=\"block-43-collapse\" class=\"accordion-collapse collapse \" data-bs-parent=\"#block-56\">\n    <div class=\"accordion-body pt-0\">\n      <p id=\"block-42\" class=\"text-start wp-block-paragraph\">\n  Jak ti bude p\u0159\u00edjemn\u011b. N\u011bkdo p\u0159ijde v mikin\u011b, n\u011bkdo v ko\u0161ili \u2014 oboj\u00ed je u n\u00e1s \u00fapln\u011b v pohod\u011b.<\/p>    <\/div>\n  <\/div>\n<\/div>\n\n\n<div id=\"block-45\" data-bs-theme=\"dark\" class=\"overflow-hidden wp-block-yellowtree-accordion-item\">\n  <div class=\"accordion-header\">\n    <button class=\"accordion-button rounded-0 collapsed focus-ring-inset\" type=\"button\" data-bs-toggle=\"collapse\" data-bs-target=\"#block-45-collapse\" aria-expanded=\"false\" aria-controls=\"block-45-collapse\">\n      <div>\n        <h3 class=\"mb-0\">\n          Kde zaparkuju?        <\/h3>\n              <\/div>\n      <div class=\"ms-auto accordion-icons icon-container-base\">\n        <i class=\"icon fa-arrow-right accordion-icon-default\"><\/i>\n        <i class=\"icon fa-close accordion-icon-alt\"><\/i>\n      <\/div>\n    <\/button>\n  <\/div>\n  <div id=\"block-45-collapse\" class=\"accordion-collapse collapse \" data-bs-parent=\"#block-56\">\n    <div class=\"accordion-body pt-0\">\n      <p id=\"block-44\" class=\"text-start wp-block-paragraph\">\n  U Lucerny je parkovi\u0161t\u011b a dal\u0161\u00ed m\u00edsta najde\u0161 v okoln\u00edch ulic\u00edch. Doubravka je dob\u0159e dostupn\u00e1 i MHD.<\/p>    <\/div>\n  <\/div>\n<\/div>\n\n\n<div id=\"block-47\" data-bs-theme=\"dark\" class=\"overflow-hidden wp-block-yellowtree-accordion-item\">\n  <div class=\"accordion-header\">\n    <button class=\"accordion-button rounded-0 collapsed focus-ring-inset\" type=\"button\" data-bs-toggle=\"collapse\" data-bs-target=\"#block-47-collapse\" aria-expanded=\"false\" aria-controls=\"block-47-collapse\">\n      <div>\n        <h3 class=\"mb-0\">\n          M\u016f\u017eu p\u0159ij\u00edt s d\u011btmi?        <\/h3>\n              <\/div>\n      <div class=\"ms-auto accordion-icons icon-container-base\">\n        <i class=\"icon fa-arrow-right accordion-icon-default\"><\/i>\n        <i class=\"icon fa-close accordion-icon-alt\"><\/i>\n      <\/div>\n    <\/button>\n  <\/div>\n  <div id=\"block-47-collapse\" class=\"accordion-collapse collapse \" data-bs-parent=\"#block-56\">\n    <div class=\"accordion-body pt-0\">\n      <p id=\"block-46\" class=\"text-start wp-block-paragraph\">\n  Ur\u010dit\u011b. B\u011bhem Celebration b\u011b\u017e\u00ed program ICF Kids pro d\u011bti od 3 let. Men\u0161\u00ed d\u011bti m\u016f\u017eou z\u016fstat s tebou v s\u00e1le.<\/p>    <\/div>\n  <\/div>\n<\/div>\n\n\n<div id=\"block-49\" data-bs-theme=\"dark\" class=\"overflow-hidden wp-block-yellowtree-accordion-item\">\n  <div class=\"accordion-header\">\n    <button class=\"accordion-button rounded-0 collapsed focus-ring-inset\" type=\"button\" data-bs-toggle=\"collapse\" data-bs-target=\"#block-49-collapse\" aria-expanded=\"false\" aria-controls=\"block-49-collapse\">\n      <div>\n        <h3 class=\"mb-0\">\n          Jak dlouho to trv\u00e1?        <\/h3>\n              <\/div>\n      <div class=\"ms-auto accordion-icons icon-container-base\">\n        <i class=\"icon fa-arrow-right accordion-icon-default\"><\/i>\n        <i class=\"icon fa-close accordion-icon-alt\"><\/i>\n      <\/div>\n    <\/button>\n  <\/div>\n  <div id=\"block-49-collapse\" class=\"accordion-collapse collapse \" data-bs-parent=\"#block-56\">\n    <div class=\"accordion-body pt-0\">\n      <p id=\"block-48\" class=\"text-start wp-block-paragraph\">\n  Program m\u00e1 75\u201390 minut. Po n\u011bm v\u011bt\u0161inou z\u016fst\u00e1v\u00e1me na k\u00e1vu a pov\u00edd\u00e1n\u00ed, ale nemus\u00ed\u0161 nikam sp\u011bchat ani nikde z\u016fst\u00e1vat.<\/p>    <\/div>\n  <\/div>\n<\/div>\n\n\n<div id=\"block-51\" data-bs-theme=\"dark\" class=\"overflow-hidden wp-block-yellowtree-accordion-item\">\n  <div class=\"accordion-header\">\n    <button class=\"accordion-button rounded-0 collapsed focus-ring-inset\" type=\"button\" data-bs-toggle=\"collapse\" data-bs-target=\"#block-51-collapse\" aria-expanded=\"false\" aria-controls=\"block-51-collapse\">\n      <div>\n        <h3 class=\"mb-0\">\n          Mus\u00edm se registrovat nebo n\u011bco platit?        <\/h3>\n              <\/div>\n      <div class=\"ms-auto accordion-icons icon-container-base\">\n        <i class=\"icon fa-arrow-right accordion-icon-default\"><\/i>\n        <i class=\"icon fa-close accordion-icon-alt\"><\/i>\n      <\/div>\n    <\/button>\n  <\/div>\n  <div id=\"block-51-collapse\" class=\"accordion-collapse collapse \" data-bs-parent=\"#block-56\">\n    <div class=\"accordion-body pt-0\">\n      <p id=\"block-50\" class=\"text-start wp-block-paragraph\">\n  Ne. Celebration je zdarma a bez registrace. Prost\u011b p\u0159ij\u010f.<\/p>    <\/div>\n  <\/div>\n<\/div>\n\n\n<div id=\"block-53\" data-bs-theme=\"dark\" class=\"overflow-hidden wp-block-yellowtree-accordion-item\">\n  <div class=\"accordion-header\">\n    <button class=\"accordion-button rounded-0 collapsed focus-ring-inset\" type=\"button\" data-bs-toggle=\"collapse\" data-bs-target=\"#block-53-collapse\" aria-expanded=\"false\" aria-controls=\"block-53-collapse\">\n      <div>\n        <h3 class=\"mb-0\">\n          Jsem tu poprv\u00e9 a nikoho nezn\u00e1m.        <\/h3>\n              <\/div>\n      <div class=\"ms-auto accordion-icons icon-container-base\">\n        <i class=\"icon fa-arrow-right accordion-icon-default\"><\/i>\n        <i class=\"icon fa-close accordion-icon-alt\"><\/i>\n      <\/div>\n    <\/button>\n  <\/div>\n  <div id=\"block-53-collapse\" class=\"accordion-collapse collapse \" data-bs-parent=\"#block-56\">\n    <div class=\"accordion-body pt-0\">\n      <p id=\"block-52\" class=\"text-start wp-block-paragraph\">\n  To je \u00fapln\u011b v po\u0159\u00e1dku \u2014 ka\u017ed\u00fd tu jednou byl poprv\u00e9. Dej v\u011bd\u011bt u vchodu, \u017ee jsi tu nov\u00fd, a r\u00e1di t\u011b provedeme a n\u011bkoho ti p\u0159edstav\u00edme.<\/p>    <\/div>\n  <\/div>\n<\/div>\n\n\n<div id=\"block-55\" data-bs-theme=\"dark\" class=\"overflow-hidden wp-block-yellowtree-accordion-item\">\n  <div class=\"accordion-header\">\n    <button class=\"accordion-button rounded-0 collapsed focus-ring-inset\" type=\"button\" data-bs-toggle=\"collapse\" data-bs-target=\"#block-55-collapse\" aria-expanded=\"false\" aria-controls=\"block-55-collapse\">\n      <div>\n        <h3 class=\"mb-0\">\n          Nest\u00edh\u00e1m p\u0159ij\u00edt osobn\u011b.        <\/h3>\n              <\/div>\n      <div class=\"ms-auto accordion-icons icon-container-base\">\n        <i class=\"icon fa-arrow-right accordion-icon-default\"><\/i>\n        <i class=\"icon fa-close accordion-icon-alt\"><\/i>\n      <\/div>\n    <\/button>\n  <\/div>\n  <div id=\"block-55-collapse\" class=\"accordion-collapse collapse \" data-bs-parent=\"#block-56\">\n    <div class=\"accordion-body pt-0\">\n      <p id=\"block-54\" class=\"text-start wp-block-paragraph\">\n  M\u016f\u017ee\u0161 sledovat online p\u0159enos z ICF Praha nebo si pustit na\u0161e k\u00e1z\u00e1n\u00ed na Spotify.<\/p>    <\/div>\n  <\/div>\n<\/div>\n<\/body><\/div><\/div>\n        <\/div>\n          <\/div>\n<\/div>\n\n\n<div>\n  <div id=\"block-66\" class=\"mt-6 mb-10 wp-block-yellowtree-connect-social connect-social\">\n      \n\n<h2 id=\"block-59\" class=\"text-center display-2 mb-5\">\n    Z\u016fsta\u0148 ve spojen\u00ed<\/h2>\n\n\n<p id=\"block-60\" class=\"text-center mb-6\">\n    Sleduj ICF Plze\u0148 na soci\u00e1ln\u00edch s\u00edt\u00edch a nic ti neute\u010de.<br>Pravideln\u011b sd\u00edl\u00edme novinky, akce a povzbuzen\u00ed. #icfplzen<\/p>\n\n\n<div id=\"block-65\" class=\"wp-block-yellowtree-connect-social-links d-flex gap-1 gap-md-5 justify-content-center\">\n  <html><body>\n\n\n\n\n<a id=\"block-62\" href=\"instagram.com\/icfplzen\/\" target=\"_blank\" data-variation=\"instagram\" class=\"wp-block-yellowtree-connect-social-link btn\" aria-label=\"Instagram Link\">\n  <i class=\"icon connect-social-icon fs-md-lg-const fs-h3-const fa-brands fa-instagram\" aria-hidden=\"true\"><\/i>\n<\/a>\n\n\n<a id=\"block-63\" href=\"facebook.com\/icfplzen\" target=\"_blank\" data-variation=\"facebook\" class=\"wp-block-yellowtree-connect-social-link btn\" aria-label=\"Facebook Link\">\n  <i class=\"icon connect-social-icon fs-md-lg-const fs-h3-const fa-brands fa-facebook\" aria-hidden=\"true\"><\/i>\n<\/a>\n\n\n<a id=\"block-64\" href=\"youtube.com\/@icfplzen4961\" target=\"_blank\" data-variation=\"youtube\" class=\"wp-block-yellowtree-connect-social-link btn\" aria-label=\"Youtube Link\">\n  <i class=\"icon connect-social-icon fs-md-lg-const fs-h3-const fa-brands fa-youtube\" aria-hidden=\"true\"><\/i>\n<\/a>\n<\/body><\/html><\/div>\n  <\/div>\n<\/div>\n\n\n\n<div id=\"block-70\" data-bs-theme=\"dark\" class=\"wp-block-yellowtree-divider-card card d-flex flex-column flex-lg-row py-6 py-lg-0\">\n  \n\n<div id=\"block-67\" class=\"wp-block-yellowtree-divider-card-item flex-1 d-flex flex-column position-relative text-center py-6 py-lg-10\">\n  <div class='mb-2'>\n    <div class='d-flex flex-column align-items-center gap-2'>\n      <i class='icon fs-lg-const fa-solid fa-users' aria-hidden='true'><\/i>\n      <h3 class='mb-0'>\n        <span class=\"text-container\">\n          Zapoj se        <\/span>\n      <\/h3>\n    <\/div>\n  <\/div>\n  <div class='mt-auto'>\n    <a class='text-arrow-link fs-sm text-light-3' href=\"https:\/\/icf.church\/plzen\/cs\/zapoj-se\/\">\n      Jdeme na to    <\/a>\n  <\/div>\n<\/div>\n\n\n<div id=\"block-68\" class=\"wp-block-yellowtree-divider-card-item flex-1 d-flex flex-column position-relative text-center py-6 py-lg-10\">\n  <div class='mb-2'>\n    <div class='d-flex flex-column align-items-center gap-2'>\n      <i class='icon fs-lg-const fa-solid fa-party-horn' aria-hidden='true'><\/i>\n      <h3 class='mb-0'>\n        <span class=\"text-container\">\n          Nab\u00eddka a akce        <\/span>\n      <\/h3>\n    <\/div>\n  <\/div>\n  <div class='mt-auto'>\n    <a class='text-arrow-link fs-sm text-light-3' href=\"https:\/\/icf.church\/plzen\/cs\/akce\/\">\n      Co se d\u011bje    <\/a>\n  <\/div>\n<\/div>\n\n\n<div id=\"block-69\" class=\"wp-block-yellowtree-divider-card-item flex-1 d-flex flex-column position-relative text-center py-6 py-lg-10\">\n  <div class='mb-2'>\n    <div class='d-flex flex-column align-items-center gap-2'>\n      <i class='icon fs-lg-const fa-video' aria-hidden='true'><\/i>\n      <h3 class='mb-0'>\n        <span class=\"text-container\">\n          Sleduj online        <\/span>\n      <\/h3>\n    <\/div>\n  <\/div>\n  <div class='mt-auto'>\n    <a class='text-arrow-link fs-sm text-light-3' href=\"https:\/\/www.youtube.com\/c\/icfpraha\/videos\" target=\"_blank\">\n      Jdeme na to    <\/a>\n  <\/div>\n<\/div>\n<\/div>\n","protected":false},"excerpt":{"rendered":"<p>Ka\u017edou ned\u011bli slav\u00edme Celebration \u2014 radostnou bohoslu\u017ebu s praktick\u00fdm k\u00e1z\u00e1n\u00edm. Tady najde\u0161 v\u0161echno, co pot\u0159ebuje\u0161 v\u011bd\u011bt p\u0159ed prvn\u00ed n\u00e1v\u0161t\u011bvou.<\/p>\n","protected":false},"author":201,"featured_media":0,"parent":0,"menu_order":0,"comment_status":"closed","ping_status":"closed","template":"","meta":{"_acf_changed":false,"_seopress_titles_title":"Napl\u00e1nuj n\u00e1v\u0161t\u011bvu | ICF Plze\u0148","_seopress_titles_desc":"Ka\u017edou ned\u011bli slav\u00edme Celebration \u2014 radostnou bohoslu\u017ebu s praktick\u00fdm k\u00e1z\u00e1n\u00edm. Tady najde\u0161 v\u0161echno, co pot\u0159ebuje\u0161 v\u011bd\u011bt p\u0159ed prvn\u00ed n\u00e1v\u0161t\u011bvou.","_seopress_robots_index":"","_seopress_robots_follow":"","_seopress_robots_imageindex":"","_seopress_robots_snippet":"","_seopress_robots_primary_cat":"","_seopress_robots_breadcrumbs":"","_seopress_robots_freeze_modified_date":"","_seopress_robots_custom_modified_date":"","_seopress_robots_canonical":"","_seopress_social_fb_title":"","_seopress_social_fb_desc":"","_seopress_social_fb_img":"","_seopress_social_fb_img_attachment_id":0,"_seopress_social_fb_img_width":0,"_seopress_social_fb_img_height":0,"_seopress_social_twitter_title":"","_seopress_social_twitter_desc":"","_seopress_social_twitter_img":"","_seopress_social_twitter_img_attachment_id":0,"_seopress_social_twitter_img_width":0,"_seopress_social_twitter_img_height":0,"_seopress_redirections_value":"","_seopress_redirections_enabled":"","_seopress_redirections_enabled_regex":"","_seopress_redirections_logged_status":"","_seopress_redirections_param":"","_seopress_redirections_type":0,"_seopress_analysis_target_kw":"","_seopress_news_disabled":"","_seopress_video_disabled":"","_seopress_video":[],"_seopress_pro_schemas_manual":[],"_seopress_pro_rich_snippets_disable_all":"","_seopress_pro_rich_snippets_disable":[],"_seopress_pro_schemas":[],"yt_custom_styles_scss":"","yt_custom_styles_rounded_corners":false,"yt_custom_styles_color_scheme":"","footnotes":""},"class_list":["post-1112","page","type-page","status-publish","hentry"],"acf":[],"_links":{"self":[{"href":"https:\/\/icf.church\/plzen\/cs\/wp-json\/wp\/v2\/pages\/1112","targetHints":{"allow":["GET"]}}],"collection":[{"href":"https:\/\/icf.church\/plzen\/cs\/wp-json\/wp\/v2\/pages"}],"about":[{"href":"https:\/\/icf.church\/plzen\/cs\/wp-json\/wp\/v2\/types\/page"}],"author":[{"embeddable":true,"href":"https:\/\/icf.church\/plzen\/cs\/wp-json\/wp\/v2\/users\/201"}],"replies":[{"embeddable":true,"href":"https:\/\/icf.church\/plzen\/cs\/wp-json\/wp\/v2\/comments?post=1112"}],"version-history":[{"count":1,"href":"https:\/\/icf.church\/plzen\/cs\/wp-json\/wp\/v2\/pages\/1112\/revisions"}],"predecessor-version":[{"id":1132,"href":"https:\/\/icf.church\/plzen\/cs\/wp-json\/wp\/v2\/pages\/1112\/revisions\/1132"}],"wp:attachment":[{"href":"https:\/\/icf.church\/plzen\/cs\/wp-json\/wp\/v2\/media?parent=1112"}],"curies":[{"name":"wp","href":"https:\/\/api.w.org\/{rel}","templated":true}]}}