{"id":1113,"date":"2026-08-18T19:44:04","date_gmt":"2026-08-18T17:44:04","guid":{"rendered":"https:\/\/new.icf.church\/plzen\/akce\/"},"modified":"2026-08-25T14:14:18","modified_gmt":"2026-08-25T12:14:18","slug":"akce","status":"publish","type":"page","link":"https:\/\/icf.church\/plzen\/cs\/akce\/","title":{"rendered":"Nab\u00eddka a akce"},"content":{"rendered":"<div id=\"block-3\" class=\"pt-4 pb-4 alignfull is-layout-constrained\">\n  <div>\n            <div class=\"row gx-4 gy-4 \">\n          \n\n<div id=\"block-2\" class=\"col wp-block-yellowtree-column col-12 d-flex flex-column with-streched-height-children align-items-stretch align-items-md-stretch\">\n  <h1 id=\"block-1\" class=\"display-1 h1 text-start\">\n  Nab\u00eddka a akce<\/h1><\/div>\n        <\/div>\n          <\/div>\n<\/div>\n\n<div id=\"block-6\" class=\"pt-2 pb-2 alignfull is-layout-constrained\">\n  <div>\n            <div class=\"row gx-4 gy-4 \">\n          \n\n<div id=\"block-5\" class=\"col wp-block-yellowtree-column col-12 d-flex flex-column with-streched-height-children align-items-stretch align-items-md-stretch\">\n  <p id=\"block-4\" class=\"fs-base text-start wp-block-paragraph\">\n  Objev nab\u00eddky a akce, kter\u00e9 pos\u00edl\u00ed tvou v\u00edru a l\u00e1sku k Bohu, p\u0159inesou praktickou podporu, nov\u00e1 p\u0159\u00e1telstv\u00ed a hlub\u0161\u00ed vztahy.<\/p><\/div>\n        <\/div>\n          <\/div>\n<\/div>\n\n<div id=\"block-27\" class=\"pt-2 pb-2 alignfull is-layout-constrained\">\n  <div>\n            <div class=\"row gx-4 gy-4 \">\n          \n\n<div id=\"block-26\" class=\"col wp-block-yellowtree-column col-12 d-flex flex-column with-streched-height-children align-items-stretch align-items-md-stretch\">\n  <div id=\"block-25\" class=\"mt-4 mb-6 alignfull is-layout-constrained\">\n  <swiper-container init=\"false\" data-yt-template=\"3-col\" data-yt-pagination=\"true\" data-yt-navigation=\"true\" class=\"has-full-height-slides \">\n          <swiper-slide><article id=\"block-9\" data-bs-theme=\"dark\" class=\"wp-block-yellowtree-card card has-context-height\" style=\"--card-img-position:50% 50%\">\n      <div class=\"card-tags card-tags--float\">\n                <div class=\"badge text-bg-primary\" style=\"\">\n            KA\u017dDOU NED\u011aLI          <\/div>\n          <\/div>\n        <img decoding=\"async\" width=\"683\" height=\"1024\" src=\"https:\/\/icf.church\/plzen\/wp-content\/uploads\/sites\/125\/2025\/10\/250529_11-45-59_conf-jakob-m-683x1024.jpg\" class=\"card-img-top\" alt=\"Group of people raising hands during a worship service with a large screen showing a musician playin.\" draggable=\"false\" loading=\"lazy\" srcset=\"https:\/\/icf.church\/plzen\/wp-content\/uploads\/sites\/125\/2025\/10\/250529_11-45-59_conf-jakob-m-683x1024.jpg 683w, https:\/\/icf.church\/plzen\/wp-content\/uploads\/sites\/125\/2025\/10\/250529_11-45-59_conf-jakob-m-200x300.jpg 200w, https:\/\/icf.church\/plzen\/wp-content\/uploads\/sites\/125\/2025\/10\/250529_11-45-59_conf-jakob-m-768x1152.jpg 768w, https:\/\/icf.church\/plzen\/wp-content\/uploads\/sites\/125\/2025\/10\/250529_11-45-59_conf-jakob-m-1024x1536.jpg 1024w, https:\/\/icf.church\/plzen\/wp-content\/uploads\/sites\/125\/2025\/10\/250529_11-45-59_conf-jakob-m-1365x2048.jpg 1365w, https:\/\/icf.church\/plzen\/wp-content\/uploads\/sites\/125\/2025\/10\/250529_11-45-59_conf-jakob-m-scaled.jpg 1706w\" sizes=\"(max-width: 683px) 100vw, 683px\">    <div class=\"card-body\">\n    <h3 class=\"card-title\">Celebration<\/h3>\n    <p class=\"card-text\">Na\u0161e ned\u011bln\u00ed bohoslu\u017eba. Chv\u00e1ly, praktick\u00e9 k\u00e1z\u00e1n\u00ed a spousta prostoru pro setk\u00e1n\u00ed. Ka\u017edou ned\u011bli v 10:30 v Lucern\u011b na Doubravce.<\/p>\n    <div id=\"block-8\" class=\"wp-block-yellowtree-card-buttons card-buttons\">\n  \n\n  <div>\n    <a id=\"block-7\" href=\"https:\/\/icf.church\/plzen\/cs\/navsteva\/\" class=\"wp-block-yellowtree-card-button btn btn-sm btn-secondary\">\n      <span>Napl\u00e1nuj n\u00e1v\u0161t\u011bvu<\/span>\n              <i class=\"icon fs-base-const fa-arrow-right\" aria-hidden=\"true\"><\/i>\n          <\/a>\n  <\/div>\n\n<\/div>  <\/div>\n<\/article><\/swiper-slide>\n          <swiper-slide><article id=\"block-12\" data-bs-theme=\"dark\" class=\"wp-block-yellowtree-card card has-context-height\" style=\"--card-img-position:50% 50%\">\n        <img decoding=\"async\" width=\"1024\" height=\"683\" src=\"https:\/\/icf.church\/plzen\/wp-content\/uploads\/sites\/125\/2025\/10\/icf-equip-corporate-shooting-24-4-1024x683.jpg\" class=\"card-img-top\" alt=\"Three men sitting on a sofa, engaged in a discussion, with one reading a book.\" draggable=\"false\" loading=\"lazy\" srcset=\"https:\/\/icf.church\/plzen\/wp-content\/uploads\/sites\/125\/2025\/10\/icf-equip-corporate-shooting-24-4-1024x683.jpg 1024w, https:\/\/icf.church\/plzen\/wp-content\/uploads\/sites\/125\/2025\/10\/icf-equip-corporate-shooting-24-4-300x200.jpg 300w, https:\/\/icf.church\/plzen\/wp-content\/uploads\/sites\/125\/2025\/10\/icf-equip-corporate-shooting-24-4-768x512.jpg 768w, https:\/\/icf.church\/plzen\/wp-content\/uploads\/sites\/125\/2025\/10\/icf-equip-corporate-shooting-24-4-1536x1025.jpg 1536w, https:\/\/icf.church\/plzen\/wp-content\/uploads\/sites\/125\/2025\/10\/icf-equip-corporate-shooting-24-4-2048x1366.jpg 2048w\" sizes=\"(max-width: 1024px) 100vw, 1024px\">    <div class=\"card-body\">\n    <h3 class=\"card-title\">Smallgroup<\/h3>\n    <p class=\"card-text\">Smallgroups se setk\u00e1vaj\u00ed v pr\u016fb\u011bhu t\u00fddne. Budujeme vz\u00e1jemn\u00e9 vztahy, p\u0159em\u00fd\u0161l\u00edme o Bohu, hloub\u011bji se zab\u00fdv\u00e1me ned\u011bln\u00edmi t\u00e9maty a \u010dteme Bibli.<\/p>\n    <div id=\"block-11\" class=\"wp-block-yellowtree-card-buttons card-buttons\">\n  \n\n  <div>\n    <a id=\"block-10\" href=\"https:\/\/icf.church\/plzen\/cs\/zapoj-se\/\" class=\"wp-block-yellowtree-card-button btn btn-sm btn-secondary\">\n      <span>M\u00e1m z\u00e1jem<\/span>\n              <i class=\"icon fs-base-const fa-arrow-right\" aria-hidden=\"true\"><\/i>\n          <\/a>\n  <\/div>\n\n<\/div>  <\/div>\n<\/article><\/swiper-slide>\n          <swiper-slide><article id=\"block-15\" data-bs-theme=\"dark\" class=\"wp-block-yellowtree-card card has-context-height\" style=\"--card-img-position:50% 50%\">\n      <div class=\"card-tags card-tags--float\">\n                <div class=\"badge text-bg-primary\" style=\"\">\n            1. \u010c\u00c1ST          <\/div>\n          <\/div>\n        <img decoding=\"async\" width=\"683\" height=\"1024\" src=\"https:\/\/icf.church\/plzen\/wp-content\/uploads\/sites\/125\/2025\/10\/250530_19-42-32_conf-hannes-n-683x1024.jpg\" class=\"card-img-top\" alt=\"Two women sit at a table, one using a laptop and the other looking at a phone.\" draggable=\"false\" loading=\"lazy\" srcset=\"https:\/\/icf.church\/plzen\/wp-content\/uploads\/sites\/125\/2025\/10\/250530_19-42-32_conf-hannes-n-683x1024.jpg 683w, https:\/\/icf.church\/plzen\/wp-content\/uploads\/sites\/125\/2025\/10\/250530_19-42-32_conf-hannes-n-200x300.jpg 200w, https:\/\/icf.church\/plzen\/wp-content\/uploads\/sites\/125\/2025\/10\/250530_19-42-32_conf-hannes-n-768x1152.jpg 768w, https:\/\/icf.church\/plzen\/wp-content\/uploads\/sites\/125\/2025\/10\/250530_19-42-32_conf-hannes-n-1024x1536.jpg 1024w, https:\/\/icf.church\/plzen\/wp-content\/uploads\/sites\/125\/2025\/10\/250530_19-42-32_conf-hannes-n-1365x2048.jpg 1365w, https:\/\/icf.church\/plzen\/wp-content\/uploads\/sites\/125\/2025\/10\/250530_19-42-32_conf-hannes-n-scaled.jpg 1707w\" sizes=\"(max-width: 683px) 100vw, 683px\">    <div class=\"card-body\">\n    <h3 class=\"card-title\">Explore<\/h3>\n    <p class=\"card-text\">P\u0159\u00edle\u017eitost posunout se vp\u0159ed na tv\u00e9 cest\u011b s Bohem \u2014 bez ohledu na to, kde pr\u00e1v\u011b stoj\u00ed\u0161. Deset t\u00fddn\u016f, ve kter\u00fdch o Bohu nechceme jen mluvit, ale chceme ho za\u017e\u00edvat.<\/p>\n    <div id=\"block-14\" class=\"wp-block-yellowtree-card-buttons card-buttons\">\n  \n\n  <div>\n    <a id=\"block-13\" href=\"https:\/\/icf.church\/plzen\/cs\/zapoj-se\/\" class=\"wp-block-yellowtree-card-button btn btn-sm btn-secondary\">\n      <span>M\u00e1m z\u00e1jem<\/span>\n              <i class=\"icon fs-base-const fa-arrow-right\" aria-hidden=\"true\"><\/i>\n          <\/a>\n  <\/div>\n\n<\/div>  <\/div>\n<\/article><\/swiper-slide>\n          <swiper-slide><article id=\"block-18\" data-bs-theme=\"dark\" class=\"wp-block-yellowtree-card card has-context-height\" style=\"--card-img-position:50% 50%\">\n      <div class=\"card-tags card-tags--float\">\n                <div class=\"badge text-bg-primary\" style=\"\">\n            2. \u010c\u00c1ST          <\/div>\n          <\/div>\n        <img decoding=\"async\" width=\"1024\" height=\"683\" src=\"https:\/\/icf.church\/plzen\/wp-content\/uploads\/sites\/125\/2025\/10\/icf-equip-corporate-shooting-24-25-1024x683.jpg\" class=\"card-img-top\" alt=\"Three people praying at a dining table with plates, glasses, and a pot.\" draggable=\"false\" loading=\"lazy\" srcset=\"https:\/\/icf.church\/plzen\/wp-content\/uploads\/sites\/125\/2025\/10\/icf-equip-corporate-shooting-24-25-1024x683.jpg 1024w, https:\/\/icf.church\/plzen\/wp-content\/uploads\/sites\/125\/2025\/10\/icf-equip-corporate-shooting-24-25-300x200.jpg 300w, https:\/\/icf.church\/plzen\/wp-content\/uploads\/sites\/125\/2025\/10\/icf-equip-corporate-shooting-24-25-768x512.jpg 768w, https:\/\/icf.church\/plzen\/wp-content\/uploads\/sites\/125\/2025\/10\/icf-equip-corporate-shooting-24-25-1536x1025.jpg 1536w, https:\/\/icf.church\/plzen\/wp-content\/uploads\/sites\/125\/2025\/10\/icf-equip-corporate-shooting-24-25-2048x1366.jpg 2048w\" sizes=\"(max-width: 1024px) 100vw, 1024px\">    <div class=\"card-body\">\n    <h3 class=\"card-title\">Get Free<\/h3>\n    <p class=\"card-text\">Krok za krokem se vyd\u00e1\u0161 hledat Bo\u017e\u00ed svobodu tak, jak ji B\u016fh slibuje. Nahl\u00e9dne\u0161 do sv\u00e9 minulosti na ty \u010d\u00e1sti \u017eivota, kter\u00e9 chce\u0161 s Jeho pomoc\u00ed zm\u011bnit.<\/p>\n    <div id=\"block-17\" class=\"wp-block-yellowtree-card-buttons card-buttons\">\n  \n\n  <div>\n    <a id=\"block-16\" href=\"https:\/\/icf.church\/plzen\/cs\/zapoj-se\/\" class=\"wp-block-yellowtree-card-button btn btn-sm btn-secondary\">\n      <span>M\u00e1m z\u00e1jem<\/span>\n              <i class=\"icon fs-base-const fa-arrow-right\" aria-hidden=\"true\"><\/i>\n          <\/a>\n  <\/div>\n\n<\/div>  <\/div>\n<\/article><\/swiper-slide>\n          <swiper-slide><article id=\"block-21\" data-bs-theme=\"dark\" class=\"wp-block-yellowtree-card card has-context-height\" style=\"--card-img-position:50% 50%\">\n      <div class=\"card-tags card-tags--float\">\n                <div class=\"badge text-bg-white\" style=\"\">\n            3. \u010c\u00c1ST          <\/div>\n          <\/div>\n        <img decoding=\"async\" width=\"1024\" height=\"683\" src=\"https:\/\/icf.church\/plzen\/wp-content\/uploads\/sites\/125\/2025\/10\/bewegung-54-1024x683.jpg\" class=\"card-img-top\" alt=\"Four people sitting on grass in a park, engaged in conversation.\" draggable=\"false\" loading=\"lazy\" srcset=\"https:\/\/icf.church\/plzen\/wp-content\/uploads\/sites\/125\/2025\/10\/bewegung-54-1024x683.jpg 1024w, https:\/\/icf.church\/plzen\/wp-content\/uploads\/sites\/125\/2025\/10\/bewegung-54-300x200.jpg 300w, https:\/\/icf.church\/plzen\/wp-content\/uploads\/sites\/125\/2025\/10\/bewegung-54-768x512.jpg 768w, https:\/\/icf.church\/plzen\/wp-content\/uploads\/sites\/125\/2025\/10\/bewegung-54-1536x1024.jpg 1536w, https:\/\/icf.church\/plzen\/wp-content\/uploads\/sites\/125\/2025\/10\/bewegung-54-2048x1365.jpg 2048w\" sizes=\"(max-width: 1024px) 100vw, 1024px\">    <div class=\"card-body\">\n    <h3 class=\"card-title\">Impact<\/h3>\n    <p class=\"card-text\">T\u0159et\u00ed, z\u00e1v\u011bre\u010dn\u00e1 \u010d\u00e1st. Tuhle \u010d\u00e1st zat\u00edm p\u0159ipravujeme \u2014 dej n\u00e1m v\u011bd\u011bt a \u0159ekneme ti, jakmile se otev\u0159e.<\/p>\n    <div id=\"block-20\" class=\"wp-block-yellowtree-card-buttons card-buttons\">\n  \n\n  <div>\n    <a id=\"block-19\" href=\"https:\/\/icf.church\/plzen\/cs\/zapoj-se\/\" class=\"wp-block-yellowtree-card-button btn btn-sm btn-secondary\">\n      <span>Chci v\u011bd\u011bt v\u00edc<\/span>\n              <i class=\"icon fs-base-const fa-arrow-right\" aria-hidden=\"true\"><\/i>\n          <\/a>\n  <\/div>\n\n<\/div>  <\/div>\n<\/article><\/swiper-slide>\n          <swiper-slide><article id=\"block-24\" data-bs-theme=\"dark\" class=\"wp-block-yellowtree-card card has-context-height\" style=\"--card-img-position:50% 50%\">\n        <img decoding=\"async\" width=\"1024\" height=\"683\" src=\"https:\/\/icf.church\/plzen\/wp-content\/uploads\/sites\/125\/2025\/10\/icf-equip-corporate-shooting-24-aug-1024x683.jpg\" class=\"card-img-top\" alt=\"A family of six sitting around a wooden dining table with food and drinks.\" draggable=\"false\" loading=\"lazy\" srcset=\"https:\/\/icf.church\/plzen\/wp-content\/uploads\/sites\/125\/2025\/10\/icf-equip-corporate-shooting-24-aug-1024x683.jpg 1024w, https:\/\/icf.church\/plzen\/wp-content\/uploads\/sites\/125\/2025\/10\/icf-equip-corporate-shooting-24-aug-300x200.jpg 300w, https:\/\/icf.church\/plzen\/wp-content\/uploads\/sites\/125\/2025\/10\/icf-equip-corporate-shooting-24-aug-768x512.jpg 768w, https:\/\/icf.church\/plzen\/wp-content\/uploads\/sites\/125\/2025\/10\/icf-equip-corporate-shooting-24-aug-1536x1025.jpg 1536w, https:\/\/icf.church\/plzen\/wp-content\/uploads\/sites\/125\/2025\/10\/icf-equip-corporate-shooting-24-aug-2048x1366.jpg 2048w\" sizes=\"(max-width: 1024px) 100vw, 1024px\">    <div class=\"card-body\">\n    <h3 class=\"card-title\">ICF Kids<\/h3>\n    <p class=\"card-text\">Z\u00e1bavn\u00fd program pro v\u0161echny d\u011bti od 3 let, kter\u00fd b\u011b\u017e\u00ed soub\u011b\u017en\u011b s ned\u011bln\u00ed Celebration.<\/p>\n    <div id=\"block-23\" class=\"wp-block-yellowtree-card-buttons card-buttons\">\n  \n\n  <div>\n    <a id=\"block-22\" href=\"https:\/\/icf.church\/plzen\/cs\/navsteva\/\" class=\"wp-block-yellowtree-card-button btn btn-sm btn-secondary\">\n      <span>V\u00edce o n\u00e1v\u0161t\u011bv\u011b<\/span>\n              <i class=\"icon fs-base-const fa-arrow-right\" aria-hidden=\"true\"><\/i>\n          <\/a>\n  <\/div>\n\n<\/div>  <\/div>\n<\/article><\/swiper-slide>\n      <\/swiper-container>\n<\/div><\/div>\n        <\/div>\n          <\/div>\n<\/div>\n\n\n<div id=\"block-31\" data-bs-theme=\"dark\" class=\"wp-block-yellowtree-divider-card card d-flex flex-column flex-lg-row py-6 py-lg-0\">\n  \n\n<div id=\"block-28\" class=\"wp-block-yellowtree-divider-card-item flex-1 d-flex flex-column position-relative text-center py-6 py-lg-10\">\n  <div class='mb-2'>\n    <div class='d-flex flex-column align-items-center gap-2'>\n      <i class='icon fs-lg-const fa-solid fa-person-walking' aria-hidden='true'><\/i>\n      <h3 class='mb-0'>\n        <span class=\"text-container\">\n          Nav\u0161tiv n\u00e1s        <\/span>\n      <\/h3>\n    <\/div>\n  <\/div>\n  <div class='mt-auto'>\n    <a class='text-arrow-link fs-sm text-light-3' href=\"https:\/\/icf.church\/plzen\/cs\/navsteva\/\">\n      P\u0159ij\u010f na Celebration    <\/a>\n  <\/div>\n<\/div>\n\n\n<div id=\"block-29\" class=\"wp-block-yellowtree-divider-card-item flex-1 d-flex flex-column position-relative text-center py-6 py-lg-10\">\n  <div class='mb-2'>\n    <div class='d-flex flex-column align-items-center gap-2'>\n      <i class='icon fs-lg-const fa-solid fa-user-group' aria-hidden='true'><\/i>\n      <h3 class='mb-0'>\n        <span class=\"text-container\">\n          Zapoj se        <\/span>\n      <\/h3>\n    <\/div>\n  <\/div>\n  <div class='mt-auto'>\n    <a class='text-arrow-link fs-sm text-light-3' href=\"https:\/\/icf.church\/plzen\/cs\/zapoj-se\/\">\n      Sta\u0148 se sou\u010d\u00e1st\u00ed    <\/a>\n  <\/div>\n<\/div>\n\n\n<div id=\"block-30\" class=\"wp-block-yellowtree-divider-card-item flex-1 d-flex flex-column position-relative text-center py-6 py-lg-10\">\n  <div class='mb-2'>\n    <div class='d-flex flex-column align-items-center gap-2'>\n      <i class='icon fs-lg-const fa-solid fa-comments' aria-hidden='true'><\/i>\n      <h3 class='mb-0'>\n        <span class=\"text-container\">\n          Zeptej se        <\/span>\n      <\/h3>\n    <\/div>\n  <\/div>\n  <div class='mt-auto'>\n    <a class='text-arrow-link fs-sm text-light-3' href=\"https:\/\/icf.church\/plzen\/cs\/kontakt\/\">\n      Napi\u0161 n\u00e1m    <\/a>\n  <\/div>\n<\/div>\n<\/div>\n","protected":false},"excerpt":{"rendered":"<p>Objev nab\u00eddky a akce, kter\u00e9 pos\u00edl\u00ed tvou v\u00edru a l\u00e1sku k Bohu, p\u0159inesou praktickou podporu a nov\u00e1 p\u0159\u00e1telstv\u00ed.<\/p>\n","protected":false},"author":201,"featured_media":0,"parent":0,"menu_order":0,"comment_status":"closed","ping_status":"closed","template":"","meta":{"_acf_changed":false,"_seopress_titles_title":"Nab\u00eddka a akce | ICF Plze\u0148","_seopress_titles_desc":"Objev nab\u00eddky a akce, kter\u00e9 pos\u00edl\u00ed tvou v\u00edru a l\u00e1sku k Bohu, p\u0159inesou praktickou podporu a nov\u00e1 p\u0159\u00e1telstv\u00ed.","_seopress_robots_index":"","_seopress_robots_follow":"","_seopress_robots_imageindex":"","_seopress_robots_snippet":"","_seopress_robots_primary_cat":"","_seopress_robots_breadcrumbs":"","_seopress_robots_freeze_modified_date":"","_seopress_robots_custom_modified_date":"","_seopress_robots_canonical":"","_seopress_social_fb_title":"","_seopress_social_fb_desc":"","_seopress_social_fb_img":"","_seopress_social_fb_img_attachment_id":0,"_seopress_social_fb_img_width":0,"_seopress_social_fb_img_height":0,"_seopress_social_twitter_title":"","_seopress_social_twitter_desc":"","_seopress_social_twitter_img":"","_seopress_social_twitter_img_attachment_id":0,"_seopress_social_twitter_img_width":0,"_seopress_social_twitter_img_height":0,"_seopress_redirections_value":"","_seopress_redirections_enabled":"","_seopress_redirections_enabled_regex":"","_seopress_redirections_logged_status":"","_seopress_redirections_param":"","_seopress_redirections_type":0,"_seopress_analysis_target_kw":"","_seopress_news_disabled":"","_seopress_video_disabled":"","_seopress_video":[],"_seopress_pro_schemas_manual":[],"_seopress_pro_rich_snippets_disable_all":"","_seopress_pro_rich_snippets_disable":[],"_seopress_pro_schemas":[],"yt_custom_styles_scss":"","yt_custom_styles_rounded_corners":false,"yt_custom_styles_color_scheme":"","footnotes":""},"class_list":["post-1113","page","type-page","status-publish","hentry"],"acf":[],"_links":{"self":[{"href":"https:\/\/icf.church\/plzen\/cs\/wp-json\/wp\/v2\/pages\/1113","targetHints":{"allow":["GET"]}}],"collection":[{"href":"https:\/\/icf.church\/plzen\/cs\/wp-json\/wp\/v2\/pages"}],"about":[{"href":"https:\/\/icf.church\/plzen\/cs\/wp-json\/wp\/v2\/types\/page"}],"author":[{"embeddable":true,"href":"https:\/\/icf.church\/plzen\/cs\/wp-json\/wp\/v2\/users\/201"}],"replies":[{"embeddable":true,"href":"https:\/\/icf.church\/plzen\/cs\/wp-json\/wp\/v2\/comments?post=1113"}],"version-history":[{"count":3,"href":"https:\/\/icf.church\/plzen\/cs\/wp-json\/wp\/v2\/pages\/1113\/revisions"}],"predecessor-version":[{"id":1197,"href":"https:\/\/icf.church\/plzen\/cs\/wp-json\/wp\/v2\/pages\/1113\/revisions\/1197"}],"wp:attachment":[{"href":"https:\/\/icf.church\/plzen\/cs\/wp-json\/wp\/v2\/media?parent=1113"}],"curies":[{"name":"wp","href":"https:\/\/api.w.org\/{rel}","templated":true}]}}