{"id":1114,"date":"2026-08-18T19:44:07","date_gmt":"2026-08-18T17:44:07","guid":{"rendered":"https:\/\/new.icf.church\/plzen\/kazani\/"},"modified":"2026-08-25T13:26:39","modified_gmt":"2026-08-25T11:26:39","slug":"kazani","status":"publish","type":"page","link":"https:\/\/icf.church\/plzen\/cs\/kazani\/","title":{"rendered":"K\u00e1z\u00e1n\u00ed"},"content":{"rendered":"<div id=\"block-5\" class=\"pt-4 pb-2 alignfull is-layout-constrained\">\n  <div>\n            <div class=\"row gx-4 gy-4 \">\n          \n\n<div id=\"block-4\" class=\"col wp-block-yellowtree-column col-12 d-flex flex-column with-streched-height-children align-items-stretch align-items-md-stretch\">\n  <h1 id=\"block-1\" class=\"display-1 h1 text-start\">\n  K\u00e1z\u00e1n\u00ed<\/h1>\n\n<h2 id=\"block-2\" class=\"mt-2 mb-2 h2 text-start\">\n  Praktick\u00e1 k\u00e1z\u00e1n\u00ed pro v\u0161edn\u00ed den<\/h2>\n\n<p id=\"block-3\" class=\"fs-base text-start wp-block-paragraph\">\n  Ka\u017edou ned\u011bli mluv\u00edme o tom, jak se v\u00edra potk\u00e1v\u00e1 s b\u011b\u017en\u00fdm \u017eivotem \u2014 s prac\u00ed, vztahy, pen\u011bzi i pochybnostmi. Poslechni si n\u00e1s, kdykoli se ti to hod\u00ed.<\/p><\/div>\n        <\/div>\n          <\/div>\n<\/div>\n\n<div class=\"alignwide mw-100\">\n      <figure id=\"block-6\" class=\"is-style-rounded mt-2 mb-4\">\n      <div class=\"img-wrap\" style=\"max-width:100%\">\n        <img decoding=\"async\" src=\"https:\/\/icf.church\/plzen\/wp-content\/uploads\/sites\/125\/2025\/10\/predigten_header.jpg\" alt=\"\" loading=\"lazy\" title=\"\" srcset=\"https:\/\/icf.church\/plzen\/wp-content\/uploads\/sites\/125\/2025\/10\/predigten_header.jpg 1920w, https:\/\/icf.church\/plzen\/wp-content\/uploads\/sites\/125\/2025\/10\/predigten_header-300x200.jpg 300w, https:\/\/icf.church\/plzen\/wp-content\/uploads\/sites\/125\/2025\/10\/predigten_header-1024x683.jpg 1024w, https:\/\/icf.church\/plzen\/wp-content\/uploads\/sites\/125\/2025\/10\/predigten_header-768x512.jpg 768w, https:\/\/icf.church\/plzen\/wp-content\/uploads\/sites\/125\/2025\/10\/predigten_header-1536x1024.jpg 1536w\" sizes=\"(max-width: 1920px) 100vw, 1920px\" class=\"img-fluid w-100 h-100 rounded object-fit-cover\" style=\"object-position: center center\" \/>\n      <\/div>\n          <\/figure>\n    <\/div>\n\n<div id=\"block-12\" class=\"pt-4 pb-4 alignfull is-layout-constrained\">\n  <div>\n            <div class=\"row gx-4 gy-4 \">\n          \n\n<div id=\"block-11\" class=\"col wp-block-yellowtree-column col-12 d-flex flex-column with-streched-height-children align-items-stretch align-items-md-stretch\">\n  <div>\n  <div id=\"block-10\" data-bs-theme=\"dark\" class=\"wp-block-yellowtree-podcast-card card\">\n    <h3 class=\"title display-3 text-center\">Odeb\u00edrej na\u0161e k\u00e1z\u00e1n\u00ed<\/h3>\n    <p class=\"text text-center\">Nov\u00e1 k\u00e1z\u00e1n\u00ed najde\u0161 na Spotify. \u017div\u00fd p\u0159enos ned\u011bln\u00ed bohoslu\u017eby vys\u00edl\u00e1 ICF Praha na YouTube.<\/p>\n    <div class=\"mt-4\">\n      <div id=\"block-9\" class=\"wp-block-yellowtree-podcast-links d-flex gap-2 gap-sm-3 gap-lg-5 flex-column flex-lg-row justify-content-center\">\n  \n\n<a id=\"block-7\" href=\"https:\/\/open.spotify.com\/show\/6P5AMlCX5oSZjKyTLHWXR1\" target=\"_blank\" class=\"wp-block-yellowtree-podcast-link btn is-spotify\" aria-label=\"Odkaz na Spotify\"><img decoding=\"async\" aria-hidden=\"true\" width=\"100%\" height=\"60\" loading=\"lazy\" src=\"https:\/\/icf.church\/plzen\/wp-content\/themes\/icf\/assets\/images\/spotify-logo.svg\" alt=\"Spotify\"><\/a>\n\n\n<a id=\"block-8\" href=\"https:\/\/www.youtube.com\/c\/icfpraha\/videos\" target=\"_blank\" class=\"wp-block-yellowtree-podcast-link btn is-youtube\" aria-label=\"Odkaz na YouTube\"><img decoding=\"async\" aria-hidden=\"true\" width=\"100%\" height=\"60\" loading=\"lazy\" src=\"https:\/\/icf.church\/plzen\/wp-content\/themes\/icf\/assets\/images\/youtube-logo.svg\" alt=\"YouTube\"><\/a>\n<\/div>    <\/div>\n  <\/div>\n<\/div><\/div>\n        <\/div>\n          <\/div>\n<\/div>\n\n<div id=\"block-20\" class=\"pt-2 pb-2 alignfull is-layout-constrained\">\n  <div>\n            <div class=\"row gx-4 gy-4 \">\n          \n\n<div id=\"block-19\" class=\"col wp-block-yellowtree-column col-12 d-flex flex-column with-streched-height-children align-items-stretch align-items-md-stretch\">\n  <div id=\"block-18\" class=\"wp-block-yellowtree-text-image d-flex flex-column flex-lg-row gap-3\">\n    \n\n<div id=\"block-13\" class=\"wp-block-yellowtree-locked-image\">\n    <img decoding=\"async\" width=\"1024\" height=\"683\" src=\"https:\/\/icf.church\/plzen\/wp-content\/uploads\/sites\/125\/2025\/10\/2i2a3101-1024x683.jpg\" class=\"w-100 h-100 object-fit-cover\" alt=\"A band of eight people playing guitars, singing, and dancing during a live performance.\" style=\"object-position: 50% 50%;\" loading=\"lazy\" sizes=\"(max-width: 992px) 100vw, 1600px\" srcset=\"https:\/\/icf.church\/plzen\/wp-content\/uploads\/sites\/125\/2025\/10\/2i2a3101-1024x683.jpg 1024w, https:\/\/icf.church\/plzen\/wp-content\/uploads\/sites\/125\/2025\/10\/2i2a3101-300x200.jpg 300w, https:\/\/icf.church\/plzen\/wp-content\/uploads\/sites\/125\/2025\/10\/2i2a3101-768x512.jpg 768w, https:\/\/icf.church\/plzen\/wp-content\/uploads\/sites\/125\/2025\/10\/2i2a3101-1536x1024.jpg 1536w, https:\/\/icf.church\/plzen\/wp-content\/uploads\/sites\/125\/2025\/10\/2i2a3101-2048x1365.jpg 2048w\"><\/div>\n\n\n\n<div id=\"block-17\" data-bs-theme=\"dark\" class=\"card wp-block-yellowtree-text-card has-context-height\">\n  <div class=\"card-body px-4 py-6 p-sm-6 p-lg-8\">\n    \n\n<h2 id=\"block-14\">\n    Sleduj \u017eiv\u011b<\/h2>\n\n\n<p id=\"block-15\">\n    Nest\u00edh\u00e1\u0161 p\u0159ij\u00edt osobn\u011b nebo jsi zrovna daleko? Ned\u011bln\u00ed p\u0159enos z ICF Praha m\u016f\u017ee\u0161 sledovat online.<br><br>A pokud d\u00e1v\u00e1\u0161 p\u0159ednost osobn\u00edmu setk\u00e1n\u00ed \u2014 sch\u00e1z\u00edme se ka\u017edou ned\u011bli v 10:30 v Lucern\u011b na Doubravce.<\/p>\n\n\n  <div>\n    <a id=\"block-16\" href=\"https:\/\/icf.church\/plzen\/cs\/navsteva\/\" rel=\"\" class=\"wp-block-yellowtree-button-link btn btn-default\">\n      <span>Napl\u00e1nuj n\u00e1v\u0161t\u011bvu<\/span>\n              <i class=\"icon fs-base-const fa-solid fa-location-arrow\" aria-hidden=\"true\"><\/i>\n          <\/a>\n  <\/div>\n\n  <\/div>\n<\/div>\n<\/div><\/div>\n        <\/div>\n          <\/div>\n<\/div>\n\n\n<div id=\"block-24\" data-bs-theme=\"dark\" class=\"wp-block-yellowtree-divider-card card d-flex flex-column flex-lg-row py-6 py-lg-0\">\n  \n\n<div id=\"block-21\" class=\"wp-block-yellowtree-divider-card-item flex-1 d-flex flex-column position-relative text-center py-6 py-lg-10\">\n  <div class='mb-2'>\n    <div class='d-flex flex-column align-items-center gap-2'>\n      <i class='icon fs-lg-const fa-solid fa-party-horn' aria-hidden='true'><\/i>\n      <h3 class='mb-0'>\n        <span class=\"text-container\">\n          Nab\u00eddka a akce        <\/span>\n      <\/h3>\n    <\/div>\n  <\/div>\n  <div class='mt-auto'>\n    <a class='text-arrow-link fs-sm text-light-3' href=\"https:\/\/icf.church\/plzen\/cs\/akce\/\">\n      Co se d\u011bje    <\/a>\n  <\/div>\n<\/div>\n\n\n<div id=\"block-22\" class=\"wp-block-yellowtree-divider-card-item flex-1 d-flex flex-column position-relative text-center py-6 py-lg-10\">\n  <div class='mb-2'>\n    <div class='d-flex flex-column align-items-center gap-2'>\n      <i class='icon fs-lg-const fa-solid fa-handshake' aria-hidden='true'><\/i>\n      <h3 class='mb-0'>\n        <span class=\"text-container\">\n          Nav\u0161tiv n\u00e1s        <\/span>\n      <\/h3>\n    <\/div>\n  <\/div>\n  <div class='mt-auto'>\n    <a class='text-arrow-link fs-sm text-light-3' href=\"https:\/\/icf.church\/plzen\/cs\/navsteva\/\">\n      P\u0159ij\u010f na Celebration    <\/a>\n  <\/div>\n<\/div>\n\n\n<div id=\"block-23\" class=\"wp-block-yellowtree-divider-card-item flex-1 d-flex flex-column position-relative text-center py-6 py-lg-10\">\n  <div class='mb-2'>\n    <div class='d-flex flex-column align-items-center gap-2'>\n      <i class='icon fs-lg-const fa-solid fa-user-group' aria-hidden='true'><\/i>\n      <h3 class='mb-0'>\n        <span class=\"text-container\">\n          Zapoj se        <\/span>\n      <\/h3>\n    <\/div>\n  <\/div>\n  <div class='mt-auto'>\n    <a class='text-arrow-link fs-sm text-light-3' href=\"https:\/\/icf.church\/plzen\/cs\/zapoj-se\/\">\n      Sta\u0148 se sou\u010d\u00e1st\u00ed    <\/a>\n  <\/div>\n<\/div>\n<\/div>\n","protected":false},"excerpt":{"rendered":"<p>Praktick\u00e1 k\u00e1z\u00e1n\u00ed pro v\u0161edn\u00ed den. Poslechni si n\u00e1s na Spotify nebo sleduj ned\u011bln\u00ed p\u0159enos online.<\/p>\n","protected":false},"author":201,"featured_media":0,"parent":0,"menu_order":0,"comment_status":"closed","ping_status":"closed","template":"","meta":{"_acf_changed":false,"_seopress_titles_title":"K\u00e1z\u00e1n\u00ed | ICF Plze\u0148","_seopress_titles_desc":"Praktick\u00e1 k\u00e1z\u00e1n\u00ed pro v\u0161edn\u00ed den. Poslechni si n\u00e1s na Spotify nebo sleduj ned\u011bln\u00ed p\u0159enos online.","_seopress_robots_index":"","_seopress_robots_follow":"","_seopress_robots_imageindex":"","_seopress_robots_snippet":"","_seopress_robots_primary_cat":"","_seopress_robots_breadcrumbs":"","_seopress_robots_freeze_modified_date":"","_seopress_robots_custom_modified_date":"","_seopress_robots_canonical":"","_seopress_social_fb_title":"","_seopress_social_fb_desc":"","_seopress_social_fb_img":"","_seopress_social_fb_img_attachment_id":0,"_seopress_social_fb_img_width":0,"_seopress_social_fb_img_height":0,"_seopress_social_twitter_title":"","_seopress_social_twitter_desc":"","_seopress_social_twitter_img":"","_seopress_social_twitter_img_attachment_id":0,"_seopress_social_twitter_img_width":0,"_seopress_social_twitter_img_height":0,"_seopress_redirections_value":"","_seopress_redirections_enabled":"","_seopress_redirections_enabled_regex":"","_seopress_redirections_logged_status":"","_seopress_redirections_param":"","_seopress_redirections_type":0,"_seopress_analysis_target_kw":"","_seopress_news_disabled":"","_seopress_video_disabled":"","_seopress_video":[],"_seopress_pro_schemas_manual":[],"_seopress_pro_rich_snippets_disable_all":"","_seopress_pro_rich_snippets_disable":[],"_seopress_pro_schemas":[],"yt_custom_styles_scss":"","yt_custom_styles_rounded_corners":false,"yt_custom_styles_color_scheme":"","footnotes":""},"class_list":["post-1114","page","type-page","status-publish","hentry"],"acf":[],"_links":{"self":[{"href":"https:\/\/icf.church\/plzen\/cs\/wp-json\/wp\/v2\/pages\/1114","targetHints":{"allow":["GET"]}}],"collection":[{"href":"https:\/\/icf.church\/plzen\/cs\/wp-json\/wp\/v2\/pages"}],"about":[{"href":"https:\/\/icf.church\/plzen\/cs\/wp-json\/wp\/v2\/types\/page"}],"author":[{"embeddable":true,"href":"https:\/\/icf.church\/plzen\/cs\/wp-json\/wp\/v2\/users\/201"}],"replies":[{"embeddable":true,"href":"https:\/\/icf.church\/plzen\/cs\/wp-json\/wp\/v2\/comments?post=1114"}],"version-history":[{"count":1,"href":"https:\/\/icf.church\/plzen\/cs\/wp-json\/wp\/v2\/pages\/1114\/revisions"}],"predecessor-version":[{"id":1134,"href":"https:\/\/icf.church\/plzen\/cs\/wp-json\/wp\/v2\/pages\/1114\/revisions\/1134"}],"wp:attachment":[{"href":"https:\/\/icf.church\/plzen\/cs\/wp-json\/wp\/v2\/media?parent=1114"}],"curies":[{"name":"wp","href":"https:\/\/api.w.org\/{rel}","templated":true}]}}