{"id":1115,"date":"2026-08-18T19:44:09","date_gmt":"2026-08-18T17:44:09","guid":{"rendered":"https:\/\/new.icf.church\/plzen\/zapoj-se\/"},"modified":"2026-08-25T14:14:15","modified_gmt":"2026-08-25T12:14:15","slug":"zapoj-se","status":"publish","type":"page","link":"https:\/\/icf.church\/plzen\/cs\/zapoj-se\/","title":{"rendered":"Zapoj se"},"content":{"rendered":"\n<div id=\"block-7\" class=\"wp-block-yellowtree-hero-stage\">\n    <div class=\"hero-stage has-links\">\n        \n\n<div id=\"block-2\" class=\"hero-stage-content\">\n    <div class=\"hero-stage-content__background\">\n        <div class=\"overlay-black-25 h-100\">\n                            <img fetchpriority=\"high\" decoding=\"async\" width=\"2560\" height=\"1707\" src=\"https:\/\/icf.church\/plzen\/wp-content\/uploads\/sites\/125\/2025\/10\/icf-equip-corporate-shooting-24-52-scaled.jpg\" class=\"hero-stage-media\" alt=\"Four young adults walking across a city crosswalk in front of a historic building.\" style=\"object-position: 50% 50%;\" aria-hidden=\"true\" loading=\"eager\" srcset=\"https:\/\/icf.church\/plzen\/wp-content\/uploads\/sites\/125\/2025\/10\/icf-equip-corporate-shooting-24-52-scaled.jpg 2560w, https:\/\/icf.church\/plzen\/wp-content\/uploads\/sites\/125\/2025\/10\/icf-equip-corporate-shooting-24-52-300x200.jpg 300w, https:\/\/icf.church\/plzen\/wp-content\/uploads\/sites\/125\/2025\/10\/icf-equip-corporate-shooting-24-52-1024x683.jpg 1024w, https:\/\/icf.church\/plzen\/wp-content\/uploads\/sites\/125\/2025\/10\/icf-equip-corporate-shooting-24-52-768x512.jpg 768w, https:\/\/icf.church\/plzen\/wp-content\/uploads\/sites\/125\/2025\/10\/icf-equip-corporate-shooting-24-52-1536x1024.jpg 1536w, https:\/\/icf.church\/plzen\/wp-content\/uploads\/sites\/125\/2025\/10\/icf-equip-corporate-shooting-24-52-2048x1365.jpg 2048w\" sizes=\"(max-width: 2560px) 100vw, 2560px\" \/>                    <\/div>\n        <div class=\"hero-stage-gradient\"><\/div>\n    <\/div>\n    <div class=\"hero-stage-content__foreground is-layout-constrained\">\n        <h1 id=\"block-1\" class=\"display-1 text-center\">\n    Zapoj se<\/h1>    <\/div>\n<\/div>\n\n\n<div id=\"block-6\" class=\"hero-stage-links is-layout-constrained count-3\">\n    <div class=\"icon-link-cards-layout column-gap-3 row-gap-1 justify-content-center break-md\">\n        \n\n<div id=\"block-3\" data-bs-theme=\"dark\" class=\"wp-block-yellowtree-icon-link-card\">\n  <div class='card-body flex-row justify-content-center align-items-center overflow-hidden gap-2 px-5 px-md-3 py-3 py-md-6'>\n    <div class='d-flex align-items-center gap-4 me-auto me-md-0 flex-md-column text-md-center gap-md-3'>\n      <i class='icon-square fs-2 fs-md-lg-const fa-hands' aria-hidden='true'><\/i>\n      <a class='stretched-link fs-base-const' href='https:\/\/icf.church\/plzen\/cs\/navsteva\/' target=''>\n        Jsi tu poprv\u00e9?      <\/a>\n    <\/div>\n          <i class=\"icon fs-base-const fa-chevron-right ms-auto opacity-50 d-md-none\"><\/i>\n      <\/div>\n<\/div>\n\n\n<div id=\"block-4\" data-bs-theme=\"dark\" class=\"wp-block-yellowtree-icon-link-card\">\n  <div class='card-body flex-row justify-content-center align-items-center overflow-hidden gap-2 px-5 px-md-3 py-3 py-md-6'>\n    <div class='d-flex align-items-center gap-4 me-auto me-md-0 flex-md-column text-md-center gap-md-3'>\n      <i class='icon-square fs-2 fs-md-lg-const fa-users' aria-hidden='true'><\/i>\n      <a class='stretched-link fs-base-const' href='https:\/\/icf.church\/plzen\/cs\/akce\/' target=''>\n        Smallgroups      <\/a>\n    <\/div>\n          <i class=\"icon fs-base-const fa-chevron-right ms-auto opacity-50 d-md-none\"><\/i>\n      <\/div>\n<\/div>\n\n\n<div id=\"block-5\" data-bs-theme=\"dark\" class=\"wp-block-yellowtree-icon-link-card\">\n  <div class='card-body flex-row justify-content-center align-items-center overflow-hidden gap-2 px-5 px-md-3 py-3 py-md-6'>\n    <div class='d-flex align-items-center gap-4 me-auto me-md-0 flex-md-column text-md-center gap-md-3'>\n      <i class='icon-square fs-2 fs-md-lg-const fa-solid fa-hand-heart' aria-hidden='true'><\/i>\n      <a class='stretched-link fs-base-const' href='https:\/\/icf.church\/plzen\/cs\/akce\/' target=''>\n        Next Step      <\/a>\n    <\/div>\n          <i class=\"icon fs-base-const fa-chevron-right ms-auto opacity-50 d-md-none\"><\/i>\n      <\/div>\n<\/div>\n    <\/div>\n<\/div>\n    <\/div>\n<\/div>\n\n<div id=\"block-11\" class=\"pt-4 pb-2 alignfull is-layout-constrained\">\n  <div>\n            <div class=\"row gx-4 gy-4 \">\n          \n\n<div id=\"block-10\" class=\"col wp-block-yellowtree-column col-12 d-flex flex-column with-streched-height-children align-items-stretch align-items-md-stretch\">\n  <h3 id=\"block-8\" class=\"h3 display-3 text-start\">\n  V\u00edtej \u2014 jsme r\u00e1di, \u017ee jsi tu!<\/h3>\n\n<p id=\"block-9\" class=\"fs-base text-start wp-block-paragraph\">\n  C\u00edrkev m\u00e1 b\u00fdt rodina. A\u0165 u\u017e chce\u0161 poznat nov\u00e9 lidi, r\u016fst ve v\u00ed\u0159e nebo n\u011bkam pat\u0159it \u2014 u n\u00e1s je pro tebe m\u00edsto.<\/p><\/div>\n        <\/div>\n          <\/div>\n<\/div>\n\n<div id=\"block-15\" class=\"pt-7 pb-2 alignfull is-layout-constrained\">\n  <div>\n            <div class=\"row gx-4 gy-4 \">\n          \n\n<div id=\"block-14\" class=\"col wp-block-yellowtree-column col-12 d-flex flex-column with-streched-height-children align-items-stretch align-items-md-stretch\">\n  <h3 id=\"block-12\" class=\"h3 display-3 text-start\">\n  Sta\u0148 se sou\u010d\u00e1st\u00ed na\u0161\u00ed rodiny<\/h3>\n\n<p id=\"block-13\" class=\"mb-2 text-start wp-block-paragraph\">\n  Bez ohledu na to, odkud poch\u00e1z\u00ed\u0161, a bez ohledu na tvou historii: v\u00edtej mezi n\u00e1mi! Nemus\u00ed\u0161 nic dokazovat ani nic p\u0159edst\u00edrat.<\/p><\/div>\n        <\/div>\n          <\/div>\n<\/div>\n\n<div id=\"block-27\" class=\"pt-2 pb-2 alignfull is-layout-constrained\">\n  <div>\n            <div class=\"row gx-4 gy-4 \">\n          \n\n<div id=\"block-26\" class=\"col wp-block-yellowtree-column col-12 d-flex flex-column with-streched-height-children align-items-stretch align-items-md-stretch\">\n  <div id=\"block-25\" class=\"mb-4 alignfull is-layout-constrained\">\n  <swiper-container init=\"false\" data-yt-template=\"3-col\" data-yt-pagination=\"true\" data-yt-navigation=\"true\" class=\"\">\n          <swiper-slide><article id=\"block-18\" data-bs-theme=\"dark\" class=\"wp-block-yellowtree-card card has-context-height\" style=\"--card-img-position:50% 50%\">\n        <img decoding=\"async\" width=\"1024\" height=\"683\" src=\"https:\/\/icf.church\/plzen\/wp-content\/uploads\/sites\/125\/2025\/10\/250529_18-33-31_em-florian-d-1024x683.jpg\" class=\"card-img-top\" alt=\"Six people standing and talking in a bright, modern co-working space.\" draggable=\"false\" loading=\"lazy\" srcset=\"https:\/\/icf.church\/plzen\/wp-content\/uploads\/sites\/125\/2025\/10\/250529_18-33-31_em-florian-d-1024x683.jpg 1024w, https:\/\/icf.church\/plzen\/wp-content\/uploads\/sites\/125\/2025\/10\/250529_18-33-31_em-florian-d-300x200.jpg 300w, https:\/\/icf.church\/plzen\/wp-content\/uploads\/sites\/125\/2025\/10\/250529_18-33-31_em-florian-d-768x512.jpg 768w, https:\/\/icf.church\/plzen\/wp-content\/uploads\/sites\/125\/2025\/10\/250529_18-33-31_em-florian-d-1536x1024.jpg 1536w, https:\/\/icf.church\/plzen\/wp-content\/uploads\/sites\/125\/2025\/10\/250529_18-33-31_em-florian-d-2048x1365.jpg 2048w\" sizes=\"(max-width: 1024px) 100vw, 1024px\">    <div class=\"card-body\">\n    <h3 class=\"card-title\">Jsi tu poprv\u00e9?<\/h3>\n    <p class=\"card-text\">P\u0159ij\u010f na ned\u011bln\u00ed Celebration a rozhl\u00e9dni se. Dej u vchodu v\u011bd\u011bt, \u017ee jsi tu poprv\u00e9 \u2014 r\u00e1di t\u011b provedeme.<\/p>\n    <div id=\"block-17\" class=\"wp-block-yellowtree-card-buttons card-buttons\">\n  \n\n  <div>\n    <a id=\"block-16\" href=\"https:\/\/icf.church\/plzen\/cs\/navsteva\/\" class=\"wp-block-yellowtree-card-button btn btn-sm btn-secondary\">\n      <span>Napl\u00e1nuj n\u00e1v\u0161t\u011bvu<\/span>\n              <i class=\"icon fs-base-const fa-arrow-right\" aria-hidden=\"true\"><\/i>\n          <\/a>\n  <\/div>\n\n<\/div>  <\/div>\n<\/article><\/swiper-slide>\n          <swiper-slide><article id=\"block-21\" data-bs-theme=\"dark\" class=\"wp-block-yellowtree-card card has-context-height\" style=\"--card-img-position:50% 50%\">\n        <img decoding=\"async\" width=\"1024\" height=\"683\" src=\"https:\/\/icf.church\/plzen\/wp-content\/uploads\/sites\/125\/2025\/10\/icf-equip-corporate-shooting-24-4-1024x683.jpg\" class=\"card-img-top\" alt=\"Three men sitting on a sofa, engaged in a discussion, with one reading a book.\" draggable=\"false\" loading=\"lazy\" srcset=\"https:\/\/icf.church\/plzen\/wp-content\/uploads\/sites\/125\/2025\/10\/icf-equip-corporate-shooting-24-4-1024x683.jpg 1024w, https:\/\/icf.church\/plzen\/wp-content\/uploads\/sites\/125\/2025\/10\/icf-equip-corporate-shooting-24-4-300x200.jpg 300w, https:\/\/icf.church\/plzen\/wp-content\/uploads\/sites\/125\/2025\/10\/icf-equip-corporate-shooting-24-4-768x512.jpg 768w, https:\/\/icf.church\/plzen\/wp-content\/uploads\/sites\/125\/2025\/10\/icf-equip-corporate-shooting-24-4-1536x1025.jpg 1536w, https:\/\/icf.church\/plzen\/wp-content\/uploads\/sites\/125\/2025\/10\/icf-equip-corporate-shooting-24-4-2048x1366.jpg 2048w\" sizes=\"(max-width: 1024px) 100vw, 1024px\">    <div class=\"card-body\">\n    <h3 class=\"card-title\">Smallgroup<\/h3>\n    <p class=\"card-text\">Smallgroups se setk\u00e1vaj\u00ed v pr\u016fb\u011bhu t\u00fddne. Budujeme vz\u00e1jemn\u00e9 vztahy, p\u0159em\u00fd\u0161l\u00edme o Bohu, hloub\u011bji se zab\u00fdv\u00e1me ned\u011bln\u00edmi t\u00e9maty a \u010dteme Bibli. Jsou otev\u0159en\u00e9 v\u017edy a v\u0161em.<\/p>\n    <div id=\"block-20\" class=\"wp-block-yellowtree-card-buttons card-buttons\">\n  \n\n  <div>\n    <a id=\"block-19\" href=\"https:\/\/icf.church\/plzen\/cs\/zapoj-se\/#formular\" class=\"wp-block-yellowtree-card-button btn btn-sm btn-secondary\">\n      <span>P\u0159idej se<\/span>\n              <i class=\"icon fs-base-const fa-arrow-right\" aria-hidden=\"true\"><\/i>\n          <\/a>\n  <\/div>\n\n<\/div>  <\/div>\n<\/article><\/swiper-slide>\n          <swiper-slide><article id=\"block-24\" data-bs-theme=\"dark\" class=\"wp-block-yellowtree-card card has-context-height\" style=\"--card-img-position:50% 50%\">\n        <img decoding=\"async\" width=\"1024\" height=\"683\" src=\"https:\/\/icf.church\/plzen\/wp-content\/uploads\/sites\/125\/2025\/10\/250529_17-45-04_em-florian-d-1024x683.jpg\" class=\"card-img-top\" alt=\"Two women working at a control room with multiple screens displaying data and video feeds.\" draggable=\"false\" loading=\"lazy\" srcset=\"https:\/\/icf.church\/plzen\/wp-content\/uploads\/sites\/125\/2025\/10\/250529_17-45-04_em-florian-d-1024x683.jpg 1024w, https:\/\/icf.church\/plzen\/wp-content\/uploads\/sites\/125\/2025\/10\/250529_17-45-04_em-florian-d-300x200.jpg 300w, https:\/\/icf.church\/plzen\/wp-content\/uploads\/sites\/125\/2025\/10\/250529_17-45-04_em-florian-d-768x512.jpg 768w, https:\/\/icf.church\/plzen\/wp-content\/uploads\/sites\/125\/2025\/10\/250529_17-45-04_em-florian-d-1536x1024.jpg 1536w, https:\/\/icf.church\/plzen\/wp-content\/uploads\/sites\/125\/2025\/10\/250529_17-45-04_em-florian-d-2048x1365.jpg 2048w\" sizes=\"(max-width: 1024px) 100vw, 1024px\">    <div class=\"card-body\">\n    <h3 class=\"card-title\">Sta\u0148 se dobrovoln\u00edkem<\/h3>\n    <p class=\"card-text\">Celebration, kav\u00e1rna, technika, ICF Kids \u2014 nic z toho by nefungovalo bez lid\u00ed. Najdi t\u00fdm, kde t\u011b to bude bavit.<\/p>\n    <div id=\"block-23\" class=\"wp-block-yellowtree-card-buttons card-buttons\">\n  \n\n  <div>\n    <a id=\"block-22\" href=\"https:\/\/icf.church\/plzen\/cs\/zapoj-se\/#formular\" class=\"wp-block-yellowtree-card-button btn btn-sm btn-secondary\">\n      <span>Chci pom\u00e1hat<\/span>\n              <i class=\"icon fs-base-const fa-arrow-right\" aria-hidden=\"true\"><\/i>\n          <\/a>\n  <\/div>\n\n<\/div>  <\/div>\n<\/article><\/swiper-slide>\n      <\/swiper-container>\n<\/div><\/div>\n        <\/div>\n          <\/div>\n<\/div>\n\n<div id=\"block-31\" class=\"pt-4 pb-2 alignfull is-layout-constrained\">\n  <div>\n            <div class=\"row gx-4 gy-4 \">\n          \n\n<div id=\"block-30\" class=\"col wp-block-yellowtree-column col-12 d-flex flex-column with-streched-height-children align-items-stretch align-items-md-stretch\">\n  <h3 id=\"block-28\" class=\"h3 display-3 text-start\">\n  Next Step<\/h3>\n\n<p id=\"block-29\" class=\"mb-2 text-start wp-block-paragraph\">\n  Ka\u017ed\u00e1 cesta za\u010d\u00edn\u00e1 prvn\u00edm krokem \u2014 stejn\u011b jako tvoje dobrodru\u017estv\u00ed s Bohem. Neust\u00e1le roz\u0161i\u0159ujeme nab\u00eddku kurz\u016f a aktivit, proto\u017ee t\u011b chceme nadchnout pro \u017eivot s Bohem a pomoct ti upevnit v\u00edru.<br><br>Mo\u017en\u00e1 Boha teprve pozn\u00e1v\u00e1\u0161 a tou\u017e\u00ed\u0161 po spole\u010denstv\u00ed, kde na to nebude\u0161 s\u00e1m. Mo\u017en\u00e1 s n\u00edm \u017eije\u0161 u\u017e dlouho a tou\u017e\u00ed\u0161 po nov\u00e9 jisk\u0159e, po v\u00fdzv\u011b, kde bys ho mohl poznat nov\u00fdm zp\u016fsobem. Next Step je otev\u0159en\u00fd v\u0161em \u2014 a\u0165 jsi kdekoli.<\/p><\/div>\n        <\/div>\n          <\/div>\n<\/div>\n\n<div id=\"block-43\" class=\"pt-2 pb-2 alignfull is-layout-constrained\">\n  <div>\n            <div class=\"row gx-4 gy-4 \">\n          \n\n<div id=\"block-42\" class=\"col wp-block-yellowtree-column col-12 d-flex flex-column with-streched-height-children align-items-stretch align-items-md-stretch\">\n  <div id=\"block-41\" class=\"mb-4 alignfull is-layout-constrained\">\n  <swiper-container init=\"false\" data-yt-template=\"3-col\" data-yt-pagination=\"true\" data-yt-navigation=\"true\" class=\"\">\n          <swiper-slide><article id=\"block-34\" data-bs-theme=\"dark\" class=\"wp-block-yellowtree-card card has-context-height\" style=\"--card-img-position:50% 50%\">\n        <img decoding=\"async\" width=\"683\" height=\"1024\" src=\"https:\/\/icf.church\/plzen\/wp-content\/uploads\/sites\/125\/2025\/10\/250530_19-42-32_conf-hannes-n-683x1024.jpg\" class=\"card-img-top\" alt=\"Two women sit at a table, one using a laptop and the other looking at a phone.\" draggable=\"false\" loading=\"lazy\" srcset=\"https:\/\/icf.church\/plzen\/wp-content\/uploads\/sites\/125\/2025\/10\/250530_19-42-32_conf-hannes-n-683x1024.jpg 683w, https:\/\/icf.church\/plzen\/wp-content\/uploads\/sites\/125\/2025\/10\/250530_19-42-32_conf-hannes-n-200x300.jpg 200w, https:\/\/icf.church\/plzen\/wp-content\/uploads\/sites\/125\/2025\/10\/250530_19-42-32_conf-hannes-n-768x1152.jpg 768w, https:\/\/icf.church\/plzen\/wp-content\/uploads\/sites\/125\/2025\/10\/250530_19-42-32_conf-hannes-n-1024x1536.jpg 1024w, https:\/\/icf.church\/plzen\/wp-content\/uploads\/sites\/125\/2025\/10\/250530_19-42-32_conf-hannes-n-1365x2048.jpg 1365w, https:\/\/icf.church\/plzen\/wp-content\/uploads\/sites\/125\/2025\/10\/250530_19-42-32_conf-hannes-n-scaled.jpg 1707w\" sizes=\"(max-width: 683px) 100vw, 683px\">    <div class=\"card-body\">\n    <h3 class=\"card-title\">Explore<\/h3>\n    <p class=\"card-text\">Prvn\u00ed \u010d\u00e1st programu. P\u0159\u00edle\u017eitost posunout se vp\u0159ed na tv\u00e9 cest\u011b s Bohem \u2014 bez ohledu na to, kde pr\u00e1v\u011b stoj\u00ed\u0161. Deset t\u00fddn\u016f, ve kter\u00fdch nez\u016fstaneme u teoretick\u00fdch princip\u016f, ale pokus\u00edme se je uv\u00e9st do \u017eivota. Zapojit se m\u016f\u017ee\u0161 se svou Smallgroup i s\u00e1m.<\/p>\n    <div id=\"block-33\" class=\"wp-block-yellowtree-card-buttons card-buttons\">\n  \n\n  <div>\n    <a id=\"block-32\" href=\"https:\/\/icf.church\/plzen\/cs\/zapoj-se\/#formular\" class=\"wp-block-yellowtree-card-button btn btn-sm btn-secondary\">\n      <span>M\u00e1m z\u00e1jem<\/span>\n              <i class=\"icon fs-base-const fa-arrow-right\" aria-hidden=\"true\"><\/i>\n          <\/a>\n  <\/div>\n\n<\/div>  <\/div>\n<\/article><\/swiper-slide>\n          <swiper-slide><article id=\"block-37\" data-bs-theme=\"dark\" class=\"wp-block-yellowtree-card card has-context-height\" style=\"--card-img-position:50% 50%\">\n        <img decoding=\"async\" width=\"1024\" height=\"683\" src=\"https:\/\/icf.church\/plzen\/wp-content\/uploads\/sites\/125\/2025\/10\/icf-equip-corporate-shooting-24-25-1024x683.jpg\" class=\"card-img-top\" alt=\"Three people praying at a dining table with plates, glasses, and a pot.\" draggable=\"false\" loading=\"lazy\" srcset=\"https:\/\/icf.church\/plzen\/wp-content\/uploads\/sites\/125\/2025\/10\/icf-equip-corporate-shooting-24-25-1024x683.jpg 1024w, https:\/\/icf.church\/plzen\/wp-content\/uploads\/sites\/125\/2025\/10\/icf-equip-corporate-shooting-24-25-300x200.jpg 300w, https:\/\/icf.church\/plzen\/wp-content\/uploads\/sites\/125\/2025\/10\/icf-equip-corporate-shooting-24-25-768x512.jpg 768w, https:\/\/icf.church\/plzen\/wp-content\/uploads\/sites\/125\/2025\/10\/icf-equip-corporate-shooting-24-25-1536x1025.jpg 1536w, https:\/\/icf.church\/plzen\/wp-content\/uploads\/sites\/125\/2025\/10\/icf-equip-corporate-shooting-24-25-2048x1366.jpg 2048w\" sizes=\"(max-width: 1024px) 100vw, 1024px\">    <div class=\"card-body\">\n    <h3 class=\"card-title\">Get Free<\/h3>\n    <p class=\"card-text\">Druh\u00e1 \u010d\u00e1st programu, navazuje na Explore. Krok za krokem se vyd\u00e1\u0161 hledat Bo\u017e\u00ed svobodu tak, jak ji B\u016fh slibuje. Nahl\u00e9dne\u0161 do sv\u00e9 minulosti na ty \u010d\u00e1sti \u017eivota, kter\u00e9 chce\u0161 s Jeho pomoc\u00ed zm\u011bnit, a m\u016f\u017ee\u0161 d\u00edky Je\u017e\u00ed\u0161i za\u010d\u00edt znovu.<\/p>\n    <div id=\"block-36\" class=\"wp-block-yellowtree-card-buttons card-buttons\">\n  \n\n  <div>\n    <a id=\"block-35\" href=\"https:\/\/icf.church\/plzen\/cs\/zapoj-se\/#formular\" class=\"wp-block-yellowtree-card-button btn btn-sm btn-secondary\">\n      <span>M\u00e1m z\u00e1jem<\/span>\n              <i class=\"icon fs-base-const fa-arrow-right\" aria-hidden=\"true\"><\/i>\n          <\/a>\n  <\/div>\n\n<\/div>  <\/div>\n<\/article><\/swiper-slide>\n          <swiper-slide><article id=\"block-40\" data-bs-theme=\"dark\" class=\"wp-block-yellowtree-card card has-context-height\" style=\"--card-img-position:50% 50%\">\n        <img decoding=\"async\" width=\"1024\" height=\"683\" src=\"https:\/\/icf.church\/plzen\/wp-content\/uploads\/sites\/125\/2025\/10\/bewegung-54-1024x683.jpg\" class=\"card-img-top\" alt=\"Four people sitting on grass in a park, engaged in conversation.\" draggable=\"false\" loading=\"lazy\" srcset=\"https:\/\/icf.church\/plzen\/wp-content\/uploads\/sites\/125\/2025\/10\/bewegung-54-1024x683.jpg 1024w, https:\/\/icf.church\/plzen\/wp-content\/uploads\/sites\/125\/2025\/10\/bewegung-54-300x200.jpg 300w, https:\/\/icf.church\/plzen\/wp-content\/uploads\/sites\/125\/2025\/10\/bewegung-54-768x512.jpg 768w, https:\/\/icf.church\/plzen\/wp-content\/uploads\/sites\/125\/2025\/10\/bewegung-54-1536x1024.jpg 1536w, https:\/\/icf.church\/plzen\/wp-content\/uploads\/sites\/125\/2025\/10\/bewegung-54-2048x1365.jpg 2048w\" sizes=\"(max-width: 1024px) 100vw, 1024px\">    <div class=\"card-body\">\n    <h3 class=\"card-title\">Impact<\/h3>\n    <p class=\"card-text\">T\u0159et\u00ed, z\u00e1v\u011bre\u010dn\u00e1 \u010d\u00e1st. Tuhle \u010d\u00e1st zat\u00edm p\u0159ipravujeme \u2014 napi\u0161 n\u00e1m a d\u00e1me ti v\u011bd\u011bt, jakmile se otev\u0159e.<\/p>\n    <div id=\"block-39\" class=\"wp-block-yellowtree-card-buttons card-buttons\">\n  \n\n  <div>\n    <a id=\"block-38\" href=\"https:\/\/icf.church\/plzen\/cs\/zapoj-se\/#formular\" class=\"wp-block-yellowtree-card-button btn btn-sm btn-secondary\">\n      <span>Chci v\u011bd\u011bt v\u00edc<\/span>\n              <i class=\"icon fs-base-const fa-arrow-right\" aria-hidden=\"true\"><\/i>\n          <\/a>\n  <\/div>\n\n<\/div>  <\/div>\n<\/article><\/swiper-slide>\n      <\/swiper-container>\n<\/div><\/div>\n        <\/div>\n          <\/div>\n<\/div>\n\n<div id=\"block-47\" class=\"pt-7 pb-2 alignfull is-layout-constrained\">\n  <div>\n            <div class=\"row gx-4 gy-4 \">\n          \n\n<div id=\"block-46\" class=\"col wp-block-yellowtree-column col-12 d-flex flex-column with-streched-height-children align-items-stretch align-items-md-stretch\">\n  <h3 id=\"block-44\" class=\"h3 display-3 text-start\">\n  Co o n\u00e1s \u0159\u00edkaj\u00ed<\/h3>\n\n<p id=\"block-45\" class=\"mb-2 text-start wp-block-paragraph\">\n  Slova lid\u00ed, kte\u0159\u00ed u n\u00e1s na\u0161li sv\u00e9 m\u00edsto.<\/p><\/div>\n        <\/div>\n          <\/div>\n<\/div>\n\n<div id=\"block-53\" class=\"mb-6 alignfull is-layout-constrained\">\n  <swiper-container init=\"false\" data-yt-template=\"4-col\" data-yt-pagination=\"true\" data-yt-navigation=\"true\" class=\"\" >\n          <swiper-slide><article id=\"block-48\" data-bs-theme=\"dark\" class=\"card wp-block-yellowtree-testimonial-card overflow-hidden has-context-height\">\n  <div class=\"card-body p-5 text-bg-trend1\">\n    <i class=\"align-self-end testimonial-card-icon mb-3\"><\/i>\n        <blockquote class=\"flex-1 mb-4\">\n      Na mn\u011b p\u016fsobila uvoln\u011bn\u00e1 atmosf\u00e9ra v ICF v Plzni. Lidi jsou super a p\u0159\u00e1tel\u0161t\u00ed. Nechali mne rozkoukat a zapojit. D\u016fle\u017eit\u00e9 bylo pro mne, \u017ee je to mlad\u00e1 komunita a nem\u00e1 je\u0161t\u011b zajet\u00e9 koleje. Hodn\u011b na mne p\u016fsobil Tomek, je otev\u0159en\u00fd a p\u0159\u00e1telsk\u00fd, nen\u00ed jen pastor ale i velk\u00fd p\u0159\u00edtel.    <\/blockquote>\n    <p class=\"fs-caption fw-bold mb-0\">\n      <span><\/span>\n            <span>ICF Plze\u0148<\/span>\n    <\/p>\n  <\/div>\n<\/article><\/swiper-slide>\n          <swiper-slide><article id=\"block-49\" data-bs-theme=\"dark\" class=\"card wp-block-yellowtree-testimonial-card overflow-hidden has-context-height\">\n  <div class=\"card-body p-5 text-bg-trend2\">\n    <i class=\"align-self-end testimonial-card-icon mb-3\"><\/i>\n        <blockquote class=\"flex-1 mb-4\">\n      Co pro m\u011b znamen\u00e1 ICF \u2013 m\u00edsto, kde mohu b\u00fdt s\u00e1m sebou, proto\u017ee pro\u017e\u00edv\u00e1m, \u017ee lid\u00e9 i B\u016fh m\u011b p\u0159ij\u00edmaj\u00ed p\u0159esn\u011b takov\u00e9ho, jak\u00fd jsem. P\u0159in\u00e1\u0161\u00ed mi to opravdovou svobodu. A tak\u00e9 m\u00edsto, kde je prostor pro ka\u017ed\u00e9ho, aby objevil svoje obdarov\u00e1n\u00ed, pou\u017e\u00edval ho a rozv\u00edjel. Miluji svoji c\u00edrkev, miluji ICF StartUp Plze\u0148.    <\/blockquote>\n    <p class=\"fs-caption fw-bold mb-0\">\n      <span><\/span>\n            <span>ICF Plze\u0148<\/span>\n    <\/p>\n  <\/div>\n<\/article><\/swiper-slide>\n          <swiper-slide><article id=\"block-50\" data-bs-theme=\"dark\" class=\"card wp-block-yellowtree-testimonial-card overflow-hidden has-context-height\">\n  <div class=\"card-body p-5 text-bg-trend3\">\n    <i class=\"align-self-end testimonial-card-icon mb-3\"><\/i>\n        <blockquote class=\"flex-1 mb-4\">\n      V ICF jsem na\u0161la rodinu a p\u0159\u00e1tele. L\u00edb\u00ed se mi, \u017ee se neignoruj\u00ed pravidla, ale \u017ee prioritou je l\u00e1ska k \u010dlov\u011bku, stejn\u011b jako to d\u011blal Je\u017e\u00ed\u0161. C\u00edt\u00edm se p\u0159ijat\u00e1 a milovan\u00e1, v\u017edycky v\u0161echny r\u00e1da vid\u00edm a je mi zde dob\u0159e. Ka\u017ed\u00fd m\u016f\u017ee uplatnit sv\u016fj potenci\u00e1l a dary pro Je\u017e\u00ed\u0161e.    <\/blockquote>\n    <p class=\"fs-caption fw-bold mb-0\">\n      <span><\/span>\n            <span>ICF Plze\u0148<\/span>\n    <\/p>\n  <\/div>\n<\/article><\/swiper-slide>\n          <swiper-slide><article id=\"block-51\" data-bs-theme=\"dark\" class=\"card wp-block-yellowtree-testimonial-card overflow-hidden has-context-height\">\n  <div class=\"card-body p-5 text-bg-trend1\">\n    <i class=\"align-self-end testimonial-card-icon mb-3\"><\/i>\n        <blockquote class=\"flex-1 mb-4\">\n      ICF mi pomohlo spojit se s lidmi, kter\u00e9 bych mo\u017en\u00e1 v \u017eivot\u011b nepotkala. Jsou to lid\u00e9, kte\u0159\u00ed m\u011b berou takovou, jak\u00e1 jsem, nep\u0159etva\u0159uj\u00ed se a zaj\u00edmaj\u00ed se o to, co vytv\u00e1\u0159\u00edm. ICF Startup Plze\u0148 je pro m\u011b bezpe\u010dn\u00e9 m\u00edsto, kde jsem v\u017edy v\u00edt\u00e1na.    <\/blockquote>\n    <p class=\"fs-caption fw-bold mb-0\">\n      <span><\/span>\n            <span>ICF Plze\u0148<\/span>\n    <\/p>\n  <\/div>\n<\/article><\/swiper-slide>\n          <swiper-slide><article id=\"block-52\" data-bs-theme=\"dark\" class=\"card wp-block-yellowtree-testimonial-card overflow-hidden has-context-height\">\n  <div class=\"card-body p-5 text-bg-trend2\">\n    <i class=\"align-self-end testimonial-card-icon mb-3\"><\/i>\n        <blockquote class=\"flex-1 mb-4\">\n      V ICF se c\u00edt\u00edm naprosto p\u0159ijat\u00fd a m\u00e1m zde po velmi dlouh\u00e9 dob\u011b p\u0159\u00e1tele, na kter\u00e9 se mohu spolehnout. Kdy\u017e jsem byl v t\u011b\u017ek\u00e9 \u017eivotn\u00ed situaci, nikdo se m\u011b neptal, co jsem kde pod\u011blal, ale co pot\u0159ebuji a jak mi mohou pomoci \u2013 a to je pro mne d\u016fle\u017eit\u00e9. Ud\u011blal jsem v \u017eivot\u011b spoustu chyb a v\u017edy n\u00e1sledoval trest, ale nikdy milost. V ICF byla milost a pomoc. A j\u00e1 si toho nesm\u00edrn\u011b v\u00e1\u017e\u00edm.    <\/blockquote>\n    <p class=\"fs-caption fw-bold mb-0\">\n      <span><\/span>\n            <span>ICF Plze\u0148<\/span>\n    <\/p>\n  <\/div>\n<\/article><\/swiper-slide>\n      <\/swiper-container>\n<\/div>\n\n<div id=\"block-57\" class=\"pt-4 pb-2 alignfull is-layout-constrained\">\n  <div>\n            <div class=\"row gx-4 gy-4 \">\n          \n\n<div id=\"block-56\" class=\"col wp-block-yellowtree-column col-12 d-flex flex-column with-streched-height-children align-items-stretch align-items-md-stretch\">\n  <h3 id=\"block-54\" class=\"h3 display-3 text-start\">\n  Ozvi se n\u00e1m<\/h3>\n\n<p id=\"block-55\" class=\"mb-2 text-start wp-block-paragraph\">\n  M\u00e1\u0161 z\u00e1jem o Smallgroup nebo n\u011bkter\u00fd z kurz\u016f? Vypl\u0148 formul\u00e1\u0159 a ozveme se ti. Nebo n\u00e1m rovnou napi\u0161 na <a href=\"mailto:icfplzen@gmail.com\">icfplzen@gmail.com<\/a> \u010di na Facebook.<\/p><\/div>\n        <\/div>\n          <\/div>\n<\/div>\n\n<div id=\"block-59\" class=\"pt-2 pb-2 alignfull is-layout-constrained\">\n  <div>\n            <div class=\"row gx-4 gy-4 \">\n          \n\n<div id=\"block-58\" class=\"col wp-block-yellowtree-column col-12 d-flex flex-column with-streched-height-children align-items-stretch align-items-md-stretch\">\n  <\/div>\n        <\/div>\n          <\/div>\n<\/div>\n\n<div id=\"block-69\" class=\"pt-9 pb-2 alignfull is-layout-constrained\">\n  <div>\n            <div class=\"row gx-4 gy-4 \">\n          \n\n<div id=\"block-68\" class=\"col wp-block-yellowtree-column col-12 d-flex flex-column with-streched-height-children align-items-stretch align-items-md-stretch\">\n  <div>\n  <div id=\"block-67\" class=\"wp-block-yellowtree-connect-social connect-social\">\n      \n\n<h2 id=\"block-60\" class=\"text-center display-2 mb-5\">\n    Z\u016fsta\u0148 ve spojen\u00ed<\/h2>\n\n\n<p id=\"block-61\" class=\"text-center mb-6\">\n    Sleduj ICF Plze\u0148 na soci\u00e1ln\u00edch s\u00edt\u00edch a nic ti neute\u010de.<br>Pravideln\u011b sd\u00edl\u00edme novinky, akce a povzbuzen\u00ed. #icfplzen<\/p>\n\n\n<div id=\"block-66\" class=\"wp-block-yellowtree-connect-social-links d-flex gap-1 gap-md-5 justify-content-center\">\n  \n\n\n\n\n<a id=\"block-63\" href=\"instagram.com\/icfplzen\/\" target=\"_blank\" data-variation=\"instagram\" class=\"wp-block-yellowtree-connect-social-link btn\" aria-label=\"Instagram Link\">\n  <i class=\"icon connect-social-icon fs-md-lg-const fs-h3-const fa-brands fa-instagram\" aria-hidden=\"true\"><\/i>\n<\/a>\n\n\n<a id=\"block-64\" href=\"facebook.com\/icfplzen\" target=\"_blank\" data-variation=\"facebook\" class=\"wp-block-yellowtree-connect-social-link btn\" aria-label=\"Facebook Link\">\n  <i class=\"icon connect-social-icon fs-md-lg-const fs-h3-const fa-brands fa-facebook\" aria-hidden=\"true\"><\/i>\n<\/a>\n\n\n<a id=\"block-65\" href=\"youtube.com\/@icfplzen4961\" target=\"_blank\" data-variation=\"youtube\" class=\"wp-block-yellowtree-connect-social-link btn\" aria-label=\"Youtube Link\">\n  <i class=\"icon connect-social-icon fs-md-lg-const fs-h3-const fa-brands fa-youtube\" aria-hidden=\"true\"><\/i>\n<\/a>\n<\/div>\n  <\/div>\n<\/div><\/div>\n        <\/div>\n          <\/div>\n<\/div>\n","protected":false},"excerpt":{"rendered":"<p>Chceme, aby se pro tebe c\u00edrkev stala rodinou. A\u0165 u\u017e v t\u00fdmu, ve Smallgroup nebo na kurzu \u2014 m\u00e1me pro tebe m\u00edsto.<\/p>\n","protected":false},"author":201,"featured_media":0,"parent":0,"menu_order":0,"comment_status":"closed","ping_status":"closed","template":"","meta":{"_acf_changed":false,"_seopress_titles_title":"Zapoj se | ICF Plze\u0148","_seopress_titles_desc":"Chceme, aby se pro tebe c\u00edrkev stala rodinou. A\u0165 u\u017e v t\u00fdmu, ve Smallgroup nebo na kurzu \u2014 m\u00e1me pro tebe m\u00edsto.","_seopress_robots_index":"","_seopress_robots_follow":"","_seopress_robots_imageindex":"","_seopress_robots_snippet":"","_seopress_robots_primary_cat":"","_seopress_robots_breadcrumbs":"","_seopress_robots_freeze_modified_date":"","_seopress_robots_custom_modified_date":"","_seopress_robots_canonical":"","_seopress_social_fb_title":"","_seopress_social_fb_desc":"","_seopress_social_fb_img":"","_seopress_social_fb_img_attachment_id":0,"_seopress_social_fb_img_width":0,"_seopress_social_fb_img_height":0,"_seopress_social_twitter_title":"","_seopress_social_twitter_desc":"","_seopress_social_twitter_img":"","_seopress_social_twitter_img_attachment_id":0,"_seopress_social_twitter_img_width":0,"_seopress_social_twitter_img_height":0,"_seopress_redirections_value":"","_seopress_redirections_enabled":"","_seopress_redirections_enabled_regex":"","_seopress_redirections_logged_status":"","_seopress_redirections_param":"","_seopress_redirections_type":0,"_seopress_analysis_target_kw":"","_seopress_news_disabled":"","_seopress_video_disabled":"","_seopress_video":[],"_seopress_pro_schemas_manual":[],"_seopress_pro_rich_snippets_disable_all":"","_seopress_pro_rich_snippets_disable":[],"_seopress_pro_schemas":[],"yt_custom_styles_scss":"","yt_custom_styles_rounded_corners":false,"yt_custom_styles_color_scheme":"","footnotes":""},"class_list":["post-1115","page","type-page","status-publish","hentry"],"acf":[],"_links":{"self":[{"href":"https:\/\/icf.church\/plzen\/cs\/wp-json\/wp\/v2\/pages\/1115","targetHints":{"allow":["GET"]}}],"collection":[{"href":"https:\/\/icf.church\/plzen\/cs\/wp-json\/wp\/v2\/pages"}],"about":[{"href":"https:\/\/icf.church\/plzen\/cs\/wp-json\/wp\/v2\/types\/page"}],"author":[{"embeddable":true,"href":"https:\/\/icf.church\/plzen\/cs\/wp-json\/wp\/v2\/users\/201"}],"replies":[{"embeddable":true,"href":"https:\/\/icf.church\/plzen\/cs\/wp-json\/wp\/v2\/comments?post=1115"}],"version-history":[{"count":3,"href":"https:\/\/icf.church\/plzen\/cs\/wp-json\/wp\/v2\/pages\/1115\/revisions"}],"predecessor-version":[{"id":1196,"href":"https:\/\/icf.church\/plzen\/cs\/wp-json\/wp\/v2\/pages\/1115\/revisions\/1196"}],"wp:attachment":[{"href":"https:\/\/icf.church\/plzen\/cs\/wp-json\/wp\/v2\/media?parent=1115"}],"curies":[{"name":"wp","href":"https:\/\/api.w.org\/{rel}","templated":true}]}}