{"id":1119,"date":"2026-08-18T19:44:17","date_gmt":"2026-08-18T17:44:17","guid":{"rendered":"https:\/\/new.icf.church\/plzen\/ochrana-osobnich-udaju\/"},"modified":"2026-08-25T13:26:49","modified_gmt":"2026-08-25T11:26:49","slug":"ochrana-osobnich-udaju","status":"publish","type":"page","link":"https:\/\/icf.church\/plzen\/cs\/ochrana-osobnich-udaju\/","title":{"rendered":"Z\u00e1sady ochrany dat"},"content":{"rendered":"<div id=\"block-4\" class=\"pt-4 pb-2 alignfull is-layout-constrained\">\n  <div>\n            <div class=\"row gx-4 gy-4 \">\n          \n\n<div id=\"block-3\" class=\"col wp-block-yellowtree-column col-12 d-flex flex-column with-streched-height-children align-items-stretch align-items-md-stretch\">\n  <h1 id=\"block-1\" class=\"display-1 h1 text-start\">\n  Z\u00e1sady ochrany dat<\/h1>\n\n<p id=\"block-2\" class=\"mt-2 fs-base text-start wp-block-paragraph\">\n  Zn\u011bn\u00ed souhlas\u016f se zpracov\u00e1n\u00edm osobn\u00edch \u00fadaj\u016f.<\/p><\/div>\n        <\/div>\n          <\/div>\n<\/div>\n\n<div id=\"block-36\" class=\"pb-6 alignfull is-layout-constrained\">\n  <div>\n            <div class=\"row gx-4 gy-4 \">\n          \n\n<div id=\"block-35\" class=\"col wp-block-yellowtree-column col-12 d-flex flex-column with-streched-height-children align-items-stretch align-items-md-stretch\">\n  <div id=\"block-34\" class=\"accordion\">\n  <body>\n\n<div id=\"block-7\" data-bs-theme=\"dark\" class=\"overflow-hidden wp-block-yellowtree-accordion-item\">\n  <div class=\"accordion-header\">\n    <button class=\"accordion-button rounded-0 collapsed focus-ring-inset\" type=\"button\" data-bs-toggle=\"collapse\" data-bs-target=\"#block-7-collapse\" aria-expanded=\"false\" aria-controls=\"block-7-collapse\">\n      <div>\n        <h3 class=\"mb-0\">\n          Newsletter        <\/h3>\n              <\/div>\n      <div class=\"ms-auto accordion-icons icon-container-base\">\n        <i class=\"icon fa-arrow-right accordion-icon-default\"><\/i>\n        <i class=\"icon fa-close accordion-icon-alt\"><\/i>\n      <\/div>\n    <\/button>\n  <\/div>\n  <div id=\"block-7-collapse\" class=\"accordion-collapse collapse \" data-bs-parent=\"#block-34\">\n    <div class=\"accordion-body pt-0\">\n      <p id=\"block-5\" class=\"text-start wp-block-paragraph\">\n  D\u011bkujeme za v\u00e1\u0161 z\u00e1jem o n\u00e1\u0161 newsletter. N\u00ed\u017ee najdete kompletn\u00ed zn\u011bn\u00ed souhlasu, d\u00edky kter\u00e9mu v\u00e1m novinky m\u016f\u017eeme zas\u00edlat. V p\u0159\u00edpad\u011b dotaz\u016f se m\u016f\u017eete zeptat na e-mailu <a href=\"mailto:office@icf-praha.cz\">office@icf-praha.cz<\/a>, p\u0159\u00edpadn\u011b n\u00e1s m\u016f\u017eete kontaktovat na adrese: International Christian Fellowship Praha z.s., Bubene\u010dsk\u00e1 321\/33, 160 00, Praha 6<\/p>\n\n<p id=\"block-6\" class=\"text-start wp-block-paragraph\">\n  Souhlas\u00edte, aby spolek International Christian Fellowship Praha z.s., se s\u00eddlem Bubene\u010dsk\u00e1 321\/33, 160 00, Praha 6, I\u010c: 27 04 96 21, (d\u00e1le jen \u201eSpr\u00e1vce\u201c) ve smyslu na\u0159\u00edzen\u00ed Evropsk\u00e9ho parlamentu Rady \u010d. 2016\/679 ze dne 27. 4. 2016 o ochran\u011b fyzick\u00fdch osob v souvislosti se zpracov\u00e1n\u00edm osobn\u00edch \u00fadaj\u016f a o voln\u00e9m pohybu t\u011bchto \u00fadaj\u016f a o zru\u0161en\u00ed sm\u011brnice 95\/46\/ES (d\u00e1le jen \u201eNa\u0159\u00edzen\u00ed GDPR\u201c) zpracovala va\u0161e osobn\u00ed \u00fadaje:<\/p>\n\n\n<ul class=\"wp-block-list\">\n<li>Jm\u00e9no<\/li>\n\n\n\n<li>P\u0159\u00edjmen\u00ed<\/li>\n\n\n\n<li>E-mail (d\u00e1le jen \u201eosobn\u00ed \u00fadaje\u201c)<\/li>\n<\/ul>\n\n\n\n<ul class=\"wp-block-list\">\n<li>Osobn\u00ed \u00fadaje je mo\u017en\u00e9 zpracovat na z\u00e1klad\u011b va\u0161eho v\u00fdslovn\u00e9ho souhlasu.<\/li>\n\n\n\n<li>Va\u0161e osobn\u00ed \u00fadaje zpracov\u00e1v\u00e1me za \u00fa\u010delem zas\u00edl\u00e1n\u00ed elektronick\u00e9ho zpravodaje.<\/li>\n\n\n\n<li>Doba zpracov\u00e1n\u00ed: 3 roky od ud\u011blen\u00ed souhlasu. Po uplynut\u00ed t\u00e9to doby v\u00e1s upozorn\u00edme na mo\u017enost ud\u011blit souhlas nov\u00fd. Pokud od v\u00e1s nov\u00fd souhlas neobdr\u017e\u00edme, va\u0161e \u00fadaje \u0159\u00e1dn\u011b vyma\u017eeme.<\/li>\n\n\n\n<li>Zpracov\u00e1n\u00ed osobn\u00edch \u00fadaj\u016f prov\u00e1d\u00ed Spr\u00e1vce, osobn\u00ed \u00fadaje ale mohou zpracov\u00e1vat tito zpracovatel\u00e9:<\/li>\n<\/ul>\n\n\n\n<ul class=\"wp-block-list\">\n<li>Poskytovatel softwaru Mailchimp (The Rocket Science Group LLC.)<\/li>\n\n\n\n<li>Poskytovatel hostingu ICF Movement (Z\u00fcrichstrasse 131, CH-8600 D\u00fcbendorf)<\/li>\n<\/ul>\n\n\n\n<ul class=\"wp-block-list\">\n<li>Spr\u00e1vce p\u0159ed\u00e1v\u00e1 osobn\u00ed \u00fadaje mimo EU, konkr\u00e9tn\u011b do USA, kde s\u00eddl\u00ed poskytovatel softwaru. P\u0159ed\u00e1n\u00ed \u00fadaj\u016f prob\u011bhne na z\u00e1klad\u011b ov\u011b\u0159en\u00ed zpracovatele platformou Privacy Shield. (Tato platforma kontroluje, zda je americk\u00fd software v souladu s evropskou legislativou.) Va\u0161e \u00fadaje se ukl\u00e1daj\u00ed tak\u00e9 na server ve \u0160v\u00fdcarsku, data tam p\u0159ed\u00e1v\u00e1me v souladu s rozhodnut\u00edm Evropsk\u00e9 komise \u010d. 2000\/518\/ES ze dne 26. \u010dervence 2000.<\/li>\n\n\n\n<li>S v\u00fd\u0161e uveden\u00fdm zpracov\u00e1n\u00edm ud\u011blujete sv\u016fj v\u00fdslovn\u00fd souhlas. Poskytnut\u00ed osobn\u00edch \u00fadaj\u016f je dobrovoln\u00e9. Souhlas lze vz\u00edt kdykoliv zp\u011bt, a to kliknut\u00edm na odkaz pro odhl\u00e1\u0161en\u00ed v ka\u017ed\u00e9m e-mailu.<\/li>\n\n\n\n<li>Na z\u00e1klad\u011b Na\u0159\u00edzen\u00ed GDPR m\u00e1te tato pr\u00e1va:<\/li>\n<\/ul>\n\n\n\n<ul class=\"wp-block-list\">\n<li>vz\u00edt souhlas kdykoli zp\u011bt;<\/li>\n\n\n\n<li>po\u017eadovat po n\u00e1s informace o zpracov\u00e1n\u00ed osobn\u00edch \u00fadaj\u016f;<\/li>\n\n\n\n<li>po\u017eadovat po n\u00e1s p\u0159\u00edstup k osobn\u00edm \u00fadaj\u016fm;<\/li>\n\n\n\n<li>po\u017eadovat po n\u00e1s opravu nep\u0159esn\u00fdch osobn\u00edch \u00fadaj\u016f, jejich dopln\u011bn\u00ed \u010di aktualizaci;<\/li>\n\n\n\n<li>po\u017eadovat po n\u00e1s bezodkladn\u00fd v\u00fdmaz osobn\u00edch \u00fadaj\u016f;<\/li>\n\n\n\n<li>po\u017eadovat po n\u00e1s omezen\u00ed zpracov\u00e1n\u00ed osobn\u00edch \u00fadaj\u016f;<\/li>\n\n\n\n<li>po\u017e\u00e1dat n\u00e1s o p\u0159enos osobn\u00edch \u00fadaj\u016f ve strojov\u011b \u010diteln\u00e9m form\u00e1tu;<\/li>\n\n\n\n<li>v p\u0159\u00edpad\u011b pochybnost\u00ed o z\u00e1konnost zpracov\u00e1n\u00ed va\u0161ich osobn\u00edch \u00fadaj\u016f m\u00e1te pr\u00e1vo obr\u00e1tit se na \u00da\u0159ad pro ochranu osobn\u00edch \u00fadaj\u016f.<\/li>\n<\/ul>    <\/div>\n  <\/div>\n<\/div>\n\n\n<div id=\"block-10\" data-bs-theme=\"dark\" class=\"overflow-hidden wp-block-yellowtree-accordion-item\">\n  <div class=\"accordion-header\">\n    <button class=\"accordion-button rounded-0 collapsed focus-ring-inset\" type=\"button\" data-bs-toggle=\"collapse\" data-bs-target=\"#block-10-collapse\" aria-expanded=\"false\" aria-controls=\"block-10-collapse\">\n      <div>\n        <h3 class=\"mb-0\">\n          Organizov\u00e1n\u00ed akc\u00ed        <\/h3>\n              <\/div>\n      <div class=\"ms-auto accordion-icons icon-container-base\">\n        <i class=\"icon fa-arrow-right accordion-icon-default\"><\/i>\n        <i class=\"icon fa-close accordion-icon-alt\"><\/i>\n      <\/div>\n    <\/button>\n  <\/div>\n  <div id=\"block-10-collapse\" class=\"accordion-collapse collapse \" data-bs-parent=\"#block-34\">\n    <div class=\"accordion-body pt-0\">\n      <p id=\"block-8\" class=\"text-start wp-block-paragraph\">\n  D\u011bkujeme za v\u00e1\u0161 z\u00e1jem o \u00fa\u010dast na n\u00e1mi po\u0159\u00e1dan\u00fdch akc\u00edch. N\u00ed\u017ee najdete kompletn\u00ed zn\u011bn\u00ed souhlasu, d\u00edky kter\u00e9mu m\u016f\u017eeme va\u0161e osobn\u00ed \u00fadaje zpracovat. V p\u0159\u00edpad\u011b dotaz\u016f se m\u016f\u017eete zeptat na e-mailu <a href=\"mailto:office@icf-praha.cz\">office@icf-praha.cz<\/a>, p\u0159\u00edpadn\u011b n\u00e1s m\u016f\u017eete kontaktovat na adrese: International Christian Fellowship Praha z.s., Bubene\u010dsk\u00e1 321\/33, 160 00, Praha 6<\/p>\n\n<p id=\"block-9\" class=\"text-start wp-block-paragraph\">\n  Souhlas\u00edte, aby spolek International Christian Fellowship Praha z.s., se s\u00eddlem Bubene\u010dsk\u00e1 321\/33, 160 00, Praha 6, I\u010c: 27 04 96 21, (d\u00e1le jen \u201eSpr\u00e1vce\u201c) ve smyslu na\u0159\u00edzen\u00ed Evropsk\u00e9ho parlamentu Rady \u010d. 2016\/679 ze dne 27. 4. 2016 o ochran\u011b fyzick\u00fdch osob v souvislosti se zpracov\u00e1n\u00edm osobn\u00edch \u00fadaj\u016f a o voln\u00e9m pohybu t\u011bchto \u00fadaj\u016f a o zru\u0161en\u00ed sm\u011brnice 95\/46\/ES (d\u00e1le jen \u201eNa\u0159\u00edzen\u00ed GDPR\u201c) zpracovala va\u0161e osobn\u00ed \u00fadaje:<\/p>\n\n\n<ul class=\"wp-block-list\">\n<li>Jm\u00e9no<\/li>\n\n\n\n<li>P\u0159\u00edjmen\u00ed<\/li>\n\n\n\n<li>Telefon<\/li>\n\n\n\n<li>E-mail (d\u00e1le jen \u201eosobn\u00ed \u00fadaje\u201c)<\/li>\n<\/ul>\n\n\n\n<ul class=\"wp-block-list\">\n<li>Osobn\u00ed \u00fadaje je mo\u017en\u00e9 zpracovat na z\u00e1klad\u011b va\u0161eho v\u00fdslovn\u00e9ho souhlasu.<\/li>\n\n\n\n<li>Va\u0161e osobn\u00ed \u00fadaje zpracov\u00e1v\u00e1me za \u00fa\u010delem organizace akc\u00ed.<\/li>\n\n\n\n<li>Doba zpracov\u00e1n\u00ed: 3 roky od ud\u011blen\u00ed souhlasu. Po uplynut\u00ed t\u00e9to doby va\u0161e \u00fadaje \u0159\u00e1dn\u011b vyma\u017eeme. Pokud bude pot\u0159eba va\u0161e osobn\u00ed \u00fadaje uchov\u00e1vat d\u00e1l kv\u016fli navazuj\u00edc\u00edm akc\u00edm, po\u017e\u00e1d\u00e1me v\u00e1s o obnoven\u00ed souhlasu a v p\u0159\u00edpad\u011b jeho nepotvrzen\u00ed \u00fadaje \u0159\u00e1dn\u011b vyma\u017eeme.<\/li>\n\n\n\n<li>Zpracov\u00e1n\u00ed osobn\u00edch \u00fadaj\u016f prov\u00e1d\u00ed Spr\u00e1vce, osobn\u00ed \u00fadaje ale mohou zpracov\u00e1vat tito zpracovatel\u00e9:<\/li>\n<\/ul>\n\n\n\n<ul class=\"wp-block-list\">\n<li>Poskytovatel softwaru Mailchimp (The Rocket Science Group LLC.)<\/li>\n\n\n\n<li>Poskytovatel hostingu ICF Movement (Z\u00fcrichstrasse 131, CH-8600 D\u00fcbendorf)<\/li>\n<\/ul>\n\n\n\n<ul class=\"wp-block-list\">\n<li>Spr\u00e1vce p\u0159ed\u00e1v\u00e1 osobn\u00ed \u00fadaje mimo EU, konkr\u00e9tn\u011b do USA, kde s\u00eddl\u00ed poskytovatel softwaru. P\u0159ed\u00e1n\u00ed \u00fadaj\u016f prob\u011bhne na z\u00e1klad\u011b ov\u011b\u0159en\u00ed zpracovatele platformou Privacy Shield. (Tato platforma kontroluje, zda je americk\u00fd software v souladu s evropskou legislativou.) Va\u0161e \u00fadaje se ukl\u00e1daj\u00ed tak\u00e9 na server ve \u0160v\u00fdcarsku, data tam p\u0159ed\u00e1v\u00e1me v souladu s rozhodnut\u00edm Evropsk\u00e9 komise \u010d. 2000\/518\/ES ze dne 26. \u010dervence 2000.<\/li>\n\n\n\n<li>S v\u00fd\u0161e uveden\u00fdm zpracov\u00e1n\u00edm ud\u011blujete sv\u016fj v\u00fdslovn\u00fd souhlas. Poskytnut\u00ed osobn\u00edch \u00fadaj\u016f je dobrovoln\u00e9. Souhlas lze vz\u00edt kdykoliv zp\u011bt naps\u00e1n\u00edm na office@icf-praha.cz.<\/li>\n\n\n\n<li>Na z\u00e1klad\u011b Na\u0159\u00edzen\u00ed GDPR m\u00e1te tato pr\u00e1va:<\/li>\n<\/ul>\n\n\n\n<ul class=\"wp-block-list\">\n<li>vz\u00edt souhlas kdykoli zp\u011bt;<\/li>\n\n\n\n<li>po\u017eadovat po n\u00e1s informace o zpracov\u00e1n\u00ed osobn\u00edch \u00fadaj\u016f;<\/li>\n\n\n\n<li>po\u017eadovat po n\u00e1s p\u0159\u00edstup k osobn\u00edm \u00fadaj\u016fm;<\/li>\n\n\n\n<li>po\u017eadovat po n\u00e1s opravu nep\u0159esn\u00fdch osobn\u00edch \u00fadaj\u016f, jejich dopln\u011bn\u00ed \u010di aktualizaci;<\/li>\n\n\n\n<li>po\u017eadovat po n\u00e1s bezodkladn\u00fd v\u00fdmaz osobn\u00edch \u00fadaj\u016f;<\/li>\n\n\n\n<li>po\u017eadovat po n\u00e1s omezen\u00ed zpracov\u00e1n\u00ed osobn\u00edch \u00fadaj\u016f;<\/li>\n\n\n\n<li>po\u017e\u00e1dat n\u00e1s o p\u0159enos osobn\u00edch \u00fadaj\u016f ve strojov\u011b \u010diteln\u00e9m form\u00e1tu;<\/li>\n\n\n\n<li>v p\u0159\u00edpad\u011b pochybnost\u00ed o z\u00e1konnost zpracov\u00e1n\u00ed va\u0161ich osobn\u00edch \u00fadaj\u016f m\u00e1te pr\u00e1vo obr\u00e1tit se na \u00da\u0159ad pro ochranu osobn\u00edch \u00fadaj\u016f.<\/li>\n<\/ul>    <\/div>\n  <\/div>\n<\/div>\n\n\n<div id=\"block-13\" data-bs-theme=\"dark\" class=\"overflow-hidden wp-block-yellowtree-accordion-item\">\n  <div class=\"accordion-header\">\n    <button class=\"accordion-button rounded-0 collapsed focus-ring-inset\" type=\"button\" data-bs-toggle=\"collapse\" data-bs-target=\"#block-13-collapse\" aria-expanded=\"false\" aria-controls=\"block-13-collapse\">\n      <div>\n        <h3 class=\"mb-0\">\n          Organizov\u00e1n\u00ed komunity (Planning Center)        <\/h3>\n              <\/div>\n      <div class=\"ms-auto accordion-icons icon-container-base\">\n        <i class=\"icon fa-arrow-right accordion-icon-default\"><\/i>\n        <i class=\"icon fa-close accordion-icon-alt\"><\/i>\n      <\/div>\n    <\/button>\n  <\/div>\n  <div id=\"block-13-collapse\" class=\"accordion-collapse collapse \" data-bs-parent=\"#block-34\">\n    <div class=\"accordion-body pt-0\">\n      <p id=\"block-11\" class=\"text-start wp-block-paragraph\">\n  D\u011bkujeme za v\u00e1\u0161 z\u00e1jem b\u00fdt sou\u010d\u00e1st\u00ed na\u0161\u00ed komunity. N\u00ed\u017ee najdete kompletn\u00ed zn\u011bn\u00ed souhlasu, d\u00edky kter\u00e9mu m\u016f\u017eeme va\u0161e osobn\u00ed \u00fadaje zpracovat. V p\u0159\u00edpad\u011b dotaz\u016f se m\u016f\u017eete zeptat na e-mailu <a href=\"mailto:office@icf-praha.cz\">office@icf-praha.cz<\/a>, p\u0159\u00edpadn\u011b n\u00e1s m\u016f\u017eete kontaktovat na adrese: International Christian Fellowship Praha z.s., Bubene\u010dsk\u00e1 321\/33, 160 00, Praha 6<\/p>\n\n<p id=\"block-12\" class=\"text-start wp-block-paragraph\">\n  Souhlas\u00edte, aby spolek International Christian Fellowship Praha z.s., se s\u00eddlem Bubene\u010dsk\u00e1 321\/33, 160 00, Praha 6, I\u010c: 27 04 96 21, (d\u00e1le jen \u201eSpr\u00e1vce\u201c) ve smyslu na\u0159\u00edzen\u00ed Evropsk\u00e9ho parlamentu Rady \u010d. 2016\/679 ze dne 27. 4. 2016 o ochran\u011b fyzick\u00fdch osob v souvislosti se zpracov\u00e1n\u00edm osobn\u00edch \u00fadaj\u016f a o voln\u00e9m pohybu t\u011bchto \u00fadaj\u016f a o zru\u0161en\u00ed sm\u011brnice 95\/46\/ES (d\u00e1le jen \u201eNa\u0159\u00edzen\u00ed GDPR\u201c) zpracovala va\u0161e osobn\u00ed \u00fadaje:<\/p>\n\n\n<ul class=\"wp-block-list\">\n<li>Jm\u00e9no<\/li>\n\n\n\n<li>P\u0159\u00edjmen\u00ed<\/li>\n\n\n\n<li>Telefon<\/li>\n\n\n\n<li>Fotografie<\/li>\n\n\n\n<li>E-mail (d\u00e1le jen \u201eosobn\u00ed \u00fadaje\u201c)<\/li>\n<\/ul>\n\n\n\n<ul class=\"wp-block-list\">\n<li>Osobn\u00ed \u00fadaje je mo\u017en\u00e9 zpracovat na z\u00e1klad\u011b va\u0161eho v\u00fdslovn\u00e9ho souhlasu.<\/li>\n\n\n\n<li>Va\u0161e osobn\u00ed \u00fadaje zpracov\u00e1v\u00e1me za \u00fa\u010delem organizace komunity. Osobn\u00ed \u00fadaje pro organizaci komunity zpracov\u00e1v\u00e1me z d\u016fvodu organizov\u00e1n\u00ed akc\u00ed, kurz\u016f, kemp\u016f a semin\u00e1\u0159\u016f a mo\u017enosti pozvat \u00fa\u010dastn\u00edky na navazuj\u00edc\u00ed nebo souvisej\u00edc\u00ed kurzy, pop\u0159\u00edpad\u011b je pozvat k dobrovoln\u00e9 pomoci v t\u00e9to komunit\u011b. D\u00e1le pro zas\u00edl\u00e1n\u00ed elektronick\u00e9ho zpravodaje s intern\u00edmi informacemi (hodnoty, vize a podobn\u011b).<\/li>\n\n\n\n<li>Doba zpracov\u00e1n\u00ed: 3 roky od ud\u011blen\u00ed souhlasu. Po uplynut\u00ed t\u00e9to doby v\u00e1s upozorn\u00edme na mo\u017enost ud\u011blit souhlas nov\u00fd. Pokud od v\u00e1s nov\u00fd souhlas neobdr\u017e\u00edme, va\u0161e \u00fadaje \u0159\u00e1dn\u011b vyma\u017eeme.<\/li>\n\n\n\n<li>Zpracov\u00e1n\u00ed osobn\u00edch \u00fadaj\u016f prov\u00e1d\u00ed Spr\u00e1vce, osobn\u00ed \u00fadaje ale mohou zpracov\u00e1vat tito zpracovatel\u00e9:<\/li>\n<\/ul>\n\n\n\n<ul class=\"wp-block-list\">\n<li>Poskytovatel softwaru Mailchimp (The Rocket Science Group LLC.)<\/li>\n\n\n\n<li>Planning Center (2790 Gateway Road, Carlsbad, CA 92009, U.S.A.)<\/li>\n<\/ul>\n\n\n\n<ul class=\"wp-block-list\">\n<li>Spr\u00e1vce p\u0159ed\u00e1v\u00e1 osobn\u00ed \u00fadaje mimo EU, konkr\u00e9tn\u011b do USA, kde s\u00eddl\u00ed poskytovatel softwaru. P\u0159ed\u00e1n\u00ed \u00fadaj\u016f prob\u011bhne na z\u00e1klad\u011b ov\u011b\u0159en\u00ed zpracovatele platformou Privacy Shield.<\/li>\n\n\n\n<li>S v\u00fd\u0161e uveden\u00fdm zpracov\u00e1n\u00edm ud\u011blujete sv\u016fj v\u00fdslovn\u00fd souhlas. Poskytnut\u00ed osobn\u00edch \u00fadaj\u016f je dobrovoln\u00e9. Souhlas lze vz\u00edt kdykoliv zp\u011bt naps\u00e1n\u00edm na office@icf-praha.cz.<\/li>\n\n\n\n<li>Na z\u00e1klad\u011b Na\u0159\u00edzen\u00ed GDPR m\u00e1te tato pr\u00e1va:<\/li>\n<\/ul>\n\n\n\n<ul class=\"wp-block-list\">\n<li>vz\u00edt souhlas kdykoli zp\u011bt;<\/li>\n\n\n\n<li>po\u017eadovat po n\u00e1s informace o zpracov\u00e1n\u00ed osobn\u00edch \u00fadaj\u016f;<\/li>\n\n\n\n<li>po\u017eadovat po n\u00e1s p\u0159\u00edstup k osobn\u00edm \u00fadaj\u016fm;<\/li>\n\n\n\n<li>po\u017eadovat po n\u00e1s opravu nep\u0159esn\u00fdch osobn\u00edch \u00fadaj\u016f, jejich dopln\u011bn\u00ed \u010di aktualizaci;<\/li>\n\n\n\n<li>po\u017eadovat po n\u00e1s bezodkladn\u00fd v\u00fdmaz osobn\u00edch \u00fadaj\u016f;<\/li>\n\n\n\n<li>po\u017eadovat po n\u00e1s omezen\u00ed zpracov\u00e1n\u00ed osobn\u00edch \u00fadaj\u016f;<\/li>\n\n\n\n<li>po\u017e\u00e1dat n\u00e1s o p\u0159enos osobn\u00edch \u00fadaj\u016f ve strojov\u011b \u010diteln\u00e9m form\u00e1tu;<\/li>\n\n\n\n<li>v p\u0159\u00edpad\u011b pochybnost\u00ed o z\u00e1konnost zpracov\u00e1n\u00ed va\u0161ich osobn\u00edch \u00fadaj\u016f m\u00e1te pr\u00e1vo obr\u00e1tit se na \u00da\u0159ad pro ochranu osobn\u00edch \u00fadaj\u016f.<\/li>\n<\/ul>    <\/div>\n  <\/div>\n<\/div>\n\n\n<div id=\"block-16\" data-bs-theme=\"dark\" class=\"overflow-hidden wp-block-yellowtree-accordion-item\">\n  <div class=\"accordion-header\">\n    <button class=\"accordion-button rounded-0 collapsed focus-ring-inset\" type=\"button\" data-bs-toggle=\"collapse\" data-bs-target=\"#block-16-collapse\" aria-expanded=\"false\" aria-controls=\"block-16-collapse\">\n      <div>\n        <h3 class=\"mb-0\">\n          Kontaktn\u00ed formul\u00e1\u0159        <\/h3>\n              <\/div>\n      <div class=\"ms-auto accordion-icons icon-container-base\">\n        <i class=\"icon fa-arrow-right accordion-icon-default\"><\/i>\n        <i class=\"icon fa-close accordion-icon-alt\"><\/i>\n      <\/div>\n    <\/button>\n  <\/div>\n  <div id=\"block-16-collapse\" class=\"accordion-collapse collapse \" data-bs-parent=\"#block-34\">\n    <div class=\"accordion-body pt-0\">\n      <p id=\"block-14\" class=\"text-start wp-block-paragraph\">\n  D\u011bkujeme za va\u0161i zpr\u00e1vu, pop\u0159\u00edpad\u011b z\u00e1jem o informace. N\u00ed\u017ee najdete kompletn\u00ed zn\u011bn\u00ed souhlasu, d\u00edky kter\u00e9mu m\u016f\u017eeme va\u0161i zpr\u00e1vu zpracovat. V p\u0159\u00edpad\u011b dotaz\u016f se m\u016f\u017eete zeptat na e-mailu <a href=\"mailto:office@icf-praha.cz\">office@icf-praha.cz<\/a>, p\u0159\u00edpadn\u011b n\u00e1s m\u016f\u017eete kontaktovat na adrese: International Christian Fellowship Praha z.s., Bubene\u010dsk\u00e1 321\/33, 160 00, Praha 6<\/p>\n\n<p id=\"block-15\" class=\"text-start wp-block-paragraph\">\n  Souhlas\u00edte, aby spolek International Christian Fellowship Praha z.s., se s\u00eddlem Bubene\u010dsk\u00e1 321\/33, 160 00, Praha 6, I\u010c: 27 04 96 21, (d\u00e1le jen \u201eSpr\u00e1vce\u201c) ve smyslu na\u0159\u00edzen\u00ed Evropsk\u00e9ho parlamentu Rady \u010d. 2016\/679 ze dne 27. 4. 2016 o ochran\u011b fyzick\u00fdch osob v souvislosti se zpracov\u00e1n\u00edm osobn\u00edch \u00fadaj\u016f a o voln\u00e9m pohybu t\u011bchto \u00fadaj\u016f a o zru\u0161en\u00ed sm\u011brnice 95\/46\/ES (d\u00e1le jen \u201eNa\u0159\u00edzen\u00ed GDPR\u201c) zpracovala va\u0161e osobn\u00ed \u00fadaje:<\/p>\n\n\n<ul class=\"wp-block-list\">\n<li>Jm\u00e9no<\/li>\n\n\n\n<li>P\u0159\u00edjmen\u00ed<\/li>\n\n\n\n<li>E-mail (d\u00e1le jen \u201eosobn\u00ed \u00fadaje\u201c)<\/li>\n<\/ul>\n\n\n\n<ul class=\"wp-block-list\">\n<li>Osobn\u00ed \u00fadaje je mo\u017en\u00e9 zpracovat na z\u00e1klad\u011b va\u0161eho v\u00fdslovn\u00e9ho souhlasu.<\/li>\n\n\n\n<li>Va\u0161e osobn\u00ed \u00fadaje zpracov\u00e1v\u00e1me za \u00fa\u010delem vy\u0159\u00edzen\u00ed va\u0161\u00ed zpr\u00e1vy.<\/li>\n\n\n\n<li>Doba zpracov\u00e1n\u00ed: 3 roky od ud\u011blen\u00ed souhlasu. Po uplynut\u00ed t\u00e9to doby v\u00e1s upozorn\u00edme na mo\u017enost ud\u011blit souhlas nov\u00fd. Pokud od v\u00e1s nov\u00fd souhlas neobdr\u017e\u00edme, va\u0161e \u00fadaje \u0159\u00e1dn\u011b vyma\u017eeme.<\/li>\n\n\n\n<li>Zpracov\u00e1n\u00ed osobn\u00edch \u00fadaj\u016f prov\u00e1d\u00ed Spr\u00e1vce, osobn\u00ed \u00fadaje ale mohou zpracov\u00e1vat tito zpracovatel\u00e9:<\/li>\n<\/ul>\n\n\n\n<ul class=\"wp-block-list\">\n<li>Poskytovatel hostingu ICF Movement (Z\u00fcrichstrasse 131, CH-8600 D\u00fcbendorf)<\/li>\n<\/ul>\n\n\n\n<ul class=\"wp-block-list\">\n<li>Spr\u00e1vce p\u0159ed\u00e1v\u00e1 osobn\u00ed \u00fadaje mimo EU, konkr\u00e9tn\u011b do \u0160v\u00fdcarska. Data tam p\u0159ed\u00e1v\u00e1me v souladu s rozhodnut\u00edm Evropsk\u00e9 komise \u010d. 2000\/518\/ES ze dne 26. \u010dervence 2000.<\/li>\n\n\n\n<li>S v\u00fd\u0161e uveden\u00fdm zpracov\u00e1n\u00edm ud\u011blujete sv\u016fj v\u00fdslovn\u00fd souhlas. Poskytnut\u00ed osobn\u00edch \u00fadaj\u016f je dobrovoln\u00e9. Souhlas lze vz\u00edt kdykoliv zp\u011bt naps\u00e1n\u00edm na office@icf-praha.cz.<\/li>\n\n\n\n<li>Na z\u00e1klad\u011b Na\u0159\u00edzen\u00ed GDPR m\u00e1te tato pr\u00e1va:<\/li>\n<\/ul>\n\n\n\n<ul class=\"wp-block-list\">\n<li>vz\u00edt souhlas kdykoli zp\u011bt;<\/li>\n\n\n\n<li>po\u017eadovat po n\u00e1s informace o zpracov\u00e1n\u00ed osobn\u00edch \u00fadaj\u016f;<\/li>\n\n\n\n<li>po\u017eadovat po n\u00e1s p\u0159\u00edstup k osobn\u00edm \u00fadaj\u016fm;<\/li>\n\n\n\n<li>po\u017eadovat po n\u00e1s opravu nep\u0159esn\u00fdch osobn\u00edch \u00fadaj\u016f, jejich dopln\u011bn\u00ed \u010di aktualizaci;<\/li>\n\n\n\n<li>po\u017eadovat po n\u00e1s bezodkladn\u00fd v\u00fdmaz osobn\u00edch \u00fadaj\u016f;<\/li>\n\n\n\n<li>po\u017eadovat po n\u00e1s omezen\u00ed zpracov\u00e1n\u00ed osobn\u00edch \u00fadaj\u016f;<\/li>\n\n\n\n<li>po\u017e\u00e1dat n\u00e1s o p\u0159enos osobn\u00edch \u00fadaj\u016f ve strojov\u011b \u010diteln\u00e9m form\u00e1tu;<\/li>\n\n\n\n<li>v p\u0159\u00edpad\u011b pochybnost\u00ed o z\u00e1konnost zpracov\u00e1n\u00ed va\u0161ich osobn\u00edch \u00fadaj\u016f m\u00e1te pr\u00e1vo obr\u00e1tit se na \u00da\u0159ad pro ochranu osobn\u00edch \u00fadaj\u016f.<\/li>\n<\/ul>    <\/div>\n  <\/div>\n<\/div>\n\n\n<div id=\"block-31\" data-bs-theme=\"dark\" class=\"overflow-hidden wp-block-yellowtree-accordion-item\">\n  <div class=\"accordion-header\">\n    <button class=\"accordion-button rounded-0 collapsed focus-ring-inset\" type=\"button\" data-bs-toggle=\"collapse\" data-bs-target=\"#block-31-collapse\" aria-expanded=\"false\" aria-controls=\"block-31-collapse\">\n      <div>\n        <h3 class=\"mb-0\">\n          Cookies        <\/h3>\n              <\/div>\n      <div class=\"ms-auto accordion-icons icon-container-base\">\n        <i class=\"icon fa-arrow-right accordion-icon-default\"><\/i>\n        <i class=\"icon fa-close accordion-icon-alt\"><\/i>\n      <\/div>\n    <\/button>\n  <\/div>\n  <div id=\"block-31-collapse\" class=\"accordion-collapse collapse \" data-bs-parent=\"#block-34\">\n    <div class=\"accordion-body pt-0\">\n      <p id=\"block-17\" class=\"text-start wp-block-paragraph\">\n  <strong>Z\u00e1sady ochrany soukrom\u00ed a zpracov\u00e1n\u00ed cookies.<\/strong><\/p>\n\n<p id=\"block-18\" class=\"text-start wp-block-paragraph\">\n  Dovolujeme si v\u00e1s upozornit, \u017ee tyto webov\u00e9 str\u00e1nky vyu\u017e\u00edvaj\u00ed cookies.<\/p>\n\n<h3 id=\"block-19\" class=\"mt-4 mb-2 h3 text-start\">\n  Co jsou to cookies?<\/h3>\n\n<p id=\"block-20\" class=\"text-start wp-block-paragraph\">\n  Cookie je kr\u00e1tk\u00fd textov\u00fd soubor, kter\u00fd nav\u0161t\u00edven\u00e1 webov\u00e1 str\u00e1nka ode\u0161le do prohl\u00ed\u017ee\u010de. Soubory cookie slou\u017e\u00ed k cel\u00e9 \u0159ad\u011b \u00fa\u010del\u016f. Pou\u017e\u00edv\u00e1me je nap\u0159\u00edklad k ukl\u00e1d\u00e1n\u00ed va\u0161ich nastaven\u00ed, ke sledov\u00e1n\u00ed po\u010dtu n\u00e1v\u0161t\u011bvn\u00edk\u016f na str\u00e1nce, k usnadn\u011bn\u00ed registrace nov\u00fdch slu\u017eeb a k ochran\u011b va\u0161ich dat.<\/p>\n\n<p id=\"block-21\" class=\"text-start wp-block-paragraph\">\n  Bez nich by proch\u00e1zen\u00ed webu bylo mnohem slo\u017eit\u011bj\u0161\u00ed. Nap\u0159\u00edklad by nefungovaly spr\u00e1vn\u011b formul\u00e1\u0159e.<\/p>\n\n<h3 id=\"block-22\" class=\"mt-4 mb-2 h3 text-start\">\n  Cookies a GDPR<\/h3>\n\n<p id=\"block-23\" class=\"text-start wp-block-paragraph\">\n  Podle na\u0159\u00edzen\u00ed Evropsk\u00e9ho parlamentu Rady \u010d. 2016\/679 ze dne 27. 4. 2016 o ochran\u011b fyzick\u00fdch osob v souvislosti se zpracov\u00e1n\u00edm osobn\u00edch \u00fadaj\u016f a o voln\u00e9m pohybu t\u011bchto \u00fadaj\u016f jsou cookies osobn\u00ed \u00fadaj.<\/p>\n\n<p id=\"block-24\" class=\"text-start wp-block-paragraph\">\n  N\u00ed\u017ee uveden\u00e9 cookies zpracov\u00e1v\u00e1me na z\u00e1klad\u011b na\u0161eho opr\u00e1vn\u011bn\u00e9ho z\u00e1jmu. V\u0161echny cookies slou\u017e\u00ed k anal\u00fdze n\u00e1v\u0161t\u011bvnosti. P\u0159esto m\u00e1te pr\u00e1vo kteroukoli z t\u011bchto cookies odm\u00edtnout.<\/p>\n\n<p id=\"block-25\" class=\"text-start wp-block-paragraph\">\n  Na\u0159\u00edzen\u00ed GDPR v\u00e1m obecn\u011b garantuje tato pr\u00e1va:<\/p>\n\n\n<ul class=\"wp-block-list\">\n<li>vzn\u00e9st kdykoli n\u00e1mitku proti zpracov\u00e1n\u00ed osobn\u00edch \u00fadaj\u016f;<\/li>\n\n\n\n<li>po\u017eadovat po n\u00e1s informace o zpracov\u00e1n\u00ed osobn\u00edch \u00fadaj\u016f;<\/li>\n\n\n\n<li>po\u017eadovat po n\u00e1s p\u0159\u00edstup k osobn\u00edm \u00fadaj\u016fm;<\/li>\n\n\n\n<li>po\u017eadovat po n\u00e1s opravu nep\u0159esn\u00fdch osobn\u00edch \u00fadaj\u016f, jejich dopln\u011bn\u00ed \u010di aktualizaci;<\/li>\n\n\n\n<li>po\u017eadovat po n\u00e1s bezodkladn\u00fd v\u00fdmaz osobn\u00edch \u00fadaj\u016f;<\/li>\n\n\n\n<li>po\u017eadovat po n\u00e1s omezen\u00ed zpracov\u00e1n\u00ed osobn\u00edch \u00fadaj\u016f;<\/li>\n\n\n\n<li>po\u017e\u00e1dat n\u00e1s o p\u0159enos osobn\u00edch \u00fadaj\u016f ve strojov\u011b \u010diteln\u00e9m form\u00e1tu;<\/li>\n\n\n\n<li>v p\u0159\u00edpad\u011b pochybnost\u00ed o z\u00e1konnost zpracov\u00e1n\u00ed va\u0161ich osobn\u00edch \u00fadaj\u016f m\u00e1te pr\u00e1vo obr\u00e1tit se na \u00da\u0159ad pro ochranu osobn\u00edch \u00fadaj\u016f.<\/li>\n<\/ul>\n\n\n<h3 id=\"block-26\" class=\"mt-4 mb-2 h3 text-start\">\n  Jak\u00e9 cookies zpracov\u00e1v\u00e1me a pro\u010d<\/h3>\n\n<p id=\"block-27\" class=\"text-start wp-block-paragraph\">\n  Doba expirace cookies je ve v\u00fdchoz\u00edm nastaven\u00ed ur\u010dena na 60 dn\u00ed. Pot\u00e9 se cookie sma\u017ee, nicm\u00e9n\u011b anonymizovan\u00e1 data z cookies z\u016fst\u00e1vaj\u00ed ulo\u017eena. P\u0159i va\u0161\u00ed nov\u00e9 n\u00e1v\u0161t\u011bv\u011b webu se cookie (pokud nen\u00ed zak\u00e1zan\u00e1) znovu obnov\u00ed a doba se za\u010dne po\u010d\u00edtat od za\u010d\u00e1tku.<\/p>\n\n\n<ul class=\"wp-block-list\">\n<li><strong>Google Analytics<\/strong> \u2014 slou\u017e\u00ed k m\u011b\u0159en\u00ed n\u00e1v\u0161t\u011bvnosti str\u00e1nek, uchov\u00e1n\u00ed dat 38 m\u011bs\u00edc\u016f.<\/li>\n\n\n\n<li><strong>Facebook Pixel<\/strong> \u2014 slou\u017e\u00ed k m\u011b\u0159en\u00ed n\u00e1v\u0161t\u011bvnosti str\u00e1nek, uchov\u00e1n\u00ed dat bez omezen\u00ed.<\/li>\n<\/ul>\n\n\n<p id=\"block-28\" class=\"text-start wp-block-paragraph\">\n  Jeliko\u017e soubory cookie jsou ulo\u017een\u00e9 p\u0159\u00edmo ve va\u0161em prohl\u00ed\u017ee\u010di, nem\u016f\u017eeme s nimi nijak nakl\u00e1dat ani je p\u0159edat t\u0159et\u00edm stran\u00e1m.<\/p>\n\n<p id=\"block-29\" class=\"text-start wp-block-paragraph\">\n  M\u00e1te ke cookies dotazy? Napi\u0161te n\u00e1m na <a href=\"mailto:office@icf-praha.cz\">office@icf-praha.cz<\/a>.<\/p>\n\n<p id=\"block-30\" class=\"text-start wp-block-paragraph\">\n  <strong>International Christian Fellowship Praha z.s.<\/strong><br>Bubene\u010dsk\u00e1 321\/33, 160 00, Praha 6<br>I\u010c: 27 04 96 21<\/p>    <\/div>\n  <\/div>\n<\/div>\n\n\n<div id=\"block-33\" data-bs-theme=\"dark\" class=\"overflow-hidden wp-block-yellowtree-accordion-item\">\n  <div class=\"accordion-header\">\n    <button class=\"accordion-button rounded-0 collapsed focus-ring-inset\" type=\"button\" data-bs-toggle=\"collapse\" data-bs-target=\"#block-33-collapse\" aria-expanded=\"false\" aria-controls=\"block-33-collapse\">\n      <div>\n        <h3 class=\"mb-0\">\n          Neaktu\u00e1ln\u00ed zn\u011bn\u00ed souhlas\u016f        <\/h3>\n              <\/div>\n      <div class=\"ms-auto accordion-icons icon-container-base\">\n        <i class=\"icon fa-arrow-right accordion-icon-default\"><\/i>\n        <i class=\"icon fa-close accordion-icon-alt\"><\/i>\n      <\/div>\n    <\/button>\n  <\/div>\n  <div id=\"block-33-collapse\" class=\"accordion-collapse collapse \" data-bs-parent=\"#block-34\">\n    <div class=\"accordion-body pt-0\">\n      <p id=\"block-32\" class=\"text-start wp-block-paragraph\">\n  Zat\u00edm jsou aktu\u00e1ln\u00ed v\u0161echny v\u00fd\u0161e zm\u00edn\u011bn\u00e9 souhlasy. Pokud bychom je aktualizovali, najde\u0161 zde odkaz na p\u0159edchoz\u00ed, p\u016fvodn\u00ed zn\u011bn\u00ed.<\/p>    <\/div>\n  <\/div>\n<\/div>\n<\/body><\/div><\/div>\n        <\/div>\n          <\/div>\n<\/div>\n","protected":false},"excerpt":{"rendered":"<p>Jak zpracov\u00e1v\u00e1me tvoje osobn\u00ed \u00fadaje, pro\u010d to d\u011bl\u00e1me a jak\u00e1 m\u00e1\u0161 pr\u00e1va.<\/p>\n","protected":false},"author":201,"featured_media":0,"parent":0,"menu_order":0,"comment_status":"closed","ping_status":"closed","template":"","meta":{"_acf_changed":false,"_seopress_titles_title":"Ochrana osobn\u00edch \u00fadaj\u016f | ICF Plze\u0148","_seopress_titles_desc":"Jak zpracov\u00e1v\u00e1me tvoje osobn\u00ed \u00fadaje, pro\u010d to d\u011bl\u00e1me a jak\u00e1 m\u00e1\u0161 pr\u00e1va.","_seopress_robots_index":"","_seopress_robots_follow":"","_seopress_robots_imageindex":"","_seopress_robots_snippet":"","_seopress_robots_primary_cat":"","_seopress_robots_breadcrumbs":"","_seopress_robots_freeze_modified_date":"","_seopress_robots_custom_modified_date":"","_seopress_robots_canonical":"","_seopress_social_fb_title":"","_seopress_social_fb_desc":"","_seopress_social_fb_img":"","_seopress_social_fb_img_attachment_id":0,"_seopress_social_fb_img_width":0,"_seopress_social_fb_img_height":0,"_seopress_social_twitter_title":"","_seopress_social_twitter_desc":"","_seopress_social_twitter_img":"","_seopress_social_twitter_img_attachment_id":0,"_seopress_social_twitter_img_width":0,"_seopress_social_twitter_img_height":0,"_seopress_redirections_value":"","_seopress_redirections_enabled":"","_seopress_redirections_enabled_regex":"","_seopress_redirections_logged_status":"","_seopress_redirections_param":"","_seopress_redirections_type":0,"_seopress_analysis_target_kw":"","_seopress_news_disabled":"","_seopress_video_disabled":"","_seopress_video":[],"_seopress_pro_schemas_manual":[],"_seopress_pro_rich_snippets_disable_all":"","_seopress_pro_rich_snippets_disable":[],"_seopress_pro_schemas":[],"yt_custom_styles_scss":"","yt_custom_styles_rounded_corners":false,"yt_custom_styles_color_scheme":"","footnotes":""},"class_list":["post-1119","page","type-page","status-publish","hentry"],"acf":[],"_links":{"self":[{"href":"https:\/\/icf.church\/plzen\/cs\/wp-json\/wp\/v2\/pages\/1119","targetHints":{"allow":["GET"]}}],"collection":[{"href":"https:\/\/icf.church\/plzen\/cs\/wp-json\/wp\/v2\/pages"}],"about":[{"href":"https:\/\/icf.church\/plzen\/cs\/wp-json\/wp\/v2\/types\/page"}],"author":[{"embeddable":true,"href":"https:\/\/icf.church\/plzen\/cs\/wp-json\/wp\/v2\/users\/201"}],"replies":[{"embeddable":true,"href":"https:\/\/icf.church\/plzen\/cs\/wp-json\/wp\/v2\/comments?post=1119"}],"version-history":[{"count":2,"href":"https:\/\/icf.church\/plzen\/cs\/wp-json\/wp\/v2\/pages\/1119\/revisions"}],"predecessor-version":[{"id":1188,"href":"https:\/\/icf.church\/plzen\/cs\/wp-json\/wp\/v2\/pages\/1119\/revisions\/1188"}],"wp:attachment":[{"href":"https:\/\/icf.church\/plzen\/cs\/wp-json\/wp\/v2\/media?parent=1119"}],"curies":[{"name":"wp","href":"https:\/\/api.w.org\/{rel}","templated":true}]}}