{"id":1248,"date":"2026-06-12T16:08:44","date_gmt":"2026-06-12T14:08:44","guid":{"rendered":"https:\/\/new.icf.church\/praha\/?page_id=1248"},"modified":"2026-06-12T16:14:14","modified_gmt":"2026-06-12T14:14:14","slug":"zasady-ochrany-dat","status":"publish","type":"page","link":"https:\/\/icf.church\/praha\/cs\/zasady-ochrany-dat\/","title":{"rendered":"Z\u00e1sady ochrany dat"},"content":{"rendered":"<h2 id=\"block-1\" class=\"h2 display-2 text-start\">\n  Z\u00e1sady ochrany dat<\/h2>\n\n<div id=\"block-4\" class=\"pt-2 pb-2 alignfull is-layout-constrained\">\n  <div>\n            <div class=\"row gx-4 gy-4 \">\n          \n\n<div id=\"block-3\" class=\"col wp-block-yellowtree-column col-12 d-flex flex-column with-streched-height-children align-items-stretch align-items-md-stretch\">\n  <h2 id=\"block-2\" class=\"h2 text-start\">\n  Zn\u011bn\u00ed souhlas\u016f se zpracov\u00e1n\u00edm osobn\u00edch \u00fadaj\u016f v ICF Praha<\/h2><\/div>\n        <\/div>\n          <\/div>\n<\/div>\n\n<div id=\"block-11\" class=\"pt-2 pb-2 alignfull is-layout-constrained\">\n  <div>\n            <div class=\"row gx-4 gy-4 \">\n          \n\n<div id=\"block-6\" class=\"col wp-block-yellowtree-column col-12 col-lg-4 d-flex flex-column with-streched-height-children align-items-stretch align-items-lg-stretch\">\n  <div>\n    <a id=\"block-5\" href=\"#newsletter\" rel=\"\" class=\"wp-block-yellowtree-button-link btn btn-default\">\n      <span>Newsletter<\/span>\n          <\/a>\n  <\/div><\/div>\n\n\n<div id=\"block-8\" class=\"col wp-block-yellowtree-column col-12 col-lg-4 d-flex flex-column with-streched-height-children align-items-stretch align-items-lg-stretch\">\n  <div>\n    <a id=\"block-7\" href=\"#welcome\" rel=\"\" class=\"wp-block-yellowtree-button-link btn btn-default\">\n      <span>Contact Card\/Akce<\/span>\n          <\/a>\n  <\/div><\/div>\n\n\n<div id=\"block-10\" class=\"col wp-block-yellowtree-column col-12 col-lg-4 d-flex flex-column with-streched-height-children align-items-stretch align-items-lg-stretch\">\n  <div>\n    <a id=\"block-9\" href=\"#people\" rel=\"\" class=\"wp-block-yellowtree-button-link btn btn-default\">\n      <span>Elvanto<\/span>\n          <\/a>\n  <\/div><\/div>\n        <\/div>\n          <\/div>\n<\/div>\n\n<div id=\"block-17\" class=\"pt-2 pb-2 alignfull is-layout-constrained\">\n  <div>\n            <div class=\"row gx-4 gy-4 \">\n          \n\n<div id=\"block-13\" class=\"col wp-block-yellowtree-column col-12 col-lg-4 d-flex flex-column with-streched-height-children align-items-stretch align-items-lg-stretch\">\n  <div>\n    <a id=\"block-12\" href=\"#formular\" rel=\"\" class=\"wp-block-yellowtree-button-link btn btn-default\">\n      <span>Kontaktn\u00ed formul\u00e1\u0159<\/span>\n          <\/a>\n  <\/div><\/div>\n\n\n<div id=\"block-15\" class=\"col wp-block-yellowtree-column col-12 col-lg-4 d-flex flex-column with-streched-height-children align-items-stretch align-items-lg-stretch\">\n  <div>\n    <a id=\"block-14\" href=\"#cookies\" rel=\"\" class=\"wp-block-yellowtree-button-link btn btn-default\">\n      <span>Cookies<\/span>\n          <\/a>\n  <\/div><\/div>\n\n\n<div id=\"block-16\" class=\"col wp-block-yellowtree-column col-12 col-lg-4 d-flex flex-column with-streched-height-children align-items-stretch align-items-lg-stretch\">\n  <\/div>\n        <\/div>\n          <\/div>\n<\/div>\n\n<div id=\"newsletter-2\" class=\"pt-2 pb-2 alignfull is-layout-constrained\">\n  <div>\n            <div class=\"row gx-4 gy-4 \">\n          \n\n<div id=\"newsletter-2\" class=\"col wp-block-yellowtree-column col-12 d-flex flex-column with-streched-height-children align-items-stretch align-items-md-stretch\">\n  <h3 id=\"newsletter\" class=\"h3 text-start\">\n  Souhlas se zpracov\u00e1n\u00edm osobn\u00edch \u00fadaj\u016f v r\u00e1mci zas\u00edl\u00e1n\u00ed novinek.<\/h3>\n\n<p id=\"block-18\" class=\"text-start wp-block-paragraph\">\n  D\u011bkujeme za V\u00e1\u0161 z\u00e1jem o n\u00e1\u0161 newsletter. N\u00ed\u017ee najdete kompletn\u00ed zn\u011bn\u00ed souhlasu, d\u00edky kter\u00e9mu v\u00e1m novinky m\u016f\u017eeme zas\u00edlat. V p\u0159\u00edpad\u011b dotaz\u016f se m\u016f\u017eete zeptat na e-mailu&nbsp;<a href=\"mailto:office@icf-praha.cz\">office@icf-praha.cz<\/a>, p\u0159\u00edpadn\u011b n\u00e1s m\u016f\u017eete kontaktovat na adrese: International Christian Fellowship Praha z.s., Bubene\u010dsk\u00e1 321\/33, 160 00, Praha 6<\/p>\n\n\n<ol class=\"wp-block-list\">\n<li>Souhlas\u00edte, aby spolek International Christian Fellowship Praha z.s., se s\u00eddlem Bubene\u010dsk\u00e1 321\/33, 160 00, Praha 6, I\u010c: 27 04 96 21, (d\u00e1le jen \u201eSpr\u00e1vce\u201c) ve smyslu na\u0159\u00edzen\u00ed Evropsk\u00e9ho parlamentu Rady \u010d. 2016\/679 ze dne 27. 4. 2016 o ochran\u011b fyzick\u00fdch osob v souvislosti se zpracov\u00e1n\u00edm osobn\u00edch \u00fadaj\u016f a o voln\u00e9m pohybu t\u011bchto \u00fadaj\u016f a o zru\u0161en\u00ed sm\u011brnice 95\/46\/ES (d\u00e1le jen \u201eNa\u0159\u00edzen\u00ed GDPR\u201c)\u00a0<strong>zpracovala va\u0161e osobn\u00ed \u00fadaje:<\/strong><\/li>\n<\/ol>\n\n\n\n<ul class=\"wp-block-list\">\n<li>Jm\u00e9no<\/li>\n\n\n\n<li>P\u0159\u00edjmen\u00ed<\/li>\n\n\n\n<li>E-mail (d\u00e1le jen \u201eosobn\u00ed \u00fadaje)<\/li>\n<\/ul>\n\n\n\n<ol start=\"2\" class=\"wp-block-list\">\n<li>\u00a0Osobn\u00ed \u00fadaje je mo\u017en\u00e9 zpracovat na z\u00e1klad\u011b va\u0161eho v\u00fdslovn\u00e9ho souhlasu.<\/li>\n\n\n\n<li>\u00a0Va\u0161e osobn\u00ed \u00fadaje zpracov\u00e1v\u00e1me za \u00fa\u010delem zas\u00edl\u00e1n\u00ed elektronick\u00e9ho zpravodaje.<\/li>\n\n\n\n<li>\u00a0Doba zpracov\u00e1n\u00ed: 3 roky od ud\u011blen\u00ed souhlasu. Po uplynut\u00ed t\u00e9to doby v\u00e1s upozorn\u00edme na mo\u017enost ud\u011blit souhlas nov\u00fd. Pokud od V\u00e1s nov\u00fd souhlas neobdr\u017e\u00edme, va\u0161e \u00fadaje \u0159\u00e1dn\u011b vyma\u017eeme.<\/li>\n\n\n\n<li>\u00a0Zpracov\u00e1n\u00ed osobn\u00edch \u00fadaj\u016f prov\u00e1d\u00ed Spr\u00e1vce, osobn\u00ed \u00fadaje ale mohou zpracov\u00e1vat tito zpracovatel\u00e9:<\/li>\n<\/ol>\n\n\n\n<ul class=\"wp-block-list\">\n<li>\u00a0\u00a0\u00a0\u00a0\u00a0\u00a0Poskytovatel softwaru Mailchimp (The Rocket Science Group LLC.)<\/li>\n\n\n\n<li>\u00a0\u00a0\u00a0\u00a0\u00a0\u00a0Poskytovatel hostingu ICF Movement (Z\u00fcrichstrasse 131, CH-8600 D\u00fcbendorf)<\/li>\n<\/ul>\n\n\n\n<ol start=\"6\" class=\"wp-block-list\">\n<li>\u00a0Spr\u00e1vce p\u0159ed\u00e1v\u00e1 osobn\u00ed \u00fadaje mimo EU, konkr\u00e9tn\u011b do USA, kde s\u00eddl\u00ed poskytovatel softwaru. P\u0159ed\u00e1n\u00ed \u00fadaj\u016f prob\u011bhne na z\u00e1klad\u011b ov\u011b\u0159en\u00ed zpracovatele platformou<a href=\"https:\/\/www.privacyshield.gov\/participant?id=a2zt0000000TO6hAAG&amp;status=Active\">\u00a0Privacy Shield<\/a>. (Tato platforma kontroluje, zda je americk\u00fd software v souladu s evropskou legislativou.) Va\u0161e \u00fadaje se ukl\u00e1daj\u00ed tak\u00e9 na server ve \u0160v\u00fdcarsku, data tam p\u0159ed\u00e1v\u00e1me v souladu s rozhodnut\u00edm Evropsk\u00e9 komise \u010d. 2000\/518\/ES ze dne 26. \u010dervence 2000.<\/li>\n\n\n\n<li>\u00a0S v\u00fd\u0161e uveden\u00fdm zpracov\u00e1n\u00edm ud\u011blujete sv\u016fj v\u00fdslovn\u00fd souhlas. Poskytnut\u00ed osobn\u00edch \u00fadaj\u016f je dobrovoln\u00e9. Souhlas lze vz\u00edt kdykoliv zp\u011bt, a to kliknut\u00edm na odkaz:\u00a0<a href=\"https:\/\/icf-praha.us5.list-manage.com\/unsubscribe?u=a4fb7deeaf40869338fadd1c9&amp;id=2093cc2331\" target=\"_blank\" rel=\"noopener\">Odhl\u00e1sit se<\/a>.<\/li>\n\n\n\n<li>\u00a0Na z\u00e1klad\u011b Na\u0159\u00edzen\u00ed GDPR m\u00e1te tato pr\u00e1va:<\/li>\n<\/ol>\n\n\n\n<ul class=\"wp-block-list\">\n<li>\u00a0\u00a0\u00a0\u00a0\u00a0vz\u00edt souhlas kdykoli zp\u011bt;<\/li>\n\n\n\n<li>\u00a0\u00a0\u00a0\u00a0\u00a0po\u017eadovat po n\u00e1s informace o zpracov\u00e1n\u00ed osobn\u00edch \u00fadaj\u016f;<\/li>\n\n\n\n<li>\u00a0\u00a0\u00a0\u00a0\u00a0po\u017eadovat po n\u00e1s p\u0159\u00edstup k osobn\u00edm \u00fadaj\u016fm;<\/li>\n\n\n\n<li>\u00a0\u00a0\u00a0\u00a0\u00a0po\u017eadovat po n\u00e1s opravu nep\u0159esn\u00fdch osobn\u00edch \u00fadaj\u016f, jejich dopln\u011bn\u00ed \u010di aktualizaci;<\/li>\n\n\n\n<li>\u00a0\u00a0\u00a0\u00a0\u00a0po\u017eadovat po n\u00e1s bezodkladn\u00fd v\u00fdmaz osobn\u00edch \u00fadaj\u016f;<\/li>\n\n\n\n<li>\u00a0\u00a0\u00a0\u00a0\u00a0po\u017eadovat po n\u00e1s omezen\u00ed zpracov\u00e1n\u00ed osobn\u00edch \u00fadaj\u016f;<\/li>\n\n\n\n<li>\u00a0\u00a0\u00a0\u00a0\u00a0po\u017e\u00e1dat n\u00e1s o p\u0159enos osobn\u00edch \u00fadaj\u016f ve strojov\u011b \u010diteln\u00e9m form\u00e1tu;<\/li>\n\n\n\n<li>\u00a0\u00a0\u00a0\u00a0\u00a0v p\u0159\u00edpad\u011b pochybnost\u00ed o z\u00e1konnost zpracov\u00e1n\u00ed va\u0161ich osobn\u00edch \u00fadaj\u016f m\u00e1te pr\u00e1vo obr\u00e1tit se na \u00da\u0159ad pro ochranu osobn\u00edch \u00fadaj\u016f.<\/li>\n<\/ul><\/div>\n        <\/div>\n          <\/div>\n<\/div>\n\n<div id=\"welcome-2\" class=\"pt-2 pb-2 alignfull is-layout-constrained\">\n  <div>\n            <div class=\"row gx-4 gy-4 \">\n          \n\n<div id=\"welcome-2\" class=\"col wp-block-yellowtree-column col-12 d-flex flex-column with-streched-height-children align-items-stretch align-items-md-stretch\">\n  <h3 id=\"welcome\" class=\"h3 text-start\">\n  Souhlas se zpracov\u00e1n\u00edm osobn\u00edch \u00fadaj\u016f v r\u00e1mci organizov\u00e1n\u00ed akc\u00ed.<\/h3>\n\n<p id=\"block-19\" class=\"text-start wp-block-paragraph\">\n  D\u011bkujeme za V\u00e1\u0161 z\u00e1jem o \u00fa\u010dast na n\u00e1mi po\u0159\u00e1dan\u00fdch akc\u00edch. N\u00ed\u017ee najdete kompletn\u00ed zn\u011bn\u00ed souhlasu, d\u00edky kter\u00e9mu m\u016f\u017eeme va\u0161e osobn\u00ed \u00fadaje zpracovat. V p\u0159\u00edpad\u011b dotaz\u016f se m\u016f\u017eete zeptat na e-mailu&nbsp;<a href=\"mailto:office@icf-praha.cz\">office@icf-praha.cz<\/a>, p\u0159\u00edpadn\u011b n\u00e1s m\u016f\u017eete kontaktovat na adrese: International Christian Fellowship Praha z.s., Bubene\u010dsk\u00e1 321\/33, 160 00, Praha 6<\/p>\n\n\n<ol class=\"wp-block-list\">\n<li>Souhlas\u00edte, aby spolek International Christian Fellowship Praha z.s., se s\u00eddlem Bubene\u010dsk\u00e1 321\/33, 160 00, Praha 6, I\u010c: 27 04 96 21, (d\u00e1le jen \u201eSpr\u00e1vce\u201c) ve smyslu na\u0159\u00edzen\u00ed Evropsk\u00e9ho parlamentu Rady \u010d. 2016\/679 ze dne 27. 4. 2016 o ochran\u011b fyzick\u00fdch osob v souvislosti se zpracov\u00e1n\u00edm osobn\u00edch \u00fadaj\u016f a o voln\u00e9m pohybu t\u011bchto \u00fadaj\u016f a o zru\u0161en\u00ed sm\u011brnice 95\/46\/ES (d\u00e1le jen \u201eNa\u0159\u00edzen\u00ed GDPR\u201c)\u00a0<strong>zpracovala va\u0161e osobn\u00ed \u00fadaje:<\/strong><\/li>\n<\/ol>\n\n\n\n<ul class=\"wp-block-list\">\n<li>Jm\u00e9no<\/li>\n\n\n\n<li>P\u0159\u00edjmen\u00ed<\/li>\n\n\n\n<li>Telefon<\/li>\n\n\n\n<li>E-mail (d\u00e1le jen \u201eosobn\u00ed \u00fadaje)<\/li>\n<\/ul>\n\n\n\n<ol start=\"2\" class=\"wp-block-list\">\n<li>\u00a0Osobn\u00ed \u00fadaje je mo\u017en\u00e9 zpracovat na z\u00e1klad\u011b va\u0161eho v\u00fdslovn\u00e9ho souhlasu.<\/li>\n\n\n\n<li>\u00a0Va\u0161e osobn\u00ed \u00fadaje zpracov\u00e1v\u00e1me za \u00fa\u010delem organizace akc\u00ed.<\/li>\n\n\n\n<li>\u00a0Doba zpracov\u00e1n\u00ed: 3 roky od ud\u011blen\u00ed souhlasu. Po uplynut\u00ed t\u00e9to doby va\u0161e \u00fadaje \u0159\u00e1dn\u011b vyma\u017eeme. Pokud bude pot\u0159eba va\u0161e osobn\u00ed \u00fadaje uchov\u00e1vat d\u00e1l, kv\u016fli navazuj\u00edc\u00edm akc\u00edm, po\u017e\u00e1d\u00e1me v\u00e1s o obnoven\u00ed souhlasu a v p\u0159\u00edpad\u011b jeho nepotvrzen\u00ed \u00fadaje \u0159\u00e1dn\u011b vyma\u017eeme.<\/li>\n\n\n\n<li>Zpracov\u00e1n\u00ed osobn\u00edch \u00fadaj\u016f prov\u00e1d\u00ed Spr\u00e1vce, osobn\u00ed \u00fadaje ale mohou zpracov\u00e1vat tito zpracovatel\u00e9:<\/li>\n<\/ol>\n\n\n\n<ul class=\"wp-block-list\">\n<li>\u00a0\u00a0\u00a0\u00a0\u00a0\u00a0Poskytovatel softwaru Mailchimp (The Rocket Science Group LLC.)<\/li>\n\n\n\n<li>\u00a0\u00a0\u00a0\u00a0\u00a0\u00a0Poskytovatel hostingu ICF Movement (Z\u00fcrichstrasse 131, CH-8600 D\u00fcbendorf)<\/li>\n<\/ul>\n\n\n\n<ol start=\"6\" class=\"wp-block-list\">\n<li>\u00a0Spr\u00e1vce p\u0159ed\u00e1v\u00e1 osobn\u00ed \u00fadaje mimo EU, konkr\u00e9tn\u011b do USA, kde s\u00eddl\u00ed poskytovatel softwaru. P\u0159ed\u00e1n\u00ed \u00fadaj\u016f prob\u011bhne na z\u00e1klad\u011b ov\u011b\u0159en\u00ed zpracovatele platformou<a href=\"https:\/\/www.privacyshield.gov\/participant?id=a2zt0000000TO6hAAG&amp;status=Active\">\u00a0Privacy Shield<\/a>. (Tato platforma kontroluje, zda je americk\u00fd software v souladu s evropskou legislativou.) Va\u0161e \u00fadaje se ukl\u00e1daj\u00ed tak\u00e9 na server ve \u0160v\u00fdcarsku, data tam p\u0159ed\u00e1v\u00e1me v souladu s rozhodnut\u00edm Evropsk\u00e9 komise \u010d. 2000\/518\/ES ze dne 26. \u010dervence 2000.<\/li>\n\n\n\n<li>\u00a0S v\u00fd\u0161e uveden\u00fdm zpracov\u00e1n\u00edm ud\u011blujete sv\u016fj v\u00fdslovn\u00fd souhlas. Poskytnut\u00ed osobn\u00edch \u00fadaj\u016f je dobrovoln\u00e9. Souhlas lze vz\u00edt kdykoliv zp\u011bt, a to kliknut\u00edm naps\u00e1n\u00edm na\u00a0<a href=\"https:\/\/www.icf-praha.cz\/souhlasy\/_wp_link_placeholder\">office@icf-praha.cz<\/a>.<\/li>\n\n\n\n<li>\u00a0Na z\u00e1klad\u011b Na\u0159\u00edzen\u00ed GDPR m\u00e1te tato pr\u00e1va:<\/li>\n<\/ol>\n\n\n\n<ul class=\"wp-block-list\">\n<li>\u00a0\u00a0\u00a0\u00a0\u00a0vz\u00edt souhlas kdykoli zp\u011bt;<\/li>\n\n\n\n<li>\u00a0\u00a0\u00a0\u00a0\u00a0po\u017eadovat po n\u00e1s informace o zpracov\u00e1n\u00ed osobn\u00edch \u00fadaj\u016f;<\/li>\n\n\n\n<li>\u00a0\u00a0\u00a0\u00a0\u00a0po\u017eadovat po n\u00e1s p\u0159\u00edstup k osobn\u00edm \u00fadaj\u016fm;<\/li>\n\n\n\n<li>\u00a0\u00a0\u00a0\u00a0\u00a0po\u017eadovat po n\u00e1s opravu nep\u0159esn\u00fdch osobn\u00edch \u00fadaj\u016f, jejich dopln\u011bn\u00ed \u010di aktualizaci;<\/li>\n\n\n\n<li>\u00a0\u00a0\u00a0\u00a0\u00a0po\u017eadovat po n\u00e1s bezodkladn\u00fd v\u00fdmaz osobn\u00edch \u00fadaj\u016f;<\/li>\n\n\n\n<li>\u00a0\u00a0\u00a0\u00a0\u00a0po\u017eadovat po n\u00e1s omezen\u00ed zpracov\u00e1n\u00ed osobn\u00edch \u00fadaj\u016f;<\/li>\n\n\n\n<li>\u00a0\u00a0\u00a0\u00a0\u00a0po\u017e\u00e1dat n\u00e1s o p\u0159enos osobn\u00edch \u00fadaj\u016f ve strojov\u011b \u010diteln\u00e9m form\u00e1tu;<\/li>\n\n\n\n<li>\u00a0\u00a0\u00a0\u00a0\u00a0v p\u0159\u00edpad\u011b pochybnost\u00ed o z\u00e1konnost zpracov\u00e1n\u00ed va\u0161ich osobn\u00edch \u00fadaj\u016f m\u00e1te pr\u00e1vo obr\u00e1tit se na \u00da\u0159ad pro ochranu osobn\u00edch \u00fadaj\u016f.<\/li>\n<\/ul><\/div>\n        <\/div>\n          <\/div>\n<\/div>\n\n<div id=\"people-2\" class=\"pt-2 pb-2 alignfull is-layout-constrained\">\n  <div>\n            <div class=\"row gx-4 gy-4 \">\n          \n\n<div id=\"people-2\" class=\"col wp-block-yellowtree-column col-12 d-flex flex-column with-streched-height-children align-items-stretch align-items-md-stretch\">\n  <h3 id=\"people\" class=\"h3 text-start\">\n  Souhlas se zpracov\u00e1n\u00edm osobn\u00edch \u00fadaj\u016f v r\u00e1mci organizov\u00e1n\u00ed komunity.<\/h3>\n\n<p id=\"block-20\" class=\"text-start wp-block-paragraph\">\n  D\u011bkujeme za V\u00e1\u0161 z\u00e1jem b\u00fdt sou\u010d\u00e1st\u00ed komunity ICF Praha. N\u00ed\u017ee najdete kompletn\u00ed zn\u011bn\u00ed souhlasu, d\u00edky kter\u00e9mu m\u016f\u017eeme va\u0161e osobn\u00ed \u00fadaje zpracovat. V p\u0159\u00edpad\u011b dotaz\u016f se m\u016f\u017eete zeptat na e-mailu&nbsp;<a href=\"mailto:office@icf-praha.cz\">office@icf-praha.cz<\/a>, p\u0159\u00edpadn\u011b n\u00e1s m\u016f\u017eete kontaktovat na adrese: International Christian Fellowship Praha z.s., Bubene\u010dsk\u00e1 321\/33, 160 00, Praha 6<\/p>\n\n\n<ol class=\"wp-block-list\">\n<li>Souhlas\u00edte, aby spolek International Christian Fellowship Praha z.s., se s\u00eddlem Bubene\u010dsk\u00e1 321\/33, 160 00, Praha 6, I\u010c: 27 04 96 21, (d\u00e1le jen \u201eSpr\u00e1vce\u201c) ve smyslu na\u0159\u00edzen\u00ed Evropsk\u00e9ho parlamentu Rady \u010d. 2016\/679 ze dne 27. 4. 2016 o ochran\u011b fyzick\u00fdch osob v souvislosti se zpracov\u00e1n\u00edm osobn\u00edch \u00fadaj\u016f a o voln\u00e9m pohybu t\u011bchto \u00fadaj\u016f a o zru\u0161en\u00ed sm\u011brnice 95\/46\/ES (d\u00e1le jen \u201eNa\u0159\u00edzen\u00ed GDPR\u201c)\u00a0<strong>zpracovala va\u0161e osobn\u00ed \u00fadaje:<\/strong><\/li>\n<\/ol>\n\n\n\n<ul class=\"wp-block-list\">\n<li>Jm\u00e9no<\/li>\n\n\n\n<li>P\u0159\u00edjmen\u00ed<\/li>\n\n\n\n<li>Telefon<\/li>\n\n\n\n<li>Fotografie<\/li>\n\n\n\n<li>E-mail (d\u00e1le jen \u201eosobn\u00ed \u00fadaje)<\/li>\n<\/ul>\n\n\n\n<ol start=\"2\" class=\"wp-block-list\">\n<li>\u00a0Osobn\u00ed \u00fadaje je mo\u017en\u00e9 zpracovat na z\u00e1klad\u011b va\u0161eho v\u00fdslovn\u00e9ho souhlasu.<\/li>\n\n\n\n<li>\u00a0Va\u0161e osobn\u00ed \u00fadaje zpracov\u00e1v\u00e1me za \u00fa\u010delem organizace komunity. (Osobn\u00ed \u00fadaje pro organizaci komunity zpracov\u00e1v\u00e1me z d\u016fvodu organizov\u00e1n\u00ed akc\u00ed, kurz\u016f, kemp\u016f, semin\u00e1\u0159\u016f a mo\u017enosti pozvat \u00fa\u010dastn\u00edky na navazuj\u00edc\u00ed nebo souvisej\u00edc\u00ed kurzy pop\u0159. je pozvat k dobrovoln\u00e9 pomoci v t\u00e9to komunit\u011b.). D\u00e1le pro zas\u00edl\u00e1n\u00ed elektronick\u00e9ho zpravodaje s intern\u00edmi informacemi (hodnoty, vize atd.)<\/li>\n\n\n\n<li>\u00a0Doba zpracov\u00e1n\u00ed: 3 roky od ud\u011blen\u00ed souhlasu. Po uplynut\u00ed t\u00e9to doby v\u00e1s upozorn\u00edme na mo\u017enost ud\u011blit souhlas nov\u00fd. Pokud od V\u00e1s nov\u00fd souhlas neobdr\u017e\u00edme, va\u0161e \u00fadaje \u0159\u00e1dn\u011b vyma\u017eeme.<\/li>\n\n\n\n<li>Zpracov\u00e1n\u00ed osobn\u00edch \u00fadaj\u016f prov\u00e1d\u00ed Spr\u00e1vce, osobn\u00ed \u00fadaje ale mohou zpracov\u00e1vat tito zpracovatel\u00e9:<\/li>\n<\/ol>\n\n\n\n<ul class=\"wp-block-list\">\n<li>\u00a0\u00a0\u00a0\u00a0\u00a0\u00a0Poskytovatel softwaru Mailchimp (The Rocket Science Group LLC.)<\/li>\n\n\n\n<li>\u00a0\u00a0\u00a0\u00a0\u00a0\u00a0Planning Center (2790 Gateway Road, Carlsbad, CA 92009, U.S.A.)<\/li>\n<\/ul>\n\n\n\n<ol start=\"6\" class=\"wp-block-list\">\n<li>\u00a0Spr\u00e1vce p\u0159ed\u00e1v\u00e1 osobn\u00ed \u00fadaje mimo EU, konkr\u00e9tn\u011b do USA, kde s\u00eddl\u00ed poskytovatel softwaru. P\u0159ed\u00e1n\u00ed \u00fadaj\u016f prob\u011bhne na z\u00e1klad\u011b ov\u011b\u0159en\u00ed zpracovatele platformou<a href=\"https:\/\/www.privacyshield.gov\/participant?id=a2zt0000000TO6hAAG&amp;status=Active\">\u00a0Privacy Shield<\/a>. (Tato platforma kontroluje, zda je americk\u00fd software v souladu s evropskou legislativou.)<\/li>\n\n\n\n<li>\u00a0S v\u00fd\u0161e uveden\u00fdm zpracov\u00e1n\u00edm ud\u011blujete sv\u016fj v\u00fdslovn\u00fd souhlas. Poskytnut\u00ed osobn\u00edch \u00fadaj\u016f je dobrovoln\u00e9. Souhlas lze vz\u00edt kdykoliv zp\u011bt, a to kliknut\u00edm naps\u00e1n\u00edm na\u00a0<a href=\"https:\/\/www.icf-praha.cz\/souhlasy\/_wp_link_placeholder\">office@icf-praha.cz<\/a>.<\/li>\n\n\n\n<li>\u00a0Na z\u00e1klad\u011b Na\u0159\u00edzen\u00ed GDPR m\u00e1te tato pr\u00e1va:<\/li>\n<\/ol>\n\n\n\n<ul class=\"wp-block-list\">\n<li>\u00a0\u00a0\u00a0\u00a0\u00a0vz\u00edt souhlas kdykoli zp\u011bt;<\/li>\n\n\n\n<li>\u00a0\u00a0\u00a0\u00a0\u00a0po\u017eadovat po n\u00e1s informace o zpracov\u00e1n\u00ed osobn\u00edch \u00fadaj\u016f;<\/li>\n\n\n\n<li>\u00a0\u00a0\u00a0\u00a0\u00a0po\u017eadovat po n\u00e1s p\u0159\u00edstup k osobn\u00edm \u00fadaj\u016fm;<\/li>\n\n\n\n<li>\u00a0\u00a0\u00a0\u00a0\u00a0po\u017eadovat po n\u00e1s opravu nep\u0159esn\u00fdch osobn\u00edch \u00fadaj\u016f, jejich dopln\u011bn\u00ed \u010di aktualizaci;<\/li>\n\n\n\n<li>\u00a0\u00a0\u00a0\u00a0\u00a0po\u017eadovat po n\u00e1s bezodkladn\u00fd v\u00fdmaz osobn\u00edch \u00fadaj\u016f;<\/li>\n\n\n\n<li>\u00a0\u00a0\u00a0\u00a0\u00a0po\u017eadovat po n\u00e1s omezen\u00ed zpracov\u00e1n\u00ed osobn\u00edch \u00fadaj\u016f;<\/li>\n\n\n\n<li>\u00a0\u00a0\u00a0\u00a0\u00a0po\u017e\u00e1dat n\u00e1s o p\u0159enos osobn\u00edch \u00fadaj\u016f ve strojov\u011b \u010diteln\u00e9m form\u00e1tu;<\/li>\n\n\n\n<li>\u00a0\u00a0\u00a0\u00a0\u00a0v p\u0159\u00edpad\u011b pochybnost\u00ed o z\u00e1konnost zpracov\u00e1n\u00ed va\u0161ich osobn\u00edch \u00fadaj\u016f m\u00e1te pr\u00e1vo obr\u00e1tit se na \u00da\u0159ad pro ochranu osobn\u00edch \u00fadaj\u016f.<\/li>\n<\/ul><\/div>\n        <\/div>\n          <\/div>\n<\/div>\n\n<div id=\"formular-2\" class=\"pt-2 pb-2 alignfull is-layout-constrained\">\n  <div>\n            <div class=\"row gx-4 gy-4 \">\n          \n\n<div id=\"formular-2\" class=\"col wp-block-yellowtree-column col-12 d-flex flex-column with-streched-height-children align-items-stretch align-items-md-stretch\">\n  <h3 id=\"formular\" class=\"h3 text-start\">\n  Souhlas se zpracov\u00e1n\u00edm osobn\u00edch \u00fadaj\u016f v r\u00e1mci kontaktn\u00edho formul\u00e1\u0159e.<\/h3>\n\n<p id=\"block-21\" class=\"text-start wp-block-paragraph\">\n  D\u011bkujeme za va\u0161i zpr\u00e1vu pop\u0159. z\u00e1jem o informace. N\u00ed\u017ee najdete kompletn\u00ed zn\u011bn\u00ed souhlasu, d\u00edky kter\u00e9mu m\u016f\u017eeme va\u0161i zpr\u00e1vu zpracovat. V p\u0159\u00edpad\u011b dotaz\u016f se m\u016f\u017eete zeptat na e-mailu&nbsp;<a href=\"mailto:office@icf-praha.cz\">office@icf-praha.cz<\/a>, p\u0159\u00edpadn\u011b n\u00e1s m\u016f\u017eete kontaktovat na adrese: International Christian Fellowship Praha z.s., Bubene\u010dsk\u00e1 321\/33, 160 00, Praha 6<\/p>\n\n\n<ol class=\"wp-block-list\">\n<li>Souhlas\u00edte, aby spolek International Christian Fellowship Praha z.s., se s\u00eddlem Bubene\u010dsk\u00e1 321\/33, 160 00, Praha 6, I\u010c: 27 04 96 21, (d\u00e1le jen \u201eSpr\u00e1vce\u201c) ve smyslu na\u0159\u00edzen\u00ed Evropsk\u00e9ho parlamentu Rady \u010d. 2016\/679 ze dne 27. 4. 2016 o ochran\u011b fyzick\u00fdch osob v souvislosti se zpracov\u00e1n\u00edm osobn\u00edch \u00fadaj\u016f a o voln\u00e9m pohybu t\u011bchto \u00fadaj\u016f a o zru\u0161en\u00ed sm\u011brnice 95\/46\/ES (d\u00e1le jen \u201eNa\u0159\u00edzen\u00ed GDPR\u201c)\u00a0<strong>zpracovala va\u0161e osobn\u00ed \u00fadaje:<\/strong><\/li>\n<\/ol>\n\n\n\n<ul class=\"wp-block-list\">\n<li>Jm\u00e9no<\/li>\n\n\n\n<li>P\u0159\u00edjmen\u00ed<\/li>\n\n\n\n<li>E-mail (d\u00e1le jen \u201eosobn\u00ed \u00fadaje)<\/li>\n<\/ul>\n\n\n\n<ol start=\"2\" class=\"wp-block-list\">\n<li>\u00a0Osobn\u00ed \u00fadaje je mo\u017en\u00e9 zpracovat na z\u00e1klad\u011b va\u0161eho v\u00fdslovn\u00e9ho souhlasu.<\/li>\n\n\n\n<li>\u00a0Va\u0161e osobn\u00ed \u00fadaje zpracov\u00e1v\u00e1me za \u00fa\u010delem zas\u00edl\u00e1n\u00ed elektronick\u00e9ho zpravodaje.<\/li>\n\n\n\n<li>\u00a0Doba zpracov\u00e1n\u00ed: 3 roky od ud\u011blen\u00ed souhlasu. Po uplynut\u00ed t\u00e9to doby v\u00e1s upozorn\u00edme na mo\u017enost ud\u011blit souhlas nov\u00fd. Pokud od V\u00e1s nov\u00fd souhlas neobdr\u017e\u00edme, va\u0161e \u00fadaje \u0159\u00e1dn\u011b vyma\u017eeme.<\/li>\n\n\n\n<li>Zpracov\u00e1n\u00ed osobn\u00edch \u00fadaj\u016f prov\u00e1d\u00ed Spr\u00e1vce, osobn\u00ed \u00fadaje ale mohou zpracov\u00e1vat tito zpracovatel\u00e9:<\/li>\n<\/ol>\n\n\n\n<ul class=\"wp-block-list\">\n<li>\u00a0\u00a0\u00a0\u00a0\u00a0\u00a0Poskytovatel hostingu ICF Movement (Z\u00fcrichstrasse 131, CH-8600 D\u00fcbendorf)<\/li>\n<\/ul>\n\n\n\n<ol start=\"6\" class=\"wp-block-list\">\n<li>\u00a0Spr\u00e1vce p\u0159ed\u00e1v\u00e1 osobn\u00ed \u00fadaje mimo EU, konkr\u00e9tn\u011b do \u0160v\u00fdcarska. Data tam p\u0159ed\u00e1v\u00e1me v souladu s rozhodnut\u00edm Evropsk\u00e9 komise \u010d. 2000\/518\/ES ze dne 26. \u010dervence 2000.<\/li>\n\n\n\n<li>\u00a0S v\u00fd\u0161e uveden\u00fdm zpracov\u00e1n\u00edm ud\u011blujete sv\u016fj v\u00fdslovn\u00fd souhlas. Poskytnut\u00ed osobn\u00edch \u00fadaj\u016f je dobrovoln\u00e9. Souhlas lze vz\u00edt kdykoliv zp\u011bt, a to kliknut\u00edm naps\u00e1n\u00edm na\u00a0<a href=\"https:\/\/www.icf-praha.cz\/souhlasy\/_wp_link_placeholder\">office@icf-praha.cz<\/a>.<\/li>\n\n\n\n<li>\u00a0Na z\u00e1klad\u011b Na\u0159\u00edzen\u00ed GDPR m\u00e1te tato pr\u00e1va:<\/li>\n<\/ol>\n\n\n\n<ul class=\"wp-block-list\">\n<li>\u00a0\u00a0\u00a0\u00a0\u00a0vz\u00edt souhlas kdykoli zp\u011bt;<\/li>\n\n\n\n<li>\u00a0\u00a0\u00a0\u00a0\u00a0po\u017eadovat po n\u00e1s informace o zpracov\u00e1n\u00ed osobn\u00edch \u00fadaj\u016f;<\/li>\n\n\n\n<li>\u00a0\u00a0\u00a0\u00a0\u00a0po\u017eadovat po n\u00e1s p\u0159\u00edstup k osobn\u00edm \u00fadaj\u016fm;<\/li>\n\n\n\n<li>\u00a0\u00a0\u00a0\u00a0\u00a0po\u017eadovat po n\u00e1s opravu nep\u0159esn\u00fdch osobn\u00edch \u00fadaj\u016f, jejich dopln\u011bn\u00ed \u010di aktualizaci;<\/li>\n\n\n\n<li>\u00a0\u00a0\u00a0\u00a0\u00a0po\u017eadovat po n\u00e1s bezodkladn\u00fd v\u00fdmaz osobn\u00edch \u00fadaj\u016f;<\/li>\n\n\n\n<li>\u00a0\u00a0\u00a0\u00a0\u00a0po\u017eadovat po n\u00e1s omezen\u00ed zpracov\u00e1n\u00ed osobn\u00edch \u00fadaj\u016f;<\/li>\n\n\n\n<li>\u00a0\u00a0\u00a0\u00a0\u00a0po\u017e\u00e1dat n\u00e1s o p\u0159enos osobn\u00edch \u00fadaj\u016f ve strojov\u011b \u010diteln\u00e9m form\u00e1tu;<\/li>\n\n\n\n<li>\u00a0\u00a0\u00a0\u00a0\u00a0v p\u0159\u00edpad\u011b pochybnost\u00ed o z\u00e1konnost zpracov\u00e1n\u00ed va\u0161ich osobn\u00edch \u00fadaj\u016f m\u00e1te pr\u00e1vo obr\u00e1tit se na \u00da\u0159ad pro ochranu osobn\u00edch \u00fadaj\u016f.<\/li>\n<\/ul><\/div>\n        <\/div>\n          <\/div>\n<\/div>\n\n<div id=\"cookies-2\" class=\"pt-2 pb-2 alignfull is-layout-constrained\">\n  <div>\n            <div class=\"row gx-4 gy-4 \">\n          \n\n<div id=\"cookies-2\" class=\"col wp-block-yellowtree-column col-12 d-flex flex-column with-streched-height-children align-items-stretch align-items-md-stretch\">\n  <p id=\"cookies\" class=\"text-start wp-block-paragraph\">\n  <strong>Z\u00e1sady ochrany soukrom\u00ed a zpracov\u00e1n\u00ed cookies.<\/strong><br>Dovolujeme si v\u00e1s upozornit, \u017ee webov\u00e9 str\u00e1nky&nbsp;<a href=\"http:\/\/www.icf-praha.cz\/\">www.icf-praha.cz<\/a>&nbsp;vyu\u017e\u00edvaj\u00ed cookies.<br><strong>Co jsou to cookies?<\/strong><br>Cookie je kr\u00e1tk\u00fd textov\u00fd soubor, kter\u00fd nav\u0161t\u00edven\u00e1 webov\u00e1 str\u00e1nka ode\u0161le do prohl\u00ed\u017ee\u010de. Soubory cookie slou\u017e\u00ed k cel\u00e9 \u0159ad\u011b \u00fa\u010del\u016f. Pou\u017e\u00edv\u00e1me je nap\u0159\u00edklad k ukl\u00e1d\u00e1n\u00ed va\u0161ich nastaven\u00ed bezpe\u010dn\u00e9ho vyhled\u00e1v\u00e1n\u00ed, ke sledov\u00e1n\u00ed po\u010dtu n\u00e1v\u0161t\u011bvn\u00edk\u016f na str\u00e1nce, k usnadn\u011bn\u00ed registrace nov\u00fdch slu\u017eeb a k ochran\u011b va\u0161ich dat.<br>Bez nich by proch\u00e1zen\u00ed webu bylo mnohem slo\u017eit\u011bj\u0161\u00ed. Nap\u0159\u00edklad by nefungovaly spr\u00e1vn\u011b formul\u00e1\u0159e.<br><strong>Cookies a GDPR<\/strong><br>Podle na\u0159\u00edzen\u00ed Evropsk\u00e9ho parlamentu Rady \u010d. 2016\/679 ze dne 27. 4. 2016 o ochran\u011b fyzick\u00fdch osob v souvislosti se zpracov\u00e1n\u00edm osobn\u00edch \u00fadaj\u016f a o voln\u00e9m pohybu t\u011bchto \u00fadaj\u016f jsou cookies osobn\u00ed \u00fadaj.<br>N\u00ed\u017ee uveden\u00e9 cookies zpracov\u00e1v\u00e1me na z\u00e1klad\u011b na\u0161eho opr\u00e1vn\u011bn\u00e9ho z\u00e1jmu. V\u0161echny cookies slou\u017e\u00ed k anal\u00fdze n\u00e1v\u0161t\u011bvnosti. P\u0159esto m\u00e1te pr\u00e1vo, kteroukoli z t\u011bchto cookies odm\u00edtnout.<br>Na\u0159\u00edzen\u00ed GDPR v\u00e1m obecn\u011b garantuje tato pr\u00e1va:<br>vzn\u00e9st kdykoli n\u00e1mitku proti zpracov\u00e1n\u00ed osobn\u00edch \u00fadaj\u016f;<br>po\u017eadovat po n\u00e1s informace o zpracov\u00e1n\u00ed osobn\u00edch \u00fadaj\u016f;<br>po\u017eadovat po n\u00e1s p\u0159\u00edstup k osobn\u00edm \u00fadaj\u016fm;<br>po\u017eadovat po n\u00e1s opravu nep\u0159esn\u00fdch osobn\u00edch \u00fadaj\u016f, jejich dopln\u011bn\u00ed \u010di aktualizaci;<br>po\u017eadovat po n\u00e1s bezodkladn\u00fd v\u00fdmaz osobn\u00edch \u00fadaj\u016f;<br>po\u017eadovat po n\u00e1s omezen\u00ed zpracov\u00e1n\u00ed osobn\u00edch \u00fadaj\u016f;<br>po\u017e\u00e1dat n\u00e1s o p\u0159enos osobn\u00edch \u00fadaj\u016f ve strojov\u011b \u010diteln\u00e9m form\u00e1tu;<br>v p\u0159\u00edpad\u011b pochybnost\u00ed o z\u00e1konnost zpracov\u00e1n\u00ed va\u0161ich osobn\u00edch \u00fadaj\u016f m\u00e1te pr\u00e1vo obr\u00e1tit se na \u00da\u0159ad pro ochranu osobn\u00edch \u00fadaj\u016f.<br><br><strong>Jak\u00e9 cookies zpracov\u00e1v\u00e1me a pro\u010d:<\/strong><br>Doba expirace cookies je ve v\u00fdchoz\u00edm nastaven\u00ed ur\u010dena na 60 dn\u00ed . Pot\u00e9 se cookies sma\u017ee, nicm\u00e9n\u011b ji\u017e jen anonymizovan\u00e1 data z cookies z\u016fst\u00e1vaj\u00ed ulo\u017eena dle tabulky n\u00ed\u017ee. P\u0159i va\u0161\u00ed nov\u00e9 n\u00e1v\u0161t\u011bv\u011b webu se cookies (pokud nen\u00ed zak\u00e1zan\u00e1) znovu obnov\u00ed a doba se za\u010dne po\u010d\u00edtat od za\u010d\u00e1tku.<br><table>\n<tbody>\n<tr>\n<td><b>N\u00e1zev<\/b><\/td>\n<td><b>\u00da\u010del<\/b><\/td>\n<td><b>Uchov\u00e1n\u00ed dat z cookies<\/b><\/td>\n<td><b>Vzn\u00e9st n\u00e1mitku<\/b><\/td>\n<\/tr>\n<tr>\n<td><i><span style=\"font-weight: 400\">Google Analytics<\/span><\/i><\/td>\n<td><i><span style=\"font-weight: 400\">Slou\u017e\u00ed k m\u011b\u0159en\u00ed n\u00e1v\u0161t\u011bvnosti str\u00e1nek<\/span><\/i><\/td>\n<td><i><span style=\"font-weight: 400\">38 m\u011bs\u00edc\u016f<\/span><\/i><\/td>\n<td><span style=\"font-weight: 400\"><a href=\"https:\/\/support.google.com\/accounts\/answer\/61416?co=GENIE.Platform%3DDesktop&amp;hl=cs\" target=\"_blank\" rel=\"noopener\">Jak zak\u00e1zat tuto cookie<\/a>?<\/span><\/td>\n<\/tr>\n<tr>\n<td><i><span style=\"font-weight: 400\">Facebook Pixel<\/span><\/i><\/td>\n<td><i><span style=\"font-weight: 400\">Slou\u017e\u00ed k m\u011b\u0159en\u00ed n\u00e1v\u0161t\u011bvnosti str\u00e1nek<\/span><\/i><\/td>\n<td><i><span style=\"font-weight: 400\">bez omezen\u00ed<\/span><\/i><\/td>\n<td>N\/A<\/td>\n<\/tr>\n<\/tbody>\n<\/table><br>Jeliko\u017e soubory cookie jsou ulo\u017een\u00e9 p\u0159\u00edmo ve va\u0161em prohl\u00ed\u017ee\u010di, nem\u016f\u017eeme s nimi nijak nakl\u00e1dat, ani je p\u0159edat t\u0159et\u00edm stran\u00e1m.<br>M\u00e1te ke cookies dotazy? Napi\u0161te n\u00e1m na&nbsp;<a href=\"mailto:office@icf-praha.cz\">office@icf-praha.cz<\/a>.<br>International Christian Fellowship Praha z.s.<br>Bubene\u010dsk\u00e1 321\/33<br>160 00, Praha 6<br>I\u010c: 27 04 96 21<\/p><\/div>\n        <\/div>\n          <\/div>\n<\/div>","protected":false},"excerpt":{"rendered":"<p>Z\u00e1sady ochrany dat<\/p>\n","protected":false},"author":180,"featured_media":0,"parent":0,"menu_order":0,"comment_status":"closed","ping_status":"closed","template":"","meta":{"_acf_changed":false,"_seopress_titles_title":"","_seopress_titles_desc":"","_seopress_robots_index":"","_seopress_robots_follow":"","_seopress_robots_imageindex":"","_seopress_robots_snippet":"","_seopress_robots_primary_cat":"","_seopress_robots_breadcrumbs":"","_seopress_robots_freeze_modified_date":"","_seopress_robots_custom_modified_date":"","_seopress_robots_canonical":"","_seopress_social_fb_title":"","_seopress_social_fb_desc":"","_seopress_social_fb_img":"","_seopress_social_fb_img_attachment_id":0,"_seopress_social_fb_img_width":0,"_seopress_social_fb_img_height":0,"_seopress_social_twitter_title":"","_seopress_social_twitter_desc":"","_seopress_social_twitter_img":"","_seopress_social_twitter_img_attachment_id":0,"_seopress_social_twitter_img_width":0,"_seopress_social_twitter_img_height":0,"_seopress_redirections_value":"","_seopress_redirections_enabled":"","_seopress_redirections_enabled_regex":"","_seopress_redirections_logged_status":"","_seopress_redirections_param":"","_seopress_redirections_type":0,"_seopress_analysis_target_kw":"","_seopress_news_disabled":"","_seopress_video_disabled":"","_seopress_video":[],"_seopress_pro_schemas_manual":[],"_seopress_pro_rich_snippets_disable_all":"","_seopress_pro_rich_snippets_disable":[],"_seopress_pro_schemas":[],"yt_custom_styles_scss":"","yt_custom_styles_rounded_corners":false,"yt_custom_styles_color_scheme":"","footnotes":""},"class_list":["post-1248","page","type-page","status-publish","hentry"],"acf":[],"_links":{"self":[{"href":"https:\/\/icf.church\/praha\/cs\/wp-json\/wp\/v2\/pages\/1248","targetHints":{"allow":["GET"]}}],"collection":[{"href":"https:\/\/icf.church\/praha\/cs\/wp-json\/wp\/v2\/pages"}],"about":[{"href":"https:\/\/icf.church\/praha\/cs\/wp-json\/wp\/v2\/types\/page"}],"author":[{"embeddable":true,"href":"https:\/\/icf.church\/praha\/cs\/wp-json\/wp\/v2\/users\/180"}],"replies":[{"embeddable":true,"href":"https:\/\/icf.church\/praha\/cs\/wp-json\/wp\/v2\/comments?post=1248"}],"version-history":[{"count":5,"href":"https:\/\/icf.church\/praha\/cs\/wp-json\/wp\/v2\/pages\/1248\/revisions"}],"predecessor-version":[{"id":1256,"href":"https:\/\/icf.church\/praha\/cs\/wp-json\/wp\/v2\/pages\/1248\/revisions\/1256"}],"wp:attachment":[{"href":"https:\/\/icf.church\/praha\/cs\/wp-json\/wp\/v2\/media?parent=1248"}],"curies":[{"name":"wp","href":"https:\/\/api.w.org\/{rel}","templated":true}]}}