{"id":1391,"date":"2026-05-26T11:35:26","date_gmt":"2026-08-20T12:24:01","guid":{"rendered":"https:\/\/new.icf.church\/praha\/celebration-2\/"},"modified":"2026-08-31T10:33:01","modified_gmt":"2026-08-31T08:33:01","slug":"celebration-2","status":"publish","type":"page","link":"https:\/\/icf.church\/praha\/cs\/celebration-2\/","title":{"rendered":"P\u0159\u00ed\u0161t\u00ed ned\u011ble"},"content":{"rendered":"<div id=\"block-5\" class=\"pt-2 pb-2 alignfull is-layout-constrained\">\n  <div>\n            <div class=\"row gx-4 gy-4 \">\n          \n\n<div id=\"block-4\" class=\"col wp-block-yellowtree-column col-12 d-flex flex-column with-streched-height-children align-items-stretch align-items-md-stretch\">\n  <h2 id=\"block-1\" class=\"h2 display-2 text-start\">\n  ICF Celebration<\/h2>\n\n<p id=\"block-2\" class=\"text-start wp-block-paragraph\">\n  T\u011b\u0161\u00edme se, a\u017e se s tebou uvid\u00edme v ned\u011bli na p\u0159\u00ed\u0161t\u00ed ICF celebration v 10 hodin!<\/p>\n\n<p id=\"block-3\" class=\"mt-2 mb-2 text-start wp-block-paragraph\">\n  V\u011bt\u0161ina celebrations trv\u00e1 cca 75 min.<\/p><\/div>\n        <\/div>\n          <\/div>\n<\/div>\n\n<div id=\"block-10\" class=\"pt-2 pb-2 alignfull is-layout-constrained\">\n  <div>\n            <div class=\"row gx-4 gy-4 \">\n          \n\n<div id=\"block-9\" class=\"col wp-block-yellowtree-column col-12 d-flex flex-column with-streched-height-children align-items-stretch align-items-md-stretch\">\n  <div id=\"block-8\" class=\"pt-2 pb-2 alignfull is-layout-constrained\">\n  <div>\n            <div class=\"row gx-4 gy-4 \">\n          \n\n<div id=\"block-7\" class=\"col wp-block-yellowtree-column col-12 d-flex flex-column with-streched-height-children align-items-stretch align-items-md-stretch\">\n  <div class=\"services-block\" data-services-list-config=\"{&quot;appId&quot;:&quot;ILU203NJSX&quot;,&quot;apiKey&quot;:&quot;ODU3N2I0Y2QyNzU0MDA3ZmViNmJiMzRlNjRkYjBjMTk4NDA2NjVhNTYwMjU5ZjZkMTQyYzU0YTMxYzAyYjQxOGZpbHRlcnM9b3JnYW5pemF0aW9uX2lkJTNBMjY1K0FORCtzdGF0dXMlM0FwdWJsaXNoZWQmcmVzdHJpY3RJbmRpY2VzPXNlcnZpY2Vz&quot;,&quot;baseUrl&quot;:&quot;https:\\\/\\\/icf.church\\\/praha\\\/cs\\\/celebrations\\\/&quot;,&quot;postsPerPage&quot;:10,&quot;indexName&quot;:&quot;services&quot;,&quot;locationsPageUrl&quot;:&quot;https:\\\/\\\/icf.church\\\/locations\\\/&quot;,&quot;imgixSrcUrl&quot;:&quot;https:\\\/\\\/website-prod-space-01.fra1.digitaloceanspaces.com&quot;,&quot;imgixTargetUrl&quot;:&quot;https:\\\/\\\/icf-hub-new.imgix.net&quot;,&quot;placeholderImageUrl&quot;:&quot;https:\\\/\\\/icf.church\\\/praha\\\/wp-content\\\/themes\\\/icf\\\/assets\\\/images\\\/celebrations.jpg&quot;,&quot;siteUrl&quot;:&quot;https:\\\/\\\/icf.church\\\/praha&quot;}\">\n<\/div><\/div>\n        <\/div>\n          <\/div>\n<\/div><\/div>\n        <\/div>\n          <\/div>\n<\/div>\n\n<div id=\"block-14\" class=\"pt-2 pb-2 alignfull is-layout-constrained\">\n  <div>\n            <div class=\"row gx-4 gy-4 \">\n          \n\n<div id=\"block-13\" class=\"col wp-block-yellowtree-column col-12 d-flex flex-column with-streched-height-children align-items-stretch align-items-md-stretch\">\n  <p id=\"block-11\" class=\"text-start wp-block-paragraph\">\n  <\/p>\n\n<p id=\"block-12\" class=\"text-start wp-block-paragraph\">\n  V\u00cdCE O CELEBRATIONS:<\/p><\/div>\n        <\/div>\n          <\/div>\n<\/div>\n\n<div id=\"block-23\" class=\"pt-2 pb-2 alignfull is-layout-constrained\">\n  <div>\n            <div class=\"row gx-4 gy-4 \">\n          \n\n<div id=\"block-18\" class=\"col wp-block-yellowtree-column col-12 col-lg-4 d-flex flex-column with-streched-height-children align-items-stretch align-items-lg-stretch\">\n  <article id=\"block-17\" data-bs-theme=\"dark\" class=\"wp-block-yellowtree-card card has-context-height\" style=\"--card-img-position:50% 50%\">\n        <img decoding=\"async\" width=\"1024\" height=\"575\" src=\"https:\/\/icf.church\/praha\/wp-content\/uploads\/sites\/135\/2026\/08\/online_foyer_zoom-1024x575.jpg\" class=\"card-img-top\" alt=\"\" draggable=\"false\" loading=\"lazy\" srcset=\"https:\/\/icf.church\/praha\/wp-content\/uploads\/sites\/135\/2026\/08\/online_foyer_zoom-1024x575.jpg 1024w, https:\/\/icf.church\/praha\/wp-content\/uploads\/sites\/135\/2026\/08\/online_foyer_zoom-300x169.jpg 300w, https:\/\/icf.church\/praha\/wp-content\/uploads\/sites\/135\/2026\/08\/online_foyer_zoom-768x432.jpg 768w, https:\/\/icf.church\/praha\/wp-content\/uploads\/sites\/135\/2026\/08\/online_foyer_zoom-1536x863.jpg 1536w, https:\/\/icf.church\/praha\/wp-content\/uploads\/sites\/135\/2026\/08\/online_foyer_zoom.jpg 2000w\" sizes=\"(max-width: 1024px) 100vw, 1024px\">    <div class=\"card-body\">\n    <h3 class=\"card-title\">Live stream<\/h3>\n    <p class=\"card-text\">Na\u0161e celebrations vys\u00edl\u00e1me v \u017eiv\u00e9m online p\u0159enosu na na\u0161em YouTube profilu. Celebration tak m\u016f\u017ee\u0161 sledovat, a\u0165 jsi kdekoliv.<\/p>\n    <div id=\"block-16\" class=\"wp-block-yellowtree-card-buttons card-buttons\">\n  \n\n  <div>\n    <a id=\"block-15\" href=\"https:\/\/www.youtube.com\/@icfpraha\" target=\"_blank\" class=\"wp-block-yellowtree-card-button btn btn-sm btn-secondary\">\n      <span>Sleduj online<\/span>\n              <i class=\"icon fs-base-const fa-arrow-right\" aria-hidden=\"true\"><\/i>\n          <\/a>\n  <\/div>\n\n<\/div>  <\/div>\n<\/article><\/div>\n\n\n<div id=\"block-20\" class=\"col wp-block-yellowtree-column col-12 col-lg-4 d-flex flex-column with-streched-height-children align-items-stretch align-items-lg-stretch\">\n  <article id=\"block-19\" data-bs-theme=\"dark\" class=\"wp-block-yellowtree-card card has-context-height\" style=\"--card-img-position:50% 50%\">\n        <img decoding=\"async\" width=\"1024\" height=\"683\" src=\"https:\/\/icf.church\/praha\/wp-content\/uploads\/sites\/135\/2026\/08\/welcomebar-1024x683.jpg\" class=\"card-img-top\" alt=\"\" draggable=\"false\" loading=\"lazy\" srcset=\"https:\/\/icf.church\/praha\/wp-content\/uploads\/sites\/135\/2026\/08\/welcomebar-1024x683.jpg 1024w, https:\/\/icf.church\/praha\/wp-content\/uploads\/sites\/135\/2026\/08\/welcomebar-300x200.jpg 300w, https:\/\/icf.church\/praha\/wp-content\/uploads\/sites\/135\/2026\/08\/welcomebar-768x512.jpg 768w, https:\/\/icf.church\/praha\/wp-content\/uploads\/sites\/135\/2026\/08\/welcomebar-1536x1024.jpg 1536w, https:\/\/icf.church\/praha\/wp-content\/uploads\/sites\/135\/2026\/08\/welcomebar.jpg 1900w\" sizes=\"(max-width: 1024px) 100vw, 1024px\">    <div class=\"card-body\">\n    <h3 class=\"card-title\">Welcome Bar<\/h3>\n    <p class=\"card-text\">Pokud ti cokoliv le\u017e\u00ed na srdci nebo m\u00e1\u0161 n\u011bjak\u00e9 ot\u00e1zky, jsme tu pro tebe ka\u017edou ned\u011bli. A pokud jsi tu poprv\u00e9, m\u00e1me pro tebe malou pozornost.<\/p>\n      <\/div>\n<\/article><\/div>\n\n\n<div id=\"block-22\" class=\"col wp-block-yellowtree-column col-12 col-lg-4 d-flex flex-column with-streched-height-children align-items-stretch align-items-lg-stretch\">\n  <article id=\"block-21\" data-bs-theme=\"dark\" class=\"wp-block-yellowtree-card card has-context-height\" style=\"--card-img-position:50% 50%\">\n        <img decoding=\"async\" width=\"1024\" height=\"683\" src=\"https:\/\/icf.church\/praha\/wp-content\/uploads\/sites\/135\/2026\/08\/afterparty-1024x683.jpg\" class=\"card-img-top\" alt=\"\" draggable=\"false\" loading=\"lazy\" srcset=\"https:\/\/icf.church\/praha\/wp-content\/uploads\/sites\/135\/2026\/08\/afterparty-1024x683.jpg 1024w, https:\/\/icf.church\/praha\/wp-content\/uploads\/sites\/135\/2026\/08\/afterparty-300x200.jpg 300w, https:\/\/icf.church\/praha\/wp-content\/uploads\/sites\/135\/2026\/08\/afterparty-768x512.jpg 768w, https:\/\/icf.church\/praha\/wp-content\/uploads\/sites\/135\/2026\/08\/afterparty-1536x1024.jpg 1536w, https:\/\/icf.church\/praha\/wp-content\/uploads\/sites\/135\/2026\/08\/afterparty.jpg 1900w\" sizes=\"(max-width: 1024px) 100vw, 1024px\">    <div class=\"card-body\">\n    <h3 class=\"card-title\">Afterparty<\/h3>\n    <p class=\"card-text\">Po ka\u017ed\u00e9 celebration z\u016fst\u00e1v\u00e1me na lodi a tr\u00e1v\u00edme spolu pohodov\u00fd \u010das kolem ned\u011bln\u00edho ob\u011bda. M\u00e1me k dispozici \u0161irokou \u0161k\u00e1lu n\u00e1poj\u016f i n\u011bco k zakousnut\u00ed.<\/p>\n      <\/div>\n<\/article><\/div>\n        <\/div>\n          <\/div>\n<\/div>\n\n<div id=\"block-26\" class=\"pt-2 pb-2 alignfull is-layout-constrained\">\n  <div>\n            <div class=\"row gx-4 gy-4 \">\n          \n\n<div id=\"block-25\" class=\"col wp-block-yellowtree-column col-12 d-flex flex-column with-streched-height-children align-items-stretch align-items-md-stretch\">\n  <p id=\"block-24\" class=\"text-start wp-block-paragraph\">\n  GENERACE:<\/p><\/div>\n        <\/div>\n          <\/div>\n<\/div>\n\n<div id=\"block-37\" class=\"pt-2 pb-2 alignfull is-layout-constrained\">\n  <div>\n            <div class=\"row gx-4 gy-4 \">\n          \n\n<div id=\"block-30\" class=\"col wp-block-yellowtree-column col-12 col-lg-4 d-flex flex-column with-streched-height-children align-items-stretch align-items-lg-stretch\">\n  <article id=\"block-29\" data-bs-theme=\"dark\" class=\"wp-block-yellowtree-card card has-context-height\" style=\"--card-img-position:50% 50%\">\n        <img decoding=\"async\" width=\"482\" height=\"227\" src=\"https:\/\/icf.church\/praha\/wp-content\/uploads\/sites\/135\/2026\/08\/kids_logo-2020.jpg\" class=\"card-img-top\" alt=\"\" draggable=\"false\" loading=\"lazy\" srcset=\"https:\/\/icf.church\/praha\/wp-content\/uploads\/sites\/135\/2026\/08\/kids_logo-2020.jpg 482w, https:\/\/icf.church\/praha\/wp-content\/uploads\/sites\/135\/2026\/08\/kids_logo-2020-300x141.jpg 300w\" sizes=\"(max-width: 482px) 100vw, 482px\">    <div class=\"card-body\">\n    <h3 class=\"card-title\"><\/h3>\n    <p class=\"card-text\">Ka\u017edou ned\u011bli od 10:00 v dob\u011b celebration pro v\u0161echny d\u011bti od narozen\u00ed do 5. t\u0159\u00eddy Z\u0160. Z\u00e1bavn\u00fd program \u00fam\u011brn\u00fd v\u011bku d\u00edt\u011bte!<br><br><\/p>\n    <div id=\"block-28\" class=\"wp-block-yellowtree-card-buttons card-buttons\">\n  \n\n  <div>\n    <a id=\"block-27\" href=\"https:\/\/icf.church\/praha\/cs\/icf-kids\/\" class=\"wp-block-yellowtree-card-button btn btn-sm btn-secondary\">\n      <span>V\u00edce o ICF KIDS<\/span>\n              <i class=\"icon fs-base-const fa-arrow-right\" aria-hidden=\"true\"><\/i>\n          <\/a>\n  <\/div>\n\n<\/div>  <\/div>\n<\/article><\/div>\n\n\n<div id=\"block-34\" class=\"col wp-block-yellowtree-column col-12 col-lg-4 d-flex flex-column with-streched-height-children align-items-stretch align-items-lg-stretch\">\n  <article id=\"block-33\" data-bs-theme=\"dark\" class=\"wp-block-yellowtree-card card has-context-height\" style=\"--card-img-position:50% 50%\">\n        <img decoding=\"async\" width=\"482\" height=\"227\" src=\"https:\/\/icf.church\/praha\/wp-content\/uploads\/sites\/135\/2026\/08\/180_logo_2020.jpg\" class=\"card-img-top\" alt=\"\" draggable=\"false\" loading=\"lazy\" srcset=\"https:\/\/icf.church\/praha\/wp-content\/uploads\/sites\/135\/2026\/08\/180_logo_2020.jpg 482w, https:\/\/icf.church\/praha\/wp-content\/uploads\/sites\/135\/2026\/08\/180_logo_2020-300x141.jpg 300w\" sizes=\"(max-width: 482px) 100vw, 482px\">    <div class=\"card-body\">\n    <h3 class=\"card-title\"><\/h3>\n    <p class=\"card-text\">ONEIGHTY je na\u0161e slu\u017eba pro teenagery od 6. do 8. t\u0159\u00eddy. Na\u0161\u00ed viz\u00ed je vid\u011bt, jak tyto d\u011bti pozn\u00e1vaj\u00ed Je\u017e\u00ed\u0161e a obrac\u00ed k N\u011bmu sv\u00e9 \u017eivoty. Spole\u010dn\u011b se sv\u00fdmi kamar\u00e1dy si mohou u\u017e\u00edvat z\u00e1bavu i objevovat sv\u016fj \u017eivot s Bohem.<\/p>\n    <div id=\"block-32\" class=\"wp-block-yellowtree-card-buttons card-buttons\">\n  \n\n  <div>\n    <a id=\"block-31\" href=\"https:\/\/icf.church\/praha\/cs\/oneighty\/\" class=\"wp-block-yellowtree-card-button btn btn-sm btn-secondary\">\n      <span>V\u00edce o ONEIGHTY<\/span>\n              <i class=\"icon fs-base-const fa-arrow-right\" aria-hidden=\"true\"><\/i>\n          <\/a>\n  <\/div>\n\n<\/div>  <\/div>\n<\/article><\/div>\n\n\n<div id=\"block-36\" class=\"col wp-block-yellowtree-column col-12 col-lg-4 d-flex flex-column with-streched-height-children align-items-stretch align-items-lg-stretch\">\n  <article id=\"block-35\" data-bs-theme=\"dark\" class=\"wp-block-yellowtree-card card has-context-height\" style=\"--card-img-position:50% 50%\">\n        <img decoding=\"async\" width=\"638\" height=\"359\" src=\"https:\/\/icf.church\/praha\/wp-content\/uploads\/sites\/135\/2026\/08\/logo-oy-na-web.jpg\" class=\"card-img-top\" alt=\"\" draggable=\"false\" loading=\"lazy\" srcset=\"https:\/\/icf.church\/praha\/wp-content\/uploads\/sites\/135\/2026\/08\/logo-oy-na-web.jpg 638w, https:\/\/icf.church\/praha\/wp-content\/uploads\/sites\/135\/2026\/08\/logo-oy-na-web-300x169.jpg 300w\" sizes=\"(max-width: 638px) 100vw, 638px\">    <div class=\"card-body\">\n    <h3 class=\"card-title\"><\/h3>\n    <p class=\"card-text\">One Youth jsou setk\u00e1n\u00ed a akce pro mlad\u00e9 lidi. Na\u0161e akce v\u017edy stoj\u00ed za to!<\/p>\n      <\/div>\n<\/article><\/div>\n        <\/div>\n          <\/div>\n<\/div>\n\n<p id=\"block-38\" class=\"text-start wp-block-paragraph\">\n  &shy;<\/p>\n\n<p id=\"block-39\" class=\"text-start wp-block-paragraph\">\n  DAL\u0160\u00cd MO\u017dNOSTI:<\/p>\n\n<p id=\"block-40\" class=\"text-start wp-block-paragraph\">\n  &shy;<\/p>\n\n<div id=\"block-48\" class=\"alignfull is-layout-constrained\">\n  <swiper-container init=\"false\" data-yt-template=\"3-col\" data-yt-pagination=\"true\" data-yt-navigation=\"false\" class=\"\" >\n          <swiper-slide><article id=\"block-43\" data-bs-theme=\"dark\" class=\"wp-block-yellowtree-card card has-context-height\" style=\"--card-img-position:50% 50%\">\n        <img decoding=\"async\" width=\"1024\" height=\"683\" src=\"https:\/\/icf.church\/praha\/wp-content\/uploads\/sites\/135\/2026\/08\/konference-1024x683.jpg\" class=\"card-img-top\" alt=\"\" draggable=\"false\" loading=\"lazy\" srcset=\"https:\/\/icf.church\/praha\/wp-content\/uploads\/sites\/135\/2026\/08\/konference-1024x683.jpg 1024w, https:\/\/icf.church\/praha\/wp-content\/uploads\/sites\/135\/2026\/08\/konference-300x200.jpg 300w, https:\/\/icf.church\/praha\/wp-content\/uploads\/sites\/135\/2026\/08\/konference-768x512.jpg 768w, https:\/\/icf.church\/praha\/wp-content\/uploads\/sites\/135\/2026\/08\/konference-1536x1024.jpg 1536w, https:\/\/icf.church\/praha\/wp-content\/uploads\/sites\/135\/2026\/08\/konference.jpg 1900w\" sizes=\"(max-width: 1024px) 100vw, 1024px\">    <div class=\"card-body\">\n    <h3 class=\"card-title\">ICF konference<\/h3>\n    <p class=\"card-text\">ICF konference jsou jedn\u011bmi z nejv\u011bt\u0161\u00edch ud\u00e1lost\u00ed ka\u017ed\u00e9ho roku. Poje\u010f s n\u00e1mi do \u0160v\u00fdcarska na ICF konferenci i ty.<\/p>\n    <div id=\"block-42\" class=\"wp-block-yellowtree-card-buttons card-buttons\">\n  \n\n  <div>\n    <a id=\"block-41\" href=\"https:\/\/icf.church\/conference\/en\/\" class=\"wp-block-yellowtree-card-button btn btn-sm btn-secondary\">\n      <span>V\u00edce informac\u00ed<\/span>\n              <i class=\"icon fs-base-const fa-arrow-right\" aria-hidden=\"true\"><\/i>\n          <\/a>\n  <\/div>\n\n<\/div>  <\/div>\n<\/article><\/swiper-slide>\n          <swiper-slide><article id=\"block-46\" data-bs-theme=\"dark\" class=\"wp-block-yellowtree-card card has-context-height\" style=\"--card-img-position:50% 50%\">\n        <img decoding=\"async\" width=\"1024\" height=\"683\" src=\"https:\/\/icf.church\/praha\/wp-content\/uploads\/sites\/135\/2026\/08\/tku7550.1900x0-1024x683.jpg\" class=\"card-img-top\" alt=\"\" draggable=\"false\" loading=\"lazy\" srcset=\"https:\/\/icf.church\/praha\/wp-content\/uploads\/sites\/135\/2026\/08\/tku7550.1900x0-1024x683.jpg 1024w, https:\/\/icf.church\/praha\/wp-content\/uploads\/sites\/135\/2026\/08\/tku7550.1900x0-300x200.jpg 300w, https:\/\/icf.church\/praha\/wp-content\/uploads\/sites\/135\/2026\/08\/tku7550.1900x0-768x512.jpg 768w, https:\/\/icf.church\/praha\/wp-content\/uploads\/sites\/135\/2026\/08\/tku7550.1900x0-1536x1024.jpg 1536w, https:\/\/icf.church\/praha\/wp-content\/uploads\/sites\/135\/2026\/08\/tku7550.1900x0.jpg 1900w\" sizes=\"(max-width: 1024px) 100vw, 1024px\">    <div class=\"card-body\">\n    <h3 class=\"card-title\">Podcasts<\/h3>\n    <p class=\"card-text\">Zde najde\u0161 na\u0161e audio\/video z\u00e1znamy z ned\u011bln\u00edch celebrations. U\u017eij si je v pohodl\u00ed domova nebo kdekoliv zrovna jsi.<\/p>\n    <div id=\"block-45\" class=\"wp-block-yellowtree-card-buttons card-buttons\">\n  \n\n  <div>\n    <a id=\"block-44\" href=\"#\" class=\"wp-block-yellowtree-card-button btn btn-sm btn-secondary\">\n      <span>Podcasts<\/span>\n              <i class=\"icon fs-base-const fa-arrow-right\" aria-hidden=\"true\"><\/i>\n          <\/a>\n  <\/div>\n\n<\/div>  <\/div>\n<\/article><\/swiper-slide>\n          <swiper-slide><article id=\"block-47\" data-bs-theme=\"dark\" class=\"wp-block-yellowtree-card card has-context-height\" style=\"--card-img-position:50% 50%\">\n        <img decoding=\"async\" width=\"1024\" height=\"683\" src=\"https:\/\/icf.church\/praha\/wp-content\/uploads\/sites\/135\/2026\/08\/26637510019_4261415a03_k-1-1024x683.jpg\" class=\"card-img-top\" alt=\"\" draggable=\"false\" loading=\"lazy\" srcset=\"https:\/\/icf.church\/praha\/wp-content\/uploads\/sites\/135\/2026\/08\/26637510019_4261415a03_k-1-1024x683.jpg 1024w, https:\/\/icf.church\/praha\/wp-content\/uploads\/sites\/135\/2026\/08\/26637510019_4261415a03_k-1-300x200.jpg 300w, https:\/\/icf.church\/praha\/wp-content\/uploads\/sites\/135\/2026\/08\/26637510019_4261415a03_k-1-768x512.jpg 768w, https:\/\/icf.church\/praha\/wp-content\/uploads\/sites\/135\/2026\/08\/26637510019_4261415a03_k-1-1536x1024.jpg 1536w, https:\/\/icf.church\/praha\/wp-content\/uploads\/sites\/135\/2026\/08\/26637510019_4261415a03_k-1.jpg 2048w\" sizes=\"(max-width: 1024px) 100vw, 1024px\">    <div class=\"card-body\">\n    <h3 class=\"card-title\">Ud\u00e1losti<\/h3>\n    <p class=\"card-text\">Na na\u0161ich akc\u00edch m\u016f\u017eeme pozn\u00e1vat jak Boha, tak sebe navz\u00e1jem. P\u0159idej se k n\u00e1m p\u0159\u00ed\u0161t\u011b i ty.<\/p>\n      <\/div>\n<\/article><\/swiper-slide>\n      <\/swiper-container>\n<\/div>\n\n<p id=\"block-49\" class=\"text-start wp-block-paragraph\">\n  <\/p>","protected":false},"excerpt":{"rendered":"<p>&shy; DAL\u0160\u00cd MO\u017dNOSTI: &shy;<\/p>\n","protected":false},"author":252,"featured_media":0,"parent":0,"menu_order":0,"comment_status":"closed","ping_status":"closed","template":"","meta":{"_acf_changed":false,"_seopress_titles_title":"","_seopress_titles_desc":"","_seopress_robots_index":"","_seopress_robots_follow":"","_seopress_robots_imageindex":"","_seopress_robots_snippet":"","_seopress_robots_primary_cat":"","_seopress_robots_breadcrumbs":"","_seopress_robots_freeze_modified_date":"","_seopress_robots_custom_modified_date":"","_seopress_robots_canonical":"","_seopress_social_fb_title":"","_seopress_social_fb_desc":"","_seopress_social_fb_img":"","_seopress_social_fb_img_attachment_id":0,"_seopress_social_fb_img_width":0,"_seopress_social_fb_img_height":0,"_seopress_social_twitter_title":"","_seopress_social_twitter_desc":"","_seopress_social_twitter_img":"","_seopress_social_twitter_img_attachment_id":0,"_seopress_social_twitter_img_width":0,"_seopress_social_twitter_img_height":0,"_seopress_redirections_value":"","_seopress_redirections_enabled":"","_seopress_redirections_enabled_regex":"","_seopress_redirections_logged_status":"","_seopress_redirections_param":"","_seopress_redirections_type":0,"_seopress_analysis_target_kw":"","_seopress_news_disabled":"","_seopress_video_disabled":"","_seopress_video":[],"_seopress_pro_schemas_manual":[],"_seopress_pro_rich_snippets_disable_all":"","_seopress_pro_rich_snippets_disable":[],"_seopress_pro_schemas":[],"yt_custom_styles_scss":"","yt_custom_styles_rounded_corners":false,"yt_custom_styles_color_scheme":"","footnotes":""},"class_list":["post-1391","page","type-page","status-publish","hentry"],"acf":[],"_links":{"self":[{"href":"https:\/\/icf.church\/praha\/cs\/wp-json\/wp\/v2\/pages\/1391","targetHints":{"allow":["GET"]}}],"collection":[{"href":"https:\/\/icf.church\/praha\/cs\/wp-json\/wp\/v2\/pages"}],"about":[{"href":"https:\/\/icf.church\/praha\/cs\/wp-json\/wp\/v2\/types\/page"}],"author":[{"embeddable":true,"href":"https:\/\/icf.church\/praha\/cs\/wp-json\/wp\/v2\/users\/252"}],"replies":[{"embeddable":true,"href":"https:\/\/icf.church\/praha\/cs\/wp-json\/wp\/v2\/comments?post=1391"}],"version-history":[{"count":16,"href":"https:\/\/icf.church\/praha\/cs\/wp-json\/wp\/v2\/pages\/1391\/revisions"}],"predecessor-version":[{"id":2103,"href":"https:\/\/icf.church\/praha\/cs\/wp-json\/wp\/v2\/pages\/1391\/revisions\/2103"}],"wp:attachment":[{"href":"https:\/\/icf.church\/praha\/cs\/wp-json\/wp\/v2\/media?parent=1391"}],"curies":[{"name":"wp","href":"https:\/\/api.w.org\/{rel}","templated":true}]}}