{"id":1473,"date":"2026-08-21T17:05:56","date_gmt":"2026-08-21T15:05:56","guid":{"rendered":"https:\/\/new.icf.church\/praha\/?page_id=1473"},"modified":"2026-08-31T10:21:52","modified_gmt":"2026-08-31T08:21:52","slug":"next-step","status":"publish","type":"page","link":"https:\/\/icf.church\/praha\/cs\/next-step\/","title":{"rendered":"Next  Step"},"content":{"rendered":"<h2 id=\"block-1\" class=\"h2 display-2 text-start\">\n  Next Step<\/h2>\n\n<div id=\"block-4\" class=\"pt-2 pb-2 alignfull is-layout-constrained\">\n  <div>\n            <div class=\"row gx-4 gy-4 \">\n          \n\n<div id=\"block-3\" class=\"col wp-block-yellowtree-column col-12 d-flex flex-column with-streched-height-children align-items-stretch align-items-md-stretch\">\n  <div class=\"mw-100\">\n      <figure id=\"block-2\">\n      <div class=\"img-wrap\" style=\"max-width:100%\">\n        <img decoding=\"async\" src=\"https:\/\/icf.church\/praha\/wp-content\/uploads\/sites\/135\/2026\/08\/header-seelsorge-2-1024x370.jpg\" alt=\"\" loading=\"lazy\" title=\"\" class=\"img-fluid w-100 h-100 rounded object-fit-cover\" style=\"object-position: center center\">\n      <\/div>\n          <\/figure>\n    <\/div><\/div>\n        <\/div>\n          <\/div>\n<\/div>\n\n<div id=\"block-10\" class=\"pt-2 pb-2 alignfull is-layout-constrained\">\n  <div>\n            <div class=\"row gx-4 gy-4 \">\n          \n\n<div id=\"block-9\" class=\"col wp-block-yellowtree-column col-12 d-flex flex-column with-streched-height-children align-items-stretch align-items-md-stretch\">\n  <h1 id=\"block-5\" class=\"h1 text-start\">\n  Dobrodru\u017estv\u00ed s Bohem<\/h1>\n\n<div id=\"block-8\" class=\"pt-2 pb-2 alignfull is-layout-constrained\">\n  <div>\n            <div class=\"row gx-4 gy-4 \">\n          \n\n<div id=\"block-7\" class=\"col wp-block-yellowtree-column col-12 d-flex flex-column with-streched-height-children align-items-stretch align-items-md-stretch\">\n  <p id=\"block-6\" class=\"text-start wp-block-paragraph\">\n  Ka\u017ed\u00e1 cesta za\u010d\u00edn\u00e1 prvn\u00edm krokem, stejn\u011b jako tvoje dobrodru\u017estv\u00ed s Bohem.<br>Na\u0161imi akcemi chceme pomoci lidem r\u016fst ve v\u00ed\u0159e a nadchnout se pro Boha.<\/p><\/div>\n        <\/div>\n          <\/div>\n<\/div><\/div>\n        <\/div>\n          <\/div>\n<\/div>\n\n<div id=\"block-23\" class=\"pt-2 pb-2 alignfull is-layout-constrained\">\n  <div>\n            <div class=\"row gx-4 gy-4 \">\n          \n\n<div id=\"block-14\" class=\"col wp-block-yellowtree-column col-12 col-lg-4 d-flex flex-column with-streched-height-children align-items-stretch align-items-lg-stretch\">\n  <article id=\"block-13\" data-bs-theme=\"dark\" class=\"wp-block-yellowtree-card card has-context-height\" style=\"--card-img-position:50% 50%\">\n      <div class=\"card-body\">\n    <h3 class=\"card-title\">K\u0159ty<\/h3>\n    <p class=\"card-text\">K\u0159est je d\u016fle\u017eit\u00fdm krokem na tv\u00e9 cest\u011b s Bohem. P\u0159ed lidmi i Bohem vyzn\u00e1\u0161 svou v\u00edru a nov\u00fd \u017eivot v Je\u017e\u00ed\u0161i Kristu. K\u0159ty po\u0159\u00e1d\u00e1me n\u011bkolikr\u00e1t ro\u010dn\u011b.<\/p>\n    <div id=\"block-12\" class=\"wp-block-yellowtree-card-buttons card-buttons\">\n  \n\n  <div>\n    <a id=\"block-11\" href=\"https:\/\/icf.church\/praha\/cs\/krty\/\" class=\"wp-block-yellowtree-card-button btn btn-sm btn-secondary\">\n      <span>P\u0159ihla\u0161 se<\/span>\n              <i class=\"icon fs-base-const fa-arrow-right\" aria-hidden=\"true\"><\/i>\n          <\/a>\n  <\/div>\n\n<\/div>  <\/div>\n<\/article><\/div>\n\n\n<div id=\"block-18\" class=\"col wp-block-yellowtree-column col-12 col-lg-4 d-flex flex-column with-streched-height-children align-items-stretch align-items-lg-stretch\">\n  <article id=\"block-17\" data-bs-theme=\"dark\" class=\"wp-block-yellowtree-card card has-context-height\" style=\"--card-img-position:50% 50%\">\n      <div class=\"card-body\">\n    <h3 class=\"card-title\">Smallgroup<\/h3>\n    <p class=\"card-text\">Pokud chce\u0161 poznat lidi a rozv\u00edjet sv\u016fj vztah s Je\u017e\u00ed\u0161em, v\u011b\u0159\u00edme, \u017ee ICF smallgroup je pro tebe ide\u00e1ln\u00ed m\u00edsto. Najdi si tu svou je\u0161t\u011b dnes!<\/p>\n    <div id=\"block-16\" class=\"wp-block-yellowtree-card-buttons card-buttons\">\n  \n\n  <div>\n    <a id=\"block-15\" href=\"https:\/\/icf.church\/praha\/cs\/smallgroup\/\" class=\"wp-block-yellowtree-card-button btn btn-sm btn-secondary\">\n      <span>V\u00edce zde<\/span>\n              <i class=\"icon fs-base-const fa-arrow-right\" aria-hidden=\"true\"><\/i>\n          <\/a>\n  <\/div>\n\n<\/div>  <\/div>\n<\/article><\/div>\n\n\n<div id=\"block-22\" class=\"col wp-block-yellowtree-column col-12 col-lg-4 d-flex flex-column with-streched-height-children align-items-stretch align-items-lg-stretch\">\n  <article id=\"block-21\" data-bs-theme=\"dark\" class=\"wp-block-yellowtree-card card has-context-height\" style=\"--card-img-position:50% 50%\">\n      <div class=\"card-body\">\n    <h3 class=\"card-title\">Explore<\/h3>\n    <p class=\"card-text\">Explore je p\u0159\u00edle\u017eitost posunout se vp\u0159ed na tv\u00e9 cest\u011b s Bohem \u2013 bez ohledu na to, kde pr\u00e1v\u011b stoj\u00ed\u0161.<\/p>\n    <div id=\"block-20\" class=\"wp-block-yellowtree-card-buttons card-buttons\">\n  \n\n  <div>\n    <a id=\"block-19\" href=\"https:\/\/icf.church\/praha\/cs\/explore\/\" class=\"wp-block-yellowtree-card-button btn btn-sm btn-secondary\">\n      <span>P\u0159ihla\u0161 se<\/span>\n              <i class=\"icon fs-base-const fa-arrow-right\" aria-hidden=\"true\"><\/i>\n          <\/a>\n  <\/div>\n\n<\/div>  <\/div>\n<\/article><\/div>\n        <\/div>\n          <\/div>\n<\/div>\n\n<div id=\"block-25\" class=\"pt-2 pb-2 alignfull is-layout-constrained\">\n  <div>\n            <div class=\"row gx-4 gy-4 \">\n          \n\n<div id=\"block-24\" class=\"col wp-block-yellowtree-column col-12 d-flex flex-column with-streched-height-children align-items-stretch align-items-md-stretch\">\n  <\/div>\n        <\/div>\n          <\/div>\n<\/div>\n\n\n<div id=\"block-31\" class=\"wp-block-yellowtree-text-image d-flex flex-column flex-lg-row gap-3\">\n    \n\n<div id=\"block-26\" class=\"wp-block-yellowtree-locked-image\">\n    <img decoding=\"async\" width=\"1024\" height=\"683\" src=\"https:\/\/icf.church\/praha\/wp-content\/uploads\/sites\/135\/2026\/08\/modlitby-1024x683.jpg\" class=\"w-100 h-100 object-fit-cover\" alt=\"\" style=\"object-position: 50% 50%;\" loading=\"lazy\" sizes=\"(max-width: 992px) 100vw, 1600px\" srcset=\"https:\/\/icf.church\/praha\/wp-content\/uploads\/sites\/135\/2026\/08\/modlitby-1024x683.jpg 1024w, https:\/\/icf.church\/praha\/wp-content\/uploads\/sites\/135\/2026\/08\/modlitby-300x200.jpg 300w, https:\/\/icf.church\/praha\/wp-content\/uploads\/sites\/135\/2026\/08\/modlitby-768x512.jpg 768w, https:\/\/icf.church\/praha\/wp-content\/uploads\/sites\/135\/2026\/08\/modlitby-1536x1024.jpg 1536w, https:\/\/icf.church\/praha\/wp-content\/uploads\/sites\/135\/2026\/08\/modlitby.jpg 1800w\" \/><\/div>\n\n\n\n<div id=\"block-30\" class=\"card wp-block-yellowtree-text-card has-context-height\" style=\"--bs-card-bg:transparent;--bs-card-color:inherit\">\n  <div class=\"card-body px-4 py-6 p-sm-6 p-lg-8\">\n    \n\n<h2 id=\"block-27\">\n    Kurzy<\/h2>\n\n\n<p id=\"block-28\">\n    Pokud se chce\u0161 d\u00e1l duchovn\u011b rozv\u00edjet, m\u00e1me pro tebe v ICF nab\u00eddku kurz\u016f. T\u011bmi ti chceme pomoci ud\u011blat dal\u0161\u00ed kroky ve v\u00ed\u0159e.<\/p>\n\n\n  <div>\n    <a id=\"block-29\" href=\"https:\/\/icf.church\/praha\/cs\/discipleship\/\" rel=\"\" class=\"wp-block-yellowtree-button-link btn btn-default\">\n      <span>Nab\u00eddka kurz\u016f<\/span>\n          <\/a>\n  <\/div>\n\n  <\/div>\n<\/div>\n<\/div>\n\n\n<div id=\"block-33\" class=\"pt-2 pb-2 alignfull is-layout-constrained\">\n  <div>\n            <div class=\"row gx-4 gy-4 \">\n          \n\n<div id=\"block-32\" class=\"col wp-block-yellowtree-column col-12 d-flex flex-column with-streched-height-children align-items-stretch align-items-md-stretch\">\n  <\/div>\n        <\/div>\n          <\/div>\n<\/div>\n\n<div id=\"block-46\" class=\"pt-2 pb-2 alignfull is-layout-constrained\">\n  <div>\n            <div class=\"row gx-4 gy-4 \">\n          \n\n<div id=\"block-37\" class=\"col wp-block-yellowtree-column col-12 col-lg-4 d-flex flex-column with-streched-height-children align-items-stretch align-items-lg-stretch\">\n  <article id=\"block-36\" data-bs-theme=\"dark\" class=\"wp-block-yellowtree-card card has-context-height\" style=\"--card-img-position:50% 50%\">\n      <div class=\"card-body\">\n    <h3 class=\"card-title\">Kalend\u00e1\u0159<\/h3>\n    <p class=\"card-text\">Nez\u00e1le\u017e\u00ed na tom, jestli jsi v ICF poprv\u00e9 nebo zn\u00e1\u0161 ka\u017ed\u00e9ho. T\u011b\u0161\u00edme se, a\u017e se s tebou potk\u00e1me na n\u011bkter\u00e9 z na\u0161ich akc\u00ed.<\/p>\n    <div id=\"block-35\" class=\"wp-block-yellowtree-card-buttons card-buttons\">\n  \n\n  <div>\n    <a id=\"block-34\" href=\"#\" class=\"wp-block-yellowtree-card-button btn btn-sm btn-secondary\">\n      <span>Seznam akc\u00ed<\/span>\n              <i class=\"icon fs-base-const fa-arrow-right\" aria-hidden=\"true\"><\/i>\n          <\/a>\n  <\/div>\n\n<\/div>  <\/div>\n<\/article><\/div>\n\n\n<div id=\"block-41\" class=\"col wp-block-yellowtree-column col-12 col-lg-4 d-flex flex-column with-streched-height-children align-items-stretch align-items-lg-stretch\">\n  <article id=\"block-40\" data-bs-theme=\"dark\" class=\"wp-block-yellowtree-card card has-context-height\" style=\"--card-img-position:50% 50%\">\n      <div class=\"card-body\">\n    <h3 class=\"card-title\">Modlitby<\/h3>\n    <p class=\"card-text\">M\u00e1\u0161 na srdci n\u011bjakou z\u00e1le\u017eitost, kterou bys r\u00e1d p\u0159edlo\u017eil Bohu, a pot\u0159ebuje\u0161 n\u011bkoho, kdo by ti s t\u00edm pomohl a modlil se s tebou? Jsme tu pro tebe!<\/p>\n    <div id=\"block-39\" class=\"wp-block-yellowtree-card-buttons card-buttons\">\n  \n\n  <div>\n    <a id=\"block-38\" href=\"#\" class=\"wp-block-yellowtree-card-button btn btn-sm btn-secondary\">\n      <span>V\u00edce zde<\/span>\n              <i class=\"icon fs-base-const fa-arrow-right\" aria-hidden=\"true\"><\/i>\n          <\/a>\n  <\/div>\n\n<\/div>  <\/div>\n<\/article><\/div>\n\n\n<div id=\"block-45\" class=\"col wp-block-yellowtree-column col-12 col-lg-4 d-flex flex-column with-streched-height-children align-items-stretch align-items-lg-stretch\">\n  <article id=\"block-44\" data-bs-theme=\"dark\" class=\"wp-block-yellowtree-card card has-context-height\" style=\"--card-img-position:50% 50%\">\n      <div class=\"card-body\">\n    <h3 class=\"card-title\">Poradenstv\u00ed<\/h3>\n    <p class=\"card-text\">Poradenstv\u00ed je slu\u017eba ur\u010den\u00e1 lidem v ICF, kte\u0159\u00ed hledaj\u00ed pomoc s \u0159e\u0161en\u00edm r\u016fzn\u00fdch \u017eivotn\u00edch situac\u00ed.<\/p>\n    <div id=\"block-43\" class=\"wp-block-yellowtree-card-buttons card-buttons\">\n  \n\n  <div>\n    <a id=\"block-42\" href=\"#\" class=\"wp-block-yellowtree-card-button btn btn-sm btn-secondary\">\n      <span>V\u00edce zde<\/span>\n              <i class=\"icon fs-base-const fa-arrow-right\" aria-hidden=\"true\"><\/i>\n          <\/a>\n  <\/div>\n\n<\/div>  <\/div>\n<\/article><\/div>\n        <\/div>\n          <\/div>\n<\/div>","protected":false},"excerpt":{"rendered":"<p>Next Step<\/p>\n","protected":false},"author":252,"featured_media":0,"parent":0,"menu_order":0,"comment_status":"closed","ping_status":"closed","template":"","meta":{"_acf_changed":false,"_seopress_titles_title":"","_seopress_titles_desc":"","_seopress_robots_index":"","_seopress_robots_follow":"","_seopress_robots_imageindex":"","_seopress_robots_snippet":"","_seopress_robots_primary_cat":"","_seopress_robots_breadcrumbs":"","_seopress_robots_freeze_modified_date":"","_seopress_robots_custom_modified_date":"","_seopress_robots_canonical":"","_seopress_social_fb_title":"","_seopress_social_fb_desc":"","_seopress_social_fb_img":"","_seopress_social_fb_img_attachment_id":0,"_seopress_social_fb_img_width":0,"_seopress_social_fb_img_height":0,"_seopress_social_twitter_title":"","_seopress_social_twitter_desc":"","_seopress_social_twitter_img":"","_seopress_social_twitter_img_attachment_id":0,"_seopress_social_twitter_img_width":0,"_seopress_social_twitter_img_height":0,"_seopress_redirections_value":"","_seopress_redirections_enabled":"","_seopress_redirections_enabled_regex":"","_seopress_redirections_logged_status":"","_seopress_redirections_param":"","_seopress_redirections_type":0,"_seopress_analysis_target_kw":"","_seopress_news_disabled":"","_seopress_video_disabled":"","_seopress_video":[],"_seopress_pro_schemas_manual":[],"_seopress_pro_rich_snippets_disable_all":"","_seopress_pro_rich_snippets_disable":[],"_seopress_pro_schemas":[],"yt_custom_styles_scss":"","yt_custom_styles_rounded_corners":false,"yt_custom_styles_color_scheme":"","footnotes":""},"class_list":["post-1473","page","type-page","status-publish","hentry"],"acf":[],"_links":{"self":[{"href":"https:\/\/icf.church\/praha\/cs\/wp-json\/wp\/v2\/pages\/1473","targetHints":{"allow":["GET"]}}],"collection":[{"href":"https:\/\/icf.church\/praha\/cs\/wp-json\/wp\/v2\/pages"}],"about":[{"href":"https:\/\/icf.church\/praha\/cs\/wp-json\/wp\/v2\/types\/page"}],"author":[{"embeddable":true,"href":"https:\/\/icf.church\/praha\/cs\/wp-json\/wp\/v2\/users\/252"}],"replies":[{"embeddable":true,"href":"https:\/\/icf.church\/praha\/cs\/wp-json\/wp\/v2\/comments?post=1473"}],"version-history":[{"count":37,"href":"https:\/\/icf.church\/praha\/cs\/wp-json\/wp\/v2\/pages\/1473\/revisions"}],"predecessor-version":[{"id":2094,"href":"https:\/\/icf.church\/praha\/cs\/wp-json\/wp\/v2\/pages\/1473\/revisions\/2094"}],"wp:attachment":[{"href":"https:\/\/icf.church\/praha\/cs\/wp-json\/wp\/v2\/media?parent=1473"}],"curies":[{"name":"wp","href":"https:\/\/api.w.org\/{rel}","templated":true}]}}