{"id":163,"date":"2025-10-02T08:55:17","date_gmt":"2025-10-02T06:55:17","guid":{"rendered":"https:\/\/new.new.icf.church\/reggioemilia\/home\/"},"modified":"2026-08-30T21:01:32","modified_gmt":"2026-08-30T19:01:32","slug":"home","status":"publish","type":"page","link":"https:\/\/icf.church\/reggioemilia\/it\/","title":{"rendered":"Home ICF Reggio Emilia"},"content":{"rendered":"\n<div id=\"block-7\" class=\"is-style-startpage wp-block-yellowtree-hero-stage alignfull\">\n    <div class=\"hero-stage has-links\">\n        \n\n<div id=\"block-2\" class=\"hero-stage-content\">\n    <div class=\"hero-stage-content__background\">\n        <div class=\"overlay-black-25 h-100\">\n                            <img fetchpriority=\"high\" decoding=\"async\" width=\"2560\" height=\"2048\" src=\"https:\/\/icf.church\/reggioemilia\/wp-content\/uploads\/sites\/143\/2026\/06\/whatsapp-image-2026-01-22-at-17.34.26-3-2-scaled.jpeg\" class=\"hero-stage-media\" alt=\"\" style=\"object-position: 51% 49%;\" aria-hidden=\"true\" loading=\"eager\" srcset=\"https:\/\/icf.church\/reggioemilia\/wp-content\/uploads\/sites\/143\/2026\/06\/whatsapp-image-2026-01-22-at-17.34.26-3-2-scaled.jpeg 2560w, https:\/\/icf.church\/reggioemilia\/wp-content\/uploads\/sites\/143\/2026\/06\/whatsapp-image-2026-01-22-at-17.34.26-3-2-300x240.jpeg 300w, https:\/\/icf.church\/reggioemilia\/wp-content\/uploads\/sites\/143\/2026\/06\/whatsapp-image-2026-01-22-at-17.34.26-3-2-1024x819.jpeg 1024w, https:\/\/icf.church\/reggioemilia\/wp-content\/uploads\/sites\/143\/2026\/06\/whatsapp-image-2026-01-22-at-17.34.26-3-2-768x614.jpeg 768w, https:\/\/icf.church\/reggioemilia\/wp-content\/uploads\/sites\/143\/2026\/06\/whatsapp-image-2026-01-22-at-17.34.26-3-2-1536x1229.jpeg 1536w, https:\/\/icf.church\/reggioemilia\/wp-content\/uploads\/sites\/143\/2026\/06\/whatsapp-image-2026-01-22-at-17.34.26-3-2-2048x1638.jpeg 2048w\" sizes=\"(max-width: 2560px) 100vw, 2560px\" \/>                    <\/div>\n        <div class=\"hero-stage-gradient\"><\/div>\n    <\/div>\n    <div class=\"hero-stage-content__foreground is-layout-constrained\">\n        <h1 id=\"block-1\" class=\"display-1 text-center\">\n    Un nuovo stile di chiesa<\/h1>    <\/div>\n<\/div>\n\n\n<div id=\"block-6\" class=\"hero-stage-links is-layout-constrained count-3\">\n    <div class=\"icon-link-cards-layout column-gap-3 row-gap-1 justify-content-center break-md\">\n        \n\n<div id=\"block-3\" data-bs-theme=\"dark\" class=\"wp-block-yellowtree-icon-link-card\">\n  <div class='card-body flex-row justify-content-center align-items-center overflow-hidden gap-2 px-5 px-md-3 py-3 py-md-6'>\n    <div class='d-flex align-items-center gap-4 me-auto me-md-0 flex-md-column text-md-center gap-md-3'>\n      <i class='icon-square fs-2 fs-md-lg-const fa-solid fa-hands' aria-hidden='true'><\/i>\n      <a class='stretched-link fs-base-const' href='https:\/\/icf.church\/reggioemilia\/en\/about\/' target=''>\n        Sei nuovo qui?      <\/a>\n    <\/div>\n          <i class=\"icon fs-base-const fa-chevron-right ms-auto opacity-50 d-md-none\"><\/i>\n      <\/div>\n<\/div>\n\n\n<div id=\"block-4\" data-bs-theme=\"dark\" class=\"wp-block-yellowtree-icon-link-card\">\n  <div class='card-body flex-row justify-content-center align-items-center overflow-hidden gap-2 px-5 px-md-3 py-3 py-md-6'>\n    <div class='d-flex align-items-center gap-4 me-auto me-md-0 flex-md-column text-md-center gap-md-3'>\n      <i class='icon-square fs-2 fs-md-lg-const fa-solid fa-location-dot' aria-hidden='true'><\/i>\n      <a class='stretched-link fs-base-const' href='https:\/\/icf.church\/reggioemilia\/en\/visit\/' target=''>\n        Vieni a trovarci      <\/a>\n    <\/div>\n          <i class=\"icon fs-base-const fa-chevron-right ms-auto opacity-50 d-md-none\"><\/i>\n      <\/div>\n<\/div>\n\n\n<div id=\"block-5\" data-bs-theme=\"dark\" class=\"wp-block-yellowtree-icon-link-card\">\n  <div class='card-body flex-row justify-content-center align-items-center overflow-hidden gap-2 px-5 px-md-3 py-3 py-md-6'>\n    <div class='d-flex align-items-center gap-4 me-auto me-md-0 flex-md-column text-md-center gap-md-3'>\n      <i class='icon-square fs-2 fs-md-lg-const fa-signal-stream' aria-hidden='true'><\/i>\n      <a class='stretched-link fs-base-const' href='https:\/\/icf.church\/reggioemilia\/en\/sermons\/' target=''>\n        Guarda in streaming      <\/a>\n    <\/div>\n          <i class=\"icon fs-base-const fa-chevron-right ms-auto opacity-50 d-md-none\"><\/i>\n      <\/div>\n<\/div>\n    <\/div>\n<\/div>\n    <\/div>\n<\/div>\n\n<div id=\"block-15\" class=\"pt-4 pb-2 alignfull is-layout-constrained\">\n  <div>\n            <div class=\"row gx-4 gy-4 \">\n          \n\n<div id=\"block-14\" class=\"col wp-block-yellowtree-column col-12 d-flex flex-column justify-content-center align-items-center align-items-md-center\">\n  <h2 id=\"block-8\" class=\"mt-2 mb-2 h2 display-2 text-start\">\n  Benvenuto a ICF Reggio Emilia<\/h2>\n\n<div id=\"block-11\" class=\"pt-2 pb-2 alignfull is-layout-constrained\">\n  <div>\n            <div class=\"row gx-4 gy-4 \">\n          \n\n<div id=\"block-10\" class=\"col wp-block-yellowtree-column col-12 d-flex flex-column justify-content-center align-items-center align-items-md-center\">\n  <div>\n    <a id=\"block-9\" href=\"https:\/\/icf.church\/reggioemilia\/en\/about\/\" rel=\"\" class=\"wp-block-yellowtree-button-link btn btn-default btn-sm\">\n      <span>Chi siamo<\/span>\n              <i class=\"icon fs-base-const fa-solid fa-arrow-right\" aria-hidden=\"true\"><\/i>\n          <\/a>\n  <\/div><\/div>\n        <\/div>\n          <\/div>\n<\/div>\n\n<p id=\"block-12\" class=\"mt-2 mb-2 fs-base text-start wp-block-paragraph\">\n  ICF Reggio Emilia \u00e8 una chiesa cristiana libera che si basa su principi biblici.<\/p>\n\n<p id=\"block-13\" class=\"mt-2 mb-2 fs-base text-start wp-block-paragraph\">\n  \u00c8 nata dal sogno di rendere la chiesa dinamica, pratica e attuale, vicina alla vita delle persone al cuore di Dio.<\/p><\/div>\n        <\/div>\n          <\/div>\n<\/div>\n\n\n\n<div id=\"block-35\" class=\"pt-4 pb-2 alignfull is-layout-constrained\">\n  <div>\n            <div class=\"row gx-4 gy-4 \">\n          \n\n<div id=\"block-34\" class=\"col wp-block-yellowtree-column col-12 d-flex flex-column with-streched-height-children align-items-stretch align-items-md-stretch\">\n  <h3 id=\"block-31\" class=\"h3 display-3 text-start\">\n  La nostra missione<\/h3>\n\n<p id=\"block-32\" class=\"mb-6 fs-lg text-start wp-block-paragraph\">\n  Come chiesa, il nostro desiderio pi\u00f9 grande \u00e8 che le persone diventino sempre pi\u00f9 simili a Ges\u00f9 Cristo, vivano con coraggio e portino un\u2019influenza positiva nel mondo che le circonda.<\/p>\n\n\n  <div>\n    <a id=\"block-33\" href=\"https:\/\/icf.church\/en\/vision\/\" rel=\"\" target=\"_blank\" class=\"wp-block-yellowtree-button-link btn btn-default\">\n      <span>La nostra visione<\/span>\n              <i class=\"icon fs-base-const fa-solid fa-globe\" aria-hidden=\"true\"><\/i>\n          <\/a>\n  <\/div><\/div>\n        <\/div>\n          <\/div>\n<\/div>\n\n\n<div id=\"block-41\" class=\"wp-block-yellowtree-fluid-gallery alignfull position-relative is-layout-constrained overflow-hidden\">\n        <div class=\"position-absolute top-2 start-0 end-0 d-none d-md-flex my-0\">\n        <div class=\"ms-auto\">\n            <a href=\"https:\/\/icf.church\/reggioemilia\/en\/connect\/\" data-exclude=\"\" class=\"btn btn-outline-default\" style=\"z-index:100\">\n                <i class=\"icon fa-plus\" aria-hidden=\"true\"><\/i>\n                Connect            <\/a>\n        <\/div>\n    <\/div>\n        <div class=\"position-relative is-layout-constrained alignfull fluid-gallery-height\">\n        <div class=\"position-absolute start-0 end-0 top-0 bottom-0 d-flex justify-content-center align-items-center is-layout-constrained\">\n            <div class=\"fluid-gallery-gradient\"><\/div>\n        <\/div>\n        <div class=\"fluid-gallery-scroll-container d-flex h-100 alignfull position-relative subtle-scrollbar focus-ring\">\n            <div class=\"h-100 fluid-gallery-layout\">\n                <div id=\"block-36\" class=\"wp-block-yellowtree-fluid-gallery-image\">\n    <img decoding=\"async\" draggable=\"false\" loading=\"lazy\" sizes=\"768px\" src=\"https:\/\/icf.church\/reggioemilia\/wp-content\/uploads\/sites\/25\/2026\/02\/bild_neu1.png\" alt=\"\" class=\"w-100 h-100 object-fit-cover rounded\"><\/div>\n\n\n<div id=\"block-37\" class=\"wp-block-yellowtree-fluid-gallery-image\">\n    <img decoding=\"async\" draggable=\"false\" loading=\"lazy\" sizes=\"768px\" src=\"https:\/\/icf.church\/reggioemilia\/wp-content\/uploads\/sites\/25\/2025\/10\/eliano-davide0059-scaled.jpg\" alt=\"\" class=\"w-100 h-100 object-fit-cover rounded\"><\/div>\n\n\n<div id=\"block-38\" class=\"wp-block-yellowtree-fluid-gallery-image\">\n    <img decoding=\"async\" draggable=\"false\" loading=\"lazy\" sizes=\"768px\" src=\"https:\/\/icf.church\/reggioemilia\/wp-content\/uploads\/sites\/25\/2026\/02\/bild_neu3.png\" alt=\"\" class=\"w-100 h-100 object-fit-cover rounded\"><\/div>\n\n\n<div id=\"block-39\" class=\"wp-block-yellowtree-fluid-gallery-image\">\n    <img decoding=\"async\" draggable=\"false\" loading=\"lazy\" sizes=\"768px\" src=\"https:\/\/icf.church\/reggioemilia\/wp-content\/uploads\/sites\/25\/2026\/02\/bild_neu2.png\" alt=\"\" class=\"w-100 h-100 object-fit-cover rounded\"><\/div>\n\n\n<div id=\"block-40\" class=\"wp-block-yellowtree-fluid-gallery-image\">\n    <img decoding=\"async\" draggable=\"false\" loading=\"lazy\" sizes=\"768px\" src=\"https:\/\/icf.church\/reggioemilia\/wp-content\/uploads\/sites\/25\/2025\/10\/sundaynight.jpg\" alt=\"People laugh and hug each other in a modern, welcoming church space that conveys community and faith\u2014perfect for a visit to ICF XY.\" class=\"w-100 h-100 object-fit-cover rounded\"><\/div>            <\/div>\n        <\/div>\n    <\/div>\n            <div class=\"d-md-none d-flex justify-content-center mt-2\">\n            <a href=\"https:\/\/icf.church\/reggioemilia\/en\/connect\/\" data-exclude=\"\" class=\"btn btn-outline-default\" style=\"z-index:100\">\n                <i class=\"icon fa-plus\" aria-hidden=\"true\"><\/i>\n                Connect            <\/a>\n        <\/div>\n    <\/div>\n\n\n<div>\n  <div id=\"block-47\" class=\"mt-6 mb-10 wp-block-yellowtree-connect-social connect-social\">\n      \n\n<h2 id=\"block-42\" class=\"text-center display-2 mb-5\">\n    Rimani sempre aggiornato<\/h2>\n\n\n<p id=\"block-43\" class=\"text-center mb-6\">\n    Seguici sui social di ICF Reggio Emilia e resta sempre aggiornato.<br>Riceverai regolarmente novit\u00e0, aggiornamenti, informazioni sulle iniziative e sugli eventi.<\/p>\n\n\n<div id=\"block-46\" class=\"wp-block-yellowtree-connect-social-links d-flex gap-1 gap-md-5 justify-content-center\">\n  <html><body>\n\n<a id=\"block-44\" href=\"instagram.com\/icf_reggioemilia\/\" target=\"_blank\" data-variation=\"instagram\" class=\"wp-block-yellowtree-connect-social-link btn\" aria-label=\"Instagram Link\">\n  <i class=\"icon connect-social-icon fs-md-lg-const fs-h3-const fa-brands fa-instagram\" aria-hidden=\"true\"><\/i>\n<\/a>\n\n\n\n<\/body><\/html><\/div>\n  <\/div>\n<\/div>\n\n\n\n<div id=\"block-51\" data-bs-theme=\"dark\" class=\"wp-block-yellowtree-divider-card card d-flex flex-column flex-lg-row py-6 py-lg-0\">\n  \n\n<div id=\"block-48\" class=\"wp-block-yellowtree-divider-card-item flex-1 d-flex flex-column position-relative text-center py-6 py-lg-10\">\n  <div class='mb-2'>\n    <div class='d-flex flex-column align-items-center gap-2'>\n      <i class='icon fs-lg-const fa-solid fa-users' aria-hidden='true'><\/i>\n      <h3 class='mb-0'>\n        <span class=\"text-container\">\n          Connect        <\/span>\n      <\/h3>\n    <\/div>\n  <\/div>\n  <div class='mt-auto'>\n    <a class='text-arrow-link fs-sm text-light-3' href=\"https:\/\/icf.church\/reggioemilia\/en\/connect\/\">\n      Let&#039;s go    <\/a>\n  <\/div>\n<\/div>\n\n\n<div id=\"block-49\" class=\"wp-block-yellowtree-divider-card-item flex-1 d-flex flex-column position-relative text-center py-6 py-lg-10\">\n  <div class='mb-2'>\n    <div class='d-flex flex-column align-items-center gap-2'>\n      <i class='icon fs-lg-const fa-location-smile' aria-hidden='true'><\/i>\n      <h3 class='mb-0'>\n        <span class=\"text-container\">\n          Plan your visit        <\/span>\n      <\/h3>\n    <\/div>\n  <\/div>\n  <div class='mt-auto'>\n    <a class='text-arrow-link fs-sm text-light-3' href=\"https:\/\/icf.church\/reggioemilia\/en\/visit\/\">\n      Let&#039;s go    <\/a>\n  <\/div>\n<\/div>\n\n\n<div id=\"block-50\" class=\"wp-block-yellowtree-divider-card-item flex-1 d-flex flex-column position-relative text-center py-6 py-lg-10\">\n  <div class='mb-2'>\n    <div class='d-flex flex-column align-items-center gap-2'>\n      <i class='icon fs-lg-const fa-video' aria-hidden='true'><\/i>\n      <h3 class='mb-0'>\n        <span class=\"text-container\">\n          Watch online        <\/span>\n      <\/h3>\n    <\/div>\n  <\/div>\n  <div class='mt-auto'>\n    <a class='text-arrow-link fs-sm text-light-3' href=\"https:\/\/youtube.com\" target=\"_blank\">\n      Let&#039;s go    <\/a>\n  <\/div>\n<\/div>\n<\/div>","protected":false},"excerpt":{"rendered":"<p>ICF Reggio Emilia \u00e8 una chiesa cristiana libera che si basa su principi biblici.<\/p>\n<p>\u00c8 nata dal sogno di rendere la chiesa dinamica, pratica e attuale, vicina alla vita delle persone al cuore di Dio.<\/p>\n","protected":false},"author":3,"featured_media":1150,"parent":0,"menu_order":0,"comment_status":"closed","ping_status":"closed","template":"","meta":{"_acf_changed":false,"_seopress_titles_title":"ICF Reggio Emilia - Un nuovo stile di chiesa","_seopress_titles_desc":"ICF Reggio Emilia \u00e8 una chiesa cristiana libera che si basa su principi biblici. \u00c8 nata dal sogno di rendere la chiesa dinamica, pratica e attuale, vicina alla vita delle persone al cuore di Dio.","_seopress_robots_index":"","_seopress_robots_follow":"","_seopress_robots_imageindex":"","_seopress_robots_snippet":"","_seopress_robots_primary_cat":"","_seopress_robots_breadcrumbs":"","_seopress_robots_freeze_modified_date":"","_seopress_robots_custom_modified_date":"","_seopress_robots_canonical":"","_seopress_social_fb_title":"","_seopress_social_fb_desc":"","_seopress_social_fb_img":"","_seopress_social_fb_img_attachment_id":0,"_seopress_social_fb_img_width":0,"_seopress_social_fb_img_height":0,"_seopress_social_twitter_title":"","_seopress_social_twitter_desc":"","_seopress_social_twitter_img":"","_seopress_social_twitter_img_attachment_id":0,"_seopress_social_twitter_img_width":0,"_seopress_social_twitter_img_height":0,"_seopress_redirections_value":"","_seopress_redirections_enabled":"","_seopress_redirections_enabled_regex":"","_seopress_redirections_logged_status":"both","_seopress_redirections_param":"","_seopress_redirections_type":301,"_seopress_analysis_target_kw":"","_seopress_news_disabled":"","_seopress_video_disabled":"","_seopress_video":[{"url":"","title":"","desc":"","thumbnail":"","duration":"","rating":"","view_count":"","tag":""}],"_seopress_pro_schemas_manual":[],"_seopress_pro_rich_snippets_disable_all":"","_seopress_pro_rich_snippets_disable":[],"_seopress_pro_schemas":[],"yt_custom_styles_scss":"","yt_custom_styles_rounded_corners":false,"yt_custom_styles_color_scheme":"","footnotes":""},"class_list":["post-163","page","type-page","status-publish","has-post-thumbnail","hentry"],"acf":[],"_links":{"self":[{"href":"https:\/\/icf.church\/reggioemilia\/it\/wp-json\/wp\/v2\/pages\/163","targetHints":{"allow":["GET"]}}],"collection":[{"href":"https:\/\/icf.church\/reggioemilia\/it\/wp-json\/wp\/v2\/pages"}],"about":[{"href":"https:\/\/icf.church\/reggioemilia\/it\/wp-json\/wp\/v2\/types\/page"}],"author":[{"embeddable":true,"href":"https:\/\/icf.church\/reggioemilia\/it\/wp-json\/wp\/v2\/users\/3"}],"replies":[{"embeddable":true,"href":"https:\/\/icf.church\/reggioemilia\/it\/wp-json\/wp\/v2\/comments?post=163"}],"version-history":[{"count":25,"href":"https:\/\/icf.church\/reggioemilia\/it\/wp-json\/wp\/v2\/pages\/163\/revisions"}],"predecessor-version":[{"id":1165,"href":"https:\/\/icf.church\/reggioemilia\/it\/wp-json\/wp\/v2\/pages\/163\/revisions\/1165"}],"wp:featuredmedia":[{"embeddable":true,"href":"https:\/\/icf.church\/reggioemilia\/it\/wp-json\/wp\/v2\/media\/1150"}],"wp:attachment":[{"href":"https:\/\/icf.church\/reggioemilia\/it\/wp-json\/wp\/v2\/media?parent=163"}],"curies":[{"name":"wp","href":"https:\/\/api.w.org\/{rel}","templated":true}]}}