{"id":168,"date":"2025-10-02T09:02:41","date_gmt":"2025-10-02T07:02:41","guid":{"rendered":"https:\/\/new.new.icf.church\/reggioemilia\/about\/"},"modified":"2026-08-30T21:00:39","modified_gmt":"2026-08-30T19:00:39","slug":"chi-siamo","status":"publish","type":"page","link":"https:\/\/icf.church\/reggioemilia\/it\/chi-siamo\/","title":{"rendered":"Chi siamo"},"content":{"rendered":"<h1 id=\"block-1\" class=\"mt-7 h1 display-1 text-center\">\n  Benvenuto a ICF Reggio Emilia<\/h1>\n\n<div class=\"alignwide mw-100\">\n      <figure id=\"block-2\" class=\"is-style-rounded mt-2 mb-2\">\n      <div class=\"img-wrap\" style=\"max-width:100%\">\n        <img decoding=\"async\" src=\"https:\/\/icf.church\/reggioemilia\/wp-content\/uploads\/sites\/143\/2026\/06\/whatsapp-image-2026-06-23-at-16.30.12.jpeg\" alt=\"\" loading=\"lazy\" title=\"\" srcset=\"https:\/\/icf.church\/reggioemilia\/wp-content\/uploads\/sites\/143\/2026\/06\/whatsapp-image-2026-06-23-at-16.30.12.jpeg 1600w, https:\/\/icf.church\/reggioemilia\/wp-content\/uploads\/sites\/143\/2026\/06\/whatsapp-image-2026-06-23-at-16.30.12-300x240.jpeg 300w, https:\/\/icf.church\/reggioemilia\/wp-content\/uploads\/sites\/143\/2026\/06\/whatsapp-image-2026-06-23-at-16.30.12-1024x819.jpeg 1024w, https:\/\/icf.church\/reggioemilia\/wp-content\/uploads\/sites\/143\/2026\/06\/whatsapp-image-2026-06-23-at-16.30.12-768x614.jpeg 768w, https:\/\/icf.church\/reggioemilia\/wp-content\/uploads\/sites\/143\/2026\/06\/whatsapp-image-2026-06-23-at-16.30.12-1536x1229.jpeg 1536w\" sizes=\"(max-width: 1600px) 100vw, 1600px\" class=\"img-fluid w-100 h-100 rounded object-fit-cover\" style=\"object-position: center center\" \/>\n      <\/div>\n          <\/figure>\n    <\/div>\n\n<div id=\"block-6\" class=\"pt-2 pb-2 alignfull is-layout-constrained\">\n  <div>\n          <div class=\"row\">\n        <div class=\"col-12 col-md-10 mx-auto\">\n                <div class=\"row gx-4 gy-4 \">\n          \n\n<div id=\"block-5\" class=\"col wp-block-yellowtree-column col-12 d-flex flex-column with-streched-height-children align-items-stretch align-items-md-stretch\">\n  <h3 id=\"block-3\" class=\"mt-4 h3 display-3 text-center\">\n  Un nuovo stile di chiesa<\/h3>\n\n<h3 id=\"block-4\" class=\"mt-4 h3 text-center\">\n  ICF Reggio Emilia \u00e8 una chiesa cristiana fondata sulla Bibbia: autentica, attuale e appassionata della vita con Ges\u00f9.<\/h3><\/div>\n        <\/div>\n                <\/div>\n      <\/div>\n      <\/div>\n<\/div>\n\n<div id=\"block-13\" class=\"pt-6 pb-2 alignfull is-layout-constrained\">\n  <div>\n            <div class=\"row gx-4 gy-4 \">\n          \n\n<div id=\"block-12\" class=\"col wp-block-yellowtree-column col-12 d-flex flex-column with-streched-height-children align-items-stretch align-items-md-stretch\">\n  <div id=\"block-11\" class=\"wp-block-yellowtree-text-image d-flex flex-column flex-lg-row gap-3\">\n    \n\n<div id=\"block-7\" class=\"wp-block-yellowtree-locked-image\">\n    <img decoding=\"async\" width=\"1024\" height=\"819\" src=\"https:\/\/icf.church\/reggioemilia\/wp-content\/uploads\/sites\/143\/2026\/06\/whatsapp-image-2026-01-22-at-17.34.27-9-1-1024x819.jpeg\" class=\"w-100 h-100 object-fit-cover\" alt=\"\" style=\"object-position: 50% 12%;\" loading=\"lazy\" sizes=\"(max-width: 992px) 100vw, 1600px\" srcset=\"https:\/\/icf.church\/reggioemilia\/wp-content\/uploads\/sites\/143\/2026\/06\/whatsapp-image-2026-01-22-at-17.34.27-9-1-1024x819.jpeg 1024w, https:\/\/icf.church\/reggioemilia\/wp-content\/uploads\/sites\/143\/2026\/06\/whatsapp-image-2026-01-22-at-17.34.27-9-1-300x240.jpeg 300w, https:\/\/icf.church\/reggioemilia\/wp-content\/uploads\/sites\/143\/2026\/06\/whatsapp-image-2026-01-22-at-17.34.27-9-1-768x614.jpeg 768w, https:\/\/icf.church\/reggioemilia\/wp-content\/uploads\/sites\/143\/2026\/06\/whatsapp-image-2026-01-22-at-17.34.27-9-1-1536x1229.jpeg 1536w, https:\/\/icf.church\/reggioemilia\/wp-content\/uploads\/sites\/143\/2026\/06\/whatsapp-image-2026-01-22-at-17.34.27-9-1-2048x1638.jpeg 2048w\"><\/div>\n\n\n\n<div id=\"block-10\" data-bs-theme=\"dark\" class=\"card wp-block-yellowtree-text-card has-context-height\">\n  <div class=\"card-body px-4 py-6 p-sm-6 p-lg-8\">\n    \n\n<h2 id=\"block-8\">\n    Benvenuto a casa!<\/h2>\n\n\n<p id=\"block-9\">\n    <br><strong>Benvenuto a ICF Reggio Emilia! Non importa come ci hai trovati, siamo felici di averti qui oggi!<\/strong><br><br>Vorremmo presentarci a te: ci\u00f2 che ci definisce come chiesa, ci\u00f2 che ci motiva, ci\u00f2 in cui crediamo e come viviamo la comunit\u00e0.<br><br>Fin dall\u2019inizio desideriamo condividere con te il nostro sogno di una chiesa che ci ha ispirato sin dall\u2019inizio e che oggi sta diventando sempre pi\u00f9 una realt\u00e0.<br><br>Ti invitiamo a far parte anche tu di questo sogno. Sei il benvenuto, sentiti a casa!<br><br><strong>Dio ti benedica,<\/strong><br><br>Ivan e Claudia<br>Pastori responsabili ICF Reggio Emilia<\/p>\n  <\/div>\n<\/div>\n<\/div><\/div>\n        <\/div>\n          <\/div>\n<\/div>\n\n<div id=\"block-16\" class=\"pt-9 pb-2 alignfull is-layout-constrained\">\n  <div>\n            <div class=\"row gx-4 gy-4 \">\n          \n\n<div id=\"block-15\" class=\"col wp-block-yellowtree-column col-12 d-flex flex-column with-streched-height-children align-items-stretch align-items-md-stretch\">\n  <h3 id=\"block-14\" class=\"h3 display-3 text-start\">\n  La nostra missione<\/h3>\n\n<p id=\"values\" class=\"mb-2 fs-lg text-start wp-block-paragraph\">\n  Come chiesa, la nostra passione \u00e8 vedere le persone diventare sempre pi\u00f9 simili a Ges\u00f9 Cristo, vivere senza paura e avere un impatto positivo sul mondo che le circonda.<\/p><\/div>\n        <\/div>\n          <\/div>\n<\/div>\n\n<div id=\"block-23\" class=\"alignfull is-layout-constrained\">\n  <div>\n            <div class=\"row gx-4 gy-4 \">\n          \n\n<div id=\"block-18\" class=\"col wp-block-yellowtree-column col-12 col-md-6 col-lg-3 d-flex flex-column justify-content-center align-items-end align-items-md-end\">\n  <div>\n    <a id=\"block-17\" href=\"https:\/\/icf.church\/en\/vision\/\" rel=\"\" target=\"_blank\" class=\"wp-block-yellowtree-button-link btn btn-outline-default\">\n      <span>La nostra visione<\/span>\n              <i class=\"icon fs-base-const fa-solid fa-globe\" aria-hidden=\"true\"><\/i>\n          <\/a>\n  <\/div><\/div>\n\n\n<div id=\"block-19\" class=\"col wp-block-yellowtree-column col-12 col-md-6 col-lg-3 d-flex flex-column justify-content-center align-items-center align-items-md-center\">\n  <\/div>\n\n\n<div id=\"block-21\" class=\"col wp-block-yellowtree-column col-12 col-md-6 col-lg-3 d-flex flex-column justify-content-center align-items-start align-items-md-start\">\n  <div>\n    <a id=\"block-20\" href=\"https:\/\/icf.church\/en\/whatwebelieve\" rel=\"\" target=\"_blank\" class=\"wp-block-yellowtree-button-link btn btn-outline-default\">\n      <span>In cosa crediamo<\/span>\n              <i class=\"icon fs-base-const fa-solid fa-cross\" aria-hidden=\"true\"><\/i>\n          <\/a>\n  <\/div><\/div>\n\n\n<div id=\"block-22\" class=\"col wp-block-yellowtree-column col-12 col-md-6 col-lg-3 d-flex flex-column with-streched-height-children align-items-stretch align-items-md-stretch\">\n  <\/div>\n        <\/div>\n          <\/div>\n<\/div>\n\n\n<div id=\"block-30\" class=\"wp-block-yellowtree-vision alignfull\">\n    <div class=\"vision-wrapper position-relative z-0\">\n        <div class=\"is-layout-constrained\">\n            <div class=\"position-relative\">\n                <div class=\"d-flex justify-content-center align-items-center\">\n                    <div class=\"vision-gradient w-100\"><\/div>\n                <\/div>\n                                    <div class=\"position-absolute start-50 top-50 translate-middle mw-100\" style=\"width: 40rem;\">\n                        <h3 class=\"display-3 text-center px-2 text-black mb-0\">I nostri valori<\/h3>\n                    <\/div>\n                                <ul class=\"list-unstyled position-absolute start-50 top-50 w-50 h-50\">\n                    <li id=\"block-24\" class=\"wp-block-yellowtree-vision-item vision-item text-black\">\n    <button class=\"btn vision-button text-black has-pulse\" type=\"button\" aria-label=\"Mostra altro\" data-bs-toggle=\"modal\" data-bs-target=\"#block-24-card\">\n        <i class=\"icon vision-icon fa-solid fa-party-horn\" aria-hidden=\"true\"><\/i>\n    <\/button>\n    <div id=\"block-24-card\" tabindex=\"-1\" class=\"modal fade vision-modal position-absolute start-0 top-0\" style=\"display: none;\" data-bs-backdrop=\"false\">\n        <div class=\"modal-dialog\">\n            <article class=\"card vision-card\" data-bs-theme=\"dark\">\n                <button class=\"vision-card-close btn-close-fa position-absolute end-0 top-0 mt-1 me-1\" type=\"button\" data-bs-dismiss=\"modal\" aria-label=\"Chiudi scheda visione\"><\/button>\n                <div class=\"card-body p-3\">\n                    <div class=\"mt-7 mb-4 text-center\">\n                        <i class=\"icon vision-card-icon fa-solid fa-party-horn\" aria-hidden=\"true\"><\/i>\n                    <\/div>\n                    <p class=\"fs-sm-const mt-auto\">\n                        EXCITED | We know that the joy of the Lord is our strength                    <\/p>\n                <\/div>\n            <\/article>\n        <\/div>\n    <\/div>\n<\/li>\n\n\n<li id=\"block-25\" class=\"wp-block-yellowtree-vision-item vision-item text-black\">\n    <button class=\"btn vision-button text-black has-pulse\" type=\"button\" aria-label=\"Mostra altro\" data-bs-toggle=\"modal\" data-bs-target=\"#block-25-card\">\n        <i class=\"icon vision-icon fa-solid fa-house\" aria-hidden=\"true\"><\/i>\n    <\/button>\n    <div id=\"block-25-card\" tabindex=\"-1\" class=\"modal fade vision-modal position-absolute start-0 top-0\" style=\"display: none;\" data-bs-backdrop=\"false\">\n        <div class=\"modal-dialog\">\n            <article class=\"card vision-card\" data-bs-theme=\"dark\">\n                <button class=\"vision-card-close btn-close-fa position-absolute end-0 top-0 mt-1 me-1\" type=\"button\" data-bs-dismiss=\"modal\" aria-label=\"Chiudi scheda visione\"><\/button>\n                <div class=\"card-body p-3\">\n                    <div class=\"mt-7 mb-4 text-center\">\n                        <i class=\"icon vision-card-icon fa-solid fa-house\" aria-hidden=\"true\"><\/i>\n                    <\/div>\n                    <p class=\"fs-sm-const mt-auto\">\n                        HOSPITABLE | We create a loving &quot;Welcome Home&quot; Atmosphere                    <\/p>\n                <\/div>\n            <\/article>\n        <\/div>\n    <\/div>\n<\/li>\n\n\n<li id=\"block-26\" class=\"wp-block-yellowtree-vision-item vision-item text-black\">\n    <button class=\"btn vision-button text-black has-pulse\" type=\"button\" aria-label=\"Mostra altro\" data-bs-toggle=\"modal\" data-bs-target=\"#block-26-card\">\n        <i class=\"icon vision-icon fa-solid fa-face-smile-hearts\" aria-hidden=\"true\"><\/i>\n    <\/button>\n    <div id=\"block-26-card\" tabindex=\"-1\" class=\"modal fade vision-modal position-absolute start-0 top-0\" style=\"display: none;\" data-bs-backdrop=\"false\">\n        <div class=\"modal-dialog\">\n            <article class=\"card vision-card\" data-bs-theme=\"dark\">\n                <button class=\"vision-card-close btn-close-fa position-absolute end-0 top-0 mt-1 me-1\" type=\"button\" data-bs-dismiss=\"modal\" aria-label=\"Chiudi scheda visione\"><\/button>\n                <div class=\"card-body p-3\">\n                    <div class=\"mt-7 mb-4 text-center\">\n                        <i class=\"icon vision-card-icon fa-solid fa-face-smile-hearts\" aria-hidden=\"true\"><\/i>\n                    <\/div>\n                    <p class=\"fs-sm-const mt-auto\">\n                        AUTHENTIC | We walk our talk                    <\/p>\n                <\/div>\n            <\/article>\n        <\/div>\n    <\/div>\n<\/li>\n\n\n<li id=\"block-27\" class=\"wp-block-yellowtree-vision-item vision-item text-black\">\n    <button class=\"btn vision-button text-black has-pulse\" type=\"button\" aria-label=\"Mostra altro\" data-bs-toggle=\"modal\" data-bs-target=\"#block-27-card\">\n        <i class=\"icon vision-icon fa-solid fa-rocket-launch\" aria-hidden=\"true\"><\/i>\n    <\/button>\n    <div id=\"block-27-card\" tabindex=\"-1\" class=\"modal fade vision-modal position-absolute start-0 top-0\" style=\"display: none;\" data-bs-backdrop=\"false\">\n        <div class=\"modal-dialog\">\n            <article class=\"card vision-card\" data-bs-theme=\"dark\">\n                <button class=\"vision-card-close btn-close-fa position-absolute end-0 top-0 mt-1 me-1\" type=\"button\" data-bs-dismiss=\"modal\" aria-label=\"Chiudi scheda visione\"><\/button>\n                <div class=\"card-body p-3\">\n                    <div class=\"mt-7 mb-4 text-center\">\n                        <i class=\"icon vision-card-icon fa-solid fa-rocket-launch\" aria-hidden=\"true\"><\/i>\n                    <\/div>\n                    <p class=\"fs-sm-const mt-auto\">\n                        RELEVANT | We are at the heartbeat of time                    <\/p>\n                <\/div>\n            <\/article>\n        <\/div>\n    <\/div>\n<\/li>\n\n\n<li id=\"block-28\" class=\"wp-block-yellowtree-vision-item vision-item text-black\">\n    <button class=\"btn vision-button text-black has-pulse\" type=\"button\" aria-label=\"Mostra altro\" data-bs-toggle=\"modal\" data-bs-target=\"#block-28-card\">\n        <i class=\"icon vision-icon fa-solid fa-hand-heart\" aria-hidden=\"true\"><\/i>\n    <\/button>\n    <div id=\"block-28-card\" tabindex=\"-1\" class=\"modal fade vision-modal position-absolute start-0 top-0\" style=\"display: none;\" data-bs-backdrop=\"false\">\n        <div class=\"modal-dialog\">\n            <article class=\"card vision-card\" data-bs-theme=\"dark\">\n                <button class=\"vision-card-close btn-close-fa position-absolute end-0 top-0 mt-1 me-1\" type=\"button\" data-bs-dismiss=\"modal\" aria-label=\"Chiudi scheda visione\"><\/button>\n                <div class=\"card-body p-3\">\n                    <div class=\"mt-7 mb-4 text-center\">\n                        <i class=\"icon vision-card-icon fa-solid fa-hand-heart\" aria-hidden=\"true\"><\/i>\n                    <\/div>\n                    <p class=\"fs-sm-const mt-auto\">\n                        GENEROUS\nWe are blessed to be a blessing                    <\/p>\n                <\/div>\n            <\/article>\n        <\/div>\n    <\/div>\n<\/li>\n\n\n<li id=\"block-29\" class=\"wp-block-yellowtree-vision-item vision-item text-black\">\n    <button class=\"btn vision-button text-black has-pulse\" type=\"button\" aria-label=\"Mostra altro\" data-bs-toggle=\"modal\" data-bs-target=\"#block-29-card\">\n        <i class=\"icon vision-icon fa-solid fa-heart\" aria-hidden=\"true\"><\/i>\n    <\/button>\n    <div id=\"block-29-card\" tabindex=\"-1\" class=\"modal fade vision-modal position-absolute start-0 top-0\" style=\"display: none;\" data-bs-backdrop=\"false\">\n        <div class=\"modal-dialog\">\n            <article class=\"card vision-card\" data-bs-theme=\"dark\">\n                <button class=\"vision-card-close btn-close-fa position-absolute end-0 top-0 mt-1 me-1\" type=\"button\" data-bs-dismiss=\"modal\" aria-label=\"Chiudi scheda visione\"><\/button>\n                <div class=\"card-body p-3\">\n                    <div class=\"mt-7 mb-4 text-center\">\n                        <i class=\"icon vision-card-icon fa-solid fa-heart\" aria-hidden=\"true\"><\/i>\n                    <\/div>\n                    <p class=\"fs-sm-const mt-auto\">\n                        EXCELLENT | We give our very best for god                    <\/p>\n                <\/div>\n            <\/article>\n        <\/div>\n    <\/div>\n<\/li>                <\/ul>\n            <\/div>\n        <\/div>\n        <div class=\"vision-backdrop\" style=\"display: none;\"><\/div>\n    <\/div>\n<\/div>\n\n<div id=\"werte-2\" class=\"pt-8 pb-2 alignfull is-layout-constrained\">\n  <div>\n            <div class=\"row gx-4 gy-4 \">\n          \n\n<div id=\"werte-2\" class=\"col wp-block-yellowtree-column col-12 d-flex flex-column with-streched-height-children align-items-stretch align-items-md-stretch\">\n  <h3 id=\"werte\" class=\"h3 display-3 text-start\">\n  Il nostro Codice d&#8217;Onore<\/h3>\n\n<p id=\"block-31\" class=\"mt-2 mb-2 text-start wp-block-paragraph\">\n  <em class=\"myprefix-text-italic\">\u201cEccoci dunque posti di fronte a questa grande folla di testimoni. Anche noi quindi liberiamoci da ogni peso, liberiamoci dal peccato che ci trattiene, e corriamo decisamente la corsa che Dio ci propone. Teniamo lo sguardo fisso in Ges\u00f9: \u00e8 lui che ci ha aperto la strada della fede e ci condurr\u00e0 sino alla fine. Egli ha accettato di morire in croce e non ha tenuto conto che era una morte vergognosa, perch\u00e9 pensava alla gioia riservata per lui in cambio di quella sofferenza. Ora egli si trova accanto al trono di Dio \u201d<\/em><\/p>\n\n<p id=\"block-32\" class=\"mb-6 text-start wp-block-paragraph\" style=\"margin-top:0\">\n  <em class=\"myprefix-text-italic\">Bibbia &#8211; Ebrei 12:1-2, ICL00D<\/em><\/p>\n\n<p id=\"block-33\" class=\"text-start wp-block-paragraph\">\n  Come collaboratori e Core Leader di ICF Reggio Emilia, il nostro profondo desiderio \u00e8 portare a compimento con vittoria la corsa della fede. Siamo determinati a vivere secondo gli standard morali biblici. Dopo numerosi confronti sullo stile di vita dei leader nella chiesa e ispirati dal \u201cManifesto di Modesto\u201d scritto da Billy Graham e dai suoi amici, abbiamo concordato una serie di principi volontari: il \u201cCodice d\u2019Onore per lo Staff di ICF Reggio Emilia\u201d.<\/p><\/div>\n        <\/div>\n          <\/div>\n<\/div>\n\n<div id=\"block-42\" class=\"pt-4 pb-4 alignfull is-layout-constrained\">\n  <div>\n            <div class=\"row gx-4 gy-4 \">\n          \n\n<div id=\"block-41\" class=\"col wp-block-yellowtree-column col-12 d-flex flex-column with-streched-height-children align-items-stretch align-items-md-stretch\">\n  <div id=\"block-39\" class=\"accordion\">\n  <body>\n\n<div id=\"block-35\" data-bs-theme=\"dark\" class=\"overflow-hidden wp-block-yellowtree-accordion-item\">\n  <div class=\"accordion-header\">\n    <button class=\"accordion-button rounded-0 collapsed focus-ring-inset\" type=\"button\" data-bs-toggle=\"collapse\" data-bs-target=\"#block-35-collapse\" aria-expanded=\"false\" aria-controls=\"block-35-collapse\">\n      <div>\n        <h3 class=\"mb-0\">\n          Finanze        <\/h3>\n              <\/div>\n      <div class=\"ms-auto accordion-icons icon-container-base\">\n        <i class=\"icon fa-arrow-right accordion-icon-default\"><\/i>\n        <i class=\"icon fa-close accordion-icon-alt\"><\/i>\n      <\/div>\n    <\/button>\n  <\/div>\n  <div id=\"block-35-collapse\" class=\"accordion-collapse collapse \" data-bs-parent=\"#block-39\">\n    <div class=\"accordion-body pt-0\">\n      <p id=\"block-34\" class=\"text-start wp-block-paragraph\">\n  La chiesa ICF Reggio Emilia \u00e8 un\u2019associazione senza fini di lucro. \u00c8 finanziata da donazioni volontarie.  Su richiesta, offriamo trasparenza sulle nostre finanze. Con convinzione, adempiamo ai requisiti legali, come la revisione periodica dei conti della nostra associazione.<\/p>    <\/div>\n  <\/div>\n<\/div>\n\n\n<div id=\"block-38\" data-bs-theme=\"dark\" class=\"overflow-hidden wp-block-yellowtree-accordion-item\">\n  <div class=\"accordion-header\">\n    <button class=\"accordion-button rounded-0 collapsed focus-ring-inset\" type=\"button\" data-bs-toggle=\"collapse\" data-bs-target=\"#block-38-collapse\" aria-expanded=\"false\" aria-controls=\"block-38-collapse\">\n      <div>\n        <h3 class=\"mb-0\">\n          Team e competenze        <\/h3>\n              <\/div>\n      <div class=\"ms-auto accordion-icons icon-container-base\">\n        <i class=\"icon fa-arrow-right accordion-icon-default\"><\/i>\n        <i class=\"icon fa-close accordion-icon-alt\"><\/i>\n      <\/div>\n    <\/button>\n  <\/div>\n  <div id=\"block-38-collapse\" class=\"accordion-collapse collapse \" data-bs-parent=\"#block-39\">\n    <div class=\"accordion-body pt-0\">\n      <p id=\"block-36\" class=\"text-start wp-block-paragraph\">\n  Ci impegniamo e ci dedichiamo alla dichiarazione di missione di ICF Reggio Emilia. Usiamo in modo responsabile il potere e le competenze che ci sono affidati e contrastiamo attivamente ogni abuso di potere. Ivan e Claudia Carlucci guidano l\u2019organizzazione come Pastori senior e, di conseguenza, anche il Core Team come team di leadership.<\/p>\n\n<p id=\"block-37\" class=\"text-start wp-block-paragraph\">\n  Nel Core Team ogni opinione conta. Lavoriamo sulle decisioni finch\u00e9 tutti possono sostenerle e nessuno ha riserve significative. La responsabilit\u00e0 strategica e operativa \u00e8 assegnata alle rispettive aree, attivit\u00e0 secondarie e sedi, nell\u2019ottica di team auto-organizzati.<\/p>    <\/div>\n  <\/div>\n<\/div>\n<\/body><\/div>\n\n<p id=\"block-40\" class=\"mt-6 fs-base text-center wp-block-paragraph\">\n  <strong class=\"myprefix-text-bold\"><br><strong>Che Dio ci aiuti a vivere in modo fedele, appassionato ed esemplare.<\/strong><\/strong><\/p><\/div>\n        <\/div>\n          <\/div>\n<\/div>\n\n<div id=\"block-45\" class=\"pt-4 pb-4 alignfull is-layout-constrained\">\n  <div>\n            <div class=\"row gx-4 gy-4 \">\n          \n\n<div id=\"block-44\" class=\"col wp-block-yellowtree-column col-12 d-flex flex-column with-streched-height-children align-items-center align-items-md-center\">\n  <div>\n    <a id=\"block-43\" href=\"https:\/\/icf.church\/reggioemilia\/en\/visit\/\" rel=\"\" class=\"wp-block-yellowtree-button-link btn btn-action-1\">\n      <span>Visita ICF Reggio Emilia<\/span>\n              <i class=\"icon fs-base-const fa-solid fa-arrow-right\" aria-hidden=\"true\"><\/i>\n          <\/a>\n  <\/div><\/div>\n        <\/div>\n          <\/div>\n<\/div>","protected":false},"excerpt":{"rendered":"<p>ICF XY is a Christian church with a biblical foundation: authentic, relevant, and excited about life with Jesus.<\/p>\n","protected":false},"author":3,"featured_media":358,"parent":0,"menu_order":6,"comment_status":"closed","ping_status":"closed","template":"","meta":{"_acf_changed":false,"_seopress_titles_title":"","_seopress_titles_desc":"ICF Reggio Emilia \u00e8 una chiesa cristiana fondata sulla Bibbia: autentica, attuale e appassionata della vita con Ges\u00f9.","_seopress_robots_index":"","_seopress_robots_follow":"","_seopress_robots_imageindex":"","_seopress_robots_snippet":"","_seopress_robots_primary_cat":"","_seopress_robots_breadcrumbs":"","_seopress_robots_freeze_modified_date":"","_seopress_robots_custom_modified_date":"","_seopress_robots_canonical":"","_seopress_social_fb_title":"","_seopress_social_fb_desc":"","_seopress_social_fb_img":"","_seopress_social_fb_img_attachment_id":0,"_seopress_social_fb_img_width":0,"_seopress_social_fb_img_height":0,"_seopress_social_twitter_title":"","_seopress_social_twitter_desc":"","_seopress_social_twitter_img":"","_seopress_social_twitter_img_attachment_id":0,"_seopress_social_twitter_img_width":0,"_seopress_social_twitter_img_height":0,"_seopress_redirections_value":"","_seopress_redirections_enabled":"","_seopress_redirections_enabled_regex":"","_seopress_redirections_logged_status":"both","_seopress_redirections_param":"","_seopress_redirections_type":301,"_seopress_analysis_target_kw":"","_seopress_news_disabled":"","_seopress_video_disabled":"","_seopress_video":[{"url":"","title":"","desc":"","thumbnail":"","duration":"","rating":"","view_count":"","tag":""}],"_seopress_pro_schemas_manual":[],"_seopress_pro_rich_snippets_disable_all":"","_seopress_pro_rich_snippets_disable":[],"_seopress_pro_schemas":[],"yt_custom_styles_scss":"","yt_custom_styles_rounded_corners":false,"yt_custom_styles_color_scheme":"","footnotes":""},"class_list":["post-168","page","type-page","status-publish","has-post-thumbnail","hentry"],"acf":[],"_links":{"self":[{"href":"https:\/\/icf.church\/reggioemilia\/it\/wp-json\/wp\/v2\/pages\/168","targetHints":{"allow":["GET"]}}],"collection":[{"href":"https:\/\/icf.church\/reggioemilia\/it\/wp-json\/wp\/v2\/pages"}],"about":[{"href":"https:\/\/icf.church\/reggioemilia\/it\/wp-json\/wp\/v2\/types\/page"}],"author":[{"embeddable":true,"href":"https:\/\/icf.church\/reggioemilia\/it\/wp-json\/wp\/v2\/users\/3"}],"replies":[{"embeddable":true,"href":"https:\/\/icf.church\/reggioemilia\/it\/wp-json\/wp\/v2\/comments?post=168"}],"version-history":[{"count":34,"href":"https:\/\/icf.church\/reggioemilia\/it\/wp-json\/wp\/v2\/pages\/168\/revisions"}],"predecessor-version":[{"id":1154,"href":"https:\/\/icf.church\/reggioemilia\/it\/wp-json\/wp\/v2\/pages\/168\/revisions\/1154"}],"wp:featuredmedia":[{"embeddable":true,"href":"https:\/\/icf.church\/reggioemilia\/it\/wp-json\/wp\/v2\/media\/358"}],"wp:attachment":[{"href":"https:\/\/icf.church\/reggioemilia\/it\/wp-json\/wp\/v2\/media?parent=168"}],"curies":[{"name":"wp","href":"https:\/\/api.w.org\/{rel}","templated":true}]}}