{"id":111,"date":"2025-10-02T08:55:17","date_gmt":"2025-10-02T06:55:17","guid":{"rendered":"https:\/\/new.new.icf.church\/reutlingen\/?page_id=111"},"modified":"2026-08-30T23:21:43","modified_gmt":"2026-08-30T21:21:43","slug":"home","status":"publish","type":"page","link":"https:\/\/icf.church\/reutlingen\/de\/","title":{"rendered":"Home"},"content":{"rendered":"\n<div id=\"block-7\" class=\"wp-block-yellowtree-hero-stage\">\n    <div class=\"hero-stage has-links\">\n        \n\n<div id=\"block-2\" class=\"hero-stage-content\">\n    <div class=\"hero-stage-content__background\">\n        <div class=\"overlay-black-25 h-100\">\n                            <video src=\"https:\/\/icf.church\/reutlingen\/wp-content\/uploads\/sites\/35\/2026\/08\/home_website-loop1.low_.mp4\" autoplay=\"\" playsinline=\"\" loop=\"\" muted=\"\" aria-hidden=\"true\" loading=\"eager\" class=\"hero-stage-media\" style=\"object-position:50% 50%\"><\/video>                    <\/div>\n        <div class=\"hero-stage-gradient\"><\/div>\n    <\/div>\n    <div class=\"hero-stage-content__foreground is-layout-constrained\">\n        <h1 id=\"block-1\" class=\"display-1 text-center\">\n    Kirche erleben<\/h1>    <\/div>\n<\/div>\n\n\n<div id=\"block-6\" class=\"hero-stage-links is-layout-constrained count-3\">\n    <div class=\"icon-link-cards-layout column-gap-3 row-gap-1 justify-content-center break-md\">\n        \n\n<div id=\"block-3\" data-bs-theme=\"dark\" class=\"wp-block-yellowtree-icon-link-card\">\n  <div class='card-body flex-row justify-content-center align-items-center overflow-hidden gap-2 px-5 px-md-3 py-3 py-md-6'>\n    <div class='d-flex align-items-center gap-4 me-auto me-md-0 flex-md-column text-md-center gap-md-3'>\n      <i class='icon-square fs-2 fs-md-lg-const fa-hands' aria-hidden='true'><\/i>\n      <a class='stretched-link fs-base-const' href='' target=''>\n        Ich bin neu hier      <\/a>\n    <\/div>\n          <i class=\"icon fs-base-const fa-chevron-right ms-auto opacity-50 d-md-none\"><\/i>\n      <\/div>\n<\/div>\n\n\n<div id=\"block-4\" data-bs-theme=\"dark\" class=\"wp-block-yellowtree-icon-link-card\">\n  <div class='card-body flex-row justify-content-center align-items-center overflow-hidden gap-2 px-5 px-md-3 py-3 py-md-6'>\n    <div class='d-flex align-items-center gap-4 me-auto me-md-0 flex-md-column text-md-center gap-md-3'>\n      <i class='icon-square fs-2 fs-md-lg-const fa-users' aria-hidden='true'><\/i>\n      <a class='stretched-link fs-base-const' href='' target=''>\n        Teil der Community      <\/a>\n    <\/div>\n          <i class=\"icon fs-base-const fa-chevron-right ms-auto opacity-50 d-md-none\"><\/i>\n      <\/div>\n<\/div>\n\n\n<div id=\"block-5\" data-bs-theme=\"dark\" class=\"wp-block-yellowtree-icon-link-card\">\n  <div class='card-body flex-row justify-content-center align-items-center overflow-hidden gap-2 px-5 px-md-3 py-3 py-md-6'>\n    <div class='d-flex align-items-center gap-4 me-auto me-md-0 flex-md-column text-md-center gap-md-3'>\n      <i class='icon-square fs-2 fs-md-lg-const fa-signal-stream' aria-hidden='true'><\/i>\n      <a class='stretched-link fs-base-const' href='' target=''>\n        Online-Besucher      <\/a>\n    <\/div>\n          <i class=\"icon fs-base-const fa-chevron-right ms-auto opacity-50 d-md-none\"><\/i>\n      <\/div>\n<\/div>\n    <\/div>\n<\/div>\n    <\/div>\n<\/div>\n\n\n\n<div id=\"block-21\" class=\"pt-4 pb-2 alignfull is-layout-constrained\">\n  <div>\n            <div class=\"row gx-4 gy-4 \">\n          \n\n<div id=\"block-20\" class=\"col wp-block-yellowtree-column col-12 d-flex flex-column justify-content-center align-items-center align-items-md-center\">\n  <h2 id=\"block-15\" class=\"mt-2 mb-2 h2 display-2 text-start\">\n  Willkommen im<br>ICF Reutlingen<\/h2>\n\n<p id=\"block-16\" class=\"mt-2 mb-2 fs-base text-start wp-block-paragraph\">\n  Wir sind eine christliche Kirche auf&nbsp;biblischer&nbsp;Grundlage: <br>Authentisch, relevant und begeistert vom&nbsp;Leben&nbsp;mit&nbsp;Jesus.<\/p>\n\n<div id=\"block-19\" class=\"pt-2 pb-2 alignfull is-layout-constrained\">\n  <div>\n            <div class=\"row gx-4 gy-4 \">\n          \n\n<div id=\"block-18\" class=\"col wp-block-yellowtree-column col-12 d-flex flex-column justify-content-center align-items-center align-items-md-center\">\n  <\/div>\n        <\/div>\n          <\/div>\n<\/div><\/div>\n        <\/div>\n          <\/div>\n<\/div>\n\n\n\n<div id=\"block-41\" class=\"pt-4 pb-2 alignfull is-layout-constrained\">\n  <div>\n            <div class=\"row gx-4 gy-4 \">\n          \n\n<div id=\"block-40\" class=\"col wp-block-yellowtree-column col-12 d-flex flex-column with-streched-height-children align-items-stretch align-items-md-stretch\">\n  <h3 id=\"block-37\" class=\"mt-4 h3 display-3 text-start\">\n  Unser Auftrag<\/h3>\n\n<p id=\"block-38\" class=\"mb-6 fs-lg text-start wp-block-paragraph\">\n  Als Kirche ist es unsere Leidenschaft, dass Menschen Jesus&nbsp;Christus \u00e4hnlicher&nbsp;werden, furchtlos&nbsp;leben und ihr Umfeld positiv&nbsp;ver\u00e4ndern.<\/p>\n\n\n  <div>\n    <a id=\"block-39\" href=\"https:\/\/icf.church\/vision\/\" rel=\"\" target=\"_blank\" class=\"wp-block-yellowtree-button-link btn btn-default\">\n      <span>Unsere Vision<\/span>\n              <i class=\"icon fs-base-const fa-solid fa-globe\" aria-hidden=\"true\"><\/i>\n          <\/a>\n  <\/div><\/div>\n        <\/div>\n          <\/div>\n<\/div>\n\n<div id=\"specials-2\" class=\"pt-2 pb-2 alignfull is-layout-constrained\">\n  <div>\n            <div class=\"row gx-4 gy-4 \">\n          \n\n<div id=\"specials-2\" class=\"col wp-block-yellowtree-column col-12 d-flex flex-column with-streched-height-children align-items-center align-items-md-start\">\n  <h3 id=\"specials\" class=\"mt-4 h3 display-3 text-start\" style=\"margin-bottom:0\">\n  Aktuelle Specials<\/h3><\/div>\n        <\/div>\n          <\/div>\n<\/div>\n\n\n\n\n<div class=\"mt-5\">\n  <div id=\"block-49\" class=\"alignfull is-layout-constrained\">\n  <swiper-container init=\"false\" data-yt-template=\"default\" data-yt-pagination=\"true\" data-yt-navigation=\"true\" class=\"has-full-height-slides \" data-yt-hide-overflow>\n          <swiper-slide><a id=\"block-46\" data-bs-theme=\"dark\" href=\"https:\/\/icfrt.church.tools\/grouphomepage\/EVTfuSehLHE8f65O2aK8uPYn9Rmq6bhU\" class=\"wp-block-yellowtree-teaser-card card teaser-card focus-ring-inset text-decoration-none\" style=\"--card-img-position:50% 50%\">\n        <img decoding=\"async\" draggable=\"false\" aria-hidden=\"true\" loading=\"lazy\" src=\"https:\/\/icf-hub-new.imgix.net\/Hub\/1\/reutlingen\/2026_08_05_16_40_46_000_file-854f2a.jpeg?ar=2&amp;fit=crop&amp;crop=faces%2Cedges&amp;auto=compress&amp;w=1920&amp;fm=webp\" alt=\"\" class=\"card-bg-img h-100 opacity-75 user-select-none\">    <div class=\"flex-grow-1 d-flex flex-column p-4 p-lg-6\">\n    <div class=\"mt-auto\">\n      <h3 class=\"h2 teaser-card-text mb-2 mb-lg-4\">Kids Summer Days<\/h3>\n      <div class=\"card-meta flex-wrap\">\n                        <span class=\"card-meta-tag\">\n          <i class=\"icon fa-calendar-days\"><\/i>\n          <span>05. Aug. &#8211; 11. Sep. 2026<\/span>\n        <\/span>\n                        <span class=\"card-meta-tag\">\n          <i class=\"icon fa-location-dot\"><\/i>\n          <span>ICF Reutlingen<\/span>\n        <\/span>\n              <\/div>\n    <\/div>\n  <\/div>\n<\/a><\/swiper-slide>\n          <swiper-slide><a id=\"block-47\" data-bs-theme=\"dark\" href=\"https:\/\/icf.church\/reutlingen\/de\/angebote\/israel-sonntag\" class=\"wp-block-yellowtree-teaser-card card teaser-card focus-ring-inset text-decoration-none\" style=\"--card-img-position:50% 50%\">\n        <img decoding=\"async\" draggable=\"false\" aria-hidden=\"true\" loading=\"lazy\" src=\"https:\/\/icf-hub-new.imgix.net\/Hub\/1\/reutlingen\/2026_08_06_15_53_30_000_file-9b0b70.jpeg?ar=2&amp;fit=crop&amp;crop=faces%2Cedges&amp;auto=compress&amp;w=1920&amp;fm=webp\" alt=\"\" class=\"card-bg-img h-100 opacity-75 user-select-none\">    <div class=\"flex-grow-1 d-flex flex-column p-4 p-lg-6\">\n    <div class=\"mt-auto\">\n      <h3 class=\"h2 teaser-card-text mb-2 mb-lg-4\">Israel-Sonntag<\/h3>\n      <div class=\"card-meta flex-wrap\">\n                        <span class=\"card-meta-tag\">\n          <i class=\"icon fa-calendar-days\"><\/i>\n          <span>27. Sep. 2026<\/span>\n        <\/span>\n                        <span class=\"card-meta-tag\">\n          <i class=\"icon fa-location-dot\"><\/i>\n          <span>ICF Reutlingen<\/span>\n        <\/span>\n              <\/div>\n    <\/div>\n  <\/div>\n<\/a><\/swiper-slide>\n          <swiper-slide><a id=\"block-48\" data-bs-theme=\"dark\" href=\"https:\/\/icf.church\/reutlingen\/de\/worship-night-2026\" class=\"wp-block-yellowtree-teaser-card card teaser-card focus-ring-inset text-decoration-none\" style=\"--card-img-position:50% 50%\">\n        <img decoding=\"async\" draggable=\"false\" aria-hidden=\"true\" loading=\"lazy\" src=\"https:\/\/icf-hub-new.imgix.net\/Hub\/1\/reutlingen\/2026_08_05_5_45_49_000_file-a719e2.jpeg?ar=2&amp;fit=crop&amp;crop=faces%2Cedges&amp;auto=compress&amp;w=1920&amp;fm=webp\" alt=\"\" class=\"card-bg-img h-100 opacity-75 user-select-none\">    <div class=\"flex-grow-1 d-flex flex-column p-4 p-lg-6\">\n    <div class=\"mt-auto\">\n      <h3 class=\"h2 teaser-card-text mb-2 mb-lg-4\">Worship Tour 2026<\/h3>\n      <div class=\"card-meta flex-wrap\">\n                        <span class=\"card-meta-tag\">\n          <i class=\"icon fa-calendar-days\"><\/i>\n          <span>12. Nov. &#8211; 15. Nov. 2026<\/span>\n        <\/span>\n                        <span class=\"card-meta-tag\">\n          <i class=\"icon fa-location-dot\"><\/i>\n          <span>ICF Reutlingen<\/span>\n        <\/span>\n              <\/div>\n    <\/div>\n  <\/div>\n<\/a><\/swiper-slide>\n      <\/swiper-container>\n<\/div>\n<\/div>\n\n\n<div id=\"block-55\" class=\"wp-block-yellowtree-fluid-gallery alignfull position-relative is-layout-constrained overflow-hidden\">\n        <div class=\"position-absolute top-2 start-0 end-0 d-none d-md-flex my-0\">\n        <div class=\"ms-auto\">\n            <a href=\"\/reutlingen\/findeanschluss\/\" data-exclude=\"\" class=\"btn btn-outline-default\" style=\"z-index:100\">\n                <i class=\"icon fa-plus\" aria-hidden=\"true\"><\/i>\n                Anschluss finden            <\/a>\n        <\/div>\n    <\/div>\n        <div class=\"position-relative is-layout-constrained alignfull fluid-gallery-height\">\n        <div class=\"position-absolute start-0 end-0 top-0 bottom-0 d-flex justify-content-center align-items-center is-layout-constrained\">\n            <div class=\"fluid-gallery-gradient\"><\/div>\n        <\/div>\n        <div class=\"fluid-gallery-scroll-container d-flex h-100 alignfull position-relative subtle-scrollbar focus-ring\">\n            <div class=\"h-100 fluid-gallery-layout\">\n                <div id=\"block-50\" class=\"wp-block-yellowtree-fluid-gallery-image\">\n    <img decoding=\"async\" width=\"576\" height=\"1024\" src=\"https:\/\/icf.church\/reutlingen\/wp-content\/uploads\/sites\/35\/2026\/08\/people_besucher1863_icfrtcloud_crop-576x1024.jpg\" class=\"w-100 h-100 object-fit-cover rounded\" alt=\"\" draggable=\"false\" loading=\"lazy\" sizes=\"768px\" srcset=\"https:\/\/icf.church\/reutlingen\/wp-content\/uploads\/sites\/35\/2026\/08\/people_besucher1863_icfrtcloud_crop-576x1024.jpg 576w, https:\/\/icf.church\/reutlingen\/wp-content\/uploads\/sites\/35\/2026\/08\/people_besucher1863_icfrtcloud_crop-169x300.jpg 169w, https:\/\/icf.church\/reutlingen\/wp-content\/uploads\/sites\/35\/2026\/08\/people_besucher1863_icfrtcloud_crop-768x1366.jpg 768w, https:\/\/icf.church\/reutlingen\/wp-content\/uploads\/sites\/35\/2026\/08\/people_besucher1863_icfrtcloud_crop-864x1536.jpg 864w, https:\/\/icf.church\/reutlingen\/wp-content\/uploads\/sites\/35\/2026\/08\/people_besucher1863_icfrtcloud_crop.jpg 991w\"><\/div>\n\n\n<div id=\"block-51\" class=\"wp-block-yellowtree-fluid-gallery-image\">\n    <img decoding=\"async\" width=\"494\" height=\"879\" src=\"https:\/\/icf.church\/reutlingen\/wp-content\/uploads\/sites\/35\/2026\/08\/people_besucher8836_icfrtcloud_crop.jpg\" class=\"w-100 h-100 object-fit-cover rounded\" alt=\"\" draggable=\"false\" loading=\"lazy\" sizes=\"768px\" srcset=\"https:\/\/icf.church\/reutlingen\/wp-content\/uploads\/sites\/35\/2026\/08\/people_besucher8836_icfrtcloud_crop.jpg 494w, https:\/\/icf.church\/reutlingen\/wp-content\/uploads\/sites\/35\/2026\/08\/people_besucher8836_icfrtcloud_crop-169x300.jpg 169w\"><\/div>\n\n\n<div id=\"block-52\" class=\"wp-block-yellowtree-fluid-gallery-image\">\n    <img decoding=\"async\" width=\"683\" height=\"1024\" src=\"https:\/\/icf.church\/reutlingen\/wp-content\/uploads\/sites\/35\/2026\/08\/people_besucher1889_icfrtcloud-683x1024.jpg\" class=\"w-100 h-100 object-fit-cover rounded\" alt=\"\" draggable=\"false\" loading=\"lazy\" sizes=\"768px\" srcset=\"https:\/\/icf.church\/reutlingen\/wp-content\/uploads\/sites\/35\/2026\/08\/people_besucher1889_icfrtcloud-683x1024.jpg 683w, https:\/\/icf.church\/reutlingen\/wp-content\/uploads\/sites\/35\/2026\/08\/people_besucher1889_icfrtcloud-200x300.jpg 200w, https:\/\/icf.church\/reutlingen\/wp-content\/uploads\/sites\/35\/2026\/08\/people_besucher1889_icfrtcloud-768x1152.jpg 768w, https:\/\/icf.church\/reutlingen\/wp-content\/uploads\/sites\/35\/2026\/08\/people_besucher1889_icfrtcloud-1024x1536.jpg 1024w, https:\/\/icf.church\/reutlingen\/wp-content\/uploads\/sites\/35\/2026\/08\/people_besucher1889_icfrtcloud.jpg 1365w\"><\/div>\n\n\n<div id=\"block-53\" class=\"wp-block-yellowtree-fluid-gallery-image\">\n    <img decoding=\"async\" width=\"575\" height=\"1024\" src=\"https:\/\/icf.church\/reutlingen\/wp-content\/uploads\/sites\/35\/2026\/08\/people_besucher5_icfrtcloud-575x1024.jpg\" class=\"w-100 h-100 object-fit-cover rounded\" alt=\"\" draggable=\"false\" loading=\"lazy\" sizes=\"768px\" srcset=\"https:\/\/icf.church\/reutlingen\/wp-content\/uploads\/sites\/35\/2026\/08\/people_besucher5_icfrtcloud-575x1024.jpg 575w, https:\/\/icf.church\/reutlingen\/wp-content\/uploads\/sites\/35\/2026\/08\/people_besucher5_icfrtcloud-169x300.jpg 169w, https:\/\/icf.church\/reutlingen\/wp-content\/uploads\/sites\/35\/2026\/08\/people_besucher5_icfrtcloud.jpg 721w\"><\/div>\n\n\n<div id=\"block-54\" class=\"wp-block-yellowtree-fluid-gallery-image\">\n    <img decoding=\"async\" width=\"450\" height=\"785\" src=\"https:\/\/icf.church\/reutlingen\/wp-content\/uploads\/sites\/35\/2026\/08\/people_besucher8830_icfrtcloud_crop.jpg\" class=\"w-100 h-100 object-fit-cover rounded\" alt=\"\" draggable=\"false\" loading=\"lazy\" sizes=\"768px\" srcset=\"https:\/\/icf.church\/reutlingen\/wp-content\/uploads\/sites\/35\/2026\/08\/people_besucher8830_icfrtcloud_crop.jpg 450w, https:\/\/icf.church\/reutlingen\/wp-content\/uploads\/sites\/35\/2026\/08\/people_besucher8830_icfrtcloud_crop-172x300.jpg 172w\"><\/div>            <\/div>\n        <\/div>\n    <\/div>\n            <div class=\"d-md-none d-flex justify-content-center mt-2\">\n            <a href=\"\/reutlingen\/findeanschluss\/\" data-exclude=\"\" class=\"btn btn-outline-default\" style=\"z-index:100\">\n                <i class=\"icon fa-plus\" aria-hidden=\"true\"><\/i>\n                Anschluss finden            <\/a>\n        <\/div>\n    <\/div>\n\n\n<div>\n  <div id=\"block-63\" class=\"mt-6 mb-10 wp-block-yellowtree-connect-social connect-social\">\n      \n\n<h2 id=\"block-56\" class=\"text-center display-2 mb-5\">\n    Stay Updated<\/h2>\n\n\n<p id=\"block-57\" class=\"text-center mb-6\">\n    Abonniere ICF Reutlingen auf Telegram und Social Media und verpass nichts mehr. <br>Hier erh\u00e4ltst du regelm\u00e4\u00dfig kurze News &amp; Updates \u00fcber Angebote und Events.<\/p>\n\n\n<div id=\"block-62\" class=\"wp-block-yellowtree-connect-social-links d-flex gap-1 gap-md-5 justify-content-center\">\n  <html><body>\n\n<a id=\"block-58\" href=\"https:\/\/t.me\/icfreutlingen\" target=\"_blank\" data-variation=\"telegram\" class=\"wp-block-yellowtree-connect-social-link btn\" aria-label=\"Telegram Link\">\n  <i class=\"icon connect-social-icon fs-md-lg-const fs-h3-const fa-brands fa-telegram\" aria-hidden=\"true\"><\/i>\n<\/a>\n\n\n<a id=\"block-59\" href=\"https:\/\/instagram.com\/icfreutlingen\" target=\"_blank\" data-variation=\"instagram\" class=\"wp-block-yellowtree-connect-social-link btn\" aria-label=\"Instagram Link\">\n  <i class=\"icon connect-social-icon fs-md-lg-const fs-h3-const fa-brands fa-instagram\" aria-hidden=\"true\"><\/i>\n<\/a>\n\n\n<a id=\"block-60\" href=\"https:\/\/facebook.com\/ICFReutlingen\" target=\"_blank\" data-variation=\"facebook\" class=\"wp-block-yellowtree-connect-social-link btn\" aria-label=\"Facebook Link\">\n  <i class=\"icon connect-social-icon fs-md-lg-const fs-h3-const fa-brands fa-facebook\" aria-hidden=\"true\"><\/i>\n<\/a>\n\n\n<a id=\"block-61\" href=\"https:\/\/youtube.com\/@ICFReutlingenLive\" target=\"_blank\" data-variation=\"youtube\" class=\"wp-block-yellowtree-connect-social-link btn\" aria-label=\"Youtube Link\">\n  <i class=\"icon connect-social-icon fs-md-lg-const fs-h3-const fa-brands fa-youtube\" aria-hidden=\"true\"><\/i>\n<\/a>\n<\/body><\/html><\/div>\n  <\/div>\n<\/div>\n\n\n","protected":false},"excerpt":{"rendered":"<p>Als ICF Reutlingen ist es unsere Leidenschaft, dass Menschen Jesus Christus \u00e4hnlicher werden, furchtlos leben und ihr Umfeld positiv ver\u00e4ndern.<\/p>\n","protected":false},"author":48,"featured_media":0,"parent":0,"menu_order":0,"comment_status":"closed","ping_status":"closed","template":"","meta":{"_acf_changed":false,"_seopress_titles_title":"","_seopress_titles_desc":"","_seopress_robots_index":"","_seopress_robots_follow":"","_seopress_robots_imageindex":"","_seopress_robots_snippet":"","_seopress_robots_primary_cat":"","_seopress_robots_breadcrumbs":"","_seopress_robots_freeze_modified_date":"","_seopress_robots_custom_modified_date":"","_seopress_robots_canonical":"","_seopress_social_fb_title":"","_seopress_social_fb_desc":"","_seopress_social_fb_img":"","_seopress_social_fb_img_attachment_id":0,"_seopress_social_fb_img_width":0,"_seopress_social_fb_img_height":0,"_seopress_social_twitter_title":"","_seopress_social_twitter_desc":"","_seopress_social_twitter_img":"","_seopress_social_twitter_img_attachment_id":0,"_seopress_social_twitter_img_width":0,"_seopress_social_twitter_img_height":0,"_seopress_redirections_value":"","_seopress_redirections_enabled":"","_seopress_redirections_enabled_regex":"","_seopress_redirections_logged_status":"both","_seopress_redirections_param":"","_seopress_redirections_type":301,"_seopress_analysis_target_kw":"","_seopress_news_disabled":"","_seopress_video_disabled":"","_seopress_video":[{"url":"","title":"","desc":"","thumbnail":"","duration":"","rating":"","view_count":"","tag":""}],"_seopress_pro_schemas_manual":[],"_seopress_pro_rich_snippets_disable_all":"","_seopress_pro_rich_snippets_disable":[],"_seopress_pro_schemas":[],"yt_custom_styles_scss":"","yt_custom_styles_rounded_corners":false,"yt_custom_styles_color_scheme":"","footnotes":""},"class_list":["post-111","page","type-page","status-publish","hentry"],"acf":[],"_links":{"self":[{"href":"https:\/\/icf.church\/reutlingen\/de\/wp-json\/wp\/v2\/pages\/111","targetHints":{"allow":["GET"]}}],"collection":[{"href":"https:\/\/icf.church\/reutlingen\/de\/wp-json\/wp\/v2\/pages"}],"about":[{"href":"https:\/\/icf.church\/reutlingen\/de\/wp-json\/wp\/v2\/types\/page"}],"author":[{"embeddable":true,"href":"https:\/\/icf.church\/reutlingen\/de\/wp-json\/wp\/v2\/users\/48"}],"replies":[{"embeddable":true,"href":"https:\/\/icf.church\/reutlingen\/de\/wp-json\/wp\/v2\/comments?post=111"}],"version-history":[{"count":39,"href":"https:\/\/icf.church\/reutlingen\/de\/wp-json\/wp\/v2\/pages\/111\/revisions"}],"predecessor-version":[{"id":973,"href":"https:\/\/icf.church\/reutlingen\/de\/wp-json\/wp\/v2\/pages\/111\/revisions\/973"}],"wp:attachment":[{"href":"https:\/\/icf.church\/reutlingen\/de\/wp-json\/wp\/v2\/media?parent=111"}],"curies":[{"name":"wp","href":"https:\/\/api.w.org\/{rel}","templated":true}]}}