{"id":1113,"date":"2025-10-02T08:55:17","date_gmt":"2025-10-02T11:55:17","guid":{"rendered":"https:\/\/new.icf.church\/rio\/?page_id=1113"},"modified":"2026-08-28T10:43:20","modified_gmt":"2026-08-28T13:43:20","slug":"bem-vindo","status":"publish","type":"page","link":"https:\/\/icf.church\/rio\/pt\/","title":{"rendered":"Bem-vindo!"},"content":{"rendered":"\n<div id=\"block-8\" class=\"is-style-startpage wp-block-yellowtree-hero-stage alignfull\">\n    <div class=\"hero-stage has-links\">\n        \n\n<div id=\"block-2\" class=\"hero-stage-content\">\n    <div class=\"hero-stage-content__background\">\n        <div class=\"overlay-black-25 h-100\">\n                            <video src=\"https:\/\/icf.church\/rio\/wp-content\/uploads\/sites\/120\/2026\/08\/icf-rio-recap.mp4\" autoplay=\"\" playsinline=\"\" loop=\"\" muted=\"\" aria-hidden=\"true\" loading=\"eager\" class=\"hero-stage-media\" style=\"object-position:48% 82%\"><\/video>                    <\/div>\n        <div class=\"hero-stage-gradient\"><\/div>\n    <\/div>\n    <div class=\"hero-stage-content__foreground is-layout-constrained\">\n        <h1 id=\"block-1\" class=\"display-1 text-center\">\n    Vivencie Igreja<\/h1>    <\/div>\n<\/div>\n\n\n<div id=\"block-7\" class=\"hero-stage-links is-layout-constrained count-4\">\n    <div class=\"icon-link-cards-layout column-gap-3 row-gap-1 justify-content-center break-md\">\n        \n\n<div id=\"block-3\" data-bs-theme=\"dark\" class=\"wp-block-yellowtree-icon-link-card\">\n  <div class='card-body flex-row justify-content-center align-items-center overflow-hidden gap-2 px-5 px-md-3 py-3 py-md-6'>\n    <div class='d-flex align-items-center gap-4 me-auto me-md-0 flex-md-column text-md-center gap-md-3'>\n      <i class='icon-square fs-2 fs-md-lg-const fa-brands fa-whatsapp' aria-hidden='true'><\/i>\n      <a class='stretched-link fs-base-const' href='https:\/\/chat.whatsapp.com\/CH6ePqG9flQ5vA02oHvzLG' target=''>\n        WhatsApp      <\/a>\n    <\/div>\n          <i class=\"icon fs-base-const fa-chevron-right ms-auto opacity-50 d-md-none\"><\/i>\n      <\/div>\n<\/div>\n\n\n<div id=\"block-4\" data-bs-theme=\"dark\" class=\"wp-block-yellowtree-icon-link-card\">\n  <div class='card-body flex-row justify-content-center align-items-center overflow-hidden gap-2 px-5 px-md-3 py-3 py-md-6'>\n    <div class='d-flex align-items-center gap-4 me-auto me-md-0 flex-md-column text-md-center gap-md-3'>\n      <i class='icon-square fs-2 fs-md-lg-const fa-solid fa-heart' aria-hidden='true'><\/i>\n      <a class='stretched-link fs-base-const' href='https:\/\/icf.church\/rio\/pt\/vem-visitar\/' target=''>\n        Bem-vindo      <\/a>\n    <\/div>\n          <i class=\"icon fs-base-const fa-chevron-right ms-auto opacity-50 d-md-none\"><\/i>\n      <\/div>\n<\/div>\n\n\n<div id=\"block-5\" data-bs-theme=\"dark\" class=\"wp-block-yellowtree-icon-link-card\">\n  <div class='card-body flex-row justify-content-center align-items-center overflow-hidden gap-2 px-5 px-md-3 py-3 py-md-6'>\n    <div class='d-flex align-items-center gap-4 me-auto me-md-0 flex-md-column text-md-center gap-md-3'>\n      <i class='icon-square fs-2 fs-md-lg-const fa-solid fa-calendar' aria-hidden='true'><\/i>\n      <a class='stretched-link fs-base-const' href='https:\/\/icf.church\/rio\/pt\/agenda\/' target=''>\n        Agenda      <\/a>\n    <\/div>\n          <i class=\"icon fs-base-const fa-chevron-right ms-auto opacity-50 d-md-none\"><\/i>\n      <\/div>\n<\/div>\n\n\n<div id=\"block-6\" data-bs-theme=\"dark\" class=\"wp-block-yellowtree-icon-link-card\">\n  <div class='card-body flex-row justify-content-center align-items-center overflow-hidden gap-2 px-5 px-md-3 py-3 py-md-6'>\n    <div class='d-flex align-items-center gap-4 me-auto me-md-0 flex-md-column text-md-center gap-md-3'>\n      <i class='icon-square fs-2 fs-md-lg-const fa-brands fa-youtube' aria-hidden='true'><\/i>\n      <a class='stretched-link fs-base-const' href='https:\/\/www.youtube.com\/c\/ICFRIO' target=''>\n        YouTube      <\/a>\n    <\/div>\n          <i class=\"icon fs-base-const fa-chevron-right ms-auto opacity-50 d-md-none\"><\/i>\n      <\/div>\n<\/div>\n    <\/div>\n<\/div>\n    <\/div>\n<\/div>\n\n<div id=\"block-15\" class=\"pt-4 pb-2 alignfull is-layout-constrained\">\n  <div>\n            <div class=\"row gx-4 gy-4 \">\n          \n\n<div id=\"block-14\" class=\"col wp-block-yellowtree-column col-12 d-flex flex-column justify-content-center align-items-center align-items-md-center\">\n  <h2 id=\"block-9\" class=\"mt-2 mb-2 h2 display-2 text-start\">\n  Bem-vindo \u00e0 ICF Rio<\/h2>\n\n<p id=\"block-10\" class=\"mt-2 mb-2 fs-base text-start wp-block-paragraph\">\n  ICF Rio de Janeiro \u00e9 uma igreja evang\u00e9lica baseada na B\u00edblia, nascida do sonho de revitalizar a igreja de uma forma din\u00e2mica, relevante para a vida cotidiana e contempor\u00e2nea. Celebramos a f\u00e9 em Deus juntos, integramos essa f\u00e9 em nossa vida di\u00e1ria e cultivamos relacionamentos amig\u00e1veis.<\/p>\n\n<div id=\"block-13\" class=\"pt-2 pb-2 alignfull is-layout-constrained\">\n  <div>\n            <div class=\"row gx-4 gy-4 \">\n          \n\n<div id=\"block-12\" class=\"col wp-block-yellowtree-column col-12 d-flex flex-column justify-content-center align-items-center align-items-md-center\">\n  <div>\n    <a id=\"block-11\" href=\"https:\/\/icf.church\/rio\/pt\/sobre\/\" rel=\"\" class=\"wp-block-yellowtree-button-link btn btn-default btn-sm\">\n      <span>Conhecer mais<\/span>\n              <i class=\"icon fs-base-const fa-solid fa-arrow-right\" aria-hidden=\"true\"><\/i>\n          <\/a>\n  <\/div><\/div>\n        <\/div>\n          <\/div>\n<\/div><\/div>\n        <\/div>\n          <\/div>\n<\/div>\n\n<div id=\"block-35\" class=\"pt-7 pb-2 alignfull is-layout-constrained\">\n  <div>\n            <div class=\"row gx-4 gy-4 \">\n          \n\n<div id=\"block-34\" class=\"col wp-block-yellowtree-column col-12 d-flex flex-column with-streched-height-children align-items-stretch align-items-md-stretch\">\n  <h3 id=\"block-16\" class=\"h3 display-3 text-start\">\n  Ofertas e eventos atuais<\/h3>\n\n<h3 id=\"block-17\" class=\"mb-2 h3 text-start\">\n  Descubra como voc\u00ea pode crescer na f\u00e9.<\/h3>\n\n<div id=\"block-20\" class=\"pt-2 pb-2 alignfull is-layout-constrained\">\n  <div>\n            <div class=\"row gx-4 gy-4 \">\n          \n\n<div id=\"block-19\" class=\"col wp-block-yellowtree-column col-12 d-flex flex-column with-streched-height-children align-items-center align-items-md-end\">\n  <div>\n    <a id=\"block-18\" href=\"https:\/\/icf.church\/rio\/pt\/agenda\/\" rel=\"\" class=\"wp-block-yellowtree-button-link btn btn-outline-default btn-sm\">\n      <span>Todas os eventos<\/span>\n              <i class=\"icon fs-base-const fa-solid fa-arrow-right\" aria-hidden=\"true\"><\/i>\n          <\/a>\n  <\/div><\/div>\n        <\/div>\n          <\/div>\n<\/div>\n\n<div id=\"block-33\" class=\"mb-9 alignfull is-layout-constrained\">\n  <swiper-container init=\"false\" data-yt-template=\"3-col\" data-yt-pagination=\"true\" data-yt-navigation=\"true\" class=\"has-full-height-slides \">\n          <swiper-slide><article id=\"block-23\" data-bs-theme=\"dark\" class=\"wp-block-yellowtree-card card has-context-height\" style=\"--card-img-position:64% 45%\">\n        <img decoding=\"async\" width=\"683\" height=\"1024\" src=\"https:\/\/icf.church\/rio\/wp-content\/uploads\/sites\/120\/2026\/08\/324-img_9740-683x1024.jpg\" class=\"card-img-top\" alt=\"\" draggable=\"false\" loading=\"lazy\" srcset=\"https:\/\/icf.church\/rio\/wp-content\/uploads\/sites\/120\/2026\/08\/324-img_9740-683x1024.jpg 683w, https:\/\/icf.church\/rio\/wp-content\/uploads\/sites\/120\/2026\/08\/324-img_9740-200x300.jpg 200w, https:\/\/icf.church\/rio\/wp-content\/uploads\/sites\/120\/2026\/08\/324-img_9740-768x1152.jpg 768w, https:\/\/icf.church\/rio\/wp-content\/uploads\/sites\/120\/2026\/08\/324-img_9740-1024x1536.jpg 1024w, https:\/\/icf.church\/rio\/wp-content\/uploads\/sites\/120\/2026\/08\/324-img_9740-1365x2048.jpg 1365w, https:\/\/icf.church\/rio\/wp-content\/uploads\/sites\/120\/2026\/08\/324-img_9740-scaled.jpg 1707w\" sizes=\"(max-width: 683px) 100vw, 683px\">    <div class=\"card-body\">\n    <h3 class=\"card-title\">Pequenos Grupos<\/h3>\n    <p class=\"card-text\">Comunh\u00e3o n\u00e3o \u00e9 s\u00f3 aos domingos. Entre pra um pequeno grupo e viva a igreja tamb\u00e9m durante a semana.<\/p>\n    <div id=\"block-22\" class=\"wp-block-yellowtree-card-buttons card-buttons\">\n  \n\n  <div>\n    <a id=\"block-21\" href=\"https:\/\/icf.church\/rio\/pt\/faca-parte\/\" class=\"wp-block-yellowtree-card-button btn btn-sm btn-secondary\">\n      <span>Saiba mais<\/span>\n              <i class=\"icon fs-base-const fa-arrow-right\" aria-hidden=\"true\"><\/i>\n          <\/a>\n  <\/div>\n\n<\/div>  <\/div>\n<\/article><\/swiper-slide>\n          <swiper-slide><article id=\"block-26\" data-bs-theme=\"dark\" class=\"wp-block-yellowtree-card card has-context-height\" style=\"--card-img-position:50% 50%\">\n        <img decoding=\"async\" width=\"1024\" height=\"680\" src=\"https:\/\/icf.church\/rio\/wp-content\/uploads\/sites\/120\/2026\/08\/batismo-1024x680.png\" class=\"card-img-top\" alt=\"\" draggable=\"false\" loading=\"lazy\" srcset=\"https:\/\/icf.church\/rio\/wp-content\/uploads\/sites\/120\/2026\/08\/batismo-1024x680.png 1024w, https:\/\/icf.church\/rio\/wp-content\/uploads\/sites\/120\/2026\/08\/batismo-300x199.png 300w, https:\/\/icf.church\/rio\/wp-content\/uploads\/sites\/120\/2026\/08\/batismo-768x510.png 768w, https:\/\/icf.church\/rio\/wp-content\/uploads\/sites\/120\/2026\/08\/batismo.png 1075w\" sizes=\"(max-width: 1024px) 100vw, 1024px\">    <div class=\"card-body\">\n    <h3 class=\"card-title\">Batismo<\/h3>\n    <p class=\"card-text\">O sinal vis\u00edvel de entregar tudo a Jesus e come\u00e7ar uma nova vida com Ele.<\/p>\n    <div id=\"block-25\" class=\"wp-block-yellowtree-card-buttons card-buttons\">\n  \n\n  <div>\n    <a id=\"block-24\" href=\"https:\/\/icf.church\/rio\/pt\/batismo\/\" class=\"wp-block-yellowtree-card-button btn btn-sm btn-secondary\">\n      <span>Saiba mais<\/span>\n              <i class=\"icon fs-base-const fa-arrow-right\" aria-hidden=\"true\"><\/i>\n          <\/a>\n  <\/div>\n\n<\/div>  <\/div>\n<\/article><\/swiper-slide>\n          <swiper-slide><article id=\"block-29\" data-bs-theme=\"dark\" class=\"wp-block-yellowtree-card card has-context-height\" style=\"--card-img-position:51% 47%\">\n        <img decoding=\"async\" width=\"1024\" height=\"684\" src=\"https:\/\/icf.church\/rio\/wp-content\/uploads\/sites\/120\/2026\/08\/dsc_3059-1024x684.jpg\" class=\"card-img-top\" alt=\"\" draggable=\"false\" loading=\"lazy\" srcset=\"https:\/\/icf.church\/rio\/wp-content\/uploads\/sites\/120\/2026\/08\/dsc_3059-1024x684.jpg 1024w, https:\/\/icf.church\/rio\/wp-content\/uploads\/sites\/120\/2026\/08\/dsc_3059-300x200.jpg 300w, https:\/\/icf.church\/rio\/wp-content\/uploads\/sites\/120\/2026\/08\/dsc_3059-768x513.jpg 768w, https:\/\/icf.church\/rio\/wp-content\/uploads\/sites\/120\/2026\/08\/dsc_3059-1536x1025.jpg 1536w, https:\/\/icf.church\/rio\/wp-content\/uploads\/sites\/120\/2026\/08\/dsc_3059-2048x1367.jpg 2048w\" sizes=\"(max-width: 1024px) 100vw, 1024px\">    <div class=\"card-body\">\n    <h3 class=\"card-title\">Quero Servir!<\/h3>\n    <p class=\"card-text\">Voluntariar na ICF Rio \u00e9 fazer parte da expans\u00e3o do Reino. Veja como voc\u00ea pode servir com seu time.<\/p>\n    <div id=\"block-28\" class=\"wp-block-yellowtree-card-buttons card-buttons\">\n  \n\n  <div>\n    <a id=\"block-27\" href=\"https:\/\/icf.church\/rio\/pt\/faca-parte\/\" class=\"wp-block-yellowtree-card-button btn btn-sm btn-secondary\">\n      <span>Confira aqui<\/span>\n              <i class=\"icon fs-base-const fa-arrow-right\" aria-hidden=\"true\"><\/i>\n          <\/a>\n  <\/div>\n\n<\/div>  <\/div>\n<\/article><\/swiper-slide>\n          <swiper-slide><article id=\"block-32\" data-bs-theme=\"dark\" class=\"wp-block-yellowtree-card card has-context-height\" style=\"--card-img-position:70% 54%\">\n        <img decoding=\"async\" width=\"683\" height=\"1024\" src=\"https:\/\/icf.church\/rio\/wp-content\/uploads\/sites\/120\/2026\/08\/551-img_9969-683x1024.jpg\" class=\"card-img-top\" alt=\"\" draggable=\"false\" loading=\"lazy\" srcset=\"https:\/\/icf.church\/rio\/wp-content\/uploads\/sites\/120\/2026\/08\/551-img_9969-683x1024.jpg 683w, https:\/\/icf.church\/rio\/wp-content\/uploads\/sites\/120\/2026\/08\/551-img_9969-200x300.jpg 200w, https:\/\/icf.church\/rio\/wp-content\/uploads\/sites\/120\/2026\/08\/551-img_9969-768x1152.jpg 768w, https:\/\/icf.church\/rio\/wp-content\/uploads\/sites\/120\/2026\/08\/551-img_9969-1024x1536.jpg 1024w, https:\/\/icf.church\/rio\/wp-content\/uploads\/sites\/120\/2026\/08\/551-img_9969-1365x2048.jpg 1365w, https:\/\/icf.church\/rio\/wp-content\/uploads\/sites\/120\/2026\/08\/551-img_9969-scaled.jpg 1707w\" sizes=\"(max-width: 683px) 100vw, 683px\">    <div class=\"card-body\">\n    <h3 class=\"card-title\">Reuni\u00e3o de Ora\u00e7\u00e3o<\/h3>\n    <p class=\"card-text\">Encontro mensal de ora\u00e7\u00e3o, \u00e0s 19h30 \u2014 buscando a Deus juntos, de cora\u00e7\u00e3o aberto.<\/p>\n    <div id=\"block-31\" class=\"wp-block-yellowtree-card-buttons card-buttons\">\n  \n\n  <div>\n    <a id=\"block-30\" href=\"https:\/\/chat.whatsapp.com\/CH6ePqG9flQ5vA02oHvzLG\" class=\"wp-block-yellowtree-card-button btn btn-sm btn-secondary\">\n      <span>Saiba mais<\/span>\n              <i class=\"icon fs-base-const fa-arrow-right\" aria-hidden=\"true\"><\/i>\n          <\/a>\n  <\/div>\n\n<\/div>  <\/div>\n<\/article><\/swiper-slide>\n      <\/swiper-container>\n<\/div><\/div>\n        <\/div>\n          <\/div>\n<\/div>\n\n<div id=\"block-40\" class=\"pt-4 pb-2 alignfull is-layout-constrained\">\n  <div>\n            <div class=\"row gx-4 gy-4 \">\n          \n\n<div id=\"block-39\" class=\"col wp-block-yellowtree-column col-12 d-flex flex-column with-streched-height-children align-items-stretch align-items-md-stretch\">\n  <h3 id=\"block-36\" class=\"h3 display-3 text-start\">\n  Nossa Miss\u00e3o<\/h3>\n\n<p id=\"block-37\" class=\"mb-6 fs-lg text-start wp-block-paragraph\">\n  Como igreja \u00e9 a nossa paix\u00e3o que pessoas se tornem mais parecidas com Jesus Cristo, vivam destemidamente e influenciem o seu meio positivamente.<\/p>\n\n\n  <div>\n    <a id=\"block-38\" href=\"https:\/\/icf.church\/rio\/pt\/nossa-visao\/\" rel=\"\" target=\"_blank\" class=\"wp-block-yellowtree-button-link btn btn-default\">\n      <span>Nossa Vis\u00e3o<\/span>\n              <i class=\"icon fs-base-const fa-solid fa-globe\" aria-hidden=\"true\"><\/i>\n          <\/a>\n  <\/div><\/div>\n        <\/div>\n          <\/div>\n<\/div>\n\n\n<div id=\"block-46\" class=\"wp-block-yellowtree-fluid-gallery alignfull position-relative is-layout-constrained overflow-hidden\">\n        <div class=\"position-absolute top-2 start-0 end-0 d-none d-md-flex my-0\">\n        <div class=\"ms-auto\">\n            <a href=\"https:\/\/chat.whatsapp.com\/CH6ePqG9flQ5vA02oHvzLG\" data-exclude=\"\" class=\"btn btn-outline-default\" style=\"z-index:100\">\n                <i class=\"icon fa-plus\" aria-hidden=\"true\"><\/i>\n                Conecte-se            <\/a>\n        <\/div>\n    <\/div>\n        <div class=\"position-relative is-layout-constrained alignfull fluid-gallery-height\">\n        <div class=\"position-absolute start-0 end-0 top-0 bottom-0 d-flex justify-content-center align-items-center is-layout-constrained\">\n            <div class=\"fluid-gallery-gradient\"><\/div>\n        <\/div>\n        <div class=\"fluid-gallery-scroll-container d-flex h-100 alignfull position-relative subtle-scrollbar focus-ring\">\n            <div class=\"h-100 fluid-gallery-layout\">\n                <div id=\"block-41\" class=\"wp-block-yellowtree-fluid-gallery-image\">\n    <img decoding=\"async\" width=\"1024\" height=\"684\" src=\"https:\/\/icf.church\/rio\/wp-content\/uploads\/sites\/120\/2026\/08\/dsc_2021-1024x684.jpg\" class=\"w-100 h-100 object-fit-cover rounded\" alt=\"\" draggable=\"false\" loading=\"lazy\" sizes=\"768px\" srcset=\"https:\/\/icf.church\/rio\/wp-content\/uploads\/sites\/120\/2026\/08\/dsc_2021-1024x684.jpg 1024w, https:\/\/icf.church\/rio\/wp-content\/uploads\/sites\/120\/2026\/08\/dsc_2021-300x200.jpg 300w, https:\/\/icf.church\/rio\/wp-content\/uploads\/sites\/120\/2026\/08\/dsc_2021-768x513.jpg 768w, https:\/\/icf.church\/rio\/wp-content\/uploads\/sites\/120\/2026\/08\/dsc_2021-1536x1025.jpg 1536w, https:\/\/icf.church\/rio\/wp-content\/uploads\/sites\/120\/2026\/08\/dsc_2021-2048x1367.jpg 2048w\"><\/div>\n\n\n<div id=\"block-42\" class=\"wp-block-yellowtree-fluid-gallery-image\">\n    <img decoding=\"async\" width=\"684\" height=\"1024\" src=\"https:\/\/icf.church\/rio\/wp-content\/uploads\/sites\/120\/2026\/08\/dsc_2006-684x1024.jpg\" class=\"w-100 h-100 object-fit-cover rounded\" alt=\"\" draggable=\"false\" loading=\"lazy\" sizes=\"768px\" srcset=\"https:\/\/icf.church\/rio\/wp-content\/uploads\/sites\/120\/2026\/08\/dsc_2006-684x1024.jpg 684w, https:\/\/icf.church\/rio\/wp-content\/uploads\/sites\/120\/2026\/08\/dsc_2006-200x300.jpg 200w, https:\/\/icf.church\/rio\/wp-content\/uploads\/sites\/120\/2026\/08\/dsc_2006-768x1150.jpg 768w, https:\/\/icf.church\/rio\/wp-content\/uploads\/sites\/120\/2026\/08\/dsc_2006-1025x1536.jpg 1025w, https:\/\/icf.church\/rio\/wp-content\/uploads\/sites\/120\/2026\/08\/dsc_2006-1367x2048.jpg 1367w, https:\/\/icf.church\/rio\/wp-content\/uploads\/sites\/120\/2026\/08\/dsc_2006-scaled.jpg 1709w\"><\/div>\n\n\n<div id=\"block-43\" class=\"wp-block-yellowtree-fluid-gallery-image\">\n    <img decoding=\"async\" width=\"1024\" height=\"683\" src=\"https:\/\/icf.church\/rio\/wp-content\/uploads\/sites\/120\/2026\/08\/383-img_9799-1024x683.jpg\" class=\"w-100 h-100 object-fit-cover rounded\" alt=\"\" draggable=\"false\" loading=\"lazy\" sizes=\"768px\" srcset=\"https:\/\/icf.church\/rio\/wp-content\/uploads\/sites\/120\/2026\/08\/383-img_9799-1024x683.jpg 1024w, https:\/\/icf.church\/rio\/wp-content\/uploads\/sites\/120\/2026\/08\/383-img_9799-300x200.jpg 300w, https:\/\/icf.church\/rio\/wp-content\/uploads\/sites\/120\/2026\/08\/383-img_9799-768x512.jpg 768w, https:\/\/icf.church\/rio\/wp-content\/uploads\/sites\/120\/2026\/08\/383-img_9799-1536x1024.jpg 1536w, https:\/\/icf.church\/rio\/wp-content\/uploads\/sites\/120\/2026\/08\/383-img_9799-2048x1365.jpg 2048w\"><\/div>\n\n\n<div id=\"block-44\" class=\"wp-block-yellowtree-fluid-gallery-image\">\n    <img decoding=\"async\" width=\"683\" height=\"1024\" src=\"https:\/\/icf.church\/rio\/wp-content\/uploads\/sites\/120\/2026\/08\/dsc05507-683x1024.jpg\" class=\"w-100 h-100 object-fit-cover rounded\" alt=\"\" draggable=\"false\" loading=\"lazy\" sizes=\"768px\" srcset=\"https:\/\/icf.church\/rio\/wp-content\/uploads\/sites\/120\/2026\/08\/dsc05507-683x1024.jpg 683w, https:\/\/icf.church\/rio\/wp-content\/uploads\/sites\/120\/2026\/08\/dsc05507-200x300.jpg 200w, https:\/\/icf.church\/rio\/wp-content\/uploads\/sites\/120\/2026\/08\/dsc05507-768x1152.jpg 768w, https:\/\/icf.church\/rio\/wp-content\/uploads\/sites\/120\/2026\/08\/dsc05507-1024x1536.jpg 1024w, https:\/\/icf.church\/rio\/wp-content\/uploads\/sites\/120\/2026\/08\/dsc05507-1365x2048.jpg 1365w, https:\/\/icf.church\/rio\/wp-content\/uploads\/sites\/120\/2026\/08\/dsc05507-scaled.jpg 1707w\"><\/div>\n\n\n<div id=\"block-45\" class=\"wp-block-yellowtree-fluid-gallery-image\">\n    <img decoding=\"async\" width=\"684\" height=\"1024\" src=\"https:\/\/icf.church\/rio\/wp-content\/uploads\/sites\/120\/2026\/08\/dsc_3111-684x1024.jpg\" class=\"w-100 h-100 object-fit-cover rounded\" alt=\"\" draggable=\"false\" loading=\"lazy\" sizes=\"768px\" srcset=\"https:\/\/icf.church\/rio\/wp-content\/uploads\/sites\/120\/2026\/08\/dsc_3111-684x1024.jpg 684w, https:\/\/icf.church\/rio\/wp-content\/uploads\/sites\/120\/2026\/08\/dsc_3111-200x300.jpg 200w, https:\/\/icf.church\/rio\/wp-content\/uploads\/sites\/120\/2026\/08\/dsc_3111-768x1150.jpg 768w, https:\/\/icf.church\/rio\/wp-content\/uploads\/sites\/120\/2026\/08\/dsc_3111-1025x1536.jpg 1025w, https:\/\/icf.church\/rio\/wp-content\/uploads\/sites\/120\/2026\/08\/dsc_3111-1367x2048.jpg 1367w, https:\/\/icf.church\/rio\/wp-content\/uploads\/sites\/120\/2026\/08\/dsc_3111-scaled.jpg 1709w\"><\/div>            <\/div>\n        <\/div>\n    <\/div>\n            <div class=\"d-md-none d-flex justify-content-center mt-2\">\n            <a href=\"https:\/\/chat.whatsapp.com\/CH6ePqG9flQ5vA02oHvzLG\" data-exclude=\"\" class=\"btn btn-outline-default\" style=\"z-index:100\">\n                <i class=\"icon fa-plus\" aria-hidden=\"true\"><\/i>\n                Conecte-se            <\/a>\n        <\/div>\n    <\/div>\n\n<div id=\"enderecos-horarios-2\" class=\"pt-4 pb-2 alignfull is-layout-constrained\">\n  <div>\n            <div class=\"row gx-4 gy-4 \">\n          \n\n<div id=\"enderecos-horarios-2\" class=\"col wp-block-yellowtree-column col-12 d-flex flex-column with-streched-height-children align-items-stretch align-items-md-stretch\">\n  <h3 id=\"enderecos-horarios\" class=\"h3 display-3 text-start\">\n  Nosso Endere\u00e7o &amp; Hor\u00e1rios<\/h3>\n\n<p id=\"block-47\" class=\"text-start wp-block-paragraph\">\n  <a href=\"https:\/\/maps.app.goo.gl\/n62WXEXVeD6i5QQp9\" target=\"_blank\" rel=\"noopener\">Rua Lopes Trov\u00e3o, 233, Icara\u00ed &#8211; Niter\u00f3i &#8211; Rio de Janeiro<\/a><\/p>\n\n<p id=\"block-48\" class=\"text-start wp-block-paragraph\">\n  Celebra\u00e7\u00f5es \u00e0s 10:30, 17:30 &amp; 19:30 aos domingos<\/p>\n\n<div id=\"block-51\" class=\"pt-2 pb-2 alignfull is-layout-constrained\">\n  <div>\n            <div class=\"row gx-4 gy-4 \">\n          \n\n<div id=\"block-50\" class=\"col wp-block-yellowtree-column col-12 d-flex flex-column justify-content-center align-items-center align-items-md-center\">\n  <div>\n    <a id=\"block-49\" href=\"https:\/\/chat.whatsapp.com\/CH6ePqG9flQ5vA02oHvzLG\" rel=\"\" class=\"wp-block-yellowtree-button-link btn btn-default btn-sm\">\n      <span>Se inscreva no WhatsApp<\/span>\n              <i class=\"icon fs-base-const fa-brands fa-whatsapp\" aria-hidden=\"true\"><\/i>\n          <\/a>\n  <\/div><\/div>\n        <\/div>\n          <\/div>\n<\/div><\/div>\n        <\/div>\n          <\/div>\n<\/div>\n\n\n<div>\n  <div id=\"block-58\" class=\"mt-6 mb-4 wp-block-yellowtree-connect-social connect-social\">\n      \n\n<h2 id=\"block-52\" class=\"text-center display-2 mb-5\">\n    CONECTE-SE COM A GENTE<\/h2>\n\n\n<p id=\"block-53\" class=\"text-center mb-6\">\n    Inscreva-se na comunidade da ICF Rio de Janeiro no WhatsApp e nas redes sociais e n\u00e3o perca mais nada. Aqui voc\u00ea receber\u00e1 regularmente not\u00edcias curtas e atualiza\u00e7\u00f5es sobre programa\u00e7\u00f5es e eventos diretamente no seu smartphone.<\/p>\n\n\n<div id=\"block-57\" class=\"wp-block-yellowtree-connect-social-links d-flex gap-1 gap-md-5 justify-content-center\">\n  <html><body>\n\n\n\n\n<a id=\"block-55\" href=\"https:\/\/instagram.com\/icfrio\/\" target=\"_blank\" data-variation=\"instagram\" class=\"wp-block-yellowtree-connect-social-link btn\" aria-label=\"Instagram Link\">\n  <i class=\"icon connect-social-icon fs-md-lg-const fs-h3-const fa-brands fa-instagram\" aria-hidden=\"true\"><\/i>\n<\/a>\n\n\n<a id=\"block-56\" href=\"https:\/\/youtube.com\/@icfrio\" target=\"_blank\" data-variation=\"youtube\" class=\"wp-block-yellowtree-connect-social-link btn\" aria-label=\"Youtube Link\">\n  <i class=\"icon connect-social-icon fs-md-lg-const fs-h3-const fa-brands fa-youtube\" aria-hidden=\"true\"><\/i>\n<\/a>\n<\/body><\/html><\/div>\n  <\/div>\n<\/div>\n\n\n<p id=\"block-59\" class=\"mb-6 text-start wp-block-paragraph\">\n  <em>@icfrio<\/em> | #icfrio | #icfchurch<\/p>\n\n\n<div id=\"block-63\" data-bs-theme=\"dark\" class=\"wp-block-yellowtree-divider-card card d-flex flex-column flex-lg-row py-6 py-lg-0\">\n  \n\n<div id=\"block-60\" class=\"wp-block-yellowtree-divider-card-item flex-1 d-flex flex-column position-relative text-center py-6 py-lg-10\">\n  <div class='mb-2'>\n    <div class='d-flex flex-column align-items-center gap-2'>\n      <i class='icon fs-lg-const fa-solid fa-users' aria-hidden='true'><\/i>\n      <h3 class='mb-0'>\n        <span class=\"text-container\">\n          Conecte-se        <\/span>\n      <\/h3>\n    <\/div>\n  <\/div>\n  <div class='mt-auto'>\n    <a class='text-arrow-link fs-sm text-light-3' href=\"https:\/\/chat.whatsapp.com\/CH6ePqG9flQ5vA02oHvzLG\">\n      Vamos l\u00e1    <\/a>\n  <\/div>\n<\/div>\n\n\n<div id=\"block-61\" class=\"wp-block-yellowtree-divider-card-item flex-1 d-flex flex-column position-relative text-center py-6 py-lg-10\">\n  <div class='mb-2'>\n    <div class='d-flex flex-column align-items-center gap-2'>\n      <i class='icon fs-lg-const fa-location-smile' aria-hidden='true'><\/i>\n      <h3 class='mb-0'>\n        <span class=\"text-container\">\n          Planeje sua visita        <\/span>\n      <\/h3>\n    <\/div>\n  <\/div>\n  <div class='mt-auto'>\n    <a class='text-arrow-link fs-sm text-light-3' href=\"#enderecos-horarios\">\n      Vamos l\u00e1    <\/a>\n  <\/div>\n<\/div>\n\n\n<div id=\"block-62\" class=\"wp-block-yellowtree-divider-card-item flex-1 d-flex flex-column position-relative text-center py-6 py-lg-10\">\n  <div class='mb-2'>\n    <div class='d-flex flex-column align-items-center gap-2'>\n      <i class='icon fs-lg-const fa-video' aria-hidden='true'><\/i>\n      <h3 class='mb-0'>\n        <span class=\"text-container\">\n          Assista online        <\/span>\n      <\/h3>\n    <\/div>\n  <\/div>\n  <div class='mt-auto'>\n    <a class='text-arrow-link fs-sm text-light-3' href=\"https:\/\/www.youtube.com\/c\/ICFRIO\" target=\"_blank\">\n      Vamos l\u00e1    <\/a>\n  <\/div>\n<\/div>\n<\/div>","protected":false},"excerpt":{"rendered":"<p>@icfrio | #icfrio | #icfchurch<\/p>\n","protected":false},"author":186,"featured_media":0,"parent":0,"menu_order":0,"comment_status":"closed","ping_status":"closed","template":"","meta":{"_acf_changed":false,"_seopress_titles_title":"ICF Rio de Janeiro ! Vivencie Igreja","_seopress_titles_desc":"","_seopress_robots_index":"","_seopress_robots_follow":"","_seopress_robots_imageindex":"","_seopress_robots_snippet":"","_seopress_robots_primary_cat":"","_seopress_robots_breadcrumbs":"","_seopress_robots_freeze_modified_date":"","_seopress_robots_custom_modified_date":"","_seopress_robots_canonical":"","_seopress_social_fb_title":"ICF Rio de Janeiro ! Vivencie Igreja","_seopress_social_fb_desc":"","_seopress_social_fb_img":"","_seopress_social_fb_img_attachment_id":0,"_seopress_social_fb_img_width":0,"_seopress_social_fb_img_height":0,"_seopress_social_twitter_title":"","_seopress_social_twitter_desc":"","_seopress_social_twitter_img":"","_seopress_social_twitter_img_attachment_id":0,"_seopress_social_twitter_img_width":0,"_seopress_social_twitter_img_height":0,"_seopress_redirections_value":"","_seopress_redirections_enabled":"","_seopress_redirections_enabled_regex":"","_seopress_redirections_logged_status":"","_seopress_redirections_param":"","_seopress_redirections_type":0,"_seopress_analysis_target_kw":"","_seopress_news_disabled":"","_seopress_video_disabled":"","_seopress_video":[],"_seopress_pro_schemas_manual":[],"_seopress_pro_rich_snippets_disable_all":"","_seopress_pro_rich_snippets_disable":[],"_seopress_pro_schemas":[],"yt_custom_styles_scss":"","yt_custom_styles_rounded_corners":false,"yt_custom_styles_color_scheme":"","footnotes":""},"class_list":["post-1113","page","type-page","status-publish","hentry"],"acf":[],"_links":{"self":[{"href":"https:\/\/icf.church\/rio\/pt\/wp-json\/wp\/v2\/pages\/1113","targetHints":{"allow":["GET"]}}],"collection":[{"href":"https:\/\/icf.church\/rio\/pt\/wp-json\/wp\/v2\/pages"}],"about":[{"href":"https:\/\/icf.church\/rio\/pt\/wp-json\/wp\/v2\/types\/page"}],"author":[{"embeddable":true,"href":"https:\/\/icf.church\/rio\/pt\/wp-json\/wp\/v2\/users\/186"}],"replies":[{"embeddable":true,"href":"https:\/\/icf.church\/rio\/pt\/wp-json\/wp\/v2\/comments?post=1113"}],"version-history":[{"count":27,"href":"https:\/\/icf.church\/rio\/pt\/wp-json\/wp\/v2\/pages\/1113\/revisions"}],"predecessor-version":[{"id":2147,"href":"https:\/\/icf.church\/rio\/pt\/wp-json\/wp\/v2\/pages\/1113\/revisions\/2147"}],"wp:attachment":[{"href":"https:\/\/icf.church\/rio\/pt\/wp-json\/wp\/v2\/media?parent=1113"}],"curies":[{"name":"wp","href":"https:\/\/api.w.org\/{rel}","templated":true}]}}